{"id":20971,"date":"2025-02-19T09:54:47","date_gmt":"2025-02-19T08:54:47","guid":{"rendered":"https:\/\/tourisme-en-champagne.com\/regionaal-natuurpark-reimsberg\/"},"modified":"2026-08-21T02:15:55","modified_gmt":"2026-08-21T00:15:55","slug":"regionaal-natuurpark-reimsberg","status":"publish","type":"page","link":"https:\/\/tourisme-en-champagne.com\/nl\/bestemmingen-met-duizend-gezichten\/regionaal-natuurpark-reimsberg\/","title":{"rendered":"Regionaal Natuurpark Reimsberg"},"content":{"rendered":"\n<section class=\"wp-block-group alignfull pattern-text has-global-padding is-content-justification-center is-layout-constrained wp-block-group-is-layout-constrained\">\n<div class=\"wp-block-columns is-layout-flex wp-container-core-columns-is-layout-fdcf44e1 wp-block-columns-is-layout-flex\">\n<div class=\"wp-block-column is-layout-flow wp-block-column-is-layout-flow\">\n<h2 class=\"wp-block-heading\"><strong>Landbouwvlakten, valleien, bossen en heuvels bedekt met uitzonderlijke wijngaarden&#8230;<\/strong><\/h2>\n\n\n\n<hr class=\"wp-block-separator has-text-color has-grey-color has-alpha-channel-opacity has-grey-background-color has-background\"\/>\n\n\n\n<p class=\"has-text-align-left wp-block-paragraph\">Het regionale natuurpark Montagne de Reims heeft een oppervlakte van 533 km\u00b2 en omvat 65 gemeenten in het departement Marne.<br\/>Het is een uniek gebied waarvan de waarde en kwetsbaarheid de beschermings- en opwaarderingsmaatregelen rechtvaardigen.<\/p>\n\n\n\n<figure class=\"wp-block-embed alignfull is-type-video is-provider-youtube wp-block-embed-youtube wp-embed-aspect-16-9 wp-has-aspect-ratio\"><div class=\"wp-block-embed__wrapper\">\n<iframe loading=\"lazy\" title=\"La randonn\u00e9e en Montagne de Reims\" width=\"500\" height=\"281\" src=\"https:\/\/www.youtube.com\/embed\/_FXEbhJ_OVc?feature=oembed\" frameborder=\"0\" allow=\"accelerometer; autoplay; clipboard-write; encrypted-media; gyroscope; picture-in-picture; web-share\" referrerpolicy=\"strict-origin-when-cross-origin\" allowfullscreen><\/iframe>\n<\/div><\/figure>\n<\/div>\n<\/div>\n<\/section>\n\n<section class=\"wp-block-group alignfull pattern-text has-middleground-background-color has-background has-global-padding is-content-justification-center is-layout-constrained wp-block-group-is-layout-constrained\">\n<div class=\"wp-block-columns is-layout-flex wp-container-core-columns-is-layout-fdcf44e1 wp-block-columns-is-layout-flex\">\n<div class=\"wp-block-column is-layout-flow wp-block-column-is-layout-flow\">\n<h2 class=\"wp-block-heading\"><strong>Ontdek het Park en zijn 4 landschapsregio&#8217;s, elk met zijn eigen unieke identiteit!<\/strong><\/h2>\n\n\n\n<hr class=\"wp-block-separator has-text-color has-grey-color has-alpha-channel-opacity has-grey-background-color has-background\"\/>\n<\/div>\n<\/div>\n<\/section>\n\n<section class=\"wp-block-group alignfull pattern-text-50-media-50 has-middleground-background-color has-background has-global-padding is-layout-constrained wp-block-group-is-layout-constrained\" style=\"padding-top:0;padding-bottom:0\">\n<div class=\"wp-block-columns is-layout-flex wp-container-core-columns-is-layout-63fbf5b9 wp-block-columns-is-layout-flex\">\n<div class=\"wp-block-column is-layout-flow wp-block-column-is-layout-flow\">\n<figure class=\"wp-block-image size-full\"><img loading=\"lazy\" decoding=\"async\" width=\"485\" height=\"323\" src=\"https:\/\/tourisme-en-champagne.com\/assets\/uploads\/2025\/08\/loge-de-vignes-cumieres-c-evidal-adt-marne-14.jpg\" alt=\"\" class=\"wp-image-15632\" title=\"\" srcset=\"https:\/\/tourisme-en-champagne.com\/assets\/uploads\/2025\/08\/loge-de-vignes-cumieres-c-evidal-adt-marne-14.jpg 485w, https:\/\/tourisme-en-champagne.com\/assets\/uploads\/2025\/08\/loge-de-vignes-cumieres-c-evidal-adt-marne-14-400x266.jpg 400w\" sizes=\"auto, (max-width: 485px) 100vw, 485px\" \/><\/figure>\n<\/div>\n\n\n\n<div class=\"wp-block-column is-layout-flow wp-block-column-is-layout-flow\">\n<h3 class=\"wp-block-heading\">Marnevallei<\/h3>\n\n\n\n<p class=\"wp-block-paragraph\">De Marnevallei ligt in het zuiden van het park en ontleent zijn naam aan de rivier die er doorheen stroomt. De Marne en het zijkanaal lopen van oost naar west langs de zuidelijke rand van het park. <\/p>\n\n\n\n<p class=\"wp-block-paragraph\">La Marne a fa\u00e7onn\u00e9 le paysage pour former une vall\u00e9e domin\u00e9e par la for\u00eat. Alors que les vignes de la rive droite descendent en cascade jusqu\u2019\u00e0 la rivi\u00e8re de la Marne et de son canal, \u00e0 l\u2019est, les grandes cultures de la plaine de Champagne remplacent progressivement les vignes. Les villages align\u00e9s sur les replats offrent de magnifiques points de vue comme \u00e0 Mutigny,\u00a0<a href=\"https:\/\/tourisme-en-champagne.com\/activite\/hautvillers\/\" data-type=\"activite\" data-id=\"8193\">Hautvillers<\/a>\u00a0ou\u00a0Ch\u00e2tillon-sur-Marne, valoris\u00e9s par la<a href=\"https:\/\/tourisme-en-champagne.com\/tout-sur-le-champagne\/route-touristique-du-champagne\/\" data-type=\"page\" data-id=\"10286\">\u00a0Route touristique du Champagne<\/a>.<\/p>\n<\/div>\n<\/div>\n<\/section>\n\n<section class=\"wp-block-group alignfull pattern-text has-middleground-background-color has-background has-global-padding is-content-justification-center is-layout-constrained wp-block-group-is-layout-constrained\">\n<div class=\"wp-block-columns is-layout-flex wp-container-core-columns-is-layout-fdcf44e1 wp-block-columns-is-layout-flex\">\n<div class=\"wp-block-column is-layout-flow wp-block-column-is-layout-flow\">\n<h3 class=\"wp-block-heading\"><strong>Bosmassief<\/strong><\/h3>\n\n\n\n<p class=\"has-text-align-left wp-block-paragraph\">Au c\u0153ur du Parc, le\u00a0<a href=\"https:\/\/tourisme-en-champagne.com\/activite\/foret-dexception-hautvillers\/\" data-type=\"activite\" data-id=\"8087\">massif forestier\u00a0<\/a>couvre, \u00e0 lui seul, 40% de la surface du territoire. Sur ce vaste plateau d&#8217;argile \u00e0 meuli\u00e8re se dresse des\u00a0<strong><a href=\"http:\/\/parc-montagnedereims.fr\/fr\/d%C3%A9couvrir\/appr%C3%A9cier\/patrimoine-naturel#mysteres-d-un-ecrin-de-verdure\" target=\"_blank\" rel=\"noreferrer noopener\">for\u00eats denses<\/a><\/strong>\u00a0et quelques clairi\u00e8res t\u00e9moins d&#8217;une importante activit\u00e9 humaine et du r\u00f4le majeur jou\u00e9 par la for\u00eat dans le pass\u00e9. \u00c0 288 m\u00e8tres d&#8217;altitude, c&#8217;est ici que culmine le plus haut sommet du Parc mais aussi de la Marne, le Mont Sina\u00ef.<\/p>\n\n\n\n<p class=\"has-text-align-left wp-block-paragraph\">Het bos zit boordevol legendes en mysteries en herbergt een grote verscheidenheid aan diersoorten, waaronder enkele zeldzame soorten die een genot zijn voor natuurliefhebbers. Een populaire bestemming voor sport- en vrijetijdsactiviteiten, neem een kijkje langs het pad en laat je verleiden door deze uitzonderlijke groene omgeving en zijn onvermoede rijkdommen! <\/p>\n\n\n\n<h3 class=\"wp-block-heading\">Tardenois<\/h3>\n\n\n\n<p class=\"wp-block-paragraph\">Velden, wijngaarden en bossen lopen door elkaar in de Tardenois van de Ardrevallei. De rivier kronkelt tussen hoogvlaktes en heuvels tot aan Fismes, waar hij uitmondt in de Vesle. <\/p>\n\n\n\n<p class=\"wp-block-paragraph\">De Middeleeuwen hebben hun sporen nagelaten met<strong> <a href=\"http:\/\/parc-montagnedereims.fr\/fr\/d%C3%A9couvrir\/appr%C3%A9cier\/patrimoine-culturel#villages-de-la-montagne-de-reims\" rel=\"noreferrer noopener\" target=\"_blank\">Romaanse kerken<\/a> <\/strong>verspreid over de regio. Deze domineren de dorpen die op de bodem van de valleien of op de hellingen zijn gebouwd. Deze regio werd sterk getekend door <strong><a href=\"http:\/\/parc-montagnedereims.fr\/fr\/d%C3%A9couvrir\/appr%C3%A9cier\/patrimoine-culturel#souvenir-de-la-grand-guerre\" rel=\"noreferrer noopener\" target=\"_blank\">de gevechten van de Grote Oorlog<\/a><\/strong> Dit wordt ge\u00efllustreerd door de aanwezigheid van talrijke militaire begraafplaatsen.    <\/p>\n\n\n\n<h3 class=\"wp-block-heading\">Hellingen van de Montagne de Reims<\/h3>\n\n\n\n<p class=\"wp-block-paragraph\">In het noorden en oosten van het park, van Vrigny tot Tr\u00e9pail, via Sermiers en Verzy, worden de hellingen van de Montagne de Reims gekenmerkt door hun landschappelijke waarde. Als een echte barri\u00e8re die de krijtachtige Champagnevlakte domineert, zijn de hellingen van Ile-de-France hier hoger (180 meter hoogteverschil) en relatief recht. Op de hellingen en hellingen liggen wijngaarden en dorpjes die langs de hele toeristische route van de Champagne uitzonderlijke uitzichten bieden.  <\/p>\n<\/div>\n<\/div>\n<\/section>\n\n<section class=\"wp-block-group alignfull pattern-text-50-media-50 has-global-padding is-layout-constrained wp-block-group-is-layout-constrained\">\n<div class=\"wp-block-columns is-layout-flex wp-container-core-columns-is-layout-63fbf5b9 wp-block-columns-is-layout-flex\">\n<div class=\"wp-block-column is-layout-flow wp-block-column-is-layout-flow\">\n<h2 class=\"wp-block-heading\"><strong>Een schat aan schatten<\/strong><\/h2>\n\n\n\n<hr class=\"wp-block-separator has-text-color has-grey-color has-alpha-channel-opacity has-grey-background-color has-background\"\/>\n\n\n\n<p class=\"wp-block-paragraph\">Het park zit vol schatten: de <strong>wilde orchidee\u00ebn<\/strong> van de Champagnestreek en de <strong>Faux de Verzy<\/strong> zijn hiervan het bewijs. Deze verwrongen beuken met hun knoestige, misvormde stammen blijven een raadsel voor wetenschappers en een voortdurende bron van verbazing voor wandelaars. <\/p>\n\n\n\n<h3 class=\"wp-block-heading\">Trails en circuits<\/h3>\n\n\n\n<p class=\"wp-block-paragraph\">300 km de\u00a0<a href=\"https:\/\/tourisme-en-champagne.com\/circuits-pedestres-dans-le-pnr\/\" data-type=\"page\" data-id=\"11420\">sentiers p\u00e9destres balis\u00e9s<\/a>\u00a0et de nombreux\u00a0<a href=\"https:\/\/tourisme-en-champagne.com\/activites-de-loisirs-et-nature\/activites-sportives-et-de-loisirs\/velo\/autour-de-reims\/\" data-type=\"page\" data-id=\"15137\">circuits cyclistes<\/a>\u00a0et \u00e9questres vous m\u00e8neront \u00e0 travers le\u00a0<strong>Parc Naturel R\u00e9gional de la Montagne de Reims<\/strong>\u00a0et vous feront d\u00e9couvrir son patrimoine naturel et culturel.<\/p>\n<\/div>\n\n\n\n<div class=\"wp-block-column is-layout-flow wp-block-column-is-layout-flow\">\n<figure class=\"wp-block-image size-full\"><img loading=\"lazy\" decoding=\"async\" width=\"370\" height=\"370\" src=\"https:\/\/tourisme-en-champagne.com\/assets\/uploads\/2025\/08\/randonneecfotoliacom1-2-1.jpg\" alt=\"\" class=\"wp-image-15641\" title=\"\"><\/figure>\n<\/div>\n<\/div>\n<\/section>\n\n<section class=\"wp-block-group alignfull pattern-text-50-media-50 has-middleground-background-color has-background has-global-padding is-layout-constrained wp-block-group-is-layout-constrained\">\n<div class=\"wp-block-columns is-layout-flex wp-container-core-columns-is-layout-63fbf5b9 wp-block-columns-is-layout-flex\">\n<div class=\"wp-block-column is-layout-flow wp-block-column-is-layout-flow\">\n<figure class=\"wp-block-embed is-type-video is-provider-youtube wp-block-embed-youtube wp-embed-aspect-16-9 wp-has-aspect-ratio\"><div class=\"wp-block-embed__wrapper\">\n<iframe loading=\"lazy\" title=\"Les Faux de Verzy, accessibilit\u00e9\" width=\"500\" height=\"281\" src=\"https:\/\/www.youtube.com\/embed\/TEb76Jh3Rhs?feature=oembed\" frameborder=\"0\" allow=\"accelerometer; autoplay; clipboard-write; encrypted-media; gyroscope; picture-in-picture; web-share\" referrerpolicy=\"strict-origin-when-cross-origin\" allowfullscreen><\/iframe>\n<\/div><\/figure>\n<\/div>\n\n\n\n<div class=\"wp-block-column is-layout-flow wp-block-column-is-layout-flow\">\n<h2 class=\"wp-block-heading\"><strong>Toerisme &amp; handicap<\/strong><\/h2>\n\n\n\n<hr class=\"wp-block-separator has-text-color has-grey-color has-alpha-channel-opacity has-grey-background-color has-background\"\/>\n\n\n\n<p class=\"wp-block-paragraph\">Een door <strong>Tourisme et Handicap*<\/strong> goedgekeurd parcours, dat vertrekt vanaf de parkeerplaatsen van Faux of Pins, stelt je in staat om ze in hun natuurlijke bosomgeving te observeren. (*4 handicaps: motorisch, mentaal, visueel en auditief). <\/p>\n<\/div>\n<\/div>\n<\/section>\n\n<section class=\"wp-block-group alignfull pattern-text-50-media-50 has-global-padding is-layout-constrained wp-block-group-is-layout-constrained\">\n<div class=\"wp-block-columns is-layout-flex wp-container-core-columns-is-layout-63fbf5b9 wp-block-columns-is-layout-flex\">\n<div class=\"wp-block-column is-layout-flow wp-block-column-is-layout-flow\">\n<h2 class=\"wp-block-heading\"><strong>Belangrijkste reserve van vervalsingen<\/strong><\/h2>\n\n\n\n<hr class=\"wp-block-separator has-text-color has-grey-color has-alpha-channel-opacity has-grey-background-color has-background\"\/>\n\n\n\n<p class=\"wp-block-paragraph\">Een door <strong>Tourisme et Handicap*<\/strong> goedgekeurd parcours, dat vertrekt vanaf de parkeerplaatsen van Faux of Pins, stelt je in staat om ze in hun natuurlijke bosomgeving te observeren. (*4 handicaps: motorisch, mentaal, visueel en auditief). <\/p>\n<\/div>\n\n\n\n<div class=\"wp-block-column is-layout-flow wp-block-column-is-layout-flow\">\n<figure class=\"wp-block-embed is-type-video is-provider-youtube wp-block-embed-youtube wp-embed-aspect-16-9 wp-has-aspect-ratio\"><div class=\"wp-block-embed__wrapper\">\n<iframe loading=\"lazy\" title=\"Les Faux de Verzy, des arbres d&#039;exception \u00e0 observer en For\u00eat d&#039;Exception\u00ae de la montagne de Reims\" width=\"500\" height=\"281\" src=\"https:\/\/www.youtube.com\/embed\/m3GlWYhYxas?feature=oembed\" frameborder=\"0\" allow=\"accelerometer; autoplay; clipboard-write; encrypted-media; gyroscope; picture-in-picture; web-share\" referrerpolicy=\"strict-origin-when-cross-origin\" allowfullscreen><\/iframe>\n<\/div><\/figure>\n<\/div>\n<\/div>\n<\/section>\n\n<section style=\"background-image:url(&apos;https:\/\/tourisme-en-champagne.com\/assets\/uploads\/2025\/08\/faux-de-verzycc-manquillet-coll-adt-marne12-1.jpg&apos;);background-size:cover;\" class=\"wp-block-group alignfull pattern-text-50-right-background has-base-color has-text-color has-link-color wp-elements-6d15215d148ca8e3f0a5641392c363b4 has-global-padding is-layout-constrained wp-block-group-is-layout-constrained has-background\">\n<div class=\"wp-block-columns is-layout-flex wp-container-core-columns-is-layout-fdcf44e1 wp-block-columns-is-layout-flex\">\n<div class=\"wp-block-column is-layout-flow wp-block-column-is-layout-flow\"><\/div>\n\n\n\n<div class=\"wp-block-column is-layout-flow wp-block-column-is-layout-flow\">\n<h2 class=\"wp-block-heading\"><strong>Wist je dat?  <\/strong><\/h2>\n\n\n\n<hr class=\"wp-block-separator has-text-color has-base-color has-alpha-channel-opacity has-base-background-color has-background\"\/>\n\n\n\n<p class=\"wp-block-paragraph\">Volgens de legende klom Jeanne d&#8217;Arc, op weg met Karel VII naar de abdij van Saint-Basle, in de takken van een tanigboom in Verzy en ging daar zitten.<\/p>\n\n\n\n<p class=\"wp-block-paragraph\">Waar of niet, de anedocte getuigt van de rijkdom aan legendes die deze kronkelige beuken al eeuwenlang omgeven, waarvan de vorm nog steeds een mysterie is!<\/p>\n\n\n\n<p class=\"wp-block-paragraph\"><strong>&gt;  Download de app voordat je gaat: er is geen netwerk!<\/strong><\/p>\n\n\n\n<p class=\"wp-block-paragraph\">&#8211; <a href=\"https:\/\/play.google.com\/store\/apps\/details?id=net.ateliernature.android.onf.verzy.explorrando&amp;hl=fr\" rel=\"noreferrer noopener\" target=\"_blank\">Download &#8220;En for\u00eat de Verzy&#8221; op Google Play<\/a><\/p>\n\n\n\n<p class=\"wp-block-paragraph\">&#8211; <a href=\"https:\/\/itunes.apple.com\/fr\/app\/en-foret-de-verzy\/id1179809845?mt=8\" rel=\"noreferrer noopener\" target=\"_blank\">Download &#8220;En for\u00eat de Verzy&#8221; in de App Store<\/a><\/p>\n<\/div>\n<\/div>\n<\/section>\n\n<section class=\"wp-block-group alignfull pattern-text has-global-padding is-content-justification-center is-layout-constrained wp-block-group-is-layout-constrained\">\n<div class=\"wp-block-columns is-layout-flex wp-container-core-columns-is-layout-fdcf44e1 wp-block-columns-is-layout-flex\">\n<div class=\"wp-block-column is-layout-flow wp-block-column-is-layout-flow\">\n<h2 class=\"wp-block-heading\"><strong>UW CONTACT  <\/strong><\/h2>\n\n\n\n<hr class=\"wp-block-separator has-text-color has-grey-color has-alpha-channel-opacity has-grey-background-color has-background\"\/>\n\n\n\n<p class=\"wp-block-paragraph\"><strong>REGIONAAL NATUURPARK REIMS BERG<\/strong><\/p>\n\n\n\n<p class=\"has-text-align-left wp-block-paragraph\"><strong>MAISON DU PARC &#8211; 51480 POURCY &#8211; 03 26 59 44 44 &#8211; <a href=\"http:\/\/www.parc-montagnedereims.fr\/\" target=\"_blank\" rel=\"noreferrer noopener\">WWW.PARC-MONTAGNEDEREIMS.FR<\/a><\/strong><\/p>\n<\/div>\n<\/div>\n<\/section>\n\n<section class=\"wp-block-group alignfull pattern-playlist-grid has-global-padding is-layout-constrained wp-block-group-is-layout-constrained\">\n<h2 class=\"wp-block-heading has-text-align-center\">Plus de d\u00e9couvertes<\/h2>\n\n\n\n<hr class=\"wp-block-separator has-text-color has-accent-3-color has-alpha-channel-opacity has-accent-3-background-color has-background\"\/>\n\n\n\t\t\t<div class=\"fsgb-block-playlist playlist-grid is-style-grid\"  style=\"margin-top:var(--wp--preset--spacing--x-large);\">\n\t\t\t\t\n\t\t\t\n\t\t\t<div class=\"swiper swiperPlaylistGrid\">\n\n\t\t\t\t<div class=\"swiper-wrapper posts-count-5\">\n\t\t\t\t\t\t\t\t\t\t\t\t\t\t\t\t\t<div class=\"swiper-slide \">\n\t\t\t\t\t\t\t\n<article class=\"card card--itineraire stretched-link\" data-id=\"26597\" data-post-id-sync-map=\"26597\" >\n\t\n\t\t\n\t\t\t\t<div class=\"card__thumbnail has-middleground-background-color stack\">\n\t\t\t<img decoding=\"async\" width=\"2048\" src=\"https:\/\/cdt51.media.tourinsoft.eu\/upload\/Faux-de-Verzy-C.-Manquillet-Coll.-ADT-Marne21.jpg\" class=\"attachment- size-\" alt=\"Randonn\u00e9e des Faux de Verzy label T&#038;H\" srcset=\"https:\/\/cdt51.media.tourinsoft.eu\/upload\/Faux-de-Verzy-C.-Manquillet-Coll.-ADT-Marne21.jpg?width=400 400w, https:\/\/cdt51.media.tourinsoft.eu\/upload\/Faux-de-Verzy-C.-Manquillet-Coll.-ADT-Marne21.jpg?width=640 640w, https:\/\/cdt51.media.tourinsoft.eu\/upload\/Faux-de-Verzy-C.-Manquillet-Coll.-ADT-Marne21.jpg?width=768 768w, https:\/\/cdt51.media.tourinsoft.eu\/upload\/Faux-de-Verzy-C.-Manquillet-Coll.-ADT-Marne21.jpg?width=1280 1280w, https:\/\/cdt51.media.tourinsoft.eu\/upload\/Faux-de-Verzy-C.-Manquillet-Coll.-ADT-Marne21.jpg?width=1536&amp;height=1536 1536w, https:\/\/cdt51.media.tourinsoft.eu\/upload\/Faux-de-Verzy-C.-Manquillet-Coll.-ADT-Marne21.jpg?width=2048&amp;height=2048 2048w\" sizes=\"(max-width: 2048px) 100vw, 2048px\" title=\"\">\t\t<\/div>\n\t\n\t\t<div class=\"card__content\">\n\t\t\t\n\t\t\t\t\t\t\t\t\t\n\t\t\t\t\t\t\t\t\t\n\t\t\t\t\t\t<h3 class=\"title wp-block-heading is-style-h3\">\n\t\t\t\t<a href=\"https:\/\/tourisme-en-champagne.com\/nl\/itineraire\/randonnee-des-faux-de-verzy-label-th\/\" target=\"_blank\">Randonn\u00e9e des Faux de Verzy label T&#038;H<\/a>\t\t\t\t\t\t\t<\/h3>\n\t\t\t\n\t\t\t\t\t\t\t\t\t\n\t\t\t\t\t\t<div class=\"underlined\"><\/div>\n\t\t\n\t\t\t\t\t\t\t\t\t\t<div class=\"location\">\n\t\t\t\t\tVerzy\t\t\t\t<\/div>\n\t\t\t\t\t\t\n\t\t\t\t\t\t\t\t\t\n\t\t\t\t\t\t\t\t\t\n\t\t\t\t\t\t\t\t\t\n\t\t\t\t\t\t\t\t\t\t<div class=\"descriptif\">Tijd voor een wandeling in het bos, ontdek de Faux de Verzy bomen die zijn huis naar uitzonderlij&#8230;<\/div>\n\t\t\t\t\n\t\t\t\t\t\t\t\t\t\t\t\t\t\t\t\t\n\t\t\t\t\t\t\t\t\t\t<div class=\"wp-block-button\">\n\t\t\t\t\t<a class=\"wp-element-button rounded\" href=\"https:\/\/tourisme-en-champagne.com\/nl\/itineraire\/randonnee-des-faux-de-verzy-label-th\/\" target=\"_blank\" aria-label=\"Meer weten over Randonn\u00e9e des Faux de Verzy label T&#038;H\">Lees verder<\/a>\n\t\t\t\t<\/div>\n\t\t\t \n\t\t<\/div>\n\t\t\n\n\t\t<\/article>\n\n\t\t\t\t\t\t<\/div>\n\t\t\t\t\t\t\t\t\t\t\t\t\t\t\t\t\t<div class=\"swiper-slide \">\n\t\t\t\t\t\t\t\n<article class=\"card card--itineraire stretched-link\" data-id=\"26564\" data-post-id-sync-map=\"26564\" >\n\t\n\t\t\n\t\t\t\t<div class=\"card__thumbnail has-middleground-background-color stack\">\n\t\t\t<img decoding=\"async\" width=\"2048\" src=\"https:\/\/cdt51.media.tourinsoft.eu\/upload\/Faux-de-Verzy-CDT-Marne-Coll.jpg\" class=\"attachment- size-\" alt=\"PR 63 Circuit entre Vignes et Faux\" srcset=\"https:\/\/cdt51.media.tourinsoft.eu\/upload\/Faux-de-Verzy-CDT-Marne-Coll.jpg?width=400 400w, https:\/\/cdt51.media.tourinsoft.eu\/upload\/Faux-de-Verzy-CDT-Marne-Coll.jpg?width=640 640w, https:\/\/cdt51.media.tourinsoft.eu\/upload\/Faux-de-Verzy-CDT-Marne-Coll.jpg?width=768 768w, https:\/\/cdt51.media.tourinsoft.eu\/upload\/Faux-de-Verzy-CDT-Marne-Coll.jpg?width=1280 1280w, https:\/\/cdt51.media.tourinsoft.eu\/upload\/Faux-de-Verzy-CDT-Marne-Coll.jpg?width=1536&amp;height=1536 1536w, https:\/\/cdt51.media.tourinsoft.eu\/upload\/Faux-de-Verzy-CDT-Marne-Coll.jpg?width=2048&amp;height=2048 2048w\" sizes=\"(max-width: 2048px) 100vw, 2048px\" title=\"\">\t\t<\/div>\n\t\n\t\t<div class=\"card__content\">\n\t\t\t\n\t\t\t\t\t\t\t\t\t\n\t\t\t\t\t\t\t\t\t\n\t\t\t\t\t\t<h3 class=\"title wp-block-heading is-style-h3\">\n\t\t\t\t<a href=\"https:\/\/tourisme-en-champagne.com\/nl\/itineraire\/pr-63-circuit-entre-vignes-et-faux\/\" target=\"_blank\">PR 63 Circuit entre Vignes et Faux<\/a>\t\t\t\t\t\t\t<\/h3>\n\t\t\t\n\t\t\t\t\t\t\t\t\t\n\t\t\t\t\t\t<div class=\"underlined\"><\/div>\n\t\t\n\t\t\t\t\t\t\t\t\t\t<div class=\"location\">\n\t\t\t\t\tVerzy\t\t\t\t<\/div>\n\t\t\t\t\t\t\n\t\t\t\t\t\t\t\t\t\n\t\t\t\t\t\t\t\t\t\n\t\t\t\t\t\t\t\t\t\n\t\t\t\t\t\t\t\t\t\t<div class=\"descriptif\">Duur van de tocht\n4 uur\n\nAantal km\n16 km\n\nNaam van de vertrekgemeente\nVerzy\n\nDeze luswandeling tu&#8230;<\/div>\n\t\t\t\t\n\t\t\t\t\t\t\t\t\t\t\t\t\t\t\t\t\n\t\t\t\t\t\t\t\t\t\t<div class=\"wp-block-button\">\n\t\t\t\t\t<a class=\"wp-element-button rounded\" href=\"https:\/\/tourisme-en-champagne.com\/nl\/itineraire\/pr-63-circuit-entre-vignes-et-faux\/\" target=\"_blank\" aria-label=\"Meer weten over PR 63 Circuit entre Vignes et Faux\">Lees verder<\/a>\n\t\t\t\t<\/div>\n\t\t\t \n\t\t<\/div>\n\t\t\n\n\t\t<\/article>\n\n\t\t\t\t\t\t<\/div>\n\t\t\t\t\t\t\t\t\t\t\t\t\t\t\t\t\t<div class=\"swiper-slide \">\n\t\t\t\t\t\t\t\n<article class=\"card card--itineraire stretched-link\" data-id=\"26549\" data-post-id-sync-map=\"26549\" >\n\t\n\t\t\n\t\t\t\t<div class=\"card__thumbnail has-middleground-background-color stack\">\n\t\t\t<img decoding=\"async\" width=\"2048\" src=\"https:\/\/cdt51.media.tourinsoft.eu\/upload\/Boussole-P.Klimenko-Fotolia-Coll.CDT-Marne.jpg\" class=\"attachment- size-\" alt=\"Circuit de la boucle de l&#8217;Ardre\" srcset=\"https:\/\/cdt51.media.tourinsoft.eu\/upload\/Boussole-P.Klimenko-Fotolia-Coll.CDT-Marne.jpg?width=400 400w, https:\/\/cdt51.media.tourinsoft.eu\/upload\/Boussole-P.Klimenko-Fotolia-Coll.CDT-Marne.jpg?width=640 640w, https:\/\/cdt51.media.tourinsoft.eu\/upload\/Boussole-P.Klimenko-Fotolia-Coll.CDT-Marne.jpg?width=768 768w, https:\/\/cdt51.media.tourinsoft.eu\/upload\/Boussole-P.Klimenko-Fotolia-Coll.CDT-Marne.jpg?width=1280 1280w, https:\/\/cdt51.media.tourinsoft.eu\/upload\/Boussole-P.Klimenko-Fotolia-Coll.CDT-Marne.jpg?width=1536&amp;height=1536 1536w, https:\/\/cdt51.media.tourinsoft.eu\/upload\/Boussole-P.Klimenko-Fotolia-Coll.CDT-Marne.jpg?width=2048&amp;height=2048 2048w\" sizes=\"(max-width: 2048px) 100vw, 2048px\" title=\"\">\t\t<\/div>\n\t\n\t\t<div class=\"card__content\">\n\t\t\t\n\t\t\t\t\t\t\t\t\t\n\t\t\t\t\t\t\t\t\t\n\t\t\t\t\t\t<h3 class=\"title wp-block-heading is-style-h3\">\n\t\t\t\t<a href=\"https:\/\/tourisme-en-champagne.com\/nl\/itineraire\/circuit-de-la-boucle-de-lardre\/\" target=\"_blank\">Circuit de la boucle de l&#8217;Ardre<\/a>\t\t\t\t\t\t\t<\/h3>\n\t\t\t\n\t\t\t\t\t\t\t\t\t\n\t\t\t\t\t\t<div class=\"underlined\"><\/div>\n\t\t\n\t\t\t\t\t\t\t\t\t\t<div class=\"location\">\n\t\t\t\t\tCrugny\t\t\t\t<\/div>\n\t\t\t\t\t\t\n\t\t\t\t\t\t\t\t\t\n\t\t\t\t\t\t\t\t\t\n\t\t\t\t\t\t\t\t\t\n\t\t\t\t\t\t\t\t\t\t<div class=\"descriptif\">Duur van de tocht\n3,15 uur\n\nAantal km\n13 km\n\nNaam van de vertrekgemeente\nCrugny\n\n\u201dEen vergeten bu&#8230;<\/div>\n\t\t\t\t\n\t\t\t\t\t\t\t\t\t\t\t\t\t\t\t\t\n\t\t\t\t\t\t\t\t\t\t<div class=\"wp-block-button\">\n\t\t\t\t\t<a class=\"wp-element-button rounded\" href=\"https:\/\/tourisme-en-champagne.com\/nl\/itineraire\/circuit-de-la-boucle-de-lardre\/\" target=\"_blank\" aria-label=\"Meer weten over Circuit de la boucle de l&#8217;Ardre\">Lees verder<\/a>\n\t\t\t\t<\/div>\n\t\t\t \n\t\t<\/div>\n\t\t\n\n\t\t<\/article>\n\n\t\t\t\t\t\t<\/div>\n\t\t\t\t\t\t\t\t\t\t\t\t\t\t\t\t\t<div class=\"swiper-slide \">\n\t\t\t\t\t\t\t\n<article class=\"card card--itineraire stretched-link\" data-id=\"26562\" data-post-id-sync-map=\"26562\" >\n\t\n\t\t\n\t\t\t\t<div class=\"card__thumbnail has-middleground-background-color stack\">\n\t\t\t<img decoding=\"async\" width=\"2048\" src=\"https:\/\/cdt51.media.tourinsoft.eu\/upload\/Ay-e-co-visite_2.jpg\" class=\"attachment- size-\" alt=\"PR 43 Circuit du Cubray\" srcset=\"https:\/\/cdt51.media.tourinsoft.eu\/upload\/Ay-e-co-visite_2.jpg?width=400 400w, https:\/\/cdt51.media.tourinsoft.eu\/upload\/Ay-e-co-visite_2.jpg?width=640 640w, https:\/\/cdt51.media.tourinsoft.eu\/upload\/Ay-e-co-visite_2.jpg?width=768 768w, https:\/\/cdt51.media.tourinsoft.eu\/upload\/Ay-e-co-visite_2.jpg?width=1280 1280w, https:\/\/cdt51.media.tourinsoft.eu\/upload\/Ay-e-co-visite_2.jpg?width=1536&amp;height=1536 1536w, https:\/\/cdt51.media.tourinsoft.eu\/upload\/Ay-e-co-visite_2.jpg?width=2048&amp;height=2048 2048w\" sizes=\"(max-width: 2048px) 100vw, 2048px\" title=\"\">\t\t<\/div>\n\t\n\t\t<div class=\"card__content\">\n\t\t\t\n\t\t\t\t\t\t\t\t\t\n\t\t\t\t\t\t\t\t\t\n\t\t\t\t\t\t<h3 class=\"title wp-block-heading is-style-h3\">\n\t\t\t\t<a href=\"https:\/\/tourisme-en-champagne.com\/nl\/itineraire\/pr-43-circuit-du-cubray\/\" target=\"_blank\">PR 43 Circuit du Cubray<\/a>\t\t\t\t\t\t\t<\/h3>\n\t\t\t\n\t\t\t\t\t\t\t\t\t\n\t\t\t\t\t\t<div class=\"underlined\"><\/div>\n\t\t\n\t\t\t\t\t\t\t\t\t\t<div class=\"location\">\n\t\t\t\t\tAy\t\t\t\t<\/div>\n\t\t\t\t\t\t\n\t\t\t\t\t\t\t\t\t\n\t\t\t\t\t\t\t\t\t\n\t\t\t\t\t\t\t\t\t\n\t\t\t\t\t\t\t\t\t\t<div class=\"descriptif\">Duur van de tocht\n3 uur\n\nAantal km\n9,5 km\n\nNaam van de vertrekgemeente\nA\u00ff-Champagne\n\nVelen hebben&#8230;<\/div>\n\t\t\t\t\n\t\t\t\t\t\t\t\t\t\t\t\t\t\t\t\t\n\t\t\t\t\t\t\t\t\t\t<div class=\"wp-block-button\">\n\t\t\t\t\t<a class=\"wp-element-button rounded\" href=\"https:\/\/tourisme-en-champagne.com\/nl\/itineraire\/pr-43-circuit-du-cubray\/\" target=\"_blank\" aria-label=\"Meer weten over PR 43 Circuit du Cubray\">Lees verder<\/a>\n\t\t\t\t<\/div>\n\t\t\t \n\t\t<\/div>\n\t\t\n\n\t\t<\/article>\n\n\t\t\t\t\t\t<\/div>\n\t\t\t\t\t\t\t\t\t\t\t\t\t\t\t\t\t<div class=\"swiper-slide \">\n\t\t\t\t\t\t\t\n<article class=\"card card--itineraire stretched-link\" data-id=\"26572\" data-post-id-sync-map=\"26572\" >\n\t\n\t\t\n\t\t\t\t<div class=\"card__thumbnail has-middleground-background-color stack\">\n\t\t\t<img decoding=\"async\" width=\"2048\" src=\"https:\/\/cdt51.media.tourinsoft.eu\/upload\/Passy-Grigny-2.JPG\" class=\"attachment- size-\" alt=\"PR 49  Sur les pas de Nicolas de Grigny\" srcset=\"https:\/\/cdt51.media.tourinsoft.eu\/upload\/Passy-Grigny-2.JPG?width=400 400w, https:\/\/cdt51.media.tourinsoft.eu\/upload\/Passy-Grigny-2.JPG?width=640 640w, https:\/\/cdt51.media.tourinsoft.eu\/upload\/Passy-Grigny-2.JPG?width=768 768w, https:\/\/cdt51.media.tourinsoft.eu\/upload\/Passy-Grigny-2.JPG?width=1280 1280w, https:\/\/cdt51.media.tourinsoft.eu\/upload\/Passy-Grigny-2.JPG?width=1536&amp;height=1536 1536w, https:\/\/cdt51.media.tourinsoft.eu\/upload\/Passy-Grigny-2.JPG?width=2048&amp;height=2048 2048w\" sizes=\"(max-width: 2048px) 100vw, 2048px\" title=\"\">\t\t<\/div>\n\t\n\t\t<div class=\"card__content\">\n\t\t\t\n\t\t\t\t\t\t\t\t\t\n\t\t\t\t\t\t\t\t\t\n\t\t\t\t\t\t<h3 class=\"title wp-block-heading is-style-h3\">\n\t\t\t\t<a href=\"https:\/\/tourisme-en-champagne.com\/nl\/itineraire\/pr-49-sur-les-pas-de-nicolas-de-grigny\/\" target=\"_blank\">PR 49  Sur les pas de Nicolas de Grigny<\/a>\t\t\t\t\t\t\t<\/h3>\n\t\t\t\n\t\t\t\t\t\t\t\t\t\n\t\t\t\t\t\t<div class=\"underlined\"><\/div>\n\t\t\n\t\t\t\t\t\t\t\t\t\t<div class=\"location\">\n\t\t\t\t\tPassy-Grigny\t\t\t\t<\/div>\n\t\t\t\t\t\t\n\t\t\t\t\t\t\t\t\t\n\t\t\t\t\t\t\t\t\t\n\t\t\t\t\t\t\t\t\t\n\t\t\t\t\t\t\t\t\t\t<div class=\"descriptif\">Duur van de tocht\n2 uur\n\nAantal km\n6 km\n\nNaam van de vertrekgemeente\nPassy-Grigny\n\n2 uur ontspann&#8230;<\/div>\n\t\t\t\t\n\t\t\t\t\t\t\t\t\t\t\t\t\t\t\t\t\n\t\t\t\t\t\t\t\t\t\t<div class=\"wp-block-button\">\n\t\t\t\t\t<a class=\"wp-element-button rounded\" href=\"https:\/\/tourisme-en-champagne.com\/nl\/itineraire\/pr-49-sur-les-pas-de-nicolas-de-grigny\/\" target=\"_blank\" aria-label=\"Meer weten over PR 49  Sur les pas de Nicolas de Grigny\">Lees verder<\/a>\n\t\t\t\t<\/div>\n\t\t\t \n\t\t<\/div>\n\t\t\n\n\t\t<\/article>\n\n\t\t\t\t\t\t<\/div>\n\t\t\t\t\t\t\t\t\t\t\t\t\t\t<\/div>\n\t\t\t\t\n\t\t\t\t<div class=\"swiper-buttons\">\n\t\t\t\t\t<div class=\"swiper-button-prev\"><\/div>\n\t\t\t\t\t<div class=\"swiper-button-next\"><\/div>\n\t\t\t\t<\/div>\n\t\t\t<\/div>\n\t\t<\/div>\n\t\n<\/section>\n\n<p class=\"wp-block-paragraph\"><\/p>\n","protected":false},"excerpt":{"rendered":"<p>Landbouwvlakten, valleien, bossen en heuvels bedekt met uitzonderlijke wijngaarden&#8230; Het regionale natuurpark Montagne de Reims heeft een oppervlakte van 533 km\u00b2 en omvat 65 gemeenten in het departement Marne.Het is een uniek gebied waarvan de waarde en kwetsbaarheid de beschermings- en opwaarderingsmaatregelen rechtvaardigen. Ontdek het Park en zijn 4 landschapsregio&#8217;s, elk met zijn eigen unieke [&hellip;]<\/p>\n","protected":false},"author":2,"featured_media":2627,"parent":21412,"menu_order":0,"comment_status":"closed","ping_status":"closed","template":"templates\/destinations.php","meta":{"_acf_changed":false,"footnotes":"","_links_to":"","_links_to_target":""},"class_list":["post-20971","page","type-page","status-publish","has-post-thumbnail","hentry"],"acf":[],"_links":{"self":[{"href":"https:\/\/tourisme-en-champagne.com\/nl\/wp-json\/wp\/v2\/pages\/20971","targetHints":{"allow":["GET"]}}],"collection":[{"href":"https:\/\/tourisme-en-champagne.com\/nl\/wp-json\/wp\/v2\/pages"}],"about":[{"href":"https:\/\/tourisme-en-champagne.com\/nl\/wp-json\/wp\/v2\/types\/page"}],"author":[{"embeddable":true,"href":"https:\/\/tourisme-en-champagne.com\/nl\/wp-json\/wp\/v2\/users\/2"}],"replies":[{"embeddable":true,"href":"https:\/\/tourisme-en-champagne.com\/nl\/wp-json\/wp\/v2\/comments?post=20971"}],"version-history":[{"count":2,"href":"https:\/\/tourisme-en-champagne.com\/nl\/wp-json\/wp\/v2\/pages\/20971\/revisions"}],"predecessor-version":[{"id":31827,"href":"https:\/\/tourisme-en-champagne.com\/nl\/wp-json\/wp\/v2\/pages\/20971\/revisions\/31827"}],"up":[{"embeddable":true,"href":"https:\/\/tourisme-en-champagne.com\/nl\/wp-json\/wp\/v2\/pages\/21412"}],"wp:featuredmedia":[{"embeddable":true,"href":"https:\/\/tourisme-en-champagne.com\/nl\/wp-json\/wp\/v2\/media\/2627"}],"wp:attachment":[{"href":"https:\/\/tourisme-en-champagne.com\/nl\/wp-json\/wp\/v2\/media?parent=20971"}],"curies":[{"name":"wp","href":"https:\/\/api.w.org\/{rel}","templated":true}]}}