{"id":20908,"date":"2025-02-19T09:57:01","date_gmt":"2025-02-19T08:57:01","guid":{"rendered":"https:\/\/tourisme-en-champagne.com\/sainte-menehould-en-omgeving\/"},"modified":"2025-11-28T16:26:43","modified_gmt":"2025-11-28T15:26:43","slug":"sainte-menehould-en-omgeving","status":"publish","type":"page","link":"https:\/\/tourisme-en-champagne.com\/nl\/bestemmingen-met-duizend-gezichten\/sainte-menehould-en-omgeving\/","title":{"rendered":"Sainte-M\u00e9nehould en omgeving"},"content":{"rendered":"\n<section class=\"wp-block-group alignfull pattern-text has-global-padding is-content-justification-center is-layout-constrained wp-block-group-is-layout-constrained\">\n<div class=\"wp-block-columns is-layout-flex wp-container-core-columns-is-layout-fdcf44e1 wp-block-columns-is-layout-flex\">\n<div class=\"wp-block-column is-layout-flow wp-block-column-is-layout-flow\">\n<h2 class=\"wp-block-heading\"><strong><strong>petite cit\u00e9 de caract\u00e8re\u00ae (kleine stad met karakter)<\/strong> <\/strong><\/h2>\n\n\n\n<p class=\"has-text-align-left wp-block-paragraph\">Sainte-M\u00e9nehould ontleent zijn naam aan een jong meisje, Manehildis, dat zich in de 5e eeuw onderscheidde door haar vriendelijkheid en vroomheid.<\/p>\n\n\n\n<p class=\"wp-block-paragraph\">Het werd volledig herbouwd in de 18e eeuw na een hevige brand en de stijl is absoluut uniek. De heuvel van het kasteel, met zijn onmiskenbare cachet, bevat oude huizen en een kerk uit de 13e eeuw.   <\/p>\n\n\n\n<p class=\"has-text-align-left wp-block-paragraph\">Vaak in het hart van de geschiedenis, met de vlucht van Louis XVI, de slag om Valmy en de conflicten van de Eerste Wereldoorlog, heeft het nog steeds veel sporen van zijn verleden die wachten om ontdekt te worden!<\/p>\n<\/div>\n<\/div>\n<\/section>\n\n<section class=\"wp-block-group alignfull pattern-text-50-media-50 has-global-padding is-layout-constrained wp-block-group-is-layout-constrained\">\n<div class=\"wp-block-columns is-layout-flex wp-container-core-columns-is-layout-63fbf5b9 wp-block-columns-is-layout-flex\">\n<div class=\"wp-block-column is-layout-flow wp-block-column-is-layout-flow\" style=\"flex-basis:66%\">\n<figure class=\"wp-block-embed is-type-video is-provider-youtube wp-block-embed-youtube wp-embed-aspect-16-9 wp-has-aspect-ratio\"><div class=\"wp-block-embed__wrapper\">\n<iframe loading=\"lazy\" title=\"L&#039;Argonne en mille couleurs\" width=\"500\" height=\"281\" src=\"https:\/\/www.youtube.com\/embed\/GNIf4gTmjg8?feature=oembed\" frameborder=\"0\" allow=\"accelerometer; autoplay; clipboard-write; encrypted-media; gyroscope; picture-in-picture; web-share\" referrerpolicy=\"strict-origin-when-cross-origin\" allowfullscreen><\/iframe>\n<\/div><\/figure>\n<\/div>\n\n\n\n<div class=\"wp-block-column is-layout-flow wp-block-column-is-layout-flow\">\n<h2 class=\"wp-block-heading\"><strong>Een vrijgevig karakter<\/strong><\/h2>\n\n\n\n<hr class=\"wp-block-separator has-text-color has-grey-color has-alpha-channel-opacity has-grey-background-color has-background\" \/>\n\n\n\n<p class=\"wp-block-paragraph\">In de vroege middeleeuwen ontwikkelden de monniken het bos, waaruit de abdijen van Beaulieu, Moiremont, Ch\u00e2trices en La Chalade ontstonden. Een overvloed aan hout werd gebruikt als brandstof voor de glas- en <strong>aardewerkfabrieken<\/strong>, waarvan de bekendste de borden zijn die bekend staan als de Islettes (18e eeuw), zeer gewaardeerd door verzamelaars. <\/p>\n<\/div>\n<\/div>\n<\/section>\n\n<section class=\"wp-block-group alignfull pattern-text has-global-padding is-content-justification-center is-layout-constrained wp-block-group-is-layout-constrained\">\n<div class=\"wp-block-columns is-layout-flex wp-container-core-columns-is-layout-fdcf44e1 wp-block-columns-is-layout-flex\">\n<div class=\"wp-block-column is-layout-flow wp-block-column-is-layout-flow\">\n<p class=\"has-text-align-left wp-block-paragraph\">De Argonne, bezaaid met vijvers en uitgestrekte bossen, biedt een ongerepte flora en fauna in een weelderige natuurlijke omgeving die perfect is om er even helemaal tussenuit te zijn!<\/p>\n\n\n\n<p class=\"has-text-align-left wp-block-paragraph\">Te voet, op de fiets, te paard of zelfs op de waterfiets, dit majestueuze landgoed, met zijn glinsterende kleuren in elk seizoen, is de ideale plek voor een wandeling in de frisse lucht&#8230;<\/p>\n<\/div>\n<\/div>\n<\/section>\n\n<section class=\"wp-block-group alignfull pattern-text-50-media-50 has-middleground-background-color has-background has-global-padding is-layout-constrained wp-block-group-is-layout-constrained\">\n<div class=\"wp-block-columns is-layout-flex wp-container-core-columns-is-layout-63fbf5b9 wp-block-columns-is-layout-flex\">\n<div class=\"wp-block-column is-layout-flow wp-block-column-is-layout-flow\">\n<h2 class=\"wp-block-heading\"><strong>Slag bij Valmy<\/strong><\/h2>\n\n\n\n<hr class=\"wp-block-separator has-text-color has-grey-color has-alpha-channel-opacity has-grey-background-color has-background\" \/>\n\n\n\n<h3 class=\"wp-block-heading\">Lorem ipsum dolor sit amet<\/h3>\n\n\n\n<p class=\"wp-block-paragraph\">Ontdek de prestigieuze plek waar in 1792 de Slag bij Valmy plaatsvond. Hier ging het Franse leger onder leiding van Dumouriez de confrontatie aan met de coalitietroepen van de Europese monarchie\u00ebn. Generaal <strong>Kellermann<\/strong> voerde het bevel over het centrum van het leger bij de molen.  <\/p>\n\n\n\n<p class=\"wp-block-paragraph\">In de ochtend van 20 september vond de aanval plaats. De Moulin de Valmy, een emblematische figuur, was het brandpunt van de Pruisische artillerie tijdens de slag en het toneel van een kanonade. De overwinning leidde de volgende dag, 21 september 1792, tot het uitroepen van de Republiek.  <\/p>\n\n\n\n<p class=\"wp-block-paragraph\">Het <strong>Historisch Centrum Valmy 1792<\/strong> brengt je terug naar het hart van deze historische veldslag, die <strong>Goethe<\/strong> inspireerde tot deze beroemde woorden: &#8220;Vanaf deze plek en deze dag begint een nieuw tijdperk van de wereld, en je zult kunnen zeggen: ik was erbij&#8221;.  <\/p>\n<\/div>\n\n\n\n<div class=\"wp-block-column is-layout-flow wp-block-column-is-layout-flow\">\n<figure class=\"wp-block-image size-full\"><img loading=\"lazy\" decoding=\"async\" width=\"485\" height=\"485\" src=\"https:\/\/tourisme-en-champagne.com\/assets\/uploads\/2025\/07\/centre-historique-valmy-1792cr-kiezer-coll-adt-marne12.jpg\" alt=\"\" class=\"wp-image-15254\" title=\"\" srcset=\"https:\/\/tourisme-en-champagne.com\/assets\/uploads\/2025\/07\/centre-historique-valmy-1792cr-kiezer-coll-adt-marne12.jpg 485w, https:\/\/tourisme-en-champagne.com\/assets\/uploads\/2025\/07\/centre-historique-valmy-1792cr-kiezer-coll-adt-marne12-400x400.jpg 400w\" sizes=\"auto, (max-width: 485px) 100vw, 485px\" \/><\/figure>\n<\/div>\n<\/div>\n<\/section>\n\n<section style=\"background-image:url(&apos;https:\/\/tourisme-en-champagne.com\/assets\/uploads\/2025\/07\/statue-dom-perignon-psauvageot-adt-marne.jpg&apos;);background-size:cover;\" class=\"wp-block-group alignfull pattern-text-50-left-background has-base-color has-text-color has-link-color wp-elements-8476fd8f3f616e994982b2c7e6864572 has-global-padding is-layout-constrained wp-block-group-is-layout-constrained has-background\">\n<div class=\"wp-block-columns is-layout-flex wp-container-core-columns-is-layout-fdcf44e1 wp-block-columns-is-layout-flex\">\n<div class=\"wp-block-column is-layout-flow wp-block-column-is-layout-flow\">\n<h2 class=\"wp-block-heading\"><strong><br \/>Dom P\u00e9rignon, kind van Sainte M\u00e9nehould<\/strong><\/h2>\n\n\n\n<hr class=\"wp-block-separator has-text-color has-base-color has-alpha-channel-opacity has-base-background-color has-background\" \/>\n\n\n\n<p class=\"wp-block-paragraph\">Het is geen geheim dat hij de zogenaamde vader van de champagne is, een producent van de beste champagnewijnen en een waardig burger van Hautvillers.<\/p>\n\n\n\n<p class=\"wp-block-paragraph\">Minder bekend is echter zijn geboorteplaats.<\/p>\n\n\n\n<p class=\"wp-block-paragraph\">In 1956 richtte Sainte-M\u00e9nehould een standbeeld van hem op, met een halve glimlach erop natuurlijk!<\/p>\n<\/div>\n\n\n\n<div class=\"wp-block-column is-layout-flow wp-block-column-is-layout-flow\"><\/div>\n<\/div>\n<\/section>\n\n<section class=\"wp-block-group alignfull pattern-text-50-media-50 has-global-padding is-layout-constrained wp-block-group-is-layout-constrained\">\n<div class=\"wp-block-columns is-layout-flex wp-container-core-columns-is-layout-63fbf5b9 wp-block-columns-is-layout-flex\">\n<div class=\"wp-block-column is-layout-flow wp-block-column-is-layout-flow\">\n<h2 class=\"wp-block-heading\"><strong>Wandelen in de Argonne<\/strong><\/h2>\n\n\n\n<hr class=\"wp-block-separator has-text-color has-grey-color has-alpha-channel-opacity has-grey-background-color has-background\" \/>\n\n\n\n<p class=\"wp-block-paragraph\">Natuurliefhebbers en fanatieke mountainbikers, het bos van Argonne, de groene long van de Marne, ligt voor het oprapen!<\/p>\n\n\n\n<p class=\"wp-block-paragraph\">Hier wrijven mountainbikers en wandelaars schouder aan schouder over de vele en gevarieerde routes door de uitgestrekte bossen, weelderige groene weiden, meren en natuurdorpen&#8230;<\/p>\n\n\n\n<div class=\"wp-block-buttons is-layout-flex wp-block-buttons-is-layout-flex\">\n<div class=\"wp-block-button\"><a class=\"wp-block-button__link has-grey-background-color has-background wp-element-button\" href=\"https:\/\/tourisme-en-champagne.com\/activites-de-loisirs-et-nature\/activites-sportives-et-de-loisirs\/velo\/argonne\/\">Tour-idee\u00ebn<\/a><\/div>\n<\/div>\n<\/div>\n\n\n\n<div class=\"wp-block-column is-layout-flow wp-block-column-is-layout-flow\" style=\"flex-basis:66%\">\n<figure class=\"wp-block-embed is-type-video is-provider-youtube wp-block-embed-youtube wp-embed-aspect-16-9 wp-has-aspect-ratio\"><div class=\"wp-block-embed__wrapper\">\n<iframe loading=\"lazy\" title=\"Balade ressour\u00e7ante en Argonne Champenoise\" width=\"500\" height=\"281\" src=\"https:\/\/www.youtube.com\/embed\/1GccDoAbmR4?feature=oembed\" frameborder=\"0\" allow=\"accelerometer; autoplay; clipboard-write; encrypted-media; gyroscope; picture-in-picture; web-share\" referrerpolicy=\"strict-origin-when-cross-origin\" allowfullscreen><\/iframe>\n<\/div><\/figure>\n<\/div>\n<\/div>\n<\/section>\n\n<section class=\"wp-block-group alignfull pattern-text-50-media-50-full has-base-color has-brown-background-color has-text-color has-background has-link-color wp-elements-8276d53a3d782ffb53e63c371f44dd77 has-global-padding is-content-justification-center is-layout-constrained wp-block-group-is-layout-constrained\">\n<div class=\"wp-block-columns alignfull is-layout-flex wp-container-core-columns-is-layout-addd0515 wp-block-columns-is-layout-flex\">\n<div class=\"wp-block-column col-media is-layout-flow wp-block-column-is-layout-flow\" style=\"flex-basis:50%\">\n<figure class=\"wp-block-image size-full\"><img loading=\"lazy\" decoding=\"async\" width=\"960\" height=\"600\" src=\"https:\/\/tourisme-en-champagne.com\/assets\/uploads\/2025\/07\/biere-de-valmycg-peze-colladt-marne1.jpg\" alt=\"\" class=\"wp-image-15275\" title=\"\" srcset=\"https:\/\/tourisme-en-champagne.com\/assets\/uploads\/2025\/07\/biere-de-valmycg-peze-colladt-marne1.jpg 960w, https:\/\/tourisme-en-champagne.com\/assets\/uploads\/2025\/07\/biere-de-valmycg-peze-colladt-marne1-640x400.jpg 640w, https:\/\/tourisme-en-champagne.com\/assets\/uploads\/2025\/07\/biere-de-valmycg-peze-colladt-marne1-400x250.jpg 400w, https:\/\/tourisme-en-champagne.com\/assets\/uploads\/2025\/07\/biere-de-valmycg-peze-colladt-marne1-768x480.jpg 768w\" sizes=\"auto, (max-width: 960px) 100vw, 960px\" \/><\/figure>\n<\/div>\n\n\n\n<div class=\"wp-block-column col-content is-layout-flow wp-block-column-is-layout-flow\" style=\"flex-basis:50%\">\n<h2 class=\"wp-block-heading\"><strong>Gastronomie in Sainte-M\u00e9nehould<\/strong><\/h2>\n\n\n\n<hr class=\"wp-block-separator has-text-color has-base-color has-alpha-channel-opacity has-base-background-color has-background\" \/>\n\n\n\n<p class=\"wp-block-paragraph\"><br \/>Chocolade, honing, Orgemont of Valmy bieren en andere specialiteiten zijn verkrijgbaar bij lokale producenten en restauranthouders&#8230;  <\/p>\n\n\n\n<p class=\"wp-block-paragraph\">Fijnproevers zullen de beroemde <strong>varkenspoot<\/strong> in Sainte-M\u00e9nehould niet willen missen, een lokale specialiteit die zijn oorsprong dankt aan de verstrooidheid van een jonge kok die &#8217;s nachts een pot trotters op het fornuis vergat. Het gevolg was dat het vlees, merg en botten smolten en gegeten konden worden. En zo verwierf dit gerecht vanaf 1790 zijn culinaire reputatie in de Champagne en daarbuiten!    <\/p>\n<\/div>\n<\/div>\n<\/section>\n\n<section class=\"wp-block-group alignfull pattern-text has-global-padding is-content-justification-center is-layout-constrained wp-block-group-is-layout-constrained\">\n<div class=\"wp-block-columns is-layout-flex wp-container-core-columns-is-layout-fdcf44e1 wp-block-columns-is-layout-flex\">\n<div class=\"wp-block-column is-layout-flow wp-block-column-is-layout-flow\">\n<h2 class=\"wp-block-heading\"><strong>UW CONTACTPUNT<\/strong><\/h2>\n\n\n\n<hr class=\"wp-block-separator has-text-color has-grey-color has-alpha-channel-opacity has-grey-background-color has-background\" \/>\n\n\n\n<h3 class=\"wp-block-heading has-text-align-left\">Toeristische dienst van Argonne Champagne  <\/h3>\n\n\n\n<h3 class=\"wp-block-heading has-text-align-left\">15 place du G\u00e9n\u00e9ral Leclerc &#8211; 51800 SAINTE-M\u00c9NEHOULD &#8211; 03 26 60 85 83 &#8211; <a href=\"http:\/\/www.argonne.fr\/\" target=\"_blank\" rel=\"noreferrer noopener\">www.argonne.fr<\/a><\/h3>\n<\/div>\n<\/div>\n<\/section>\n\n<section class=\"wp-block-group alignfull pattern-playlist-grid has-global-padding is-layout-constrained wp-block-group-is-layout-constrained\">\n<h2 class=\"wp-block-heading has-text-align-center\"><strong>Selectie van uitjes<\/strong><\/h2>\n\n\n\n<hr class=\"wp-block-separator has-text-color has-accent-3-color has-alpha-channel-opacity has-accent-3-background-color has-background\" \/>\n\n\n\n<p class=\"has-text-align-center wp-block-paragraph\">Hier zijn een paar suggesties om Sainte-M\u00e9nehould en de omgeving te verkennen, voor een wandeling of een vakantie!<br \/><\/p>\n\n\n\t\t\t<div class=\"fsgb-block-playlist playlist-grid is-style-grid\"  style=\"margin-top:var(--wp--preset--spacing--x-large);\">\n\t\t\t\t\n\t\t\t\n\t\t\t<div class=\"swiper swiperPlaylistGrid\">\n\n\t\t\t\t<div class=\"swiper-wrapper posts-count-4\">\n\t\t\t\t\t\t\t\t\t\t\t\t\t\t\t\t\t<div class=\"swiper-slide \">\n\t\t\t\t\t\t\t\n<article class=\"card card--activite stretched-link\" data-id=\"31616\" data-post-id-sync-map=\"31616\" >\n\t\n\t\t\n\t\t\t\t<div class=\"card__thumbnail has-middleground-background-color stack\">\n\t\t\t<img decoding=\"async\" width=\"2048\" src=\"https:\/\/cdt51.media.tourinsoft.eu\/upload\/Centre-d-Interpretation-de-Valmy---Valmy--2-.jpg\" class=\"attachment- size-\" alt=\"Centre historique Valmy 1792\" srcset=\"https:\/\/cdt51.media.tourinsoft.eu\/upload\/Centre-d-Interpretation-de-Valmy---Valmy--2-.jpg?width=400 400w, https:\/\/cdt51.media.tourinsoft.eu\/upload\/Centre-d-Interpretation-de-Valmy---Valmy--2-.jpg?width=640 640w, https:\/\/cdt51.media.tourinsoft.eu\/upload\/Centre-d-Interpretation-de-Valmy---Valmy--2-.jpg?width=768 768w, https:\/\/cdt51.media.tourinsoft.eu\/upload\/Centre-d-Interpretation-de-Valmy---Valmy--2-.jpg?width=1280 1280w, https:\/\/cdt51.media.tourinsoft.eu\/upload\/Centre-d-Interpretation-de-Valmy---Valmy--2-.jpg?width=1536&amp;height=1536 1536w, https:\/\/cdt51.media.tourinsoft.eu\/upload\/Centre-d-Interpretation-de-Valmy---Valmy--2-.jpg?width=2048&amp;height=2048 2048w\" sizes=\"(max-width: 2048px) 100vw, 2048px\" title=\"\">\t\t<\/div>\n\t\n\t\t<div class=\"card__content\">\n\t\t\t\n\t\t\t\t\t\t\t\t\t\n\t\t\t\t\t\t\t\t\t\n\t\t\t\t\t\t<h3 class=\"title wp-block-heading is-style-h3\">\n\t\t\t\t<a href=\"https:\/\/tourisme-en-champagne.com\/nl\/activite\/centre-historique-valmy-1792\/\" target=\"_blank\">Centre historique Valmy 1792<\/a>\t\t\t\t\t\t\t<\/h3>\n\t\t\t\n\t\t\t\t\t\t\t\t\t\n\t\t\t\t\t\t<div class=\"underlined\"><\/div>\n\t\t\n\t\t\t\t\t\t\t\t\t\t<div class=\"location\">\n\t\t\t\t\tValmy\t\t\t\t<\/div>\n\t\t\t\t\t\t\n\t\t\t\t\t\t\t\t\t\n\t\t\t\t\t\t\t\t\t\n\t\t\t\t\t\t\t\t\t\n\t\t\t\t\t\t\t\t\t\t<div class=\"descriptif\">1792, het keerpunt van de Franse revolutie in Valmy\n\nHet historische centrum van Valmy vertelt de&#8230;<\/div>\n\t\t\t\t\n\t\t\t\t\t\t\t\t\t\t\t\t\t\t\t\t\n\t\t\t\t\t\t\t\t\t\t<div class=\"wp-block-button\">\n\t\t\t\t\t<a class=\"wp-element-button rounded\" href=\"https:\/\/tourisme-en-champagne.com\/nl\/activite\/centre-historique-valmy-1792\/\" target=\"_blank\" aria-label=\"Meer weten over Centre historique Valmy 1792\">Lees verder<\/a>\n\t\t\t\t<\/div>\n\t\t\t \n\t\t<\/div>\n\t\t\n\n\t\t<\/article>\n\n\t\t\t\t\t\t<\/div>\n\t\t\t\t\t\t\t\t\t\t\t\t\t\t\t\t\t<div class=\"swiper-slide \">\n\t\t\t\t\t\t\t\n<article class=\"card card--activite stretched-link\" data-id=\"31527\" data-post-id-sync-map=\"31527\" >\n\t\n\t\t\n\t\t\t\t<div class=\"card__thumbnail has-middleground-background-color stack\">\n\t\t\t<img decoding=\"async\" width=\"2048\" src=\"https:\/\/cdt51.media.tourinsoft.eu\/upload\/massiges1.jpg\" class=\"attachment- size-\" alt=\"Site historique de la Main de Massiges\" srcset=\"https:\/\/cdt51.media.tourinsoft.eu\/upload\/massiges1.jpg?width=400 400w, https:\/\/cdt51.media.tourinsoft.eu\/upload\/massiges1.jpg?width=640 640w, https:\/\/cdt51.media.tourinsoft.eu\/upload\/massiges1.jpg?width=768 768w, https:\/\/cdt51.media.tourinsoft.eu\/upload\/massiges1.jpg?width=1280 1280w, https:\/\/cdt51.media.tourinsoft.eu\/upload\/massiges1.jpg?width=1536&amp;height=1536 1536w, https:\/\/cdt51.media.tourinsoft.eu\/upload\/massiges1.jpg?width=2048&amp;height=2048 2048w\" sizes=\"(max-width: 2048px) 100vw, 2048px\" title=\"\">\t\t<\/div>\n\t\n\t\t<div class=\"card__content\">\n\t\t\t\n\t\t\t\t\t\t\t\t\t\n\t\t\t\t\t\t\t\t\t\n\t\t\t\t\t\t<h3 class=\"title wp-block-heading is-style-h3\">\n\t\t\t\t<a href=\"https:\/\/tourisme-en-champagne.com\/nl\/activite\/site-historique-de-la-main-de-massiges\/\" target=\"_blank\">Site historique de la Main de Massiges<\/a>\t\t\t\t\t\t\t<\/h3>\n\t\t\t\n\t\t\t\t\t\t\t\t\t\n\t\t\t\t\t\t<div class=\"underlined\"><\/div>\n\t\t\n\t\t\t\t\t\t\t\t\t\t<div class=\"location\">\n\t\t\t\t\tMassiges\t\t\t\t<\/div>\n\t\t\t\t\t\t\n\t\t\t\t\t\t\t\t\t\n\t\t\t\t\t\t\t\t\t\n\t\t\t\t\t\t\t\t\t\n\t\t\t\t\t\t\t\n\t\t\t\t\t\t\t\t\t\t\t\t\t\t\t\t\n\t\t\t\t\t\t\t\t\t\t<div class=\"wp-block-button\">\n\t\t\t\t\t<a class=\"wp-element-button rounded\" href=\"https:\/\/tourisme-en-champagne.com\/nl\/activite\/site-historique-de-la-main-de-massiges\/\" target=\"_blank\" aria-label=\"Meer weten over Site historique de la Main de Massiges\">Lees verder<\/a>\n\t\t\t\t<\/div>\n\t\t\t \n\t\t<\/div>\n\t\t\n\n\t\t<\/article>\n\n\t\t\t\t\t\t<\/div>\n\t\t\t\t\t\t\t\t\t\t\t\t\t\t\t\t\t<div class=\"swiper-slide \">\n\t\t\t\t\t\t\t\n<article class=\"card card--activite stretched-link\" data-id=\"31357\" data-post-id-sync-map=\"31357\" >\n\t\n\t\t\n\t\t\t\t<div class=\"card__thumbnail has-middleground-background-color stack\">\n\t\t\t<img decoding=\"async\" width=\"2048\" src=\"https:\/\/cdt51.media.tourinsoft.eu\/upload\/braux4.jpg\" class=\"attachment- size-\" alt=\"Ch\u00e2teau de Braux Sainte Cohi\u00e8re\" srcset=\"https:\/\/cdt51.media.tourinsoft.eu\/upload\/braux4.jpg?width=400 400w, https:\/\/cdt51.media.tourinsoft.eu\/upload\/braux4.jpg?width=640 640w, https:\/\/cdt51.media.tourinsoft.eu\/upload\/braux4.jpg?width=768 768w, https:\/\/cdt51.media.tourinsoft.eu\/upload\/braux4.jpg?width=1280 1280w, https:\/\/cdt51.media.tourinsoft.eu\/upload\/braux4.jpg?width=1536&amp;height=1536 1536w, https:\/\/cdt51.media.tourinsoft.eu\/upload\/braux4.jpg?width=2048&amp;height=2048 2048w\" sizes=\"(max-width: 2048px) 100vw, 2048px\" title=\"\">\t\t<\/div>\n\t\n\t\t<div class=\"card__content\">\n\t\t\t\n\t\t\t\t\t\t\t\t\t\n\t\t\t\t\t\t\t\t\t\n\t\t\t\t\t\t<h3 class=\"title wp-block-heading is-style-h3\">\n\t\t\t\t<a href=\"https:\/\/tourisme-en-champagne.com\/nl\/activite\/chateau-de-braux-sainte-cohiere\/\" target=\"_blank\">Ch\u00e2teau de Braux Sainte Cohi\u00e8re<\/a>\t\t\t\t\t\t\t<\/h3>\n\t\t\t\n\t\t\t\t\t\t\t\t\t\n\t\t\t\t\t\t<div class=\"underlined\"><\/div>\n\t\t\n\t\t\t\t\t\t\t\t\t\t<div class=\"location\">\n\t\t\t\t\tBraux-Sainte-Cohiere\t\t\t\t<\/div>\n\t\t\t\t\t\t\n\t\t\t\t\t\t\t\t\t\n\t\t\t\t\t\t\t\t\t\n\t\t\t\t\t\t\t\t\t\n\t\t\t\t\t\t\t\t\t\t<div class=\"descriptif\">Een kasteel restauratie in te spelen!\r\rZoek in de uitzonderlijke omgeving van dit voormalige mili&#8230;<\/div>\n\t\t\t\t\n\t\t\t\t\t\t\t\t\t\t\t\t\t\t\t\t\n\t\t\t\t\t\t\t\t\t\t<div class=\"wp-block-button\">\n\t\t\t\t\t<a class=\"wp-element-button rounded\" href=\"https:\/\/tourisme-en-champagne.com\/nl\/activite\/chateau-de-braux-sainte-cohiere\/\" target=\"_blank\" aria-label=\"Meer weten over Ch\u00e2teau de Braux Sainte Cohi\u00e8re\">Lees verder<\/a>\n\t\t\t\t<\/div>\n\t\t\t \n\t\t<\/div>\n\t\t\n\n\t\t<\/article>\n\n\t\t\t\t\t\t<\/div>\n\t\t\t\t\t\t\t\t\t\t\t\t\t\t\t\t\t<div class=\"swiper-slide \">\n\t\t\t\t\t\t\t\n<article class=\"card card--activite stretched-link\" data-id=\"31334\" data-post-id-sync-map=\"31334\" >\n\t\n\t\t\n\t\t\t\t<div class=\"card__thumbnail has-middleground-background-color stack\">\n\t\t\t<img decoding=\"async\" width=\"2048\" src=\"https:\/\/cdt51.media.tourinsoft.eu\/upload\/L-Aquarelle---Sainte-Menehould-AC.-Mecuson-Coll.jpg\" class=\"attachment- size-\" alt=\"L&#8217;Aquarelle\" srcset=\"https:\/\/cdt51.media.tourinsoft.eu\/upload\/L-Aquarelle---Sainte-Menehould-AC.-Mecuson-Coll.jpg?width=400 400w, https:\/\/cdt51.media.tourinsoft.eu\/upload\/L-Aquarelle---Sainte-Menehould-AC.-Mecuson-Coll.jpg?width=640 640w, https:\/\/cdt51.media.tourinsoft.eu\/upload\/L-Aquarelle---Sainte-Menehould-AC.-Mecuson-Coll.jpg?width=768 768w, https:\/\/cdt51.media.tourinsoft.eu\/upload\/L-Aquarelle---Sainte-Menehould-AC.-Mecuson-Coll.jpg?width=1280 1280w, https:\/\/cdt51.media.tourinsoft.eu\/upload\/L-Aquarelle---Sainte-Menehould-AC.-Mecuson-Coll.jpg?width=1536&amp;height=1536 1536w, https:\/\/cdt51.media.tourinsoft.eu\/upload\/L-Aquarelle---Sainte-Menehould-AC.-Mecuson-Coll.jpg?width=2048&amp;height=2048 2048w\" sizes=\"(max-width: 2048px) 100vw, 2048px\" title=\"\">\t\t<\/div>\n\t\n\t\t<div class=\"card__content\">\n\t\t\t\n\t\t\t\t\t\t\t\t\t\n\t\t\t\t\t\t\t\t\t\n\t\t\t\t\t\t<h3 class=\"title wp-block-heading is-style-h3\">\n\t\t\t\t<a href=\"https:\/\/tourisme-en-champagne.com\/nl\/activite\/laquarelle\/\" target=\"_blank\">L&#8217;Aquarelle<\/a>\t\t\t\t\t\t\t<\/h3>\n\t\t\t\n\t\t\t\t\t\t\t\t\t\n\t\t\t\t\t\t<div class=\"underlined\"><\/div>\n\t\t\n\t\t\t\t\t\t\t\t\t\t<div class=\"location\">\n\t\t\t\t\tSainte-Menehould\t\t\t\t<\/div>\n\t\t\t\t\t\t\n\t\t\t\t\t\t\t\t\t\n\t\t\t\t\t\t\t\t\t\n\t\t\t\t\t\t\t\t\t\n\t\t\t\t\t\t\t\t\t\t<div class=\"descriptif\">De grootste watersportcentrum en het gebied heeft een glijbaan van 55 meter en 3 zwembaden:\r\r&#8211; ee&#8230;<\/div>\n\t\t\t\t\n\t\t\t\t\t\t\t\t\t\t\t\t\t\t\t\t\n\t\t\t\t\t\t\t\t\t\t<div class=\"wp-block-button\">\n\t\t\t\t\t<a class=\"wp-element-button rounded\" href=\"https:\/\/tourisme-en-champagne.com\/nl\/activite\/laquarelle\/\" target=\"_blank\" aria-label=\"Meer weten over L&#8217;Aquarelle\">Lees verder<\/a>\n\t\t\t\t<\/div>\n\t\t\t \n\t\t<\/div>\n\t\t\n\n\t\t<\/article>\n\n\t\t\t\t\t\t<\/div>\n\t\t\t\t\t\t\t\t\t\t\t\t\t\t<\/div>\n\t\t\t\t\n\t\t\t\t<div class=\"swiper-buttons\">\n\t\t\t\t\t<div class=\"swiper-button-prev\"><\/div>\n\t\t\t\t\t<div class=\"swiper-button-next\"><\/div>\n\t\t\t\t<\/div>\n\t\t\t<\/div>\n\t\t<\/div>\n\t\n<\/section>\n","protected":false},"excerpt":{"rendered":"<p>petite cit\u00e9 de caract\u00e8re\u00ae (kleine stad met karakter) Sainte-M\u00e9nehould ontleent zijn naam aan een jong meisje, Manehildis, dat zich in de 5e eeuw onderscheidde door haar vriendelijkheid en vroomheid. Het werd volledig herbouwd in de 18e eeuw na een hevige brand en de stijl is absoluut uniek. De heuvel van het kasteel, met zijn onmiskenbare [&hellip;]<\/p>\n","protected":false},"author":2,"featured_media":2637,"parent":21412,"menu_order":0,"comment_status":"closed","ping_status":"closed","template":"templates\/destinations.php","meta":{"_acf_changed":false,"footnotes":"","_links_to":"","_links_to_target":""},"class_list":["post-20908","page","type-page","status-publish","has-post-thumbnail","hentry"],"acf":[],"_links":{"self":[{"href":"https:\/\/tourisme-en-champagne.com\/nl\/wp-json\/wp\/v2\/pages\/20908","targetHints":{"allow":["GET"]}}],"collection":[{"href":"https:\/\/tourisme-en-champagne.com\/nl\/wp-json\/wp\/v2\/pages"}],"about":[{"href":"https:\/\/tourisme-en-champagne.com\/nl\/wp-json\/wp\/v2\/types\/page"}],"author":[{"embeddable":true,"href":"https:\/\/tourisme-en-champagne.com\/nl\/wp-json\/wp\/v2\/users\/2"}],"replies":[{"embeddable":true,"href":"https:\/\/tourisme-en-champagne.com\/nl\/wp-json\/wp\/v2\/comments?post=20908"}],"version-history":[{"count":2,"href":"https:\/\/tourisme-en-champagne.com\/nl\/wp-json\/wp\/v2\/pages\/20908\/revisions"}],"predecessor-version":[{"id":20914,"href":"https:\/\/tourisme-en-champagne.com\/nl\/wp-json\/wp\/v2\/pages\/20908\/revisions\/20914"}],"up":[{"embeddable":true,"href":"https:\/\/tourisme-en-champagne.com\/nl\/wp-json\/wp\/v2\/pages\/21412"}],"wp:featuredmedia":[{"embeddable":true,"href":"https:\/\/tourisme-en-champagne.com\/nl\/wp-json\/wp\/v2\/media\/2637"}],"wp:attachment":[{"href":"https:\/\/tourisme-en-champagne.com\/nl\/wp-json\/wp\/v2\/media?parent=20908"}],"curies":[{"name":"wp","href":"https:\/\/api.w.org\/{rel}","templated":true}]}}