{"id":20906,"date":"2025-02-19T10:01:25","date_gmt":"2025-02-19T09:01:25","guid":{"rendered":"https:\/\/tourisme-en-champagne.com\/sezanne-en-omgeving\/"},"modified":"2025-11-28T16:26:44","modified_gmt":"2025-11-28T15:26:44","slug":"sezanne-en-omgeving","status":"publish","type":"page","link":"https:\/\/tourisme-en-champagne.com\/nl\/bestemmingen-met-duizend-gezichten\/sezanne-en-omgeving\/","title":{"rendered":"S\u00e9zanne en omgeving"},"content":{"rendered":"\n<section class=\"wp-block-group alignfull pattern-text has-global-padding is-content-justification-center is-layout-constrained wp-block-group-is-layout-constrained\">\n<div class=\"wp-block-columns is-layout-flex wp-container-core-columns-is-layout-fdcf44e1 wp-block-columns-is-layout-flex\">\n<div class=\"wp-block-column is-layout-flow wp-block-column-is-layout-flow\">\n<h2 class=\"wp-block-heading\"><strong>Verhuizen van site naar site<\/strong><\/h2>\n\n\n\n<hr class=\"wp-block-separator has-text-color has-grey-color has-alpha-channel-opacity has-grey-background-color has-background\" \/>\n\n\n\n<p class=\"has-text-align-left wp-block-paragraph\">Op enkele tientallen kilometers van Epernay, rond<strong>Esternay<\/strong> en <strong>S\u00e9zanne<\/strong> of <strong>Montmirail<\/strong>, kun je genieten van de rijkdom en diversiteit van deze streek.<br \/><br \/>De geschiedenis wordt onthuld terwijl je je een weg baant van site naar site: tussen <strong>middeleeuwse<\/strong> stadjes <strong>, kastelen, abdijen, kerken<\/strong> en andere plaatsen met veel emotie. De Brie Champenoise is ook een plek waar je mannen en vrouwen kunt ontmoeten: sommigen van hen besteden veel zorg aan het produceren van Champagne en het beschikbaar stellen ervan om te proeven, terwijl anderen zich inzetten om je verblijf zo aangenaam mogelijk te maken door je streekproducten, ontspanning en vrijetijdsactiviteiten voor het hele gezin aan te bieden. La Brie Champenoise, een plek die Blanche de Navarre, Henri IV, Victor Hugo, Marcel Proust&#8230; heeft verleid en die u een sprankelend welkom biedt!  <\/p>\n\n\n\n<p class=\"has-text-align-left wp-block-paragraph\">In de regio van de Zuidwest-Marne ontdekt u ook de lokale smaken en knowhow. Kom kennismaken met de liefhebbers die hun beroepen en passies met u zullen delen. <\/p>\n<\/div>\n<\/div>\n<\/section>\n\n<section class=\"wp-block-group alignfull pattern-text-50-media-50-full has-middleground-background-color has-background has-global-padding is-content-justification-center is-layout-constrained wp-block-group-is-layout-constrained\">\n<div class=\"wp-block-columns alignfull is-layout-flex wp-container-core-columns-is-layout-addd0515 wp-block-columns-is-layout-flex\">\n<div class=\"wp-block-column col-media is-layout-flow wp-block-column-is-layout-flow\" style=\"flex-basis:50%\">\n<figure class=\"wp-block-embed is-type-video is-provider-youtube wp-block-embed-youtube wp-embed-aspect-16-9 wp-has-aspect-ratio\"><div class=\"wp-block-embed__wrapper\">\n<iframe loading=\"lazy\" title=\"Partez \u00e0 la d\u00e9couverte de S\u00e9zanne\" width=\"500\" height=\"281\" src=\"https:\/\/www.youtube.com\/embed\/nU6opICKwWw?feature=oembed\" frameborder=\"0\" allow=\"accelerometer; autoplay; clipboard-write; encrypted-media; gyroscope; picture-in-picture; web-share\" referrerpolicy=\"strict-origin-when-cross-origin\" allowfullscreen><\/iframe>\n<\/div><\/figure>\n<\/div>\n\n\n\n<div class=\"wp-block-column col-content is-layout-flow wp-block-column-is-layout-flow\" style=\"flex-basis:50%\">\n<h2 class=\"wp-block-heading\"><strong>S\u00e9zanne<\/strong><\/h2>\n\n\n\n<hr class=\"wp-block-separator has-text-color has-grey-color has-alpha-channel-opacity has-grey-background-color has-background\" \/>\n\n\n\n<h3 class=\"wp-block-heading\">Petite cit\u00e9 de caract\u00e8re\u00ae en Village Etape\u00ae (Kleine stad met karakter\u00ae en Stopover Village\u00ae)<\/h3>\n\n\n\n<p class=\"wp-block-paragraph\"><strong>S\u00e9zanne<\/strong>, een van oorsprong middeleeuwse stad, is doordrenkt van zijn verleden en biedt prachtige wandelingen. Ontdek tien eeuwen geschiedenis: de overblijfselen van torens en muren, smalle straatjes, huizen&#8230; al deze oude stenen dragen de geschiedenis en anekdotes die S\u00e9zanne hebben gemaakt tot wat het nu is. <\/p>\n\n\n\n<p class=\"wp-block-paragraph\">Mis de prachtige 16e-eeuwse kerk niet, waarvan de enorme <strong>vierkante toren<\/strong> van 42 meter boven de daken uittorent. In de steunberen zijn &#8216;ouvroirs&#8217; gevestigd, kleine winkeltjes binnen de muren van de kerk zelf. Vanaf 1499 werkten er zadelmakers, kleermakers, ketelmakers, bakkers, goudsmeden en glasmakers in de 23 nissen die werden gebouwd. Er zijn er nog steeds 4 te vinden in de steunberen van de toren.  <\/p>\n\n\n\n<div class=\"wp-block-buttons is-layout-flex wp-block-buttons-is-layout-flex\">\n<div class=\"wp-block-button\"><a class=\"wp-block-button__link has-base-color has-grey-background-color has-text-color has-background has-link-color wp-element-button\" href=\"https:\/\/www.petitescitesdecaractere.com\/fr\/nos-petites-cites-de-caractere\/sezanne\" target=\"_blank\" rel=\"noreferrer noopener\">Lees meer<\/a><\/div>\n<\/div>\n<\/div>\n<\/div>\n<\/section>\n\n<section class=\"wp-block-group alignfull pattern-text has-global-padding is-content-justification-center is-layout-constrained wp-block-group-is-layout-constrained\">\n<div class=\"wp-block-columns is-layout-flex wp-container-core-columns-is-layout-fdcf44e1 wp-block-columns-is-layout-flex\">\n<div class=\"wp-block-column is-layout-flow wp-block-column-is-layout-flow\">\n<p class=\"has-text-align-left wp-block-paragraph\"><br \/>Kijk omhoog en wandel door de straten, waar je een heleboel curiosa vindt: zonnewijzers, dakkapellen, beeldjes, wapenschilden en de prachtige overdekte markt in Baltard-stijl.<\/p>\n\n\n\n<p class=\"has-text-align-left wp-block-paragraph\">Maak een romantische wandeling door de pittoreske steegjes en laat je betoveren!<\/p>\n<\/div>\n<\/div>\n<\/section>\n\n<section style=\"background-image:url(&apos;https:\/\/tourisme-en-champagne.com\/assets\/uploads\/2025\/08\/chateau-montmirailcot-montmirail2.jpg&apos;);background-position:50% 50%;background-size:cover;background-attachment:scroll;\" class=\"wp-block-group alignfull pattern-text-50-left-background has-base-color has-text-color has-link-color wp-elements-b218b6be469f855830e35094092ade20 has-global-padding is-layout-constrained wp-block-group-is-layout-constrained has-background\">\n<div class=\"wp-block-columns is-layout-flex wp-container-core-columns-is-layout-fdcf44e1 wp-block-columns-is-layout-flex\">\n<div class=\"wp-block-column is-layout-flow wp-block-column-is-layout-flow\">\n<h2 class=\"wp-block-heading\"><strong>Montmirail<\/strong><\/h2>\n\n\n\n<hr class=\"wp-block-separator has-text-color has-base-color has-alpha-channel-opacity has-base-background-color has-background\" \/>\n\n\n\n<p class=\"wp-block-paragraph\">Het is een echt groen gebied, met de Petit Morin vallei, bossen en vijvers. Een pronkstuk van Napoleons militaire genie, de Slag bij Montmirail werd gewonnen door de &#8220;Marie-Louise&#8221; en de Oude Garde op 11 februari 1814. <\/p>\n\n\n\n<p class=\"wp-block-paragraph\">Mis het Ch\u00e2teau de Montmirail, de smalle straatjes van de stadswallen, de kerk Saint-Etienne de Montmirail en de Tour de Montl\u00e9an niet.<\/p>\n\n\n\n<h3 class=\"wp-block-heading\">Wist je dat?<\/h3>\n\n\n\n<p class=\"wp-block-paragraph\">Een deel van het park werd ontworpen door Le N\u00f4tre en de Zonnekoning verbleef ooit in het kasteel. Tijdens de Franse campagne in februari 1814 ontbeet de keizer hier op de ochtend van de veldslag.   <\/p>\n<\/div>\n\n\n\n<div class=\"wp-block-column is-layout-flow wp-block-column-is-layout-flow\"><\/div>\n<\/div>\n<\/section>\n\n<section class=\"wp-block-group alignfull pattern-text-50-media-50 has-global-padding is-layout-constrained wp-block-group-is-layout-constrained\">\n<div class=\"wp-block-columns is-layout-flex wp-container-core-columns-is-layout-63fbf5b9 wp-block-columns-is-layout-flex\">\n<div class=\"wp-block-column is-layout-flow wp-block-column-is-layout-flow\">\n<figure class=\"wp-block-image size-full\"><img loading=\"lazy\" decoding=\"async\" width=\"485\" height=\"485\" src=\"https:\/\/tourisme-en-champagne.com\/assets\/uploads\/2025\/08\/cyclodraisine-esternaycc-manquillet-coll-adt-marne16.jpg\" alt=\"Fietsroutes van Grand Morin\" class=\"wp-image-16196\" title=\"\" srcset=\"https:\/\/tourisme-en-champagne.com\/assets\/uploads\/2025\/08\/cyclodraisine-esternaycc-manquillet-coll-adt-marne16.jpg 485w, https:\/\/tourisme-en-champagne.com\/assets\/uploads\/2025\/08\/cyclodraisine-esternaycc-manquillet-coll-adt-marne16-400x400.jpg 400w\" sizes=\"auto, (max-width: 485px) 100vw, 485px\" \/><\/figure>\n<\/div>\n\n\n\n<div class=\"wp-block-column is-layout-flow wp-block-column-is-layout-flow\">\n<h2 class=\"wp-block-heading\"><strong>Esternay<\/strong><\/h2>\n\n\n\n<hr class=\"wp-block-separator has-text-color has-grey-color has-alpha-channel-opacity has-grey-background-color has-background\" \/>\n\n\n\n<p class=\"wp-block-paragraph\">Esternay, ooit beroemd om zijn porseleinfabrieken en mandenmakers, biedt bezoekers een opmerkelijk erfgoed: dorpen, kerken, Briard-boerderijen, abdijen, kastelen, fonteinen, enz. De uitgestrekte landbouwgronden van de regio zijn ook ideaal voor groen toerisme, met talloze wandelpaden in de<strong> nationale bossen van de Traconne<\/strong> en de Gault. <\/p>\n\n\n\n<p class=\"wp-block-paragraph\">Aarzel niet om je ontdekkingstocht op een originele en leuke manier uit te breiden met de <strong>Cyclo-draisines du Grand Morin<\/strong>. Beter bekend als een &#8220;velorail&#8221;, de draisine biedt plaats aan maximaal 4 personen. Er zijn twee plekken om te ontdekken: Esternay en Joiselle voor een heerlijk moment van gezelligheid op deze voormalige spoorlijn.  <\/p>\n<\/div>\n<\/div>\n<\/section>\n\n<section class=\"wp-block-group alignfull pattern-media-100-full has-background has-global-padding is-layout-constrained wp-container-core-group-is-layout-7cf01583 wp-block-group-is-layout-constrained\" style=\"padding-top:0;padding-right:0;padding-bottom:0;padding-left:0\">\t<div class=\"fsgb-block-slider swiper is-style-fullwidth alignfull\"  >\n\t\t<div class=\"swiper-wrapper\">\n\t\t\t\t\t\t\t\t\t\t\t\t<div class=\"fsgb-block-slider__slide swiper-slide\">\n\t\t\t\t\t\t<img loading=\"lazy\" decoding=\"async\" width=\"400\" height=\"125\" src=\"https:\/\/tourisme-en-champagne.com\/assets\/uploads\/2025\/08\/eglise-1-sezanne-cv-montane-coll-adt-marne-400x125.jpg\" class=\"attachment-thumbnail size-thumbnail\" alt=\"\" srcset=\"https:\/\/tourisme-en-champagne.com\/assets\/uploads\/2025\/08\/eglise-1-sezanne-cv-montane-coll-adt-marne-400x125.jpg 400w, https:\/\/tourisme-en-champagne.com\/assets\/uploads\/2025\/08\/eglise-1-sezanne-cv-montane-coll-adt-marne-640x200.jpg 640w, https:\/\/tourisme-en-champagne.com\/assets\/uploads\/2025\/08\/eglise-1-sezanne-cv-montane-coll-adt-marne-1280x400.jpg 1280w, https:\/\/tourisme-en-champagne.com\/assets\/uploads\/2025\/08\/eglise-1-sezanne-cv-montane-coll-adt-marne-768x240.jpg 768w, https:\/\/tourisme-en-champagne.com\/assets\/uploads\/2025\/08\/eglise-1-sezanne-cv-montane-coll-adt-marne-1536x480.jpg 1536w, https:\/\/tourisme-en-champagne.com\/assets\/uploads\/2025\/08\/eglise-1-sezanne-cv-montane-coll-adt-marne.jpg 1920w\" sizes=\"auto, (max-width: 400px) 100vw, 400px\" title=\"\">\t\t\t\t\t\t<div class=\"caption\">V. Montan\u00e9<\/div>\n\t\t\t\t\t\t\t\t\t\t\t\t<strong><\/strong>\n\t\t\t\t\t\t\t\t\t\t\t\t\t\t\t\t\t\t\t\t\t\t\t<\/div>\n\t\t\t\t\t\t\t\t\t\t\t\t\t\t\t\t<div class=\"fsgb-block-slider__slide swiper-slide\">\n\t\t\t\t\t\t<img loading=\"lazy\" decoding=\"async\" width=\"400\" height=\"125\" src=\"https:\/\/tourisme-en-champagne.com\/assets\/uploads\/2025\/08\/mail-des-religieuses-2cville-de-sezanne-0-400x125.jpg\" class=\"attachment-thumbnail size-thumbnail\" alt=\"\" srcset=\"https:\/\/tourisme-en-champagne.com\/assets\/uploads\/2025\/08\/mail-des-religieuses-2cville-de-sezanne-0-400x125.jpg 400w, https:\/\/tourisme-en-champagne.com\/assets\/uploads\/2025\/08\/mail-des-religieuses-2cville-de-sezanne-0-640x200.jpg 640w, https:\/\/tourisme-en-champagne.com\/assets\/uploads\/2025\/08\/mail-des-religieuses-2cville-de-sezanne-0-1280x400.jpg 1280w, https:\/\/tourisme-en-champagne.com\/assets\/uploads\/2025\/08\/mail-des-religieuses-2cville-de-sezanne-0-768x240.jpg 768w, https:\/\/tourisme-en-champagne.com\/assets\/uploads\/2025\/08\/mail-des-religieuses-2cville-de-sezanne-0-1536x480.jpg 1536w, https:\/\/tourisme-en-champagne.com\/assets\/uploads\/2025\/08\/mail-des-religieuses-2cville-de-sezanne-0.jpg 1920w\" sizes=\"auto, (max-width: 400px) 100vw, 400px\" title=\"\">\t\t\t\t\t\t<div class=\"caption\">Ville de S\u00e9zanne<\/div>\n\t\t\t\t\t\t\t\t\t\t\t\t<strong><\/strong>\n\t\t\t\t\t\t\t\t\t\t\t\t\t\t\t\t\t\t\t\t\t\t\t<\/div>\n\t\t\t\t\t\t\t\t\t\t\t\t\t\t\t\t<div class=\"fsgb-block-slider__slide swiper-slide\">\n\t\t\t\t\t\t<img loading=\"lazy\" decoding=\"async\" width=\"400\" height=\"125\" src=\"https:\/\/tourisme-en-champagne.com\/assets\/uploads\/2025\/08\/sezannecc-manquillet-coll-adt-marne3-400x125.jpg\" class=\"attachment-thumbnail size-thumbnail\" alt=\"\" srcset=\"https:\/\/tourisme-en-champagne.com\/assets\/uploads\/2025\/08\/sezannecc-manquillet-coll-adt-marne3-400x125.jpg 400w, https:\/\/tourisme-en-champagne.com\/assets\/uploads\/2025\/08\/sezannecc-manquillet-coll-adt-marne3-640x200.jpg 640w, https:\/\/tourisme-en-champagne.com\/assets\/uploads\/2025\/08\/sezannecc-manquillet-coll-adt-marne3-1280x400.jpg 1280w, https:\/\/tourisme-en-champagne.com\/assets\/uploads\/2025\/08\/sezannecc-manquillet-coll-adt-marne3-768x240.jpg 768w, https:\/\/tourisme-en-champagne.com\/assets\/uploads\/2025\/08\/sezannecc-manquillet-coll-adt-marne3-1536x480.jpg 1536w, https:\/\/tourisme-en-champagne.com\/assets\/uploads\/2025\/08\/sezannecc-manquillet-coll-adt-marne3.jpg 1920w\" sizes=\"auto, (max-width: 400px) 100vw, 400px\" title=\"\">\t\t\t\t\t\t<div class=\"caption\">C. Manquillet<\/div>\n\t\t\t\t\t\t\t\t\t\t\t\t<strong><\/strong>\n\t\t\t\t\t\t\t\t\t\t\t\t\t\t\t\t\t\t\t\t\t\t\t<\/div>\n\t\t\t\t\t\t\t\t\t\t\t\t\t\t\t\t<div class=\"fsgb-block-slider__slide swiper-slide\">\n\t\t\t\t\t\t<img loading=\"lazy\" decoding=\"async\" width=\"400\" height=\"125\" src=\"https:\/\/tourisme-en-champagne.com\/assets\/uploads\/2025\/08\/le-pretoire-sezanne-cv-montane-coll-adt-marne-400x125.jpg\" class=\"attachment-thumbnail size-thumbnail\" alt=\"\" srcset=\"https:\/\/tourisme-en-champagne.com\/assets\/uploads\/2025\/08\/le-pretoire-sezanne-cv-montane-coll-adt-marne-400x125.jpg 400w, https:\/\/tourisme-en-champagne.com\/assets\/uploads\/2025\/08\/le-pretoire-sezanne-cv-montane-coll-adt-marne-640x200.jpg 640w, https:\/\/tourisme-en-champagne.com\/assets\/uploads\/2025\/08\/le-pretoire-sezanne-cv-montane-coll-adt-marne-1280x400.jpg 1280w, https:\/\/tourisme-en-champagne.com\/assets\/uploads\/2025\/08\/le-pretoire-sezanne-cv-montane-coll-adt-marne-768x240.jpg 768w, https:\/\/tourisme-en-champagne.com\/assets\/uploads\/2025\/08\/le-pretoire-sezanne-cv-montane-coll-adt-marne-1536x480.jpg 1536w, https:\/\/tourisme-en-champagne.com\/assets\/uploads\/2025\/08\/le-pretoire-sezanne-cv-montane-coll-adt-marne.jpg 1920w\" sizes=\"auto, (max-width: 400px) 100vw, 400px\" title=\"\">\t\t\t\t\t\t<div class=\"caption\">V. Montan\u00e9<\/div>\n\t\t\t\t\t\t\t\t\t\t\t\t<strong><\/strong>\n\t\t\t\t\t\t\t\t\t\t\t\t\t\t\t\t\t\t\t\t\t\t\t<\/div>\n\t\t\t\t\t\t\t\t\t\t\t\t\t\t\t\t<div class=\"fsgb-block-slider__slide swiper-slide\">\n\t\t\t\t\t\t<img loading=\"lazy\" decoding=\"async\" width=\"400\" height=\"125\" src=\"https:\/\/tourisme-en-champagne.com\/assets\/uploads\/2025\/08\/chateau-montmirailcc-manquillet-coll-adt-marne-400x125.jpg\" class=\"attachment-thumbnail size-thumbnail\" alt=\"\" srcset=\"https:\/\/tourisme-en-champagne.com\/assets\/uploads\/2025\/08\/chateau-montmirailcc-manquillet-coll-adt-marne-400x125.jpg 400w, https:\/\/tourisme-en-champagne.com\/assets\/uploads\/2025\/08\/chateau-montmirailcc-manquillet-coll-adt-marne-640x200.jpg 640w, https:\/\/tourisme-en-champagne.com\/assets\/uploads\/2025\/08\/chateau-montmirailcc-manquillet-coll-adt-marne-1280x400.jpg 1280w, https:\/\/tourisme-en-champagne.com\/assets\/uploads\/2025\/08\/chateau-montmirailcc-manquillet-coll-adt-marne-768x240.jpg 768w, https:\/\/tourisme-en-champagne.com\/assets\/uploads\/2025\/08\/chateau-montmirailcc-manquillet-coll-adt-marne-1536x480.jpg 1536w, https:\/\/tourisme-en-champagne.com\/assets\/uploads\/2025\/08\/chateau-montmirailcc-manquillet-coll-adt-marne.jpg 1920w\" sizes=\"auto, (max-width: 400px) 100vw, 400px\" title=\"\">\t\t\t\t\t\t<div class=\"caption\">C. Manquillet<\/div>\n\t\t\t\t\t\t\t\t\t\t\t\t<strong><\/strong>\n\t\t\t\t\t\t\t\t\t\t\t\t\t\t\t\t\t\t\t\t\t\t\t<\/div>\n\t\t\t\t\t\t\t\t\t\t\t\t\t\t\t\t<div class=\"fsgb-block-slider__slide swiper-slide\">\n\t\t\t\t\t\t<img loading=\"lazy\" decoding=\"async\" width=\"400\" height=\"125\" src=\"https:\/\/tourisme-en-champagne.com\/assets\/uploads\/2025\/08\/marche-sezannecc-manquillet-coll-adt-marne-400x125.jpg\" class=\"attachment-thumbnail size-thumbnail\" alt=\"\" srcset=\"https:\/\/tourisme-en-champagne.com\/assets\/uploads\/2025\/08\/marche-sezannecc-manquillet-coll-adt-marne-400x125.jpg 400w, https:\/\/tourisme-en-champagne.com\/assets\/uploads\/2025\/08\/marche-sezannecc-manquillet-coll-adt-marne-640x200.jpg 640w, https:\/\/tourisme-en-champagne.com\/assets\/uploads\/2025\/08\/marche-sezannecc-manquillet-coll-adt-marne-1280x400.jpg 1280w, https:\/\/tourisme-en-champagne.com\/assets\/uploads\/2025\/08\/marche-sezannecc-manquillet-coll-adt-marne-768x240.jpg 768w, https:\/\/tourisme-en-champagne.com\/assets\/uploads\/2025\/08\/marche-sezannecc-manquillet-coll-adt-marne-1536x480.jpg 1536w, https:\/\/tourisme-en-champagne.com\/assets\/uploads\/2025\/08\/marche-sezannecc-manquillet-coll-adt-marne.jpg 1920w\" sizes=\"auto, (max-width: 400px) 100vw, 400px\" title=\"\">\t\t\t\t\t\t<div class=\"caption\">C. Manquillet<\/div>\n\t\t\t\t\t\t\t\t\t\t\t\t<strong><\/strong>\n\t\t\t\t\t\t\t\t\t\t\t\t\t\t\t\t\t\t\t\t\t\t\t<\/div>\n\t\t\t\t\t\t\t\t\t\t\t\t\t\t\t\t<div class=\"fsgb-block-slider__slide swiper-slide\">\n\t\t\t\t\t\t<img loading=\"lazy\" decoding=\"async\" width=\"400\" height=\"125\" src=\"https:\/\/tourisme-en-champagne.com\/assets\/uploads\/2025\/08\/cadran-solaire-sezannecg-pate-coll-adt-marne3-400x125.jpg\" class=\"attachment-thumbnail size-thumbnail\" alt=\"\" srcset=\"https:\/\/tourisme-en-champagne.com\/assets\/uploads\/2025\/08\/cadran-solaire-sezannecg-pate-coll-adt-marne3-400x125.jpg 400w, https:\/\/tourisme-en-champagne.com\/assets\/uploads\/2025\/08\/cadran-solaire-sezannecg-pate-coll-adt-marne3-640x200.jpg 640w, https:\/\/tourisme-en-champagne.com\/assets\/uploads\/2025\/08\/cadran-solaire-sezannecg-pate-coll-adt-marne3-1280x400.jpg 1280w, https:\/\/tourisme-en-champagne.com\/assets\/uploads\/2025\/08\/cadran-solaire-sezannecg-pate-coll-adt-marne3-768x240.jpg 768w, https:\/\/tourisme-en-champagne.com\/assets\/uploads\/2025\/08\/cadran-solaire-sezannecg-pate-coll-adt-marne3-1536x480.jpg 1536w, https:\/\/tourisme-en-champagne.com\/assets\/uploads\/2025\/08\/cadran-solaire-sezannecg-pate-coll-adt-marne3.jpg 1920w\" sizes=\"auto, (max-width: 400px) 100vw, 400px\" title=\"\">\t\t\t\t\t\t<div class=\"caption\">G. Pat\u00e9<\/div>\n\t\t\t\t\t\t\t\t\t\t\t\t<strong><\/strong>\n\t\t\t\t\t\t\t\t\t\t\t\t\t\t\t\t\t\t\t\t\t\t\t<\/div>\n\t\t\t\t\t\t\t\t\t<\/div>\n\t\t<div class=\"swiper-pagination\"><\/div>\n\t<\/div>\n\n<\/section>\n\n<section class=\"wp-block-group alignfull pattern-text-33-media-66 has-base-color has-brown-background-color has-text-color has-background has-link-color wp-elements-4f69a4cfd48b7a95e800359b390fdf70 has-global-padding is-layout-constrained wp-block-group-is-layout-constrained\">\n<div class=\"wp-block-columns is-layout-flex wp-container-core-columns-is-layout-63fbf5b9 wp-block-columns-is-layout-flex\">\n<div class=\"wp-block-column col-content is-layout-flow wp-block-column-is-layout-flow\" style=\"flex-basis:50%\">\n<h2 class=\"wp-block-heading has-grey-color has-text-color has-link-color wp-elements-c064452a532e7dd9906988f99b60b826\"><strong>De verbazingwekkende moerassen van Saint Gond&#8230;<\/strong><\/h2>\n\n\n\n<hr class=\"wp-block-separator has-text-color has-grey-color has-alpha-channel-opacity has-grey-background-color has-background\" \/>\n\n\n\n<p class=\"wp-block-paragraph\">In Reuves zingt de groene boomkikker uit volle borst, de grote kamsalamander zwemt met gekropen rug, vlinders en libellen praten met elkaar&#8230; Deze foto komt niet uit een kinderverhaal, maar is te zien bij de moerassen van Saint-Gond. <\/p>\n\n\n\n<p class=\"wp-block-paragraph\">Deze verbazingwekkende plek herbergt veel planten- en diersoorten die in Frankrijk met uitsterven worden bedreigd. Vanuit Reuves kun je via een natuurpad de site verkennen. <\/p>\n<\/div>\n\n\n\n<div class=\"wp-block-column col-media is-layout-flow wp-block-column-is-layout-flow\" style=\"flex-basis:66.66%\">\n<figure class=\"wp-block-image size-full\"><img loading=\"lazy\" decoding=\"async\" width=\"670\" height=\"430\" src=\"https:\/\/tourisme-en-champagne.com\/assets\/uploads\/2025\/07\/marais-de-saint-gondcadt-marne8-1.jpg\" alt=\"Moerassen van Saint-Gond\" class=\"wp-image-15061\" style=\"aspect-ratio:4\/3;object-fit:cover\" title=\"\" srcset=\"https:\/\/tourisme-en-champagne.com\/assets\/uploads\/2025\/07\/marais-de-saint-gondcadt-marne8-1.jpg 670w, https:\/\/tourisme-en-champagne.com\/assets\/uploads\/2025\/07\/marais-de-saint-gondcadt-marne8-1-640x411.jpg 640w, https:\/\/tourisme-en-champagne.com\/assets\/uploads\/2025\/07\/marais-de-saint-gondcadt-marne8-1-400x257.jpg 400w\" sizes=\"auto, (max-width: 670px) 100vw, 670px\" \/><\/figure>\n<\/div>\n<\/div>\n<\/section>\n\n<section class=\"wp-block-group alignfull pattern-text-33-media-66 has-base-color has-brown-background-color has-text-color has-background has-link-color wp-elements-f9c8df1bb4251276629a090f2bfedb62 has-global-padding is-layout-constrained wp-block-group-is-layout-constrained\">\n<div class=\"wp-block-columns is-layout-flex wp-container-core-columns-is-layout-63fbf5b9 wp-block-columns-is-layout-flex\">\n<div class=\"wp-block-column col-media is-layout-flow wp-block-column-is-layout-flow\" style=\"flex-basis:66.66%\">\n<figure class=\"wp-block-embed is-type-video is-provider-youtube wp-block-embed-youtube wp-embed-aspect-16-9 wp-has-aspect-ratio\"><div class=\"wp-block-embed__wrapper\">\n<iframe loading=\"lazy\" title=\"Partez \u00e0 la d\u00e9couverte des Marais de Saint Gond\" width=\"500\" height=\"281\" src=\"https:\/\/www.youtube.com\/embed\/TrLv3i7UdOY?feature=oembed\" frameborder=\"0\" allow=\"accelerometer; autoplay; clipboard-write; encrypted-media; gyroscope; picture-in-picture; web-share\" referrerpolicy=\"strict-origin-when-cross-origin\" allowfullscreen><\/iframe>\n<\/div><\/figure>\n<\/div>\n\n\n\n<div class=\"wp-block-column col-content is-layout-flow wp-block-column-is-layout-flow\" style=\"flex-basis:50%\">\n<h2 class=\"wp-block-heading has-grey-color has-text-color has-link-color wp-elements-c090242d69f1a9b3d2b0e295979f2a7c\"><strong>Lees meer<\/strong><\/h2>\n\n\n\n<hr class=\"wp-block-separator has-text-color has-grey-color has-alpha-channel-opacity has-grey-background-color has-background\" \/>\n\n\n\n<p class=\"wp-block-paragraph\">De vereniging <strong>&#8220;Arch\u00e9ologie et Patrimoine Saint Gond&#8221;<\/strong> heeft een <a href=\"https:\/\/fr.calameo.com\/read\/007109647c1e9debe44dc\" target=\"_blank\" rel=\"noreferrer noopener\">TOURIST+ CARD<\/a> uitgegeven om u te helpen dit ongerepte gebied te ontdekken. Aarzel niet om deze kaart op te halen bij een van de partnerbureaus voor toerisme!<\/p>\n<\/div>\n<\/div>\n<\/section>\n\n<section class=\"wp-block-group alignfull pattern-text has-middleground-background-color has-background has-global-padding is-content-justification-center is-layout-constrained wp-block-group-is-layout-constrained\">\n<div class=\"wp-block-columns is-layout-flex wp-container-core-columns-is-layout-fdcf44e1 wp-block-columns-is-layout-flex\">\n<div class=\"wp-block-column is-layout-flow wp-block-column-is-layout-flow\">\n<h2 class=\"wp-block-heading\"><strong>Uw contacten  <\/strong><\/h2>\n\n\n\n<hr class=\"wp-block-separator has-text-color has-grey-color has-alpha-channel-opacity has-grey-background-color has-background\" \/>\n\n\n\n<ul class=\"wp-block-list\">\n<li><strong>OFFICE DE TOURISME DE S\u00c9ZANNE &#8211; PLACE DE LA R\u00c9PUBLIQUE &#8211; 51120 S\u00c9ZANNE &#8211; 03 26 80 54 13 &#8211; <a href=\"https:\/\/www.sezanne-tourisme.fr\/\" target=\"_blank\" data-type=\"link\" data-id=\"https:\/\/www.sezanne-tourisme.fr\/\" rel=\"noreferrer noopener\">WWW.SEZANNE-TOURISME.FR <\/a> <\/strong><\/li>\n\n\n\n<li><strong>OFFICE DE TOURISME DE MONTMIRAIL &#8211; 4 PLACE R\u00c9MY-PETIT &#8211; 51210 MONTMIRAIL &#8211; 03 26 81 40 05 &#8211; <a href=\"http:\/\/www.montmirail-tourisme.eu\/\" target=\"_blank\" data-type=\"link\" data-id=\"http:\/\/www.montmirail-tourisme.eu\/\" rel=\"noreferrer noopener\">WWW.MONTMIRAIL-TOURISME.EU<\/a><\/strong><\/li>\n<\/ul>\n<\/div>\n<\/div>\n<\/section>\n\n<section class=\"wp-block-group alignfull pattern-playlist-grid has-global-padding is-layout-constrained wp-block-group-is-layout-constrained\">\n<h2 class=\"wp-block-heading has-text-align-center\"><strong>Selectie van uitjes<\/strong><\/h2>\n\n\n\n<hr class=\"wp-block-separator has-text-color has-accent-3-color has-alpha-channel-opacity has-accent-3-background-color has-background\" \/>\n\n\n\n<p class=\"has-text-align-center wp-block-paragraph\">Hier zijn een paar suggesties om S\u00e9zanne en de omgeving te verkennen, voor een wandeling of een vakantie!<\/p>\n\n\n\t\t\t<div class=\"fsgb-block-playlist playlist-grid is-style-grid\"  style=\"margin-top:var(--wp--preset--spacing--x-large);\">\n\t\t\t\t\n\t\t\t\n\t\t\t<div class=\"swiper swiperPlaylistGrid\">\n\n\t\t\t\t<div class=\"swiper-wrapper posts-count-1\">\n\t\t\t\t\t\t\t\t\t\t\t\t\t\t\t\t\t<div class=\"swiper-slide lonely-swiper-slide\">\n\t\t\t\t\t\t\t\n<article class=\"card card--activite stretched-link\" data-id=\"31521\" data-post-id-sync-map=\"31521\" >\n\t\n\t\t\n\t\t\t\t<div class=\"card__thumbnail has-middleground-background-color stack\">\n\t\t\t<img decoding=\"async\" width=\"2048\" src=\"https:\/\/cdt51.media.tourinsoft.eu\/upload\/Pyramide---La-Forestiere.jpg\" class=\"attachment- size-\" alt=\"Colonne de gr\u00e8s et pyramide du carrefour de l&#8217;\u00e9toile\" srcset=\"https:\/\/cdt51.media.tourinsoft.eu\/upload\/Pyramide---La-Forestiere.jpg?width=400 400w, https:\/\/cdt51.media.tourinsoft.eu\/upload\/Pyramide---La-Forestiere.jpg?width=640 640w, https:\/\/cdt51.media.tourinsoft.eu\/upload\/Pyramide---La-Forestiere.jpg?width=768 768w, https:\/\/cdt51.media.tourinsoft.eu\/upload\/Pyramide---La-Forestiere.jpg?width=1280 1280w, https:\/\/cdt51.media.tourinsoft.eu\/upload\/Pyramide---La-Forestiere.jpg?width=1536&amp;height=1536 1536w, https:\/\/cdt51.media.tourinsoft.eu\/upload\/Pyramide---La-Forestiere.jpg?width=2048&amp;height=2048 2048w\" sizes=\"(max-width: 2048px) 100vw, 2048px\" title=\"\">\t\t<\/div>\n\t\n\t\t<div class=\"card__content\">\n\t\t\t\n\t\t\t\t\t\t\t\t\t\n\t\t\t\t\t\t\t\t\t\n\t\t\t\t\t\t<h3 class=\"title wp-block-heading is-style-h3\">\n\t\t\t\t<a href=\"https:\/\/tourisme-en-champagne.com\/nl\/activite\/colonne-de-gres-et-pyramide-du-carrefour-de-letoile\/\" target=\"_blank\">Colonne de gr\u00e8s et pyramide du carrefour de l&#8217;\u00e9toile<\/a>\t\t\t\t\t\t\t<\/h3>\n\t\t\t\n\t\t\t\t\t\t\t\t\t\n\t\t\t\t\t\t<div class=\"underlined\"><\/div>\n\t\t\n\t\t\t\t\t\t\t\t\t\t<div class=\"location\">\n\t\t\t\t\tLa Forestiere\t\t\t\t<\/div>\n\t\t\t\t\t\t\n\t\t\t\t\t\t\t\t\t\n\t\t\t\t\t\t\t\t\t\n\t\t\t\t\t\t\t\t\t\n\t\t\t\t\t\t\t\t\t\t<div class=\"descriptif\">Dit kruispunt in het hart van 4500 hectare bos is het startpunt van acht wandelpaden. In het midd&#8230;<\/div>\n\t\t\t\t\n\t\t\t\t\t\t\t\t\t\t\t\t\t\t\t\t\n\t\t\t\t\t\t\t\t\t\t<div class=\"wp-block-button\">\n\t\t\t\t\t<a class=\"wp-element-button rounded\" href=\"https:\/\/tourisme-en-champagne.com\/nl\/activite\/colonne-de-gres-et-pyramide-du-carrefour-de-letoile\/\" target=\"_blank\" aria-label=\"Meer weten over Colonne de gr\u00e8s et pyramide du carrefour de l&#8217;\u00e9toile\">Lees verder<\/a>\n\t\t\t\t<\/div>\n\t\t\t \n\t\t<\/div>\n\t\t\n\n\t\t<\/article>\n\n\t\t\t\t\t\t<\/div>\n\t\t\t\t\t\t\t\t\t\t\t\t\t\t<\/div>\n\t\t\t\t\n\t\t\t\t<div class=\"swiper-buttons\">\n\t\t\t\t\t<div class=\"swiper-button-prev\"><\/div>\n\t\t\t\t\t<div class=\"swiper-button-next\"><\/div>\n\t\t\t\t<\/div>\n\t\t\t<\/div>\n\t\t<\/div>\n\t\n<\/section>\n","protected":false},"excerpt":{"rendered":"<p>Verhuizen van site naar site Op enkele tientallen kilometers van Epernay, rondEsternay en S\u00e9zanne of Montmirail, kun je genieten van de rijkdom en diversiteit van deze streek. De geschiedenis wordt onthuld terwijl je je een weg baant van site naar site: tussen middeleeuwse stadjes , kastelen, abdijen, kerken en andere plaatsen met veel emotie. De [&hellip;]<\/p>\n","protected":false},"author":2,"featured_media":2644,"parent":21412,"menu_order":0,"comment_status":"closed","ping_status":"closed","template":"templates\/destinations.php","meta":{"_acf_changed":false,"footnotes":"","_links_to":"","_links_to_target":""},"class_list":["post-20906","page","type-page","status-publish","has-post-thumbnail","hentry"],"acf":[],"_links":{"self":[{"href":"https:\/\/tourisme-en-champagne.com\/nl\/wp-json\/wp\/v2\/pages\/20906","targetHints":{"allow":["GET"]}}],"collection":[{"href":"https:\/\/tourisme-en-champagne.com\/nl\/wp-json\/wp\/v2\/pages"}],"about":[{"href":"https:\/\/tourisme-en-champagne.com\/nl\/wp-json\/wp\/v2\/types\/page"}],"author":[{"embeddable":true,"href":"https:\/\/tourisme-en-champagne.com\/nl\/wp-json\/wp\/v2\/users\/2"}],"replies":[{"embeddable":true,"href":"https:\/\/tourisme-en-champagne.com\/nl\/wp-json\/wp\/v2\/comments?post=20906"}],"version-history":[{"count":2,"href":"https:\/\/tourisme-en-champagne.com\/nl\/wp-json\/wp\/v2\/pages\/20906\/revisions"}],"predecessor-version":[{"id":20913,"href":"https:\/\/tourisme-en-champagne.com\/nl\/wp-json\/wp\/v2\/pages\/20906\/revisions\/20913"}],"up":[{"embeddable":true,"href":"https:\/\/tourisme-en-champagne.com\/nl\/wp-json\/wp\/v2\/pages\/21412"}],"wp:featuredmedia":[{"embeddable":true,"href":"https:\/\/tourisme-en-champagne.com\/nl\/wp-json\/wp\/v2\/media\/2644"}],"wp:attachment":[{"href":"https:\/\/tourisme-en-champagne.com\/nl\/wp-json\/wp\/v2\/media?parent=20906"}],"curies":[{"name":"wp","href":"https:\/\/api.w.org\/{rel}","templated":true}]}}