{"id":20311,"date":"2025-06-30T17:43:15","date_gmt":"2025-06-30T15:43:15","guid":{"rendered":"https:\/\/tourisme-en-champagne.com\/een-sprankelend-uitje-voor-de-guinards\/"},"modified":"2026-08-21T02:14:24","modified_gmt":"2026-08-21T00:14:24","slug":"een-sprankelend-uitje-voor-de-guinards","status":"publish","type":"page","link":"https:\/\/tourisme-en-champagne.com\/nl\/activiteiten-bezoeken\/cultuur-en-erfgoed\/de-woorden-van-de-ambassadeur\/een-sprankelend-uitje-voor-de-guinards\/","title":{"rendered":"Een sprankelend uitje voor de Guinards"},"content":{"rendered":"\n<section class=\"wp-block-group alignfull pattern-documentary-space accent-1 has-base-background-color has-background has-global-padding is-content-justification-center is-layout-constrained wp-block-group-is-layout-constrained\" style=\"padding-top:0;padding-bottom:0\">\n<div class=\"wp-block-columns is-layout-flex wp-container-core-columns-is-layout-fdcf44e1 wp-block-columns-is-layout-flex\">\n<div class=\"wp-block-column is-layout-flow wp-block-column-is-layout-flow\">\n<h2 class=\"wp-block-heading\"><strong><strong><strong><strong>EEN DAG FIETSEN TUSSEN POUILLON EN HET MASSIEF VAN ST THIERRY MET DE FAMILIE GUINARD &#8211; #1<\/strong><\/strong><\/strong><\/strong><\/h2>\n\n\n\n<hr class=\"wp-block-separator has-text-color has-accent-1-color has-alpha-channel-opacity has-accent-1-background-color has-background\"\/>\n\n\n\n<p class=\"wp-block-paragraph\">Laten we samenkomen en de Marne ontdekken dankzij onze ambassadeurs!<\/p>\n\n\n\n<h3 class=\"wp-block-heading has-accent-1-color has-text-color has-link-color wp-elements-258667dd38e3ed8790452da0625901d0\"><strong>FAMILIEPORTRET<\/strong><\/h3>\n\n\n\n<p class=\"wp-block-paragraph\">Vandaag volgen we <strong>Emmanuelle en Laurent <\/strong>Guinard, en hun 2 kinderen, <strong>Jules<\/strong>, 18 en <strong>Romane<\/strong>, 16. Ons sportieve gezin woont op het platteland, waar ze genieten van een eenvoudig leven. Iedereen geniet met een glimlach van zijn favoriete activiteiten: doe-het-zelven, muziek of fietsen, de grote passie van Jules!  <\/p>\n\n\n\n<h3 class=\"wp-block-heading has-accent-1-color has-text-color has-link-color wp-elements-6af970795bb523c7b436d631451868e0\"><strong>Programma voor de dag<\/strong><\/h3>\n\n\n\n<ul class=\"wp-block-list\">\n<li>9.30 uur: Fietstocht met Les Escapades d&#8217;Eug\u00e8ne<\/li>\n\n\n\n<li>13.00 uur: Picknick bij Champagne Cuillier  <\/li>\n\n\n\n<li>15.00 uur: Bezoek aan de kelders en wijngaarden van Champagne Cuillier<\/li>\n<\/ul>\n<\/div>\n<\/div>\n<\/section>\n\n<section class=\"wp-block-group alignfull pattern-patchwork-3-texts-3-images has-global-padding is-layout-constrained wp-block-group-is-layout-constrained\">\n<div class=\"wp-block-columns is-layout-flex wp-container-core-columns-is-layout-63fbf5b9 wp-block-columns-is-layout-flex\">\n<div class=\"wp-block-column col-content is-layout-flow wp-block-column-is-layout-flow\" style=\"flex-basis:66.6%\">\n<p class=\"wp-block-paragraph\">Op hun eerste dag begon de familie Guinard, samen met Vilma, een Finse correspondente, hun reis met een <strong>fietstocht <\/strong>vanuit Saint-Brice-Courcelles. J\u00e9r\u00f4me, oprichter van Escapades d&#8217;Eug\u00e8ne, wachtte hen op met 3 elektrische fietsen, terwijl Laurent en Jules hun eigen fietsen hadden meegenomen. Op het programma: ongeveer 40 km fietsen over wegen, groene paden en door het bos!  <\/p>\n\n\n\n<p class=\"wp-block-paragraph\">&#8221; <em>J\u00e9r\u00f4me <strong>heeft de route<\/strong> voor iedereen <strong>aangepast<\/strong> aan de beperkingen van de dag. Je merkt dat hij het gewend is en hij<strong> luistert<\/strong> echt<strong> naar wat<\/strong><\/em> je <em><strong> te zeggen hebt<\/strong><\/em> &#8220;, benadrukt Emmanuelle. <em>&#8220;We hebben genoten van de <strong>verscheidenheid van de route,<\/strong> met een aantal zeer aangename stukken langs het kanaal en andere via een aantal <strong>echt leuke kleine dorpjes<\/strong> die we niet kenden <\/em>&#8220;. <\/p>\n<\/div>\n\n\n\n<div class=\"wp-block-column is-layout-flow wp-block-column-is-layout-flow\">\n<figure class=\"wp-block-image size-full\"><img loading=\"lazy\" decoding=\"async\" width=\"300\" height=\"600\" src=\"https:\/\/tourisme-en-champagne.com\/assets\/uploads\/2025\/06\/journee-2-ambassadeurs-famille-guinard-cede-adt-marne-29.jpg\" alt=\"\" class=\"wp-image-12348\" title=\"\"><\/figure>\n\n\n\n<p class=\"wp-block-paragraph\">En d\u00e9but d\u2019apr\u00e8s-midi, la famille a poursuivi sa visite sur place, en partant \u00e0 la d\u00e9couverte du\u00a0<a href=\"https:\/\/tourisme-en-champagne.com\/activite\/champagne-cuillier-pere-et-fils\/\" data-type=\"activite\" data-id=\"8490\"><strong>Champagne Cuillier<\/strong><\/a>.<\/p>\n\n\n\n<p class=\"wp-block-paragraph\">\u00ab\u00a0<em><strong>Paulina<\/strong>, notre h\u00f4te, nous a emmen\u00e9s sur une parcelle de Pinot Meunier o\u00f9 ils pratiquent\u00a0<a href=\"https:\/\/tourisme-en-champagne.com\/reserver-en-ligne\/\" data-type=\"page\" data-id=\"2498\"><strong>l\u2019agroforesterie<\/strong><\/a>, une d\u00e9marche environnementale par la plantation d\u2019arbres. On ne connaissait pas du tout, c\u2019\u00e9tait\u00a0<strong>tr\u00e8s int\u00e9ressant<\/strong>. Vilma \u00e9tait enchant\u00e9e de d\u00e9couvrir la Champagne en\u00a0<strong>immersion<\/strong>, d\u2019autant plus que Paulina s\u2019est adapt\u00e9e en traduisant les explications pour elle en anglais<\/em>\u00a0\u00bb.<\/p>\n\n\n\n<p class=\"wp-block-paragraph\">La visite s\u2019est termin\u00e9e par une\u00a0<a href=\"https:\/\/tourisme-en-champagne.com\/reserver-en-ligne\/\" data-type=\"page\" data-id=\"2498\"><strong>d\u00e9gustation<\/strong><\/a>\u00a0des diff\u00e9rentes cuv\u00e9es de la maison. Mention sp\u00e9ciale pour la cuv\u00e9e Grande R\u00e9serve extra-brut, tr\u00e8s appr\u00e9ci\u00e9e avec son faible dosage en sucre\u00a0!<\/p>\n\n\n\n<p class=\"wp-block-paragraph\">De terugweg voerde ons door het bos (en in de regen) met een aantal leuke kleine singles* aangepast aan ieders vaardigheden.<\/p>\n\n\n\n<p class=\"wp-block-paragraph\"><em>&#8220;Voor ons is het geen probleem om <strong>te rijden als het regent<\/strong>&#8211; het <strong>hoort er allemaal bij<\/strong>,<\/em> &#8221; lacht Emmanuelle.<\/p>\n\n\n\n<p class=\"wp-block-paragraph\"><em>*mountainbikeroutes<\/em><\/p>\n<\/div>\n\n\n\n<div class=\"wp-block-column is-layout-flow wp-block-column-is-layout-flow\">\n<figure class=\"wp-block-image size-full is-resized\"><img loading=\"lazy\" decoding=\"async\" width=\"300\" height=\"600\" src=\"https:\/\/tourisme-en-champagne.com\/assets\/uploads\/2025\/06\/journee-2-ambassadeurs-famille-guinard-ctfenat-adt-marne-30.jpg\" alt=\"\" class=\"wp-image-12353\" style=\"width:293px;height:auto\" title=\"\"><\/figure>\n\n\n\n<div class=\"wp-block-group col-content has-global-padding is-layout-constrained wp-block-group-is-layout-constrained\">\n<p class=\"wp-block-paragraph\">Malgr\u00e9 une m\u00e9t\u00e9o printani\u00e8re peu cl\u00e9mente, la famille a rejoint sans difficult\u00e9s le\u00a0<a href=\"https:\/\/tourisme-en-champagne.com\/activite\/champagne-cuillier-pere-et-fils\/\" data-type=\"activite\" data-id=\"8490\"><strong>Champagne Cuillier<\/strong><\/a>, \u00e0 Pouillon, pour une pause d\u00e9jeuner bien m\u00e9rit\u00e9e. Le\u00a0<strong>pique-nique<\/strong>\u00a0fait partie de la rando v\u00e9lo organis\u00e9e par Les Escapades d\u2019Eug\u00e8ne.<\/p>\n\n\n\n<p class=\"wp-block-paragraph\"><em>&#8220;Een heerlijke maaltijd voor sportfans van Good Truck! Op het menu: broodjes, salade en een havermout- en amandeldessert, en niet te vergeten een glas champagne. <strong>Het was een echte traktatie!<\/strong> <\/em><\/p>\n\n\n\n<figure class=\"wp-block-image size-full\"><img loading=\"lazy\" decoding=\"async\" width=\"300\" height=\"300\" src=\"https:\/\/tourisme-en-champagne.com\/assets\/uploads\/2025\/06\/img-9889-1.jpg\" alt=\"\" class=\"wp-image-12323\" title=\"\"><\/figure>\n<\/div>\n<\/div>\n<\/div>\n<\/section>\n\n<section class=\"wp-block-group alignfull pattern-documentary-space has-base-background-color has-background has-global-padding is-content-justification-center is-layout-constrained wp-block-group-is-layout-constrained\" style=\"margin-top:var(--wp--preset--spacing--xx-large);padding-top:0;padding-bottom:0\">\n<div class=\"wp-block-columns is-layout-flex wp-container-core-columns-is-layout-fdcf44e1 wp-block-columns-is-layout-flex\">\n<div class=\"wp-block-column is-layout-flow wp-block-column-is-layout-flow\">\n<h2 class=\"wp-block-heading\"><strong>Het laatste woord<\/strong><\/h2>\n\n\n\n<hr class=\"wp-block-separator has-text-color has-accent-3-color has-alpha-channel-opacity has-accent-3-background-color has-background\"\/>\n<\/div>\n<\/div>\n<\/section>\n\n<section class=\"wp-block-group alignfull pattern-citation has-middleground-background-color has-background has-global-padding is-layout-constrained wp-block-group-is-layout-constrained\" style=\"margin-top:var(--wp--preset--spacing--small);padding-top:var(--wp--preset--spacing--xx-large);padding-bottom:var(--wp--preset--spacing--xx-large)\">\n<div class=\"wp-block-columns is-layout-flex wp-container-core-columns-is-layout-fdcf44e1 wp-block-columns-is-layout-flex\">\n<div class=\"wp-block-column is-layout-flow wp-block-column-is-layout-flow\">\n<p class=\"wp-block-paragraph\"><strong><em><em>&#8220;We hebben als gezin een geweldige tijd gehad en we zijn er trots op dat we onze regio op deze manier aan Vilma hebben kunnen presenteren. Iedereen was blij&#8230; en moe!<\/em><\/em><\/strong><\/p>\n\n\n\n<p class=\"wp-block-paragraph\">Emmanuelle, Laurent, Jules &amp; Romane<\/p>\n<\/div>\n<\/div>\n<\/section>\n\n<section class=\"wp-block-group alignfull pattern-playlist-grid has-global-padding is-layout-constrained wp-block-group-is-layout-constrained\" style=\"padding-top:0;padding-bottom:0\">\n<h2 class=\"wp-block-heading has-text-align-center\"><strong>MEER ONTDEKKINGEN<\/strong><\/h2>\n\n\n\n<hr class=\"wp-block-separator has-text-color has-accent-3-color has-alpha-channel-opacity has-accent-3-background-color has-background\"\/>\n\n\n\n<p class=\"has-text-align-center wp-block-paragraph\">Doe deze tour en ontdek de Marne!<\/p>\n\n\n\t\t\t<div class=\"fsgb-block-playlist playlist-grid is-style-grid\"  style=\"margin-top:var(--wp--preset--spacing--x-large);\">\n\t\t\t\t\n\t\t\t\n\t\t\t<div class=\"swiper swiperPlaylistGrid\">\n\n\t\t\t\t<div class=\"swiper-wrapper posts-count-1\">\n\t\t\t\t\t\t\t\t\t\t\t\t\t\t\t\t\t<div class=\"swiper-slide lonely-swiper-slide\">\n\t\t\t\t\t\t\t\n<article class=\"card card--activite stretched-link\" data-id=\"30921\" data-post-id-sync-map=\"30921\" >\n\t\n\t\t\n\t\t\t\t<div class=\"card__thumbnail has-middleground-background-color stack\">\n\t\t\t<img decoding=\"async\" width=\"2048\" src=\"https:\/\/cdt51.media.tourinsoft.eu\/upload\/-DSC1327.jpg\" class=\"attachment- size-\" alt=\"Champagne Cuillier P\u00e8re et Fils\" srcset=\"https:\/\/cdt51.media.tourinsoft.eu\/upload\/-DSC1327.jpg?width=400 400w, https:\/\/cdt51.media.tourinsoft.eu\/upload\/-DSC1327.jpg?width=640 640w, https:\/\/cdt51.media.tourinsoft.eu\/upload\/-DSC1327.jpg?width=768 768w, https:\/\/cdt51.media.tourinsoft.eu\/upload\/-DSC1327.jpg?width=1280 1280w, https:\/\/cdt51.media.tourinsoft.eu\/upload\/-DSC1327.jpg?width=1536&amp;height=1536 1536w, https:\/\/cdt51.media.tourinsoft.eu\/upload\/-DSC1327.jpg?width=2048&amp;height=2048 2048w\" sizes=\"(max-width: 2048px) 100vw, 2048px\" title=\"\">\t\t<\/div>\n\t\n\t\t<div class=\"card__content\">\n\t\t\t\n\t\t\t\t\t\t\t\t\t\n\t\t\t\t\t\t\t\t\t\n\t\t\t\t\t\t<h3 class=\"title wp-block-heading is-style-h3\">\n\t\t\t\t<a href=\"https:\/\/tourisme-en-champagne.com\/nl\/activite\/champagne-cuillier-pere-et-fils\/\" target=\"_blank\">Champagne Cuillier P\u00e8re et Fils<\/a>\t\t\t\t\t\t\t<\/h3>\n\t\t\t\n\t\t\t\t\t\t\t\t\t\n\t\t\t\t\t\t<div class=\"underlined\"><\/div>\n\t\t\n\t\t\t\t\t\t\t\t\t\t<div class=\"location\">\n\t\t\t\t\tPouillon\t\t\t\t<\/div>\n\t\t\t\t\t\t\n\t\t\t\t\t\t\t\t\t\n\t\t\t\t\t\t\t\t\t\n\t\t\t\t\t\t\t\t\t\n\t\t\t\t\t\t\t\t\t\t<div class=\"descriptif\">Dit familiedomein is gelegen in Pouillon, in het hart van het massief Saint Thierry.\nHet domein z&#8230;<\/div>\n\t\t\t\t\n\t\t\t\t\t\t\t\t\t\t\t\t\t\t\t\t\n\t\t\t\t\t\t\t\t\t\t<div class=\"wp-block-button\">\n\t\t\t\t\t<a class=\"wp-element-button rounded\" href=\"https:\/\/tourisme-en-champagne.com\/nl\/activite\/champagne-cuillier-pere-et-fils\/\" target=\"_blank\"\n\t\t\t\t\t\taria-label=\"Meer weten over Champagne Cuillier P\u00e8re et Fils\">Lees verder<\/a>\n\t\t\t\t<\/div>\n\t\t\t \n\t\t<\/div>\n\t\t\n\n\t\t<\/article>\n\n\t\t\t\t\t\t<\/div>\n\t\t\t\t\t\t\t\t\t\t\t\t\t\t<\/div>\n\t\t\t\t\n\t\t\t\t<div class=\"swiper-buttons\">\n\t\t\t\t\t<div class=\"swiper-button-prev\"><\/div>\n\t\t\t\t\t<div class=\"swiper-button-next\"><\/div>\n\t\t\t\t<\/div>\n\t\t\t<\/div>\n\t\t<\/div>\n\t\n<\/section>\n","protected":false},"excerpt":{"rendered":"<p>EEN DAG FIETSEN TUSSEN POUILLON EN HET MASSIEF VAN ST THIERRY MET DE FAMILIE GUINARD &#8211; #1 Laten we samenkomen en de Marne ontdekken dankzij onze ambassadeurs! FAMILIEPORTRET Vandaag volgen we Emmanuelle en Laurent Guinard, en hun 2 kinderen, Jules, 18 en Romane, 16. Ons sportieve gezin woont op het platteland, waar ze genieten van [&hellip;]<\/p>\n","protected":false},"author":2,"featured_media":12329,"parent":20969,"menu_order":0,"comment_status":"closed","ping_status":"closed","template":"templates\/experience.php","meta":{"_acf_changed":false,"footnotes":"","_links_to":"","_links_to_target":""},"class_list":["post-20311","page","type-page","status-publish","has-post-thumbnail","hentry"],"acf":[],"_links":{"self":[{"href":"https:\/\/tourisme-en-champagne.com\/nl\/wp-json\/wp\/v2\/pages\/20311","targetHints":{"allow":["GET"]}}],"collection":[{"href":"https:\/\/tourisme-en-champagne.com\/nl\/wp-json\/wp\/v2\/pages"}],"about":[{"href":"https:\/\/tourisme-en-champagne.com\/nl\/wp-json\/wp\/v2\/types\/page"}],"author":[{"embeddable":true,"href":"https:\/\/tourisme-en-champagne.com\/nl\/wp-json\/wp\/v2\/users\/2"}],"replies":[{"embeddable":true,"href":"https:\/\/tourisme-en-champagne.com\/nl\/wp-json\/wp\/v2\/comments?post=20311"}],"version-history":[{"count":4,"href":"https:\/\/tourisme-en-champagne.com\/nl\/wp-json\/wp\/v2\/pages\/20311\/revisions"}],"predecessor-version":[{"id":31813,"href":"https:\/\/tourisme-en-champagne.com\/nl\/wp-json\/wp\/v2\/pages\/20311\/revisions\/31813"}],"up":[{"embeddable":true,"href":"https:\/\/tourisme-en-champagne.com\/nl\/wp-json\/wp\/v2\/pages\/20969"}],"wp:featuredmedia":[{"embeddable":true,"href":"https:\/\/tourisme-en-champagne.com\/nl\/wp-json\/wp\/v2\/media\/12329"}],"wp:attachment":[{"href":"https:\/\/tourisme-en-champagne.com\/nl\/wp-json\/wp\/v2\/media?parent=20311"}],"curies":[{"name":"wp","href":"https:\/\/api.w.org\/{rel}","templated":true}]}}