{"id":19863,"date":"2025-07-07T09:05:30","date_gmt":"2025-07-07T07:05:30","guid":{"rendered":"https:\/\/tourisme-en-champagne.com\/circuit-van-de-bergen-van-reims\/"},"modified":"2026-08-21T02:15:40","modified_gmt":"2026-08-21T00:15:40","slug":"circuit-van-de-bergen-van-reims","status":"publish","type":"page","link":"https:\/\/tourisme-en-champagne.com\/nl\/alles-over-champagne\/toeristische-route-champagne\/circuit-van-de-bergen-van-reims\/","title":{"rendered":"Circuit van de bergen van Reims"},"content":{"rendered":"\n<section class=\"wp-block-group alignfull pattern-text has-middleground-background-color has-background has-global-padding is-content-justification-center is-layout-constrained wp-block-group-is-layout-constrained\">\n<div class=\"wp-block-columns is-layout-flex wp-container-core-columns-is-layout-fdcf44e1 wp-block-columns-is-layout-flex\">\n<div class=\"wp-block-column is-layout-flow wp-block-column-is-layout-flow\">\n<h2 class=\"wp-block-heading\"><strong>LE SAVIEZ-VOUS ?<\/strong><\/h2>\n\n\n\n<hr class=\"wp-block-separator has-text-color has-accent-3-color has-alpha-channel-opacity has-accent-3-background-color has-background\"\/>\n\n\n\n<p class=\"has-text-align-left wp-block-paragraph\">In Villa Demoiselle is de kroonluchter die opgaat in de trap 9,4 meter hoog. En dat is nog niet alles! 20.000 vellen 22-karaats goud werden gebruikt door de gilder. De Baccarat Zenith kroonluchter, ontworpen door Philippe Starck, bestaat uit 24 lampen. En laten we het parket in de grote salon Demoiselle niet vergeten, dat werd uitgegraven uit een 30.000 liter groot bliksemvat!    <\/p>\n<\/div>\n<\/div>\n<\/section>\n\n<section class=\"wp-block-group alignfull pattern-text-60-parenthese-media-40 has-global-padding is-layout-constrained wp-block-group-is-layout-constrained\">\n<div class=\"wp-block-columns is-layout-flex wp-container-core-columns-is-layout-fdcf44e1 wp-block-columns-is-layout-flex\">\n<div class=\"wp-block-column col-content is-layout-flow wp-block-column-is-layout-flow\" style=\"flex-basis:60%\">\n<h2 class=\"wp-block-heading\"><strong>TOERISTISCHE ROUTE CHAMPAGNE<\/strong><\/h2>\n\n\n\n<h3 class=\"wp-block-heading has-accent-1-color has-text-color has-link-color wp-elements-4429662c598e90fc45050f940ac81808\">TOUR MET VERTREK UIT REIMS<\/h3>\n\n\n\n<p class=\"wp-block-paragraph\">Neem voordat je vertrekt de tijd om de rijkdommen van <strong>Reims<\/strong> te ontdekken. De Cit\u00e9 des Sacres, omringd door driehonderd jaar oude wijngaarden, herbergt uitzonderlijke schatten zoals de <a href=\"https:\/\/www.tourisme-en-champagne.com\/visite-guidee-de-la-cathedrale-notre-dame-de-reims\/reims\/pcucha051v501dpl\"><strong>Kathedraal van Reims<\/strong><\/a>het <strong>H\u00f4tel Le Vergeur<\/strong> en de <strong>Villa Demoiselle<\/strong>, een architectonisch meesterwerk dat <strong>Art Nouveau<\/strong> en <strong>Art Deco<\/strong> combineert. <\/p>\n\n\n\n<div class=\"wp-block-buttons is-layout-flex wp-block-buttons-is-layout-flex\">\n<div class=\"wp-block-button\"><a class=\"wp-block-button__link wp-element-button\" href=\"https:\/\/www.cirkwi.com\/fr\/circuit\/59605-route-touristique-du-champagne-montagne-de-reims\" target=\"_blank\" rel=\"noreferrer noopener\">Zie de route<\/a><\/div>\n\n\n\n<div class=\"wp-block-button\"><a class=\"wp-block-button__link wp-element-button\" href=\"https:\/\/cdt51.media.tourinsoft.eu\/upload\/2325-route-du-champagne-autour-la-montagne-de-reims.mp3\" target=\"_blank\" rel=\"noreferrer noopener\">Audio rondleiding<\/a><\/div>\n<\/div>\n<\/div>\n\n\n\n<div class=\"wp-block-column col-media is-layout-flow wp-block-column-is-layout-flow\" style=\"flex-basis:40%\">\n<figure class=\"wp-block-image size-full\"><img loading=\"lazy\" decoding=\"async\" width=\"400\" height=\"400\" src=\"https:\/\/tourisme-en-champagne.com\/assets\/uploads\/2025\/07\/vue-cathedrale-3cnaiim-de-la-lisiere.jpg\" alt=\"\" class=\"wp-image-13912\" style=\"aspect-ratio:1;object-fit:cover\" title=\"\"><\/figure>\n<\/div>\n<\/div>\n<\/section>\n\n<section class=\"wp-block-group alignfull pattern-text-80-media-20 has-global-padding is-layout-constrained wp-block-group-is-layout-constrained\">\n<div class=\"wp-block-columns is-layout-flex wp-container-core-columns-is-layout-fdcf44e1 wp-block-columns-is-layout-flex\">\n<div class=\"wp-block-column is-layout-flow wp-block-column-is-layout-flow\" style=\"flex-basis:40%\">\n<figure data-wp-context=\"{&quot;imageId&quot;:&quot;6a97990784820&quot;}\" data-wp-interactive=\"core\/image\" data-wp-key=\"6a97990784820\" class=\"wp-block-image size-full wp-lightbox-container\"><img loading=\"lazy\" decoding=\"async\" width=\"480\" height=\"319\" data-wp-class--hide=\"state.isContentHidden\" data-wp-class--show=\"state.isContentVisible\" data-wp-init=\"callbacks.setButtonStyles\" data-wp-on--click=\"actions.showLightbox\" data-wp-on--load=\"callbacks.setButtonStyles\" data-wp-on--pointerdown=\"actions.preloadImage\" data-wp-on--pointerenter=\"actions.preloadImageWithDelay\" data-wp-on--pointerleave=\"actions.cancelPreload\" data-wp-on-window--resize=\"callbacks.setButtonStyles\" src=\"https:\/\/tourisme-en-champagne.com\/assets\/uploads\/2025\/07\/arndgueuxreims11.jpeg\" alt=\"\" class=\"wp-image-13917\" title=\"\" srcset=\"https:\/\/tourisme-en-champagne.com\/assets\/uploads\/2025\/07\/arndgueuxreims11.jpeg 480w, https:\/\/tourisme-en-champagne.com\/assets\/uploads\/2025\/07\/arndgueuxreims11-400x266.jpeg 400w\" sizes=\"auto, (max-width: 480px) 100vw, 480px\" \/><button\n\t\t\tclass=\"lightbox-trigger\"\n\t\t\ttype=\"button\"\n\t\t\taria-haspopup=\"dialog\"\n\t\t\tdata-wp-bind--aria-label=\"state.thisImage.triggerButtonAriaLabel\"\n\t\t\tdata-wp-init=\"callbacks.initTriggerButton\"\n\t\t\tdata-wp-on--click=\"actions.showLightbox\"\n\t\t\tdata-wp-style--right=\"state.thisImage.buttonRight\"\n\t\t\tdata-wp-style--top=\"state.thisImage.buttonTop\"\n\t\t>\n\t\t\t<svg xmlns=\"http:\/\/www.w3.org\/2000\/svg\" width=\"12\" height=\"12\" fill=\"none\" viewBox=\"0 0 12 12\">\n\t\t\t\t<path fill=\"#fff\" d=\"M2 0a2 2 0 0 0-2 2v2h1.5V2a.5.5 0 0 1 .5-.5h2V0H2Zm2 10.5H2a.5.5 0 0 1-.5-.5V8H0v2a2 2 0 0 0 2 2h2v-1.5ZM8 12v-1.5h2a.5.5 0 0 0 .5-.5V8H12v2a2 2 0 0 1-2 2H8Zm2-12a2 2 0 0 1 2 2v2h-1.5V2a.5.5 0 0 0-.5-.5H8V0h2Z\" \/>\n\t\t\t<\/svg>\n\t\t<\/button><\/figure>\n<\/div>\n\n\n\n<div class=\"wp-block-column is-layout-flow wp-block-column-is-layout-flow\" style=\"flex-basis:60%\">\n<p class=\"wp-block-paragraph\">La premi\u00e8re \u00e9tape de votre itin\u00e9raire vous m\u00e8nera \u00e0\u00a0<strong>Gueux<\/strong>. Sur la D27, vous emprunterez une partie du l\u00e9gendaire\u00a0<a href=\"https:\/\/tourisme-en-champagne.com\/activite\/circuit-automobile-de-reims-gueux\/\" data-type=\"activite\" data-id=\"7984\"><strong>circuit automobile de Reims-Gueux<\/strong><\/a>\u00a0qui a accueilli 14 Grands Prix de France de Formule 1.<\/p>\n\n\n\n<h3 class=\"wp-block-heading has-accent-1-color has-text-color has-link-color wp-elements-bf7dc3ac564c57f149ea87e3d0c5ae32\"><strong><em>Anedoten<\/em><\/strong><\/h3>\n\n\n\n<p class=\"wp-block-paragraph\"><em>Op dit beroemde circuit reed de Argentijn Juan Manuel Fangio zijn laatste Grand Prix in 1958. Andere topcoureurs hebben ook op Gueux gereden: Trintignant, Beltoise, Pescarolo&#8230; <\/em><\/p>\n<\/div>\n<\/div>\n<\/section>\n\n<section class=\"wp-block-group alignfull pattern-text has-global-padding is-content-justification-center is-layout-constrained wp-block-group-is-layout-constrained\">\n<div class=\"wp-block-columns is-layout-flex wp-container-core-columns-is-layout-fdcf44e1 wp-block-columns-is-layout-flex\">\n<div class=\"wp-block-column is-layout-flow wp-block-column-is-layout-flow\">\n<p class=\"wp-block-paragraph\">Het dorp <strong>Vrigny<\/strong>, de volgende halte op je route, markeert het begin van je reis langs de <strong>noordoostelijke hellingen van de Montagne de Reims<\/strong>, die golven tot <strong>Tr\u00e9pail<\/strong>, langs <strong>Sermiers<\/strong> en <strong>Verzy<\/strong>.<\/p>\n\n\n\n<p class=\"wp-block-paragraph\">Le relief s\u2019accentue, pour mieux mettre en valeur les longues pentes couronn\u00e9es par la for\u00eat qui plongent dans la plaine agricole. \u00c0 perte de vue, les vignes habillent le versant et ses escarpements, ponctu\u00e9s de panoramas exceptionnels tout au long de la\u00a0<strong><a href=\"https:\/\/tourisme-en-champagne.com\/tout-sur-le-champagne\/route-touristique-du-champagne\/\" data-type=\"page\" data-id=\"10286\">Route touristique du Champagne<\/a><\/strong>.<\/p>\n\n\n\n<p class=\"wp-block-paragraph\">Vous venez aussi d\u2019entrer dans le\u00a0<a href=\"https:\/\/tourisme-en-champagne.com\/activite\/parc-naturel-regional-de-la-montagne-de-reims\/\" data-type=\"activite\" data-id=\"8035\"><strong>Parc naturel r\u00e9gional de la Montagne de Reims<\/strong><\/a>, un territoire unique qui s\u2019\u00e9tend sur 533 km\u00b2.\u00a0 Vous aurez tout le loisir de l\u2019appr\u00e9cier \u00e0 sa juste valeur en traversant plusieurs des 65 communes qu\u2019il recouvre, \u00e0 commencer par\u00a0<strong>Coulommes-la-Montagne<\/strong>\u00a0et\u00a0<strong>Pargny-l\u00e8s-Reims<\/strong>, dans leur habillage forestier.\u00a0<\/p>\n<\/div>\n<\/div>\n<\/section>\n\n<section class=\"wp-block-group alignfull pattern-mosaic accent-3 has-global-padding is-layout-constrained wp-block-group-is-layout-constrained\">\n<div class=\"wp-block-columns is-layout-flex wp-container-core-columns-is-layout-fdcf44e1 wp-block-columns-is-layout-flex\">\n<div class=\"wp-block-column col-content is-layout-flow wp-block-column-is-layout-flow\">\n<h2 class=\"wp-block-heading has-text-align-center\"><strong><strong>Selectie van uitjes<\/strong><\/strong><\/h2>\n\n\n\n<hr class=\"wp-block-separator has-text-color has-accent-1-color has-alpha-channel-opacity has-accent-1-background-color has-background\"\/>\n\n\n\n\t<div class=\"fsgb-block-link-mosaic is-style-grid swiper swiperMosaic\"  >\n\t\t\t\t\t<div class=\"swiper-wrapper\">\n\t\t\t\t\t\t\t\t\t\t\t\t<div class=\"swiper-slide\">\n\t\t\t\t\t\t\t<a href=\"#\" target=\"_blank\">\n\t\t\t\t\t\t\t\t\t\t\t<div class=\"thumbnail\"><img loading=\"lazy\" decoding=\"async\" width=\"400\" height=\"257\" src=\"https:\/\/tourisme-en-champagne.com\/assets\/uploads\/2025\/07\/sentier-de-decouverte-des-loges-de-vignes-3-400x257.jpeg\" class=\"attachment-thumbnail size-thumbnail\" alt=\"\" srcset=\"https:\/\/tourisme-en-champagne.com\/assets\/uploads\/2025\/07\/sentier-de-decouverte-des-loges-de-vignes-3-400x257.jpeg 400w, https:\/\/tourisme-en-champagne.com\/assets\/uploads\/2025\/07\/sentier-de-decouverte-des-loges-de-vignes-3-640x411.jpeg 640w, https:\/\/tourisme-en-champagne.com\/assets\/uploads\/2025\/07\/sentier-de-decouverte-des-loges-de-vignes-3.jpeg 670w\" sizes=\"auto, (max-width: 400px) 100vw, 400px\" title=\"\"><\/div>\n\t\t\t\t\t\t\t\t\t\t\t\t\t\t\t<div class=\"text-link-title\">\n\t\t\t\t\t\t\t\t\t\t\t\t\t<h2 class=\"link-title\">Sentier des loges de vignes<\/h2>\n\t\t\t\t\t\t\t\t\t\t\t\t\t\t\t\t\t<\/div>\n\t\t\t\t<\/a>\n\t\t\t\t<\/div>\t\t\t\t\t\t\t\t\t\t<div class=\"swiper-slide\">\n\t\t\t\t\t\t\t<a href=\"#\" target=\"_blank\">\n\t\t\t\t\t\t\t\t\t\t\t<div class=\"thumbnail\"><img loading=\"lazy\" decoding=\"async\" width=\"400\" height=\"257\" src=\"https:\/\/tourisme-en-champagne.com\/assets\/uploads\/2025\/07\/echo-400x257.jpeg\" class=\"attachment-thumbnail size-thumbnail\" alt=\"\" srcset=\"https:\/\/tourisme-en-champagne.com\/assets\/uploads\/2025\/07\/echo-400x257.jpeg 400w, https:\/\/tourisme-en-champagne.com\/assets\/uploads\/2025\/07\/echo-640x411.jpeg 640w, https:\/\/tourisme-en-champagne.com\/assets\/uploads\/2025\/07\/echo.jpeg 670w\" sizes=\"auto, (max-width: 400px) 100vw, 400px\" title=\"\"><\/div>\n\t\t\t\t\t\t\t\t\t\t\t\t\t\t\t<div class=\"text-link-title\">\n\t\t\t\t\t\t\t\t\t\t\t\t\t<h2 class=\"link-title\">Loge de vigne &#8220;l&#8217;echo&#8221;<\/h2>\n\t\t\t\t\t\t\t\t\t\t\t\t\t\t\t\t\t<\/div>\n\t\t\t\t<\/a>\n\t\t\t\t<\/div>\t\t\t\t\t\t\t\t\t\t<div class=\"swiper-slide\">\n\t\t\t\t\t\t\t<a href=\"#\" target=\"_blank\">\n\t\t\t\t\t\t\t\t\t\t\t<div class=\"thumbnail\"><img loading=\"lazy\" decoding=\"async\" width=\"400\" height=\"257\" src=\"https:\/\/tourisme-en-champagne.com\/assets\/uploads\/2025\/07\/trepail-etbt-goulet-2-400x257.jpeg\" class=\"attachment-thumbnail size-thumbnail\" alt=\"\" srcset=\"https:\/\/tourisme-en-champagne.com\/assets\/uploads\/2025\/07\/trepail-etbt-goulet-2-400x257.jpeg 400w, https:\/\/tourisme-en-champagne.com\/assets\/uploads\/2025\/07\/trepail-etbt-goulet-2-640x411.jpeg 640w, https:\/\/tourisme-en-champagne.com\/assets\/uploads\/2025\/07\/trepail-etbt-goulet-2.jpeg 670w\" sizes=\"auto, (max-width: 400px) 100vw, 400px\" title=\"\"><\/div>\n\t\t\t\t\t\t\t\t\t\t\t\t\t\t\t<div class=\"text-link-title\">\n\t\t\t\t\t\t\t\t\t\t\t\t\t<h2 class=\"link-title\">Escapade du parc &#8220;Si tr\u00e9pail m&#8217;\u00e9tait cont\u00e9&#8221;<\/h2>\n\t\t\t\t\t\t\t\t\t\t\t\t\t\t\t\t\t<\/div>\n\t\t\t\t<\/a>\n\t\t\t\t<\/div>\t\t\t\t\t\t\t\t<\/div>\n\t\t\t<div class=\"swiper-buttons\">\n\t\t\t\t<div class=\"swiper-button swiper-button-prev\"><\/div> \n\t\t\t\t<div class=\"swiper-button swiper-button-next\"><\/div>\n\t\t\t<\/div>\n\t\t\t\t\n\t<\/div>\n\n<\/div>\n<\/div>\n<\/section>\n\n<section class=\"wp-block-group alignfull pattern-text has-global-padding is-content-justification-center is-layout-constrained wp-block-group-is-layout-constrained\">\n<div class=\"wp-block-columns is-layout-flex wp-container-core-columns-is-layout-fdcf44e1 wp-block-columns-is-layout-flex\">\n<div class=\"wp-block-column is-layout-flow wp-block-column-is-layout-flow\">\n<p class=\"wp-block-paragraph\">Le circuit forme ensuite une petite boucle vers le\u00a0<strong>Tardenois<\/strong>\u00a0et les villages de\u00a0<strong>Bouilly<\/strong>\u00a0et\u00a0<strong>Courmas<\/strong>, avant de redescendre vers\u00a0<a href=\"https:\/\/tourisme-en-champagne.com\/activite\/chapelle-saint-lie\/\" data-type=\"activite\" data-id=\"7995\"><strong>Villedommange<\/strong><\/a>. Vous pourrez y cheminer jusqu\u2019au sommet d&#8217;une butte o\u00f9 se niche la\u00a0chapelle Saint-Li\u00e9<strong>.\u00a0<\/strong>Depuis le sentier, on embrasse du regard toute la r\u00e9gion de la plaine de Reims\u00a0!<\/p>\n\n\n\n<p class=\"wp-block-paragraph\">De ene na de andere wijndorpjes volgen elkaar op langs de heuvels. Je bent in het hart van de <g id=\"gid_0\">&#8220;Petite Montagne&#8221;<\/g>, waar je wordt verleid door de rijkdom van zijn kerken: die in <g id=\"gid_1\"><g id=\"gid_2\">Sacy<\/g><\/g>met zijn lange, elegante spits; die van <g id=\"gid_3\"><g id=\"gid_4\">Chamery<\/g><\/g> met zijn 57 meter hoge toren; die van <g id=\"gid_5\"><g id=\"gid_6\">Sermiers<\/g><\/g> en zijn bolvormige klokkentoren&#8230; Aarzel niet om de deur open te duwen van een van de vele <strong>wijnboeren<\/strong> die het terroir van de Montagne de Reims sublimeren om hun passie te delen of hun authentieke wijnen te proeven.  <\/p>\n\n\n\n<p class=\"wp-block-paragraph\">Onderweg kun je fietsers tegenkomen die <strong>de departementale fietsroute Parc de la Montagne de Reims V5101<\/strong> volgen. Deze uitdagende route van 38,5 km tussen Reims en Epernay loopt door Villedommange, Sacy, Ecueil, Chamery en Sermiers. <\/p>\n\n\n\n<p class=\"wp-block-paragraph\">Stop voor een wandeling door de smalle straatjes van <a href=\"https:\/\/www.tourisme-en-champagne.com\/balade-rilly-la-montagne\/rilly-la-montagnerilly-la-montagne\/balade-fleurie\"><strong>Rilly-la-Montagne<\/strong><\/a>een van de grote namen in champagne, of door de straten van <a href=\"https:\/\/www.tourisme-en-champagne.com\/chigny-les-roses\/villecha051000bo\"><strong>Chigny-les-Roses<\/strong><\/a>waar de herinnering aan de rozenliefhebbende Madame Pommery voortleeft. Aan het begin van de vorige eeuw hernoemde Emile Loubet, de toenmalige president van de Republiek, de gemeente ter ere van de prachtige rozentuin die het landhuis van <strong>Louise Pommery<\/strong>, de geboorteplaats van de familie, omringde.   <\/p>\n<\/div>\n<\/div>\n<\/section>\n\n<section class=\"wp-block-group alignfull pattern-text-80-media-20 has-global-padding is-layout-constrained wp-block-group-is-layout-constrained\">\n<div class=\"wp-block-columns is-layout-flex wp-container-core-columns-is-layout-fdcf44e1 wp-block-columns-is-layout-flex\">\n<div class=\"wp-block-column is-layout-flow wp-block-column-is-layout-flow\" style=\"flex-basis:40%\">\n<figure data-wp-context=\"{&quot;imageId&quot;:&quot;6a9799079242c&quot;}\" data-wp-interactive=\"core\/image\" data-wp-key=\"6a9799079242c\" class=\"wp-block-image size-full wp-lightbox-container\"><img loading=\"lazy\" decoding=\"async\" width=\"600\" height=\"600\" data-wp-class--hide=\"state.isContentHidden\" data-wp-class--show=\"state.isContentVisible\" data-wp-init=\"callbacks.setButtonStyles\" data-wp-on--click=\"actions.showLightbox\" data-wp-on--load=\"callbacks.setButtonStyles\" data-wp-on--pointerdown=\"actions.preloadImage\" data-wp-on--pointerenter=\"actions.preloadImageWithDelay\" data-wp-on--pointerleave=\"actions.cancelPreload\" data-wp-on-window--resize=\"callbacks.setButtonStyles\" src=\"https:\/\/tourisme-en-champagne.com\/assets\/uploads\/2025\/07\/verzenay-3.jpeg\" alt=\"\" class=\"wp-image-13939\" title=\"\" srcset=\"https:\/\/tourisme-en-champagne.com\/assets\/uploads\/2025\/07\/verzenay-3.jpeg 600w, https:\/\/tourisme-en-champagne.com\/assets\/uploads\/2025\/07\/verzenay-3-400x400.jpeg 400w\" sizes=\"auto, (max-width: 600px) 100vw, 600px\" \/><button\n\t\t\tclass=\"lightbox-trigger\"\n\t\t\ttype=\"button\"\n\t\t\taria-haspopup=\"dialog\"\n\t\t\tdata-wp-bind--aria-label=\"state.thisImage.triggerButtonAriaLabel\"\n\t\t\tdata-wp-init=\"callbacks.initTriggerButton\"\n\t\t\tdata-wp-on--click=\"actions.showLightbox\"\n\t\t\tdata-wp-style--right=\"state.thisImage.buttonRight\"\n\t\t\tdata-wp-style--top=\"state.thisImage.buttonTop\"\n\t\t>\n\t\t\t<svg xmlns=\"http:\/\/www.w3.org\/2000\/svg\" width=\"12\" height=\"12\" fill=\"none\" viewBox=\"0 0 12 12\">\n\t\t\t\t<path fill=\"#fff\" d=\"M2 0a2 2 0 0 0-2 2v2h1.5V2a.5.5 0 0 1 .5-.5h2V0H2Zm2 10.5H2a.5.5 0 0 1-.5-.5V8H0v2a2 2 0 0 0 2 2h2v-1.5ZM8 12v-1.5h2a.5.5 0 0 0 .5-.5V8H12v2a2 2 0 0 1-2 2H8Zm2-12a2 2 0 0 1 2 2v2h-1.5V2a.5.5 0 0 0-.5-.5H8V0h2Z\" \/>\n\t\t\t<\/svg>\n\t\t<\/button><\/figure>\n<\/div>\n\n\n\n<div class=\"wp-block-column is-layout-flow wp-block-column-is-layout-flow\" style=\"flex-basis:60%\">\n<p class=\"wp-block-paragraph\">Vanuit elk dorp zijn verschillende wandelingen mogelijk, waaronder <a href=\"https:\/\/www.tourisme-en-champagne.com\/escapade-du-parc-si-rilly-la-montagne-metait-conte\/rilly-la-montagnerilly-la-montagne\/pedestre\"><strong>de Escapade du Parc &#8220;Si Rilly-la-Montagne m&#8217;\u00e9tait cont\u00e9&#8221; (&#8220;Als Rilly-la-Montagne me verteld werd&#8221;)<\/strong><\/a> of het <a href=\"https:\/\/www.tourisme-en-champagne.com\/sentier-de-decouverte-de-mailly-champagne\/mailly-champagnemailly-champagne\/pedestre\"><strong>Ontdekkingsparcours van Mailly-Champagne<\/strong><\/a>tussen wijngaarden en bossen, die de geheimen van de diepten van de Montagne de Reims onthullen.<\/p>\n\n\n\n<p class=\"wp-block-paragraph\">Vervolgens kom je aan in <strong>Verzenay<\/strong>, waar je een stop moet maken, met name bij de <a href=\"https:\/\/www.tourisme-en-champagne.com\/moulin-de-verzenay\/verzenay\/pcucha051v502dnt\"><strong>Moulin de Verzenay<\/strong><\/a>. Deze emblematische plek van de Champagnestreek is niet te bezoeken, maar biedt een van de mooiste uitzichten op de Champagnewijngaarden. Vlakbij wacht u nog een andere landschappelijke bezienswaardigheid: de <strong><a href=\"https:\/\/www.tourisme-en-champagne.com\/phare-de-verzenay\/verzenay\/pcu0000000000614\">de vuurtoren van Verzenay<\/a> <\/strong>! Dit opvallende gebouw in de regio, vroeger een XXL-reclame voor zijn visionaire schepper, is nu de thuisbasis van een fascinerend eco-museum gewijd aan de wijnstok.  <\/p>\n<\/div>\n<\/div>\n<\/section>\n\n<section class=\"wp-block-group alignfull pattern-text has-global-padding is-content-justification-center is-layout-constrained wp-block-group-is-layout-constrained\">\n<div class=\"wp-block-columns is-layout-flex wp-container-core-columns-is-layout-fdcf44e1 wp-block-columns-is-layout-flex\">\n<div class=\"wp-block-column is-layout-flow wp-block-column-is-layout-flow\">\n<p class=\"wp-block-paragraph\">Een paar kilometer verderop kun je het oude dorp <strong>Verzy<\/strong> bewonderen. Richting <a href=\"https:\/\/www.tourisme-en-champagne.com\/observatoire-militaire-du-mont-sinai\/verzy\/pcucha051v509g7b\" target=\"_blank\" rel=\"noreferrer noopener\"><strong>De berg Sina\u00ef<\/strong><\/a>een geklasseerd historisch monument, net als zijn <strong>blokhuizen<\/strong>. Dankzij zijn ligging in het regionale natuurpark Montagne de Reims biedt deze <g id=\"gid_4\">286 meter hoge top<\/g> nog steeds een <g id=\"gid_5\">uitzicht over de vlakte van Reims, met een 180\u00b0 panorama gericht op het noorden<\/g>. De <strong>ori\u00ebntatietafel<\/strong> die hier ontstaat is een van de belangrijkste attracties van het bos van Verzy.   <\/p>\n\n\n\n<p class=\"wp-block-paragraph\">Vlak naast de deur heb je toegang tot het <a href=\"https:\/\/www.tourisme-en-champagne.com\/randonnee-des-faux-de-verzy-label-th\/verzyverzy\/pedestre\" target=\"_blank\" rel=\"noreferrer noopener\"><strong>nationale bos van Verzy<\/strong><\/a>. Dit is het meest bezochte beschermde natuurgebied in Champagne-Ardenne, vanwege de aanwezigheid van de beroemde gedraaide beuken van Verzy, ook wel bekend als <strong>Faux<\/strong>. Met meer dan 800 Faux-bomen verspreid over ongeveer zestig hectare is <g id=\"gid_3\">het Verzy-gebied uniek in de wereld<\/g>. Deze natuurlijke zeldzaamheid wordt beschermd door een geklasseerde site sinds 1932 en door een biologisch reservaat sinds 1981.   <\/p>\n<\/div>\n<\/div>\n<\/section>\n\n<section style=\"background-image:url(&apos;https:\/\/tourisme-en-champagne.com\/assets\/uploads\/2025\/06\/faux-de-verzycegoulet-colladt-marne1-0.jpg&apos;);background-position:50% 50%;background-size:cover;background-attachment:scroll;\" class=\"wp-block-group alignfull pattern-text-50-left-background has-base-color has-text-color has-link-color wp-elements-2fb10aa2a664e45db30312f8f8c54251 has-global-padding is-layout-constrained wp-block-group-is-layout-constrained has-background\">\n<div class=\"wp-block-columns is-layout-flex wp-container-core-columns-is-layout-fdcf44e1 wp-block-columns-is-layout-flex\">\n<div class=\"wp-block-column is-layout-flow wp-block-column-is-layout-flow\">\n<h2 class=\"wp-block-heading\"><strong>Wist je dat?<\/strong><\/h2>\n\n\n\n<hr class=\"wp-block-separator has-text-color has-base-color has-alpha-channel-opacity has-base-background-color has-background\"\/>\n\n\n\n<p class=\"wp-block-paragraph\"><em>De plek van de Faux zou de voormalige tuin van de abdij van Saint-Basle zijn. Er wordt gedacht, maar niet bewezen, dat de benedictijner monniken verantwoordelijk waren voor het behoud van deze bomen tot aan de Franse Revolutie. De bevolking van Faux, die geen toegang had tot licht onder het bladerdak van het bos, zou niet hebben overleefd zonder menselijke tussenkomst. Tegenwoordig verzoent het beheer van het bos van Verzy door het ONF (Office National des For\u00eats) het behoud van de Faux de Verzy met houtproductie en het verwelkomen van wandelaars.   <\/em><\/p>\n<\/div>\n\n\n\n<div class=\"wp-block-column is-layout-flow wp-block-column-is-layout-flow\"><\/div>\n<\/div>\n<\/section>\n\n<section class=\"wp-block-group alignfull pattern-text has-global-padding is-content-justification-center is-layout-constrained wp-block-group-is-layout-constrained\">\n<div class=\"wp-block-columns is-layout-flex wp-container-core-columns-is-layout-fdcf44e1 wp-block-columns-is-layout-flex\">\n<div class=\"wp-block-column is-layout-flow wp-block-column-is-layout-flow\">\n<p class=\"wp-block-paragraph\">Het <strong>Biologische Reservaat van de Faux de Verzy<\/strong> heeft sinds 2010 het label Toerisme &amp; Handicap voor de vier soorten handicaps (auditief, visueel, motorisch en mentaal). Deze wandeling is voor iedereen toegankelijk en laat je een honderdtal Faux bomen observeren. <\/p>\n\n\n\n<p class=\"wp-block-paragraph\">Er zijn een aantal leuke hulpmiddelen beschikbaar om je te helpen het Regionale Natuurpark Montagne de Reims te ontdekken. Dankzij de <a href=\"https:\/\/www.onf.fr\/foret-exception\/montagne-de-reims-foret-dexception\/+\/918::montagne-de-reims-foret-dexception-les-actions-pour-concilier-les-usages-de-lespace-forestier-et-laccueil-du-public.html\" target=\"_blank\" rel=\"noreferrer noopener\"><strong>de applicatie &#8220;En for\u00eat de Verzy<\/strong><\/a>een innovatief educatief hulpmiddel van het ONF, kun je de Faux de Verzy op een andere manier bekijken. De enige voorwaarde is dat je de applicatie downloadt op je smartphone voor je bezoek! Het bos van Verzy wordt niet gedekt door het netwerk dat nodig is om de multimediatool ter plaatse te krijgen&#8230;   <\/p>\n\n\n\n<p class=\"wp-block-paragraph\">Een andere optie om buiten de gebaande paden te treden in de Montagne de Reims : <a href=\"https:\/\/www.onf.fr\/foret-exception\/montagne-de-reims-foret-dexception\/+\/918::montagne-de-reims-foret-dexception-les-actions-pour-concilier-les-usages-de-lespace-forestier-et-laccueil-du-public.html\" target=\"_blank\" rel=\"noreferrer noopener\"><strong>de avonturen app <\/strong><\/a><strong><a href=\"https:\/\/www.onf.fr\/foret-exception\/montagne-de-reims-foret-dexception\/+\/918::montagne-de-reims-foret-dexception-les-actions-pour-concilier-les-usages-de-lespace-forestier-et-laccueil-du-public.html\" target=\"_blank\" rel=\"noreferrer noopener\">&#8220;Het geheim van de Ch\u00eane \u00e0 la Vierge&#8221;.<\/a><\/strong> Half ontsnappingsspel, half ori\u00ebntatieloop en half geocaching, het parcours van de Ch\u00eane \u00e0 la Vierge bestaat uit 10 stations die 3,6 km afleggen en tussen 1 en 2 uur duren. Je opdracht? Vind een schat met behulp van de QR-codebakens langs de route. Dit spel wordt gratis aangeboden door de NFB en is ideaal als je met het gezin reist. En vergeet niet de app te downloaden voordat je er bent!    <\/p>\n<\/div>\n<\/div>\n<\/section>\n\n<section class=\"wp-block-group alignfull pattern-text-80-media-20 has-global-padding is-layout-constrained wp-block-group-is-layout-constrained\">\n<div class=\"wp-block-columns is-layout-flex wp-container-core-columns-is-layout-fdcf44e1 wp-block-columns-is-layout-flex\">\n<div class=\"wp-block-column is-layout-flow wp-block-column-is-layout-flow\" style=\"flex-basis:40%\">\n<figure class=\"wp-block-embed is-type-video is-provider-youtube wp-block-embed-youtube wp-embed-aspect-16-9 wp-has-aspect-ratio\"><div class=\"wp-block-embed__wrapper\">\n<iframe loading=\"lazy\" title=\"Les Faux de Verzy, des arbres d&#039;exception \u00e0 observer en For\u00eat d&#039;Exception\u00ae de la montagne de Reims\" width=\"500\" height=\"281\" src=\"https:\/\/www.youtube.com\/embed\/m3GlWYhYxas?feature=oembed\" frameborder=\"0\" allow=\"accelerometer; autoplay; clipboard-write; encrypted-media; gyroscope; picture-in-picture; web-share\" referrerpolicy=\"strict-origin-when-cross-origin\" allowfullscreen><\/iframe>\n<\/div><\/figure>\n<\/div>\n\n\n\n<div class=\"wp-block-column is-layout-flow wp-block-column-is-layout-flow\" style=\"flex-basis:60%\">\n<p class=\"wp-block-paragraph\">De staatsbossen van Verzy, Hautvillers en Ch\u00eane \u00e0 la Vierge hebben het label <a href=\"https:\/\/tourisme-en-champagne.com\/nl\/champagne-bloemen\/uitzonderlijke-bossen\/\">For\u00eat d&#8217;Exception\u00ae<\/a>gekregen. Dit label beloont duurzaam en gezamenlijk bosbeheer door middel van een actieprogramma om de staatsbossen te ontwikkelen en te verbeteren. <\/p>\n<\/div>\n<\/div>\n<\/section>\n\n<section class=\"wp-block-group alignfull pattern-text has-global-padding is-content-justification-center is-layout-constrained wp-block-group-is-layout-constrained\">\n<div class=\"wp-block-columns is-layout-flex wp-container-core-columns-is-layout-fdcf44e1 wp-block-columns-is-layout-flex\">\n<div class=\"wp-block-column is-layout-flow wp-block-column-is-layout-flow\">\n<p class=\"wp-block-paragraph\">Na dit betoverende intermezzo keert u terug naar <strong>Tr\u00e9pail<\/strong>, waar u de hellingen van de Montagne de Reims verlaat en naar Epernay gaat via <strong>Ambonnay<\/strong>, met zijn mooie smeedijzeren straatnamen, <strong>Cond\u00e9-sur-Marne<\/strong>, een aangename nautische tussenstop, <strong>Tours-sur-Marne<\/strong> en vervolgens <strong>Bouzy<\/strong>, waar de beroemde <strong>rode Bouzy<\/strong> wordt geproduceerd, een stille wijn die in Reims werd geschonken ten tijde van de kroning van de koningen van Frankrijk. Het dorp is ook beroemd om een bloem, <a href=\"https:\/\/tourisme-en-champagne.com\/nl\/champagne-bloemen\/regionale-planten\/\"><strong>de &#8220;Bouzy-Bouzy&#8221; iris<\/strong><\/a> ((Monique Anfosso, R. 1984), een intens robijnrood met bruine en paarsachtige tinten, versterkt door een flamboyante gouden baard. <\/p>\n\n\n\n<p class=\"wp-block-paragraph\">In <strong>Louvois<\/strong>, in de vallei van de Livre, komen de graanvlakten, bossen en wijngaarden van de Montagne de Reims samen. In deze historische omgeving zijn <strong>het Ch\u00e2teau de Louvois<\/strong> en zijn 35 hectare tuinen zeker een bezoek waard&#8230; alleen achter de poorten, want het domein is eigendom van het <strong>Champagnehuis Laurent-Perrier <\/strong>! <\/p>\n<\/div>\n<\/div>\n<\/section>\n\n<section class=\"wp-block-group alignfull pattern-mosaic accent-3 has-global-padding is-layout-constrained wp-block-group-is-layout-constrained\">\n<div class=\"wp-block-columns is-layout-flex wp-container-core-columns-is-layout-fdcf44e1 wp-block-columns-is-layout-flex\">\n<div class=\"wp-block-column col-content is-layout-flow wp-block-column-is-layout-flow\">\n<h2 class=\"wp-block-heading has-text-align-center\"><strong><strong>Onderweg<\/strong><\/strong><\/h2>\n\n\n\n<hr class=\"wp-block-separator has-text-color has-accent-3-color has-alpha-channel-opacity has-accent-3-background-color has-background\"\/>\n\n\n\n\t<div class=\"fsgb-block-link-mosaic is-style-grid swiper swiperMosaic\"  >\n\t\t\t\t\t<div class=\"swiper-wrapper\">\n\t\t\t\t\t\t\t\t\t\t\t\t<div class=\"swiper-slide\">\n\t\t\t\t\t\t\t<a href=\"#\" target=\"_blank\">\n\t\t\t\t\t\t\t\t\t\t\t<div class=\"thumbnail\"><img loading=\"lazy\" decoding=\"async\" width=\"400\" height=\"125\" src=\"https:\/\/tourisme-en-champagne.com\/assets\/uploads\/2025\/06\/faux-de-verzycegoulet-colladt-marne1-0-400x125.jpg\" class=\"attachment-thumbnail size-thumbnail\" alt=\"\" srcset=\"https:\/\/tourisme-en-champagne.com\/assets\/uploads\/2025\/06\/faux-de-verzycegoulet-colladt-marne1-0-400x125.jpg 400w, https:\/\/tourisme-en-champagne.com\/assets\/uploads\/2025\/06\/faux-de-verzycegoulet-colladt-marne1-0-640x200.jpg 640w, https:\/\/tourisme-en-champagne.com\/assets\/uploads\/2025\/06\/faux-de-verzycegoulet-colladt-marne1-0-1280x400.jpg 1280w, https:\/\/tourisme-en-champagne.com\/assets\/uploads\/2025\/06\/faux-de-verzycegoulet-colladt-marne1-0-768x240.jpg 768w, https:\/\/tourisme-en-champagne.com\/assets\/uploads\/2025\/06\/faux-de-verzycegoulet-colladt-marne1-0-1536x480.jpg 1536w, https:\/\/tourisme-en-champagne.com\/assets\/uploads\/2025\/06\/faux-de-verzycegoulet-colladt-marne1-0.jpg 1920w\" sizes=\"auto, (max-width: 400px) 100vw, 400px\" title=\"\"><\/div>\n\t\t\t\t\t\t\t\t\t\t\t\t\t\t\t<div class=\"text-link-title\">\n\t\t\t\t\t\t\t\t\t\t\t\t\t<h2 class=\"link-title\">Les Faux de Verzy<\/h2>\n\t\t\t\t\t\t\t\t\t\t\t\t\t\t\t\t\t<\/div>\n\t\t\t\t<\/a>\n\t\t\t\t<\/div>\t\t\t\t\t\t\t\t\t\t<div class=\"swiper-slide\">\n\t\t\t\t\t\t\t<a href=\"#\" target=\"_blank\">\n\t\t\t\t\t\t\t\t\t\t\t<div class=\"thumbnail\"><img loading=\"lazy\" decoding=\"async\" width=\"400\" height=\"257\" src=\"https:\/\/tourisme-en-champagne.com\/assets\/uploads\/2025\/07\/tonin-400x257.jpeg\" class=\"attachment-thumbnail size-thumbnail\" alt=\"\" srcset=\"https:\/\/tourisme-en-champagne.com\/assets\/uploads\/2025\/07\/tonin-400x257.jpeg 400w, https:\/\/tourisme-en-champagne.com\/assets\/uploads\/2025\/07\/tonin-640x411.jpeg 640w, https:\/\/tourisme-en-champagne.com\/assets\/uploads\/2025\/07\/tonin.jpeg 670w\" sizes=\"auto, (max-width: 400px) 100vw, 400px\" title=\"\"><\/div>\n\t\t\t\t\t\t\t\t\t\t\t\t\t\t\t<div class=\"text-link-title\">\n\t\t\t\t\t\t\t\t\t\t\t\t\t<h2 class=\"link-title\">L&#8217;observatoire du Mont Sina\u00ef<\/h2>\n\t\t\t\t\t\t\t\t\t\t\t\t\t\t\t\t\t<\/div>\n\t\t\t\t<\/a>\n\t\t\t\t<\/div>\t\t\t\t\t\t\t\t\t\t<div class=\"swiper-slide\">\n\t\t\t\t\t\t\t<a href=\"#\" target=\"_blank\">\n\t\t\t\t\t\t\t\t\t\t\t<div class=\"thumbnail\"><img loading=\"lazy\" decoding=\"async\" width=\"400\" height=\"257\" src=\"https:\/\/tourisme-en-champagne.com\/assets\/uploads\/2025\/07\/escapade-du-parc-rilly-1-400x257.jpeg\" class=\"attachment-thumbnail size-thumbnail\" alt=\"\" srcset=\"https:\/\/tourisme-en-champagne.com\/assets\/uploads\/2025\/07\/escapade-du-parc-rilly-1-400x257.jpeg 400w, https:\/\/tourisme-en-champagne.com\/assets\/uploads\/2025\/07\/escapade-du-parc-rilly-1-640x411.jpeg 640w, https:\/\/tourisme-en-champagne.com\/assets\/uploads\/2025\/07\/escapade-du-parc-rilly-1.jpeg 670w\" sizes=\"auto, (max-width: 400px) 100vw, 400px\" title=\"\"><\/div>\n\t\t\t\t\t\t\t\t\t\t\t\t\t\t\t<div class=\"text-link-title\">\n\t\t\t\t\t\t\t\t\t\t\t\t\t<h2 class=\"link-title\">Escapade du parc &#8220;Si Rilly m&#8217;\u00e9tait cont\u00e9&#8221;<\/h2>\n\t\t\t\t\t\t\t\t\t\t\t\t\t\t\t\t\t<\/div>\n\t\t\t\t<\/a>\n\t\t\t\t<\/div>\t\t\t\t\t\t\t\t\t\t<div class=\"swiper-slide\">\n\t\t\t\t\t\t\t<a href=\"https:\/\/www.youtube.com\/embed\/AViixDbOPas?width=1280&#038;height=720&#038;iframe=true&#038;autoplay=1&#038;allow=autoplay\" target=\"_blank\" rel=\"noopener\">\n\t\t\t\t\t\t\t\t\t\t\t<div class=\"thumbnail\"><img loading=\"lazy\" decoding=\"async\" width=\"400\" height=\"257\" src=\"https:\/\/tourisme-en-champagne.com\/assets\/uploads\/2025\/07\/youtube-aviixdbopas-400x257.jpg\" class=\"attachment-thumbnail size-thumbnail\" alt=\"\" srcset=\"https:\/\/tourisme-en-champagne.com\/assets\/uploads\/2025\/07\/youtube-aviixdbopas-400x257.jpg 400w, https:\/\/tourisme-en-champagne.com\/assets\/uploads\/2025\/07\/youtube-aviixdbopas-640x411.jpg 640w, https:\/\/tourisme-en-champagne.com\/assets\/uploads\/2025\/07\/youtube-aviixdbopas.jpg 670w\" sizes=\"auto, (max-width: 400px) 100vw, 400px\" title=\"\"><\/div>\n\t\t\t\t\t\t\t\t\t\t\t\t\t\t\t<div class=\"text-link-title\">\n\t\t\t\t\t\t\t\t\t\t\t\t\t<h2 class=\"link-title\">Phare de Verzenay<\/h2>\n\t\t\t\t\t\t\t\t\t\t\t\t\t\t\t\t\t<\/div>\n\t\t\t\t<\/a>\n\t\t\t\t<\/div>\t\t\t\t\t\t\t\t<\/div>\n\t\t\t<div class=\"swiper-buttons\">\n\t\t\t\t<div class=\"swiper-button swiper-button-prev\"><\/div> \n\t\t\t\t<div class=\"swiper-button swiper-button-next\"><\/div>\n\t\t\t<\/div>\n\t\t\t\t\n\t<\/div>\n\n<\/div>\n<\/div>\n<\/section>\n\n<section class=\"wp-block-group alignfull pattern-text has-global-padding is-content-justification-center is-layout-constrained wp-block-group-is-layout-constrained\">\n<div class=\"wp-block-columns is-layout-flex wp-container-core-columns-is-layout-fdcf44e1 wp-block-columns-is-layout-flex\">\n<div class=\"wp-block-column is-layout-flow wp-block-column-is-layout-flow\">\n<p class=\"wp-block-paragraph\">Je route gaat verder naar <a href=\"https:\/\/www.tourisme-en-champagne.com\/fontaine-sur-ay\/villecha051000bw\"><strong>Fontaine-sur-A\u00ff<\/strong><\/a> Fontaine-sur-A\u00ff heeft een toepasselijke naam omdat twee rivieren, de Germaine en de Livre, door het dorp stromen voordat ze samenvloeien. Het dorp heeft een onmiskenbare bucolische charme. Wandelaars (inclusief degenen die het <strong>GR 14 wandelpad<\/strong> nemen) zijn geen vreemden voor het oude dorp. Aarzel niet om in hun voetsporen te treden, hier of in het volgende dorp, waar je van dezelfde groene sfeer kunt genieten.   <\/p>\n\n\n\n<p class=\"wp-block-paragraph\">In <strong>Avenay-Val-d&#8217;<\/strong> Or kun je kiezen uit twee routes. Je kunt kiezen voor een variant van de toeristische route om <strong>Mutigny <\/strong>te ontdekken <strong>, <\/strong>het hoogstgelegen wijndorp in de Champagnestreek (240 m boven de zeespiegel). Dankzij de uitzonderlijke ligging heeft het <strong>een prachtig en onvergelijkbaar uitzicht over de Marnevallei en de wijngaarden<\/strong>. Het is ook het vertrekpunt van het <a href=\"https:\/\/www.tourisme-en-champagne.com\/le-sentier-du-vigneron\/mutigny\/pcucha051v503irw\"><strong>Wijnbouwerspad<\/strong><\/a>een begeleide wandeling van 2,2 km door de wijngaarden. Dit begeleide pad is bezaaid met leuke en leerzame stations, die bezoekers inzicht geven in het werk van de wijnstok in de loop van de seizoenen, de geschiedenis van de wijnbouw en het behoud van het milieu.    <\/p>\n\n\n\n<p class=\"wp-block-paragraph\">Je kunt ook je route vervolgen naar <strong>Epernay<\/strong> via <strong>Bisseuil<\/strong> en vervolgens <strong>Mareuil-sur-A\u00ff. <\/strong>Mareuil-sur-A\u00ff, met zijn nautische relaisstation, biedt een aangename omgeving voor een tocht langs het <strong>Canal Lat\u00e9ral \u00e0 la Marne<\/strong> op de <a href=\"https:\/\/tourisme-en-champagne.com\/nl\/vrijetijds-en-sportactiviteiten\/champagne-op-de-fiets-2\/de-marnevallei-fietsroute\/\"><strong>Vall\u00e9e de la Marne fietsroute, onderdeel van de nationale route nr. 52<\/strong><\/a> van Parijs naar Straatsburg. De route van 45 km slingert door de wijngaarden van de Champagne (van Dormans tot Cond\u00e9-sur-Marne), die op de Werelderfgoedlijst van UNESCO staan, en ontdekt de rijkdommen van de Marnevallei en het regionale natuurpark Montagne de Reims.   <\/p>\n<\/div>\n<\/div>\n<\/section>\n\n<section class=\"wp-block-group alignfull pattern-text-60-parenthese-media-40 has-global-padding is-layout-constrained wp-block-group-is-layout-constrained\">\n<div class=\"wp-block-columns is-layout-flex wp-container-core-columns-is-layout-fdcf44e1 wp-block-columns-is-layout-flex\">\n<div class=\"wp-block-column col-content is-layout-flow wp-block-column-is-layout-flow\" style=\"flex-basis:60%\">\n<p class=\"wp-block-paragraph\">De V52 langs het Canal Lat\u00e9ral \u00e0 la Marne biedt een landschap dat vakkundig is bewerkt door de hand van de mens, die de percelen en hellingen vorm heeft gegeven. Fietsen door deze unieke wereld is de beste manier om het erfgoed, de natuur en de mensen te ontdekken. <\/p>\n\n\n\n<p class=\"wp-block-paragraph\"><em>Het doorkruist het departement van Dormans tot Vitry-le-Fran\u00e7ois langs het Canal Lat\u00e9ral \u00e0 la Marne.<\/em><\/p>\n\n\n\n<div class=\"wp-block-buttons is-layout-flex wp-block-buttons-is-layout-flex\">\n<div class=\"wp-block-button\"><a class=\"wp-block-button__link wp-element-button\" href=\"https:\/\/tourisme-en-champagne.com\/activites-de-loisirs-et-nature\/la-champagne-a-velo\/v52\/\">Lees meer<\/a><\/div>\n<\/div>\n<\/div>\n\n\n\n<div class=\"wp-block-column col-media is-layout-flow wp-block-column-is-layout-flow\" style=\"flex-basis:40%\">\n<figure data-wp-context=\"{&quot;imageId&quot;:&quot;6a979907a9dab&quot;}\" data-wp-interactive=\"core\/image\" data-wp-key=\"6a979907a9dab\" class=\"wp-block-image size-full wp-lightbox-container\"><img loading=\"lazy\" decoding=\"async\" width=\"400\" height=\"400\" data-wp-class--hide=\"state.isContentHidden\" data-wp-class--show=\"state.isContentVisible\" data-wp-init=\"callbacks.setButtonStyles\" data-wp-on--click=\"actions.showLightbox\" data-wp-on--load=\"callbacks.setButtonStyles\" data-wp-on--pointerdown=\"actions.preloadImage\" data-wp-on--pointerenter=\"actions.preloadImageWithDelay\" data-wp-on--pointerleave=\"actions.cancelPreload\" data-wp-on-window--resize=\"callbacks.setButtonStyles\" src=\"https:\/\/tourisme-en-champagne.com\/assets\/uploads\/2025\/07\/veloroute-dormans-vincellescc-manquillet-coll-adt-marne1.jpg\" alt=\"\" class=\"wp-image-13966\" title=\"\"><button\n\t\t\tclass=\"lightbox-trigger\"\n\t\t\ttype=\"button\"\n\t\t\taria-haspopup=\"dialog\"\n\t\t\tdata-wp-bind--aria-label=\"state.thisImage.triggerButtonAriaLabel\"\n\t\t\tdata-wp-init=\"callbacks.initTriggerButton\"\n\t\t\tdata-wp-on--click=\"actions.showLightbox\"\n\t\t\tdata-wp-style--right=\"state.thisImage.buttonRight\"\n\t\t\tdata-wp-style--top=\"state.thisImage.buttonTop\"\n\t\t>\n\t\t\t<svg xmlns=\"http:\/\/www.w3.org\/2000\/svg\" width=\"12\" height=\"12\" fill=\"none\" viewBox=\"0 0 12 12\">\n\t\t\t\t<path fill=\"#fff\" d=\"M2 0a2 2 0 0 0-2 2v2h1.5V2a.5.5 0 0 1 .5-.5h2V0H2Zm2 10.5H2a.5.5 0 0 1-.5-.5V8H0v2a2 2 0 0 0 2 2h2v-1.5ZM8 12v-1.5h2a.5.5 0 0 0 .5-.5V8H12v2a2 2 0 0 1-2 2H8Zm2-12a2 2 0 0 1 2 2v2h-1.5V2a.5.5 0 0 0-.5-.5H8V0h2Z\" \/>\n\t\t\t<\/svg>\n\t\t<\/button><\/figure>\n<\/div>\n<\/div>\n<\/section>\n\n<section class=\"wp-block-group alignfull pattern-text has-global-padding is-content-justification-center is-layout-constrained wp-block-group-is-layout-constrained\">\n<div class=\"wp-block-columns is-layout-flex wp-container-core-columns-is-layout-fdcf44e1 wp-block-columns-is-layout-flex\">\n<div class=\"wp-block-column is-layout-flow wp-block-column-is-layout-flow\">\n<p class=\"wp-block-paragraph\">De volgende halte is <strong>A\u00ff-Champagne<\/strong>. Wijngaarden, kelders en prachtige wijnhuizen, het is er allemaal! In het hart van deze emblematische stad kun je de <a href=\"https:\/\/www.tourisme-en-champagne.com\/parcours-lalique\/ay-champagne\/pcucha051v50b1yn\"><strong>Ren\u00e9 Lalique Pad<\/strong><\/a>een waar eerbetoon aan het artistieke genie van de uitvinder van de moderne juwelen, een uitzonderlijke meester-glasblazer die over de hele wereld bekend is. <strong>Ren\u00e9 Lalique<\/strong>, geboren in 1860 in A\u00ff-Champagne, bracht hier zijn kindervakanties door en heeft een bijzondere genegenheid voor deze aangename en inspirerende omgeving behouden. Het interpretatietraject, bestaande uit 12 stations met straatmeubilair, vertelt over de man, zijn tijd, zijn inspiratie en zijn werken. Goed om te weten: een <strong>augmented reality digitale applicatie genaamd &#8220;Esprit Lalique<\/strong> &#8221; geeft een ludieke draai aan het bezoek!     <\/p>\n\n\n\n<p class=\"wp-block-paragraph\">Aan de voet van de historische heuvels ligt het dorp<strong>A\u00ff-Champagne <\/strong>met nog een bezienswaardigheid die je niet mag missen: <a href=\"https:\/\/www.tourisme-en-champagne.com\/pressoria-voyage-sensoriel-au-coeur-de-la-champagne\/ay-champagne\/pcucha051v50hrkt\"><strong>Pressoria<\/strong><\/a>. Het <strong>Centre d&#8217;interpr\u00e9tation sensorielle des vins de Champagne<\/strong> nodigt je uit om met je zintuigen op reis te gaan door de Champagne. Deze nieuwe culturele plek in de Champagne geeft een tweede leven aan een voormalig perscentrum van Maison Pommery. Wat staat er op het programma? Een meeslepende, interactieve rondleiding, gevolgd door een proeverij van twee champagnes of druivensap. Kamer na kamer verken je alle facetten van de wijnstok en het wijnmaken met behulp van innovatieve, interactieve en leuke technologische apparaten. Het is de perfecte manier om de mysteries van de wijn der koningen te ontrafelen, met je familie of vrienden!      <\/p>\n<\/div>\n<\/div>\n<\/section>\n\n<section class=\"wp-block-group alignfull pattern-mosaic accent-3 has-global-padding is-layout-constrained wp-block-group-is-layout-constrained\">\n<div class=\"wp-block-columns is-layout-flex wp-container-core-columns-is-layout-fdcf44e1 wp-block-columns-is-layout-flex\">\n<div class=\"wp-block-column col-content is-layout-flow wp-block-column-is-layout-flow\">\n\t<div class=\"fsgb-block-link-mosaic is-style-grid swiper swiperMosaic\"  >\n\t\t\t\t\t<div class=\"swiper-wrapper\">\n\t\t\t\t\t\t\t\t\t\t\t\t<div class=\"swiper-slide\">\n\t\t\t\t\t\t\t<a href=\"#\" target=\"_blank\">\n\t\t\t\t\t\t\t\t\t\t\t<div class=\"thumbnail\"><img loading=\"lazy\" decoding=\"async\" width=\"400\" height=\"257\" src=\"https:\/\/tourisme-en-champagne.com\/assets\/uploads\/2025\/07\/parcours-rene-lalique-ay-champagne-1-1-400x257.jpeg\" class=\"attachment-thumbnail size-thumbnail\" alt=\"\" srcset=\"https:\/\/tourisme-en-champagne.com\/assets\/uploads\/2025\/07\/parcours-rene-lalique-ay-champagne-1-1-400x257.jpeg 400w, https:\/\/tourisme-en-champagne.com\/assets\/uploads\/2025\/07\/parcours-rene-lalique-ay-champagne-1-1-640x411.jpeg 640w, https:\/\/tourisme-en-champagne.com\/assets\/uploads\/2025\/07\/parcours-rene-lalique-ay-champagne-1-1.jpeg 670w\" sizes=\"auto, (max-width: 400px) 100vw, 400px\" title=\"\"><\/div>\n\t\t\t\t\t\t\t\t\t\t\t\t\t\t\t<div class=\"text-link-title\">\n\t\t\t\t\t\t\t\t\t\t\t\t\t<h2 class=\"link-title\">Parcours Lalique<\/h2>\n\t\t\t\t\t\t\t\t\t\t\t\t\t\t\t\t\t<\/div>\n\t\t\t\t<\/a>\n\t\t\t\t<\/div>\t\t\t\t\t\t\t\t\t\t<div class=\"swiper-slide\">\n\t\t\t\t\t\t\t<a href=\"#\" target=\"_blank\">\n\t\t\t\t\t\t\t\t\t\t\t<div class=\"thumbnail\"><img loading=\"lazy\" decoding=\"async\" width=\"400\" height=\"257\" src=\"https:\/\/tourisme-en-champagne.com\/assets\/uploads\/2025\/07\/credit-photo-benoist-laroche-2-400x257.jpeg\" class=\"attachment-thumbnail size-thumbnail\" alt=\"\" srcset=\"https:\/\/tourisme-en-champagne.com\/assets\/uploads\/2025\/07\/credit-photo-benoist-laroche-2-400x257.jpeg 400w, https:\/\/tourisme-en-champagne.com\/assets\/uploads\/2025\/07\/credit-photo-benoist-laroche-2-640x411.jpeg 640w, https:\/\/tourisme-en-champagne.com\/assets\/uploads\/2025\/07\/credit-photo-benoist-laroche-2.jpeg 670w\" sizes=\"auto, (max-width: 400px) 100vw, 400px\" title=\"\"><\/div>\n\t\t\t\t\t\t\t\t\t\t\t\t\t\t\t<div class=\"text-link-title\">\n\t\t\t\t\t\t\t\t\t\t\t\t\t<h2 class=\"link-title\">Pressoria<\/h2>\n\t\t\t\t\t\t\t\t\t\t\t\t\t\t\t\t\t<\/div>\n\t\t\t\t<\/a>\n\t\t\t\t<\/div>\t\t\t\t\t\t\t\t\t\t<div class=\"swiper-slide\">\n\t\t\t\t\t\t\t<a href=\"#\" target=\"_blank\">\n\t\t\t\t\t\t\t\t\t\t\t<div class=\"thumbnail\"><img loading=\"lazy\" decoding=\"async\" width=\"400\" height=\"257\" src=\"https:\/\/tourisme-en-champagne.com\/assets\/uploads\/2025\/07\/youtube-cll6mqrg1kc-400x257.jpg\" class=\"attachment-thumbnail size-thumbnail\" alt=\"\" srcset=\"https:\/\/tourisme-en-champagne.com\/assets\/uploads\/2025\/07\/youtube-cll6mqrg1kc-400x257.jpg 400w, https:\/\/tourisme-en-champagne.com\/assets\/uploads\/2025\/07\/youtube-cll6mqrg1kc-640x411.jpg 640w, https:\/\/tourisme-en-champagne.com\/assets\/uploads\/2025\/07\/youtube-cll6mqrg1kc.jpg 670w\" sizes=\"auto, (max-width: 400px) 100vw, 400px\" title=\"\"><\/div>\n\t\t\t\t\t\t\t\t\t\t\t\t\t\t\t<div class=\"text-link-title\">\n\t\t\t\t\t\t\t\t\t\t\t\t\t<h2 class=\"link-title\">V\u00e9loroute de la vall\u00e9e de la Marne<\/h2>\n\t\t\t\t\t\t\t\t\t\t\t\t\t\t\t\t\t<\/div>\n\t\t\t\t<\/a>\n\t\t\t\t<\/div>\t\t\t\t\t\t\t\t\t\t<div class=\"swiper-slide\">\n\t\t\t\t\t\t\t<a href=\"#\" target=\"_blank\">\n\t\t\t\t\t\t\t\t\t\t\t<div class=\"thumbnail\"><img loading=\"lazy\" decoding=\"async\" width=\"400\" height=\"257\" src=\"https:\/\/tourisme-en-champagne.com\/assets\/uploads\/2025\/07\/archeo-1-400x257.jpeg\" class=\"attachment-thumbnail size-thumbnail\" alt=\"\" srcset=\"https:\/\/tourisme-en-champagne.com\/assets\/uploads\/2025\/07\/archeo-1-400x257.jpeg 400w, https:\/\/tourisme-en-champagne.com\/assets\/uploads\/2025\/07\/archeo-1-640x411.jpeg 640w, https:\/\/tourisme-en-champagne.com\/assets\/uploads\/2025\/07\/archeo-1.jpeg 670w\" sizes=\"auto, (max-width: 400px) 100vw, 400px\" title=\"\"><\/div>\n\t\t\t\t\t\t\t\t\t\t\t\t\t\t\t<div class=\"text-link-title\">\n\t\t\t\t\t\t\t\t\t\t\t\t\t<h2 class=\"link-title\">Mus\u00e9e du vin de champagne &amp; d&#8217;arch\u00e9ologie &#8211; Epernay<\/h2>\n\t\t\t\t\t\t\t\t\t\t\t\t\t\t\t\t\t<\/div>\n\t\t\t\t<\/a>\n\t\t\t\t<\/div>\t\t\t\t\t\t\t\t<\/div>\n\t\t\t<div class=\"swiper-buttons\">\n\t\t\t\t<div class=\"swiper-button swiper-button-prev\"><\/div> \n\t\t\t\t<div class=\"swiper-button swiper-button-next\"><\/div>\n\t\t\t<\/div>\n\t\t\t\t\n\t<\/div>\n\n<\/div>\n<\/div>\n<\/section>\n\n<section class=\"wp-block-group alignfull pattern-text has-global-padding is-content-justification-center is-layout-constrained wp-block-group-is-layout-constrained\">\n<div class=\"wp-block-columns is-layout-flex wp-container-core-columns-is-layout-fdcf44e1 wp-block-columns-is-layout-flex\">\n<div class=\"wp-block-column is-layout-flow wp-block-column-is-layout-flow\">\n<p class=\"wp-block-paragraph\">Je bent al in <strong>Epernay<\/strong>. Je route eindigt voor <g id=\"gid_1\"><g id=\"gid_2\">het VVV-kantoor<\/g><\/g>het ideale vertrekpunt om de hoofdstad van de Champagne te verkennen! Voor je ligt de legendarische <a href=\"https:\/\/www.tourisme-en-champagne.com\/avenue-de-champagne\/epernay\/pcu0000000001327\"><strong>Avenue de Champagne<\/strong><\/a>een verzameling van schatten uit het erfgoed van de Champagnestreek, waaronder de priv\u00e9 herenhuizen van de <strong>Champagnehuizen<\/strong>, het <strong>Champagne Wijn en Regionaal Archeologie Museum <\/strong>en natuurlijk de kilometers lange kelders waar miljoenen flessen rusten&#8230;  <\/p>\n\n\n\n<p class=\"wp-block-paragraph\">De <a href=\"https:\/\/www.tourisme-en-champagne.com\/musee-du-vin-de-champagne-et-darcheologie-regionale\/epernay\/pcucha051v50feix\"><strong>Champagne Wijn en Regionale Archeologie Museum<\/strong><\/a> is gevestigd in <strong>Ch\u00e2teau Perrier<\/strong>, een 19e-eeuws gebouw dat in 2013 op de monumentenlijst werd geplaatst. Met meer dan 2.000 tentoonstellingsstukken vertelt het de geschiedenis van de Champagnestreek, van de vorming van de bodem enkele miljoenen jaren geleden tot de champagne-industrie vandaag de dag. De collecties zijn verdeeld over drie verdiepingen en georganiseerd rond vier bezoekerszones. Het museum is ontworpen als een culturele voorziening voor de 21e eeuw en heeft een moderne, interactieve scenografie. Deze faciliteiten moedigen bezoekers aan om aan te raken en te experimenteren om het verleden en de materialiteit van objecten beter te begrijpen. Ze werpen een nieuw licht op de collecties en voegen er een speelse dimensie aan toe.     <\/p>\n<\/div>\n<\/div>\n<\/section>\n\n<section class=\"wp-block-group alignfull pattern-bubble-links has-middleground-background-color has-background has-global-padding is-layout-constrained wp-block-group-is-layout-constrained\" style=\"margin-top:var(--wp--preset--spacing--xx-large);padding-top:var(--wp--preset--spacing--xx-large);padding-bottom:var(--wp--preset--spacing--xx-large)\">\n\t<div class=\"fsgb-block-link-mosaic is-style-bubbles alignwide\"  >\n\t\t\t\t\t\t\t\t\t\t\t\t<a href=\"https:\/\/tourisme-en-champagne.com\/caves-de-la-montagne-de-reims\/\">\n\t\t\t\t\t\t\t\t\t\t\t<div class=\"thumbnail\"><img loading=\"lazy\" decoding=\"async\" width=\"150\" height=\"150\" src=\"https:\/\/tourisme-en-champagne.com\/assets\/uploads\/2025\/07\/picto-new-raisin.png\" class=\"attachment-thumbnail size-thumbnail\" alt=\"\" title=\"\"><\/div>\n\t\t\t\t\t\t\t\t\t\t\t\t\t\t\t<div class=\"text-link-title\">\n\t\t\t\t\t\t\t\t\t\t\t\t\t<h2 class=\"link-title\">Caves de champagne<\/h2>\n\t\t\t\t\t\t\t\t\t\t\t\t\t\t\t\t\t<\/div>\n\t\t\t\t<\/a>\n\t\t\t\t\t\t\t\t\t\t\t\t\t\t<a href=\"https:\/\/tourisme-en-champagne.com\/restaurants-montagne-de-reims\/\">\n\t\t\t\t\t\t\t\t\t\t\t<div class=\"thumbnail\"><img loading=\"lazy\" decoding=\"async\" width=\"512\" height=\"512\" src=\"https:\/\/tourisme-en-champagne.com\/assets\/uploads\/2026\/07\/restaurant.svg\" class=\"attachment-thumbnail size-thumbnail\" alt=\"\" title=\"\"><\/div>\n\t\t\t\t\t\t\t\t\t\t\t\t\t\t\t<div class=\"text-link-title\">\n\t\t\t\t\t\t\t\t\t\t\t\t\t<h2 class=\"link-title\">restaurants<\/h2>\n\t\t\t\t\t\t\t\t\t\t\t\t\t\t\t\t\t<\/div>\n\t\t\t\t<\/a>\n\t\t\t\t\t\t\t\t\t\t\t\t\t\t<a href=\"https:\/\/tourisme-en-champagne.com\/agenda\/?_territoires=6c1e57fa0f4c2ab5d4f97d916d6f448d\">\n\t\t\t\t\t\t\t\t\t\t\t<div class=\"thumbnail\"><img loading=\"lazy\" decoding=\"async\" width=\"150\" height=\"150\" src=\"https:\/\/tourisme-en-champagne.com\/assets\/uploads\/2025\/07\/schedule.svg\" class=\"attachment-thumbnail size-thumbnail\" alt=\"\" title=\"\"><\/div>\n\t\t\t\t\t\t\t\t\t\t\t\t\t\t\t<div class=\"text-link-title\">\n\t\t\t\t\t\t\t\t\t\t\t\t\t<h2 class=\"link-title\">Agenda<\/h2>\n\t\t\t\t\t\t\t\t\t\t\t\t\t\t\t\t\t<\/div>\n\t\t\t\t<\/a>\n\t\t\t\t\t\t\t\t\t\t\t\t\t\t<a href=\"https:\/\/tourisme-en-champagne.com\/gites-et-meubles-montagne-de-reims\/\">\n\t\t\t\t\t\t\t\t\t\t\t<div class=\"thumbnail\"><img loading=\"lazy\" decoding=\"async\" width=\"150\" height=\"150\" src=\"https:\/\/tourisme-en-champagne.com\/assets\/uploads\/2025\/07\/picto-new-hebergement.png\" class=\"attachment-thumbnail size-thumbnail\" alt=\"\" title=\"\"><\/div>\n\t\t\t\t\t\t\t\t\t\t\t\t\t\t\t<div class=\"text-link-title\">\n\t\t\t\t\t\t\t\t\t\t\t\t\t<h2 class=\"link-title\">G\u00eetes &#038; meubl\u00e9s<\/h2>\n\t\t\t\t\t\t\t\t\t\t\t\t\t\t\t\t\t<\/div>\n\t\t\t\t<\/a>\n\t\t\t\t\t\t\t\t\t\t\t\t\t\t<a href=\"https:\/\/tourisme-en-champagne.com\/activites-montagne-de-reims\/\">\n\t\t\t\t\t\t\t\t\t\t\t<div class=\"thumbnail\"><img loading=\"lazy\" decoding=\"async\" width=\"150\" height=\"150\" src=\"https:\/\/tourisme-en-champagne.com\/assets\/uploads\/2025\/07\/picto-new-loisirs.png\" class=\"attachment-thumbnail size-thumbnail\" alt=\"\" title=\"\"><\/div>\n\t\t\t\t\t\t\t\t\t\t\t\t\t\t\t<div class=\"text-link-title\">\n\t\t\t\t\t\t\t\t\t\t\t\t\t<h2 class=\"link-title\">Activit\u00e9s<\/h2>\n\t\t\t\t\t\t\t\t\t\t\t\t\t\t\t\t\t<\/div>\n\t\t\t\t<\/a>\n\t\t\t\t\t\t\t\t\t\t\t\n\t<\/div>\n\n<\/section>\n\n<section class=\"wp-block-group alignfull pattern-playlist-grid has-global-padding is-layout-constrained wp-block-group-is-layout-constrained\">\n<h2 class=\"wp-block-heading has-text-align-center\"><strong>Nog meer ontdekkingen<\/strong><\/h2>\n\n\n\n<hr class=\"wp-block-separator has-text-color has-accent-3-color has-alpha-channel-opacity has-accent-3-background-color has-background\"\/>\n\n\n\t\t\t<div class=\"fsgb-block-playlist playlist-grid is-style-grid\"  style=\"margin-top:var(--wp--preset--spacing--x-large);\">\n\t\t\t\t\n\t\t\t\n\t\t\t<div class=\"swiper swiperPlaylistGrid\">\n\n\t\t\t\t<div class=\"swiper-wrapper posts-count-3\">\n\t\t\t\t\t\t\t\t\t\t\t\t\t\t\t\t\t<div class=\"swiper-slide \">\n\t\t\t\t\t\t\t\n<article class=\"card card--activite stretched-link\" data-id=\"31516\" data-post-id-sync-map=\"31516\" >\n\t\n\t\t\n\t\t\t\t<div class=\"card__thumbnail has-middleground-background-color stack\">\n\t\t\t<img decoding=\"async\" width=\"2048\" src=\"https:\/\/cdt51.media.tourinsoft.eu\/upload\/Villa-Demoiselle-Reims.jpg\" class=\"attachment- size-\" alt=\"Villa Demoiselle\" srcset=\"https:\/\/cdt51.media.tourinsoft.eu\/upload\/Villa-Demoiselle-Reims.jpg?width=400 400w, https:\/\/cdt51.media.tourinsoft.eu\/upload\/Villa-Demoiselle-Reims.jpg?width=640 640w, https:\/\/cdt51.media.tourinsoft.eu\/upload\/Villa-Demoiselle-Reims.jpg?width=768 768w, https:\/\/cdt51.media.tourinsoft.eu\/upload\/Villa-Demoiselle-Reims.jpg?width=1280 1280w, https:\/\/cdt51.media.tourinsoft.eu\/upload\/Villa-Demoiselle-Reims.jpg?width=1536&amp;height=1536 1536w, https:\/\/cdt51.media.tourinsoft.eu\/upload\/Villa-Demoiselle-Reims.jpg?width=2048&amp;height=2048 2048w\" sizes=\"(max-width: 2048px) 100vw, 2048px\" title=\"\">\t\t<\/div>\n\t\n\t\t<div class=\"card__content\">\n\t\t\t\n\t\t\t\t\t\t\t\t\t\n\t\t\t\t\t\t\t\t\t\n\t\t\t\t\t\t<h3 class=\"title wp-block-heading is-style-h3\">\n\t\t\t\t<a href=\"https:\/\/tourisme-en-champagne.com\/nl\/activite\/villa-demoiselle\/\" target=\"_blank\">Villa Demoiselle<\/a>\t\t\t\t\t\t\t<\/h3>\n\t\t\t\n\t\t\t\t\t\t\t\t\t\n\t\t\t\t\t\t<div class=\"underlined\"><\/div>\n\t\t\n\t\t\t\t\t\t\t\t\t\t<div class=\"location\">\n\t\t\t\t\tReims\t\t\t\t<\/div>\n\t\t\t\t\t\t\n\t\t\t\t\t\t\t\t\t\n\t\t\t\t\t\t\t\t\t\n\t\t\t\t\t\t\t\t\t\n\t\t\t\t\t\t\t\t\t\t<div class=\"descriptif\">De Villa Demoiselle, architectonisch symbool van de stad Reims, is het vlaggenschip van de Art No&#8230;<\/div>\n\t\t\t\t\n\t\t\t\t\t\t\t\t\t\t\t\t\t\t\t\t\n\t\t\t\t\t\t\t\t\t\t<div class=\"wp-block-button\">\n\t\t\t\t\t<a class=\"wp-element-button rounded\" href=\"https:\/\/tourisme-en-champagne.com\/nl\/activite\/villa-demoiselle\/\" target=\"_blank\" aria-label=\"Meer weten over Villa Demoiselle\">Lees verder<\/a>\n\t\t\t\t<\/div>\n\t\t\t \n\t\t<\/div>\n\t\t\n\n\t\t<\/article>\n\n\t\t\t\t\t\t<\/div>\n\t\t\t\t\t\t\t\t\t\t\t\t\t\t\t\t\t<div class=\"swiper-slide \">\n\t\t\t\t\t\t\t\n<article class=\"card card--activite stretched-link\" data-id=\"31506\" data-post-id-sync-map=\"31506\" >\n\t\n\t\t\n\t\t\t\t<div class=\"card__thumbnail has-middleground-background-color stack\">\n\t\t\t<img decoding=\"async\" width=\"2048\" src=\"https:\/\/cdt51.media.tourinsoft.eu\/upload\/Jeanne-d-Arc-Cathe-drale-de-Reims.jpg\" class=\"attachment- size-\" alt=\"Cath\u00e9drale Notre-Dame de Reims\" srcset=\"https:\/\/cdt51.media.tourinsoft.eu\/upload\/Jeanne-d-Arc-Cathe-drale-de-Reims.jpg?width=400 400w, https:\/\/cdt51.media.tourinsoft.eu\/upload\/Jeanne-d-Arc-Cathe-drale-de-Reims.jpg?width=640 640w, https:\/\/cdt51.media.tourinsoft.eu\/upload\/Jeanne-d-Arc-Cathe-drale-de-Reims.jpg?width=768 768w, https:\/\/cdt51.media.tourinsoft.eu\/upload\/Jeanne-d-Arc-Cathe-drale-de-Reims.jpg?width=1280 1280w, https:\/\/cdt51.media.tourinsoft.eu\/upload\/Jeanne-d-Arc-Cathe-drale-de-Reims.jpg?width=1536&amp;height=1536 1536w, https:\/\/cdt51.media.tourinsoft.eu\/upload\/Jeanne-d-Arc-Cathe-drale-de-Reims.jpg?width=2048&amp;height=2048 2048w\" sizes=\"(max-width: 2048px) 100vw, 2048px\" title=\"\">\t\t<\/div>\n\t\n\t\t<div class=\"card__content\">\n\t\t\t\n\t\t\t\t\t\t\t\t\t\n\t\t\t\t\t\t\t\t\t\n\t\t\t\t\t\t<h3 class=\"title wp-block-heading is-style-h3\">\n\t\t\t\t<a href=\"https:\/\/tourisme-en-champagne.com\/nl\/activite\/cathedrale-notre-dame-de-reims\/\" target=\"_blank\">Cath\u00e9drale Notre-Dame de Reims<\/a>\t\t\t\t\t\t\t<\/h3>\n\t\t\t\n\t\t\t\t\t\t\t\t\t\n\t\t\t\t\t\t<div class=\"underlined\"><\/div>\n\t\t\n\t\t\t\t\t\t\t\t\t\t<div class=\"location\">\n\t\t\t\t\tReims\t\t\t\t<\/div>\n\t\t\t\t\t\t\n\t\t\t\t\t\t\t\t\t\n\t\t\t\t\t\t\t\t\t\n\t\t\t\t\t\t\t\t\t\n\t\t\t\t\t\t\t\t\t\t<div class=\"descriptif\">Wie kent niet de Notre-Dame de Reims? Kan niet missen dit architectonisch meesterwerk, beroemd ze&#8230;<\/div>\n\t\t\t\t\n\t\t\t\t\t\t\t\t\t\t\t\t\t\t\t\t\n\t\t\t\t\t\t\t\t\t\t<div class=\"wp-block-button\">\n\t\t\t\t\t<a class=\"wp-element-button rounded\" href=\"https:\/\/tourisme-en-champagne.com\/nl\/activite\/cathedrale-notre-dame-de-reims\/\" target=\"_blank\" aria-label=\"Meer weten over Cath\u00e9drale Notre-Dame de Reims\">Lees verder<\/a>\n\t\t\t\t<\/div>\n\t\t\t \n\t\t<\/div>\n\t\t\n\n\t\t<\/article>\n\n\t\t\t\t\t\t<\/div>\n\t\t\t\t\t\t\t\t\t\t\t\t\t\t\t\t\t<div class=\"swiper-slide \">\n\t\t\t\t\t\t\t\n<article class=\"card card--activite stretched-link\" data-id=\"31514\" data-post-id-sync-map=\"31514\" >\n\t\n\t\t\n\t\t\t\t<div class=\"card__thumbnail has-middleground-background-color stack\">\n\t\t\t<img decoding=\"async\" width=\"2048\" src=\"https:\/\/cdt51.media.tourinsoft.eu\/upload\/Avenue-de-Champagne_2.jpg\" class=\"attachment- size-\" alt=\"Avenue de Champagne\" srcset=\"https:\/\/cdt51.media.tourinsoft.eu\/upload\/Avenue-de-Champagne_2.jpg?width=400 400w, https:\/\/cdt51.media.tourinsoft.eu\/upload\/Avenue-de-Champagne_2.jpg?width=640 640w, https:\/\/cdt51.media.tourinsoft.eu\/upload\/Avenue-de-Champagne_2.jpg?width=768 768w, https:\/\/cdt51.media.tourinsoft.eu\/upload\/Avenue-de-Champagne_2.jpg?width=1280 1280w, https:\/\/cdt51.media.tourinsoft.eu\/upload\/Avenue-de-Champagne_2.jpg?width=1536&amp;height=1536 1536w, https:\/\/cdt51.media.tourinsoft.eu\/upload\/Avenue-de-Champagne_2.jpg?width=2048&amp;height=2048 2048w\" sizes=\"(max-width: 2048px) 100vw, 2048px\" title=\"\">\t\t<\/div>\n\t\n\t\t<div class=\"card__content\">\n\t\t\t\n\t\t\t\t\t\t\t\t\t\n\t\t\t\t\t\t\t\t\t\n\t\t\t\t\t\t<h3 class=\"title wp-block-heading is-style-h3\">\n\t\t\t\t<a href=\"https:\/\/tourisme-en-champagne.com\/nl\/activite\/avenue-de-champagne\/\" target=\"_blank\">Avenue de Champagne<\/a>\t\t\t\t\t\t\t<\/h3>\n\t\t\t\n\t\t\t\t\t\t\t\t\t\n\t\t\t\t\t\t<div class=\"underlined\"><\/div>\n\t\t\n\t\t\t\t\t\t\t\t\t\t<div class=\"location\">\n\t\t\t\t\tEpernay\t\t\t\t<\/div>\n\t\t\t\t\t\t\n\t\t\t\t\t\t\t\t\t\n\t\t\t\t\t\t\t\t\t\n\t\t\t\t\t\t\t\t\t\n\t\t\t\t\t\t\t\t\t\t<div class=\"descriptif\">Wandelen op de beroemde Avenue de Champagne, het is net over de Champs-Elys\u00e9es in Parijs.\r\rLange &#8230;<\/div>\n\t\t\t\t\n\t\t\t\t\t\t\t\t\t\t\t\t\t\t\t\t\n\t\t\t\t\t\t\t\t\t\t<div class=\"wp-block-button\">\n\t\t\t\t\t<a class=\"wp-element-button rounded\" href=\"https:\/\/tourisme-en-champagne.com\/nl\/activite\/avenue-de-champagne\/\" target=\"_blank\" aria-label=\"Meer weten over Avenue de Champagne\">Lees verder<\/a>\n\t\t\t\t<\/div>\n\t\t\t \n\t\t<\/div>\n\t\t\n\n\t\t<\/article>\n\n\t\t\t\t\t\t<\/div>\n\t\t\t\t\t\t\t\t\t\t\t\t\t\t<\/div>\n\t\t\t\t\n\t\t\t\t<div class=\"swiper-buttons\">\n\t\t\t\t\t<div class=\"swiper-button-prev\"><\/div>\n\t\t\t\t\t<div class=\"swiper-button-next\"><\/div>\n\t\t\t\t<\/div>\n\t\t\t<\/div>\n\t\t<\/div>\n\t\n<\/section>\n","protected":false},"excerpt":{"rendered":"<p>LE SAVIEZ-VOUS ? In Villa Demoiselle is de kroonluchter die opgaat in de trap 9,4 meter hoog. En dat is nog niet alles! 20.000 vellen 22-karaats goud werden gebruikt door de gilder. De Baccarat Zenith kroonluchter, ontworpen door Philippe Starck, bestaat uit 24 lampen. En laten we het parket in de grote salon Demoiselle niet [&hellip;]<\/p>\n","protected":false},"author":2,"featured_media":15539,"parent":20564,"menu_order":0,"comment_status":"closed","ping_status":"closed","template":"templates\/thematique.php","meta":{"_acf_changed":false,"footnotes":"","_links_to":"","_links_to_target":""},"class_list":["post-19863","page","type-page","status-publish","has-post-thumbnail","hentry"],"acf":[],"_links":{"self":[{"href":"https:\/\/tourisme-en-champagne.com\/nl\/wp-json\/wp\/v2\/pages\/19863","targetHints":{"allow":["GET"]}}],"collection":[{"href":"https:\/\/tourisme-en-champagne.com\/nl\/wp-json\/wp\/v2\/pages"}],"about":[{"href":"https:\/\/tourisme-en-champagne.com\/nl\/wp-json\/wp\/v2\/types\/page"}],"author":[{"embeddable":true,"href":"https:\/\/tourisme-en-champagne.com\/nl\/wp-json\/wp\/v2\/users\/2"}],"replies":[{"embeddable":true,"href":"https:\/\/tourisme-en-champagne.com\/nl\/wp-json\/wp\/v2\/comments?post=19863"}],"version-history":[{"count":3,"href":"https:\/\/tourisme-en-champagne.com\/nl\/wp-json\/wp\/v2\/pages\/19863\/revisions"}],"predecessor-version":[{"id":31824,"href":"https:\/\/tourisme-en-champagne.com\/nl\/wp-json\/wp\/v2\/pages\/19863\/revisions\/31824"}],"up":[{"embeddable":true,"href":"https:\/\/tourisme-en-champagne.com\/nl\/wp-json\/wp\/v2\/pages\/20564"}],"wp:featuredmedia":[{"embeddable":true,"href":"https:\/\/tourisme-en-champagne.com\/nl\/wp-json\/wp\/v2\/media\/15539"}],"wp:attachment":[{"href":"https:\/\/tourisme-en-champagne.com\/nl\/wp-json\/wp\/v2\/media?parent=19863"}],"curies":[{"name":"wp","href":"https:\/\/api.w.org\/{rel}","templated":true}]}}