{"id":19629,"date":"2025-07-31T11:55:41","date_gmt":"2025-07-31T09:55:41","guid":{"rendered":"https:\/\/tourisme-en-champagne.com\/de-heuvels-van-vitryat\/"},"modified":"2025-11-27T16:02:30","modified_gmt":"2025-11-27T15:02:30","slug":"de-heuvels-van-vitryat","status":"publish","type":"page","link":"https:\/\/tourisme-en-champagne.com\/nl\/alles-over-champagne\/wijngaarden-ontdekkingen-2\/de-heuvels-van-vitryat\/","title":{"rendered":"De heuvels van Vitryat"},"content":{"rendered":"\n<section class=\"wp-block-group alignfull pattern-text-50-media-50 has-global-padding is-layout-constrained wp-block-group-is-layout-constrained\">\n<div class=\"wp-block-columns is-layout-flex wp-container-core-columns-is-layout-63fbf5b9 wp-block-columns-is-layout-flex\">\n<div class=\"wp-block-column is-layout-flow wp-block-column-is-layout-flow\">\n<h2 class=\"wp-block-heading\"><strong>Champagne, natuur en erfgoed<\/strong><\/h2>\n\n\n\n<hr class=\"wp-block-separator has-text-color has-grey-color has-alpha-channel-opacity has-grey-background-color has-background\"\/>\n\n\n\n<h3 class=\"wp-block-heading\">Een nieuwe toegangspoort tot de Champagne wijngaarden<\/h3>\n\n\n\n<p class=\"wp-block-paragraph\">De Coteaux Vitryats liggen aan de C\u00f4te de Champagne, meer bepaald in een gebied dat bekend staat als de Perthois viticole.<\/p>\n\n\n\n<p class=\"wp-block-paragraph\">Ze zijn centraal gelegen in de Champagnestreek, op ongeveer vijftig kilometer van de Coteaux du S\u00e9zannais en de C\u00f4te des Blancs en op 70 kilometer van de C\u00f4te des Bar in de Aube.  <\/p>\n\n\n\n<p class=\"wp-block-paragraph\">Een vijftiental kelders met het label <strong>&#8220;Vignobles &amp; D\u00e9couvertes&#8221;<\/strong> openen hun deuren voor je en onthullen de geheimen van hun champagne tijdens een degustatie en\/of een bezoek aan hun wijnmakerij.  <\/p>\n\n\n\n<div class=\"wp-block-buttons is-layout-flex wp-block-buttons-is-layout-flex\">\n<div class=\"wp-block-button\"><a class=\"wp-block-button__link has-base-color has-grey-background-color has-text-color has-background has-link-color wp-element-button\">Het Label<\/a><\/div>\n<\/div>\n<\/div>\n\n\n\n<div class=\"wp-block-column is-layout-flow wp-block-column-is-layout-flow\">\n<figure class=\"wp-block-image size-full\"><img loading=\"lazy\" decoding=\"async\" width=\"485\" height=\"600\" src=\"https:\/\/tourisme-en-champagne.com\/assets\/uploads\/2025\/07\/vignes-saint-lumiers-en-champagnecp-verin-colladt-marne2-0.png\" alt=\"\" class=\"wp-image-15389\" title=\"\" srcset=\"https:\/\/tourisme-en-champagne.com\/assets\/uploads\/2025\/07\/vignes-saint-lumiers-en-champagnecp-verin-colladt-marne2-0.png 485w, https:\/\/tourisme-en-champagne.com\/assets\/uploads\/2025\/07\/vignes-saint-lumiers-en-champagnecp-verin-colladt-marne2-0-400x495.png 400w\" sizes=\"auto, (max-width: 485px) 100vw, 485px\" \/><\/figure>\n<\/div>\n<\/div>\n<\/section>\n\n<section class=\"wp-block-group alignfull pattern-text-50-media-50 has-middleground-background-color has-background has-global-padding is-layout-constrained wp-block-group-is-layout-constrained\">\n<div class=\"wp-block-columns is-layout-flex wp-container-core-columns-is-layout-63fbf5b9 wp-block-columns-is-layout-flex\">\n<div class=\"wp-block-column is-layout-flow wp-block-column-is-layout-flow\">\n<figure class=\"wp-block-image size-full\"><img loading=\"lazy\" decoding=\"async\" width=\"485\" height=\"485\" src=\"https:\/\/tourisme-en-champagne.com\/assets\/uploads\/2025\/07\/vignoble-changycc-manquillet-coll-adt-marne4.jpg\" alt=\"\" class=\"wp-image-15394\" title=\"\" srcset=\"https:\/\/tourisme-en-champagne.com\/assets\/uploads\/2025\/07\/vignoble-changycc-manquillet-coll-adt-marne4.jpg 485w, https:\/\/tourisme-en-champagne.com\/assets\/uploads\/2025\/07\/vignoble-changycc-manquillet-coll-adt-marne4-400x400.jpg 400w\" sizes=\"auto, (max-width: 485px) 100vw, 485px\" \/><\/figure>\n<\/div>\n\n\n\n<div class=\"wp-block-column is-layout-flow wp-block-column-is-layout-flow\">\n<p class=\"wp-block-paragraph\">De 480 hectare kalkhoudende grond, voornamelijk beplant met Chardonnay, onthult nuances die in de wijnen tot uiting komen&#8230;  <\/p>\n\n\n\n<p class=\"wp-block-paragraph\">Rijdend over de kleine weggetjes van de <strong>Route Touristique du Champagne<\/strong>, door heuvels, bergen en vlaktes, ontdek je dorpjes met typische Champagne bocage architectuur (vakwerkhuizen).<\/p>\n\n\n\n<p class=\"wp-block-paragraph\">Haal het meeste uit je verblijf met een uitstapje naar het nabijgelegen Lac du Der, een van de grootste kunstmatige meren van Europa!<\/p>\n\n\n\n<div class=\"wp-block-buttons is-layout-flex wp-block-buttons-is-layout-flex\">\n<div class=\"wp-block-button\"><a class=\"wp-block-button__link has-base-color has-grey-background-color has-text-color has-background has-link-color wp-element-button\" href=\"https:\/\/www.cirkwi.com\/fr\/circuit\/24347-route-touristique-du-champagne-des-coteaux-vitryats\" target=\"_blank\" rel=\"noreferrer noopener nofollow\">Zie de route<\/a><\/div>\n<\/div>\n<\/div>\n<\/div>\n<\/section>\n\n<section class=\"wp-block-group alignfull pattern-text has-global-padding is-content-justification-center is-layout-constrained wp-block-group-is-layout-constrained\">\n<div class=\"wp-block-columns is-layout-flex wp-container-core-columns-is-layout-fdcf44e1 wp-block-columns-is-layout-flex\">\n<div class=\"wp-block-column is-layout-flow wp-block-column-is-layout-flow\">\n<p class=\"has-text-align-left wp-block-paragraph\">De route begint in <strong>Vitry-le-Fran\u00e7ois<\/strong>, de &#8220;roze&#8221; stad genoemd naar Fran\u00e7ois 1e.<\/p>\n\n\n\n<p class=\"has-text-align-left wp-block-paragraph\">Breng zeker een bezoek aan de collegiale kerk Notre-Dame (een mooi voorbeeld van de klassieke stijl) en passeer vervolgens de Porte du Pont (18e eeuw) op weg naar Ch\u00e2lons-en-Champagne. De eerste wijnstokken verschijnen in Couvrot en <strong>C\u00f4te de Gravelines<\/strong>. <\/p>\n<\/div>\n<\/div>\n<\/section>\n\n<section class=\"wp-block-group alignfull pattern-text-50-media-50 has-global-padding is-layout-constrained wp-block-group-is-layout-constrained\">\n<div class=\"wp-block-columns is-layout-flex wp-container-core-columns-is-layout-63fbf5b9 wp-block-columns-is-layout-flex\">\n<div class=\"wp-block-column is-layout-flow wp-block-column-is-layout-flow\">\n<h2 class=\"wp-block-heading\"><strong>Om onderweg te zien  <\/strong><\/h2>\n\n\n\n<hr class=\"wp-block-separator has-text-color has-grey-color has-alpha-channel-opacity has-grey-background-color has-background\"\/>\n\n\n\n<ol class=\"wp-block-list has-grey-color has-text-color has-link-color wp-elements-94eef92cb5d593d0ed24884cc6110504\">\n<li>De toeristische Champagneroute vanuit Vitry-le-Fran\u00e7ois<\/li>\n\n\n\n<li>De Romaanse kerk en het automuseum in Saint-Amand-sur-Fion<\/li>\n\n\n\n<li>Vavray-le-Grand en zijn steunmuur met imposante bogen<\/li>\n\n\n\n<li>Bassuet en zijn wijnboeren in de hoofdstraat van het dorp<\/li>\n\n\n\n<li>De Mont de Fourche in Vitry-en-Perthois<\/li>\n\n\n\n<li>De kerk met uitzicht op het dorp Huiron<\/li>\n\n\n\n<li>Glannes en zijn wijngaarden&#8230;<\/li>\n<\/ol>\n<\/div>\n\n\n\n<div class=\"wp-block-column is-layout-flow wp-block-column-is-layout-flow\">\n<figure class=\"wp-block-image size-full\"><img loading=\"lazy\" decoding=\"async\" width=\"485\" height=\"380\" src=\"https:\/\/tourisme-en-champagne.com\/assets\/uploads\/2025\/07\/eglise-saint-amand-sur-fioncp-verin-coll-adt-marne21.jpg\" alt=\"\" class=\"wp-image-15399\" title=\"\" srcset=\"https:\/\/tourisme-en-champagne.com\/assets\/uploads\/2025\/07\/eglise-saint-amand-sur-fioncp-verin-coll-adt-marne21.jpg 485w, https:\/\/tourisme-en-champagne.com\/assets\/uploads\/2025\/07\/eglise-saint-amand-sur-fioncp-verin-coll-adt-marne21-400x313.jpg 400w\" sizes=\"auto, (max-width: 485px) 100vw, 485px\" \/><\/figure>\n<\/div>\n<\/div>\n<\/section>\n\n<section class=\"wp-block-group alignfull pattern-text-50-media-50-full has-base-color has-brown-background-color has-text-color has-background has-link-color wp-elements-4fa45325571e28235305c42382ef5782 has-global-padding is-content-justification-center is-layout-constrained wp-block-group-is-layout-constrained\">\n<div class=\"wp-block-columns alignfull is-layout-flex wp-container-core-columns-is-layout-addd0515 wp-block-columns-is-layout-flex\">\n<div class=\"wp-block-column col-media is-layout-flow wp-block-column-is-layout-flow\" style=\"flex-basis:50%\">\n<figure class=\"wp-block-image size-full\"><img loading=\"lazy\" decoding=\"async\" width=\"960\" height=\"600\" src=\"https:\/\/tourisme-en-champagne.com\/assets\/uploads\/2025\/07\/apccv-coteaux-vitryats-bulles-belles-histoires-2015-01.jpg\" alt=\"\" class=\"wp-image-15404\" title=\"\" srcset=\"https:\/\/tourisme-en-champagne.com\/assets\/uploads\/2025\/07\/apccv-coteaux-vitryats-bulles-belles-histoires-2015-01.jpg 960w, https:\/\/tourisme-en-champagne.com\/assets\/uploads\/2025\/07\/apccv-coteaux-vitryats-bulles-belles-histoires-2015-01-640x400.jpg 640w, https:\/\/tourisme-en-champagne.com\/assets\/uploads\/2025\/07\/apccv-coteaux-vitryats-bulles-belles-histoires-2015-01-400x250.jpg 400w, https:\/\/tourisme-en-champagne.com\/assets\/uploads\/2025\/07\/apccv-coteaux-vitryats-bulles-belles-histoires-2015-01-768x480.jpg 768w\" sizes=\"auto, (max-width: 960px) 100vw, 960px\" \/><\/figure>\n<\/div>\n\n\n\n<div class=\"wp-block-column col-content is-layout-flow wp-block-column-is-layout-flow\" style=\"flex-basis:50%\">\n<h2 class=\"wp-block-heading\"><strong>tekst 50% + media 50% (volledig)<\/strong><\/h2>\n\n\n\n<hr class=\"wp-block-separator has-text-color has-base-color has-alpha-channel-opacity has-base-background-color has-background\"\/>\n\n\n\n<p class=\"wp-block-paragraph\">Elk jaar, op de eerste zondag van juli, nodigt <strong>&#8220;Bulles et Belles Histoires du Champagne Vitryat&#8221; <\/strong>je uit om een duik te nemen in het hart van de Champagnestreek en zijn geschiedenis.<\/p>\n\n\n\n<p class=\"wp-block-paragraph\">De dorpen langs de <strong>toeristische route van de Coteaux Vitryats Champagne <\/strong>worden op hun beurt het toneel van de festiviteiten en laten de ambachtslieden en wijnmakers van de streek zien.<\/p>\n\n\n\n<p class=\"wp-block-paragraph\">Tijdens dit sprankelende weekend kun je genieten van thema-evenementen en sportieve activiteiten: proeverijen, kelderrondleidingen en zelfs een wandeling of parcours door de wijngaarden!<\/p>\n\n\n\n<div class=\"wp-block-buttons is-layout-flex wp-block-buttons-is-layout-flex\">\n<div class=\"wp-block-button\"><a class=\"wp-block-button__link has-grey-color has-base-background-color has-text-color has-background has-link-color wp-element-button\" href=\"https:\/\/www.coteauxvitryats.fr\/\" target=\"_blank\" rel=\"noreferrer noopener\">Lees meer<\/a><\/div>\n<\/div>\n<\/div>\n<\/div>\n<\/section>\n\n<section class=\"wp-block-group alignfull pattern-citation has-middleground-background-color has-background has-global-padding is-layout-constrained wp-block-group-is-layout-constrained\" style=\"padding-top:var(--wp--preset--spacing--xx-large);padding-bottom:var(--wp--preset--spacing--xx-large)\">\n<div class=\"wp-block-columns is-layout-flex wp-container-core-columns-is-layout-fdcf44e1 wp-block-columns-is-layout-flex\">\n<div class=\"wp-block-column is-layout-flow wp-block-column-is-layout-flow\">\n<h2 class=\"wp-block-heading\"><strong>Champagne is de enige wijn die vrouwen er na het drinken mooi uit laat zien<\/strong><\/h2>\n\n\n\n<hr class=\"wp-block-separator has-text-color has-grey-color has-alpha-channel-opacity has-grey-background-color has-background\"\/>\n\n\n\n<blockquote class=\"wp-block-quote is-layout-flow wp-block-quote-is-layout-flow\">\n<p class=\"wp-block-paragraph\"><em>De markiezin van Pompadour<\/em><\/p>\n<\/blockquote>\n<\/div>\n<\/div>\n<\/section>\n\n<section style=\"background-image:url(&apos;https:\/\/tourisme-en-champagne.com\/assets\/uploads\/2025\/07\/champagne-nicolas-feuillatte-chouillycac-mecuson-colladt-marne.jpg&apos;);background-size:cover;\" class=\"wp-block-group alignfull pattern-text-50-left-background has-base-color has-text-color has-link-color wp-elements-c6081eca6fa8c57d622d5b6dbc1ef04c has-global-padding is-layout-constrained wp-block-group-is-layout-constrained has-background\">\n<div class=\"wp-block-columns is-layout-flex wp-container-core-columns-is-layout-fdcf44e1 wp-block-columns-is-layout-flex\">\n<div class=\"wp-block-column is-layout-flow wp-block-column-is-layout-flow\">\n<h2 class=\"wp-block-heading\"><strong>QUIZ<\/strong><\/h2>\n\n\n\n<hr class=\"wp-block-separator has-text-color has-base-color has-alpha-channel-opacity has-base-background-color has-background\"\/>\n\n\n\n<h3 class=\"wp-block-heading\">WELK LAND INTRODUCEERDE DE EERSTE BRUT CHAMPAGNE?<\/h3>\n\n\n\n<ul class=\"wp-block-list\">\n<li>Frankrijk<\/li>\n\n\n\n<li>Engeland<\/li>\n\n\n\n<li>Rusland<\/li>\n<\/ul>\n\n\n\n<h3 class=\"wp-block-heading\">Antwoord<\/h3>\n\n\n\n<p class=\"wp-block-paragraph\"><em>De vraag naar minder zoete wijnen kwam uit Engeland. Vanaf de jaren 1870 brachten sommige huizen hun cuv\u00e9es op de markt met min of meer gedefinieerde suikergehaltes: 30 tot 60 gram voor de Engelse stijl, 60 tot 90 gram voor de Franse stijl en tot 200 gram voor de Russische stijl.   <\/em><\/p>\n<\/div>\n\n\n\n<div class=\"wp-block-column is-layout-flow wp-block-column-is-layout-flow\"><\/div>\n<\/div>\n<\/section>\n\n<section class=\"wp-block-group alignfull pattern-text-100 has-global-padding is-layout-constrained wp-block-group-is-layout-constrained\">\n<div class=\"wp-block-columns is-layout-flex wp-container-core-columns-is-layout-63fbf5b9 wp-block-columns-is-layout-flex\">\n<div class=\"wp-block-column is-layout-flow wp-block-column-is-layout-flow\">\n<h2 class=\"wp-block-heading\"><strong>UW CONTACTPUNT<\/strong><\/h2>\n\n\n\n<hr class=\"wp-block-separator has-text-color has-grey-color has-alpha-channel-opacity has-grey-background-color has-background\"\/>\n\n\n\n<h3 class=\"wp-block-heading\">OFFICE DE TOURISME DU LAC DU DER &#8211; MAISON DU LAC &#8211; 51290 GIFFAUMONT-CHAMPAUBERT &#8211; 03 26 72 62 80  <\/h3>\n\n\n\n<h3 class=\"wp-block-heading\">INFORMATIEBUREAU VITRY-LE-FRAN\u00c7OIS &#8211; 8 ESPLANADE DE STRASBOURG &#8211; 03 26 74 45 30  <\/h3>\n\n\n\n<p class=\"wp-block-paragraph\"><a href=\"http:\/\/www.lacduder.com\/\" target=\"_blank\" rel=\"noreferrer noopener\">WWW.<\/a><a href=\"http:\/\/www.chalons-tourisme.com\/\" target=\"_blank\" rel=\"noreferrer noopener\">L<\/a><a href=\"http:\/\/www.lacduder.com\/\" target=\"_blank\" rel=\"noreferrer noopener\">ACDUDER.COM<\/a><\/p>\n<\/div>\n<\/div>\n<\/section>\n\n<section class=\"wp-block-group alignfull pattern-playlist-grid has-global-padding is-layout-constrained wp-block-group-is-layout-constrained\">\n<h2 class=\"wp-block-heading has-text-align-center\"><strong>Selectie van uitjes<\/strong><\/h2>\n\n\n\n<hr class=\"wp-block-separator has-text-color has-accent-3-color has-alpha-channel-opacity has-accent-3-background-color has-background\"\/>\n\n\n\n<p class=\"has-text-align-center wp-block-paragraph\">Hier zijn een paar suggesties om de Coteaux Vitryats en de omgeving te verkennen, voor een wandeling of een vakantie!<\/p>\n\n\n\t\t\t<div class=\"fsgb-block-playlist playlist-grid is-style-grid\"  style=\"margin-top:var(--wp--preset--spacing--x-large);\">\n\t\t\t\t\n\t\t\t\n\t\t\t<div class=\"swiper swiperPlaylistGrid\">\n\n\t\t\t\t<div class=\"swiper-wrapper posts-count-3\">\n\t\t\t\t\t\t\t\t\t\t\t\t\t\t\t\t\t<div class=\"swiper-slide \">\n\t\t\t\t\t\t\t\n<article class=\"card card--activite stretched-link\" data-id=\"31517\" data-post-id-sync-map=\"31517\" >\n\t\n\t\t\n\t\t\t\t<div class=\"card__thumbnail has-middleground-background-color stack\">\n\t\t\t<img decoding=\"async\" width=\"2048\" src=\"https:\/\/cdt51.media.tourinsoft.eu\/upload\/collegiale-vitry-automne-2018-2.png\" class=\"attachment- size-\" alt=\"Coll\u00e9giale Notre-Dame-de-l&#8217;Assomption\" srcset=\"https:\/\/cdt51.media.tourinsoft.eu\/upload\/collegiale-vitry-automne-2018-2.png?width=400 400w, https:\/\/cdt51.media.tourinsoft.eu\/upload\/collegiale-vitry-automne-2018-2.png?width=640 640w, https:\/\/cdt51.media.tourinsoft.eu\/upload\/collegiale-vitry-automne-2018-2.png?width=768 768w, https:\/\/cdt51.media.tourinsoft.eu\/upload\/collegiale-vitry-automne-2018-2.png?width=1280 1280w, https:\/\/cdt51.media.tourinsoft.eu\/upload\/collegiale-vitry-automne-2018-2.png?width=1536&amp;height=1536 1536w, https:\/\/cdt51.media.tourinsoft.eu\/upload\/collegiale-vitry-automne-2018-2.png?width=2048&amp;height=2048 2048w\" sizes=\"(max-width: 2048px) 100vw, 2048px\" title=\"\">\t\t<\/div>\n\t\n\t\t<div class=\"card__content\">\n\t\t\t\n\t\t\t\t\t\t\t\t\t\n\t\t\t\t\t\t\t\t\t\n\t\t\t\t\t\t<h3 class=\"title wp-block-heading is-style-h3\">\n\t\t\t\t<a href=\"https:\/\/tourisme-en-champagne.com\/nl\/activite\/collegiale-notre-dame-de-lassomption\/\" target=\"_blank\">Coll\u00e9giale Notre-Dame-de-l&#8217;Assomption<\/a>\t\t\t\t\t\t\t<\/h3>\n\t\t\t\n\t\t\t\t\t\t\t\t\t\n\t\t\t\t\t\t<div class=\"underlined\"><\/div>\n\t\t\n\t\t\t\t\t\t\t\t\t\t<div class=\"location\">\n\t\t\t\t\tVitry-Le-Francois\t\t\t\t<\/div>\n\t\t\t\t\t\t\n\t\t\t\t\t\t\t\t\t\n\t\t\t\t\t\t\t\t\t\n\t\t\t\t\t\t\t\t\t\n\t\t\t\t\t\t\t\t\t\t<div class=\"descriptif\">De grootste kerk in de klassieke stijl van de Marne, de Notre Dame Collegiale Kerk van de Hemelva&#8230;<\/div>\n\t\t\t\t\n\t\t\t\t\t\t\t\t\t\t\t\t\t\t\t\t\n\t\t\t\t\t\t\t\t\t\t<div class=\"wp-block-button\">\n\t\t\t\t\t<a class=\"wp-element-button rounded\" href=\"https:\/\/tourisme-en-champagne.com\/nl\/activite\/collegiale-notre-dame-de-lassomption\/\" target=\"_blank\" aria-label=\"Meer weten over Coll\u00e9giale Notre-Dame-de-l&#8217;Assomption\">Lees verder<\/a>\n\t\t\t\t<\/div>\n\t\t\t \n\t\t<\/div>\n\t\t\n\n\t\t<\/article>\n\n\t\t\t\t\t\t<\/div>\n\t\t\t\t\t\t\t\t\t\t\t\t\t\t\t\t\t<div class=\"swiper-slide \">\n\t\t\t\t\t\t\t\n<article class=\"card card--activite stretched-link\" data-id=\"31536\" data-post-id-sync-map=\"31536\" >\n\t\n\t\t\n\t\t\t\t<div class=\"card__thumbnail has-middleground-background-color stack\">\n\t\t\t<img decoding=\"async\" width=\"2048\" src=\"https:\/\/cdt51.media.tourinsoft.eu\/upload\/Eglise-de-Saint-Amand-sur-Fion_1.jpg\" class=\"attachment- size-\" alt=\"\u00c9glise de Saint-Amand-Sur-Fion\" srcset=\"https:\/\/cdt51.media.tourinsoft.eu\/upload\/Eglise-de-Saint-Amand-sur-Fion_1.jpg?width=400 400w, https:\/\/cdt51.media.tourinsoft.eu\/upload\/Eglise-de-Saint-Amand-sur-Fion_1.jpg?width=640 640w, https:\/\/cdt51.media.tourinsoft.eu\/upload\/Eglise-de-Saint-Amand-sur-Fion_1.jpg?width=768 768w, https:\/\/cdt51.media.tourinsoft.eu\/upload\/Eglise-de-Saint-Amand-sur-Fion_1.jpg?width=1280 1280w, https:\/\/cdt51.media.tourinsoft.eu\/upload\/Eglise-de-Saint-Amand-sur-Fion_1.jpg?width=1536&amp;height=1536 1536w, https:\/\/cdt51.media.tourinsoft.eu\/upload\/Eglise-de-Saint-Amand-sur-Fion_1.jpg?width=2048&amp;height=2048 2048w\" sizes=\"(max-width: 2048px) 100vw, 2048px\" title=\"\">\t\t<\/div>\n\t\n\t\t<div class=\"card__content\">\n\t\t\t\n\t\t\t\t\t\t\t\t\t\n\t\t\t\t\t\t\t\t\t\n\t\t\t\t\t\t<h3 class=\"title wp-block-heading is-style-h3\">\n\t\t\t\t<a href=\"https:\/\/tourisme-en-champagne.com\/nl\/activite\/eglise-de-saint-amand-sur-fion\/\" target=\"_blank\">\u00c9glise de Saint-Amand-Sur-Fion<\/a>\t\t\t\t\t\t\t<\/h3>\n\t\t\t\n\t\t\t\t\t\t\t\t\t\n\t\t\t\t\t\t<div class=\"underlined\"><\/div>\n\t\t\n\t\t\t\t\t\t\t\t\t\t<div class=\"location\">\n\t\t\t\t\tSaint-Amand-Sur-Fion\t\t\t\t<\/div>\n\t\t\t\t\t\t\n\t\t\t\t\t\t\t\t\t\n\t\t\t\t\t\t\t\t\t\n\t\t\t\t\t\t\t\t\t\n\t\t\t\t\t\t\t\t\t\t<div class=\"descriptif\">Op de brede esplanade aan de zuidoostelijke einde van het pittoreske dorp, de middeleeuwse kerk v&#8230;<\/div>\n\t\t\t\t\n\t\t\t\t\t\t\t\t\t\t\t\t\t\t\t\t\n\t\t\t\t\t\t\t\t\t\t<div class=\"wp-block-button\">\n\t\t\t\t\t<a class=\"wp-element-button rounded\" href=\"https:\/\/tourisme-en-champagne.com\/nl\/activite\/eglise-de-saint-amand-sur-fion\/\" target=\"_blank\" aria-label=\"Meer weten over \u00c9glise de Saint-Amand-Sur-Fion\">Lees verder<\/a>\n\t\t\t\t<\/div>\n\t\t\t \n\t\t<\/div>\n\t\t\n\n\t\t<\/article>\n\n\t\t\t\t\t\t<\/div>\n\t\t\t\t\t\t\t\t\t\t\t\t\t\t\t\t\t<div class=\"swiper-slide \">\n\t\t\t\t\t\t\t\n<article class=\"card card--activite stretched-link\" data-id=\"31453\" data-post-id-sync-map=\"31453\" >\n\t\n\t\t\n\t\t\t\t<div class=\"card__thumbnail has-middleground-background-color stack\">\n\t\t\t<img decoding=\"async\" width=\"2048\" src=\"https:\/\/cdt51.media.tourinsoft.eu\/upload\/village-musee-du-der-sainte-marie-du-lac.jpg\" class=\"attachment- size-\" alt=\"Village Mus\u00e9e du Der\" srcset=\"https:\/\/cdt51.media.tourinsoft.eu\/upload\/village-musee-du-der-sainte-marie-du-lac.jpg?width=400 400w, https:\/\/cdt51.media.tourinsoft.eu\/upload\/village-musee-du-der-sainte-marie-du-lac.jpg?width=640 640w, https:\/\/cdt51.media.tourinsoft.eu\/upload\/village-musee-du-der-sainte-marie-du-lac.jpg?width=768 768w, https:\/\/cdt51.media.tourinsoft.eu\/upload\/village-musee-du-der-sainte-marie-du-lac.jpg?width=1280 1280w, https:\/\/cdt51.media.tourinsoft.eu\/upload\/village-musee-du-der-sainte-marie-du-lac.jpg?width=1536&amp;height=1536 1536w, https:\/\/cdt51.media.tourinsoft.eu\/upload\/village-musee-du-der-sainte-marie-du-lac.jpg?width=2048&amp;height=2048 2048w\" sizes=\"(max-width: 2048px) 100vw, 2048px\" title=\"\">\t\t<\/div>\n\t\n\t\t<div class=\"card__content\">\n\t\t\t\n\t\t\t\t\t\t\t\t\t\n\t\t\t\t\t\t\t\t\t\n\t\t\t\t\t\t<h3 class=\"title wp-block-heading is-style-h3\">\n\t\t\t\t<a href=\"https:\/\/tourisme-en-champagne.com\/nl\/activite\/village-musee-du-der\/\" target=\"_blank\">Village Mus\u00e9e du Der<\/a>\t\t\t\t\t\t\t<\/h3>\n\t\t\t\n\t\t\t\t\t\t\t\t\t\n\t\t\t\t\t\t<div class=\"underlined\"><\/div>\n\t\t\n\t\t\t\t\t\t\t\t\t\t<div class=\"location\">\n\t\t\t\t\tSainte-Marie-Du-Lac-Nuisement\t\t\t\t<\/div>\n\t\t\t\t\t\t\n\t\t\t\t\t\t\t\t\t\n\t\t\t\t\t\t\t\t\t\n\t\t\t\t\t\t\t\t\t\n\t\t\t\t\t\t\t\n\t\t\t\t\t\t\t\t\t\t\t\t\t\t\t\t\n\t\t\t\t\t\t\t\t\t\t<div class=\"wp-block-button\">\n\t\t\t\t\t<a class=\"wp-element-button rounded\" href=\"https:\/\/tourisme-en-champagne.com\/nl\/activite\/village-musee-du-der\/\" target=\"_blank\" aria-label=\"Meer weten over Village Mus\u00e9e du Der\">Lees verder<\/a>\n\t\t\t\t<\/div>\n\t\t\t \n\t\t<\/div>\n\t\t\n\n\t\t<\/article>\n\n\t\t\t\t\t\t<\/div>\n\t\t\t\t\t\t\t\t\t\t\t\t\t\t<\/div>\n\t\t\t\t\n\t\t\t\t<div class=\"swiper-buttons\">\n\t\t\t\t\t<div class=\"swiper-button-prev\"><\/div>\n\t\t\t\t\t<div class=\"swiper-button-next\"><\/div>\n\t\t\t\t<\/div>\n\t\t\t<\/div>\n\t\t<\/div>\n\t\n<\/section>\n","protected":false},"excerpt":{"rendered":"<p>Champagne, natuur en erfgoed Een nieuwe toegangspoort tot de Champagne wijngaarden De Coteaux Vitryats liggen aan de C\u00f4te de Champagne, meer bepaald in een gebied dat bekend staat als de Perthois viticole. Ze zijn centraal gelegen in de Champagnestreek, op ongeveer vijftig kilometer van de Coteaux du S\u00e9zannais en de C\u00f4te des Blancs en op [&hellip;]<\/p>\n","protected":false},"author":2,"featured_media":15380,"parent":20627,"menu_order":0,"comment_status":"closed","ping_status":"closed","template":"templates\/editorial-content.php","meta":{"_acf_changed":false,"footnotes":"","_links_to":"","_links_to_target":""},"class_list":["post-19629","page","type-page","status-publish","has-post-thumbnail","hentry"],"acf":[],"_links":{"self":[{"href":"https:\/\/tourisme-en-champagne.com\/nl\/wp-json\/wp\/v2\/pages\/19629","targetHints":{"allow":["GET"]}}],"collection":[{"href":"https:\/\/tourisme-en-champagne.com\/nl\/wp-json\/wp\/v2\/pages"}],"about":[{"href":"https:\/\/tourisme-en-champagne.com\/nl\/wp-json\/wp\/v2\/types\/page"}],"author":[{"embeddable":true,"href":"https:\/\/tourisme-en-champagne.com\/nl\/wp-json\/wp\/v2\/users\/2"}],"replies":[{"embeddable":true,"href":"https:\/\/tourisme-en-champagne.com\/nl\/wp-json\/wp\/v2\/comments?post=19629"}],"version-history":[{"count":1,"href":"https:\/\/tourisme-en-champagne.com\/nl\/wp-json\/wp\/v2\/pages\/19629\/revisions"}],"predecessor-version":[{"id":19632,"href":"https:\/\/tourisme-en-champagne.com\/nl\/wp-json\/wp\/v2\/pages\/19629\/revisions\/19632"}],"up":[{"embeddable":true,"href":"https:\/\/tourisme-en-champagne.com\/nl\/wp-json\/wp\/v2\/pages\/20627"}],"wp:featuredmedia":[{"embeddable":true,"href":"https:\/\/tourisme-en-champagne.com\/nl\/wp-json\/wp\/v2\/media\/15380"}],"wp:attachment":[{"href":"https:\/\/tourisme-en-champagne.com\/nl\/wp-json\/wp\/v2\/media?parent=19629"}],"curies":[{"name":"wp","href":"https:\/\/api.w.org\/{rel}","templated":true}]}}