{"id":19189,"date":"2025-08-05T14:46:07","date_gmt":"2025-08-05T12:46:07","guid":{"rendered":"https:\/\/tourisme-en-champagne.com\/regionale-planten\/"},"modified":"2025-11-28T16:04:21","modified_gmt":"2025-11-28T15:04:21","slug":"regionale-planten","status":"publish","type":"page","link":"https:\/\/tourisme-en-champagne.com\/nl\/champagne-bloemen\/regionale-planten\/","title":{"rendered":"Regionale planten"},"content":{"rendered":"\n<section class=\"wp-block-group alignfull pattern-text has-global-padding is-content-justification-center is-layout-constrained wp-block-group-is-layout-constrained\">\n<div class=\"wp-block-columns is-layout-flex wp-container-core-columns-is-layout-fdcf44e1 wp-block-columns-is-layout-flex\">\n<div class=\"wp-block-column is-layout-flow wp-block-column-is-layout-flow\">\n<h2 class=\"wp-block-heading\"><strong>Onze opmerkelijke planten<\/strong><\/h2>\n\n\n\n<hr class=\"wp-block-separator has-text-color has-accent-3-color has-alpha-channel-opacity has-accent-3-background-color has-background\"\/>\n\n\n\n<p class=\"has-text-align-left wp-block-paragraph\">De Champagne heeft een rijke biodiversiteit aan natuurlijke habitats. Er zijn meer dan 4.000 soorten ge\u00efdentificeerd in de natuurgebieden van ecologisch, faunistisch en floristisch belang. <\/p>\n\n\n\n<p class=\"wp-block-paragraph\">Bossen, parken en tuinen herbergen vari\u00ebteiten die specifiek zijn voor de Marne.  <\/p>\n\n\n\n<p class=\"has-text-align-left wp-block-paragraph\">De beroemde &#8220;Faux de Verzy&#8221; in het hart van de Montagne de Reims ligt naast de &#8220;Rose Marne&#8221; en de &#8220;Orchid\u00e9es de Champagne&#8221; &#8230;<\/p>\n<\/div>\n<\/div>\n<\/section>\n\n<section class=\"wp-block-group alignfull pattern-text-50-media-50 has-global-padding is-layout-constrained wp-block-group-is-layout-constrained\">\n<div class=\"wp-block-columns is-layout-flex wp-container-core-columns-is-layout-63fbf5b9 wp-block-columns-is-layout-flex\">\n<div class=\"wp-block-column is-layout-flow wp-block-column-is-layout-flow\">\n<figure class=\"wp-block-image size-full\"><img loading=\"lazy\" decoding=\"async\" width=\"485\" height=\"600\" src=\"https:\/\/tourisme-en-champagne.com\/assets\/uploads\/2025\/08\/iris.png\" alt=\"Iris de Bouzy &#xA9;  \" class=\"wp-image-16334\" title=\"\" srcset=\"https:\/\/tourisme-en-champagne.com\/assets\/uploads\/2025\/08\/iris.png 485w, https:\/\/tourisme-en-champagne.com\/assets\/uploads\/2025\/08\/iris-400x495.png 400w\" sizes=\"auto, (max-width: 485px) 100vw, 485px\" \/><\/figure>\n<\/div>\n\n\n\n<div class=\"wp-block-column is-layout-flow wp-block-column-is-layout-flow\">\n<h2 class=\"wp-block-heading\"><strong>De irissen van Bouzy<\/strong><\/h2>\n\n\n\n<hr class=\"wp-block-separator has-text-color has-grey-color has-alpha-channel-opacity has-grey-background-color has-background\"\/>\n\n\n\n<p class=\"wp-block-paragraph\">Bouzy in de Champagne is beroemd om zijn rode wijn, maar ook om zijn <strong>Bouzy-Bouzy<\/strong> iris. Een wijnrode iris. Dit Champagnedorp, tussen Reims en Epernay, kweekt al tientallen jaren irissen. De kalkhoudende, filtrerende grond van Bouzy past heel goed bij ze, want de iris is een plant die een hekel heeft aan hardnekkige grond; hij heeft niet veel water of mest nodig.   <\/p>\n\n\n\n<p class=\"wp-block-paragraph\"><br\/>Irissen stellen een zonnige standplaats bijzonder op prijs en zijn de ideale plant om langs een zeer warme muur te planten.<br\/>Vanaf mei bloeien er honderden irissen in Bouzy!<\/p>\n<\/div>\n<\/div>\n<\/section>\n\n<section style=\"background-image:url(&apos;https:\/\/tourisme-en-champagne.com\/assets\/uploads\/2025\/08\/fleur-de-la-marnech-guillaume-collcdt-marne-4.png&apos;);background-position:50% 50%;background-size:cover;background-attachment:scroll;\" class=\"wp-block-group alignfull pattern-text-50-left-background has-base-color has-text-color has-link-color wp-elements-5a86c0342910732dc5aedaf03d7887f4 has-global-padding is-layout-constrained wp-block-group-is-layout-constrained has-background\">\n<div class=\"wp-block-columns is-layout-flex wp-container-core-columns-is-layout-fdcf44e1 wp-block-columns-is-layout-flex\">\n<div class=\"wp-block-column is-layout-flow wp-block-column-is-layout-flow\">\n<h2 class=\"wp-block-heading\"><strong>De roos van Marne<\/strong><\/h2>\n\n\n\n<hr class=\"wp-block-separator has-text-color has-base-color has-alpha-channel-opacity has-base-background-color has-background\"\/>\n\n\n\n<p class=\"wp-block-paragraph\">In 1915 werd de &#8220;La Marne&#8221; roos gecre\u00eberd door de rozenkweker Barbier uit Orl\u00e9ans. Deze roos is een eerbetoon aan de Franse soldaten die op 6 september 1914 zegevierden in de 1e Slag om de Marne. <br\/><br\/>Het glanzende, ziektevrije donkergroene blad en de halfgevulde, remontante, dieproze bloemen met wit hart zijn een echte blikvanger.<\/p>\n\n\n\n<p class=\"wp-block-paragraph\">Geleidelijk aan verminderde de tijd zijn kwaliteiten en uiteindelijk verdween deze roos uit kwekerijen. In 1995 bewonderde Edith Brochet Lanvin, een kweker in Nanteuil la For\u00eat en specialist in oude rozen, deze roos, gefotografeerd op een Californische begraafplaats, in een boek. Na wat onderzoek slaagde ze erin om hem te vinden in de rozentuin van Haye les Roses en hem met succes te enten om hem aan te passen aan de bodem van de Marne.  <\/p>\n\n\n\n<p class=\"wp-block-paragraph\">Sindsdien is het het symbool van het departement Marne, dat sinds 1997 de &#8220;Troph\u00e9e National du D\u00e9partement Fleuri&#8221; houdt.<\/p>\n<\/div>\n\n\n\n<div class=\"wp-block-column is-layout-flow wp-block-column-is-layout-flow\"><\/div>\n<\/div>\n<\/section>\n\n<section class=\"wp-block-group alignfull pattern-text-50-media-50 has-global-padding is-layout-constrained wp-block-group-is-layout-constrained\">\n<div class=\"wp-block-columns is-layout-flex wp-container-core-columns-is-layout-63fbf5b9 wp-block-columns-is-layout-flex\">\n<div class=\"wp-block-column is-layout-flow wp-block-column-is-layout-flow\">\n<figure class=\"wp-block-image size-full\"><img loading=\"lazy\" decoding=\"async\" width=\"485\" height=\"600\" src=\"https:\/\/tourisme-en-champagne.com\/assets\/uploads\/2025\/08\/orchi-0.png\" alt=\"Champagne-orchidee\" class=\"wp-image-16344\" title=\"\" srcset=\"https:\/\/tourisme-en-champagne.com\/assets\/uploads\/2025\/08\/orchi-0.png 485w, https:\/\/tourisme-en-champagne.com\/assets\/uploads\/2025\/08\/orchi-0-400x495.png 400w\" sizes=\"auto, (max-width: 485px) 100vw, 485px\" \/><\/figure>\n<\/div>\n\n\n\n<div class=\"wp-block-column is-layout-flow wp-block-column-is-layout-flow\">\n<h2 class=\"wp-block-heading\"><strong>Les Orchid\u00e9e de Champagne<\/strong><\/h2>\n\n\n\n<hr class=\"wp-block-separator has-text-color has-grey-color has-alpha-channel-opacity has-grey-background-color has-background\"\/>\n\n\n\n<h3 class=\"wp-block-heading\">Lorem ipsum dolor sit amet<\/h3>\n\n\n\n<p class=\"wp-block-paragraph\">Champagne-Ardenne is bijzonder rijk aan orchidee\u00ebn, met een vijftigtal soorten die nieuwsgierige wandelaars kunnen bewonderen, van de moerasorchis tot de verbrande orchis van kalkgrasland.<\/p>\n\n\n\n<p class=\"wp-block-paragraph\">Orchidee\u00ebn leven over het algemeen op arme, droge, kalkhoudende grond. Maar ze kunnen ook gevonden worden in vochtige, zure bodems. In onze regio bloeien ze voornamelijk van april tot juni.  <\/p>\n\n\n\n<p class=\"wp-block-paragraph\">Het Parc Naturel R\u00e9gional du Montagne de Reims biedt rondleidingen aan om deze kwetsbare plant in zijn natuurlijke omgeving te bekijken.<\/p>\n<\/div>\n<\/div>\n<\/section>\n\n<section style=\"background-image:url(&apos;https:\/\/tourisme-en-champagne.com\/assets\/uploads\/2025\/08\/fleur-de-la-marnech-guillaume-collcdt-marne-1.png&apos;);background-position:50% 50%;background-size:cover;background-attachment:scroll;\" class=\"wp-block-group alignfull pattern-text-50-right-background has-base-color has-text-color has-link-color wp-elements-67533a805f7c530655a1cfd94741c509 has-global-padding is-layout-constrained wp-block-group-is-layout-constrained has-background\">\n<div class=\"wp-block-columns is-layout-flex wp-container-core-columns-is-layout-fdcf44e1 wp-block-columns-is-layout-flex\">\n<div class=\"wp-block-column is-layout-flow wp-block-column-is-layout-flow\"><\/div>\n\n\n\n<div class=\"wp-block-column is-layout-flow wp-block-column-is-layout-flow\">\n<h2 class=\"wp-block-heading\"><strong>De pioenroos<\/strong><\/h2>\n\n\n\n<hr class=\"wp-block-separator has-alpha-channel-opacity\"\/>\n\n\n\n<p class=\"wp-block-paragraph\">De<strong>&#8220;Victoire de la Marne<\/strong>&#8221; pioen werd gecre\u00eberd tijdens de Grote Oorlog als eerbetoon aan de gevechten in 1914.<\/p>\n\n\n\n<p class=\"wp-block-paragraph\">Deze winterharde, robuuste dubbele pioenroos is goed afgerond en licht frambozenrood van kleur. De bloemen worden steeds spectaculairder naarmate de jaren verstrijken.<\/p>\n\n\n\n<p class=\"wp-block-paragraph\">Het is verkrijgbaar bij de Jardin Botanique de la Presle.  <\/p>\n<\/div>\n<\/div>\n<\/section>\n\n<section class=\"wp-block-group alignfull pattern-text has-middleground-background-color has-background has-global-padding is-content-justification-center is-layout-constrained wp-block-group-is-layout-constrained\">\n<div class=\"wp-block-columns is-layout-flex wp-container-core-columns-is-layout-fdcf44e1 wp-block-columns-is-layout-flex\">\n<div class=\"wp-block-column is-layout-flow wp-block-column-is-layout-flow\">\n<h2 class=\"wp-block-heading\"><strong>Oude fruitbomen<\/strong><\/h2>\n\n\n\n<hr class=\"wp-block-separator has-text-color has-grey-color has-alpha-channel-opacity has-grey-background-color has-background\"\/>\n\n\n\n<p class=\"has-text-align-left wp-block-paragraph\">70 oude fruitboomvari\u00ebteiten uit de streek van Argonne, ooit beroemd om zijn cider, zijn te bezichtigen in Noirlieu in het GAEC des p\u00e9pini\u00e8res Defontaine. &#8220;Pomme d&#8217;api, chr\u00e9tien rouge, court pendu, p\u00e9pin sonnant&#8221; &#8211; de oudgedienden hadden veel gevoel voor humor bij het benoemen van de nieuwe vari\u00ebteiten. De smaak voor authenticiteit komt voort uit diversiteit en het hele team van de kwekerij haalt hier enorme persoonlijke voldoening uit.  <\/p>\n\n\n\n<p class=\"has-text-align-left wp-block-paragraph\">Het is ook een gerenommeerd fruitconservatorium, erkend door de Conseil D\u00e9partemental de la Mar<\/p>\n<\/div>\n<\/div>\n<\/section>\n\n<section class=\"wp-block-group alignfull pattern-text has-middleground-background-color has-background has-global-padding is-content-justification-center is-layout-constrained wp-block-group-is-layout-constrained\" style=\"padding-top:0\">\n<div class=\"wp-block-columns is-layout-flex wp-container-core-columns-is-layout-fdcf44e1 wp-block-columns-is-layout-flex\">\n<div class=\"wp-block-column is-layout-flow wp-block-column-is-layout-flow\">\n<h2 class=\"wp-block-heading\"><strong>Magnum Ros\u00e9<\/strong><\/h2>\n\n\n\n<hr class=\"wp-block-separator has-text-color has-grey-color has-alpha-channel-opacity has-grey-background-color has-background\"\/>\n\n\n\n<p class=\"has-text-align-left wp-block-paragraph\">De Spir\u00e9e Magnum Ros\u00e9 is een uniek exemplaar dat uit zaad is geboren en is afgeleid van een Japanse Spirea die normaal gesproken minder dan 1 m hoog is. Het is een reus die elegantie naar het hoogste niveau tilt: 2,30 meter.<\/p>\n<\/div>\n<\/div>\n<\/section>\n\n<section style=\"background-image:url(&apos;https:\/\/tourisme-en-champagne.com\/assets\/uploads\/2025\/08\/hortensia-marnecp-deseze-coll-adt-marne.jpg&apos;);background-position:50% 50%;background-size:cover;background-attachment:scroll;\" class=\"wp-block-group alignfull pattern-text-50-left-background has-base-color has-text-color has-link-color wp-elements-a4f5c852e3195ac31dbca44e0ca9b5d2 has-global-padding is-layout-constrained wp-block-group-is-layout-constrained has-background\">\n<div class=\"wp-block-columns is-layout-flex wp-container-core-columns-is-layout-fdcf44e1 wp-block-columns-is-layout-flex\">\n<div class=\"wp-block-column is-layout-flow wp-block-column-is-layout-flow\">\n<h2 class=\"wp-block-heading\"><strong>De<strong>Marne<\/strong> hortensia<\/strong><\/h2>\n\n\n\n<hr class=\"wp-block-separator has-text-color has-base-color has-alpha-channel-opacity has-base-background-color has-background\"\/>\n\n\n\n<p class=\"wp-block-paragraph\">Een Belle Epoque vari\u00ebteit, gecre\u00eberd door E. Mouli\u00e8re in 1917 als eerbetoon aan de gevechten in de Grote Oorlog.<\/p>\n\n\n\n<p class=\"wp-block-paragraph\">Deze hortensiasoort, met zijn dikke, stevige stengels, draagt enorme bollen met grillige bloemen in verfijnde, zeldzame halftinten vari\u00ebrend van mauve-roze tot blauw, afhankelijk van de grond.  <\/p>\n\n\n\n<p class=\"wp-block-paragraph\">Het is verkrijgbaar bij de Jardin Botanique de la Presle.<\/p>\n<\/div>\n\n\n\n<div class=\"wp-block-column is-layout-flow wp-block-column-is-layout-flow\"><\/div>\n<\/div>\n<\/section>\n\n<section class=\"wp-block-group alignfull pattern-playlist-grid has-global-padding is-layout-constrained wp-block-group-is-layout-constrained\">\n<h2 class=\"wp-block-heading has-text-align-center\"><strong>Selectie van uitjes<\/strong><\/h2>\n\n\n\n<hr class=\"wp-block-separator has-text-color has-accent-3-color has-alpha-channel-opacity has-accent-3-background-color has-background\"\/>\n\n\n\n<p class=\"has-text-align-center wp-block-paragraph\">Ontdek meer over bomen, planten en tuinen&#8230;<\/p>\n\n\n\t\t\t<div class=\"fsgb-block-playlist playlist-grid is-style-grid\"  style=\"margin-top:var(--wp--preset--spacing--x-large);\">\n\t\t\t\t\n\t\t\t\n\t\t\t<div class=\"swiper swiperPlaylistGrid\">\n\n\t\t\t\t<div class=\"swiper-wrapper posts-count-1\">\n\t\t\t\t\t\t\t\t\t\t\t\t\t\t\t\t\t<div class=\"swiper-slide lonely-swiper-slide\">\n\t\t\t\t\t\t\t\n<article class=\"card card--activite stretched-link\" data-id=\"31679\" data-post-id-sync-map=\"31679\" >\n\t\n\t\t\n\t\t\t\t<div class=\"card__thumbnail has-middleground-background-color stack\">\n\t\t\t<img decoding=\"async\" width=\"2048\" src=\"https:\/\/cdt51.media.tourinsoft.eu\/upload\/Fau-de-Verzy.jpg\" class=\"attachment- size-\" alt=\"Les Faux de Verzy\" srcset=\"https:\/\/cdt51.media.tourinsoft.eu\/upload\/Fau-de-Verzy.jpg?width=400 400w, https:\/\/cdt51.media.tourinsoft.eu\/upload\/Fau-de-Verzy.jpg?width=640 640w, https:\/\/cdt51.media.tourinsoft.eu\/upload\/Fau-de-Verzy.jpg?width=768 768w, https:\/\/cdt51.media.tourinsoft.eu\/upload\/Fau-de-Verzy.jpg?width=1280 1280w, https:\/\/cdt51.media.tourinsoft.eu\/upload\/Fau-de-Verzy.jpg?width=1536&amp;height=1536 1536w, https:\/\/cdt51.media.tourinsoft.eu\/upload\/Fau-de-Verzy.jpg?width=2048&amp;height=2048 2048w\" sizes=\"(max-width: 2048px) 100vw, 2048px\" title=\"\">\t\t<\/div>\n\t\n\t\t<div class=\"card__content\">\n\t\t\t\n\t\t\t\t\t\t\t\t\t\n\t\t\t\t\t\t\t\t\t\n\t\t\t\t\t\t<h3 class=\"title wp-block-heading is-style-h3\">\n\t\t\t\t<a href=\"https:\/\/tourisme-en-champagne.com\/nl\/activite\/les-faux-de-verzy\/\" target=\"_blank\">Les Faux de Verzy<\/a>\t\t\t\t\t\t\t<\/h3>\n\t\t\t\n\t\t\t\t\t\t\t\t\t\n\t\t\t\t\t\t<div class=\"underlined\"><\/div>\n\t\t\n\t\t\t\t\t\t\t\t\t\t<div class=\"location\">\n\t\t\t\t\tVerzy\t\t\t\t<\/div>\n\t\t\t\t\t\t\n\t\t\t\t\t\t\t\t\t\n\t\t\t\t\t\t\t\t\t\n\t\t\t\t\t\t\t\t\t\n\t\t\t\t\t\t\t\t\t\t<div class=\"descriptif\">Wij geloven dat ze er recht uit van een fee Broceliande!\rMet hun kronkelende takken, soms slank, &#8230;<\/div>\n\t\t\t\t\n\t\t\t\t\t\t\t\t\t\t\t\t\t\t\t\t\n\t\t\t\t\t\t\t\t\t\t<div class=\"wp-block-button\">\n\t\t\t\t\t<a class=\"wp-element-button rounded\" href=\"https:\/\/tourisme-en-champagne.com\/nl\/activite\/les-faux-de-verzy\/\" target=\"_blank\"\n\t\t\t\t\t\taria-label=\"Meer weten over Les Faux de Verzy\">Lees verder<\/a>\n\t\t\t\t<\/div>\n\t\t\t \n\t\t<\/div>\n\t\t\n\n\t\t<\/article>\n\n\t\t\t\t\t\t<\/div>\n\t\t\t\t\t\t\t\t\t\t\t\t\t\t<\/div>\n\t\t\t\t\n\t\t\t\t<div class=\"swiper-buttons\">\n\t\t\t\t\t<div class=\"swiper-button-prev\"><\/div>\n\t\t\t\t\t<div class=\"swiper-button-next\"><\/div>\n\t\t\t\t<\/div>\n\t\t\t<\/div>\n\t\t<\/div>\n\t\n<\/section>\n","protected":false},"excerpt":{"rendered":"<p>Onze opmerkelijke planten De Champagne heeft een rijke biodiversiteit aan natuurlijke habitats. Er zijn meer dan 4.000 soorten ge\u00efdentificeerd in de natuurgebieden van ecologisch, faunistisch en floristisch belang. Bossen, parken en tuinen herbergen vari\u00ebteiten die specifiek zijn voor de Marne. De beroemde &#8220;Faux de Verzy&#8221; in het hart van de Montagne de Reims ligt naast [&hellip;]<\/p>\n","protected":false},"author":2,"featured_media":16330,"parent":21254,"menu_order":0,"comment_status":"closed","ping_status":"closed","template":"templates\/editorial-content.php","meta":{"_acf_changed":false,"footnotes":"","_links_to":"","_links_to_target":""},"class_list":["post-19189","page","type-page","status-publish","has-post-thumbnail","hentry"],"acf":[],"_links":{"self":[{"href":"https:\/\/tourisme-en-champagne.com\/nl\/wp-json\/wp\/v2\/pages\/19189","targetHints":{"allow":["GET"]}}],"collection":[{"href":"https:\/\/tourisme-en-champagne.com\/nl\/wp-json\/wp\/v2\/pages"}],"about":[{"href":"https:\/\/tourisme-en-champagne.com\/nl\/wp-json\/wp\/v2\/types\/page"}],"author":[{"embeddable":true,"href":"https:\/\/tourisme-en-champagne.com\/nl\/wp-json\/wp\/v2\/users\/2"}],"replies":[{"embeddable":true,"href":"https:\/\/tourisme-en-champagne.com\/nl\/wp-json\/wp\/v2\/comments?post=19189"}],"version-history":[{"count":1,"href":"https:\/\/tourisme-en-champagne.com\/nl\/wp-json\/wp\/v2\/pages\/19189\/revisions"}],"predecessor-version":[{"id":19191,"href":"https:\/\/tourisme-en-champagne.com\/nl\/wp-json\/wp\/v2\/pages\/19189\/revisions\/19191"}],"up":[{"embeddable":true,"href":"https:\/\/tourisme-en-champagne.com\/nl\/wp-json\/wp\/v2\/pages\/21254"}],"wp:featuredmedia":[{"embeddable":true,"href":"https:\/\/tourisme-en-champagne.com\/nl\/wp-json\/wp\/v2\/media\/16330"}],"wp:attachment":[{"href":"https:\/\/tourisme-en-champagne.com\/nl\/wp-json\/wp\/v2\/media?parent=19189"}],"curies":[{"name":"wp","href":"https:\/\/api.w.org\/{rel}","templated":true}]}}