{"id":24890,"date":"2026-07-17T14:21:53","date_gmt":"2026-07-17T12:21:53","guid":{"rendered":"https:\/\/tourisme-en-champagne.com\/?page_id=24890"},"modified":"2026-07-17T14:21:58","modified_gmt":"2026-07-17T12:21:58","slug":"sezanne-y-sus-alrededores","status":"publish","type":"page","link":"https:\/\/tourisme-en-champagne.com\/es\/descubre\/sezanne-y-sus-alrededores\/","title":{"rendered":"S\u00e9zanne y sus alrededores"},"content":{"rendered":"\n<p class=\"has-text-align-left wp-block-paragraph\"><em><strong>\u00abDes chemins de randonn\u00e9e aux villages de caract\u00e8re, des \u00e9glises romanes aux coteaux viticoles, partez \u00e0 la d\u00e9couverte d\u2019un territoire confidentiel o\u00f9 la nature, le patrimoine et les paysages de Champagne se rencontrent.\u00bb<\/strong><\/em><\/p>\n\n<section class=\"wp-block-group alignfull pattern-patchwork-3-texts-3-images has-global-padding is-layout-constrained wp-block-group-is-layout-constrained\">\n<div class=\"wp-block-columns is-layout-flex wp-container-core-columns-is-layout-63fbf5b9 wp-block-columns-is-layout-flex\">\n<div class=\"wp-block-column col-content is-layout-flow wp-block-column-is-layout-flow\" style=\"flex-basis:66.6%\">\n<h2 class=\"wp-block-heading\">Une zone humide exceptionnelle<\/h2>\n\n\n\n<hr class=\"wp-block-separator has-text-color has-accent-1-color has-alpha-channel-opacity has-accent-1-background-color has-background\"\/>\n\n\n\n<h3 class=\"wp-block-heading has-accent-1-color has-text-color has-link-color wp-elements-d5bd626bdecf256ed73ea638f247a511\">Class\u00e9 Natura 2000<\/h3>\n\n\n\n<p class=\"wp-block-paragraph\">Au sud-ouest de la Marne, les marais de Saint-Gond d\u00e9voilent un paysage inattendu. Form\u00e9e il y a pr\u00e8s de 10 000 ans, cette <strong>vaste tourbi\u00e8re<\/strong> compose une mosa\u00efque de milieux naturels o\u00f9 se c\u00f4toient marais, \u00e9tangs, roseli\u00e8res, prairies humides, pelouses s\u00e8ches et boisements. Un pr\u00e9cieux refuge pour une <strong>faune<\/strong> et une <strong>flore<\/strong> remarquables !<\/p>\n\n\n\n<div class=\"wp-block-buttons is-layout-flex wp-block-buttons-is-layout-flex\">\n<div class=\"wp-block-button\"><a class=\"wp-block-button__link wp-element-button\" href=\"https:\/\/www.fdc51.com\/wp-content\/uploads\/2025\/04\/INFOSITE_LE_MARAIS_DE_SAINT_GOND.pdf\" target=\"_blank\" rel=\"noreferrer noopener\">En savoir plus<\/a><\/div>\n<\/div>\n<\/div>\n\n\n\n<div class=\"wp-block-column is-layout-flow wp-block-column-is-layout-flow\">\n<figure class=\"wp-block-image size-large\"><img loading=\"lazy\" decoding=\"async\" width=\"1280\" height=\"1836\" src=\"https:\/\/tourisme-en-champagne.com\/assets\/uploads\/2026\/07\/capture-decran-2026-07-16-a-140329-1280x1836.png\" alt=\"\" class=\"wp-image-24833\" title=\"\" srcset=\"https:\/\/tourisme-en-champagne.com\/assets\/uploads\/2026\/07\/capture-decran-2026-07-16-a-140329-1280x1836.png 1280w, https:\/\/tourisme-en-champagne.com\/assets\/uploads\/2026\/07\/capture-decran-2026-07-16-a-140329-640x918.png 640w, https:\/\/tourisme-en-champagne.com\/assets\/uploads\/2026\/07\/capture-decran-2026-07-16-a-140329-400x574.png 400w, https:\/\/tourisme-en-champagne.com\/assets\/uploads\/2026\/07\/capture-decran-2026-07-16-a-140329-768x1102.png 768w, https:\/\/tourisme-en-champagne.com\/assets\/uploads\/2026\/07\/capture-decran-2026-07-16-a-140329-1071x1536.png 1071w, https:\/\/tourisme-en-champagne.com\/assets\/uploads\/2026\/07\/capture-decran-2026-07-16-a-140329-scaled.png 1428w\" sizes=\"auto, (max-width: 1280px) 100vw, 1280px\" \/><\/figure>\n\n\n\n<h2 class=\"wp-block-heading\"><strong>Les l\u00e9gendes des marais<\/strong><\/h2>\n\n\n\n<hr class=\"wp-block-separator has-text-color has-accent-1-color has-alpha-channel-opacity has-accent-1-background-color has-background\"\/>\n\n\n\n<p class=\"wp-block-paragraph\">Plus d\u2019une <strong>vingtaine de l\u00e9gendes <\/strong>peuplent les marais de Saint-Gond, mettant en sc\u00e8ne des personnages, des animaux et des lieux myst\u00e9rieux.<\/p>\n\n\n\n<p class=\"wp-block-paragraph\">La plus c\u00e9l\u00e8bre raconte qu\u2019 <strong>Attila<\/strong> et ses hordes auraient travers\u00e9 les marais \u00e0 cheval apr\u00e8s avoir ravag\u00e9 la r\u00e9gion. Sous le poids des sabots, les roseaux se seraient courb\u00e9s, et le <strong>casque<\/strong> d\u2019or et de pierres pr\u00e9cieuses aurait disparu dans les profondeurs du marais\u2026<\/p>\n<\/div>\n\n\n\n<div class=\"wp-block-column is-layout-flow wp-block-column-is-layout-flow\">\n<figure class=\"wp-block-image size-full\"><img decoding=\"async\" src=\"https:\/\/tourisme-en-champagne.com\/assets\/uploads\/2026\/07\/sentier-des-rainettes-reuves-e-vidal-coll-adt-marne-30-1224x816-1.jpg\" alt=\"\" class=\"wp-image-24855\" title=\"\"><\/figure>\n\n\n\n<div class=\"wp-block-group col-content has-global-padding is-layout-constrained wp-block-group-is-layout-constrained\">\n<h2 class=\"wp-block-heading\"><strong>Un r\u00e9servoir de bio-diversit\u00e9<\/strong><\/h2>\n\n\n\n<hr class=\"wp-block-separator has-text-color has-accent-1-color has-alpha-channel-opacity has-accent-1-background-color has-background\"\/>\n\n\n\n<p class=\"wp-block-paragraph\">Les marais de St Gond abritent plus de <strong>385 esp\u00e8ces v\u00e9g\u00e9tales <\/strong>dont 43 sont rares et menac\u00e9es de disparition.<\/p>\n\n\n\n<p class=\"wp-block-paragraph\"><br\/>Cette vaste tourbi\u00e8re accueille \u00e9galement une faune aussi riche que remarquable. On y observe notamment de nombreux amphibiens, comme le <strong>Triton cr\u00eat\u00e9<\/strong> et la <strong>Rainette arboricole<\/strong>, ainsi qu\u2019une grande diversit\u00e9 d\u2019insectes : papillons, criquets, libellules\u2026<\/p>\n\n\n\n<figure class=\"wp-block-image size-full\"><img loading=\"lazy\" decoding=\"async\" width=\"688\" height=\"918\" src=\"https:\/\/tourisme-en-champagne.com\/assets\/uploads\/2026\/07\/sentier-des-rainettes-reuves-e-vidal-coll-adt-marne-32-688x918-1.jpg\" alt=\"\" class=\"wp-image-24823\" title=\"\" srcset=\"https:\/\/tourisme-en-champagne.com\/assets\/uploads\/2026\/07\/sentier-des-rainettes-reuves-e-vidal-coll-adt-marne-32-688x918-1.jpg 688w, https:\/\/tourisme-en-champagne.com\/assets\/uploads\/2026\/07\/sentier-des-rainettes-reuves-e-vidal-coll-adt-marne-32-688x918-1-640x854.jpg 640w, https:\/\/tourisme-en-champagne.com\/assets\/uploads\/2026\/07\/sentier-des-rainettes-reuves-e-vidal-coll-adt-marne-32-688x918-1-400x534.jpg 400w\" sizes=\"auto, (max-width: 688px) 100vw, 688px\" \/><\/figure>\n<\/div>\n<\/div>\n<\/div>\n<\/section>\n\n<section class=\"wp-block-group alignfull pattern-text-33-media-66 has-middleground-background-color has-background has-global-padding is-layout-constrained wp-block-group-is-layout-constrained\">\n<div class=\"wp-block-columns is-layout-flex wp-container-core-columns-is-layout-63fbf5b9 wp-block-columns-is-layout-flex\">\n<div class=\"wp-block-column col-content is-layout-flow wp-block-column-is-layout-flow\" style=\"flex-basis:50%\">\n<h2 class=\"wp-block-heading has-grey-color has-text-color has-link-color wp-elements-f47b0d480643a9dac4271d3f6d4363ba\"><strong>Promenades &amp; randonn\u00e9es<\/strong><\/h2>\n\n\n\n<hr class=\"wp-block-separator has-text-color has-grey-color has-alpha-channel-opacity has-grey-background-color has-background\"\/>\n\n\n\n<p class=\"wp-block-paragraph\">A <strong>Reuves<\/strong>, la rainette verte chante \u00e0 tue-t\u00eate, le triton cr\u00eat\u00e9 nage le dos crawl\u00e9, papillons et libellules tiennent conciliabule&#8230; Ce tableau n&#8217;est pas tir\u00e9 d&#8217;une histoire enfantine mais est bel et bien visible aux <strong>marais de Saint Gond<\/strong>.<\/p>\n\n\n\n<p class=\"wp-block-paragraph\">Dans ce lieu \u00e9tonnant, de nombreuses esp\u00e8ces v\u00e9g\u00e9tales et animales menac\u00e9es en France de disparition, ont en effet trouv\u00e9 abris. Au d\u00e9part de Reuves, un <strong>sentier nature<\/strong> permet de s&#8217;impr\u00e9gner du site.<\/p>\n\n\n\n<p class=\"wp-block-paragraph\">Des <strong>panneaux p\u00e9dagogiques <\/strong>amusants permettent de d\u00e9couvrir la faune et la flore en jouant aux devinettes. A faire<strong> en famille<\/strong> et avec des bottes sans s&#8217;\u00e9carter du chemin balis\u00e9 (du 1er avril au 30 ao\u00fbt).<\/p>\n\n\n\n<div class=\"wp-block-buttons is-layout-flex wp-block-buttons-is-layout-flex\">\n<div class=\"wp-block-button\"><a class=\"wp-block-button__link wp-element-button\" href=\"https:\/\/www.cirkwi.com\/fr\/circuit\/84526-circuit-des-rainettes\" target=\"_blank\" rel=\"noreferrer noopener\">CIRCUIT DES RAINETTES<\/a><\/div>\n<\/div>\n<\/div>\n\n\n\n<div class=\"wp-block-column col-media is-layout-flow wp-block-column-is-layout-flow\" style=\"flex-basis:66.66%\">\n<figure class=\"wp-block-image size-full\"><img loading=\"lazy\" decoding=\"async\" width=\"600\" height=\"600\" src=\"https:\/\/tourisme-en-champagne.com\/assets\/uploads\/2026\/07\/maraistgond.jpg\" alt=\"\" class=\"wp-image-24781\" style=\"aspect-ratio:4\/3;object-fit:cover\" title=\"\" srcset=\"https:\/\/tourisme-en-champagne.com\/assets\/uploads\/2026\/07\/maraistgond.jpg 600w, https:\/\/tourisme-en-champagne.com\/assets\/uploads\/2026\/07\/maraistgond-400x400.jpg 400w\" sizes=\"auto, (max-width: 600px) 100vw, 600px\" \/><\/figure>\n<\/div>\n<\/div>\n<\/section>\n\n\t<div class=\"fsgb-block-link-mosaic is-style-bubbles\"  >\n\t\t\t\t\t\t\t\t\t\t\t\t<a href=\"http:\/\/cirkwi.com\/fr\/circuit\/123902-pr-121-boucle-des-marais-de-vert\" target=\"_blank\" rel=\"noopener\">\n\t\t\t\t\t\t\t\t\t\t\t<div class=\"thumbnail\"><img loading=\"lazy\" decoding=\"async\" width=\"150\" height=\"150\" src=\"https:\/\/tourisme-en-champagne.com\/assets\/uploads\/2025\/06\/rando-1.png\" class=\"attachment-thumbnail size-thumbnail\" alt=\"\" title=\"\"><\/div>\n\t\t\t\t\t\t\t\t\t\t\t\t\t\t\t<div class=\"text-link-title\">\n\t\t\t\t\t\t\t\t\t\t\t\t\t<h2 class=\"link-title\">Circuit p\u00e9destre -Boucle des marais<\/h2>\n\t\t\t\t\t\t\t\t\t\t\t\t\t\t\t\t\t<\/div>\n\t\t\t\t<\/a>\n\t\t\t\t\t\t\t\t\t\t\t\t\t\t<a href=\"https:\/\/www.calameo.com\/read\/007109647c1e9debe44dc\" target=\"_blank\" rel=\"noopener\">\n\t\t\t\t\t\t\t\t\t\t\t<div class=\"thumbnail\"><img loading=\"lazy\" decoding=\"async\" width=\"150\" height=\"150\" src=\"https:\/\/tourisme-en-champagne.com\/assets\/uploads\/2025\/06\/picto-livre-2.png\" class=\"attachment-thumbnail size-thumbnail\" alt=\"\" title=\"\"><\/div>\n\t\t\t\t\t\t\t\t\t\t\t\t\t\t\t<div class=\"text-link-title\">\n\t\t\t\t\t\t\t\t\t\t\t\t\t<h2 class=\"link-title\">Carte des marais<\/h2>\n\t\t\t\t\t\t\t\t\t\t\t\t\t\t\t\t\t<\/div>\n\t\t\t\t<\/a>\n\t\t\t\t\t\t\t\t\t\t\t\t\t\t<a href=\"http:\/\/cirkwi.com\/fr\/circuit\/43953-les-marais-de-saint-gond-depuis-chalons-en-champagne\" target=\"_blank\" rel=\"noopener\">\n\t\t\t\t\t\t\t\t\t\t\t<div class=\"thumbnail\"><img loading=\"lazy\" decoding=\"async\" width=\"150\" height=\"150\" src=\"https:\/\/tourisme-en-champagne.com\/assets\/uploads\/2025\/06\/velo.png\" class=\"attachment-thumbnail size-thumbnail\" alt=\"\" title=\"\"><\/div>\n\t\t\t\t\t\t\t\t\t\t\t\t\t\t\t<div class=\"text-link-title\">\n\t\t\t\t\t\t\t\t\t\t\t\t\t<h2 class=\"link-title\">Circuit v\u00e9lo au d\u00e9part de Ch\u00e2lons-en-Champagne<\/h2>\n\t\t\t\t\t\t\t\t\t\t\t\t\t\t\t\t\t<\/div>\n\t\t\t\t<\/a>\n\t\t\t\t\t\t\t\t\t\t\t\n\t<\/div>\n\n\n<section class=\"wp-block-group alignfull pattern-text-33-media-66 has-middleground-background-color has-background has-global-padding is-layout-constrained wp-block-group-is-layout-constrained\">\n<div class=\"wp-block-columns is-layout-flex wp-container-core-columns-is-layout-63fbf5b9 wp-block-columns-is-layout-flex\">\n<div class=\"wp-block-column col-media is-layout-flow wp-block-column-is-layout-flow\" style=\"flex-basis:66.66%\">\n<figure class=\"wp-block-embed is-type-video is-provider-youtube wp-block-embed-youtube wp-embed-aspect-16-9 wp-has-aspect-ratio\"><div class=\"wp-block-embed__wrapper\">\n<iframe loading=\"lazy\" title=\"Partez \u00e0 la d\u00e9couverte des Marais de Saint Gond\" width=\"500\" height=\"281\" src=\"https:\/\/www.youtube.com\/embed\/TrLv3i7UdOY?feature=oembed\" frameborder=\"0\" allow=\"accelerometer; autoplay; clipboard-write; encrypted-media; gyroscope; picture-in-picture; web-share\" referrerpolicy=\"strict-origin-when-cross-origin\" allowfullscreen><\/iframe>\n<\/div><\/figure>\n<\/div>\n\n\n\n<div class=\"wp-block-column col-content is-layout-flow wp-block-column-is-layout-flow\" style=\"flex-basis:50%\">\n<h2 class=\"wp-block-heading has-grey-color has-text-color has-link-color wp-elements-7656612b56ae65a984ad9a4e8e9ec7d6\">Sur les traces de l&#8217;histoire<\/h2>\n\n\n\n<hr class=\"wp-block-separator has-text-color has-grey-color has-alpha-channel-opacity has-grey-background-color has-background\"\/>\n\n\n\n<p class=\"wp-block-paragraph\">Les marais de Saint-Gond sont aussi une terre d\u2019histoire. Occup\u00e9 depuis la Pr\u00e9histoire, le territoire conserve de nombreux t\u00e9moignages du <strong>N\u00e9olithique<\/strong>, parmi lesquels des hypog\u00e9es, des mini\u00e8res de silex, des menhirs et des all\u00e9es couvertes. <\/p>\n\n\n\n<p class=\"wp-block-paragraph\">Ils ont \u00e9galement jou\u00e9 un r\u00f4le strat\u00e9gique lors de la <strong>Campagne de France de 1814<\/strong>, puis pendant la Premi\u00e8re Bataille de la Marne en septembre 1914, dont le <a href=\"https:\/\/tourisme-en-champagne.com\/es\/actividades-y-visitas\/cultura-y-patrimonio\/lugares-conmemorativos\/el-marne-en-la-gran-guerra\/\" data-type=\"page\" data-id=\"15688\">monument national de Mondement<\/a> perp\u00e9tue aujourd\u2019hui la m\u00e9moire.<br\/><\/p>\n<\/div>\n<\/div>\n<\/section>\n\n<section class=\"wp-block-group alignfull pattern-text has-middleground-background-color has-background has-global-padding is-content-justification-center is-layout-constrained wp-block-group-is-layout-constrained\">\n<div class=\"wp-block-columns is-layout-flex wp-container-core-columns-is-layout-fdcf44e1 wp-block-columns-is-layout-flex\">\n<div class=\"wp-block-column is-layout-flow wp-block-column-is-layout-flow\">\n<h2 class=\"wp-block-heading\"><strong>Tus contactos  <\/strong><\/h2>\n\n\n\n<hr class=\"wp-block-separator has-text-color has-grey-color has-alpha-channel-opacity has-grey-background-color has-background\"\/>\n\n\n\n<ul class=\"wp-block-list\">\n<li><strong>OFFICE DE TOURISME DE S\u00c9ZANNE &#8211; PLACE DE LA R\u00c9PUBLIQUE &#8211; 51120 S\u00c9ZANNE &#8211; 03 26 80 54 13 &#8211; <a href=\"https:\/\/www.sezanne-tourisme.fr\/\" target=\"_blank\" data-type=\"link\" data-id=\"https:\/\/www.sezanne-tourisme.fr\/\" rel=\"noreferrer noopener\">WWW.SEZANNE-TOURISME.FR <\/a> <\/strong><\/li>\n\n\n\n<li><strong>OFICINA DE TURISMO DE MONTMIRAIL &#8211; 4 PLACE R\u00c9MY-PETIT &#8211; 51210 MONTMIRAIL &#8211; 03 26 81 40 05 &#8211; <a href=\"http:\/\/www.montmirail-tourisme.eu\/\" target=\"_blank\" data-type=\"link\" data-id=\"http:\/\/www.montmirail-tourisme.eu\/\" rel=\"noreferrer noopener\">WWW.MONTMIRAIL-TOURISME.EU<\/a><\/strong><\/li>\n\n\n\n<li><strong>OFFICE DE TOURISME DES PAYSAGES DE LA CHAMPAGNE \u2013\u00a0<a class=\"\" href=\"http:\/\/www.tourisme-paysages-champagne.com\/\" target=\"_blank\" rel=\"noreferrer noopener\">WWW.TOURISME-PAYSAGES-CHAMPAGNE.COM<\/a><\/strong><\/li>\n\n\n\n<li><strong>OFFICE DE TOURISME D\u2019EPERNAY \u2013 AVENUE DE CHAMPAGNE \u2013 03 26 53 33 00 \u2013\u00a0<a class=\"\" href=\"http:\/\/www.ot-epernay.fr\/\" target=\"_blank\" rel=\"noreferrer noopener\">WWW.OT-EPERNAY.FR<\/a><\/strong><\/li>\n<\/ul>\n<\/div>\n<\/div>\n<\/section>\n\n<section class=\"wp-block-group alignfull pattern-playlist-grid has-global-padding is-layout-constrained wp-block-group-is-layout-constrained\">\n<h2 class=\"wp-block-heading has-text-align-center\"><strong>Selecci\u00f3n de escapadas<\/strong><\/h2>\n\n\n\n<hr class=\"wp-block-separator has-text-color has-accent-3-color has-alpha-channel-opacity has-accent-3-background-color has-background\"\/>\n\n\n\n<p class=\"has-text-align-center wp-block-paragraph\">Quelques suggestions de visites pour d\u00e9couvrir les alentours le temps d&#8217;une balade ou d&#8217;un s\u00e9jour !<\/p>\n<\/section>\n\t\t\t<div class=\"fsgb-block-playlist playlist-grid is-style-grid\"  >\n\t\t\t\t\n\t\t\t\n\t\t\t<div class=\"swiper swiperPlaylistGrid\">\n\n\t\t\t\t<div class=\"swiper-wrapper posts-count-3\">\n\t\t\t\t\t\t\t\t\t\t\t\t\t\t\t\t\t<div class=\"swiper-slide \">\n\t\t\t\t\t\t\t\n<article class=\"card card--activite stretched-link\" data-id=\"30540\" data-post-id-sync-map=\"30540\" >\n\t\n\t\t\n\t\t\t\t<div class=\"card__thumbnail has-middleground-background-color stack\">\n\t\t\t<img decoding=\"async\" width=\"2048\" src=\"https:\/\/cdt51.media.tourinsoft.eu\/upload\/Mondement---Mathieu-Bonaventure--2--2.jpg\" class=\"attachment- size-\" alt=\"M\u00e9morial de la Premi\u00e8re bataille de la Marne  14-18\" srcset=\"https:\/\/cdt51.media.tourinsoft.eu\/upload\/Mondement---Mathieu-Bonaventure--2--2.jpg?width=400 400w, https:\/\/cdt51.media.tourinsoft.eu\/upload\/Mondement---Mathieu-Bonaventure--2--2.jpg?width=640 640w, https:\/\/cdt51.media.tourinsoft.eu\/upload\/Mondement---Mathieu-Bonaventure--2--2.jpg?width=768 768w, https:\/\/cdt51.media.tourinsoft.eu\/upload\/Mondement---Mathieu-Bonaventure--2--2.jpg?width=1280 1280w, https:\/\/cdt51.media.tourinsoft.eu\/upload\/Mondement---Mathieu-Bonaventure--2--2.jpg?width=1536&amp;height=1536 1536w, https:\/\/cdt51.media.tourinsoft.eu\/upload\/Mondement---Mathieu-Bonaventure--2--2.jpg?width=2048&amp;height=2048 2048w\" sizes=\"(max-width: 2048px) 100vw, 2048px\" title=\"\">\t\t<\/div>\n\t\n\t\t<div class=\"card__content\">\n\t\t\t\n\t\t\t\t\t\t\t\t\t\n\t\t\t\t\t\t\t\t\t\n\t\t\t\t\t\t<h3 class=\"title wp-block-heading is-style-h3\">\n\t\t\t\t<a href=\"https:\/\/tourisme-en-champagne.com\/es\/activite\/memorial-de-la-premiere-bataille-de-la-marne-14-18\/\" target=\"_blank\">M\u00e9morial de la Premi\u00e8re bataille de la Marne  14-18<\/a>\t\t\t\t\t\t\t<\/h3>\n\t\t\t\n\t\t\t\t\t\t\t\t\t\n\t\t\t\t\t\t<div class=\"underlined\"><\/div>\n\t\t\n\t\t\t\t\t\t\t\t\t\t<div class=\"location\">\n\t\t\t\t\tMondement-Montgivroux\t\t\t\t<\/div>\n\t\t\t\t\t\t\n\t\t\t\t\t\t\t\t\t\n\t\t\t\t\t\t\t\t\t\n\t\t\t\t\t\t\t\t\t\n\t\t\t\t\t\t\t\t\t\t<div class=\"descriptif\">El museo de historia recuerda los combates, presenta objetos y documentos que coinciden con la \u00e9p&#8230;<\/div>\n\t\t\t\t\n\t\t\t\t\t\t\t\t\t\t\t\t\t\t\t\t\n\t\t\t\t\t\t\t\t\t\t<div class=\"wp-block-button\">\n\t\t\t\t\t<a class=\"wp-element-button rounded\" href=\"https:\/\/tourisme-en-champagne.com\/es\/activite\/memorial-de-la-premiere-bataille-de-la-marne-14-18\/\" target=\"_blank\" aria-label=\"Saber m\u00e1s sobre M\u00e9morial de la Premi\u00e8re bataille de la Marne  14-18\">M\u00e1s informaci\u00f3n<\/a>\n\t\t\t\t<\/div>\n\t\t\t \n\t\t<\/div>\n\t\t\n\n\t\t<\/article>\n\n\t\t\t\t\t\t<\/div>\n\t\t\t\t\t\t\t\t\t\t\t\t\t\t\t\t\t<div class=\"swiper-slide \">\n\t\t\t\t\t\t\t\n<article class=\"card card--activite stretched-link\" data-id=\"30675\" data-post-id-sync-map=\"30675\" >\n\t\n\t\t\n\t\t\t\t<div class=\"card__thumbnail has-middleground-background-color stack\">\n\t\t\t<img decoding=\"async\" width=\"2048\" src=\"https:\/\/cdt51.media.tourinsoft.eu\/upload\/DSC02556.jpg\" class=\"attachment- size-\" alt=\"Parc du Ch\u00e2teau d&#8217;Etoges\" srcset=\"https:\/\/cdt51.media.tourinsoft.eu\/upload\/DSC02556.jpg?width=400 400w, https:\/\/cdt51.media.tourinsoft.eu\/upload\/DSC02556.jpg?width=640 640w, https:\/\/cdt51.media.tourinsoft.eu\/upload\/DSC02556.jpg?width=768 768w, https:\/\/cdt51.media.tourinsoft.eu\/upload\/DSC02556.jpg?width=1280 1280w, https:\/\/cdt51.media.tourinsoft.eu\/upload\/DSC02556.jpg?width=1536&amp;height=1536 1536w, https:\/\/cdt51.media.tourinsoft.eu\/upload\/DSC02556.jpg?width=2048&amp;height=2048 2048w\" sizes=\"(max-width: 2048px) 100vw, 2048px\" title=\"\">\t\t<\/div>\n\t\n\t\t<div class=\"card__content\">\n\t\t\t\n\t\t\t\t\t\t\t\t\t\n\t\t\t\t\t\t\t\t\t\n\t\t\t\t\t\t<h3 class=\"title wp-block-heading is-style-h3\">\n\t\t\t\t<a href=\"https:\/\/tourisme-en-champagne.com\/es\/activite\/parc-du-chateau-detoges\/\" target=\"_blank\">Parc du Ch\u00e2teau d&#8217;Etoges<\/a>\t\t\t\t\t\t\t<\/h3>\n\t\t\t\n\t\t\t\t\t\t\t\t\t\n\t\t\t\t\t\t<div class=\"underlined\"><\/div>\n\t\t\n\t\t\t\t\t\t\t\t\t\t<div class=\"location\">\n\t\t\t\t\tEtoges\t\t\t\t<\/div>\n\t\t\t\t\t\t\n\t\t\t\t\t\t\t\t\t\n\t\t\t\t\t\t\t\t\t\n\t\t\t\t\t\t\t\t\t\n\t\t\t\t\t\t\t\t\t\t<div class=\"descriptif\">Este castillo del siglo XVII est\u00e1 rodeada por un foso y un parque de 20 hect\u00e1reas. El jard\u00edn dela&#8230;<\/div>\n\t\t\t\t\n\t\t\t\t\t\t\t\t\t\t\t\t\t\t\t\t\n\t\t\t\t\t\t\t\t\t\t<div class=\"wp-block-button\">\n\t\t\t\t\t<a class=\"wp-element-button rounded\" href=\"https:\/\/tourisme-en-champagne.com\/es\/activite\/parc-du-chateau-detoges\/\" target=\"_blank\" aria-label=\"Saber m\u00e1s sobre Parc du Ch\u00e2teau d&#8217;Etoges\">M\u00e1s informaci\u00f3n<\/a>\n\t\t\t\t<\/div>\n\t\t\t \n\t\t<\/div>\n\t\t\n\n\t\t<\/article>\n\n\t\t\t\t\t\t<\/div>\n\t\t\t\t\t\t\t\t\t\t\t\t\t\t\t\t\t<div class=\"swiper-slide \">\n\t\t\t\t\t\t\t\n<article class=\"card card--activite stretched-link\" data-id=\"30444\" data-post-id-sync-map=\"30444\" >\n\t\n\t\t\n\t\t\t\t<div class=\"card__thumbnail has-middleground-background-color stack\">\n\t\t\t<img decoding=\"async\" width=\"2048\" src=\"https:\/\/cdt51.media.tourinsoft.eu\/upload\/7d19fe-ed5aa5d1c2d14044a8445ff5474239d2.png\" class=\"attachment- size-\" alt=\"Abbaye Notre Dame du Reclus\" srcset=\"https:\/\/cdt51.media.tourinsoft.eu\/upload\/7d19fe-ed5aa5d1c2d14044a8445ff5474239d2.png?width=400 400w, https:\/\/cdt51.media.tourinsoft.eu\/upload\/7d19fe-ed5aa5d1c2d14044a8445ff5474239d2.png?width=640 640w, https:\/\/cdt51.media.tourinsoft.eu\/upload\/7d19fe-ed5aa5d1c2d14044a8445ff5474239d2.png?width=768 768w, https:\/\/cdt51.media.tourinsoft.eu\/upload\/7d19fe-ed5aa5d1c2d14044a8445ff5474239d2.png?width=1280 1280w, https:\/\/cdt51.media.tourinsoft.eu\/upload\/7d19fe-ed5aa5d1c2d14044a8445ff5474239d2.png?width=1536&amp;height=1536 1536w, https:\/\/cdt51.media.tourinsoft.eu\/upload\/7d19fe-ed5aa5d1c2d14044a8445ff5474239d2.png?width=2048&amp;height=2048 2048w\" sizes=\"(max-width: 2048px) 100vw, 2048px\" title=\"\">\t\t<\/div>\n\t\n\t\t<div class=\"card__content\">\n\t\t\t\n\t\t\t\t\t\t\t\t\t\n\t\t\t\t\t\t\t\t\t\n\t\t\t\t\t\t<h3 class=\"title wp-block-heading is-style-h3\">\n\t\t\t\t<a href=\"https:\/\/tourisme-en-champagne.com\/es\/activite\/abbaye-notre-dame-du-reclus\/\" target=\"_blank\">Abbaye Notre Dame du Reclus<\/a>\t\t\t\t\t\t\t<\/h3>\n\t\t\t\n\t\t\t\t\t\t\t\t\t\n\t\t\t\t\t\t<div class=\"underlined\"><\/div>\n\t\t\n\t\t\t\t\t\t\t\t\t\t<div class=\"location\">\n\t\t\t\t\tTalus-Saint-Prix\t\t\t\t<\/div>\n\t\t\t\t\t\t\n\t\t\t\t\t\t\t\t\t\n\t\t\t\t\t\t\t\t\t\n\t\t\t\t\t\t\t\t\t\n\t\t\t\t\t\t\t\t\t\t<div class=\"descriptif\">En una zona verde relajante y conservado, Abad\u00eda cisterciense de Nuestra Se\u00f1ora reclusa fue funda&#8230;<\/div>\n\t\t\t\t\n\t\t\t\t\t\t\t\t\t\t\t\t\t\t\t\t\n\t\t\t\t\t\t\t\t\t\t<div class=\"wp-block-button\">\n\t\t\t\t\t<a class=\"wp-element-button rounded\" href=\"https:\/\/tourisme-en-champagne.com\/es\/activite\/abbaye-notre-dame-du-reclus\/\" target=\"_blank\" aria-label=\"Saber m\u00e1s sobre Abbaye Notre Dame du Reclus\">M\u00e1s informaci\u00f3n<\/a>\n\t\t\t\t<\/div>\n\t\t\t \n\t\t<\/div>\n\t\t\n\n\t\t<\/article>\n\n\t\t\t\t\t\t<\/div>\n\t\t\t\t\t\t\t\t\t\t\t\t\t\t<\/div>\n\t\t\t\t\n\t\t\t\t<div class=\"swiper-buttons\">\n\t\t\t\t\t<div class=\"swiper-button-prev\"><\/div>\n\t\t\t\t\t<div class=\"swiper-button-next\"><\/div>\n\t\t\t\t<\/div>\n\t\t\t<\/div>\n\t\t<\/div>\n\t\n","protected":false},"excerpt":{"rendered":"<p>\u00abDes chemins de randonn\u00e9e aux villages de caract\u00e8re, des \u00e9glises romanes aux coteaux viticoles, partez \u00e0 la d\u00e9couverte d\u2019un territoire confidentiel o\u00f9 la nature, le patrimoine et les paysages de Champagne se rencontrent.\u00bb Une zone humide exceptionnelle Class\u00e9 Natura 2000 Au sud-ouest de la Marne, les marais de Saint-Gond d\u00e9voilent un paysage inattendu. Form\u00e9e il [&hellip;]<\/p>\n","protected":false},"author":3,"featured_media":24909,"parent":21498,"menu_order":0,"comment_status":"closed","ping_status":"closed","template":"","meta":{"_acf_changed":false,"footnotes":"","_links_to":"","_links_to_target":""},"class_list":["post-24890","page","type-page","status-publish","has-post-thumbnail","hentry"],"acf":[],"_links":{"self":[{"href":"https:\/\/tourisme-en-champagne.com\/es\/wp-json\/wp\/v2\/pages\/24890","targetHints":{"allow":["GET"]}}],"collection":[{"href":"https:\/\/tourisme-en-champagne.com\/es\/wp-json\/wp\/v2\/pages"}],"about":[{"href":"https:\/\/tourisme-en-champagne.com\/es\/wp-json\/wp\/v2\/types\/page"}],"author":[{"embeddable":true,"href":"https:\/\/tourisme-en-champagne.com\/es\/wp-json\/wp\/v2\/users\/3"}],"replies":[{"embeddable":true,"href":"https:\/\/tourisme-en-champagne.com\/es\/wp-json\/wp\/v2\/comments?post=24890"}],"version-history":[{"count":1,"href":"https:\/\/tourisme-en-champagne.com\/es\/wp-json\/wp\/v2\/pages\/24890\/revisions"}],"predecessor-version":[{"id":24894,"href":"https:\/\/tourisme-en-champagne.com\/es\/wp-json\/wp\/v2\/pages\/24890\/revisions\/24894"}],"up":[{"embeddable":true,"href":"https:\/\/tourisme-en-champagne.com\/es\/wp-json\/wp\/v2\/pages\/21498"}],"wp:featuredmedia":[{"embeddable":true,"href":"https:\/\/tourisme-en-champagne.com\/es\/wp-json\/wp\/v2\/media\/24909"}],"wp:attachment":[{"href":"https:\/\/tourisme-en-champagne.com\/es\/wp-json\/wp\/v2\/media?parent=24890"}],"curies":[{"name":"wp","href":"https:\/\/api.w.org\/{rel}","templated":true}]}}