{"id":21046,"date":"2025-04-28T14:48:02","date_gmt":"2025-04-28T12:48:02","guid":{"rendered":"https:\/\/tourisme-en-champagne.com\/reims-y-sus-alrededores\/"},"modified":"2026-08-21T01:20:41","modified_gmt":"2026-08-20T23:20:41","slug":"reims-y-sus-alrededores","status":"publish","type":"page","link":"https:\/\/tourisme-en-champagne.com\/es\/destinos-con-mil-caras\/reims-y-sus-alrededores\/","title":{"rendered":"Reims y sus alrededores"},"content":{"rendered":"\n<section class=\"wp-block-group alignfull pattern-text has-global-padding is-content-justification-center is-layout-constrained wp-block-group-is-layout-constrained\">\n<div class=\"wp-block-columns is-layout-flex wp-container-core-columns-is-layout-fdcf44e1 wp-block-columns-is-layout-flex\">\n<div class=\"wp-block-column is-layout-flow wp-block-column-is-layout-flow\">\n<h2 class=\"wp-block-heading\"><strong>Ciudad de coronaciones y champ\u00e1n  <\/strong><\/h2>\n\n\n\n<hr class=\"wp-block-separator has-text-color has-grey-color has-alpha-channel-opacity has-grey-background-color has-background\"\/>\n\n\n\n<p class=\"has-text-align-left wp-block-paragraph\">A juzgar por el \u00e1ngel sonriente de la catedral, <strong>Reims<\/strong> es una ciudad din\u00e1mica y acogedora, con un rico patrimonio hist\u00f3rico.<\/p>\n\n\n\n<p class=\"wp-block-paragraph\">Su subsuelo tambi\u00e9n te reserva maravillosos descubrimientos, con unos 200 kil\u00f3metros de fosas de creta galorromanas y medievales que contienen 250 millones de botellas de champ\u00e1n. En <strong><a href=\"https:\/\/www.tourisme-en-champagne.com\/visites-de-caves-champagne\">bodegas de champ\u00e1n<\/a> <\/strong>muchas de las cuales est\u00e1n abiertas al p\u00fablico e ilustran que en la zona siempre se ha cultivado la vid. <\/p>\n\n\n\n<p class=\"has-text-align-left wp-block-paragraph\">\u200bFl\u00e2nez au fil des rues, de jour comme de nuit, de nombreux sites, monuments et mus\u00e9es t\u00e9moignent de l&#8217;histoire de Reims, de l&#8217;\u00e9poque gallo-romaine en passant par le\u00a0<a href=\"https:\/\/tourisme-en-champagne.com\/nos-greeters-en-champagne\/?_thmatique_principale_greeter=862c2c1a-11fa-4324-98c1-96effe1be47e\">style Art d\u00e9co<\/a>. Savourez le monde du champagne et sa gastronomie !<\/p>\n<\/div>\n<\/div>\n<\/section>\n\n<section class=\"wp-block-group alignfull pattern-text-50-media-50 has-middleground-background-color has-background has-global-padding is-layout-constrained wp-block-group-is-layout-constrained\">\n<div class=\"wp-block-columns is-layout-flex wp-container-core-columns-is-layout-63fbf5b9 wp-block-columns-is-layout-flex\">\n<div class=\"wp-block-column is-vertically-aligned-top is-layout-flow wp-block-column-is-layout-flow\" style=\"flex-basis:66%\">\n<figure class=\"wp-block-embed is-type-video is-provider-youtube wp-block-embed-youtube wp-embed-aspect-4-3 wp-has-aspect-ratio\"><div class=\"wp-block-embed__wrapper\">\n<iframe loading=\"lazy\" title=\"\u00c0 la d\u00e9couverte de Reims en 1 minute\" width=\"500\" height=\"375\" src=\"https:\/\/www.youtube.com\/embed\/dzlvzl48GrE?feature=oembed\" frameborder=\"0\" allow=\"accelerometer; autoplay; clipboard-write; encrypted-media; gyroscope; picture-in-picture; web-share\" referrerpolicy=\"strict-origin-when-cross-origin\" allowfullscreen><\/iframe>\n<\/div><\/figure>\n<\/div>\n\n\n\n<div class=\"wp-block-column is-layout-flow wp-block-column-is-layout-flow\">\n<h2 class=\"wp-block-heading\"><strong>D\u00e9jate sorprender<\/strong><\/h2>\n\n\n\n<hr class=\"wp-block-separator has-text-color has-accent-1-color has-alpha-channel-opacity has-accent-1-background-color has-background\"\/>\n\n\n\n<p class=\"wp-block-paragraph\">Le temps d&#8217;une escapade partez \u00e0 la d\u00e9couverte du pass\u00e9 glorieux de la ville de Reims et des\u00a0tr\u00e9sors inestimables de\u00a0<a href=\"https:\/\/tourisme-en-champagne.com\/activites-visites\/culture-patrimoine\/sites-et-monuments\/?_commune=reims\">son patrimoine<\/a>.<\/p>\n\n\n\n<p class=\"wp-block-paragraph\">Profitez des plaisirs gourmands de\u00a0<a href=\"https:\/\/tourisme-en-champagne.com\/activites-visites\/artisanat-gastronomie\/restaurants\/?_commune=reims\">ses bonnes tables<\/a>, de son champagne et de l&#8217;effervescence de son coeur de ville&#8230;<\/p>\n<\/div>\n<\/div>\n<\/section>\n\n<section class=\"wp-block-group alignfull pattern-text has-global-padding is-content-justification-center is-layout-constrained wp-block-group-is-layout-constrained\">\n<div class=\"wp-block-columns is-layout-flex wp-container-core-columns-is-layout-fdcf44e1 wp-block-columns-is-layout-flex\">\n<div class=\"wp-block-column is-layout-flow wp-block-column-is-layout-flow\">\n<p class=\"has-text-align-left wp-block-paragraph\">Mais le territoire de Reims Champagne ne se limite pas \u00e0 la m\u00e9tropole et vous propose de vous faire d\u00e9couvrir le\u00a0<a href=\"https:\/\/tourisme-en-champagne.com\/tout-sur-le-champagne\/vignobles-et-decouvertes\/la-montagne-de-reims\/\" data-type=\"page\" data-id=\"12726\"><strong>Parc Naturel R\u00e9gional de la Montagne de Reims<\/strong><\/a>, un joyau de nature constell\u00e9 de villages viticoles pleins de charme. Pas moins de 300 kilom\u00e8tres de sentiers p\u00e9destres balis\u00e9s vous attendent et vous pourrez aussi partir \u00e0 la rencontre des \u00e9nigmatiques Faux de Verzy&#8230;<\/p>\n<\/div>\n<\/div>\n<\/section>\n\n<section class=\"wp-block-group alignfull pattern-text-50-media-50-full has-lighter-grey-background-color has-background has-global-padding is-content-justification-center is-layout-constrained wp-block-group-is-layout-constrained\">\n<div class=\"wp-block-columns alignfull is-layout-flex wp-container-core-columns-is-layout-addd0515 wp-block-columns-is-layout-flex\">\n<div class=\"wp-block-column col-media is-layout-flow wp-block-column-is-layout-flow\" style=\"flex-basis:50%\">\n<figure class=\"wp-block-image size-full\"><img loading=\"lazy\" decoding=\"async\" width=\"960\" height=\"600\" src=\"https:\/\/tourisme-en-champagne.com\/assets\/uploads\/2025\/07\/cathedrale-reimsccmanquillet-colladt-marne6.jpg\" alt=\"\" class=\"wp-image-15317\" title=\"\" srcset=\"https:\/\/tourisme-en-champagne.com\/assets\/uploads\/2025\/07\/cathedrale-reimsccmanquillet-colladt-marne6.jpg 960w, https:\/\/tourisme-en-champagne.com\/assets\/uploads\/2025\/07\/cathedrale-reimsccmanquillet-colladt-marne6-640x400.jpg 640w, https:\/\/tourisme-en-champagne.com\/assets\/uploads\/2025\/07\/cathedrale-reimsccmanquillet-colladt-marne6-400x250.jpg 400w, https:\/\/tourisme-en-champagne.com\/assets\/uploads\/2025\/07\/cathedrale-reimsccmanquillet-colladt-marne6-768x480.jpg 768w\" sizes=\"auto, (max-width: 960px) 100vw, 960px\" \/><\/figure>\n<\/div>\n\n\n\n<div class=\"wp-block-column col-content is-layout-flow wp-block-column-is-layout-flow\" style=\"flex-basis:50%\">\n<h2 class=\"wp-block-heading\"><strong>Lugares declarados Patrimonio de la Humanidad por la Unesco<\/strong><\/h2>\n\n\n\n<hr class=\"wp-block-separator has-text-color has-grey-color has-alpha-channel-opacity has-grey-background-color has-background\"\/>\n\n\n\n<p class=\"wp-block-paragraph\">Visita Reims, \u00a1ciudad <strong>de arte e historia<\/strong>! Reims es una ciudad de arte e historia, con numerosos lugares <strong>declarados Patrimonio de la Humanidad por la UNESCO<\/strong>:<\/p>\n\n\n\n<ul class=\"wp-block-list has-grey-color has-text-color has-link-color wp-elements-5c82f19566a00a25787aaa9e90cddd06\">\n<li>la\u00a0<a href=\"https:\/\/tourisme-en-champagne.com\/activite\/cathedrale-notre-dame-de-reims\/\" data-type=\"activite\" data-id=\"7847\"><strong>cath\u00e9drale Notre-Dame<\/strong><\/a>\u00a0et ses remarquables vitraux Chagall<\/li>\n\n\n\n<li>le\u00a0<a href=\"https:\/\/tourisme-en-champagne.com\/activite\/palais-du-tau-ferme-pour-travaux\/\" data-type=\"activite\" data-id=\"7821\"><strong>Palais du Tau<\/strong><\/a>, mus\u00e9e de l&#8217;oeuvre de la cath\u00e9drale,<\/li>\n\n\n\n<li>la\u00a0<strong><a href=\"https:\/\/tourisme-en-champagne.com\/activite\/basilique-saint-remi\/\" data-type=\"activite\" data-id=\"7810\">Basilique Saint-Remi<\/a>\u00a0<\/strong>qui abrite la sainte ampoule et le tombeau\u00a0de Saint Remi\u00a0<\/li>\n\n\n\n<li>le\u00a0<a href=\"https:\/\/tourisme-en-champagne.com\/activite\/musee-saint-remi\/\" data-type=\"activite\" data-id=\"7805\"><strong>Mus\u00e9e Abbaye Saint-Remi<\/strong><\/a>, d\u00e9di\u00e9s \u00e0 l&#8217;\u00e9v\u00eaque qui baptisa Clovis\u00a0<\/li>\n<\/ul>\n\n\n\n<p class=\"wp-block-paragraph\">Et depuis 2015, la\u00a0<a href=\"https:\/\/tourisme-en-champagne.com\/activite\/coteaux-maisons-et-caves-de-champagne\/\" data-type=\"activite\" data-id=\"8005\"><strong>Colline Saint Nicaise de Reims<\/strong><\/a>\u00a0est \u00e9galement inscrite au Patrimoine mondiale de l&#8217;Unesco au titre des Coteaux, Maisons et Caves de Champagne.<\/p>\n<\/div>\n<\/div>\n<\/section>\n\n<section class=\"wp-block-group alignfull pattern-text-50-media-50 has-global-padding is-layout-constrained wp-block-group-is-layout-constrained\">\n<div class=\"wp-block-columns is-layout-flex wp-container-core-columns-is-layout-63fbf5b9 wp-block-columns-is-layout-flex\">\n<div class=\"wp-block-column is-layout-flow wp-block-column-is-layout-flow\">\n<h2 class=\"wp-block-heading\"><strong>Fismes<\/strong><\/h2>\n\n\n\n<hr class=\"wp-block-separator has-text-color has-grey-color has-alpha-channel-opacity has-grey-background-color has-background\"\/>\n\n\n\n<h3 class=\"wp-block-heading\">Fismes, turismo verde entre Reims y Soissons<\/h3>\n\n\n\n<p class=\"wp-block-paragraph\">A tiro de piedra, <strong>Fismes<\/strong>, ciudad fronteriza entre Reims y Soissons, a menudo iluminada por el prestigio de los reyes de Francia de camino a la coronaci\u00f3n en Reims, te conquistar\u00e1. Gracias al turismo verde, Fismes ofrece un equilibrio perfecto entre ciudad y naturaleza: la Corona Verde de Champa\u00f1a. <\/p>\n\n\n\n<p class=\"wp-block-paragraph\">De\u00a0son pass\u00e9 Fismes garde son \u00e9glise restaur\u00e9e, ses remparts et pilliers de portes et un\u00a0<a href=\"https:\/\/tourisme-en-champagne.com\/activite\/fismes-memorial-18\/\" data-type=\"activite\" data-id=\"7997\">Pont M\u00e9morial Am\u00e9ricain<\/a>, \u00e0 la m\u00e9moire des combats sanglants et acharn\u00e9s de 1918 qui eurent lieu ici afin de passer la Vesle.<\/p>\n\n\n\n<h3 class=\"wp-block-heading\">\u00bfLo sab\u00edas?<\/h3>\n\n\n\n<p class=\"wp-block-paragraph\">Fismes es tambi\u00e9n el lugar de nacimiento de<strong>Uderzo<\/strong>, padre de los famosos <strong>Ast\u00e9rix y Ob\u00e9lix<\/strong>.<\/p>\n<\/div>\n\n\n\n<div class=\"wp-block-column is-layout-flow wp-block-column-is-layout-flow\">\n<figure class=\"wp-block-image size-full\"><img loading=\"lazy\" decoding=\"async\" width=\"485\" height=\"485\" src=\"https:\/\/tourisme-en-champagne.com\/assets\/uploads\/2025\/07\/fismescc-manquillet-coll-adt-marne1.jpg\" alt=\"\" class=\"wp-image-15322\" title=\"\" srcset=\"https:\/\/tourisme-en-champagne.com\/assets\/uploads\/2025\/07\/fismescc-manquillet-coll-adt-marne1.jpg 485w, https:\/\/tourisme-en-champagne.com\/assets\/uploads\/2025\/07\/fismescc-manquillet-coll-adt-marne1-400x400.jpg 400w\" sizes=\"auto, (max-width: 485px) 100vw, 485px\" \/><\/figure>\n<\/div>\n<\/div>\n<\/section>\n\n<section style=\"background-image:url(&apos;https:\/\/tourisme-en-champagne.com\/assets\/uploads\/2025\/07\/champagne-taittigner-reimscegoulet-colladt-marne3-1.jpg&apos;);background-size:cover;\" class=\"wp-block-group alignfull pattern-text-50-left-background has-base-color has-text-color has-link-color wp-elements-220f272e730c613b0751e8204b64c972 has-global-padding is-layout-constrained wp-block-group-is-layout-constrained has-background\">\n<div class=\"wp-block-columns is-layout-flex wp-container-core-columns-is-layout-fdcf44e1 wp-block-columns-is-layout-flex\">\n<div class=\"wp-block-column is-layout-flow wp-block-column-is-layout-flow\">\n<h2 class=\"wp-block-heading\"><strong>S\u00f3tanos y l\u00e1pices<\/strong><\/h2>\n\n\n\n<hr class=\"wp-block-separator has-text-color has-base-color has-alpha-channel-opacity has-base-background-color has-background\"\/>\n\n\n\n<p class=\"wp-block-paragraph\">Aunque la visita a una casa o bodega de prestigio en la ciudad de Reims es una parte esencial de tu viaje, tambi\u00e9n puedes descubrir los secretos de la vid y el vino con los viticultores de Champa\u00f1a.<\/p>\n\n\n\n<p class=\"wp-block-paragraph\">Ne manquez pas d&#8217;emprunter\u00a0la\u00a0<a href=\"https:\/\/tourisme-en-champagne.com\/tout-sur-le-champagne\/route-touristique-du-champagne\/\" data-type=\"page\" data-id=\"10286\"><strong>Route touristique du Champagne de la Montagne de Reims<\/strong><\/a>, sur pr\u00e8s de 70 kilom\u00e8tres vous sillonerez l&#8217;autre Champagne, plus secr\u00e8te et intime, dont les versants harmonieux constituent l&#8217;une des plus belles richesses de la Champagne !<\/p>\n\n\n\n<div class=\"wp-block-buttons is-layout-flex wp-block-buttons-is-layout-flex\">\n<div class=\"wp-block-button\"><a class=\"wp-block-button__link has-grey-color has-base-background-color has-text-color has-background has-link-color wp-element-button\" href=\"https:\/\/tourisme-en-champagne.prep.faire-savoir.eu\/destinations-aux-mille-visages\/parc-naturel-regional-de-la-montagne-de-reims\/\" target=\"_blank\" rel=\"noopener\">M\u00e1s informaci\u00f3n<\/a><\/div>\n<\/div>\n<\/div>\n\n\n\n<div class=\"wp-block-column is-layout-flow wp-block-column-is-layout-flow\"><\/div>\n<\/div>\n<\/section>\n\n<section class=\"wp-block-group alignfull pattern-text-50-media-50 has-global-padding is-layout-constrained wp-block-group-is-layout-constrained\">\n<div class=\"wp-block-columns is-layout-flex wp-container-core-columns-is-layout-63fbf5b9 wp-block-columns-is-layout-flex\">\n<div class=\"wp-block-column is-layout-flow wp-block-column-is-layout-flow\">\n<h2 class=\"wp-block-heading\"><strong>Arquitectura y paisajes<\/strong><\/h2>\n\n\n\n<hr class=\"wp-block-separator has-text-color has-grey-color has-alpha-channel-opacity has-grey-background-color has-background\"\/>\n\n\n\n<p class=\"wp-block-paragraph\">El alma de Champa\u00f1a tambi\u00e9n est\u00e1 en el coraz\u00f3n de estas peque\u00f1as <strong>iglesias rom\u00e1nicas del valle del Ardre<\/strong>&#8230; Desc\u00fabrelas en un recorrido que te llevar\u00e1 por pueblos pintorescos y patrimonio edificado, recuerdos del arte rom\u00e1nico y de la Edad Media. <\/p>\n\n\n\n<p class=\"wp-block-paragraph\">A menudo fuertes y achaparradas, todas est\u00e1n rematadas por torres cuadradas o rectangulares y un tejado a dos aguas. Muy da\u00f1adas durante la guerra, han sido reconstruidas, conservando las b\u00f3vedas, arcos, columnas y campanarios como homenaje al arte de los constructores. <\/p>\n\n\n\n<p class=\"wp-block-paragraph\">Chamery, Sacy, Marfaux, Chambrecy, Poilly, Coulommes-la Montagne, Villedomange&#8230; Vayas donde vayas, te sorprender\u00e1 la belleza de la naturaleza y del entorno. <\/p>\n<\/div>\n\n\n\n<div class=\"wp-block-column is-layout-flow wp-block-column-is-layout-flow\">\n<figure class=\"wp-block-image size-full\"><img loading=\"lazy\" decoding=\"async\" width=\"485\" height=\"485\" src=\"https:\/\/tourisme-en-champagne.com\/assets\/uploads\/2025\/07\/eglise-saint-gillescm-jolyot-coll-adt-marne2-2.jpg\" alt=\"\" class=\"wp-image-15332\" title=\"\" srcset=\"https:\/\/tourisme-en-champagne.com\/assets\/uploads\/2025\/07\/eglise-saint-gillescm-jolyot-coll-adt-marne2-2.jpg 485w, https:\/\/tourisme-en-champagne.com\/assets\/uploads\/2025\/07\/eglise-saint-gillescm-jolyot-coll-adt-marne2-2-400x400.jpg 400w\" sizes=\"auto, (max-width: 485px) 100vw, 485px\" \/><\/figure>\n<\/div>\n<\/div>\n<\/section>\n\n<section class=\"wp-block-group alignfull pattern-text has-global-padding is-content-justification-center is-layout-constrained wp-block-group-is-layout-constrained\">\n<div class=\"wp-block-columns is-layout-flex wp-container-core-columns-is-layout-fdcf44e1 wp-block-columns-is-layout-flex\">\n<div class=\"wp-block-column is-layout-flow wp-block-column-is-layout-flow\">\n<h2 class=\"wp-block-heading\"><strong>Lugares conmemorativos<\/strong><\/h2>\n\n\n\n<hr class=\"wp-block-separator has-text-color has-grey-color has-alpha-channel-opacity has-grey-background-color has-background\"\/>\n\n\n\n<p class=\"has-text-align-left wp-block-paragraph\">A quelques kilom\u00e8tres de Reims, ne manquez-pas la d\u00e9couverte du\u00a0<a href=\"https:\/\/tourisme-en-champagne.com\/activite\/musee-du-fort-de-la-pompelle\/\" data-type=\"activite\" data-id=\"7798\"><strong>Fort de la Pompelle<\/strong><\/a>. Class\u00e9 monument historique et aujourd&#8217;hui am\u00e9nag\u00e9 en mus\u00e9e de la Grande Guerre, il abrite d&#8217;importantes et riches collections : uniformes, armes, objets de la vie quotidienne, mais \u00e9galement un ensemble unique au monde de coiffures et casques de l&#8217;arm\u00e9e imp\u00e9riale allemande.<\/p>\n\n\n\n<p class=\"has-text-align-left wp-block-paragraph\">En <strong>el Museo de la Redenci\u00f3n<\/strong> de Reims, tambi\u00e9n puedes visitar la sala capitular donde se firm\u00f3 la rendici\u00f3n incondicional de los ej\u00e9rcitos alemanes el 7 de mayo de 1945, poniendo fin a la Segunda Guerra Mundial.<\/p>\n<\/div>\n<\/div>\n<\/section>\n\n<section style=\"background-image:url(&apos;https:\/\/tourisme-en-champagne.com\/assets\/uploads\/2025\/07\/cathedrale-reimscegoulet-colladt-marne3-preview.jpeg&apos;);background-position:50% 50%;background-size:cover;background-attachment:scroll;\" class=\"wp-block-group alignfull pattern-text-50-left-background has-base-color has-text-color has-link-color wp-elements-728037e3ba4ea7249a0f65e7c80637d4 has-global-padding is-layout-constrained wp-block-group-is-layout-constrained has-background\">\n<div class=\"wp-block-columns is-layout-flex wp-container-core-columns-is-layout-fdcf44e1 wp-block-columns-is-layout-flex\">\n<div class=\"wp-block-column is-layout-flow wp-block-column-is-layout-flow\">\n<h2 class=\"wp-block-heading\"><strong>\u00bfLo sab\u00edas?<\/strong><\/h2>\n\n\n\n<hr class=\"wp-block-separator has-text-color has-base-color has-alpha-channel-opacity has-base-background-color has-background\"\/>\n\n\n\n<h3 class=\"wp-block-heading\">El Jorobado de Notre Dame&#8230;<\/h3>\n\n\n\n<p class=\"wp-block-paragraph\">\u00bfDebemos avergonzarnos o avergonzarnos? Sordo, tuerto, jorobado y cojo, se dice que el personaje de Quasimodo le fue inspirado a Victor Hugo por el campanero de la bas\u00edlica de Saint-Remi. <\/p>\n\n\n\n<p class=\"wp-block-paragraph\">De visita en Reims en 1825 con motivo de la coronaci\u00f3n de Carlos X, el autor qued\u00f3 muy impresionado por la deformidad de la int\u00e9rprete. Poco despu\u00e9s, paseando por la calle Folle Peine, vio a una joven encantadora que parec\u00eda una gitana. <\/p>\n\n\n\n<p class=\"wp-block-paragraph\">En 1831, el monstruo m\u00fasico y la bruja del baile se convirtieron en los h\u00e9roes contrapuestos de \u00abNotre Dame de Par\u00eds\u00bb.<\/p>\n<\/div>\n\n\n\n<div class=\"wp-block-column is-layout-flow wp-block-column-is-layout-flow\"><\/div>\n<\/div>\n<\/section>\n\n<section class=\"wp-block-group alignfull pattern-text has-global-padding is-content-justification-center is-layout-constrained wp-block-group-is-layout-constrained\">\n<div class=\"wp-block-columns is-layout-flex wp-container-core-columns-is-layout-fdcf44e1 wp-block-columns-is-layout-flex\">\n<div class=\"wp-block-column is-layout-flow wp-block-column-is-layout-flow\">\n<h2 class=\"wp-block-heading\"><strong>Tus contactos<\/strong><\/h2>\n\n\n\n<hr class=\"wp-block-separator has-text-color has-grey-color has-alpha-channel-opacity has-grey-background-color has-background\"\/>\n\n\n\n<h3 class=\"wp-block-heading has-text-align-left\">Oficina de Turismo del Gran Reims &#8211; 6 rue Rockfeller &#8211; 51100 Reims &#8211; 03 26 77 45 00 &#8211; <a href=\"http:\/\/www.reims-tourisme.com\/\" target=\"_blank\" rel=\"noreferrer noopener\">www.reims-tourisme.com<\/a><\/h3>\n\n\n\n<h3 class=\"wp-block-heading\">Centro de Interpretaci\u00f3n de Fismes &#8211; 28 rue ren\u00e9 Letilly &#8211; 51170 Fismes &#8211; 03 26 48 81 28<\/h3>\n\n\n\n<h3 class=\"wp-block-heading has-text-align-left\">Parque Natural Regional de la Monta\u00f1a de Reims &#8211; Casa del parque &#8211; 51480 Pourcy &#8211; 03 26 59 44 44 &#8211; <a href=\"http:\/\/www.parc-montagnedereims.fr\/\" target=\"_blank\" rel=\"noreferrer noopener\">www.parc-montagnedereims.fr<\/a><\/h3>\n<\/div>\n<\/div>\n<\/section>\n\n<section style=\"background-image:url(&apos;https:\/\/tourisme-en-champagne.com\/assets\/uploads\/2025\/07\/cathedrale-reimscegoulet-colladt-marne3-preview.jpeg&apos;);background-position:50% 50%;background-size:cover;background-attachment:scroll;\" class=\"wp-block-group alignfull pattern-text-50-left-background has-base-color has-text-color has-link-color wp-elements-2e1c5dd87533e0ff455970a3674f8c54 has-global-padding is-layout-constrained wp-block-group-is-layout-constrained has-background\">\n<div class=\"wp-block-columns is-layout-flex wp-container-core-columns-is-layout-fdcf44e1 wp-block-columns-is-layout-flex\">\n<div class=\"wp-block-column is-layout-flow wp-block-column-is-layout-flow\">\n<h2 class=\"wp-block-heading\"><strong>Cuestionario<\/strong><\/h2>\n\n\n\n<hr class=\"wp-block-separator has-text-color has-base-color has-alpha-channel-opacity has-base-background-color has-background\"\/>\n\n\n\n<h3 class=\"wp-block-heading\">\u00bfQUI\u00c9N FUE EL \u00daLTIMO REY CORONADO EN REIMS?<\/h3>\n\n\n\n<ul class=\"wp-block-list\">\n<li>Luis XVI<\/li>\n\n\n\n<li>Carlos X<\/li>\n\n\n\n<li>Luis XVII<\/li>\n<\/ul>\n\n\n\n<h3 class=\"wp-block-heading\">Respuesta<\/h3>\n\n\n\n<p class=\"wp-block-paragraph\"><em>Fue Carlos X, el 29 de mayo de 1825. Fue el \u00faltimo soberano franc\u00e9s coronado en Reims. Nost\u00e1lgico de la monarqu\u00eda absoluta de derecho divino, quer\u00eda una ceremonia fiel a la de sus antepasados.    <\/em><\/p>\n\n\n\n<p class=\"wp-block-paragraph\"><em>En total, una treintena de reyes de Francia acudieron a Reims para ser ungidos y recibir sus insignias desde el siglo XI hasta el XIX.  <\/em><\/p>\n<\/div>\n\n\n\n<div class=\"wp-block-column is-layout-flow wp-block-column-is-layout-flow\"><\/div>\n<\/div>\n<\/section>\n\n<section class=\"wp-block-group alignfull pattern-playlist-grid has-global-padding is-layout-constrained wp-block-group-is-layout-constrained\">\n<h2 class=\"wp-block-heading has-text-align-center\"><strong>Selecci\u00f3n de escapadas<\/strong><\/h2>\n\n\n\n<hr class=\"wp-block-separator has-text-color has-accent-3-color has-alpha-channel-opacity has-accent-3-background-color has-background\"\/>\n\n\n\n<p class=\"has-text-align-center wp-block-paragraph\">Aqu\u00ed tienes algunas sugerencias para explorar Reims y sus alrededores, ya sea para dar un paseo o para una estancia m\u00e1s larga.<br\/><br\/><\/p>\n\n\n\t\t\t<div class=\"fsgb-block-playlist playlist-grid is-style-grid\"  style=\"margin-top:var(--wp--preset--spacing--x-large);\">\n\t\t\t\t\n\t\t\t\n\t\t\t<div class=\"swiper swiperPlaylistGrid\">\n\n\t\t\t\t<div class=\"swiper-wrapper posts-count-2\">\n\t\t\t\t\t\t\t\t\t\t\t\t\t\t\t\t\t<div class=\"swiper-slide \">\n\t\t\t\t\t\t\t\n<article class=\"card card--activite stretched-link\" data-id=\"30508\" data-post-id-sync-map=\"30508\" >\n\t\n\t\t\n\t\t\t\t<div class=\"card__thumbnail has-middleground-background-color stack\">\n\t\t\t<img decoding=\"async\" width=\"2048\" src=\"https:\/\/cdt51.media.tourinsoft.eu\/upload\/Jeanne-d-Arc-Cathe-drale-de-Reims.jpg\" class=\"attachment- size-\" alt=\"Cath\u00e9drale Notre-Dame de Reims\" srcset=\"https:\/\/cdt51.media.tourinsoft.eu\/upload\/Jeanne-d-Arc-Cathe-drale-de-Reims.jpg?width=400 400w, https:\/\/cdt51.media.tourinsoft.eu\/upload\/Jeanne-d-Arc-Cathe-drale-de-Reims.jpg?width=640 640w, https:\/\/cdt51.media.tourinsoft.eu\/upload\/Jeanne-d-Arc-Cathe-drale-de-Reims.jpg?width=768 768w, https:\/\/cdt51.media.tourinsoft.eu\/upload\/Jeanne-d-Arc-Cathe-drale-de-Reims.jpg?width=1280 1280w, https:\/\/cdt51.media.tourinsoft.eu\/upload\/Jeanne-d-Arc-Cathe-drale-de-Reims.jpg?width=1536&amp;height=1536 1536w, https:\/\/cdt51.media.tourinsoft.eu\/upload\/Jeanne-d-Arc-Cathe-drale-de-Reims.jpg?width=2048&amp;height=2048 2048w\" sizes=\"(max-width: 2048px) 100vw, 2048px\" title=\"\">\t\t<\/div>\n\t\n\t\t<div class=\"card__content\">\n\t\t\t\n\t\t\t\t\t\t\t\t\t\n\t\t\t\t\t\t\t\t\t\n\t\t\t\t\t\t<h3 class=\"title wp-block-heading is-style-h3\">\n\t\t\t\t<a href=\"https:\/\/tourisme-en-champagne.com\/es\/activite\/cathedrale-notre-dame-de-reims\/\" target=\"_blank\">Cath\u00e9drale Notre-Dame de Reims<\/a>\t\t\t\t\t\t\t<\/h3>\n\t\t\t\n\t\t\t\t\t\t\t\t\t\n\t\t\t\t\t\t<div class=\"underlined\"><\/div>\n\t\t\n\t\t\t\t\t\t\t\t\t\t<div class=\"location\">\n\t\t\t\t\tReims\t\t\t\t<\/div>\n\t\t\t\t\t\t\n\t\t\t\t\t\t\t\t\t\n\t\t\t\t\t\t\t\t\t\n\t\t\t\t\t\t\t\t\t\n\t\t\t\t\t\t\t\t\t\t<div class=\"descriptif\">\u00bfQui\u00e9n no conoce Notre-Dame de Reims? No se puede perder esta obra maestra arquitect\u00f3nica, famosa&#8230;<\/div>\n\t\t\t\t\n\t\t\t\t\t\t\t\t\t\t\t\t\t\t\t\t\n\t\t\t\t\t\t\t\t\t\t<div class=\"wp-block-button\">\n\t\t\t\t\t<a class=\"wp-element-button rounded\" href=\"https:\/\/tourisme-en-champagne.com\/es\/activite\/cathedrale-notre-dame-de-reims\/\" target=\"_blank\" aria-label=\"Saber m\u00e1s sobre Cath\u00e9drale Notre-Dame de Reims\">M\u00e1s informaci\u00f3n<\/a>\n\t\t\t\t<\/div>\n\t\t\t \n\t\t<\/div>\n\t\t\n\n\t\t<\/article>\n\n\t\t\t\t\t\t<\/div>\n\t\t\t\t\t\t\t\t\t\t\t\t\t\t\t\t\t<div class=\"swiper-slide \">\n\t\t\t\t\t\t\t\n<article class=\"card card--activite stretched-link\" data-id=\"30518\" data-post-id-sync-map=\"30518\" >\n\t\n\t\t\n\t\t\t\t<div class=\"card__thumbnail has-middleground-background-color stack\">\n\t\t\t<img decoding=\"async\" width=\"2048\" src=\"https:\/\/cdt51.media.tourinsoft.eu\/upload\/Villa-Demoiselle-Reims.jpg\" class=\"attachment- size-\" alt=\"Villa Demoiselle\" srcset=\"https:\/\/cdt51.media.tourinsoft.eu\/upload\/Villa-Demoiselle-Reims.jpg?width=400 400w, https:\/\/cdt51.media.tourinsoft.eu\/upload\/Villa-Demoiselle-Reims.jpg?width=640 640w, https:\/\/cdt51.media.tourinsoft.eu\/upload\/Villa-Demoiselle-Reims.jpg?width=768 768w, https:\/\/cdt51.media.tourinsoft.eu\/upload\/Villa-Demoiselle-Reims.jpg?width=1280 1280w, https:\/\/cdt51.media.tourinsoft.eu\/upload\/Villa-Demoiselle-Reims.jpg?width=1536&amp;height=1536 1536w, https:\/\/cdt51.media.tourinsoft.eu\/upload\/Villa-Demoiselle-Reims.jpg?width=2048&amp;height=2048 2048w\" sizes=\"(max-width: 2048px) 100vw, 2048px\" title=\"\">\t\t<\/div>\n\t\n\t\t<div class=\"card__content\">\n\t\t\t\n\t\t\t\t\t\t\t\t\t\n\t\t\t\t\t\t\t\t\t\n\t\t\t\t\t\t<h3 class=\"title wp-block-heading is-style-h3\">\n\t\t\t\t<a href=\"https:\/\/tourisme-en-champagne.com\/es\/activite\/villa-demoiselle\/\" target=\"_blank\">Villa Demoiselle<\/a>\t\t\t\t\t\t\t<\/h3>\n\t\t\t\n\t\t\t\t\t\t\t\t\t\n\t\t\t\t\t\t<div class=\"underlined\"><\/div>\n\t\t\n\t\t\t\t\t\t\t\t\t\t<div class=\"location\">\n\t\t\t\t\tReims\t\t\t\t<\/div>\n\t\t\t\t\t\t\n\t\t\t\t\t\t\t\t\t\n\t\t\t\t\t\t\t\t\t\n\t\t\t\t\t\t\t\t\t\n\t\t\t\t\t\t\t\t\t\t<div class=\"descriptif\">La Villa Demoiselle, s\u00edmbolo arquitect\u00f3nico de la ciudad de Reims, es el buque insignia de Art No&#8230;<\/div>\n\t\t\t\t\n\t\t\t\t\t\t\t\t\t\t\t\t\t\t\t\t\n\t\t\t\t\t\t\t\t\t\t<div class=\"wp-block-button\">\n\t\t\t\t\t<a class=\"wp-element-button rounded\" href=\"https:\/\/tourisme-en-champagne.com\/es\/activite\/villa-demoiselle\/\" target=\"_blank\" aria-label=\"Saber m\u00e1s sobre Villa Demoiselle\">M\u00e1s informaci\u00f3n<\/a>\n\t\t\t\t<\/div>\n\t\t\t \n\t\t<\/div>\n\t\t\n\n\t\t<\/article>\n\n\t\t\t\t\t\t<\/div>\n\t\t\t\t\t\t\t\t\t\t\t\t\t\t<\/div>\n\t\t\t\t\n\t\t\t\t<div class=\"swiper-buttons\">\n\t\t\t\t\t<div class=\"swiper-button-prev\"><\/div>\n\t\t\t\t\t<div class=\"swiper-button-next\"><\/div>\n\t\t\t\t<\/div>\n\t\t\t<\/div>\n\t\t<\/div>\n\t\n<\/section>\n","protected":false},"excerpt":{"rendered":"<p>Ciudad de coronaciones y champ\u00e1n A juzgar por el \u00e1ngel sonriente de la catedral, Reims es una ciudad din\u00e1mica y acogedora, con un rico patrimonio hist\u00f3rico. Su subsuelo tambi\u00e9n te reserva maravillosos descubrimientos, con unos 200 kil\u00f3metros de fosas de creta galorromanas y medievales que contienen 250 millones de botellas de champ\u00e1n. En bodegas de [&hellip;]<\/p>\n","protected":false},"author":2,"featured_media":3558,"parent":21426,"menu_order":0,"comment_status":"closed","ping_status":"closed","template":"templates\/destinations.php","meta":{"_acf_changed":false,"footnotes":"","_links_to":"","_links_to_target":""},"class_list":["post-21046","page","type-page","status-publish","has-post-thumbnail","hentry"],"acf":[],"_links":{"self":[{"href":"https:\/\/tourisme-en-champagne.com\/es\/wp-json\/wp\/v2\/pages\/21046","targetHints":{"allow":["GET"]}}],"collection":[{"href":"https:\/\/tourisme-en-champagne.com\/es\/wp-json\/wp\/v2\/pages"}],"about":[{"href":"https:\/\/tourisme-en-champagne.com\/es\/wp-json\/wp\/v2\/types\/page"}],"author":[{"embeddable":true,"href":"https:\/\/tourisme-en-champagne.com\/es\/wp-json\/wp\/v2\/users\/2"}],"replies":[{"embeddable":true,"href":"https:\/\/tourisme-en-champagne.com\/es\/wp-json\/wp\/v2\/comments?post=21046"}],"version-history":[{"count":4,"href":"https:\/\/tourisme-en-champagne.com\/es\/wp-json\/wp\/v2\/pages\/21046\/revisions"}],"predecessor-version":[{"id":30747,"href":"https:\/\/tourisme-en-champagne.com\/es\/wp-json\/wp\/v2\/pages\/21046\/revisions\/30747"}],"up":[{"embeddable":true,"href":"https:\/\/tourisme-en-champagne.com\/es\/wp-json\/wp\/v2\/pages\/21426"}],"wp:featuredmedia":[{"embeddable":true,"href":"https:\/\/tourisme-en-champagne.com\/es\/wp-json\/wp\/v2\/media\/3558"}],"wp:attachment":[{"href":"https:\/\/tourisme-en-champagne.com\/es\/wp-json\/wp\/v2\/media?parent=21046"}],"curies":[{"name":"wp","href":"https:\/\/api.w.org\/{rel}","templated":true}]}}