{"id":21006,"date":"2025-03-13T12:32:59","date_gmt":"2025-03-13T11:32:59","guid":{"rendered":"https:\/\/tourisme-en-champagne.com\/todo-sobre-el-champan\/jovenes-talentos-del-champan-2\/"},"modified":"2025-11-28T15:59:40","modified_gmt":"2025-11-28T14:59:40","slug":"jovenes-talentos-del-champan-2","status":"publish","type":"page","link":"https:\/\/tourisme-en-champagne.com\/es\/todo-sobre-el-champan\/jovenes-talentos-del-champan-2\/","title":{"rendered":"J\u00f3venes talentos del champ\u00e1n"},"content":{"rendered":"\n<section class=\"wp-block-group alignfull pattern-text-100 has-base-background-color has-background has-global-padding is-layout-constrained wp-block-group-is-layout-constrained\">\n<div class=\"wp-block-columns is-layout-flex wp-container-core-columns-is-layout-63fbf5b9 wp-block-columns-is-layout-flex\">\n<div class=\"wp-block-column is-layout-flow wp-block-column-is-layout-flow\">\n<h2 class=\"wp-block-heading\"><strong>\u00a1Entre la tradici\u00f3n y la modernidad!<\/strong><\/h2>\n\n\n\n<hr class=\"wp-block-separator has-text-color has-accent-1-color has-alpha-channel-opacity has-accent-1-background-color has-background\"\/>\n\n\n\n<p class=\"patterns-underline wp-block-paragraph\">Herederos de una larga tradici\u00f3n familiar y deseosos de expresar su propia personalidad en sus vinos, a todos les mueve la misma pasi\u00f3n: el CHAMPAGNE.<\/p>\n\n\n\n<p class=\"wp-block-paragraph\">Estos viticultores quieren compartir su pasi\u00f3n contigo y te dan la bienvenida a su finca para una cata, una visita a sus bodegas o un recorrido por sus vi\u00f1edos. Han sido seleccionados por especialistas (en\u00f3logos, jefes de bodega, sumiller jefe) en un concurso.   <\/p>\n\n\n\n<p class=\"wp-block-paragraph\">Al jurado le conquist\u00f3 la calidad y la personalidad de su champ\u00e1n, la forma en que refleja sus terru\u00f1os, su historia familiar y su motivaci\u00f3n. \u00a1Porque tienen ambici\u00f3n! <\/p>\n\n\n\n<p class=\"wp-block-paragraph\">Todos ellos han tomado las riendas de la empresa familiar o han creado su propia marca de champ\u00e1n en los \u00faltimos a\u00f1os. Un reto que han aceptado con orgullo. <\/p>\n\n\n\n<div class=\"wp-block-buttons is-layout-flex wp-block-buttons-is-layout-flex\">\n<div class=\"wp-block-button\"><a class=\"wp-block-button__link wp-element-button\" href=\"https:\/\/tourisme-en-champagne.com\/es\/todo-sobre-el-champan\/jovenes-talentos-del-champan\/\">Los j\u00f3venes talentos del champ\u00e1n<\/a><\/div>\n<\/div>\n<\/div>\n<\/div>\n<\/section>\n\n<section style=\"background-image:url(&apos;https:\/\/tourisme-en-champagne.com\/assets\/uploads\/2025\/03\/vigne-david.jpg&apos;);background-position:50% 50%;background-size:cover;background-attachment:scroll;\" class=\"wp-block-group alignfull pattern-text-50-right-background has-base-color has-text-color has-link-color wp-elements-ad6dd58a32bb71826a776f4abeba10b9 has-global-padding is-layout-constrained wp-block-group-is-layout-constrained has-background\">\n<div class=\"wp-block-columns is-layout-flex wp-container-core-columns-is-layout-fdcf44e1 wp-block-columns-is-layout-flex\">\n<div class=\"wp-block-column is-layout-flow wp-block-column-is-layout-flow\"><\/div>\n\n\n\n<div class=\"wp-block-column is-layout-flow wp-block-column-is-layout-flow\">\n<h2 class=\"wp-block-heading\"><strong>Los ganadores de 2024<\/strong><\/h2>\n\n\n\n<hr class=\"wp-block-separator has-text-color has-accent-3-color has-alpha-channel-opacity has-accent-3-background-color has-background\"\/>\n\n\n\n<p class=\"wp-block-paragraph\"><strong>CHAMPAGNE\/POISSON ACCORD<\/strong><br\/>Marie Marjorie Laurent Domaine des Arondes, Avenay-Val-d&#8217;Or<\/p>\n\n\n\n<p class=\"wp-block-paragraph\"><strong>ACCORD CHAMPAGNE\/VIANDE<\/strong><br\/>C\u00e9cile Boutillier, Champagne Boutillier Poissinet, Binson-Orquigny<\/p>\n\n\n\n<p class=\"wp-block-paragraph\"><strong>ACCORD CHAMPAGNE\/FROMAGE<\/strong><br\/>Juliette Coutelas, Champagne Juliette Coutelas, Villers-sous-Ch\u00e2tillon<\/p>\n\n\n\n<p class=\"wp-block-paragraph\"><strong>PRIX DU PUBLIC<\/strong><br\/>Champagne Roland Boulard et filles \u00e0 Cormicy, cuv\u00e9e Roland Boulard<\/p>\n\n\n\n<p class=\"wp-block-paragraph\"><strong>PREMIO DEL JURADO<\/strong><br\/>Jason Chaput, Champagne Jacques Chaput, que tambi\u00e9n recibi\u00f3 la menci\u00f3n especial <strong>\u00abFavorito del Jurado<\/strong>\u00ab.<\/p>\n<\/div>\n<\/div>\n<\/section>\n\n<section class=\"wp-block-group alignfull pattern-text-100 accent-1 has-global-padding is-layout-constrained wp-block-group-is-layout-constrained\">\n<div class=\"wp-block-columns is-layout-flex wp-container-core-columns-is-layout-63fbf5b9 wp-block-columns-is-layout-flex\">\n<div class=\"wp-block-column is-layout-flow wp-block-column-is-layout-flow\">\n<p class=\"patterns-underline wp-block-paragraph\"><em>Los candidatos de <strong>Jeunes talents du Champagne <\/strong>proponen al jurado <strong>maridajes de comida y champ\u00e1n<\/strong>.<br\/>Descubre los retratos de los 9 candidatos de la edici\u00f3n de 2024, viticultores herederos de una larga tradici\u00f3n familiar y deseosos de expresar su propia personalidad en sus vinos.<\/em><\/p>\n\n\n\n<h3 class=\"wp-block-heading has-accent-1-color has-text-color has-link-color wp-elements-2f07e286e27b212b6ef0565d8679b17a\">Maridaje de champ\u00e1n y carne<\/h3>\n\n\n\n<ul class=\"wp-block-list has-grey-color has-text-color has-link-color wp-elements-c1fdffa86ffe8169c167670d9a663e10\">\n<li>Champ\u00e1n Del&#8217;Oz Art, Vincelles, cuv\u00e9e \u00abAssemblage<\/li>\n\n\n\n<li>Dame de la Renaissance, Blancs-Coteaux, Grand cru de la C\u00f4te des Blancs 100% Chardonnay<\/li>\n\n\n\n<li>Champ\u00e1n Boutillier-Poissinet, Binson-Orquigny, cuv\u00e9e \u00abEclat de sens<\/li>\n<\/ul>\n\n\n\n<h3 class=\"wp-block-heading has-accent-1-color has-text-color has-link-color wp-elements-2aa74e0e1c863ec657909c8ffae1a672\">Maridaje Champ\u00e1n \/ Pescado<\/h3>\n\n\n\n<ul class=\"wp-block-list has-grey-color has-text-color has-link-color wp-elements-72ea79e6fc5bdc6deb6c1c9123cf0d44\">\n<li>Champ\u00e1n Elodie D., Epernay, cosecha \u00abPaul<\/li>\n\n\n\n<li>Champagne Fanny Heucq, Cuisles, cuv\u00e9e \u00abH\u00e9ritage<\/li>\n\n\n\n<li>Domaine des Arondes, Avenay-Val-d&#8217;Or, cosecha \u00abFallait pas commencer\u00bb.<\/li>\n<\/ul>\n\n\n\n<h3 class=\"wp-block-heading has-accent-1-color has-text-color has-link-color wp-elements-a035cda63e2f14538f32cb355dcc9546\">Maridaje de champ\u00e1n y queso<\/h3>\n\n\n\n<ul class=\"wp-block-list has-grey-color has-text-color has-link-color wp-elements-f85c163e47671023eda2c117e1a9e752\">\n<li>Champ\u00e1n Jacques Chaput, Arrenti\u00e8res, cuv\u00e9e \u00abla salamandre<\/li>\n\n\n\n<li>Champ\u00e1n Pierre Moncuit, le Mesnil-sur-Oger, Assemblage Brut Grande R\u00e9serve<\/li>\n\n\n\n<li>Champ\u00e1n Juliette Coutelas, Villers-sous-Ch\u00e2tillon, cuv\u00e9e \u00abMod\u00e8le Imparfait<\/li>\n<\/ul>\n\n\n\n<div class=\"wp-block-buttons is-layout-flex wp-block-buttons-is-layout-flex\">\n<div class=\"wp-block-button\"><a class=\"wp-block-button__link wp-element-button\" href=\"https:\/\/www.epernay-tourisme.com\/100-champagne\/experiences-inspirations-champagne\/jeunes-talents-du-champagne\/\" target=\"_blank\" rel=\"noopener\">Ver los retratos<\/a><\/div>\n<\/div>\n<\/div>\n<\/div>\n<\/section>\n\n<section class=\"wp-block-group alignfull pattern-text-33-media-66 has-middleground-background-color has-background has-global-padding is-layout-constrained wp-block-group-is-layout-constrained\">\n<div class=\"wp-block-columns is-layout-flex wp-container-core-columns-is-layout-63fbf5b9 wp-block-columns-is-layout-flex\">\n<div class=\"wp-block-column col-content is-layout-flow wp-block-column-is-layout-flow\" style=\"flex-basis:50%\">\n<h2 class=\"wp-block-heading\"><strong>\u00a1Descubre la Champa\u00f1a y el Marne de otra manera!<\/strong><\/h2>\n\n\n\n<hr class=\"wp-block-separator has-text-color has-accent-3-color has-alpha-channel-opacity has-accent-3-background-color has-background\"\/>\n\n\n\n<p class=\"wp-block-paragraph\">Conoce a los ganadores del concurso <strong>Jeunes talents du Champagne<\/strong> y descubre el saber hacer y la pasi\u00f3n de esta nueva generaci\u00f3n de viticultores de Champagne.<\/p>\n\n\n\n<div class=\"wp-block-buttons is-layout-flex wp-block-buttons-is-layout-flex\">\n<div class=\"wp-block-button btn-download\"><a class=\"wp-block-button__link has-accent-3-color has-text-color has-link-color wp-element-button\" href=\"https:\/\/tourisme-en-champagne.com\/assets\/uploads\/2025\/07\/jtc.pdf\">Gu\u00eda de j\u00f3venes talentos del champ\u00e1n<\/a><\/div>\n<\/div>\n<\/div>\n\n\n\n<div class=\"wp-block-column col-media is-layout-flow wp-block-column-is-layout-flow\" style=\"flex-basis:66.66%\">\n<figure class=\"wp-block-image size-full\"><img loading=\"lazy\" decoding=\"async\" width=\"485\" height=\"312\" src=\"https:\/\/tourisme-en-champagne.com\/assets\/uploads\/2025\/07\/jttbrochure-0-0.png\" alt=\"\" class=\"wp-image-14034\" title=\"\" srcset=\"https:\/\/tourisme-en-champagne.com\/assets\/uploads\/2025\/07\/jttbrochure-0-0.png 485w, https:\/\/tourisme-en-champagne.com\/assets\/uploads\/2025\/07\/jttbrochure-0-0-400x257.png 400w\" sizes=\"auto, (max-width: 485px) 100vw, 485px\" \/><\/figure>\n<\/div>\n<\/div>\n<\/section>\n","protected":false},"excerpt":{"rendered":"<p>\u00a1Entre la tradici\u00f3n y la modernidad! Herederos de una larga tradici\u00f3n familiar y deseosos de expresar su propia personalidad en sus vinos, a todos les mueve la misma pasi\u00f3n: el CHAMPAGNE. Estos viticultores quieren compartir su pasi\u00f3n contigo y te dan la bienvenida a su finca para una cata, una visita a sus bodegas o [&hellip;]<\/p>\n","protected":false},"author":2,"featured_media":10390,"parent":20839,"menu_order":0,"comment_status":"closed","ping_status":"closed","template":"templates\/accueil-espace.php","meta":{"_acf_changed":false,"footnotes":"","_links_to":"","_links_to_target":""},"class_list":["post-21006","page","type-page","status-publish","has-post-thumbnail","hentry"],"acf":[],"_links":{"self":[{"href":"https:\/\/tourisme-en-champagne.com\/es\/wp-json\/wp\/v2\/pages\/21006","targetHints":{"allow":["GET"]}}],"collection":[{"href":"https:\/\/tourisme-en-champagne.com\/es\/wp-json\/wp\/v2\/pages"}],"about":[{"href":"https:\/\/tourisme-en-champagne.com\/es\/wp-json\/wp\/v2\/types\/page"}],"author":[{"embeddable":true,"href":"https:\/\/tourisme-en-champagne.com\/es\/wp-json\/wp\/v2\/users\/2"}],"replies":[{"embeddable":true,"href":"https:\/\/tourisme-en-champagne.com\/es\/wp-json\/wp\/v2\/comments?post=21006"}],"version-history":[{"count":1,"href":"https:\/\/tourisme-en-champagne.com\/es\/wp-json\/wp\/v2\/pages\/21006\/revisions"}],"predecessor-version":[{"id":21008,"href":"https:\/\/tourisme-en-champagne.com\/es\/wp-json\/wp\/v2\/pages\/21006\/revisions\/21008"}],"up":[{"embeddable":true,"href":"https:\/\/tourisme-en-champagne.com\/es\/wp-json\/wp\/v2\/pages\/20839"}],"wp:featuredmedia":[{"embeddable":true,"href":"https:\/\/tourisme-en-champagne.com\/es\/wp-json\/wp\/v2\/media\/10390"}],"wp:attachment":[{"href":"https:\/\/tourisme-en-champagne.com\/es\/wp-json\/wp\/v2\/media?parent=21006"}],"curies":[{"name":"wp","href":"https:\/\/api.w.org\/{rel}","templated":true}]}}