{"id":20976,"date":"2025-02-19T09:54:47","date_gmt":"2025-02-19T08:54:47","guid":{"rendered":"https:\/\/tourisme-en-champagne.com\/parque-natural-regional-de-la-montana-de-reims\/"},"modified":"2025-11-28T16:26:51","modified_gmt":"2025-11-28T15:26:51","slug":"parque-natural-regional-de-la-montana-de-reims","status":"publish","type":"page","link":"https:\/\/tourisme-en-champagne.com\/es\/destinos-con-mil-caras\/parque-natural-regional-de-la-montana-de-reims\/","title":{"rendered":"Parque Natural Regional de la Monta\u00f1a de Reims"},"content":{"rendered":"\n<section class=\"wp-block-group alignfull pattern-text has-global-padding is-content-justification-center is-layout-constrained wp-block-group-is-layout-constrained\">\n<div class=\"wp-block-columns is-layout-flex wp-container-core-columns-is-layout-fdcf44e1 wp-block-columns-is-layout-flex\">\n<div class=\"wp-block-column is-layout-flow wp-block-column-is-layout-flow\">\n<h2 class=\"wp-block-heading\"><strong>Llanuras agr\u00edcolas, valles, bosques y colinas cubiertas de excepcionales vi\u00f1edos&#8230;<\/strong><\/h2>\n\n\n\n<hr class=\"wp-block-separator has-text-color has-grey-color has-alpha-channel-opacity has-grey-background-color has-background\"\/>\n\n\n\n<p class=\"has-text-align-left wp-block-paragraph\">El Parque Natural Regional de la Monta\u00f1a de Reims tiene una superficie de 533 km\u00b2 y abarca 65 municipios del departamento de Marne.<br\/>Es una zona \u00fanica cuyo valor y fragilidad justifican las medidas de protecci\u00f3n y mejora que recibe.<\/p>\n\n\n\n<figure class=\"wp-block-embed alignfull is-type-video is-provider-youtube wp-block-embed-youtube wp-embed-aspect-16-9 wp-has-aspect-ratio\"><div class=\"wp-block-embed__wrapper\">\n<iframe loading=\"lazy\" title=\"La randonn\u00e9e en Montagne de Reims\" width=\"500\" height=\"281\" src=\"https:\/\/www.youtube.com\/embed\/_FXEbhJ_OVc?feature=oembed\" frameborder=\"0\" allow=\"accelerometer; autoplay; clipboard-write; encrypted-media; gyroscope; picture-in-picture; web-share\" referrerpolicy=\"strict-origin-when-cross-origin\" allowfullscreen><\/iframe>\n<\/div><\/figure>\n<\/div>\n<\/div>\n<\/section>\n\n<section class=\"wp-block-group alignfull pattern-text has-middleground-background-color has-background has-global-padding is-content-justification-center is-layout-constrained wp-block-group-is-layout-constrained\">\n<div class=\"wp-block-columns is-layout-flex wp-container-core-columns-is-layout-fdcf44e1 wp-block-columns-is-layout-flex\">\n<div class=\"wp-block-column is-layout-flow wp-block-column-is-layout-flow\">\n<h2 class=\"wp-block-heading\"><strong>Descubre el Parque y sus 4 regiones paisaj\u00edsticas, \u00a1cada una con su propia identidad!<\/strong><\/h2>\n\n\n\n<hr class=\"wp-block-separator has-text-color has-grey-color has-alpha-channel-opacity has-grey-background-color has-background\"\/>\n<\/div>\n<\/div>\n<\/section>\n\n<section class=\"wp-block-group alignfull pattern-text-50-media-50 has-middleground-background-color has-background has-global-padding is-layout-constrained wp-block-group-is-layout-constrained\" style=\"padding-top:0;padding-bottom:0\">\n<div class=\"wp-block-columns is-layout-flex wp-container-core-columns-is-layout-63fbf5b9 wp-block-columns-is-layout-flex\">\n<div class=\"wp-block-column is-layout-flow wp-block-column-is-layout-flow\">\n<figure class=\"wp-block-image size-full\"><img loading=\"lazy\" decoding=\"async\" width=\"485\" height=\"323\" src=\"https:\/\/tourisme-en-champagne.com\/assets\/uploads\/2025\/08\/loge-de-vignes-cumieres-c-evidal-adt-marne-14.jpg\" alt=\"\" class=\"wp-image-15632\" title=\"\" srcset=\"https:\/\/tourisme-en-champagne.com\/assets\/uploads\/2025\/08\/loge-de-vignes-cumieres-c-evidal-adt-marne-14.jpg 485w, https:\/\/tourisme-en-champagne.com\/assets\/uploads\/2025\/08\/loge-de-vignes-cumieres-c-evidal-adt-marne-14-400x266.jpg 400w\" sizes=\"auto, (max-width: 485px) 100vw, 485px\" \/><\/figure>\n<\/div>\n\n\n\n<div class=\"wp-block-column is-layout-flow wp-block-column-is-layout-flow\">\n<h3 class=\"wp-block-heading\">Valle del Marne<\/h3>\n\n\n\n<p class=\"wp-block-paragraph\">Situado al sur del Parque, el Valle del Marne toma su nombre del r\u00edo que lo atraviesa. El Marne y su canal lateral discurren de este a oeste a lo largo del borde meridional del Parque. <\/p>\n\n\n\n<p class=\"wp-block-paragraph\">El Marne ha modelado el paisaje hasta formar un valle dominado por el bosque. Mientras las vi\u00f1as de la orilla derecha descienden en cascada hasta el r\u00edo Marne y su canal, al este, los cultivos herb\u00e1ceos de la llanura de Champa\u00f1a van sustituyendo poco a poco a las vides. Los pueblos que bordean las laderas ofrecen magn\u00edficas vistas, como en Mutigny, <a href=\"https:\/\/tourisme-en-champagne.com\/activite\/hautvillers\/\" data-type=\"activite\" data-id=\"8193\">Hautvillers<\/a> y Ch\u00e2tillon-sur-Marne, realzadas por la<a href=\"https:\/\/tourisme-en-champagne.com\/es\/todo-sobre-el-champan\/ruta-turistica-del-champan\/\" data-type=\"page\" data-id=\"10286\"> Ruta Tur\u00edstica<\/a> de Champa\u00f1a.  <\/p>\n<\/div>\n<\/div>\n<\/section>\n\n<section class=\"wp-block-group alignfull pattern-text has-middleground-background-color has-background has-global-padding is-content-justification-center is-layout-constrained wp-block-group-is-layout-constrained\">\n<div class=\"wp-block-columns is-layout-flex wp-container-core-columns-is-layout-fdcf44e1 wp-block-columns-is-layout-flex\">\n<div class=\"wp-block-column is-layout-flow wp-block-column-is-layout-flow\">\n<h3 class=\"wp-block-heading\"><strong>Macizo forestal<\/strong><\/h3>\n\n\n\n<p class=\"has-text-align-left wp-block-paragraph\">En el coraz\u00f3n del Parque, s\u00f3lo el <a href=\"https:\/\/tourisme-en-champagne.com\/activite\/foret-dexception-hautvillers\/\" data-type=\"activite\" data-id=\"8087\">bosque <\/a>cubre el 40% de la superficie. Esta vasta meseta de arcilla molida alberga <strong><a href=\"http:\/\/parc-montagnedereims.fr\/fr\/d%C3%A9couvrir\/appr%C3%A9cier\/patrimoine-naturel#mysteres-d-un-ecrin-de-verdure\" target=\"_blank\" rel=\"noreferrer noopener\">densos bosques<\/a><\/strong> y una serie de claros que atestiguan la importante actividad humana y el gran papel desempe\u00f1ado por el bosque en el pasado. A 288 metros de altitud, culmina aqu\u00ed el monte Sina\u00ed, el pico m\u00e1s alto del Parque y tambi\u00e9n del Marne.  <\/p>\n\n\n\n<p class=\"has-text-align-left wp-block-paragraph\">Rebosante de leyendas y misterios, el bosque alberga una gran variedad de especies, entre ellas algunas rarezas que hacen las delicias de los amantes de la naturaleza. Destino popular de actividades deportivas y de ocio, \u00a1date una vuelta por el sendero y d\u00e9jate conquistar por este entorno verde excepcional y sus riquezas insospechadas! <\/p>\n\n\n\n<h3 class=\"wp-block-heading\">Tardenois<\/h3>\n\n\n\n<p class=\"wp-block-paragraph\">Campos, vi\u00f1edos y bosques se entrelazan en el Tardenois del valle del Ardre. El r\u00edo serpentea entre mesetas y colinas hasta Fismes, donde desemboca en el Vesle. <\/p>\n\n\n\n<p class=\"wp-block-paragraph\">La Edad Media dej\u00f3 su huella con<strong> <a href=\"http:\/\/parc-montagnedereims.fr\/fr\/d%C3%A9couvrir\/appr%C3%A9cier\/patrimoine-culturel#villages-de-la-montagne-de-reims\" rel=\"noreferrer noopener\" target=\"_blank\">iglesias rom\u00e1nicas<\/a> <\/strong>repartidas por toda la regi\u00f3n. \u00c9stas dominan los pueblos construidos en el fondo de los valles o en las laderas. Esta regi\u00f3n estuvo fuertemente marcada por <strong><a href=\"http:\/\/parc-montagnedereims.fr\/fr\/d%C3%A9couvrir\/appr%C3%A9cier\/patrimoine-culturel#souvenir-de-la-grand-guerre\" rel=\"noreferrer noopener\" target=\"_blank\">los combates de la Gran Guerra<\/a><\/strong> ilustrada por la presencia de numerosos cementerios militares.    <\/p>\n\n\n\n<h3 class=\"wp-block-heading\">Laderas de la Monta\u00f1a de Reims<\/h3>\n\n\n\n<p class=\"wp-block-paragraph\">Situadas al norte y al este del Parque, de Vrigny a Tr\u00e9pail, pasando por Sermiers y Verzy, las laderas de la Monta\u00f1a de Reims se caracterizan por su valor paisaj\u00edstico. Aut\u00e9ntica barrera que domina la calc\u00e1rea llanura de Champa\u00f1a, la ladera de \u00cele-de-France es aqu\u00ed m\u00e1s alta (180 metros de desnivel) y relativamente recta. Las laderas y escarpes albergan vi\u00f1edos y pueblos, y ofrecen vistas excepcionales a lo largo de toda la ruta tur\u00edstica de Champa\u00f1a.  <\/p>\n<\/div>\n<\/div>\n<\/section>\n\n<section class=\"wp-block-group alignfull pattern-text-50-media-50 has-global-padding is-layout-constrained wp-block-group-is-layout-constrained\">\n<div class=\"wp-block-columns is-layout-flex wp-container-core-columns-is-layout-63fbf5b9 wp-block-columns-is-layout-flex\">\n<div class=\"wp-block-column is-layout-flow wp-block-column-is-layout-flow\">\n<h2 class=\"wp-block-heading\"><strong>Una riqueza de tesoros<\/strong><\/h2>\n\n\n\n<hr class=\"wp-block-separator has-text-color has-grey-color has-alpha-channel-opacity has-grey-background-color has-background\"\/>\n\n\n\n<p class=\"wp-block-paragraph\">El Parque est\u00e1 lleno de tesoros: las <strong>orqu\u00eddeas salvajes<\/strong> de la regi\u00f3n de Champa\u00f1a y el <strong>Faux de Verzy<\/strong> son prueba de ello. Estas hayas retorcidas, con sus troncos nudosos y deformes, siguen siendo un enigma para los cient\u00edficos y una fuente perpetua de asombro para los senderistas. <\/p>\n\n\n\n<h3 class=\"wp-block-heading\">Senderos y circuitos<\/h3>\n\n\n\n<p class=\"wp-block-paragraph\">300 km de <a href=\"https:\/\/tourisme-en-champagne.com\/es\/rutas-de-senderismo-en-la-rnp\/\" data-type=\"page\" data-id=\"11420\">senderos se\u00f1alizados<\/a> y numerosas <a href=\"https:\/\/tourisme-en-champagne.com\/activites-de-loisirs-et-nature\/activites-sportives-et-de-loisirs\/velo\/autour-de-reims\/\" data-type=\"page\" data-id=\"15137\">rutas ciclistas<\/a> y ecuestres te llevar\u00e1n por el <strong>Parque Natural Regional de la Monta\u00f1a de Reims<\/strong> y te har\u00e1n descubrir su patrimonio natural y cultural.<\/p>\n<\/div>\n\n\n\n<div class=\"wp-block-column is-layout-flow wp-block-column-is-layout-flow\">\n<figure class=\"wp-block-image size-full\"><img loading=\"lazy\" decoding=\"async\" width=\"370\" height=\"370\" src=\"https:\/\/tourisme-en-champagne.com\/assets\/uploads\/2025\/08\/randonneecfotoliacom1-2-1.jpg\" alt=\"\" class=\"wp-image-15641\" title=\"\"><\/figure>\n<\/div>\n<\/div>\n<\/section>\n\n<section class=\"wp-block-group alignfull pattern-text-50-media-50 has-brown-background-color has-background has-global-padding is-layout-constrained wp-block-group-is-layout-constrained\">\n<div class=\"wp-block-columns is-layout-flex wp-container-core-columns-is-layout-63fbf5b9 wp-block-columns-is-layout-flex\">\n<div class=\"wp-block-column is-layout-flow wp-block-column-is-layout-flow\">\n<figure class=\"wp-block-embed is-type-video is-provider-youtube wp-block-embed-youtube wp-embed-aspect-16-9 wp-has-aspect-ratio\"><div class=\"wp-block-embed__wrapper\">\n<iframe loading=\"lazy\" title=\"Les Faux de Verzy - La Marne - La Champagne\" width=\"500\" height=\"281\" src=\"https:\/\/www.youtube.com\/embed\/ILG5aLnKVD0?list=UUAd8U0oSQReLExKh6_aKCrA\" frameborder=\"0\" allow=\"accelerometer; autoplay; clipboard-write; encrypted-media; gyroscope; picture-in-picture; web-share\" referrerpolicy=\"strict-origin-when-cross-origin\" allowfullscreen><\/iframe>\n<\/div><\/figure>\n<\/div>\n\n\n\n<div class=\"wp-block-column is-layout-flow wp-block-column-is-layout-flow\">\n<h2 class=\"wp-block-heading\"><strong>Turismo y discapacidad<\/strong><\/h2>\n\n\n\n<hr class=\"wp-block-separator has-text-color has-grey-color has-alpha-channel-opacity has-grey-background-color has-background\"\/>\n\n\n\n<p class=\"has-base-color has-text-color has-link-color wp-elements-f07eb242e47bf63b64a45daf0d1e04d1 wp-block-paragraph\">Un sendero homologado por <strong>Tourisme et Handicap*<\/strong>, que parte de los aparcamientos de Faux o Pins, te permite observarlos en su entorno forestal natural. (*4 discapacidades: motora, mental, visual y auditiva). <\/p>\n<\/div>\n<\/div>\n<\/section>\n\n<section class=\"wp-block-group alignfull pattern-text-50-media-50 has-global-padding is-layout-constrained wp-block-group-is-layout-constrained\">\n<div class=\"wp-block-columns is-layout-flex wp-container-core-columns-is-layout-63fbf5b9 wp-block-columns-is-layout-flex\">\n<div class=\"wp-block-column is-layout-flow wp-block-column-is-layout-flow\">\n<h2 class=\"wp-block-heading\"><strong>Principal reserva de falsificaciones<\/strong><\/h2>\n\n\n\n<hr class=\"wp-block-separator has-text-color has-grey-color has-alpha-channel-opacity has-grey-background-color has-background\"\/>\n\n\n\n<p class=\"wp-block-paragraph\">Un sendero homologado por <strong>Tourisme et Handicap*<\/strong>, que parte de los aparcamientos de Faux o Pins, te permite observarlos en su entorno forestal natural. (*4 discapacidades: motora, mental, visual y auditiva). <\/p>\n<\/div>\n\n\n\n<div class=\"wp-block-column is-layout-flow wp-block-column-is-layout-flow\">\n<figure class=\"wp-block-embed is-type-video is-provider-youtube wp-block-embed-youtube wp-embed-aspect-16-9 wp-has-aspect-ratio\"><div class=\"wp-block-embed__wrapper\">\n<iframe loading=\"lazy\" title=\"Les Faux de Verzy, des arbres d&#039;exception \u00e0 observer en For\u00eat d&#039;Exception\u00ae de la montagne de Reims\" width=\"500\" height=\"281\" src=\"https:\/\/www.youtube.com\/embed\/m3GlWYhYxas?feature=oembed\" frameborder=\"0\" allow=\"accelerometer; autoplay; clipboard-write; encrypted-media; gyroscope; picture-in-picture; web-share\" referrerpolicy=\"strict-origin-when-cross-origin\" allowfullscreen><\/iframe>\n<\/div><\/figure>\n<\/div>\n<\/div>\n<\/section>\n\n<section style=\"background-image:url(&apos;https:\/\/tourisme-en-champagne.com\/assets\/uploads\/2025\/08\/faux-de-verzycc-manquillet-coll-adt-marne12-1.jpg&apos;);background-size:cover;\" class=\"wp-block-group alignfull pattern-text-50-right-background has-base-color has-text-color has-link-color wp-elements-acd376f588ee4ea399544c111e90e9a3 has-global-padding is-layout-constrained wp-block-group-is-layout-constrained has-background\">\n<div class=\"wp-block-columns is-layout-flex wp-container-core-columns-is-layout-fdcf44e1 wp-block-columns-is-layout-flex\">\n<div class=\"wp-block-column is-layout-flow wp-block-column-is-layout-flow\"><\/div>\n\n\n\n<div class=\"wp-block-column is-layout-flow wp-block-column-is-layout-flow\">\n<h2 class=\"wp-block-heading\"><strong>\u00bfLo sab\u00edas?  <\/strong><\/h2>\n\n\n\n<hr class=\"wp-block-separator has-text-color has-base-color has-alpha-channel-opacity has-base-background-color has-background\"\/>\n\n\n\n<p class=\"wp-block-paragraph\">Seg\u00fan la leyenda, cuando se dirig\u00eda con Carlos VII a la abad\u00eda de Saint-Basle, Juana de Arco trep\u00f3 a las ramas de un leonado de Verzy y se sent\u00f3.<\/p>\n\n\n\n<p class=\"wp-block-paragraph\">Cierto o no, el anedocte es testigo de la riqueza de leyendas que han rodeado durante siglos a estas hayas retorcidas, \u00a1cuya forma sigue siendo un misterio!<\/p>\n\n\n\n<p class=\"wp-block-paragraph\"><strong>&gt;  Desc\u00e1rgate la app antes de ir: \u00a1no hay red!<\/strong><\/p>\n\n\n\n<p class=\"wp-block-paragraph\">&#8211; <a href=\"https:\/\/play.google.com\/store\/apps\/details?id=net.ateliernature.android.onf.verzy.explorrando&amp;hl=fr\" rel=\"noreferrer noopener\" target=\"_blank\">Descargar \u00abEn for\u00eat de Verzy\u00bb en Google Play<\/a><\/p>\n\n\n\n<p class=\"wp-block-paragraph\">&#8211; <a href=\"https:\/\/itunes.apple.com\/fr\/app\/en-foret-de-verzy\/id1179809845?mt=8\" rel=\"noreferrer noopener\" target=\"_blank\">Descargar \u00abEn for\u00eat de Verzy\u00bb en el App Store<\/a><\/p>\n<\/div>\n<\/div>\n<\/section>\n\n<section class=\"wp-block-group alignfull pattern-text has-global-padding is-content-justification-center is-layout-constrained wp-block-group-is-layout-constrained\">\n<div class=\"wp-block-columns is-layout-flex wp-container-core-columns-is-layout-fdcf44e1 wp-block-columns-is-layout-flex\">\n<div class=\"wp-block-column is-layout-flow wp-block-column-is-layout-flow\">\n<h2 class=\"wp-block-heading\"><strong>TU CONTACTO  <\/strong><\/h2>\n\n\n\n<hr class=\"wp-block-separator has-text-color has-grey-color has-alpha-channel-opacity has-grey-background-color has-background\"\/>\n\n\n\n<p class=\"wp-block-paragraph\"><strong>PARQUE NATURAL REGIONAL DE LA MONTA\u00d1A DE REIMS<\/strong><\/p>\n\n\n\n<p class=\"has-text-align-left wp-block-paragraph\"><strong>MAISON DU PARC &#8211; 51480 POURCY &#8211; 03 26 59 44 44 &#8211; <a href=\"http:\/\/www.parc-montagnedereims.fr\/\" target=\"_blank\" rel=\"noreferrer noopener\">WWW.PARC-MONTAGNEDEREIMS.FR<\/a><\/strong><\/p>\n<\/div>\n<\/div>\n<\/section>\n\n<section class=\"wp-block-group alignfull pattern-playlist-grid has-global-padding is-layout-constrained wp-block-group-is-layout-constrained\">\n<h2 class=\"wp-block-heading has-text-align-center\"><strong>Lista de reproducci\u00f3n<\/strong> <strong>&#8211; Rejilla<\/strong><\/h2>\n\n\n\n<hr class=\"wp-block-separator has-text-color has-accent-3-color has-alpha-channel-opacity has-accent-3-background-color has-background\"\/>\n\n\n\t\t\t<div class=\"fsgb-block-playlist playlist-grid is-style-grid\"  style=\"margin-top:var(--wp--preset--spacing--x-large);\">\n\t\t\t\t\n\t\t\t\n\t\t\t<div class=\"swiper swiperPlaylistGrid\">\n\n\t\t\t\t<div class=\"swiper-wrapper posts-count-2\">\n\t\t\t\t\t\t\t\t\t\t\t\t\t\t\t\t\t<div class=\"swiper-slide \">\n\t\t\t\t\t\t\t\n<article class=\"card card--itineraire stretched-link\" data-id=\"26474\" data-post-id-sync-map=\"26474\" >\n\t\n\t\t\n\t\t\t\t<div class=\"card__thumbnail has-middleground-background-color stack\">\n\t\t\t<img decoding=\"async\" width=\"2048\" src=\"https:\/\/cdt51.media.tourinsoft.eu\/upload\/Faux-de-Verzy-C.-Manquillet-Coll.-ADT-Marne21.jpg\" class=\"attachment- size-\" alt=\"Randonn\u00e9e des Faux de Verzy label T&#038;H\" srcset=\"https:\/\/cdt51.media.tourinsoft.eu\/upload\/Faux-de-Verzy-C.-Manquillet-Coll.-ADT-Marne21.jpg?width=400 400w, https:\/\/cdt51.media.tourinsoft.eu\/upload\/Faux-de-Verzy-C.-Manquillet-Coll.-ADT-Marne21.jpg?width=640 640w, https:\/\/cdt51.media.tourinsoft.eu\/upload\/Faux-de-Verzy-C.-Manquillet-Coll.-ADT-Marne21.jpg?width=768 768w, https:\/\/cdt51.media.tourinsoft.eu\/upload\/Faux-de-Verzy-C.-Manquillet-Coll.-ADT-Marne21.jpg?width=1280 1280w, https:\/\/cdt51.media.tourinsoft.eu\/upload\/Faux-de-Verzy-C.-Manquillet-Coll.-ADT-Marne21.jpg?width=1536&amp;height=1536 1536w, https:\/\/cdt51.media.tourinsoft.eu\/upload\/Faux-de-Verzy-C.-Manquillet-Coll.-ADT-Marne21.jpg?width=2048&amp;height=2048 2048w\" sizes=\"(max-width: 2048px) 100vw, 2048px\" title=\"\">\t\t<\/div>\n\t\n\t\t<div class=\"card__content\">\n\t\t\t\n\t\t\t\t\t\t\t\t\t\n\t\t\t\t\t\t\t\t\t\n\t\t\t\t\t\t<h3 class=\"title wp-block-heading is-style-h3\">\n\t\t\t\t<a href=\"https:\/\/tourisme-en-champagne.com\/es\/itineraire\/randonnee-des-faux-de-verzy-label-th\/\" target=\"_blank\">Randonn\u00e9e des Faux de Verzy label T&#038;H<\/a>\t\t\t\t\t\t\t<\/h3>\n\t\t\t\n\t\t\t\t\t\t\t\t\t\n\t\t\t\t\t\t<div class=\"underlined\"><\/div>\n\t\t\n\t\t\t\t\t\t\t\t\t\t<div class=\"location\">\n\t\t\t\t\tVerzy\t\t\t\t<\/div>\n\t\t\t\t\t\t\n\t\t\t\t\t\t\t\t\t\n\t\t\t\t\t\t\t\t\t\n\t\t\t\t\t\t\t\t\t\n\t\t\t\t\t\t\t\t\t\t<div class=\"descriptif\">Tiempo para un paseo por el bosque, descubre los \u00e1rboles de imitaci\u00f3n de Verzy que albergan a avi&#8230;<\/div>\n\t\t\t\t\n\t\t\t\t\t\t\t\t\t\t\t\t\t\t\t\t\n\t\t\t\t\t\t\t\t\t\t<div class=\"wp-block-button\">\n\t\t\t\t\t<a class=\"wp-element-button rounded\" href=\"https:\/\/tourisme-en-champagne.com\/es\/itineraire\/randonnee-des-faux-de-verzy-label-th\/\" target=\"_blank\" aria-label=\"Saber m\u00e1s sobre Randonn\u00e9e des Faux de Verzy label T&#038;H\">M\u00e1s informaci\u00f3n<\/a>\n\t\t\t\t<\/div>\n\t\t\t \n\t\t<\/div>\n\t\t\n\n\t\t<\/article>\n\n\t\t\t\t\t\t<\/div>\n\t\t\t\t\t\t\t\t\t\t\t\t\t\t\t\t\t<div class=\"swiper-slide \">\n\t\t\t\t\t\t\t\n<article class=\"card card--itineraire stretched-link\" data-id=\"26443\" data-post-id-sync-map=\"26443\" >\n\t\n\t\t\n\t\t\t\t<div class=\"card__thumbnail has-middleground-background-color stack\">\n\t\t\t<img decoding=\"async\" width=\"2048\" src=\"https:\/\/cdt51.media.tourinsoft.eu\/upload\/Faux-de-Verzy-CDT-Marne-Coll.jpg\" class=\"attachment- size-\" alt=\"PR 63 Circuit entre Vignes et Faux\" srcset=\"https:\/\/cdt51.media.tourinsoft.eu\/upload\/Faux-de-Verzy-CDT-Marne-Coll.jpg?width=400 400w, https:\/\/cdt51.media.tourinsoft.eu\/upload\/Faux-de-Verzy-CDT-Marne-Coll.jpg?width=640 640w, https:\/\/cdt51.media.tourinsoft.eu\/upload\/Faux-de-Verzy-CDT-Marne-Coll.jpg?width=768 768w, https:\/\/cdt51.media.tourinsoft.eu\/upload\/Faux-de-Verzy-CDT-Marne-Coll.jpg?width=1280 1280w, https:\/\/cdt51.media.tourinsoft.eu\/upload\/Faux-de-Verzy-CDT-Marne-Coll.jpg?width=1536&amp;height=1536 1536w, https:\/\/cdt51.media.tourinsoft.eu\/upload\/Faux-de-Verzy-CDT-Marne-Coll.jpg?width=2048&amp;height=2048 2048w\" sizes=\"(max-width: 2048px) 100vw, 2048px\" title=\"\">\t\t<\/div>\n\t\n\t\t<div class=\"card__content\">\n\t\t\t\n\t\t\t\t\t\t\t\t\t\n\t\t\t\t\t\t\t\t\t\n\t\t\t\t\t\t<h3 class=\"title wp-block-heading is-style-h3\">\n\t\t\t\t<a href=\"https:\/\/tourisme-en-champagne.com\/es\/itineraire\/pr-63-circuit-entre-vignes-et-faux\/\" target=\"_blank\">PR 63 Circuit entre Vignes et Faux<\/a>\t\t\t\t\t\t\t<\/h3>\n\t\t\t\n\t\t\t\t\t\t\t\t\t\n\t\t\t\t\t\t<div class=\"underlined\"><\/div>\n\t\t\n\t\t\t\t\t\t\t\t\t\t<div class=\"location\">\n\t\t\t\t\tVerzy\t\t\t\t<\/div>\n\t\t\t\t\t\t\n\t\t\t\t\t\t\t\t\t\n\t\t\t\t\t\t\t\t\t\n\t\t\t\t\t\t\t\t\t\n\t\t\t\t\t\t\t\t\t\t<div class=\"descriptif\">Tiempo de viaje\r4h\r\rEste bucle entre vi\u00f1edos y bosques a trav\u00e9s de una serie de magn\u00edficas vistas&#8230;<\/div>\n\t\t\t\t\n\t\t\t\t\t\t\t\t\t\t\t\t\t\t\t\t\n\t\t\t\t\t\t\t\t\t\t<div class=\"wp-block-button\">\n\t\t\t\t\t<a class=\"wp-element-button rounded\" href=\"https:\/\/tourisme-en-champagne.com\/es\/itineraire\/pr-63-circuit-entre-vignes-et-faux\/\" target=\"_blank\" aria-label=\"Saber m\u00e1s sobre PR 63 Circuit entre Vignes et Faux\">M\u00e1s informaci\u00f3n<\/a>\n\t\t\t\t<\/div>\n\t\t\t \n\t\t<\/div>\n\t\t\n\n\t\t<\/article>\n\n\t\t\t\t\t\t<\/div>\n\t\t\t\t\t\t\t\t\t\t\t\t\t\t<\/div>\n\t\t\t\t\n\t\t\t\t<div class=\"swiper-buttons\">\n\t\t\t\t\t<div class=\"swiper-button-prev\"><\/div>\n\t\t\t\t\t<div class=\"swiper-button-next\"><\/div>\n\t\t\t\t<\/div>\n\t\t\t<\/div>\n\t\t<\/div>\n\t\n<\/section>\n","protected":false},"excerpt":{"rendered":"<p>Llanuras agr\u00edcolas, valles, bosques y colinas cubiertas de excepcionales vi\u00f1edos&#8230; El Parque Natural Regional de la Monta\u00f1a de Reims tiene una superficie de 533 km\u00b2 y abarca 65 municipios del departamento de Marne.Es una zona \u00fanica cuyo valor y fragilidad justifican las medidas de protecci\u00f3n y mejora que recibe. Descubre el Parque y sus 4 [&hellip;]<\/p>\n","protected":false},"author":2,"featured_media":2630,"parent":21426,"menu_order":0,"comment_status":"closed","ping_status":"closed","template":"templates\/destinations.php","meta":{"_acf_changed":false,"footnotes":"","_links_to":"","_links_to_target":""},"class_list":["post-20976","page","type-page","status-publish","has-post-thumbnail","hentry"],"acf":[],"_links":{"self":[{"href":"https:\/\/tourisme-en-champagne.com\/es\/wp-json\/wp\/v2\/pages\/20976","targetHints":{"allow":["GET"]}}],"collection":[{"href":"https:\/\/tourisme-en-champagne.com\/es\/wp-json\/wp\/v2\/pages"}],"about":[{"href":"https:\/\/tourisme-en-champagne.com\/es\/wp-json\/wp\/v2\/types\/page"}],"author":[{"embeddable":true,"href":"https:\/\/tourisme-en-champagne.com\/es\/wp-json\/wp\/v2\/users\/2"}],"replies":[{"embeddable":true,"href":"https:\/\/tourisme-en-champagne.com\/es\/wp-json\/wp\/v2\/comments?post=20976"}],"version-history":[{"count":1,"href":"https:\/\/tourisme-en-champagne.com\/es\/wp-json\/wp\/v2\/pages\/20976\/revisions"}],"predecessor-version":[{"id":20980,"href":"https:\/\/tourisme-en-champagne.com\/es\/wp-json\/wp\/v2\/pages\/20976\/revisions\/20980"}],"up":[{"embeddable":true,"href":"https:\/\/tourisme-en-champagne.com\/es\/wp-json\/wp\/v2\/pages\/21426"}],"wp:featuredmedia":[{"embeddable":true,"href":"https:\/\/tourisme-en-champagne.com\/es\/wp-json\/wp\/v2\/media\/2630"}],"wp:attachment":[{"href":"https:\/\/tourisme-en-champagne.com\/es\/wp-json\/wp\/v2\/media?parent=20976"}],"curies":[{"name":"wp","href":"https:\/\/api.w.org\/{rel}","templated":true}]}}