{"id":20975,"date":"2025-02-19T09:57:01","date_gmt":"2025-02-19T08:57:01","guid":{"rendered":"https:\/\/tourisme-en-champagne.com\/sainte-menehould-y-alrededores\/"},"modified":"2025-11-28T16:26:52","modified_gmt":"2025-11-28T15:26:52","slug":"sainte-menehould-y-alrededores","status":"publish","type":"page","link":"https:\/\/tourisme-en-champagne.com\/es\/destinos-con-mil-caras\/sainte-menehould-y-alrededores\/","title":{"rendered":"Sainte-M\u00e9nehould y alrededores"},"content":{"rendered":"\n<section class=\"wp-block-group alignfull pattern-text has-global-padding is-content-justification-center is-layout-constrained wp-block-group-is-layout-constrained\">\n<div class=\"wp-block-columns is-layout-flex wp-container-core-columns-is-layout-fdcf44e1 wp-block-columns-is-layout-flex\">\n<div class=\"wp-block-column is-layout-flow wp-block-column-is-layout-flow\">\n<h2 class=\"wp-block-heading\"><strong><strong>petite cit\u00e9 de caract\u00e8re\u00ae (peque\u00f1a ciudad de car\u00e1cter)<\/strong> <\/strong><\/h2>\n\n\n\n<p class=\"has-text-align-left wp-block-paragraph\">Sainte-M\u00e9nehould toma su nombre de una joven, Manehildis, que se distingui\u00f3 por su bondad y piedad en el siglo V.<\/p>\n\n\n\n<p class=\"wp-block-paragraph\">Completamente reconstruido en el siglo XVIII tras un violento incendio, su estilo es absolutamente \u00fanico. La colina del castillo, de innegable cach\u00e9, alberga casas antiguas y una iglesia del siglo XIII.   <\/p>\n\n\n\n<p class=\"has-text-align-left wp-block-paragraph\">A menudo en el coraz\u00f3n de la historia, con la huida de Luis XVI, la batalla de Valmy y los conflictos de la Primera Guerra Mundial, \u00a1todav\u00eda conserva muchas huellas de su pasado que esperan ser descubiertas!<\/p>\n<\/div>\n<\/div>\n<\/section>\n\n<section class=\"wp-block-group alignfull pattern-text-50-media-50 has-global-padding is-layout-constrained wp-block-group-is-layout-constrained\">\n<div class=\"wp-block-columns is-layout-flex wp-container-core-columns-is-layout-63fbf5b9 wp-block-columns-is-layout-flex\">\n<div class=\"wp-block-column is-layout-flow wp-block-column-is-layout-flow\" style=\"flex-basis:66%\">\n<figure class=\"wp-block-embed is-type-video is-provider-youtube wp-block-embed-youtube wp-embed-aspect-16-9 wp-has-aspect-ratio\"><div class=\"wp-block-embed__wrapper\">\n<iframe loading=\"lazy\" title=\"L&#039;Argonne en mille couleurs\" width=\"500\" height=\"281\" src=\"https:\/\/www.youtube.com\/embed\/GNIf4gTmjg8?feature=oembed\" frameborder=\"0\" allow=\"accelerometer; autoplay; clipboard-write; encrypted-media; gyroscope; picture-in-picture; web-share\" referrerpolicy=\"strict-origin-when-cross-origin\" allowfullscreen><\/iframe>\n<\/div><\/figure>\n<\/div>\n\n\n\n<div class=\"wp-block-column is-layout-flow wp-block-column-is-layout-flow\">\n<h2 class=\"wp-block-heading\"><strong>Una naturaleza generosa<\/strong><\/h2>\n\n\n\n<hr class=\"wp-block-separator has-text-color has-grey-color has-alpha-channel-opacity has-grey-background-color has-background\"\/>\n\n\n\n<p class=\"wp-block-paragraph\">A principios de la Edad Media, los monjes desarrollaron el bosque, dando lugar a las abad\u00edas de Beaulieu, Moiremont, Ch\u00e2trices y La Chalade. La abundancia de madera se utilizaba como combustible para las f\u00e1bricas de vidrio y <strong>loza<\/strong>, entre las que destacan los platos conocidos como las Islettes (siglo XVIII), muy apreciados por los coleccionistas. <\/p>\n<\/div>\n<\/div>\n<\/section>\n\n<section class=\"wp-block-group alignfull pattern-text has-global-padding is-content-justification-center is-layout-constrained wp-block-group-is-layout-constrained\">\n<div class=\"wp-block-columns is-layout-flex wp-container-core-columns-is-layout-fdcf44e1 wp-block-columns-is-layout-flex\">\n<div class=\"wp-block-column is-layout-flow wp-block-column-is-layout-flow\">\n<p class=\"has-text-align-left wp-block-paragraph\">Salpicada de estanques y vastos bosques, la Argonne ofrece una flora y fauna intactas en un entorno natural abundante, \u00a1perfecto para evadirse de todo!<\/p>\n\n\n\n<p class=\"has-text-align-left wp-block-paragraph\">A pie, en bicicleta, a caballo o incluso a pedales, esta majestuosa finca, con sus colores resplandecientes en cada estaci\u00f3n, es el lugar ideal para pasear al aire libre&#8230;<\/p>\n<\/div>\n<\/div>\n<\/section>\n\n<section class=\"wp-block-group alignfull pattern-text-50-media-50 has-middleground-background-color has-background has-global-padding is-layout-constrained wp-block-group-is-layout-constrained\">\n<div class=\"wp-block-columns is-layout-flex wp-container-core-columns-is-layout-63fbf5b9 wp-block-columns-is-layout-flex\">\n<div class=\"wp-block-column is-layout-flow wp-block-column-is-layout-flow\">\n<h2 class=\"wp-block-heading\"><strong>Batalla de Valmy<\/strong><\/h2>\n\n\n\n<hr class=\"wp-block-separator has-text-color has-grey-color has-alpha-channel-opacity has-grey-background-color has-background\"\/>\n\n\n\n<h3 class=\"wp-block-heading\">Lorem ipsum dolor sit amet<\/h3>\n\n\n\n<p class=\"wp-block-paragraph\">Descubre el prestigioso lugar donde tuvo lugar la Batalla de Valmy en 1792. Fue aqu\u00ed donde el ej\u00e9rcito franc\u00e9s dirigido por <strong>Dumouriez<\/strong> se enfrent\u00f3 a las fuerzas de coalici\u00f3n de las monarqu\u00edas europeas. El general <strong>Kellermann<\/strong> comandaba el centro del ej\u00e9rcito cerca del molino.  <\/p>\n\n\n\n<p class=\"wp-block-paragraph\">La ma\u00f1ana del 20 de septiembre tuvo lugar el ataque. El Moulin de Valmy, figura emblem\u00e1tica, fue el punto focal de la artiller\u00eda prusiana durante esta batalla y el escenario de un ca\u00f1oneo. La victoria condujo a la proclamaci\u00f3n de la Rep\u00fablica al d\u00eda siguiente, 21 de septiembre de 1792.  <\/p>\n\n\n\n<p class=\"wp-block-paragraph\">El <strong>Centro Hist\u00f3rico de Valmy 1792<\/strong> te lleva al coraz\u00f3n de esta batalla hist\u00f3rica, que inspir\u00f3 a <strong>Goethe<\/strong> estas famosas palabras: \u00abA partir de este lugar y de este d\u00eda comienza una nueva \u00e9poca del mundo, y podr\u00e1s decir: yo estuve all\u00ed\u00bb.  <\/p>\n<\/div>\n\n\n\n<div class=\"wp-block-column is-layout-flow wp-block-column-is-layout-flow\">\n<figure class=\"wp-block-image size-full\"><img loading=\"lazy\" decoding=\"async\" width=\"485\" height=\"485\" src=\"https:\/\/tourisme-en-champagne.com\/assets\/uploads\/2025\/07\/centre-historique-valmy-1792cr-kiezer-coll-adt-marne12.jpg\" alt=\"\" class=\"wp-image-15254\" title=\"\" srcset=\"https:\/\/tourisme-en-champagne.com\/assets\/uploads\/2025\/07\/centre-historique-valmy-1792cr-kiezer-coll-adt-marne12.jpg 485w, https:\/\/tourisme-en-champagne.com\/assets\/uploads\/2025\/07\/centre-historique-valmy-1792cr-kiezer-coll-adt-marne12-400x400.jpg 400w\" sizes=\"auto, (max-width: 485px) 100vw, 485px\" \/><\/figure>\n<\/div>\n<\/div>\n<\/section>\n\n<section style=\"background-image:url(&apos;https:\/\/tourisme-en-champagne.com\/assets\/uploads\/2025\/07\/statue-dom-perignon-psauvageot-adt-marne.jpg&apos;);background-size:cover;\" class=\"wp-block-group alignfull pattern-text-50-left-background has-base-color has-text-color has-link-color wp-elements-ed32c78146e5b14abbffa617a93af584 has-global-padding is-layout-constrained wp-block-group-is-layout-constrained has-background\">\n<div class=\"wp-block-columns is-layout-flex wp-container-core-columns-is-layout-fdcf44e1 wp-block-columns-is-layout-flex\">\n<div class=\"wp-block-column is-layout-flow wp-block-column-is-layout-flow\">\n<h2 class=\"wp-block-heading\"><strong><br\/>Dom P\u00e9rignon, hijo de Sainte M\u00e9nehould<\/strong><\/h2>\n\n\n\n<hr class=\"wp-block-separator has-text-color has-base-color has-alpha-channel-opacity has-base-background-color has-background\"\/>\n\n\n\n<p class=\"wp-block-paragraph\">No es ning\u00fan secreto que es el supuesto padre del champ\u00e1n, productor de los mejores vinos de champ\u00e1n y digno ciudadano de Hautvillers.<\/p>\n\n\n\n<p class=\"wp-block-paragraph\">Sin embargo, es menos conocido su lugar de nacimiento.<\/p>\n\n\n\n<p class=\"wp-block-paragraph\">En 1956, Sainte-M\u00e9nehould erigi\u00f3 una estatua suya, \u00a1con una media sonrisa, por supuesto!<\/p>\n<\/div>\n\n\n\n<div class=\"wp-block-column is-layout-flow wp-block-column-is-layout-flow\"><\/div>\n<\/div>\n<\/section>\n\n<section class=\"wp-block-group alignfull pattern-text-50-media-50 has-global-padding is-layout-constrained wp-block-group-is-layout-constrained\">\n<div class=\"wp-block-columns is-layout-flex wp-container-core-columns-is-layout-63fbf5b9 wp-block-columns-is-layout-flex\">\n<div class=\"wp-block-column is-layout-flow wp-block-column-is-layout-flow\">\n<h2 class=\"wp-block-heading\"><strong>Senderismo en Argonne<\/strong><\/h2>\n\n\n\n<hr class=\"wp-block-separator has-text-color has-grey-color has-alpha-channel-opacity has-grey-background-color has-background\"\/>\n\n\n\n<p class=\"wp-block-paragraph\">Amantes de la naturaleza y aficionados a la bicicleta de monta\u00f1a, \u00a1el bosque de Argonne, pulm\u00f3n verde del Marne, es vuestro!<\/p>\n\n\n\n<p class=\"wp-block-paragraph\">Aqu\u00ed los ciclistas de monta\u00f1a y los senderistas se codean en las numerosas y variadas rutas a trav\u00e9s de los vastos bosques, los exuberantes prados verdes, los lagos y los pueblos naturales&#8230;<\/p>\n\n\n\n<div class=\"wp-block-buttons is-layout-flex wp-block-buttons-is-layout-flex\">\n<div class=\"wp-block-button\"><a class=\"wp-block-button__link has-grey-background-color has-background wp-element-button\" href=\"https:\/\/tourisme-en-champagne.com\/activites-de-loisirs-et-nature\/activites-sportives-et-de-loisirs\/velo\/argonne\/\">Ideas de rutas<\/a><\/div>\n<\/div>\n<\/div>\n\n\n\n<div class=\"wp-block-column is-layout-flow wp-block-column-is-layout-flow\" style=\"flex-basis:66%\">\n<figure class=\"wp-block-embed is-type-video is-provider-youtube wp-block-embed-youtube wp-embed-aspect-16-9 wp-has-aspect-ratio\"><div class=\"wp-block-embed__wrapper\">\n<iframe loading=\"lazy\" title=\"Balade ressour\u00e7ante en Argonne Champenoise\" width=\"500\" height=\"281\" src=\"https:\/\/www.youtube.com\/embed\/1GccDoAbmR4?feature=oembed\" frameborder=\"0\" allow=\"accelerometer; autoplay; clipboard-write; encrypted-media; gyroscope; picture-in-picture; web-share\" referrerpolicy=\"strict-origin-when-cross-origin\" allowfullscreen><\/iframe>\n<\/div><\/figure>\n<\/div>\n<\/div>\n<\/section>\n\n<section class=\"wp-block-group alignfull pattern-text-50-media-50-full has-base-color has-brown-background-color has-text-color has-background has-link-color wp-elements-39b9f678a6e203fcae7f2f9fcd9b82bd has-global-padding is-content-justification-center is-layout-constrained wp-block-group-is-layout-constrained\">\n<div class=\"wp-block-columns alignfull is-layout-flex wp-container-core-columns-is-layout-addd0515 wp-block-columns-is-layout-flex\">\n<div class=\"wp-block-column col-media is-layout-flow wp-block-column-is-layout-flow\" style=\"flex-basis:50%\">\n<figure class=\"wp-block-image size-full\"><img loading=\"lazy\" decoding=\"async\" width=\"960\" height=\"600\" src=\"https:\/\/tourisme-en-champagne.com\/assets\/uploads\/2025\/07\/biere-de-valmycg-peze-colladt-marne1.jpg\" alt=\"\" class=\"wp-image-15275\" title=\"\" srcset=\"https:\/\/tourisme-en-champagne.com\/assets\/uploads\/2025\/07\/biere-de-valmycg-peze-colladt-marne1.jpg 960w, https:\/\/tourisme-en-champagne.com\/assets\/uploads\/2025\/07\/biere-de-valmycg-peze-colladt-marne1-640x400.jpg 640w, https:\/\/tourisme-en-champagne.com\/assets\/uploads\/2025\/07\/biere-de-valmycg-peze-colladt-marne1-400x250.jpg 400w, https:\/\/tourisme-en-champagne.com\/assets\/uploads\/2025\/07\/biere-de-valmycg-peze-colladt-marne1-768x480.jpg 768w\" sizes=\"auto, (max-width: 960px) 100vw, 960px\" \/><\/figure>\n<\/div>\n\n\n\n<div class=\"wp-block-column col-content is-layout-flow wp-block-column-is-layout-flow\" style=\"flex-basis:50%\">\n<h2 class=\"wp-block-heading\"><strong>Gastronom\u00eda en Sainte-M\u00e9nehould<\/strong><\/h2>\n\n\n\n<hr class=\"wp-block-separator has-text-color has-base-color has-alpha-channel-opacity has-base-background-color has-background\"\/>\n\n\n\n<p class=\"wp-block-paragraph\"><br\/>Los productores y restauradores locales ofrecen chocolates, mieles, cervezas de Orgemont o Valmy y otras especialidades&#8230;  <\/p>\n\n\n\n<p class=\"wp-block-paragraph\">Los gourmets no querr\u00e1n perderse las famosas <strong>manitas de<\/strong> cerdo de Sainte-M\u00e9nehould, una especialidad local que debe su origen al despiste de un joven cocinero que olvid\u00f3 una olla de manitas en el fuego durante la noche. Como resultado, la carne, el tu\u00e9tano y los huesos se derritieron y pudieron comerse. Y as\u00ed, a partir de 1790, este plato adquiri\u00f3 su reputaci\u00f3n culinaria en Champa\u00f1a \u00a1y m\u00e1s all\u00e1!    <\/p>\n<\/div>\n<\/div>\n<\/section>\n\n<section class=\"wp-block-group alignfull pattern-text has-global-padding is-content-justification-center is-layout-constrained wp-block-group-is-layout-constrained\">\n<div class=\"wp-block-columns is-layout-flex wp-container-core-columns-is-layout-fdcf44e1 wp-block-columns-is-layout-flex\">\n<div class=\"wp-block-column is-layout-flow wp-block-column-is-layout-flow\">\n<h2 class=\"wp-block-heading\"><strong>Contacto<\/strong><\/h2>\n\n\n\n<hr class=\"wp-block-separator has-text-color has-grey-color has-alpha-channel-opacity has-grey-background-color has-background\"\/>\n\n\n\n<h3 class=\"wp-block-heading has-text-align-left\">Oficina de Turismo de Argonne Champagne  <\/h3>\n\n\n\n<h3 class=\"wp-block-heading has-text-align-left\">15 place du G\u00e9n\u00e9ral Leclerc &#8211; 51800 SAINTE-M\u00c9NEHOULD &#8211; 03 26 60 85 83 &#8211; <a href=\"http:\/\/www.argonne.fr\/\" target=\"_blank\" rel=\"noreferrer noopener\">www.argonne.fr<\/a><\/h3>\n<\/div>\n<\/div>\n<\/section>\n\n<section class=\"wp-block-group alignfull pattern-playlist-grid has-global-padding is-layout-constrained wp-block-group-is-layout-constrained\">\n<h2 class=\"wp-block-heading has-text-align-center\"><strong>Selecci\u00f3n de escapadas<\/strong><\/h2>\n\n\n\n<hr class=\"wp-block-separator has-text-color has-accent-3-color has-alpha-channel-opacity has-accent-3-background-color has-background\"\/>\n\n\n\n<p class=\"has-text-align-center wp-block-paragraph\">Aqu\u00ed tienes algunas sugerencias para explorar Sainte-M\u00e9nehould y sus alrededores, \u00a1de paseo o de vacaciones!<br\/><\/p>\n\n\n\t\t\t<div class=\"fsgb-block-playlist playlist-grid is-style-grid\"  style=\"margin-top:var(--wp--preset--spacing--x-large);\">\n\t\t\t\t\n\t\t\t\n\t\t\t<div class=\"swiper swiperPlaylistGrid\">\n\n\t\t\t\t<div class=\"swiper-wrapper posts-count-4\">\n\t\t\t\t\t\t\t\t\t\t\t\t\t\t\t\t\t<div class=\"swiper-slide \">\n\t\t\t\t\t\t\t\n<article class=\"card card--activite stretched-link\" data-id=\"30587\" data-post-id-sync-map=\"30587\" >\n\t\n\t\t\n\t\t\t\t<div class=\"card__thumbnail has-middleground-background-color stack\">\n\t\t\t<img decoding=\"async\" width=\"2048\" src=\"https:\/\/cdt51.media.tourinsoft.eu\/upload\/Centre-d-Interpretation-de-Valmy---Valmy--2-.jpg\" class=\"attachment- size-\" alt=\"Centre historique Valmy 1792\" srcset=\"https:\/\/cdt51.media.tourinsoft.eu\/upload\/Centre-d-Interpretation-de-Valmy---Valmy--2-.jpg?width=400 400w, https:\/\/cdt51.media.tourinsoft.eu\/upload\/Centre-d-Interpretation-de-Valmy---Valmy--2-.jpg?width=640 640w, https:\/\/cdt51.media.tourinsoft.eu\/upload\/Centre-d-Interpretation-de-Valmy---Valmy--2-.jpg?width=768 768w, https:\/\/cdt51.media.tourinsoft.eu\/upload\/Centre-d-Interpretation-de-Valmy---Valmy--2-.jpg?width=1280 1280w, https:\/\/cdt51.media.tourinsoft.eu\/upload\/Centre-d-Interpretation-de-Valmy---Valmy--2-.jpg?width=1536&amp;height=1536 1536w, https:\/\/cdt51.media.tourinsoft.eu\/upload\/Centre-d-Interpretation-de-Valmy---Valmy--2-.jpg?width=2048&amp;height=2048 2048w\" sizes=\"(max-width: 2048px) 100vw, 2048px\" title=\"\">\t\t<\/div>\n\t\n\t\t<div class=\"card__content\">\n\t\t\t\n\t\t\t\t\t\t\t\t\t\n\t\t\t\t\t\t\t\t\t\n\t\t\t\t\t\t<h3 class=\"title wp-block-heading is-style-h3\">\n\t\t\t\t<a href=\"https:\/\/tourisme-en-champagne.com\/es\/activite\/centre-historique-valmy-1792\/\" target=\"_blank\">Centre historique Valmy 1792<\/a>\t\t\t\t\t\t\t<\/h3>\n\t\t\t\n\t\t\t\t\t\t\t\t\t\n\t\t\t\t\t\t<div class=\"underlined\"><\/div>\n\t\t\n\t\t\t\t\t\t\t\t\t\t<div class=\"location\">\n\t\t\t\t\tValmy\t\t\t\t<\/div>\n\t\t\t\t\t\t\n\t\t\t\t\t\t\t\t\t\n\t\t\t\t\t\t\t\t\t\n\t\t\t\t\t\t\t\t\t\n\t\t\t\t\t\t\t\t\t\t<div class=\"descriptif\">1792, la Revoluci\u00f3n Francesa se guarda en Valmy!\r\rSi la batalla de Valmy vagamente le dice algo, &#8230;<\/div>\n\t\t\t\t\n\t\t\t\t\t\t\t\t\t\t\t\t\t\t\t\t\n\t\t\t\t\t\t\t\t\t\t<div class=\"wp-block-button\">\n\t\t\t\t\t<a class=\"wp-element-button rounded\" href=\"https:\/\/tourisme-en-champagne.com\/es\/activite\/centre-historique-valmy-1792\/\" target=\"_blank\" aria-label=\"Saber m\u00e1s sobre Centre historique Valmy 1792\">M\u00e1s informaci\u00f3n<\/a>\n\t\t\t\t<\/div>\n\t\t\t \n\t\t<\/div>\n\t\t\n\n\t\t<\/article>\n\n\t\t\t\t\t\t<\/div>\n\t\t\t\t\t\t\t\t\t\t\t\t\t\t\t\t\t<div class=\"swiper-slide \">\n\t\t\t\t\t\t\t\n<article class=\"card card--activite stretched-link\" data-id=\"30529\" data-post-id-sync-map=\"30529\" >\n\t\n\t\t\n\t\t\t\t<div class=\"card__thumbnail has-middleground-background-color stack\">\n\t\t\t<img decoding=\"async\" width=\"2048\" src=\"https:\/\/cdt51.media.tourinsoft.eu\/upload\/massiges1.jpg\" class=\"attachment- size-\" alt=\"Site historique de la Main de Massiges\" srcset=\"https:\/\/cdt51.media.tourinsoft.eu\/upload\/massiges1.jpg?width=400 400w, https:\/\/cdt51.media.tourinsoft.eu\/upload\/massiges1.jpg?width=640 640w, https:\/\/cdt51.media.tourinsoft.eu\/upload\/massiges1.jpg?width=768 768w, https:\/\/cdt51.media.tourinsoft.eu\/upload\/massiges1.jpg?width=1280 1280w, https:\/\/cdt51.media.tourinsoft.eu\/upload\/massiges1.jpg?width=1536&amp;height=1536 1536w, https:\/\/cdt51.media.tourinsoft.eu\/upload\/massiges1.jpg?width=2048&amp;height=2048 2048w\" sizes=\"(max-width: 2048px) 100vw, 2048px\" title=\"\">\t\t<\/div>\n\t\n\t\t<div class=\"card__content\">\n\t\t\t\n\t\t\t\t\t\t\t\t\t\n\t\t\t\t\t\t\t\t\t\n\t\t\t\t\t\t<h3 class=\"title wp-block-heading is-style-h3\">\n\t\t\t\t<a href=\"https:\/\/tourisme-en-champagne.com\/es\/activite\/site-historique-de-la-main-de-massiges\/\" target=\"_blank\">Site historique de la Main de Massiges<\/a>\t\t\t\t\t\t\t<\/h3>\n\t\t\t\n\t\t\t\t\t\t\t\t\t\n\t\t\t\t\t\t<div class=\"underlined\"><\/div>\n\t\t\n\t\t\t\t\t\t\t\t\t\t<div class=\"location\">\n\t\t\t\t\tMassiges\t\t\t\t<\/div>\n\t\t\t\t\t\t\n\t\t\t\t\t\t\t\t\t\n\t\t\t\t\t\t\t\t\t\n\t\t\t\t\t\t\t\t\t\n\t\t\t\t\t\t\t\t\t\t<div class=\"descriptif\">Si eres un apasionado (e) la historia y curioso (es) para aprender m\u00e1s sobre la Primera Guerra Mu&#8230;<\/div>\n\t\t\t\t\n\t\t\t\t\t\t\t\t\t\t\t\t\t\t\t\t\n\t\t\t\t\t\t\t\t\t\t<div class=\"wp-block-button\">\n\t\t\t\t\t<a class=\"wp-element-button rounded\" href=\"https:\/\/tourisme-en-champagne.com\/es\/activite\/site-historique-de-la-main-de-massiges\/\" target=\"_blank\" aria-label=\"Saber m\u00e1s sobre Site historique de la Main de Massiges\">M\u00e1s informaci\u00f3n<\/a>\n\t\t\t\t<\/div>\n\t\t\t \n\t\t<\/div>\n\t\t\n\n\t\t<\/article>\n\n\t\t\t\t\t\t<\/div>\n\t\t\t\t\t\t\t\t\t\t\t\t\t\t\t\t\t<div class=\"swiper-slide \">\n\t\t\t\t\t\t\t\n<article class=\"card card--activite stretched-link\" data-id=\"30368\" data-post-id-sync-map=\"30368\" >\n\t\n\t\t\n\t\t\t\t<div class=\"card__thumbnail has-middleground-background-color stack\">\n\t\t\t<img decoding=\"async\" width=\"2048\" src=\"https:\/\/cdt51.media.tourinsoft.eu\/upload\/braux4.jpg\" class=\"attachment- size-\" alt=\"Ch\u00e2teau de Braux Sainte Cohi\u00e8re\" srcset=\"https:\/\/cdt51.media.tourinsoft.eu\/upload\/braux4.jpg?width=400 400w, https:\/\/cdt51.media.tourinsoft.eu\/upload\/braux4.jpg?width=640 640w, https:\/\/cdt51.media.tourinsoft.eu\/upload\/braux4.jpg?width=768 768w, https:\/\/cdt51.media.tourinsoft.eu\/upload\/braux4.jpg?width=1280 1280w, https:\/\/cdt51.media.tourinsoft.eu\/upload\/braux4.jpg?width=1536&amp;height=1536 1536w, https:\/\/cdt51.media.tourinsoft.eu\/upload\/braux4.jpg?width=2048&amp;height=2048 2048w\" sizes=\"(max-width: 2048px) 100vw, 2048px\" title=\"\">\t\t<\/div>\n\t\n\t\t<div class=\"card__content\">\n\t\t\t\n\t\t\t\t\t\t\t\t\t\n\t\t\t\t\t\t\t\t\t\n\t\t\t\t\t\t<h3 class=\"title wp-block-heading is-style-h3\">\n\t\t\t\t<a href=\"https:\/\/tourisme-en-champagne.com\/es\/activite\/chateau-de-braux-sainte-cohiere\/\" target=\"_blank\">Ch\u00e2teau de Braux Sainte Cohi\u00e8re<\/a>\t\t\t\t\t\t\t<\/h3>\n\t\t\t\n\t\t\t\t\t\t\t\t\t\n\t\t\t\t\t\t<div class=\"underlined\"><\/div>\n\t\t\n\t\t\t\t\t\t\t\t\t\t<div class=\"location\">\n\t\t\t\t\tBraux-Sainte-Cohiere\t\t\t\t<\/div>\n\t\t\t\t\t\t\n\t\t\t\t\t\t\t\t\t\n\t\t\t\t\t\t\t\t\t\n\t\t\t\t\t\t\t\t\t\n\t\t\t\t\t\t\t\t\t\t<div class=\"descriptif\">Una restauraci\u00f3n del castillo en el que jugar!\r\rEncuentra en el marco excepcional de este antiguo&#8230;<\/div>\n\t\t\t\t\n\t\t\t\t\t\t\t\t\t\t\t\t\t\t\t\t\n\t\t\t\t\t\t\t\t\t\t<div class=\"wp-block-button\">\n\t\t\t\t\t<a class=\"wp-element-button rounded\" href=\"https:\/\/tourisme-en-champagne.com\/es\/activite\/chateau-de-braux-sainte-cohiere\/\" target=\"_blank\" aria-label=\"Saber m\u00e1s sobre Ch\u00e2teau de Braux Sainte Cohi\u00e8re\">M\u00e1s informaci\u00f3n<\/a>\n\t\t\t\t<\/div>\n\t\t\t \n\t\t<\/div>\n\t\t\n\n\t\t<\/article>\n\n\t\t\t\t\t\t<\/div>\n\t\t\t\t\t\t\t\t\t\t\t\t\t\t\t\t\t<div class=\"swiper-slide \">\n\t\t\t\t\t\t\t\n<article class=\"card card--activite stretched-link\" data-id=\"30345\" data-post-id-sync-map=\"30345\" >\n\t\n\t\t\n\t\t\t\t<div class=\"card__thumbnail has-middleground-background-color stack\">\n\t\t\t<img decoding=\"async\" width=\"2048\" src=\"https:\/\/cdt51.media.tourinsoft.eu\/upload\/L-Aquarelle---Sainte-Menehould-AC.-Mecuson-Coll.jpg\" class=\"attachment- size-\" alt=\"L&#8217;Aquarelle\" srcset=\"https:\/\/cdt51.media.tourinsoft.eu\/upload\/L-Aquarelle---Sainte-Menehould-AC.-Mecuson-Coll.jpg?width=400 400w, https:\/\/cdt51.media.tourinsoft.eu\/upload\/L-Aquarelle---Sainte-Menehould-AC.-Mecuson-Coll.jpg?width=640 640w, https:\/\/cdt51.media.tourinsoft.eu\/upload\/L-Aquarelle---Sainte-Menehould-AC.-Mecuson-Coll.jpg?width=768 768w, https:\/\/cdt51.media.tourinsoft.eu\/upload\/L-Aquarelle---Sainte-Menehould-AC.-Mecuson-Coll.jpg?width=1280 1280w, https:\/\/cdt51.media.tourinsoft.eu\/upload\/L-Aquarelle---Sainte-Menehould-AC.-Mecuson-Coll.jpg?width=1536&amp;height=1536 1536w, https:\/\/cdt51.media.tourinsoft.eu\/upload\/L-Aquarelle---Sainte-Menehould-AC.-Mecuson-Coll.jpg?width=2048&amp;height=2048 2048w\" sizes=\"(max-width: 2048px) 100vw, 2048px\" title=\"\">\t\t<\/div>\n\t\n\t\t<div class=\"card__content\">\n\t\t\t\n\t\t\t\t\t\t\t\t\t\n\t\t\t\t\t\t\t\t\t\n\t\t\t\t\t\t<h3 class=\"title wp-block-heading is-style-h3\">\n\t\t\t\t<a href=\"https:\/\/tourisme-en-champagne.com\/es\/activite\/laquarelle\/\" target=\"_blank\">L&#8217;Aquarelle<\/a>\t\t\t\t\t\t\t<\/h3>\n\t\t\t\n\t\t\t\t\t\t\t\t\t\n\t\t\t\t\t\t<div class=\"underlined\"><\/div>\n\t\t\n\t\t\t\t\t\t\t\t\t\t<div class=\"location\">\n\t\t\t\t\tSainte-Menehould\t\t\t\t<\/div>\n\t\t\t\t\t\t\n\t\t\t\t\t\t\t\t\t\n\t\t\t\t\t\t\t\t\t\n\t\t\t\t\t\t\t\t\t\n\t\t\t\t\t\t\t\t\t\t<div class=\"descriptif\">El mayor centro de deportes acu\u00e1ticos y la zona tiene un tobog\u00e1n de 55 metros y 3 piscinas:\r\r&#8211; un&#8230;<\/div>\n\t\t\t\t\n\t\t\t\t\t\t\t\t\t\t\t\t\t\t\t\t\n\t\t\t\t\t\t\t\t\t\t<div class=\"wp-block-button\">\n\t\t\t\t\t<a class=\"wp-element-button rounded\" href=\"https:\/\/tourisme-en-champagne.com\/es\/activite\/laquarelle\/\" target=\"_blank\" aria-label=\"Saber m\u00e1s sobre L&#8217;Aquarelle\">M\u00e1s informaci\u00f3n<\/a>\n\t\t\t\t<\/div>\n\t\t\t \n\t\t<\/div>\n\t\t\n\n\t\t<\/article>\n\n\t\t\t\t\t\t<\/div>\n\t\t\t\t\t\t\t\t\t\t\t\t\t\t<\/div>\n\t\t\t\t\n\t\t\t\t<div class=\"swiper-buttons\">\n\t\t\t\t\t<div class=\"swiper-button-prev\"><\/div>\n\t\t\t\t\t<div class=\"swiper-button-next\"><\/div>\n\t\t\t\t<\/div>\n\t\t\t<\/div>\n\t\t<\/div>\n\t\n<\/section>\n","protected":false},"excerpt":{"rendered":"<p>petite cit\u00e9 de caract\u00e8re\u00ae (peque\u00f1a ciudad de car\u00e1cter) Sainte-M\u00e9nehould toma su nombre de una joven, Manehildis, que se distingui\u00f3 por su bondad y piedad en el siglo V. Completamente reconstruido en el siglo XVIII tras un violento incendio, su estilo es absolutamente \u00fanico. La colina del castillo, de innegable cach\u00e9, alberga casas antiguas y una [&hellip;]<\/p>\n","protected":false},"author":2,"featured_media":2640,"parent":21426,"menu_order":0,"comment_status":"closed","ping_status":"closed","template":"templates\/destinations.php","meta":{"_acf_changed":false,"footnotes":"","_links_to":"","_links_to_target":""},"class_list":["post-20975","page","type-page","status-publish","has-post-thumbnail","hentry"],"acf":[],"_links":{"self":[{"href":"https:\/\/tourisme-en-champagne.com\/es\/wp-json\/wp\/v2\/pages\/20975","targetHints":{"allow":["GET"]}}],"collection":[{"href":"https:\/\/tourisme-en-champagne.com\/es\/wp-json\/wp\/v2\/pages"}],"about":[{"href":"https:\/\/tourisme-en-champagne.com\/es\/wp-json\/wp\/v2\/types\/page"}],"author":[{"embeddable":true,"href":"https:\/\/tourisme-en-champagne.com\/es\/wp-json\/wp\/v2\/users\/2"}],"replies":[{"embeddable":true,"href":"https:\/\/tourisme-en-champagne.com\/es\/wp-json\/wp\/v2\/comments?post=20975"}],"version-history":[{"count":1,"href":"https:\/\/tourisme-en-champagne.com\/es\/wp-json\/wp\/v2\/pages\/20975\/revisions"}],"predecessor-version":[{"id":20977,"href":"https:\/\/tourisme-en-champagne.com\/es\/wp-json\/wp\/v2\/pages\/20975\/revisions\/20977"}],"up":[{"embeddable":true,"href":"https:\/\/tourisme-en-champagne.com\/es\/wp-json\/wp\/v2\/pages\/21426"}],"wp:featuredmedia":[{"embeddable":true,"href":"https:\/\/tourisme-en-champagne.com\/es\/wp-json\/wp\/v2\/media\/2640"}],"wp:attachment":[{"href":"https:\/\/tourisme-en-champagne.com\/es\/wp-json\/wp\/v2\/media?parent=20975"}],"curies":[{"name":"wp","href":"https:\/\/api.w.org\/{rel}","templated":true}]}}