{"id":20794,"date":"2025-06-24T11:48:04","date_gmt":"2025-06-24T09:48:04","guid":{"rendered":"https:\/\/tourisme-en-champagne.com\/petites-cites-de-caractere-pequenas-ciudades-con-caracter\/"},"modified":"2025-11-28T16:27:59","modified_gmt":"2025-11-28T15:27:59","slug":"petites-cites-de-caractere-pequenas-ciudades-con-caracter","status":"publish","type":"page","link":"https:\/\/tourisme-en-champagne.com\/es\/actividades-y-visitas\/cultura-y-patrimonio\/petites-cites-de-caractere-pequenas-ciudades-con-caracter\/","title":{"rendered":"Petites cit\u00e9s de caract\u00e8re\u00ae (Peque\u00f1as ciudades con car\u00e1cter)"},"content":{"rendered":"\n<section class=\"wp-block-group alignfull pattern-text-100 has-base-background-color has-background has-global-padding is-layout-constrained wp-block-group-is-layout-constrained\">\n<div class=\"wp-block-columns is-layout-flex wp-container-core-columns-is-layout-63fbf5b9 wp-block-columns-is-layout-flex\">\n<div class=\"wp-block-column is-layout-flow wp-block-column-is-layout-flow\">\n<p class=\"has-text-align-center patterns-underline wp-block-paragraph\">El concepto de <a href=\"https:\/\/www.petitescitesdecaractere.com\/\" target=\"_blank\" rel=\"noreferrer noopener\"><strong>Petites Cit\u00e9s de Caract\u00e8re<\/strong><\/a>El concepto de Petites Cit\u00e9s Caract\u00e8re \u00ae naci\u00f3 a mediados de los a\u00f1os 70 como una forma de promocionar ciudades at\u00edpicas que fueran a la vez rurales por su ubicaci\u00f3n y escasa poblaci\u00f3n, y urbanas por su historia y patrimonio.<\/p>\n\n\n\n<p class=\"has-text-align-center patterns-underline wp-block-paragraph\">En estos municipios, el proyecto consiste en unir a los distintos agentes en torno a un \u00fanico objetivo: salvaguardar el patrimonio como palanca de desarrollo regional.<\/p>\n<\/div>\n<\/div>\n<\/section>\n\n<section class=\"wp-block-group alignfull pattern-summary has-global-padding is-layout-constrained wp-block-group-is-layout-constrained\">\n\t<div class=\"fsgb-block-link-mosaic is-style-summary\"  >\n\t\t\t\t\t\t\t\t\t\t\t\t<a href=\"https:\/\/tourisme-en-champagne.com\/cormicy\/\" target=\"_blank\">\n\t\t\t\t\t\t\t\t\t\t\t<div class=\"thumbnail\"><img loading=\"lazy\" decoding=\"async\" width=\"370\" height=\"370\" src=\"https:\/\/tourisme-en-champagne.com\/assets\/uploads\/2025\/06\/greeter-cormicy-mme-boulardccmanquillet-collcdt-marne-14.jpg\" class=\"attachment-thumbnail size-thumbnail\" alt=\"\" title=\"\"><\/div>\n\t\t\t\t\t\t\t\t\t\t\t\t\t\t\t<div class=\"text-link-title\">\n\t\t\t\t\t\t\t\t\t\t\t\t\t<h2 class=\"link-title\">Cormicy<\/h2>\n\t\t\t\t\t\t\t\t\t\t\t\t\t\t\t\t\t<\/div>\n\t\t\t\t<\/a>\n\t\t\t\t\t\t\t\t\t\t\t\t\t\t<a href=\"https:\/\/tourisme-en-champagne.com\/sainte-menehould\/\" target=\"_blank\">\n\t\t\t\t\t\t\t\t\t\t\t<div class=\"thumbnail\"><img loading=\"lazy\" decoding=\"async\" width=\"370\" height=\"370\" src=\"https:\/\/tourisme-en-champagne.com\/assets\/uploads\/2025\/06\/statue-dom-perignon-psauvageot-adt-marne.jpeg\" class=\"attachment-thumbnail size-thumbnail\" alt=\"\" title=\"\"><\/div>\n\t\t\t\t\t\t\t\t\t\t\t\t\t\t\t<div class=\"text-link-title\">\n\t\t\t\t\t\t\t\t\t\t\t\t\t<h2 class=\"link-title\">Sainte-M\u00e9nehould<\/h2>\n\t\t\t\t\t\t\t\t\t\t\t\t\t\t\t\t\t<\/div>\n\t\t\t\t<\/a>\n\t\t\t\t\t\t\t\t\t\t\t\t\t\t<a href=\"https:\/\/tourisme-en-champagne.com\/sezanne-petite-cite-de-caractere\/\" target=\"_blank\">\n\t\t\t\t\t\t\t\t\t\t\t<div class=\"thumbnail\"><img loading=\"lazy\" decoding=\"async\" width=\"370\" height=\"370\" src=\"https:\/\/tourisme-en-champagne.com\/assets\/uploads\/2025\/06\/jardin-de-lhotel-de-ville-3cville-de-sezanne.jpg\" class=\"attachment-thumbnail size-thumbnail\" alt=\"\" title=\"\"><\/div>\n\t\t\t\t\t\t\t\t\t\t\t\t\t\t\t<div class=\"text-link-title\">\n\t\t\t\t\t\t\t\t\t\t\t\t\t<h2 class=\"link-title\">S\u00e9zanne<\/h2>\n\t\t\t\t\t\t\t\t\t\t\t\t\t\t\t\t\t<\/div>\n\t\t\t\t<\/a>\n\t\t\t\t\t\t\t\t\t\t\t\t\t\t<a href=\"https:\/\/tourisme-en-champagne.com\/ay\/\" target=\"_blank\">\n\t\t\t\t\t\t\t\t\t\t\t<div class=\"thumbnail\"><img loading=\"lazy\" decoding=\"async\" width=\"370\" height=\"370\" src=\"https:\/\/tourisme-en-champagne.com\/assets\/uploads\/2025\/06\/pressoria-ay-champagne-musee-5-sens-boegly-grazia.jpeg\" class=\"attachment-thumbnail size-thumbnail\" alt=\"\" title=\"\"><\/div>\n\t\t\t\t\t\t\t\t\t\t\t\t\t\t\t<div class=\"text-link-title\">\n\t\t\t\t\t\t\t\t\t\t\t\t\t<h2 class=\"link-title\">A\u00ff<\/h2>\n\t\t\t\t\t\t\t\t\t\t\t\t\t\t\t\t\t<\/div>\n\t\t\t\t<\/a>\n\t\t\t\t\t\t\t\t\t\t\t\n\t<\/div>\n\n<\/section>\n\n<section style=\"background-image:url(&apos;https:\/\/tourisme-en-champagne.com\/assets\/uploads\/2025\/06\/appli-idvizitcc-manquillet-coll-adt-marne2-0.jpg&apos;);background-size:cover;\" class=\"wp-block-group alignfull pattern-text-50-right-background has-base-color has-text-color has-link-color wp-elements-dfbb046386585245324f512eaec37b87 has-global-padding is-layout-constrained wp-block-group-is-layout-constrained has-background\">\n<div class=\"wp-block-columns is-layout-flex wp-container-core-columns-is-layout-fdcf44e1 wp-block-columns-is-layout-flex\">\n<div class=\"wp-block-column is-layout-flow wp-block-column-is-layout-flow\"><\/div>\n\n\n\n<div class=\"wp-block-column is-layout-flow wp-block-column-is-layout-flow\">\n<h2 class=\"wp-block-heading\"><strong>Petite cit\u00e9 de Caract\u00e8re\u00ae tour<\/strong><\/h2>\n\n\n\n<hr class=\"wp-block-separator has-text-color has-base-color has-alpha-channel-opacity has-base-background-color has-background\"\/>\n\n\n\n<p class=\"wp-block-paragraph\">\u00bfLo sab\u00edas? Puedes descubrir el sendero de las \u00abpetites cit\u00e9s de caract\u00e8re\u00bb de forma interactiva descargando la aplicaci\u00f3n IDVizit, disponible gratuitamente en App Store y Google Play.<\/p>\n\n\n\n<div class=\"wp-block-buttons is-content-justification-right is-layout-flex wp-container-core-buttons-is-layout-d50f724d wp-block-buttons-is-layout-flex\">\n<div class=\"wp-block-button\"><a class=\"wp-block-button__link has-grey-color has-base-background-color has-text-color has-background has-link-color wp-element-button\" href=\"https:\/\/www.idvizit.com\/\" target=\"_blank\" rel=\"noreferrer noopener\">M\u00e1s informaci\u00f3n<\/a><\/div>\n<\/div>\n<\/div>\n<\/div>\n<\/section>\n\n<section class=\"wp-block-group alignfull pattern-text-80-media-20 has-middleground-background-color has-background has-global-padding is-layout-constrained wp-block-group-is-layout-constrained\">\n<div class=\"wp-block-columns is-layout-flex wp-container-core-columns-is-layout-fdcf44e1 wp-block-columns-is-layout-flex\">\n<div class=\"wp-block-column is-layout-flow wp-block-column-is-layout-flow\" style=\"flex-basis:20%\">\n<figure data-wp-context=\"{&quot;imageId&quot;:&quot;6a9632ebc5805&quot;}\" data-wp-interactive=\"core\/image\" data-wp-key=\"6a9632ebc5805\" class=\"wp-block-image size-full wp-lightbox-container\"><img loading=\"lazy\" decoding=\"async\" width=\"170\" height=\"241\" data-wp-class--hide=\"state.isContentHidden\" data-wp-class--show=\"state.isContentVisible\" data-wp-init=\"callbacks.setButtonStyles\" data-wp-on--click=\"actions.showLightbox\" data-wp-on--load=\"callbacks.setButtonStyles\" data-wp-on--pointerdown=\"actions.preloadImage\" data-wp-on--pointerenter=\"actions.preloadImageWithDelay\" data-wp-on--pointerleave=\"actions.cancelPreload\" data-wp-on-window--resize=\"callbacks.setButtonStyles\" src=\"https:\/\/tourisme-en-champagne.com\/assets\/uploads\/2025\/06\/pcc-0.jpg\" alt=\"\" class=\"wp-image-10723\" title=\"\"><button\n\t\t\tclass=\"lightbox-trigger\"\n\t\t\ttype=\"button\"\n\t\t\taria-haspopup=\"dialog\"\n\t\t\tdata-wp-bind--aria-label=\"state.thisImage.triggerButtonAriaLabel\"\n\t\t\tdata-wp-init=\"callbacks.initTriggerButton\"\n\t\t\tdata-wp-on--click=\"actions.showLightbox\"\n\t\t\tdata-wp-style--right=\"state.thisImage.buttonRight\"\n\t\t\tdata-wp-style--top=\"state.thisImage.buttonTop\"\n\t\t>\n\t\t\t<svg xmlns=\"http:\/\/www.w3.org\/2000\/svg\" width=\"12\" height=\"12\" fill=\"none\" viewBox=\"0 0 12 12\">\n\t\t\t\t<path fill=\"#fff\" d=\"M2 0a2 2 0 0 0-2 2v2h1.5V2a.5.5 0 0 1 .5-.5h2V0H2Zm2 10.5H2a.5.5 0 0 1-.5-.5V8H0v2a2 2 0 0 0 2 2h2v-1.5ZM8 12v-1.5h2a.5.5 0 0 0 .5-.5V8H12v2a2 2 0 0 1-2 2H8Zm2-12a2 2 0 0 1 2 2v2h-1.5V2a.5.5 0 0 0-.5-.5H8V0h2Z\" \/>\n\t\t\t<\/svg>\n\t\t<\/button><\/figure>\n<\/div>\n\n\n\n<div class=\"wp-block-column is-layout-flow wp-block-column-is-layout-flow\" style=\"flex-basis:80%\">\n<h2 class=\"wp-block-heading\"><strong>Petites Cit\u00e9s de Caract\u00e8re\u00ae en el este de Francia<\/strong><\/h2>\n\n\n\n<hr class=\"wp-block-separator has-text-color has-accent-1-color has-alpha-channel-opacity has-accent-1-background-color has-background\"\/>\n\n\n\n<p class=\"wp-block-paragraph\">De las Ardenas a Alsacia, de Champa\u00f1a a Lorena, <strong>de Mosela a los <\/strong>Vosgos, <strong>29<\/strong> ciudades de la regi\u00f3n se han adherido al programa Petites Cit\u00e9s de Caract\u00e8re\u00ae. La etiqueta Petites Cit\u00e9s de Caract\u00e8re\u00ae promueve las ciudades at\u00edpicas, a medio camino entre lo urbano y lo rural: a la vez rurales por su ubicaci\u00f3n y su escasa poblaci\u00f3n, y urbanas por su historia y su patrimonio de calidad. Estas ciudades centenarias han sido centros de poder religioso, comercial y militar. Su patrimonio cuenta la historia.   <\/p>\n\n\n\n<div class=\"wp-block-buttons is-layout-flex wp-block-buttons-is-layout-flex\">\n<div class=\"wp-block-button\"><a class=\"wp-block-button__link wp-element-button\" href=\"https:\/\/tourisme-en-champagne.com\/assets\/uploads\/2025\/06\/brochure-petites-cites-de-caractere-grand-est.pdf\" target=\"_blank\" rel=\"noreferrer noopener\">Ver Gu\u00eda+<\/a><\/div>\n<\/div>\n<\/div>\n<\/div>\n<\/section>\n\n<section class=\"wp-block-group alignfull pattern-text-50-media-50 has-global-padding is-layout-constrained wp-block-group-is-layout-constrained\">\n<div class=\"wp-block-columns is-layout-flex wp-container-core-columns-is-layout-63fbf5b9 wp-block-columns-is-layout-flex\">\n<div class=\"wp-block-column is-layout-flow wp-block-column-is-layout-flow\">\n<figure class=\"wp-block-image size-full\"><img loading=\"lazy\" decoding=\"async\" width=\"450\" height=\"469\" src=\"https:\/\/tourisme-en-champagne.com\/assets\/uploads\/2025\/06\/logo-pcc-0.jpg\" alt=\"\" class=\"wp-image-10713\" title=\"\" srcset=\"https:\/\/tourisme-en-champagne.com\/assets\/uploads\/2025\/06\/logo-pcc-0.jpg 450w, https:\/\/tourisme-en-champagne.com\/assets\/uploads\/2025\/06\/logo-pcc-0-400x417.jpg 400w\" sizes=\"auto, (max-width: 450px) 100vw, 450px\" \/><\/figure>\n<\/div>\n\n\n\n<div class=\"wp-block-column is-layout-flow wp-block-column-is-layout-flow\">\n<h2 class=\"wp-block-heading\"><strong>Los cinco criterios obligatorios :<\/strong><\/h2>\n\n\n\n<hr class=\"wp-block-separator has-text-color has-grey-color has-alpha-channel-opacity has-grey-background-color has-background\"\/>\n\n\n\n<ul class=\"wp-block-list has-grey-color has-text-color has-link-color wp-elements-a09235922fef1bd5645e47d309f11343\">\n<li>La zona edificada debe protegerse como Monumento Hist\u00f3rico o Patrimonio Notable,<\/li>\n\n\n\n<li>Peque\u00f1as unidades urbanas: municipios con menos de 6.000 habitantes, o la poblaci\u00f3n residente en el \u00e1rea sujeta a protecci\u00f3n como Monumento Hist\u00f3rico o Sitio de Patrimonio Notable debe ser inferior a 6.000 habitantes en el momento de la solicitud de adhesi\u00f3n.  <\/li>\n\n\n\n<li>La zona edificada debe ser lo suficientemente densa como para darle el aspecto de una ciudad, debe tener un patrimonio arquitect\u00f3nico homog\u00e9neo y de calidad que sea testimonio de su historia, y debe haber ejercido y\/o estar ejerciendo funciones urbanas centrales,<\/li>\n\n\n\n<li>El municipio debe disponer de un programa plurianual de restauraci\u00f3n y rehabilitaci\u00f3n de su patrimonio edificado y de valorizaci\u00f3n de su patrimonio material e inmaterial,<\/li>\n\n\n\n<li>El municipio debe formar parte de la estrategia de desarrollo tur\u00edstico local.<\/li>\n<\/ul>\n<\/div>\n<\/div>\n<\/section>\n\n<section class=\"wp-block-group alignfull pattern-text-100 has-base-background-color has-background has-global-padding is-layout-constrained wp-block-group-is-layout-constrained\">\n<div class=\"wp-block-columns is-layout-flex wp-container-core-columns-is-layout-63fbf5b9 wp-block-columns-is-layout-flex\">\n<div class=\"wp-block-column is-layout-flow wp-block-column-is-layout-flow\">\n<h2 class=\"wp-block-heading\"><strong>Siete compromisos de las autoridades locales<\/strong><\/h2>\n\n\n\n<hr class=\"wp-block-separator has-text-color has-grey-color has-alpha-channel-opacity has-grey-background-color has-background\"\/>\n\n\n\n<ul class=\"wp-block-list has-grey-color has-text-color has-link-color wp-elements-2c06108e42e356378b0a09e936d3ed3f\">\n<li>Creaci\u00f3n de un Patrimonio Notable e introducci\u00f3n de la normativa adecuada,<\/li>\n\n\n\n<li>Mantenimiento y mejora de los espacios p\u00fablicos,<\/li>\n\n\n\n<li>Mantenimiento y mejora de los edificios p\u00fablicos,<\/li>\n\n\n\n<li>Mantenimiento y mejora de edificios privados,<\/li>\n\n\n\n<li>El compromiso del municipio de acoger al p\u00fablico,<\/li>\n\n\n\n<li>El compromiso de la autoridad local con los eventos.<\/li>\n\n\n\n<li>Compromiso del municipio de participar en la vida de la red<\/li>\n<\/ul>\n<\/div>\n<\/div>\n<\/section>\n\n<section class=\"wp-block-group alignfull pattern-bubble-links has-middleground-background-color has-background has-global-padding is-layout-constrained wp-block-group-is-layout-constrained\" style=\"padding-top:var(--wp--preset--spacing--xx-large);padding-bottom:var(--wp--preset--spacing--xx-large)\">\n\t<div class=\"fsgb-block-link-mosaic is-style-bubbles alignwide\"  >\n\t\t\t\t\t\t\t\t\t\t\t\t<a href=\"https:\/\/petitescitesdecaractere.com\/fr\/lassociation-petites-cites-de-caractere-de-france\/la-charte-nationale-de-qualite\" target=\"_blank\" rel=\"noopener\">\n\t\t\t\t\t\t\t\t\t\t\t<div class=\"thumbnail\"><img loading=\"lazy\" decoding=\"async\" width=\"150\" height=\"150\" src=\"https:\/\/tourisme-en-champagne.com\/assets\/uploads\/2025\/06\/picto-new-livre-2.png\" class=\"attachment-thumbnail size-thumbnail\" alt=\"\" title=\"\"><\/div>\n\t\t\t\t\t\t\t\t\t\t\t\t\t\t\t<div class=\"text-link-title\">\n\t\t\t\t\t\t\t\t\t\t\t\t\t<h2 class=\"link-title\">La Charte Nationale<\/h2>\n\t\t\t\t\t\t\t\t\t\t\t\t\t\t\t\t\t<\/div>\n\t\t\t\t<\/a>\n\t\t\t\t\t\t\t\t\t\t\t\t\t\t<a href=\"https:\/\/petitescitesdecaractere.com\/fr\/lassociation-petites-cites-de-caractere-de-france\/un-peu-dhistoire\" target=\"_blank\" rel=\"noopener\">\n\t\t\t\t\t\t\t\t\t\t\t<div class=\"thumbnail\"><img loading=\"lazy\" decoding=\"async\" width=\"150\" height=\"150\" src=\"https:\/\/tourisme-en-champagne.com\/assets\/uploads\/2025\/06\/picto-new-oeil-2.png\" class=\"attachment-thumbnail size-thumbnail\" alt=\"\" title=\"\"><\/div>\n\t\t\t\t\t\t\t\t\t\t\t\t\t\t\t<div class=\"text-link-title\">\n\t\t\t\t\t\t\t\t\t\t\t\t\t<h2 class=\"link-title\">Origine de l&#8217;appelation<\/h2>\n\t\t\t\t\t\t\t\t\t\t\t\t\t\t\t\t\t<\/div>\n\t\t\t\t<\/a>\n\t\t\t\t\t\t\t\t\t\t\t\t\t\t<a href=\"https:\/\/www.facebook.com\/PCCGrandEst\" target=\"_blank\" rel=\"noopener\">\n\t\t\t\t\t\t\t\t\t\t\t<div class=\"thumbnail\"><img loading=\"lazy\" decoding=\"async\" width=\"150\" height=\"150\" src=\"https:\/\/tourisme-en-champagne.com\/assets\/uploads\/2025\/06\/agenda-0-0-1.png\" class=\"attachment-thumbnail size-thumbnail\" alt=\"\" title=\"\"><\/div>\n\t\t\t\t\t\t\t\t\t\t\t\t\t\t\t<div class=\"text-link-title\">\n\t\t\t\t\t\t\t\t\t\t\t\t\t<h2 class=\"link-title\">Actualit\u00e9s<\/h2>\n\t\t\t\t\t\t\t\t\t\t\t\t\t\t\t\t\t<\/div>\n\t\t\t\t<\/a>\n\t\t\t\t\t\t\t\t\t\t\t\t\t\t<a href=\"https:\/\/www.petitescitesdecaractere.com\/\" target=\"_blank\" rel=\"noopener\">\n\t\t\t\t\t\t\t\t\t\t\t<div class=\"thumbnail\"><img loading=\"lazy\" decoding=\"async\" width=\"150\" height=\"150\" src=\"https:\/\/tourisme-en-champagne.com\/assets\/uploads\/2025\/06\/panneau-1-0-2.png\" class=\"attachment-thumbnail size-thumbnail\" alt=\"\" title=\"\"><\/div>\n\t\t\t\t\t\t\t\t\t\t\t\t\t\t\t<div class=\"text-link-title\">\n\t\t\t\t\t\t\t\t\t\t\t\t\t<h2 class=\"link-title\">Site Web<\/h2>\n\t\t\t\t\t\t\t\t\t\t\t\t\t\t\t\t\t<\/div>\n\t\t\t\t<\/a>\n\t\t\t\t\t\t\t\t\t\t\t\n\t<\/div>\n\n<\/section>\n\n<section class=\"wp-block-group alignfull pattern-text-80-media-20 has-global-padding is-layout-constrained wp-block-group-is-layout-constrained\">\n<div class=\"wp-block-columns is-layout-flex wp-container-core-columns-is-layout-fdcf44e1 wp-block-columns-is-layout-flex\">\n<div class=\"wp-block-column is-layout-flow wp-block-column-is-layout-flow\" style=\"flex-basis:40%\">\n<figure data-wp-context=\"{&quot;imageId&quot;:&quot;6a9632ebd39d7&quot;}\" data-wp-interactive=\"core\/image\" data-wp-key=\"6a9632ebd39d7\" class=\"wp-block-image size-full wp-lightbox-container\"><img loading=\"lazy\" decoding=\"async\" width=\"800\" height=\"525\" data-wp-class--hide=\"state.isContentHidden\" data-wp-class--show=\"state.isContentVisible\" data-wp-init=\"callbacks.setButtonStyles\" data-wp-on--click=\"actions.showLightbox\" data-wp-on--load=\"callbacks.setButtonStyles\" data-wp-on--pointerdown=\"actions.preloadImage\" data-wp-on--pointerenter=\"actions.preloadImageWithDelay\" data-wp-on--pointerleave=\"actions.cancelPreload\" data-wp-on-window--resize=\"callbacks.setButtonStyles\" src=\"https:\/\/tourisme-en-champagne.com\/assets\/uploads\/2025\/08\/dimanche.jpg\" alt=\"\" class=\"wp-image-16618\" style=\"aspect-ratio:1;object-fit:cover\" title=\"\" srcset=\"https:\/\/tourisme-en-champagne.com\/assets\/uploads\/2025\/08\/dimanche.jpg 800w, https:\/\/tourisme-en-champagne.com\/assets\/uploads\/2025\/08\/dimanche-640x420.jpg 640w, https:\/\/tourisme-en-champagne.com\/assets\/uploads\/2025\/08\/dimanche-400x263.jpg 400w, https:\/\/tourisme-en-champagne.com\/assets\/uploads\/2025\/08\/dimanche-768x504.jpg 768w\" sizes=\"auto, (max-width: 800px) 100vw, 800px\" \/><button\n\t\t\tclass=\"lightbox-trigger\"\n\t\t\ttype=\"button\"\n\t\t\taria-haspopup=\"dialog\"\n\t\t\tdata-wp-bind--aria-label=\"state.thisImage.triggerButtonAriaLabel\"\n\t\t\tdata-wp-init=\"callbacks.initTriggerButton\"\n\t\t\tdata-wp-on--click=\"actions.showLightbox\"\n\t\t\tdata-wp-style--right=\"state.thisImage.buttonRight\"\n\t\t\tdata-wp-style--top=\"state.thisImage.buttonTop\"\n\t\t>\n\t\t\t<svg xmlns=\"http:\/\/www.w3.org\/2000\/svg\" width=\"12\" height=\"12\" fill=\"none\" viewBox=\"0 0 12 12\">\n\t\t\t\t<path fill=\"#fff\" d=\"M2 0a2 2 0 0 0-2 2v2h1.5V2a.5.5 0 0 1 .5-.5h2V0H2Zm2 10.5H2a.5.5 0 0 1-.5-.5V8H0v2a2 2 0 0 0 2 2h2v-1.5ZM8 12v-1.5h2a.5.5 0 0 0 .5-.5V8H12v2a2 2 0 0 1-2 2H8Zm2-12a2 2 0 0 1 2 2v2h-1.5V2a.5.5 0 0 0-.5-.5H8V0h2Z\" \/>\n\t\t\t<\/svg>\n\t\t<\/button><\/figure>\n<\/div>\n\n\n\n<div class=\"wp-block-column is-layout-flow wp-block-column-is-layout-flow\" style=\"flex-basis:60%\">\n<h2 class=\"wp-block-heading\"><strong>Domingos con car\u00e1cter<\/strong><\/h2>\n\n\n\n<hr class=\"wp-block-separator has-text-color has-accent-1-color has-alpha-channel-opacity has-accent-1-background-color has-background\"\/>\n\n\n\n<p class=\"wp-block-paragraph\">Combinando paseos, descubrimiento del patrimonio y degustaci\u00f3n de productos locales, las Dimanches de Caract\u00e8re ofrecen recorridos originales por las #petitescitesdecaractere del Gran Este.<\/p>\n\n\n\n<p class=\"wp-block-paragraph\">Del 5 de mayo al 13 de octubre.<\/p>\n\n\n\n<div class=\"wp-block-buttons is-layout-flex wp-block-buttons-is-layout-flex\">\n<div class=\"wp-block-button\"><a class=\"wp-block-button__link wp-element-button\" href=\"https:\/\/petitescitesdecaractere.com\/sites\/default\/files\/user\/122\/uploads\/programme_dimanches_de_caractere_grand_est_2024.pdf\" target=\"_blank\" rel=\"noopener\">Descubre<\/a><\/div>\n<\/div>\n<\/div>\n<\/div>\n<\/section>\n","protected":false},"excerpt":{"rendered":"<p>El concepto de Petites Cit\u00e9s de Caract\u00e8reEl concepto de Petites Cit\u00e9s Caract\u00e8re \u00ae naci\u00f3 a mediados de los a\u00f1os 70 como una forma de promocionar ciudades at\u00edpicas que fueran a la vez rurales por su ubicaci\u00f3n y escasa poblaci\u00f3n, y urbanas por su historia y patrimonio. En estos municipios, el proyecto consiste en unir a [&hellip;]<\/p>\n","protected":false},"author":2,"featured_media":10752,"parent":21515,"menu_order":0,"comment_status":"closed","ping_status":"closed","template":"templates\/accueil-espace.php","meta":{"_acf_changed":false,"footnotes":"","_links_to":"","_links_to_target":""},"class_list":["post-20794","page","type-page","status-publish","has-post-thumbnail","hentry"],"acf":[],"_links":{"self":[{"href":"https:\/\/tourisme-en-champagne.com\/es\/wp-json\/wp\/v2\/pages\/20794","targetHints":{"allow":["GET"]}}],"collection":[{"href":"https:\/\/tourisme-en-champagne.com\/es\/wp-json\/wp\/v2\/pages"}],"about":[{"href":"https:\/\/tourisme-en-champagne.com\/es\/wp-json\/wp\/v2\/types\/page"}],"author":[{"embeddable":true,"href":"https:\/\/tourisme-en-champagne.com\/es\/wp-json\/wp\/v2\/users\/2"}],"replies":[{"embeddable":true,"href":"https:\/\/tourisme-en-champagne.com\/es\/wp-json\/wp\/v2\/comments?post=20794"}],"version-history":[{"count":1,"href":"https:\/\/tourisme-en-champagne.com\/es\/wp-json\/wp\/v2\/pages\/20794\/revisions"}],"predecessor-version":[{"id":20796,"href":"https:\/\/tourisme-en-champagne.com\/es\/wp-json\/wp\/v2\/pages\/20794\/revisions\/20796"}],"up":[{"embeddable":true,"href":"https:\/\/tourisme-en-champagne.com\/es\/wp-json\/wp\/v2\/pages\/21515"}],"wp:featuredmedia":[{"embeddable":true,"href":"https:\/\/tourisme-en-champagne.com\/es\/wp-json\/wp\/v2\/media\/10752"}],"wp:attachment":[{"href":"https:\/\/tourisme-en-champagne.com\/es\/wp-json\/wp\/v2\/media?parent=20794"}],"curies":[{"name":"wp","href":"https:\/\/api.w.org\/{rel}","templated":true}]}}