{"id":20774,"date":"2025-06-27T10:15:17","date_gmt":"2025-06-27T08:15:17","guid":{"rendered":"https:\/\/tourisme-en-champagne.com\/los-viticultores-crean-un-evento\/"},"modified":"2025-11-28T14:34:53","modified_gmt":"2025-11-28T13:34:53","slug":"los-viticultores-crean-un-evento","status":"publish","type":"page","link":"https:\/\/tourisme-en-champagne.com\/es\/los-viticultores-crean-un-evento\/","title":{"rendered":"Los viticultores crean un evento"},"content":{"rendered":"\n<section class=\"wp-block-group alignfull pattern-citation has-middleground-background-color has-background has-global-padding is-layout-constrained wp-block-group-is-layout-constrained\" style=\"margin-top:0;padding-top:var(--wp--preset--spacing--xx-large);padding-bottom:var(--wp--preset--spacing--xx-large)\">\n<div class=\"wp-block-columns is-layout-flex wp-container-core-columns-is-layout-fdcf44e1 wp-block-columns-is-layout-flex\">\n<div class=\"wp-block-column is-layout-flow wp-block-column-is-layout-flow\">\n<blockquote class=\"wp-block-quote is-layout-flow wp-block-quote-is-layout-flow\">\n<p class=\"wp-block-paragraph\">En toda la zona de la denominaci\u00f3n de origen Champagne, los viticultores se unen para promocionar sus regiones. He aqu\u00ed algunos de los principales acontecimientos de la Ruta Tur\u00edstica de la Champa\u00f1a. <\/p>\n<\/blockquote>\n<\/div>\n<\/div>\n<\/section>\n\n<section class=\"wp-block-group alignfull pattern-documentary-space has-global-padding is-content-justification-center is-layout-constrained wp-block-group-is-layout-constrained\">\n<div class=\"wp-block-columns is-layout-flex wp-container-core-columns-is-layout-fdcf44e1 wp-block-columns-is-layout-flex\">\n<div class=\"wp-block-column is-layout-flow wp-block-column-is-layout-flow\">\n<h2 class=\"wp-block-heading\"><strong>Bar de Champ\u00e1n Vignerons de la Vall\u00e9e du Flagot<\/strong><\/h2>\n\n\n\n<hr class=\"wp-block-separator has-text-color has-accent-3-color has-alpha-channel-opacity has-accent-3-background-color has-background\" \/>\n\n\n\n<p class=\"wp-block-paragraph\">Durante todo el verano, a partir del s\u00e1bado 9 de mayo, los Vignerons de la Vall\u00e9e du Flagot te ofrecer\u00e1n un bar ef\u00edmero en un entorno natural y verde.<\/p>\n\n\n\n<p class=\"wp-block-paragraph\">Los 19 viticultores asociados ofrecen aqu\u00ed sus champanes los viernes por la noche y los s\u00e1bados por la noche, el bar de champanes es el escenario de toda una serie de eventos:<em>conciertos gratuitos, juegos y entretenimiento variado \u00a1casi todos los fines de semana!<\/em><\/p>\n\n\n\n<p class=\"wp-block-paragraph\">El programa detallado est\u00e1 disponible en el sitio web de la asociaci\u00f3n <a href=\"http:\/\/www.flagot.fr\/\" rel=\"noreferrer noopener\" target=\"_blank\">www.flagot.fr<\/a> y en sus redes sociales @vvflagot en Instagram y <a href=\"https:\/\/www.facebook.com\/VVFlagot\/?locale=fr_FR\" target=\"_blank\" rel=\"noreferrer noopener\">Les Vignerons de la Vall\u00e9e du Flagot <\/a>en Facebook.<\/p>\n\n\n\n<div class=\"wp-block-buttons is-layout-flex wp-block-buttons-is-layout-flex\">\n<div class=\"wp-block-button\"><a class=\"wp-block-button__link has-accent-3-background-color has-background wp-element-button\" href=\"https:\/\/www.facebook.com\/VVFlagot\" target=\"_blank\" rel=\"noopener\">M\u00e1s informaci\u00f3n<\/a><\/div>\n<\/div>\n<\/div>\n<\/div>\n<\/section>\n\n<section class=\"wp-block-group alignfull pattern-patchwork-3-texts-3-images has-global-padding is-layout-constrained wp-block-group-is-layout-constrained\">\n<div class=\"wp-block-columns is-layout-flex wp-container-core-columns-is-layout-63fbf5b9 wp-block-columns-is-layout-flex\">\n<div class=\"wp-block-column col-content is-layout-flow wp-block-column-is-layout-flow\" style=\"flex-basis:66.6%\">\n<h2 class=\"wp-block-heading\"><strong><strong>Los secretos del hombrecito<\/strong><\/strong><\/h2>\n\n\n\n<hr class=\"wp-block-separator has-text-color has-accent-2-color has-alpha-channel-opacity has-accent-2-background-color has-background\" \/>\n\n\n\n<p class=\"wp-block-paragraph\">Dir\u00edgete a Rilly-la-Montagne para participar en los <a href=\"http:\/\/www.secretsdupetitbonhomme.com\/\" target=\"_blank\" rel=\"noreferrer noopener\">\u00abSecrets du Petit Bonhomme<\/a> \u00bb <strong>,<\/strong> una manifestaci\u00f3n organizada a mediados de julio por una treintena de viticultores del pueblo.<\/p>\n\n\n\n<p class=\"wp-block-paragraph\">\u00bfEl concepto? Aperturas de bodegas, catas de vino, una noche de m\u00fasica, exposiciones y entretenimiento para todos. En la primera edici\u00f3n de 2019, los visitantes pudieron descubrir los secretos de la fabricaci\u00f3n de barriles y participar en las \u00abEnopiadas\u00bb: un concurso inscrito en el INPI que consta de tres pruebas, desde el deg\u00fcelle hasta la carrera de barriles y el lanzamiento de corchos en la plaza de la estaci\u00f3n. Por \u00faltimo, el famoso \u00abhombrecillo\u00bb es una estatua de Baco. Anta\u00f1o adornaba una fuente de Rilly y ahora se alza cerca de la estaci\u00f3n.      <\/p>\n<\/div>\n\n\n\n<div class=\"wp-block-column is-layout-flow wp-block-column-is-layout-flow\">\n<figure class=\"wp-block-image size-full\"><img loading=\"lazy\" decoding=\"async\" width=\"300\" height=\"600\" src=\"https:\/\/tourisme-en-champagne.com\/assets\/uploads\/2025\/06\/005-vignotresor-c-christophe-manquillet-coll-adt-marne.jpg\" alt=\"\" class=\"wp-image-11584\" title=\"\"><\/figure>\n\n\n\n<h2 class=\"wp-block-heading\"><strong><strong>El paseo gastron\u00f3mico<\/strong><\/strong><\/h2>\n\n\n\n<hr class=\"wp-block-separator has-text-color has-accent-2-color has-alpha-channel-opacity has-accent-2-background-color has-background\" \/>\n\n\n\n<p class=\"wp-block-paragraph\">Combinar deporte y gastronom\u00eda: <a href=\"http:\/\/flagot.fr\/\" target=\"_blank\" rel=\"noreferrer noopener\">\u00a1los Vignerons de la Vall\u00e9e du Flagot<\/a> (el peque\u00f1o arroyo que atraviesa Nesles-le-Repons, Festigny y Mareuil-le-Port antes de desembocar en el Marne) tambi\u00e9n han pensado en ello!<\/p>\n\n\n\n<p class=\"wp-block-paragraph\">Un recorrido de diez kil\u00f3metros te lleva a trav\u00e9s de vi\u00f1edos, arroyos y bosques, equipado con una flauta y un pasaporte gastron\u00f3mico para seis momentos culinarios (aperitivo, entrante, trou champenois, plato principal, queso y postre).<\/p>\n\n\n\n<h2 class=\"wp-block-heading\"><strong><strong>Coteaux Vitryats en f\u00eate &#8211; el banquete<\/strong><\/strong><\/h2>\n\n\n\n<hr class=\"wp-block-separator has-text-color has-accent-2-color has-alpha-channel-opacity has-accent-2-background-color has-background\" \/>\n\n\n\n<p class=\"wp-block-paragraph\">Organizado por <a href=\"https:\/\/www.facebook.com\/champagnedescoteauxvitryats\/\" target=\"_blank\" rel=\"noreferrer noopener\">la Association de Promotion du Champagne des Coteaux Vitryats<\/a> (APCCV) y celebrado cada a\u00f1o en julio. Como novedad este a\u00f1o, al pie del vi\u00f1edo de Bassuet, en un lugar de f\u00e1cil acceso, descubre un ambiente festivo en torno a una comida especialmente maridada con champagnes de nuestros Coteaux Vitryats. Bienvenida a partir de las 12 h y comida a las 13 h. Visita guiada a los vi\u00f1edos despu\u00e9s de la comida. Reserva previa.    <\/p>\n\n\n\n<h2 class=\"wp-block-heading\"><strong><strong>Macizo de Saint-Thierry<\/strong><\/strong><\/h2>\n\n\n\n<hr class=\"wp-block-separator has-text-color has-accent-2-color has-alpha-channel-opacity has-accent-2-background-color has-background\" \/>\n\n\n\n<p class=\"wp-block-paragraph\">Celebrada cada dos a\u00f1os desde 1991 en un pueblo del macizo de Saint-Thierry, la <a href=\"https:\/\/www.facebook.com\/MassifSaintThierry\/\" target=\"_blank\" rel=\"noreferrer noopener\">fiesta de la vendimia a la antigua usanza<\/a> se desarrolla en las calles engalanadas de los pueblos, combinando degustaci\u00f3n de vinos, gastronom\u00eda, cultura y tradici\u00f3n.<\/p>\n\n\n\n<h2 class=\"wp-block-heading\"><strong><strong>FESTIVAL COTEAUX DU S\u00c9ZANNAIS<\/strong><\/strong><\/h2>\n\n\n\n<hr class=\"wp-block-separator has-text-color has-accent-2-color has-alpha-channel-opacity has-accent-2-background-color has-background\" \/>\n\n\n\n<p class=\"wp-block-paragraph\">\u00a1Ven a celebrar la 5\u00aa edici\u00f3n de la \u00abF\u00eate des Coteaux\u00bb el domingo 21 de julio de 2024 en el Castillo de Mondement! La Association de Promotion des 2 Coteaux (Coteaux du S\u00e9zannais &amp; Coteaux du Petit Morin) te invita a una jornada dedicada a la promoci\u00f3n del patrimonio, los productos locales y la convivencia. <\/p>\n<\/div>\n\n\n\n<div class=\"wp-block-column is-layout-flow wp-block-column-is-layout-flow\">\n<figure class=\"wp-block-image size-full\"><img loading=\"lazy\" decoding=\"async\" width=\"300\" height=\"600\" src=\"https:\/\/tourisme-en-champagne.com\/assets\/uploads\/2025\/06\/escapade.jpeg\" alt=\"\" class=\"wp-image-11589\" title=\"\"><\/figure>\n\n\n\n<div class=\"wp-block-group col-content has-global-padding is-layout-constrained wp-block-group-is-layout-constrained\">\n<h2 class=\"wp-block-heading\"><strong><strong>Una escapada gastron\u00f3mica chispeante<\/strong><\/strong><\/h2>\n\n\n\n<hr class=\"wp-block-separator has-text-color has-accent-2-color has-alpha-channel-opacity has-accent-2-background-color has-background\" \/>\n\n\n\n<p class=\"wp-block-paragraph\">Pierry, Moussy, Vinay, Brugny&#8230; \u00a1bienvenidos al sol del sur! <a href=\"http:\/\/coteaux-sud-epernay.fr\/\" target=\"_blank\" rel=\"noreferrer noopener\">La Association de Promotion des Coteaux sud d&#8217;\u00c9pernay<\/a> se fund\u00f3 en 1996 para promocionar los 13 municipios de la zona.<\/p>\n\n\n\n<p class=\"wp-block-paragraph\">Y normalmente hay que esperar hasta el 4\u00ba domingo de junio para participar en la famosa <a href=\"https:\/\/www.coteaux-sud-epernay.fr\/evenements\/escapade-gourmande-et-petillante\" target=\"_blank\" rel=\"noreferrer noopener\"><strong>Escapada Espumosa y Gastron\u00f3mica en Champa\u00f1a<\/strong><\/a>para los amantes del arte de vivir, la gastronom\u00eda y el patrimonio cultural. Galardonado con la etiqueta \u00abVignobles &amp; D\u00e9couvertes\u00bb, este paseo se intercala con paradas culinarias, un baile, animaciones musicales y jornadas de puertas abiertas en los vi\u00f1edos participantes. <\/p>\n\n\n\n<p class=\"wp-block-paragraph\">El <a href=\"https:\/\/www.coteaux-sud-epernay.fr\/evenements\/fascinant-week-end\" target=\"_blank\" rel=\"noreferrer noopener\"><strong>Afters de Verano<\/strong> <\/a>tambi\u00e9n se celebran los viernes de mayo a agosto para disfrutar de veladas chispeantes con un Bar de Champ\u00e1n, m\u00fasica en directo y platos de aperitivo.<\/p>\n\n\n\n<p class=\"wp-block-paragraph\">Descubre los Coteaux Sud d&#8217;\u00c9pernay con<strong> la app IDVizit.<\/strong><\/p>\n\n\n\n<figure class=\"wp-block-image size-full\"><img loading=\"lazy\" decoding=\"async\" width=\"300\" height=\"300\" src=\"https:\/\/tourisme-en-champagne.com\/assets\/uploads\/2025\/06\/vignart-2019-photo-michel-jolyot-33.jpg\" alt=\"\" class=\"wp-image-11594\" title=\"\"><\/figure>\n<\/div>\n<\/div>\n<\/div>\n<\/section>\n\n<section style=\"background-image:url(&apos;https:\/\/tourisme-en-champagne.com\/assets\/uploads\/2025\/06\/fascinant-we-2020-caxel-coeuret-coll-adt-marne-10.jpg&apos;);background-position:50% 50%;background-size:cover;background-attachment:scroll;\" class=\"wp-block-group alignfull pattern-text-50-right-background has-base-color has-text-color has-link-color wp-elements-0cc53faccecc0198f426ccf3999994bd has-global-padding is-layout-constrained wp-block-group-is-layout-constrained has-background\">\n<div class=\"wp-block-columns is-layout-flex wp-container-core-columns-is-layout-fdcf44e1 wp-block-columns-is-layout-flex\">\n<div class=\"wp-block-column is-layout-flow wp-block-column-is-layout-flow\"><\/div>\n\n\n\n<div class=\"wp-block-column is-layout-flow wp-block-column-is-layout-flow\">\n<h2 class=\"wp-block-heading\"><strong>El Fascinante Fin de Semana Vignobles &amp; D\u00e9couvertes en Champa\u00f1a<\/strong><\/h2>\n\n\n\n<hr class=\"wp-block-separator has-text-color has-base-color has-alpha-channel-opacity has-base-background-color has-background\" \/>\n\n\n\n<p class=\"wp-block-paragraph\">La primera edici\u00f3n tuvo lugar en octubre de 2020 y fue un gran \u00e9xito. El \u00abFin de Semana Fascinantes Vignobles &amp; D\u00e9couvertes\u00bb se celebrar\u00e1 por cuarta vez en Champa\u00f1a en octubre de 2023. <\/p>\n\n\n\n<p class=\"wp-block-paragraph\">El objetivo es ayudar a los visitantes a descubrir Champagne a trav\u00e9s de los ojos de los viticultores, con una serie de actividades que incluyen juegos de exploraci\u00f3n, paseos gastron\u00f3micos y catas a ciegas&#8230;<\/p>\n\n\n\n<div class=\"wp-block-buttons is-layout-flex wp-block-buttons-is-layout-flex\">\n<div class=\"wp-block-button\"><a class=\"wp-block-button__link has-contrast-color has-base-background-color has-text-color has-background has-link-color wp-element-button\">M\u00e1s informaci\u00f3n<\/a><\/div>\n<\/div>\n<\/div>\n<\/div>\n<\/section>\n\n<section class=\"wp-block-group alignfull pattern-documentary-space has-base-background-color has-background has-global-padding is-content-justification-center is-layout-constrained wp-block-group-is-layout-constrained\">\n<div class=\"wp-block-columns is-layout-flex wp-container-core-columns-is-layout-fdcf44e1 wp-block-columns-is-layout-flex\">\n<div class=\"wp-block-column is-layout-flow wp-block-column-is-layout-flow\">\n<h2 class=\"wp-block-heading\"><strong>M\u00e1s escapadas chispeantes<\/strong><\/h2>\n\n\n\n<hr class=\"wp-block-separator has-text-color has-accent-3-color has-alpha-channel-opacity has-accent-3-background-color has-background\" \/>\n\n\n\n<p class=\"wp-block-paragraph\">Encuentra a\u00fan m\u00e1s ideas de paseos chispeantes en nuestra <a href=\"https:\/\/tourisme-en-champagne.com\/es\/agenda\/?_tags_agenda=62498d3f-b5fa-4569-afd1-ece9ef30e09d\">secci\u00f3n dedicada+<\/a> y cada mes en la<a href=\"https:\/\/cdt51.media.tourinsoft.eu\/upload\/ADT---Agenda-week-end-caves-V-D-6.pdf\" target=\"_blank\" data-type=\"link\" data-id=\"https:\/\/cdt51.media.tourinsoft.eu\/upload\/ADT---Agenda-week-end-caves-V-D-6.pdf\" rel=\"noreferrer noopener\"> Agenda de Fin de Semana de Vignobles &amp; D\u00e9couvertes<\/a>.<\/p>\n<\/div>\n<\/div>\n<\/section>\n\n<p class=\"wp-block-paragraph\"><\/p>\n","protected":false},"excerpt":{"rendered":"<p>En toda la zona de la denominaci\u00f3n de origen Champagne, los viticultores se unen para promocionar sus regiones. He aqu\u00ed algunos de los principales acontecimientos de la Ruta Tur\u00edstica de la Champa\u00f1a. Bar de Champ\u00e1n Vignerons de la Vall\u00e9e du Flagot Durante todo el verano, a partir del s\u00e1bado 9 de mayo, los Vignerons de [&hellip;]<\/p>\n","protected":false},"author":2,"featured_media":11577,"parent":0,"menu_order":0,"comment_status":"closed","ping_status":"closed","template":"templates\/experience.php","meta":{"_acf_changed":false,"footnotes":"","_links_to":"","_links_to_target":""},"class_list":["post-20774","page","type-page","status-publish","has-post-thumbnail","hentry"],"acf":[],"_links":{"self":[{"href":"https:\/\/tourisme-en-champagne.com\/es\/wp-json\/wp\/v2\/pages\/20774","targetHints":{"allow":["GET"]}}],"collection":[{"href":"https:\/\/tourisme-en-champagne.com\/es\/wp-json\/wp\/v2\/pages"}],"about":[{"href":"https:\/\/tourisme-en-champagne.com\/es\/wp-json\/wp\/v2\/types\/page"}],"author":[{"embeddable":true,"href":"https:\/\/tourisme-en-champagne.com\/es\/wp-json\/wp\/v2\/users\/2"}],"replies":[{"embeddable":true,"href":"https:\/\/tourisme-en-champagne.com\/es\/wp-json\/wp\/v2\/comments?post=20774"}],"version-history":[{"count":2,"href":"https:\/\/tourisme-en-champagne.com\/es\/wp-json\/wp\/v2\/pages\/20774\/revisions"}],"predecessor-version":[{"id":20888,"href":"https:\/\/tourisme-en-champagne.com\/es\/wp-json\/wp\/v2\/pages\/20774\/revisions\/20888"}],"wp:featuredmedia":[{"embeddable":true,"href":"https:\/\/tourisme-en-champagne.com\/es\/wp-json\/wp\/v2\/media\/11577"}],"wp:attachment":[{"href":"https:\/\/tourisme-en-champagne.com\/es\/wp-json\/wp\/v2\/media?parent=20774"}],"curies":[{"name":"wp","href":"https:\/\/api.w.org\/{rel}","templated":true}]}}