{"id":20684,"date":"2025-06-26T16:29:13","date_gmt":"2025-06-26T14:29:13","guid":{"rendered":"https:\/\/tourisme-en-champagne.com\/consigue-altura\/"},"modified":"2025-11-28T15:59:03","modified_gmt":"2025-11-28T14:59:03","slug":"consigue-altura","status":"publish","type":"page","link":"https:\/\/tourisme-en-champagne.com\/es\/consigue-altura\/","title":{"rendered":"Consigue altura"},"content":{"rendered":"\n<section class=\"wp-block-group alignfull pattern-documentary-space has-base-background-color has-background has-global-padding is-content-justification-center is-layout-constrained wp-block-group-is-layout-constrained\">\n<div class=\"wp-block-columns is-layout-flex wp-container-core-columns-is-layout-fdcf44e1 wp-block-columns-is-layout-flex\">\n<div class=\"wp-block-column is-layout-flow wp-block-column-is-layout-flow\">\n<h2 class=\"wp-block-heading\"><strong>Azoteas, torres y miradores: descubre algunos de los panoramas m\u00e1s bellos de la regi\u00f3n de Champa\u00f1a.<\/strong><\/h2>\n\n\n\n<hr class=\"wp-block-separator has-text-color has-accent-2-color has-alpha-channel-opacity has-accent-2-background-color has-background\"\/>\n\n\n\n<p class=\"has-text-align-left wp-block-paragraph\">Lorem ipsum dolor sit amet, consectetur adipiscing elit, sed do eiusmod tempor incididunt ut labore et dolore <a href=\"#\">magna aliqua<\/a>. Ut enim ad minim veniam, quis nostrud exercitation ullamco laboris nisi ut aliquip ex ea commodo consequat. Duis aute irure dolor in reprehenderit in voluptate velit esse cillum dolore eu fugiat nulla pariatur. Excepteur sint occaecat cupidatat non proident, sunt in culpa qui officia deserunt mollit anim id est laborum.   <\/p>\n<\/div>\n<\/div>\n<\/section>\n\n<section class=\"wp-block-group alignfull pattern-patchwork-3-texts-3-images has-global-padding is-layout-constrained wp-block-group-is-layout-constrained\">\n<div class=\"wp-block-columns is-layout-flex wp-container-core-columns-is-layout-63fbf5b9 wp-block-columns-is-layout-flex\">\n<div class=\"wp-block-column col-content is-layout-flow wp-block-column-is-layout-flow\" style=\"flex-basis:66.6%\">\n<h3 class=\"wp-block-heading has-accent-2-color has-text-color has-link-color wp-elements-78410dbb3fff70aa71a50c9994d66867\">Las torres de la Catedral  <\/h3>\n\n\n\n<p class=\"wp-block-paragraph\">Aunque mucha gente conoce y admira la Catedral de Reims desde su explanada, pocos saben que se puede subir a sus torres para admirar su arquitectura y ver Reims desde arriba.<\/p>\n\n\n\n<p class=\"wp-block-paragraph\">La vista hay que gan\u00e1rsela, con una escalera de caracol de un centenar de escalones y algunos pasadizos un poco estrechos. Pero una vez arriba, \u00a1tendr\u00e1s una vista inmejorable de la Cit\u00e9 des Sacres! Se trata de una visita impresionante, en la que podr\u00e1s descubrir el entramado de esta obra maestra de la arquitectura g\u00f3tica, y contemplar la Galer\u00eda de los Reyes y su notable estatuaria.    <\/p>\n\n\n\n<h3 class=\"wp-block-heading has-accent-2-color has-text-color has-link-color wp-elements-bf61cd2ab1ba5c347c2833d79f77ea13\"><strong>Mirador de Bellevue en Champillon<\/strong><\/h3>\n\n\n\n<p class=\"wp-block-paragraph\">A espaldas del bosque y con vistas a los vi\u00f1edos, Champillon ofrece un panorama excepcional del valle del Marne. El lugar ha atra\u00eddo a visitantes ilustres como Napole\u00f3n III y el general De Gaulle. <\/p>\n<\/div>\n\n\n\n<div class=\"wp-block-column is-layout-flow wp-block-column-is-layout-flow\">\n<figure class=\"wp-block-image size-full\"><img loading=\"lazy\" decoding=\"async\" width=\"300\" height=\"600\" src=\"https:\/\/tourisme-en-champagne.com\/assets\/uploads\/2025\/06\/cathedrale-reimscpmaille-colladt-marne3.jpg\" alt=\"\" class=\"wp-image-11347\" title=\"\"><\/figure>\n\n\n\n<h2 class=\"wp-block-heading\"><strong><strong>Recorrido panor\u00e1mico por Hautvillers<\/strong><\/strong><\/h2>\n\n\n\n<hr class=\"wp-block-separator has-text-color has-accent-2-color has-alpha-channel-opacity has-accent-2-background-color has-background\"\/>\n\n\n\n<p class=\"wp-block-paragraph\">Esta ruta ofrece ocho miradores panor\u00e1micos desde los que podr\u00e1s admirar vi\u00f1edos hasta donde alcanza la vista, pueblos pintorescos y el serpenteante Marne. Ideal para los amantes de la naturaleza, los fot\u00f3grafos y los entusiastas de las actividades al aire libre, esta ruta promete momentos memorables y fotos inolvidables. <br\/><\/p>\n<\/div>\n\n\n\n<div class=\"wp-block-column is-layout-flow wp-block-column-is-layout-flow\">\n<figure class=\"wp-block-image size-full\"><img loading=\"lazy\" decoding=\"async\" width=\"300\" height=\"600\" src=\"https:\/\/tourisme-en-champagne.com\/assets\/uploads\/2025\/06\/phare-verzenaycm-jolyot-coll-adt-marne1.jpg\" alt=\"\" class=\"wp-image-11352\" title=\"\"><\/figure>\n\n\n\n<div class=\"wp-block-group col-content has-global-padding is-layout-constrained wp-block-group-is-layout-constrained\">\n<h3 class=\"wp-block-heading has-accent-2-color has-text-color has-link-color wp-elements-cdfab5edf674b70e4884380304bb7863\">FARO DE VERZENAY<\/h3>\n\n\n\n<p class=\"wp-block-paragraph\">Con vistas a las prestigiosas laderas de la Monta\u00f1a de Reims, el Faro de Verzenay ofrece un museo que explora el fascinante mundo de los vi\u00f1edos de Champa\u00f1a.<\/p>\n\n\n\n<p class=\"wp-block-paragraph\">Pero eso no es todo lo que hay por descubrir: para los m\u00e1s aventureros, hay una ins\u00f3lita subida de 25 metros que ofrece una vista excepcional de los vi\u00f1edos y el valle.  <\/p>\n\n\n\n<h3 class=\"wp-block-heading has-accent-2-color has-text-color has-link-color wp-elements-63af9dcf3f3545ad58bf56398b287030\"><strong>Notre-Dame du Gruguet en Mareuil-sur-A\u00ff<\/strong><\/h3>\n\n\n\n<p class=\"wp-block-paragraph\">Encaramado en una ladera escarpada, este lugar ofrece una vista cautivadora del valle del Marne y del pueblo de Mareuil-sur-A\u00ff. La estatua de Notre-Dame du Gruguet, erigida en 1946, a\u00f1ade una dimensi\u00f3n hist\u00f3rica al lugar. <\/p>\n\n\n\n<figure class=\"wp-block-image size-full\"><img loading=\"lazy\" decoding=\"async\" width=\"300\" height=\"300\" src=\"https:\/\/tourisme-en-champagne.com\/assets\/uploads\/2025\/06\/bataillon.jpg\" alt=\"\" class=\"wp-image-11274\" title=\"\"><\/figure>\n<\/div>\n<\/div>\n<\/div>\n<\/section>\n\n<section style=\"background-image:url(&apos;https:\/\/tourisme-en-champagne.com\/assets\/uploads\/2025\/06\/chambre-skyline-double-2cnaiim-de-la-lisiere.jpg&apos;);background-position:50% 50%;background-size:cover;background-attachment:scroll;\" class=\"wp-block-group alignfull pattern-text-50-right-background has-base-color has-text-color has-link-color wp-elements-36718627a8f6d55984488e9058129050 has-global-padding is-layout-constrained wp-block-group-is-layout-constrained has-background\">\n<div class=\"wp-block-columns is-layout-flex wp-container-core-columns-is-layout-fdcf44e1 wp-block-columns-is-layout-flex\">\n<div class=\"wp-block-column is-layout-flow wp-block-column-is-layout-flow\"><\/div>\n\n\n\n<div class=\"wp-block-column is-layout-flow wp-block-column-is-layout-flow\">\n<h2 class=\"wp-block-heading\"><strong>Nuestras peque\u00f1as direcciones<\/strong><\/h2>\n\n\n\n<hr class=\"wp-block-separator has-text-color has-base-color has-alpha-channel-opacity has-base-background-color has-background\"\/>\n\n\n\n<ul class=\"wp-block-list\">\n<li>Lorem ipsum dolor sit<\/li>\n\n\n\n<li>Lorem ipsum dolor sit<\/li>\n\n\n\n<li>Lorem ipsum dolor sit<\/li>\n<\/ul>\n<\/div>\n<\/div>\n<\/section>\n\n<section class=\"wp-block-group alignfull pattern-patchwork-3-texts-3-images has-global-padding is-layout-constrained wp-block-group-is-layout-constrained\">\n<div class=\"wp-block-columns is-layout-flex wp-container-core-columns-is-layout-63fbf5b9 wp-block-columns-is-layout-flex\">\n<div class=\"wp-block-column col-content is-layout-flow wp-block-column-is-layout-flow\" style=\"flex-basis:66.6%\">\n<h3 class=\"wp-block-heading has-accent-2-color has-text-color has-link-color wp-elements-739582f56691c9f2f43d6f23f6fb7b23\">Estatua del Papa Urbano II<\/h3>\n\n\n\n<p class=\"wp-block-paragraph\">Erigida en 1887 en Ch\u00e2tillon-sur-Marne, la colosal estatua del Papa Urbano II alcanza una altura de 33 metros.<\/p>\n\n\n\n<p class=\"wp-block-paragraph\">Con el dedo levantado hacia el cielo, el hijo del Valle del Marne domina su patria desde un promontorio. Desde el pie de la estatua, podr\u00e1s disfrutar de una vista panor\u00e1mica excepcional de los vi\u00f1edos circundantes. Hay incluso una mesa de orientaci\u00f3n que te ayudar\u00e1 a orientarte por los 22 pueblos de los alrededores.  <\/p>\n\n\n\n<p class=\"wp-block-paragraph\">En raras ocasiones, como en las Jornadas del Patrimonio, algunos afortunados visitantes pueden incluso subir al interior de la estatua por una estrecha escalera y ponerse justo debajo de su brazo.  <\/p>\n\n\n\n<div class=\"wp-block-buttons is-layout-flex wp-block-buttons-is-layout-flex\">\n<div class=\"wp-block-button\"><a class=\"wp-block-button__link wp-element-button\" href=\"https:\/\/tourisme-en-champagne.com\/es\/reserva-en-linea\/\">Libro<\/a><\/div>\n<\/div>\n<\/div>\n\n\n\n<div class=\"wp-block-column is-layout-flow wp-block-column-is-layout-flow\">\n<figure class=\"wp-block-image size-full\"><img loading=\"lazy\" decoding=\"async\" width=\"300\" height=\"600\" src=\"https:\/\/tourisme-en-champagne.com\/assets\/uploads\/2025\/06\/statue-du-pape-urbain-ii-chatillon-sur-marnecas-flament-coll-adt-marne1-0.jpg\" alt=\"\" class=\"wp-image-11380\" title=\"\"><\/figure>\n\n\n\n<h3 class=\"wp-block-heading has-accent-2-color has-text-color has-link-color wp-elements-9459c20a63037caa64d55523abaefc1a\">Champ\u00e1n al viento<\/h3>\n\n\n\n<p class=\"wp-block-paragraph\">\u00a1Descubre la Champa\u00f1a y el Marne a bordo de un globo aerost\u00e1tico! Es un paseo m\u00e1gico, en el que podr\u00e1s contemplar los numerosos y cambiantes paisajes, oscilando entre vi\u00f1edos, cultivos, estanques y bosques profundos&#8230; <\/p>\n\n\n\n<p class=\"wp-block-paragraph\">Sobrevuela las copas de los \u00e1rboles, descubre el relieve de los vi\u00f1edos o los pueblos de Champa\u00f1a. \u00a1Un viaje rico en emociones! <br\/><\/p>\n\n\n\n<div class=\"wp-block-buttons is-layout-flex wp-block-buttons-is-layout-flex\">\n<div class=\"wp-block-button\"><a class=\"wp-block-button__link wp-element-button\" href=\"https:\/\/tourisme-en-champagne.com\/es\/reserva-en-linea\/\">Libro<\/a><\/div>\n<\/div>\n<\/div>\n\n\n\n<div class=\"wp-block-column is-layout-flow wp-block-column-is-layout-flow\">\n<figure class=\"wp-block-image size-full\"><img loading=\"lazy\" decoding=\"async\" width=\"300\" height=\"600\" src=\"https:\/\/tourisme-en-champagne.com\/assets\/uploads\/2025\/06\/champagne-vincent-gobert-romery-c-fjournet-coll-adt-marne1.jpg\" alt=\"\" class=\"wp-image-11370\" title=\"\"><\/figure>\n\n\n\n<div class=\"wp-block-group col-content has-global-padding is-layout-constrained wp-block-group-is-layout-constrained\">\n<h3 class=\"wp-block-heading has-accent-2-color has-text-color has-link-color wp-elements-562a6db847d74b45beb6459730fc780c\">NabuGOdonosor<\/h3>\n\n\n\n<p class=\"wp-block-paragraph\">\u00bfQu\u00e9 te parecer\u00eda saborear una copa de champ\u00e1n mientras disfrutas de una vista panor\u00e1mica de los vi\u00f1edos de los alrededores? Eso es lo que te ofrece Vincent Gobert con su botella de champ\u00e1n de 12 metros de altura, su \u00abNabuGOdonosor\u00bb, que \u00e9l mismo construy\u00f3 para ofrecerte un original museo y zona de degustaci\u00f3n. <\/p>\n\n\n\n<figure class=\"wp-block-image size-full\"><img loading=\"lazy\" decoding=\"async\" width=\"300\" height=\"300\" src=\"https:\/\/tourisme-en-champagne.com\/assets\/uploads\/2025\/06\/montgol.jpg\" alt=\"\" class=\"wp-image-11375\" title=\"\"><\/figure>\n<\/div>\n<\/div>\n<\/div>\n<\/section>\n\n<section class=\"wp-block-group alignfull pattern-playlist-grid has-global-padding is-layout-constrained wp-block-group-is-layout-constrained\" style=\"padding-top:var(--wp--preset--spacing--xx-large);padding-bottom:var(--wp--preset--spacing--xx-large)\">\n<h2 class=\"wp-block-heading has-text-align-center\"><strong>Consigue altura<\/strong><\/h2>\n\n\n\n<hr class=\"wp-block-separator has-text-color has-accent-3-color has-alpha-channel-opacity has-accent-3-background-color has-background\"\/>\n\n\n\t\t\t<div class=\"fsgb-block-playlist playlist-grid is-style-grid\"  style=\"margin-top:var(--wp--preset--spacing--x-large);\">\n\t\t\t\t\n\t\t\t\n\t\t\t<div class=\"swiper swiperPlaylistGrid\">\n\n\t\t\t\t<div class=\"swiper-wrapper posts-count-5\">\n\t\t\t\t\t\t\t\t\t\t\t\t\t\t\t\t\t<div class=\"swiper-slide \">\n\t\t\t\t\t\t\t\n<article class=\"card card--activite stretched-link\" data-id=\"30594\" data-post-id-sync-map=\"30594\" >\n\t\n\t\t\n\t\t\t\t<div class=\"card__thumbnail has-middleground-background-color stack\">\n\t\t\t<img decoding=\"async\" width=\"2048\" src=\"https:\/\/cdt51.media.tourinsoft.eu\/upload\/Reims-CDT-Marne-Coll.jpg\" class=\"attachment- size-\" alt=\"Tours de la Cath\u00e9drale Notre-Dame\" srcset=\"https:\/\/cdt51.media.tourinsoft.eu\/upload\/Reims-CDT-Marne-Coll.jpg?width=400 400w, https:\/\/cdt51.media.tourinsoft.eu\/upload\/Reims-CDT-Marne-Coll.jpg?width=640 640w, https:\/\/cdt51.media.tourinsoft.eu\/upload\/Reims-CDT-Marne-Coll.jpg?width=768 768w, https:\/\/cdt51.media.tourinsoft.eu\/upload\/Reims-CDT-Marne-Coll.jpg?width=1280 1280w, https:\/\/cdt51.media.tourinsoft.eu\/upload\/Reims-CDT-Marne-Coll.jpg?width=1536&amp;height=1536 1536w, https:\/\/cdt51.media.tourinsoft.eu\/upload\/Reims-CDT-Marne-Coll.jpg?width=2048&amp;height=2048 2048w\" sizes=\"(max-width: 2048px) 100vw, 2048px\" title=\"\">\t\t<\/div>\n\t\n\t\t<div class=\"card__content\">\n\t\t\t\n\t\t\t\t\t\t\t\t\t\n\t\t\t\t\t\t\t\t\t\n\t\t\t\t\t\t<h3 class=\"title wp-block-heading is-style-h3\">\n\t\t\t\t<a href=\"https:\/\/tourisme-en-champagne.com\/es\/activite\/tours-de-la-cathedrale-notre-dame\/\" target=\"_blank\">Tours de la Cath\u00e9drale Notre-Dame<\/a>\t\t\t\t\t\t\t<\/h3>\n\t\t\t\n\t\t\t\t\t\t\t\t\t\n\t\t\t\t\t\t<div class=\"underlined\"><\/div>\n\t\t\n\t\t\t\t\t\t\t\t\t\t<div class=\"location\">\n\t\t\t\t\tReims\t\t\t\t<\/div>\n\t\t\t\t\t\t\n\t\t\t\t\t\t\t\t\t\n\t\t\t\t\t\t\t\t\t\n\t\t\t\t\t\t\t\t\t\n\t\t\t\t\t\t\t\t\t\t<div class=\"descriptif\">El aumento de las torres de la catedral de Reims hace un descubrimiento inusual de una obra maest&#8230;<\/div>\n\t\t\t\t\n\t\t\t\t\t\t\t\t\t\t\t\t\t\t\t\t\n\t\t\t\t\t\t\t\t\t\t<div class=\"wp-block-button\">\n\t\t\t\t\t<a class=\"wp-element-button rounded\" href=\"https:\/\/tourisme-en-champagne.com\/es\/activite\/tours-de-la-cathedrale-notre-dame\/\" target=\"_blank\"\n\t\t\t\t\t\taria-label=\"Saber m\u00e1s sobre Tours de la Cath\u00e9drale Notre-Dame\">M\u00e1s informaci\u00f3n<\/a>\n\t\t\t\t<\/div>\n\t\t\t \n\t\t<\/div>\n\t\t\n\n\t\t<\/article>\n\n\t\t\t\t\t\t<\/div>\n\t\t\t\t\t\t\t\t\t\t\t\t\t\t\t\t\t<div class=\"swiper-slide \">\n\t\t\t\t\t\t\t\n<article class=\"card card--activite stretched-link\" data-id=\"30623\" data-post-id-sync-map=\"30623\" >\n\t\n\t\t\n\t\t\t\t<div class=\"card__thumbnail has-middleground-background-color stack\">\n\t\t\t<img decoding=\"async\" width=\"2048\" src=\"https:\/\/cdt51.media.tourinsoft.eu\/upload\/PNRMR-Mont-Sinai2-2015.JPG\" class=\"attachment- size-\" alt=\"Observatoire militaire du Mont Sina\u00ef\" srcset=\"https:\/\/cdt51.media.tourinsoft.eu\/upload\/PNRMR-Mont-Sinai2-2015.JPG?width=400 400w, https:\/\/cdt51.media.tourinsoft.eu\/upload\/PNRMR-Mont-Sinai2-2015.JPG?width=640 640w, https:\/\/cdt51.media.tourinsoft.eu\/upload\/PNRMR-Mont-Sinai2-2015.JPG?width=768 768w, https:\/\/cdt51.media.tourinsoft.eu\/upload\/PNRMR-Mont-Sinai2-2015.JPG?width=1280 1280w, https:\/\/cdt51.media.tourinsoft.eu\/upload\/PNRMR-Mont-Sinai2-2015.JPG?width=1536&amp;height=1536 1536w, https:\/\/cdt51.media.tourinsoft.eu\/upload\/PNRMR-Mont-Sinai2-2015.JPG?width=2048&amp;height=2048 2048w\" sizes=\"(max-width: 2048px) 100vw, 2048px\" title=\"\">\t\t<\/div>\n\t\n\t\t<div class=\"card__content\">\n\t\t\t\n\t\t\t\t\t\t\t\t\t\n\t\t\t\t\t\t\t\t\t\n\t\t\t\t\t\t<h3 class=\"title wp-block-heading is-style-h3\">\n\t\t\t\t<a href=\"https:\/\/tourisme-en-champagne.com\/es\/activite\/observatoire-militaire-du-mont-sinai\/\" target=\"_blank\">Observatoire militaire du Mont Sina\u00ef<\/a>\t\t\t\t\t\t\t<\/h3>\n\t\t\t\n\t\t\t\t\t\t\t\t\t\n\t\t\t\t\t\t<div class=\"underlined\"><\/div>\n\t\t\n\t\t\t\t\t\t\t\t\t\t<div class=\"location\">\n\t\t\t\t\tVerzy\t\t\t\t<\/div>\n\t\t\t\t\t\t\n\t\t\t\t\t\t\t\t\t\n\t\t\t\t\t\t\t\t\t\n\t\t\t\t\t\t\t\t\t\n\t\t\t\t\t\t\t\t\t\t<div class=\"descriptif\">En las alturas de las laderas de la Monta\u00f1a de Reims, que sirvieron para 4 a\u00f1os de cabecera para &#8230;<\/div>\n\t\t\t\t\n\t\t\t\t\t\t\t\t\t\t\t\t\t\t\t\t\n\t\t\t\t\t\t\t\t\t\t<div class=\"wp-block-button\">\n\t\t\t\t\t<a class=\"wp-element-button rounded\" href=\"https:\/\/tourisme-en-champagne.com\/es\/activite\/observatoire-militaire-du-mont-sinai\/\" target=\"_blank\"\n\t\t\t\t\t\taria-label=\"Saber m\u00e1s sobre Observatoire militaire du Mont Sina\u00ef\">M\u00e1s informaci\u00f3n<\/a>\n\t\t\t\t<\/div>\n\t\t\t \n\t\t<\/div>\n\t\t\n\n\t\t<\/article>\n\n\t\t\t\t\t\t<\/div>\n\t\t\t\t\t\t\t\t\t\t\t\t\t\t\t\t\t<div class=\"swiper-slide \">\n\t\t\t\t\t\t\t\n<article class=\"card card--activite stretched-link\" data-id=\"30682\" data-post-id-sync-map=\"30682\" >\n\t\n\t\t\n\t\t\t\t<div class=\"card__thumbnail has-middleground-background-color stack\">\n\t\t\t<img decoding=\"async\" width=\"2048\" src=\"https:\/\/cdt51.media.tourinsoft.eu\/upload\/Parc-Vix-Avize-1.jpg\" class=\"attachment- size-\" alt=\"Parc Vix\" srcset=\"https:\/\/cdt51.media.tourinsoft.eu\/upload\/Parc-Vix-Avize-1.jpg?width=400 400w, https:\/\/cdt51.media.tourinsoft.eu\/upload\/Parc-Vix-Avize-1.jpg?width=640 640w, https:\/\/cdt51.media.tourinsoft.eu\/upload\/Parc-Vix-Avize-1.jpg?width=768 768w, https:\/\/cdt51.media.tourinsoft.eu\/upload\/Parc-Vix-Avize-1.jpg?width=1280 1280w, https:\/\/cdt51.media.tourinsoft.eu\/upload\/Parc-Vix-Avize-1.jpg?width=1536&amp;height=1536 1536w, https:\/\/cdt51.media.tourinsoft.eu\/upload\/Parc-Vix-Avize-1.jpg?width=2048&amp;height=2048 2048w\" sizes=\"(max-width: 2048px) 100vw, 2048px\" title=\"\">\t\t<\/div>\n\t\n\t\t<div class=\"card__content\">\n\t\t\t\n\t\t\t\t\t\t\t\t\t\n\t\t\t\t\t\t\t\t\t\n\t\t\t\t\t\t<h3 class=\"title wp-block-heading is-style-h3\">\n\t\t\t\t<a href=\"https:\/\/tourisme-en-champagne.com\/es\/activite\/parc-vix\/\" target=\"_blank\">Parc Vix<\/a>\t\t\t\t\t\t\t<\/h3>\n\t\t\t\n\t\t\t\t\t\t\t\t\t\n\t\t\t\t\t\t<div class=\"underlined\"><\/div>\n\t\t\n\t\t\t\t\t\t\t\t\t\t<div class=\"location\">\n\t\t\t\t\tAvize\t\t\t\t<\/div>\n\t\t\t\t\t\t\n\t\t\t\t\t\t\t\t\t\n\t\t\t\t\t\t\t\t\t\n\t\t\t\t\t\t\t\t\t\n\t\t\t\t\t\t\t\t\t\t<div class=\"descriptif\">La entrada al parque est\u00e1 marcada por una botella monumental y corte. A continuaci\u00f3n, paseo a lo &#8230;<\/div>\n\t\t\t\t\n\t\t\t\t\t\t\t\t\t\t\t\t\t\t\t\t\n\t\t\t\t\t\t\t\t\t\t<div class=\"wp-block-button\">\n\t\t\t\t\t<a class=\"wp-element-button rounded\" href=\"https:\/\/tourisme-en-champagne.com\/es\/activite\/parc-vix\/\" target=\"_blank\"\n\t\t\t\t\t\taria-label=\"Saber m\u00e1s sobre Parc Vix\">M\u00e1s informaci\u00f3n<\/a>\n\t\t\t\t<\/div>\n\t\t\t \n\t\t<\/div>\n\t\t\n\n\t\t<\/article>\n\n\t\t\t\t\t\t<\/div>\n\t\t\t\t\t\t\t\t\t\t\t\t\t\t\t\t\t<div class=\"swiper-slide \">\n\t\t\t\t\t\t\t\n<article class=\"card card--activite stretched-link\" data-id=\"30678\" data-post-id-sync-map=\"30678\" >\n\t\n\t\t\n\t\t\t\t<div class=\"card__thumbnail has-middleground-background-color stack\">\n\t\t\t<img decoding=\"async\" width=\"2048\" src=\"https:\/\/cdt51.media.tourinsoft.eu\/upload\/Jardin-de-Vignes---Cramant-2.jpg\" class=\"attachment- size-\" alt=\"Jardin de Vignes de Cramant\" srcset=\"https:\/\/cdt51.media.tourinsoft.eu\/upload\/Jardin-de-Vignes---Cramant-2.jpg?width=400 400w, https:\/\/cdt51.media.tourinsoft.eu\/upload\/Jardin-de-Vignes---Cramant-2.jpg?width=640 640w, https:\/\/cdt51.media.tourinsoft.eu\/upload\/Jardin-de-Vignes---Cramant-2.jpg?width=768 768w, https:\/\/cdt51.media.tourinsoft.eu\/upload\/Jardin-de-Vignes---Cramant-2.jpg?width=1280 1280w, https:\/\/cdt51.media.tourinsoft.eu\/upload\/Jardin-de-Vignes---Cramant-2.jpg?width=1536&amp;height=1536 1536w, https:\/\/cdt51.media.tourinsoft.eu\/upload\/Jardin-de-Vignes---Cramant-2.jpg?width=2048&amp;height=2048 2048w\" sizes=\"(max-width: 2048px) 100vw, 2048px\" title=\"\">\t\t<\/div>\n\t\n\t\t<div class=\"card__content\">\n\t\t\t\n\t\t\t\t\t\t\t\t\t\n\t\t\t\t\t\t\t\t\t\n\t\t\t\t\t\t<h3 class=\"title wp-block-heading is-style-h3\">\n\t\t\t\t<a href=\"https:\/\/tourisme-en-champagne.com\/es\/activite\/jardin-de-vignes-de-cramant\/\" target=\"_blank\">Jardin de Vignes de Cramant<\/a>\t\t\t\t\t\t\t<\/h3>\n\t\t\t\n\t\t\t\t\t\t\t\t\t\n\t\t\t\t\t\t<div class=\"underlined\"><\/div>\n\t\t\n\t\t\t\t\t\t\t\t\t\t<div class=\"location\">\n\t\t\t\t\tCramant\t\t\t\t<\/div>\n\t\t\t\t\t\t\n\t\t\t\t\t\t\t\t\t\n\t\t\t\t\t\t\t\t\t\n\t\t\t\t\t\t\t\t\t\n\t\t\t\t\t\t\t\t\t\t<div class=\"descriptif\">Los jardines concepto Vines permite volver a conectar con sus ra\u00edces en Champagne en honor a la t&#8230;<\/div>\n\t\t\t\t\n\t\t\t\t\t\t\t\t\t\t\t\t\t\t\t\t\n\t\t\t\t\t\t\t\t\t\t<div class=\"wp-block-button\">\n\t\t\t\t\t<a class=\"wp-element-button rounded\" href=\"https:\/\/tourisme-en-champagne.com\/es\/activite\/jardin-de-vignes-de-cramant\/\" target=\"_blank\"\n\t\t\t\t\t\taria-label=\"Saber m\u00e1s sobre Jardin de Vignes de Cramant\">M\u00e1s informaci\u00f3n<\/a>\n\t\t\t\t<\/div>\n\t\t\t \n\t\t<\/div>\n\t\t\n\n\t\t<\/article>\n\n\t\t\t\t\t\t<\/div>\n\t\t\t\t\t\t\t\t\t\t\t\t\t\t\t\t\t<div class=\"swiper-slide \">\n\t\t\t\t\t\t\t\n<article class=\"card card--activite stretched-link\" data-id=\"30459\" data-post-id-sync-map=\"30459\" >\n\t\n\t\t\n\t\t\t\t<div class=\"card__thumbnail has-middleground-background-color stack\">\n\t\t\t<img decoding=\"async\" width=\"2048\" src=\"https:\/\/cdt51.media.tourinsoft.eu\/upload\/phare-de-verzenay---Carmen-Moya-Office-de-Tourisme-du-Grand-Reims.jpg\" class=\"attachment- size-\" alt=\"Phare de Verzenay\" srcset=\"https:\/\/cdt51.media.tourinsoft.eu\/upload\/phare-de-verzenay---Carmen-Moya-Office-de-Tourisme-du-Grand-Reims.jpg?width=400 400w, https:\/\/cdt51.media.tourinsoft.eu\/upload\/phare-de-verzenay---Carmen-Moya-Office-de-Tourisme-du-Grand-Reims.jpg?width=640 640w, https:\/\/cdt51.media.tourinsoft.eu\/upload\/phare-de-verzenay---Carmen-Moya-Office-de-Tourisme-du-Grand-Reims.jpg?width=768 768w, https:\/\/cdt51.media.tourinsoft.eu\/upload\/phare-de-verzenay---Carmen-Moya-Office-de-Tourisme-du-Grand-Reims.jpg?width=1280 1280w, https:\/\/cdt51.media.tourinsoft.eu\/upload\/phare-de-verzenay---Carmen-Moya-Office-de-Tourisme-du-Grand-Reims.jpg?width=1536&amp;height=1536 1536w, https:\/\/cdt51.media.tourinsoft.eu\/upload\/phare-de-verzenay---Carmen-Moya-Office-de-Tourisme-du-Grand-Reims.jpg?width=2048&amp;height=2048 2048w\" sizes=\"(max-width: 2048px) 100vw, 2048px\" title=\"\">\t\t<\/div>\n\t\n\t\t<div class=\"card__content\">\n\t\t\t\n\t\t\t\t\t\t\t\t\t\n\t\t\t\t\t\t\t\t\t\n\t\t\t\t\t\t<h3 class=\"title wp-block-heading is-style-h3\">\n\t\t\t\t<a href=\"https:\/\/tourisme-en-champagne.com\/es\/activite\/phare-de-verzenay\/\" target=\"_blank\">Phare de Verzenay<\/a>\t\t\t\t\t\t\t<\/h3>\n\t\t\t\n\t\t\t\t\t\t\t\t\t\n\t\t\t\t\t\t<div class=\"underlined\"><\/div>\n\t\t\n\t\t\t\t\t\t\t\t\t\t<div class=\"location\">\n\t\t\t\t\tVerzenay\t\t\t\t<\/div>\n\t\t\t\t\t\t\n\t\t\t\t\t\t\t\t\t\n\t\t\t\t\t\t\t\t\t\n\t\t\t\t\t\t\t\t\t\n\t\t\t\t\t\t\t\t\t\t<div class=\"descriptif\">Un faro en medio de un mar de vi\u00f1edos, qu\u00e9 mejor manera de explorar la Champagne?\r\rConstruido en &#8230;<\/div>\n\t\t\t\t\n\t\t\t\t\t\t\t\t\t\t\t\t\t\t\t\t\n\t\t\t\t\t\t\t\t\t\t<div class=\"wp-block-button\">\n\t\t\t\t\t<a class=\"wp-element-button rounded\" href=\"https:\/\/tourisme-en-champagne.com\/es\/activite\/phare-de-verzenay\/\" target=\"_blank\"\n\t\t\t\t\t\taria-label=\"Saber m\u00e1s sobre Phare de Verzenay\">M\u00e1s informaci\u00f3n<\/a>\n\t\t\t\t<\/div>\n\t\t\t \n\t\t<\/div>\n\t\t\n\n\t\t<\/article>\n\n\t\t\t\t\t\t<\/div>\n\t\t\t\t\t\t\t\t\t\t\t\t\t\t<\/div>\n\t\t\t\t\n\t\t\t\t<div class=\"swiper-buttons\">\n\t\t\t\t\t<div class=\"swiper-button-prev\"><\/div>\n\t\t\t\t\t<div class=\"swiper-button-next\"><\/div>\n\t\t\t\t<\/div>\n\t\t\t<\/div>\n\t\t<\/div>\n\t\n<\/section>\n","protected":false},"excerpt":{"rendered":"<p>Azoteas, torres y miradores: descubre algunos de los panoramas m\u00e1s bellos de la regi\u00f3n de Champa\u00f1a. Lorem ipsum dolor sit amet, consectetur adipiscing elit, sed do eiusmod tempor incididunt ut labore et dolore magna aliqua. Ut enim ad minim veniam, quis nostrud exercitation ullamco laboris nisi ut aliquip ex ea commodo consequat. Duis aute irure [&hellip;]<\/p>\n","protected":false},"author":2,"featured_media":11346,"parent":0,"menu_order":0,"comment_status":"closed","ping_status":"closed","template":"templates\/experience.php","meta":{"_acf_changed":false,"footnotes":"","_links_to":"","_links_to_target":""},"class_list":["post-20684","page","type-page","status-publish","has-post-thumbnail","hentry"],"acf":[],"_links":{"self":[{"href":"https:\/\/tourisme-en-champagne.com\/es\/wp-json\/wp\/v2\/pages\/20684","targetHints":{"allow":["GET"]}}],"collection":[{"href":"https:\/\/tourisme-en-champagne.com\/es\/wp-json\/wp\/v2\/pages"}],"about":[{"href":"https:\/\/tourisme-en-champagne.com\/es\/wp-json\/wp\/v2\/types\/page"}],"author":[{"embeddable":true,"href":"https:\/\/tourisme-en-champagne.com\/es\/wp-json\/wp\/v2\/users\/2"}],"replies":[{"embeddable":true,"href":"https:\/\/tourisme-en-champagne.com\/es\/wp-json\/wp\/v2\/comments?post=20684"}],"version-history":[{"count":2,"href":"https:\/\/tourisme-en-champagne.com\/es\/wp-json\/wp\/v2\/pages\/20684\/revisions"}],"predecessor-version":[{"id":20987,"href":"https:\/\/tourisme-en-champagne.com\/es\/wp-json\/wp\/v2\/pages\/20684\/revisions\/20987"}],"wp:featuredmedia":[{"embeddable":true,"href":"https:\/\/tourisme-en-champagne.com\/es\/wp-json\/wp\/v2\/media\/11346"}],"wp:attachment":[{"href":"https:\/\/tourisme-en-champagne.com\/es\/wp-json\/wp\/v2\/media?parent=20684"}],"curies":[{"name":"wp","href":"https:\/\/api.w.org\/{rel}","templated":true}]}}