{"id":20615,"date":"2025-06-24T09:28:11","date_gmt":"2025-06-24T07:28:11","guid":{"rendered":"https:\/\/tourisme-en-champagne.com\/vignobles-decouvertes-2\/"},"modified":"2025-11-28T14:33:53","modified_gmt":"2025-11-28T13:33:53","slug":"vignobles-decouvertes-2","status":"publish","type":"page","link":"https:\/\/tourisme-en-champagne.com\/es\/todo-sobre-el-champan\/vignobles-decouvertes-2\/","title":{"rendered":"Vignobles &amp; D\u00e9couvertes"},"content":{"rendered":"\n<section class=\"wp-block-group alignfull pattern-text-100 has-base-background-color has-background has-global-padding is-layout-constrained wp-block-group-is-layout-constrained\">\n<div class=\"wp-block-columns is-layout-flex wp-container-core-columns-is-layout-63fbf5b9 wp-block-columns-is-layout-flex\">\n<div class=\"wp-block-column is-layout-flow wp-block-column-is-layout-flow\">\n<h2 class=\"wp-block-heading has-text-align-center\"><strong>Acogida, compartir, autenticidad&#8230;<\/strong><\/h2>\n\n\n\n<hr class=\"wp-block-separator aligncenter has-text-color has-grey-color has-alpha-channel-opacity has-grey-background-color has-background\" \/>\n\n\n\n<p class=\"has-text-align-center patterns-underline wp-block-paragraph\">Una etiqueta nacional para las regiones vin\u00edcolas comprometidas con la hospitalidad de calidad  <\/p>\n\n\n\n<p class=\"has-text-align-center wp-block-paragraph\">Si la Champa\u00f1a es \u00fanica y su preciada bebida inimitable, conocida en todo el mundo&#8230; la variedad de suelos, climas y pr\u00e1cticas vit\u00edcolas ofrece un mosaico de terru\u00f1os que se refleja en cada uno de los champanes producidos.<\/p>\n\n\n\n<p class=\"has-text-align-center patterns-underline wp-block-paragraph\">Desde 2013, 8 regiones con la etiqueta <strong>\u00abVignobles et D\u00e9couvertes\u00bb\u00ae <\/strong>te acogen para vivir una experiencia aut\u00e9ntica y descubrir las m\u00faltiples facetas de este preciado n\u00e9ctar.<\/p>\n\n\n\n<figure class=\"wp-block-image aligncenter size-full\"><a href=\"https:\/\/www.facebook.com\/vignobles.decouvertes.champagne\" target=\"_blank\" rel=\" noreferrer noopener\"><img loading=\"lazy\" decoding=\"async\" width=\"122\" height=\"116\" src=\"https:\/\/tourisme-en-champagne.com\/assets\/uploads\/2025\/06\/capture-decran-2024-03-04-a-121035.png\" alt=\"\" class=\"wp-image-10520\" title=\"\"><\/a><\/figure>\n<\/div>\n<\/div>\n<\/section>\n\n<section class=\"wp-block-group alignfull pattern-summary has-global-padding is-layout-constrained wp-block-group-is-layout-constrained\">\n\t<div class=\"fsgb-block-link-mosaic is-style-summary\"  >\n\t\t\t\t\t\t\t\t\t\t\t\t<a href=\"https:\/\/tourisme-en-champagne.com\/tout-sur-le-champagne\/vignobles-et-decouvertes\/la-montagne-de-reims\/\" target=\"_blank\">\n\t\t\t\t\t\t\t\t\t\t\t<div class=\"thumbnail\"><img loading=\"lazy\" decoding=\"async\" width=\"370\" height=\"370\" src=\"https:\/\/tourisme-en-champagne.com\/assets\/uploads\/2025\/06\/jouylesreims.jpeg\" class=\"attachment-thumbnail size-thumbnail\" alt=\"\" title=\"\"><\/div>\n\t\t\t\t\t\t\t\t\t\t\t\t\t\t\t<div class=\"text-link-title\">\n\t\t\t\t\t\t\t\t\t\t\t\t\t<h2 class=\"link-title\">La montagne de Reims<\/h2>\n\t\t\t\t\t\t\t\t\t\t\t\t\t\t\t\t\t\t\t<div class=\"text\">Entre Reims y Epernay se encuentra esta regi\u00f3n, galardonada con el sello \u00abVignobles &amp; D\u00e9couvertes\u00bb. Cuenta con un patrimonio natural y arquitect\u00f3nico que podr\u00e1 descubrir en coche por la Route Touristique du Champagne, que atraviesa la zona. <\/div>\n\t\t\t\t\t\t\t\t\t\t\t<\/div>\n\t\t\t\t<\/a>\n\t\t\t\t\t\t\t\t\t\t\t\t\t\t<a href=\"https:\/\/tourisme-en-champagne.com\/tout-sur-le-champagne\/vignobles-et-decouvertes\/le-massif-de-saint-thierry-la-vallee-de-lardre\/\" target=\"_blank\">\n\t\t\t\t\t\t\t\t\t\t\t<div class=\"thumbnail\"><img loading=\"lazy\" decoding=\"async\" width=\"370\" height=\"370\" src=\"https:\/\/tourisme-en-champagne.com\/assets\/uploads\/2025\/06\/stthierry.jpg\" class=\"attachment-thumbnail size-thumbnail\" alt=\"St Thierry\" title=\"\"><\/div>\n\t\t\t\t\t\t\t\t\t\t\t\t\t\t\t<div class=\"text-link-title\">\n\t\t\t\t\t\t\t\t\t\t\t\t\t<h2 class=\"link-title\">Le Massif de Saint Thierry &amp; la Vall\u00e9e de l&#8217;Ardre<\/h2>\n\t\t\t\t\t\t\t\t\t\t\t\t\t\t\t\t\t\t\t<div class=\"text\">En las afueras de Reims, la ciudad de la coronaci\u00f3n, el Macizo de Saint Thierry y el valle del Ardre albergan vi\u00f1edos en dos grandes mesetas: el Tardenois y el Macizo de Saint Thierry, cortadas por los r\u00edos Ardre y Vesle.<\/div>\n\t\t\t\t\t\t\t\t\t\t\t<\/div>\n\t\t\t\t<\/a>\n\t\t\t\t\t\t\t\t\t\t\t\t\t\t<a href=\"https:\/\/tourisme-en-champagne.com\/tout-sur-le-champagne\/vignobles-et-decouvertes\/la-vallee-de-la-marne\/\" target=\"_blank\">\n\t\t\t\t\t\t\t\t\t\t\t<div class=\"thumbnail\"><img loading=\"lazy\" decoding=\"async\" width=\"370\" height=\"370\" src=\"https:\/\/tourisme-en-champagne.com\/assets\/uploads\/2025\/06\/hautvillers-1.jpg\" class=\"attachment-thumbnail size-thumbnail\" alt=\"\" title=\"\"><\/div>\n\t\t\t\t\t\t\t\t\t\t\t\t\t\t\t<div class=\"text-link-title\">\n\t\t\t\t\t\t\t\t\t\t\t\t\t<h2 class=\"link-title\">La Vall\u00e9e de la Marne<\/h2>\n\t\t\t\t\t\t\t\t\t\t\t\t\t\t\t\t\t<\/div>\n\t\t\t\t<\/a>\n\t\t\t\t\t\t\t\t\t\t\t\t\t\t<a href=\"https:\/\/tourisme-en-champagne.com\/tout-sur-le-champagne\/vignobles-et-decouvertes\/les-coteaux-sud-depernay-et-la-cote-des-blancs\/\" target=\"_blank\">\n\t\t\t\t\t\t\t\t\t\t\t<div class=\"thumbnail\"><img loading=\"lazy\" decoding=\"async\" width=\"370\" height=\"370\" src=\"https:\/\/tourisme-en-champagne.com\/assets\/uploads\/2025\/06\/epernaycwwwmkb-photos-coll-adt-marne-0.jpg\" class=\"attachment-thumbnail size-thumbnail\" alt=\"\" title=\"\"><\/div>\n\t\t\t\t\t\t\t\t\t\t\t\t\t\t\t<div class=\"text-link-title\">\n\t\t\t\t\t\t\t\t\t\t\t\t\t<h2 class=\"link-title\">La vertiente sur de Epernay y la C\u00f4te des Blancs<\/h2>\n\t\t\t\t\t\t\t\t\t\t\t\t\t\t\t\t\t\t\t<div class=\"text\">La vertiente sur de Epernay y la C\u00f4te des Blancs<\/div>\n\t\t\t\t\t\t\t\t\t\t\t<\/div>\n\t\t\t\t<\/a>\n\t\t\t\t\t\t\t\t\t\t\t\t\t\t<a href=\"https:\/\/tourisme-en-champagne.com\/tout-sur-le-champagne\/vignobles-et-decouvertes\/les-coteaux-du-sezannais-et-du-petit-morin\/\" target=\"_blank\">\n\t\t\t\t\t\t\t\t\t\t\t<div class=\"thumbnail\"><img loading=\"lazy\" decoding=\"async\" width=\"370\" height=\"370\" src=\"https:\/\/tourisme-en-champagne.com\/assets\/uploads\/2025\/06\/vignoble-bethoncm-jolyot-colladt-marne.jpg\" class=\"attachment-thumbnail size-thumbnail\" alt=\"\" title=\"\"><\/div>\n\t\t\t\t\t\t\t\t\t\t\t\t\t\t\t<div class=\"text-link-title\">\n\t\t\t\t\t\t\t\t\t\t\t\t\t<h2 class=\"link-title\">Les coteaux du S\u00e9zannais et du Petit Morin<\/h2>\n\t\t\t\t\t\t\t\t\t\t\t\t\t\t\t\t\t<\/div>\n\t\t\t\t<\/a>\n\t\t\t\t\t\t\t\t\t\t\t\t\t\t<a href=\"https:\/\/tourisme-en-champagne.com\/tout-sur-le-champagne\/vignobles-et-decouvertes\/les-coteaux-vitryats\/\">\n\t\t\t\t\t\t\t\t\t\t\t<div class=\"thumbnail\"><img loading=\"lazy\" decoding=\"async\" width=\"370\" height=\"370\" src=\"https:\/\/tourisme-en-champagne.com\/assets\/uploads\/2025\/06\/vignoble-changycc-manquillet-coll-adt-marne4.jpg\" class=\"attachment-thumbnail size-thumbnail\" alt=\"\" title=\"\"><\/div>\n\t\t\t\t\t\t\t\t\t\t\t\t\t\t\t<div class=\"text-link-title\">\n\t\t\t\t\t\t\t\t\t\t\t\t\t<h2 class=\"link-title\">Les coteaux Vitryats<\/h2>\n\t\t\t\t\t\t\t\t\t\t\t\t\t\t\t\t\t<\/div>\n\t\t\t\t<\/a>\n\t\t\t\t\t\t\t\t\t\t\t\t\t\t<a href=\"https:\/\/tourisme-en-champagne.com\/tout-sur-le-champagne\/vignobles-et-decouvertes\/la-vallee-de-la-marne-ouest\/\" target=\"_blank\">\n\t\t\t\t\t\t\t\t\t\t\t<div class=\"thumbnail\"><img loading=\"lazy\" decoding=\"async\" width=\"370\" height=\"370\" src=\"https:\/\/tourisme-en-champagne.com\/assets\/uploads\/2025\/06\/1-panorama-vignoble-champagnecambon-1.jpg\" class=\"attachment-thumbnail size-thumbnail\" alt=\"\" title=\"\"><\/div>\n\t\t\t\t\t\t\t\t\t\t\t\t\t\t\t<div class=\"text-link-title\">\n\t\t\t\t\t\t\t\t\t\t\t\t\t<h2 class=\"link-title\">La Vall\u00e9e de la Marne Ouest<\/h2>\n\t\t\t\t\t\t\t\t\t\t\t\t\t\t\t\t\t<\/div>\n\t\t\t\t<\/a>\n\t\t\t\t\t\t\t\t\t\t\t\t\t\t<a href=\"https:\/\/tourisme-en-champagne.com\/tout-sur-le-champagne\/vignobles-et-decouvertes\/la-cote-des-bar\/\" target=\"_blank\">\n\t\t\t\t\t\t\t\t\t\t\t<div class=\"thumbnail\"><img loading=\"lazy\" decoding=\"async\" width=\"370\" height=\"370\" src=\"https:\/\/tourisme-en-champagne.com\/assets\/uploads\/2025\/06\/cadoles-cdt-aube.jpg\" class=\"attachment-thumbnail size-thumbnail\" alt=\"\" title=\"\"><\/div>\n\t\t\t\t\t\t\t\t\t\t\t\t\t\t\t<div class=\"text-link-title\">\n\t\t\t\t\t\t\t\t\t\t\t\t\t<h2 class=\"link-title\">La C\u00f4te des Bar<\/h2>\n\t\t\t\t\t\t\t\t\t\t\t\t\t\t\t\t\t<\/div>\n\t\t\t\t<\/a>\n\t\t\t\t\t\t\t\t\t\t\t\n\t<\/div>\n\n<\/section>\n\n<section style=\"background-image:url(&apos;https:\/\/tourisme-en-champagne.com\/assets\/uploads\/2025\/06\/view-from-la-terrasse-des-abbayes-boursault.jpg&apos;);background-size:cover;\" class=\"wp-block-group alignfull pattern-text-50-right-background has-base-color has-text-color has-link-color wp-elements-5c55a298878f2c52d7898027fdb1be43 has-global-padding is-layout-constrained wp-block-group-is-layout-constrained has-background\">\n<div class=\"wp-block-columns is-layout-flex wp-container-core-columns-is-layout-fdcf44e1 wp-block-columns-is-layout-flex\">\n<div class=\"wp-block-column is-layout-flow wp-block-column-is-layout-flow\"><\/div>\n\n\n\n<div class=\"wp-block-column is-layout-flow wp-block-column-is-layout-flow\">\n<figure data-wp-context=\"{&quot;imageId&quot;:&quot;6a96ded6ba3c3&quot;}\" data-wp-interactive=\"core\/image\" data-wp-key=\"6a96ded6ba3c3\" class=\"wp-block-image aligncenter size-full wp-lightbox-container\"><img loading=\"lazy\" decoding=\"async\" width=\"156\" height=\"200\" data-wp-class--hide=\"state.isContentHidden\" data-wp-class--show=\"state.isContentVisible\" data-wp-init=\"callbacks.setButtonStyles\" data-wp-on--click=\"actions.showLightbox\" data-wp-on--load=\"callbacks.setButtonStyles\" data-wp-on--pointerdown=\"actions.preloadImage\" data-wp-on--pointerenter=\"actions.preloadImageWithDelay\" data-wp-on--pointerleave=\"actions.cancelPreload\" data-wp-on-window--resize=\"callbacks.setButtonStyles\" src=\"https:\/\/tourisme-en-champagne.com\/assets\/uploads\/2025\/06\/logo-vignoblesetdecouvertes-contour-blanc-web.jpg\" alt=\"\" class=\"wp-image-10443\" title=\"\"><button\n\t\t\tclass=\"lightbox-trigger\"\n\t\t\ttype=\"button\"\n\t\t\taria-haspopup=\"dialog\"\n\t\t\tdata-wp-bind--aria-label=\"state.thisImage.triggerButtonAriaLabel\"\n\t\t\tdata-wp-init=\"callbacks.initTriggerButton\"\n\t\t\tdata-wp-on--click=\"actions.showLightbox\"\n\t\t\tdata-wp-style--right=\"state.thisImage.buttonRight\"\n\t\t\tdata-wp-style--top=\"state.thisImage.buttonTop\"\n\t\t>\n\t\t\t<svg xmlns=\"http:\/\/www.w3.org\/2000\/svg\" width=\"12\" height=\"12\" fill=\"none\" viewBox=\"0 0 12 12\">\n\t\t\t\t<path fill=\"#fff\" d=\"M2 0a2 2 0 0 0-2 2v2h1.5V2a.5.5 0 0 1 .5-.5h2V0H2Zm2 10.5H2a.5.5 0 0 1-.5-.5V8H0v2a2 2 0 0 0 2 2h2v-1.5ZM8 12v-1.5h2a.5.5 0 0 0 .5-.5V8H12v2a2 2 0 0 1-2 2H8Zm2-12a2 2 0 0 1 2 2v2h-1.5V2a.5.5 0 0 0-.5-.5H8V0h2Z\" \/>\n\t\t\t<\/svg>\n\t\t<\/button><\/figure>\n\n\n\n<p class=\"has-text-align-center wp-block-paragraph\">Los socios locales <strong>que exhiben esta etiqueta<\/strong> se comprometen a cumplir una serie de requisitos: una acogida de calidad en franc\u00e9s o en una lengua extranjera, un conocimiento del mundo del vino, el gusto por compartir, la autenticidad, la apertura al patrimonio natural, cultural y humano&#8230; \u00a1tantos criterios y requisitos para obtener esta preciada etiqueta!<\/p>\n\n\n\n<p class=\"has-text-align-center wp-block-paragraph\">Te dar\u00e1n la bienvenida y te ofrecer\u00e1n servicios cuidadosamente seleccionados para que tu pr\u00f3xima estancia en Champa\u00f1a sea un \u00e9xito.<\/p>\n<\/div>\n<\/div>\n<\/section>\n\n<section class=\"wp-block-group alignfull pattern-text-100 has-base-background-color has-background has-global-padding is-layout-constrained wp-block-group-is-layout-constrained\">\n<div class=\"wp-block-columns is-layout-flex wp-container-core-columns-is-layout-63fbf5b9 wp-block-columns-is-layout-flex\">\n<div class=\"wp-block-column is-layout-flow wp-block-column-is-layout-flow\">\n<h2 class=\"wp-block-heading\"><strong>Proveedores de servicios etiquetados<\/strong><\/h2>\n\n\n\n<hr class=\"wp-block-separator has-text-color has-accent-3-color has-alpha-channel-opacity has-accent-3-background-color has-background\" \/>\n\n\n\n<h3 class=\"wp-block-heading has-accent-3-color has-text-color has-link-color wp-elements-6fbcfcd71f12b25455b088a8f5b62276\">M\u00e1s de 500 proveedores de Champagne galardonados con la etiqueta \u00abVignobles &amp; D\u00e9couvertes<\/h3>\n\n\n\n<p class=\"patterns-underline wp-block-paragraph\">Bodegas, alojamientos, restaurantes, parajes naturales y culturales, actividades, eventos&#8230; Todos seleccionados por la calidad de su acogida, su deseo de compartir y su autenticidad. <\/p>\n\n\n\n<p class=\"patterns-underline wp-block-paragraph\">Ven a conocer a estos profesionales deseosos de compartir contigo las riquezas y el saber hacer de la regi\u00f3n de Champa\u00f1a, \u00a1para una estancia inolvidable en nuestros vi\u00f1edos!<\/p>\n\n\n\n<div class=\"wp-block-buttons is-layout-flex wp-block-buttons-is-layout-flex\">\n<div class=\"wp-block-button\"><a class=\"wp-block-button__link has-contrast-color has-accent-3-background-color has-text-color has-background has-link-color wp-element-button\" href=\"#\">Todos los portaetiquetas<\/a><\/div>\n<\/div>\n<\/div>\n<\/div>\n<\/section>\n\n<section class=\"wp-block-group alignfull pattern-media-100-full has-background has-global-padding is-layout-constrained wp-container-core-group-is-layout-7cf01583 wp-block-group-is-layout-constrained\" style=\"padding-top:0;padding-right:0;padding-bottom:0;padding-left:0\">\t<div class=\"fsgb-block-slider swiper is-style-fullwidth alignfull\"  >\n\t\t<div class=\"swiper-wrapper\">\n\t\t\t\t\t\t\t\t\t\t\t\t<div class=\"fsgb-block-slider__slide swiper-slide\">\n\t\t\t\t\t\t<img loading=\"lazy\" decoding=\"async\" width=\"400\" height=\"125\" src=\"https:\/\/tourisme-en-champagne.com\/assets\/uploads\/2025\/06\/point-de-vue-binson-orquignycles-coflocs-coll-adt-marne-8-400x125.jpg\" class=\"attachment-thumbnail size-thumbnail\" alt=\"\" srcset=\"https:\/\/tourisme-en-champagne.com\/assets\/uploads\/2025\/06\/point-de-vue-binson-orquignycles-coflocs-coll-adt-marne-8-400x125.jpg 400w, https:\/\/tourisme-en-champagne.com\/assets\/uploads\/2025\/06\/point-de-vue-binson-orquignycles-coflocs-coll-adt-marne-8-640x200.jpg 640w, https:\/\/tourisme-en-champagne.com\/assets\/uploads\/2025\/06\/point-de-vue-binson-orquignycles-coflocs-coll-adt-marne-8-1280x400.jpg 1280w, https:\/\/tourisme-en-champagne.com\/assets\/uploads\/2025\/06\/point-de-vue-binson-orquignycles-coflocs-coll-adt-marne-8-768x240.jpg 768w, https:\/\/tourisme-en-champagne.com\/assets\/uploads\/2025\/06\/point-de-vue-binson-orquignycles-coflocs-coll-adt-marne-8-1536x480.jpg 1536w, https:\/\/tourisme-en-champagne.com\/assets\/uploads\/2025\/06\/point-de-vue-binson-orquignycles-coflocs-coll-adt-marne-8.jpg 1920w\" sizes=\"auto, (max-width: 400px) 100vw, 400px\" title=\"\">\t\t\t\t\t\t<div class=\"caption\"><\/div>\n\t\t\t\t\t\t\t\t\t\t\t\t<strong><\/strong>\n\t\t\t\t\t\t\t\t\t\t\t\t\t\t\t\t\t\t\t\t\t\t\t<\/div>\n\t\t\t\t\t\t\t\t\t\t\t\t\t\t\t\t<div class=\"fsgb-block-slider__slide swiper-slide\">\n\t\t\t\t\t\t<img loading=\"lazy\" decoding=\"async\" width=\"400\" height=\"125\" src=\"https:\/\/tourisme-en-champagne.com\/assets\/uploads\/2025\/06\/vignoble-mareuil-sur-ay-cles-coflocs-coll-adt-marne-5-400x125.jpg\" class=\"attachment-thumbnail size-thumbnail\" alt=\"\" srcset=\"https:\/\/tourisme-en-champagne.com\/assets\/uploads\/2025\/06\/vignoble-mareuil-sur-ay-cles-coflocs-coll-adt-marne-5-400x125.jpg 400w, https:\/\/tourisme-en-champagne.com\/assets\/uploads\/2025\/06\/vignoble-mareuil-sur-ay-cles-coflocs-coll-adt-marne-5-640x200.jpg 640w, https:\/\/tourisme-en-champagne.com\/assets\/uploads\/2025\/06\/vignoble-mareuil-sur-ay-cles-coflocs-coll-adt-marne-5-1280x400.jpg 1280w, https:\/\/tourisme-en-champagne.com\/assets\/uploads\/2025\/06\/vignoble-mareuil-sur-ay-cles-coflocs-coll-adt-marne-5-768x240.jpg 768w, https:\/\/tourisme-en-champagne.com\/assets\/uploads\/2025\/06\/vignoble-mareuil-sur-ay-cles-coflocs-coll-adt-marne-5-1536x480.jpg 1536w, https:\/\/tourisme-en-champagne.com\/assets\/uploads\/2025\/06\/vignoble-mareuil-sur-ay-cles-coflocs-coll-adt-marne-5.jpg 1920w\" sizes=\"auto, (max-width: 400px) 100vw, 400px\" title=\"\">\t\t\t\t\t\t<div class=\"caption\"><\/div>\n\t\t\t\t\t\t\t\t\t\t\t\t<strong><\/strong>\n\t\t\t\t\t\t\t\t\t\t\t\t\t\t\t\t\t\t\t\t\t\t\t<\/div>\n\t\t\t\t\t\t\t\t\t\t\t\t\t\t\t\t<div class=\"fsgb-block-slider__slide swiper-slide\">\n\t\t\t\t\t\t<img loading=\"lazy\" decoding=\"async\" width=\"400\" height=\"125\" src=\"https:\/\/tourisme-en-champagne.com\/assets\/uploads\/2025\/06\/vignoble-mareuil-sur-ay-cles-coflocs-coll-adt-marne-3-400x125.jpg\" class=\"attachment-thumbnail size-thumbnail\" alt=\"\" srcset=\"https:\/\/tourisme-en-champagne.com\/assets\/uploads\/2025\/06\/vignoble-mareuil-sur-ay-cles-coflocs-coll-adt-marne-3-400x125.jpg 400w, https:\/\/tourisme-en-champagne.com\/assets\/uploads\/2025\/06\/vignoble-mareuil-sur-ay-cles-coflocs-coll-adt-marne-3-640x200.jpg 640w, https:\/\/tourisme-en-champagne.com\/assets\/uploads\/2025\/06\/vignoble-mareuil-sur-ay-cles-coflocs-coll-adt-marne-3-1280x400.jpg 1280w, https:\/\/tourisme-en-champagne.com\/assets\/uploads\/2025\/06\/vignoble-mareuil-sur-ay-cles-coflocs-coll-adt-marne-3-768x240.jpg 768w, https:\/\/tourisme-en-champagne.com\/assets\/uploads\/2025\/06\/vignoble-mareuil-sur-ay-cles-coflocs-coll-adt-marne-3-1536x480.jpg 1536w, https:\/\/tourisme-en-champagne.com\/assets\/uploads\/2025\/06\/vignoble-mareuil-sur-ay-cles-coflocs-coll-adt-marne-3.jpg 1920w\" sizes=\"auto, (max-width: 400px) 100vw, 400px\" title=\"\">\t\t\t\t\t\t<div class=\"caption\"><\/div>\n\t\t\t\t\t\t\t\t\t\t\t\t<strong><\/strong>\n\t\t\t\t\t\t\t\t\t\t\t\t\t\t\t\t\t\t\t\t\t\t\t<\/div>\n\t\t\t\t\t\t\t\t\t\t\t\t\t\t\t\t<div class=\"fsgb-block-slider__slide swiper-slide\">\n\t\t\t\t\t\t<img loading=\"lazy\" decoding=\"async\" width=\"400\" height=\"125\" src=\"https:\/\/tourisme-en-champagne.com\/assets\/uploads\/2025\/06\/grille-tattinger-400x125.jpg\" class=\"attachment-thumbnail size-thumbnail\" alt=\"\" srcset=\"https:\/\/tourisme-en-champagne.com\/assets\/uploads\/2025\/06\/grille-tattinger-400x125.jpg 400w, https:\/\/tourisme-en-champagne.com\/assets\/uploads\/2025\/06\/grille-tattinger-640x200.jpg 640w, https:\/\/tourisme-en-champagne.com\/assets\/uploads\/2025\/06\/grille-tattinger-1280x400.jpg 1280w, https:\/\/tourisme-en-champagne.com\/assets\/uploads\/2025\/06\/grille-tattinger-768x240.jpg 768w, https:\/\/tourisme-en-champagne.com\/assets\/uploads\/2025\/06\/grille-tattinger-1536x480.jpg 1536w, https:\/\/tourisme-en-champagne.com\/assets\/uploads\/2025\/06\/grille-tattinger.jpg 1920w\" sizes=\"auto, (max-width: 400px) 100vw, 400px\" title=\"\">\t\t\t\t\t\t<div class=\"caption\"><\/div>\n\t\t\t\t\t\t\t\t\t\t\t\t<strong><\/strong>\n\t\t\t\t\t\t\t\t\t\t\t\t\t\t\t\t\t\t\t\t\t\t\t<\/div>\n\t\t\t\t\t\t\t\t\t\t\t\t\t\t\t\t<div class=\"fsgb-block-slider__slide swiper-slide\">\n\t\t\t\t\t\t<img loading=\"lazy\" decoding=\"async\" width=\"400\" height=\"125\" src=\"https:\/\/tourisme-en-champagne.com\/assets\/uploads\/2025\/06\/pressoria-ay-champagne-musee-5-sens-boegly-grazia-400x125.jpg\" class=\"attachment-thumbnail size-thumbnail\" alt=\"\" srcset=\"https:\/\/tourisme-en-champagne.com\/assets\/uploads\/2025\/06\/pressoria-ay-champagne-musee-5-sens-boegly-grazia-400x125.jpg 400w, https:\/\/tourisme-en-champagne.com\/assets\/uploads\/2025\/06\/pressoria-ay-champagne-musee-5-sens-boegly-grazia-640x200.jpg 640w, https:\/\/tourisme-en-champagne.com\/assets\/uploads\/2025\/06\/pressoria-ay-champagne-musee-5-sens-boegly-grazia-1280x400.jpg 1280w, https:\/\/tourisme-en-champagne.com\/assets\/uploads\/2025\/06\/pressoria-ay-champagne-musee-5-sens-boegly-grazia-768x240.jpg 768w, https:\/\/tourisme-en-champagne.com\/assets\/uploads\/2025\/06\/pressoria-ay-champagne-musee-5-sens-boegly-grazia-1536x480.jpg 1536w, https:\/\/tourisme-en-champagne.com\/assets\/uploads\/2025\/06\/pressoria-ay-champagne-musee-5-sens-boegly-grazia.jpg 1920w\" sizes=\"auto, (max-width: 400px) 100vw, 400px\" title=\"\">\t\t\t\t\t\t<div class=\"caption\"><\/div>\n\t\t\t\t\t\t\t\t\t\t\t\t<strong><\/strong>\n\t\t\t\t\t\t\t\t\t\t\t\t\t\t\t\t\t\t\t\t\t\t\t<\/div>\n\t\t\t\t\t\t\t\t\t<\/div>\n\t\t<div class=\"swiper-pagination\"><\/div>\n\t<\/div>\n\n<\/section>\n\n<section class=\"wp-block-group alignfull pattern-bubble-links has-middleground-background-color has-background has-global-padding is-layout-constrained wp-block-group-is-layout-constrained\" style=\"padding-top:var(--wp--preset--spacing--xx-large);padding-bottom:var(--wp--preset--spacing--xx-large)\">\n\t<div class=\"fsgb-block-link-mosaic is-style-bubbles alignwide\"  >\n\t\t\t\t\t\t\t\t\t\t\t\t<a href=\"#\" target=\"_blank\">\n\t\t\t\t\t\t\t\t\t\t\t<div class=\"thumbnail\"><img loading=\"lazy\" decoding=\"async\" width=\"150\" height=\"150\" src=\"https:\/\/tourisme-en-champagne.com\/assets\/uploads\/2025\/06\/picto-new-raisin-1.png\" class=\"attachment-thumbnail size-thumbnail\" alt=\"\" title=\"\"><\/div>\n\t\t\t\t\t\t\t\t\t\t\t\t\t\t\t<div class=\"text-link-title\">\n\t\t\t\t\t\t\t\t\t\t\t\t\t\t\t\t\t\t\t<div class=\"text\">Bodegas y catas<\/div>\n\t\t\t\t\t\t\t\t\t\t\t<\/div>\n\t\t\t\t<\/a>\n\t\t\t\t\t\t\t\t\t\t\t\t\t\t<a href=\"#\" target=\"_blank\">\n\t\t\t\t\t\t\t\t\t\t\t<div class=\"thumbnail\"><img loading=\"lazy\" decoding=\"async\" width=\"150\" height=\"150\" src=\"https:\/\/tourisme-en-champagne.com\/assets\/uploads\/2025\/06\/restaurant.png\" class=\"attachment-thumbnail size-thumbnail\" alt=\"Restaurant\" title=\"\"><\/div>\n\t\t\t\t\t\t\t\t\t\t\t\t\t\t\t<div class=\"text-link-title\">\n\t\t\t\t\t\t\t\t\t\t\t\t\t\t\t\t\t\t\t<div class=\"text\">Restaurantes<\/div>\n\t\t\t\t\t\t\t\t\t\t\t<\/div>\n\t\t\t\t<\/a>\n\t\t\t\t\t\t\t\t\t\t\t\t\t\t<a href=\"#\">\n\t\t\t\t\t\t\t\t\t\t\t<div class=\"thumbnail\"><img loading=\"lazy\" decoding=\"async\" width=\"150\" height=\"150\" src=\"https:\/\/tourisme-en-champagne.com\/assets\/uploads\/2025\/06\/picto-new-loisirs-2.png\" class=\"attachment-thumbnail size-thumbnail\" alt=\"\" title=\"\"><\/div>\n\t\t\t\t\t\t\t\t\t\t\t\t\t\t\t<div class=\"text-link-title\">\n\t\t\t\t\t\t\t\t\t\t\t\t\t\t\t\t\t\t\t<div class=\"text\">Ocio y Patrimonio<\/div>\n\t\t\t\t\t\t\t\t\t\t\t<\/div>\n\t\t\t\t<\/a>\n\t\t\t\t\t\t\t\t\t\t\t\t\t\t<a href=\"#\" target=\"_blank\">\n\t\t\t\t\t\t\t\t\t\t\t<div class=\"thumbnail\"><img loading=\"lazy\" decoding=\"async\" width=\"150\" height=\"150\" src=\"https:\/\/tourisme-en-champagne.com\/assets\/uploads\/2025\/06\/hebergement.png\" class=\"attachment-thumbnail size-thumbnail\" alt=\"H\u00e9bergement\" title=\"\"><\/div>\n\t\t\t\t\t\t\t\t\t\t\t\t\t\t\t<div class=\"text-link-title\">\n\t\t\t\t\t\t\t\t\t\t\t\t\t\t\t\t\t\t\t<div class=\"text\">Alojamiento<\/div>\n\t\t\t\t\t\t\t\t\t\t\t<\/div>\n\t\t\t\t<\/a>\n\t\t\t\t\t\t\t\t\t\t\t\t\t\t<a href=\"#\" target=\"_blank\">\n\t\t\t\t\t\t\t\t\t\t\t<div class=\"thumbnail\"><img loading=\"lazy\" decoding=\"async\" width=\"150\" height=\"150\" src=\"https:\/\/tourisme-en-champagne.com\/assets\/uploads\/2025\/06\/picto-new-bus.png\" class=\"attachment-thumbnail size-thumbnail\" alt=\"\" title=\"\"><\/div>\n\t\t\t\t\t\t\t\t\t\t\t\t\t\t\t<div class=\"text-link-title\">\n\t\t\t\t\t\t\t\t\t\t\t\t\t\t\t\t\t\t\t<div class=\"text\">Organizadores de vacaciones<\/div>\n\t\t\t\t\t\t\t\t\t\t\t<\/div>\n\t\t\t\t<\/a>\n\t\t\t\t\t\t\t\t\t\t\t\n\t<\/div>\n\n<\/section>\n\n<section class=\"wp-block-group alignfull pattern-text-80-media-20 has-global-padding is-layout-constrained wp-block-group-is-layout-constrained\">\n<div class=\"wp-block-columns is-layout-flex wp-container-core-columns-is-layout-fdcf44e1 wp-block-columns-is-layout-flex\">\n<div class=\"wp-block-column is-layout-flow wp-block-column-is-layout-flow\" style=\"flex-basis:40%\">\n<figure data-wp-context=\"{&quot;imageId&quot;:&quot;6a96ded6c8577&quot;}\" data-wp-interactive=\"core\/image\" data-wp-key=\"6a96ded6c8577\" class=\"wp-block-image size-full wp-lightbox-container\"><img loading=\"lazy\" decoding=\"async\" width=\"800\" height=\"525\" data-wp-class--hide=\"state.isContentHidden\" data-wp-class--show=\"state.isContentVisible\" data-wp-init=\"callbacks.setButtonStyles\" data-wp-on--click=\"actions.showLightbox\" data-wp-on--load=\"callbacks.setButtonStyles\" data-wp-on--pointerdown=\"actions.preloadImage\" data-wp-on--pointerenter=\"actions.preloadImageWithDelay\" data-wp-on--pointerleave=\"actions.cancelPreload\" data-wp-on-window--resize=\"callbacks.setButtonStyles\" src=\"https:\/\/tourisme-en-champagne.com\/assets\/uploads\/2025\/07\/capture-decran-2024-12-02-a-132710.png\" alt=\"\" class=\"wp-image-15601\" style=\"aspect-ratio:1;object-fit:cover\" title=\"\" srcset=\"https:\/\/tourisme-en-champagne.com\/assets\/uploads\/2025\/07\/capture-decran-2024-12-02-a-132710.png 800w, https:\/\/tourisme-en-champagne.com\/assets\/uploads\/2025\/07\/capture-decran-2024-12-02-a-132710-640x420.png 640w, https:\/\/tourisme-en-champagne.com\/assets\/uploads\/2025\/07\/capture-decran-2024-12-02-a-132710-400x263.png 400w, https:\/\/tourisme-en-champagne.com\/assets\/uploads\/2025\/07\/capture-decran-2024-12-02-a-132710-768x504.png 768w\" sizes=\"auto, (max-width: 800px) 100vw, 800px\" \/><button\n\t\t\tclass=\"lightbox-trigger\"\n\t\t\ttype=\"button\"\n\t\t\taria-haspopup=\"dialog\"\n\t\t\tdata-wp-bind--aria-label=\"state.thisImage.triggerButtonAriaLabel\"\n\t\t\tdata-wp-init=\"callbacks.initTriggerButton\"\n\t\t\tdata-wp-on--click=\"actions.showLightbox\"\n\t\t\tdata-wp-style--right=\"state.thisImage.buttonRight\"\n\t\t\tdata-wp-style--top=\"state.thisImage.buttonTop\"\n\t\t>\n\t\t\t<svg xmlns=\"http:\/\/www.w3.org\/2000\/svg\" width=\"12\" height=\"12\" fill=\"none\" viewBox=\"0 0 12 12\">\n\t\t\t\t<path fill=\"#fff\" d=\"M2 0a2 2 0 0 0-2 2v2h1.5V2a.5.5 0 0 1 .5-.5h2V0H2Zm2 10.5H2a.5.5 0 0 1-.5-.5V8H0v2a2 2 0 0 0 2 2h2v-1.5ZM8 12v-1.5h2a.5.5 0 0 0 .5-.5V8H12v2a2 2 0 0 1-2 2H8Zm2-12a2 2 0 0 1 2 2v2h-1.5V2a.5.5 0 0 0-.5-.5H8V0h2Z\" \/>\n\t\t\t<\/svg>\n\t\t<\/button><\/figure>\n<\/div>\n\n\n\n<div class=\"wp-block-column is-layout-flow wp-block-column-is-layout-flow\" style=\"flex-basis:60%\">\n<h2 class=\"wp-block-heading\"><strong>Agenda de las bodegas de V&amp;D abierta este fin de semana<\/strong><\/h2>\n\n\n\n<hr class=\"wp-block-separator has-text-color has-accent-1-color has-alpha-channel-opacity has-accent-1-background-color has-background\" \/>\n\n\n\n<p class=\"wp-block-paragraph\">Cada 1 de mes, encontrar\u00e1s la Agenda de fin de semana de las bodegas con la etiqueta Vignobles &amp; D\u00e9couvertes.<br \/>En ella figuran todas las bodegas de los 6 destinos autorizados de la Marne que est\u00e1n abiertas al menos un fin de semana del mes. Es una forma estupenda de planificar tus salidas de fin de semana y asegurarte de que no encuentras m\u00e1s puertas cerradas&#8230;<br \/>Para asegurarte la mejor acogida posible, \u00a1no dudes en llamar a nuestros viticultores antes de tu visita! <\/p>\n\n\n\n<div class=\"wp-block-buttons is-layout-flex wp-block-buttons-is-layout-flex\">\n<div class=\"wp-block-button\"><a class=\"wp-block-button__link wp-element-button\" href=\"https:\/\/cdt51.media.tourinsoft.eu\/upload\/ADT---Agenda-week-end-caves-V-D-7.pdf\" target=\"_blank\" rel=\"noopener\">Descubre<\/a><\/div>\n<\/div>\n<\/div>\n<\/div>\n<\/section>\n\n<section class=\"wp-block-group alignfull pattern-text-80-media-20 has-global-padding is-layout-constrained wp-block-group-is-layout-constrained\">\n<div class=\"wp-block-columns is-layout-flex wp-container-core-columns-is-layout-fdcf44e1 wp-block-columns-is-layout-flex\">\n<div class=\"wp-block-column is-layout-flow wp-block-column-is-layout-flow\" style=\"flex-basis:60%\">\n<h2 class=\"wp-block-heading\"><strong>Vignobles en Sc\u00e8ne, 17, 18 y 19 de octubre<\/strong><\/h2>\n\n\n\n<hr class=\"wp-block-separator has-text-color has-accent-1-color has-alpha-channel-opacity has-accent-1-background-color has-background\" \/>\n\n\n\n<p class=\"wp-block-paragraph\">El Fin de Semana Fascinante Vignobles &amp; D\u00e9couvertes se ha redise\u00f1ado y enriquecido Esta nueva marca de eventos celebra el enoturismo y Vignobles &amp; D\u00e9couvertes en todos los vi\u00f1edos franceses con la etiqueta. Vignobles en Sc\u00e8ne se basa ahora en tres colecciones de experiencias, que se disfrutar\u00e1n en los proveedores de servicios con la etiqueta Vignobles &amp; D\u00e9couvertes: Y un plato fuerte: \u00a1una cena banquete! <\/p>\n\n\n\n<div class=\"wp-block-buttons is-layout-flex wp-block-buttons-is-layout-flex\">\n<div class=\"wp-block-button\"><a class=\"wp-block-button__link wp-element-button\" href=\"https:\/\/tourisme-en-champagne.com\/es\/todo-sobre-el-champan\/vignobles-en-scene-17-18-y-19-de-octubre\/\">Descubre<\/a><\/div>\n<\/div>\n<\/div>\n\n\n\n<div class=\"wp-block-column is-layout-flow wp-block-column-is-layout-flow\" style=\"flex-basis:40%\">\n<figure data-wp-context=\"{&quot;imageId&quot;:&quot;6a96ded6cafdf&quot;}\" data-wp-interactive=\"core\/image\" data-wp-key=\"6a96ded6cafdf\" class=\"wp-block-image size-full wp-lightbox-container\"><img loading=\"lazy\" decoding=\"async\" width=\"1920\" height=\"870\" data-wp-class--hide=\"state.isContentHidden\" data-wp-class--show=\"state.isContentVisible\" data-wp-init=\"callbacks.setButtonStyles\" data-wp-on--click=\"actions.showLightbox\" data-wp-on--load=\"callbacks.setButtonStyles\" data-wp-on--pointerdown=\"actions.preloadImage\" data-wp-on--pointerenter=\"actions.preloadImageWithDelay\" data-wp-on--pointerleave=\"actions.cancelPreload\" data-wp-on-window--resize=\"callbacks.setButtonStyles\" src=\"https:\/\/tourisme-en-champagne.com\/assets\/uploads\/2025\/06\/ves-champagne.jpg\" alt=\"\" class=\"wp-image-10264\" style=\"aspect-ratio:1;object-fit:cover\" title=\"\" srcset=\"https:\/\/tourisme-en-champagne.com\/assets\/uploads\/2025\/06\/ves-champagne.jpg 1920w, https:\/\/tourisme-en-champagne.com\/assets\/uploads\/2025\/06\/ves-champagne-640x290.jpg 640w, https:\/\/tourisme-en-champagne.com\/assets\/uploads\/2025\/06\/ves-champagne-1280x580.jpg 1280w, https:\/\/tourisme-en-champagne.com\/assets\/uploads\/2025\/06\/ves-champagne-400x181.jpg 400w, https:\/\/tourisme-en-champagne.com\/assets\/uploads\/2025\/06\/ves-champagne-768x348.jpg 768w, https:\/\/tourisme-en-champagne.com\/assets\/uploads\/2025\/06\/ves-champagne-1536x696.jpg 1536w\" sizes=\"auto, (max-width: 1920px) 100vw, 1920px\" \/><button\n\t\t\tclass=\"lightbox-trigger\"\n\t\t\ttype=\"button\"\n\t\t\taria-haspopup=\"dialog\"\n\t\t\tdata-wp-bind--aria-label=\"state.thisImage.triggerButtonAriaLabel\"\n\t\t\tdata-wp-init=\"callbacks.initTriggerButton\"\n\t\t\tdata-wp-on--click=\"actions.showLightbox\"\n\t\t\tdata-wp-style--right=\"state.thisImage.buttonRight\"\n\t\t\tdata-wp-style--top=\"state.thisImage.buttonTop\"\n\t\t>\n\t\t\t<svg xmlns=\"http:\/\/www.w3.org\/2000\/svg\" width=\"12\" height=\"12\" fill=\"none\" viewBox=\"0 0 12 12\">\n\t\t\t\t<path fill=\"#fff\" d=\"M2 0a2 2 0 0 0-2 2v2h1.5V2a.5.5 0 0 1 .5-.5h2V0H2Zm2 10.5H2a.5.5 0 0 1-.5-.5V8H0v2a2 2 0 0 0 2 2h2v-1.5ZM8 12v-1.5h2a.5.5 0 0 0 .5-.5V8H12v2a2 2 0 0 1-2 2H8Zm2-12a2 2 0 0 1 2 2v2h-1.5V2a.5.5 0 0 0-.5-.5H8V0h2Z\" \/>\n\t\t\t<\/svg>\n\t\t<\/button><\/figure>\n<\/div>\n<\/div>\n<\/section>\n\n<section class=\"wp-block-group alignfull pattern-contact has-middleground-background-color has-background has-global-padding is-layout-constrained wp-block-group-is-layout-constrained\" style=\"padding-top:var(--wp--preset--spacing--xx-large);padding-bottom:var(--wp--preset--spacing--xx-large)\">\n<div class=\"wp-block-columns is-layout-flex wp-container-core-columns-is-layout-fdcf44e1 wp-block-columns-is-layout-flex\">\n<div class=\"wp-block-column is-vertically-aligned-center has-global-padding is-layout-constrained wp-block-column-is-layout-constrained\">\n<figure class=\"wp-block-image size-full has-custom-border\"><img loading=\"lazy\" decoding=\"async\" width=\"370\" height=\"370\" src=\"https:\/\/tourisme-en-champagne.com\/assets\/uploads\/2025\/06\/fanny-0.jpg\" alt=\"\" class=\"wp-image-10423\" style=\"border-style:none;border-width:0px;border-radius:100em;aspect-ratio:1;object-fit:cover\" title=\"\"><\/figure>\n<\/div>\n\n\n\n<div class=\"wp-block-column is-layout-flow wp-block-column-is-layout-flow\">\n<h2 class=\"wp-block-heading has-text-align-center\"><strong>Contacto<\/strong><\/h2>\n\n\n\n<hr class=\"wp-block-separator aligncenter has-text-color has-grey-color has-alpha-channel-opacity has-grey-background-color has-background\" \/>\n\n\n\n<h3 class=\"wp-block-heading has-text-align-center has-accent-1-color has-text-color has-link-color wp-elements-6b082ee84ecef0b1121f3640d860e248\">Fanny Journet<\/h3>\n\n\n\n<p class=\"has-text-align-center wp-block-paragraph\" style=\"margin-top:var(--wp--preset--spacing--large)\">Coordinadora de la red Vignobles &amp; D\u00e9couvertes en la Agencia de Desarrollo Tur\u00edstico de Marne.<\/p>\n\n\n\n<div class=\"wp-block-group is-content-justification-center is-nowrap is-layout-flex wp-container-core-group-is-layout-e78c4980 wp-block-group-is-layout-flex\">\n<div class=\"wp-block-media-text is-stacked-on-mobile is-vertically-aligned-top\"><figure class=\"wp-block-media-text__media\"><img loading=\"lazy\" decoding=\"async\" width=\"34\" height=\"35\" src=\"https:\/\/tourisme-en-champagne.com\/assets\/uploads\/2025\/06\/phone-blue.svg\" alt=\"\" class=\"wp-image-10971 size-full\" title=\"\"><\/figure><div class=\"wp-block-media-text__content\">\n<p class=\"wp-block-paragraph\">tel\u00e9fono <strong>con pantalla<\/strong> <\/p>\n\n\n\n<p class=\"link wp-block-paragraph\"><a href=\"tel:03%2026%2069%2051%2005\">03 26 69 51 05<\/a><\/p>\n\n\n\n<p class=\"link wp-block-paragraph\"><a href=\"tel:06%2035%2044%2045%2014\">06 35 44 45 14<\/a><\/p>\n<\/div><\/div>\n\n\n\n<div class=\"wp-block-media-text is-stacked-on-mobile is-vertically-aligned-top\"><figure class=\"wp-block-media-text__media\"><img loading=\"lazy\" decoding=\"async\" width=\"29\" height=\"20\" src=\"https:\/\/tourisme-en-champagne.com\/assets\/uploads\/2025\/06\/mail-blue.svg\" alt=\"\" class=\"wp-image-10966 size-full\" title=\"\"><\/figure><div class=\"wp-block-media-text__content\">\n<p class=\"wp-block-paragraph\"><strong>ENVIAR<\/strong> un e-mail<\/p>\n\n\n\n<p class=\"link wp-block-paragraph\"><a href=\"mailto:f.journet@tourisme-en-champagne.com\">f.journet@tourisme-en-champagne.com<\/a><\/p>\n<\/div><\/div>\n<\/div>\n<\/div>\n<\/div>\n<\/section>\n","protected":false},"excerpt":{"rendered":"<p>Acogida, compartir, autenticidad&#8230; Una etiqueta nacional para las regiones vin\u00edcolas comprometidas con la hospitalidad de calidad Si la Champa\u00f1a es \u00fanica y su preciada bebida inimitable, conocida en todo el mundo&#8230; la variedad de suelos, climas y pr\u00e1cticas vit\u00edcolas ofrece un mosaico de terru\u00f1os que se refleja en cada uno de los champanes producidos. Desde [&hellip;]<\/p>\n","protected":false},"author":2,"featured_media":13231,"parent":20839,"menu_order":0,"comment_status":"closed","ping_status":"closed","template":"templates\/accueil-espace.php","meta":{"_acf_changed":false,"footnotes":"","_links_to":"","_links_to_target":""},"class_list":["post-20615","page","type-page","status-publish","has-post-thumbnail","hentry"],"acf":[],"_links":{"self":[{"href":"https:\/\/tourisme-en-champagne.com\/es\/wp-json\/wp\/v2\/pages\/20615","targetHints":{"allow":["GET"]}}],"collection":[{"href":"https:\/\/tourisme-en-champagne.com\/es\/wp-json\/wp\/v2\/pages"}],"about":[{"href":"https:\/\/tourisme-en-champagne.com\/es\/wp-json\/wp\/v2\/types\/page"}],"author":[{"embeddable":true,"href":"https:\/\/tourisme-en-champagne.com\/es\/wp-json\/wp\/v2\/users\/2"}],"replies":[{"embeddable":true,"href":"https:\/\/tourisme-en-champagne.com\/es\/wp-json\/wp\/v2\/comments?post=20615"}],"version-history":[{"count":2,"href":"https:\/\/tourisme-en-champagne.com\/es\/wp-json\/wp\/v2\/pages\/20615\/revisions"}],"predecessor-version":[{"id":20858,"href":"https:\/\/tourisme-en-champagne.com\/es\/wp-json\/wp\/v2\/pages\/20615\/revisions\/20858"}],"up":[{"embeddable":true,"href":"https:\/\/tourisme-en-champagne.com\/es\/wp-json\/wp\/v2\/pages\/20839"}],"wp:featuredmedia":[{"embeddable":true,"href":"https:\/\/tourisme-en-champagne.com\/es\/wp-json\/wp\/v2\/media\/13231"}],"wp:attachment":[{"href":"https:\/\/tourisme-en-champagne.com\/es\/wp-json\/wp\/v2\/media?parent=20615"}],"curies":[{"name":"wp","href":"https:\/\/api.w.org\/{rel}","templated":true}]}}