{"id":20508,"date":"2025-06-30T14:49:27","date_gmt":"2025-06-30T12:49:27","guid":{"rendered":"https:\/\/tourisme-en-champagne.com\/paseos-por-la-naturaleza-con-los-ninos\/"},"modified":"2026-08-21T01:21:31","modified_gmt":"2026-08-20T23:21:31","slug":"paseos-por-la-naturaleza-con-los-ninos","status":"publish","type":"page","link":"https:\/\/tourisme-en-champagne.com\/es\/paseos-por-la-naturaleza-con-los-ninos\/","title":{"rendered":"Paseos por la naturaleza con los ni\u00f1os"},"content":{"rendered":"\n<section class=\"wp-block-group alignfull pattern-documentary-space has-global-padding is-content-justification-center is-layout-constrained wp-block-group-is-layout-constrained\">\n<div class=\"wp-block-columns is-layout-flex wp-container-core-columns-is-layout-fdcf44e1 wp-block-columns-is-layout-flex\">\n<div class=\"wp-block-column is-layout-flow wp-block-column-is-layout-flow\">\n<p class=\"has-text-align-left wp-block-paragraph\">\u00bfQu\u00e9 mejor manera de que nuestros peque\u00f1os se diviertan, aprendan y sue\u00f1en que al aire libre o visitando un museo? Para un d\u00eda o un fin de semana, \u00bfqu\u00e9 te parece dar a tus salidas un aire de vacaciones? Entre b\u00fasquedas del tesoro, visitas a museos, viajes en el tiempo, cursos de formaci\u00f3n y descubrimientos gastron\u00f3micos&#8230; lo m\u00e1s dif\u00edcil es elegir la actividad, \u00a1pero te ayudamos con esta selecci\u00f3n de paseos al aire libre!  <\/p>\n<\/div>\n<\/div>\n<\/section>\n\n<section class=\"wp-block-group alignfull pattern-patchwork-3-texts-3-images has-global-padding is-layout-constrained wp-block-group-is-layout-constrained\">\n<div class=\"wp-block-columns is-layout-flex wp-container-core-columns-is-layout-63fbf5b9 wp-block-columns-is-layout-flex\">\n<div class=\"wp-block-column col-content is-layout-flow wp-block-column-is-layout-flow\" style=\"flex-basis:66.6%\">\n<h2 class=\"wp-block-heading\"><strong>El sendero Pic Noir<\/strong><\/h2>\n\n\n\n<hr class=\"wp-block-separator has-text-color has-accent-1-color has-alpha-channel-opacity has-accent-1-background-color has-background\"\/>\n\n\n\n<p class=\"wp-block-paragraph\">Creado por el Parc Naturel R\u00e9gional de la montagne de Reims y la Office National des For\u00eats, el Sendero del Pico Negro recorre <strong>2,5 km del<\/strong> magn\u00edfico <strong>bosque de Hautvillers, clasificado como \u00abbosque excepcional\u00bb<\/strong>. Perfecto para un paseo familiar, es f\u00e1cilmente accesible para cochecitos de ni\u00f1os y personas con movilidad reducida. <\/p>\n\n\n\n<p class=\"wp-block-paragraph\">A lo largo del camino, encontrar\u00e1s se\u00f1ales informativas y entretenidas que te ayudar\u00e1n a saber m\u00e1s sobre la flora y la fauna locales.  <a href=\"https:\/\/www.cirkwi.com\/fr\/circuit\/84454-pr-127-le-sentier-du-pic-noir\" data-type=\"link\" data-id=\"https:\/\/www.cirkwi.com\/fr\/circuit\/84454-pr-127-le-sentier-du-pic-noir\" target=\"_blank\" rel=\"noopener\">M\u00e1s informaci\u00f3n<\/a><\/p>\n\n\n\n<h2 class=\"wp-block-heading\"><strong>El camino de los elfos<\/strong><\/h2>\n\n\n\n<hr class=\"wp-block-separator has-text-color has-accent-1-color has-alpha-channel-opacity has-accent-1-background-color has-background\"\/>\n\n\n\n<p class=\"wp-block-paragraph\">Un paseo se\u00f1alizado que parte de Germaine es ideal para familias, especialmente con ni\u00f1os.<\/p>\n\n\n\n<p class=\"wp-block-paragraph\">A lo largo del camino, los ni\u00f1os tienen una misi\u00f3n: \u00a1seguir las peque\u00f1as se\u00f1ales rojas! \u00a1Descubrir\u00e1n un bosque habitado por extra\u00f1os personajes! Estos duendes han dejado extravagantes recuerdos a lo largo del camino.  <\/p>\n\n\n\n<p class=\"wp-block-paragraph\">Para los padres, \u00a1hay un mont\u00f3n de paneles informativos que te ayudar\u00e1n a saber m\u00e1s sobre los sitios que vas a atravesar!  <a href=\"http:\/\/www.facebook.com\/ParcMontagnedeReims\/posts\/2673081229406347\" data-type=\"link\" data-id=\"http:\/\/www.facebook.com\/ParcMontagnedeReims\/posts\/2673081229406347\" target=\"_blank\" rel=\"noopener\">M\u00e1s informaci\u00f3n<\/a><\/p>\n<\/div>\n\n\n\n<div class=\"wp-block-column is-layout-flow wp-block-column-is-layout-flow\">\n<figure class=\"wp-block-image size-full\"><img loading=\"lazy\" decoding=\"async\" width=\"300\" height=\"600\" src=\"https:\/\/tourisme-en-champagne.com\/assets\/uploads\/2025\/06\/germaine.jpg\" alt=\"\" class=\"wp-image-11920\" title=\"\"><\/figure>\n\n\n\n<h2 class=\"wp-block-heading\"><strong>Les Faux de Verzy<\/strong><\/h2>\n\n\n\n<hr class=\"wp-block-separator has-text-color has-accent-1-color has-alpha-channel-opacity has-accent-1-background-color has-background\"\/>\n\n\n\n<p class=\"wp-block-paragraph\">On les croirait tout droit sortis d\u2019un conte de Broc\u00e9liande ! Avec leurs branches sinueuses, tant\u00f4t \u00e9lanc\u00e9s, tant\u00f4t ramass\u00e9s en d\u00f4me, les Faux de Verzy sont les vedettes de la For\u00eat Domaniale de Verzy.<br\/>Il s\u2019agit d\u2019une vari\u00e9t\u00e9 de h\u00eatres tortillards aux troncs noueux tr\u00e8s reconnaissables, v\u00e9ritable \u00e9nigme pour les scientifiques. Il est possible d\u2019agr\u00e9menter votre d\u00e9couverte gr\u00e2ce \u00e0 une application mobile lanc\u00e9e par l&#8217;Office National des For\u00eats (\u00ab En for\u00eat de Verzy \u00bb). A t\u00e9l\u00e9charger avant d\u2019arriver sur place car le r\u00e9seau ne fonctionne pas dans la for\u00eat !\u00a0<a href=\"https:\/\/tourisme-en-champagne.com\/circuits-pedestres-dans-le-pnr\/\" data-type=\"page\" data-id=\"11420\">En savoir +<\/a><\/p>\n\n\n\n<h2 class=\"wp-block-heading\"><strong>El Jard\u00edn H\u00famedo de Chouilly<\/strong><\/h2>\n\n\n\n<hr class=\"wp-block-separator has-text-color has-accent-1-color has-alpha-channel-opacity has-accent-1-background-color has-background\"\/>\n\n\n\n<p class=\"wp-block-paragraph\">Parcourez les 100 m de belv\u00e9d\u00e8re jalonn\u00e9s de panneaux explicatifs, \u00e0 la d\u00e9couverte de la faune et de la flore de ce Jardin Humide. Id\u00e9al pour les enfants et les parents, on peut s&#8217;y promener et prendre son pique-nique.\u00a0<a href=\"https:\/\/tourisme-en-champagne.com\/activite\/le-jardin-humide\/\" data-type=\"activite\" data-id=\"8039\">En savoir +<\/a><\/p>\n\n\n\n<h2 class=\"wp-block-heading\"><strong>El parque Vix de Avize<\/strong><\/h2>\n\n\n\n<hr class=\"wp-block-separator has-text-color has-accent-1-color has-alpha-channel-opacity has-accent-1-background-color has-background\"\/>\n\n\n\n<p class=\"wp-block-paragraph\">L&#8217;entr\u00e9e du parc est marqu\u00e9e par une bouteille monumentale et une coupe. Vous d\u00e9ambulez ensuite le long de trois bassins. La promenade se poursuit le long d&#8217;un sentier botanique ponctu\u00e9 de panneaux \u00e0 th\u00e8mes sur Avize et le paysage. Le Parc offre une vue panoramique sur le vignoble de la C\u00f4te des Blancs et nue aire de pique nique permet aux visiteurs de faire une halte pour grignoter.\u00a0<a href=\"https:\/\/tourisme-en-champagne.com\/activite\/parc-vix\/\" data-type=\"activite\" data-id=\"8078\">En savoir +<\/a><\/p>\n<\/div>\n\n\n\n<div class=\"wp-block-column is-layout-flow wp-block-column-is-layout-flow\">\n<figure class=\"wp-block-image size-full\"><img loading=\"lazy\" decoding=\"async\" width=\"300\" height=\"600\" src=\"https:\/\/tourisme-en-champagne.com\/assets\/uploads\/2025\/06\/halte-pique-niquecgraskin-collcdt-marne-0.jpg\" alt=\"\" class=\"wp-image-11925\" title=\"\"><\/figure>\n\n\n\n<div class=\"wp-block-group col-content has-global-padding is-layout-constrained wp-block-group-is-layout-constrained\">\n<h2 class=\"wp-block-heading\"><strong>Tour du der en bici<\/strong><\/h2>\n\n\n\n<hr class=\"wp-block-separator has-text-color has-accent-1-color has-alpha-channel-opacity has-accent-1-background-color has-background\"\/>\n\n\n\n<p class=\"wp-block-paragraph\">Desde lo alto de los diques, este itinerario revela sucesivamente los paisajes del lago del Der, el bosque con sus robles centenarios y los pueblos del bocage. El paseo est\u00e1 salpicado de \u00e1reas de descanso y picnic, playas y puntos de observaci\u00f3n para admirar la fauna del Der.   <a href=\"https:\/\/www.cirkwi.com\/fr\/circuit\/93706-tour-du-lac-du-der\" target=\"_blank\" rel=\"noreferrer noopener\">M\u00e1s informaci\u00f3n<\/a><\/p>\n\n\n\n<h2 class=\"wp-block-heading\"><strong>Le parc du sourdon<\/strong><\/h2>\n\n\n\n<hr class=\"wp-block-separator has-text-color has-accent-1-color has-alpha-channel-opacity has-accent-1-background-color has-background\"\/>\n\n\n\n<p class=\"wp-block-paragraph\">C&#8217;est l\u2019un des rares jardins \u00e0 l\u2019anglaise de la Marne. Le parc est travers\u00e9 par \u201cle Sourdon\u201d, le ruisseau qui y prend sa source, avant de se jeter dans le Cubry, plus bas dans le village. De ce jardin romantique \u00e9mergent de nombreuses sources capt\u00e9es dans des grottes artificielles : rochers, cascades\u2026 Des am\u00e9nagements pour le pique-nique et quelques jeux pour enfants sont propos\u00e9s. <a href=\"https:\/\/tourisme-en-champagne.com\/activite\/le-parc-du-sourdon\/\" target=\"_blank\" data-type=\"activite\" data-id=\"8058\" rel=\"noreferrer noopener\">En savoir +<\/a><br\/><\/p>\n\n\n\n<figure class=\"wp-block-image size-full\"><img loading=\"lazy\" decoding=\"async\" width=\"300\" height=\"300\" src=\"https:\/\/tourisme-en-champagne.com\/assets\/uploads\/2025\/06\/lac-du-dercp-bourguignon-coll-adt-marne19-0.jpg\" alt=\"\" class=\"wp-image-11930\" title=\"\"><\/figure>\n<\/div>\n<\/div>\n<\/div>\n<\/section>\n\n<section class=\"wp-block-group alignfull pattern-playlist-grid has-global-padding is-layout-constrained wp-block-group-is-layout-constrained\" style=\"padding-top:0;padding-bottom:var(--wp--preset--spacing--xx-large)\">\n<h2 class=\"wp-block-heading has-text-align-center\"><strong>M\u00e1s descubrimientos<\/strong><\/h2>\n\n\n\n<hr class=\"wp-block-separator has-text-color has-accent-3-color has-alpha-channel-opacity has-accent-3-background-color has-background\"\/>\n\n\n\n<p class=\"has-text-align-center wp-block-paragraph\">Puedes encontrar muchas m\u00e1s ideas de excursiones y descubrimientos en familia en nuestra secci\u00f3n <a href=\"https:\/\/www.tourisme-en-champagne.com\/activites-sportives-et-de-loisirs#path=tags\/En+famille\">Ocio +<\/a>.<br\/><\/p>\n\n\n\t\t\t<div class=\"fsgb-block-playlist playlist-grid is-style-grid\"  style=\"margin-top:var(--wp--preset--spacing--x-large);\">\n\t\t\t\t\n\t\t\t\n\t\t\t<div class=\"swiper swiperPlaylistGrid\">\n\n\t\t\t\t<div class=\"swiper-wrapper posts-count-4\">\n\t\t\t\t\t\t\t\t\t\t\t\t\t\t\t\t\t<div class=\"swiper-slide \">\n\t\t\t\t\t\t\t\n<article class=\"card card--activite stretched-link\" data-id=\"30346\" data-post-id-sync-map=\"30346\" >\n\t\n\t\t\n\t\t\t\t<div class=\"card__thumbnail has-middleground-background-color stack\">\n\t\t\t<img decoding=\"async\" width=\"2048\" src=\"https:\/\/cdt51.media.tourinsoft.eu\/upload\/Ranch-du-Moulin-Saint-Martin---Montmirail--3-.jpg\" class=\"attachment- size-\" alt=\"Ranch du Moulin Saint Martin\" srcset=\"https:\/\/cdt51.media.tourinsoft.eu\/upload\/Ranch-du-Moulin-Saint-Martin---Montmirail--3-.jpg?width=400 400w, https:\/\/cdt51.media.tourinsoft.eu\/upload\/Ranch-du-Moulin-Saint-Martin---Montmirail--3-.jpg?width=640 640w, https:\/\/cdt51.media.tourinsoft.eu\/upload\/Ranch-du-Moulin-Saint-Martin---Montmirail--3-.jpg?width=768 768w, https:\/\/cdt51.media.tourinsoft.eu\/upload\/Ranch-du-Moulin-Saint-Martin---Montmirail--3-.jpg?width=1280 1280w, https:\/\/cdt51.media.tourinsoft.eu\/upload\/Ranch-du-Moulin-Saint-Martin---Montmirail--3-.jpg?width=1536&amp;height=1536 1536w, https:\/\/cdt51.media.tourinsoft.eu\/upload\/Ranch-du-Moulin-Saint-Martin---Montmirail--3-.jpg?width=2048&amp;height=2048 2048w\" sizes=\"(max-width: 2048px) 100vw, 2048px\" title=\"\">\t\t<\/div>\n\t\n\t\t<div class=\"card__content\">\n\t\t\t\n\t\t\t\t\t\t\t\t\t\n\t\t\t\t\t\t\t\t\t\n\t\t\t\t\t\t<h3 class=\"title wp-block-heading is-style-h3\">\n\t\t\t\t<a href=\"https:\/\/tourisme-en-champagne.com\/es\/activite\/ranch-du-moulin-saint-martin\/\" target=\"_blank\">Ranch du Moulin Saint Martin<\/a>\t\t\t\t\t\t\t<\/h3>\n\t\t\t\n\t\t\t\t\t\t\t\t\t\n\t\t\t\t\t\t<div class=\"underlined\"><\/div>\n\t\t\n\t\t\t\t\t\t\t\t\t\t<div class=\"location\">\n\t\t\t\t\tMontmirail\t\t\t\t<\/div>\n\t\t\t\t\t\t\n\t\t\t\t\t\t\t\t\t\n\t\t\t\t\t\t\t\t\t\n\t\t\t\t\t\t\t\t\t\n\t\t\t\t\t\t\t\t\t\t<div class=\"descriptif\">Esta granja educativa tiene como objetivo descubrir la vida animal, la naturaleza y la comunidad &#8230;<\/div>\n\t\t\t\t\n\t\t\t\t\t\t\t\t\t\t\t\t\t\t\t\t\n\t\t\t\t\t\t\t\t\t\t<div class=\"wp-block-button\">\n\t\t\t\t\t<a class=\"wp-element-button rounded\" href=\"https:\/\/tourisme-en-champagne.com\/es\/activite\/ranch-du-moulin-saint-martin\/\" target=\"_blank\" aria-label=\"Saber m\u00e1s sobre Ranch du Moulin Saint Martin\">M\u00e1s informaci\u00f3n<\/a>\n\t\t\t\t<\/div>\n\t\t\t \n\t\t<\/div>\n\t\t\n\n\t\t<\/article>\n\n\t\t\t\t\t\t<\/div>\n\t\t\t\t\t\t\t\t\t\t\t\t\t\t\t\t\t<div class=\"swiper-slide \">\n\t\t\t\t\t\t\t\n<article class=\"card card--activite stretched-link\" data-id=\"30227\" data-post-id-sync-map=\"30227\" >\n\t\n\t\t\n\t\t\t\t<div class=\"card__thumbnail has-middleground-background-color stack\">\n\t\t\t<img decoding=\"async\" width=\"2048\" src=\"https:\/\/cdt51.media.tourinsoft.eu\/upload\/La-Ferme-aux-oiseaux-exotiques.jpg\" class=\"attachment- size-\" alt=\"La Ferme aux oiseaux exotiques\" srcset=\"https:\/\/cdt51.media.tourinsoft.eu\/upload\/La-Ferme-aux-oiseaux-exotiques.jpg?width=400 400w, https:\/\/cdt51.media.tourinsoft.eu\/upload\/La-Ferme-aux-oiseaux-exotiques.jpg?width=640 640w, https:\/\/cdt51.media.tourinsoft.eu\/upload\/La-Ferme-aux-oiseaux-exotiques.jpg?width=768 768w, https:\/\/cdt51.media.tourinsoft.eu\/upload\/La-Ferme-aux-oiseaux-exotiques.jpg?width=1280 1280w, https:\/\/cdt51.media.tourinsoft.eu\/upload\/La-Ferme-aux-oiseaux-exotiques.jpg?width=1536&amp;height=1536 1536w, https:\/\/cdt51.media.tourinsoft.eu\/upload\/La-Ferme-aux-oiseaux-exotiques.jpg?width=2048&amp;height=2048 2048w\" sizes=\"(max-width: 2048px) 100vw, 2048px\" title=\"\">\t\t<\/div>\n\t\n\t\t<div class=\"card__content\">\n\t\t\t\n\t\t\t\t\t\t\t\t\t\n\t\t\t\t\t\t\t\t\t\n\t\t\t\t\t\t<h3 class=\"title wp-block-heading is-style-h3\">\n\t\t\t\t<a href=\"https:\/\/tourisme-en-champagne.com\/es\/activite\/la-ferme-aux-oiseaux-exotiques\/\" target=\"_blank\">La Ferme aux oiseaux exotiques<\/a>\t\t\t\t\t\t\t<\/h3>\n\t\t\t\n\t\t\t\t\t\t\t\t\t\n\t\t\t\t\t\t<div class=\"underlined\"><\/div>\n\t\t\n\t\t\t\t\t\t\t\t\t\t<div class=\"location\">\n\t\t\t\t\tAthis\t\t\t\t<\/div>\n\t\t\t\t\t\t\n\t\t\t\t\t\t\t\t\t\n\t\t\t\t\t\t\t\t\t\n\t\t\t\t\t\t\t\t\t\n\t\t\t\t\t\t\t\t\t\t<div class=\"descriptif\">Esta antigua posada acoge alrededor de 400 aves ex\u00f3ticas con colores brillantes y exposiciones ex&#8230;<\/div>\n\t\t\t\t\n\t\t\t\t\t\t\t\t\t\t\t\t\t\t\t\t\n\t\t\t\t\t\t\t\t\t\t<div class=\"wp-block-button\">\n\t\t\t\t\t<a class=\"wp-element-button rounded\" href=\"https:\/\/tourisme-en-champagne.com\/es\/activite\/la-ferme-aux-oiseaux-exotiques\/\" target=\"_blank\" aria-label=\"Saber m\u00e1s sobre La Ferme aux oiseaux exotiques\">M\u00e1s informaci\u00f3n<\/a>\n\t\t\t\t<\/div>\n\t\t\t \n\t\t<\/div>\n\t\t\n\n\t\t<\/article>\n\n\t\t\t\t\t\t<\/div>\n\t\t\t\t\t\t\t\t\t\t\t\t\t\t\t\t\t<div class=\"swiper-slide \">\n\t\t\t\t\t\t\t\n<article class=\"card card--activite stretched-link\" data-id=\"30328\" data-post-id-sync-map=\"30328\" >\n\t\n\t\t\n\t\t\t\t<div class=\"card__thumbnail has-middleground-background-color stack\">\n\t\t\t<img decoding=\"async\" width=\"2048\" src=\"https:\/\/cdt51.media.tourinsoft.eu\/upload\/chevre4.jpg\" class=\"attachment- size-\" alt=\"Ch\u00e8vrerie de Nesle la Reposte\" srcset=\"https:\/\/cdt51.media.tourinsoft.eu\/upload\/chevre4.jpg?width=400 400w, https:\/\/cdt51.media.tourinsoft.eu\/upload\/chevre4.jpg?width=640 640w, https:\/\/cdt51.media.tourinsoft.eu\/upload\/chevre4.jpg?width=768 768w, https:\/\/cdt51.media.tourinsoft.eu\/upload\/chevre4.jpg?width=1280 1280w, https:\/\/cdt51.media.tourinsoft.eu\/upload\/chevre4.jpg?width=1536&amp;height=1536 1536w, https:\/\/cdt51.media.tourinsoft.eu\/upload\/chevre4.jpg?width=2048&amp;height=2048 2048w\" sizes=\"(max-width: 2048px) 100vw, 2048px\" title=\"\">\t\t<\/div>\n\t\n\t\t<div class=\"card__content\">\n\t\t\t\n\t\t\t\t\t\t\t\t\t\n\t\t\t\t\t\t\t\t\t\n\t\t\t\t\t\t<h3 class=\"title wp-block-heading is-style-h3\">\n\t\t\t\t<a href=\"https:\/\/tourisme-en-champagne.com\/es\/activite\/chevrerie-de-nesle-la-reposte\/\" target=\"_blank\">Ch\u00e8vrerie de Nesle la Reposte<\/a>\t\t\t\t\t\t\t<\/h3>\n\t\t\t\n\t\t\t\t\t\t\t\t\t\n\t\t\t\t\t\t<div class=\"underlined\"><\/div>\n\t\t\n\t\t\t\t\t\t\t\t\t\t<div class=\"location\">\n\t\t\t\t\tNesle-La-Reposte\t\t\t\t<\/div>\n\t\t\t\t\t\t\n\t\t\t\t\t\t\t\t\t\n\t\t\t\t\t\t\t\t\t\n\t\t\t\t\t\t\t\t\t\n\t\t\t\t\t\t\t\t\t\t<div class=\"descriptif\">Ven a descubrir con sus amigos los peque\u00f1os placeres de la cabra y la familia!\r\rUn centenar de ca&#8230;<\/div>\n\t\t\t\t\n\t\t\t\t\t\t\t\t\t\t\t\t\t\t\t\t\n\t\t\t\t\t\t\t\t\t\t<div class=\"wp-block-button\">\n\t\t\t\t\t<a class=\"wp-element-button rounded\" href=\"https:\/\/tourisme-en-champagne.com\/es\/activite\/chevrerie-de-nesle-la-reposte\/\" target=\"_blank\" aria-label=\"Saber m\u00e1s sobre Ch\u00e8vrerie de Nesle la Reposte\">M\u00e1s informaci\u00f3n<\/a>\n\t\t\t\t<\/div>\n\t\t\t \n\t\t<\/div>\n\t\t\n\n\t\t<\/article>\n\n\t\t\t\t\t\t<\/div>\n\t\t\t\t\t\t\t\t\t\t\t\t\t\t\t\t\t<div class=\"swiper-slide \">\n\t\t\t\t\t\t\t\n<article class=\"card card--activite stretched-link\" data-id=\"30423\" data-post-id-sync-map=\"30423\" >\n\t\n\t\t\n\t\t\t\t<div class=\"card__thumbnail has-middleground-background-color stack\">\n\t\t\t<img decoding=\"async\" width=\"2048\" src=\"https:\/\/cdt51.media.tourinsoft.eu\/upload\/IMG-20220709-113638-Celine-VARINI-OTGR--13-.jpg\" class=\"attachment- size-\" alt=\"La ferme p\u00e9dagogique des Iriselles\" srcset=\"https:\/\/cdt51.media.tourinsoft.eu\/upload\/IMG-20220709-113638-Celine-VARINI-OTGR--13-.jpg?width=400 400w, https:\/\/cdt51.media.tourinsoft.eu\/upload\/IMG-20220709-113638-Celine-VARINI-OTGR--13-.jpg?width=640 640w, https:\/\/cdt51.media.tourinsoft.eu\/upload\/IMG-20220709-113638-Celine-VARINI-OTGR--13-.jpg?width=768 768w, https:\/\/cdt51.media.tourinsoft.eu\/upload\/IMG-20220709-113638-Celine-VARINI-OTGR--13-.jpg?width=1280 1280w, https:\/\/cdt51.media.tourinsoft.eu\/upload\/IMG-20220709-113638-Celine-VARINI-OTGR--13-.jpg?width=1536&amp;height=1536 1536w, https:\/\/cdt51.media.tourinsoft.eu\/upload\/IMG-20220709-113638-Celine-VARINI-OTGR--13-.jpg?width=2048&amp;height=2048 2048w\" sizes=\"(max-width: 2048px) 100vw, 2048px\" title=\"\">\t\t<\/div>\n\t\n\t\t<div class=\"card__content\">\n\t\t\t\n\t\t\t\t\t\t\t\t\t\n\t\t\t\t\t\t\t\t\t\n\t\t\t\t\t\t<h3 class=\"title wp-block-heading is-style-h3\">\n\t\t\t\t<a href=\"https:\/\/tourisme-en-champagne.com\/es\/activite\/la-ferme-pedagogique-des-iriselles\/\" target=\"_blank\">La ferme p\u00e9dagogique des Iriselles<\/a>\t\t\t\t\t\t\t<\/h3>\n\t\t\t\n\t\t\t\t\t\t\t\t\t\n\t\t\t\t\t\t<div class=\"underlined\"><\/div>\n\t\t\n\t\t\t\t\t\t\t\t\t\t<div class=\"location\">\n\t\t\t\t\tJonchery-Sur-Vesle\t\t\t\t<\/div>\n\t\t\t\t\t\t\n\t\t\t\t\t\t\t\t\t\n\t\t\t\t\t\t\t\t\t\n\t\t\t\t\t\t\t\t\t\n\t\t\t\t\t\t\t\n\t\t\t\t\t\t\t\t\t\t\t\t\t\t\t\t\n\t\t\t\t\t\t\t\t\t\t<div class=\"wp-block-button\">\n\t\t\t\t\t<a class=\"wp-element-button rounded\" href=\"https:\/\/tourisme-en-champagne.com\/es\/activite\/la-ferme-pedagogique-des-iriselles\/\" target=\"_blank\" aria-label=\"Saber m\u00e1s sobre La ferme p\u00e9dagogique des Iriselles\">M\u00e1s informaci\u00f3n<\/a>\n\t\t\t\t<\/div>\n\t\t\t \n\t\t<\/div>\n\t\t\n\n\t\t<\/article>\n\n\t\t\t\t\t\t<\/div>\n\t\t\t\t\t\t\t\t\t\t\t\t\t\t<\/div>\n\t\t\t\t\n\t\t\t\t<div class=\"swiper-buttons\">\n\t\t\t\t\t<div class=\"swiper-button-prev\"><\/div>\n\t\t\t\t\t<div class=\"swiper-button-next\"><\/div>\n\t\t\t\t<\/div>\n\t\t\t<\/div>\n\t\t<\/div>\n\t\n<\/section>\n","protected":false},"excerpt":{"rendered":"<p>\u00bfQu\u00e9 mejor manera de que nuestros peque\u00f1os se diviertan, aprendan y sue\u00f1en que al aire libre o visitando un museo? Para un d\u00eda o un fin de semana, \u00bfqu\u00e9 te parece dar a tus salidas un aire de vacaciones? Entre b\u00fasquedas del tesoro, visitas a museos, viajes en el tiempo, cursos de formaci\u00f3n y descubrimientos [&hellip;]<\/p>\n","protected":false},"author":2,"featured_media":11919,"parent":0,"menu_order":0,"comment_status":"closed","ping_status":"closed","template":"templates\/experience.php","meta":{"_acf_changed":false,"footnotes":"","_links_to":"","_links_to_target":""},"class_list":["post-20508","page","type-page","status-publish","has-post-thumbnail","hentry"],"acf":[],"_links":{"self":[{"href":"https:\/\/tourisme-en-champagne.com\/es\/wp-json\/wp\/v2\/pages\/20508","targetHints":{"allow":["GET"]}}],"collection":[{"href":"https:\/\/tourisme-en-champagne.com\/es\/wp-json\/wp\/v2\/pages"}],"about":[{"href":"https:\/\/tourisme-en-champagne.com\/es\/wp-json\/wp\/v2\/types\/page"}],"author":[{"embeddable":true,"href":"https:\/\/tourisme-en-champagne.com\/es\/wp-json\/wp\/v2\/users\/2"}],"replies":[{"embeddable":true,"href":"https:\/\/tourisme-en-champagne.com\/es\/wp-json\/wp\/v2\/comments?post=20508"}],"version-history":[{"count":3,"href":"https:\/\/tourisme-en-champagne.com\/es\/wp-json\/wp\/v2\/pages\/20508\/revisions"}],"predecessor-version":[{"id":30753,"href":"https:\/\/tourisme-en-champagne.com\/es\/wp-json\/wp\/v2\/pages\/20508\/revisions\/30753"}],"wp:featuredmedia":[{"embeddable":true,"href":"https:\/\/tourisme-en-champagne.com\/es\/wp-json\/wp\/v2\/media\/11919"}],"wp:attachment":[{"href":"https:\/\/tourisme-en-champagne.com\/es\/wp-json\/wp\/v2\/media?parent=20508"}],"curies":[{"name":"wp","href":"https:\/\/api.w.org\/{rel}","templated":true}]}}