{"id":20464,"date":"2025-06-30T10:12:11","date_gmt":"2025-06-30T08:12:11","guid":{"rendered":"https:\/\/tourisme-en-champagne.com\/champan-y-unesco\/"},"modified":"2025-11-27T16:03:11","modified_gmt":"2025-11-27T15:03:11","slug":"champan-y-unesco","status":"publish","type":"page","link":"https:\/\/tourisme-en-champagne.com\/es\/champan-y-unesco\/","title":{"rendered":"Champ\u00e1n y Unesco"},"content":{"rendered":"\n<section class=\"wp-block-group alignfull pattern-documentary-space has-global-padding is-content-justification-center is-layout-constrained wp-block-group-is-layout-constrained\">\n<div class=\"wp-block-columns is-layout-flex wp-container-core-columns-is-layout-fdcf44e1 wp-block-columns-is-layout-flex\">\n<div class=\"wp-block-column is-layout-flow wp-block-column-is-layout-flow\">\n<h2 class=\"wp-block-heading\"><strong>Patrimonio de la Humanidad de la UNESCO<\/strong><\/h2>\n\n\n\n<hr class=\"wp-block-separator has-text-color has-accent-2-color has-alpha-channel-opacity has-accent-2-background-color has-background\"\/>\n\n\n\n<p class=\"has-text-align-left wp-block-paragraph\">Para ser incluidos en la Lista del Patrimonio Mundial, los sitios deben tener un valor universal excepcional. Este estatus, verdadera marca de excelencia, es motivo de gran orgullo para los sitios naturales y culturales. <\/p>\n\n\n\n<p class=\"has-text-align-left wp-block-paragraph\">Con sus diversos paisajes y su patrimonio hist\u00f3rico \u00fanico, Francia es uno de los pa\u00edses con m\u00e1s lugares en esta lista.<\/p>\n<\/div>\n<\/div>\n<\/section>\n\n<section class=\"wp-block-group alignfull pattern-patchwork-3-texts-3-images has-global-padding is-layout-constrained wp-block-group-is-layout-constrained\">\n<div class=\"wp-block-columns is-layout-flex wp-container-core-columns-is-layout-63fbf5b9 wp-block-columns-is-layout-flex\">\n<div class=\"wp-block-column col-content is-layout-flow wp-block-column-is-layout-flow\" style=\"flex-basis:66.6%\">\n<h3 class=\"wp-block-heading has-accent-2-color has-text-color has-link-color wp-elements-3108a4a20506cc69075b17ea22877d9d\">VI\u00d1EDOS, CASAS Y BODEGAS DE CHAMP\u00c1N<\/h3>\n\n\n\n<p class=\"wp-block-paragraph\">El registro de los <strong>Coteaux, Maisons et Caves de Champagne <\/strong>en julio de 2015 es la verdadera expresi\u00f3n de la acci\u00f3n del hombre y la naturaleza.  <\/p>\n\n\n\n<p class=\"wp-block-paragraph\">\u00a1Esta misma alquimia ha hecho surgir un vino de excelencia, reconocido como s\u00edmbolo universal de celebraci\u00f3n, reconciliaci\u00f3n y fiesta!<\/p>\n<\/div>\n\n\n\n<div class=\"wp-block-column is-layout-flow wp-block-column-is-layout-flow\">\n<figure class=\"wp-block-image size-full\"><img loading=\"lazy\" decoding=\"async\" width=\"300\" height=\"600\" src=\"https:\/\/tourisme-en-champagne.com\/assets\/uploads\/2025\/06\/sortie-velo-cyclo-verzenaycc-manquillet-coll-adt-marne13.jpg\" alt=\"\" class=\"wp-image-11864\" title=\"\"><\/figure>\n\n\n\n<h3 class=\"wp-block-heading has-accent-2-color has-text-color has-link-color wp-elements-4355b0971906b688afaecb8a3b6fa105\"><strong><strong>SITIOS CULTURALES<\/strong><\/strong><\/h3>\n\n\n\n<p class=\"wp-block-paragraph\">Te esperan tesoros patrimoniales que tambi\u00e9n han sido catalogados:<\/p>\n\n\n\n<p class=\"wp-block-paragraph\">&gt;  El Camino de Santiago, con paradas en la Colegiata y Museo del Claustro de <strong>Notre-Dame-en-Vaux<\/strong> en Ch\u00e2lons-en-Champagne y en la <strong>Bas\u00edlica de Notre-Dame de l&#8217;\u00c9pine<\/strong>.<\/p>\n\n\n\n<p class=\"wp-block-paragraph\">&gt;<strong> <\/strong>La <strong>Catedral de Notre-Dame, el Palacio del Tau y el<\/strong> complejo <strong>Ancienne Abbaye Saint-Remi<\/strong> de Reims.<\/p>\n\n\n\n<p class=\"wp-block-paragraph\">&gt;  <strong>12 lugares conmemorativos de la Gran Guerra<\/strong>: Memorial de la Batalla del Marne en Dormans, Cementerio Militar y Capilla Rusa, Osario de Navarin, Cementerio y Capilla de Mondement&#8230;<\/p>\n\n\n\n<div class=\"wp-block-buttons is-layout-flex wp-block-buttons-is-layout-flex\">\n<div class=\"wp-block-button\"><a class=\"wp-block-button__link wp-element-button\" href=\"https:\/\/tourisme-en-champagne.com\/activites-visites\/culture-patrimoine\/marne14-18\/\">M\u00e1s informaci\u00f3n<\/a><\/div>\n<\/div>\n<\/div>\n\n\n\n<div class=\"wp-block-column is-layout-flow wp-block-column-is-layout-flow\">\n<figure class=\"wp-block-image size-full\"><img loading=\"lazy\" decoding=\"async\" width=\"300\" height=\"600\" src=\"https:\/\/tourisme-en-champagne.com\/assets\/uploads\/2025\/06\/illumination-cathedrale-reimscjchanche-ville-de-reims-14.jpg\" alt=\"\" class=\"wp-image-11849\" title=\"\"><\/figure>\n\n\n\n<div class=\"wp-block-group col-content has-global-padding is-layout-constrained wp-block-group-is-layout-constrained\">\n<p class=\"wp-block-paragraph\">Destaca los lugares representativos de la regi\u00f3n vin\u00edcola de Champa\u00f1a:<\/p>\n\n\n\n<p class=\"wp-block-paragraph\">&gt; Las laderas del valle del Marne desde Cumi\u00e8res, pasando por Hautvillers, hasta Mareuil-sur-A\u00ff,<\/p>\n\n\n\n<p class=\"wp-block-paragraph\">&gt; La colina de Saint-Nicaise (y el patrimonio de las fosas de tiza) en Reims<\/p>\n\n\n\n<p class=\"wp-block-paragraph\">&gt; Avenida de Champagne en Epernay.<\/p>\n\n\n\n<div class=\"wp-block-buttons is-layout-flex wp-block-buttons-is-layout-flex\">\n<div class=\"wp-block-button\"><a class=\"wp-block-button__link wp-element-button\" href=\"http:\/\/www.paysagesduchampagne.fr\/\" target=\"_blank\" rel=\"noopener\">M\u00e1s informaci\u00f3n<\/a><\/div>\n<\/div>\n\n\n\n<figure class=\"wp-block-image size-full\"><img loading=\"lazy\" decoding=\"async\" width=\"300\" height=\"300\" src=\"https:\/\/tourisme-en-champagne.com\/assets\/uploads\/2025\/06\/notre-dame-en-vaux-chalons-en-champagnecteddy-picaude.jpg\" alt=\"\" class=\"wp-image-11859\" title=\"\"><\/figure>\n<\/div>\n<\/div>\n<\/div>\n<\/section>\n\n<section style=\"background-image:url(&apos;https:\/\/tourisme-en-champagne.com\/assets\/uploads\/2025\/06\/mareuil-sur-aycwwwmkb-photos-coll-adt-marne.jpg&apos;);background-position:50% 50%;background-size:cover;background-attachment:scroll;\" class=\"wp-block-group alignfull pattern-text-50-right-background has-base-color has-text-color has-link-color wp-elements-e4e7c15164230877591ab87e4b02438c has-global-padding is-layout-constrained wp-block-group-is-layout-constrained has-background\">\n<div class=\"wp-block-columns is-layout-flex wp-container-core-columns-is-layout-fdcf44e1 wp-block-columns-is-layout-flex\">\n<div class=\"wp-block-column is-layout-flow wp-block-column-is-layout-flow\"><\/div>\n\n\n\n<div class=\"wp-block-column is-layout-flow wp-block-column-is-layout-flow\">\n<h2 class=\"wp-block-heading\"><strong>Coteaux, Maisons et Caves de Champagne Patrimonio de la Humanidad<\/strong><\/h2>\n\n\n\n<hr class=\"wp-block-separator has-text-color has-base-color has-alpha-channel-opacity has-base-background-color has-background\"\/>\n\n\n\n<p class=\"wp-block-paragraph\">Los Coteaux, Maisons et Caves de Champagne figuran en la Lista del Patrimonio Mundial de la UNESCO en la categor\u00eda de \u00abpaisajes culturales\u00bb.<\/p>\n\n\n\n<p class=\"wp-block-paragraph\">Los tres lugares que componen la Propiedad Registrada encarnan el terru\u00f1o de Champa\u00f1a y combinan las funciones de entorno vital, entorno de trabajo y escaparate del saber hacer tradicional. Son la cuna del m\u00e9todo de elaboraci\u00f3n de vinos espumosos de referencia. Producto de excelencia, el Champagne est\u00e1 reconocido como s\u00edmbolo universal de celebraci\u00f3n, reconciliaci\u00f3n y fiesta.  <\/p>\n<\/div>\n<\/div>\n<\/section>\n\n<section class=\"wp-block-group alignfull pattern-citation has-middleground-background-color has-background has-global-padding is-layout-constrained wp-block-group-is-layout-constrained\" style=\"margin-top:0;padding-top:var(--wp--preset--spacing--xx-large);padding-bottom:var(--wp--preset--spacing--xx-large)\">\n<div class=\"wp-block-columns is-layout-flex wp-container-core-columns-is-layout-fdcf44e1 wp-block-columns-is-layout-flex\">\n<div class=\"wp-block-column is-layout-flow wp-block-column-is-layout-flow\">\n<p class=\"wp-block-paragraph\"><strong><em>CON ESTA INSCRIPCI\u00d3N, LA UNESCO PONE DE RELIEVE  <\/em><\/strong><\/p>\n\n\n\n<p class=\"wp-block-paragraph\"><strong><em>\u00abLA IMAGEN SIMB\u00d3LICA \u00daNICA DEL CHAMP\u00c1N COMO S\u00cdMBOLO DEL ARTE DE VIVIR FRANC\u00c9S\u00bb.<\/em><\/strong><\/p>\n<\/div>\n<\/div>\n<\/section>\n\n<section class=\"wp-block-group alignfull pattern-documentary-space has-base-background-color has-background has-global-padding is-content-justification-center is-layout-constrained wp-block-group-is-layout-constrained\">\n<div class=\"wp-block-columns is-layout-flex wp-container-core-columns-is-layout-fdcf44e1 wp-block-columns-is-layout-flex\">\n<div class=\"wp-block-column is-layout-flow wp-block-column-is-layout-flow\">\n<h2 class=\"wp-block-heading\"><strong>Los 3 conjuntos<\/strong><\/h2>\n\n\n\n<hr class=\"wp-block-separator has-text-color has-accent-3-color has-alpha-channel-opacity has-accent-3-background-color has-background\"\/>\n\n\n\n<ul class=\"wp-block-list\">\n<li>Las <strong>laderas vit\u00edcolas del valle del Marne<\/strong>, entre Hautvillers y Mareuil-sur A\u00ff, donde podr\u00e1s ver los essors (chimeneas de ventilaci\u00f3n de las bodegas), los loges (casitas utilizadas como refugio por los viticultores) y los mojones grabados que indican los l\u00edmites entre las parcelas de vi\u00f1as.<br\/> <\/li>\n\n\n\n<li>Los 370 pozos de tiza y los 25 kil\u00f3metros de bodegas bajo la colina Saint-Nicaise de Reims, antiguos pozos de extracci\u00f3n de tiza donde se conservan decenas de millones de botellas a la temperatura adecuada&#8230;<br\/> <\/li>\n\n\n\n<li>La<strong>Avenida de Champagne<\/strong> en Epernay (bajo la cual se encuentran 110 kil\u00f3metros de bodegas). Esta v\u00eda centenaria est\u00e1 flanqueada por algunas de las mejores mansiones privadas (ch\u00e2teaux) de Champa\u00f1a, construidas por comerciantes de vino en el siglo XIX. <\/li>\n<\/ul>\n<\/div>\n<\/div>\n<\/section>\n\n<section class=\"wp-block-group alignfull pattern-playlist-grid has-global-padding is-layout-constrained wp-block-group-is-layout-constrained\" style=\"padding-top:0;padding-bottom:var(--wp--preset--spacing--xx-large)\">\n<h2 class=\"wp-block-heading has-text-align-center\"><strong>Tesoros del patrimonio<\/strong><\/h2>\n\n\n\n<hr class=\"wp-block-separator has-text-color has-accent-3-color has-alpha-channel-opacity has-accent-3-background-color has-background\"\/>\n\n\n\n<p class=\"has-text-align-center wp-block-paragraph\">\u00a1Descubre estos tesoros de valor incalculable visitando los lugares declarados Patrimonio de la Humanidad por la UNESCO!<\/p>\n\n\n\t\t\t<div class=\"fsgb-block-playlist playlist-grid is-style-grid\"  style=\"margin-top:var(--wp--preset--spacing--x-large);\">\n\t\t\t\t\n\t\t\t\n\t\t\t<div class=\"swiper swiperPlaylistGrid\">\n\n\t\t\t\t<div class=\"swiper-wrapper posts-count-3\">\n\t\t\t\t\t\t\t\t\t\t\t\t\t\t\t\t\t<div class=\"swiper-slide \">\n\t\t\t\t\t\t\t\n<article class=\"card card--activite stretched-link\" data-id=\"30690\" data-post-id-sync-map=\"30690\" >\n\t\n\t\t\n\t\t\t\t<div class=\"card__thumbnail has-middleground-background-color stack\">\n\t\t\t<img decoding=\"async\" width=\"2048\" src=\"https:\/\/cdt51.media.tourinsoft.eu\/upload\/PNRMR-Abbaye15-Hautvillers-2015.JPG\" class=\"attachment- size-\" alt=\"Coteaux historiques de Champagne\" srcset=\"https:\/\/cdt51.media.tourinsoft.eu\/upload\/PNRMR-Abbaye15-Hautvillers-2015.JPG?width=400 400w, https:\/\/cdt51.media.tourinsoft.eu\/upload\/PNRMR-Abbaye15-Hautvillers-2015.JPG?width=640 640w, https:\/\/cdt51.media.tourinsoft.eu\/upload\/PNRMR-Abbaye15-Hautvillers-2015.JPG?width=768 768w, https:\/\/cdt51.media.tourinsoft.eu\/upload\/PNRMR-Abbaye15-Hautvillers-2015.JPG?width=1280 1280w, https:\/\/cdt51.media.tourinsoft.eu\/upload\/PNRMR-Abbaye15-Hautvillers-2015.JPG?width=1536&amp;height=1536 1536w, https:\/\/cdt51.media.tourinsoft.eu\/upload\/PNRMR-Abbaye15-Hautvillers-2015.JPG?width=2048&amp;height=2048 2048w\" sizes=\"(max-width: 2048px) 100vw, 2048px\" title=\"\">\t\t<\/div>\n\t\n\t\t<div class=\"card__content\">\n\t\t\t\n\t\t\t\t\t\t\t\t\t\n\t\t\t\t\t\t\t\t\t\n\t\t\t\t\t\t<h3 class=\"title wp-block-heading is-style-h3\">\n\t\t\t\t<a href=\"https:\/\/tourisme-en-champagne.com\/es\/activite\/coteaux-historiques-de-champagne\/\" target=\"_blank\">Coteaux historiques de Champagne<\/a>\t\t\t\t\t\t\t<\/h3>\n\t\t\t\n\t\t\t\t\t\t\t\t\t\n\t\t\t\t\t\t<div class=\"underlined\"><\/div>\n\t\t\n\t\t\t\t\t\t\t\t\t\t<div class=\"location\">\n\t\t\t\t\tHautvillers\t\t\t\t<\/div>\n\t\t\t\t\t\t\n\t\t\t\t\t\t\t\t\t\n\t\t\t\t\t\t\t\t\t\n\t\t\t\t\t\t\t\t\t\n\t\t\t\t\t\t\t\t\t\t<div class=\"descriptif\">En el coraz\u00f3n de la zona de Champagne de desarrollo, as\u00ed \u00abCoteaux, casas y bodegas de Champagne\u00bb &#8230;<\/div>\n\t\t\t\t\n\t\t\t\t\t\t\t\t\t\t\t\t\t\t\t\t\n\t\t\t\t\t\t\t\t\t\t<div class=\"wp-block-button\">\n\t\t\t\t\t<a class=\"wp-element-button rounded\" href=\"https:\/\/tourisme-en-champagne.com\/es\/activite\/coteaux-historiques-de-champagne\/\" target=\"_blank\" aria-label=\"Saber m\u00e1s sobre Coteaux historiques de Champagne\">M\u00e1s informaci\u00f3n<\/a>\n\t\t\t\t<\/div>\n\t\t\t \n\t\t<\/div>\n\t\t\n\n\t\t<\/article>\n\n\t\t\t\t\t\t<\/div>\n\t\t\t\t\t\t\t\t\t\t\t\t\t\t\t\t\t<div class=\"swiper-slide \">\n\t\t\t\t\t\t\t\n<article class=\"card card--activite stretched-link\" data-id=\"30572\" data-post-id-sync-map=\"30572\" >\n\t\n\t\t\n\t\t\t\t<div class=\"card__thumbnail has-middleground-background-color stack\">\n\t\t\t<img decoding=\"async\" width=\"2048\" src=\"https:\/\/cdt51.media.tourinsoft.eu\/upload\/Cathe-drale-de-Reims_1.jpg\" class=\"attachment- size-\" alt=\"Visite guid\u00e9e de la Cath\u00e9drale Notre Dame de Reims\" srcset=\"https:\/\/cdt51.media.tourinsoft.eu\/upload\/Cathe-drale-de-Reims_1.jpg?width=400 400w, https:\/\/cdt51.media.tourinsoft.eu\/upload\/Cathe-drale-de-Reims_1.jpg?width=640 640w, https:\/\/cdt51.media.tourinsoft.eu\/upload\/Cathe-drale-de-Reims_1.jpg?width=768 768w, https:\/\/cdt51.media.tourinsoft.eu\/upload\/Cathe-drale-de-Reims_1.jpg?width=1280 1280w, https:\/\/cdt51.media.tourinsoft.eu\/upload\/Cathe-drale-de-Reims_1.jpg?width=1536&amp;height=1536 1536w, https:\/\/cdt51.media.tourinsoft.eu\/upload\/Cathe-drale-de-Reims_1.jpg?width=2048&amp;height=2048 2048w\" sizes=\"(max-width: 2048px) 100vw, 2048px\" title=\"\">\t\t<\/div>\n\t\n\t\t<div class=\"card__content\">\n\t\t\t\n\t\t\t\t\t\t\t\t\t\n\t\t\t\t\t\t\t\t\t\n\t\t\t\t\t\t<h3 class=\"title wp-block-heading is-style-h3\">\n\t\t\t\t<a href=\"https:\/\/tourisme-en-champagne.com\/es\/activite\/visite-guidee-de-la-cathedrale-notre-dame-de-reims\/\" target=\"_blank\">Visite guid\u00e9e de la Cath\u00e9drale Notre Dame de Reims<\/a>\t\t\t\t\t\t\t<\/h3>\n\t\t\t\n\t\t\t\t\t\t\t\t\t\n\t\t\t\t\t\t<div class=\"underlined\"><\/div>\n\t\t\n\t\t\t\t\t\t\t\t\t\t<div class=\"location\">\n\t\t\t\t\tReims\t\t\t\t<\/div>\n\t\t\t\t\t\t\n\t\t\t\t\t\t\t\t\t\n\t\t\t\t\t\t\t\t\t\n\t\t\t\t\t\t\t\t\t\n\t\t\t\t\t\t\t\t\t\t<div class=\"descriptif\">Reims Oficina de Turismo ofrece audiogu\u00edas para visitar Reims, catedral de Notre Dame, el Palacio&#8230;<\/div>\n\t\t\t\t\n\t\t\t\t\t\t\t\t\t\t\t\t\t\t\t\t\n\t\t\t\t\t\t\t\t\t\t<div class=\"wp-block-button\">\n\t\t\t\t\t<a class=\"wp-element-button rounded\" href=\"https:\/\/tourisme-en-champagne.com\/es\/activite\/visite-guidee-de-la-cathedrale-notre-dame-de-reims\/\" target=\"_blank\" aria-label=\"Saber m\u00e1s sobre Visite guid\u00e9e de la Cath\u00e9drale Notre Dame de Reims\">M\u00e1s informaci\u00f3n<\/a>\n\t\t\t\t<\/div>\n\t\t\t \n\t\t<\/div>\n\t\t\n\n\t\t<\/article>\n\n\t\t\t\t\t\t<\/div>\n\t\t\t\t\t\t\t\t\t\t\t\t\t\t\t\t\t<div class=\"swiper-slide \">\n\t\t\t\t\t\t\t\n<article class=\"card card--activite stretched-link\" data-id=\"30448\" data-post-id-sync-map=\"30448\" >\n\t\n\t\t\n\t\t\t\t<div class=\"card__thumbnail has-middleground-background-color stack\">\n\t\t\t<img decoding=\"async\" width=\"2048\" src=\"https:\/\/cdt51.media.tourinsoft.eu\/upload\/Colle-giale-Notre-Dame-en-Vaux-Cha-lons-en-Champagne.jpg\" class=\"attachment- size-\" alt=\"Coll\u00e9giale Notre Dame en Vaux\" srcset=\"https:\/\/cdt51.media.tourinsoft.eu\/upload\/Colle-giale-Notre-Dame-en-Vaux-Cha-lons-en-Champagne.jpg?width=400 400w, https:\/\/cdt51.media.tourinsoft.eu\/upload\/Colle-giale-Notre-Dame-en-Vaux-Cha-lons-en-Champagne.jpg?width=640 640w, https:\/\/cdt51.media.tourinsoft.eu\/upload\/Colle-giale-Notre-Dame-en-Vaux-Cha-lons-en-Champagne.jpg?width=768 768w, https:\/\/cdt51.media.tourinsoft.eu\/upload\/Colle-giale-Notre-Dame-en-Vaux-Cha-lons-en-Champagne.jpg?width=1280 1280w, https:\/\/cdt51.media.tourinsoft.eu\/upload\/Colle-giale-Notre-Dame-en-Vaux-Cha-lons-en-Champagne.jpg?width=1536&amp;height=1536 1536w, https:\/\/cdt51.media.tourinsoft.eu\/upload\/Colle-giale-Notre-Dame-en-Vaux-Cha-lons-en-Champagne.jpg?width=2048&amp;height=2048 2048w\" sizes=\"(max-width: 2048px) 100vw, 2048px\" title=\"\">\t\t<\/div>\n\t\n\t\t<div class=\"card__content\">\n\t\t\t\n\t\t\t\t\t\t\t\t\t\n\t\t\t\t\t\t\t\t\t\n\t\t\t\t\t\t<h3 class=\"title wp-block-heading is-style-h3\">\n\t\t\t\t<a href=\"https:\/\/tourisme-en-champagne.com\/es\/activite\/collegiale-notre-dame-en-vaux\/\" target=\"_blank\">Coll\u00e9giale Notre Dame en Vaux<\/a>\t\t\t\t\t\t\t<\/h3>\n\t\t\t\n\t\t\t\t\t\t\t\t\t\n\t\t\t\t\t\t<div class=\"underlined\"><\/div>\n\t\t\n\t\t\t\t\t\t\t\t\t\t<div class=\"location\">\n\t\t\t\t\tChalons-En-Champagne\t\t\t\t<\/div>\n\t\t\t\t\t\t\n\t\t\t\t\t\t\t\t\t\n\t\t\t\t\t\t\t\t\t\n\t\t\t\t\t\t\t\t\t\n\t\t\t\t\t\t\t\t\t\t<div class=\"descriptif\">Si est\u00e1s pasando por el centro de Chalons-en-Champagne en los golpes del mediod\u00eda, escuchar con a&#8230;<\/div>\n\t\t\t\t\n\t\t\t\t\t\t\t\t\t\t\t\t\t\t\t\t\n\t\t\t\t\t\t\t\t\t\t<div class=\"wp-block-button\">\n\t\t\t\t\t<a class=\"wp-element-button rounded\" href=\"https:\/\/tourisme-en-champagne.com\/es\/activite\/collegiale-notre-dame-en-vaux\/\" target=\"_blank\" aria-label=\"Saber m\u00e1s sobre Coll\u00e9giale Notre Dame en Vaux\">M\u00e1s informaci\u00f3n<\/a>\n\t\t\t\t<\/div>\n\t\t\t \n\t\t<\/div>\n\t\t\n\n\t\t<\/article>\n\n\t\t\t\t\t\t<\/div>\n\t\t\t\t\t\t\t\t\t\t\t\t\t\t<\/div>\n\t\t\t\t\n\t\t\t\t<div class=\"swiper-buttons\">\n\t\t\t\t\t<div class=\"swiper-button-prev\"><\/div>\n\t\t\t\t\t<div class=\"swiper-button-next\"><\/div>\n\t\t\t\t<\/div>\n\t\t\t<\/div>\n\t\t<\/div>\n\t\n<\/section>\n","protected":false},"excerpt":{"rendered":"<p>Patrimonio de la Humanidad de la UNESCO Para ser incluidos en la Lista del Patrimonio Mundial, los sitios deben tener un valor universal excepcional. Este estatus, verdadera marca de excelencia, es motivo de gran orgullo para los sitios naturales y culturales. Con sus diversos paisajes y su patrimonio hist\u00f3rico \u00fanico, Francia es uno de los [&hellip;]<\/p>\n","protected":false},"author":2,"featured_media":11873,"parent":0,"menu_order":0,"comment_status":"closed","ping_status":"closed","template":"templates\/experience.php","meta":{"_acf_changed":false,"footnotes":"","_links_to":"","_links_to_target":""},"class_list":["post-20464","page","type-page","status-publish","has-post-thumbnail","hentry"],"acf":[],"_links":{"self":[{"href":"https:\/\/tourisme-en-champagne.com\/es\/wp-json\/wp\/v2\/pages\/20464","targetHints":{"allow":["GET"]}}],"collection":[{"href":"https:\/\/tourisme-en-champagne.com\/es\/wp-json\/wp\/v2\/pages"}],"about":[{"href":"https:\/\/tourisme-en-champagne.com\/es\/wp-json\/wp\/v2\/types\/page"}],"author":[{"embeddable":true,"href":"https:\/\/tourisme-en-champagne.com\/es\/wp-json\/wp\/v2\/users\/2"}],"replies":[{"embeddable":true,"href":"https:\/\/tourisme-en-champagne.com\/es\/wp-json\/wp\/v2\/comments?post=20464"}],"version-history":[{"count":1,"href":"https:\/\/tourisme-en-champagne.com\/es\/wp-json\/wp\/v2\/pages\/20464\/revisions"}],"predecessor-version":[{"id":20466,"href":"https:\/\/tourisme-en-champagne.com\/es\/wp-json\/wp\/v2\/pages\/20464\/revisions\/20466"}],"wp:featuredmedia":[{"embeddable":true,"href":"https:\/\/tourisme-en-champagne.com\/es\/wp-json\/wp\/v2\/media\/11873"}],"wp:attachment":[{"href":"https:\/\/tourisme-en-champagne.com\/es\/wp-json\/wp\/v2\/media?parent=20464"}],"curies":[{"name":"wp","href":"https:\/\/api.w.org\/{rel}","templated":true}]}}