{"id":20426,"date":"2025-06-30T18:28:33","date_gmt":"2025-06-30T16:28:33","guid":{"rendered":"https:\/\/tourisme-en-champagne.com\/lhot-hamon-en-los-colores-de-argonne\/"},"modified":"2026-08-21T01:20:20","modified_gmt":"2026-08-20T23:20:20","slug":"lhot-hamon-en-los-colores-de-argonne","status":"publish","type":"page","link":"https:\/\/tourisme-en-champagne.com\/es\/actividades-y-visitas\/cultura-y-patrimonio\/palabras-del-embajador\/lhot-hamon-en-los-colores-de-argonne\/","title":{"rendered":"LHOT-HAMON EN LOS COLORES DE ARGONNE"},"content":{"rendered":"\n<section class=\"wp-block-group alignfull pattern-documentary-space accent-1 has-base-background-color has-background has-global-padding is-content-justification-center is-layout-constrained wp-block-group-is-layout-constrained\" style=\"padding-top:0;padding-bottom:0\">\n<div class=\"wp-block-columns is-layout-flex wp-container-core-columns-is-layout-fdcf44e1 wp-block-columns-is-layout-flex\">\n<div class=\"wp-block-column is-layout-flow wp-block-column-is-layout-flow\">\n<h2 class=\"wp-block-heading\"><strong><strong><strong><strong><strong>D\u00cdA DE PEDALES Y PISCINA EN ARGONNE CON LA FAMILIA LOTH-HAMON &#8211; #2<\/strong><\/strong><\/strong><\/strong><\/strong><\/h2>\n\n\n\n<hr class=\"wp-block-separator has-text-color has-accent-1-color has-alpha-channel-opacity has-accent-1-background-color has-background\"\/>\n\n\n\n<p class=\"wp-block-paragraph\">\u00a1Junt\u00e9monos y descubramos la regi\u00f3n de Marne gracias a nuestros embajadores!<\/p>\n\n\n\n<h3 class=\"wp-block-heading has-accent-1-color has-text-color has-link-color wp-elements-089f117606a240da51663ca8dba085c7\"><strong>RETRATO DE FAMILIA<\/strong><\/h3>\n\n\n\n<p class=\"wp-block-paragraph\">Hoy seguimos a <strong>Anne-Sophie<\/strong> Hamon, <strong>Arnaud <\/strong>Loth-Hamon y sus 2 hijos, <strong>Victor<\/strong>, de 5 a\u00f1os, y <strong>Ad\u00e8le<\/strong>, de 2. Llenos de vida y siempre de buen humor, la familia est\u00e1 llena de proyectos entre dos viajes y una renovaci\u00f3n. Nunca sin un sombrero en la cabeza, \u00a1gorra o gorro seg\u00fan la estaci\u00f3n!  <\/p>\n\n\n\n<h3 class=\"wp-block-heading accent-1 has-accent-1-color has-text-color has-link-color wp-elements-8167a22a7d80cb0c7a9079d70c57c74a\"><strong>Programa del d\u00eda<\/strong><\/h3>\n\n\n\n<ul class=\"wp-block-list\">\n<li>10h: Llegada a Sainte-M\u00e9nehould y paseo en pedal\u00f3<\/li>\n\n\n\n<li>12h: Comida en Les Frangines and Co<\/li>\n\n\n\n<li>14 h: Tarde en el centro acu\u00e1tico L&#8217;Aquarelle<\/li>\n<\/ul>\n<\/div>\n<\/div>\n<\/section>\n\n<section class=\"wp-block-group alignfull pattern-patchwork-3-texts-3-images has-global-padding is-layout-constrained wp-block-group-is-layout-constrained\">\n<div class=\"wp-block-columns is-layout-flex wp-container-core-columns-is-layout-63fbf5b9 wp-block-columns-is-layout-flex\">\n<div class=\"wp-block-column col-content is-layout-flow wp-block-column-is-layout-flow\" style=\"flex-basis:66.6%\">\n<h2 class=\"wp-block-heading\"><strong><strong><strong><strong><strong>Pedalo, restaurante y piscina familiar<\/strong><\/strong><\/strong><\/strong><\/strong><\/h2>\n\n\n\n<hr class=\"wp-block-separator has-text-color has-accent-1-color has-alpha-channel-opacity has-accent-1-background-color has-background\"\/>\n\n\n\n<p class=\"wp-block-paragraph\">\u00a1Ac\u00e9rcate a Sainte-M\u00e9nehould para asistir a la 2\u00aa Jornada de Embajadores de la Familia Loth-Hamon! Un acontecimiento muy esperado, justo antes de las vacaciones de verano. <\/p>\n\n\n\n<p class=\"wp-block-paragraph\">Toute la journ\u00e9e s\u2019est d\u00e9roul\u00e9e autour de\u00a0<strong><a href=\"https:\/\/tourisme-en-champagne.com\/activite\/laquarelle\/\" data-type=\"activite\" data-id=\"7593\">L\u2019Aquarelle<\/a><\/strong>, le centre aquatique et sportif de la ville. \u00c0 leur arriv\u00e9e vers 10h, les Loth-Hamon ont \u00e9t\u00e9 chaleureusement accueillis sur place par Rada, la responsable de l\u2019Office de tourisme. Elle leur a fait visiter les lieux qu\u2019ils avaient h\u00e2te de d\u00e9couvrir\u00a0!\u00a0<\/p>\n\n\n\n<p class=\"wp-block-paragraph\">En plus de la piscine, L\u2019Aquarelle propose de nombreuses activit\u00e9s, y compris un service de<strong>\u00a0<\/strong><a href=\"https:\/\/tourisme-en-champagne.com\/activite\/couleurs-bike-location-des-velos-electriques\/\" data-type=\"activite\" data-id=\"7686\"><strong>location de v\u00e9los<\/strong><\/a>, de remorques enfants, de si\u00e8ges b\u00e9b\u00e9s\u00a0et de p\u00e9dalos. De quoi occuper la matin\u00e9e de notre petite famille qui est partie en goguette \u00e0 bord d\u2019un p\u00e9dalo flambant neuf\u00a0!\u00a0<em>\u00ab\u00a0La balade \u00e9tait tranquille. Pendant 1h, nous avons long\u00e9 les rives de l\u2019Aisne. Nous avons vu des n\u00e9nuphars, des poissons, des canards\u2026 Victor a fait un petit bouquet de feuilles !\u00a0\u00a0<\/em><\/p>\n\n\n\n<p class=\"wp-block-paragraph\">Un consejo para las familias: los menores de 14 a\u00f1os deben ir acompa\u00f1ados de un adulto. Si hace calor, no olvides llevar agua, \u00a1porque pedaleando da sed!   <\/p>\n<\/div>\n\n\n\n<div class=\"wp-block-column is-layout-flow wp-block-column-is-layout-flow\">\n<figure class=\"wp-block-image size-full\"><img loading=\"lazy\" decoding=\"async\" width=\"300\" height=\"600\" src=\"https:\/\/tourisme-en-champagne.com\/assets\/uploads\/2025\/06\/loth2.jpg\" alt=\"\" class=\"wp-image-12448\" title=\"\"><\/figure>\n\n\n\n<p class=\"wp-block-paragraph\">Chez Les\u00a0<strong><a href=\"https:\/\/tourisme-en-champagne.com\/anne-laure-amanda-klein\/\" data-type=\"young_talent\" data-id=\"14201\">Frangines<\/a><\/strong>, tout est fait maison. L\u2019occasion id\u00e9ale de go\u00fbter \u00e0 une cuisine ultra fra\u00eeche et locale !\u00a0<em>\u00ab\u00a0Nous nous sommes r\u00e9gal\u00e9s\u00a0! En entr\u00e9e, Arnaud et moi avons pris des bruschettas de tomates\/feta. Puis nous avons tous choisi les cordons bleus maison avec les frites.\u00a0Arnaud \u00e9tait ravi de pouvoir d\u00e9guster une bi\u00e8re r\u00e9gionale. Pour Victor et Ad\u00e8le, nous avons pris 1 plat pour 2 et c\u2019\u00e9tait amplement suffisant. D\u2019ailleurs, le plat \u00e9tait tellement copieux que nous avons fait l\u2019impasse sur les desserts\u00a0!\u00a0\u00bb<\/em>.\u00a0<\/p>\n\n\n\n<p class=\"wp-block-paragraph\">Une fois le repas termin\u00e9, direction la\u00a0<strong><a href=\"https:\/\/tourisme-en-champagne.com\/activite\/laquarelle\/\" data-type=\"activite\" data-id=\"7593\">piscine<\/a>\u00a0<\/strong>!\u00a0<em>\u00ab\u00a0Victor n\u2019attendait que \u00e7a\u00a0!\u00a0\u00bb,<\/em>\u00a0partage Anne-Sophie.<em>\u00a0\u00ab\u00a0Les enfants se sont \u00e9clat\u00e9s\u00a0!\u00a0Victor sautait partout et faisait du toboggan. Il a fallu plus de temps \u00e0 Ad\u00e8le qui a peur de l\u2019eau et restait coll\u00e9e \u00e0 moi dans le petit bassin au d\u00e9part. Petit \u00e0 petit, elle a pris confiance en elle et a commenc\u00e9 \u00e0 se d\u00e9placer un peu toute seule \u00bb<\/em>.\u00a0<em>L&#8217;Aquarelle dispose \u00e9galement d&#8217;un espace bien-\u00eatre avec Hammam, saunas, jacuzzi, puits froid et soins pour prolonger le moment de d\u00e9tente.\u00a0\u00ab\u00a0Le personnel de L\u2019Aquarelle a \u00e9t\u00e9 aux petits soins avec nous. Ils m\u2019ont m\u00eame donn\u00e9 une couche de bain pour Ad\u00e8le parce que je l\u2019avais oubli\u00e9e\u00a0\u00bb<\/em>, souligne Anne-Sophie.\u00a0<\/p>\n\n\n\n<p class=\"wp-block-paragraph\">Apr\u00e8s la piscine, la famille a pu profiter d\u2019un go\u00fbter bien m\u00e9rit\u00e9 au<strong>\u00a0<a href=\"https:\/\/tourisme-en-champagne.com\/restaurant\/aquabar\/\" data-type=\"restaurant\" data-id=\"3400\">bar de L\u2019 Aquarelle<\/a><\/strong>. Avec la chaleur, Victor et Ad\u00e8le \u00e9taient trop contents de manger une glace\u00a0! Les parents quant \u00e0 eux ont d\u00e9gust\u00e9 avec plaisir un smoothie d\u00e9licieux et rafra\u00eechissant.<\/p>\n<\/div>\n\n\n\n<div class=\"wp-block-column is-layout-flow wp-block-column-is-layout-flow\">\n<figure class=\"wp-block-image size-full is-resized\"><img loading=\"lazy\" decoding=\"async\" width=\"300\" height=\"600\" src=\"https:\/\/tourisme-en-champagne.com\/assets\/uploads\/2025\/06\/loth.jpg\" alt=\"\" class=\"wp-image-12443\" style=\"width:293px;height:auto\" title=\"\"><\/figure>\n\n\n\n<div class=\"wp-block-group col-content has-global-padding is-layout-constrained wp-block-group-is-layout-constrained\">\n<p class=\"wp-block-paragraph\">Despu\u00e9s del esfuerzo, \u00a1la comodidad! La familia se refresc\u00f3 en el bar L&#8217;Aquarelle, que ofrece m\u00e1s de 150 siropes diferentes, antes de ir a comer. <\/p>\n\n\n\n<p class=\"wp-block-paragraph\">Le midi, les Loth-Hamon \u00e9taient attendus chez\u00a0<a href=\"https:\/\/tourisme-en-champagne.com\/anne-laure-amanda-klein\/\" data-type=\"young_talent\" data-id=\"14201\"><strong>Les Frangines and Co<\/strong><\/a>. Install\u00e9 dans une ancienne \u00e9cole maternelle. Ce tiers-lieu abrite de nombreuses activit\u00e9s (ateliers, concerts\u2026) ainsi qu\u2019un\u00a0<strong>restaurant, Le K.<\/strong>\u00a0<em>\u00ab\u00a0C\u2019est un endroit tr\u00e8s sympa\u00a0\u00bb<\/em>, confirme Anne-Sophie.\u00a0<em>\u00ab\u00a0\u00c0 l\u2019int\u00e9rieur, la d\u00e9co est originale et 100% r\u00e9cup\u2019. Nous avons mang\u00e9 \u00e0 l\u2019ext\u00e9rieur, o\u00f9 il y a tout ce qu\u2019il faut pour occuper les enfants puisque c\u2019est une ancienne cour d\u2019\u00e9cole\u00a0: marelle, jeux pour enfants, toboggan, de l\u2019espace pour courir ou faire de la trottinette\u2026 Un bonheur pour les petits\u00a0!\u00a0\u00bb<\/em><\/p>\n\n\n\n<figure class=\"wp-block-image size-full\"><img loading=\"lazy\" decoding=\"async\" width=\"300\" height=\"300\" src=\"https:\/\/tourisme-en-champagne.com\/assets\/uploads\/2025\/06\/loth5.jpg\" alt=\"\" class=\"wp-image-12453\" title=\"\"><\/figure>\n<\/div>\n<\/div>\n<\/div>\n<\/section>\n\n<section class=\"wp-block-group alignfull pattern-documentary-space has-base-background-color has-background has-global-padding is-content-justification-center is-layout-constrained wp-block-group-is-layout-constrained\" style=\"margin-top:var(--wp--preset--spacing--xx-large);padding-top:0;padding-bottom:0\">\n<div class=\"wp-block-columns is-layout-flex wp-container-core-columns-is-layout-fdcf44e1 wp-block-columns-is-layout-flex\">\n<div class=\"wp-block-column is-layout-flow wp-block-column-is-layout-flow\">\n<h2 class=\"wp-block-heading\"><strong>La \u00faltima palabra<\/strong><\/h2>\n\n\n\n<hr class=\"wp-block-separator has-text-color has-accent-3-color has-alpha-channel-opacity has-accent-3-background-color has-background\"\/>\n<\/div>\n<\/div>\n<\/section>\n\n<section class=\"wp-block-group alignfull pattern-citation has-middleground-background-color has-background has-global-padding is-layout-constrained wp-block-group-is-layout-constrained\" style=\"margin-top:var(--wp--preset--spacing--small);padding-top:var(--wp--preset--spacing--xx-large);padding-bottom:var(--wp--preset--spacing--xx-large)\">\n<div class=\"wp-block-columns is-layout-flex wp-container-core-columns-is-layout-fdcf44e1 wp-block-columns-is-layout-flex\">\n<div class=\"wp-block-column is-layout-flow wp-block-column-is-layout-flow\">\n<p class=\"wp-block-paragraph\"><strong><em>\u00ab\u00a1Fue estupendo! Aprovechamos al m\u00e1ximo este d\u00eda de relax. \u00a1Un gran anticipo de nuestras pr\u00f3ximas vacaciones!<\/em><\/strong><\/p>\n<\/div>\n<\/div>\n<\/section>\n\n<section class=\"wp-block-group alignfull pattern-playlist-grid has-global-padding is-layout-constrained wp-block-group-is-layout-constrained\" style=\"padding-top:0;padding-bottom:0\">\n<h2 class=\"wp-block-heading has-text-align-center\"><strong>M\u00c1S DESCUBRIMIENTOS<\/strong><\/h2>\n\n\n\n<hr class=\"wp-block-separator has-text-color has-accent-3-color has-alpha-channel-opacity has-accent-3-background-color has-background\"\/>\n\n\n\n<p class=\"has-text-align-center wp-block-paragraph\">\u00a1Haz este recorrido y descubre el Marne!<\/p>\n\n\n\t\t\t<div class=\"fsgb-block-playlist playlist-grid is-style-grid\"  style=\"margin-top:var(--wp--preset--spacing--x-large);\">\n\t\t\t\t\n\t\t\t\n\t\t\t<div class=\"swiper swiperPlaylistGrid\">\n\n\t\t\t\t<div class=\"swiper-wrapper posts-count-2\">\n\t\t\t\t\t\t\t\t\t\t\t\t\t\t\t\t\t<div class=\"swiper-slide \">\n\t\t\t\t\t\t\t\n<article class=\"card card--activite stretched-link\" data-id=\"30345\" data-post-id-sync-map=\"30345\" >\n\t\n\t\t\n\t\t\t\t<div class=\"card__thumbnail has-middleground-background-color stack\">\n\t\t\t<img decoding=\"async\" width=\"2048\" src=\"https:\/\/cdt51.media.tourinsoft.eu\/upload\/L-Aquarelle---Sainte-Menehould-AC.-Mecuson-Coll.jpg\" class=\"attachment- size-\" alt=\"L&#8217;Aquarelle\" srcset=\"https:\/\/cdt51.media.tourinsoft.eu\/upload\/L-Aquarelle---Sainte-Menehould-AC.-Mecuson-Coll.jpg?width=400 400w, https:\/\/cdt51.media.tourinsoft.eu\/upload\/L-Aquarelle---Sainte-Menehould-AC.-Mecuson-Coll.jpg?width=640 640w, https:\/\/cdt51.media.tourinsoft.eu\/upload\/L-Aquarelle---Sainte-Menehould-AC.-Mecuson-Coll.jpg?width=768 768w, https:\/\/cdt51.media.tourinsoft.eu\/upload\/L-Aquarelle---Sainte-Menehould-AC.-Mecuson-Coll.jpg?width=1280 1280w, https:\/\/cdt51.media.tourinsoft.eu\/upload\/L-Aquarelle---Sainte-Menehould-AC.-Mecuson-Coll.jpg?width=1536&amp;height=1536 1536w, https:\/\/cdt51.media.tourinsoft.eu\/upload\/L-Aquarelle---Sainte-Menehould-AC.-Mecuson-Coll.jpg?width=2048&amp;height=2048 2048w\" sizes=\"(max-width: 2048px) 100vw, 2048px\" title=\"\">\t\t<\/div>\n\t\n\t\t<div class=\"card__content\">\n\t\t\t\n\t\t\t\t\t\t\t\t\t\n\t\t\t\t\t\t\t\t\t\n\t\t\t\t\t\t<h3 class=\"title wp-block-heading is-style-h3\">\n\t\t\t\t<a href=\"https:\/\/tourisme-en-champagne.com\/es\/activite\/laquarelle\/\" target=\"_blank\">L&#8217;Aquarelle<\/a>\t\t\t\t\t\t\t<\/h3>\n\t\t\t\n\t\t\t\t\t\t\t\t\t\n\t\t\t\t\t\t<div class=\"underlined\"><\/div>\n\t\t\n\t\t\t\t\t\t\t\t\t\t<div class=\"location\">\n\t\t\t\t\tSainte-Menehould\t\t\t\t<\/div>\n\t\t\t\t\t\t\n\t\t\t\t\t\t\t\t\t\n\t\t\t\t\t\t\t\t\t\n\t\t\t\t\t\t\t\t\t\n\t\t\t\t\t\t\t\t\t\t<div class=\"descriptif\">El mayor centro de deportes acu\u00e1ticos y la zona tiene un tobog\u00e1n de 55 metros y 3 piscinas:\r\r&#8211; un&#8230;<\/div>\n\t\t\t\t\n\t\t\t\t\t\t\t\t\t\t\t\t\t\t\t\t\n\t\t\t\t\t\t\t\t\t\t<div class=\"wp-block-button\">\n\t\t\t\t\t<a class=\"wp-element-button rounded\" href=\"https:\/\/tourisme-en-champagne.com\/es\/activite\/laquarelle\/\" target=\"_blank\"\n\t\t\t\t\t\taria-label=\"Saber m\u00e1s sobre L&#8217;Aquarelle\">M\u00e1s informaci\u00f3n<\/a>\n\t\t\t\t<\/div>\n\t\t\t \n\t\t<\/div>\n\t\t\n\n\t\t<\/article>\n\n\t\t\t\t\t\t<\/div>\n\t\t\t\t\t\t\t\t\t\t\t\t\t\t\t\t\t<div class=\"swiper-slide \">\n\t\t\t\t\t\t\t\n<article class=\"card card--activite stretched-link\" data-id=\"30521\" data-post-id-sync-map=\"30521\" >\n\t\n\t\t\n\t\t\t\t<div class=\"card__thumbnail has-middleground-background-color stack\">\n\t\t\t<img decoding=\"async\" width=\"2048\" src=\"https:\/\/cdt51.media.tourinsoft.eu\/upload\/DSC-0974.JPG\" class=\"attachment- size-\" alt=\"Visite historique de la Ville de Sainte-M\u00e9nehould , une rue , une histoire\" srcset=\"https:\/\/cdt51.media.tourinsoft.eu\/upload\/DSC-0974.JPG?width=400 400w, https:\/\/cdt51.media.tourinsoft.eu\/upload\/DSC-0974.JPG?width=640 640w, https:\/\/cdt51.media.tourinsoft.eu\/upload\/DSC-0974.JPG?width=768 768w, https:\/\/cdt51.media.tourinsoft.eu\/upload\/DSC-0974.JPG?width=1280 1280w, https:\/\/cdt51.media.tourinsoft.eu\/upload\/DSC-0974.JPG?width=1536&amp;height=1536 1536w, https:\/\/cdt51.media.tourinsoft.eu\/upload\/DSC-0974.JPG?width=2048&amp;height=2048 2048w\" sizes=\"(max-width: 2048px) 100vw, 2048px\" title=\"\">\t\t<\/div>\n\t\n\t\t<div class=\"card__content\">\n\t\t\t\n\t\t\t\t\t\t\t\t\t\n\t\t\t\t\t\t\t\t\t\n\t\t\t\t\t\t<h3 class=\"title wp-block-heading is-style-h3\">\n\t\t\t\t<a href=\"https:\/\/tourisme-en-champagne.com\/es\/activite\/visite-historique-de-la-ville-de-sainte-menehould-une-rue-une-histoire\/\" target=\"_blank\">Visite historique de la Ville de Sainte-M\u00e9nehould , une rue , une histoire<\/a>\t\t\t\t\t\t\t<\/h3>\n\t\t\t\n\t\t\t\t\t\t\t\t\t\n\t\t\t\t\t\t<div class=\"underlined\"><\/div>\n\t\t\n\t\t\t\t\t\t\t\t\t\t<div class=\"location\">\n\t\t\t\t\tSainte-Menehould\t\t\t\t<\/div>\n\t\t\t\t\t\t\n\t\t\t\t\t\t\t\t\t\n\t\t\t\t\t\t\t\t\t\n\t\t\t\t\t\t\t\t\t\n\t\t\t\t\t\t\t\t\t\t<div class=\"descriptif\">Descubre la ciudad de Sainte Menehould y tesoros que est\u00e1n con \u00e9l gu\u00edas experimentados!\r\rvisitas &#8230;<\/div>\n\t\t\t\t\n\t\t\t\t\t\t\t\t\t\t\t\t\t\t\t\t\n\t\t\t\t\t\t\t\t\t\t<div class=\"wp-block-button\">\n\t\t\t\t\t<a class=\"wp-element-button rounded\" href=\"https:\/\/tourisme-en-champagne.com\/es\/activite\/visite-historique-de-la-ville-de-sainte-menehould-une-rue-une-histoire\/\" target=\"_blank\"\n\t\t\t\t\t\taria-label=\"Saber m\u00e1s sobre Visite historique de la Ville de Sainte-M\u00e9nehould , une rue , une histoire\">M\u00e1s informaci\u00f3n<\/a>\n\t\t\t\t<\/div>\n\t\t\t \n\t\t<\/div>\n\t\t\n\n\t\t<\/article>\n\n\t\t\t\t\t\t<\/div>\n\t\t\t\t\t\t\t\t\t\t\t\t\t\t<\/div>\n\t\t\t\t\n\t\t\t\t<div class=\"swiper-buttons\">\n\t\t\t\t\t<div class=\"swiper-button-prev\"><\/div>\n\t\t\t\t\t<div class=\"swiper-button-next\"><\/div>\n\t\t\t\t<\/div>\n\t\t\t<\/div>\n\t\t<\/div>\n\t\n<\/section>\n","protected":false},"excerpt":{"rendered":"<p>D\u00cdA DE PEDALES Y PISCINA EN ARGONNE CON LA FAMILIA LOTH-HAMON &#8211; #2 \u00a1Junt\u00e9monos y descubramos la regi\u00f3n de Marne gracias a nuestros embajadores! RETRATO DE FAMILIA Hoy seguimos a Anne-Sophie Hamon, Arnaud Loth-Hamon y sus 2 hijos, Victor, de 5 a\u00f1os, y Ad\u00e8le, de 2. Llenos de vida y siempre de buen humor, la [&hellip;]<\/p>\n","protected":false},"author":2,"featured_media":12427,"parent":20968,"menu_order":0,"comment_status":"closed","ping_status":"closed","template":"templates\/experience.php","meta":{"_acf_changed":false,"footnotes":"","_links_to":"","_links_to_target":""},"class_list":["post-20426","page","type-page","status-publish","has-post-thumbnail","hentry"],"acf":[],"_links":{"self":[{"href":"https:\/\/tourisme-en-champagne.com\/es\/wp-json\/wp\/v2\/pages\/20426","targetHints":{"allow":["GET"]}}],"collection":[{"href":"https:\/\/tourisme-en-champagne.com\/es\/wp-json\/wp\/v2\/pages"}],"about":[{"href":"https:\/\/tourisme-en-champagne.com\/es\/wp-json\/wp\/v2\/types\/page"}],"author":[{"embeddable":true,"href":"https:\/\/tourisme-en-champagne.com\/es\/wp-json\/wp\/v2\/users\/2"}],"replies":[{"embeddable":true,"href":"https:\/\/tourisme-en-champagne.com\/es\/wp-json\/wp\/v2\/comments?post=20426"}],"version-history":[{"count":3,"href":"https:\/\/tourisme-en-champagne.com\/es\/wp-json\/wp\/v2\/pages\/20426\/revisions"}],"predecessor-version":[{"id":30745,"href":"https:\/\/tourisme-en-champagne.com\/es\/wp-json\/wp\/v2\/pages\/20426\/revisions\/30745"}],"up":[{"embeddable":true,"href":"https:\/\/tourisme-en-champagne.com\/es\/wp-json\/wp\/v2\/pages\/20968"}],"wp:featuredmedia":[{"embeddable":true,"href":"https:\/\/tourisme-en-champagne.com\/es\/wp-json\/wp\/v2\/media\/12427"}],"wp:attachment":[{"href":"https:\/\/tourisme-en-champagne.com\/es\/wp-json\/wp\/v2\/media?parent=20426"}],"curies":[{"name":"wp","href":"https:\/\/api.w.org\/{rel}","templated":true}]}}