{"id":20324,"date":"2025-06-30T16:57:24","date_gmt":"2025-06-30T14:57:24","guid":{"rendered":"https:\/\/tourisme-en-champagne.com\/las-laderas-de-sezannais-y-petit-morin\/"},"modified":"2025-11-27T16:02:00","modified_gmt":"2025-11-27T15:02:00","slug":"las-laderas-de-sezannais-y-petit-morin","status":"publish","type":"page","link":"https:\/\/tourisme-en-champagne.com\/es\/todo-sobre-el-champan\/vignobles-decouvertes-2\/las-laderas-de-sezannais-y-petit-morin\/","title":{"rendered":"Las laderas de S\u00e9zannais y Petit Morin"},"content":{"rendered":"\n<section class=\"wp-block-group alignfull pattern-text-50-media-50 has-global-padding is-layout-constrained wp-block-group-is-layout-constrained\">\n<div class=\"wp-block-columns is-layout-flex wp-container-core-columns-is-layout-6f00da2d wp-block-columns-is-layout-flex\" style=\"padding-top:var(--wp--preset--spacing--x-large);padding-bottom:var(--wp--preset--spacing--x-large)\">\n<div class=\"wp-block-column is-layout-flow wp-block-column-is-layout-flow\">\n<h2 class=\"wp-block-heading\"><strong>CHAMP\u00c1N, NATURALEZA Y PATRIMONIO<\/strong><\/h2>\n\n\n\n<hr class=\"wp-block-separator has-text-color has-grey-color has-alpha-channel-opacity has-grey-background-color has-background\"\/>\n\n\n\n<h3 class=\"wp-block-heading\">ENTRE VI\u00d1EDOS, BOSQUES, MARISMAS Y LAGOS<\/h3>\n\n\n\n<p class=\"wp-block-paragraph\">En la prolongaci\u00f3n de los vi\u00f1edos de la C\u00f4te des Blancs, al suroeste de Epernay, los Coteaux du S\u00e9zannais y Petit-Morin te ofrecen la posibilidad de descubrir un riqu\u00edsimo patrimonio vit\u00edcola, hist\u00f3rico, arquitect\u00f3nico y natural.<\/p>\n\n\n\n<p class=\"wp-block-paragraph\">En este reino del Chardonnay, casi 300 viticultores trabajan las 2.300 hect\u00e1reas plantadas de vid.<\/p>\n\n\n\n<p class=\"wp-block-paragraph\"><strong>La Association de Promotion des 2 coteaux<\/strong> trabaja para impulsar y promover la variada oferta enotur\u00edstica de esta regi\u00f3n, donde productores y lugare\u00f1os comparten contigo su amor por la tierra.<\/p>\n\n\n\n<p class=\"wp-block-paragraph\">Una veintena de bodegas y casas con la etiqueta <strong>\u00abVignobles &amp; D\u00e9couvertes <\/strong>\u00bb te abren sus puertas y te revelan los secretos de sus champanes durante una cata y\/o una visita a su bodega.<\/p>\n\n\n\n<div class=\"wp-block-buttons is-layout-flex wp-block-buttons-is-layout-flex\">\n<div class=\"wp-block-button\"><a class=\"wp-block-button__link has-base-color has-grey-background-color has-text-color has-background has-link-color wp-element-button\" href=\"#\">Portaetiquetas V&amp;D<\/a><\/div>\n<\/div>\n<\/div>\n\n\n\n<div class=\"wp-block-column is-layout-flow wp-block-column-is-layout-flow\">\n<figure class=\"wp-block-image size-full\"><img loading=\"lazy\" decoding=\"async\" width=\"485\" height=\"600\" src=\"https:\/\/tourisme-en-champagne.com\/assets\/uploads\/2025\/06\/vignoble-bethoncm-jolyot-colladt-marne-0.jpg\" alt=\"\" class=\"wp-image-12213\" title=\"\" srcset=\"https:\/\/tourisme-en-champagne.com\/assets\/uploads\/2025\/06\/vignoble-bethoncm-jolyot-colladt-marne-0.jpg 485w, https:\/\/tourisme-en-champagne.com\/assets\/uploads\/2025\/06\/vignoble-bethoncm-jolyot-colladt-marne-0-400x495.jpg 400w\" sizes=\"auto, (max-width: 485px) 100vw, 485px\" \/><\/figure>\n<\/div>\n<\/div>\n<\/section>\n\n<section class=\"wp-block-group alignfull pattern-text-50-media-50-full has-base-color has-brown-background-color has-text-color has-background has-link-color wp-elements-33d1ba9ec8d1ec082049a48448a7a52c has-global-padding is-content-justification-center is-layout-constrained wp-block-group-is-layout-constrained\">\n<div class=\"wp-block-columns alignfull are-vertically-aligned-center is-layout-flex wp-container-core-columns-is-layout-addd0515 wp-block-columns-is-layout-flex\">\n<div class=\"wp-block-column is-vertically-aligned-center col-media is-layout-flow wp-block-column-is-layout-flow\" style=\"flex-basis:50%\">\n<figure class=\"wp-block-image size-full\"><img loading=\"lazy\" decoding=\"async\" width=\"960\" height=\"600\" src=\"https:\/\/tourisme-en-champagne.com\/assets\/uploads\/2025\/06\/jardin-de-lhotel-de-ville-3cville-de-sezanne-1.jpg\" alt=\"\" class=\"wp-image-12208\" title=\"\" srcset=\"https:\/\/tourisme-en-champagne.com\/assets\/uploads\/2025\/06\/jardin-de-lhotel-de-ville-3cville-de-sezanne-1.jpg 960w, https:\/\/tourisme-en-champagne.com\/assets\/uploads\/2025\/06\/jardin-de-lhotel-de-ville-3cville-de-sezanne-1-640x400.jpg 640w, https:\/\/tourisme-en-champagne.com\/assets\/uploads\/2025\/06\/jardin-de-lhotel-de-ville-3cville-de-sezanne-1-400x250.jpg 400w, https:\/\/tourisme-en-champagne.com\/assets\/uploads\/2025\/06\/jardin-de-lhotel-de-ville-3cville-de-sezanne-1-768x480.jpg 768w\" sizes=\"auto, (max-width: 960px) 100vw, 960px\" \/><\/figure>\n<\/div>\n\n\n\n<div class=\"wp-block-column is-vertically-aligned-center col-content is-layout-flow wp-block-column-is-layout-flow\" style=\"flex-basis:50%\">\n<h3 class=\"wp-block-heading\">riquezas insospechadas  <\/h3>\n\n\n\n<p class=\"wp-block-paragraph\">Para los amantes de la buena piedra, es imprescindible pasear por las calles empedradas de S\u00e9zanne, antigua ciudad medieval clasificada como \u00abPetite cit\u00e9 de caract\u00e8re\u00ae\u00bb. Sus avenidas arboladas, que siguen la l\u00ednea de las antiguas fortificaciones, los restos de torres de vigilancia y murallas, su iglesia y su capilla&#8230; seducir\u00e1n a los amantes de los paseos. <\/p>\n\n\n\n<p class=\"wp-block-paragraph\">El bosque de Traconne y las marismas de Saint Gond, con sus vastas turberas, prados h\u00famedos, estanques y bosques, prometen un soplo de aire fresco y verdor.<\/p>\n\n\n\n<p class=\"wp-block-paragraph\">Los aficionados a la historia descubrir\u00e1n que el destino del pa\u00eds se jug\u00f3 aqu\u00ed en dos ocasiones. Primero en Champaubert, donde la columna conmemorativa celebra la victoria de Napole\u00f3n en la campa\u00f1a francesa de 1814. Despu\u00e9s en Mondement, donde un menhir de 35 metros situado en un balc\u00f3n natural que domina las marismas de Saint Gond representa el hito contra el que tropezaron los invasores el 9 de septiembre de 1914.    <\/p>\n<\/div>\n<\/div>\n<\/section>\n\n<section class=\"wp-block-group alignfull pattern-text-100 has-base-background-color has-background has-global-padding is-layout-constrained wp-block-group-is-layout-constrained\">\n<div class=\"wp-block-columns is-layout-flex wp-container-core-columns-is-layout-4431f2f8 wp-block-columns-is-layout-flex\" style=\"padding-top:var(--wp--preset--spacing--x-large);padding-bottom:var(--wp--preset--spacing--x-large)\">\n<div class=\"wp-block-column is-layout-flow wp-block-column-is-layout-flow\">\n<p class=\"patterns-underline wp-block-paragraph\">La Ruta <strong>Tur\u00edstica del Champ\u00e1n<\/strong> comienza en Berg\u00e8res les Vertus.<\/p>\n\n\n\n<p class=\"wp-block-paragraph\">Entre tierras de labranza cercadas, marismas y vi\u00f1edos, la ruta revela una tipolog\u00eda que combina parcelas de vi\u00f1edos intercaladas con bosquecillos y campos en un paisaje ondulado.<\/p>\n\n\n\n<p class=\"patterns-underline wp-block-paragraph\">Te esperan muchas piedras preciosas: castillos (Montmort-Lucy, Etoges), iglesias (Allemant, Barbonne-Fayel, Vert-Toulon&#8230;) abad\u00edas (Notre Deme du Reclus, Baye, Oyes), as\u00ed como menhires, d\u00f3lmenes&#8230;<\/p>\n\n\n\n<div class=\"wp-block-buttons is-layout-flex wp-block-buttons-is-layout-flex\">\n<div class=\"wp-block-button\"><a class=\"wp-block-button__link has-base-color has-grey-background-color has-text-color has-background has-link-color wp-element-button\" href=\"https:\/\/www.cirkwi.com\/fr\/circuit\/67874-route-touristique-du-champagne-coteaux-du-sezannais-et-coteaux-du-morin\" target=\"_blank\" rel=\"noreferrer noopener\">Itinerarios<\/a><\/div>\n<\/div>\n<\/div>\n<\/div>\n<\/section>\n\n<section class=\"wp-block-group alignfull pattern-text-50-media-50 has-global-padding is-layout-constrained wp-block-group-is-layout-constrained\">\n<div class=\"wp-block-columns is-layout-flex wp-container-core-columns-is-layout-4431f2f8 wp-block-columns-is-layout-flex\" style=\"padding-top:var(--wp--preset--spacing--x-large);padding-bottom:var(--wp--preset--spacing--x-large)\">\n<div class=\"wp-block-column is-layout-flow wp-block-column-is-layout-flow\">\n<h2 class=\"wp-block-heading\"><strong>A VER EN EL CAMINO <\/strong><\/h2>\n\n\n\n<hr class=\"wp-block-separator has-text-color has-grey-color has-alpha-channel-opacity has-grey-background-color has-background\"\/>\n\n\n\n<ol class=\"wp-block-list\">\n<li>El sendero de interpretaci\u00f3n para descubrir el Marais de Saint Gond<\/li>\n\n\n\n<li>Castillos de Montmort y Etoges<\/li>\n\n\n\n<li>Abad\u00eda de Notre Dame du Reclus<\/li>\n\n\n\n<li>Memorial de la Primera Batalla del Marne en Mondement<\/li>\n\n\n\n<li>S\u00e9zanne a trav\u00e9s de sus fortificaciones, molino, convento e iglesia<\/li>\n\n\n\n<li>Villenauxe la Grande y las vidrieras contempor\u00e1neas de la iglesia de Saint-Pierre et Saint-Paul<\/li>\n<\/ol>\n<\/div>\n\n\n\n<div class=\"wp-block-column is-layout-flow wp-block-column-is-layout-flow\">\n<figure class=\"wp-block-image size-full\"><img loading=\"lazy\" decoding=\"async\" width=\"485\" height=\"380\" src=\"https:\/\/tourisme-en-champagne.com\/assets\/uploads\/2025\/06\/abbaye-de-saint-gondcp-stritt-coll-adt-marne4.jpg\" alt=\"\" class=\"wp-image-12193\" title=\"\" srcset=\"https:\/\/tourisme-en-champagne.com\/assets\/uploads\/2025\/06\/abbaye-de-saint-gondcp-stritt-coll-adt-marne4.jpg 485w, https:\/\/tourisme-en-champagne.com\/assets\/uploads\/2025\/06\/abbaye-de-saint-gondcp-stritt-coll-adt-marne4-400x313.jpg 400w\" sizes=\"auto, (max-width: 485px) 100vw, 485px\" \/><\/figure>\n<\/div>\n<\/div>\n<\/section>\n\n<section class=\"wp-block-group alignfull pattern-citation has-middleground-background-color has-background has-global-padding is-layout-constrained wp-block-group-is-layout-constrained\" style=\"padding-top:var(--wp--preset--spacing--xx-large);padding-bottom:var(--wp--preset--spacing--xx-large)\">\n<div class=\"wp-block-columns is-layout-flex wp-container-core-columns-is-layout-fdcf44e1 wp-block-columns-is-layout-flex\">\n<div class=\"wp-block-column is-layout-flow wp-block-column-is-layout-flow\">\n<h2 class=\"wp-block-heading\"><strong>El champ\u00e1n pone la vida en una escala de ensue\u00f1o<\/strong><\/h2>\n\n\n\n<hr class=\"wp-block-separator has-text-color has-grey-color has-alpha-channel-opacity has-grey-background-color has-background\"\/>\n\n\n\n<p class=\"wp-block-paragraph\"><em>Paul Guth<\/em><\/p>\n<\/div>\n<\/div>\n<\/section>\n\n<section style=\"background-image:url(&apos;https:\/\/tourisme-en-champagne.com\/assets\/uploads\/2025\/06\/bouchonsce-goulet-coll-adt-marne-1.jpg&apos;);background-size:cover;\" class=\"wp-block-group alignfull pattern-text-50-left-background has-base-color has-text-color has-link-color wp-elements-e7357ddc0bf9d7804d536d7a81ed1bf7 has-global-padding is-layout-constrained wp-block-group-is-layout-constrained has-background\">\n<div class=\"wp-block-columns is-layout-flex wp-container-core-columns-is-layout-f531a9e0 wp-block-columns-is-layout-flex\" style=\"padding-top:var(--wp--preset--spacing--x-large);padding-bottom:var(--wp--preset--spacing--x-large)\">\n<div class=\"wp-block-column is-layout-flow wp-block-column-is-layout-flow\">\n<h2 class=\"wp-block-heading\"><strong>PREGUNTA<\/strong><\/h2>\n\n\n\n<hr class=\"wp-block-separator has-text-color has-base-color has-alpha-channel-opacity has-base-background-color has-background\"\/>\n\n\n\n<h3 class=\"wp-block-heading\">\u00bfCu\u00e1l es la variedad de uva m\u00e1s plantada en Champa\u00f1a?<\/h3>\n\n\n\n<ol class=\"wp-block-list\">\n<li>El molinero<\/li>\n\n\n\n<li>Chardonnay<\/li>\n\n\n\n<li>Pinot noir<\/li>\n<\/ol>\n\n\n\n<h3 class=\"wp-block-heading\">Respuesta  <\/h3>\n\n\n\n<p class=\"wp-block-paragraph\"><em>La Pinot Noir ocupa el 38% del vi\u00f1edo, seguida de la Meunier (34%) y la Chardonnay (28%).  <\/em><\/p>\n\n\n\n<p class=\"wp-block-paragraph\"><em>Las dem\u00e1s variedades de uva autorizadas en Champa\u00f1a (Arbanne, Petit Meslier, Pinot blanc, Pinot gris o Fromenteau) s\u00f3lo cubren unas decenas de hect\u00e1reas&#8230;<\/em><\/p>\n<\/div>\n\n\n\n<div class=\"wp-block-column is-layout-flow wp-block-column-is-layout-flow\"><\/div>\n<\/div>\n<\/section>\n\n<section class=\"wp-block-group alignfull pattern-text-100 has-base-background-color has-background has-global-padding is-layout-constrained wp-block-group-is-layout-constrained\">\n<div class=\"wp-block-columns is-layout-flex wp-container-core-columns-is-layout-4431f2f8 wp-block-columns-is-layout-flex\" style=\"padding-top:var(--wp--preset--spacing--x-large);padding-bottom:var(--wp--preset--spacing--x-large)\">\n<div class=\"wp-block-column is-layout-flow wp-block-column-is-layout-flow\">\n<h2 class=\"wp-block-heading\"><strong>TUS CONTACTOS<\/strong><\/h2>\n\n\n\n<hr class=\"wp-block-separator has-text-color has-grey-color has-alpha-channel-opacity has-grey-background-color has-background\"\/>\n\n\n\n<ul class=\"wp-block-list has-grey-color has-text-color has-link-color wp-elements-585ddd99106ab30de216c9f76f14606a\">\n<li>OFFICE DE TOURISME DE S\u00c9ZANNE &#8211; PLACE DE LA R\u00c9PUBLIQUE &#8211; 51120 S\u00c9ZANNE &#8211; 03 26 80 54 13 &#8211; <a href=\"http:\/\/www.sezanne-tourisme.fr\/\" target=\"_blank\" rel=\"noreferrer noopener\">WWW.SEZANNE-TOURISME.FR<\/a> <\/li>\n\n\n\n<li>OFICINA DE TURISMO DE MONTMIRAIL &#8211; 4 PLACE R\u00c9MY-PETIT &#8211; 51210 MONTMIRAIL &#8211; 03 26 81 40 05- <a href=\"http:\/\/www.montmirail-tourisme.eu\/\" target=\"_blank\" rel=\"noreferrer noopener\">WWW.MONTMIRAIL-TOURISME.EU<\/a><\/li>\n<\/ul>\n<\/div>\n<\/div>\n<\/section>\n\n<section class=\"wp-block-group alignfull pattern-playlist-grid has-global-padding is-layout-constrained wp-block-group-is-layout-constrained\" style=\"padding-top:var(--wp--preset--spacing--xx-large);padding-bottom:var(--wp--preset--spacing--xx-large)\">\n<h2 class=\"wp-block-heading has-text-align-center\"><strong>Selecci\u00f3n de escapadas<\/strong><\/h2>\n\n\n\n<hr class=\"wp-block-separator has-text-color has-accent-3-color has-alpha-channel-opacity has-accent-3-background-color has-background\"\/>\n\n\n\n<p class=\"has-text-align-center wp-block-paragraph\">\u00a1Descubre algunas de nuestras ideas de paseos para descubrir las laderas de S\u00e9zannais!<\/p>\n\n\n\t\t\t<div class=\"fsgb-block-playlist playlist-grid is-style-grid\"  style=\"margin-top:var(--wp--preset--spacing--x-large);\">\n\t\t\t\t\n\t\t\t\n\t\t\t<div class=\"swiper swiperPlaylistGrid\">\n\n\t\t\t\t<div class=\"swiper-wrapper posts-count-2\">\n\t\t\t\t\t\t\t\t\t\t\t\t\t\t\t\t\t<div class=\"swiper-slide \">\n\t\t\t\t\t\t\t\n<article class=\"card card--activite stretched-link\" data-id=\"30445\" data-post-id-sync-map=\"30445\" >\n\t\n\t\t\n\t\t\t\t<div class=\"card__thumbnail has-middleground-background-color stack\">\n\t\t\t<img decoding=\"async\" width=\"2048\" src=\"https:\/\/cdt51.media.tourinsoft.eu\/upload\/1-160.jpg\" class=\"attachment- size-\" alt=\"Mus\u00e9e de la Victoire de la Marne\" srcset=\"https:\/\/cdt51.media.tourinsoft.eu\/upload\/1-160.jpg?width=400 400w, https:\/\/cdt51.media.tourinsoft.eu\/upload\/1-160.jpg?width=640 640w, https:\/\/cdt51.media.tourinsoft.eu\/upload\/1-160.jpg?width=768 768w, https:\/\/cdt51.media.tourinsoft.eu\/upload\/1-160.jpg?width=1280 1280w, https:\/\/cdt51.media.tourinsoft.eu\/upload\/1-160.jpg?width=1536&amp;height=1536 1536w, https:\/\/cdt51.media.tourinsoft.eu\/upload\/1-160.jpg?width=2048&amp;height=2048 2048w\" sizes=\"(max-width: 2048px) 100vw, 2048px\" title=\"\">\t\t<\/div>\n\t\n\t\t<div class=\"card__content\">\n\t\t\t\n\t\t\t\t\t\t\t\t\t\n\t\t\t\t\t\t\t\t\t\n\t\t\t\t\t\t<h3 class=\"title wp-block-heading is-style-h3\">\n\t\t\t\t<a href=\"https:\/\/tourisme-en-champagne.com\/es\/activite\/musee-de-la-victoire-de-la-marne\/\" target=\"_blank\">Mus\u00e9e de la Victoire de la Marne<\/a>\t\t\t\t\t\t\t<\/h3>\n\t\t\t\n\t\t\t\t\t\t\t\t\t\n\t\t\t\t\t\t<div class=\"underlined\"><\/div>\n\t\t\n\t\t\t\t\t\t\t\t\t\t<div class=\"location\">\n\t\t\t\t\tMondement-Montgivroux\t\t\t\t<\/div>\n\t\t\t\t\t\t\n\t\t\t\t\t\t\t\t\t\n\t\t\t\t\t\t\t\t\t\n\t\t\t\t\t\t\t\t\t\n\t\t\t\t\t\t\t\t\t\t<div class=\"descriptif\">\u00abSi muerto en el acto, en lugar de retiro\u00bb es con estas palabras que el Mariscal Joffre dirigi\u00f3 a&#8230;<\/div>\n\t\t\t\t\n\t\t\t\t\t\t\t\t\t\t\t\t\t\t\t\t\n\t\t\t\t\t\t\t\t\t\t<div class=\"wp-block-button\">\n\t\t\t\t\t<a class=\"wp-element-button rounded\" href=\"https:\/\/tourisme-en-champagne.com\/es\/activite\/musee-de-la-victoire-de-la-marne\/\" target=\"_blank\" aria-label=\"Saber m\u00e1s sobre Mus\u00e9e de la Victoire de la Marne\">M\u00e1s informaci\u00f3n<\/a>\n\t\t\t\t<\/div>\n\t\t\t \n\t\t<\/div>\n\t\t\n\n\t\t<\/article>\n\n\t\t\t\t\t\t<\/div>\n\t\t\t\t\t\t\t\t\t\t\t\t\t\t\t\t\t<div class=\"swiper-slide \">\n\t\t\t\t\t\t\t\n<article class=\"card card--activite stretched-link\" data-id=\"30444\" data-post-id-sync-map=\"30444\" >\n\t\n\t\t\n\t\t\t\t<div class=\"card__thumbnail has-middleground-background-color stack\">\n\t\t\t<img decoding=\"async\" width=\"2048\" src=\"https:\/\/cdt51.media.tourinsoft.eu\/upload\/7d19fe-ed5aa5d1c2d14044a8445ff5474239d2.png\" class=\"attachment- size-\" alt=\"Abbaye Notre Dame du Reclus\" srcset=\"https:\/\/cdt51.media.tourinsoft.eu\/upload\/7d19fe-ed5aa5d1c2d14044a8445ff5474239d2.png?width=400 400w, https:\/\/cdt51.media.tourinsoft.eu\/upload\/7d19fe-ed5aa5d1c2d14044a8445ff5474239d2.png?width=640 640w, https:\/\/cdt51.media.tourinsoft.eu\/upload\/7d19fe-ed5aa5d1c2d14044a8445ff5474239d2.png?width=768 768w, https:\/\/cdt51.media.tourinsoft.eu\/upload\/7d19fe-ed5aa5d1c2d14044a8445ff5474239d2.png?width=1280 1280w, https:\/\/cdt51.media.tourinsoft.eu\/upload\/7d19fe-ed5aa5d1c2d14044a8445ff5474239d2.png?width=1536&amp;height=1536 1536w, https:\/\/cdt51.media.tourinsoft.eu\/upload\/7d19fe-ed5aa5d1c2d14044a8445ff5474239d2.png?width=2048&amp;height=2048 2048w\" sizes=\"(max-width: 2048px) 100vw, 2048px\" title=\"\">\t\t<\/div>\n\t\n\t\t<div class=\"card__content\">\n\t\t\t\n\t\t\t\t\t\t\t\t\t\n\t\t\t\t\t\t\t\t\t\n\t\t\t\t\t\t<h3 class=\"title wp-block-heading is-style-h3\">\n\t\t\t\t<a href=\"https:\/\/tourisme-en-champagne.com\/es\/activite\/abbaye-notre-dame-du-reclus\/\" target=\"_blank\">Abbaye Notre Dame du Reclus<\/a>\t\t\t\t\t\t\t<\/h3>\n\t\t\t\n\t\t\t\t\t\t\t\t\t\n\t\t\t\t\t\t<div class=\"underlined\"><\/div>\n\t\t\n\t\t\t\t\t\t\t\t\t\t<div class=\"location\">\n\t\t\t\t\tTalus-Saint-Prix\t\t\t\t<\/div>\n\t\t\t\t\t\t\n\t\t\t\t\t\t\t\t\t\n\t\t\t\t\t\t\t\t\t\n\t\t\t\t\t\t\t\t\t\n\t\t\t\t\t\t\t\t\t\t<div class=\"descriptif\">En una zona verde relajante y conservado, Abad\u00eda cisterciense de Nuestra Se\u00f1ora reclusa fue funda&#8230;<\/div>\n\t\t\t\t\n\t\t\t\t\t\t\t\t\t\t\t\t\t\t\t\t\n\t\t\t\t\t\t\t\t\t\t<div class=\"wp-block-button\">\n\t\t\t\t\t<a class=\"wp-element-button rounded\" href=\"https:\/\/tourisme-en-champagne.com\/es\/activite\/abbaye-notre-dame-du-reclus\/\" target=\"_blank\" aria-label=\"Saber m\u00e1s sobre Abbaye Notre Dame du Reclus\">M\u00e1s informaci\u00f3n<\/a>\n\t\t\t\t<\/div>\n\t\t\t \n\t\t<\/div>\n\t\t\n\n\t\t<\/article>\n\n\t\t\t\t\t\t<\/div>\n\t\t\t\t\t\t\t\t\t\t\t\t\t\t<\/div>\n\t\t\t\t\n\t\t\t\t<div class=\"swiper-buttons\">\n\t\t\t\t\t<div class=\"swiper-button-prev\"><\/div>\n\t\t\t\t\t<div class=\"swiper-button-next\"><\/div>\n\t\t\t\t<\/div>\n\t\t\t<\/div>\n\t\t<\/div>\n\t\n<\/section>\n","protected":false},"excerpt":{"rendered":"<p>CHAMP\u00c1N, NATURALEZA Y PATRIMONIO ENTRE VI\u00d1EDOS, BOSQUES, MARISMAS Y LAGOS En la prolongaci\u00f3n de los vi\u00f1edos de la C\u00f4te des Blancs, al suroeste de Epernay, los Coteaux du S\u00e9zannais y Petit-Morin te ofrecen la posibilidad de descubrir un riqu\u00edsimo patrimonio vit\u00edcola, hist\u00f3rico, arquitect\u00f3nico y natural. En este reino del Chardonnay, casi 300 viticultores trabajan las [&hellip;]<\/p>\n","protected":false},"author":2,"featured_media":0,"parent":20615,"menu_order":0,"comment_status":"closed","ping_status":"closed","template":"templates\/accueil-espace.php","meta":{"_acf_changed":false,"footnotes":"","_links_to":"","_links_to_target":""},"class_list":["post-20324","page","type-page","status-publish","hentry"],"acf":[],"_links":{"self":[{"href":"https:\/\/tourisme-en-champagne.com\/es\/wp-json\/wp\/v2\/pages\/20324","targetHints":{"allow":["GET"]}}],"collection":[{"href":"https:\/\/tourisme-en-champagne.com\/es\/wp-json\/wp\/v2\/pages"}],"about":[{"href":"https:\/\/tourisme-en-champagne.com\/es\/wp-json\/wp\/v2\/types\/page"}],"author":[{"embeddable":true,"href":"https:\/\/tourisme-en-champagne.com\/es\/wp-json\/wp\/v2\/users\/2"}],"replies":[{"embeddable":true,"href":"https:\/\/tourisme-en-champagne.com\/es\/wp-json\/wp\/v2\/comments?post=20324"}],"version-history":[{"count":1,"href":"https:\/\/tourisme-en-champagne.com\/es\/wp-json\/wp\/v2\/pages\/20324\/revisions"}],"predecessor-version":[{"id":20332,"href":"https:\/\/tourisme-en-champagne.com\/es\/wp-json\/wp\/v2\/pages\/20324\/revisions\/20332"}],"up":[{"embeddable":true,"href":"https:\/\/tourisme-en-champagne.com\/es\/wp-json\/wp\/v2\/pages\/20615"}],"wp:attachment":[{"href":"https:\/\/tourisme-en-champagne.com\/es\/wp-json\/wp\/v2\/media?parent=20324"}],"curies":[{"name":"wp","href":"https:\/\/api.w.org\/{rel}","templated":true}]}}