{"id":20314,"date":"2025-06-30T17:43:15","date_gmt":"2025-06-30T15:43:15","guid":{"rendered":"https:\/\/tourisme-en-champagne.com\/una-escapada-resplandeciente-para-los-guinard\/"},"modified":"2026-08-21T01:20:06","modified_gmt":"2026-08-20T23:20:06","slug":"una-escapada-resplandeciente-para-los-guinard","status":"publish","type":"page","link":"https:\/\/tourisme-en-champagne.com\/es\/actividades-y-visitas\/cultura-y-patrimonio\/palabras-del-embajador\/una-escapada-resplandeciente-para-los-guinard\/","title":{"rendered":"Una escapada resplandeciente para los Guinard"},"content":{"rendered":"\n<section class=\"wp-block-group alignfull pattern-documentary-space accent-1 has-base-background-color has-background has-global-padding is-content-justification-center is-layout-constrained wp-block-group-is-layout-constrained\" style=\"padding-top:0;padding-bottom:0\">\n<div class=\"wp-block-columns is-layout-flex wp-container-core-columns-is-layout-fdcf44e1 wp-block-columns-is-layout-flex\">\n<div class=\"wp-block-column is-layout-flow wp-block-column-is-layout-flow\">\n<h2 class=\"wp-block-heading\"><strong><strong><strong><strong>UN D\u00cdA EN BICICLETA ENTRE POUILLON Y EL MACIZO DE ST THIERRY CON LA FAMILIA GUINARD &#8211; N\u00ba 1<\/strong><\/strong><\/strong><\/strong><\/h2>\n\n\n\n<hr class=\"wp-block-separator has-text-color has-accent-1-color has-alpha-channel-opacity has-accent-1-background-color has-background\"\/>\n\n\n\n<p class=\"wp-block-paragraph\">\u00a1Junt\u00e9monos y descubramos la regi\u00f3n de Marne gracias a nuestros embajadores!<\/p>\n\n\n\n<h3 class=\"wp-block-heading has-accent-1-color has-text-color has-link-color wp-elements-089f117606a240da51663ca8dba085c7\"><strong>RETRATO DE FAMILIA<\/strong><\/h3>\n\n\n\n<p class=\"wp-block-paragraph\">Hoy seguimos a <strong>Emmanuelle y Laurent <\/strong>Guinard, y a sus 2 hijos, <strong>Jules<\/strong>, de 18 a\u00f1os, y <strong>Romane<\/strong>, de 16. Nuestra familia deportista vive en el campo, donde disfrutan de una vida sencilla. Todos disfrutan con una sonrisa de sus actividades favoritas: bricolaje, m\u00fasica o ciclismo, \u00a1la gran pasi\u00f3n de Jules!  <\/p>\n\n\n\n<h3 class=\"wp-block-heading has-accent-1-color has-text-color has-link-color wp-elements-f64c1fee87571b0cea6ad5ed86114a51\"><strong>Programa del d\u00eda<\/strong><\/h3>\n\n\n\n<ul class=\"wp-block-list\">\n<li>9.30 h: Paseo en bici con Les Escapades d&#8217;Eug\u00e8ne<\/li>\n\n\n\n<li>13.00 h: Picnic en Champagne Cuillier  <\/li>\n\n\n\n<li>15.00 h: Visita a las bodegas y vi\u00f1edos de Champagne Cuillier<\/li>\n<\/ul>\n<\/div>\n<\/div>\n<\/section>\n\n<section class=\"wp-block-group alignfull pattern-patchwork-3-texts-3-images has-global-padding is-layout-constrained wp-block-group-is-layout-constrained\">\n<div class=\"wp-block-columns is-layout-flex wp-container-core-columns-is-layout-63fbf5b9 wp-block-columns-is-layout-flex\">\n<div class=\"wp-block-column col-content is-layout-flow wp-block-column-is-layout-flow\" style=\"flex-basis:66.6%\">\n<p class=\"wp-block-paragraph\">El primer d\u00eda, la familia Guinard, a la que se uni\u00f3 Vilma, corresponsal finlandesa, comenz\u00f3 su viaje con un <strong>paseo en bici <\/strong>desde Saint-Brice-Courcelles. J\u00e9r\u00f4me, fundador de Escapades d&#8217;Eug\u00e8ne, les esperaba con 3 bicicletas el\u00e9ctricas, mientras que Laurent y Jules hab\u00edan previsto llevar sus propias bicicletas. En el programa: \u00a1unos 40 km de ciclismo por carreteras, v\u00edas verdes y bosques!  <\/p>\n\n\n\n<p class=\"wp-block-paragraph\"><em>\u00abJ\u00e9r\u00f4me <strong>adapt\u00f3 la ruta<\/strong> para cada persona en funci\u00f3n de las limitaciones del d\u00eda. Se nota que est\u00e1 acostumbrado, y<strong> escucha de verdad lo que tienes que decirle<\/strong><\/em> \u00ab, subraya Emmanuelle. \u00bb <em>Disfrutamos de la <strong>variedad de la ruta,<\/strong> con algunos tramos muy agradables a lo largo del canal, y otros a trav\u00e9s de <strong>pueblecitos muy bonitos<\/strong> en los que no hab\u00edamos estado antes <\/em>. <\/p>\n<\/div>\n\n\n\n<div class=\"wp-block-column is-layout-flow wp-block-column-is-layout-flow\">\n<figure class=\"wp-block-image size-full\"><img loading=\"lazy\" decoding=\"async\" width=\"300\" height=\"600\" src=\"https:\/\/tourisme-en-champagne.com\/assets\/uploads\/2025\/06\/journee-2-ambassadeurs-famille-guinard-cede-adt-marne-29.jpg\" alt=\"\" class=\"wp-image-12348\" title=\"\"><\/figure>\n\n\n\n<p class=\"wp-block-paragraph\">En d\u00e9but d\u2019apr\u00e8s-midi, la famille a poursuivi sa visite sur place, en partant \u00e0 la d\u00e9couverte du\u00a0<a href=\"https:\/\/tourisme-en-champagne.com\/activite\/champagne-cuillier-pere-et-fils\/\" data-type=\"activite\" data-id=\"8490\"><strong>Champagne Cuillier<\/strong><\/a>.<\/p>\n\n\n\n<p class=\"wp-block-paragraph\">\u00ab\u00a0<em><strong>Paulina<\/strong>, notre h\u00f4te, nous a emmen\u00e9s sur une parcelle de Pinot Meunier o\u00f9 ils pratiquent\u00a0<a href=\"https:\/\/tourisme-en-champagne.com\/reserver-en-ligne\/\" data-type=\"page\" data-id=\"2498\"><strong>l\u2019agroforesterie<\/strong><\/a>, une d\u00e9marche environnementale par la plantation d\u2019arbres. On ne connaissait pas du tout, c\u2019\u00e9tait\u00a0<strong>tr\u00e8s int\u00e9ressant<\/strong>. Vilma \u00e9tait enchant\u00e9e de d\u00e9couvrir la Champagne en\u00a0<strong>immersion<\/strong>, d\u2019autant plus que Paulina s\u2019est adapt\u00e9e en traduisant les explications pour elle en anglais<\/em>\u00a0\u00bb.<\/p>\n\n\n\n<p class=\"wp-block-paragraph\">La visite s\u2019est termin\u00e9e par une\u00a0<a href=\"https:\/\/tourisme-en-champagne.com\/reserver-en-ligne\/\" data-type=\"page\" data-id=\"2498\"><strong>d\u00e9gustation<\/strong><\/a>\u00a0des diff\u00e9rentes cuv\u00e9es de la maison. Mention sp\u00e9ciale pour la cuv\u00e9e Grande R\u00e9serve extra-brut, tr\u00e8s appr\u00e9ci\u00e9e avec son faible dosage en sucre\u00a0!<\/p>\n\n\n\n<p class=\"wp-block-paragraph\">El viaje de vuelta nos llev\u00f3 por el bosque (y bajo la lluvia) con unos divertidos singles* adaptados a las capacidades de cada uno.<\/p>\n\n\n\n<p class=\"wp-block-paragraph\"><em>\u00abPara nosotros no es un problema <strong>conducir cuando llueve<\/strong>, forma parte <strong>del juego<\/strong><\/em> \u00bb <em>,<\/em> sonr\u00ede Emmanuelle.<\/p>\n\n\n\n<p class=\"wp-block-paragraph\"><em>*senderos para bicicletas de monta\u00f1a<\/em><\/p>\n<\/div>\n\n\n\n<div class=\"wp-block-column is-layout-flow wp-block-column-is-layout-flow\">\n<figure class=\"wp-block-image size-full is-resized\"><img loading=\"lazy\" decoding=\"async\" width=\"300\" height=\"600\" src=\"https:\/\/tourisme-en-champagne.com\/assets\/uploads\/2025\/06\/journee-2-ambassadeurs-famille-guinard-ctfenat-adt-marne-30.jpg\" alt=\"\" class=\"wp-image-12353\" style=\"width:293px;height:auto\" title=\"\"><\/figure>\n\n\n\n<div class=\"wp-block-group col-content has-global-padding is-layout-constrained wp-block-group-is-layout-constrained\">\n<p class=\"wp-block-paragraph\">Malgr\u00e9 une m\u00e9t\u00e9o printani\u00e8re peu cl\u00e9mente, la famille a rejoint sans difficult\u00e9s le\u00a0<a href=\"https:\/\/tourisme-en-champagne.com\/activite\/champagne-cuillier-pere-et-fils\/\" data-type=\"activite\" data-id=\"8490\"><strong>Champagne Cuillier<\/strong><\/a>, \u00e0 Pouillon, pour une pause d\u00e9jeuner bien m\u00e9rit\u00e9e. Le\u00a0<strong>pique-nique<\/strong>\u00a0fait partie de la rando v\u00e9lo organis\u00e9e par Les Escapades d\u2019Eug\u00e8ne.<\/p>\n\n\n\n<p class=\"wp-block-paragraph\"><em>\u00ab\u00a1Una comida deliciosa para los aficionados al deporte de Good Truck! En el men\u00fa: bocadillos, ensalada y un postre de avena y almendras, sin olvidar una copa de champ\u00e1n. <\/em>\u00a1 <em> <strong>Fue una aut\u00e9ntica delicia!<\/strong> <\/em><\/p>\n\n\n\n<figure class=\"wp-block-image size-full\"><img loading=\"lazy\" decoding=\"async\" width=\"300\" height=\"300\" src=\"https:\/\/tourisme-en-champagne.com\/assets\/uploads\/2025\/06\/img-9889-1.jpg\" alt=\"\" class=\"wp-image-12323\" title=\"\"><\/figure>\n<\/div>\n<\/div>\n<\/div>\n<\/section>\n\n<section class=\"wp-block-group alignfull pattern-documentary-space has-base-background-color has-background has-global-padding is-content-justification-center is-layout-constrained wp-block-group-is-layout-constrained\" style=\"margin-top:var(--wp--preset--spacing--xx-large);padding-top:0;padding-bottom:0\">\n<div class=\"wp-block-columns is-layout-flex wp-container-core-columns-is-layout-fdcf44e1 wp-block-columns-is-layout-flex\">\n<div class=\"wp-block-column is-layout-flow wp-block-column-is-layout-flow\">\n<h2 class=\"wp-block-heading\"><strong>La \u00faltima palabra<\/strong><\/h2>\n\n\n\n<hr class=\"wp-block-separator has-text-color has-accent-3-color has-alpha-channel-opacity has-accent-3-background-color has-background\"\/>\n<\/div>\n<\/div>\n<\/section>\n\n<section class=\"wp-block-group alignfull pattern-citation has-middleground-background-color has-background has-global-padding is-layout-constrained wp-block-group-is-layout-constrained\" style=\"margin-top:var(--wp--preset--spacing--small);padding-top:var(--wp--preset--spacing--xx-large);padding-bottom:var(--wp--preset--spacing--xx-large)\">\n<div class=\"wp-block-columns is-layout-flex wp-container-core-columns-is-layout-fdcf44e1 wp-block-columns-is-layout-flex\">\n<div class=\"wp-block-column is-layout-flow wp-block-column-is-layout-flow\">\n<p class=\"wp-block-paragraph\"><strong><em><em>\u00abLo pasamos muy bien en familia, y estamos orgullosos de haber presentado as\u00ed nuestra regi\u00f3n a Vilma. Todo el mundo estaba encantado&#8230; \u00a1y cansado!<\/em><\/em><\/strong><\/p>\n\n\n\n<p class=\"wp-block-paragraph\">Emmanuelle, Laurent, Jules y Romane<\/p>\n<\/div>\n<\/div>\n<\/section>\n\n<section class=\"wp-block-group alignfull pattern-playlist-grid has-global-padding is-layout-constrained wp-block-group-is-layout-constrained\" style=\"padding-top:0;padding-bottom:0\">\n<h2 class=\"wp-block-heading has-text-align-center\"><strong>M\u00c1S DESCUBRIMIENTOS<\/strong><\/h2>\n\n\n\n<hr class=\"wp-block-separator has-text-color has-accent-3-color has-alpha-channel-opacity has-accent-3-background-color has-background\"\/>\n\n\n\n<p class=\"has-text-align-center wp-block-paragraph\">\u00a1Haz este recorrido y descubre el Marne!<\/p>\n\n\n\t\t\t<div class=\"fsgb-block-playlist playlist-grid is-style-grid\"  style=\"margin-top:var(--wp--preset--spacing--x-large);\">\n\t\t\t\t\n\t\t\t\n\t\t\t<div class=\"swiper swiperPlaylistGrid\">\n\n\t\t\t\t<div class=\"swiper-wrapper posts-count-1\">\n\t\t\t\t\t\t\t\t\t\t\t\t\t\t\t\t\t<div class=\"swiper-slide lonely-swiper-slide\">\n\t\t\t\t\t\t\t\n<article class=\"card card--activite stretched-link\" data-id=\"29937\" data-post-id-sync-map=\"29937\" >\n\t\n\t\t\n\t\t\t\t<div class=\"card__thumbnail has-middleground-background-color stack\">\n\t\t\t<img decoding=\"async\" width=\"2048\" src=\"https:\/\/cdt51.media.tourinsoft.eu\/upload\/-DSC1327.jpg\" class=\"attachment- size-\" alt=\"Champagne Cuillier P\u00e8re et Fils\" srcset=\"https:\/\/cdt51.media.tourinsoft.eu\/upload\/-DSC1327.jpg?width=400 400w, https:\/\/cdt51.media.tourinsoft.eu\/upload\/-DSC1327.jpg?width=640 640w, https:\/\/cdt51.media.tourinsoft.eu\/upload\/-DSC1327.jpg?width=768 768w, https:\/\/cdt51.media.tourinsoft.eu\/upload\/-DSC1327.jpg?width=1280 1280w, https:\/\/cdt51.media.tourinsoft.eu\/upload\/-DSC1327.jpg?width=1536&amp;height=1536 1536w, https:\/\/cdt51.media.tourinsoft.eu\/upload\/-DSC1327.jpg?width=2048&amp;height=2048 2048w\" sizes=\"(max-width: 2048px) 100vw, 2048px\" title=\"\">\t\t<\/div>\n\t\n\t\t<div class=\"card__content\">\n\t\t\t\n\t\t\t\t\t\t\t\t\t\n\t\t\t\t\t\t\t\t\t\n\t\t\t\t\t\t<h3 class=\"title wp-block-heading is-style-h3\">\n\t\t\t\t<a href=\"https:\/\/tourisme-en-champagne.com\/es\/activite\/champagne-cuillier-pere-et-fils\/\" target=\"_blank\">Champagne Cuillier P\u00e8re et Fils<\/a>\t\t\t\t\t\t\t<\/h3>\n\t\t\t\n\t\t\t\t\t\t\t\t\t\n\t\t\t\t\t\t<div class=\"underlined\"><\/div>\n\t\t\n\t\t\t\t\t\t\t\t\t\t<div class=\"location\">\n\t\t\t\t\tPouillon\t\t\t\t<\/div>\n\t\t\t\t\t\t\n\t\t\t\t\t\t\t\t\t\n\t\t\t\t\t\t\t\t\t\n\t\t\t\t\t\t\t\t\t\n\t\t\t\t\t\t\t\t\t\t<div class=\"descriptif\">La granja de la familia Cuillier P\u00e8re &#038; Fils ofrece una degustaci\u00f3n de sus vinos en su bodega.\r\rL&#8230;<\/div>\n\t\t\t\t\n\t\t\t\t\t\t\t\t\t\t\t\t\t\t\t\t\n\t\t\t\t\t\t\t\t\t\t<div class=\"wp-block-button\">\n\t\t\t\t\t<a class=\"wp-element-button rounded\" href=\"https:\/\/tourisme-en-champagne.com\/es\/activite\/champagne-cuillier-pere-et-fils\/\" target=\"_blank\"\n\t\t\t\t\t\taria-label=\"Saber m\u00e1s sobre Champagne Cuillier P\u00e8re et Fils\">M\u00e1s informaci\u00f3n<\/a>\n\t\t\t\t<\/div>\n\t\t\t \n\t\t<\/div>\n\t\t\n\n\t\t<\/article>\n\n\t\t\t\t\t\t<\/div>\n\t\t\t\t\t\t\t\t\t\t\t\t\t\t<\/div>\n\t\t\t\t\n\t\t\t\t<div class=\"swiper-buttons\">\n\t\t\t\t\t<div class=\"swiper-button-prev\"><\/div>\n\t\t\t\t\t<div class=\"swiper-button-next\"><\/div>\n\t\t\t\t<\/div>\n\t\t\t<\/div>\n\t\t<\/div>\n\t\n<\/section>\n","protected":false},"excerpt":{"rendered":"<p>UN D\u00cdA EN BICICLETA ENTRE POUILLON Y EL MACIZO DE ST THIERRY CON LA FAMILIA GUINARD &#8211; N\u00ba 1 \u00a1Junt\u00e9monos y descubramos la regi\u00f3n de Marne gracias a nuestros embajadores! RETRATO DE FAMILIA Hoy seguimos a Emmanuelle y Laurent Guinard, y a sus 2 hijos, Jules, de 18 a\u00f1os, y Romane, de 16. Nuestra familia [&hellip;]<\/p>\n","protected":false},"author":2,"featured_media":12332,"parent":20968,"menu_order":0,"comment_status":"closed","ping_status":"closed","template":"templates\/experience.php","meta":{"_acf_changed":false,"footnotes":"","_links_to":"","_links_to_target":""},"class_list":["post-20314","page","type-page","status-publish","has-post-thumbnail","hentry"],"acf":[],"_links":{"self":[{"href":"https:\/\/tourisme-en-champagne.com\/es\/wp-json\/wp\/v2\/pages\/20314","targetHints":{"allow":["GET"]}}],"collection":[{"href":"https:\/\/tourisme-en-champagne.com\/es\/wp-json\/wp\/v2\/pages"}],"about":[{"href":"https:\/\/tourisme-en-champagne.com\/es\/wp-json\/wp\/v2\/types\/page"}],"author":[{"embeddable":true,"href":"https:\/\/tourisme-en-champagne.com\/es\/wp-json\/wp\/v2\/users\/2"}],"replies":[{"embeddable":true,"href":"https:\/\/tourisme-en-champagne.com\/es\/wp-json\/wp\/v2\/comments?post=20314"}],"version-history":[{"count":4,"href":"https:\/\/tourisme-en-champagne.com\/es\/wp-json\/wp\/v2\/pages\/20314\/revisions"}],"predecessor-version":[{"id":30743,"href":"https:\/\/tourisme-en-champagne.com\/es\/wp-json\/wp\/v2\/pages\/20314\/revisions\/30743"}],"up":[{"embeddable":true,"href":"https:\/\/tourisme-en-champagne.com\/es\/wp-json\/wp\/v2\/pages\/20968"}],"wp:featuredmedia":[{"embeddable":true,"href":"https:\/\/tourisme-en-champagne.com\/es\/wp-json\/wp\/v2\/media\/12332"}],"wp:attachment":[{"href":"https:\/\/tourisme-en-champagne.com\/es\/wp-json\/wp\/v2\/media?parent=20314"}],"curies":[{"name":"wp","href":"https:\/\/api.w.org\/{rel}","templated":true}]}}