{"id":20081,"date":"2025-07-01T13:53:53","date_gmt":"2025-07-01T11:53:53","guid":{"rendered":"https:\/\/tourisme-en-champagne.com\/elige-champan\/"},"modified":"2025-11-28T16:02:28","modified_gmt":"2025-11-28T15:02:28","slug":"elige-champan","status":"publish","type":"page","link":"https:\/\/tourisme-en-champagne.com\/es\/oficina-de-la-convencion-de-champagne\/elige-champan\/","title":{"rendered":"Elige Champ\u00e1n"},"content":{"rendered":"\n<section class=\"wp-block-group alignfull pattern-text-100 has-base-background-color has-background has-global-padding is-layout-constrained wp-block-group-is-layout-constrained\" style=\"padding-top:0;padding-bottom:0\">\n<div class=\"wp-block-columns is-layout-flex wp-container-core-columns-is-layout-76802dfd wp-block-columns-is-layout-flex\" style=\"padding-bottom:var(--wp--preset--spacing--x-large)\">\n<div class=\"wp-block-column is-layout-flow wp-block-column-is-layout-flow\">\n<h2 class=\"wp-block-heading\"><strong>Y a\u00f1ade prestigio a tus eventos&#8230;<\/strong><\/h2>\n\n\n\n<hr class=\"wp-block-separator has-text-color has-grey-color has-alpha-channel-opacity has-grey-background-color has-background\"\/>\n\n\n\n<figure data-wp-context=\"{&quot;imageId&quot;:&quot;6a99a4c490b12&quot;}\" data-wp-interactive=\"core\/image\" data-wp-key=\"6a99a4c490b12\" class=\"wp-block-image aligncenter size-full wp-lightbox-container\"><img loading=\"lazy\" decoding=\"async\" width=\"600\" height=\"230\" data-wp-class--hide=\"state.isContentHidden\" data-wp-class--show=\"state.isContentVisible\" data-wp-init=\"callbacks.setButtonStyles\" data-wp-on--click=\"actions.showLightbox\" data-wp-on--load=\"callbacks.setButtonStyles\" data-wp-on--pointerdown=\"actions.preloadImage\" data-wp-on--pointerenter=\"actions.preloadImageWithDelay\" data-wp-on--pointerleave=\"actions.cancelPreload\" data-wp-on-window--resize=\"callbacks.setButtonStyles\" src=\"https:\/\/tourisme-en-champagne.com\/assets\/uploads\/2025\/07\/ccb-espace.png\" alt=\"\" class=\"wp-image-12949\" title=\"\" srcset=\"https:\/\/tourisme-en-champagne.com\/assets\/uploads\/2025\/07\/ccb-espace.png 600w, https:\/\/tourisme-en-champagne.com\/assets\/uploads\/2025\/07\/ccb-espace-400x153.png 400w\" sizes=\"auto, (max-width: 600px) 100vw, 600px\" \/><button\n\t\t\tclass=\"lightbox-trigger\"\n\t\t\ttype=\"button\"\n\t\t\taria-haspopup=\"dialog\"\n\t\t\tdata-wp-bind--aria-label=\"state.thisImage.triggerButtonAriaLabel\"\n\t\t\tdata-wp-init=\"callbacks.initTriggerButton\"\n\t\t\tdata-wp-on--click=\"actions.showLightbox\"\n\t\t\tdata-wp-style--right=\"state.thisImage.buttonRight\"\n\t\t\tdata-wp-style--top=\"state.thisImage.buttonTop\"\n\t\t>\n\t\t\t<svg xmlns=\"http:\/\/www.w3.org\/2000\/svg\" width=\"12\" height=\"12\" fill=\"none\" viewBox=\"0 0 12 12\">\n\t\t\t\t<path fill=\"#fff\" d=\"M2 0a2 2 0 0 0-2 2v2h1.5V2a.5.5 0 0 1 .5-.5h2V0H2Zm2 10.5H2a.5.5 0 0 1-.5-.5V8H0v2a2 2 0 0 0 2 2h2v-1.5ZM8 12v-1.5h2a.5.5 0 0 0 .5-.5V8H12v2a2 2 0 0 1-2 2H8Zm2-12a2 2 0 0 1 2 2v2h-1.5V2a.5.5 0 0 0-.5-.5H8V0h2Z\" \/>\n\t\t\t<\/svg>\n\t\t<\/button><\/figure>\n\n\n\n<p class=\"patterns-underline wp-block-paragraph\">Situado entre Ch\u00e2lons-en-Champagne, Epernay y Reims, ofrece un marco excepcional para tus eventos. Saca el m\u00e1ximo partido a un destino polifac\u00e9tico: urbano o natural, gastron\u00f3mico o cultural, el champ\u00e1n har\u00e1 de tu evento una experiencia \u00fanica.<\/p>\n\n\n\n<p class=\"wp-block-paragraph\"><strong>Conocida por sus productos excepcionales, la Champa\u00f1a es un destino ideal a s\u00f3lo 45 minutos en TGV de Par\u00eds.  <\/strong><\/p>\n\n\n\n<p class=\"wp-block-paragraph\">Las principales marcas de champ\u00e1n del mundo pueden ayudarte a organizar tus eventos, ofreci\u00e9ndote visitas a sus bodegas y acogiendo tus reuniones o fiestas en sus magn\u00edficos salones. Lugares sorprendentes, cenas divinas acompa\u00f1adas de champ\u00e1n&#8230; <\/p>\n\n\n\n<p class=\"wp-block-paragraph\">Castillos con car\u00e1cter, hoteles superiores o alojamientos econ\u00f3micos, en el coraz\u00f3n de los vi\u00f1edos o en el centro de la ciudad, m\u00e1s de 3.000 habitaciones est\u00e1n preparadas para recibirte y satisfacer tus necesidades.<\/p>\n\n\n\n<p class=\"patterns-underline wp-block-paragraph\"><strong>\u00a1Los profesionales del turismo de negocios y los vi\u00f1edos de Champa\u00f1a te esperan!<\/strong><\/p>\n<\/div>\n<\/div>\n<\/section>\n\n<section class=\"wp-block-group alignfull pattern-text-50-media-50-full has-brown-background-color has-background has-global-padding is-content-justification-center is-layout-constrained wp-block-group-is-layout-constrained\" style=\"padding-top:0;padding-bottom:0\">\n<div class=\"wp-block-columns alignfull are-vertically-aligned-center is-layout-flex wp-container-core-columns-is-layout-addd0515 wp-block-columns-is-layout-flex\">\n<div class=\"wp-block-column is-vertically-aligned-center col-content is-layout-flow wp-block-column-is-layout-flow\" style=\"flex-basis:50%\">\n<h2 class=\"wp-block-heading\"><strong>Una amplia gama de instalaciones adaptadas a tus necesidades<\/strong><\/h2>\n\n\n\n<hr class=\"wp-block-separator has-text-color has-grey-color has-alpha-channel-opacity has-grey-background-color has-background\"\/>\n\n\n\n<h3 class=\"wp-block-heading has-base-color has-text-color has-link-color wp-elements-9be7f2f48e2bd9d847910ea6df59f1cb\">Aprovecha las cinco grandes instalaciones para celebrar tus eventos, congresos y convenciones:<\/h3>\n\n\n\n<ul class=\"wp-block-list\">\n<li class=\"has-base-color has-text-color has-link-color wp-elements-2ecf0441b12b0eef45fc35c541c08c3f\"><strong>El Palacio de Congresos<\/strong> est\u00e1 idealmente situado en el centro de Reims, con 2 anfiteatros, una gran nave de 2.500 m\u00b2 y 12 salas de comit\u00e9s.<\/li>\n\n\n\n<li class=\"has-base-color has-text-color has-link-color wp-elements-34a3bc875960718a96d9343dd8fcdf60\"><strong>El Parque de Exposiciones de Reims: una <\/strong>excelente infraestructura compuesta por 2 grandes pabellones modulares de 4.200 m\u00b2 y 6.800 m\u00b2, en un terreno de 62.980 m\u00b2.  <\/li>\n\n\n\n<li class=\"has-base-color has-text-color has-link-color wp-elements-218b37ff3abfe1f0fbbc975c6299100b\"><strong>La Arena de Reims: Una <\/strong>instalaci\u00f3n en el centro de la ciudad con capacidad para convenciones de hasta 5.000 personas, 12 palcos VIP y salones de lujo y una zona de recepci\u00f3n de 141 m2.  <\/li>\n\n\n\n<li class=\"has-base-color has-text-color has-link-color wp-elements-761665bbd9227110a7675aa2c7e61883\"><strong>El \u00abMill\u00e9sium\u00bb de Epernay <\/strong>cuenta con una gran sala de exposiciones de 4.500 m\u00b2, un entresuelo fijo de 700 plazas y salas de reuniones de hasta 80 personas.<\/li>\n\n\n\n<li class=\"has-base-color has-text-color has-link-color wp-elements-89f7dfd72aac9a744138d1ba80bd5cf5\"><strong>Le Capitole\u00bb en Ch\u00e2lons-en-Champagne <\/strong>, con una gran capacidad para ferias y exposiciones, con 4 pabellones de 2.200 m\u00b2 a 6.200 m\u00b2, y una zona de conferencias para hasta 800 personas sentadas, en un terreno total de 90.000 m\u00b2.<\/li>\n<\/ul>\n<\/div>\n\n\n\n<div class=\"wp-block-column is-vertically-aligned-center col-media is-layout-flow wp-block-column-is-layout-flow\" style=\"flex-basis:50%\">\n<figure class=\"wp-block-embed is-type-video is-provider-youtube wp-block-embed-youtube wp-embed-aspect-16-9 wp-has-aspect-ratio\"><div class=\"wp-block-embed__wrapper\">\n<iframe loading=\"lazy\" title=\"My Champagne experience\" width=\"500\" height=\"281\" src=\"https:\/\/www.youtube.com\/embed\/N-odH9LbxAk?feature=oembed\" frameborder=\"0\" allow=\"accelerometer; autoplay; clipboard-write; encrypted-media; gyroscope; picture-in-picture; web-share\" referrerpolicy=\"strict-origin-when-cross-origin\" allowfullscreen><\/iframe>\n<\/div><\/figure>\n<\/div>\n<\/div>\n<\/section>\n\n<section class=\"wp-block-group alignfull pattern-citation has-brown-background-color has-background has-global-padding is-layout-constrained wp-block-group-is-layout-constrained\" style=\"padding-top:var(--wp--preset--spacing--xx-large);padding-bottom:var(--wp--preset--spacing--xx-large)\">\n<div class=\"wp-block-columns is-layout-flex wp-container-core-columns-is-layout-fdcf44e1 wp-block-columns-is-layout-flex\">\n<div class=\"wp-block-column is-layout-flow wp-block-column-is-layout-flow\">\n<h3 class=\"wp-block-heading has-base-color has-text-color has-link-color wp-elements-a2478ff1847a77169c35ad914509e6c4\"><em>La regi\u00f3n de Champa\u00f1a tambi\u00e9n dispone de<strong> muchas otras salas para tus reuniones y seminarios en hoteles, vi\u00f1edos, casas de champ\u00e1n, museos, etc.<\/strong><\/em><\/h3>\n\n\n\n<h3 class=\"wp-block-heading has-base-color has-text-color has-link-color wp-elements-1a3ddeac5e006e8033baf43fa2fd75f7\"><em>Sean cuales sean tus necesidades, podemos satisfacerlas.<\/em><\/h3>\n<\/div>\n<\/div>\n<\/section>\n\n<section class=\"wp-block-group alignfull pattern-text-50-media-50 has-global-padding is-layout-constrained wp-block-group-is-layout-constrained\">\n<div class=\"wp-block-columns is-layout-flex wp-container-core-columns-is-layout-63fbf5b9 wp-block-columns-is-layout-flex\">\n<div class=\"wp-block-column is-layout-flow wp-block-column-is-layout-flow\">\n<h2 class=\"wp-block-heading\"><strong>5.000 habitaciones de hotel en<br\/><\/strong><\/h2>\n\n\n\n<hr class=\"wp-block-separator has-text-color has-grey-color has-alpha-channel-opacity has-grey-background-color has-background\"\/>\n\n\n\n<h3 class=\"wp-block-heading\">Para tu comodidad y la de tus clientes, la regi\u00f3n de Champa\u00f1a dispone de una amplia gama de hoteles, de 1 a 5 estrellas, situados en el centro urbano, en las afueras o en el coraz\u00f3n de los vi\u00f1edos.<\/h3>\n\n\n\n<p class=\"wp-block-paragraph\">Las encantadoras residencias y castillos ser\u00e1n paradas excepcionales en tu viaje de negocios.<\/p>\n\n\n\n<ul class=\"wp-block-list\">\n<li><strong>Reims <\/strong>y sus alrededores cuentan con m\u00e1s de 2.000 habitaciones,<\/li>\n\n\n\n<li><strong>En<\/strong> <strong>Ch\u00e2lons-en-Champagne<\/strong> se ofrecen casi 700 habitaciones,<\/li>\n\n\n\n<li>Hay unas 600 habitaciones <strong>en<\/strong> <strong>la zona de Epernay<\/strong>.<\/li>\n<\/ul>\n\n\n\n<p class=\"wp-block-paragraph\">La regi\u00f3n de Champa\u00f1a cuenta con 7 hoteles de 5 estrellas (unas 250 habitaciones), 12 hoteles de 4 estrellas (unas 930 habitaciones) y 40 hoteles de 3 estrellas (unas 1.870 habitaciones).<\/p>\n\n\n\n<p class=\"wp-block-paragraph\">La oficina de congresos de Champagne puede ayudarte a encontrar el alojamiento adecuado a tus necesidades.<\/p>\n\n\n\n<div class=\"wp-block-buttons is-layout-flex wp-block-buttons-is-layout-flex\">\n<div class=\"wp-block-button\"><a class=\"wp-block-button__link has-base-color has-grey-background-color has-text-color has-background has-link-color wp-element-button\" href=\"https:\/\/tourisme-en-champagne.com\/es\/oficina-de-la-convencion-de-champagne\/alojamiento\/\">M\u00e1s informaci\u00f3n<\/a><\/div>\n<\/div>\n<\/div>\n\n\n\n<div class=\"wp-block-column is-layout-flow wp-block-column-is-layout-flow\">\n<figure class=\"wp-block-image size-full\"><img loading=\"lazy\" decoding=\"async\" width=\"485\" height=\"726\" src=\"https:\/\/tourisme-en-champagne.com\/assets\/uploads\/2025\/07\/chateau-de-sacy.jpg\" alt=\"\" class=\"wp-image-12959\" title=\"\" srcset=\"https:\/\/tourisme-en-champagne.com\/assets\/uploads\/2025\/07\/chateau-de-sacy.jpg 485w, https:\/\/tourisme-en-champagne.com\/assets\/uploads\/2025\/07\/chateau-de-sacy-400x599.jpg 400w\" sizes=\"auto, (max-width: 485px) 100vw, 485px\" \/><\/figure>\n<\/div>\n<\/div>\n<\/section>\n\n<section style=\"background-image:url(&apos;https:\/\/tourisme-en-champagne.com\/assets\/uploads\/2025\/07\/la-briqueterie-vinaycla-briqueterie4.jpg&apos;);background-position:50% 50%;background-size:cover;background-attachment:scroll;\" class=\"wp-block-group alignfull pattern-text-50-right-background has-base-color has-text-color has-link-color wp-elements-76538d8183bedb4747ba1166b57fa37f has-global-padding is-layout-constrained wp-block-group-is-layout-constrained has-background\">\n<div class=\"wp-block-columns is-layout-flex wp-container-core-columns-is-layout-fdcf44e1 wp-block-columns-is-layout-flex\">\n<div class=\"wp-block-column is-layout-flow wp-block-column-is-layout-flow\"><\/div>\n\n\n\n<div class=\"wp-block-column is-layout-flow wp-block-column-is-layout-flow\">\n<h2 class=\"wp-block-heading\"><strong>Una parada gastron\u00f3mica<\/strong><\/h2>\n\n\n\n<hr class=\"wp-block-separator has-text-color has-base-color has-alpha-channel-opacity has-base-background-color has-background\"\/>\n\n\n\n<h3 class=\"wp-block-heading\">\u00a1EL CHAMP\u00c1N NO ES S\u00d3LO CHAMP\u00c1N!<\/h3>\n\n\n\n<p class=\"wp-block-paragraph\">Adem\u00e1s del champ\u00e1n, el destino cuenta con una gran riqueza de especialidades culinarias, que los mejores chefs exhiben en sus restaurantes gourmet.<\/p>\n\n\n\n<p class=\"wp-block-paragraph\"><strong>6 restaurantes con estrellas Michelin <\/strong>te proporcionar\u00e1n comidas de primera clase para deleitar a tus clientes.<\/p>\n\n\n\n<p class=\"wp-block-paragraph\">Nuestros servicios de catering realzar\u00e1n tus recepciones con comidas o buffets excepcionales. Profesionales y exigentes en cuanto a la calidad de los productos, satisfar\u00e1n todas tus necesidades. <\/p>\n<\/div>\n<\/div>\n<\/section>\n\n<section class=\"wp-block-group alignfull pattern-text-50-media-50 has-global-padding is-layout-constrained wp-block-group-is-layout-constrained\">\n<div class=\"wp-block-columns is-layout-flex wp-container-core-columns-is-layout-63fbf5b9 wp-block-columns-is-layout-flex\">\n<div class=\"wp-block-column is-layout-flow wp-block-column-is-layout-flow\">\n<figure class=\"wp-block-image size-full\"><img loading=\"lazy\" decoding=\"async\" width=\"485\" height=\"726\" src=\"https:\/\/tourisme-en-champagne.com\/assets\/uploads\/2025\/07\/cathedrale-reimscapansieri-collcdt-marne-4.jpg\" alt=\"\" class=\"wp-image-12939\" title=\"\" srcset=\"https:\/\/tourisme-en-champagne.com\/assets\/uploads\/2025\/07\/cathedrale-reimscapansieri-collcdt-marne-4.jpg 485w, https:\/\/tourisme-en-champagne.com\/assets\/uploads\/2025\/07\/cathedrale-reimscapansieri-collcdt-marne-4-400x599.jpg 400w\" sizes=\"auto, (max-width: 485px) 100vw, 485px\" \/><\/figure>\n<\/div>\n\n\n\n<div class=\"wp-block-column is-layout-flow wp-block-column-is-layout-flow\">\n<h2 class=\"wp-block-heading\"><strong>Patrimonio arquitect\u00f3nico e hist\u00f3rico<\/strong><\/h2>\n\n\n\n<hr class=\"wp-block-separator has-text-color has-grey-color has-alpha-channel-opacity has-grey-background-color has-background\"\/>\n\n\n\n<h3 class=\"wp-block-heading\">6 lugares declarados Patrimonio de la Humanidad por la UNESCO<\/h3>\n\n\n\n<p class=\"wp-block-paragraph\">Las ciudades de Ch\u00e2lons-en-Champagne, Epernay y Reims poseen un magn\u00edfico patrimonio arquitect\u00f3nico que puedes descubrir f\u00e1cilmente en visitas guiadas o, para algo m\u00e1s original, en una b\u00fasqueda del tesoro.<\/p>\n\n\n\n<p class=\"wp-block-paragraph\"><strong>6 lugares de Champa\u00f1a est\u00e1n inscritos en la Lista del Patrimonio Mundial de la UNESCO<\/strong>, entre ellos la Catedral de Reims y el Palacio del Tau, Notre Dame en Vaux en Ch\u00e2lons-en-Champagne&#8230;<\/p>\n\n\n\n<p class=\"wp-block-paragraph\">Adem\u00e1s de su patrimonio arquitect\u00f3nico, los monumentos y museos de la regi\u00f3n ponen de relieve una p\u00e1gina de la historia de Francia que dej\u00f3 huella en la regi\u00f3n: las Guerras Mundiales.<\/p>\n\n\n\n<p class=\"wp-block-paragraph\">Otros lugares culturales presentan la artesan\u00eda local y la historia de Champagne. El registro de los <strong>Coteaux, Maisons et Caves de Champagne <\/strong>en julio de 2015 es la verdadera expresi\u00f3n de la acci\u00f3n del hombre y la naturaleza.   <\/p>\n\n\n\n<div class=\"wp-block-buttons is-layout-flex wp-block-buttons-is-layout-flex\">\n<div class=\"wp-block-button\"><a class=\"wp-block-button__link has-base-color has-grey-background-color has-text-color has-background has-link-color wp-element-button\" href=\"https:\/\/tourisme-en-champagne.com\/es\/champan-y-unesco\/\">M\u00e1s informaci\u00f3n<\/a><\/div>\n<\/div>\n<\/div>\n<\/div>\n<\/section>\n\n<section class=\"wp-block-group alignfull pattern-media-100-full has-background has-global-padding is-layout-constrained wp-container-core-group-is-layout-7cf01583 wp-block-group-is-layout-constrained\" style=\"padding-top:0;padding-right:0;padding-bottom:0;padding-left:0\">\t<div class=\"fsgb-block-slider swiper is-style-fullwidth alignfull\"  >\n\t\t<div class=\"swiper-wrapper\">\n\t\t\t\t\t\t\t\t\t\t\t\t<div class=\"fsgb-block-slider__slide swiper-slide\">\n\t\t\t\t\t\t<img loading=\"lazy\" decoding=\"async\" width=\"400\" height=\"125\" src=\"https:\/\/tourisme-en-champagne.com\/assets\/uploads\/2025\/07\/mercier-caves-2-400x125.jpg\" class=\"attachment-thumbnail size-thumbnail\" alt=\"\" srcset=\"https:\/\/tourisme-en-champagne.com\/assets\/uploads\/2025\/07\/mercier-caves-2-400x125.jpg 400w, https:\/\/tourisme-en-champagne.com\/assets\/uploads\/2025\/07\/mercier-caves-2-640x200.jpg 640w, https:\/\/tourisme-en-champagne.com\/assets\/uploads\/2025\/07\/mercier-caves-2-1280x400.jpg 1280w, https:\/\/tourisme-en-champagne.com\/assets\/uploads\/2025\/07\/mercier-caves-2-768x240.jpg 768w, https:\/\/tourisme-en-champagne.com\/assets\/uploads\/2025\/07\/mercier-caves-2-1536x480.jpg 1536w, https:\/\/tourisme-en-champagne.com\/assets\/uploads\/2025\/07\/mercier-caves-2.jpg 1920w\" sizes=\"auto, (max-width: 400px) 100vw, 400px\" title=\"\">\t\t\t\t\t\t<div class=\"caption\"><\/div>\n\t\t\t\t\t\t\t\t\t\t\t\t<strong><\/strong>\n\t\t\t\t\t\t\t\t\t\t\t\t\t\t\t\t\t\t\t\t\t\t\t<\/div>\n\t\t\t\t\t\t\t\t\t\t\t\t\t\t\t\t<div class=\"fsgb-block-slider__slide swiper-slide\">\n\t\t\t\t\t\t<img loading=\"lazy\" decoding=\"async\" width=\"400\" height=\"125\" src=\"https:\/\/tourisme-en-champagne.com\/assets\/uploads\/2025\/07\/raisin-vendangescegoulet-colladt-marne1-400x125.jpg\" class=\"attachment-thumbnail size-thumbnail\" alt=\"\" srcset=\"https:\/\/tourisme-en-champagne.com\/assets\/uploads\/2025\/07\/raisin-vendangescegoulet-colladt-marne1-400x125.jpg 400w, https:\/\/tourisme-en-champagne.com\/assets\/uploads\/2025\/07\/raisin-vendangescegoulet-colladt-marne1-640x200.jpg 640w, https:\/\/tourisme-en-champagne.com\/assets\/uploads\/2025\/07\/raisin-vendangescegoulet-colladt-marne1-1280x400.jpg 1280w, https:\/\/tourisme-en-champagne.com\/assets\/uploads\/2025\/07\/raisin-vendangescegoulet-colladt-marne1-768x240.jpg 768w, https:\/\/tourisme-en-champagne.com\/assets\/uploads\/2025\/07\/raisin-vendangescegoulet-colladt-marne1-1536x480.jpg 1536w, https:\/\/tourisme-en-champagne.com\/assets\/uploads\/2025\/07\/raisin-vendangescegoulet-colladt-marne1.jpg 1920w\" sizes=\"auto, (max-width: 400px) 100vw, 400px\" title=\"\">\t\t\t\t\t\t<div class=\"caption\"><\/div>\n\t\t\t\t\t\t\t\t\t\t\t\t<strong><\/strong>\n\t\t\t\t\t\t\t\t\t\t\t\t\t\t\t\t\t\t\t\t\t\t\t<\/div>\n\t\t\t\t\t\t\t\t\t\t\t\t\t\t\t\t<div class=\"fsgb-block-slider__slide swiper-slide\">\n\t\t\t\t\t\t<img loading=\"lazy\" decoding=\"async\" width=\"400\" height=\"125\" src=\"https:\/\/tourisme-en-champagne.com\/assets\/uploads\/2025\/07\/champagne-taittigner-reimscegoulet-colladt-marne3-400x125.jpg\" class=\"attachment-thumbnail size-thumbnail\" alt=\"\" srcset=\"https:\/\/tourisme-en-champagne.com\/assets\/uploads\/2025\/07\/champagne-taittigner-reimscegoulet-colladt-marne3-400x125.jpg 400w, https:\/\/tourisme-en-champagne.com\/assets\/uploads\/2025\/07\/champagne-taittigner-reimscegoulet-colladt-marne3-640x200.jpg 640w, https:\/\/tourisme-en-champagne.com\/assets\/uploads\/2025\/07\/champagne-taittigner-reimscegoulet-colladt-marne3-1280x400.jpg 1280w, https:\/\/tourisme-en-champagne.com\/assets\/uploads\/2025\/07\/champagne-taittigner-reimscegoulet-colladt-marne3-768x240.jpg 768w, https:\/\/tourisme-en-champagne.com\/assets\/uploads\/2025\/07\/champagne-taittigner-reimscegoulet-colladt-marne3-1536x480.jpg 1536w, https:\/\/tourisme-en-champagne.com\/assets\/uploads\/2025\/07\/champagne-taittigner-reimscegoulet-colladt-marne3.jpg 1920w\" sizes=\"auto, (max-width: 400px) 100vw, 400px\" title=\"\">\t\t\t\t\t\t<div class=\"caption\"><\/div>\n\t\t\t\t\t\t\t\t\t\t\t\t<strong><\/strong>\n\t\t\t\t\t\t\t\t\t\t\t\t\t\t\t\t\t\t\t\t\t\t\t<\/div>\n\t\t\t\t\t\t\t\t\t\t\t\t\t\t\t\t<div class=\"fsgb-block-slider__slide swiper-slide\">\n\t\t\t\t\t\t<img loading=\"lazy\" decoding=\"async\" width=\"400\" height=\"125\" src=\"https:\/\/tourisme-en-champagne.com\/assets\/uploads\/2025\/07\/notre-dame-en-vaux-chalons-en-champagnecteddy-picaude-0-400x125.jpg\" class=\"attachment-thumbnail size-thumbnail\" alt=\"\" srcset=\"https:\/\/tourisme-en-champagne.com\/assets\/uploads\/2025\/07\/notre-dame-en-vaux-chalons-en-champagnecteddy-picaude-0-400x125.jpg 400w, https:\/\/tourisme-en-champagne.com\/assets\/uploads\/2025\/07\/notre-dame-en-vaux-chalons-en-champagnecteddy-picaude-0-640x200.jpg 640w, https:\/\/tourisme-en-champagne.com\/assets\/uploads\/2025\/07\/notre-dame-en-vaux-chalons-en-champagnecteddy-picaude-0-1280x400.jpg 1280w, https:\/\/tourisme-en-champagne.com\/assets\/uploads\/2025\/07\/notre-dame-en-vaux-chalons-en-champagnecteddy-picaude-0-768x240.jpg 768w, https:\/\/tourisme-en-champagne.com\/assets\/uploads\/2025\/07\/notre-dame-en-vaux-chalons-en-champagnecteddy-picaude-0-1536x480.jpg 1536w, https:\/\/tourisme-en-champagne.com\/assets\/uploads\/2025\/07\/notre-dame-en-vaux-chalons-en-champagnecteddy-picaude-0.jpg 1920w\" sizes=\"auto, (max-width: 400px) 100vw, 400px\" title=\"\">\t\t\t\t\t\t<div class=\"caption\"><\/div>\n\t\t\t\t\t\t\t\t\t\t\t\t<strong><\/strong>\n\t\t\t\t\t\t\t\t\t\t\t\t\t\t\t\t\t\t\t\t\t\t\t<\/div>\n\t\t\t\t\t\t\t\t\t\t\t\t\t\t\t\t<div class=\"fsgb-block-slider__slide swiper-slide\">\n\t\t\t\t\t\t<img loading=\"lazy\" decoding=\"async\" width=\"400\" height=\"125\" src=\"https:\/\/tourisme-en-champagne.com\/assets\/uploads\/2025\/07\/tau-400x125.jpg\" class=\"attachment-thumbnail size-thumbnail\" alt=\"\" srcset=\"https:\/\/tourisme-en-champagne.com\/assets\/uploads\/2025\/07\/tau-400x125.jpg 400w, https:\/\/tourisme-en-champagne.com\/assets\/uploads\/2025\/07\/tau-640x200.jpg 640w, https:\/\/tourisme-en-champagne.com\/assets\/uploads\/2025\/07\/tau-1280x400.jpg 1280w, https:\/\/tourisme-en-champagne.com\/assets\/uploads\/2025\/07\/tau-768x240.jpg 768w, https:\/\/tourisme-en-champagne.com\/assets\/uploads\/2025\/07\/tau-1536x480.jpg 1536w, https:\/\/tourisme-en-champagne.com\/assets\/uploads\/2025\/07\/tau.jpg 1920w\" sizes=\"auto, (max-width: 400px) 100vw, 400px\" title=\"\">\t\t\t\t\t\t<div class=\"caption\"><\/div>\n\t\t\t\t\t\t\t\t\t\t\t\t<strong><\/strong>\n\t\t\t\t\t\t\t\t\t\t\t\t\t\t\t\t\t\t\t\t\t\t\t<\/div>\n\t\t\t\t\t\t\t\t\t\t\t\t\t\t\t\t<div class=\"fsgb-block-slider__slide swiper-slide\">\n\t\t\t\t\t\t<img loading=\"lazy\" decoding=\"async\" width=\"400\" height=\"125\" src=\"https:\/\/tourisme-en-champagne.com\/assets\/uploads\/2025\/07\/les-habits-de-lumiere-epernayce-vidal11-400x125.jpg\" class=\"attachment-thumbnail size-thumbnail\" alt=\"\" srcset=\"https:\/\/tourisme-en-champagne.com\/assets\/uploads\/2025\/07\/les-habits-de-lumiere-epernayce-vidal11-400x125.jpg 400w, https:\/\/tourisme-en-champagne.com\/assets\/uploads\/2025\/07\/les-habits-de-lumiere-epernayce-vidal11-640x200.jpg 640w, https:\/\/tourisme-en-champagne.com\/assets\/uploads\/2025\/07\/les-habits-de-lumiere-epernayce-vidal11-1280x400.jpg 1280w, https:\/\/tourisme-en-champagne.com\/assets\/uploads\/2025\/07\/les-habits-de-lumiere-epernayce-vidal11-768x240.jpg 768w, https:\/\/tourisme-en-champagne.com\/assets\/uploads\/2025\/07\/les-habits-de-lumiere-epernayce-vidal11-1536x480.jpg 1536w, https:\/\/tourisme-en-champagne.com\/assets\/uploads\/2025\/07\/les-habits-de-lumiere-epernayce-vidal11.jpg 1920w\" sizes=\"auto, (max-width: 400px) 100vw, 400px\" title=\"\">\t\t\t\t\t\t<div class=\"caption\"><\/div>\n\t\t\t\t\t\t\t\t\t\t\t\t<strong><\/strong>\n\t\t\t\t\t\t\t\t\t\t\t\t\t\t\t\t\t\t\t\t\t\t\t<\/div>\n\t\t\t\t\t\t\t\t\t\t\t\t\t\t\t\t<div class=\"fsgb-block-slider__slide swiper-slide\">\n\t\t\t\t\t\t<img loading=\"lazy\" decoding=\"async\" width=\"400\" height=\"125\" src=\"https:\/\/tourisme-en-champagne.com\/assets\/uploads\/2025\/07\/vignoble-chavotcm-jolyot-colladt-marne2-400x125.jpg\" class=\"attachment-thumbnail size-thumbnail\" alt=\"Eglise de Chavot - Vignoble de Champagne\" srcset=\"https:\/\/tourisme-en-champagne.com\/assets\/uploads\/2025\/07\/vignoble-chavotcm-jolyot-colladt-marne2-400x125.jpg 400w, https:\/\/tourisme-en-champagne.com\/assets\/uploads\/2025\/07\/vignoble-chavotcm-jolyot-colladt-marne2-640x200.jpg 640w, https:\/\/tourisme-en-champagne.com\/assets\/uploads\/2025\/07\/vignoble-chavotcm-jolyot-colladt-marne2-1280x400.jpg 1280w, https:\/\/tourisme-en-champagne.com\/assets\/uploads\/2025\/07\/vignoble-chavotcm-jolyot-colladt-marne2-768x240.jpg 768w, https:\/\/tourisme-en-champagne.com\/assets\/uploads\/2025\/07\/vignoble-chavotcm-jolyot-colladt-marne2-1536x480.jpg 1536w, https:\/\/tourisme-en-champagne.com\/assets\/uploads\/2025\/07\/vignoble-chavotcm-jolyot-colladt-marne2.jpg 1920w\" sizes=\"auto, (max-width: 400px) 100vw, 400px\" title=\"\">\t\t\t\t\t\t<div class=\"caption\"><\/div>\n\t\t\t\t\t\t\t\t\t\t\t\t<strong><\/strong>\n\t\t\t\t\t\t\t\t\t\t\t\t\t\t\t\t\t\t\t\t\t\t\t<\/div>\n\t\t\t\t\t\t\t\t\t\t\t\t\t\t\t\t<div class=\"fsgb-block-slider__slide swiper-slide\">\n\t\t\t\t\t\t<img loading=\"lazy\" decoding=\"async\" width=\"400\" height=\"125\" src=\"https:\/\/tourisme-en-champagne.com\/assets\/uploads\/2025\/07\/reims-0-400x125.jpg\" class=\"attachment-thumbnail size-thumbnail\" alt=\"\" srcset=\"https:\/\/tourisme-en-champagne.com\/assets\/uploads\/2025\/07\/reims-0-400x125.jpg 400w, https:\/\/tourisme-en-champagne.com\/assets\/uploads\/2025\/07\/reims-0-640x200.jpg 640w, https:\/\/tourisme-en-champagne.com\/assets\/uploads\/2025\/07\/reims-0-1280x400.jpg 1280w, https:\/\/tourisme-en-champagne.com\/assets\/uploads\/2025\/07\/reims-0-768x240.jpg 768w, https:\/\/tourisme-en-champagne.com\/assets\/uploads\/2025\/07\/reims-0-1536x480.jpg 1536w, https:\/\/tourisme-en-champagne.com\/assets\/uploads\/2025\/07\/reims-0.jpg 1920w\" sizes=\"auto, (max-width: 400px) 100vw, 400px\" title=\"\">\t\t\t\t\t\t<div class=\"caption\"><\/div>\n\t\t\t\t\t\t\t\t\t\t\t\t<strong><\/strong>\n\t\t\t\t\t\t\t\t\t\t\t\t\t\t\t\t\t\t\t\t\t\t\t<\/div>\n\t\t\t\t\t\t\t\t\t\t\t\t\t\t\t\t<div class=\"fsgb-block-slider__slide swiper-slide\">\n\t\t\t\t\t\t<img loading=\"lazy\" decoding=\"async\" width=\"400\" height=\"125\" src=\"https:\/\/tourisme-en-champagne.com\/assets\/uploads\/2025\/07\/caveau-mercier-1-400x125.jpg\" class=\"attachment-thumbnail size-thumbnail\" alt=\"\" srcset=\"https:\/\/tourisme-en-champagne.com\/assets\/uploads\/2025\/07\/caveau-mercier-1-400x125.jpg 400w, https:\/\/tourisme-en-champagne.com\/assets\/uploads\/2025\/07\/caveau-mercier-1-640x200.jpg 640w, https:\/\/tourisme-en-champagne.com\/assets\/uploads\/2025\/07\/caveau-mercier-1-1280x400.jpg 1280w, https:\/\/tourisme-en-champagne.com\/assets\/uploads\/2025\/07\/caveau-mercier-1-768x240.jpg 768w, https:\/\/tourisme-en-champagne.com\/assets\/uploads\/2025\/07\/caveau-mercier-1-1536x480.jpg 1536w, https:\/\/tourisme-en-champagne.com\/assets\/uploads\/2025\/07\/caveau-mercier-1.jpg 1920w\" sizes=\"auto, (max-width: 400px) 100vw, 400px\" title=\"\">\t\t\t\t\t\t<div class=\"caption\"><\/div>\n\t\t\t\t\t\t\t\t\t\t\t\t<strong><\/strong>\n\t\t\t\t\t\t\t\t\t\t\t\t\t\t\t\t\t\t\t\t\t\t\t<\/div>\n\t\t\t\t\t\t\t\t\t<\/div>\n\t\t<div class=\"swiper-pagination\"><\/div>\n\t<\/div>\n\n<\/section>\n\n<section class=\"wp-block-group alignfull pattern-text-100 has-base-background-color has-background has-global-padding is-layout-constrained wp-block-group-is-layout-constrained\">\n<div class=\"wp-block-columns is-layout-flex wp-container-core-columns-is-layout-63fbf5b9 wp-block-columns-is-layout-flex\">\n<div class=\"wp-block-column is-layout-flow wp-block-column-is-layout-flow\">\n<p class=\"has-text-align-center patterns-underline wp-block-paragraph\"><strong>F\u00c1CIL ACCESO 3 ESTACIONES TGV A 45 MINUTOS DE PAR\u00cdS VIGNOBLE COEUR DE VILLE<\/strong><\/p>\n\n\n\n<p class=\"has-text-align-center wp-block-paragraph\"><strong>CULTURA UNESCO GRANDES CASAS DE CHAMP\u00c1N REYES SAGRADOS NATURALEZA  <\/strong><\/p>\n\n\n\n<p class=\"has-text-align-center wp-block-paragraph\"><strong>GALA PRESTIGE 3.000 HABITACIONES CH\u00c2TEAUX ESTRELLADOS GASTRONOM\u00cdA MICHELIN  <\/strong><\/p>\n\n\n\n<p class=\"has-text-align-center patterns-underline wp-block-paragraph\"><strong>EXCEPCIONALES ESCAPADAS DE NEGOCIOS INCENTIVOS TEAM BUILDING CONGRESOS<\/strong><\/p>\n<\/div>\n<\/div>\n<\/section>\n\n<section class=\"wp-block-group alignfull pattern-text-50-media-50 has-brown-background-color has-background has-global-padding is-layout-constrained wp-block-group-is-layout-constrained\">\n<div class=\"wp-block-columns are-vertically-aligned-center is-layout-flex wp-container-core-columns-is-layout-63fbf5b9 wp-block-columns-is-layout-flex\">\n<div class=\"wp-block-column is-vertically-aligned-center is-layout-flow wp-block-column-is-layout-flow\">\n<h2 class=\"wp-block-heading\"><strong>Diversidad de actividades de ocio<\/strong><\/h2>\n\n\n\n<hr class=\"wp-block-separator has-text-color has-grey-color has-alpha-channel-opacity has-grey-background-color has-background\"\/>\n\n\n\n<h3 class=\"wp-block-heading has-base-color has-text-color has-link-color wp-elements-4d69dbb79cf4fbe1ecec0f212d842e1d\">Champagne es un vasto terreno de juego para las actividades al aire libre.<\/h3>\n\n\n\n<p class=\"has-base-color has-text-color has-link-color wp-elements-8e3ca15158220e552b91a4e86c459130 wp-block-paragraph\"><strong>El Parque Natural Regional de la Monta\u00f1a de Reims<\/strong> ofrece una amplia gama de actividades en el coraz\u00f3n de los vi\u00f1edos y bosques: senderismo, ciclismo, quads, arborismo, etc., mientras que el <strong>Lago del Der<\/strong>, uno de los mayores lagos artificiales de Europa, satisfar\u00e1 tus necesidades de deportes acu\u00e1ticos: vela, windsurf, motos acu\u00e1ticas, pirag\u00fcismo, esqu\u00ed acu\u00e1tico, etc.<\/p>\n\n\n\n<p class=\"has-base-color has-text-color has-link-color wp-elements-b8e330316a7d00723d7ccb64d3f311fb wp-block-paragraph\">La b\u00fasqueda del tesoro en el hist\u00f3rico pueblo champenoise de<strong> Hautvillers, los <\/strong>picnics en los<strong> vi\u00f1edos, <\/strong>los rallyes en coches de \u00e9poca y las rondas de golf son s\u00f3lo algunas de las ideas para hacer a\u00fan m\u00e1s agradable la estancia de tus equipos.<\/p>\n\n\n\n<p class=\"has-base-color has-text-color has-link-color wp-elements-2d8550eb70c2fd4e662cdc94ab013e2d wp-block-paragraph\">Por \u00faltimo, para contemplar mejor los vi\u00f1edos, reg\u00e1late un inolvidable paseo en globo aerost\u00e1tico, o para los m\u00e1s deportistas, un vuelo en parapente o helic\u00f3ptero.<\/p>\n\n\n\n<div class=\"wp-block-buttons is-layout-flex wp-block-buttons-is-layout-flex\">\n<div class=\"wp-block-button\"><a class=\"wp-block-button__link has-contrast-color has-base-background-color has-text-color has-background has-link-color wp-element-button\" href=\"https:\/\/tourisme-en-champagne.com\/es\/oficina-de-la-convencion-de-champagne\/las-actividades\/\">M\u00e1s informaci\u00f3n<\/a><\/div>\n<\/div>\n<\/div>\n\n\n\n<div class=\"wp-block-column is-vertically-aligned-center is-layout-flow wp-block-column-is-layout-flow\">\n<figure class=\"wp-block-image size-full\"><img loading=\"lazy\" decoding=\"async\" width=\"485\" height=\"719\" src=\"https:\/\/tourisme-en-champagne.com\/assets\/uploads\/2025\/07\/faux-de-verzycc-manquillet-coll-adt-marne35.jpg\" alt=\"\" class=\"wp-image-12964\" title=\"\" srcset=\"https:\/\/tourisme-en-champagne.com\/assets\/uploads\/2025\/07\/faux-de-verzycc-manquillet-coll-adt-marne35.jpg 485w, https:\/\/tourisme-en-champagne.com\/assets\/uploads\/2025\/07\/faux-de-verzycc-manquillet-coll-adt-marne35-400x593.jpg 400w\" sizes=\"auto, (max-width: 485px) 100vw, 485px\" \/><\/figure>\n<\/div>\n<\/div>\n<\/section>\n\n<section class=\"wp-block-group alignfull pattern-text-50-media-50 has-global-padding is-layout-constrained wp-block-group-is-layout-constrained\">\n<div class=\"wp-block-columns are-vertically-aligned-center is-layout-flex wp-container-core-columns-is-layout-63fbf5b9 wp-block-columns-is-layout-flex\">\n<div class=\"wp-block-column is-vertically-aligned-center is-layout-flow wp-block-column-is-layout-flow\">\n<figure class=\"wp-block-image size-full\"><img loading=\"lazy\" decoding=\"async\" width=\"600\" height=\"230\" src=\"https:\/\/tourisme-en-champagne.com\/assets\/uploads\/2025\/07\/ccb-espace.png\" alt=\"\" class=\"wp-image-12949\" title=\"\" srcset=\"https:\/\/tourisme-en-champagne.com\/assets\/uploads\/2025\/07\/ccb-espace.png 600w, https:\/\/tourisme-en-champagne.com\/assets\/uploads\/2025\/07\/ccb-espace-400x153.png 400w\" sizes=\"auto, (max-width: 600px) 100vw, 600px\" \/><\/figure>\n<\/div>\n\n\n\n<div class=\"wp-block-column is-vertically-aligned-center is-layout-flow wp-block-column-is-layout-flow\">\n<h2 class=\"wp-block-heading\"><strong>TU PAREJA IDEAL<\/strong><\/h2>\n\n\n\n<hr class=\"wp-block-separator has-text-color has-grey-color has-alpha-channel-opacity has-grey-background-color has-background\"\/>\n\n\n\n<p class=\"has-contrast-color has-text-color has-link-color wp-elements-eaa86fc3a4fbb47f7525008bd963b415 wp-block-paragraph\"><strong>Sylvie Millot<\/strong> &#8211; <a href=\"mailto:info@champagne-convention-bureau.com\">info@champagne-convention-bureau.com<\/a><br\/>Tel. +33 (0)3 26 69 81 88 &#8211; M\u00f3vil : +33 (0)6 34 17 39 07<br\/>13 bis rue Carnot &#8211; CS 50074 &#8211; 51006 Ch\u00e2lons-en-Champagne Cedex <\/p>\n<\/div>\n<\/div>\n<\/section>\n","protected":false},"excerpt":{"rendered":"<p>Y a\u00f1ade prestigio a tus eventos&#8230; Situado entre Ch\u00e2lons-en-Champagne, Epernay y Reims, ofrece un marco excepcional para tus eventos. Saca el m\u00e1ximo partido a un destino polifac\u00e9tico: urbano o natural, gastron\u00f3mico o cultural, el champ\u00e1n har\u00e1 de tu evento una experiencia \u00fanica. Conocida por sus productos excepcionales, la Champa\u00f1a es un destino ideal a s\u00f3lo [&hellip;]<\/p>\n","protected":false},"author":2,"featured_media":0,"parent":21095,"menu_order":0,"comment_status":"closed","ping_status":"closed","template":"templates\/editorial-content.php","meta":{"_acf_changed":false,"footnotes":"","_links_to":"","_links_to_target":""},"class_list":["post-20081","page","type-page","status-publish","hentry"],"acf":[],"_links":{"self":[{"href":"https:\/\/tourisme-en-champagne.com\/es\/wp-json\/wp\/v2\/pages\/20081","targetHints":{"allow":["GET"]}}],"collection":[{"href":"https:\/\/tourisme-en-champagne.com\/es\/wp-json\/wp\/v2\/pages"}],"about":[{"href":"https:\/\/tourisme-en-champagne.com\/es\/wp-json\/wp\/v2\/types\/page"}],"author":[{"embeddable":true,"href":"https:\/\/tourisme-en-champagne.com\/es\/wp-json\/wp\/v2\/users\/2"}],"replies":[{"embeddable":true,"href":"https:\/\/tourisme-en-champagne.com\/es\/wp-json\/wp\/v2\/comments?post=20081"}],"version-history":[{"count":3,"href":"https:\/\/tourisme-en-champagne.com\/es\/wp-json\/wp\/v2\/pages\/20081\/revisions"}],"predecessor-version":[{"id":21143,"href":"https:\/\/tourisme-en-champagne.com\/es\/wp-json\/wp\/v2\/pages\/20081\/revisions\/21143"}],"up":[{"embeddable":true,"href":"https:\/\/tourisme-en-champagne.com\/es\/wp-json\/wp\/v2\/pages\/21095"}],"wp:attachment":[{"href":"https:\/\/tourisme-en-champagne.com\/es\/wp-json\/wp\/v2\/media?parent=20081"}],"curies":[{"name":"wp","href":"https:\/\/api.w.org\/{rel}","templated":true}]}}