{"id":20019,"date":"2025-07-03T09:48:31","date_gmt":"2025-07-03T07:48:31","guid":{"rendered":"https:\/\/tourisme-en-champagne.com\/reuniones-con-champan\/"},"modified":"2025-11-27T09:53:33","modified_gmt":"2025-11-27T08:53:33","slug":"reuniones-con-champan","status":"publish","type":"page","link":"https:\/\/tourisme-en-champagne.com\/es\/reuniones-con-champan\/","title":{"rendered":"Reuniones con champ\u00e1n"},"content":{"rendered":"\n<section class=\"wp-block-group alignfull pattern-text-100 has-global-padding is-layout-constrained wp-block-group-is-layout-constrained\">\n<div class=\"wp-block-columns is-layout-flex wp-container-core-columns-is-layout-63fbf5b9 wp-block-columns-is-layout-flex\">\n<div class=\"wp-block-column is-layout-flow wp-block-column-is-layout-flow\">\n<h2 class=\"wp-block-heading\"><strong>Un evento profesional inspirador&#8230;<br\/>\u00a1a un tiro de piedra de tu casa!<\/strong><\/h2>\n\n\n\n<hr class=\"wp-block-separator has-text-color has-accent-1-color has-alpha-channel-opacity has-accent-1-background-color has-background\"\/>\n\n\n\n<p class=\"wp-block-paragraph\">\u00bfOrganizas seminarios, reuniones, convenciones o fiestas de empresa? No te pierdas <strong>Champagne Meetings<\/strong>, el lugar ideal para descubrir toda la oferta de eventos de la regi\u00f3n de Marne. <\/p>\n\n\n\n<ul class=\"wp-block-list\">\n<li><strong>Jueves 23 de septiembre de 2025<\/strong><\/li>\n\n\n\n<li><strong>De 8.00 a 14.30 h.<\/strong><\/li>\n\n\n\n<li><strong>Hotel Hyatt Centric &#8211; Reims<\/strong><\/li>\n<\/ul>\n\n\n\n<p class=\"wp-block-paragraph\">En s\u00f3lo una ma\u00f1ana, conoce a una veintena de proveedores de servicios locales y explora soluciones originales para tus eventos empresariales.<br\/>(Re)descubre las ventajas de la Champa\u00f1a sin salir de la regi\u00f3n: lugares de recepci\u00f3n, alojamientos, actividades ins\u00f3litas, casas de champ\u00e1n&#8230;<\/p>\n\n\n\n<p class=\"wp-block-paragraph\"><strong>\u00a1Un concentrado de inspiraci\u00f3n local para eventos que brillan con ideas!<\/strong><\/p>\n<\/div>\n<\/div>\n<\/section>\n\n<section class=\"wp-block-group alignfull pattern-text-60-parenthese-media-40 accent-3 has-global-padding is-layout-constrained wp-block-group-is-layout-constrained\">\n<div class=\"wp-block-columns is-layout-flex wp-container-core-columns-is-layout-fdcf44e1 wp-block-columns-is-layout-flex\">\n<div class=\"wp-block-column col-content is-layout-flow wp-block-column-is-layout-flow\" style=\"flex-basis:60%\">\n<h2 class=\"wp-block-heading\"><strong>\u00bfA QUI\u00c9N VA DIRIGIDO EL ACTO?<\/strong><\/h2>\n\n\n\n<p class=\"wp-block-paragraph\">Este acto est\u00e1 dirigido a todos los profesionales responsables de la organizaci\u00f3n de actos corporativos:  <\/p>\n\n\n\n<ul class=\"wp-block-list\">\n<li>Asistentes ejecutivos  <\/li>\n\n\n\n<li>Responsables de comunicaci\u00f3n y RRHH  <\/li>\n\n\n\n<li>Gestores de proyectos de eventos  <\/li>\n\n\n\n<li>Agencias de eventos  <\/li>\n\n\n\n<li>Direcci\u00f3n general de PYME y grandes grupos  <\/li>\n<\/ul>\n<\/div>\n\n\n\n<div class=\"wp-block-column col-media is-layout-flow wp-block-column-is-layout-flow\" style=\"flex-basis:40%\">\n<figure class=\"wp-block-image size-full\"><img loading=\"lazy\" decoding=\"async\" width=\"400\" height=\"400\" src=\"https:\/\/tourisme-en-champagne.com\/assets\/uploads\/2025\/07\/relais-du-vigneron-9.jpg\" alt=\"\" class=\"wp-image-13625\" style=\"aspect-ratio:1;object-fit:cover\" title=\"\"><\/figure>\n<\/div>\n<\/div>\n<\/section>\n\n<section style=\"background-image:url(&apos;https:\/\/tourisme-en-champagne.com\/assets\/uploads\/2025\/07\/writing-7702615-1280.jpg&apos;);background-position:50% 50%;background-size:cover;background-attachment:scroll;\" class=\"wp-block-group alignfull pattern-text-50-left-background has-base-color has-text-color has-link-color wp-elements-8e7db1315c55911eee0f5ce1b3d4598c has-global-padding is-layout-constrained wp-block-group-is-layout-constrained has-background\">\n<div class=\"wp-block-columns is-layout-flex wp-container-core-columns-is-layout-fdcf44e1 wp-block-columns-is-layout-flex\">\n<div class=\"wp-block-column is-layout-flow wp-block-column-is-layout-flow\">\n<h3 class=\"wp-block-heading\">PROGRAMA  <\/h3>\n\n\n\n<ul class=\"wp-block-list\">\n<li class=\"has-base-color has-text-color has-link-color wp-elements-104bd7d3ac07948adeebcd1e746c9ec1\">Continuo de 8.00 a 14.30 h: Reuniones abiertas con los 20 proveedores de servicios  <\/li>\n\n\n\n<li class=\"has-base-color has-text-color has-link-color wp-elements-35dd9e5faa3427af9a3c35f106a1d3cb\">De 8.00 a 10.00: caf\u00e9 y pastas de bienvenida  <\/li>\n\n\n\n<li class=\"has-base-color has-text-color has-link-color wp-elements-69ad6c3dc63abbf6858e7642c833227f\">10.00 h: conferencia sobre el tema \u00abRecursos humanos: gesti\u00f3n interina\u00bb &#8211; organizada por la CCI Marne Ardennes (duraci\u00f3n: de 30 a 45 minutos)  <\/li>\n\n\n\n<li class=\"has-base-color has-text-color has-link-color wp-elements-1952eda2b747e1131d1b783867e7542e\">A partir de las 11.30 h: c\u00f3ctel de recepci\u00f3n con bar de champ\u00e1n  <\/li>\n\n\n\n<li class=\"has-base-color has-text-color has-link-color wp-elements-d9ff070952177806d3afa6d5346f7fa6\">A lo largo de la ma\u00f1ana: visita exclusiva al nuevo hotel Hyatt Centric  <\/li>\n<\/ul>\n<\/div>\n\n\n\n<div class=\"wp-block-column is-layout-flow wp-block-column-is-layout-flow\"><\/div>\n<\/div>\n<\/section>\n\n<section class=\"wp-block-group alignfull pattern-text-60-parenthese-media-40 accent-3 has-global-padding is-layout-constrained wp-block-group-is-layout-constrained\">\n<div class=\"wp-block-columns is-layout-flex wp-container-core-columns-is-layout-fdcf44e1 wp-block-columns-is-layout-flex\">\n<div class=\"wp-block-column col-content is-layout-flow wp-block-column-is-layout-flow\" style=\"flex-basis:60%\">\n<h2 class=\"wp-block-heading\"><strong>\u00bfPOR QU\u00c9 VENIR?<\/strong><\/h2>\n\n\n\n<ul class=\"wp-block-list\">\n<li>Ahorra tiempo organizando tus eventos  <\/li>\n\n\n\n<li>Conoce a tus futuros socios cara a cara  <\/li>\n\n\n\n<li>Descubre lugares excepcionales en la Marne  <\/li>\n\n\n\n<li>Disfruta de un entorno agradable, inspirador y productivo  <\/li>\n\n\n\n<li>Descubre el nuevo hotel Hyatt  <\/li>\n\n\n\n<li>Participar en una conferencia<\/li>\n<\/ul>\n<\/div>\n\n\n\n<div class=\"wp-block-column col-media is-layout-flow wp-block-column-is-layout-flow\" style=\"flex-basis:40%\">\n<figure class=\"wp-block-image size-full\"><img loading=\"lazy\" decoding=\"async\" width=\"400\" height=\"400\" src=\"https:\/\/tourisme-en-champagne.com\/assets\/uploads\/2025\/07\/relais-du-vigneron-9.jpg\" alt=\"\" class=\"wp-image-13625\" style=\"aspect-ratio:1;object-fit:cover\" title=\"\"><\/figure>\n<\/div>\n<\/div>\n<\/section>\n\n<section class=\"wp-block-group alignfull pattern-mosaic has-middleground-background-color has-background has-global-padding is-layout-constrained wp-block-group-is-layout-constrained\">\n<div class=\"wp-block-columns is-layout-flex wp-container-core-columns-is-layout-fdcf44e1 wp-block-columns-is-layout-flex\">\n<div class=\"wp-block-column col-content is-layout-flow wp-block-column-is-layout-flow\">\n<h2 class=\"wp-block-heading has-text-align-center\"><strong>Un acontecimiento apoyado por la regi\u00f3n<\/strong><\/h2>\n\n\n\n<hr class=\"wp-block-separator has-text-color has-accent-1-color has-alpha-channel-opacity has-accent-1-background-color has-background\"\/>\n\n\n\n<p class=\"has-text-align-center wp-block-paragraph\">Este acontecimiento est\u00e1 organizado por la Agence de D\u00e9veloppement Touristique de la Marne, en estrecha colaboraci\u00f3n con las Oficinas de Turismo<br\/>de Ch\u00e2lons-en-Champagne, \u00c9pernay y Reims Tourisme &amp; Congr\u00e8s.<\/p>\n\n\n\n<p class=\"has-text-align-center wp-block-paragraph\">Se beneficia del inestimable apoyo de nuestros socios: la CCI Marne Ardennes y el hotel Hyatt Centric Reims,<br\/>, a quienes queremos agradecer calurosamente su compromiso.<\/p>\n\n\n\n\t<div class=\"fsgb-block-link-mosaic is-style-grid swiper swiperMosaic\"  >\n\t\t\t\t\t<div class=\"swiper-wrapper\">\n\t\t\t\t\t\t\t\t\t\t\t\t<div class=\"swiper-slide\">\n\t\t\t\t\t\t\t<a href=\"https:\/\/tourisme-en-champagne.com\/champagne-meetings\/\">\n\t\t\t\t\t\t\t\t\t\t\t<div class=\"thumbnail\"><img loading=\"lazy\" decoding=\"async\" width=\"400\" height=\"181\" src=\"https:\/\/tourisme-en-champagne.com\/assets\/uploads\/2025\/06\/12-salle-royale-centre-des-congres1-400x181.jpg\" class=\"attachment-thumbnail size-thumbnail\" alt=\"Salle Royale - Palacio de Congresos de Reims\" srcset=\"https:\/\/tourisme-en-champagne.com\/assets\/uploads\/2025\/06\/12-salle-royale-centre-des-congres1-400x181.jpg 400w, https:\/\/tourisme-en-champagne.com\/assets\/uploads\/2025\/06\/12-salle-royale-centre-des-congres1-640x290.jpg 640w, https:\/\/tourisme-en-champagne.com\/assets\/uploads\/2025\/06\/12-salle-royale-centre-des-congres1-1280x580.jpg 1280w, https:\/\/tourisme-en-champagne.com\/assets\/uploads\/2025\/06\/12-salle-royale-centre-des-congres1-768x348.jpg 768w, https:\/\/tourisme-en-champagne.com\/assets\/uploads\/2025\/06\/12-salle-royale-centre-des-congres1-1536x696.jpg 1536w, https:\/\/tourisme-en-champagne.com\/assets\/uploads\/2025\/06\/12-salle-royale-centre-des-congres1.jpg 1920w\" sizes=\"auto, (max-width: 400px) 100vw, 400px\" title=\"\"><\/div>\n\t\t\t\t\t\t\t\t\t\t\t\t\t\t\t<div class=\"text-link-title\">\n\t\t\t\t\t\t\t\t\t\t\t\t\t<h2 class=\"link-title\">Champagne meetings<\/h2>\n\t\t\t\t\t\t\t\t\t\t\t\t\t\t\t\t\t\t\t<div class=\"text\">Conoce a nuestros actores clave en el sector del turismo de negocios y eventos<\/div>\n\t\t\t\t\t\t\t\t\t\t\t<\/div>\n\t\t\t\t<\/a>\n\t\t\t\t<\/div>\t\t\t\t\t\t\t\t\t\t<div class=\"swiper-slide\">\n\t\t\t\t\t\t\t<a href=\"https:\/\/tourisme-en-champagne.com\/champagne-meetings\/meeting-tempsforts\/\">\n\t\t\t\t\t\t\t\t\t\t\t<div class=\"thumbnail\"><img loading=\"lazy\" decoding=\"async\" width=\"1280\" height=\"720\" src=\"https:\/\/tourisme-en-champagne.com\/assets\/uploads\/2025\/06\/cpressoria-17-1280x720.jpg\" class=\"attachment-large size-large\" alt=\"\" srcset=\"https:\/\/tourisme-en-champagne.com\/assets\/uploads\/2025\/06\/cpressoria-17-1280x720.jpg 1280w, https:\/\/tourisme-en-champagne.com\/assets\/uploads\/2025\/06\/cpressoria-17-640x360.jpg 640w, https:\/\/tourisme-en-champagne.com\/assets\/uploads\/2025\/06\/cpressoria-17-400x225.jpg 400w, https:\/\/tourisme-en-champagne.com\/assets\/uploads\/2025\/06\/cpressoria-17-768x432.jpg 768w, https:\/\/tourisme-en-champagne.com\/assets\/uploads\/2025\/06\/cpressoria-17.jpg 1400w\" sizes=\"auto, (max-width: 1280px) 100vw, 1280px\" title=\"\"><\/div>\n\t\t\t\t\t\t\t\t\t\t\t\t\t\t\t<div class=\"text-link-title\">\n\t\t\t\t\t\t\t\t\t\t\t\t\t<h2 class=\"link-title\">Les temps forts<\/h2>\n\t\t\t\t\t\t\t\t\t\t\t\t\t\t\t\t\t\t\t<div class=\"text\">M\u00e1s informaci\u00f3n sobre el programa y las reuniones ineludibles<\/div>\n\t\t\t\t\t\t\t\t\t\t\t<\/div>\n\t\t\t\t<\/a>\n\t\t\t\t<\/div>\t\t\t\t\t\t\t\t\t\t<div class=\"swiper-slide\">\n\t\t\t\t\t\t\t<a href=\"https:\/\/docs.google.com\/forms\/d\/e\/1FAIpQLScdE_AvYlAw6BE-MuesXcXRHzTXXilsEZrm4kMGNpm6hDydYw\/viewform\" target=\"_blank\" rel=\"noopener\">\n\t\t\t\t\t\t\t\t\t\t\t<div class=\"thumbnail\"><img loading=\"lazy\" decoding=\"async\" width=\"370\" height=\"370\" src=\"https:\/\/tourisme-en-champagne.com\/assets\/uploads\/2025\/06\/pressoria-ay-champagne-musee-5-sens-boegly-grazia.jpeg\" class=\"attachment-thumbnail size-thumbnail\" alt=\"\" title=\"\"><\/div>\n\t\t\t\t\t\t\t\t\t\t\t\t\t\t\t<div class=\"text-link-title\">\n\t\t\t\t\t\t\t\t\t\t\t\t\t<h2 class=\"link-title\">\u00c9v\u00e9nement gratuit<\/h2>\n\t\t\t\t\t\t\t\t\t\t\t\t\t\t\t\t\t\t\t<div class=\"text\">\u00bfListo para dise\u00f1ar tu pr\u00f3ximo evento? Reg\u00edstrate ahora   <\/div>\n\t\t\t\t\t\t\t\t\t\t\t<\/div>\n\t\t\t\t<\/a>\n\t\t\t\t<\/div>\t\t\t\t\t\t\t\t\t\t<div class=\"swiper-slide\">\n\t\t\t\t\t\t\t<a href=\"https:\/\/tourisme-en-champagne.com\/champagnemeetings-infopratiques\/\">\n\t\t\t\t\t\t\t\t\t\t\t<div class=\"thumbnail\"><img loading=\"lazy\" decoding=\"async\" width=\"400\" height=\"257\" src=\"https:\/\/tourisme-en-champagne.com\/assets\/uploads\/2025\/08\/hyatt-rdc-seminaires-400x257.jpg\" class=\"attachment-thumbnail size-thumbnail\" alt=\"\" srcset=\"https:\/\/tourisme-en-champagne.com\/assets\/uploads\/2025\/08\/hyatt-rdc-seminaires-400x257.jpg 400w, https:\/\/tourisme-en-champagne.com\/assets\/uploads\/2025\/08\/hyatt-rdc-seminaires-640x411.jpg 640w, https:\/\/tourisme-en-champagne.com\/assets\/uploads\/2025\/08\/hyatt-rdc-seminaires.jpg 670w\" sizes=\"auto, (max-width: 400px) 100vw, 400px\" title=\"\"><\/div>\n\t\t\t\t\t\t\t\t\t\t\t\t\t\t\t<div class=\"text-link-title\">\n\t\t\t\t\t\t\t\t\t\t\t\t\t<h2 class=\"link-title\">Informations pratiques<\/h2>\n\t\t\t\t\t\t\t\t\t\t\t\t\t\t\t\t\t\t\t<div class=\"text\">Encuentra toda la informaci\u00f3n que necesitas para aprovechar al m\u00e1ximo tu experiencia<\/div>\n\t\t\t\t\t\t\t\t\t\t\t<\/div>\n\t\t\t\t<\/a>\n\t\t\t\t<\/div>\t\t\t\t\t\t\t\t<\/div>\n\t\t\t<div class=\"swiper-buttons\">\n\t\t\t\t<div class=\"swiper-button swiper-button-prev\"><\/div> \n\t\t\t\t<div class=\"swiper-button swiper-button-next\"><\/div>\n\t\t\t<\/div>\n\t\t\t\t\n\t<\/div>\n\n<\/div>\n<\/div>\n<\/section>\n\n<section class=\"wp-block-group alignfull pattern-bubble-links has-middleground-background-color has-background has-global-padding is-layout-constrained wp-block-group-is-layout-constrained\" style=\"margin-top:0;padding-top:var(--wp--preset--spacing--xx-large);padding-bottom:var(--wp--preset--spacing--xx-large)\">\n\t<div class=\"fsgb-block-link-mosaic is-style-bubbles alignwide\"  >\n\t\t\t\t\t\t\t\t\t\t\t\t<a href=\"mailto:info@champagne-convention-bureau.com\" target=\"_blank\">\n\t\t\t\t\t\t\t\t\t\t\t<div class=\"thumbnail\"><img loading=\"lazy\" decoding=\"async\" width=\"150\" height=\"149\" src=\"https:\/\/tourisme-en-champagne.com\/assets\/uploads\/2025\/07\/contract.svg\" class=\"attachment-thumbnail size-thumbnail\" alt=\"\" title=\"\"><\/div>\n\t\t\t\t\t\t\t\t\t\t\t\t\t\t\t<div class=\"text-link-title\">\n\t\t\t\t\t\t\t\t\t\t\t\t\t<h2 class=\"link-title\">Contact<\/h2>\n\t\t\t\t\t\t\t\t\t\t\t\t\t\t\t\t\t<\/div>\n\t\t\t\t<\/a>\n\t\t\t\t\t\t\t\t\t\t\t\t\t\t<a href=\"https:\/\/www.hyatt.com\/hyatt-centric\/fr-FR\/reict-hyatt-centric-reims\/parking-and-transportation\" target=\"_blank\" rel=\"noopener\">\n\t\t\t\t\t\t\t\t\t\t\t<div class=\"thumbnail\"><img loading=\"lazy\" decoding=\"async\" width=\"150\" height=\"150\" src=\"https:\/\/tourisme-en-champagne.com\/assets\/uploads\/2025\/07\/map-2.svg\" class=\"attachment-thumbnail size-thumbnail\" alt=\"\" title=\"\"><\/div>\n\t\t\t\t\t\t\t\t\t\t\t\t\t\t\t<div class=\"text-link-title\">\n\t\t\t\t\t\t\t\t\t\t\t\t\t<h2 class=\"link-title\">Localiser<\/h2>\n\t\t\t\t\t\t\t\t\t\t\t\t\t\t\t\t\t<\/div>\n\t\t\t\t<\/a>\n\t\t\t\t\t\t\t\t\t\t\t\t\t\t<a href=\"https:\/\/docs.google.com\/forms\/d\/e\/1FAIpQLScdE_AvYlAw6BE-MuesXcXRHzTXXilsEZrm4kMGNpm6hDydYw\/viewform\" target=\"_blank\" rel=\"noopener\">\n\t\t\t\t\t\t\t\t\t\t\t<div class=\"thumbnail\"><img loading=\"lazy\" decoding=\"async\" width=\"150\" height=\"150\" src=\"https:\/\/tourisme-en-champagne.com\/assets\/uploads\/2025\/07\/schedule.svg\" class=\"attachment-thumbnail size-thumbnail\" alt=\"\" title=\"\"><\/div>\n\t\t\t\t\t\t\t\t\t\t\t\t\t\t\t<div class=\"text-link-title\">\n\t\t\t\t\t\t\t\t\t\t\t\t\t<h2 class=\"link-title\">Inscription<\/h2>\n\t\t\t\t\t\t\t\t\t\t\t\t\t\t\t\t\t<\/div>\n\t\t\t\t<\/a>\n\t\t\t\t\t\t\t\t\t\t\t\n\t<\/div>\n\n<\/section>\n","protected":false},"excerpt":{"rendered":"<p>Un evento profesional inspirador&#8230;\u00a1a un tiro de piedra de tu casa! \u00bfOrganizas seminarios, reuniones, convenciones o fiestas de empresa? No te pierdas Champagne Meetings, el lugar ideal para descubrir toda la oferta de eventos de la regi\u00f3n de Marne. En s\u00f3lo una ma\u00f1ana, conoce a una veintena de proveedores de servicios locales y explora soluciones [&hellip;]<\/p>\n","protected":false},"author":2,"featured_media":13616,"parent":0,"menu_order":0,"comment_status":"closed","ping_status":"closed","template":"templates\/thematique.php","meta":{"_acf_changed":false,"footnotes":"","_links_to":"","_links_to_target":""},"class_list":["post-20019","page","type-page","status-publish","has-post-thumbnail","hentry"],"acf":[],"_links":{"self":[{"href":"https:\/\/tourisme-en-champagne.com\/es\/wp-json\/wp\/v2\/pages\/20019","targetHints":{"allow":["GET"]}}],"collection":[{"href":"https:\/\/tourisme-en-champagne.com\/es\/wp-json\/wp\/v2\/pages"}],"about":[{"href":"https:\/\/tourisme-en-champagne.com\/es\/wp-json\/wp\/v2\/types\/page"}],"author":[{"embeddable":true,"href":"https:\/\/tourisme-en-champagne.com\/es\/wp-json\/wp\/v2\/users\/2"}],"replies":[{"embeddable":true,"href":"https:\/\/tourisme-en-champagne.com\/es\/wp-json\/wp\/v2\/comments?post=20019"}],"version-history":[{"count":1,"href":"https:\/\/tourisme-en-champagne.com\/es\/wp-json\/wp\/v2\/pages\/20019\/revisions"}],"predecessor-version":[{"id":20021,"href":"https:\/\/tourisme-en-champagne.com\/es\/wp-json\/wp\/v2\/pages\/20019\/revisions\/20021"}],"wp:featuredmedia":[{"embeddable":true,"href":"https:\/\/tourisme-en-champagne.com\/es\/wp-json\/wp\/v2\/media\/13616"}],"wp:attachment":[{"href":"https:\/\/tourisme-en-champagne.com\/es\/wp-json\/wp\/v2\/media?parent=20019"}],"curies":[{"name":"wp","href":"https:\/\/api.w.org\/{rel}","templated":true}]}}