{"id":19680,"date":"2025-08-04T14:33:10","date_gmt":"2025-08-04T12:33:10","guid":{"rendered":"https:\/\/tourisme-en-champagne.com\/reims-ciudad-de-los-sacres\/"},"modified":"2025-11-28T16:05:09","modified_gmt":"2025-11-28T15:05:09","slug":"reims-ciudad-de-los-sacres","status":"publish","type":"page","link":"https:\/\/tourisme-en-champagne.com\/es\/oficina-de-la-convencion-de-champagne\/reims-ciudad-de-los-sacres\/","title":{"rendered":"Reims, ciudad de los Sacres"},"content":{"rendered":"\n<section class=\"wp-block-group alignfull pattern-text has-global-padding is-content-justification-center is-layout-constrained wp-block-group-is-layout-constrained\">\n<div class=\"wp-block-columns is-layout-flex wp-container-core-columns-is-layout-fdcf44e1 wp-block-columns-is-layout-flex\">\n<div class=\"wp-block-column is-layout-flow wp-block-column-is-layout-flow\">\n<h2 class=\"wp-block-heading\"><strong>En pocas palabras<\/strong><\/h2>\n\n\n\n<hr class=\"wp-block-separator has-text-color has-grey-color has-alpha-channel-opacity has-grey-background-color has-background\"\/>\n\n\n\n<h3 class=\"wp-block-heading\"><strong>Reims es la ciudad m\u00e1s importante de la regi\u00f3n de Champa\u00f1a<\/strong><\/h3>\n\n\n\n<p class=\"has-text-align-left wp-block-paragraph\">Conocida por su majestuosa catedral, donde han sido coronados una treintena de reyes de Francia, Reims conserva un importante patrimonio arquitect\u00f3nico y cultural: edificios art d\u00e9co, restos galo-romanos y 3 lugares declarados Patrimonio Mundial por la UNESCO: el Palacio del Tau, la Bas\u00edlica Saint-R\u00e9mi y la Catedral.<\/p>\n\n\n\n<div class=\"wp-block-group has-global-padding is-layout-constrained wp-container-core-group-is-layout-75613bb7 wp-block-group-is-layout-constrained\">\n<figure class=\"wp-block-embed is-type-video is-provider-youtube wp-block-embed-youtube wp-embed-aspect-16-9 wp-has-aspect-ratio\"><div class=\"wp-block-embed__wrapper\">\n<iframe loading=\"lazy\" title=\"Epernay, la capitale du Champagne pour votre tourisme d&#039;affaires !\" width=\"500\" height=\"281\" src=\"https:\/\/www.youtube.com\/embed\/DuuE27rSBQs?feature=oembed\" frameborder=\"0\" allow=\"accelerometer; autoplay; clipboard-write; encrypted-media; gyroscope; picture-in-picture; web-share\" referrerpolicy=\"strict-origin-when-cross-origin\" allowfullscreen><\/iframe>\n<\/div><\/figure>\n<\/div>\n\n\n\n<p class=\"wp-block-paragraph\">La ciudad de los sacres tambi\u00e9n alberga <strong>algunas de las principales casas de champ\u00e1n del mundo <\/strong>: <strong>Vranken-Pommery, GH Mumm, de Cazanove, Taittinger y muchas otras<\/strong> te dar\u00e1n la bienvenida para tus mejores eventos en lugares sorprendentes y prestigiosos.<\/p>\n\n\n\n<p class=\"wp-block-paragraph\">Adem\u00e1s, con 9 estrellas Michelin, Reims es el<sup>primer<\/sup> centro gastron\u00f3mico de Francia.<\/p>\n\n\n\n<p class=\"wp-block-paragraph\">Adem\u00e1s de su atractivo cultural y gastron\u00f3mico, la ciudad destaca por su facilidad de acceso y sus instalaciones MICE. La estaci\u00f3n de TGV, el palacio de congresos, los hoteles y los restaurantes est\u00e1n situados en el centro de la ciudad, y todos ellos a poca distancia a pie. <\/p>\n<\/div>\n<\/div>\n<\/section>\n\n<section class=\"wp-block-group alignfull pattern-text-50-media-50 has-base-color has-brown-background-color has-text-color has-background has-link-color wp-elements-0709df6b8adfc805984e662e7265279d has-global-padding is-layout-constrained wp-block-group-is-layout-constrained\">\n<div class=\"wp-block-columns is-layout-flex wp-container-core-columns-is-layout-63fbf5b9 wp-block-columns-is-layout-flex\">\n<div class=\"wp-block-column is-layout-flow wp-block-column-is-layout-flow\">\n<figure class=\"wp-block-image size-full\"><img loading=\"lazy\" decoding=\"async\" width=\"485\" height=\"727\" src=\"https:\/\/tourisme-en-champagne.com\/assets\/uploads\/2025\/08\/centre-des-congres-reims-hd.jpg\" alt=\"Centro de Congresos - Reims\" class=\"wp-image-15976\" title=\"\" srcset=\"https:\/\/tourisme-en-champagne.com\/assets\/uploads\/2025\/08\/centre-des-congres-reims-hd.jpg 485w, https:\/\/tourisme-en-champagne.com\/assets\/uploads\/2025\/08\/centre-des-congres-reims-hd-400x600.jpg 400w\" sizes=\"auto, (max-width: 485px) 100vw, 485px\" \/><\/figure>\n<\/div>\n\n\n\n<div class=\"wp-block-column is-layout-flow wp-block-column-is-layout-flow\">\n<h2 class=\"wp-block-heading has-grey-color has-text-color has-link-color wp-elements-f2377114131050f85ea747606b2e41e1\"><strong>Hoteles, instalaciones, acceso<\/strong><\/h2>\n\n\n\n<hr class=\"wp-block-separator has-text-color has-grey-color has-alpha-channel-opacity has-grey-background-color has-background\"\/>\n\n\n\n<h3 class=\"wp-block-heading\">Reims tiene la mayor capacidad hotelera en todas las categor\u00edas, con m\u00e1s de 2.000 habitaciones.<\/h3>\n\n\n\n<p class=\"wp-block-paragraph\">Varios hoteles de 4 estrellas ofrecen m\u00e1s de 100 habitaciones. La mayor\u00eda est\u00e1n situados en el centro de la ciudad, cerca de la estaci\u00f3n de ferrocarril y del Palacio de Congresos de Reims. <\/p>\n\n\n\n<div class=\"wp-block-buttons is-layout-flex wp-block-buttons-is-layout-flex\">\n<div class=\"wp-block-button\"><a class=\"wp-block-button__link has-grey-color has-base-background-color has-text-color has-background has-link-color wp-element-button\" href=\"https:\/\/tourisme-en-champagne.com\/es\/oficina-de-la-convencion-de-champagne\/alojamiento\/\">Alojamiento<\/a><\/div>\n<\/div>\n\n\n\n<h3 class=\"wp-block-heading\">&gt; El Centro de Convenciones<\/h3>\n\n\n\n<p class=\"wp-block-paragraph\">Idealmente situado en el centro de Reims, con 2 anfiteatros, una gran nave de 2.500 m\u00b2 y 12 salas de comit\u00e9s.<br\/><\/p>\n\n\n\n<h3 class=\"wp-block-heading\">&gt; El Centro de Exposiciones<\/h3>\n\n\n\n<p class=\"wp-block-paragraph\">Bonita infraestructura compuesta por 2 grandes naves modulares de 4.200m\u00b2 y 6.800m\u00b2, en un terreno de 62.980m\u00b2.<\/p>\n\n\n\n<h3 class=\"wp-block-heading\">&gt; La Arena<\/h3>\n\n\n\n<p class=\"wp-block-paragraph\">Las instalaciones se inaugurar\u00e1n en 2022, en el centro de la ciudad, con un aforo de hasta 5.000 personas para convenciones, 12 palcos VIP y salones de lujo y una zona de recepci\u00f3n de 141m2.<\/p>\n\n\n\n<div class=\"wp-block-buttons is-layout-flex wp-block-buttons-is-layout-flex\">\n<div class=\"wp-block-button\"><a class=\"wp-block-button__link has-grey-color has-base-background-color has-text-color has-background has-link-color wp-element-button\" href=\"https:\/\/tourisme-en-champagne.com\/es\/oficina-de-la-convencion-de-champagne\/zonas-de-recepcion\/?_territoires=6c1e57fa0f4c2ab5d4f97d916d6f448d\">Las otras habitaciones<\/a><\/div>\n<\/div>\n<\/div>\n<\/div>\n<\/section>\n\n<section class=\"wp-block-group alignfull pattern-text has-base-color has-brown-background-color has-text-color has-background has-link-color wp-elements-360350ec435a7118aada8855fe7cad10 has-global-padding is-content-justification-center is-layout-constrained wp-block-group-is-layout-constrained\" style=\"padding-top:0\">\n<div class=\"wp-block-columns is-layout-flex wp-container-core-columns-is-layout-fdcf44e1 wp-block-columns-is-layout-flex\">\n<div class=\"wp-block-column is-layout-flow wp-block-column-is-layout-flow\">\n<h3 class=\"wp-block-heading\"><strong>Accede a<\/strong><\/h3>\n\n\n\n<ul class=\"wp-block-list\">\n<li><em>Estaci\u00f3n TGV Champa\u00f1a-Ardenas de Reims-Bezannes<\/em>: l\u00ednea directa con el aeropuerto Roissy Charles de Gaulle (30 min), Marne-la-Vall\u00e9e Disneyland Par\u00eds (30 min) y Par\u00eds Gare de l&#8217;Est (45 min). Tambi\u00e9n se puede llegar f\u00e1cilmente a Lille (1h50), Estrasburgo (2h), Nantes (3h20) y Burdeos (4h50). Acceso al centro de Reims en tranv\u00eda o autob\u00fas lanzadera  <\/li>\n\n\n\n<li><em>Estaci\u00f3n de Reims Centro<\/em>: l\u00ednea directa de TGV a Par\u00eds (45 min)<\/li>\n\n\n\n<li>A 145 km de Par\u00eds por la autopista A4 (1h30)<\/li>\n<\/ul>\n<\/div>\n<\/div>\n<\/section>\n\n<section class=\"wp-block-group alignfull pattern-text-50-media-50 has-global-padding is-layout-constrained wp-block-group-is-layout-constrained\">\n<div class=\"wp-block-columns is-layout-flex wp-container-core-columns-is-layout-63fbf5b9 wp-block-columns-is-layout-flex\">\n<div class=\"wp-block-column is-layout-flow wp-block-column-is-layout-flow\">\n<h2 class=\"wp-block-heading\"><strong>Qu\u00e9 ver, Qu\u00e9 hacer<\/strong><\/h2>\n\n\n\n<hr class=\"wp-block-separator has-text-color has-grey-color has-alpha-channel-opacity has-grey-background-color has-background\"\/>\n\n\n\n<h3 class=\"wp-block-heading\">En la ciudad y alrededores<\/h3>\n\n\n\n<p class=\"wp-block-paragraph\">Lorem ipsum dolor sit amet, consectetur adipiscing elit, sed do eiusmod tempor incididunt ut labore et dolore <a href=\"#\">magna aliqua<\/a>. Ut enim ad minim veniam, quis nostrud exercitation ullamco laboris nisi ut aliquip ex ea commodo consequat. Duis aute irure dolor in reprehenderit in voluptate velit esse cillum dolore eu fugiat nulla pariatur. Excepteur sint occaecat cupidatat non proident, sunt in culpa qui officia deserunt mollit anim id est laborum.   <\/p>\n\n\n\n<ul class=\"wp-block-list has-grey-color has-text-color has-link-color wp-elements-644243e4e8c7c1294fc2cea6bb71c63a\">\n<li>La Catedral de Notre Dame y su espect\u00e1culo \u00abRegalia<\/li>\n\n\n\n<li>El Palacio Tau<\/li>\n\n\n\n<li>Casas de champ\u00e1n<\/li>\n\n\n\n<li>Arquitectura Art D\u00e9co<\/li>\n\n\n\n<li>La Bas\u00edlica de Saint-R\u00e9mi y su museo<\/li>\n\n\n\n<li>La Place Royale con sus restos galo-romanos<\/li>\n<\/ul>\n\n\n\n<h3 class=\"wp-block-heading\">Incentivos y actividades obligatorias de creaci\u00f3n de equipos<\/h3>\n\n\n\n<ul class=\"wp-block-list\">\n<li>Challenge tour de Reims con Cap Orientaci\u00f3n<\/li>\n\n\n\n<li>Visita guiada tem\u00e1tica por la ciudad<\/li>\n\n\n\n<li>Pasea por Reims y los vi\u00f1edos<\/li>\n\n\n\n<li>Visita y velada en una famosa casa de champ\u00e1n<\/li>\n\n\n\n<li>Comida en uno de los restaurantes con estrella Michelin de la ciudad<\/li>\n\n\n\n<li>Clase de cocina maridada con champ\u00e1n<\/li>\n<\/ul>\n\n\n\n<div class=\"wp-block-buttons is-layout-flex wp-block-buttons-is-layout-flex\">\n<div class=\"wp-block-button\"><a class=\"wp-block-button__link has-grey-background-color has-background wp-element-button\" href=\"https:\/\/tourisme-en-champagne.com\/es\/oficina-de-la-convencion-de-champagne\/las-actividades\/?_territoires=6c1e57fa0f4c2ab5d4f97d916d6f448d\">M\u00e1s actividades<\/a><\/div>\n<\/div>\n<\/div>\n\n\n\n<div class=\"wp-block-column is-layout-flow wp-block-column-is-layout-flow\">\n<figure class=\"wp-block-image size-full\"><img loading=\"lazy\" decoding=\"async\" width=\"478\" height=\"729\" src=\"https:\/\/tourisme-en-champagne.com\/assets\/uploads\/2025\/08\/regalia-0.jpg\" alt=\"Regalia - Reims &#xA9; F&#xE1;brica Moment\" class=\"wp-image-15984\" title=\"\" srcset=\"https:\/\/tourisme-en-champagne.com\/assets\/uploads\/2025\/08\/regalia-0.jpg 478w, https:\/\/tourisme-en-champagne.com\/assets\/uploads\/2025\/08\/regalia-0-400x610.jpg 400w\" sizes=\"auto, (max-width: 478px) 100vw, 478px\" \/><\/figure>\n<\/div>\n<\/div>\n<\/section>\n\n<section class=\"wp-block-group alignfull pattern-media-100-full has-background has-global-padding is-layout-constrained wp-container-core-group-is-layout-7cf01583 wp-block-group-is-layout-constrained\" style=\"padding-top:0;padding-right:0;padding-bottom:0;padding-left:0\">\t<div class=\"fsgb-block-slider swiper is-style-fullwidth alignfull\"  >\n\t\t<div class=\"swiper-wrapper\">\n\t\t\t\t\t\t\t\t\t\t\t\t<div class=\"fsgb-block-slider__slide swiper-slide\">\n\t\t\t\t\t\t<img loading=\"lazy\" decoding=\"async\" width=\"400\" height=\"125\" src=\"https:\/\/tourisme-en-champagne.com\/assets\/uploads\/2025\/08\/les-crayeres-reimscles-crayeres3-1-400x125.jpg\" class=\"attachment-thumbnail size-thumbnail\" alt=\"Domaine les Cray\u00e8res - Reims\" srcset=\"https:\/\/tourisme-en-champagne.com\/assets\/uploads\/2025\/08\/les-crayeres-reimscles-crayeres3-1-400x125.jpg 400w, https:\/\/tourisme-en-champagne.com\/assets\/uploads\/2025\/08\/les-crayeres-reimscles-crayeres3-1-640x200.jpg 640w, https:\/\/tourisme-en-champagne.com\/assets\/uploads\/2025\/08\/les-crayeres-reimscles-crayeres3-1-1280x400.jpg 1280w, https:\/\/tourisme-en-champagne.com\/assets\/uploads\/2025\/08\/les-crayeres-reimscles-crayeres3-1-768x240.jpg 768w, https:\/\/tourisme-en-champagne.com\/assets\/uploads\/2025\/08\/les-crayeres-reimscles-crayeres3-1-1536x480.jpg 1536w, https:\/\/tourisme-en-champagne.com\/assets\/uploads\/2025\/08\/les-crayeres-reimscles-crayeres3-1.jpg 1920w\" sizes=\"auto, (max-width: 400px) 100vw, 400px\" title=\"\">\t\t\t\t\t\t<div class=\"caption\">Domaine les Cray\u00e8res &#8211; Reims<\/div>\n\t\t\t\t\t\t\t\t\t\t\t\t<strong><\/strong>\n\t\t\t\t\t\t\t\t\t\t\t\t\t\t\t\t\t\t\t\t\t\t\t<\/div>\n\t\t\t\t\t\t\t\t\t\t\t\t\t\t\t\t<div class=\"fsgb-block-slider__slide swiper-slide\">\n\t\t\t\t\t\t<img loading=\"lazy\" decoding=\"async\" width=\"400\" height=\"125\" src=\"https:\/\/tourisme-en-champagne.com\/assets\/uploads\/2025\/08\/ruinart-0-400x125.jpg\" class=\"attachment-thumbnail size-thumbnail\" alt=\"ADT Marne\" srcset=\"https:\/\/tourisme-en-champagne.com\/assets\/uploads\/2025\/08\/ruinart-0-400x125.jpg 400w, https:\/\/tourisme-en-champagne.com\/assets\/uploads\/2025\/08\/ruinart-0-640x200.jpg 640w, https:\/\/tourisme-en-champagne.com\/assets\/uploads\/2025\/08\/ruinart-0-1280x400.jpg 1280w, https:\/\/tourisme-en-champagne.com\/assets\/uploads\/2025\/08\/ruinart-0-768x240.jpg 768w, https:\/\/tourisme-en-champagne.com\/assets\/uploads\/2025\/08\/ruinart-0-1536x480.jpg 1536w, https:\/\/tourisme-en-champagne.com\/assets\/uploads\/2025\/08\/ruinart-0.jpg 1920w\" sizes=\"auto, (max-width: 400px) 100vw, 400px\" title=\"\">\t\t\t\t\t\t<div class=\"caption\">ADT Marne<\/div>\n\t\t\t\t\t\t\t\t\t\t\t\t<strong><\/strong>\n\t\t\t\t\t\t\t\t\t\t\t\t\t\t\t\t\t\t\t\t\t\t\t<\/div>\n\t\t\t\t\t\t\t\t\t\t\t\t\t\t\t\t<div class=\"fsgb-block-slider__slide swiper-slide\">\n\t\t\t\t\t\t<img loading=\"lazy\" decoding=\"async\" width=\"400\" height=\"125\" src=\"https:\/\/tourisme-en-champagne.com\/assets\/uploads\/2025\/08\/reims-0-1-400x125.jpg\" class=\"attachment-thumbnail size-thumbnail\" alt=\"C. Moya - Reims Tourisme\" srcset=\"https:\/\/tourisme-en-champagne.com\/assets\/uploads\/2025\/08\/reims-0-1-400x125.jpg 400w, https:\/\/tourisme-en-champagne.com\/assets\/uploads\/2025\/08\/reims-0-1-640x200.jpg 640w, https:\/\/tourisme-en-champagne.com\/assets\/uploads\/2025\/08\/reims-0-1-1280x400.jpg 1280w, https:\/\/tourisme-en-champagne.com\/assets\/uploads\/2025\/08\/reims-0-1-768x240.jpg 768w, https:\/\/tourisme-en-champagne.com\/assets\/uploads\/2025\/08\/reims-0-1-1536x480.jpg 1536w, https:\/\/tourisme-en-champagne.com\/assets\/uploads\/2025\/08\/reims-0-1.jpg 1920w\" sizes=\"auto, (max-width: 400px) 100vw, 400px\" title=\"\">\t\t\t\t\t\t<div class=\"caption\">C. Moya &#8211; Reims Tourisme<\/div>\n\t\t\t\t\t\t\t\t\t\t\t\t<strong><\/strong>\n\t\t\t\t\t\t\t\t\t\t\t\t\t\t\t\t\t\t\t\t\t\t\t<\/div>\n\t\t\t\t\t\t\t\t\t\t\t\t\t\t\t\t<div class=\"fsgb-block-slider__slide swiper-slide\">\n\t\t\t\t\t\t<img loading=\"lazy\" decoding=\"async\" width=\"400\" height=\"125\" src=\"https:\/\/tourisme-en-champagne.com\/assets\/uploads\/2025\/08\/caveau-de-castelnau-reims-diner-400x125.jpg\" class=\"attachment-thumbnail size-thumbnail\" alt=\"Caveau de Castelnau\" srcset=\"https:\/\/tourisme-en-champagne.com\/assets\/uploads\/2025\/08\/caveau-de-castelnau-reims-diner-400x125.jpg 400w, https:\/\/tourisme-en-champagne.com\/assets\/uploads\/2025\/08\/caveau-de-castelnau-reims-diner-640x200.jpg 640w, https:\/\/tourisme-en-champagne.com\/assets\/uploads\/2025\/08\/caveau-de-castelnau-reims-diner-1280x400.jpg 1280w, https:\/\/tourisme-en-champagne.com\/assets\/uploads\/2025\/08\/caveau-de-castelnau-reims-diner-768x240.jpg 768w, https:\/\/tourisme-en-champagne.com\/assets\/uploads\/2025\/08\/caveau-de-castelnau-reims-diner-1536x480.jpg 1536w, https:\/\/tourisme-en-champagne.com\/assets\/uploads\/2025\/08\/caveau-de-castelnau-reims-diner.jpg 1920w\" sizes=\"auto, (max-width: 400px) 100vw, 400px\" title=\"\">\t\t\t\t\t\t<div class=\"caption\">Caveau de Castelnau<\/div>\n\t\t\t\t\t\t\t\t\t\t\t\t<strong><\/strong>\n\t\t\t\t\t\t\t\t\t\t\t\t\t\t\t\t\t\t\t\t\t\t\t<\/div>\n\t\t\t\t\t\t\t\t\t\t\t\t\t\t\t\t<div class=\"fsgb-block-slider__slide swiper-slide\">\n\t\t\t\t\t\t<img loading=\"lazy\" decoding=\"async\" width=\"400\" height=\"125\" src=\"https:\/\/tourisme-en-champagne.com\/assets\/uploads\/2025\/08\/champagne-taittinger-reims-c-evidal-coll-adt-marne-1790-400x125.jpg\" class=\"attachment-thumbnail size-thumbnail\" alt=\"ADT Marne\" srcset=\"https:\/\/tourisme-en-champagne.com\/assets\/uploads\/2025\/08\/champagne-taittinger-reims-c-evidal-coll-adt-marne-1790-400x125.jpg 400w, https:\/\/tourisme-en-champagne.com\/assets\/uploads\/2025\/08\/champagne-taittinger-reims-c-evidal-coll-adt-marne-1790-640x200.jpg 640w, https:\/\/tourisme-en-champagne.com\/assets\/uploads\/2025\/08\/champagne-taittinger-reims-c-evidal-coll-adt-marne-1790-1280x400.jpg 1280w, https:\/\/tourisme-en-champagne.com\/assets\/uploads\/2025\/08\/champagne-taittinger-reims-c-evidal-coll-adt-marne-1790-768x240.jpg 768w, https:\/\/tourisme-en-champagne.com\/assets\/uploads\/2025\/08\/champagne-taittinger-reims-c-evidal-coll-adt-marne-1790-1536x480.jpg 1536w, https:\/\/tourisme-en-champagne.com\/assets\/uploads\/2025\/08\/champagne-taittinger-reims-c-evidal-coll-adt-marne-1790.jpg 1920w\" sizes=\"auto, (max-width: 400px) 100vw, 400px\" title=\"\">\t\t\t\t\t\t<div class=\"caption\">ADT Marne<\/div>\n\t\t\t\t\t\t\t\t\t\t\t\t<strong><\/strong>\n\t\t\t\t\t\t\t\t\t\t\t\t\t\t\t\t\t\t\t\t\t\t\t<\/div>\n\t\t\t\t\t\t\t\t\t\t\t\t\t\t\t\t<div class=\"fsgb-block-slider__slide swiper-slide\">\n\t\t\t\t\t\t<img loading=\"lazy\" decoding=\"async\" width=\"400\" height=\"125\" src=\"https:\/\/tourisme-en-champagne.com\/assets\/uploads\/2025\/08\/salon-degerman-400x125.jpg\" class=\"attachment-thumbnail size-thumbnail\" alt=\"Salon Degerman - Reims\" srcset=\"https:\/\/tourisme-en-champagne.com\/assets\/uploads\/2025\/08\/salon-degerman-400x125.jpg 400w, https:\/\/tourisme-en-champagne.com\/assets\/uploads\/2025\/08\/salon-degerman-640x200.jpg 640w, https:\/\/tourisme-en-champagne.com\/assets\/uploads\/2025\/08\/salon-degerman-1280x400.jpg 1280w, https:\/\/tourisme-en-champagne.com\/assets\/uploads\/2025\/08\/salon-degerman-768x240.jpg 768w, https:\/\/tourisme-en-champagne.com\/assets\/uploads\/2025\/08\/salon-degerman-1536x480.jpg 1536w, https:\/\/tourisme-en-champagne.com\/assets\/uploads\/2025\/08\/salon-degerman.jpg 1920w\" sizes=\"auto, (max-width: 400px) 100vw, 400px\" title=\"\">\t\t\t\t\t\t<div class=\"caption\">Salon Degerman &#8211; Reims<\/div>\n\t\t\t\t\t\t\t\t\t\t\t\t<strong><\/strong>\n\t\t\t\t\t\t\t\t\t\t\t\t\t\t\t\t\t\t\t\t\t\t\t<\/div>\n\t\t\t\t\t\t\t\t\t\t\t\t\t\t\t\t<div class=\"fsgb-block-slider__slide swiper-slide\">\n\t\t\t\t\t\t<img loading=\"lazy\" decoding=\"async\" width=\"400\" height=\"125\" src=\"https:\/\/tourisme-en-champagne.com\/assets\/uploads\/2025\/08\/le-royal-400x125.jpg\" class=\"attachment-thumbnail size-thumbnail\" alt=\"Le Royal - Reims\" srcset=\"https:\/\/tourisme-en-champagne.com\/assets\/uploads\/2025\/08\/le-royal-400x125.jpg 400w, https:\/\/tourisme-en-champagne.com\/assets\/uploads\/2025\/08\/le-royal-640x200.jpg 640w, https:\/\/tourisme-en-champagne.com\/assets\/uploads\/2025\/08\/le-royal-1280x400.jpg 1280w, https:\/\/tourisme-en-champagne.com\/assets\/uploads\/2025\/08\/le-royal-768x240.jpg 768w, https:\/\/tourisme-en-champagne.com\/assets\/uploads\/2025\/08\/le-royal-1536x480.jpg 1536w, https:\/\/tourisme-en-champagne.com\/assets\/uploads\/2025\/08\/le-royal.jpg 1920w\" sizes=\"auto, (max-width: 400px) 100vw, 400px\" title=\"\">\t\t\t\t\t\t<div class=\"caption\">Le Royal &#8211; Reims<\/div>\n\t\t\t\t\t\t\t\t\t\t\t\t<strong><\/strong>\n\t\t\t\t\t\t\t\t\t\t\t\t\t\t\t\t\t\t\t\t\t\t\t<\/div>\n\t\t\t\t\t\t\t\t\t\t\t\t\t\t\t\t<div class=\"fsgb-block-slider__slide swiper-slide\">\n\t\t\t\t\t\t<img loading=\"lazy\" decoding=\"async\" width=\"400\" height=\"125\" src=\"https:\/\/tourisme-en-champagne.com\/assets\/uploads\/2025\/08\/cathedrale-reimscadt-marne2-1-400x125.jpg\" class=\"attachment-thumbnail size-thumbnail\" alt=\"ADT Marne\" srcset=\"https:\/\/tourisme-en-champagne.com\/assets\/uploads\/2025\/08\/cathedrale-reimscadt-marne2-1-400x125.jpg 400w, https:\/\/tourisme-en-champagne.com\/assets\/uploads\/2025\/08\/cathedrale-reimscadt-marne2-1-640x200.jpg 640w, https:\/\/tourisme-en-champagne.com\/assets\/uploads\/2025\/08\/cathedrale-reimscadt-marne2-1-1280x400.jpg 1280w, https:\/\/tourisme-en-champagne.com\/assets\/uploads\/2025\/08\/cathedrale-reimscadt-marne2-1-768x240.jpg 768w, https:\/\/tourisme-en-champagne.com\/assets\/uploads\/2025\/08\/cathedrale-reimscadt-marne2-1-1536x480.jpg 1536w, https:\/\/tourisme-en-champagne.com\/assets\/uploads\/2025\/08\/cathedrale-reimscadt-marne2-1.jpg 1920w\" sizes=\"auto, (max-width: 400px) 100vw, 400px\" title=\"\">\t\t\t\t\t\t<div class=\"caption\">ADT Marne<\/div>\n\t\t\t\t\t\t\t\t\t\t\t\t<strong><\/strong>\n\t\t\t\t\t\t\t\t\t\t\t\t\t\t\t\t\t\t\t\t\t\t\t<\/div>\n\t\t\t\t\t\t\t\t\t\t\t\t\t\t\t\t<div class=\"fsgb-block-slider__slide swiper-slide\">\n\t\t\t\t\t\t<img loading=\"lazy\" decoding=\"async\" width=\"400\" height=\"125\" src=\"https:\/\/tourisme-en-champagne.com\/assets\/uploads\/2025\/08\/manoir-verzy-400x125.jpg\" class=\"attachment-thumbnail size-thumbnail\" alt=\"Le Manoir de Verzy\" srcset=\"https:\/\/tourisme-en-champagne.com\/assets\/uploads\/2025\/08\/manoir-verzy-400x125.jpg 400w, https:\/\/tourisme-en-champagne.com\/assets\/uploads\/2025\/08\/manoir-verzy-640x200.jpg 640w, https:\/\/tourisme-en-champagne.com\/assets\/uploads\/2025\/08\/manoir-verzy-1280x400.jpg 1280w, https:\/\/tourisme-en-champagne.com\/assets\/uploads\/2025\/08\/manoir-verzy-768x240.jpg 768w, https:\/\/tourisme-en-champagne.com\/assets\/uploads\/2025\/08\/manoir-verzy-1536x480.jpg 1536w, https:\/\/tourisme-en-champagne.com\/assets\/uploads\/2025\/08\/manoir-verzy.jpg 1920w\" sizes=\"auto, (max-width: 400px) 100vw, 400px\" title=\"\">\t\t\t\t\t\t<div class=\"caption\">Le Manoir de Verzy<\/div>\n\t\t\t\t\t\t\t\t\t\t\t\t<strong><\/strong>\n\t\t\t\t\t\t\t\t\t\t\t\t\t\t\t\t\t\t\t\t\t\t\t<\/div>\n\t\t\t\t\t\t\t\t\t\t\t\t\t\t\t\t<div class=\"fsgb-block-slider__slide swiper-slide\">\n\t\t\t\t\t\t<img loading=\"lazy\" decoding=\"async\" width=\"400\" height=\"125\" src=\"https:\/\/tourisme-en-champagne.com\/assets\/uploads\/2025\/08\/lassiette-champenoise-restaurant-tinqueuxcassiette-champenoise22-400x125.jpg\" class=\"attachment-thumbnail size-thumbnail\" alt=\"Le Manoir de Verzy\" srcset=\"https:\/\/tourisme-en-champagne.com\/assets\/uploads\/2025\/08\/lassiette-champenoise-restaurant-tinqueuxcassiette-champenoise22-400x125.jpg 400w, https:\/\/tourisme-en-champagne.com\/assets\/uploads\/2025\/08\/lassiette-champenoise-restaurant-tinqueuxcassiette-champenoise22-640x200.jpg 640w, https:\/\/tourisme-en-champagne.com\/assets\/uploads\/2025\/08\/lassiette-champenoise-restaurant-tinqueuxcassiette-champenoise22-1280x400.jpg 1280w, https:\/\/tourisme-en-champagne.com\/assets\/uploads\/2025\/08\/lassiette-champenoise-restaurant-tinqueuxcassiette-champenoise22-768x240.jpg 768w, https:\/\/tourisme-en-champagne.com\/assets\/uploads\/2025\/08\/lassiette-champenoise-restaurant-tinqueuxcassiette-champenoise22-1536x480.jpg 1536w, https:\/\/tourisme-en-champagne.com\/assets\/uploads\/2025\/08\/lassiette-champenoise-restaurant-tinqueuxcassiette-champenoise22.jpg 1920w\" sizes=\"auto, (max-width: 400px) 100vw, 400px\" title=\"\">\t\t\t\t\t\t<div class=\"caption\">Le Manoir de Verzy<\/div>\n\t\t\t\t\t\t\t\t\t\t\t\t<strong><\/strong>\n\t\t\t\t\t\t\t\t\t\t\t\t\t\t\t\t\t\t\t\t\t\t\t<\/div>\n\t\t\t\t\t\t\t\t\t\t\t\t\t\t\t\t<div class=\"fsgb-block-slider__slide swiper-slide\">\n\t\t\t\t\t\t<img loading=\"lazy\" decoding=\"async\" width=\"400\" height=\"125\" src=\"https:\/\/tourisme-en-champagne.com\/assets\/uploads\/2025\/08\/champagne-taittigner-reimscegoulet-colladt-marne3-0-1-400x125.jpg\" class=\"attachment-thumbnail size-thumbnail\" alt=\"Le Manoir de Verzy\" srcset=\"https:\/\/tourisme-en-champagne.com\/assets\/uploads\/2025\/08\/champagne-taittigner-reimscegoulet-colladt-marne3-0-1-400x125.jpg 400w, https:\/\/tourisme-en-champagne.com\/assets\/uploads\/2025\/08\/champagne-taittigner-reimscegoulet-colladt-marne3-0-1-640x200.jpg 640w, https:\/\/tourisme-en-champagne.com\/assets\/uploads\/2025\/08\/champagne-taittigner-reimscegoulet-colladt-marne3-0-1-1280x400.jpg 1280w, https:\/\/tourisme-en-champagne.com\/assets\/uploads\/2025\/08\/champagne-taittigner-reimscegoulet-colladt-marne3-0-1-768x240.jpg 768w, https:\/\/tourisme-en-champagne.com\/assets\/uploads\/2025\/08\/champagne-taittigner-reimscegoulet-colladt-marne3-0-1-1536x480.jpg 1536w, https:\/\/tourisme-en-champagne.com\/assets\/uploads\/2025\/08\/champagne-taittigner-reimscegoulet-colladt-marne3-0-1.jpg 1920w\" sizes=\"auto, (max-width: 400px) 100vw, 400px\" title=\"\">\t\t\t\t\t\t<div class=\"caption\">Le Manoir de Verzy<\/div>\n\t\t\t\t\t\t\t\t\t\t\t\t<strong><\/strong>\n\t\t\t\t\t\t\t\t\t\t\t\t\t\t\t\t\t\t\t\t\t\t\t<\/div>\n\t\t\t\t\t\t\t\t\t<\/div>\n\t\t<div class=\"swiper-pagination\"><\/div>\n\t<\/div>\n\n<\/section>\n\n<section class=\"wp-block-group alignfull pattern-text has-middleground-background-color has-background has-global-padding is-content-justification-center is-layout-constrained wp-block-group-is-layout-constrained\">\n<div class=\"wp-block-columns is-layout-flex wp-container-core-columns-is-layout-fdcf44e1 wp-block-columns-is-layout-flex\">\n<div class=\"wp-block-column is-layout-flow wp-block-column-is-layout-flow\">\n<h2 class=\"wp-block-heading\"><strong>Tus contactos<\/strong><\/h2>\n\n\n\n<hr class=\"wp-block-separator has-text-color has-grey-color has-alpha-channel-opacity has-grey-background-color has-background\"\/>\n\n\n\n<ul class=\"wp-block-list\">\n<li><strong>BUREAU DES CONGR\u00c8S DU GRAND REIMS &#8211; 6 RUE ROCKFELLER &#8211; 51100 REIMS &#8211; 03 26 77 45 00 &#8211; <a href=\"http:\/\/www.reims-convention-bureau.com\/\" target=\"_blank\" rel=\"noreferrer noopener\">WWW.REIMS-CONVENTION-BUREAU.COM<\/a><\/strong><\/li>\n<\/ul>\n<\/div>\n<\/div>\n<\/section>\n\n<section class=\"wp-block-group alignfull pattern-text-50-media-50 has-global-padding is-layout-constrained wp-block-group-is-layout-constrained\">\n<div class=\"wp-block-columns are-vertically-aligned-center is-layout-flex wp-container-core-columns-is-layout-63fbf5b9 wp-block-columns-is-layout-flex\">\n<div class=\"wp-block-column is-vertically-aligned-center is-layout-flow wp-block-column-is-layout-flow\">\n<figure class=\"wp-block-image size-full\"><img loading=\"lazy\" decoding=\"async\" width=\"600\" height=\"230\" src=\"https:\/\/tourisme-en-champagne.com\/assets\/uploads\/2025\/07\/ccb-espace.png\" alt=\"\" class=\"wp-image-12949\" title=\"\" srcset=\"https:\/\/tourisme-en-champagne.com\/assets\/uploads\/2025\/07\/ccb-espace.png 600w, https:\/\/tourisme-en-champagne.com\/assets\/uploads\/2025\/07\/ccb-espace-400x153.png 400w\" sizes=\"auto, (max-width: 600px) 100vw, 600px\" \/><\/figure>\n<\/div>\n\n\n\n<div class=\"wp-block-column is-vertically-aligned-center is-layout-flow wp-block-column-is-layout-flow\">\n<h2 class=\"wp-block-heading\"><strong>Tu pareja ideal<\/strong><\/h2>\n\n\n\n<hr class=\"wp-block-separator has-text-color has-grey-color has-alpha-channel-opacity has-grey-background-color has-background\"\/>\n\n\n\n<p class=\"has-contrast-color has-text-color has-link-color wp-elements-eaa86fc3a4fbb47f7525008bd963b415 wp-block-paragraph\"><strong>Sylvie Millot<\/strong> &#8211; <a href=\"mailto:info@champagne-convention-bureau.com\">info@champagne-convention-bureau.com<\/a><br\/>Tel. +33 (0)3 26 69 81 88 &#8211; M\u00f3vil : +33 (0)6 34 17 39 07<br\/>13 bis rue Carnot &#8211; CS 50074 &#8211; 51006 Ch\u00e2lons-en-Champagne Cedex <\/p>\n<\/div>\n<\/div>\n<\/section>\n","protected":false},"excerpt":{"rendered":"<p>En pocas palabras Reims es la ciudad m\u00e1s importante de la regi\u00f3n de Champa\u00f1a Conocida por su majestuosa catedral, donde han sido coronados una treintena de reyes de Francia, Reims conserva un importante patrimonio arquitect\u00f3nico y cultural: edificios art d\u00e9co, restos galo-romanos y 3 lugares declarados Patrimonio Mundial por la UNESCO: el Palacio del Tau, [&hellip;]<\/p>\n","protected":false},"author":2,"featured_media":13201,"parent":21095,"menu_order":0,"comment_status":"closed","ping_status":"closed","template":"templates\/editorial-content.php","meta":{"_acf_changed":false,"footnotes":"","_links_to":"","_links_to_target":""},"class_list":["post-19680","page","type-page","status-publish","has-post-thumbnail","hentry"],"acf":[],"_links":{"self":[{"href":"https:\/\/tourisme-en-champagne.com\/es\/wp-json\/wp\/v2\/pages\/19680","targetHints":{"allow":["GET"]}}],"collection":[{"href":"https:\/\/tourisme-en-champagne.com\/es\/wp-json\/wp\/v2\/pages"}],"about":[{"href":"https:\/\/tourisme-en-champagne.com\/es\/wp-json\/wp\/v2\/types\/page"}],"author":[{"embeddable":true,"href":"https:\/\/tourisme-en-champagne.com\/es\/wp-json\/wp\/v2\/users\/2"}],"replies":[{"embeddable":true,"href":"https:\/\/tourisme-en-champagne.com\/es\/wp-json\/wp\/v2\/comments?post=19680"}],"version-history":[{"count":3,"href":"https:\/\/tourisme-en-champagne.com\/es\/wp-json\/wp\/v2\/pages\/19680\/revisions"}],"predecessor-version":[{"id":21272,"href":"https:\/\/tourisme-en-champagne.com\/es\/wp-json\/wp\/v2\/pages\/19680\/revisions\/21272"}],"up":[{"embeddable":true,"href":"https:\/\/tourisme-en-champagne.com\/es\/wp-json\/wp\/v2\/pages\/21095"}],"wp:featuredmedia":[{"embeddable":true,"href":"https:\/\/tourisme-en-champagne.com\/es\/wp-json\/wp\/v2\/media\/13201"}],"wp:attachment":[{"href":"https:\/\/tourisme-en-champagne.com\/es\/wp-json\/wp\/v2\/media?parent=19680"}],"curies":[{"name":"wp","href":"https:\/\/api.w.org\/{rel}","templated":true}]}}