{"id":19665,"date":"2025-08-05T12:15:38","date_gmt":"2025-08-05T10:15:38","guid":{"rendered":"https:\/\/tourisme-en-champagne.com\/chalons-en-champagne\/"},"modified":"2025-11-28T16:02:29","modified_gmt":"2025-11-28T15:02:29","slug":"chalons-en-champagne","status":"publish","type":"page","link":"https:\/\/tourisme-en-champagne.com\/es\/oficina-de-la-convencion-de-champagne\/chalons-en-champagne\/","title":{"rendered":"Ch\u00e2lons-en-Champagne"},"content":{"rendered":"\n<section class=\"wp-block-group alignfull pattern-text has-global-padding is-content-justification-center is-layout-constrained wp-block-group-is-layout-constrained\">\n<div class=\"wp-block-columns is-layout-flex wp-container-core-columns-is-layout-fdcf44e1 wp-block-columns-is-layout-flex\">\n<div class=\"wp-block-column is-layout-flow wp-block-column-is-layout-flow\">\n<h2 class=\"wp-block-heading\"><strong>EN POCAS PALABRAS<\/strong><\/h2>\n\n\n\n<hr class=\"wp-block-separator has-text-color has-grey-color has-alpha-channel-opacity has-grey-background-color has-background\"\/>\n\n\n\n<h3 class=\"wp-block-heading\">CH\u00c2LONS-EN-CHAMPAGNE ES UNA \u00abCIUDAD DE ARTE E HISTORIA\u00bb, CON SUS PARQUES Y JARDINES SURCADOS POR NUMEROSOS CANALES.<br\/><\/h3>\n\n\n\n<p class=\"has-text-align-left wp-block-paragraph\"><strong>Ch\u00e2lons-en-Champagne <\/strong>posee un rico y variado patrimonio natural y arquitect\u00f3nico. Poco destruidas durante las guerras, las casas con entramado de madera de la \u00e9poca medieval conviven alegremente con mansiones de la \u00e9poca cl\u00e1sica y bellas fachadas art dec\u00f3\/art nouveau. <\/p>\n\n\n\n<div class=\"wp-block-group has-global-padding is-layout-constrained wp-container-core-group-is-layout-1cdd5cfe wp-block-group-is-layout-constrained\">\n<figure class=\"wp-block-embed is-type-video is-provider-youtube wp-block-embed-youtube wp-embed-aspect-16-9 wp-has-aspect-ratio\"><div class=\"wp-block-embed__wrapper\">\n<iframe loading=\"lazy\" title=\"Osez Ch\u00e2lons-en-Champagne\" width=\"500\" height=\"281\" src=\"https:\/\/www.youtube.com\/embed\/36akBL0Jo40?feature=oembed\" frameborder=\"0\" allow=\"accelerometer; autoplay; clipboard-write; encrypted-media; gyroscope; picture-in-picture; web-share\" referrerpolicy=\"strict-origin-when-cross-origin\" allowfullscreen><\/iframe>\n<\/div><\/figure>\n<\/div>\n\n\n\n<p class=\"wp-block-paragraph\">Si Ch\u00e2lons se describe como una<strong> Venecia centelleante<\/strong>, es porque el agua est\u00e1 por todas partes, corriendo por la ciudad y el verdor, desapareciendo bajo las calles y plazas. La mejor forma de descubrir Ch\u00e2lons y su centro hist\u00f3rico es, sin duda, subir a bordo de uno de los barcos de la Oficina de Turismo y dar un paseo por los r\u00edos <g id=\"gid_1\">Mau y Nau<\/g>. De d\u00eda, para admirar el patrimonio desde un \u00e1ngulo ins\u00f3lito, o de noche, para dejarte llevar por la magia de los espect\u00e1culos de luz y sonido <strong>\u00abMetamorph&#8217;eau&#8217;ses\u00bb<\/strong>.  <\/p>\n\n\n\n<p class=\"wp-block-paragraph\">Ch\u00e2lons es una <strong>ciudad din\u00e1mica y festiva<\/strong>, con una impresionante oferta cultural. De abril a octubre se celebran numerosos festivales. La ciudad tiene su propio centro de exposiciones <g id=\"gid_1\">, \u00abLe Capitole\u00bb, una<\/g> instalaci\u00f3n de gran calidad que puede albergar todo tipo de actos. Para reuniones m\u00e1s peque\u00f1as, tambi\u00e9n dispone de otros locales muy agradables.   <\/p>\n<\/div>\n<\/div>\n<\/section>\n\n<section class=\"wp-block-group alignfull pattern-media-100-full has-background has-global-padding is-layout-constrained wp-container-core-group-is-layout-7cf01583 wp-block-group-is-layout-constrained\" style=\"padding-top:0;padding-right:0;padding-bottom:0;padding-left:0\">\t<div class=\"fsgb-block-slider swiper is-style-fullwidth alignfull\"  >\n\t\t<div class=\"swiper-wrapper\">\n\t\t\t\t\t\t\t\t\t\t\t\t<div class=\"fsgb-block-slider__slide swiper-slide\">\n\t\t\t\t\t\t<img loading=\"lazy\" decoding=\"async\" width=\"400\" height=\"125\" src=\"https:\/\/tourisme-en-champagne.com\/assets\/uploads\/2025\/08\/orfeuil-chalons-en-champagnecteddy-picaude-400x125.jpg\" class=\"attachment-thumbnail size-thumbnail\" alt=\"\" srcset=\"https:\/\/tourisme-en-champagne.com\/assets\/uploads\/2025\/08\/orfeuil-chalons-en-champagnecteddy-picaude-400x125.jpg 400w, https:\/\/tourisme-en-champagne.com\/assets\/uploads\/2025\/08\/orfeuil-chalons-en-champagnecteddy-picaude-640x200.jpg 640w, https:\/\/tourisme-en-champagne.com\/assets\/uploads\/2025\/08\/orfeuil-chalons-en-champagnecteddy-picaude-1280x400.jpg 1280w, https:\/\/tourisme-en-champagne.com\/assets\/uploads\/2025\/08\/orfeuil-chalons-en-champagnecteddy-picaude-768x240.jpg 768w, https:\/\/tourisme-en-champagne.com\/assets\/uploads\/2025\/08\/orfeuil-chalons-en-champagnecteddy-picaude-1536x480.jpg 1536w, https:\/\/tourisme-en-champagne.com\/assets\/uploads\/2025\/08\/orfeuil-chalons-en-champagnecteddy-picaude.jpg 1920w\" sizes=\"auto, (max-width: 400px) 100vw, 400px\" title=\"\">\t\t\t\t\t\t<div class=\"caption\">T. Picaud\u00e9<\/div>\n\t\t\t\t\t\t\t\t\t\t\t\t<strong><\/strong>\n\t\t\t\t\t\t\t\t\t\t\t\t\t\t\t\t\t\t\t\t\t\t\t<\/div>\n\t\t\t\t\t\t\t\t\t\t\t\t\t\t\t\t<div class=\"fsgb-block-slider__slide swiper-slide\">\n\t\t\t\t\t\t<img loading=\"lazy\" decoding=\"async\" width=\"400\" height=\"125\" src=\"https:\/\/tourisme-en-champagne.com\/assets\/uploads\/2025\/08\/marche-couvert-chalons-en-champagnecteddy-picaude-400x125.jpg\" class=\"attachment-thumbnail size-thumbnail\" alt=\"\" srcset=\"https:\/\/tourisme-en-champagne.com\/assets\/uploads\/2025\/08\/marche-couvert-chalons-en-champagnecteddy-picaude-400x125.jpg 400w, https:\/\/tourisme-en-champagne.com\/assets\/uploads\/2025\/08\/marche-couvert-chalons-en-champagnecteddy-picaude-640x200.jpg 640w, https:\/\/tourisme-en-champagne.com\/assets\/uploads\/2025\/08\/marche-couvert-chalons-en-champagnecteddy-picaude-1280x400.jpg 1280w, https:\/\/tourisme-en-champagne.com\/assets\/uploads\/2025\/08\/marche-couvert-chalons-en-champagnecteddy-picaude-768x240.jpg 768w, https:\/\/tourisme-en-champagne.com\/assets\/uploads\/2025\/08\/marche-couvert-chalons-en-champagnecteddy-picaude-1536x480.jpg 1536w, https:\/\/tourisme-en-champagne.com\/assets\/uploads\/2025\/08\/marche-couvert-chalons-en-champagnecteddy-picaude.jpg 1920w\" sizes=\"auto, (max-width: 400px) 100vw, 400px\" title=\"\">\t\t\t\t\t\t<div class=\"caption\">T. Picaud\u00e9<\/div>\n\t\t\t\t\t\t\t\t\t\t\t\t<strong><\/strong>\n\t\t\t\t\t\t\t\t\t\t\t\t\t\t\t\t\t\t\t\t\t\t\t<\/div>\n\t\t\t\t\t\t\t\t\t\t\t\t\t\t\t\t<div class=\"fsgb-block-slider__slide swiper-slide\">\n\t\t\t\t\t\t<img loading=\"lazy\" decoding=\"async\" width=\"400\" height=\"125\" src=\"https:\/\/tourisme-en-champagne.com\/assets\/uploads\/2025\/08\/metamorpheauses-4-c-c-manquillet-coll-adt-marne16-400x125.jpg\" class=\"attachment-thumbnail size-thumbnail\" alt=\"\" srcset=\"https:\/\/tourisme-en-champagne.com\/assets\/uploads\/2025\/08\/metamorpheauses-4-c-c-manquillet-coll-adt-marne16-400x125.jpg 400w, https:\/\/tourisme-en-champagne.com\/assets\/uploads\/2025\/08\/metamorpheauses-4-c-c-manquillet-coll-adt-marne16-640x200.jpg 640w, https:\/\/tourisme-en-champagne.com\/assets\/uploads\/2025\/08\/metamorpheauses-4-c-c-manquillet-coll-adt-marne16-1280x400.jpg 1280w, https:\/\/tourisme-en-champagne.com\/assets\/uploads\/2025\/08\/metamorpheauses-4-c-c-manquillet-coll-adt-marne16-768x240.jpg 768w, https:\/\/tourisme-en-champagne.com\/assets\/uploads\/2025\/08\/metamorpheauses-4-c-c-manquillet-coll-adt-marne16-1536x480.jpg 1536w, https:\/\/tourisme-en-champagne.com\/assets\/uploads\/2025\/08\/metamorpheauses-4-c-c-manquillet-coll-adt-marne16.jpg 1920w\" sizes=\"auto, (max-width: 400px) 100vw, 400px\" title=\"\">\t\t\t\t\t\t<div class=\"caption\">C. Manquillet<\/div>\n\t\t\t\t\t\t\t\t\t\t\t\t<strong><\/strong>\n\t\t\t\t\t\t\t\t\t\t\t\t\t\t\t\t\t\t\t\t\t\t\t<\/div>\n\t\t\t\t\t\t\t\t\t\t\t\t\t\t\t\t<div class=\"fsgb-block-slider__slide swiper-slide\">\n\t\t\t\t\t\t<img loading=\"lazy\" decoding=\"async\" width=\"400\" height=\"125\" src=\"https:\/\/tourisme-en-champagne.com\/assets\/uploads\/2025\/08\/cnac-chalons-en-champagnecteddy-picaude-0-400x125.jpg\" class=\"attachment-thumbnail size-thumbnail\" alt=\"\" srcset=\"https:\/\/tourisme-en-champagne.com\/assets\/uploads\/2025\/08\/cnac-chalons-en-champagnecteddy-picaude-0-400x125.jpg 400w, https:\/\/tourisme-en-champagne.com\/assets\/uploads\/2025\/08\/cnac-chalons-en-champagnecteddy-picaude-0-640x200.jpg 640w, https:\/\/tourisme-en-champagne.com\/assets\/uploads\/2025\/08\/cnac-chalons-en-champagnecteddy-picaude-0-1280x400.jpg 1280w, https:\/\/tourisme-en-champagne.com\/assets\/uploads\/2025\/08\/cnac-chalons-en-champagnecteddy-picaude-0-768x240.jpg 768w, https:\/\/tourisme-en-champagne.com\/assets\/uploads\/2025\/08\/cnac-chalons-en-champagnecteddy-picaude-0-1536x480.jpg 1536w, https:\/\/tourisme-en-champagne.com\/assets\/uploads\/2025\/08\/cnac-chalons-en-champagnecteddy-picaude-0.jpg 1920w\" sizes=\"auto, (max-width: 400px) 100vw, 400px\" title=\"\">\t\t\t\t\t\t<div class=\"caption\">T. Picaud\u00e9<\/div>\n\t\t\t\t\t\t\t\t\t\t\t\t<strong><\/strong>\n\t\t\t\t\t\t\t\t\t\t\t\t\t\t\t\t\t\t\t\t\t\t\t<\/div>\n\t\t\t\t\t\t\t\t\t\t\t\t\t\t\t\t<div class=\"fsgb-block-slider__slide swiper-slide\">\n\t\t\t\t\t\t<img loading=\"lazy\" decoding=\"async\" width=\"400\" height=\"125\" src=\"https:\/\/tourisme-en-champagne.com\/assets\/uploads\/2025\/08\/pont-des-mariniers-chalonsct-picaude-coll-adt-marne-400x125.jpg\" class=\"attachment-thumbnail size-thumbnail\" alt=\"\" srcset=\"https:\/\/tourisme-en-champagne.com\/assets\/uploads\/2025\/08\/pont-des-mariniers-chalonsct-picaude-coll-adt-marne-400x125.jpg 400w, https:\/\/tourisme-en-champagne.com\/assets\/uploads\/2025\/08\/pont-des-mariniers-chalonsct-picaude-coll-adt-marne-640x200.jpg 640w, https:\/\/tourisme-en-champagne.com\/assets\/uploads\/2025\/08\/pont-des-mariniers-chalonsct-picaude-coll-adt-marne-1280x400.jpg 1280w, https:\/\/tourisme-en-champagne.com\/assets\/uploads\/2025\/08\/pont-des-mariniers-chalonsct-picaude-coll-adt-marne-768x240.jpg 768w, https:\/\/tourisme-en-champagne.com\/assets\/uploads\/2025\/08\/pont-des-mariniers-chalonsct-picaude-coll-adt-marne-1536x480.jpg 1536w, https:\/\/tourisme-en-champagne.com\/assets\/uploads\/2025\/08\/pont-des-mariniers-chalonsct-picaude-coll-adt-marne.jpg 1920w\" sizes=\"auto, (max-width: 400px) 100vw, 400px\" title=\"\">\t\t\t\t\t\t<div class=\"caption\">T. Picaud\u00e9<\/div>\n\t\t\t\t\t\t\t\t\t\t\t\t<strong><\/strong>\n\t\t\t\t\t\t\t\t\t\t\t\t\t\t\t\t\t\t\t\t\t\t\t<\/div>\n\t\t\t\t\t\t\t\t\t\t\t\t\t\t\t\t<div class=\"fsgb-block-slider__slide swiper-slide\">\n\t\t\t\t\t\t<img loading=\"lazy\" decoding=\"async\" width=\"400\" height=\"125\" src=\"https:\/\/tourisme-en-champagne.com\/assets\/uploads\/2025\/08\/conseil-departementacm-boudot-coll-adt-marne-400x125.jpg\" class=\"attachment-thumbnail size-thumbnail\" alt=\"\" srcset=\"https:\/\/tourisme-en-champagne.com\/assets\/uploads\/2025\/08\/conseil-departementacm-boudot-coll-adt-marne-400x125.jpg 400w, https:\/\/tourisme-en-champagne.com\/assets\/uploads\/2025\/08\/conseil-departementacm-boudot-coll-adt-marne-640x200.jpg 640w, https:\/\/tourisme-en-champagne.com\/assets\/uploads\/2025\/08\/conseil-departementacm-boudot-coll-adt-marne-1280x400.jpg 1280w, https:\/\/tourisme-en-champagne.com\/assets\/uploads\/2025\/08\/conseil-departementacm-boudot-coll-adt-marne-768x240.jpg 768w, https:\/\/tourisme-en-champagne.com\/assets\/uploads\/2025\/08\/conseil-departementacm-boudot-coll-adt-marne-1536x480.jpg 1536w, https:\/\/tourisme-en-champagne.com\/assets\/uploads\/2025\/08\/conseil-departementacm-boudot-coll-adt-marne.jpg 1920w\" sizes=\"auto, (max-width: 400px) 100vw, 400px\" title=\"\">\t\t\t\t\t\t<div class=\"caption\">www.mkb.photos<\/div>\n\t\t\t\t\t\t\t\t\t\t\t\t<strong><\/strong>\n\t\t\t\t\t\t\t\t\t\t\t\t\t\t\t\t\t\t\t\t\t\t\t<\/div>\n\t\t\t\t\t\t\t\t\t<\/div>\n\t\t<div class=\"swiper-pagination\"><\/div>\n\t<\/div>\n\n<\/section>\n\n<section class=\"wp-block-group alignfull pattern-text-33-media-66 has-base-color has-brown-background-color has-text-color has-background has-link-color wp-elements-4b21b8e3c4385e820bfba5b8141a2e12 has-global-padding is-layout-constrained wp-block-group-is-layout-constrained\">\n<div class=\"wp-block-columns is-layout-flex wp-container-core-columns-is-layout-63fbf5b9 wp-block-columns-is-layout-flex\">\n<div class=\"wp-block-column col-media is-layout-flow wp-block-column-is-layout-flow\" style=\"flex-basis:66.66%\">\n<figure class=\"wp-block-image size-full\"><img loading=\"lazy\" decoding=\"async\" width=\"485\" height=\"600\" src=\"https:\/\/tourisme-en-champagne.com\/assets\/uploads\/2025\/08\/capitole-visuel-maquette.jpg\" alt=\"Le Capitole en Champagne - Modelo\" class=\"wp-image-16289\" title=\"\" srcset=\"https:\/\/tourisme-en-champagne.com\/assets\/uploads\/2025\/08\/capitole-visuel-maquette.jpg 485w, https:\/\/tourisme-en-champagne.com\/assets\/uploads\/2025\/08\/capitole-visuel-maquette-400x495.jpg 400w\" sizes=\"auto, (max-width: 485px) 100vw, 485px\" \/><\/figure>\n<\/div>\n\n\n\n<div class=\"wp-block-column col-content is-layout-flow wp-block-column-is-layout-flow\" style=\"flex-basis:50%\">\n<h2 class=\"wp-block-heading has-grey-color has-text-color has-link-color wp-elements-f2377114131050f85ea747606b2e41e1\"><strong>Hoteles, instalaciones, acceso<\/strong><\/h2>\n\n\n\n<hr class=\"wp-block-separator has-text-color has-grey-color has-alpha-channel-opacity has-grey-background-color has-background\"\/>\n\n\n\n<h3 class=\"wp-block-heading\">Ch\u00e2lons-en-Champagne tiene 700 habitaciones de hotel, de 1 a 4 estrellas.<\/h3>\n\n\n\n<div class=\"wp-block-buttons is-layout-flex wp-block-buttons-is-layout-flex\">\n<div class=\"wp-block-button\"><a class=\"wp-block-button__link has-grey-color has-base-background-color has-text-color has-background has-link-color wp-element-button\" href=\"https:\/\/tourisme-en-champagne.com\/es\/oficina-de-la-convencion-de-champagne\/alojamiento\/?_commune=chalons-en-champagne\" target=\"_blank\" rel=\"noreferrer noopener\">M\u00e1s informaci\u00f3n<\/a><\/div>\n<\/div>\n\n\n\n<h3 class=\"wp-block-heading\">El capitolio<\/h3>\n\n\n\n<p class=\"wp-block-paragraph\"><strong><em>Tan grande como vers\u00e1til<\/em><\/strong><\/p>\n\n\n\n<p class=\"wp-block-paragraph\">En un terreno de 90.000 m\u00b2, este gran centro de exposiciones dispone de 4 pabellones de 2.200 m\u00b2 a 6.200 m\u00b2, incluido 1 auditorio con capacidad para 2.700 personas. El centro de convenciones y seminarios ofrece de 5 a 9 salas modulares y una gran sala con capacidad para 800 personas. Dispone de servicios de catering y 1.500 plazas de aparcamiento.  <\/p>\n\n\n\n<div class=\"wp-block-buttons is-layout-flex wp-block-buttons-is-layout-flex\">\n<div class=\"wp-block-button\"><a class=\"wp-block-button__link has-grey-color has-base-background-color has-text-color has-background has-link-color wp-element-button\">Las otras habitaciones<\/a><\/div>\n<\/div>\n<\/div>\n<\/div>\n<\/section>\n\n<section class=\"wp-block-group alignfull pattern-text has-base-color has-brown-background-color has-text-color has-background has-link-color wp-elements-c19e9baa03ddcbc024219daf1213cedd has-global-padding is-content-justification-center is-layout-constrained wp-block-group-is-layout-constrained\" style=\"padding-top:0\">\n<div class=\"wp-block-columns is-layout-flex wp-container-core-columns-is-layout-fdcf44e1 wp-block-columns-is-layout-flex\">\n<div class=\"wp-block-column is-layout-flow wp-block-column-is-layout-flow\">\n<h3 class=\"wp-block-heading\"><strong>Accede a<\/strong><\/h3>\n\n\n\n<ul class=\"wp-block-list\">\n<li>1 estaci\u00f3n SNCF: l\u00ednea TGV desde Par\u00eds (1h00)<\/li>\n\n\n\n<li>A 190 km de Par\u00eds por la autopista A4 (2h00)<\/li>\n\n\n\n<li>A 180 km de Par\u00eds por la Nationale 4 (2h20)<\/li>\n<\/ul>\n<\/div>\n<\/div>\n<\/section>\n\n<section class=\"wp-block-group alignfull pattern-text-50-media-50 has-global-padding is-layout-constrained wp-block-group-is-layout-constrained\">\n<div class=\"wp-block-columns is-layout-flex wp-container-core-columns-is-layout-63fbf5b9 wp-block-columns-is-layout-flex\">\n<div class=\"wp-block-column is-layout-flow wp-block-column-is-layout-flow\">\n<h2 class=\"wp-block-heading\"><strong>COSAS QUE VER Y HACER<\/strong><\/h2>\n\n\n\n<hr class=\"wp-block-separator has-text-color has-grey-color has-alpha-channel-opacity has-grey-background-color has-background\"\/>\n\n\n\n<h3 class=\"wp-block-heading\">En la ciudad y alrededores<\/h3>\n\n\n\n<ul class=\"wp-block-list has-grey-color has-text-color has-link-color wp-elements-2480188b80275cfd4034cc8040c4baf6\">\n<li>La Colegiata de Notre Dame en Vaux y la Bas\u00edlica de Notre Dame de l&#8217;Epine, ambas Patrimonio de la Humanidad de la UNESCO<\/li>\n\n\n\n<li>Les Jards: 10 hect\u00e1reas de verdor<\/li>\n\n\n\n<li>Casas con entramado de madera<\/li>\n\n\n\n<li>La casa de champ\u00e1n Joseph Perrier fundada en 1825<\/li>\n\n\n\n<li>Visita las bodegas medievales para una cata de champ\u00e1n.<\/li>\n<\/ul>\n\n\n\n<h3 class=\"wp-block-heading\">Incentivos y actividades obligatorias de creaci\u00f3n de equipos<\/h3>\n\n\n\n<ul class=\"wp-block-list\">\n<li>Un paseo en barco con degustaci\u00f3n de productos locales<\/li>\n\n\n\n<li>Cena maridaje en la Casa del Champ\u00e1n Jospeh Perrier<\/li>\n\n\n\n<li>Descenso en canoa por el r\u00edo Marne<\/li>\n\n\n\n<li>Visita guiada tem\u00e1tica por la ciudad<\/li>\n<\/ul>\n<\/div>\n\n\n\n<div class=\"wp-block-column is-layout-flow wp-block-column-is-layout-flow\">\n<figure class=\"wp-block-image size-full\"><img loading=\"lazy\" decoding=\"async\" width=\"485\" height=\"500\" src=\"https:\/\/tourisme-en-champagne.com\/assets\/uploads\/2025\/08\/caves-medievales-chalonscot-chalons-1-1.jpg\" alt=\"Bodegas medievales - Ch&#xE2;lons-en-Champagne &#xA9; OT Ch&#xE2;lons-en-Champagne\" class=\"wp-image-16294\" title=\"\" srcset=\"https:\/\/tourisme-en-champagne.com\/assets\/uploads\/2025\/08\/caves-medievales-chalonscot-chalons-1-1.jpg 485w, https:\/\/tourisme-en-champagne.com\/assets\/uploads\/2025\/08\/caves-medievales-chalonscot-chalons-1-1-400x412.jpg 400w\" sizes=\"auto, (max-width: 485px) 100vw, 485px\" \/><\/figure>\n<\/div>\n<\/div>\n<\/section>\n\n<section class=\"wp-block-group alignfull pattern-media-100-full has-background has-global-padding is-layout-constrained wp-container-core-group-is-layout-7cf01583 wp-block-group-is-layout-constrained\" style=\"padding-top:0;padding-right:0;padding-bottom:0;padding-left:0\">\t<div class=\"fsgb-block-slider swiper is-style-fullwidth alignfull\"  >\n\t\t<div class=\"swiper-wrapper\">\n\t\t\t\t\t\t\t\t\t\t\t\t<div class=\"fsgb-block-slider__slide swiper-slide\">\n\t\t\t\t\t\t<img loading=\"lazy\" decoding=\"async\" width=\"400\" height=\"125\" src=\"https:\/\/tourisme-en-champagne.com\/assets\/uploads\/2025\/08\/metamorpheauses-4-c-c-manquillet-coll-adt-marne16-1-400x125.jpg\" class=\"attachment-thumbnail size-thumbnail\" alt=\"\" srcset=\"https:\/\/tourisme-en-champagne.com\/assets\/uploads\/2025\/08\/metamorpheauses-4-c-c-manquillet-coll-adt-marne16-1-400x125.jpg 400w, https:\/\/tourisme-en-champagne.com\/assets\/uploads\/2025\/08\/metamorpheauses-4-c-c-manquillet-coll-adt-marne16-1-640x200.jpg 640w, https:\/\/tourisme-en-champagne.com\/assets\/uploads\/2025\/08\/metamorpheauses-4-c-c-manquillet-coll-adt-marne16-1-1280x400.jpg 1280w, https:\/\/tourisme-en-champagne.com\/assets\/uploads\/2025\/08\/metamorpheauses-4-c-c-manquillet-coll-adt-marne16-1-768x240.jpg 768w, https:\/\/tourisme-en-champagne.com\/assets\/uploads\/2025\/08\/metamorpheauses-4-c-c-manquillet-coll-adt-marne16-1-1536x480.jpg 1536w, https:\/\/tourisme-en-champagne.com\/assets\/uploads\/2025\/08\/metamorpheauses-4-c-c-manquillet-coll-adt-marne16-1.jpg 1920w\" sizes=\"auto, (max-width: 400px) 100vw, 400px\" title=\"\">\t\t\t\t\t\t<div class=\"caption\">C. Manquillet<\/div>\n\t\t\t\t\t\t\t\t\t\t\t\t<strong><\/strong>\n\t\t\t\t\t\t\t\t\t\t\t\t\t\t\t\t\t\t\t\t\t\t\t<\/div>\n\t\t\t\t\t\t\t\t\t<\/div>\n\t\t<div class=\"swiper-pagination\"><\/div>\n\t<\/div>\n\n<\/section>\n\n<section class=\"wp-block-group alignfull pattern-text has-middleground-background-color has-background has-global-padding is-content-justification-center is-layout-constrained wp-block-group-is-layout-constrained\">\n<div class=\"wp-block-columns is-layout-flex wp-container-core-columns-is-layout-fdcf44e1 wp-block-columns-is-layout-flex\">\n<div class=\"wp-block-column is-layout-flow wp-block-column-is-layout-flow\">\n<h2 class=\"wp-block-heading\"><strong>Tus contactos  <\/strong><\/h2>\n\n\n\n<hr class=\"wp-block-separator has-text-color has-grey-color has-alpha-channel-opacity has-grey-background-color has-background\"\/>\n\n\n\n<ul class=\"wp-block-list\">\n<li><strong>OFICINA DE TURISMO DE CH\u00c2LONS-EN-CHAMPAGNE<\/strong><\/li>\n\n\n\n<li><strong>3 QUAI DES ARTS &#8211; 51000 CHALONS-EN-CHAMPAGNE &#8211; 03 26 65 17 89 &#8211; <a href=\"http:\/\/www.chalons-tourisme.com\/\" target=\"_blank\" rel=\"noreferrer noopener\">WWW.CHALONS-TOURISME.COM<\/a><\/strong><\/li>\n<\/ul>\n<\/div>\n<\/div>\n<\/section>\n\n<section class=\"wp-block-group alignfull pattern-text-50-media-50 has-global-padding is-layout-constrained wp-block-group-is-layout-constrained\">\n<div class=\"wp-block-columns is-layout-flex wp-container-core-columns-is-layout-63fbf5b9 wp-block-columns-is-layout-flex\">\n<div class=\"wp-block-column is-layout-flow wp-block-column-is-layout-flow\">\n<figure class=\"wp-block-image size-full\"><img loading=\"lazy\" decoding=\"async\" width=\"485\" height=\"186\" src=\"https:\/\/tourisme-en-champagne.com\/assets\/uploads\/2025\/08\/ccb-espace-1.png\" alt=\"Logotipo de la Oficina de Convenciones de Champa&#xF1;a\" class=\"wp-image-15778\" title=\"\" srcset=\"https:\/\/tourisme-en-champagne.com\/assets\/uploads\/2025\/08\/ccb-espace-1.png 485w, https:\/\/tourisme-en-champagne.com\/assets\/uploads\/2025\/08\/ccb-espace-1-400x153.png 400w\" sizes=\"auto, (max-width: 485px) 100vw, 485px\" \/><\/figure>\n<\/div>\n\n\n\n<div class=\"wp-block-column is-layout-flow wp-block-column-is-layout-flow\">\n<h2 class=\"wp-block-heading\"><strong>Tu pareja ideal<\/strong><\/h2>\n\n\n\n<hr class=\"wp-block-separator has-text-color has-grey-color has-alpha-channel-opacity has-grey-background-color has-background\"\/>\n\n\n\n<p class=\"wp-block-paragraph\"><strong>Sylvie Millot<\/strong> &#8211; <a href=\"mailto:info@champagne-convention-bureau.com\">info@champagne-convention-bureau.com<\/a><br\/>Tel. +33 (0)3 26 69 81 88 &#8211; M\u00f3vil : +33 (0)6 34 17 39 07<br\/>13 bis rue Carnot &#8211; CS 50074 &#8211; 51006 Ch\u00e2lons-en-Champagne Cedex <\/p>\n<\/div>\n<\/div>\n<\/section>\n","protected":false},"excerpt":{"rendered":"<p>EN POCAS PALABRAS CH\u00c2LONS-EN-CHAMPAGNE ES UNA \u00abCIUDAD DE ARTE E HISTORIA\u00bb, CON SUS PARQUES Y JARDINES SURCADOS POR NUMEROSOS CANALES. Ch\u00e2lons-en-Champagne posee un rico y variado patrimonio natural y arquitect\u00f3nico. Poco destruidas durante las guerras, las casas con entramado de madera de la \u00e9poca medieval conviven alegremente con mansiones de la \u00e9poca cl\u00e1sica y bellas [&hellip;]<\/p>\n","protected":false},"author":2,"featured_media":13039,"parent":21095,"menu_order":0,"comment_status":"closed","ping_status":"closed","template":"templates\/editorial-content.php","meta":{"_acf_changed":false,"footnotes":"","_links_to":"","_links_to_target":""},"class_list":["post-19665","page","type-page","status-publish","has-post-thumbnail","hentry"],"acf":[],"_links":{"self":[{"href":"https:\/\/tourisme-en-champagne.com\/es\/wp-json\/wp\/v2\/pages\/19665","targetHints":{"allow":["GET"]}}],"collection":[{"href":"https:\/\/tourisme-en-champagne.com\/es\/wp-json\/wp\/v2\/pages"}],"about":[{"href":"https:\/\/tourisme-en-champagne.com\/es\/wp-json\/wp\/v2\/types\/page"}],"author":[{"embeddable":true,"href":"https:\/\/tourisme-en-champagne.com\/es\/wp-json\/wp\/v2\/users\/2"}],"replies":[{"embeddable":true,"href":"https:\/\/tourisme-en-champagne.com\/es\/wp-json\/wp\/v2\/comments?post=19665"}],"version-history":[{"count":2,"href":"https:\/\/tourisme-en-champagne.com\/es\/wp-json\/wp\/v2\/pages\/19665\/revisions"}],"predecessor-version":[{"id":21154,"href":"https:\/\/tourisme-en-champagne.com\/es\/wp-json\/wp\/v2\/pages\/19665\/revisions\/21154"}],"up":[{"embeddable":true,"href":"https:\/\/tourisme-en-champagne.com\/es\/wp-json\/wp\/v2\/pages\/21095"}],"wp:featuredmedia":[{"embeddable":true,"href":"https:\/\/tourisme-en-champagne.com\/es\/wp-json\/wp\/v2\/media\/13039"}],"wp:attachment":[{"href":"https:\/\/tourisme-en-champagne.com\/es\/wp-json\/wp\/v2\/media?parent=19665"}],"curies":[{"name":"wp","href":"https:\/\/api.w.org\/{rel}","templated":true}]}}