{"id":19560,"date":"2025-07-31T14:45:20","date_gmt":"2025-07-31T12:45:20","guid":{"rendered":"https:\/\/tourisme-en-champagne.com\/la-vertiente-sur-de-epernay-y-la-cote-des-blancs\/"},"modified":"2025-11-27T16:02:05","modified_gmt":"2025-11-27T15:02:05","slug":"la-vertiente-sur-de-epernay-y-la-cote-des-blancs","status":"publish","type":"page","link":"https:\/\/tourisme-en-champagne.com\/es\/todo-sobre-el-champan\/vignobles-decouvertes-2\/la-vertiente-sur-de-epernay-y-la-cote-des-blancs\/","title":{"rendered":"La vertiente sur de Epernay y la C\u00f4te des Blancs"},"content":{"rendered":"\n<section class=\"wp-block-group alignfull pattern-text-50-media-50 has-global-padding is-layout-constrained wp-block-group-is-layout-constrained\">\n<div class=\"wp-block-columns is-layout-flex wp-container-core-columns-is-layout-63fbf5b9 wp-block-columns-is-layout-flex\">\n<div class=\"wp-block-column is-layout-flow wp-block-column-is-layout-flow\">\n<h2 class=\"wp-block-heading\"><strong>Champ\u00e1n, naturaleza y patrimonio<\/strong><\/h2>\n\n\n\n<hr class=\"wp-block-separator has-text-color has-grey-color has-alpha-channel-opacity has-grey-background-color has-background\"\/>\n\n\n\n<h3 class=\"wp-block-heading\">Cuna del Chardonnay<\/h3>\n\n\n\n<p class=\"wp-block-paragraph\">De Bar-sur-Seine a Bar-sur-Aube, los vi\u00f1edos de la C\u00f4te de Bar forman un arco al sureste de Troyes, donde el Pinot Noir es el rey. A lo largo de la Ruta Tur\u00edstica de Champa\u00f1a, encontrar\u00e1s campi\u00f1as onduladas, verdes campi\u00f1as y un mosaico de parcelas de vi\u00f1edo geom\u00e9tricas, modeladas por los viticultores. \u00a1Las bodegas abovedadas y los famosos cadoles son t\u00edpicos de esta regi\u00f3n!  <\/p>\n\n\n\n<p class=\"wp-block-paragraph\">En Troyes, los amantes del patrimonio quedar\u00e1n conquistados por las casas adosadas, las casas con entramado de madera y las calles serpenteantes&#8230;<\/p>\n\n\n\n<p class=\"wp-block-paragraph\">Una cincuentena de bodegas certificadas te abren sus puertas y te revelan los secretos de sus champanes durante una cata y\/o una visita a la bodega.<\/p>\n\n\n\n<div class=\"wp-block-buttons is-layout-flex wp-block-buttons-is-layout-flex\">\n<div class=\"wp-block-button\"><a class=\"wp-block-button__link has-base-color has-grey-background-color has-text-color has-background has-link-color wp-element-button\">EL ETIQUETADO V&amp;D<\/a><\/div>\n<\/div>\n<\/div>\n\n\n\n<div class=\"wp-block-column is-layout-flow wp-block-column-is-layout-flow\">\n<figure class=\"wp-block-image size-full\"><img loading=\"lazy\" decoding=\"async\" width=\"480\" height=\"594\" src=\"https:\/\/tourisme-en-champagne.com\/assets\/uploads\/2025\/07\/ogercfotoliacom-1.jpg\" alt=\"\" class=\"wp-image-15454\" title=\"\" srcset=\"https:\/\/tourisme-en-champagne.com\/assets\/uploads\/2025\/07\/ogercfotoliacom-1.jpg 480w, https:\/\/tourisme-en-champagne.com\/assets\/uploads\/2025\/07\/ogercfotoliacom-1-400x495.jpg 400w\" sizes=\"auto, (max-width: 480px) 100vw, 480px\" \/><\/figure>\n<\/div>\n<\/div>\n<\/section>\n\n<section class=\"wp-block-group alignfull pattern-text-50-media-50-full has-base-color has-brown-background-color has-text-color has-background has-link-color wp-elements-f93a40d539165e17049832e5ffbc7bdf has-global-padding is-content-justification-center is-layout-constrained wp-block-group-is-layout-constrained\">\n<div class=\"wp-block-columns alignfull is-layout-flex wp-container-core-columns-is-layout-addd0515 wp-block-columns-is-layout-flex\">\n<div class=\"wp-block-column col-media is-layout-flow wp-block-column-is-layout-flow\" style=\"flex-basis:50%\">\n<figure data-wp-context=\"{&quot;imageId&quot;:&quot;6a97b53be38f9&quot;}\" data-wp-interactive=\"core\/image\" data-wp-key=\"6a97b53be38f9\" class=\"wp-block-image size-full wp-lightbox-container\"><img loading=\"lazy\" decoding=\"async\" width=\"960\" height=\"600\" data-wp-class--hide=\"state.isContentHidden\" data-wp-class--show=\"state.isContentVisible\" data-wp-init=\"callbacks.setButtonStyles\" data-wp-on--click=\"actions.showLightbox\" data-wp-on--load=\"callbacks.setButtonStyles\" data-wp-on--pointerdown=\"actions.preloadImage\" data-wp-on--pointerenter=\"actions.preloadImageWithDelay\" data-wp-on--pointerleave=\"actions.cancelPreload\" data-wp-on-window--resize=\"callbacks.setButtonStyles\" src=\"https:\/\/tourisme-en-champagne.com\/assets\/uploads\/2025\/07\/champagne-georges-cartier-epernay-13.jpg\" alt=\"\" class=\"wp-image-15459\" title=\"\" srcset=\"https:\/\/tourisme-en-champagne.com\/assets\/uploads\/2025\/07\/champagne-georges-cartier-epernay-13.jpg 960w, https:\/\/tourisme-en-champagne.com\/assets\/uploads\/2025\/07\/champagne-georges-cartier-epernay-13-640x400.jpg 640w, https:\/\/tourisme-en-champagne.com\/assets\/uploads\/2025\/07\/champagne-georges-cartier-epernay-13-400x250.jpg 400w, https:\/\/tourisme-en-champagne.com\/assets\/uploads\/2025\/07\/champagne-georges-cartier-epernay-13-768x480.jpg 768w\" sizes=\"auto, (max-width: 960px) 100vw, 960px\" \/><button\n\t\t\tclass=\"lightbox-trigger\"\n\t\t\ttype=\"button\"\n\t\t\taria-haspopup=\"dialog\"\n\t\t\tdata-wp-bind--aria-label=\"state.thisImage.triggerButtonAriaLabel\"\n\t\t\tdata-wp-init=\"callbacks.initTriggerButton\"\n\t\t\tdata-wp-on--click=\"actions.showLightbox\"\n\t\t\tdata-wp-style--right=\"state.thisImage.buttonRight\"\n\t\t\tdata-wp-style--top=\"state.thisImage.buttonTop\"\n\t\t>\n\t\t\t<svg xmlns=\"http:\/\/www.w3.org\/2000\/svg\" width=\"12\" height=\"12\" fill=\"none\" viewBox=\"0 0 12 12\">\n\t\t\t\t<path fill=\"#fff\" d=\"M2 0a2 2 0 0 0-2 2v2h1.5V2a.5.5 0 0 1 .5-.5h2V0H2Zm2 10.5H2a.5.5 0 0 1-.5-.5V8H0v2a2 2 0 0 0 2 2h2v-1.5ZM8 12v-1.5h2a.5.5 0 0 0 .5-.5V8H12v2a2 2 0 0 1-2 2H8Zm2-12a2 2 0 0 1 2 2v2h-1.5V2a.5.5 0 0 0-.5-.5H8V0h2Z\" \/>\n\t\t\t<\/svg>\n\t\t<\/button><\/figure>\n<\/div>\n\n\n\n<div class=\"wp-block-column col-content is-layout-flow wp-block-column-is-layout-flow\" style=\"flex-basis:50%\">\n<h2 class=\"wp-block-heading\"><strong><strong>UNESCO Y CHAMP\u00c1N<\/strong><\/strong><\/h2>\n\n\n\n<hr class=\"wp-block-separator has-text-color has-base-color has-alpha-channel-opacity has-base-background-color has-background\"\/>\n\n\n\n<p class=\"wp-block-paragraph\"><br\/>Desde julio de 2015, <strong>los Coteaux, Maisons et Caves de Champagne <\/strong>figuran en la lista del Patrimonio Mundial de la Unesco. Verdadera expresi\u00f3n de la acci\u00f3n del hombre y la naturaleza, es precisamente esta alquimia la que ha hecho surgir un vino de excelencia, \u00a1reconocido como s\u00edmbolo universal de celebraci\u00f3n, reconciliaci\u00f3n y fiesta! <\/p>\n\n\n\n<p class=\"wp-block-paragraph\">El Sitio del Patrimonio Mundial <strong>Coteaux, Maisons et Caves de Champagne<\/strong> destaca los lugares representativos de la regi\u00f3n vin\u00edcola de Champagne:<\/p>\n\n\n\n<ul class=\"wp-block-list\">\n<li>Las laderas del valle del Marne desde Cumi\u00e8res, pasando por Hautvillers, hasta Mareuil-sur-A\u00ff,<\/li>\n\n\n\n<li>Colina de Saint-Nicaise (y el patrimonio de las fosas de tiza) en Reims<\/li>\n\n\n\n<li>La Avenida de Champagne en Epernay.<\/li>\n<\/ul>\n<\/div>\n<\/div>\n<\/section>\n\n<section class=\"wp-block-group alignfull pattern-text has-global-padding is-content-justification-center is-layout-constrained wp-block-group-is-layout-constrained\">\n<div class=\"wp-block-columns is-layout-flex wp-container-core-columns-is-layout-fdcf44e1 wp-block-columns-is-layout-flex\">\n<div class=\"wp-block-column is-layout-flow wp-block-column-is-layout-flow\">\n<p class=\"has-text-align-left wp-block-paragraph\">El punto de partida de la <strong>Ruta Tur\u00edstica del Champ <\/strong>\u00e1n es la famosa Avenue de Champagne, en \u00c9pernay. Capital hist\u00f3rica de la Champa\u00f1a, alberga las imponentes y lujosas mansiones de las Casas de Champa\u00f1a de renombre internacional. <\/p>\n\n\n\n<p class=\"has-text-align-left wp-block-paragraph\">Esta carretera de ladera ofrece magn\u00edficas vistas sobre los vi\u00f1edos y la llanura. Los vi\u00f1edos se extienden hasta Vertus, una ciudad con numerosos vestigios medievales. <\/p>\n\n\n\n<div class=\"wp-block-buttons is-layout-flex wp-block-buttons-is-layout-flex\">\n<div class=\"wp-block-button\"><a class=\"wp-block-button__link has-base-color has-grey-background-color has-text-color has-background has-link-color wp-element-button\" href=\"https:\/\/www.cirkwi.com\/fr\/circuit\/59597-route-touristique-du-champagne-cote-des-blancs\" target=\"_blank\" rel=\"noreferrer noopener nofollow\">Itinerarios<\/a><\/div>\n<\/div>\n<\/div>\n<\/div>\n<\/section>\n\n<section class=\"wp-block-group alignfull pattern-text-50-media-50 has-global-padding is-layout-constrained wp-block-group-is-layout-constrained\">\n<div class=\"wp-block-columns is-layout-flex wp-container-core-columns-is-layout-63fbf5b9 wp-block-columns-is-layout-flex\">\n<div class=\"wp-block-column is-layout-flow wp-block-column-is-layout-flow\">\n<h2 class=\"wp-block-heading\"><strong>Cosas que ver por el camino<\/strong><\/h2>\n\n\n\n<hr class=\"wp-block-separator has-text-color has-grey-color has-alpha-channel-opacity has-grey-background-color has-background\"\/>\n\n\n\n<ol class=\"wp-block-list has-grey-color has-text-color has-link-color wp-elements-46f26a3040fe216f0445bd5cde5a9960\">\n<li>Epernay y la Avenida de Champagne<\/li>\n\n\n\n<li>Vertus y su ruta del patrimonio hist\u00f3rico<\/li>\n\n\n\n<li>El jard\u00edn del vi\u00f1edo de Cramant<\/li>\n\n\n\n<li>La Chocolater\u00eda Thibaut en Pierry<\/li>\n\n\n\n<li>Museo de la Vi\u00f1a y el Vino de Le Mesnil sur Oger<\/li>\n<\/ol>\n<\/div>\n\n\n\n<div class=\"wp-block-column is-layout-flow wp-block-column-is-layout-flow\">\n<figure class=\"wp-block-image size-full\"><img loading=\"lazy\" decoding=\"async\" width=\"485\" height=\"400\" src=\"https:\/\/tourisme-en-champagne.com\/assets\/uploads\/2025\/07\/launois.jpg\" alt=\"\" class=\"wp-image-15464\" title=\"\" srcset=\"https:\/\/tourisme-en-champagne.com\/assets\/uploads\/2025\/07\/launois.jpg 485w, https:\/\/tourisme-en-champagne.com\/assets\/uploads\/2025\/07\/launois-400x330.jpg 400w\" sizes=\"auto, (max-width: 485px) 100vw, 485px\" \/><\/figure>\n<\/div>\n<\/div>\n<\/section>\n\n<section class=\"wp-block-group alignfull pattern-citation has-middleground-background-color has-background has-global-padding is-layout-constrained wp-block-group-is-layout-constrained\" style=\"padding-top:var(--wp--preset--spacing--xx-large);padding-bottom:var(--wp--preset--spacing--xx-large)\">\n<div class=\"wp-block-columns is-layout-flex wp-container-core-columns-is-layout-fdcf44e1 wp-block-columns-is-layout-flex\">\n<div class=\"wp-block-column is-layout-flow wp-block-column-is-layout-flow\">\n<h2 class=\"wp-block-heading\"><strong><em>Venid hermanos, r\u00e1pido, estoy bebiendo estrellas&#8230;<\/em><\/strong><\/h2>\n\n\n\n<hr class=\"wp-block-separator has-text-color has-grey-color has-alpha-channel-opacity has-grey-background-color has-background\"\/>\n\n\n\n<p class=\"wp-block-paragraph\"><strong><em>DOM P\u00c9RIGNON<\/em><\/strong><\/p>\n<\/div>\n<\/div>\n<\/section>\n\n<section style=\"background-image:url(&apos;https:\/\/tourisme-en-champagne.com\/assets\/uploads\/2025\/07\/pinot-noircm-jolyot-collcdt-marne.jpg&apos;);background-size:cover;\" class=\"wp-block-group alignfull pattern-text-50-left-background has-base-color has-text-color has-link-color wp-elements-dbb3a713de6a8703883dc10985af7976 has-global-padding is-layout-constrained wp-block-group-is-layout-constrained has-background\">\n<div class=\"wp-block-columns is-layout-flex wp-container-core-columns-is-layout-fdcf44e1 wp-block-columns-is-layout-flex\">\n<div class=\"wp-block-column is-layout-flow wp-block-column-is-layout-flow\">\n<h2 class=\"wp-block-heading\"><strong>PREGUNTA<\/strong><\/h2>\n\n\n\n<hr class=\"wp-block-separator has-text-color has-base-color has-alpha-channel-opacity has-base-background-color has-background\"\/>\n\n\n\n<h3 class=\"wp-block-heading\">\u00bfCU\u00c1NTOS D\u00cdAS DESPU\u00c9S DE LA FLORACI\u00d3N TIENEN LUGAR LAS VENDIMIAS?<\/h3>\n\n\n\n<ul class=\"wp-block-list\">\n<li>120 d\u00edas<\/li>\n\n\n\n<li>60 d\u00edas<\/li>\n\n\n\n<li>100 d\u00edas<\/li>\n<\/ul>\n\n\n\n<h3 class=\"wp-block-heading\">Respuesta<\/h3>\n\n\n\n<p class=\"wp-block-paragraph\"><em><em>Aunque las condiciones meteorol\u00f3gicas pueden influir en este calendario, por lo general transcurren 100 d\u00edas desde la aparici\u00f3n de la primera flor de la vid hasta la maduraci\u00f3n del fruto. Las fechas oficiales de apertura y cierre de la vendimia se fijan cada a\u00f1o por decreto prefectoral. <\/em><\/em><\/p>\n<\/div>\n\n\n\n<div class=\"wp-block-column is-layout-flow wp-block-column-is-layout-flow\"><\/div>\n<\/div>\n<\/section>\n\n<section class=\"wp-block-group alignfull pattern-text-100 has-global-padding is-layout-constrained wp-block-group-is-layout-constrained\">\n<div class=\"wp-block-columns is-layout-flex wp-container-core-columns-is-layout-63fbf5b9 wp-block-columns-is-layout-flex\">\n<div class=\"wp-block-column is-layout-flow wp-block-column-is-layout-flow\">\n<h2 class=\"wp-block-heading\"><strong>Contacto<\/strong><\/h2>\n\n\n\n<hr class=\"wp-block-separator has-text-color has-grey-color has-alpha-channel-opacity has-grey-background-color has-background\"\/>\n\n\n\n<ul class=\"wp-block-list\">\n<li><strong>OFFICE DE TOURISME D&#8217;EPERNAY &#8211; 7 AVENUE DE CHAMPAGNE &#8211; 51200 EPERNAY &#8211; 03 26 53 33 00 &#8211; <a href=\"http:\/\/www.ot-epernay.fr\/\" target=\"_blank\" rel=\"noreferrer noopener\">WWW.OT-EPERNAY.FR<\/a><\/strong><\/li>\n<\/ul>\n<\/div>\n<\/div>\n<\/section>\n\n<section class=\"wp-block-group alignfull pattern-playlist-grid has-global-padding is-layout-constrained wp-block-group-is-layout-constrained\">\n<h2 class=\"wp-block-heading has-text-align-center\"><strong>Selecci\u00f3n de escapadas<\/strong><\/h2>\n\n\n\n<hr class=\"wp-block-separator has-text-color has-accent-3-color has-alpha-channel-opacity has-accent-3-background-color has-background\"\/>\n\n\n\t\t\t<div class=\"fsgb-block-playlist playlist-grid is-style-grid\"  style=\"margin-top:var(--wp--preset--spacing--x-large);\">\n\t\t\t\t\n\t\t\t\n\t\t\t<div class=\"swiper swiperPlaylistGrid\">\n\n\t\t\t\t<div class=\"swiper-wrapper posts-count-2\">\n\t\t\t\t\t\t\t\t\t\t\t\t\t\t\t\t\t<div class=\"swiper-slide \">\n\t\t\t\t\t\t\t\n<article class=\"card card--activite stretched-link\" data-id=\"30516\" data-post-id-sync-map=\"30516\" >\n\t\n\t\t\n\t\t\t\t<div class=\"card__thumbnail has-middleground-background-color stack\">\n\t\t\t<img decoding=\"async\" width=\"2048\" src=\"https:\/\/cdt51.media.tourinsoft.eu\/upload\/Avenue-de-Champagne_2.jpg\" class=\"attachment- size-\" alt=\"Avenue de Champagne\" srcset=\"https:\/\/cdt51.media.tourinsoft.eu\/upload\/Avenue-de-Champagne_2.jpg?width=400 400w, https:\/\/cdt51.media.tourinsoft.eu\/upload\/Avenue-de-Champagne_2.jpg?width=640 640w, https:\/\/cdt51.media.tourinsoft.eu\/upload\/Avenue-de-Champagne_2.jpg?width=768 768w, https:\/\/cdt51.media.tourinsoft.eu\/upload\/Avenue-de-Champagne_2.jpg?width=1280 1280w, https:\/\/cdt51.media.tourinsoft.eu\/upload\/Avenue-de-Champagne_2.jpg?width=1536&amp;height=1536 1536w, https:\/\/cdt51.media.tourinsoft.eu\/upload\/Avenue-de-Champagne_2.jpg?width=2048&amp;height=2048 2048w\" sizes=\"(max-width: 2048px) 100vw, 2048px\" title=\"\">\t\t<\/div>\n\t\n\t\t<div class=\"card__content\">\n\t\t\t\n\t\t\t\t\t\t\t\t\t\n\t\t\t\t\t\t\t\t\t\n\t\t\t\t\t\t<h3 class=\"title wp-block-heading is-style-h3\">\n\t\t\t\t<a href=\"https:\/\/tourisme-en-champagne.com\/es\/activite\/avenue-de-champagne\/\" target=\"_blank\">Avenue de Champagne<\/a>\t\t\t\t\t\t\t<\/h3>\n\t\t\t\n\t\t\t\t\t\t\t\t\t\n\t\t\t\t\t\t<div class=\"underlined\"><\/div>\n\t\t\n\t\t\t\t\t\t\t\t\t\t<div class=\"location\">\n\t\t\t\t\tEpernay\t\t\t\t<\/div>\n\t\t\t\t\t\t\n\t\t\t\t\t\t\t\t\t\n\t\t\t\t\t\t\t\t\t\n\t\t\t\t\t\t\t\t\t\n\t\t\t\t\t\t\t\t\t\t<div class=\"descriptif\">Caminar en la avenida de Champagne, es como por los Campos El\u00edseos de Par\u00eds.\r\rLarga casi un kil\u00f3m&#8230;<\/div>\n\t\t\t\t\n\t\t\t\t\t\t\t\t\t\t\t\t\t\t\t\t\n\t\t\t\t\t\t\t\t\t\t<div class=\"wp-block-button\">\n\t\t\t\t\t<a class=\"wp-element-button rounded\" href=\"https:\/\/tourisme-en-champagne.com\/es\/activite\/avenue-de-champagne\/\" target=\"_blank\" aria-label=\"Saber m\u00e1s sobre Avenue de Champagne\">M\u00e1s informaci\u00f3n<\/a>\n\t\t\t\t<\/div>\n\t\t\t \n\t\t<\/div>\n\t\t\n\n\t\t<\/article>\n\n\t\t\t\t\t\t<\/div>\n\t\t\t\t\t\t\t\t\t\t\t\t\t\t\t\t\t<div class=\"swiper-slide \">\n\t\t\t\t\t\t\t\n<article class=\"card card--activite stretched-link\" data-id=\"29858\" data-post-id-sync-map=\"29858\" >\n\t\n\t\t\n\t\t\t\t<div class=\"card__thumbnail has-middleground-background-color stack\">\n\t\t\t<img decoding=\"async\" width=\"2048\" src=\"https:\/\/cdt51.media.tourinsoft.eu\/upload\/Chocolat.jpg\" class=\"attachment- size-\" alt=\"Chocolaterie Thibaut\" srcset=\"https:\/\/cdt51.media.tourinsoft.eu\/upload\/Chocolat.jpg?width=400 400w, https:\/\/cdt51.media.tourinsoft.eu\/upload\/Chocolat.jpg?width=640 640w, https:\/\/cdt51.media.tourinsoft.eu\/upload\/Chocolat.jpg?width=768 768w, https:\/\/cdt51.media.tourinsoft.eu\/upload\/Chocolat.jpg?width=1280 1280w, https:\/\/cdt51.media.tourinsoft.eu\/upload\/Chocolat.jpg?width=1536&amp;height=1536 1536w, https:\/\/cdt51.media.tourinsoft.eu\/upload\/Chocolat.jpg?width=2048&amp;height=2048 2048w\" sizes=\"(max-width: 2048px) 100vw, 2048px\" title=\"\">\t\t<\/div>\n\t\n\t\t<div class=\"card__content\">\n\t\t\t\n\t\t\t\t\t\t\t\t\t\n\t\t\t\t\t\t\t\t\t\n\t\t\t\t\t\t<h3 class=\"title wp-block-heading is-style-h3\">\n\t\t\t\t<a href=\"https:\/\/tourisme-en-champagne.com\/es\/activite\/chocolaterie-thibaut\/\" target=\"_blank\">Chocolaterie Thibaut<\/a>\t\t\t\t\t\t\t<\/h3>\n\t\t\t\n\t\t\t\t\t\t\t\t\t\n\t\t\t\t\t\t<div class=\"underlined\"><\/div>\n\t\t\n\t\t\t\t\t\t\t\t\t\t<div class=\"location\">\n\t\t\t\t\tPierry\t\t\t\t<\/div>\n\t\t\t\t\t\t\n\t\t\t\t\t\t\t\t\t\n\t\t\t\t\t\t\t\t\t\n\t\t\t\t\t\t\t\t\t\n\t\t\t\t\t\t\t\t\t\t<div class=\"descriptif\">Descubre en medio de olores sutiles y deliciosos, el maravilloso mundo del chocolate &#8230;\r\rVisitar&#8230;<\/div>\n\t\t\t\t\n\t\t\t\t\t\t\t\t\t\t\t\t\t\t\t\t\n\t\t\t\t\t\t\t\t\t\t<div class=\"wp-block-button\">\n\t\t\t\t\t<a class=\"wp-element-button rounded\" href=\"https:\/\/tourisme-en-champagne.com\/es\/activite\/chocolaterie-thibaut\/\" target=\"_blank\" aria-label=\"Saber m\u00e1s sobre Chocolaterie Thibaut\">M\u00e1s informaci\u00f3n<\/a>\n\t\t\t\t<\/div>\n\t\t\t \n\t\t<\/div>\n\t\t\n\n\t\t<\/article>\n\n\t\t\t\t\t\t<\/div>\n\t\t\t\t\t\t\t\t\t\t\t\t\t\t<\/div>\n\t\t\t\t\n\t\t\t\t<div class=\"swiper-buttons\">\n\t\t\t\t\t<div class=\"swiper-button-prev\"><\/div>\n\t\t\t\t\t<div class=\"swiper-button-next\"><\/div>\n\t\t\t\t<\/div>\n\t\t\t<\/div>\n\t\t<\/div>\n\t\n<\/section>\n","protected":false},"excerpt":{"rendered":"<p>Champ\u00e1n, naturaleza y patrimonio Cuna del Chardonnay De Bar-sur-Seine a Bar-sur-Aube, los vi\u00f1edos de la C\u00f4te de Bar forman un arco al sureste de Troyes, donde el Pinot Noir es el rey. A lo largo de la Ruta Tur\u00edstica de Champa\u00f1a, encontrar\u00e1s campi\u00f1as onduladas, verdes campi\u00f1as y un mosaico de parcelas de vi\u00f1edo geom\u00e9tricas, modeladas [&hellip;]<\/p>\n","protected":false},"author":2,"featured_media":15453,"parent":20615,"menu_order":0,"comment_status":"closed","ping_status":"closed","template":"templates\/editorial-content.php","meta":{"_acf_changed":false,"footnotes":"","_links_to":"","_links_to_target":""},"class_list":["post-19560","page","type-page","status-publish","has-post-thumbnail","hentry"],"acf":[],"_links":{"self":[{"href":"https:\/\/tourisme-en-champagne.com\/es\/wp-json\/wp\/v2\/pages\/19560","targetHints":{"allow":["GET"]}}],"collection":[{"href":"https:\/\/tourisme-en-champagne.com\/es\/wp-json\/wp\/v2\/pages"}],"about":[{"href":"https:\/\/tourisme-en-champagne.com\/es\/wp-json\/wp\/v2\/types\/page"}],"author":[{"embeddable":true,"href":"https:\/\/tourisme-en-champagne.com\/es\/wp-json\/wp\/v2\/users\/2"}],"replies":[{"embeddable":true,"href":"https:\/\/tourisme-en-champagne.com\/es\/wp-json\/wp\/v2\/comments?post=19560"}],"version-history":[{"count":1,"href":"https:\/\/tourisme-en-champagne.com\/es\/wp-json\/wp\/v2\/pages\/19560\/revisions"}],"predecessor-version":[{"id":19561,"href":"https:\/\/tourisme-en-champagne.com\/es\/wp-json\/wp\/v2\/pages\/19560\/revisions\/19561"}],"up":[{"embeddable":true,"href":"https:\/\/tourisme-en-champagne.com\/es\/wp-json\/wp\/v2\/pages\/20615"}],"wp:featuredmedia":[{"embeddable":true,"href":"https:\/\/tourisme-en-champagne.com\/es\/wp-json\/wp\/v2\/media\/15453"}],"wp:attachment":[{"href":"https:\/\/tourisme-en-champagne.com\/es\/wp-json\/wp\/v2\/media?parent=19560"}],"curies":[{"name":"wp","href":"https:\/\/api.w.org\/{rel}","templated":true}]}}