{"id":19464,"date":"2025-08-01T15:34:54","date_gmt":"2025-08-01T13:34:54","guid":{"rendered":"https:\/\/tourisme-en-champagne.com\/quienes-somos\/"},"modified":"2025-11-28T16:01:41","modified_gmt":"2025-11-28T15:01:41","slug":"quienes-somos","status":"publish","type":"page","link":"https:\/\/tourisme-en-champagne.com\/es\/oficina-de-la-convencion-de-champagne\/quienes-somos\/","title":{"rendered":"\u00bfQui\u00e9nes somos?"},"content":{"rendered":"\n<section class=\"wp-block-group alignfull pattern-text has-global-padding is-content-justification-center is-layout-constrained wp-block-group-is-layout-constrained\">\n<div class=\"wp-block-columns is-layout-flex wp-container-core-columns-is-layout-fdcf44e1 wp-block-columns-is-layout-flex\">\n<div class=\"wp-block-column is-layout-flow wp-block-column-is-layout-flow\">\n<h2 class=\"wp-block-heading\"><strong>Nuestras misiones<\/strong><\/h2>\n\n\n\n<hr class=\"wp-block-separator has-text-color has-grey-color has-alpha-channel-opacity has-grey-background-color has-background\"\/>\n\n\n\n<figure data-wp-context=\"{&quot;imageId&quot;:&quot;6a95ffc374950&quot;}\" data-wp-interactive=\"core\/image\" data-wp-key=\"6a95ffc374950\" class=\"wp-block-image size-full wp-lightbox-container\"><img loading=\"lazy\" decoding=\"async\" width=\"485\" height=\"186\" data-wp-class--hide=\"state.isContentHidden\" data-wp-class--show=\"state.isContentVisible\" data-wp-init=\"callbacks.setButtonStyles\" data-wp-on--click=\"actions.showLightbox\" data-wp-on--load=\"callbacks.setButtonStyles\" data-wp-on--pointerdown=\"actions.preloadImage\" data-wp-on--pointerenter=\"actions.preloadImageWithDelay\" data-wp-on--pointerleave=\"actions.cancelPreload\" data-wp-on-window--resize=\"callbacks.setButtonStyles\" src=\"https:\/\/tourisme-en-champagne.com\/assets\/uploads\/2025\/08\/ccb-espace-1.png\" alt=\"\" class=\"wp-image-15778\" title=\"\" srcset=\"https:\/\/tourisme-en-champagne.com\/assets\/uploads\/2025\/08\/ccb-espace-1.png 485w, https:\/\/tourisme-en-champagne.com\/assets\/uploads\/2025\/08\/ccb-espace-1-400x153.png 400w\" sizes=\"auto, (max-width: 485px) 100vw, 485px\" \/><button\n\t\t\tclass=\"lightbox-trigger\"\n\t\t\ttype=\"button\"\n\t\t\taria-haspopup=\"dialog\"\n\t\t\tdata-wp-bind--aria-label=\"state.thisImage.triggerButtonAriaLabel\"\n\t\t\tdata-wp-init=\"callbacks.initTriggerButton\"\n\t\t\tdata-wp-on--click=\"actions.showLightbox\"\n\t\t\tdata-wp-style--right=\"state.thisImage.buttonRight\"\n\t\t\tdata-wp-style--top=\"state.thisImage.buttonTop\"\n\t\t>\n\t\t\t<svg xmlns=\"http:\/\/www.w3.org\/2000\/svg\" width=\"12\" height=\"12\" fill=\"none\" viewBox=\"0 0 12 12\">\n\t\t\t\t<path fill=\"#fff\" d=\"M2 0a2 2 0 0 0-2 2v2h1.5V2a.5.5 0 0 1 .5-.5h2V0H2Zm2 10.5H2a.5.5 0 0 1-.5-.5V8H0v2a2 2 0 0 0 2 2h2v-1.5ZM8 12v-1.5h2a.5.5 0 0 0 .5-.5V8H12v2a2 2 0 0 1-2 2H8Zm2-12a2 2 0 0 1 2 2v2h-1.5V2a.5.5 0 0 0-.5-.5H8V0h2Z\" \/>\n\t\t\t<\/svg>\n\t\t<\/button><\/figure>\n\n\n\n<p class=\"has-text-align-left wp-block-paragraph\"><strong>Simplificamos tu organizaci\u00f3n<\/strong> reuniendo a centros de convenciones, instituciones, hoteleros, agencias receptivas, restauradores, empresas de catering y todos los interlocutores tur\u00edsticos del sector MICE de Champagne.<\/p>\n\n\n\n<p class=\"has-text-align-left wp-block-paragraph\">Champagne Convention Bureau cuenta con <strong>un experto dedicado 100% a MICE,<\/strong> en contacto permanente con los socios locales. Este profundo conocimiento del destino y de tus necesidades nos permite responder con rapidez y eficacia a todas las solicitudes de organizaci\u00f3n de eventos. <\/p>\n<\/div>\n<\/div>\n<\/section>\n\n<section style=\"background-image:url(&apos;https:\/\/tourisme-en-champagne.com\/assets\/uploads\/2025\/08\/champagne-taittigner-reimscegoulet-colladt-marne2-0.jpg&apos;);background-position:50% 50%;background-size:cover;background-attachment:scroll;\" class=\"wp-block-group alignfull pattern-text-50-right-background has-base-color has-text-color has-link-color wp-elements-b58e04c5e9a44607f8ebe3303c9b906f has-global-padding is-layout-constrained wp-block-group-is-layout-constrained has-background\">\n<div class=\"wp-block-columns is-layout-flex wp-container-core-columns-is-layout-fdcf44e1 wp-block-columns-is-layout-flex\">\n<div class=\"wp-block-column is-layout-flow wp-block-column-is-layout-flow\"><\/div>\n\n\n\n<div class=\"wp-block-column is-layout-flow wp-block-column-is-layout-flow\">\n<h2 class=\"wp-block-heading\"><strong>Nuestras ventajas<\/strong><\/h2>\n\n\n\n<hr class=\"wp-block-separator has-text-color has-base-color has-alpha-channel-opacity has-base-background-color has-background\"\/>\n\n\n\n<ul class=\"wp-block-list\">\n<li><strong>PROXIMIDAD:<\/strong> \u00a1Desde el aeropuerto Roissy-CDG, es m\u00e1s r\u00e1pido llegar a Champa\u00f1a que al coraz\u00f3n de Par\u00eds!<\/li>\n\n\n\n<li><strong>PRESTIGIO:<\/strong> El champ\u00e1n, el m\u00e1s prestigioso de los vinos, s\u00edmbolo de \u00e9xito de los grandes acontecimientos.<\/li>\n\n\n\n<li><strong>PRECIOS ATRACTIVOS:<\/strong> La Champa\u00f1a se beneficia de su proximidad a Par\u00eds, \u00a1sin sus elevados precios!<\/li>\n\n\n\n<li><strong>F\u00c1CIL ACCESO:<\/strong> La Champa\u00f1a est\u00e1 muy cerca de tres estaciones de TGV (Reims Centro, Champagne-Ardenne TGV y Ch\u00e2lons-en-Champagne) y de tres autopistas: A4 (Par\u00eds-Estrasburgo); A26 (Calais-Troyes), A34 (Reims-Sedan).<\/li>\n<\/ul>\n<\/div>\n<\/div>\n<\/section>\n\n<section class=\"wp-block-group alignfull pattern-text-50-media-50 has-global-padding is-layout-constrained wp-block-group-is-layout-constrained\">\n<div class=\"wp-block-columns is-layout-flex wp-container-core-columns-is-layout-63fbf5b9 wp-block-columns-is-layout-flex\">\n<div class=\"wp-block-column is-layout-flow wp-block-column-is-layout-flow\">\n<h2 class=\"wp-block-heading\"><strong>Nuestros servicios<\/strong><\/h2>\n\n\n\n<hr class=\"wp-block-separator has-text-color has-grey-color has-alpha-channel-opacity has-grey-background-color has-background\"\/>\n\n\n\n<h3 class=\"wp-block-heading\"><strong>Benef\u00edciate de la amplia <\/strong><strong>al \u00e9xito <\/strong> <\/h3>\n\n\n\n<ul class=\"wp-block-list has-grey-color has-text-color has-link-color wp-elements-30ac406222eb7056ef72442020c81397\">\n<li>Datos de contacto de los profesionales del turismo de negocios,<\/li>\n\n\n\n<li>Detalles t\u00e9cnicos y espec\u00edficos de nuestra infraestructura,<\/li>\n\n\n\n<li>Ponerte en contacto con los profesionales del turismo de negocios de la regi\u00f3n de Champa\u00f1a que pueden satisfacer tus necesidades exactas, para ahorrarte tiempo,<\/li>\n\n\n\n<li>Visitas de localizaci\u00f3n,<\/li>\n\n\n\n<li>Asesoramiento, asistencia y seguimiento de proyectos.<\/li>\n<\/ul>\n<\/div>\n\n\n\n<div class=\"wp-block-column is-layout-flow wp-block-column-is-layout-flow\">\n<figure data-wp-context=\"{&quot;imageId&quot;:&quot;6a95ffc37bab4&quot;}\" data-wp-interactive=\"core\/image\" data-wp-key=\"6a95ffc37bab4\" class=\"wp-block-image size-full wp-lightbox-container\"><img loading=\"lazy\" decoding=\"async\" width=\"485\" height=\"478\" data-wp-class--hide=\"state.isContentHidden\" data-wp-class--show=\"state.isContentVisible\" data-wp-init=\"callbacks.setButtonStyles\" data-wp-on--click=\"actions.showLightbox\" data-wp-on--load=\"callbacks.setButtonStyles\" data-wp-on--pointerdown=\"actions.preloadImage\" data-wp-on--pointerenter=\"actions.preloadImageWithDelay\" data-wp-on--pointerleave=\"actions.cancelPreload\" data-wp-on-window--resize=\"callbacks.setButtonStyles\" src=\"https:\/\/tourisme-en-champagne.com\/assets\/uploads\/2025\/06\/carteccb-fr.png\" alt=\"Mapa de accesibilidad de Champagne\" class=\"wp-image-8917\" title=\"\" srcset=\"https:\/\/tourisme-en-champagne.com\/assets\/uploads\/2025\/06\/carteccb-fr.png 485w, https:\/\/tourisme-en-champagne.com\/assets\/uploads\/2025\/06\/carteccb-fr-400x394.png 400w\" sizes=\"auto, (max-width: 485px) 100vw, 485px\" \/><button\n\t\t\tclass=\"lightbox-trigger\"\n\t\t\ttype=\"button\"\n\t\t\taria-haspopup=\"dialog\"\n\t\t\tdata-wp-bind--aria-label=\"state.thisImage.triggerButtonAriaLabel\"\n\t\t\tdata-wp-init=\"callbacks.initTriggerButton\"\n\t\t\tdata-wp-on--click=\"actions.showLightbox\"\n\t\t\tdata-wp-style--right=\"state.thisImage.buttonRight\"\n\t\t\tdata-wp-style--top=\"state.thisImage.buttonTop\"\n\t\t>\n\t\t\t<svg xmlns=\"http:\/\/www.w3.org\/2000\/svg\" width=\"12\" height=\"12\" fill=\"none\" viewBox=\"0 0 12 12\">\n\t\t\t\t<path fill=\"#fff\" d=\"M2 0a2 2 0 0 0-2 2v2h1.5V2a.5.5 0 0 1 .5-.5h2V0H2Zm2 10.5H2a.5.5 0 0 1-.5-.5V8H0v2a2 2 0 0 0 2 2h2v-1.5ZM8 12v-1.5h2a.5.5 0 0 0 .5-.5V8H12v2a2 2 0 0 1-2 2H8Zm2-12a2 2 0 0 1 2 2v2h-1.5V2a.5.5 0 0 0-.5-.5H8V0h2Z\" \/>\n\t\t\t<\/svg>\n\t\t<\/button><\/figure>\n<\/div>\n<\/div>\n<\/section>\n\n<section class=\"wp-block-group alignfull pattern-citation has-middleground-background-color has-background has-global-padding is-layout-constrained wp-block-group-is-layout-constrained\" style=\"padding-top:var(--wp--preset--spacing--xx-large);padding-bottom:var(--wp--preset--spacing--xx-large)\">\n<div class=\"wp-block-columns is-layout-flex wp-container-core-columns-is-layout-fdcf44e1 wp-block-columns-is-layout-flex\">\n<div class=\"wp-block-column is-layout-flow wp-block-column-is-layout-flow\">\n<h2 class=\"wp-block-heading\"><strong><em>Te ofrecemos toda la informaci\u00f3n \u00fatil, pr\u00e1ctica y precisa que necesitas para organizar tus eventos en Champa\u00f1a.<\/em><\/strong><\/h2>\n<\/div>\n<\/div>\n<\/section>\n\n<section class=\"wp-block-group alignfull pattern-media-100-full has-background has-global-padding is-layout-constrained wp-container-core-group-is-layout-7cf01583 wp-block-group-is-layout-constrained\" style=\"padding-top:0;padding-right:0;padding-bottom:0;padding-left:0\">\t<div class=\"fsgb-block-slider swiper is-style-fullwidth alignfull\"  >\n\t\t<div class=\"swiper-wrapper\">\n\t\t\t\t\t\t\t\t\t\t\t\t<div class=\"fsgb-block-slider__slide swiper-slide\">\n\t\t\t\t\t\t<img loading=\"lazy\" decoding=\"async\" width=\"400\" height=\"181\" src=\"https:\/\/tourisme-en-champagne.com\/assets\/uploads\/2025\/06\/12-salle-royale-centre-des-congres1-400x181.jpg\" class=\"attachment-thumbnail size-thumbnail\" alt=\"Salle Royale - Palacio de Congresos de Reims\" srcset=\"https:\/\/tourisme-en-champagne.com\/assets\/uploads\/2025\/06\/12-salle-royale-centre-des-congres1-400x181.jpg 400w, https:\/\/tourisme-en-champagne.com\/assets\/uploads\/2025\/06\/12-salle-royale-centre-des-congres1-640x290.jpg 640w, https:\/\/tourisme-en-champagne.com\/assets\/uploads\/2025\/06\/12-salle-royale-centre-des-congres1-1280x580.jpg 1280w, https:\/\/tourisme-en-champagne.com\/assets\/uploads\/2025\/06\/12-salle-royale-centre-des-congres1-768x348.jpg 768w, https:\/\/tourisme-en-champagne.com\/assets\/uploads\/2025\/06\/12-salle-royale-centre-des-congres1-1536x696.jpg 1536w, https:\/\/tourisme-en-champagne.com\/assets\/uploads\/2025\/06\/12-salle-royale-centre-des-congres1.jpg 1920w\" sizes=\"auto, (max-width: 400px) 100vw, 400px\" title=\"\">\t\t\t\t\t\t<div class=\"caption\">Palacio de Congresos de Reims<\/div>\n\t\t\t\t\t\t\t\t\t\t\t\t<strong><\/strong>\n\t\t\t\t\t\t\t\t\t\t\t\t\t\t\t\t\t\t\t\t\t\t\t<\/div>\n\t\t\t\t\t\t\t\t\t\t\t\t\t\t\t\t<div class=\"fsgb-block-slider__slide swiper-slide\">\n\t\t\t\t\t\t<img loading=\"lazy\" decoding=\"async\" width=\"400\" height=\"125\" src=\"https:\/\/tourisme-en-champagne.com\/assets\/uploads\/2025\/08\/millesium-epernay-2-400x125.jpg\" class=\"attachment-thumbnail size-thumbnail\" alt=\"\" srcset=\"https:\/\/tourisme-en-champagne.com\/assets\/uploads\/2025\/08\/millesium-epernay-2-400x125.jpg 400w, https:\/\/tourisme-en-champagne.com\/assets\/uploads\/2025\/08\/millesium-epernay-2-640x200.jpg 640w, https:\/\/tourisme-en-champagne.com\/assets\/uploads\/2025\/08\/millesium-epernay-2-1280x400.jpg 1280w, https:\/\/tourisme-en-champagne.com\/assets\/uploads\/2025\/08\/millesium-epernay-2-768x240.jpg 768w, https:\/\/tourisme-en-champagne.com\/assets\/uploads\/2025\/08\/millesium-epernay-2-1536x480.jpg 1536w, https:\/\/tourisme-en-champagne.com\/assets\/uploads\/2025\/08\/millesium-epernay-2.jpg 1920w\" sizes=\"auto, (max-width: 400px) 100vw, 400px\" title=\"\">\t\t\t\t\t\t<div class=\"caption\">Le Mill\u00e9sium &#8211; Epernay<\/div>\n\t\t\t\t\t\t\t\t\t\t\t\t<strong><\/strong>\n\t\t\t\t\t\t\t\t\t\t\t\t\t\t\t\t\t\t\t\t\t\t\t<\/div>\n\t\t\t\t\t\t\t\t\t\t\t\t\t\t\t\t<div class=\"fsgb-block-slider__slide swiper-slide\">\n\t\t\t\t\t\t<img loading=\"lazy\" decoding=\"async\" width=\"400\" height=\"125\" src=\"https:\/\/tourisme-en-champagne.com\/assets\/uploads\/2025\/08\/arena-reims-2-400x125.jpg\" class=\"attachment-thumbnail size-thumbnail\" alt=\"Arena de Reims\" srcset=\"https:\/\/tourisme-en-champagne.com\/assets\/uploads\/2025\/08\/arena-reims-2-400x125.jpg 400w, https:\/\/tourisme-en-champagne.com\/assets\/uploads\/2025\/08\/arena-reims-2-640x200.jpg 640w, https:\/\/tourisme-en-champagne.com\/assets\/uploads\/2025\/08\/arena-reims-2-1280x400.jpg 1280w, https:\/\/tourisme-en-champagne.com\/assets\/uploads\/2025\/08\/arena-reims-2-768x240.jpg 768w, https:\/\/tourisme-en-champagne.com\/assets\/uploads\/2025\/08\/arena-reims-2-1536x480.jpg 1536w, https:\/\/tourisme-en-champagne.com\/assets\/uploads\/2025\/08\/arena-reims-2.jpg 1920w\" sizes=\"auto, (max-width: 400px) 100vw, 400px\" title=\"\">\t\t\t\t\t\t<div class=\"caption\">WIllmote &#038; Associ\u00e9s<\/div>\n\t\t\t\t\t\t\t\t\t\t\t\t<strong><\/strong>\n\t\t\t\t\t\t\t\t\t\t\t\t\t\t\t\t\t\t\t\t\t\t\t<\/div>\n\t\t\t\t\t\t\t\t\t\t\t\t\t\t\t\t<div class=\"fsgb-block-slider__slide swiper-slide\">\n\t\t\t\t\t\t<img loading=\"lazy\" decoding=\"async\" width=\"400\" height=\"125\" src=\"https:\/\/tourisme-en-champagne.com\/assets\/uploads\/2025\/08\/le-capitole-chalonscr-kiezer-coll-adt-marne2-400x125.jpg\" class=\"attachment-thumbnail size-thumbnail\" alt=\"\" srcset=\"https:\/\/tourisme-en-champagne.com\/assets\/uploads\/2025\/08\/le-capitole-chalonscr-kiezer-coll-adt-marne2-400x125.jpg 400w, https:\/\/tourisme-en-champagne.com\/assets\/uploads\/2025\/08\/le-capitole-chalonscr-kiezer-coll-adt-marne2-640x200.jpg 640w, https:\/\/tourisme-en-champagne.com\/assets\/uploads\/2025\/08\/le-capitole-chalonscr-kiezer-coll-adt-marne2-1280x400.jpg 1280w, https:\/\/tourisme-en-champagne.com\/assets\/uploads\/2025\/08\/le-capitole-chalonscr-kiezer-coll-adt-marne2-768x240.jpg 768w, https:\/\/tourisme-en-champagne.com\/assets\/uploads\/2025\/08\/le-capitole-chalonscr-kiezer-coll-adt-marne2-1536x480.jpg 1536w, https:\/\/tourisme-en-champagne.com\/assets\/uploads\/2025\/08\/le-capitole-chalonscr-kiezer-coll-adt-marne2.jpg 1920w\" sizes=\"auto, (max-width: 400px) 100vw, 400px\" title=\"\">\t\t\t\t\t\t<div class=\"caption\">ADT Marne<\/div>\n\t\t\t\t\t\t\t\t\t\t\t\t<strong><\/strong>\n\t\t\t\t\t\t\t\t\t\t\t\t\t\t\t\t\t\t\t\t\t\t\t<\/div>\n\t\t\t\t\t\t\t\t\t\t\t\t\t\t\t\t<div class=\"fsgb-block-slider__slide swiper-slide\">\n\t\t\t\t\t\t<img loading=\"lazy\" decoding=\"async\" width=\"400\" height=\"125\" src=\"https:\/\/tourisme-en-champagne.com\/assets\/uploads\/2025\/08\/parc-exposition-reims-400x125.jpg\" class=\"attachment-thumbnail size-thumbnail\" alt=\"\" srcset=\"https:\/\/tourisme-en-champagne.com\/assets\/uploads\/2025\/08\/parc-exposition-reims-400x125.jpg 400w, https:\/\/tourisme-en-champagne.com\/assets\/uploads\/2025\/08\/parc-exposition-reims-640x200.jpg 640w, https:\/\/tourisme-en-champagne.com\/assets\/uploads\/2025\/08\/parc-exposition-reims-1280x400.jpg 1280w, https:\/\/tourisme-en-champagne.com\/assets\/uploads\/2025\/08\/parc-exposition-reims-768x240.jpg 768w, https:\/\/tourisme-en-champagne.com\/assets\/uploads\/2025\/08\/parc-exposition-reims-1536x480.jpg 1536w, https:\/\/tourisme-en-champagne.com\/assets\/uploads\/2025\/08\/parc-exposition-reims.jpg 1920w\" sizes=\"auto, (max-width: 400px) 100vw, 400px\" title=\"\">\t\t\t\t\t\t<div class=\"caption\">Le parc des Expositions de Reims<\/div>\n\t\t\t\t\t\t\t\t\t\t\t\t<strong><\/strong>\n\t\t\t\t\t\t\t\t\t\t\t\t\t\t\t\t\t\t\t\t\t\t\t<\/div>\n\t\t\t\t\t\t\t\t\t\t\t\t\t\t\t\t<div class=\"fsgb-block-slider__slide swiper-slide\">\n\t\t\t\t\t\t<img loading=\"lazy\" decoding=\"async\" width=\"400\" height=\"125\" src=\"https:\/\/tourisme-en-champagne.com\/assets\/uploads\/2025\/08\/reims-arena-3-400x125.jpg\" class=\"attachment-thumbnail size-thumbnail\" alt=\"Reims - Arena\" srcset=\"https:\/\/tourisme-en-champagne.com\/assets\/uploads\/2025\/08\/reims-arena-3-400x125.jpg 400w, https:\/\/tourisme-en-champagne.com\/assets\/uploads\/2025\/08\/reims-arena-3-640x200.jpg 640w, https:\/\/tourisme-en-champagne.com\/assets\/uploads\/2025\/08\/reims-arena-3-1280x400.jpg 1280w, https:\/\/tourisme-en-champagne.com\/assets\/uploads\/2025\/08\/reims-arena-3-768x240.jpg 768w, https:\/\/tourisme-en-champagne.com\/assets\/uploads\/2025\/08\/reims-arena-3-1536x480.jpg 1536w, https:\/\/tourisme-en-champagne.com\/assets\/uploads\/2025\/08\/reims-arena-3.jpg 1920w\" sizes=\"auto, (max-width: 400px) 100vw, 400px\" title=\"\">\t\t\t\t\t\t<div class=\"caption\">Reims &#8211; Arena<\/div>\n\t\t\t\t\t\t\t\t\t\t\t\t<strong><\/strong>\n\t\t\t\t\t\t\t\t\t\t\t\t\t\t\t\t\t\t\t\t\t\t\t<\/div>\n\t\t\t\t\t\t\t\t\t\t\t\t\t\t\t\t<div class=\"fsgb-block-slider__slide swiper-slide\">\n\t\t\t\t\t\t<img loading=\"lazy\" decoding=\"async\" width=\"400\" height=\"125\" src=\"https:\/\/tourisme-en-champagne.com\/assets\/uploads\/2025\/08\/capitole-en-champagne-chalons-c-christophe-manquillet080812-400x125.jpg\" class=\"attachment-thumbnail size-thumbnail\" alt=\"\" srcset=\"https:\/\/tourisme-en-champagne.com\/assets\/uploads\/2025\/08\/capitole-en-champagne-chalons-c-christophe-manquillet080812-400x125.jpg 400w, https:\/\/tourisme-en-champagne.com\/assets\/uploads\/2025\/08\/capitole-en-champagne-chalons-c-christophe-manquillet080812-640x200.jpg 640w, https:\/\/tourisme-en-champagne.com\/assets\/uploads\/2025\/08\/capitole-en-champagne-chalons-c-christophe-manquillet080812-1280x400.jpg 1280w, https:\/\/tourisme-en-champagne.com\/assets\/uploads\/2025\/08\/capitole-en-champagne-chalons-c-christophe-manquillet080812-768x240.jpg 768w, https:\/\/tourisme-en-champagne.com\/assets\/uploads\/2025\/08\/capitole-en-champagne-chalons-c-christophe-manquillet080812-1536x480.jpg 1536w, https:\/\/tourisme-en-champagne.com\/assets\/uploads\/2025\/08\/capitole-en-champagne-chalons-c-christophe-manquillet080812.jpg 1920w\" sizes=\"auto, (max-width: 400px) 100vw, 400px\" title=\"\">\t\t\t\t\t\t<div class=\"caption\">C. Manquillet<\/div>\n\t\t\t\t\t\t\t\t\t\t\t\t<strong><\/strong>\n\t\t\t\t\t\t\t\t\t\t\t\t\t\t\t\t\t\t\t\t\t\t\t<\/div>\n\t\t\t\t\t\t\t\t\t<\/div>\n\t\t<div class=\"swiper-pagination\"><\/div>\n\t<\/div>\n\n<\/section>\n\n<section class=\"wp-block-group alignfull pattern-text-50-media-50 has-global-padding is-layout-constrained wp-block-group-is-layout-constrained\">\n<div class=\"wp-block-columns is-layout-flex wp-container-core-columns-is-layout-63fbf5b9 wp-block-columns-is-layout-flex\">\n<div class=\"wp-block-column is-layout-flow wp-block-column-is-layout-flow\">\n<figure class=\"wp-block-image size-full\"><img loading=\"lazy\" decoding=\"async\" width=\"370\" height=\"370\" src=\"https:\/\/tourisme-en-champagne.com\/assets\/uploads\/2025\/06\/sylvie-millotcc-manquillet-colladt-marne3.jpg\" alt=\"Sylvie Millot\" class=\"wp-image-9941\" style=\"aspect-ratio:1;object-fit:cover\" title=\"\"><\/figure>\n<\/div>\n\n\n\n<div class=\"wp-block-column is-layout-flow wp-block-column-is-layout-flow\">\n<h2 class=\"wp-block-heading\"><strong>SYLVIE MILLOT<\/strong><\/h2>\n\n\n\n<hr class=\"wp-block-separator has-text-color has-grey-color has-alpha-channel-opacity has-grey-background-color has-background\"\/>\n\n\n\n<h3 class=\"wp-block-heading\">Jefe de Turismo de Negocios \/ Ejecutivo MICE<\/h3>\n\n\n\n<figure data-wp-context=\"{&quot;imageId&quot;:&quot;6a95ffc3961b4&quot;}\" data-wp-interactive=\"core\/image\" data-wp-key=\"6a95ffc3961b4\" class=\"wp-block-image size-full is-resized wp-lightbox-container\"><img loading=\"lazy\" decoding=\"async\" width=\"485\" height=\"186\" data-wp-class--hide=\"state.isContentHidden\" data-wp-class--show=\"state.isContentVisible\" data-wp-init=\"callbacks.setButtonStyles\" data-wp-on--click=\"actions.showLightbox\" data-wp-on--load=\"callbacks.setButtonStyles\" data-wp-on--pointerdown=\"actions.preloadImage\" data-wp-on--pointerenter=\"actions.preloadImageWithDelay\" data-wp-on--pointerleave=\"actions.cancelPreload\" data-wp-on-window--resize=\"callbacks.setButtonStyles\" src=\"https:\/\/tourisme-en-champagne.com\/assets\/uploads\/2025\/08\/ccb-espace-1.png\" alt=\"\" class=\"wp-image-15778\" style=\"width:322px;height:auto\" title=\"\" srcset=\"https:\/\/tourisme-en-champagne.com\/assets\/uploads\/2025\/08\/ccb-espace-1.png 485w, https:\/\/tourisme-en-champagne.com\/assets\/uploads\/2025\/08\/ccb-espace-1-400x153.png 400w\" sizes=\"auto, (max-width: 485px) 100vw, 485px\" \/><button\n\t\t\tclass=\"lightbox-trigger\"\n\t\t\ttype=\"button\"\n\t\t\taria-haspopup=\"dialog\"\n\t\t\tdata-wp-bind--aria-label=\"state.thisImage.triggerButtonAriaLabel\"\n\t\t\tdata-wp-init=\"callbacks.initTriggerButton\"\n\t\t\tdata-wp-on--click=\"actions.showLightbox\"\n\t\t\tdata-wp-style--right=\"state.thisImage.buttonRight\"\n\t\t\tdata-wp-style--top=\"state.thisImage.buttonTop\"\n\t\t>\n\t\t\t<svg xmlns=\"http:\/\/www.w3.org\/2000\/svg\" width=\"12\" height=\"12\" fill=\"none\" viewBox=\"0 0 12 12\">\n\t\t\t\t<path fill=\"#fff\" d=\"M2 0a2 2 0 0 0-2 2v2h1.5V2a.5.5 0 0 1 .5-.5h2V0H2Zm2 10.5H2a.5.5 0 0 1-.5-.5V8H0v2a2 2 0 0 0 2 2h2v-1.5ZM8 12v-1.5h2a.5.5 0 0 0 .5-.5V8H12v2a2 2 0 0 1-2 2H8Zm2-12a2 2 0 0 1 2 2v2h-1.5V2a.5.5 0 0 0-.5-.5H8V0h2Z\" \/>\n\t\t\t<\/svg>\n\t\t<\/button><\/figure>\n\n\n\n<p class=\"wp-block-paragraph\"><strong>Sylvie Millot<\/strong> &#8211; <a href=\"mailto:info@champagne-convention-bureau.com\">info@champagne-convention-bureau.com<\/a><br\/>Tel. +33 (0)3 26 69 81 88 &#8211; M\u00f3vil : +33 (0)6 34 17 39 07<br\/>13 bis rue Carnot &#8211; CS 50074 &#8211; 51006 Ch\u00e2lons-en-Champagne Cedex <\/p>\n<\/div>\n<\/div>\n<\/section>\n","protected":false},"excerpt":{"rendered":"<p>Nuestras misiones Simplificamos tu organizaci\u00f3n reuniendo a centros de convenciones, instituciones, hoteleros, agencias receptivas, restauradores, empresas de catering y todos los interlocutores tur\u00edsticos del sector MICE de Champagne. Champagne Convention Bureau cuenta con un experto dedicado 100% a MICE, en contacto permanente con los socios locales. Este profundo conocimiento del destino y de tus necesidades [&hellip;]<\/p>\n","protected":false},"author":2,"featured_media":15834,"parent":21095,"menu_order":0,"comment_status":"closed","ping_status":"closed","template":"templates\/editorial-content.php","meta":{"_acf_changed":false,"footnotes":"","_links_to":"","_links_to_target":""},"class_list":["post-19464","page","type-page","status-publish","has-post-thumbnail","hentry"],"acf":[],"_links":{"self":[{"href":"https:\/\/tourisme-en-champagne.com\/es\/wp-json\/wp\/v2\/pages\/19464","targetHints":{"allow":["GET"]}}],"collection":[{"href":"https:\/\/tourisme-en-champagne.com\/es\/wp-json\/wp\/v2\/pages"}],"about":[{"href":"https:\/\/tourisme-en-champagne.com\/es\/wp-json\/wp\/v2\/types\/page"}],"author":[{"embeddable":true,"href":"https:\/\/tourisme-en-champagne.com\/es\/wp-json\/wp\/v2\/users\/2"}],"replies":[{"embeddable":true,"href":"https:\/\/tourisme-en-champagne.com\/es\/wp-json\/wp\/v2\/comments?post=19464"}],"version-history":[{"count":1,"href":"https:\/\/tourisme-en-champagne.com\/es\/wp-json\/wp\/v2\/pages\/19464\/revisions"}],"predecessor-version":[{"id":19465,"href":"https:\/\/tourisme-en-champagne.com\/es\/wp-json\/wp\/v2\/pages\/19464\/revisions\/19465"}],"up":[{"embeddable":true,"href":"https:\/\/tourisme-en-champagne.com\/es\/wp-json\/wp\/v2\/pages\/21095"}],"wp:featuredmedia":[{"embeddable":true,"href":"https:\/\/tourisme-en-champagne.com\/es\/wp-json\/wp\/v2\/media\/15834"}],"wp:attachment":[{"href":"https:\/\/tourisme-en-champagne.com\/es\/wp-json\/wp\/v2\/media?parent=19464"}],"curies":[{"name":"wp","href":"https:\/\/api.w.org\/{rel}","templated":true}]}}