{"id":19178,"date":"2025-08-05T14:46:07","date_gmt":"2025-08-05T12:46:07","guid":{"rendered":"https:\/\/tourisme-en-champagne.com\/plantas-regionales\/"},"modified":"2025-11-28T16:03:56","modified_gmt":"2025-11-28T15:03:56","slug":"plantas-regionales","status":"publish","type":"page","link":"https:\/\/tourisme-en-champagne.com\/es\/flores-de-champan\/plantas-regionales\/","title":{"rendered":"Plantas regionales"},"content":{"rendered":"\n<section class=\"wp-block-group alignfull pattern-text has-global-padding is-content-justification-center is-layout-constrained wp-block-group-is-layout-constrained\">\n<div class=\"wp-block-columns is-layout-flex wp-container-core-columns-is-layout-fdcf44e1 wp-block-columns-is-layout-flex\">\n<div class=\"wp-block-column is-layout-flow wp-block-column-is-layout-flow\">\n<h2 class=\"wp-block-heading\"><strong>Nuestras notables plantas<\/strong><\/h2>\n\n\n\n<hr class=\"wp-block-separator has-text-color has-accent-3-color has-alpha-channel-opacity has-accent-3-background-color has-background\"\/>\n\n\n\n<p class=\"has-text-align-left wp-block-paragraph\">La Champa\u00f1a cuenta con una rica biodiversidad de h\u00e1bitats naturales. Se han identificado m\u00e1s de 4.000 especies en los espacios naturales de inter\u00e9s ecol\u00f3gico, faun\u00edstico y flor\u00edstico de la regi\u00f3n. <\/p>\n\n\n\n<p class=\"wp-block-paragraph\">Bosques, parques y jardines albergan variedades espec\u00edficas del Marne.  <\/p>\n\n\n\n<p class=\"has-text-align-left wp-block-paragraph\">El famoso \u00abFaux de Verzy\u00bb, en el coraz\u00f3n de la Monta\u00f1a de Reims, est\u00e1 junto a la \u00abRose Marne\u00bb y las \u00abOrchid\u00e9es de Champagne\u00bb &#8230;<\/p>\n<\/div>\n<\/div>\n<\/section>\n\n<section class=\"wp-block-group alignfull pattern-text-50-media-50 has-global-padding is-layout-constrained wp-block-group-is-layout-constrained\">\n<div class=\"wp-block-columns is-layout-flex wp-container-core-columns-is-layout-63fbf5b9 wp-block-columns-is-layout-flex\">\n<div class=\"wp-block-column is-layout-flow wp-block-column-is-layout-flow\">\n<figure class=\"wp-block-image size-full\"><img loading=\"lazy\" decoding=\"async\" width=\"485\" height=\"600\" src=\"https:\/\/tourisme-en-champagne.com\/assets\/uploads\/2025\/08\/iris.png\" alt=\"Iris de Bouzy &#xA9;  \" class=\"wp-image-16334\" title=\"\" srcset=\"https:\/\/tourisme-en-champagne.com\/assets\/uploads\/2025\/08\/iris.png 485w, https:\/\/tourisme-en-champagne.com\/assets\/uploads\/2025\/08\/iris-400x495.png 400w\" sizes=\"auto, (max-width: 485px) 100vw, 485px\" \/><\/figure>\n<\/div>\n\n\n\n<div class=\"wp-block-column is-layout-flow wp-block-column-is-layout-flow\">\n<h2 class=\"wp-block-heading\"><strong>Los lirios de Bouzy<\/strong><\/h2>\n\n\n\n<hr class=\"wp-block-separator has-text-color has-grey-color has-alpha-channel-opacity has-grey-background-color has-background\"\/>\n\n\n\n<p class=\"wp-block-paragraph\">Bouzy, en Champa\u00f1a, es famosa por su vino tinto, pero tambi\u00e9n por su iris <strong>Bouzy-Bouzy<\/strong>. Un iris rojo vino. Este pueblo de Champa\u00f1a, entre Reims y Epernay, cultiva lirios desde hace d\u00e9cadas. El suelo calc\u00e1reo y filtrante de Bouzy les sienta muy bien, porque el iris es una planta que odia los suelos obstinados; no necesita mucha agua ni abono.   <\/p>\n\n\n\n<p class=\"wp-block-paragraph\"><br\/>Los iris aprecian especialmente una posici\u00f3n soleada y son la planta ideal para plantar a lo largo de una pared muy c\u00e1lida.<br\/>A partir de mayo, \u00a1cientos de iris florecen en Bouzy!<\/p>\n<\/div>\n<\/div>\n<\/section>\n\n<section style=\"background-image:url(&apos;https:\/\/tourisme-en-champagne.com\/assets\/uploads\/2025\/08\/fleur-de-la-marnech-guillaume-collcdt-marne-4.png&apos;);background-position:50% 50%;background-size:cover;background-attachment:scroll;\" class=\"wp-block-group alignfull pattern-text-50-left-background has-base-color has-text-color has-link-color wp-elements-86a03c352908a8617f909f94cfd65a7f has-global-padding is-layout-constrained wp-block-group-is-layout-constrained has-background\">\n<div class=\"wp-block-columns is-layout-flex wp-container-core-columns-is-layout-fdcf44e1 wp-block-columns-is-layout-flex\">\n<div class=\"wp-block-column is-layout-flow wp-block-column-is-layout-flow\">\n<h2 class=\"wp-block-heading\"><strong>La rose Marne<\/strong><\/h2>\n\n\n\n<hr class=\"wp-block-separator has-text-color has-base-color has-alpha-channel-opacity has-base-background-color has-background\"\/>\n\n\n\n<p class=\"wp-block-paragraph\">En 1915, el cultivador de rosas de Orleans Barbier cre\u00f3 la rosa \u00abLa Marne\u00bb. Esta rosa es un homenaje a los soldados franceses que salieron victoriosos el 6 de septiembre de 1914 en la 1\u00aa Batalla del Marne. <br\/><br\/>Su follaje verde oscuro, brillante y libre de enfermedades, y sus flores semidobles remontantes de color rosa intenso con el centro blanco son un verdadero reclamo.<\/p>\n\n\n\n<p class=\"wp-block-paragraph\">El tiempo fue mermando sus cualidades y esta rosa acab\u00f3 desapareciendo de los viveros. En 1995, Edith Brochet Lanvin, viverista en Nanteuil la For\u00eat y especialista en rosas antiguas, admir\u00f3 esta rosa, fotografiada en un cementerio californiano, en un libro. Tras algunas investigaciones, consigui\u00f3 encontrarla en la rosaleda de Haye les Roses y la injert\u00f3 con \u00e9xito para adaptarla al suelo del Marne.  <\/p>\n\n\n\n<p class=\"wp-block-paragraph\">Desde entonces, es el s\u00edmbolo del departamento de Marne, que ostenta el \u00abTrofeo Nacional del Departamento Flamenco\u00bb desde 1997.<\/p>\n<\/div>\n\n\n\n<div class=\"wp-block-column is-layout-flow wp-block-column-is-layout-flow\"><\/div>\n<\/div>\n<\/section>\n\n<section class=\"wp-block-group alignfull pattern-text-50-media-50 has-global-padding is-layout-constrained wp-block-group-is-layout-constrained\">\n<div class=\"wp-block-columns is-layout-flex wp-container-core-columns-is-layout-63fbf5b9 wp-block-columns-is-layout-flex\">\n<div class=\"wp-block-column is-layout-flow wp-block-column-is-layout-flow\">\n<figure class=\"wp-block-image size-full\"><img loading=\"lazy\" decoding=\"async\" width=\"485\" height=\"600\" src=\"https:\/\/tourisme-en-champagne.com\/assets\/uploads\/2025\/08\/orchi-0.png\" alt=\"Orqu&#xED;dea champ&#xE1;n\" class=\"wp-image-16344\" title=\"\" srcset=\"https:\/\/tourisme-en-champagne.com\/assets\/uploads\/2025\/08\/orchi-0.png 485w, https:\/\/tourisme-en-champagne.com\/assets\/uploads\/2025\/08\/orchi-0-400x495.png 400w\" sizes=\"auto, (max-width: 485px) 100vw, 485px\" \/><\/figure>\n<\/div>\n\n\n\n<div class=\"wp-block-column is-layout-flow wp-block-column-is-layout-flow\">\n<h2 class=\"wp-block-heading\"><strong>Les Orchid\u00e9e de Champagne<\/strong><\/h2>\n\n\n\n<hr class=\"wp-block-separator has-text-color has-grey-color has-alpha-channel-opacity has-grey-background-color has-background\"\/>\n\n\n\n<h3 class=\"wp-block-heading\">Lorem ipsum dolor sit amet<\/h3>\n\n\n\n<p class=\"wp-block-paragraph\">La Champa\u00f1a-Ardenas es extremadamente rica en orqu\u00eddeas, con unas cincuenta especies expuestas a los curiosos paseantes, desde la monorchis de los pantanos hasta la orchis quemada de los pastizales calc\u00e1reos.<\/p>\n\n\n\n<p class=\"wp-block-paragraph\">Las orqu\u00eddeas suelen vivir en suelos pobres, secos y calc\u00e1reos. Pero tambi\u00e9n pueden encontrarse en suelos h\u00famedos y \u00e1cidos. En nuestra regi\u00f3n, florecen principalmente de abril a junio.  <\/p>\n\n\n\n<p class=\"wp-block-paragraph\">El Parque Natural Regional de la Monta\u00f1a de Reims ofrece visitas guiadas a esta planta fr\u00e1gil y delicada en su entorno natural.<\/p>\n<\/div>\n<\/div>\n<\/section>\n\n<section style=\"background-image:url(&apos;https:\/\/tourisme-en-champagne.com\/assets\/uploads\/2025\/08\/fleur-de-la-marnech-guillaume-collcdt-marne-1.png&apos;);background-position:50% 50%;background-size:cover;background-attachment:scroll;\" class=\"wp-block-group alignfull pattern-text-50-right-background has-base-color has-text-color has-link-color wp-elements-29598b89be4ac14b7350abf0029ef1d4 has-global-padding is-layout-constrained wp-block-group-is-layout-constrained has-background\">\n<div class=\"wp-block-columns is-layout-flex wp-container-core-columns-is-layout-fdcf44e1 wp-block-columns-is-layout-flex\">\n<div class=\"wp-block-column is-layout-flow wp-block-column-is-layout-flow\"><\/div>\n\n\n\n<div class=\"wp-block-column is-layout-flow wp-block-column-is-layout-flow\">\n<h2 class=\"wp-block-heading\"><strong>La peon\u00eda<\/strong><\/h2>\n\n\n\n<hr class=\"wp-block-separator has-alpha-channel-opacity\"\/>\n\n\n\n<p class=\"wp-block-paragraph\">La peon\u00eda<strong>\u00abVictoire de la Marne<\/strong>\u00bb se cre\u00f3 durante la Gran Guerra como homenaje a los combates de 1914.<\/p>\n\n\n\n<p class=\"wp-block-paragraph\">Esta peon\u00eda doble, robusta y resistente, bien redondeada y de color rojo frambuesa claro, florece de forma cada vez m\u00e1s espectacular con el paso de los a\u00f1os.<\/p>\n\n\n\n<p class=\"wp-block-paragraph\">Se puede adquirir en el Jard\u00edn Bot\u00e1nico de la Presle.  <\/p>\n<\/div>\n<\/div>\n<\/section>\n\n<section class=\"wp-block-group alignfull pattern-text has-middleground-background-color has-background has-global-padding is-content-justification-center is-layout-constrained wp-block-group-is-layout-constrained\">\n<div class=\"wp-block-columns is-layout-flex wp-container-core-columns-is-layout-fdcf44e1 wp-block-columns-is-layout-flex\">\n<div class=\"wp-block-column is-layout-flow wp-block-column-is-layout-flow\">\n<h2 class=\"wp-block-heading\"><strong>Frutales antiguos<\/strong><\/h2>\n\n\n\n<hr class=\"wp-block-separator has-text-color has-grey-color has-alpha-channel-opacity has-grey-background-color has-background\"\/>\n\n\n\n<p class=\"has-text-align-left wp-block-paragraph\">En Noirlieu, en el GAEC des p\u00e9pini\u00e8res Defontaine, se pueden visitar 70 variedades antiguas de \u00e1rboles frutales de la regi\u00f3n de Argonne, anta\u00f1o famosa por su sidra. \u00abPomme d&#8217;api, chr\u00e9tien rouge, court pendu, p\u00e9pin sonnant\u00bb: los antiguos ten\u00edan mucho sentido del humor a la hora de nombrar las nuevas variedades. El gusto por la autenticidad procede de la diversidad, y todo el equipo del vivero obtiene de ello una enorme satisfacci\u00f3n personal.  <\/p>\n\n\n\n<p class=\"has-text-align-left wp-block-paragraph\">Tambi\u00e9n es un reputado conservatorio frut\u00edcola, reconocido por el Conseil D\u00e9partemental de la Mar<\/p>\n<\/div>\n<\/div>\n<\/section>\n\n<section class=\"wp-block-group alignfull pattern-text has-middleground-background-color has-background has-global-padding is-content-justification-center is-layout-constrained wp-block-group-is-layout-constrained\" style=\"padding-top:0\">\n<div class=\"wp-block-columns is-layout-flex wp-container-core-columns-is-layout-fdcf44e1 wp-block-columns-is-layout-flex\">\n<div class=\"wp-block-column is-layout-flow wp-block-column-is-layout-flow\">\n<h2 class=\"wp-block-heading\"><strong>Spir\u00e9e Magnum Ros\u00e9<\/strong><\/h2>\n\n\n\n<hr class=\"wp-block-separator has-text-color has-grey-color has-alpha-channel-opacity has-grey-background-color has-background\"\/>\n\n\n\n<p class=\"has-text-align-left wp-block-paragraph\">Esp\u00e9cimen \u00fanico nacido de semilla, Spir\u00e9e Magnum Ros\u00e9, derivado de una Spirea japonesa que normalmente mide menos de 1 m, es un gigante que lleva la elegancia al m\u00e1ximo nivel: 2,30 m.<\/p>\n<\/div>\n<\/div>\n<\/section>\n\n<section style=\"background-image:url(&apos;https:\/\/tourisme-en-champagne.com\/assets\/uploads\/2025\/08\/hortensia-marnecp-deseze-coll-adt-marne.jpg&apos;);background-position:50% 50%;background-size:cover;background-attachment:scroll;\" class=\"wp-block-group alignfull pattern-text-50-left-background has-base-color has-text-color has-link-color wp-elements-0afad118181b783e81cd12de30a516ee has-global-padding is-layout-constrained wp-block-group-is-layout-constrained has-background\">\n<div class=\"wp-block-columns is-layout-flex wp-container-core-columns-is-layout-fdcf44e1 wp-block-columns-is-layout-flex\">\n<div class=\"wp-block-column is-layout-flow wp-block-column-is-layout-flow\">\n<h2 class=\"wp-block-heading\"><strong>La hortensia<strong>del Marne<\/strong><\/strong><\/h2>\n\n\n\n<hr class=\"wp-block-separator has-text-color has-base-color has-alpha-channel-opacity has-base-background-color has-background\"\/>\n\n\n\n<p class=\"wp-block-paragraph\">Una variedad de la Belle Epoque, creada por E. Mouli\u00e8re en 1917 como homenaje a los combates de la Gran Guerra.<\/p>\n\n\n\n<p class=\"wp-block-paragraph\">Esta variedad de hortensia, de tallos gruesos y robustos, produce enormes bolas de flores dentadas en refinados y raros medios tonos que van del rosa malva al azul, seg\u00fan el suelo.  <\/p>\n\n\n\n<p class=\"wp-block-paragraph\">Se puede adquirir en el Jard\u00edn Bot\u00e1nico de la Presle.<\/p>\n<\/div>\n\n\n\n<div class=\"wp-block-column is-layout-flow wp-block-column-is-layout-flow\"><\/div>\n<\/div>\n<\/section>\n\n<section class=\"wp-block-group alignfull pattern-playlist-grid has-global-padding is-layout-constrained wp-block-group-is-layout-constrained\">\n<h2 class=\"wp-block-heading has-text-align-center\"><strong>Selecci\u00f3n de escapadas<\/strong><\/h2>\n\n\n\n<hr class=\"wp-block-separator has-text-color has-accent-3-color has-alpha-channel-opacity has-accent-3-background-color has-background\"\/>\n\n\n\n<p class=\"has-text-align-center wp-block-paragraph\">Descubre m\u00e1s sobre \u00e1rboles, plantas y jardines&#8230;<\/p>\n\n\n\t\t\t<div class=\"fsgb-block-playlist playlist-grid is-style-grid\"  style=\"margin-top:var(--wp--preset--spacing--x-large);\">\n\t\t\t\t\n\t\t\t\n\t\t\t<div class=\"swiper swiperPlaylistGrid\">\n\n\t\t\t\t<div class=\"swiper-wrapper posts-count-1\">\n\t\t\t\t\t\t\t\t\t\t\t\t\t\t\t\t\t<div class=\"swiper-slide lonely-swiper-slide\">\n\t\t\t\t\t\t\t\n<article class=\"card card--activite stretched-link\" data-id=\"30649\" data-post-id-sync-map=\"30649\" >\n\t\n\t\t\n\t\t\t\t<div class=\"card__thumbnail has-middleground-background-color stack\">\n\t\t\t<img decoding=\"async\" width=\"2048\" src=\"https:\/\/cdt51.media.tourinsoft.eu\/upload\/Fau-de-Verzy.jpg\" class=\"attachment- size-\" alt=\"Les Faux de Verzy\" srcset=\"https:\/\/cdt51.media.tourinsoft.eu\/upload\/Fau-de-Verzy.jpg?width=400 400w, https:\/\/cdt51.media.tourinsoft.eu\/upload\/Fau-de-Verzy.jpg?width=640 640w, https:\/\/cdt51.media.tourinsoft.eu\/upload\/Fau-de-Verzy.jpg?width=768 768w, https:\/\/cdt51.media.tourinsoft.eu\/upload\/Fau-de-Verzy.jpg?width=1280 1280w, https:\/\/cdt51.media.tourinsoft.eu\/upload\/Fau-de-Verzy.jpg?width=1536&amp;height=1536 1536w, https:\/\/cdt51.media.tourinsoft.eu\/upload\/Fau-de-Verzy.jpg?width=2048&amp;height=2048 2048w\" sizes=\"(max-width: 2048px) 100vw, 2048px\" title=\"\">\t\t<\/div>\n\t\n\t\t<div class=\"card__content\">\n\t\t\t\n\t\t\t\t\t\t\t\t\t\n\t\t\t\t\t\t\t\t\t\n\t\t\t\t\t\t<h3 class=\"title wp-block-heading is-style-h3\">\n\t\t\t\t<a href=\"https:\/\/tourisme-en-champagne.com\/es\/activite\/les-faux-de-verzy\/\" target=\"_blank\">Les Faux de Verzy<\/a>\t\t\t\t\t\t\t<\/h3>\n\t\t\t\n\t\t\t\t\t\t\t\t\t\n\t\t\t\t\t\t<div class=\"underlined\"><\/div>\n\t\t\n\t\t\t\t\t\t\t\t\t\t<div class=\"location\">\n\t\t\t\t\tVerzy\t\t\t\t<\/div>\n\t\t\t\t\t\t\n\t\t\t\t\t\t\t\t\t\n\t\t\t\t\t\t\t\t\t\n\t\t\t\t\t\t\t\t\t\n\t\t\t\t\t\t\t\t\t\t<div class=\"descriptif\">Les creemos directamente de un hada Brocelianda!\rCon sus ramas sinuosas, a veces delgada, a veces&#8230;<\/div>\n\t\t\t\t\n\t\t\t\t\t\t\t\t\t\t\t\t\t\t\t\t\n\t\t\t\t\t\t\t\t\t\t<div class=\"wp-block-button\">\n\t\t\t\t\t<a class=\"wp-element-button rounded\" href=\"https:\/\/tourisme-en-champagne.com\/es\/activite\/les-faux-de-verzy\/\" target=\"_blank\"\n\t\t\t\t\t\taria-label=\"Saber m\u00e1s sobre Les Faux de Verzy\">M\u00e1s informaci\u00f3n<\/a>\n\t\t\t\t<\/div>\n\t\t\t \n\t\t<\/div>\n\t\t\n\n\t\t<\/article>\n\n\t\t\t\t\t\t<\/div>\n\t\t\t\t\t\t\t\t\t\t\t\t\t\t<\/div>\n\t\t\t\t\n\t\t\t\t<div class=\"swiper-buttons\">\n\t\t\t\t\t<div class=\"swiper-button-prev\"><\/div>\n\t\t\t\t\t<div class=\"swiper-button-next\"><\/div>\n\t\t\t\t<\/div>\n\t\t\t<\/div>\n\t\t<\/div>\n\t\n<\/section>\n","protected":false},"excerpt":{"rendered":"<p>Nuestras notables plantas La Champa\u00f1a cuenta con una rica biodiversidad de h\u00e1bitats naturales. Se han identificado m\u00e1s de 4.000 especies en los espacios naturales de inter\u00e9s ecol\u00f3gico, faun\u00edstico y flor\u00edstico de la regi\u00f3n. Bosques, parques y jardines albergan variedades espec\u00edficas del Marne. El famoso \u00abFaux de Verzy\u00bb, en el coraz\u00f3n de la Monta\u00f1a de Reims, [&hellip;]<\/p>\n","protected":false},"author":2,"featured_media":16333,"parent":21243,"menu_order":0,"comment_status":"closed","ping_status":"closed","template":"templates\/editorial-content.php","meta":{"_acf_changed":false,"footnotes":"","_links_to":"","_links_to_target":""},"class_list":["post-19178","page","type-page","status-publish","has-post-thumbnail","hentry"],"acf":[],"_links":{"self":[{"href":"https:\/\/tourisme-en-champagne.com\/es\/wp-json\/wp\/v2\/pages\/19178","targetHints":{"allow":["GET"]}}],"collection":[{"href":"https:\/\/tourisme-en-champagne.com\/es\/wp-json\/wp\/v2\/pages"}],"about":[{"href":"https:\/\/tourisme-en-champagne.com\/es\/wp-json\/wp\/v2\/types\/page"}],"author":[{"embeddable":true,"href":"https:\/\/tourisme-en-champagne.com\/es\/wp-json\/wp\/v2\/users\/2"}],"replies":[{"embeddable":true,"href":"https:\/\/tourisme-en-champagne.com\/es\/wp-json\/wp\/v2\/comments?post=19178"}],"version-history":[{"count":1,"href":"https:\/\/tourisme-en-champagne.com\/es\/wp-json\/wp\/v2\/pages\/19178\/revisions"}],"predecessor-version":[{"id":19180,"href":"https:\/\/tourisme-en-champagne.com\/es\/wp-json\/wp\/v2\/pages\/19178\/revisions\/19180"}],"up":[{"embeddable":true,"href":"https:\/\/tourisme-en-champagne.com\/es\/wp-json\/wp\/v2\/pages\/21243"}],"wp:featuredmedia":[{"embeddable":true,"href":"https:\/\/tourisme-en-champagne.com\/es\/wp-json\/wp\/v2\/media\/16333"}],"wp:attachment":[{"href":"https:\/\/tourisme-en-champagne.com\/es\/wp-json\/wp\/v2\/media?parent=19178"}],"curies":[{"name":"wp","href":"https:\/\/api.w.org\/{rel}","templated":true}]}}