{"id":20985,"date":"2025-02-19T09:54:47","date_gmt":"2025-02-19T08:54:47","guid":{"rendered":"https:\/\/tourisme-en-champagne.com\/reims-mountain-regional-nature-park\/"},"modified":"2026-08-21T00:32:55","modified_gmt":"2026-08-20T22:32:55","slug":"reims-mountain-regional-nature-park","status":"publish","type":"page","link":"https:\/\/tourisme-en-champagne.com\/en\/destinations-with-a-thousand-faces\/reims-mountain-regional-nature-park\/","title":{"rendered":"Reims Mountain Regional Nature Park"},"content":{"rendered":"\n<section class=\"wp-block-group alignfull pattern-text has-global-padding is-content-justification-center is-layout-constrained wp-block-group-is-layout-constrained\">\n<div class=\"wp-block-columns is-layout-flex wp-container-core-columns-is-layout-fdcf44e1 wp-block-columns-is-layout-flex\">\n<div class=\"wp-block-column is-layout-flow wp-block-column-is-layout-flow\">\n<h2 class=\"wp-block-heading\"><strong>Agricultural plains, valleys, forests and hills covered with exceptional vineyards&#8230;<\/strong><\/h2>\n\n\n\n<hr class=\"wp-block-separator has-text-color has-grey-color has-alpha-channel-opacity has-grey-background-color has-background\"\/>\n\n\n\n<p class=\"has-text-align-left wp-block-paragraph\">The Montagne de Reims Regional Nature Park extends over 533 km\u00b2 and covers 65 communes in the Marne d\u00e9partement.<br\/>It&#8217;s a unique territory whose value and fragility justify the protection and enhancement measures it receives.<\/p>\n\n\n\n<figure class=\"wp-block-embed alignfull is-type-video is-provider-youtube wp-block-embed-youtube wp-embed-aspect-16-9 wp-has-aspect-ratio\"><div class=\"wp-block-embed__wrapper\">\n<iframe loading=\"lazy\" title=\"La randonn\u00e9e en Montagne de Reims\" width=\"500\" height=\"281\" src=\"https:\/\/www.youtube.com\/embed\/_FXEbhJ_OVc?feature=oembed\" frameborder=\"0\" allow=\"accelerometer; autoplay; clipboard-write; encrypted-media; gyroscope; picture-in-picture; web-share\" referrerpolicy=\"strict-origin-when-cross-origin\" allowfullscreen><\/iframe>\n<\/div><\/figure>\n<\/div>\n<\/div>\n<\/section>\n\n<section class=\"wp-block-group alignfull pattern-text has-middleground-background-color has-background has-global-padding is-content-justification-center is-layout-constrained wp-block-group-is-layout-constrained\">\n<div class=\"wp-block-columns is-layout-flex wp-container-core-columns-is-layout-fdcf44e1 wp-block-columns-is-layout-flex\">\n<div class=\"wp-block-column is-layout-flow wp-block-column-is-layout-flow\">\n<h2 class=\"wp-block-heading\"><strong>Discover the Park and its 4 unique landscape regions!<\/strong><\/h2>\n\n\n\n<hr class=\"wp-block-separator has-text-color has-grey-color has-alpha-channel-opacity has-grey-background-color has-background\"\/>\n<\/div>\n<\/div>\n<\/section>\n\n<section class=\"wp-block-group alignfull pattern-text-50-media-50 has-middleground-background-color has-background has-global-padding is-layout-constrained wp-block-group-is-layout-constrained\" style=\"padding-top:0;padding-bottom:0\">\n<div class=\"wp-block-columns is-layout-flex wp-container-core-columns-is-layout-63fbf5b9 wp-block-columns-is-layout-flex\">\n<div class=\"wp-block-column is-layout-flow wp-block-column-is-layout-flow\">\n<figure class=\"wp-block-image size-full\"><img loading=\"lazy\" decoding=\"async\" width=\"485\" height=\"323\" src=\"https:\/\/tourisme-en-champagne.com\/assets\/uploads\/2025\/08\/loge-de-vignes-cumieres-c-evidal-adt-marne-14.jpg\" alt=\"\" class=\"wp-image-15632\" title=\"\" srcset=\"https:\/\/tourisme-en-champagne.com\/assets\/uploads\/2025\/08\/loge-de-vignes-cumieres-c-evidal-adt-marne-14.jpg 485w, https:\/\/tourisme-en-champagne.com\/assets\/uploads\/2025\/08\/loge-de-vignes-cumieres-c-evidal-adt-marne-14-400x266.jpg 400w\" sizes=\"auto, (max-width: 485px) 100vw, 485px\" \/><\/figure>\n<\/div>\n\n\n\n<div class=\"wp-block-column is-layout-flow wp-block-column-is-layout-flow\">\n<h3 class=\"wp-block-heading\">Marne Valley<\/h3>\n\n\n\n<p class=\"wp-block-paragraph\">Located in the south of the Park, the Marne Valley takes its name from the river that runs through it. From east to west, the Marne and its lateral canal run through the southern part of the Park. <\/p>\n\n\n\n<p class=\"wp-block-paragraph\">La Marne a fa\u00e7onn\u00e9 le paysage pour former une vall\u00e9e domin\u00e9e par la for\u00eat. Alors que les vignes de la rive droite descendent en cascade jusqu\u2019\u00e0 la rivi\u00e8re de la Marne et de son canal, \u00e0 l\u2019est, les grandes cultures de la plaine de Champagne remplacent progressivement les vignes. Les villages align\u00e9s sur les replats offrent de magnifiques points de vue comme \u00e0 Mutigny,\u00a0<a href=\"https:\/\/tourisme-en-champagne.com\/activite\/hautvillers\/\" data-type=\"activite\" data-id=\"8193\">Hautvillers<\/a>\u00a0ou\u00a0Ch\u00e2tillon-sur-Marne, valoris\u00e9s par la<a href=\"https:\/\/tourisme-en-champagne.com\/tout-sur-le-champagne\/route-touristique-du-champagne\/\" data-type=\"page\" data-id=\"10286\">\u00a0Route touristique du Champagne<\/a>.<\/p>\n<\/div>\n<\/div>\n<\/section>\n\n<section class=\"wp-block-group alignfull pattern-text has-middleground-background-color has-background has-global-padding is-content-justification-center is-layout-constrained wp-block-group-is-layout-constrained\">\n<div class=\"wp-block-columns is-layout-flex wp-container-core-columns-is-layout-fdcf44e1 wp-block-columns-is-layout-flex\">\n<div class=\"wp-block-column is-layout-flow wp-block-column-is-layout-flow\">\n<h3 class=\"wp-block-heading\"><strong>Forest massif<\/strong><\/h3>\n\n\n\n<p class=\"has-text-align-left wp-block-paragraph\">Au c\u0153ur du Parc, le\u00a0<a href=\"https:\/\/tourisme-en-champagne.com\/activite\/foret-dexception-hautvillers\/\" data-type=\"activite\" data-id=\"8087\">massif forestier\u00a0<\/a>couvre, \u00e0 lui seul, 40% de la surface du territoire. Sur ce vaste plateau d&#8217;argile \u00e0 meuli\u00e8re se dresse des\u00a0<strong><a href=\"http:\/\/parc-montagnedereims.fr\/fr\/d%C3%A9couvrir\/appr%C3%A9cier\/patrimoine-naturel#mysteres-d-un-ecrin-de-verdure\" target=\"_blank\" rel=\"noreferrer noopener\">for\u00eats denses<\/a><\/strong>\u00a0et quelques clairi\u00e8res t\u00e9moins d&#8217;une importante activit\u00e9 humaine et du r\u00f4le majeur jou\u00e9 par la for\u00eat dans le pass\u00e9. \u00c0 288 m\u00e8tres d&#8217;altitude, c&#8217;est ici que culmine le plus haut sommet du Parc mais aussi de la Marne, le Mont Sina\u00ef.<\/p>\n\n\n\n<p class=\"has-text-align-left wp-block-paragraph\">Overflowing with legends and mysteries, the forest is home to a variety of species, including some rarities that are a delight for nature lovers. A popular destination for sports and leisure activities, let yourself be seduced by this exceptional green setting and its unsuspected riches! <\/p>\n\n\n\n<h3 class=\"wp-block-heading\">Tardenois<\/h3>\n\n\n\n<p class=\"wp-block-paragraph\">Fields, vineyards and woods intertwine in the Tardenois of the Ardre Valley. The river winds its way between plateaus and hills to Fismes, where it flows into the Vesle. <\/p>\n\n\n\n<p class=\"wp-block-paragraph\">The Middle Ages left their mark with<strong> <a href=\"http:\/\/parc-montagnedereims.fr\/fr\/d%C3%A9couvrir\/appr%C3%A9cier\/patrimoine-culturel#villages-de-la-montagne-de-reims\" rel=\"noreferrer noopener\" target=\"_blank\">Romanesque churches<\/a> <\/strong>that dot the region. These dominate the villages built at the bottom of the valleys or on the slopes. This region is strongly marked by <strong><a href=\"http:\/\/parc-montagnedereims.fr\/fr\/d%C3%A9couvrir\/appr%C3%A9cier\/patrimoine-culturel#souvenir-de-la-grand-guerre\" rel=\"noreferrer noopener\" target=\"_blank\">the fighting of the Great War<\/a><\/strong> illustrated by the presence of numerous military cemeteries.    <\/p>\n\n\n\n<h3 class=\"wp-block-heading\">Coteaux de la Montagne de Reims<\/h3>\n\n\n\n<p class=\"wp-block-paragraph\">Located to the north and east of the Park, from Vrigny to Tr\u00e9pail, via Sermiers and Verzy, the Montagne de Reims hillsides are distinguished by their landscape value. A veritable barrier overlooking the chalky Champagne plain, the Ile-de-France hillside here is higher (180 m vertical drop) and relatively straight. The slope and its escarpments are home to vineyards and villages, offering exceptional views all along the Champagne tourist route.  <\/p>\n<\/div>\n<\/div>\n<\/section>\n\n<section class=\"wp-block-group alignfull pattern-text-50-media-50 has-global-padding is-layout-constrained wp-block-group-is-layout-constrained\">\n<div class=\"wp-block-columns is-layout-flex wp-container-core-columns-is-layout-63fbf5b9 wp-block-columns-is-layout-flex\">\n<div class=\"wp-block-column is-layout-flow wp-block-column-is-layout-flow\">\n<h2 class=\"wp-block-heading\"><strong>Many treasures<\/strong><\/h2>\n\n\n\n<hr class=\"wp-block-separator has-text-color has-grey-color has-alpha-channel-opacity has-grey-background-color has-background\"\/>\n\n\n\n<p class=\"wp-block-paragraph\">The Park abounds in treasures: the <strong>wild orchids<\/strong> of Champagne and the <strong>Faux de Verzy<\/strong> are proof of this. These twisted beech trees with their gnarled, misshapen trunks remain an enigma for scientists and a perpetual source of amazement for walkers. <\/p>\n\n\n\n<h3 class=\"wp-block-heading\">Trails and circuits<\/h3>\n\n\n\n<p class=\"wp-block-paragraph\">300 km de\u00a0<a href=\"https:\/\/tourisme-en-champagne.com\/circuits-pedestres-dans-le-pnr\/\" data-type=\"page\" data-id=\"11420\">sentiers p\u00e9destres balis\u00e9s<\/a>\u00a0et de nombreux\u00a0<a href=\"https:\/\/tourisme-en-champagne.com\/activites-de-loisirs-et-nature\/activites-sportives-et-de-loisirs\/velo\/autour-de-reims\/\" data-type=\"page\" data-id=\"15137\">circuits cyclistes<\/a>\u00a0et \u00e9questres vous m\u00e8neront \u00e0 travers le\u00a0<strong>Parc Naturel R\u00e9gional de la Montagne de Reims<\/strong>\u00a0et vous feront d\u00e9couvrir son patrimoine naturel et culturel.<\/p>\n<\/div>\n\n\n\n<div class=\"wp-block-column is-layout-flow wp-block-column-is-layout-flow\">\n<figure class=\"wp-block-image size-full\"><img loading=\"lazy\" decoding=\"async\" width=\"370\" height=\"370\" src=\"https:\/\/tourisme-en-champagne.com\/assets\/uploads\/2025\/08\/randonneecfotoliacom1-2-1.jpg\" alt=\"\" class=\"wp-image-15641\" title=\"\"><\/figure>\n<\/div>\n<\/div>\n<\/section>\n\n<section class=\"wp-block-group alignfull pattern-text-50-media-50 has-middleground-background-color has-background has-global-padding is-layout-constrained wp-block-group-is-layout-constrained\">\n<div class=\"wp-block-columns is-layout-flex wp-container-core-columns-is-layout-63fbf5b9 wp-block-columns-is-layout-flex\">\n<div class=\"wp-block-column is-layout-flow wp-block-column-is-layout-flow\">\n<figure class=\"wp-block-embed is-type-video is-provider-youtube wp-block-embed-youtube wp-embed-aspect-16-9 wp-has-aspect-ratio\"><div class=\"wp-block-embed__wrapper\">\n<iframe loading=\"lazy\" title=\"Les Faux de Verzy, accessibilit\u00e9\" width=\"500\" height=\"281\" src=\"https:\/\/www.youtube.com\/embed\/TEb76Jh3Rhs?feature=oembed\" frameborder=\"0\" allow=\"accelerometer; autoplay; clipboard-write; encrypted-media; gyroscope; picture-in-picture; web-share\" referrerpolicy=\"strict-origin-when-cross-origin\" allowfullscreen><\/iframe>\n<\/div><\/figure>\n<\/div>\n\n\n\n<div class=\"wp-block-column is-layout-flow wp-block-column-is-layout-flow\">\n<h2 class=\"wp-block-heading\"><strong>Tourism &amp; disability<\/strong><\/h2>\n\n\n\n<hr class=\"wp-block-separator has-text-color has-grey-color has-alpha-channel-opacity has-grey-background-color has-background\"\/>\n\n\n\n<p class=\"wp-block-paragraph\">A <strong>Tourisme et Handicap*<\/strong> trail, starting from the Les Faux or Les Pins parking lots, allows you to observe them in their natural forest environment. (*4 disabilities: motor, mental, visual and hearing). <\/p>\n<\/div>\n<\/div>\n<\/section>\n\n<section class=\"wp-block-group alignfull pattern-text-50-media-50 has-global-padding is-layout-constrained wp-block-group-is-layout-constrained\">\n<div class=\"wp-block-columns is-layout-flex wp-container-core-columns-is-layout-63fbf5b9 wp-block-columns-is-layout-flex\">\n<div class=\"wp-block-column is-layout-flow wp-block-column-is-layout-flow\">\n<h2 class=\"wp-block-heading\"><strong>Main reserve of fakes<\/strong><\/h2>\n\n\n\n<hr class=\"wp-block-separator has-text-color has-grey-color has-alpha-channel-opacity has-grey-background-color has-background\"\/>\n\n\n\n<p class=\"wp-block-paragraph\">A <strong>Tourisme et Handicap*<\/strong> trail, starting from the Les Faux or Les Pins parking lots, allows you to observe them in their natural forest environment. (*4 disabilities: motor, mental, visual and hearing). <\/p>\n<\/div>\n\n\n\n<div class=\"wp-block-column is-layout-flow wp-block-column-is-layout-flow\">\n<figure class=\"wp-block-embed is-type-video is-provider-youtube wp-block-embed-youtube wp-embed-aspect-16-9 wp-has-aspect-ratio\"><div class=\"wp-block-embed__wrapper\">\n<iframe loading=\"lazy\" title=\"Les Faux de Verzy, des arbres d&#039;exception \u00e0 observer en For\u00eat d&#039;Exception\u00ae de la montagne de Reims\" width=\"500\" height=\"281\" src=\"https:\/\/www.youtube.com\/embed\/m3GlWYhYxas?feature=oembed\" frameborder=\"0\" allow=\"accelerometer; autoplay; clipboard-write; encrypted-media; gyroscope; picture-in-picture; web-share\" referrerpolicy=\"strict-origin-when-cross-origin\" allowfullscreen><\/iframe>\n<\/div><\/figure>\n<\/div>\n<\/div>\n<\/section>\n\n<section style=\"background-image:url(&apos;https:\/\/tourisme-en-champagne.com\/assets\/uploads\/2025\/08\/faux-de-verzycc-manquillet-coll-adt-marne12-1.jpg&apos;);background-size:cover;\" class=\"wp-block-group alignfull pattern-text-50-right-background has-base-color has-text-color has-link-color wp-elements-52946a8052798b245a8384a131cdaf7f has-global-padding is-layout-constrained wp-block-group-is-layout-constrained has-background\">\n<div class=\"wp-block-columns is-layout-flex wp-container-core-columns-is-layout-fdcf44e1 wp-block-columns-is-layout-flex\">\n<div class=\"wp-block-column is-layout-flow wp-block-column-is-layout-flow\"><\/div>\n\n\n\n<div class=\"wp-block-column is-layout-flow wp-block-column-is-layout-flow\">\n<h2 class=\"wp-block-heading\"><strong>Did you know?  <\/strong><\/h2>\n\n\n\n<hr class=\"wp-block-separator has-text-color has-base-color has-alpha-channel-opacity has-base-background-color has-background\"\/>\n\n\n\n<p class=\"wp-block-paragraph\">According to legend, on her way with Charles VII to the Abbey of Saint-Basle, Joan of Arc climbed into the branches of a fau tree in Verzy and sat down.<\/p>\n\n\n\n<p class=\"wp-block-paragraph\">True or not, the anedocte bears witness to the swarming legends that have surrounded these twisted beech trees for centuries, whose shape still remains a mystery!<\/p>\n\n\n\n<p class=\"wp-block-paragraph\"><strong>&gt;  Download the app before you go: there&#8217;s no network!<\/strong><\/p>\n\n\n\n<p class=\"wp-block-paragraph\">&#8211; <a href=\"https:\/\/play.google.com\/store\/apps\/details?id=net.ateliernature.android.onf.verzy.explorrando&amp;hl=fr\" rel=\"noreferrer noopener\" target=\"_blank\">Download &#8220;En for\u00eat de Verzy&#8221; on Google Play<\/a><\/p>\n\n\n\n<p class=\"wp-block-paragraph\">&#8211; <a href=\"https:\/\/itunes.apple.com\/fr\/app\/en-foret-de-verzy\/id1179809845?mt=8\" rel=\"noreferrer noopener\" target=\"_blank\">Download &#8220;En for\u00eat de Verzy&#8221; on the App Store<\/a><\/p>\n<\/div>\n<\/div>\n<\/section>\n\n<section class=\"wp-block-group alignfull pattern-text has-global-padding is-content-justification-center is-layout-constrained wp-block-group-is-layout-constrained\">\n<div class=\"wp-block-columns is-layout-flex wp-container-core-columns-is-layout-fdcf44e1 wp-block-columns-is-layout-flex\">\n<div class=\"wp-block-column is-layout-flow wp-block-column-is-layout-flow\">\n<h2 class=\"wp-block-heading\"><strong>YOUR CONTACT  <\/strong><\/h2>\n\n\n\n<hr class=\"wp-block-separator has-text-color has-grey-color has-alpha-channel-opacity has-grey-background-color has-background\"\/>\n\n\n\n<p class=\"wp-block-paragraph\"><strong>PARC NATUREL R\u00c9GIONAL DE LA MONTAGNE DE REIMS<\/strong><\/p>\n\n\n\n<p class=\"has-text-align-left wp-block-paragraph\"><strong>MAISON DU PARC &#8211; 51480 POURCY &#8211; 03 26 59 44 44 &#8211; <a href=\"http:\/\/www.parc-montagnedereims.fr\/\" target=\"_blank\" rel=\"noreferrer noopener\">WWW.PARC-MONTAGNEDEREIMS.FR<\/a><\/strong><\/p>\n<\/div>\n<\/div>\n<\/section>\n\n<section class=\"wp-block-group alignfull pattern-playlist-grid has-global-padding is-layout-constrained wp-block-group-is-layout-constrained\">\n<h2 class=\"wp-block-heading has-text-align-center\">Plus de d\u00e9couvertes<\/h2>\n\n\n\n<hr class=\"wp-block-separator has-text-color has-accent-3-color has-alpha-channel-opacity has-accent-3-background-color has-background\"\/>\n\n\n\t\t\t<div class=\"fsgb-block-playlist playlist-grid is-style-grid\"  style=\"margin-top:var(--wp--preset--spacing--x-large);\">\n\t\t\t\t\n\t\t\t\n\t\t\t<div class=\"swiper swiperPlaylistGrid\">\n\n\t\t\t\t<div class=\"swiper-wrapper posts-count-6\">\n\t\t\t\t\t\t\t\t\t\t\t\t\t\t\t\t\t<div class=\"swiper-slide \">\n\t\t\t\t\t\t\t\n<article class=\"card card--itineraire stretched-link\" data-id=\"26371\" data-post-id-sync-map=\"26371\" >\n\t\n\t\t\n\t\t\t\t<div class=\"card__thumbnail has-middleground-background-color stack\">\n\t\t\t<img decoding=\"async\" width=\"2048\" src=\"https:\/\/cdt51.media.tourinsoft.eu\/upload\/Faux-de-Verzy-C.-Manquillet-Coll.-ADT-Marne21.jpg\" class=\"attachment- size-\" alt=\"Randonn\u00e9e des Faux de Verzy label T&#038;H\" srcset=\"https:\/\/cdt51.media.tourinsoft.eu\/upload\/Faux-de-Verzy-C.-Manquillet-Coll.-ADT-Marne21.jpg?width=400 400w, https:\/\/cdt51.media.tourinsoft.eu\/upload\/Faux-de-Verzy-C.-Manquillet-Coll.-ADT-Marne21.jpg?width=640 640w, https:\/\/cdt51.media.tourinsoft.eu\/upload\/Faux-de-Verzy-C.-Manquillet-Coll.-ADT-Marne21.jpg?width=768 768w, https:\/\/cdt51.media.tourinsoft.eu\/upload\/Faux-de-Verzy-C.-Manquillet-Coll.-ADT-Marne21.jpg?width=1280 1280w, https:\/\/cdt51.media.tourinsoft.eu\/upload\/Faux-de-Verzy-C.-Manquillet-Coll.-ADT-Marne21.jpg?width=1536&amp;height=1536 1536w, https:\/\/cdt51.media.tourinsoft.eu\/upload\/Faux-de-Verzy-C.-Manquillet-Coll.-ADT-Marne21.jpg?width=2048&amp;height=2048 2048w\" sizes=\"(max-width: 2048px) 100vw, 2048px\" title=\"\">\t\t<\/div>\n\t\n\t\t<div class=\"card__content\">\n\t\t\t\n\t\t\t\t\t\t\t\t\t\n\t\t\t\t\t\t\t\t\t\n\t\t\t\t\t\t<h3 class=\"title wp-block-heading is-style-h3\">\n\t\t\t\t<a href=\"https:\/\/tourisme-en-champagne.com\/en\/itineraire\/randonnee-des-faux-de-verzy-label-th\/\" target=\"_blank\">Randonn\u00e9e des Faux de Verzy label T&#038;H<\/a>\t\t\t\t\t\t\t<\/h3>\n\t\t\t\n\t\t\t\t\t\t\t\t\t\n\t\t\t\t\t\t<div class=\"underlined\"><\/div>\n\t\t\n\t\t\t\t\t\t\t\t\t\t<div class=\"location\">\n\t\t\t\t\tVerzy\t\t\t\t<\/div>\n\t\t\t\t\t\t\n\t\t\t\t\t\t\t\t\t\n\t\t\t\t\t\t\t\t\t\n\t\t\t\t\t\t\t\t\t\n\t\t\t\t\t\t\t\t\t\t<div class=\"descriptif\">Newly equipped to cater for the needs of disabled people, the Faux de Verzy trail has four audio &#8230;<\/div>\n\t\t\t\t\n\t\t\t\t\t\t\t\t\t\t\t\t\t\t\t\t\n\t\t\t\t\t\t\t\t\t\t<div class=\"wp-block-button\">\n\t\t\t\t\t<a class=\"wp-element-button rounded\" href=\"https:\/\/tourisme-en-champagne.com\/en\/itineraire\/randonnee-des-faux-de-verzy-label-th\/\" target=\"_blank\" aria-label=\"\n\nFind out more about Randonn\u00e9e des Faux de Verzy label T&#038;H\">Find out more<\/a>\n\t\t\t\t<\/div>\n\t\t\t \n\t\t<\/div>\n\t\t\n\n\t\t<\/article>\n\n\t\t\t\t\t\t<\/div>\n\t\t\t\t\t\t\t\t\t\t\t\t\t\t\t\t\t<div class=\"swiper-slide \">\n\t\t\t\t\t\t\t\n<article class=\"card card--itineraire stretched-link\" data-id=\"26338\" data-post-id-sync-map=\"26338\" >\n\t\n\t\t\n\t\t\t\t<div class=\"card__thumbnail has-middleground-background-color stack\">\n\t\t\t<img decoding=\"async\" width=\"2048\" src=\"https:\/\/cdt51.media.tourinsoft.eu\/upload\/Faux-de-Verzy-CDT-Marne-Coll.jpg\" class=\"attachment- size-\" alt=\"PR 63 Circuit entre Vignes et Faux\" srcset=\"https:\/\/cdt51.media.tourinsoft.eu\/upload\/Faux-de-Verzy-CDT-Marne-Coll.jpg?width=400 400w, https:\/\/cdt51.media.tourinsoft.eu\/upload\/Faux-de-Verzy-CDT-Marne-Coll.jpg?width=640 640w, https:\/\/cdt51.media.tourinsoft.eu\/upload\/Faux-de-Verzy-CDT-Marne-Coll.jpg?width=768 768w, https:\/\/cdt51.media.tourinsoft.eu\/upload\/Faux-de-Verzy-CDT-Marne-Coll.jpg?width=1280 1280w, https:\/\/cdt51.media.tourinsoft.eu\/upload\/Faux-de-Verzy-CDT-Marne-Coll.jpg?width=1536&amp;height=1536 1536w, https:\/\/cdt51.media.tourinsoft.eu\/upload\/Faux-de-Verzy-CDT-Marne-Coll.jpg?width=2048&amp;height=2048 2048w\" sizes=\"(max-width: 2048px) 100vw, 2048px\" title=\"\">\t\t<\/div>\n\t\n\t\t<div class=\"card__content\">\n\t\t\t\n\t\t\t\t\t\t\t\t\t\n\t\t\t\t\t\t\t\t\t\n\t\t\t\t\t\t<h3 class=\"title wp-block-heading is-style-h3\">\n\t\t\t\t<a href=\"https:\/\/tourisme-en-champagne.com\/en\/itineraire\/pr-63-circuit-entre-vignes-et-faux\/\" target=\"_blank\">PR 63 Circuit entre Vignes et Faux<\/a>\t\t\t\t\t\t\t<\/h3>\n\t\t\t\n\t\t\t\t\t\t\t\t\t\n\t\t\t\t\t\t<div class=\"underlined\"><\/div>\n\t\t\n\t\t\t\t\t\t\t\t\t\t<div class=\"location\">\n\t\t\t\t\tVerzy\t\t\t\t<\/div>\n\t\t\t\t\t\t\n\t\t\t\t\t\t\t\t\t\n\t\t\t\t\t\t\t\t\t\n\t\t\t\t\t\t\t\t\t\n\t\t\t\t\t\t\t\t\t\t<div class=\"descriptif\">Time required for the tour\n4 hours\n\nLength in km\n16 km\n\nStarting from\nVerzy\n\nThis loop through vi&#8230;<\/div>\n\t\t\t\t\n\t\t\t\t\t\t\t\t\t\t\t\t\t\t\t\t\n\t\t\t\t\t\t\t\t\t\t<div class=\"wp-block-button\">\n\t\t\t\t\t<a class=\"wp-element-button rounded\" href=\"https:\/\/tourisme-en-champagne.com\/en\/itineraire\/pr-63-circuit-entre-vignes-et-faux\/\" target=\"_blank\" aria-label=\"\n\nFind out more about PR 63 Circuit entre Vignes et Faux\">Find out more<\/a>\n\t\t\t\t<\/div>\n\t\t\t \n\t\t<\/div>\n\t\t\n\n\t\t<\/article>\n\n\t\t\t\t\t\t<\/div>\n\t\t\t\t\t\t\t\t\t\t\t\t\t\t\t\t\t<div class=\"swiper-slide \">\n\t\t\t\t\t\t\t\n<article class=\"card card--itineraire stretched-link\" data-id=\"26410\" data-post-id-sync-map=\"26410\" >\n\t\n\t\t\n\t\t\t\t<div class=\"card__thumbnail has-middleground-background-color stack\">\n\t\t\t<img decoding=\"async\" width=\"2048\" src=\"https:\/\/cdt51.media.tourinsoft.eu\/upload\/Si-Germaine-m-etait-conte--1-.jpg\" class=\"attachment- size-\" alt=\"Escapade du Parc &#8220;Si Germaine m&#8217;\u00e9tait cont\u00e9&#8221;\" srcset=\"https:\/\/cdt51.media.tourinsoft.eu\/upload\/Si-Germaine-m-etait-conte--1-.jpg?width=400 400w, https:\/\/cdt51.media.tourinsoft.eu\/upload\/Si-Germaine-m-etait-conte--1-.jpg?width=640 640w, https:\/\/cdt51.media.tourinsoft.eu\/upload\/Si-Germaine-m-etait-conte--1-.jpg?width=768 768w, https:\/\/cdt51.media.tourinsoft.eu\/upload\/Si-Germaine-m-etait-conte--1-.jpg?width=1280 1280w, https:\/\/cdt51.media.tourinsoft.eu\/upload\/Si-Germaine-m-etait-conte--1-.jpg?width=1536&amp;height=1536 1536w, https:\/\/cdt51.media.tourinsoft.eu\/upload\/Si-Germaine-m-etait-conte--1-.jpg?width=2048&amp;height=2048 2048w\" sizes=\"(max-width: 2048px) 100vw, 2048px\" title=\"\">\t\t<\/div>\n\t\n\t\t<div class=\"card__content\">\n\t\t\t\n\t\t\t\t\t\t\t\t\t\n\t\t\t\t\t\t\t\t\t\n\t\t\t\t\t\t<h3 class=\"title wp-block-heading is-style-h3\">\n\t\t\t\t<a href=\"https:\/\/tourisme-en-champagne.com\/en\/itineraire\/escapade-du-parc-si-germaine-metait-conte\/\" target=\"_blank\">Escapade du Parc &#8220;Si Germaine m&#8217;\u00e9tait cont\u00e9&#8221;<\/a>\t\t\t\t\t\t\t<\/h3>\n\t\t\t\n\t\t\t\t\t\t\t\t\t\n\t\t\t\t\t\t<div class=\"underlined\"><\/div>\n\t\t\n\t\t\t\t\t\t\t\t\t\t<div class=\"location\">\n\t\t\t\t\tGermaine\t\t\t\t<\/div>\n\t\t\t\t\t\t\n\t\t\t\t\t\t\t\t\t\n\t\t\t\t\t\t\t\t\t\n\t\t\t\t\t\t\t\t\t\n\t\t\t\t\t\t\t\t\t\t<div class=\"descriptif\">This guide is an invitation to discover a special but fragile heritage, enabling each one to live&#8230;<\/div>\n\t\t\t\t\n\t\t\t\t\t\t\t\t\t\t\t\t\t\t\t\t\n\t\t\t\t\t\t\t\t\t\t<div class=\"wp-block-button\">\n\t\t\t\t\t<a class=\"wp-element-button rounded\" href=\"https:\/\/tourisme-en-champagne.com\/en\/itineraire\/escapade-du-parc-si-germaine-metait-conte\/\" target=\"_blank\" aria-label=\"\n\nFind out more about Escapade du Parc &#8220;Si Germaine m&#8217;\u00e9tait cont\u00e9&#8221;\">Find out more<\/a>\n\t\t\t\t<\/div>\n\t\t\t \n\t\t<\/div>\n\t\t\n\n\t\t<\/article>\n\n\t\t\t\t\t\t<\/div>\n\t\t\t\t\t\t\t\t\t\t\t\t\t\t\t\t\t<div class=\"swiper-slide \">\n\t\t\t\t\t\t\t\n<article class=\"card card--itineraire stretched-link\" data-id=\"26323\" data-post-id-sync-map=\"26323\" >\n\t\n\t\t\n\t\t\t\t<div class=\"card__thumbnail has-middleground-background-color stack\">\n\t\t\t<img decoding=\"async\" width=\"2048\" src=\"https:\/\/cdt51.media.tourinsoft.eu\/upload\/Boussole-P.Klimenko-Fotolia-Coll.CDT-Marne.jpg\" class=\"attachment- size-\" alt=\"Circuit de la boucle de l&#8217;Ardre\" srcset=\"https:\/\/cdt51.media.tourinsoft.eu\/upload\/Boussole-P.Klimenko-Fotolia-Coll.CDT-Marne.jpg?width=400 400w, https:\/\/cdt51.media.tourinsoft.eu\/upload\/Boussole-P.Klimenko-Fotolia-Coll.CDT-Marne.jpg?width=640 640w, https:\/\/cdt51.media.tourinsoft.eu\/upload\/Boussole-P.Klimenko-Fotolia-Coll.CDT-Marne.jpg?width=768 768w, https:\/\/cdt51.media.tourinsoft.eu\/upload\/Boussole-P.Klimenko-Fotolia-Coll.CDT-Marne.jpg?width=1280 1280w, https:\/\/cdt51.media.tourinsoft.eu\/upload\/Boussole-P.Klimenko-Fotolia-Coll.CDT-Marne.jpg?width=1536&amp;height=1536 1536w, https:\/\/cdt51.media.tourinsoft.eu\/upload\/Boussole-P.Klimenko-Fotolia-Coll.CDT-Marne.jpg?width=2048&amp;height=2048 2048w\" sizes=\"(max-width: 2048px) 100vw, 2048px\" title=\"\">\t\t<\/div>\n\t\n\t\t<div class=\"card__content\">\n\t\t\t\n\t\t\t\t\t\t\t\t\t\n\t\t\t\t\t\t\t\t\t\n\t\t\t\t\t\t<h3 class=\"title wp-block-heading is-style-h3\">\n\t\t\t\t<a href=\"https:\/\/tourisme-en-champagne.com\/en\/itineraire\/circuit-de-la-boucle-de-lardre\/\" target=\"_blank\">Circuit de la boucle de l&#8217;Ardre<\/a>\t\t\t\t\t\t\t<\/h3>\n\t\t\t\n\t\t\t\t\t\t\t\t\t\n\t\t\t\t\t\t<div class=\"underlined\"><\/div>\n\t\t\n\t\t\t\t\t\t\t\t\t\t<div class=\"location\">\n\t\t\t\t\tCrugny\t\t\t\t<\/div>\n\t\t\t\t\t\t\n\t\t\t\t\t\t\t\t\t\n\t\t\t\t\t\t\t\t\t\n\t\t\t\t\t\t\t\t\t\n\t\t\t\t\t\t\t\t\t\t<div class=\"descriptif\">Time required for the tour\n3 hours 15 minutes\n\nLength in km\n13 km\n\nStarting from\nCrugny\n\n&#8220;Pour vi&#8230;<\/div>\n\t\t\t\t\n\t\t\t\t\t\t\t\t\t\t\t\t\t\t\t\t\n\t\t\t\t\t\t\t\t\t\t<div class=\"wp-block-button\">\n\t\t\t\t\t<a class=\"wp-element-button rounded\" href=\"https:\/\/tourisme-en-champagne.com\/en\/itineraire\/circuit-de-la-boucle-de-lardre\/\" target=\"_blank\" aria-label=\"\n\nFind out more about Circuit de la boucle de l&#8217;Ardre\">Find out more<\/a>\n\t\t\t\t<\/div>\n\t\t\t \n\t\t<\/div>\n\t\t\n\n\t\t<\/article>\n\n\t\t\t\t\t\t<\/div>\n\t\t\t\t\t\t\t\t\t\t\t\t\t\t\t\t\t<div class=\"swiper-slide \">\n\t\t\t\t\t\t\t\n<article class=\"card card--itineraire stretched-link\" data-id=\"26336\" data-post-id-sync-map=\"26336\" >\n\t\n\t\t\n\t\t\t\t<div class=\"card__thumbnail has-middleground-background-color stack\">\n\t\t\t<img decoding=\"async\" width=\"2048\" src=\"https:\/\/cdt51.media.tourinsoft.eu\/upload\/Ay-e-co-visite_2.jpg\" class=\"attachment- size-\" alt=\"PR 43 Circuit du Cubray\" srcset=\"https:\/\/cdt51.media.tourinsoft.eu\/upload\/Ay-e-co-visite_2.jpg?width=400 400w, https:\/\/cdt51.media.tourinsoft.eu\/upload\/Ay-e-co-visite_2.jpg?width=640 640w, https:\/\/cdt51.media.tourinsoft.eu\/upload\/Ay-e-co-visite_2.jpg?width=768 768w, https:\/\/cdt51.media.tourinsoft.eu\/upload\/Ay-e-co-visite_2.jpg?width=1280 1280w, https:\/\/cdt51.media.tourinsoft.eu\/upload\/Ay-e-co-visite_2.jpg?width=1536&amp;height=1536 1536w, https:\/\/cdt51.media.tourinsoft.eu\/upload\/Ay-e-co-visite_2.jpg?width=2048&amp;height=2048 2048w\" sizes=\"(max-width: 2048px) 100vw, 2048px\" title=\"\">\t\t<\/div>\n\t\n\t\t<div class=\"card__content\">\n\t\t\t\n\t\t\t\t\t\t\t\t\t\n\t\t\t\t\t\t\t\t\t\n\t\t\t\t\t\t<h3 class=\"title wp-block-heading is-style-h3\">\n\t\t\t\t<a href=\"https:\/\/tourisme-en-champagne.com\/en\/itineraire\/pr-43-circuit-du-cubray\/\" target=\"_blank\">PR 43 Circuit du Cubray<\/a>\t\t\t\t\t\t\t<\/h3>\n\t\t\t\n\t\t\t\t\t\t\t\t\t\n\t\t\t\t\t\t<div class=\"underlined\"><\/div>\n\t\t\n\t\t\t\t\t\t\t\t\t\t<div class=\"location\">\n\t\t\t\t\tAy\t\t\t\t<\/div>\n\t\t\t\t\t\t\n\t\t\t\t\t\t\t\t\t\n\t\t\t\t\t\t\t\t\t\n\t\t\t\t\t\t\t\t\t\n\t\t\t\t\t\t\t\t\t\t<div class=\"descriptif\">Time required for the tour\n3h\n\nLength in km\n9.5 km\n\nStarting from\nA\u00ff-Champagne\n\nThe vineyard of A&#8230;<\/div>\n\t\t\t\t\n\t\t\t\t\t\t\t\t\t\t\t\t\t\t\t\t\n\t\t\t\t\t\t\t\t\t\t<div class=\"wp-block-button\">\n\t\t\t\t\t<a class=\"wp-element-button rounded\" href=\"https:\/\/tourisme-en-champagne.com\/en\/itineraire\/pr-43-circuit-du-cubray\/\" target=\"_blank\" aria-label=\"\n\nFind out more about PR 43 Circuit du Cubray\">Find out more<\/a>\n\t\t\t\t<\/div>\n\t\t\t \n\t\t<\/div>\n\t\t\n\n\t\t<\/article>\n\n\t\t\t\t\t\t<\/div>\n\t\t\t\t\t\t\t\t\t\t\t\t\t\t\t\t\t<div class=\"swiper-slide \">\n\t\t\t\t\t\t\t\n<article class=\"card card--itineraire stretched-link\" data-id=\"26346\" data-post-id-sync-map=\"26346\" >\n\t\n\t\t\n\t\t\t\t<div class=\"card__thumbnail has-middleground-background-color stack\">\n\t\t\t<img decoding=\"async\" width=\"2048\" src=\"https:\/\/cdt51.media.tourinsoft.eu\/upload\/Passy-Grigny-2.JPG\" class=\"attachment- size-\" alt=\"PR 49  Sur les pas de Nicolas de Grigny\" srcset=\"https:\/\/cdt51.media.tourinsoft.eu\/upload\/Passy-Grigny-2.JPG?width=400 400w, https:\/\/cdt51.media.tourinsoft.eu\/upload\/Passy-Grigny-2.JPG?width=640 640w, https:\/\/cdt51.media.tourinsoft.eu\/upload\/Passy-Grigny-2.JPG?width=768 768w, https:\/\/cdt51.media.tourinsoft.eu\/upload\/Passy-Grigny-2.JPG?width=1280 1280w, https:\/\/cdt51.media.tourinsoft.eu\/upload\/Passy-Grigny-2.JPG?width=1536&amp;height=1536 1536w, https:\/\/cdt51.media.tourinsoft.eu\/upload\/Passy-Grigny-2.JPG?width=2048&amp;height=2048 2048w\" sizes=\"(max-width: 2048px) 100vw, 2048px\" title=\"\">\t\t<\/div>\n\t\n\t\t<div class=\"card__content\">\n\t\t\t\n\t\t\t\t\t\t\t\t\t\n\t\t\t\t\t\t\t\t\t\n\t\t\t\t\t\t<h3 class=\"title wp-block-heading is-style-h3\">\n\t\t\t\t<a href=\"https:\/\/tourisme-en-champagne.com\/en\/itineraire\/pr-49-sur-les-pas-de-nicolas-de-grigny\/\" target=\"_blank\">PR 49  Sur les pas de Nicolas de Grigny<\/a>\t\t\t\t\t\t\t<\/h3>\n\t\t\t\n\t\t\t\t\t\t\t\t\t\n\t\t\t\t\t\t<div class=\"underlined\"><\/div>\n\t\t\n\t\t\t\t\t\t\t\t\t\t<div class=\"location\">\n\t\t\t\t\tPassy-Grigny\t\t\t\t<\/div>\n\t\t\t\t\t\t\n\t\t\t\t\t\t\t\t\t\n\t\t\t\t\t\t\t\t\t\n\t\t\t\t\t\t\t\t\t\n\t\t\t\t\t\t\t\t\t\t<div class=\"descriptif\">Time required for the tour\n2 hours\n\nLength in km\n6km\n\nStarting from\nPassy-Grigny\n\nAllow 2 hours o&#8230;<\/div>\n\t\t\t\t\n\t\t\t\t\t\t\t\t\t\t\t\t\t\t\t\t\n\t\t\t\t\t\t\t\t\t\t<div class=\"wp-block-button\">\n\t\t\t\t\t<a class=\"wp-element-button rounded\" href=\"https:\/\/tourisme-en-champagne.com\/en\/itineraire\/pr-49-sur-les-pas-de-nicolas-de-grigny\/\" target=\"_blank\" aria-label=\"\n\nFind out more about PR 49  Sur les pas de Nicolas de Grigny\">Find out more<\/a>\n\t\t\t\t<\/div>\n\t\t\t \n\t\t<\/div>\n\t\t\n\n\t\t<\/article>\n\n\t\t\t\t\t\t<\/div>\n\t\t\t\t\t\t\t\t\t\t\t\t\t\t<\/div>\n\t\t\t\t\n\t\t\t\t<div class=\"swiper-buttons\">\n\t\t\t\t\t<div class=\"swiper-button-prev\"><\/div>\n\t\t\t\t\t<div class=\"swiper-button-next\"><\/div>\n\t\t\t\t<\/div>\n\t\t\t<\/div>\n\t\t<\/div>\n\t\n<\/section>\n\n<p class=\"wp-block-paragraph\"><\/p>\n","protected":false},"excerpt":{"rendered":"<p>Agricultural plains, valleys, forests and hills covered with exceptional vineyards&#8230; The Montagne de Reims Regional Nature Park extends over 533 km\u00b2 and covers 65 communes in the Marne d\u00e9partement.It&#8217;s a unique territory whose value and fragility justify the protection and enhancement measures it receives. Discover the Park and its 4 unique landscape regions! Marne Valley [&hellip;]<\/p>\n","protected":false},"author":2,"featured_media":2628,"parent":21446,"menu_order":0,"comment_status":"closed","ping_status":"closed","template":"templates\/destinations.php","meta":{"_acf_changed":false,"footnotes":"","_links_to":"","_links_to_target":""},"class_list":["post-20985","page","type-page","status-publish","has-post-thumbnail","hentry"],"acf":[],"_links":{"self":[{"href":"https:\/\/tourisme-en-champagne.com\/en\/wp-json\/wp\/v2\/pages\/20985","targetHints":{"allow":["GET"]}}],"collection":[{"href":"https:\/\/tourisme-en-champagne.com\/en\/wp-json\/wp\/v2\/pages"}],"about":[{"href":"https:\/\/tourisme-en-champagne.com\/en\/wp-json\/wp\/v2\/types\/page"}],"author":[{"embeddable":true,"href":"https:\/\/tourisme-en-champagne.com\/en\/wp-json\/wp\/v2\/users\/2"}],"replies":[{"embeddable":true,"href":"https:\/\/tourisme-en-champagne.com\/en\/wp-json\/wp\/v2\/comments?post=20985"}],"version-history":[{"count":2,"href":"https:\/\/tourisme-en-champagne.com\/en\/wp-json\/wp\/v2\/pages\/20985\/revisions"}],"predecessor-version":[{"id":29771,"href":"https:\/\/tourisme-en-champagne.com\/en\/wp-json\/wp\/v2\/pages\/20985\/revisions\/29771"}],"up":[{"embeddable":true,"href":"https:\/\/tourisme-en-champagne.com\/en\/wp-json\/wp\/v2\/pages\/21446"}],"wp:featuredmedia":[{"embeddable":true,"href":"https:\/\/tourisme-en-champagne.com\/en\/wp-json\/wp\/v2\/media\/2628"}],"wp:attachment":[{"href":"https:\/\/tourisme-en-champagne.com\/en\/wp-json\/wp\/v2\/media?parent=20985"}],"curies":[{"name":"wp","href":"https:\/\/api.w.org\/{rel}","templated":true}]}}