{"id":20317,"date":"2025-06-30T16:57:24","date_gmt":"2025-06-30T14:57:24","guid":{"rendered":"https:\/\/tourisme-en-champagne.com\/the-sezannais-and-petit-morin-hillsides\/"},"modified":"2025-11-27T16:02:19","modified_gmt":"2025-11-27T15:02:19","slug":"the-sezannais-and-petit-morin-hillsides","status":"publish","type":"page","link":"https:\/\/tourisme-en-champagne.com\/en\/all-about-champagne\/vignobles-decouvertes-2\/the-sezannais-and-petit-morin-hillsides\/","title":{"rendered":"The S\u00e9zannais and Petit Morin hillsides"},"content":{"rendered":"\n<section class=\"wp-block-group alignfull pattern-text-50-media-50 has-global-padding is-layout-constrained wp-block-group-is-layout-constrained\">\n<div class=\"wp-block-columns is-layout-flex wp-container-core-columns-is-layout-6f00da2d wp-block-columns-is-layout-flex\" style=\"padding-top:var(--wp--preset--spacing--x-large);padding-bottom:var(--wp--preset--spacing--x-large)\">\n<div class=\"wp-block-column is-layout-flow wp-block-column-is-layout-flow\">\n<h2 class=\"wp-block-heading\"><strong>CHAMPAGNE, NATURE AND HERITAGE<\/strong><\/h2>\n\n\n\n<hr class=\"wp-block-separator has-text-color has-grey-color has-alpha-channel-opacity has-grey-background-color has-background\"\/>\n\n\n\n<h3 class=\"wp-block-heading\">BETWEEN VINEYARDS, FORESTS, MARSHES AND PONDS<\/h3>\n\n\n\n<p class=\"wp-block-paragraph\">In the extension of the C\u00f4te des Blancs vineyards, south-west of Epernay, the Coteaux du S\u00e9zannais et du Petit-Morin offer you the chance to discover an extremely rich wine-growing, historical, architectural and natural heritage.<\/p>\n\n\n\n<p class=\"wp-block-paragraph\">In this kingdom of Chardonnay, almost 300 winemakers work the 2,300 hectares planted with vines.<\/p>\n\n\n\n<p class=\"wp-block-paragraph\"><strong>The Association de Promotion des 2 coteaux<\/strong> works to boost and promote the varied wine tourism on offer in this region, where producers and locals share their love of the land with you!<\/p>\n\n\n\n<p class=\"wp-block-paragraph\">Twenty or so cellars and houses bearing the <strong>&#8220;Vignobles &amp; D\u00e9couvertes <\/strong>&#8221; label open their doors to you and reveal the secrets of their champagnes during a tasting and\/or a visit to their winery.<\/p>\n\n\n\n<div class=\"wp-block-buttons is-layout-flex wp-block-buttons-is-layout-flex\">\n<div class=\"wp-block-button\"><a class=\"wp-block-button__link has-base-color has-grey-background-color has-text-color has-background has-link-color wp-element-button\" href=\"#\">V&amp;D label holders<\/a><\/div>\n<\/div>\n<\/div>\n\n\n\n<div class=\"wp-block-column is-layout-flow wp-block-column-is-layout-flow\">\n<figure class=\"wp-block-image size-full\"><img loading=\"lazy\" decoding=\"async\" width=\"485\" height=\"600\" src=\"https:\/\/tourisme-en-champagne.com\/assets\/uploads\/2025\/06\/vignoble-bethoncm-jolyot-colladt-marne-0.jpg\" alt=\"\" class=\"wp-image-12213\" title=\"\" srcset=\"https:\/\/tourisme-en-champagne.com\/assets\/uploads\/2025\/06\/vignoble-bethoncm-jolyot-colladt-marne-0.jpg 485w, https:\/\/tourisme-en-champagne.com\/assets\/uploads\/2025\/06\/vignoble-bethoncm-jolyot-colladt-marne-0-400x495.jpg 400w\" sizes=\"auto, (max-width: 485px) 100vw, 485px\" \/><\/figure>\n<\/div>\n<\/div>\n<\/section>\n\n<section class=\"wp-block-group alignfull pattern-text-50-media-50-full has-base-color has-brown-background-color has-text-color has-background has-link-color wp-elements-f4131069b05e5795828063aef5511159 has-global-padding is-content-justification-center is-layout-constrained wp-block-group-is-layout-constrained\">\n<div class=\"wp-block-columns alignfull are-vertically-aligned-center is-layout-flex wp-container-core-columns-is-layout-addd0515 wp-block-columns-is-layout-flex\">\n<div class=\"wp-block-column is-vertically-aligned-center col-media is-layout-flow wp-block-column-is-layout-flow\" style=\"flex-basis:50%\">\n<figure class=\"wp-block-image size-full\"><img loading=\"lazy\" decoding=\"async\" width=\"960\" height=\"600\" src=\"https:\/\/tourisme-en-champagne.com\/assets\/uploads\/2025\/06\/jardin-de-lhotel-de-ville-3cville-de-sezanne-1.jpg\" alt=\"\" class=\"wp-image-12208\" title=\"\" srcset=\"https:\/\/tourisme-en-champagne.com\/assets\/uploads\/2025\/06\/jardin-de-lhotel-de-ville-3cville-de-sezanne-1.jpg 960w, https:\/\/tourisme-en-champagne.com\/assets\/uploads\/2025\/06\/jardin-de-lhotel-de-ville-3cville-de-sezanne-1-640x400.jpg 640w, https:\/\/tourisme-en-champagne.com\/assets\/uploads\/2025\/06\/jardin-de-lhotel-de-ville-3cville-de-sezanne-1-400x250.jpg 400w, https:\/\/tourisme-en-champagne.com\/assets\/uploads\/2025\/06\/jardin-de-lhotel-de-ville-3cville-de-sezanne-1-768x480.jpg 768w\" sizes=\"auto, (max-width: 960px) 100vw, 960px\" \/><\/figure>\n<\/div>\n\n\n\n<div class=\"wp-block-column is-vertically-aligned-center col-content is-layout-flow wp-block-column-is-layout-flow\" style=\"flex-basis:50%\">\n<h3 class=\"wp-block-heading\">unsuspected riches  <\/h3>\n\n\n\n<p class=\"wp-block-paragraph\">For lovers of fine stonework, a stroll through the cobbled streets of S\u00e9zanne is a must. This ancient medieval town has been classified as a &#8220;Petite cit\u00e9 de caract\u00e8re\u00ae&#8221;. Strollers will be enchanted by the tree-lined malls that follow the route of the old fortifications, the remains of guard towers and walls, the church and chapel&#8230; <\/p>\n\n\n\n<p class=\"wp-block-paragraph\">The Traconne forest and the Marais de Saint Gond with its vast peat bog, wet meadows, ponds and woods promise a breath of nature and greenery.<\/p>\n\n\n\n<p class=\"wp-block-paragraph\">History buffs will discover that the country&#8217;s destiny was played out here on two occasions. First at Champaubert, where the commemorative column celebrates Napoleon&#8217;s 1814 victory in the French campaign. Then at Mondement, where a 35-metre menhir on a natural balcony overlooking the Saint Gond marshes represents the milestone against which the invaders stumbled on September 9, 1914.    <\/p>\n<\/div>\n<\/div>\n<\/section>\n\n<section class=\"wp-block-group alignfull pattern-text-100 has-base-background-color has-background has-global-padding is-layout-constrained wp-block-group-is-layout-constrained\">\n<div class=\"wp-block-columns is-layout-flex wp-container-core-columns-is-layout-4431f2f8 wp-block-columns-is-layout-flex\" style=\"padding-top:var(--wp--preset--spacing--x-large);padding-bottom:var(--wp--preset--spacing--x-large)\">\n<div class=\"wp-block-column is-layout-flow wp-block-column-is-layout-flow\">\n<p class=\"patterns-underline wp-block-paragraph\">The <strong>Champagne Tourist<\/strong> Route starts from Berg\u00e8res les Vertus.<\/p>\n\n\n\n<p class=\"wp-block-paragraph\">Between bocage, marshes and vineyards, the route reveals a typology that combines vineyard plots interspersed with copses and fields in an undulating landscape.<\/p>\n\n\n\n<p class=\"patterns-underline wp-block-paragraph\">Many beautiful stones await you: castles (Montmort-Lucy, Etoges), churches (Allemant, Barbonne-Fayel, Vert-Toulon&#8230;) abbeys (Notre Deme du Reclus, Baye, Oyes) as well as menhirs, dolmens&#8230;<\/p>\n\n\n\n<div class=\"wp-block-buttons is-layout-flex wp-block-buttons-is-layout-flex\">\n<div class=\"wp-block-button\"><a class=\"wp-block-button__link has-base-color has-grey-background-color has-text-color has-background has-link-color wp-element-button\" href=\"https:\/\/www.cirkwi.com\/fr\/circuit\/67874-route-touristique-du-champagne-coteaux-du-sezannais-et-coteaux-du-morin\" target=\"_blank\" rel=\"noreferrer noopener\">See itinerary<\/a><\/div>\n<\/div>\n<\/div>\n<\/div>\n<\/section>\n\n<section class=\"wp-block-group alignfull pattern-text-50-media-50 has-global-padding is-layout-constrained wp-block-group-is-layout-constrained\">\n<div class=\"wp-block-columns is-layout-flex wp-container-core-columns-is-layout-4431f2f8 wp-block-columns-is-layout-flex\" style=\"padding-top:var(--wp--preset--spacing--x-large);padding-bottom:var(--wp--preset--spacing--x-large)\">\n<div class=\"wp-block-column is-layout-flow wp-block-column-is-layout-flow\">\n<h2 class=\"wp-block-heading\"><strong>TO SEE ON THE WAY <\/strong><\/h2>\n\n\n\n<hr class=\"wp-block-separator has-text-color has-grey-color has-alpha-channel-opacity has-grey-background-color has-background\"\/>\n\n\n\n<ol class=\"wp-block-list\">\n<li>The interpretation trail to discover the Marais de Saint Gond<\/li>\n\n\n\n<li>Montmort and Etoges castles<\/li>\n\n\n\n<li>Notre Dame du Reclus Abbey<\/li>\n\n\n\n<li>The Monument comm\u00e9moratif de la premi\u00e8re bataille de la Marne at Mondement<\/li>\n\n\n\n<li>S\u00e9zanne through its fortifications, mill, convent and church<\/li>\n\n\n\n<li>Villenauxe la Grande and the contemporary stained glass windows of the Saint-Pierre et Saint-Paul church<\/li>\n<\/ol>\n<\/div>\n\n\n\n<div class=\"wp-block-column is-layout-flow wp-block-column-is-layout-flow\">\n<figure class=\"wp-block-image size-full\"><img loading=\"lazy\" decoding=\"async\" width=\"485\" height=\"380\" src=\"https:\/\/tourisme-en-champagne.com\/assets\/uploads\/2025\/06\/abbaye-de-saint-gondcp-stritt-coll-adt-marne4.jpg\" alt=\"\" class=\"wp-image-12193\" title=\"\" srcset=\"https:\/\/tourisme-en-champagne.com\/assets\/uploads\/2025\/06\/abbaye-de-saint-gondcp-stritt-coll-adt-marne4.jpg 485w, https:\/\/tourisme-en-champagne.com\/assets\/uploads\/2025\/06\/abbaye-de-saint-gondcp-stritt-coll-adt-marne4-400x313.jpg 400w\" sizes=\"auto, (max-width: 485px) 100vw, 485px\" \/><\/figure>\n<\/div>\n<\/div>\n<\/section>\n\n<section class=\"wp-block-group alignfull pattern-citation has-middleground-background-color has-background has-global-padding is-layout-constrained wp-block-group-is-layout-constrained\" style=\"padding-top:var(--wp--preset--spacing--xx-large);padding-bottom:var(--wp--preset--spacing--xx-large)\">\n<div class=\"wp-block-columns is-layout-flex wp-container-core-columns-is-layout-fdcf44e1 wp-block-columns-is-layout-flex\">\n<div class=\"wp-block-column is-layout-flow wp-block-column-is-layout-flow\">\n<h2 class=\"wp-block-heading\"><strong>Champagne puts life on a dream scale<\/strong><\/h2>\n\n\n\n<hr class=\"wp-block-separator has-text-color has-grey-color has-alpha-channel-opacity has-grey-background-color has-background\"\/>\n\n\n\n<p class=\"wp-block-paragraph\"><em>Paul Guth<\/em><\/p>\n<\/div>\n<\/div>\n<\/section>\n\n<section style=\"background-image:url(&apos;https:\/\/tourisme-en-champagne.com\/assets\/uploads\/2025\/06\/bouchonsce-goulet-coll-adt-marne-1.jpg&apos;);background-size:cover;\" class=\"wp-block-group alignfull pattern-text-50-left-background has-base-color has-text-color has-link-color wp-elements-2d5f98bc4cb7f25b13c411ec1cf013f4 has-global-padding is-layout-constrained wp-block-group-is-layout-constrained has-background\">\n<div class=\"wp-block-columns is-layout-flex wp-container-core-columns-is-layout-f531a9e0 wp-block-columns-is-layout-flex\" style=\"padding-top:var(--wp--preset--spacing--x-large);padding-bottom:var(--wp--preset--spacing--x-large)\">\n<div class=\"wp-block-column is-layout-flow wp-block-column-is-layout-flow\">\n<h2 class=\"wp-block-heading\"><strong>QUIZ<\/strong><\/h2>\n\n\n\n<hr class=\"wp-block-separator has-text-color has-base-color has-alpha-channel-opacity has-base-background-color has-background\"\/>\n\n\n\n<h3 class=\"wp-block-heading\">What is the most widely planted grape variety in Champagne?<\/h3>\n\n\n\n<ol class=\"wp-block-list\">\n<li>The miller<\/li>\n\n\n\n<li>Chardonnay<\/li>\n\n\n\n<li>Pinot noir<\/li>\n<\/ol>\n\n\n\n<h3 class=\"wp-block-heading\">Answer  <\/h3>\n\n\n\n<p class=\"wp-block-paragraph\"><em>Pinot noir occupies 38% of the vineyard, followed by meunier (34%) and chardonnay (28%).  <\/em><\/p>\n\n\n\n<p class=\"wp-block-paragraph\"><em>The other grape varieties authorized in Champagne (Arbanne, Petit Meslier, Pinot blanc, Pinot gris or Fromenteau) cover only a few dozen hectares&#8230;<\/em><\/p>\n<\/div>\n\n\n\n<div class=\"wp-block-column is-layout-flow wp-block-column-is-layout-flow\"><\/div>\n<\/div>\n<\/section>\n\n<section class=\"wp-block-group alignfull pattern-text-100 has-base-background-color has-background has-global-padding is-layout-constrained wp-block-group-is-layout-constrained\">\n<div class=\"wp-block-columns is-layout-flex wp-container-core-columns-is-layout-4431f2f8 wp-block-columns-is-layout-flex\" style=\"padding-top:var(--wp--preset--spacing--x-large);padding-bottom:var(--wp--preset--spacing--x-large)\">\n<div class=\"wp-block-column is-layout-flow wp-block-column-is-layout-flow\">\n<h2 class=\"wp-block-heading\"><strong>YOUR CONTACTS<\/strong><\/h2>\n\n\n\n<hr class=\"wp-block-separator has-text-color has-grey-color has-alpha-channel-opacity has-grey-background-color has-background\"\/>\n\n\n\n<ul class=\"wp-block-list has-grey-color has-text-color has-link-color wp-elements-486b5da2e97e26a4cadc29102e306e5d\">\n<li>OFFICE DE TOURISME DE S\u00c9ZANNE &#8211; PLACE DE LA R\u00c9PUBLIQUE &#8211; 51120 S\u00c9ZANNE &#8211; 03 26 80 54 13 &#8211; <a href=\"http:\/\/www.sezanne-tourisme.fr\/\" target=\"_blank\" rel=\"noreferrer noopener\">WWW.SEZANNE-TOURISME.FR<\/a> <\/li>\n\n\n\n<li>OFFICE DE TOURISME DE MONTMIRAIL &#8211; 4 PLACE R\u00c9MY-PETIT &#8211; 51210 MONTMIRAIL &#8211; 03 26 81 40 05- <a href=\"http:\/\/www.montmirail-tourisme.eu\/\" target=\"_blank\" rel=\"noreferrer noopener\">WWW.MONTMIRAIL-TOURISME.EU<\/a><\/li>\n<\/ul>\n<\/div>\n<\/div>\n<\/section>\n\n<section class=\"wp-block-group alignfull pattern-playlist-grid has-global-padding is-layout-constrained wp-block-group-is-layout-constrained\" style=\"padding-top:var(--wp--preset--spacing--xx-large);padding-bottom:var(--wp--preset--spacing--xx-large)\">\n<h2 class=\"wp-block-heading has-text-align-center\"><strong>Selection of getaways<\/strong><\/h2>\n\n\n\n<hr class=\"wp-block-separator has-text-color has-accent-3-color has-alpha-channel-opacity has-accent-3-background-color has-background\"\/>\n\n\n\n<p class=\"has-text-align-center wp-block-paragraph\">Find out more about some of our ideas for walks to discover the S\u00e9zannais hillsides!<\/p>\n\n\n\t\t\t<div class=\"fsgb-block-playlist playlist-grid is-style-grid\"  style=\"margin-top:var(--wp--preset--spacing--x-large);\">\n\t\t\t\t\n\t\t\t\n\t\t\t<div class=\"swiper swiperPlaylistGrid\">\n\n\t\t\t\t<div class=\"swiper-wrapper posts-count-2\">\n\t\t\t\t\t\t\t\t\t\t\t\t\t\t\t\t\t<div class=\"swiper-slide \">\n\t\t\t\t\t\t\t\n<article class=\"card card--activite stretched-link\" data-id=\"29392\" data-post-id-sync-map=\"29392\" >\n\t\n\t\t\n\t\t\t\t<div class=\"card__thumbnail has-middleground-background-color stack\">\n\t\t\t<img decoding=\"async\" width=\"2048\" src=\"https:\/\/cdt51.media.tourinsoft.eu\/upload\/1-160.jpg\" class=\"attachment- size-\" alt=\"Mus\u00e9e de la Victoire de la Marne\" srcset=\"https:\/\/cdt51.media.tourinsoft.eu\/upload\/1-160.jpg?width=400 400w, https:\/\/cdt51.media.tourinsoft.eu\/upload\/1-160.jpg?width=640 640w, https:\/\/cdt51.media.tourinsoft.eu\/upload\/1-160.jpg?width=768 768w, https:\/\/cdt51.media.tourinsoft.eu\/upload\/1-160.jpg?width=1280 1280w, https:\/\/cdt51.media.tourinsoft.eu\/upload\/1-160.jpg?width=1536&amp;height=1536 1536w, https:\/\/cdt51.media.tourinsoft.eu\/upload\/1-160.jpg?width=2048&amp;height=2048 2048w\" sizes=\"(max-width: 2048px) 100vw, 2048px\" title=\"\">\t\t<\/div>\n\t\n\t\t<div class=\"card__content\">\n\t\t\t\n\t\t\t\t\t\t\t\t\t\n\t\t\t\t\t\t\t\t\t\n\t\t\t\t\t\t<h3 class=\"title wp-block-heading is-style-h3\">\n\t\t\t\t<a href=\"https:\/\/tourisme-en-champagne.com\/en\/activite\/musee-de-la-victoire-de-la-marne-2\/\" target=\"_blank\">Mus\u00e9e de la Victoire de la Marne<\/a>\t\t\t\t\t\t\t<\/h3>\n\t\t\t\n\t\t\t\t\t\t\t\t\t\n\t\t\t\t\t\t<div class=\"underlined\"><\/div>\n\t\t\n\t\t\t\t\t\t\t\t\t\t<div class=\"location\">\n\t\t\t\t\tMondement-Montgivroux\t\t\t\t<\/div>\n\t\t\t\t\t\t\n\t\t\t\t\t\t\t\t\t\n\t\t\t\t\t\t\t\t\t\n\t\t\t\t\t\t\t\t\t\n\t\t\t\t\t\t\t\t\t\t<div class=\"descriptif\">The monument is a 35-metre high monolith erected to commemorate the first victory of the Marne in&#8230;<\/div>\n\t\t\t\t\n\t\t\t\t\t\t\t\t\t\t\t\t\t\t\t\t\n\t\t\t\t\t\t\t\t\t\t<div class=\"wp-block-button\">\n\t\t\t\t\t<a class=\"wp-element-button rounded\" href=\"https:\/\/tourisme-en-champagne.com\/en\/activite\/musee-de-la-victoire-de-la-marne-2\/\" target=\"_blank\" aria-label=\"\n\nFind out more about Mus\u00e9e de la Victoire de la Marne\">Find out more<\/a>\n\t\t\t\t<\/div>\n\t\t\t \n\t\t<\/div>\n\t\t\n\n\t\t<\/article>\n\n\t\t\t\t\t\t<\/div>\n\t\t\t\t\t\t\t\t\t\t\t\t\t\t\t\t\t<div class=\"swiper-slide \">\n\t\t\t\t\t\t\t\n<article class=\"card card--activite stretched-link\" data-id=\"29391\" data-post-id-sync-map=\"29391\" >\n\t\n\t\t\n\t\t\t\t<div class=\"card__thumbnail has-middleground-background-color stack\">\n\t\t\t<img decoding=\"async\" width=\"2048\" src=\"https:\/\/cdt51.media.tourinsoft.eu\/upload\/7d19fe-ed5aa5d1c2d14044a8445ff5474239d2.png\" class=\"attachment- size-\" alt=\"Abbaye Notre Dame du Reclus\" srcset=\"https:\/\/cdt51.media.tourinsoft.eu\/upload\/7d19fe-ed5aa5d1c2d14044a8445ff5474239d2.png?width=400 400w, https:\/\/cdt51.media.tourinsoft.eu\/upload\/7d19fe-ed5aa5d1c2d14044a8445ff5474239d2.png?width=640 640w, https:\/\/cdt51.media.tourinsoft.eu\/upload\/7d19fe-ed5aa5d1c2d14044a8445ff5474239d2.png?width=768 768w, https:\/\/cdt51.media.tourinsoft.eu\/upload\/7d19fe-ed5aa5d1c2d14044a8445ff5474239d2.png?width=1280 1280w, https:\/\/cdt51.media.tourinsoft.eu\/upload\/7d19fe-ed5aa5d1c2d14044a8445ff5474239d2.png?width=1536&amp;height=1536 1536w, https:\/\/cdt51.media.tourinsoft.eu\/upload\/7d19fe-ed5aa5d1c2d14044a8445ff5474239d2.png?width=2048&amp;height=2048 2048w\" sizes=\"(max-width: 2048px) 100vw, 2048px\" title=\"\">\t\t<\/div>\n\t\n\t\t<div class=\"card__content\">\n\t\t\t\n\t\t\t\t\t\t\t\t\t\n\t\t\t\t\t\t\t\t\t\n\t\t\t\t\t\t<h3 class=\"title wp-block-heading is-style-h3\">\n\t\t\t\t<a href=\"https:\/\/tourisme-en-champagne.com\/en\/activite\/abbaye-notre-dame-du-reclus\/\" target=\"_blank\">Abbaye Notre Dame du Reclus<\/a>\t\t\t\t\t\t\t<\/h3>\n\t\t\t\n\t\t\t\t\t\t\t\t\t\n\t\t\t\t\t\t<div class=\"underlined\"><\/div>\n\t\t\n\t\t\t\t\t\t\t\t\t\t<div class=\"location\">\n\t\t\t\t\tTalus-Saint-Prix\t\t\t\t<\/div>\n\t\t\t\t\t\t\n\t\t\t\t\t\t\t\t\t\n\t\t\t\t\t\t\t\t\t\n\t\t\t\t\t\t\t\t\t\n\t\t\t\t\t\t\t\t\t\t<div class=\"descriptif\">In a very restful, preserved green setting, the Cistercian abbey of Notre-Dame du Reclus was foun&#8230;<\/div>\n\t\t\t\t\n\t\t\t\t\t\t\t\t\t\t\t\t\t\t\t\t\n\t\t\t\t\t\t\t\t\t\t<div class=\"wp-block-button\">\n\t\t\t\t\t<a class=\"wp-element-button rounded\" href=\"https:\/\/tourisme-en-champagne.com\/en\/activite\/abbaye-notre-dame-du-reclus\/\" target=\"_blank\" aria-label=\"\n\nFind out more about Abbaye Notre Dame du Reclus\">Find out more<\/a>\n\t\t\t\t<\/div>\n\t\t\t \n\t\t<\/div>\n\t\t\n\n\t\t<\/article>\n\n\t\t\t\t\t\t<\/div>\n\t\t\t\t\t\t\t\t\t\t\t\t\t\t<\/div>\n\t\t\t\t\n\t\t\t\t<div class=\"swiper-buttons\">\n\t\t\t\t\t<div class=\"swiper-button-prev\"><\/div>\n\t\t\t\t\t<div class=\"swiper-button-next\"><\/div>\n\t\t\t\t<\/div>\n\t\t\t<\/div>\n\t\t<\/div>\n\t\n<\/section>\n","protected":false},"excerpt":{"rendered":"<p>CHAMPAGNE, NATURE AND HERITAGE BETWEEN VINEYARDS, FORESTS, MARSHES AND PONDS In the extension of the C\u00f4te des Blancs vineyards, south-west of Epernay, the Coteaux du S\u00e9zannais et du Petit-Morin offer you the chance to discover an extremely rich wine-growing, historical, architectural and natural heritage. In this kingdom of Chardonnay, almost 300 winemakers work the 2,300 [&hellip;]<\/p>\n","protected":false},"author":2,"featured_media":0,"parent":20622,"menu_order":0,"comment_status":"closed","ping_status":"closed","template":"templates\/accueil-espace.php","meta":{"_acf_changed":false,"footnotes":"","_links_to":"","_links_to_target":""},"class_list":["post-20317","page","type-page","status-publish","hentry"],"acf":[],"_links":{"self":[{"href":"https:\/\/tourisme-en-champagne.com\/en\/wp-json\/wp\/v2\/pages\/20317","targetHints":{"allow":["GET"]}}],"collection":[{"href":"https:\/\/tourisme-en-champagne.com\/en\/wp-json\/wp\/v2\/pages"}],"about":[{"href":"https:\/\/tourisme-en-champagne.com\/en\/wp-json\/wp\/v2\/types\/page"}],"author":[{"embeddable":true,"href":"https:\/\/tourisme-en-champagne.com\/en\/wp-json\/wp\/v2\/users\/2"}],"replies":[{"embeddable":true,"href":"https:\/\/tourisme-en-champagne.com\/en\/wp-json\/wp\/v2\/comments?post=20317"}],"version-history":[{"count":1,"href":"https:\/\/tourisme-en-champagne.com\/en\/wp-json\/wp\/v2\/pages\/20317\/revisions"}],"predecessor-version":[{"id":20325,"href":"https:\/\/tourisme-en-champagne.com\/en\/wp-json\/wp\/v2\/pages\/20317\/revisions\/20325"}],"up":[{"embeddable":true,"href":"https:\/\/tourisme-en-champagne.com\/en\/wp-json\/wp\/v2\/pages\/20622"}],"wp:attachment":[{"href":"https:\/\/tourisme-en-champagne.com\/en\/wp-json\/wp\/v2\/media?parent=20317"}],"curies":[{"name":"wp","href":"https:\/\/api.w.org\/{rel}","templated":true}]}}