{"id":20230,"date":"2025-07-01T10:09:22","date_gmt":"2025-07-01T08:09:22","guid":{"rendered":"https:\/\/tourisme-en-champagne.com\/reims-mountain\/"},"modified":"2025-11-27T16:02:20","modified_gmt":"2025-11-27T15:02:20","slug":"reims-mountain","status":"publish","type":"page","link":"https:\/\/tourisme-en-champagne.com\/en\/all-about-champagne\/vignobles-decouvertes-2\/reims-mountain\/","title":{"rendered":"Reims Mountain"},"content":{"rendered":"\n<section class=\"wp-block-group alignfull pattern-text-50-media-50 has-global-padding is-layout-constrained wp-block-group-is-layout-constrained\">\n<div class=\"wp-block-columns is-layout-flex wp-container-core-columns-is-layout-63fbf5b9 wp-block-columns-is-layout-flex\">\n<div class=\"wp-block-column is-layout-flow wp-block-column-is-layout-flow\">\n<h2 class=\"wp-block-heading\"><strong>CHAMPAGNE, NATURE AND HERITAGE<\/strong><\/h2>\n\n\n\n<hr class=\"wp-block-separator has-text-color has-accent-1-color has-alpha-channel-opacity has-accent-1-background-color has-background\"\/>\n\n\n\n<h3 class=\"wp-block-heading has-accent-1-color has-text-color has-link-color wp-elements-760bd33473c9b6fcace59b4674a26d64\">Meeting UNESCO<\/h3>\n\n\n\n<p class=\"wp-block-paragraph\">Here, the vineyards of the Montagne de Reims region stretch between the forest massif of the Parc Naturel R\u00e9gional de la Montagne de Reims and the agricultural plain.  <\/p>\n\n\n\n<p class=\"wp-block-paragraph\">The region&#8217;s microclimates make it possible to grow the three grape varieties authorized in Champagne, and to offer a wide range of wines with varied characteristics thanks to the blending and ageing skills of the producers.<\/p>\n\n\n\n<p class=\"wp-block-paragraph\">Some thirty wineries and houses bearing the <strong>&#8220;Vignobles &amp; D\u00e9couvertes <\/strong>&#8221; label open their doors to you, revealing the secrets of their champagnes for a tasting and\/or a tour of their wineries.<\/p>\n\n\n\n<div class=\"wp-block-buttons is-layout-flex wp-block-buttons-is-layout-flex\">\n<div class=\"wp-block-button\"><a class=\"wp-block-button__link has-base-color has-accent-1-background-color has-text-color has-background has-link-color wp-element-button\">V&amp;D label holders<\/a><\/div>\n<\/div>\n<\/div>\n\n\n\n<div class=\"wp-block-column is-layout-flow wp-block-column-is-layout-flow\">\n<figure class=\"wp-block-image size-full\"><img loading=\"lazy\" decoding=\"async\" width=\"485\" height=\"550\" src=\"https:\/\/tourisme-en-champagne.com\/assets\/uploads\/2025\/07\/jouylesreims.jpeg\" alt=\"\" class=\"wp-image-12737\" title=\"\" srcset=\"https:\/\/tourisme-en-champagne.com\/assets\/uploads\/2025\/07\/jouylesreims.jpeg 485w, https:\/\/tourisme-en-champagne.com\/assets\/uploads\/2025\/07\/jouylesreims-400x454.jpeg 400w\" sizes=\"auto, (max-width: 485px) 100vw, 485px\" \/><\/figure>\n<\/div>\n<\/div>\n<\/section>\n\n<section class=\"wp-block-group alignfull pattern-text-100 has-base-background-color has-background has-global-padding is-layout-constrained wp-block-group-is-layout-constrained\">\n<div class=\"wp-block-columns is-layout-flex wp-container-core-columns-is-layout-63fbf5b9 wp-block-columns-is-layout-flex\">\n<div class=\"wp-block-column is-layout-flow wp-block-column-is-layout-flow\">\n<p class=\"patterns-underline wp-block-paragraph\">The <strong>Champagne Tourist Route<\/strong> starts in Reims, where you&#8217;ll be sure to admire its remarkable architectural and cultural heritage, and enjoy the bustle of its city center!<\/p>\n\n\n\n<p class=\"wp-block-paragraph\">On the heights of Reims, a visit to one of the champagne cellars on the Saint-Nicaise hill, a UNESCO World Heritage site, is a must. Millions of bottles are housed in ancient chalk quarries&#8230;<\/p>\n\n\n\n<p class=\"patterns-underline wp-block-paragraph\">You&#8217;ll then set off to explore the other, more intimate Champagne region, stopping first at Gueux and then seeing the first vines appear at Vrigny&#8230; Your route then takes you to Epernay. <\/p>\n\n\n\n<div class=\"wp-block-buttons is-layout-flex wp-block-buttons-is-layout-flex\">\n<div class=\"wp-block-button\"><a class=\"wp-block-button__link has-base-color has-accent-1-background-color has-text-color has-background has-link-color wp-element-button\" href=\"https:\/\/www.cirkwi.com\/fr\/circuit\/59605-route-touristique-du-champagne-montagne-de-reims\" target=\"_blank\" rel=\"noreferrer noopener\">See itinerary<\/a><\/div>\n<\/div>\n<\/div>\n<\/div>\n<\/section>\n\n<section class=\"wp-block-group alignfull pattern-text-50-media-50 has-global-padding is-layout-constrained wp-block-group-is-layout-constrained\">\n<div class=\"wp-block-columns is-layout-flex wp-container-core-columns-is-layout-63fbf5b9 wp-block-columns-is-layout-flex\">\n<div class=\"wp-block-column is-layout-flow wp-block-column-is-layout-flow\">\n<h2 class=\"wp-block-heading\"><strong>To see along the way  <\/strong><\/h2>\n\n\n\n<hr class=\"wp-block-separator has-text-color has-accent-1-color has-alpha-channel-opacity has-accent-1-background-color has-background\"\/>\n\n\n\n<ol class=\"wp-block-list has-grey-color has-text-color has-link-color wp-elements-67e3ae72540fd34603adce3af6f982ec\">\n<li>Unesco World Heritage Sites: Reims Cathedral, Saint Remi Museum and Abbey, Palais du Tau,<\/li>\n\n\n\n<li>The Champagne houses of Reims and their kilometers of cellars dug into the chalk,<\/li>\n\n\n\n<li>Maison Fossier and its unmissable &#8220;pink cookies&#8221;.<\/li>\n\n\n\n<li>Montagne de Reims Regional Nature Park and Les Faux de Verzy<\/li>\n\n\n\n<li>Verzenay Lighthouse<\/li>\n\n\n\n<li>Fort de la Pompelle<\/li>\n<\/ol>\n<\/div>\n\n\n\n<div class=\"wp-block-column is-layout-flow wp-block-column-is-layout-flow\">\n<figure class=\"wp-block-image size-full\"><img loading=\"lazy\" decoding=\"async\" width=\"485\" height=\"500\" src=\"https:\/\/tourisme-en-champagne.com\/assets\/uploads\/2025\/07\/champagne-vranken-pommery-reimscchampagne-vranken-pommery-0.jpg\" alt=\"\" class=\"wp-image-12732\" title=\"\" srcset=\"https:\/\/tourisme-en-champagne.com\/assets\/uploads\/2025\/07\/champagne-vranken-pommery-reimscchampagne-vranken-pommery-0.jpg 485w, https:\/\/tourisme-en-champagne.com\/assets\/uploads\/2025\/07\/champagne-vranken-pommery-reimscchampagne-vranken-pommery-0-400x412.jpg 400w\" sizes=\"auto, (max-width: 485px) 100vw, 485px\" \/><\/figure>\n<\/div>\n<\/div>\n<\/section>\n\n<section class=\"wp-block-group alignfull pattern-text-50-media-50-full has-middleground-background-color has-background has-global-padding is-content-justification-center is-layout-constrained wp-block-group-is-layout-constrained\">\n<div class=\"wp-block-columns alignfull are-vertically-aligned-center is-layout-flex wp-container-core-columns-is-layout-addd0515 wp-block-columns-is-layout-flex\">\n<div class=\"wp-block-column is-vertically-aligned-center col-media is-layout-flow wp-block-column-is-layout-flow\" style=\"flex-basis:50%\">\n<figure class=\"wp-block-embed is-type-video is-provider-youtube wp-block-embed-youtube wp-embed-aspect-16-9 wp-has-aspect-ratio\"><div class=\"wp-block-embed__wrapper\">\n<iframe loading=\"lazy\" title=\"Vid\u00e9o pour le phare de verzenay\" width=\"500\" height=\"281\" src=\"https:\/\/www.youtube.com\/embed\/AViixDbOPas?feature=oembed\" frameborder=\"0\" allow=\"accelerometer; autoplay; clipboard-write; encrypted-media; gyroscope; picture-in-picture; web-share\" referrerpolicy=\"strict-origin-when-cross-origin\" allowfullscreen><\/iframe>\n<\/div><\/figure>\n<\/div>\n\n\n\n<div class=\"wp-block-column is-vertically-aligned-center col-content is-layout-flow wp-block-column-is-layout-flow\" style=\"flex-basis:50%\">\n<h2 class=\"wp-block-heading\"><strong>A lighthouse in a sea of vines<\/strong><\/h2>\n\n\n\n<hr class=\"wp-block-separator has-text-color has-accent-1-color has-alpha-channel-opacity has-accent-1-background-color has-background\"\/>\n\n\n\n<p class=\"wp-block-paragraph\">Windmills are all very well, but what kind of fantasy is it to find a lighthouse in the middle of the Verzenay vineyards? In 1909, the Champagne house J. Goulet had this &#8220;advertising gadget&#8221; built, with a light brush that reached as far as Reims. At the time, the lighthouse was also home to a &#8220;guinguette&#8221; (dance hall)&#8230;  <\/p>\n\n\n\n<p class=\"wp-block-paragraph\">Now transformed into a vineyard museum, the Lighthouse of Verzenay invites you to explore the fascinating world of the Champagne vineyards on a one-and-a-half-hour museum tour. You can also enjoy an exceptional panorama of the prestigious hillsides of the Montagne de Reims either from the Panoramic Garden or during an unusual 25-metre climb&#8230; <\/p>\n\n\n\n<p class=\"wp-block-paragraph\">At the end of your visit, as befits a visit to the Champagne region, you can discover a selection of champagnes from the winemakers in the tasting room.<\/p>\n<\/div>\n<\/div>\n<\/section>\n\n<section class=\"wp-block-group alignfull pattern-citation has-middleground-background-color has-background has-global-padding is-layout-constrained wp-block-group-is-layout-constrained\" style=\"padding-top:var(--wp--preset--spacing--xx-large);padding-bottom:var(--wp--preset--spacing--xx-large)\">\n<div class=\"wp-block-columns is-layout-flex wp-container-core-columns-is-layout-fdcf44e1 wp-block-columns-is-layout-flex\">\n<div class=\"wp-block-column is-layout-flow wp-block-column-is-layout-flow\">\n<h2 class=\"wp-block-heading\"><strong>I ONLY DRINK CHAMPAGNE ON TWO OCCASIONS. WHEN I&#8217;M IN LOVE AND WHEN I&#8217;M NOT. <\/strong><\/h2>\n\n\n\n<hr class=\"wp-block-separator has-text-color has-grey-color has-alpha-channel-opacity has-grey-background-color has-background\"\/>\n\n\n\n<blockquote class=\"wp-block-quote is-layout-flow wp-block-quote-is-layout-flow\">\n<p class=\"wp-block-paragraph\"><em>Coco Chanel<\/em><\/p>\n<\/blockquote>\n<\/div>\n<\/div>\n<\/section>\n\n<section style=\"background-image:url(&apos;https:\/\/tourisme-en-champagne.com\/assets\/uploads\/2025\/07\/bouteilles-champagnecegoulet-colladt-marne.jpg&apos;);background-position:50% 50%;background-size:cover;background-attachment:scroll;\" class=\"wp-block-group alignfull pattern-text-50-left-background has-base-color has-text-color has-link-color wp-elements-d7bef8549fb49ac300924f248e791ddc has-global-padding is-layout-constrained wp-block-group-is-layout-constrained has-background\">\n<div class=\"wp-block-columns is-layout-flex wp-container-core-columns-is-layout-fdcf44e1 wp-block-columns-is-layout-flex\">\n<div class=\"wp-block-column is-layout-flow wp-block-column-is-layout-flow\">\n<h2 class=\"wp-block-heading\"><strong>QUIZ<\/strong><\/h2>\n\n\n\n<hr class=\"wp-block-separator has-text-color has-base-color has-alpha-channel-opacity has-base-background-color has-background\"\/>\n\n\n\n<h3 class=\"wp-block-heading\">WHAT DOES DISGORGING MEAN IN CHAMPAGNE?<\/h3>\n\n\n\n<ol class=\"wp-block-list\">\n<li>Juice fractionation at the press outlet<\/li>\n\n\n\n<li>Eviction from depots  <\/li>\n\n\n\n<li>Adding the dosage liqueur<\/li>\n<\/ol>\n\n\n\n<h4 class=\"wp-block-heading\">Answer<\/h4>\n\n\n\n<p class=\"wp-block-paragraph\"><em>This operation consists of opening the bottle to expel the deposit of dead yeast.  <\/em><\/p>\n\n\n\n<p class=\"wp-block-paragraph\"><em>This is done by freezing the neck: the bottles are on their point (upside down) at the end of the riddling process. The neck is immersed in a solution at -25\u00b0C, which freezes the deposit. The bottle is then turned upside down and the cap removed. Under the effect of pressure (6 bars inside the bottle), the ice cube is expelled.   <\/em><\/p>\n<\/div>\n\n\n\n<div class=\"wp-block-column is-layout-flow wp-block-column-is-layout-flow\"><\/div>\n<\/div>\n<\/section>\n\n<section class=\"wp-block-group alignfull pattern-text-100 has-middleground-background-color has-background has-global-padding is-layout-constrained wp-block-group-is-layout-constrained\">\n<div class=\"wp-block-columns is-layout-flex wp-container-core-columns-is-layout-63fbf5b9 wp-block-columns-is-layout-flex\">\n<div class=\"wp-block-column is-layout-flow wp-block-column-is-layout-flow\">\n<h2 class=\"wp-block-heading\"><strong>YOUR CONTACTS<\/strong><\/h2>\n\n\n\n<hr class=\"wp-block-separator has-text-color has-grey-color has-alpha-channel-opacity has-grey-background-color has-background\"\/>\n\n\n\n<ul class=\"wp-block-list has-grey-color has-text-color has-link-color wp-elements-ff043def38e0fa43aa674466646d5cbd\">\n<li>OFFICE DE TOURISME DU GRAND REIMS &#8211; 6 RUE ROCKFELLER &#8211; 51100 REIMS &#8211; 03 26 77 45 00 &#8211; <a href=\"http:\/\/www.reims-tourisme.com\/\" target=\"_blank\" rel=\"noreferrer noopener\">WWW.REIMS-TOURISME.COM<\/a><\/li>\n\n\n\n<li>FISMES RECEPTION OFFICE &#8211; 28 RUE REN\u00c9 LETILLY &#8211; 51170 FISMES &#8211; 03 26 48 81 28<\/li>\n<\/ul>\n<\/div>\n<\/div>\n<\/section>\n\n<section class=\"wp-block-group alignfull pattern-playlist-grid has-global-padding is-layout-constrained wp-block-group-is-layout-constrained\">\n<h2 class=\"wp-block-heading has-text-align-center\"><strong>Selection of getaways<\/strong><\/h2>\n\n\n\n<hr class=\"wp-block-separator has-text-color has-accent-3-color has-alpha-channel-opacity has-accent-3-background-color has-background\"\/>\n\n\n\n<p class=\"has-text-align-center wp-block-paragraph\">Find out more about some of our ideas for walks in the Montagne de Reims!<\/p>\n\n\n\t\t\t<div class=\"fsgb-block-playlist playlist-grid is-style-grid\"  style=\"margin-top:var(--wp--preset--spacing--x-large);\">\n\t\t\t\t\n\t\t\t\n\t\t\t<div class=\"swiper swiperPlaylistGrid\">\n\n\t\t\t\t<div class=\"swiper-wrapper posts-count-3\">\n\t\t\t\t\t\t\t\t\t\t\t\t\t\t\t\t\t<div class=\"swiper-slide \">\n\t\t\t\t\t\t\t\n<article class=\"card card--activite stretched-link\" data-id=\"29467\" data-post-id-sync-map=\"29467\" >\n\t\n\t\t\n\t\t\t\t<div class=\"card__thumbnail has-middleground-background-color stack\">\n\t\t\t<img decoding=\"async\" width=\"2048\" src=\"https:\/\/cdt51.media.tourinsoft.eu\/upload\/Villa-Demoiselle-Reims.jpg\" class=\"attachment- size-\" alt=\"Villa Demoiselle\" srcset=\"https:\/\/cdt51.media.tourinsoft.eu\/upload\/Villa-Demoiselle-Reims.jpg?width=400 400w, https:\/\/cdt51.media.tourinsoft.eu\/upload\/Villa-Demoiselle-Reims.jpg?width=640 640w, https:\/\/cdt51.media.tourinsoft.eu\/upload\/Villa-Demoiselle-Reims.jpg?width=768 768w, https:\/\/cdt51.media.tourinsoft.eu\/upload\/Villa-Demoiselle-Reims.jpg?width=1280 1280w, https:\/\/cdt51.media.tourinsoft.eu\/upload\/Villa-Demoiselle-Reims.jpg?width=1536&amp;height=1536 1536w, https:\/\/cdt51.media.tourinsoft.eu\/upload\/Villa-Demoiselle-Reims.jpg?width=2048&amp;height=2048 2048w\" sizes=\"(max-width: 2048px) 100vw, 2048px\" title=\"\">\t\t<\/div>\n\t\n\t\t<div class=\"card__content\">\n\t\t\t\n\t\t\t\t\t\t\t\t\t\n\t\t\t\t\t\t\t\t\t\n\t\t\t\t\t\t<h3 class=\"title wp-block-heading is-style-h3\">\n\t\t\t\t<a href=\"https:\/\/tourisme-en-champagne.com\/en\/activite\/villa-demoiselle\/\" target=\"_blank\">Villa Demoiselle<\/a>\t\t\t\t\t\t\t<\/h3>\n\t\t\t\n\t\t\t\t\t\t\t\t\t\n\t\t\t\t\t\t<div class=\"underlined\"><\/div>\n\t\t\n\t\t\t\t\t\t\t\t\t\t<div class=\"location\">\n\t\t\t\t\tReims\t\t\t\t<\/div>\n\t\t\t\t\t\t\n\t\t\t\t\t\t\t\t\t\n\t\t\t\t\t\t\t\t\t\n\t\t\t\t\t\t\t\t\t\n\t\t\t\t\t\t\t\t\t\t<div class=\"descriptif\">An architectural symbol and the jewel of a combination of Art Nouveau and Art Deco styles, today &#8230;<\/div>\n\t\t\t\t\n\t\t\t\t\t\t\t\t\t\t\t\t\t\t\t\t\n\t\t\t\t\t\t\t\t\t\t<div class=\"wp-block-button\">\n\t\t\t\t\t<a class=\"wp-element-button rounded\" href=\"https:\/\/tourisme-en-champagne.com\/en\/activite\/villa-demoiselle\/\" target=\"_blank\" aria-label=\"\n\nFind out more about Villa Demoiselle\">Find out more<\/a>\n\t\t\t\t<\/div>\n\t\t\t \n\t\t<\/div>\n\t\t\n\n\t\t<\/article>\n\n\t\t\t\t\t\t<\/div>\n\t\t\t\t\t\t\t\t\t\t\t\t\t\t\t\t\t<div class=\"swiper-slide \">\n\t\t\t\t\t\t\t\n<article class=\"card card--activite stretched-link\" data-id=\"29402\" data-post-id-sync-map=\"29402\" >\n\t\n\t\t\n\t\t\t\t<div class=\"card__thumbnail has-middleground-background-color stack\">\n\t\t\t<img decoding=\"async\" width=\"2048\" src=\"https:\/\/cdt51.media.tourinsoft.eu\/upload\/Fort-de-La-Pompelle--10----Clement-Richez-OTAR.JPG\" class=\"attachment- size-\" alt=\"Mus\u00e9e du Fort de la Pompelle\" srcset=\"https:\/\/cdt51.media.tourinsoft.eu\/upload\/Fort-de-La-Pompelle--10----Clement-Richez-OTAR.JPG?width=400 400w, https:\/\/cdt51.media.tourinsoft.eu\/upload\/Fort-de-La-Pompelle--10----Clement-Richez-OTAR.JPG?width=640 640w, https:\/\/cdt51.media.tourinsoft.eu\/upload\/Fort-de-La-Pompelle--10----Clement-Richez-OTAR.JPG?width=768 768w, https:\/\/cdt51.media.tourinsoft.eu\/upload\/Fort-de-La-Pompelle--10----Clement-Richez-OTAR.JPG?width=1280 1280w, https:\/\/cdt51.media.tourinsoft.eu\/upload\/Fort-de-La-Pompelle--10----Clement-Richez-OTAR.JPG?width=1536&amp;height=1536 1536w, https:\/\/cdt51.media.tourinsoft.eu\/upload\/Fort-de-La-Pompelle--10----Clement-Richez-OTAR.JPG?width=2048&amp;height=2048 2048w\" sizes=\"(max-width: 2048px) 100vw, 2048px\" title=\"\">\t\t<\/div>\n\t\n\t\t<div class=\"card__content\">\n\t\t\t\n\t\t\t\t\t\t\t\t\t\n\t\t\t\t\t\t\t\t\t\n\t\t\t\t\t\t<h3 class=\"title wp-block-heading is-style-h3\">\n\t\t\t\t<a href=\"https:\/\/tourisme-en-champagne.com\/en\/activite\/musee-du-fort-de-la-pompelle\/\" target=\"_blank\">Mus\u00e9e du Fort de la Pompelle<\/a>\t\t\t\t\t\t\t<\/h3>\n\t\t\t\n\t\t\t\t\t\t\t\t\t\n\t\t\t\t\t\t<div class=\"underlined\"><\/div>\n\t\t\n\t\t\t\t\t\t\t\t\t\t<div class=\"location\">\n\t\t\t\t\tPuisieulx\t\t\t\t<\/div>\n\t\t\t\t\t\t\n\t\t\t\t\t\t\t\t\t\n\t\t\t\t\t\t\t\t\t\n\t\t\t\t\t\t\t\t\t\n\t\t\t\t\t\t\t\t\t\t<div class=\"descriptif\">A S\u00e9r\u00e9 de Rivi\u00e8res \u2013 type fort built from 1880 to 1883 and a listed building. It houses the 1914-&#8230;<\/div>\n\t\t\t\t\n\t\t\t\t\t\t\t\t\t\t\t\t\t\t\t\t\n\t\t\t\t\t\t\t\t\t\t<div class=\"wp-block-button\">\n\t\t\t\t\t<a class=\"wp-element-button rounded\" href=\"https:\/\/tourisme-en-champagne.com\/en\/activite\/musee-du-fort-de-la-pompelle\/\" target=\"_blank\" aria-label=\"\n\nFind out more about Mus\u00e9e du Fort de la Pompelle\">Find out more<\/a>\n\t\t\t\t<\/div>\n\t\t\t \n\t\t<\/div>\n\t\t\n\n\t\t<\/article>\n\n\t\t\t\t\t\t<\/div>\n\t\t\t\t\t\t\t\t\t\t\t\t\t\t\t\t\t<div class=\"swiper-slide \">\n\t\t\t\t\t\t\t\n<article class=\"card card--activite stretched-link\" data-id=\"29630\" data-post-id-sync-map=\"29630\" >\n\t\n\t\t\n\t\t\t\t<div class=\"card__thumbnail has-middleground-background-color stack\">\n\t\t\t<img decoding=\"async\" width=\"2048\" src=\"https:\/\/cdt51.media.tourinsoft.eu\/upload\/Fau-de-Verzy.jpg\" class=\"attachment- size-\" alt=\"Les Faux de Verzy\" srcset=\"https:\/\/cdt51.media.tourinsoft.eu\/upload\/Fau-de-Verzy.jpg?width=400 400w, https:\/\/cdt51.media.tourinsoft.eu\/upload\/Fau-de-Verzy.jpg?width=640 640w, https:\/\/cdt51.media.tourinsoft.eu\/upload\/Fau-de-Verzy.jpg?width=768 768w, https:\/\/cdt51.media.tourinsoft.eu\/upload\/Fau-de-Verzy.jpg?width=1280 1280w, https:\/\/cdt51.media.tourinsoft.eu\/upload\/Fau-de-Verzy.jpg?width=1536&amp;height=1536 1536w, https:\/\/cdt51.media.tourinsoft.eu\/upload\/Fau-de-Verzy.jpg?width=2048&amp;height=2048 2048w\" sizes=\"(max-width: 2048px) 100vw, 2048px\" title=\"\">\t\t<\/div>\n\t\n\t\t<div class=\"card__content\">\n\t\t\t\n\t\t\t\t\t\t\t\t\t\n\t\t\t\t\t\t\t\t\t\n\t\t\t\t\t\t<h3 class=\"title wp-block-heading is-style-h3\">\n\t\t\t\t<a href=\"https:\/\/tourisme-en-champagne.com\/en\/activite\/les-faux-de-verzy\/\" target=\"_blank\">Les Faux de Verzy<\/a>\t\t\t\t\t\t\t<\/h3>\n\t\t\t\n\t\t\t\t\t\t\t\t\t\n\t\t\t\t\t\t<div class=\"underlined\"><\/div>\n\t\t\n\t\t\t\t\t\t\t\t\t\t<div class=\"location\">\n\t\t\t\t\tVerzy\t\t\t\t<\/div>\n\t\t\t\t\t\t\n\t\t\t\t\t\t\t\t\t\n\t\t\t\t\t\t\t\t\t\n\t\t\t\t\t\t\t\t\t\n\t\t\t\t\t\t\t\n\t\t\t\t\t\t\t\t\t\t\t\t\t\t\t\t\n\t\t\t\t\t\t\t\t\t\t<div class=\"wp-block-button\">\n\t\t\t\t\t<a class=\"wp-element-button rounded\" href=\"https:\/\/tourisme-en-champagne.com\/en\/activite\/les-faux-de-verzy\/\" target=\"_blank\" aria-label=\"\n\nFind out more about Les Faux de Verzy\">Find out more<\/a>\n\t\t\t\t<\/div>\n\t\t\t \n\t\t<\/div>\n\t\t\n\n\t\t<\/article>\n\n\t\t\t\t\t\t<\/div>\n\t\t\t\t\t\t\t\t\t\t\t\t\t\t<\/div>\n\t\t\t\t\n\t\t\t\t<div class=\"swiper-buttons\">\n\t\t\t\t\t<div class=\"swiper-button-prev\"><\/div>\n\t\t\t\t\t<div class=\"swiper-button-next\"><\/div>\n\t\t\t\t<\/div>\n\t\t\t<\/div>\n\t\t<\/div>\n\t\n<\/section>\n","protected":false},"excerpt":{"rendered":"<p>CHAMPAGNE, NATURE AND HERITAGE Meeting UNESCO Here, the vineyards of the Montagne de Reims region stretch between the forest massif of the Parc Naturel R\u00e9gional de la Montagne de Reims and the agricultural plain. The region&#8217;s microclimates make it possible to grow the three grape varieties authorized in Champagne, and to offer a wide range [&hellip;]<\/p>\n","protected":false},"author":2,"featured_media":0,"parent":20622,"menu_order":0,"comment_status":"closed","ping_status":"closed","template":"templates\/editorial-content.php","meta":{"_acf_changed":false,"footnotes":"","_links_to":"","_links_to_target":""},"class_list":["post-20230","page","type-page","status-publish","hentry"],"acf":[],"_links":{"self":[{"href":"https:\/\/tourisme-en-champagne.com\/en\/wp-json\/wp\/v2\/pages\/20230","targetHints":{"allow":["GET"]}}],"collection":[{"href":"https:\/\/tourisme-en-champagne.com\/en\/wp-json\/wp\/v2\/pages"}],"about":[{"href":"https:\/\/tourisme-en-champagne.com\/en\/wp-json\/wp\/v2\/types\/page"}],"author":[{"embeddable":true,"href":"https:\/\/tourisme-en-champagne.com\/en\/wp-json\/wp\/v2\/users\/2"}],"replies":[{"embeddable":true,"href":"https:\/\/tourisme-en-champagne.com\/en\/wp-json\/wp\/v2\/comments?post=20230"}],"version-history":[{"count":1,"href":"https:\/\/tourisme-en-champagne.com\/en\/wp-json\/wp\/v2\/pages\/20230\/revisions"}],"predecessor-version":[{"id":20234,"href":"https:\/\/tourisme-en-champagne.com\/en\/wp-json\/wp\/v2\/pages\/20230\/revisions\/20234"}],"up":[{"embeddable":true,"href":"https:\/\/tourisme-en-champagne.com\/en\/wp-json\/wp\/v2\/pages\/20622"}],"wp:attachment":[{"href":"https:\/\/tourisme-en-champagne.com\/en\/wp-json\/wp\/v2\/media?parent=20230"}],"curies":[{"name":"wp","href":"https:\/\/api.w.org\/{rel}","templated":true}]}}