{"id":21034,"date":"2025-03-13T15:47:47","date_gmt":"2025-03-13T14:47:47","guid":{"rendered":"https:\/\/tourisme-en-champagne.com\/faszinierendes-wochenende\/"},"modified":"2025-11-28T16:00:08","modified_gmt":"2025-11-28T15:00:08","slug":"faszinierendes-wochenende","status":"publish","type":"page","link":"https:\/\/tourisme-en-champagne.com\/de\/faszinierendes-wochenende\/","title":{"rendered":"Faszinierendes Wochenende"},"content":{"rendered":"\n<section class=\"wp-block-group pattern-summary has-global-padding is-layout-constrained wp-block-group-is-layout-constrained\">\n\t<div class=\"fsgb-block-link-mosaic is-style-summary\"  >\n\t\t\t\t\t\t\t\t\t\t\t\t<a href=\"#\">\n\t\t\t\t\t\t\t\t\t\t\t<div class=\"thumbnail\"><img loading=\"lazy\" decoding=\"async\" width=\"370\" height=\"370\" src=\"https:\/\/tourisme-en-champagne.com\/assets\/uploads\/2025\/03\/les-mails-5-sezanne-cv-montane-coll-adt-marne.jpg\" class=\"attachment-thumbnail size-thumbnail\" alt=\"\" title=\"\"><\/div>\n\t\t\t\t\t\t\t\t\t\t\t\t\t\t\t<div class=\"text-link-title\">\n\t\t\t\t\t\t\t\t\t\t\t\t\t\t\t\t\t\t\t<div class=\"text\">In der Familie<\/div>\n\t\t\t\t\t\t\t\t\t\t\t<\/div>\n\t\t\t\t<\/a>\n\t\t\t\t\t\t\t\t\t\t\t\t\t\t<a href=\"#\">\n\t\t\t\t\t\t\t\t\t\t\t<div class=\"thumbnail\"><img loading=\"lazy\" decoding=\"async\" width=\"370\" height=\"370\" src=\"https:\/\/tourisme-en-champagne.com\/assets\/uploads\/2025\/03\/jeroboamc-les-droners.jpg\" class=\"attachment-thumbnail size-thumbnail\" alt=\"\" title=\"\"><\/div>\n\t\t\t\t\t\t\t\t\t\t\t\t\t\t\t<div class=\"text-link-title\">\n\t\t\t\t\t\t\t\t\t\t\t\t\t\t\t\t\t\t\t<div class=\"text\">Alles \u00fcber Wein<\/div>\n\t\t\t\t\t\t\t\t\t\t\t<\/div>\n\t\t\t\t<\/a>\n\t\t\t\t\t\t\t\t\t\t\t\t\t\t<a href=\"#\">\n\t\t\t\t\t\t\t\t\t\t\t<div class=\"thumbnail\"><img loading=\"lazy\" decoding=\"async\" width=\"370\" height=\"370\" src=\"https:\/\/tourisme-en-champagne.com\/assets\/uploads\/2025\/03\/pique-nique-dans-les-vignes-c-les-droners.jpg\" class=\"attachment-thumbnail size-thumbnail\" alt=\"Picknick in den Weinbergen der Champagne\" title=\"\"><\/div>\n\t\t\t\t\t\t\t\t\t\t\t\t\t\t\t<div class=\"text-link-title\">\n\t\t\t\t\t\t\t\t\t\t\t\t\t\t\t\t\t\t\t<div class=\"text\">F\u00fcr Feinschmecker<\/div>\n\t\t\t\t\t\t\t\t\t\t\t<\/div>\n\t\t\t\t<\/a>\n\t\t\t\t\t\t\t\t\t\t\t\t\t\t<a href=\"#\">\n\t\t\t\t\t\t\t\t\t\t\t<div class=\"thumbnail\"><img loading=\"lazy\" decoding=\"async\" width=\"370\" height=\"370\" src=\"https:\/\/tourisme-en-champagne.com\/assets\/uploads\/2025\/03\/vue-sur-sezanne-sezanne-cv-montane-coll-adt-marne-0.jpg\" class=\"attachment-thumbnail size-thumbnail\" alt=\"\" title=\"\"><\/div>\n\t\t\t\t\t\t\t\t\t\t\t\t\t\t\t<div class=\"text-link-title\">\n\t\t\t\t\t\t\t\t\t\t\t\t\t\t\t\t\t\t\t<div class=\"text\">Kultur &amp; Kulturerbe<\/div>\n\t\t\t\t\t\t\t\t\t\t\t<\/div>\n\t\t\t\t<\/a>\n\t\t\t\t\t\t\t\t\t\t\t\t\t\t<a href=\"#\">\n\t\t\t\t\t\t\t\t\t\t\t<div class=\"thumbnail\"><img loading=\"lazy\" decoding=\"async\" width=\"370\" height=\"370\" src=\"https:\/\/tourisme-en-champagne.com\/assets\/uploads\/2025\/03\/dsc-9675-0.jpg\" class=\"attachment-thumbnail size-thumbnail\" alt=\"\" title=\"\"><\/div>\n\t\t\t\t\t\t\t\t\t\t\t\t\t\t\t<div class=\"text-link-title\">\n\t\t\t\t\t\t\t\t\t\t\t\t\t\t\t\t\t\t\t<div class=\"text\">Rund um den Sport<\/div>\n\t\t\t\t\t\t\t\t\t\t\t<\/div>\n\t\t\t\t<\/a>\n\t\t\t\t\t\t\t\t\t\t\t\t\t\t<a href=\"#\">\n\t\t\t\t\t\t\t\t\t\t\t<div class=\"thumbnail\"><img loading=\"lazy\" decoding=\"async\" width=\"370\" height=\"370\" src=\"https:\/\/tourisme-en-champagne.com\/assets\/uploads\/2025\/03\/99112514-132787841722552-350975398760153088-o.jpeg\" class=\"attachment-thumbnail size-thumbnail\" alt=\"\" title=\"\"><\/div>\n\t\t\t\t\t\t\t\t\t\t\t\t\t\t\t<div class=\"text-link-title\">\n\t\t\t\t\t\t\t\t\t\t\t\t\t\t\t\t\t\t\t<div class=\"text\">Ungew\u00f6hnliche<\/div>\n\t\t\t\t\t\t\t\t\t\t\t<\/div>\n\t\t\t\t<\/a>\n\t\t\t\t\t\t\t\t\t\t\t\t\t\t<a href=\"#\">\n\t\t\t\t\t\t\t\t\t\t\t<div class=\"thumbnail\"><img loading=\"lazy\" decoding=\"async\" width=\"370\" height=\"370\" src=\"https:\/\/tourisme-en-champagne.com\/assets\/uploads\/2025\/03\/2cv-ss-flute.jpg\" class=\"attachment-thumbnail size-thumbnail\" alt=\"\" title=\"\"><\/div>\n\t\t\t\t\t\t\t\t\t\t\t\t\t\t\t<div class=\"text-link-title\">\n\t\t\t\t\t\t\t\t\t\t\t\t\t\t\t\t\t\t\t<div class=\"text\">Am Abend<\/div>\n\t\t\t\t\t\t\t\t\t\t\t<\/div>\n\t\t\t\t<\/a>\n\t\t\t\t\t\t\t\t\t\t\t\t\t\t<a href=\"#\">\n\t\t\t\t\t\t\t\t\t\t\t<div class=\"thumbnail\"><img loading=\"lazy\" decoding=\"async\" width=\"370\" height=\"370\" src=\"https:\/\/tourisme-en-champagne.com\/assets\/uploads\/2025\/03\/summer-3565642-1920.jpg\" class=\"attachment-thumbnail size-thumbnail\" alt=\"\" title=\"\"><\/div>\n\t\t\t\t\t\t\t\t\t\t\t\t\t\t\t<div class=\"text-link-title\">\n\t\t\t\t\t\t\t\t\t\t\t\t\t\t\t\t\t\t\t<div class=\"text\">Selbst wenn es regnet<\/div>\n\t\t\t\t\t\t\t\t\t\t\t<\/div>\n\t\t\t\t<\/a>\n\t\t\t\t\t\t\t\t\t\t\t\n\t<\/div>\n\n<\/section>\n\n<section class=\"wp-block-group alignfull pattern-media-100-full has-background has-global-padding is-layout-constrained wp-container-core-group-is-layout-7cf01583 wp-block-group-is-layout-constrained\" style=\"padding-top:0;padding-right:0;padding-bottom:0;padding-left:0\">\t<div class=\"fsgb-block-slider swiper is-style-fullwidth alignfull\"  >\n\t\t<div class=\"swiper-wrapper\">\n\t\t\t\t\t\t\t\t\t\t\t\t<div class=\"fsgb-block-slider__slide swiper-slide\">\n\t\t\t\t\t\t<img loading=\"lazy\" decoding=\"async\" width=\"400\" height=\"125\" src=\"https:\/\/tourisme-en-champagne.com\/assets\/uploads\/2025\/03\/vallee-de-la-marne-le-fer-a-cheval-entre-damery-et-cumieres-c-les-droners-400x125.jpg\" class=\"attachment-thumbnail size-thumbnail\" alt=\"Marne-Tal\" srcset=\"https:\/\/tourisme-en-champagne.com\/assets\/uploads\/2025\/03\/vallee-de-la-marne-le-fer-a-cheval-entre-damery-et-cumieres-c-les-droners-400x125.jpg 400w, https:\/\/tourisme-en-champagne.com\/assets\/uploads\/2025\/03\/vallee-de-la-marne-le-fer-a-cheval-entre-damery-et-cumieres-c-les-droners-640x200.jpg 640w, https:\/\/tourisme-en-champagne.com\/assets\/uploads\/2025\/03\/vallee-de-la-marne-le-fer-a-cheval-entre-damery-et-cumieres-c-les-droners-1280x400.jpg 1280w, https:\/\/tourisme-en-champagne.com\/assets\/uploads\/2025\/03\/vallee-de-la-marne-le-fer-a-cheval-entre-damery-et-cumieres-c-les-droners-768x240.jpg 768w, https:\/\/tourisme-en-champagne.com\/assets\/uploads\/2025\/03\/vallee-de-la-marne-le-fer-a-cheval-entre-damery-et-cumieres-c-les-droners-1536x480.jpg 1536w, https:\/\/tourisme-en-champagne.com\/assets\/uploads\/2025\/03\/vallee-de-la-marne-le-fer-a-cheval-entre-damery-et-cumieres-c-les-droners.jpg 1920w\" sizes=\"auto, (max-width: 400px) 100vw, 400px\" title=\"\">\t\t\t\t\t\t<div class=\"caption\">Die Drohnen<\/div>\n\t\t\t\t\t\t\t\t\t\t\t\t<strong><\/strong>\n\t\t\t\t\t\t\t\t\t\t\t\t\t\t\t\t\t\t\t\t\t\t\t<\/div>\n\t\t\t\t\t\t\t\t\t\t\t\t\t\t\t\t<div class=\"fsgb-block-slider__slide swiper-slide\">\n\t\t\t\t\t\t<img loading=\"lazy\" decoding=\"async\" width=\"400\" height=\"125\" src=\"https:\/\/tourisme-en-champagne.com\/assets\/uploads\/2025\/03\/fascinant-we-2020-caxel-coeuret-coll-adt-marne-217-0-400x125.jpg\" class=\"attachment-thumbnail size-thumbnail\" alt=\"Quatre femmes au milieu des vignes\" srcset=\"https:\/\/tourisme-en-champagne.com\/assets\/uploads\/2025\/03\/fascinant-we-2020-caxel-coeuret-coll-adt-marne-217-0-400x125.jpg 400w, https:\/\/tourisme-en-champagne.com\/assets\/uploads\/2025\/03\/fascinant-we-2020-caxel-coeuret-coll-adt-marne-217-0-640x200.jpg 640w, https:\/\/tourisme-en-champagne.com\/assets\/uploads\/2025\/03\/fascinant-we-2020-caxel-coeuret-coll-adt-marne-217-0-1280x400.jpg 1280w, https:\/\/tourisme-en-champagne.com\/assets\/uploads\/2025\/03\/fascinant-we-2020-caxel-coeuret-coll-adt-marne-217-0-768x240.jpg 768w, https:\/\/tourisme-en-champagne.com\/assets\/uploads\/2025\/03\/fascinant-we-2020-caxel-coeuret-coll-adt-marne-217-0-1536x480.jpg 1536w, https:\/\/tourisme-en-champagne.com\/assets\/uploads\/2025\/03\/fascinant-we-2020-caxel-coeuret-coll-adt-marne-217-0.jpg 1920w\" sizes=\"auto, (max-width: 400px) 100vw, 400px\" title=\"\">\t\t\t\t\t\t<div class=\"caption\">A.Coeuret<\/div>\n\t\t\t\t\t\t\t\t\t\t\t\t<strong><\/strong>\n\t\t\t\t\t\t\t\t\t\t\t\t\t\t\t\t\t\t\t\t\t\t\t<\/div>\n\t\t\t\t\t\t\t\t\t\t\t\t\t\t\t\t<div class=\"fsgb-block-slider__slide swiper-slide\">\n\t\t\t\t\t\t<img loading=\"lazy\" decoding=\"async\" width=\"400\" height=\"125\" src=\"https:\/\/tourisme-en-champagne.com\/assets\/uploads\/2025\/03\/fascinant-we-2020-caxel-coeuret-coll-adt-marne-10-400x125.jpg\" class=\"attachment-thumbnail size-thumbnail\" alt=\"Un homme et une femme au milieu des vignes\" srcset=\"https:\/\/tourisme-en-champagne.com\/assets\/uploads\/2025\/03\/fascinant-we-2020-caxel-coeuret-coll-adt-marne-10-400x125.jpg 400w, https:\/\/tourisme-en-champagne.com\/assets\/uploads\/2025\/03\/fascinant-we-2020-caxel-coeuret-coll-adt-marne-10-640x200.jpg 640w, https:\/\/tourisme-en-champagne.com\/assets\/uploads\/2025\/03\/fascinant-we-2020-caxel-coeuret-coll-adt-marne-10-1280x400.jpg 1280w, https:\/\/tourisme-en-champagne.com\/assets\/uploads\/2025\/03\/fascinant-we-2020-caxel-coeuret-coll-adt-marne-10-768x240.jpg 768w, https:\/\/tourisme-en-champagne.com\/assets\/uploads\/2025\/03\/fascinant-we-2020-caxel-coeuret-coll-adt-marne-10-1536x480.jpg 1536w, https:\/\/tourisme-en-champagne.com\/assets\/uploads\/2025\/03\/fascinant-we-2020-caxel-coeuret-coll-adt-marne-10.jpg 1920w\" sizes=\"auto, (max-width: 400px) 100vw, 400px\" title=\"\">\t\t\t\t\t\t<div class=\"caption\">A.Coeuret<\/div>\n\t\t\t\t\t\t\t\t\t\t\t\t<strong><\/strong>\n\t\t\t\t\t\t\t\t\t\t\t\t\t\t\t\t\t\t\t\t\t\t\t<\/div>\n\t\t\t\t\t\t\t\t\t\t\t\t\t\t\t\t<div class=\"fsgb-block-slider__slide swiper-slide\">\n\t\t\t\t\t\t<img loading=\"lazy\" decoding=\"async\" width=\"400\" height=\"125\" src=\"https:\/\/tourisme-en-champagne.com\/assets\/uploads\/2025\/03\/dsc-0329-400x125.png\" class=\"attachment-thumbnail size-thumbnail\" alt=\"Une cabane au milieu des vignes\" srcset=\"https:\/\/tourisme-en-champagne.com\/assets\/uploads\/2025\/03\/dsc-0329-400x125.png 400w, https:\/\/tourisme-en-champagne.com\/assets\/uploads\/2025\/03\/dsc-0329-640x200.png 640w, https:\/\/tourisme-en-champagne.com\/assets\/uploads\/2025\/03\/dsc-0329-1280x400.png 1280w, https:\/\/tourisme-en-champagne.com\/assets\/uploads\/2025\/03\/dsc-0329-768x240.png 768w, https:\/\/tourisme-en-champagne.com\/assets\/uploads\/2025\/03\/dsc-0329-1536x480.png 1536w, https:\/\/tourisme-en-champagne.com\/assets\/uploads\/2025\/03\/dsc-0329.png 1920w\" sizes=\"auto, (max-width: 400px) 100vw, 400px\" title=\"\">\t\t\t\t\t\t<div class=\"caption\">Architecture &#038; Champagnne<\/div>\n\t\t\t\t\t\t\t\t\t\t\t\t<strong><\/strong>\n\t\t\t\t\t\t\t\t\t\t\t\t\t\t\t\t\t\t\t\t\t\t\t<\/div>\n\t\t\t\t\t\t\t\t\t\t\t\t\t\t\t\t<div class=\"fsgb-block-slider__slide swiper-slide\">\n\t\t\t\t\t\t<img loading=\"lazy\" decoding=\"async\" width=\"400\" height=\"125\" src=\"https:\/\/tourisme-en-champagne.com\/assets\/uploads\/2025\/03\/fascinant-we-2020-caxel-coeuret-coll-adt-marne-197-400x125.jpg\" class=\"attachment-thumbnail size-thumbnail\" alt=\"Des personnes \u00e0 mobilettes au milieu des vignes\" srcset=\"https:\/\/tourisme-en-champagne.com\/assets\/uploads\/2025\/03\/fascinant-we-2020-caxel-coeuret-coll-adt-marne-197-400x125.jpg 400w, https:\/\/tourisme-en-champagne.com\/assets\/uploads\/2025\/03\/fascinant-we-2020-caxel-coeuret-coll-adt-marne-197-640x200.jpg 640w, https:\/\/tourisme-en-champagne.com\/assets\/uploads\/2025\/03\/fascinant-we-2020-caxel-coeuret-coll-adt-marne-197-1280x400.jpg 1280w, https:\/\/tourisme-en-champagne.com\/assets\/uploads\/2025\/03\/fascinant-we-2020-caxel-coeuret-coll-adt-marne-197-768x240.jpg 768w, https:\/\/tourisme-en-champagne.com\/assets\/uploads\/2025\/03\/fascinant-we-2020-caxel-coeuret-coll-adt-marne-197-1536x480.jpg 1536w, https:\/\/tourisme-en-champagne.com\/assets\/uploads\/2025\/03\/fascinant-we-2020-caxel-coeuret-coll-adt-marne-197.jpg 1920w\" sizes=\"auto, (max-width: 400px) 100vw, 400px\" title=\"\">\t\t\t\t\t\t<div class=\"caption\">A.Coeuret<\/div>\n\t\t\t\t\t\t\t\t\t\t\t\t<strong><\/strong>\n\t\t\t\t\t\t\t\t\t\t\t\t\t\t\t\t\t\t\t\t\t\t\t<\/div>\n\t\t\t\t\t\t\t\t\t\t\t\t\t\t\t\t<div class=\"fsgb-block-slider__slide swiper-slide\">\n\t\t\t\t\t\t<img loading=\"lazy\" decoding=\"async\" width=\"400\" height=\"125\" src=\"https:\/\/tourisme-en-champagne.com\/assets\/uploads\/2025\/03\/vignoblecfotoliacom12-400x125.jpg\" class=\"attachment-thumbnail size-thumbnail\" alt=\"Des vignes et un moulin\" srcset=\"https:\/\/tourisme-en-champagne.com\/assets\/uploads\/2025\/03\/vignoblecfotoliacom12-400x125.jpg 400w, https:\/\/tourisme-en-champagne.com\/assets\/uploads\/2025\/03\/vignoblecfotoliacom12-640x200.jpg 640w, https:\/\/tourisme-en-champagne.com\/assets\/uploads\/2025\/03\/vignoblecfotoliacom12-1280x400.jpg 1280w, https:\/\/tourisme-en-champagne.com\/assets\/uploads\/2025\/03\/vignoblecfotoliacom12-768x240.jpg 768w, https:\/\/tourisme-en-champagne.com\/assets\/uploads\/2025\/03\/vignoblecfotoliacom12-1536x480.jpg 1536w, https:\/\/tourisme-en-champagne.com\/assets\/uploads\/2025\/03\/vignoblecfotoliacom12.jpg 1920w\" sizes=\"auto, (max-width: 400px) 100vw, 400px\" title=\"\">\t\t\t\t\t\t<div class=\"caption\">Fotolia.com<\/div>\n\t\t\t\t\t\t\t\t\t\t\t\t<strong><\/strong>\n\t\t\t\t\t\t\t\t\t\t\t\t\t\t\t\t\t\t\t\t\t\t\t<\/div>\n\t\t\t\t\t\t\t\t\t\t\t\t\t\t\t\t<div class=\"fsgb-block-slider__slide swiper-slide\">\n\t\t\t\t\t\t<img loading=\"lazy\" decoding=\"async\" width=\"400\" height=\"125\" src=\"https:\/\/tourisme-en-champagne.com\/assets\/uploads\/2025\/03\/1-panorama-vignoble-champagnecambon-1-400x125.jpg\" class=\"attachment-thumbnail size-thumbnail\" alt=\"Un paysage de champagne\" srcset=\"https:\/\/tourisme-en-champagne.com\/assets\/uploads\/2025\/03\/1-panorama-vignoble-champagnecambon-1-400x125.jpg 400w, https:\/\/tourisme-en-champagne.com\/assets\/uploads\/2025\/03\/1-panorama-vignoble-champagnecambon-1-640x200.jpg 640w, https:\/\/tourisme-en-champagne.com\/assets\/uploads\/2025\/03\/1-panorama-vignoble-champagnecambon-1-1280x400.jpg 1280w, https:\/\/tourisme-en-champagne.com\/assets\/uploads\/2025\/03\/1-panorama-vignoble-champagnecambon-1-768x240.jpg 768w, https:\/\/tourisme-en-champagne.com\/assets\/uploads\/2025\/03\/1-panorama-vignoble-champagnecambon-1-1536x480.jpg 1536w, https:\/\/tourisme-en-champagne.com\/assets\/uploads\/2025\/03\/1-panorama-vignoble-champagnecambon-1.jpg 1920w\" sizes=\"auto, (max-width: 400px) 100vw, 400px\" title=\"\">\t\t\t\t\t\t<div class=\"caption\">Cambon &#8211;<\/div>\n\t\t\t\t\t\t\t\t\t\t\t\t<strong><\/strong>\n\t\t\t\t\t\t\t\t\t\t\t\t\t\t\t\t\t\t\t\t\t\t\t<\/div>\n\t\t\t\t\t\t\t\t\t\t\t\t\t\t\t\t<div class=\"fsgb-block-slider__slide swiper-slide\">\n\t\t\t\t\t\t<img loading=\"lazy\" decoding=\"async\" width=\"400\" height=\"125\" src=\"https:\/\/tourisme-en-champagne.com\/assets\/uploads\/2025\/03\/cadoles-cdt-aube-400x125.jpg\" class=\"attachment-thumbnail size-thumbnail\" alt=\"Une cabane en pierre\" srcset=\"https:\/\/tourisme-en-champagne.com\/assets\/uploads\/2025\/03\/cadoles-cdt-aube-400x125.jpg 400w, https:\/\/tourisme-en-champagne.com\/assets\/uploads\/2025\/03\/cadoles-cdt-aube-640x200.jpg 640w, https:\/\/tourisme-en-champagne.com\/assets\/uploads\/2025\/03\/cadoles-cdt-aube-1280x400.jpg 1280w, https:\/\/tourisme-en-champagne.com\/assets\/uploads\/2025\/03\/cadoles-cdt-aube-768x240.jpg 768w, https:\/\/tourisme-en-champagne.com\/assets\/uploads\/2025\/03\/cadoles-cdt-aube-1536x480.jpg 1536w, https:\/\/tourisme-en-champagne.com\/assets\/uploads\/2025\/03\/cadoles-cdt-aube.jpg 1920w\" sizes=\"auto, (max-width: 400px) 100vw, 400px\" title=\"\">\t\t\t\t\t\t<div class=\"caption\">Olivier <\/div>\n\t\t\t\t\t\t\t\t\t\t\t\t<strong><\/strong>\n\t\t\t\t\t\t\t\t\t\t\t\t\t\t\t\t\t\t\t\t\t\t\t<\/div>\n\t\t\t\t\t\t\t\t\t\t\t\t\t\t\t\t<div class=\"fsgb-block-slider__slide swiper-slide\">\n\t\t\t\t\t\t<img loading=\"lazy\" decoding=\"async\" width=\"400\" height=\"125\" src=\"https:\/\/tourisme-en-champagne.com\/assets\/uploads\/2025\/03\/my-vintage-tour-epernayce-vidal8-400x125.jpg\" class=\"attachment-thumbnail size-thumbnail\" alt=\"Photo d&#039;une femme servant du champagne au milieu des vignes\" srcset=\"https:\/\/tourisme-en-champagne.com\/assets\/uploads\/2025\/03\/my-vintage-tour-epernayce-vidal8-400x125.jpg 400w, https:\/\/tourisme-en-champagne.com\/assets\/uploads\/2025\/03\/my-vintage-tour-epernayce-vidal8-640x200.jpg 640w, https:\/\/tourisme-en-champagne.com\/assets\/uploads\/2025\/03\/my-vintage-tour-epernayce-vidal8-1280x400.jpg 1280w, https:\/\/tourisme-en-champagne.com\/assets\/uploads\/2025\/03\/my-vintage-tour-epernayce-vidal8-768x240.jpg 768w, https:\/\/tourisme-en-champagne.com\/assets\/uploads\/2025\/03\/my-vintage-tour-epernayce-vidal8-1536x480.jpg 1536w, https:\/\/tourisme-en-champagne.com\/assets\/uploads\/2025\/03\/my-vintage-tour-epernayce-vidal8.jpg 1920w\" sizes=\"auto, (max-width: 400px) 100vw, 400px\" title=\"\">\t\t\t\t\t\t<div class=\"caption\">ADT Marne<\/div>\n\t\t\t\t\t\t\t\t\t\t\t\t<strong><\/strong>\n\t\t\t\t\t\t\t\t\t\t\t\t\t\t\t\t\t\t\t\t\t\t\t<\/div>\n\t\t\t\t\t\t\t\t\t<\/div>\n\t\t<div class=\"swiper-pagination\"><\/div>\n\t<\/div>\n\n<\/section>\n\n<section class=\"wp-block-group alignfull pattern-text-50-media-50-full has-base-background-color has-background has-global-padding is-content-justification-center is-layout-constrained wp-block-group-is-layout-constrained\" style=\"margin-top:var(--wp--preset--spacing--xx-large)\">\n<div class=\"wp-block-columns alignfull is-layout-flex wp-container-core-columns-is-layout-addd0515 wp-block-columns-is-layout-flex\">\n<div class=\"wp-block-column col-media is-layout-flow wp-block-column-is-layout-flow\" style=\"flex-basis:50%\">\n<figure class=\"wp-block-embed is-type-video is-provider-youtube wp-block-embed-youtube wp-embed-aspect-16-9 wp-has-aspect-ratio\"><div class=\"wp-block-embed__wrapper\">\n<iframe loading=\"lazy\" title=\"Le Fascinant Week-end Vignobles &amp; D\u00e9couvertes en Champagne\" width=\"500\" height=\"281\" src=\"https:\/\/www.youtube.com\/embed\/5P5ZwF3aZaQ?feature=oembed\" frameborder=\"0\" allow=\"accelerometer; autoplay; clipboard-write; encrypted-media; gyroscope; picture-in-picture; web-share\" referrerpolicy=\"strict-origin-when-cross-origin\" allowfullscreen><\/iframe>\n<\/div><\/figure>\n<\/div>\n\n\n\n<div class=\"wp-block-column col-content is-layout-flow wp-block-column-is-layout-flow\" style=\"flex-basis:50%\">\n<h2 class=\"wp-block-heading\"><strong>Zur\u00fcck im Bild<\/strong><\/h2>\n\n\n\n<hr class=\"wp-block-separator has-text-color has-grey-color has-alpha-channel-opacity has-grey-background-color has-background\"\/>\n\n\n\n<p class=\"wp-block-paragraph\">Das faszinierende Vignobles &amp; D\u00e9couvertes-Wochenende war eine Gelegenheit f\u00fcr die \u00d6ffentlichkeit, die mit dem Vignobles &amp; D\u00e9couvertes-Label ausgezeichneten Anbieter in der Champagne bei \u00fcber 100 Veranstaltungen zu besuchen.  <\/p>\n\n\n\n<p class=\"wp-block-paragraph\">Diese Veranstaltung in der Champagne ist Teil des nationalen Faszinierenden Wochenendes, das auch in anderen franz\u00f6sischen Weinbaugebieten mit dem Label<br\/>Vignobles &amp; D\u00e9couvertes&#8220; zu finden ist.<\/p>\n\n\n\n<div class=\"wp-block-buttons is-layout-flex wp-block-buttons-is-layout-flex\">\n<div class=\"wp-block-button\"><a class=\"wp-block-button__link has-base-color has-grey-background-color has-text-color has-background has-link-color wp-element-button\" href=\"https:\/\/www.fascinant-weekend.fr\/\" target=\"_blank\" rel=\"noreferrer noopener\">Nationale Seite<\/a><\/div>\n<\/div>\n<\/div>\n<\/div>\n<\/section>\n\n<section class=\"wp-block-group alignfull pattern-bubble-links has-middleground-background-color has-background has-global-padding is-layout-constrained wp-block-group-is-layout-constrained\" style=\"padding-top:var(--wp--preset--spacing--xx-large);padding-bottom:var(--wp--preset--spacing--xx-large)\">\n\t<div class=\"fsgb-block-link-mosaic is-style-bubbles alignwide\"  >\n\t\t\t\t\t\t\t\t\t\t\t\t<a href=\"https:\/\/tourisme-en-champagne.com\/assets\/uploads\/2025\/03\/cartefwe.pdf\" target=\"_blank\">\n\t\t\t\t\t\t\t\t\t\t\t\t\t\t\t<div class=\"text-link-title\">\n\t\t\t\t\t\t\t\t\t\t\t\t\t<h2 class=\"link-title\">Carte de l&#8217;appellation<\/h2>\n\t\t\t\t\t\t\t\t\t\t\t\t\t\t\t\t\t<\/div>\n\t\t\t\t<\/a>\n\t\t\t\t\t\t\t\t\t\t\t\t\t\t<a href=\"https:\/\/www.facebook.com\/vignobles.decouvertes.champagne\" target=\"_blank\" rel=\"noopener\">\n\t\t\t\t\t\t\t\t\t\t\t\t\t\t\t<div class=\"text-link-title\">\n\t\t\t\t\t\t\t\t\t\t\t\t\t<h2 class=\"link-title\">Facebook<\/h2>\n\t\t\t\t\t\t\t\t\t\t\t\t\t\t\t\t\t<\/div>\n\t\t\t\t<\/a>\n\t\t\t\t\t\t\t\t\t\t\t\t\t\t<a href=\"#\">\n\t\t\t\t\t\t\t\t\t\t\t\t\t\t\t<div class=\"text-link-title\">\n\t\t\t\t\t\t\t\t\t\t\t\t\t<h2 class=\"link-title\">Instagram<\/h2>\n\t\t\t\t\t\t\t\t\t\t\t\t\t\t\t\t\t<\/div>\n\t\t\t\t<\/a>\n\t\t\t\t\t\t\t\t\t\t\t\t\t\t<a href=\"#\">\n\t\t\t\t\t\t\t\t\t\t\t<div class=\"thumbnail\"><img loading=\"lazy\" decoding=\"async\" width=\"49\" height=\"47\" src=\"https:\/\/tourisme-en-champagne.com\/assets\/uploads\/2025\/03\/vigne-1.svg\" class=\"attachment-thumbnail size-thumbnail\" alt=\"Picto Vignes\" title=\"\"><\/div>\n\t\t\t\t\t\t\t\t\t\t\t\t\t\t\t<div class=\"text-link-title\">\n\t\t\t\t\t\t\t\t\t\t\t\t\t<h2 class=\"link-title\">Destinations labellis\u00e9es<\/h2>\n\t\t\t\t\t\t\t\t\t\t\t\t\t\t\t\t\t<\/div>\n\t\t\t\t<\/a>\n\t\t\t\t\t\t\t\t\t\t\t\t\t\t<a href=\"https:\/\/cdt51.media.tourinsoft.eu\/upload\/ADT---E-Brochure-Fascinant-WE---finale-7.pdf\" target=\"_blank\" rel=\"noopener\">\n\t\t\t\t\t\t\t\t\t\t\t<div class=\"thumbnail\"><img loading=\"lazy\" decoding=\"async\" width=\"50\" height=\"50\" src=\"https:\/\/tourisme-en-champagne.com\/assets\/uploads\/2025\/03\/brochures-1.svg\" class=\"attachment-thumbnail size-thumbnail\" alt=\"Picto Brochures\" title=\"\"><\/div>\n\t\t\t\t\t\t\t\t\t\t\t\t\t\t\t<div class=\"text-link-title\">\n\t\t\t\t\t\t\t\t\t\t\t\t\t<h2 class=\"link-title\">Brochure<\/h2>\n\t\t\t\t\t\t\t\t\t\t\t\t\t\t\t\t\t<\/div>\n\t\t\t\t<\/a>\n\t\t\t\t\t\t\t\t\t\t\t\n\t<\/div>\n\n<\/section>\n","protected":false},"excerpt":{"rendered":"<p>Zur\u00fcck im Bild Das faszinierende Vignobles &amp; D\u00e9couvertes-Wochenende war eine Gelegenheit f\u00fcr die \u00d6ffentlichkeit, die mit dem Vignobles &amp; D\u00e9couvertes-Label ausgezeichneten Anbieter in der Champagne bei \u00fcber 100 Veranstaltungen zu besuchen. Diese Veranstaltung in der Champagne ist Teil des nationalen Faszinierenden Wochenendes, das auch in anderen franz\u00f6sischen Weinbaugebieten mit dem LabelVignobles &amp; D\u00e9couvertes&#8220; zu finden [&hellip;]<\/p>\n","protected":false},"author":2,"featured_media":0,"parent":0,"menu_order":0,"comment_status":"closed","ping_status":"closed","template":"templates\/accueil-espace.php","meta":{"_acf_changed":false,"footnotes":"","_links_to":"","_links_to_target":""},"class_list":["post-21034","page","type-page","status-publish","hentry"],"acf":[],"_links":{"self":[{"href":"https:\/\/tourisme-en-champagne.com\/de\/wp-json\/wp\/v2\/pages\/21034","targetHints":{"allow":["GET"]}}],"collection":[{"href":"https:\/\/tourisme-en-champagne.com\/de\/wp-json\/wp\/v2\/pages"}],"about":[{"href":"https:\/\/tourisme-en-champagne.com\/de\/wp-json\/wp\/v2\/types\/page"}],"author":[{"embeddable":true,"href":"https:\/\/tourisme-en-champagne.com\/de\/wp-json\/wp\/v2\/users\/2"}],"replies":[{"embeddable":true,"href":"https:\/\/tourisme-en-champagne.com\/de\/wp-json\/wp\/v2\/comments?post=21034"}],"version-history":[{"count":1,"href":"https:\/\/tourisme-en-champagne.com\/de\/wp-json\/wp\/v2\/pages\/21034\/revisions"}],"predecessor-version":[{"id":21035,"href":"https:\/\/tourisme-en-champagne.com\/de\/wp-json\/wp\/v2\/pages\/21034\/revisions\/21035"}],"wp:attachment":[{"href":"https:\/\/tourisme-en-champagne.com\/de\/wp-json\/wp\/v2\/media?parent=21034"}],"curies":[{"name":"wp","href":"https:\/\/api.w.org\/{rel}","templated":true}]}}