{"id":20981,"date":"2025-02-19T09:54:47","date_gmt":"2025-02-19T08:54:47","guid":{"rendered":"https:\/\/tourisme-en-champagne.com\/regionaler-naturpark-der-montagne-de-reims\/"},"modified":"2026-08-20T23:38:11","modified_gmt":"2026-08-20T21:38:11","slug":"regionaler-naturpark-der-montagne-de-reims","status":"publish","type":"page","link":"https:\/\/tourisme-en-champagne.com\/de\/reiseziele-mit-tausend-gesichtern\/regionaler-naturpark-der-montagne-de-reims\/","title":{"rendered":"Regionaler Naturpark der Montagne de Reims"},"content":{"rendered":"\n<section class=\"wp-block-group alignfull pattern-text has-global-padding is-content-justification-center is-layout-constrained wp-block-group-is-layout-constrained\">\n<div class=\"wp-block-columns is-layout-flex wp-container-core-columns-is-layout-fdcf44e1 wp-block-columns-is-layout-flex\">\n<div class=\"wp-block-column is-layout-flow wp-block-column-is-layout-flow\">\n<h2 class=\"wp-block-heading\"><strong>Landwirtschaftlich genutzte Ebenen, T\u00e4ler, W\u00e4lder und H\u00fcgel mit einem au\u00dfergew\u00f6hnlichen Weinanbaugebiet&#8230;<\/strong><\/h2>\n\n\n\n<hr class=\"wp-block-separator has-text-color has-grey-color has-alpha-channel-opacity has-grey-background-color has-background\"\/>\n\n\n\n<p class=\"has-text-align-left wp-block-paragraph\">Der regionale Naturpark Montagne de Reims erstreckt sich \u00fcber 533 km\u00b2 und umfasst 65 Gemeinden im Departement Marne.<br\/>Es handelt sich um ein einzigartiges Gebiet, dessen Wert und Anf\u00e4lligkeit die Schutz- und Aufwertungsma\u00dfnahmen rechtfertigen, denen es unterliegt.<\/p>\n\n\n\n<figure class=\"wp-block-embed alignfull is-type-video is-provider-youtube wp-block-embed-youtube wp-embed-aspect-16-9 wp-has-aspect-ratio\"><div class=\"wp-block-embed__wrapper\">\n<iframe loading=\"lazy\" title=\"La randonn\u00e9e en Montagne de Reims\" width=\"500\" height=\"281\" src=\"https:\/\/www.youtube.com\/embed\/_FXEbhJ_OVc?feature=oembed\" frameborder=\"0\" allow=\"accelerometer; autoplay; clipboard-write; encrypted-media; gyroscope; picture-in-picture; web-share\" referrerpolicy=\"strict-origin-when-cross-origin\" allowfullscreen><\/iframe>\n<\/div><\/figure>\n<\/div>\n<\/div>\n<\/section>\n\n<section class=\"wp-block-group alignfull pattern-text has-middleground-background-color has-background has-global-padding is-content-justification-center is-layout-constrained wp-block-group-is-layout-constrained\">\n<div class=\"wp-block-columns is-layout-flex wp-container-core-columns-is-layout-fdcf44e1 wp-block-columns-is-layout-flex\">\n<div class=\"wp-block-column is-layout-flow wp-block-column-is-layout-flow\">\n<h2 class=\"wp-block-heading\"><strong>Entdecken Sie den Park und seine 4 landschaftlichen Regionen mit ihren einzigartigen Identit\u00e4ten!<\/strong><\/h2>\n\n\n\n<hr class=\"wp-block-separator has-text-color has-grey-color has-alpha-channel-opacity has-grey-background-color has-background\"\/>\n<\/div>\n<\/div>\n<\/section>\n\n<section class=\"wp-block-group alignfull pattern-text-50-media-50 has-middleground-background-color has-background has-global-padding is-layout-constrained wp-block-group-is-layout-constrained\" style=\"padding-top:0;padding-bottom:0\">\n<div class=\"wp-block-columns is-layout-flex wp-container-core-columns-is-layout-63fbf5b9 wp-block-columns-is-layout-flex\">\n<div class=\"wp-block-column is-layout-flow wp-block-column-is-layout-flow\">\n<figure class=\"wp-block-image size-full\"><img loading=\"lazy\" decoding=\"async\" width=\"485\" height=\"323\" src=\"https:\/\/tourisme-en-champagne.com\/assets\/uploads\/2025\/08\/loge-de-vignes-cumieres-c-evidal-adt-marne-14.jpg\" alt=\"\" class=\"wp-image-15632\" title=\"\" srcset=\"https:\/\/tourisme-en-champagne.com\/assets\/uploads\/2025\/08\/loge-de-vignes-cumieres-c-evidal-adt-marne-14.jpg 485w, https:\/\/tourisme-en-champagne.com\/assets\/uploads\/2025\/08\/loge-de-vignes-cumieres-c-evidal-adt-marne-14-400x266.jpg 400w\" sizes=\"auto, (max-width: 485px) 100vw, 485px\" \/><\/figure>\n<\/div>\n\n\n\n<div class=\"wp-block-column is-layout-flow wp-block-column-is-layout-flow\">\n<h3 class=\"wp-block-heading\">Marne-Tal<\/h3>\n\n\n\n<p class=\"wp-block-paragraph\">Das im S\u00fcden des Parks gelegene Marnetal ist nach dem Fluss benannt, der es durchflie\u00dft. Die Marne und ihr Seitenkanal verlaufen von Ost nach West entlang des s\u00fcdlichen Teils des Parks. <\/p>\n\n\n\n<p class=\"wp-block-paragraph\">La Marne a fa\u00e7onn\u00e9 le paysage pour former une vall\u00e9e domin\u00e9e par la for\u00eat. Alors que les vignes de la rive droite descendent en cascade jusqu\u2019\u00e0 la rivi\u00e8re de la Marne et de son canal, \u00e0 l\u2019est, les grandes cultures de la plaine de Champagne remplacent progressivement les vignes. Les villages align\u00e9s sur les replats offrent de magnifiques points de vue comme \u00e0 Mutigny,\u00a0<a href=\"https:\/\/tourisme-en-champagne.com\/activite\/hautvillers\/\" data-type=\"activite\" data-id=\"8193\">Hautvillers<\/a>\u00a0ou\u00a0Ch\u00e2tillon-sur-Marne, valoris\u00e9s par la<a href=\"https:\/\/tourisme-en-champagne.com\/tout-sur-le-champagne\/route-touristique-du-champagne\/\" data-type=\"page\" data-id=\"10286\">\u00a0Route touristique du Champagne<\/a>.<\/p>\n<\/div>\n<\/div>\n<\/section>\n\n<section class=\"wp-block-group alignfull pattern-text has-middleground-background-color has-background has-global-padding is-content-justification-center is-layout-constrained wp-block-group-is-layout-constrained\">\n<div class=\"wp-block-columns is-layout-flex wp-container-core-columns-is-layout-fdcf44e1 wp-block-columns-is-layout-flex\">\n<div class=\"wp-block-column is-layout-flow wp-block-column-is-layout-flow\">\n<h3 class=\"wp-block-heading\"><strong>Waldgebiet<\/strong><\/h3>\n\n\n\n<p class=\"has-text-align-left wp-block-paragraph\">Au c\u0153ur du Parc, le\u00a0<a href=\"https:\/\/tourisme-en-champagne.com\/activite\/foret-dexception-hautvillers\/\" data-type=\"activite\" data-id=\"8087\">massif forestier\u00a0<\/a>couvre, \u00e0 lui seul, 40% de la surface du territoire. Sur ce vaste plateau d&#8217;argile \u00e0 meuli\u00e8re se dresse des\u00a0<strong><a href=\"http:\/\/parc-montagnedereims.fr\/fr\/d%C3%A9couvrir\/appr%C3%A9cier\/patrimoine-naturel#mysteres-d-un-ecrin-de-verdure\" target=\"_blank\" rel=\"noreferrer noopener\">for\u00eats denses<\/a><\/strong>\u00a0et quelques clairi\u00e8res t\u00e9moins d&#8217;une importante activit\u00e9 humaine et du r\u00f4le majeur jou\u00e9 par la for\u00eat dans le pass\u00e9. \u00c0 288 m\u00e8tres d&#8217;altitude, c&#8217;est ici que culmine le plus haut sommet du Parc mais aussi de la Marne, le Mont Sina\u00ef.<\/p>\n\n\n\n<p class=\"has-text-align-left wp-block-paragraph\">Der Wald ist reich an Legenden und Geheimnissen und beherbergt eine Vielzahl von Arten, darunter einige Rarit\u00e4ten, die Naturliebhaber begeistern. Ein beliebtes Ziel f\u00fcr Sport- und Freizeitaktivit\u00e4ten. Lassen Sie sich von dieser au\u00dfergew\u00f6hnlichen gr\u00fcnen Oase und ihren ungeahnten Reicht\u00fcmern verzaubern! <\/p>\n\n\n\n<h3 class=\"wp-block-heading\">Tardenois<\/h3>\n\n\n\n<p class=\"wp-block-paragraph\">Felder, Weinberge und W\u00e4lder verflechten sich im Tardenois im Tal der Ardre. Der Fluss schl\u00e4ngelt sich zwischen Plateaus und H\u00fcgeln bis nach Fismes, wo er in die Vesle m\u00fcndet. <\/p>\n\n\n\n<p class=\"wp-block-paragraph\">Das Mittelalter hinterlie\u00df seine Spuren in Form von Kirchen.<strong> <a href=\"http:\/\/parc-montagnedereims.fr\/fr\/d%C3%A9couvrir\/appr%C3%A9cier\/patrimoine-culturel#villages-de-la-montagne-de-reims\" rel=\"noreferrer noopener\" target=\"_blank\">romanische Kirchen<\/a> <\/strong>die diese Region durchziehen. Sie \u00fcberragen die D\u00f6rfer, die in den T\u00e4lern oder an den H\u00e4ngen gebaut wurden. Diese Region ist stark gepr\u00e4gt von den Ereignissen des 19. <strong><a href=\"http:\/\/parc-montagnedereims.fr\/fr\/d%C3%A9couvrir\/appr%C3%A9cier\/patrimoine-culturel#souvenir-de-la-grand-guerre\" rel=\"noreferrer noopener\" target=\"_blank\">die K\u00e4mpfe des Gro\u00dfen Krieges.<\/a><\/strong> Dies wird durch die vielen Soldatenfriedh\u00f6fe veranschaulicht.    <\/p>\n\n\n\n<h3 class=\"wp-block-heading\">Coteaux de la Montagne de Reims (Weinberge von Reims)<\/h3>\n\n\n\n<p class=\"wp-block-paragraph\">Im Norden und Osten des Parks, von Vrigny \u00fcber Sermiers und Verzy bis Tr\u00e9pail, zeichnet sich die Region der H\u00e4nge der Montagne de Reims durch ihre Reliefs aus, die einen besonders hohen landschaftlichen Wert haben. Die K\u00fcste der Ile-de-France, eine echte Barriere, die die Ebene der Kreidechampagne \u00fcberragt, ist hier h\u00f6her (180 Meter H\u00f6henunterschied) und relativ geradlinig. Der Hang und seine Steilh\u00e4nge beherbergen die Weinberge und D\u00f6rfer und bieten au\u00dfergew\u00f6hnliche Ausblicke entlang der touristischen Route der Champagne.  <\/p>\n<\/div>\n<\/div>\n<\/section>\n\n<section class=\"wp-block-group alignfull pattern-text-50-media-50 has-global-padding is-layout-constrained wp-block-group-is-layout-constrained\">\n<div class=\"wp-block-columns is-layout-flex wp-container-core-columns-is-layout-63fbf5b9 wp-block-columns-is-layout-flex\">\n<div class=\"wp-block-column is-layout-flow wp-block-column-is-layout-flow\">\n<h2 class=\"wp-block-heading\"><strong>Viele Sch\u00e4tze<\/strong><\/h2>\n\n\n\n<hr class=\"wp-block-separator has-text-color has-grey-color has-alpha-channel-opacity has-grey-background-color has-background\"\/>\n\n\n\n<p class=\"wp-block-paragraph\">Der Park ist reich an Sch\u00e4tzen: die <strong>wilden Orchideen<\/strong> der Champagne und die <strong>Faux de Verzy<\/strong> sind der Beweis daf\u00fcr. Diese krummen Buchen mit ihren knorrigen und unf\u00f6rmigen St\u00e4mmen geben Wissenschaftlern R\u00e4tsel auf und sorgen bei Spazierg\u00e4ngern immer wieder f\u00fcr Erstaunen. <\/p>\n\n\n\n<h3 class=\"wp-block-heading\">Wanderwege und Rundreisen<\/h3>\n\n\n\n<p class=\"wp-block-paragraph\">300 km de\u00a0<a href=\"https:\/\/tourisme-en-champagne.com\/circuits-pedestres-dans-le-pnr\/\" data-type=\"page\" data-id=\"11420\">sentiers p\u00e9destres balis\u00e9s<\/a>\u00a0et de nombreux\u00a0<a href=\"https:\/\/tourisme-en-champagne.com\/activites-de-loisirs-et-nature\/activites-sportives-et-de-loisirs\/velo\/autour-de-reims\/\" data-type=\"page\" data-id=\"15137\">circuits cyclistes<\/a>\u00a0et \u00e9questres vous m\u00e8neront \u00e0 travers le\u00a0<strong>Parc Naturel R\u00e9gional de la Montagne de Reims<\/strong>\u00a0et vous feront d\u00e9couvrir son patrimoine naturel et culturel.<\/p>\n<\/div>\n\n\n\n<div class=\"wp-block-column is-layout-flow wp-block-column-is-layout-flow\">\n<figure class=\"wp-block-image size-full\"><img loading=\"lazy\" decoding=\"async\" width=\"370\" height=\"370\" src=\"https:\/\/tourisme-en-champagne.com\/assets\/uploads\/2025\/08\/randonneecfotoliacom1-2-1.jpg\" alt=\"\" class=\"wp-image-15641\" title=\"\"><\/figure>\n<\/div>\n<\/div>\n<\/section>\n\n<section class=\"wp-block-group alignfull pattern-text-50-media-50 has-middleground-background-color has-background has-global-padding is-layout-constrained wp-block-group-is-layout-constrained\">\n<div class=\"wp-block-columns is-layout-flex wp-container-core-columns-is-layout-63fbf5b9 wp-block-columns-is-layout-flex\">\n<div class=\"wp-block-column is-layout-flow wp-block-column-is-layout-flow\">\n<figure class=\"wp-block-embed is-type-video is-provider-youtube wp-block-embed-youtube wp-embed-aspect-16-9 wp-has-aspect-ratio\"><div class=\"wp-block-embed__wrapper\">\n<iframe loading=\"lazy\" title=\"Les Faux de Verzy, accessibilit\u00e9\" width=\"500\" height=\"281\" src=\"https:\/\/www.youtube.com\/embed\/TEb76Jh3Rhs?feature=oembed\" frameborder=\"0\" allow=\"accelerometer; autoplay; clipboard-write; encrypted-media; gyroscope; picture-in-picture; web-share\" referrerpolicy=\"strict-origin-when-cross-origin\" allowfullscreen><\/iframe>\n<\/div><\/figure>\n<\/div>\n\n\n\n<div class=\"wp-block-column is-layout-flow wp-block-column-is-layout-flow\">\n<h2 class=\"wp-block-heading\"><strong>Tourismus &amp; Behinderung<\/strong><\/h2>\n\n\n\n<hr class=\"wp-block-separator has-text-color has-grey-color has-alpha-channel-opacity has-grey-background-color has-background\"\/>\n\n\n\n<p class=\"wp-block-paragraph\">Ein mit dem Label <strong>Tourisme et Handicap*<\/strong> ausgezeichneter Pfad, der an den Parkpl\u00e4tzen Les Faux oder Les Pins beginnt, erm\u00f6glicht es, sie in ihrer nat\u00fcrlichen Waldumgebung zu beobachten. (*4 Behinderungen: motorisch, mental, visuell und auditiv). <\/p>\n<\/div>\n<\/div>\n<\/section>\n\n<section class=\"wp-block-group alignfull pattern-text-50-media-50 has-global-padding is-layout-constrained wp-block-group-is-layout-constrained\">\n<div class=\"wp-block-columns is-layout-flex wp-container-core-columns-is-layout-63fbf5b9 wp-block-columns-is-layout-flex\">\n<div class=\"wp-block-column is-layout-flow wp-block-column-is-layout-flow\">\n<h2 class=\"wp-block-heading\"><strong>Wichtigster Vorrat an F\u00e4lschungen<\/strong><\/h2>\n\n\n\n<hr class=\"wp-block-separator has-text-color has-grey-color has-alpha-channel-opacity has-grey-background-color has-background\"\/>\n\n\n\n<p class=\"wp-block-paragraph\">Ein mit dem Label <strong>Tourisme et Handicap*<\/strong> ausgezeichneter Pfad, der an den Parkpl\u00e4tzen Les Faux oder Les Pins beginnt, erm\u00f6glicht es, sie in ihrer nat\u00fcrlichen Waldumgebung zu beobachten. (*4 Behinderungen: motorisch, mental, visuell und auditiv). <\/p>\n<\/div>\n\n\n\n<div class=\"wp-block-column is-layout-flow wp-block-column-is-layout-flow\">\n<figure class=\"wp-block-embed is-type-video is-provider-youtube wp-block-embed-youtube wp-embed-aspect-16-9 wp-has-aspect-ratio\"><div class=\"wp-block-embed__wrapper\">\n<iframe loading=\"lazy\" title=\"Les Faux de Verzy, des arbres d&#039;exception \u00e0 observer en For\u00eat d&#039;Exception\u00ae de la montagne de Reims\" width=\"500\" height=\"281\" src=\"https:\/\/www.youtube.com\/embed\/m3GlWYhYxas?feature=oembed\" frameborder=\"0\" allow=\"accelerometer; autoplay; clipboard-write; encrypted-media; gyroscope; picture-in-picture; web-share\" referrerpolicy=\"strict-origin-when-cross-origin\" allowfullscreen><\/iframe>\n<\/div><\/figure>\n<\/div>\n<\/div>\n<\/section>\n\n<section style=\"background-image:url(&apos;https:\/\/tourisme-en-champagne.com\/assets\/uploads\/2025\/08\/faux-de-verzycc-manquillet-coll-adt-marne12-1.jpg&apos;);background-size:cover;\" class=\"wp-block-group alignfull pattern-text-50-right-background has-base-color has-text-color has-link-color wp-elements-a782b82a43150fc101859342a235c80f has-global-padding is-layout-constrained wp-block-group-is-layout-constrained has-background\">\n<div class=\"wp-block-columns is-layout-flex wp-container-core-columns-is-layout-fdcf44e1 wp-block-columns-is-layout-flex\">\n<div class=\"wp-block-column is-layout-flow wp-block-column-is-layout-flow\"><\/div>\n\n\n\n<div class=\"wp-block-column is-layout-flow wp-block-column-is-layout-flow\">\n<h2 class=\"wp-block-heading\"><strong>Wussten Sie das?  <\/strong><\/h2>\n\n\n\n<hr class=\"wp-block-separator has-text-color has-base-color has-alpha-channel-opacity has-base-background-color has-background\"\/>\n\n\n\n<p class=\"wp-block-paragraph\">Der Legende nach kletterte Jeanne d&#8217;Arc auf dem Weg mit Karl VII. zur Abtei Saint-Basle in Verzy in die \u00c4ste einer Fau und setzte sich dort hin.<\/p>\n\n\n\n<p class=\"wp-block-paragraph\">Ob wahr oder nicht, die Anekdote zeugt von den vielen Legenden, die sich jahrhundertelang um diese Buchen rankten, deren Wuchs noch immer ein Geheimnis ist!<\/p>\n\n\n\n<p class=\"wp-block-paragraph\"><strong>&gt;  Laden Sie die Anwendung herunter, bevor Sie sich auf den Weg machen: Es gibt kein Netz!<\/strong><\/p>\n\n\n\n<p class=\"wp-block-paragraph\">&#8211; <a href=\"https:\/\/play.google.com\/store\/apps\/details?id=net.ateliernature.android.onf.verzy.explorrando&amp;hl=fr\" rel=\"noreferrer noopener\" target=\"_blank\">Laden Sie &#8222;En for\u00eat de Verzy&#8220; auf Google Play herunter<\/a>.<\/p>\n\n\n\n<p class=\"wp-block-paragraph\">&#8211; <a href=\"https:\/\/itunes.apple.com\/fr\/app\/en-foret-de-verzy\/id1179809845?mt=8\" rel=\"noreferrer noopener\" target=\"_blank\">Laden Sie &#8222;En for\u00eat de Verzy&#8220; im App Store herunter.<\/a><\/p>\n<\/div>\n<\/div>\n<\/section>\n\n<section class=\"wp-block-group alignfull pattern-text has-global-padding is-content-justification-center is-layout-constrained wp-block-group-is-layout-constrained\">\n<div class=\"wp-block-columns is-layout-flex wp-container-core-columns-is-layout-fdcf44e1 wp-block-columns-is-layout-flex\">\n<div class=\"wp-block-column is-layout-flow wp-block-column-is-layout-flow\">\n<h2 class=\"wp-block-heading\"><strong>IHR KONTAKT  <\/strong><\/h2>\n\n\n\n<hr class=\"wp-block-separator has-text-color has-grey-color has-alpha-channel-opacity has-grey-background-color has-background\"\/>\n\n\n\n<p class=\"wp-block-paragraph\"><strong>REGIONALER NATURPARK DER MONTAGNE DE REIMS<\/strong><\/p>\n\n\n\n<p class=\"has-text-align-left wp-block-paragraph\"><strong>MAISON DU PARC &#8211; 51480 POURCY &#8211; 03 26 59 44 44 &#8211; <a href=\"http:\/\/www.parc-montagnedereims.fr\/\" target=\"_blank\" rel=\"noreferrer noopener\">WWW.PARC-MONTAGNEDEREIMS.FR<\/a><\/strong><\/p>\n<\/div>\n<\/div>\n<\/section>\n\n<section class=\"wp-block-group alignfull pattern-playlist-grid has-global-padding is-layout-constrained wp-block-group-is-layout-constrained\">\n<h2 class=\"wp-block-heading has-text-align-center\">Plus de d\u00e9couvertes<\/h2>\n\n\n\n<hr class=\"wp-block-separator has-text-color has-accent-3-color has-alpha-channel-opacity has-accent-3-background-color has-background\"\/>\n\n\n\t\t\t<div class=\"fsgb-block-playlist playlist-grid is-style-grid\"  style=\"margin-top:var(--wp--preset--spacing--x-large);\">\n\t\t\t\t\n\t\t\t\n\t\t\t<div class=\"swiper swiperPlaylistGrid\">\n\n\t\t\t\t<div class=\"swiper-wrapper posts-count-5\">\n\t\t\t\t\t\t\t\t\t\t\t\t\t\t\t\t\t<div class=\"swiper-slide \">\n\t\t\t\t\t\t\t\n<article class=\"card card--itineraire stretched-link\" data-id=\"26244\" data-post-id-sync-map=\"26244\" >\n\t\n\t\t\n\t\t\t\t<div class=\"card__thumbnail has-middleground-background-color stack\">\n\t\t\t<img decoding=\"async\" width=\"2048\" src=\"https:\/\/cdt51.media.tourinsoft.eu\/upload\/Faux-de-Verzy-C.-Manquillet-Coll.-ADT-Marne21.jpg\" class=\"attachment- size-\" alt=\"Randonn\u00e9e des Faux de Verzy label T&#038;H\" srcset=\"https:\/\/cdt51.media.tourinsoft.eu\/upload\/Faux-de-Verzy-C.-Manquillet-Coll.-ADT-Marne21.jpg?width=400 400w, https:\/\/cdt51.media.tourinsoft.eu\/upload\/Faux-de-Verzy-C.-Manquillet-Coll.-ADT-Marne21.jpg?width=640 640w, https:\/\/cdt51.media.tourinsoft.eu\/upload\/Faux-de-Verzy-C.-Manquillet-Coll.-ADT-Marne21.jpg?width=768 768w, https:\/\/cdt51.media.tourinsoft.eu\/upload\/Faux-de-Verzy-C.-Manquillet-Coll.-ADT-Marne21.jpg?width=1280 1280w, https:\/\/cdt51.media.tourinsoft.eu\/upload\/Faux-de-Verzy-C.-Manquillet-Coll.-ADT-Marne21.jpg?width=1536&amp;height=1536 1536w, https:\/\/cdt51.media.tourinsoft.eu\/upload\/Faux-de-Verzy-C.-Manquillet-Coll.-ADT-Marne21.jpg?width=2048&amp;height=2048 2048w\" sizes=\"(max-width: 2048px) 100vw, 2048px\" title=\"\">\t\t<\/div>\n\t\n\t\t<div class=\"card__content\">\n\t\t\t\n\t\t\t\t\t\t\t\t\t\n\t\t\t\t\t\t\t\t\t\n\t\t\t\t\t\t<h3 class=\"title wp-block-heading is-style-h3\">\n\t\t\t\t<a href=\"https:\/\/tourisme-en-champagne.com\/de\/itineraire\/randonnee-des-faux-de-verzy-label-th\/\" target=\"_blank\">Randonn\u00e9e des Faux de Verzy label T&#038;H<\/a>\t\t\t\t\t\t\t<\/h3>\n\t\t\t\n\t\t\t\t\t\t\t\t\t\n\t\t\t\t\t\t<div class=\"underlined\"><\/div>\n\t\t\n\t\t\t\t\t\t\t\t\t\t<div class=\"location\">\n\t\t\t\t\tVerzy\t\t\t\t<\/div>\n\t\t\t\t\t\t\n\t\t\t\t\t\t\t\t\t\n\t\t\t\t\t\t\t\t\t\n\t\t\t\t\t\t\t\t\t\n\t\t\t\t\t\t\t\t\t\t<div class=\"descriptif\">Zeit f\u00fcr einen Spaziergang im Wald, entdecken Sie die Faux de Verzy B\u00e4ume, die zu Hause sind au\u00dfe&#8230;<\/div>\n\t\t\t\t\n\t\t\t\t\t\t\t\t\t\t\t\t\t\t\t\t\n\t\t\t\t\t\t\t\t\t\t<div class=\"wp-block-button\">\n\t\t\t\t\t<a class=\"wp-element-button rounded\" href=\"https:\/\/tourisme-en-champagne.com\/de\/itineraire\/randonnee-des-faux-de-verzy-label-th\/\" target=\"_blank\" aria-label=\"Mehr erfahren \u00fcber Randonn\u00e9e des Faux de Verzy label T&#038;H\">Mehr erfahren<\/a>\n\t\t\t\t<\/div>\n\t\t\t \n\t\t<\/div>\n\t\t\n\n\t\t<\/article>\n\n\t\t\t\t\t\t<\/div>\n\t\t\t\t\t\t\t\t\t\t\t\t\t\t\t\t\t<div class=\"swiper-slide \">\n\t\t\t\t\t\t\t\n<article class=\"card card--itineraire stretched-link\" data-id=\"26211\" data-post-id-sync-map=\"26211\" >\n\t\n\t\t\n\t\t\t\t<div class=\"card__thumbnail has-middleground-background-color stack\">\n\t\t\t<img decoding=\"async\" width=\"2048\" src=\"https:\/\/cdt51.media.tourinsoft.eu\/upload\/Faux-de-Verzy-CDT-Marne-Coll.jpg\" class=\"attachment- size-\" alt=\"PR 63 Circuit entre Vignes et Faux\" srcset=\"https:\/\/cdt51.media.tourinsoft.eu\/upload\/Faux-de-Verzy-CDT-Marne-Coll.jpg?width=400 400w, https:\/\/cdt51.media.tourinsoft.eu\/upload\/Faux-de-Verzy-CDT-Marne-Coll.jpg?width=640 640w, https:\/\/cdt51.media.tourinsoft.eu\/upload\/Faux-de-Verzy-CDT-Marne-Coll.jpg?width=768 768w, https:\/\/cdt51.media.tourinsoft.eu\/upload\/Faux-de-Verzy-CDT-Marne-Coll.jpg?width=1280 1280w, https:\/\/cdt51.media.tourinsoft.eu\/upload\/Faux-de-Verzy-CDT-Marne-Coll.jpg?width=1536&amp;height=1536 1536w, https:\/\/cdt51.media.tourinsoft.eu\/upload\/Faux-de-Verzy-CDT-Marne-Coll.jpg?width=2048&amp;height=2048 2048w\" sizes=\"(max-width: 2048px) 100vw, 2048px\" title=\"\">\t\t<\/div>\n\t\n\t\t<div class=\"card__content\">\n\t\t\t\n\t\t\t\t\t\t\t\t\t\n\t\t\t\t\t\t\t\t\t\n\t\t\t\t\t\t<h3 class=\"title wp-block-heading is-style-h3\">\n\t\t\t\t<a href=\"https:\/\/tourisme-en-champagne.com\/de\/itineraire\/pr-63-circuit-entre-vignes-et-faux\/\" target=\"_blank\">PR 63 Circuit entre Vignes et Faux<\/a>\t\t\t\t\t\t\t<\/h3>\n\t\t\t\n\t\t\t\t\t\t\t\t\t\n\t\t\t\t\t\t<div class=\"underlined\"><\/div>\n\t\t\n\t\t\t\t\t\t\t\t\t\t<div class=\"location\">\n\t\t\t\t\tVerzy\t\t\t\t<\/div>\n\t\t\t\t\t\t\n\t\t\t\t\t\t\t\t\t\n\t\t\t\t\t\t\t\t\t\n\t\t\t\t\t\t\t\t\t\n\t\t\t\t\t\t\t\t\t\t<div class=\"descriptif\">Dauer der Tour\n4 Std.\n\nAnzahl der km\n16 km\n\nName der Ausgangsgemeinde\nVerzy\n\nDiese Rundtour zwisc&#8230;<\/div>\n\t\t\t\t\n\t\t\t\t\t\t\t\t\t\t\t\t\t\t\t\t\n\t\t\t\t\t\t\t\t\t\t<div class=\"wp-block-button\">\n\t\t\t\t\t<a class=\"wp-element-button rounded\" href=\"https:\/\/tourisme-en-champagne.com\/de\/itineraire\/pr-63-circuit-entre-vignes-et-faux\/\" target=\"_blank\" aria-label=\"Mehr erfahren \u00fcber PR 63 Circuit entre Vignes et Faux\">Mehr erfahren<\/a>\n\t\t\t\t<\/div>\n\t\t\t \n\t\t<\/div>\n\t\t\n\n\t\t<\/article>\n\n\t\t\t\t\t\t<\/div>\n\t\t\t\t\t\t\t\t\t\t\t\t\t\t\t\t\t<div class=\"swiper-slide \">\n\t\t\t\t\t\t\t\n<article class=\"card card--itineraire stretched-link\" data-id=\"26196\" data-post-id-sync-map=\"26196\" >\n\t\n\t\t\n\t\t\t\t<div class=\"card__thumbnail has-middleground-background-color stack\">\n\t\t\t<img decoding=\"async\" width=\"2048\" src=\"https:\/\/cdt51.media.tourinsoft.eu\/upload\/Boussole-P.Klimenko-Fotolia-Coll.CDT-Marne.jpg\" class=\"attachment- size-\" alt=\"Circuit de la boucle de l&#8217;Ardre\" srcset=\"https:\/\/cdt51.media.tourinsoft.eu\/upload\/Boussole-P.Klimenko-Fotolia-Coll.CDT-Marne.jpg?width=400 400w, https:\/\/cdt51.media.tourinsoft.eu\/upload\/Boussole-P.Klimenko-Fotolia-Coll.CDT-Marne.jpg?width=640 640w, https:\/\/cdt51.media.tourinsoft.eu\/upload\/Boussole-P.Klimenko-Fotolia-Coll.CDT-Marne.jpg?width=768 768w, https:\/\/cdt51.media.tourinsoft.eu\/upload\/Boussole-P.Klimenko-Fotolia-Coll.CDT-Marne.jpg?width=1280 1280w, https:\/\/cdt51.media.tourinsoft.eu\/upload\/Boussole-P.Klimenko-Fotolia-Coll.CDT-Marne.jpg?width=1536&amp;height=1536 1536w, https:\/\/cdt51.media.tourinsoft.eu\/upload\/Boussole-P.Klimenko-Fotolia-Coll.CDT-Marne.jpg?width=2048&amp;height=2048 2048w\" sizes=\"(max-width: 2048px) 100vw, 2048px\" title=\"\">\t\t<\/div>\n\t\n\t\t<div class=\"card__content\">\n\t\t\t\n\t\t\t\t\t\t\t\t\t\n\t\t\t\t\t\t\t\t\t\n\t\t\t\t\t\t<h3 class=\"title wp-block-heading is-style-h3\">\n\t\t\t\t<a href=\"https:\/\/tourisme-en-champagne.com\/de\/itineraire\/circuit-de-la-boucle-de-lardre\/\" target=\"_blank\">Circuit de la boucle de l&#8217;Ardre<\/a>\t\t\t\t\t\t\t<\/h3>\n\t\t\t\n\t\t\t\t\t\t\t\t\t\n\t\t\t\t\t\t<div class=\"underlined\"><\/div>\n\t\t\n\t\t\t\t\t\t\t\t\t\t<div class=\"location\">\n\t\t\t\t\tCrugny\t\t\t\t<\/div>\n\t\t\t\t\t\t\n\t\t\t\t\t\t\t\t\t\n\t\t\t\t\t\t\t\t\t\n\t\t\t\t\t\t\t\t\t\n\t\t\t\t\t\t\t\t\t\t<div class=\"descriptif\">Dauer der Tour\n3 Std. 15 Min.\n\nAnzahl der km\n13 km\n\nName der Ausgangsgemeinde\nCrugny\n\n\u201eUm gl\u00fcckli&#8230;<\/div>\n\t\t\t\t\n\t\t\t\t\t\t\t\t\t\t\t\t\t\t\t\t\n\t\t\t\t\t\t\t\t\t\t<div class=\"wp-block-button\">\n\t\t\t\t\t<a class=\"wp-element-button rounded\" href=\"https:\/\/tourisme-en-champagne.com\/de\/itineraire\/circuit-de-la-boucle-de-lardre\/\" target=\"_blank\" aria-label=\"Mehr erfahren \u00fcber Circuit de la boucle de l&#8217;Ardre\">Mehr erfahren<\/a>\n\t\t\t\t<\/div>\n\t\t\t \n\t\t<\/div>\n\t\t\n\n\t\t<\/article>\n\n\t\t\t\t\t\t<\/div>\n\t\t\t\t\t\t\t\t\t\t\t\t\t\t\t\t\t<div class=\"swiper-slide \">\n\t\t\t\t\t\t\t\n<article class=\"card card--itineraire stretched-link\" data-id=\"26209\" data-post-id-sync-map=\"26209\" >\n\t\n\t\t\n\t\t\t\t<div class=\"card__thumbnail has-middleground-background-color stack\">\n\t\t\t<img decoding=\"async\" width=\"2048\" src=\"https:\/\/cdt51.media.tourinsoft.eu\/upload\/Ay-e-co-visite_2.jpg\" class=\"attachment- size-\" alt=\"PR 43 Circuit du Cubray\" srcset=\"https:\/\/cdt51.media.tourinsoft.eu\/upload\/Ay-e-co-visite_2.jpg?width=400 400w, https:\/\/cdt51.media.tourinsoft.eu\/upload\/Ay-e-co-visite_2.jpg?width=640 640w, https:\/\/cdt51.media.tourinsoft.eu\/upload\/Ay-e-co-visite_2.jpg?width=768 768w, https:\/\/cdt51.media.tourinsoft.eu\/upload\/Ay-e-co-visite_2.jpg?width=1280 1280w, https:\/\/cdt51.media.tourinsoft.eu\/upload\/Ay-e-co-visite_2.jpg?width=1536&amp;height=1536 1536w, https:\/\/cdt51.media.tourinsoft.eu\/upload\/Ay-e-co-visite_2.jpg?width=2048&amp;height=2048 2048w\" sizes=\"(max-width: 2048px) 100vw, 2048px\" title=\"\">\t\t<\/div>\n\t\n\t\t<div class=\"card__content\">\n\t\t\t\n\t\t\t\t\t\t\t\t\t\n\t\t\t\t\t\t\t\t\t\n\t\t\t\t\t\t<h3 class=\"title wp-block-heading is-style-h3\">\n\t\t\t\t<a href=\"https:\/\/tourisme-en-champagne.com\/de\/itineraire\/pr-43-circuit-du-cubray\/\" target=\"_blank\">PR 43 Circuit du Cubray<\/a>\t\t\t\t\t\t\t<\/h3>\n\t\t\t\n\t\t\t\t\t\t\t\t\t\n\t\t\t\t\t\t<div class=\"underlined\"><\/div>\n\t\t\n\t\t\t\t\t\t\t\t\t\t<div class=\"location\">\n\t\t\t\t\tAy\t\t\t\t<\/div>\n\t\t\t\t\t\t\n\t\t\t\t\t\t\t\t\t\n\t\t\t\t\t\t\t\t\t\n\t\t\t\t\t\t\t\t\t\n\t\t\t\t\t\t\t\t\t\t<div class=\"descriptif\">Dauer der Tour\n3 Std.\n\nAnzahl der km\n9,5 km\n\nName der Ausgangsgemeinde\nA\u00ff-Champagne\n\nDas Weinbaug&#8230;<\/div>\n\t\t\t\t\n\t\t\t\t\t\t\t\t\t\t\t\t\t\t\t\t\n\t\t\t\t\t\t\t\t\t\t<div class=\"wp-block-button\">\n\t\t\t\t\t<a class=\"wp-element-button rounded\" href=\"https:\/\/tourisme-en-champagne.com\/de\/itineraire\/pr-43-circuit-du-cubray\/\" target=\"_blank\" aria-label=\"Mehr erfahren \u00fcber PR 43 Circuit du Cubray\">Mehr erfahren<\/a>\n\t\t\t\t<\/div>\n\t\t\t \n\t\t<\/div>\n\t\t\n\n\t\t<\/article>\n\n\t\t\t\t\t\t<\/div>\n\t\t\t\t\t\t\t\t\t\t\t\t\t\t\t\t\t<div class=\"swiper-slide \">\n\t\t\t\t\t\t\t\n<article class=\"card card--itineraire stretched-link\" data-id=\"26219\" data-post-id-sync-map=\"26219\" >\n\t\n\t\t\n\t\t\t\t<div class=\"card__thumbnail has-middleground-background-color stack\">\n\t\t\t<img decoding=\"async\" width=\"2048\" src=\"https:\/\/cdt51.media.tourinsoft.eu\/upload\/Passy-Grigny-2.JPG\" class=\"attachment- size-\" alt=\"PR 49  Sur les pas de Nicolas de Grigny\" srcset=\"https:\/\/cdt51.media.tourinsoft.eu\/upload\/Passy-Grigny-2.JPG?width=400 400w, https:\/\/cdt51.media.tourinsoft.eu\/upload\/Passy-Grigny-2.JPG?width=640 640w, https:\/\/cdt51.media.tourinsoft.eu\/upload\/Passy-Grigny-2.JPG?width=768 768w, https:\/\/cdt51.media.tourinsoft.eu\/upload\/Passy-Grigny-2.JPG?width=1280 1280w, https:\/\/cdt51.media.tourinsoft.eu\/upload\/Passy-Grigny-2.JPG?width=1536&amp;height=1536 1536w, https:\/\/cdt51.media.tourinsoft.eu\/upload\/Passy-Grigny-2.JPG?width=2048&amp;height=2048 2048w\" sizes=\"(max-width: 2048px) 100vw, 2048px\" title=\"\">\t\t<\/div>\n\t\n\t\t<div class=\"card__content\">\n\t\t\t\n\t\t\t\t\t\t\t\t\t\n\t\t\t\t\t\t\t\t\t\n\t\t\t\t\t\t<h3 class=\"title wp-block-heading is-style-h3\">\n\t\t\t\t<a href=\"https:\/\/tourisme-en-champagne.com\/de\/itineraire\/pr-49-sur-les-pas-de-nicolas-de-grigny\/\" target=\"_blank\">PR 49  Sur les pas de Nicolas de Grigny<\/a>\t\t\t\t\t\t\t<\/h3>\n\t\t\t\n\t\t\t\t\t\t\t\t\t\n\t\t\t\t\t\t<div class=\"underlined\"><\/div>\n\t\t\n\t\t\t\t\t\t\t\t\t\t<div class=\"location\">\n\t\t\t\t\tPassy-Grigny\t\t\t\t<\/div>\n\t\t\t\t\t\t\n\t\t\t\t\t\t\t\t\t\n\t\t\t\t\t\t\t\t\t\n\t\t\t\t\t\t\t\t\t\n\t\t\t\t\t\t\t\t\t\t<div class=\"descriptif\">Dauer der Tour\n2 Std.\n\nAnzahl der km\n6 km\n\nName der Ausgangsgemeinde\nPassy-Grigny\n\n2 Std. lockere&#8230;<\/div>\n\t\t\t\t\n\t\t\t\t\t\t\t\t\t\t\t\t\t\t\t\t\n\t\t\t\t\t\t\t\t\t\t<div class=\"wp-block-button\">\n\t\t\t\t\t<a class=\"wp-element-button rounded\" href=\"https:\/\/tourisme-en-champagne.com\/de\/itineraire\/pr-49-sur-les-pas-de-nicolas-de-grigny\/\" target=\"_blank\" aria-label=\"Mehr erfahren \u00fcber PR 49  Sur les pas de Nicolas de Grigny\">Mehr erfahren<\/a>\n\t\t\t\t<\/div>\n\t\t\t \n\t\t<\/div>\n\t\t\n\n\t\t<\/article>\n\n\t\t\t\t\t\t<\/div>\n\t\t\t\t\t\t\t\t\t\t\t\t\t\t<\/div>\n\t\t\t\t\n\t\t\t\t<div class=\"swiper-buttons\">\n\t\t\t\t\t<div class=\"swiper-button-prev\"><\/div>\n\t\t\t\t\t<div class=\"swiper-button-next\"><\/div>\n\t\t\t\t<\/div>\n\t\t\t<\/div>\n\t\t<\/div>\n\t\n<\/section>\n\n<p class=\"wp-block-paragraph\"><\/p>\n","protected":false},"excerpt":{"rendered":"<p>Landwirtschaftlich genutzte Ebenen, T\u00e4ler, W\u00e4lder und H\u00fcgel mit einem au\u00dfergew\u00f6hnlichen Weinanbaugebiet&#8230; Der regionale Naturpark Montagne de Reims erstreckt sich \u00fcber 533 km\u00b2 und umfasst 65 Gemeinden im Departement Marne.Es handelt sich um ein einzigartiges Gebiet, dessen Wert und Anf\u00e4lligkeit die Schutz- und Aufwertungsma\u00dfnahmen rechtfertigen, denen es unterliegt. Entdecken Sie den Park und seine 4 landschaftlichen [&hellip;]<\/p>\n","protected":false},"author":2,"featured_media":2629,"parent":21437,"menu_order":0,"comment_status":"closed","ping_status":"closed","template":"templates\/destinations.php","meta":{"_acf_changed":false,"footnotes":"","_links_to":"","_links_to_target":""},"class_list":["post-20981","page","type-page","status-publish","has-post-thumbnail","hentry"],"acf":[],"_links":{"self":[{"href":"https:\/\/tourisme-en-champagne.com\/de\/wp-json\/wp\/v2\/pages\/20981","targetHints":{"allow":["GET"]}}],"collection":[{"href":"https:\/\/tourisme-en-champagne.com\/de\/wp-json\/wp\/v2\/pages"}],"about":[{"href":"https:\/\/tourisme-en-champagne.com\/de\/wp-json\/wp\/v2\/types\/page"}],"author":[{"embeddable":true,"href":"https:\/\/tourisme-en-champagne.com\/de\/wp-json\/wp\/v2\/users\/2"}],"replies":[{"embeddable":true,"href":"https:\/\/tourisme-en-champagne.com\/de\/wp-json\/wp\/v2\/comments?post=20981"}],"version-history":[{"count":2,"href":"https:\/\/tourisme-en-champagne.com\/de\/wp-json\/wp\/v2\/pages\/20981\/revisions"}],"predecessor-version":[{"id":28691,"href":"https:\/\/tourisme-en-champagne.com\/de\/wp-json\/wp\/v2\/pages\/20981\/revisions\/28691"}],"up":[{"embeddable":true,"href":"https:\/\/tourisme-en-champagne.com\/de\/wp-json\/wp\/v2\/pages\/21437"}],"wp:featuredmedia":[{"embeddable":true,"href":"https:\/\/tourisme-en-champagne.com\/de\/wp-json\/wp\/v2\/media\/2629"}],"wp:attachment":[{"href":"https:\/\/tourisme-en-champagne.com\/de\/wp-json\/wp\/v2\/media?parent=20981"}],"curies":[{"name":"wp","href":"https:\/\/api.w.org\/{rel}","templated":true}]}}