{"id":20761,"date":"2025-06-27T10:15:17","date_gmt":"2025-06-27T08:15:17","guid":{"rendered":"https:\/\/tourisme-en-champagne.com\/die-winzer-schaffen-ein-ereignis\/"},"modified":"2025-11-28T14:34:48","modified_gmt":"2025-11-28T13:34:48","slug":"die-winzer-schaffen-ein-ereignis","status":"publish","type":"page","link":"https:\/\/tourisme-en-champagne.com\/de\/die-winzer-schaffen-ein-ereignis\/","title":{"rendered":"Die Winzer schaffen ein Ereignis"},"content":{"rendered":"\n<section class=\"wp-block-group alignfull pattern-citation has-middleground-background-color has-background has-global-padding is-layout-constrained wp-block-group-is-layout-constrained\" style=\"margin-top:0;padding-top:var(--wp--preset--spacing--xx-large);padding-bottom:var(--wp--preset--spacing--xx-large)\">\n<div class=\"wp-block-columns is-layout-flex wp-container-core-columns-is-layout-fdcf44e1 wp-block-columns-is-layout-flex\">\n<div class=\"wp-block-column is-layout-flow wp-block-column-is-layout-flow\">\n<blockquote class=\"wp-block-quote is-layout-flow wp-block-quote-is-layout-flow\">\n<p class=\"wp-block-paragraph\">\u00dcberall in der Appellation Champagne schlie\u00dfen sich die Winzer zusammen und mobilisieren sich, um ihre Gebiete bekannt zu machen. Hier finden Sie einige der wichtigsten Veranstaltungen rund um die Route Touristique du Champagne! <\/p>\n<\/blockquote>\n<\/div>\n<\/div>\n<\/section>\n\n<section class=\"wp-block-group alignfull pattern-documentary-space has-global-padding is-content-justification-center is-layout-constrained wp-block-group-is-layout-constrained\">\n<div class=\"wp-block-columns is-layout-flex wp-container-core-columns-is-layout-fdcf44e1 wp-block-columns-is-layout-flex\">\n<div class=\"wp-block-column is-layout-flow wp-block-column-is-layout-flow\">\n<h2 class=\"wp-block-heading\"><strong>Champagner-Bar der Vignerons de la Vall\u00e9e du Flagot<\/strong><\/h2>\n\n\n\n<hr class=\"wp-block-separator has-text-color has-accent-3-color has-alpha-channel-opacity has-accent-3-background-color has-background\" \/>\n\n\n\n<p class=\"wp-block-paragraph\">Die Vignerons de la Vall\u00e9e du Flagot bieten Ihnen den ganzen Sommer \u00fcber ab Samstag, dem 9. Mai, eine tempor\u00e4re Bar in einer nat\u00fcrlichen und gr\u00fcnen Umgebung.<\/p>\n\n\n\n<p class=\"wp-block-paragraph\">Die 19 Mitgliedswinzer bieten hier am Freitagabend ihre Champagner an und am Samstagabend ist die Champagner-Bar ein Vorwand f\u00fcr zahlreiche Veranstaltungen:<em>kostenlose Konzerte, Spiele und verschiedene Animationen fast jedes Wochenende!<\/em><\/p>\n\n\n\n<p class=\"wp-block-paragraph\">Das detaillierte Programm finden Sie auf der Website der Vereinigung <a href=\"http:\/\/www.flagot.fr\/\" rel=\"noreferrer noopener\" target=\"_blank\">www.flagot.fr<\/a> und auf ihren sozialen Netzwerken @vvflagot auf Instagram und <a href=\"https:\/\/www.facebook.com\/VVFlagot\/?locale=fr_FR\" target=\"_blank\" rel=\"noreferrer noopener\">Les Vignerons de la Vall\u00e9e du Flagot <\/a>auf Facebook.<\/p>\n\n\n\n<div class=\"wp-block-buttons is-layout-flex wp-block-buttons-is-layout-flex\">\n<div class=\"wp-block-button\"><a class=\"wp-block-button__link has-accent-3-background-color has-background wp-element-button\" href=\"https:\/\/www.facebook.com\/VVFlagot\" target=\"_blank\" rel=\"noopener\">Weitere Informationen<\/a><\/div>\n<\/div>\n<\/div>\n<\/div>\n<\/section>\n\n<section class=\"wp-block-group alignfull pattern-patchwork-3-texts-3-images has-global-padding is-layout-constrained wp-block-group-is-layout-constrained\">\n<div class=\"wp-block-columns is-layout-flex wp-container-core-columns-is-layout-63fbf5b9 wp-block-columns-is-layout-flex\">\n<div class=\"wp-block-column col-content is-layout-flow wp-block-column-is-layout-flow\" style=\"flex-basis:66.6%\">\n<h2 class=\"wp-block-heading\"><strong><strong>Die Geheimnisse des kleinen Mannes<\/strong><\/strong><\/h2>\n\n\n\n<hr class=\"wp-block-separator has-text-color has-accent-2-color has-alpha-channel-opacity has-accent-2-background-color has-background\" \/>\n\n\n\n<p class=\"wp-block-paragraph\">Fahren Sie nach Rilly-la-Montagne <strong>,<\/strong> um an den <strong>&#8220; <\/strong> <a href=\"http:\/\/www.secretsdupetitbonhomme.com\/\" target=\"_blank\" rel=\"noreferrer noopener\">Secrets du Petit Bonhomme<\/a> &#8220; teilzunehmen, einer Veranstaltung, die Mitte Juli von etwa 30 Winzern des Dorfes organisiert wurde.<\/p>\n\n\n\n<p class=\"wp-block-paragraph\">Was ist das Konzept? \u00d6ffnung von Weinkellern, Verkostung von Cuv\u00e9es, Abendveranstaltung mit Musik, Ausstellungen und Animationen f\u00fcr alle. Bei der ersten Veranstaltung im Jahr 2019 konnte man die Geheimnisse der Fassherstellung entdecken, aber auch an den &#8222;Oenopiades&#8220; teilnehmen: ein beim INPI hinterlegter Wettbewerb mit drei Pr\u00fcfungen, vom Degorgieren \u00fcber das Fassrennen bis hin zum Korkenwerfen auf dem Bahnhofsplatz. Das ber\u00fchmte &#8222;Petit Bonhomme&#8220; ist eine Statue, die Bacchus darstellt. Sie schm\u00fcckte einst einen Brunnen in Rilly und steht heute in der N\u00e4he des Bahnhofs.      <\/p>\n<\/div>\n\n\n\n<div class=\"wp-block-column is-layout-flow wp-block-column-is-layout-flow\">\n<figure class=\"wp-block-image size-full\"><img loading=\"lazy\" decoding=\"async\" width=\"300\" height=\"600\" src=\"https:\/\/tourisme-en-champagne.com\/assets\/uploads\/2025\/06\/005-vignotresor-c-christophe-manquillet-coll-adt-marne.jpg\" alt=\"\" class=\"wp-image-11584\" title=\"\"><\/figure>\n\n\n\n<h2 class=\"wp-block-heading\"><strong><strong>Gourmetwanderung<\/strong><\/strong><\/h2>\n\n\n\n<hr class=\"wp-block-separator has-text-color has-accent-2-color has-alpha-channel-opacity has-accent-2-background-color has-background\" \/>\n\n\n\n<p class=\"wp-block-paragraph\">Sport und Gastronomie: Die <a href=\"http:\/\/flagot.fr\/\" target=\"_blank\" rel=\"noreferrer noopener\">Winzer des Flagot-Tals<\/a> (der kleine Bach, der durch Nesles-le-Repons, Festigny und Mareuil-le-Port flie\u00dft und in die Marne m\u00fcndet) haben auch daran gedacht!<\/p>\n\n\n\n<p class=\"wp-block-paragraph\">Eine Strecke von etwa 10 km f\u00fchrt Sie durch Weinberge, B\u00e4che und W\u00e4lder, ausgestattet mit einer Fl\u00f6te und einem Gourmetpass f\u00fcr sechs kulinarische Etappen (Aperitif, Vorspeise, Trou champenois, Hauptgericht, K\u00e4se und Dessert).<\/p>\n\n\n\n<h2 class=\"wp-block-heading\"><strong><strong>Coteaux Vitryats en f\u00eate &#8211; das Bankett<\/strong><\/strong><\/h2>\n\n\n\n<hr class=\"wp-block-separator has-text-color has-accent-2-color has-alpha-channel-opacity has-accent-2-background-color has-background\" \/>\n\n\n\n<p class=\"wp-block-paragraph\">Organisiert von <a href=\"https:\/\/www.facebook.com\/champagnedescoteauxvitryats\/\" target=\"_blank\" rel=\"noreferrer noopener\">der Association de Promotion du Champagne des Coteaux Vitryats<\/a> (APCCV), die jedes Jahr im Juli stattfindet. In diesem Jahr gibt es ein neues Konzept. Am Fu\u00dfe des Weinbergs Bassuet, an einem leicht zug\u00e4nglichen Ort, erleben Sie eine festliche Atmosph\u00e4re bei einem Essen, das speziell mit den Champagnern unserer Coteaux Vitryats abgestimmt ist. Empfang ab 12 Uhr und Essen ab 13 Uhr. Kommentierte Wanderung durch die Weinberge nach dem Essen. Reservierung erforderlich.    <\/p>\n\n\n\n<h2 class=\"wp-block-heading\"><strong><strong>Massiv von Saint-Thierry<\/strong><\/strong><\/h2>\n\n\n\n<hr class=\"wp-block-separator has-text-color has-accent-2-color has-alpha-channel-opacity has-accent-2-background-color has-background\" \/>\n\n\n\n<p class=\"wp-block-paragraph\">Seit 1991 wird alle zwei Jahre in einem Dorf des Massivs von Saint-Thierry ein <a href=\"https:\/\/www.facebook.com\/MassifSaintThierry\/\" target=\"_blank\" rel=\"noreferrer noopener\">Erntefest nach alter Art<\/a> organisiert, das in den geschm\u00fcckten Stra\u00dfen der D\u00f6rfer stattfindet und die Entdeckung der Weinberge mit Gastronomie, Kultur und Tradition verbindet.<\/p>\n\n\n\n<h2 class=\"wp-block-heading\"><strong><strong>FEST DER COTEAUX DU S\u00c9ZANNAIS<\/strong><\/strong><\/h2>\n\n\n\n<hr class=\"wp-block-separator has-text-color has-accent-2-color has-alpha-channel-opacity has-accent-2-background-color has-background\" \/>\n\n\n\n<p class=\"wp-block-paragraph\">Feiern Sie die 5. Ausgabe des &#8222;F\u00eate des Coteaux&#8220; am Sonntag, den 21. Juli 2024 im Schloss von Mondement! Die Association de Promotion des 2 Coteaux (Coteaux du S\u00e9zannais &amp; Coteaux du Petit Morin) l\u00e4dt Sie zu einem Tag ein, an dem das Kulturerbe, das Terroir und die Geselligkeit im Vordergrund stehen. <\/p>\n<\/div>\n\n\n\n<div class=\"wp-block-column is-layout-flow wp-block-column-is-layout-flow\">\n<figure class=\"wp-block-image size-full\"><img loading=\"lazy\" decoding=\"async\" width=\"300\" height=\"600\" src=\"https:\/\/tourisme-en-champagne.com\/assets\/uploads\/2025\/06\/escapade.jpeg\" alt=\"\" class=\"wp-image-11589\" title=\"\"><\/figure>\n\n\n\n<div class=\"wp-block-group col-content has-global-padding is-layout-constrained wp-block-group-is-layout-constrained\">\n<h2 class=\"wp-block-heading\"><strong><strong>Sekt- und Gourmet-Eskapade<\/strong><\/strong><\/h2>\n\n\n\n<hr class=\"wp-block-separator has-text-color has-accent-2-color has-alpha-channel-opacity has-accent-2-background-color has-background\" \/>\n\n\n\n<p class=\"wp-block-paragraph\">Pierry, Moussy, Vinay, Brugny&#8230; Willkommen unter der Sonne des S\u00fcdens! <a href=\"http:\/\/coteaux-sud-epernay.fr\/\" target=\"_blank\" rel=\"noreferrer noopener\">Die Association de Promotion des Coteaux sud d&#8217;\u00c9pernay<\/a> wurde 1996 gegr\u00fcndet, um die 13 Gemeinden des Sektors zu animieren und zu f\u00f6rdern.<\/p>\n\n\n\n<p class=\"wp-block-paragraph\">Sonntag im Juni, um an der ber\u00fchmten &#8222;La Rochelle&#8220; teilzunehmen. <a href=\"https:\/\/www.coteaux-sud-epernay.fr\/evenements\/escapade-gourmande-et-petillante\" target=\"_blank\" rel=\"noreferrer noopener\"><strong>Escapade P\u00e9tillante et Gourmande en Champagne&#8220; zu besuchen.<\/strong><\/a>Diese Veranstaltung ist f\u00fcr Liebhaber der Lebenskunst, der Gastronomie und des kulturellen Erbes gedacht. Diese Wanderung ist mit dem Label &#8222;Vignobles &amp; D\u00e9couvertes&#8220; ausgezeichnet und besteht aus einer Wanderung mit kulinarischen Stationen, einem Ball, musikalischer Unterhaltung und offenen T\u00fcren bei den teilnehmenden Winzern. <\/p>\n\n\n\n<p class=\"wp-block-paragraph\">Die <a href=\"https:\/\/www.coteaux-sud-epernay.fr\/evenements\/fascinant-week-end\" target=\"_blank\" rel=\"noreferrer noopener\"><strong>Sommer-Afterpartys<\/strong> <\/a>Von Mai bis August k\u00f6nnen Sie auch an jedem Freitag einen prickelnden Abend mit Champagnerbar, Musik und Aperitifbrettern genie\u00dfen.<\/p>\n\n\n\n<p class=\"wp-block-paragraph\">Entdeckungsrundgang durch<strong> die<\/strong> S\u00fcdh\u00e4nge von Epernay, auch mit<strong> der IDVizit-App<\/strong> zu entdecken<\/p>\n\n\n\n<figure class=\"wp-block-image size-full\"><img loading=\"lazy\" decoding=\"async\" width=\"300\" height=\"300\" src=\"https:\/\/tourisme-en-champagne.com\/assets\/uploads\/2025\/06\/vignart-2019-photo-michel-jolyot-33.jpg\" alt=\"\" class=\"wp-image-11594\" title=\"\"><\/figure>\n<\/div>\n<\/div>\n<\/div>\n<\/section>\n\n<section style=\"background-image:url(&apos;https:\/\/tourisme-en-champagne.com\/assets\/uploads\/2025\/06\/fascinant-we-2020-caxel-coeuret-coll-adt-marne-10.jpg&apos;);background-position:50% 50%;background-size:cover;background-attachment:scroll;\" class=\"wp-block-group alignfull pattern-text-50-right-background has-base-color has-text-color has-link-color wp-elements-e0a58c8e40e1ecf5af801b2f13ae81e2 has-global-padding is-layout-constrained wp-block-group-is-layout-constrained has-background\">\n<div class=\"wp-block-columns is-layout-flex wp-container-core-columns-is-layout-fdcf44e1 wp-block-columns-is-layout-flex\">\n<div class=\"wp-block-column is-layout-flow wp-block-column-is-layout-flow\"><\/div>\n\n\n\n<div class=\"wp-block-column is-layout-flow wp-block-column-is-layout-flow\">\n<h2 class=\"wp-block-heading\"><strong>Faszinierendes Weinbau- und Entdeckungswochenende in der Champagne<\/strong><\/h2>\n\n\n\n<hr class=\"wp-block-separator has-text-color has-base-color has-alpha-channel-opacity has-base-background-color has-background\" \/>\n\n\n\n<p class=\"wp-block-paragraph\">Die erste Ausgabe fand im Oktober 2020 statt und war ein gro\u00dfer Erfolg. Das &#8222;Fascinant Weekend Vignobles &amp; D\u00e9couvertes&#8220; wird im Oktober 2023 zum vierten Mal in der Champagne stattfinden. <\/p>\n\n\n\n<p class=\"wp-block-paragraph\">Mit dem Ziel, die Champagne durch die Winzer mit verschiedenen Animationen wie Erkundungsspielen, Gourmetwanderungen, Blindverkostungen&#8230; zu entdecken.<\/p>\n\n\n\n<div class=\"wp-block-buttons is-layout-flex wp-block-buttons-is-layout-flex\">\n<div class=\"wp-block-button\"><a class=\"wp-block-button__link has-contrast-color has-base-background-color has-text-color has-background has-link-color wp-element-button\">Weitere Informationen<\/a><\/div>\n<\/div>\n<\/div>\n<\/div>\n<\/section>\n\n<section class=\"wp-block-group alignfull pattern-documentary-space has-base-background-color has-background has-global-padding is-content-justification-center is-layout-constrained wp-block-group-is-layout-constrained\">\n<div class=\"wp-block-columns is-layout-flex wp-container-core-columns-is-layout-fdcf44e1 wp-block-columns-is-layout-flex\">\n<div class=\"wp-block-column is-layout-flow wp-block-column-is-layout-flow\">\n<h2 class=\"wp-block-heading\"><strong>Mehr prickelnde Eskapaden<\/strong><\/h2>\n\n\n\n<hr class=\"wp-block-separator has-text-color has-accent-3-color has-alpha-channel-opacity has-accent-3-background-color has-background\" \/>\n\n\n\n<p class=\"wp-block-paragraph\">Noch mehr Ideen f\u00fcr prickelnde Ausfl\u00fcge finden Sie in unserer <a href=\"https:\/\/tourisme-en-champagne.com\/de\/agenda\/?_tags_agenda=62498d3f-b5fa-4569-afd1-ece9ef30e09d\">speziellen Rubrik+<\/a> und jeden Monat in der<a href=\"https:\/\/cdt51.media.tourinsoft.eu\/upload\/ADT---Agenda-week-end-caves-V-D-6.pdf\" target=\"_blank\" data-type=\"link\" data-id=\"https:\/\/cdt51.media.tourinsoft.eu\/upload\/ADT---Agenda-week-end-caves-V-D-6.pdf\" rel=\"noreferrer noopener\"> Wochenend-Agenda der Vignobles &amp; D\u00e9couvertes-Kellereien<\/a>.<\/p>\n<\/div>\n<\/div>\n<\/section>\n\n<p class=\"wp-block-paragraph\"><\/p>\n","protected":false},"excerpt":{"rendered":"<p>\u00dcberall in der Appellation Champagne schlie\u00dfen sich die Winzer zusammen und mobilisieren sich, um ihre Gebiete bekannt zu machen. Hier finden Sie einige der wichtigsten Veranstaltungen rund um die Route Touristique du Champagne! Champagner-Bar der Vignerons de la Vall\u00e9e du Flagot Die Vignerons de la Vall\u00e9e du Flagot bieten Ihnen den ganzen Sommer \u00fcber ab [&hellip;]<\/p>\n","protected":false},"author":2,"featured_media":11576,"parent":0,"menu_order":0,"comment_status":"closed","ping_status":"closed","template":"templates\/experience.php","meta":{"_acf_changed":false,"footnotes":"","_links_to":"","_links_to_target":""},"class_list":["post-20761","page","type-page","status-publish","has-post-thumbnail","hentry"],"acf":[],"_links":{"self":[{"href":"https:\/\/tourisme-en-champagne.com\/de\/wp-json\/wp\/v2\/pages\/20761","targetHints":{"allow":["GET"]}}],"collection":[{"href":"https:\/\/tourisme-en-champagne.com\/de\/wp-json\/wp\/v2\/pages"}],"about":[{"href":"https:\/\/tourisme-en-champagne.com\/de\/wp-json\/wp\/v2\/types\/page"}],"author":[{"embeddable":true,"href":"https:\/\/tourisme-en-champagne.com\/de\/wp-json\/wp\/v2\/users\/2"}],"replies":[{"embeddable":true,"href":"https:\/\/tourisme-en-champagne.com\/de\/wp-json\/wp\/v2\/comments?post=20761"}],"version-history":[{"count":2,"href":"https:\/\/tourisme-en-champagne.com\/de\/wp-json\/wp\/v2\/pages\/20761\/revisions"}],"predecessor-version":[{"id":20880,"href":"https:\/\/tourisme-en-champagne.com\/de\/wp-json\/wp\/v2\/pages\/20761\/revisions\/20880"}],"wp:featuredmedia":[{"embeddable":true,"href":"https:\/\/tourisme-en-champagne.com\/de\/wp-json\/wp\/v2\/media\/11576"}],"wp:attachment":[{"href":"https:\/\/tourisme-en-champagne.com\/de\/wp-json\/wp\/v2\/media?parent=20761"}],"curies":[{"name":"wp","href":"https:\/\/api.w.org\/{rel}","templated":true}]}}