{"id":20699,"date":"2025-06-26T19:07:18","date_gmt":"2025-06-26T17:07:18","guid":{"rendered":"https:\/\/tourisme-en-champagne.com\/wanderwege-in-der-pnr\/"},"modified":"2025-11-27T16:04:14","modified_gmt":"2025-11-27T15:04:14","slug":"wanderwege-in-der-pnr","status":"publish","type":"page","link":"https:\/\/tourisme-en-champagne.com\/de\/wanderwege-in-der-pnr\/","title":{"rendered":"Wanderwege in der PNR"},"content":{"rendered":"\n<section class=\"wp-block-group alignfull pattern-text-100 has-base-background-color has-background has-global-padding is-layout-constrained wp-block-group-is-layout-constrained\">\n<div class=\"wp-block-columns is-layout-flex wp-container-core-columns-is-layout-63fbf5b9 wp-block-columns-is-layout-flex\">\n<div class=\"wp-block-column is-layout-flow wp-block-column-is-layout-flow\">\n<h2 class=\"wp-block-heading\"><strong>LANDWIRTSCHAFTLICH GENUTZTE EBENEN, T\u00c4LER, W\u00c4LDER UND H\u00dcGEL MIT EINEM AUSSERGEW\u00d6HNLICHEN WEINANBAUGEBIET&#8230;<\/strong><\/h2>\n\n\n\n<hr class=\"wp-block-separator has-text-color has-grey-color has-alpha-channel-opacity has-grey-background-color has-background\"\/>\n\n\n\n<p class=\"patterns-underline wp-block-paragraph\">Der Parc Naturel R\u00e9gional de la Montagne de Reims wechselt zwischen W\u00e4ldern, Weinbergen, Anbaufl\u00e4chen und Wasserl\u00e4ufen und wird von H\u00e4ngen mit au\u00dfergew\u00f6hnlichen Weinbergen ges\u00e4umt.<\/p>\n\n\n\n<figure class=\"wp-block-embed is-type-video is-provider-youtube wp-block-embed-youtube wp-embed-aspect-16-9 wp-has-aspect-ratio\"><div class=\"wp-block-embed__wrapper\">\n<iframe loading=\"lazy\" title=\"La randonn\u00e9e en Montagne de Reims\" width=\"500\" height=\"281\" src=\"https:\/\/www.youtube.com\/embed\/_FXEbhJ_OVc?feature=oembed\" frameborder=\"0\" allow=\"accelerometer; autoplay; clipboard-write; encrypted-media; gyroscope; picture-in-picture; web-share\" referrerpolicy=\"strict-origin-when-cross-origin\" allowfullscreen><\/iframe>\n<\/div><\/figure>\n\n\n\n<div class=\"wp-block-buttons is-layout-flex wp-block-buttons-is-layout-flex\">\n<div class=\"wp-block-button\"><a class=\"wp-block-button__link has-base-color has-grey-background-color has-text-color has-background has-link-color wp-element-button\" href=\"https:\/\/www.parc-montagnedereims.fr\/decouvrir\/balades-randonnees\/a-pied\/?mb_anchorpage=3&amp;mb_minnumpage=1&amp;mb_maxnumpage=3\" target=\"_blank\" rel=\"noreferrer noopener\">Alle Rundreisen<\/a><\/div>\n<\/div>\n<\/div>\n<\/div>\n<\/section>\n<p><script type=\"text\/javascript\" src=\"https:\/\/www.modulesbox.com\/js\/module-loader.js\" id=\"mb-module-loader\"><\/script><br \/>\n<script type=\"text\/javascript\">\n    mbLoadModule({\"id\":\"87058\",\"locale\":\"fr\"});\n<\/script><\/p>\n<div id=\"mb-module-87058\"><\/div>\n\n<section class=\"wp-block-group alignfull pattern-playlist-grid has-global-padding is-layout-constrained wp-block-group-is-layout-constrained\" style=\"padding-top:var(--wp--preset--spacing--xx-large);padding-bottom:var(--wp--preset--spacing--xx-large)\">\n<h2 class=\"wp-block-heading has-text-align-center\"><strong>Andere Tourenvorschl\u00e4ge<\/strong><\/h2>\n\n\n\n<hr class=\"wp-block-separator has-text-color has-accent-3-color has-alpha-channel-opacity has-accent-3-background-color has-background\"\/>\n\n\n\t\t\t<div class=\"fsgb-block-playlist playlist-grid is-style-grid\"  style=\"margin-top:var(--wp--preset--spacing--x-large);\">\n\t\t\t\t\n\t\t\t\n\t\t\t<div class=\"swiper swiperPlaylistGrid\">\n\n\t\t\t\t<div class=\"swiper-wrapper posts-count-2\">\n\t\t\t\t\t\t\t\t\t\t\t\t\t\t\t\t\t<div class=\"swiper-slide \">\n\t\t\t\t\t\t\t\n<article class=\"card card--itineraire stretched-link\" data-id=\"26209\" data-post-id-sync-map=\"26209\" >\n\t\n\t\t\n\t\t\t\t<div class=\"card__thumbnail has-middleground-background-color stack\">\n\t\t\t<img decoding=\"async\" width=\"2048\" src=\"https:\/\/cdt51.media.tourinsoft.eu\/upload\/Ay-e-co-visite_2.jpg\" class=\"attachment- size-\" alt=\"PR 43 Circuit du Cubray\" srcset=\"https:\/\/cdt51.media.tourinsoft.eu\/upload\/Ay-e-co-visite_2.jpg?width=400 400w, https:\/\/cdt51.media.tourinsoft.eu\/upload\/Ay-e-co-visite_2.jpg?width=640 640w, https:\/\/cdt51.media.tourinsoft.eu\/upload\/Ay-e-co-visite_2.jpg?width=768 768w, https:\/\/cdt51.media.tourinsoft.eu\/upload\/Ay-e-co-visite_2.jpg?width=1280 1280w, https:\/\/cdt51.media.tourinsoft.eu\/upload\/Ay-e-co-visite_2.jpg?width=1536&amp;height=1536 1536w, https:\/\/cdt51.media.tourinsoft.eu\/upload\/Ay-e-co-visite_2.jpg?width=2048&amp;height=2048 2048w\" sizes=\"(max-width: 2048px) 100vw, 2048px\" title=\"\">\t\t<\/div>\n\t\n\t\t<div class=\"card__content\">\n\t\t\t\n\t\t\t\t\t\t\t\t\t\n\t\t\t\t\t\t\t\t\t\n\t\t\t\t\t\t<h3 class=\"title wp-block-heading is-style-h3\">\n\t\t\t\t<a href=\"https:\/\/tourisme-en-champagne.com\/de\/itineraire\/pr-43-circuit-du-cubray\/\" target=\"_blank\">PR 43 Circuit du Cubray<\/a>\t\t\t\t\t\t\t<\/h3>\n\t\t\t\n\t\t\t\t\t\t\t\t\t\n\t\t\t\t\t\t<div class=\"underlined\"><\/div>\n\t\t\n\t\t\t\t\t\t\t\t\t\t<div class=\"location\">\n\t\t\t\t\tAy\t\t\t\t<\/div>\n\t\t\t\t\t\t\n\t\t\t\t\t\t\t\t\t\n\t\t\t\t\t\t\t\t\t\n\t\t\t\t\t\t\t\t\t\n\t\t\t\t\t\t\t\t\t\t<div class=\"descriptif\">Dauer der Tour\n3 Std.\n\nAnzahl der km\n9,5 km\n\nName der Ausgangsgemeinde\nA\u00ff-Champagne\n\nDas Weinbaug&#8230;<\/div>\n\t\t\t\t\n\t\t\t\t\t\t\t\t\t\t\t\t\t\t\t\t\n\t\t\t\t\t\t\t\t\t\t<div class=\"wp-block-button\">\n\t\t\t\t\t<a class=\"wp-element-button rounded\" href=\"https:\/\/tourisme-en-champagne.com\/de\/itineraire\/pr-43-circuit-du-cubray\/\" target=\"_blank\" aria-label=\"Mehr erfahren \u00fcber PR 43 Circuit du Cubray\">Mehr erfahren<\/a>\n\t\t\t\t<\/div>\n\t\t\t \n\t\t<\/div>\n\t\t\n\n\t\t<\/article>\n\n\t\t\t\t\t\t<\/div>\n\t\t\t\t\t\t\t\t\t\t\t\t\t\t\t\t\t<div class=\"swiper-slide \">\n\t\t\t\t\t\t\t\n<article class=\"card card--itineraire stretched-link\" data-id=\"26219\" data-post-id-sync-map=\"26219\" >\n\t\n\t\t\n\t\t\t\t<div class=\"card__thumbnail has-middleground-background-color stack\">\n\t\t\t<img decoding=\"async\" width=\"2048\" src=\"https:\/\/cdt51.media.tourinsoft.eu\/upload\/Passy-Grigny-2.JPG\" class=\"attachment- size-\" alt=\"PR 49  Sur les pas de Nicolas de Grigny\" srcset=\"https:\/\/cdt51.media.tourinsoft.eu\/upload\/Passy-Grigny-2.JPG?width=400 400w, https:\/\/cdt51.media.tourinsoft.eu\/upload\/Passy-Grigny-2.JPG?width=640 640w, https:\/\/cdt51.media.tourinsoft.eu\/upload\/Passy-Grigny-2.JPG?width=768 768w, https:\/\/cdt51.media.tourinsoft.eu\/upload\/Passy-Grigny-2.JPG?width=1280 1280w, https:\/\/cdt51.media.tourinsoft.eu\/upload\/Passy-Grigny-2.JPG?width=1536&amp;height=1536 1536w, https:\/\/cdt51.media.tourinsoft.eu\/upload\/Passy-Grigny-2.JPG?width=2048&amp;height=2048 2048w\" sizes=\"(max-width: 2048px) 100vw, 2048px\" title=\"\">\t\t<\/div>\n\t\n\t\t<div class=\"card__content\">\n\t\t\t\n\t\t\t\t\t\t\t\t\t\n\t\t\t\t\t\t\t\t\t\n\t\t\t\t\t\t<h3 class=\"title wp-block-heading is-style-h3\">\n\t\t\t\t<a href=\"https:\/\/tourisme-en-champagne.com\/de\/itineraire\/pr-49-sur-les-pas-de-nicolas-de-grigny\/\" target=\"_blank\">PR 49  Sur les pas de Nicolas de Grigny<\/a>\t\t\t\t\t\t\t<\/h3>\n\t\t\t\n\t\t\t\t\t\t\t\t\t\n\t\t\t\t\t\t<div class=\"underlined\"><\/div>\n\t\t\n\t\t\t\t\t\t\t\t\t\t<div class=\"location\">\n\t\t\t\t\tPassy-Grigny\t\t\t\t<\/div>\n\t\t\t\t\t\t\n\t\t\t\t\t\t\t\t\t\n\t\t\t\t\t\t\t\t\t\n\t\t\t\t\t\t\t\t\t\n\t\t\t\t\t\t\t\t\t\t<div class=\"descriptif\">Dauer der Tour\n2 Std.\n\nAnzahl der km\n6 km\n\nName der Ausgangsgemeinde\nPassy-Grigny\n\n2 Std. lockere&#8230;<\/div>\n\t\t\t\t\n\t\t\t\t\t\t\t\t\t\t\t\t\t\t\t\t\n\t\t\t\t\t\t\t\t\t\t<div class=\"wp-block-button\">\n\t\t\t\t\t<a class=\"wp-element-button rounded\" href=\"https:\/\/tourisme-en-champagne.com\/de\/itineraire\/pr-49-sur-les-pas-de-nicolas-de-grigny\/\" target=\"_blank\" aria-label=\"Mehr erfahren \u00fcber PR 49  Sur les pas de Nicolas de Grigny\">Mehr erfahren<\/a>\n\t\t\t\t<\/div>\n\t\t\t \n\t\t<\/div>\n\t\t\n\n\t\t<\/article>\n\n\t\t\t\t\t\t<\/div>\n\t\t\t\t\t\t\t\t\t\t\t\t\t\t<\/div>\n\t\t\t\t\n\t\t\t\t<div class=\"swiper-buttons\">\n\t\t\t\t\t<div class=\"swiper-button-prev\"><\/div>\n\t\t\t\t\t<div class=\"swiper-button-next\"><\/div>\n\t\t\t\t<\/div>\n\t\t\t<\/div>\n\t\t<\/div>\n\t\n<\/section>\n","protected":false},"excerpt":{"rendered":"<p>LANDWIRTSCHAFTLICH GENUTZTE EBENEN, T\u00c4LER, W\u00c4LDER UND H\u00dcGEL MIT EINEM AUSSERGEW\u00d6HNLICHEN WEINANBAUGEBIET&#8230; Der Parc Naturel R\u00e9gional de la Montagne de Reims wechselt zwischen W\u00e4ldern, Weinbergen, Anbaufl\u00e4chen und Wasserl\u00e4ufen und wird von H\u00e4ngen mit au\u00dfergew\u00f6hnlichen Weinbergen ges\u00e4umt. Andere Tourenvorschl\u00e4ge<\/p>\n","protected":false},"author":2,"featured_media":0,"parent":0,"menu_order":0,"comment_status":"closed","ping_status":"closed","template":"templates\/editorial-content.php","meta":{"_acf_changed":false,"footnotes":"","_links_to":"","_links_to_target":""},"class_list":["post-20699","page","type-page","status-publish","hentry"],"acf":[],"_links":{"self":[{"href":"https:\/\/tourisme-en-champagne.com\/de\/wp-json\/wp\/v2\/pages\/20699","targetHints":{"allow":["GET"]}}],"collection":[{"href":"https:\/\/tourisme-en-champagne.com\/de\/wp-json\/wp\/v2\/pages"}],"about":[{"href":"https:\/\/tourisme-en-champagne.com\/de\/wp-json\/wp\/v2\/types\/page"}],"author":[{"embeddable":true,"href":"https:\/\/tourisme-en-champagne.com\/de\/wp-json\/wp\/v2\/users\/2"}],"replies":[{"embeddable":true,"href":"https:\/\/tourisme-en-champagne.com\/de\/wp-json\/wp\/v2\/comments?post=20699"}],"version-history":[{"count":1,"href":"https:\/\/tourisme-en-champagne.com\/de\/wp-json\/wp\/v2\/pages\/20699\/revisions"}],"predecessor-version":[{"id":20700,"href":"https:\/\/tourisme-en-champagne.com\/de\/wp-json\/wp\/v2\/pages\/20699\/revisions\/20700"}],"wp:attachment":[{"href":"https:\/\/tourisme-en-champagne.com\/de\/wp-json\/wp\/v2\/media?parent=20699"}],"curies":[{"name":"wp","href":"https:\/\/api.w.org\/{rel}","templated":true}]}}