{"id":20661,"date":"2025-06-26T11:52:32","date_gmt":"2025-06-26T09:52:32","guid":{"rendered":"https:\/\/tourisme-en-champagne.com\/freier-weg\/"},"modified":"2025-11-28T16:03:24","modified_gmt":"2025-11-28T15:03:24","slug":"freier-weg","status":"publish","type":"page","link":"https:\/\/tourisme-en-champagne.com\/de\/die-champagne-in-feierlaune\/freier-weg\/","title":{"rendered":"FREIER WEG"},"content":{"rendered":"\n<section class=\"wp-block-group alignfull pattern-text-100 has-base-background-color has-background has-global-padding is-layout-constrained wp-block-group-is-layout-constrained\">\n<div class=\"wp-block-columns is-layout-flex wp-container-core-columns-is-layout-63fbf5b9 wp-block-columns-is-layout-flex\">\n<div class=\"wp-block-column is-layout-flow wp-block-column-is-layout-flow\">\n<h2 class=\"wp-block-heading\"><strong>Erleben Sie das Abenteuer &#8222;En Rou(t)e Libre&#8220;.<\/strong><\/h2>\n\n\n\n<hr class=\"wp-block-separator has-text-color has-accent-1-color has-alpha-channel-opacity has-accent-1-background-color has-background\"\/>\n\n\n\n<p class=\"patterns-underline wp-block-paragraph\">Am Sonntag, den <strong>29. Juni 2025<\/strong>, geh\u00f6rt die Stra\u00dfe Ihnen: 16 km Freiheit im Herzen der Champagne!<br\/>Zu Fu\u00df, mit dem Fahrrad, dem Roller, den Inline-Skates oder dem Kinderwagen&#8230; machen Sie sich auf den Weg und entdecken Sie die Champagne auf andere Weise neu, zwischen Natur, Kulturerbe und festlichen Veranstaltungen.<\/p>\n\n\n\n<p class=\"patterns-underline wp-block-paragraph\">Tauchen Sie ein in das Herz der D\u00f6rfer der Champagne und lassen Sie sich zwischen Fl\u00fcssen und H\u00fcgeln auf Routen f\u00fchren, die Ihnen die nat\u00fcrlichen Sch\u00e4tze und den Reichtum unseres sch\u00f6nen Territoriums offenbaren. Durchqueren Sie unsere <strong>malerischen D\u00f6rfer<\/strong> und durchwandern Sie die <strong>H\u00e4nge<\/strong> des ber\u00fchmten Weinbaugebiets der Champagne. <\/p>\n\n\n\n<ul class=\"wp-block-list has-grey-color has-text-color has-link-color wp-elements-68b1901c8a0c6a3afe760131a1683a5a\">\n<li><strong><em>Die Anmeldung ist nicht obligatorisch, wird aber dringend empfohlen: Sie hilft uns, die Organisation der Veranstaltung zu optimieren, und erm\u00f6glicht es Ihnen, \u00fcber die aktuellen Ereignisse informiert zu bleiben.<\/em><\/strong><\/li>\n<\/ul>\n<\/div>\n<\/div>\n<\/section>\n\n<section class=\"wp-block-group alignfull pattern-text-50-media-50 has-middleground-background-color has-background has-global-padding is-layout-constrained wp-block-group-is-layout-constrained\">\n<div class=\"wp-block-columns is-layout-flex wp-container-core-columns-is-layout-63fbf5b9 wp-block-columns-is-layout-flex\">\n<div class=\"wp-block-column is-layout-flow wp-block-column-is-layout-flow\">\n<figure class=\"wp-block-image size-full\"><img loading=\"lazy\" decoding=\"async\" width=\"485\" height=\"628\" src=\"https:\/\/tourisme-en-champagne.com\/assets\/uploads\/2025\/06\/capture-decran-2025-04-15-a-112507.png\" alt=\"\" class=\"wp-image-11143\" title=\"\" srcset=\"https:\/\/tourisme-en-champagne.com\/assets\/uploads\/2025\/06\/capture-decran-2025-04-15-a-112507.png 485w, https:\/\/tourisme-en-champagne.com\/assets\/uploads\/2025\/06\/capture-decran-2025-04-15-a-112507-400x518.png 400w\" sizes=\"auto, (max-width: 485px) 100vw, 485px\" \/><\/figure>\n<\/div>\n\n\n\n<div class=\"wp-block-column is-layout-flow wp-block-column-is-layout-flow\">\n<h2 class=\"wp-block-heading\"><strong>Das einzigartige Erlebnis einer Fahrt auf einer geschlossenen Stra\u00dfe!<\/strong><\/h2>\n\n\n\n<hr class=\"wp-block-separator has-text-color has-accent-1-color has-alpha-channel-opacity has-accent-1-background-color has-background\"\/>\n\n\n\n<p class=\"wp-block-paragraph\">KOSTENLOSE VERANSTALTUNG<\/p>\n\n\n\n<ol class=\"wp-block-list has-grey-color has-text-color has-link-color wp-elements-49a617e4b3293a898d0ae2ddeac87928\">\n<li><strong>Sicherheit an erster Stelle<\/strong>: Unsere Strecke ist f\u00fcr den Autoverkehr gesperrt, d.h. Sie k\u00f6nnen in aller Ruhe radeln, ohne die Sorgen des Verkehrs.<\/li>\n\n\n\n<li><strong>Absolute Freiheit<\/strong>: Sie haben die volle Kontrolle \u00fcber Ihr Erlebnis. W\u00e4hlen Sie Ihr eigenes Tempo, erkunden Sie verschiedene Routen und genie\u00dfen Sie jeden Moment auf Ihre Weise. <\/li>\n\n\n\n<li><strong>Malerisches Szenario<\/strong>: Unsere Strecke liegt in einer spektakul\u00e4ren nat\u00fcrlichen Umgebung. Freuen Sie sich auf atemberaubende Weinlandschaften w\u00e4hrend der Fahrt. <\/li>\n\n\n\n<li><strong>Optionen f\u00fcr alle<\/strong>: Wir bieten Routen f\u00fcr alle Niveaus, von Anf\u00e4ngern bis zu Profis. Bei Bedarf k\u00f6nnen Sie auch Fahrr\u00e4der vor Ort mieten. <\/li>\n\n\n\n<li><strong>Soziale Erfahrung<\/strong>: Schlie\u00dfen Sie sich anderen Liebhabern sanfter Mobilit\u00e4t an und teilen Sie dieses Abenteuer mit Freunden und Verwandten. Dies ist die perfekte Gelegenheit, um gemeinsam unvergessliche Erinnerungen zu schaffen. <\/li>\n\n\n\n<li><strong>Verpflegung und Entspannung<\/strong>: In den St\u00e4dten und D\u00f6rfern, durch die die Strecke f\u00fchrt, erwarten Sie zahlreiche Veranstaltungen.<\/li>\n<\/ol>\n<\/div>\n<\/div>\n<\/section>\n\n<section class=\"wp-block-group alignfull pattern-mosaic has-base-background-color has-background has-global-padding is-layout-constrained wp-block-group-is-layout-constrained\">\n<div class=\"wp-block-columns is-layout-flex wp-container-core-columns-is-layout-fdcf44e1 wp-block-columns-is-layout-flex\">\n<div class=\"wp-block-column col-content is-layout-flow wp-block-column-is-layout-flow\">\n<h2 class=\"wp-block-heading has-text-align-center\"><strong>Ohne Motor, nur Gl\u00fcck!<\/strong><\/h2>\n\n\n\n<hr class=\"wp-block-separator has-text-color has-accent-1-color has-alpha-channel-opacity has-accent-1-background-color has-background\"\/>\n\n\n\n<p class=\"has-text-align-center wp-block-paragraph\">Wir freuen uns darauf, Sie am Sonntag, den 29. Juni 2025 begr\u00fc\u00dfen zu d\u00fcrfen, um die sanfte Mobilit\u00e4t entlang der 16 gesperrten Kilometer<br\/>rund um die Weinberge im Gebiet Paysages de la Champagne zu f\u00f6rdern.<\/p>\n\n\n\n\t<div class=\"fsgb-block-link-mosaic is-style-grid swiper swiperMosaic\"  >\n\t\t\t\t\t<div class=\"swiper-wrapper\">\n\t\t\t\t\t\t\t\t\t\t\t\t<div class=\"swiper-slide\">\n\t\t\t\t\t\t\t<a href=\"https:\/\/tourisme-en-champagne.com\/en-route-libre\/le-parcours\/\">\n\t\t\t\t\t\t\t\t\t\t\t<div class=\"thumbnail\"><img loading=\"lazy\" decoding=\"async\" width=\"400\" height=\"257\" src=\"https:\/\/tourisme-en-champagne.com\/assets\/uploads\/2025\/06\/binson-orquigny-randonneecc-beudot-coll-adt-marne-5-1-0-400x257.jpg\" class=\"attachment-thumbnail size-thumbnail\" alt=\"\" srcset=\"https:\/\/tourisme-en-champagne.com\/assets\/uploads\/2025\/06\/binson-orquigny-randonneecc-beudot-coll-adt-marne-5-1-0-400x257.jpg 400w, https:\/\/tourisme-en-champagne.com\/assets\/uploads\/2025\/06\/binson-orquigny-randonneecc-beudot-coll-adt-marne-5-1-0-640x411.jpg 640w, https:\/\/tourisme-en-champagne.com\/assets\/uploads\/2025\/06\/binson-orquigny-randonneecc-beudot-coll-adt-marne-5-1-0.jpg 670w\" sizes=\"auto, (max-width: 400px) 100vw, 400px\" title=\"\"><\/div>\n\t\t\t\t\t\t\t\t\t\t\t\t\t\t\t<div class=\"text-link-title\">\n\t\t\t\t\t\t\t\t\t\t\t\t\t<h2 class=\"link-title\">Le parcours<\/h2>\n\t\t\t\t\t\t\t\t\t\t\t\t\t\t\t\t\t\t\t<div class=\"text\">Die Etappenorte<\/div>\n\t\t\t\t\t\t\t\t\t\t\t<\/div>\n\t\t\t\t<\/a>\n\t\t\t\t<\/div>\t\t\t\t\t\t\t\t\t\t<div class=\"swiper-slide\">\n\t\t\t\t\t\t\t<a href=\"https:\/\/tourisme-en-champagne.com\/les-animations\/\">\n\t\t\t\t\t\t\t\t\t\t\t<div class=\"thumbnail\"><img loading=\"lazy\" decoding=\"async\" width=\"400\" height=\"257\" src=\"https:\/\/tourisme-en-champagne.com\/assets\/uploads\/2025\/06\/v33-a-bicycletteclpelouard-cd51-1-400x257.jpg\" class=\"attachment-thumbnail size-thumbnail\" alt=\"\" srcset=\"https:\/\/tourisme-en-champagne.com\/assets\/uploads\/2025\/06\/v33-a-bicycletteclpelouard-cd51-1-400x257.jpg 400w, https:\/\/tourisme-en-champagne.com\/assets\/uploads\/2025\/06\/v33-a-bicycletteclpelouard-cd51-1-640x411.jpg 640w, https:\/\/tourisme-en-champagne.com\/assets\/uploads\/2025\/06\/v33-a-bicycletteclpelouard-cd51-1.jpg 670w\" sizes=\"auto, (max-width: 400px) 100vw, 400px\" title=\"\"><\/div>\n\t\t\t\t\t\t\t\t\t\t\t\t\t\t\t<div class=\"text-link-title\">\n\t\t\t\t\t\t\t\t\t\t\t\t\t<h2 class=\"link-title\">Les animations<\/h2>\n\t\t\t\t\t\t\t\t\t\t\t\t\t\t\t\t\t\t\t<div class=\"text\">Club-Resorts &amp; festliche Haltestellen<\/div>\n\t\t\t\t\t\t\t\t\t\t\t<\/div>\n\t\t\t\t<\/a>\n\t\t\t\t<\/div>\t\t\t\t\t\t\t\t\t\t<div class=\"swiper-slide\">\n\t\t\t\t\t\t\t<a href=\"https:\/\/tourisme-en-champagne.com\/la-champagne-en-fete\/enroutelibre\/preparer-sa-venue\/\">\n\t\t\t\t\t\t\t\t\t\t\t<div class=\"thumbnail\"><img loading=\"lazy\" decoding=\"async\" width=\"400\" height=\"257\" src=\"https:\/\/tourisme-en-champagne.com\/assets\/uploads\/2025\/06\/v52-reuil-cm-boudot-coll-adt-marne-3-2-400x257.jpg\" class=\"attachment-thumbnail size-thumbnail\" alt=\"v52-reuil-cm.-boudot-coll.-adt-marne-3.jpg \u00a9 C. Beudot\" srcset=\"https:\/\/tourisme-en-champagne.com\/assets\/uploads\/2025\/06\/v52-reuil-cm-boudot-coll-adt-marne-3-2-400x257.jpg 400w, https:\/\/tourisme-en-champagne.com\/assets\/uploads\/2025\/06\/v52-reuil-cm-boudot-coll-adt-marne-3-2-640x411.jpg 640w, https:\/\/tourisme-en-champagne.com\/assets\/uploads\/2025\/06\/v52-reuil-cm-boudot-coll-adt-marne-3-2.jpg 670w\" sizes=\"auto, (max-width: 400px) 100vw, 400px\" title=\"\"><\/div>\n\t\t\t\t\t\t\t\t\t\t\t\t\t\t\t<div class=\"text-link-title\">\n\t\t\t\t\t\t\t\t\t\t\t\t\t<h2 class=\"link-title\">Acc\u00e8s<\/h2>\n\t\t\t\t\t\t\t\t\t\t\t\t\t\t\t\t\t\t\t<div class=\"text\">Transport &amp; Parkpl\u00e4tze<\/div>\n\t\t\t\t\t\t\t\t\t\t\t<\/div>\n\t\t\t\t<\/a>\n\t\t\t\t<\/div>\t\t\t\t\t\t\t\t\t\t<div class=\"swiper-slide\">\n\t\t\t\t\t\t\t<a href=\"https:\/\/tourisme-en-champagne.com\/la-champagne-en-fete\/enroutelibre\/loueurs-velos-erl\/\">\n\t\t\t\t\t\t\t\t\t\t\t<div class=\"thumbnail\"><img loading=\"lazy\" decoding=\"async\" width=\"400\" height=\"257\" src=\"https:\/\/tourisme-en-champagne.com\/assets\/uploads\/2025\/06\/cyclo-034-2-400x257.jpg\" class=\"attachment-thumbnail size-thumbnail\" alt=\"\" srcset=\"https:\/\/tourisme-en-champagne.com\/assets\/uploads\/2025\/06\/cyclo-034-2-400x257.jpg 400w, https:\/\/tourisme-en-champagne.com\/assets\/uploads\/2025\/06\/cyclo-034-2-640x411.jpg 640w, https:\/\/tourisme-en-champagne.com\/assets\/uploads\/2025\/06\/cyclo-034-2.jpg 670w\" sizes=\"auto, (max-width: 400px) 100vw, 400px\" title=\"\"><\/div>\n\t\t\t\t\t\t\t\t\t\t\t\t\t\t\t<div class=\"text-link-title\">\n\t\t\t\t\t\t\t\t\t\t\t\t\t<h2 class=\"link-title\">LOCATION DE V\u00c9LO &amp; r\u00e9parations<\/h2>\n\t\t\t\t\t\t\t\t\t\t\t\t\t\t\t\t\t\t\t<div class=\"text\">Buchen Sie jetzt<\/div>\n\t\t\t\t\t\t\t\t\t\t\t<\/div>\n\t\t\t\t<\/a>\n\t\t\t\t<\/div>\t\t\t\t\t\t\t\t\t\t<div class=\"swiper-slide\">\n\t\t\t\t\t\t\t<a href=\"https:\/\/tourisme-en-champagne.com\/la-champagne-en-fete\/enroutelibre\/comment-participer\/\">\n\t\t\t\t\t\t\t\t\t\t\t<div class=\"thumbnail\"><img loading=\"lazy\" decoding=\"async\" width=\"400\" height=\"257\" src=\"https:\/\/tourisme-en-champagne.com\/assets\/uploads\/2025\/06\/fer-a-cheval-400x257.jpg\" class=\"attachment-thumbnail size-thumbnail\" alt=\"\" srcset=\"https:\/\/tourisme-en-champagne.com\/assets\/uploads\/2025\/06\/fer-a-cheval-400x257.jpg 400w, https:\/\/tourisme-en-champagne.com\/assets\/uploads\/2025\/06\/fer-a-cheval-640x411.jpg 640w, https:\/\/tourisme-en-champagne.com\/assets\/uploads\/2025\/06\/fer-a-cheval.jpg 670w\" sizes=\"auto, (max-width: 400px) 100vw, 400px\" title=\"\"><\/div>\n\t\t\t\t\t\t\t\t\t\t\t\t\t\t\t<div class=\"text-link-title\">\n\t\t\t\t\t\t\t\t\t\t\t\t\t<h2 class=\"link-title\">INFORMATIONS PRATIQUES<\/h2>\n\t\t\t\t\t\t\t\t\t\t\t\t\t\t\t\t\t\t\t<div class=\"text\">\u00d6ffnungszeiten, Vorschriften&#8230;<\/div>\n\t\t\t\t\t\t\t\t\t\t\t<\/div>\n\t\t\t\t<\/a>\n\t\t\t\t<\/div>\t\t\t\t\t\t\t\t<\/div>\n\t\t\t<div class=\"swiper-buttons\">\n\t\t\t\t<div class=\"swiper-button swiper-button-prev\"><\/div> \n\t\t\t\t<div class=\"swiper-button swiper-button-next\"><\/div>\n\t\t\t<\/div>\n\t\t\t\t\n\t<\/div>\n\n<\/div>\n<\/div>\n<\/section>\n\n<section class=\"wp-block-group alignfull pattern-text-100 has-middleground-background-color has-background has-global-padding is-layout-constrained wp-block-group-is-layout-constrained\">\n<div class=\"wp-block-columns is-layout-flex wp-container-core-columns-is-layout-63fbf5b9 wp-block-columns-is-layout-flex\">\n<div class=\"wp-block-column is-layout-flow wp-block-column-is-layout-flow\">\n<h2 class=\"wp-block-heading\"><strong>UNSERE PARTNER &amp; F\u00d6RDERER<\/strong><\/h2>\n\n\n\n<hr class=\"wp-block-separator has-text-color has-accent-3-color has-alpha-channel-opacity has-accent-3-background-color has-background\"\/>\n\n\n\n<p class=\"patterns-underline wp-block-paragraph\">Dank der Unterst\u00fctzung von Partnern und Freiwilligen ist En Rou(t)e Libre eine kostenlose Veranstaltung f\u00fcr alle Teilnehmer.<\/p>\n\n\n\n<figure class=\"wp-block-image size-full\"><img loading=\"lazy\" decoding=\"async\" width=\"1132\" height=\"141\" src=\"https:\/\/tourisme-en-champagne.com\/assets\/uploads\/2025\/06\/partenaires-erl.jpg\" alt=\"\" class=\"wp-image-11158\" title=\"\" srcset=\"https:\/\/tourisme-en-champagne.com\/assets\/uploads\/2025\/06\/partenaires-erl.jpg 1132w, https:\/\/tourisme-en-champagne.com\/assets\/uploads\/2025\/06\/partenaires-erl-640x80.jpg 640w, https:\/\/tourisme-en-champagne.com\/assets\/uploads\/2025\/06\/partenaires-erl-400x50.jpg 400w, https:\/\/tourisme-en-champagne.com\/assets\/uploads\/2025\/06\/partenaires-erl-768x96.jpg 768w\" sizes=\"auto, (max-width: 1132px) 100vw, 1132px\" \/><\/figure>\n<\/div>\n<\/div>\n<\/section>\n\n<section class=\"wp-block-group alignfull pattern-text-60-parenthese-media-40 has-base-background-color has-background has-global-padding is-layout-constrained wp-block-group-is-layout-constrained\">\n<div class=\"wp-block-columns is-layout-flex wp-container-core-columns-is-layout-fdcf44e1 wp-block-columns-is-layout-flex\">\n<div class=\"wp-block-column col-content is-layout-flow wp-block-column-is-layout-flow\" style=\"flex-basis:60%\">\n<h2 class=\"wp-block-heading\"><strong>EINE UNVERGESSLICHE REISE<\/strong><\/h2>\n\n\n\n<h3 class=\"wp-block-heading has-accent-1-color has-text-color has-link-color wp-elements-919d2b985def94c5ff0c983957f058f0\">Sonntag, 29. Juni 2025<\/h3>\n\n\n\n<p class=\"wp-block-paragraph\">Genie\u00dfen Sie auf der Route Touristique du Champagne eine einzigartige Strecke und zahlreiche Freizeit-, Sport- und Gastronomieangebote&#8230; in einer au\u00dfergew\u00f6hnlichen Umgebung im Herzen des Regionalen Naturparks Montagne de Reims.  <\/p>\n\n\n\n<p class=\"wp-block-paragraph\">Bringen Sie Ihr Fahrrad, Ihren Roller, Ihre Rollschuhe, Ihren Kinderwagen&#8230; Ihre Begeisterung mit und bereiten Sie sich auf ein einzigartiges Erlebnis in der Champagne vor!<\/p>\n<\/div>\n\n\n\n<div class=\"wp-block-column col-media is-layout-flow wp-block-column-is-layout-flow\" style=\"flex-basis:40%\">\n<figure class=\"wp-block-embed is-type-video is-provider-youtube wp-block-embed-youtube wp-embed-aspect-16-9 wp-has-aspect-ratio\"><div class=\"wp-block-embed__wrapper\">\n<iframe loading=\"lazy\" title=\"En Rou(t)e Libre 2025\" width=\"500\" height=\"281\" src=\"https:\/\/www.youtube.com\/embed\/GaztesaDlHI?feature=oembed\" frameborder=\"0\" allow=\"accelerometer; autoplay; clipboard-write; encrypted-media; gyroscope; picture-in-picture; web-share\" referrerpolicy=\"strict-origin-when-cross-origin\" allowfullscreen><\/iframe>\n<\/div><\/figure>\n<\/div>\n<\/div>\n<\/section>\n\n<section class=\"wp-block-group alignfull pattern-bubble-links has-middleground-background-color has-background has-global-padding is-layout-constrained wp-block-group-is-layout-constrained\" style=\"padding-top:var(--wp--preset--spacing--xx-large);padding-bottom:var(--wp--preset--spacing--xx-large)\">\n\t<div class=\"fsgb-block-link-mosaic is-style-bubbles alignwide\"  >\n\t\t\t\t\t\t\t\t\t\t\t\t<a href=\"https:\/\/tourisme-en-champagne.com\/la-champagne-en-fete\/enroutelibre\/securite-sur-le-parcours\/\" target=\"_blank\">\n\t\t\t\t\t\t\t\t\t\t\t\t\t\t\t<div class=\"text-link-title\">\n\t\t\t\t\t\t\t\t\t\t\t\t\t<h2 class=\"link-title\">Sicherheit auf dem Golfplatz<\/h2>\n\t\t\t\t\t\t\t\t\t\t\t\t\t\t\t\t\t\t\t<div class=\"text\">Sicherheit auf dem Golfplatz<\/div>\n\t\t\t\t\t\t\t\t\t\t\t<\/div>\n\t\t\t\t<\/a>\n\t\t\t\t\t\t\t\t\t\t\t\t\t\t<a href=\"https:\/\/tourisme-en-champagne.com\/la-champagne-en-fete\/enroutelibre\/partenaires-enroutelibre\/\" target=\"_blank\">\n\t\t\t\t\t\t\t\t\t\t\t\t\t\t\t<div class=\"text-link-title\">\n\t\t\t\t\t\t\t\t\t\t\t\t\t<h2 class=\"link-title\">Nos partenaires &amp; m\u00e9c\u00e8nes<\/h2>\n\t\t\t\t\t\t\t\t\t\t\t\t\t\t\t\t\t\t\t<div class=\"text\">Partner &amp; F\u00f6rderer<\/div>\n\t\t\t\t\t\t\t\t\t\t\t<\/div>\n\t\t\t\t<\/a>\n\t\t\t\t\t\t\t\t\t\t\t\t\t\t<a href=\"https:\/\/tourisme-en-champagne.com\/assets\/uploads\/2025\/06\/erl2025-reglementmanifestation-1.pdf\" target=\"_blank\">\n\t\t\t\t\t\t\t\t\t\t\t\t\t\t\t<div class=\"text-link-title\">\n\t\t\t\t\t\t\t\t\t\t\t\t\t\t\t\t\t\t\t<div class=\"text\">Verordnung<\/div>\n\t\t\t\t\t\t\t\t\t\t\t<\/div>\n\t\t\t\t<\/a>\n\t\t\t\t\t\t\t\t\t\t\t\t\t\t<a href=\"https:\/\/www.facebook.com\/enroutelibremarne\" target=\"_blank\" rel=\"noopener\">\n\t\t\t\t\t\t\t\t\t\t\t\t\t\t\t<div class=\"text-link-title\">\n\t\t\t\t\t\t\t\t\t\t\t\t\t\t\t\t\t\t\t<div class=\"text\">Verfolgen Sie die Nachrichten<\/div>\n\t\t\t\t\t\t\t\t\t\t\t<\/div>\n\t\t\t\t<\/a>\n\t\t\t\t\t\t\t\t\t\t\t\t\t\t<a href=\"https:\/\/tourisme-en-champagne.com\/espace-documentaire\/\" target=\"_blank\">\n\t\t\t\t\t\t\t\t\t\t\t\t\t\t\t<div class=\"text-link-title\">\n\t\t\t\t\t\t\t\t\t\t\t\t\t<h2 class=\"link-title\">Espace documentaire<\/h2>\n\t\t\t\t\t\t\t\t\t\t\t\t\t\t\t\t\t\t\t<div class=\"text\">Kommunikationspaket<\/div>\n\t\t\t\t\t\t\t\t\t\t\t<\/div>\n\t\t\t\t<\/a>\n\t\t\t\t\t\t\t\t\t\t\t\n\t<\/div>\n\n<\/section>\n\n<section class=\"wp-block-group alignfull pattern-text-100 has-base-background-color has-background has-global-padding is-layout-constrained wp-block-group-is-layout-constrained\">\n<div class=\"wp-block-columns is-layout-flex wp-container-core-columns-is-layout-63fbf5b9 wp-block-columns-is-layout-flex\">\n<div class=\"wp-block-column is-layout-flow wp-block-column-is-layout-flow\">\n<h2 class=\"wp-block-heading has-text-align-center\"><strong>INFORMATIONEN F\u00dcR UNSERE FREIWILLIGEN<\/strong><\/h2>\n\n\n\n<hr class=\"wp-block-separator aligncenter has-text-color has-accent-3-color has-alpha-channel-opacity has-accent-3-background-color has-background\"\/>\n\n\n\n<p class=\"has-text-align-center patterns-underline wp-block-paragraph\">Ihren praktischen Leitfaden und die Wiederholung der Pr\u00e4sentation<br\/>Ihrer Aufgaben finden Sie unten auf dieser Seite.<\/p>\n\n\n\n<div class=\"wp-block-buttons is-content-justification-center is-layout-flex wp-container-core-buttons-is-layout-86e575ac wp-block-buttons-is-layout-flex\">\n<div class=\"wp-block-button\"><a class=\"wp-block-button__link has-base-color has-accent-1-background-color has-text-color has-background has-link-color wp-element-button\" href=\"https:\/\/tourisme-en-champagne.com\/de\/freie-fahrt\/werden-sie-freiwilliger-bei-en-route-libre\/\">Ihre eigene Seite<\/a><\/div>\n<\/div>\n<\/div>\n<\/div>\n<\/section>\n","protected":false},"excerpt":{"rendered":"<p>Erleben Sie das Abenteuer &#8222;En Rou(t)e Libre&#8220;. Am Sonntag, den 29. Juni 2025, geh\u00f6rt die Stra\u00dfe Ihnen: 16 km Freiheit im Herzen der Champagne!Zu Fu\u00df, mit dem Fahrrad, dem Roller, den Inline-Skates oder dem Kinderwagen&#8230; machen Sie sich auf den Weg und entdecken Sie die Champagne auf andere Weise neu, zwischen Natur, Kulturerbe und festlichen [&hellip;]<\/p>\n","protected":false},"author":2,"featured_media":12030,"parent":21208,"menu_order":0,"comment_status":"closed","ping_status":"closed","template":"templates\/editorial-content.php","meta":{"_acf_changed":false,"footnotes":"","_links_to":"","_links_to_target":""},"class_list":["post-20661","page","type-page","status-publish","has-post-thumbnail","hentry"],"acf":[],"_links":{"self":[{"href":"https:\/\/tourisme-en-champagne.com\/de\/wp-json\/wp\/v2\/pages\/20661","targetHints":{"allow":["GET"]}}],"collection":[{"href":"https:\/\/tourisme-en-champagne.com\/de\/wp-json\/wp\/v2\/pages"}],"about":[{"href":"https:\/\/tourisme-en-champagne.com\/de\/wp-json\/wp\/v2\/types\/page"}],"author":[{"embeddable":true,"href":"https:\/\/tourisme-en-champagne.com\/de\/wp-json\/wp\/v2\/users\/2"}],"replies":[{"embeddable":true,"href":"https:\/\/tourisme-en-champagne.com\/de\/wp-json\/wp\/v2\/comments?post=20661"}],"version-history":[{"count":1,"href":"https:\/\/tourisme-en-champagne.com\/de\/wp-json\/wp\/v2\/pages\/20661\/revisions"}],"predecessor-version":[{"id":20673,"href":"https:\/\/tourisme-en-champagne.com\/de\/wp-json\/wp\/v2\/pages\/20661\/revisions\/20673"}],"up":[{"embeddable":true,"href":"https:\/\/tourisme-en-champagne.com\/de\/wp-json\/wp\/v2\/pages\/21208"}],"wp:featuredmedia":[{"embeddable":true,"href":"https:\/\/tourisme-en-champagne.com\/de\/wp-json\/wp\/v2\/media\/12030"}],"wp:attachment":[{"href":"https:\/\/tourisme-en-champagne.com\/de\/wp-json\/wp\/v2\/media?parent=20661"}],"curies":[{"name":"wp","href":"https:\/\/api.w.org\/{rel}","templated":true}]}}