{"id":20647,"date":"2025-06-24T11:48:04","date_gmt":"2025-06-24T09:48:04","guid":{"rendered":"https:\/\/tourisme-en-champagne.com\/kleine-staedte-mit-charakter-petites-cites-de-caractere\/"},"modified":"2025-11-28T16:28:06","modified_gmt":"2025-11-28T15:28:06","slug":"kleine-staedte-mit-charakter-petites-cites-de-caractere","status":"publish","type":"page","link":"https:\/\/tourisme-en-champagne.com\/de\/aktivitaeten-besuche\/kultur-kulturerbe\/kleine-staedte-mit-charakter-petites-cites-de-caractere\/","title":{"rendered":"Kleine St\u00e4dte mit Charakter\u00ae (Petites cit\u00e9s de caract\u00e8re)"},"content":{"rendered":"\n<section class=\"wp-block-group alignfull pattern-text-100 has-base-background-color has-background has-global-padding is-layout-constrained wp-block-group-is-layout-constrained\">\n<div class=\"wp-block-columns is-layout-flex wp-container-core-columns-is-layout-63fbf5b9 wp-block-columns-is-layout-flex\">\n<div class=\"wp-block-column is-layout-flow wp-block-column-is-layout-flow\">\n<p class=\"has-text-align-center patterns-underline wp-block-paragraph\">Das Konzept der <a href=\"https:\/\/www.petitescitesdecaractere.com\/\" target=\"_blank\" rel=\"noreferrer noopener\"><strong>Petites Cit\u00e9s de Caract\u00e8re \u00ae (Kleine St\u00e4dte mit Charakter)<\/strong><\/a>\u00ae entstand Mitte der 1970er Jahre, um atypische Gemeinden aufzuwerten, die sowohl l\u00e4ndlich durch ihre Lage und begrenzte Bev\u00f6lkerungszahl als auch st\u00e4dtisch durch ihre Geschichte und ihr Erbe sind.<\/p>\n\n\n\n<p class=\"has-text-align-center patterns-underline wp-block-paragraph\">Das Projekt in diesen Gemeinden besteht darin, die verschiedenen Akteure um ein Ziel herum zu vereinen: die Erhaltung des Kulturerbes als Hebel f\u00fcr die Entwicklung der Gebiete.<\/p>\n<\/div>\n<\/div>\n<\/section>\n\n<section class=\"wp-block-group alignfull pattern-summary has-global-padding is-layout-constrained wp-block-group-is-layout-constrained\">\n\t<div class=\"fsgb-block-link-mosaic is-style-summary\"  >\n\t\t\t\t\t\t\t\t\t\t\t\t<a href=\"https:\/\/tourisme-en-champagne.com\/cormicy\/\" target=\"_blank\">\n\t\t\t\t\t\t\t\t\t\t\t<div class=\"thumbnail\"><img loading=\"lazy\" decoding=\"async\" width=\"370\" height=\"370\" src=\"https:\/\/tourisme-en-champagne.com\/assets\/uploads\/2025\/06\/greeter-cormicy-mme-boulardccmanquillet-collcdt-marne-14.jpg\" class=\"attachment-thumbnail size-thumbnail\" alt=\"\" title=\"\"><\/div>\n\t\t\t\t\t\t\t\t\t\t\t\t\t\t\t<div class=\"text-link-title\">\n\t\t\t\t\t\t\t\t\t\t\t\t\t<h2 class=\"link-title\">Cormicy<\/h2>\n\t\t\t\t\t\t\t\t\t\t\t\t\t\t\t\t\t<\/div>\n\t\t\t\t<\/a>\n\t\t\t\t\t\t\t\t\t\t\t\t\t\t<a href=\"https:\/\/tourisme-en-champagne.com\/sainte-menehould\/\" target=\"_blank\">\n\t\t\t\t\t\t\t\t\t\t\t<div class=\"thumbnail\"><img loading=\"lazy\" decoding=\"async\" width=\"370\" height=\"370\" src=\"https:\/\/tourisme-en-champagne.com\/assets\/uploads\/2025\/06\/statue-dom-perignon-psauvageot-adt-marne.jpeg\" class=\"attachment-thumbnail size-thumbnail\" alt=\"\" title=\"\"><\/div>\n\t\t\t\t\t\t\t\t\t\t\t\t\t\t\t<div class=\"text-link-title\">\n\t\t\t\t\t\t\t\t\t\t\t\t\t<h2 class=\"link-title\">Sainte-M\u00e9nehould<\/h2>\n\t\t\t\t\t\t\t\t\t\t\t\t\t\t\t\t\t<\/div>\n\t\t\t\t<\/a>\n\t\t\t\t\t\t\t\t\t\t\t\t\t\t<a href=\"https:\/\/tourisme-en-champagne.com\/sezanne-petite-cite-de-caractere\/\" target=\"_blank\">\n\t\t\t\t\t\t\t\t\t\t\t<div class=\"thumbnail\"><img loading=\"lazy\" decoding=\"async\" width=\"370\" height=\"370\" src=\"https:\/\/tourisme-en-champagne.com\/assets\/uploads\/2025\/06\/jardin-de-lhotel-de-ville-3cville-de-sezanne.jpg\" class=\"attachment-thumbnail size-thumbnail\" alt=\"\" title=\"\"><\/div>\n\t\t\t\t\t\t\t\t\t\t\t\t\t\t\t<div class=\"text-link-title\">\n\t\t\t\t\t\t\t\t\t\t\t\t\t<h2 class=\"link-title\">S\u00e9zanne<\/h2>\n\t\t\t\t\t\t\t\t\t\t\t\t\t\t\t\t\t<\/div>\n\t\t\t\t<\/a>\n\t\t\t\t\t\t\t\t\t\t\t\t\t\t<a href=\"https:\/\/tourisme-en-champagne.com\/ay\/\" target=\"_blank\">\n\t\t\t\t\t\t\t\t\t\t\t<div class=\"thumbnail\"><img loading=\"lazy\" decoding=\"async\" width=\"370\" height=\"370\" src=\"https:\/\/tourisme-en-champagne.com\/assets\/uploads\/2025\/06\/pressoria-ay-champagne-musee-5-sens-boegly-grazia.jpeg\" class=\"attachment-thumbnail size-thumbnail\" alt=\"\" title=\"\"><\/div>\n\t\t\t\t\t\t\t\t\t\t\t\t\t\t\t<div class=\"text-link-title\">\n\t\t\t\t\t\t\t\t\t\t\t\t\t<h2 class=\"link-title\">A\u00ff<\/h2>\n\t\t\t\t\t\t\t\t\t\t\t\t\t\t\t\t\t<\/div>\n\t\t\t\t<\/a>\n\t\t\t\t\t\t\t\t\t\t\t\n\t<\/div>\n\n<\/section>\n\n<section style=\"background-image:url(&apos;https:\/\/tourisme-en-champagne.com\/assets\/uploads\/2025\/06\/appli-idvizitcc-manquillet-coll-adt-marne2-0.jpg&apos;);background-size:cover;\" class=\"wp-block-group alignfull pattern-text-50-right-background has-base-color has-text-color has-link-color wp-elements-6e234167dfdc94c352bcfb762368f6fd has-global-padding is-layout-constrained wp-block-group-is-layout-constrained has-background\">\n<div class=\"wp-block-columns is-layout-flex wp-container-core-columns-is-layout-fdcf44e1 wp-block-columns-is-layout-flex\">\n<div class=\"wp-block-column is-layout-flow wp-block-column-is-layout-flow\"><\/div>\n\n\n\n<div class=\"wp-block-column is-layout-flow wp-block-column-is-layout-flow\">\n<h2 class=\"wp-block-heading\"><strong>Rundreise &#8222;Petite cit\u00e9 de Caract\u00e8re\u00ae&#8220; (Kleine Stadt mit Charakter)<\/strong><\/h2>\n\n\n\n<hr class=\"wp-block-separator has-text-color has-base-color has-alpha-channel-opacity has-base-background-color has-background\"\/>\n\n\n\n<p class=\"wp-block-paragraph\">Wussten Sie das? Sie k\u00f6nnen die Route der &#8222;petites cit\u00e9s de caract\u00e8re&#8220; interaktiv entdecken, indem Sie die IDVizit-Anwendung herunterladen, die kostenlos im App Store und auf Google Play erh\u00e4ltlich ist.<\/p>\n\n\n\n<div class=\"wp-block-buttons is-content-justification-right is-layout-flex wp-container-core-buttons-is-layout-d50f724d wp-block-buttons-is-layout-flex\">\n<div class=\"wp-block-button\"><a class=\"wp-block-button__link has-grey-color has-base-background-color has-text-color has-background has-link-color wp-element-button\" href=\"https:\/\/www.idvizit.com\/\" target=\"_blank\" rel=\"noreferrer noopener\">Weitere Informationen<\/a><\/div>\n<\/div>\n<\/div>\n<\/div>\n<\/section>\n\n<section class=\"wp-block-group alignfull pattern-text-80-media-20 has-middleground-background-color has-background has-global-padding is-layout-constrained wp-block-group-is-layout-constrained\">\n<div class=\"wp-block-columns is-layout-flex wp-container-core-columns-is-layout-fdcf44e1 wp-block-columns-is-layout-flex\">\n<div class=\"wp-block-column is-layout-flow wp-block-column-is-layout-flow\" style=\"flex-basis:20%\">\n<figure data-wp-context=\"{&quot;imageId&quot;:&quot;6a97052ae2115&quot;}\" data-wp-interactive=\"core\/image\" data-wp-key=\"6a97052ae2115\" class=\"wp-block-image size-full wp-lightbox-container\"><img loading=\"lazy\" decoding=\"async\" width=\"170\" height=\"241\" data-wp-class--hide=\"state.isContentHidden\" data-wp-class--show=\"state.isContentVisible\" data-wp-init=\"callbacks.setButtonStyles\" data-wp-on--click=\"actions.showLightbox\" data-wp-on--load=\"callbacks.setButtonStyles\" data-wp-on--pointerdown=\"actions.preloadImage\" data-wp-on--pointerenter=\"actions.preloadImageWithDelay\" data-wp-on--pointerleave=\"actions.cancelPreload\" data-wp-on-window--resize=\"callbacks.setButtonStyles\" src=\"https:\/\/tourisme-en-champagne.com\/assets\/uploads\/2025\/06\/pcc-0.jpg\" alt=\"\" class=\"wp-image-10723\" title=\"\"><button\n\t\t\tclass=\"lightbox-trigger\"\n\t\t\ttype=\"button\"\n\t\t\taria-haspopup=\"dialog\"\n\t\t\tdata-wp-bind--aria-label=\"state.thisImage.triggerButtonAriaLabel\"\n\t\t\tdata-wp-init=\"callbacks.initTriggerButton\"\n\t\t\tdata-wp-on--click=\"actions.showLightbox\"\n\t\t\tdata-wp-style--right=\"state.thisImage.buttonRight\"\n\t\t\tdata-wp-style--top=\"state.thisImage.buttonTop\"\n\t\t>\n\t\t\t<svg xmlns=\"http:\/\/www.w3.org\/2000\/svg\" width=\"12\" height=\"12\" fill=\"none\" viewBox=\"0 0 12 12\">\n\t\t\t\t<path fill=\"#fff\" d=\"M2 0a2 2 0 0 0-2 2v2h1.5V2a.5.5 0 0 1 .5-.5h2V0H2Zm2 10.5H2a.5.5 0 0 1-.5-.5V8H0v2a2 2 0 0 0 2 2h2v-1.5ZM8 12v-1.5h2a.5.5 0 0 0 .5-.5V8H12v2a2 2 0 0 1-2 2H8Zm2-12a2 2 0 0 1 2 2v2h-1.5V2a.5.5 0 0 0-.5-.5H8V0h2Z\" \/>\n\t\t\t<\/svg>\n\t\t<\/button><\/figure>\n<\/div>\n\n\n\n<div class=\"wp-block-column is-layout-flow wp-block-column-is-layout-flow\" style=\"flex-basis:80%\">\n<h2 class=\"wp-block-heading\"><strong>Petites Cit\u00e9s de Caract\u00e8re\u00ae im Grand Est<\/strong><\/h2>\n\n\n\n<hr class=\"wp-block-separator has-text-color has-accent-1-color has-alpha-channel-opacity has-accent-1-background-color has-background\"\/>\n\n\n\n<p class=\"wp-block-paragraph\">Von den Ardennen bis zum Elsass, von der Champagne bis Lothringen, <strong>von der Mosel bis zu den <\/strong>Vogesen sind es <strong>29<\/strong> Gemeinden der Region, die sich f\u00fcr die Initiative Petites Cit\u00e9s de Caract\u00e8re\u00ae engagieren. Die Marke Petites Cit\u00e9s de Caract\u00e8re\u00ae wertet atypische Gemeinden zwischen Urbanit\u00e4t und L\u00e4ndlichkeit auf: l\u00e4ndlich durch ihre Lage und ihre begrenzte Bev\u00f6lkerungszahl und gleichzeitig st\u00e4dtisch durch ihre Geschichte und ihr hochwertiges Kulturerbe. Als jahrhundertealte St\u00e4dte waren sie Zentren der Macht, der Religion, des Handels, des Milit\u00e4rs&#8230;. Ihr Kulturerbe erz\u00e4hlt diese Geschichte.   <\/p>\n\n\n\n<div class=\"wp-block-buttons is-layout-flex wp-block-buttons-is-layout-flex\">\n<div class=\"wp-block-button\"><a class=\"wp-block-button__link wp-element-button\" href=\"https:\/\/tourisme-en-champagne.com\/assets\/uploads\/2025\/06\/brochure-petites-cites-de-caractere-grand-est.pdf\" target=\"_blank\" rel=\"noreferrer noopener\">Siehe Leitfaden+<\/a><\/div>\n<\/div>\n<\/div>\n<\/div>\n<\/section>\n\n<section class=\"wp-block-group alignfull pattern-text-50-media-50 has-global-padding is-layout-constrained wp-block-group-is-layout-constrained\">\n<div class=\"wp-block-columns is-layout-flex wp-container-core-columns-is-layout-63fbf5b9 wp-block-columns-is-layout-flex\">\n<div class=\"wp-block-column is-layout-flow wp-block-column-is-layout-flow\">\n<figure class=\"wp-block-image size-full\"><img loading=\"lazy\" decoding=\"async\" width=\"450\" height=\"469\" src=\"https:\/\/tourisme-en-champagne.com\/assets\/uploads\/2025\/06\/logo-pcc-0.jpg\" alt=\"\" class=\"wp-image-10713\" title=\"\" srcset=\"https:\/\/tourisme-en-champagne.com\/assets\/uploads\/2025\/06\/logo-pcc-0.jpg 450w, https:\/\/tourisme-en-champagne.com\/assets\/uploads\/2025\/06\/logo-pcc-0-400x417.jpg 400w\" sizes=\"auto, (max-width: 450px) 100vw, 450px\" \/><\/figure>\n<\/div>\n\n\n\n<div class=\"wp-block-column is-layout-flow wp-block-column-is-layout-flow\">\n<h2 class=\"wp-block-heading\"><strong>Die f\u00fcnf obligatorischen Kriterien :<\/strong><\/h2>\n\n\n\n<hr class=\"wp-block-separator has-text-color has-grey-color has-alpha-channel-opacity has-grey-background-color has-background\"\/>\n\n\n\n<ul class=\"wp-block-list has-grey-color has-text-color has-link-color wp-elements-84b114a019dcb17bfd61ce0006adf7aa\">\n<li>Der Ballungsraum muss unter Denkmalschutz stehen oder ein bemerkenswertes Kulturdenkmal sein,<\/li>\n\n\n\n<li>Kleine st\u00e4dtische Einheiten: Gemeinden mit weniger als 6000 Einwohnern, oder die Einwohnerzahl innerhalb des Gebietes, das unter dem Schutz eines historischen Monuments oder einer bemerkenswerten St\u00e4tte des Kulturerbes steht, muss zum Zeitpunkt des Beitrittsantrags weniger als 6000 Einwohner betragen.  <\/li>\n\n\n\n<li>Der Ballungsraum muss eine ausreichend dichte Bebauung aufweisen, die ihm das Aussehen einer Stadt verleiht, ein qualitativ hochwertiges und homogenes architektonisches Erbe besitzen, das von seiner Geschichte zeugt, st\u00e4dtische Funktionen von zentraler Bedeutung ausge\u00fcbt haben und \/ oder aus\u00fcben,<\/li>\n\n\n\n<li>Die Gemeinde muss \u00fcber ein mehrj\u00e4hriges Programm zur Restaurierung und Sanierung des baulichen Kulturerbes und zur Aufwertung des materiellen und immateriellen Kulturerbes verf\u00fcgen,<\/li>\n\n\n\n<li>Die Gemeinde muss sich in die Strategie zur Entwicklung des Tourismus in ihrem Gebiet einf\u00fcgen.<\/li>\n<\/ul>\n<\/div>\n<\/div>\n<\/section>\n\n<section class=\"wp-block-group alignfull pattern-text-100 has-base-background-color has-background has-global-padding is-layout-constrained wp-block-group-is-layout-constrained\">\n<div class=\"wp-block-columns is-layout-flex wp-container-core-columns-is-layout-63fbf5b9 wp-block-columns-is-layout-flex\">\n<div class=\"wp-block-column is-layout-flow wp-block-column-is-layout-flow\">\n<h2 class=\"wp-block-heading\"><strong>Die sieben Verpflichtungen der Gemeinden<\/strong><\/h2>\n\n\n\n<hr class=\"wp-block-separator has-text-color has-grey-color has-alpha-channel-opacity has-grey-background-color has-background\"\/>\n\n\n\n<ul class=\"wp-block-list has-grey-color has-text-color has-link-color wp-elements-1048f652c1109d19392866f978c824df\">\n<li>Schaffung einer Site Patrimonial Remarquable und Einf\u00fchrung einer entsprechenden Verordnung,<\/li>\n\n\n\n<li>Pflege und Aufwertung des \u00f6ffentlichen Raums,<\/li>\n\n\n\n<li>Instandhaltung und Aufwertung von \u00f6ffentlichen Geb\u00e4uden<\/li>\n\n\n\n<li>Instandhaltung und Aufwertung von privaten Geb\u00e4uden<\/li>\n\n\n\n<li>Engagement der Gemeinde f\u00fcr den Empfang der \u00d6ffentlichkeit,<\/li>\n\n\n\n<li>Engagement der Gemeinde f\u00fcr die Animation.<\/li>\n\n\n\n<li>Verpflichtung der Gemeinde zur Teilnahme am Leben des Netzwerks<\/li>\n<\/ul>\n<\/div>\n<\/div>\n<\/section>\n\n<section class=\"wp-block-group alignfull pattern-bubble-links has-middleground-background-color has-background has-global-padding is-layout-constrained wp-block-group-is-layout-constrained\" style=\"padding-top:var(--wp--preset--spacing--xx-large);padding-bottom:var(--wp--preset--spacing--xx-large)\">\n\t<div class=\"fsgb-block-link-mosaic is-style-bubbles alignwide\"  >\n\t\t\t\t\t\t\t\t\t\t\t\t<a href=\"https:\/\/petitescitesdecaractere.com\/fr\/lassociation-petites-cites-de-caractere-de-france\/la-charte-nationale-de-qualite\" target=\"_blank\" rel=\"noopener\">\n\t\t\t\t\t\t\t\t\t\t\t<div class=\"thumbnail\"><img loading=\"lazy\" decoding=\"async\" width=\"150\" height=\"150\" src=\"https:\/\/tourisme-en-champagne.com\/assets\/uploads\/2025\/06\/picto-new-livre-2.png\" class=\"attachment-thumbnail size-thumbnail\" alt=\"\" title=\"\"><\/div>\n\t\t\t\t\t\t\t\t\t\t\t\t\t\t\t<div class=\"text-link-title\">\n\t\t\t\t\t\t\t\t\t\t\t\t\t<h2 class=\"link-title\">La Charte Nationale<\/h2>\n\t\t\t\t\t\t\t\t\t\t\t\t\t\t\t\t\t<\/div>\n\t\t\t\t<\/a>\n\t\t\t\t\t\t\t\t\t\t\t\t\t\t<a href=\"https:\/\/petitescitesdecaractere.com\/fr\/lassociation-petites-cites-de-caractere-de-france\/un-peu-dhistoire\" target=\"_blank\" rel=\"noopener\">\n\t\t\t\t\t\t\t\t\t\t\t<div class=\"thumbnail\"><img loading=\"lazy\" decoding=\"async\" width=\"150\" height=\"150\" src=\"https:\/\/tourisme-en-champagne.com\/assets\/uploads\/2025\/06\/picto-new-oeil-2.png\" class=\"attachment-thumbnail size-thumbnail\" alt=\"\" title=\"\"><\/div>\n\t\t\t\t\t\t\t\t\t\t\t\t\t\t\t<div class=\"text-link-title\">\n\t\t\t\t\t\t\t\t\t\t\t\t\t<h2 class=\"link-title\">Origine de l&#8217;appelation<\/h2>\n\t\t\t\t\t\t\t\t\t\t\t\t\t\t\t\t\t<\/div>\n\t\t\t\t<\/a>\n\t\t\t\t\t\t\t\t\t\t\t\t\t\t<a href=\"https:\/\/www.facebook.com\/PCCGrandEst\" target=\"_blank\" rel=\"noopener\">\n\t\t\t\t\t\t\t\t\t\t\t<div class=\"thumbnail\"><img loading=\"lazy\" decoding=\"async\" width=\"150\" height=\"150\" src=\"https:\/\/tourisme-en-champagne.com\/assets\/uploads\/2025\/06\/agenda-0-0-1.png\" class=\"attachment-thumbnail size-thumbnail\" alt=\"\" title=\"\"><\/div>\n\t\t\t\t\t\t\t\t\t\t\t\t\t\t\t<div class=\"text-link-title\">\n\t\t\t\t\t\t\t\t\t\t\t\t\t<h2 class=\"link-title\">Actualit\u00e9s<\/h2>\n\t\t\t\t\t\t\t\t\t\t\t\t\t\t\t\t\t<\/div>\n\t\t\t\t<\/a>\n\t\t\t\t\t\t\t\t\t\t\t\t\t\t<a href=\"https:\/\/www.petitescitesdecaractere.com\/\" target=\"_blank\" rel=\"noopener\">\n\t\t\t\t\t\t\t\t\t\t\t<div class=\"thumbnail\"><img loading=\"lazy\" decoding=\"async\" width=\"150\" height=\"150\" src=\"https:\/\/tourisme-en-champagne.com\/assets\/uploads\/2025\/06\/panneau-1-0-2.png\" class=\"attachment-thumbnail size-thumbnail\" alt=\"\" title=\"\"><\/div>\n\t\t\t\t\t\t\t\t\t\t\t\t\t\t\t<div class=\"text-link-title\">\n\t\t\t\t\t\t\t\t\t\t\t\t\t<h2 class=\"link-title\">Site Web<\/h2>\n\t\t\t\t\t\t\t\t\t\t\t\t\t\t\t\t\t<\/div>\n\t\t\t\t<\/a>\n\t\t\t\t\t\t\t\t\t\t\t\n\t<\/div>\n\n<\/section>\n\n<section class=\"wp-block-group alignfull pattern-text-80-media-20 has-global-padding is-layout-constrained wp-block-group-is-layout-constrained\">\n<div class=\"wp-block-columns is-layout-flex wp-container-core-columns-is-layout-fdcf44e1 wp-block-columns-is-layout-flex\">\n<div class=\"wp-block-column is-layout-flow wp-block-column-is-layout-flow\" style=\"flex-basis:40%\">\n<figure data-wp-context=\"{&quot;imageId&quot;:&quot;6a97052ae8e11&quot;}\" data-wp-interactive=\"core\/image\" data-wp-key=\"6a97052ae8e11\" class=\"wp-block-image size-full wp-lightbox-container\"><img loading=\"lazy\" decoding=\"async\" width=\"800\" height=\"525\" data-wp-class--hide=\"state.isContentHidden\" data-wp-class--show=\"state.isContentVisible\" data-wp-init=\"callbacks.setButtonStyles\" data-wp-on--click=\"actions.showLightbox\" data-wp-on--load=\"callbacks.setButtonStyles\" data-wp-on--pointerdown=\"actions.preloadImage\" data-wp-on--pointerenter=\"actions.preloadImageWithDelay\" data-wp-on--pointerleave=\"actions.cancelPreload\" data-wp-on-window--resize=\"callbacks.setButtonStyles\" src=\"https:\/\/tourisme-en-champagne.com\/assets\/uploads\/2025\/08\/dimanche.jpg\" alt=\"\" class=\"wp-image-16618\" style=\"aspect-ratio:1;object-fit:cover\" title=\"\" srcset=\"https:\/\/tourisme-en-champagne.com\/assets\/uploads\/2025\/08\/dimanche.jpg 800w, https:\/\/tourisme-en-champagne.com\/assets\/uploads\/2025\/08\/dimanche-640x420.jpg 640w, https:\/\/tourisme-en-champagne.com\/assets\/uploads\/2025\/08\/dimanche-400x263.jpg 400w, https:\/\/tourisme-en-champagne.com\/assets\/uploads\/2025\/08\/dimanche-768x504.jpg 768w\" sizes=\"auto, (max-width: 800px) 100vw, 800px\" \/><button\n\t\t\tclass=\"lightbox-trigger\"\n\t\t\ttype=\"button\"\n\t\t\taria-haspopup=\"dialog\"\n\t\t\tdata-wp-bind--aria-label=\"state.thisImage.triggerButtonAriaLabel\"\n\t\t\tdata-wp-init=\"callbacks.initTriggerButton\"\n\t\t\tdata-wp-on--click=\"actions.showLightbox\"\n\t\t\tdata-wp-style--right=\"state.thisImage.buttonRight\"\n\t\t\tdata-wp-style--top=\"state.thisImage.buttonTop\"\n\t\t>\n\t\t\t<svg xmlns=\"http:\/\/www.w3.org\/2000\/svg\" width=\"12\" height=\"12\" fill=\"none\" viewBox=\"0 0 12 12\">\n\t\t\t\t<path fill=\"#fff\" d=\"M2 0a2 2 0 0 0-2 2v2h1.5V2a.5.5 0 0 1 .5-.5h2V0H2Zm2 10.5H2a.5.5 0 0 1-.5-.5V8H0v2a2 2 0 0 0 2 2h2v-1.5ZM8 12v-1.5h2a.5.5 0 0 0 .5-.5V8H12v2a2 2 0 0 1-2 2H8Zm2-12a2 2 0 0 1 2 2v2h-1.5V2a.5.5 0 0 0-.5-.5H8V0h2Z\" \/>\n\t\t\t<\/svg>\n\t\t<\/button><\/figure>\n<\/div>\n\n\n\n<div class=\"wp-block-column is-layout-flow wp-block-column-is-layout-flow\" style=\"flex-basis:60%\">\n<h2 class=\"wp-block-heading\"><strong>Sonntage mit Charakter<\/strong><\/h2>\n\n\n\n<hr class=\"wp-block-separator has-text-color has-accent-1-color has-alpha-channel-opacity has-accent-1-background-color has-background\"\/>\n\n\n\n<p class=\"wp-block-paragraph\">Die Dimanches de Caract\u00e8re (Sonntage des Charakters) verbinden Spazierg\u00e4nge, die Entdeckung des Kulturerbes und die Verkostung von regionalen Produkten. Sie bieten ungew\u00f6hnliche Besichtigungen der #petitescitesdecaractere (kleine St\u00e4dte mit Charakter) im Grand Est.<\/p>\n\n\n\n<p class=\"wp-block-paragraph\">Vom 5. Mai bis 13. Oktober.<\/p>\n\n\n\n<div class=\"wp-block-buttons is-layout-flex wp-block-buttons-is-layout-flex\">\n<div class=\"wp-block-button\"><a class=\"wp-block-button__link wp-element-button\" href=\"https:\/\/petitescitesdecaractere.com\/sites\/default\/files\/user\/122\/uploads\/programme_dimanches_de_caractere_grand_est_2024.pdf\" target=\"_blank\" rel=\"noopener\">Entdecken Sie<\/a><\/div>\n<\/div>\n<\/div>\n<\/div>\n<\/section>\n","protected":false},"excerpt":{"rendered":"<p>Das Konzept der Petites Cit\u00e9s de Caract\u00e8re \u00ae (Kleine St\u00e4dte mit Charakter)\u00ae entstand Mitte der 1970er Jahre, um atypische Gemeinden aufzuwerten, die sowohl l\u00e4ndlich durch ihre Lage und begrenzte Bev\u00f6lkerungszahl als auch st\u00e4dtisch durch ihre Geschichte und ihr Erbe sind. Das Projekt in diesen Gemeinden besteht darin, die verschiedenen Akteure um ein Ziel herum zu [&hellip;]<\/p>\n","protected":false},"author":2,"featured_media":10751,"parent":21522,"menu_order":0,"comment_status":"closed","ping_status":"closed","template":"templates\/accueil-espace.php","meta":{"_acf_changed":false,"footnotes":"","_links_to":"","_links_to_target":""},"class_list":["post-20647","page","type-page","status-publish","has-post-thumbnail","hentry"],"acf":[],"_links":{"self":[{"href":"https:\/\/tourisme-en-champagne.com\/de\/wp-json\/wp\/v2\/pages\/20647","targetHints":{"allow":["GET"]}}],"collection":[{"href":"https:\/\/tourisme-en-champagne.com\/de\/wp-json\/wp\/v2\/pages"}],"about":[{"href":"https:\/\/tourisme-en-champagne.com\/de\/wp-json\/wp\/v2\/types\/page"}],"author":[{"embeddable":true,"href":"https:\/\/tourisme-en-champagne.com\/de\/wp-json\/wp\/v2\/users\/2"}],"replies":[{"embeddable":true,"href":"https:\/\/tourisme-en-champagne.com\/de\/wp-json\/wp\/v2\/comments?post=20647"}],"version-history":[{"count":1,"href":"https:\/\/tourisme-en-champagne.com\/de\/wp-json\/wp\/v2\/pages\/20647\/revisions"}],"predecessor-version":[{"id":20650,"href":"https:\/\/tourisme-en-champagne.com\/de\/wp-json\/wp\/v2\/pages\/20647\/revisions\/20650"}],"up":[{"embeddable":true,"href":"https:\/\/tourisme-en-champagne.com\/de\/wp-json\/wp\/v2\/pages\/21522"}],"wp:featuredmedia":[{"embeddable":true,"href":"https:\/\/tourisme-en-champagne.com\/de\/wp-json\/wp\/v2\/media\/10751"}],"wp:attachment":[{"href":"https:\/\/tourisme-en-champagne.com\/de\/wp-json\/wp\/v2\/media?parent=20647"}],"curies":[{"name":"wp","href":"https:\/\/api.w.org\/{rel}","templated":true}]}}