{"id":20604,"date":"2025-06-24T08:22:27","date_gmt":"2025-06-24T06:22:27","guid":{"rendered":"https:\/\/tourisme-en-champagne.com\/touristische-route-der-champagne\/"},"modified":"2026-08-20T23:37:16","modified_gmt":"2026-08-20T21:37:16","slug":"touristische-route-der-champagne","status":"publish","type":"page","link":"https:\/\/tourisme-en-champagne.com\/de\/alles-ueber-champagner\/touristische-route-der-champagne\/","title":{"rendered":"Touristische Route der Champagne"},"content":{"rendered":"\n<section class=\"wp-block-group alignfull pattern-text-100 has-global-padding is-layout-constrained wp-block-group-is-layout-constrained\">\n<div class=\"wp-block-columns is-layout-flex wp-container-core-columns-is-layout-63fbf5b9 wp-block-columns-is-layout-flex\">\n<div class=\"wp-block-column is-layout-flow wp-block-column-is-layout-flow\">\n<h2 class=\"wp-block-heading has-text-align-center\"><strong>DIE MARNAIS-ROUTEN, UM DIE CHAMPAGNERREGION UND DEN WEINREICHTUM IN IHREM EIGENEN RHYTHMUS ZU ENTDECKEN!<\/strong><\/h2>\n\n\n\n<hr class=\"wp-block-separator aligncenter has-text-color has-grey-color has-alpha-channel-opacity has-grey-background-color has-background\"\/>\n\n\n\n<h3 class=\"wp-block-heading has-text-align-center has-accent-1-color has-text-color has-link-color wp-elements-2dd3cdd0eb1c115ef95e560ad3203840\">CHAMPAGNER: EIN WORT UND ALLES IST GESAGT. HIER HABEN DIE SCH\u00d6NHEIT DER H\u00c4NGE, DAS REICHE KULTURERBE UND DIE GASTFREUNDSCHAFT DER WINZER EINE GEOGRAPHIE DES GL\u00dcCKS GESCHAFFEN. <\/h3>\n\n\n\n<p class=\"has-text-align-center patterns-underline wp-block-paragraph\">Um sie zu entdecken, fahren Sie einfach auf der <strong>Route Touristique du Champagne<\/strong>. Diese vollst\u00e4ndig ausgeschilderte Stra\u00dfe schl\u00e4ngelt sich durch die Weinberge, \u00fcber zerkl\u00fcftete H\u00fcgel, an denen sich die D\u00f6rfer der Champagne, Schl\u00f6sser und Kirchen aneinanderreihen. Die Route feiert in diesem Jahr ihr 70-j\u00e4hriges Bestehen!  <\/p>\n\n\n\n<p class=\"has-text-align-center wp-block-paragraph\">Betreten Sie die Weinberge und atmen Sie die D\u00fcfte des Safts ein&#8230; Bei Ihrem n\u00e4chsten Ausflug in die Champagne k\u00f6nnen Sie die T\u00fcren der Weinkeller \u00f6ffnen, um die Winzer zu treffen und ihre Leidenschaft zu teilen. Verpassen Sie auch nicht einen Abstecher nach Epernay, dessen unglaubliche Avenue de Champagne jedes Jahr 2 Millionen Besucher anzieht, und nach Hautvillers, einem kleinen Dorf zwischen Weinbergen und Wald oberhalb von Epernay, das als Wiege des Champagners bekannt ist.  <\/p>\n\n\n\n<p class=\"has-text-align-center patterns-underline wp-block-paragraph\">Sind Sie bereit f\u00fcr Ihren Weinausflug in die Champagne?<\/p>\n<\/div>\n<\/div>\n<\/section>\n\n<section class=\"wp-block-group alignfull pattern-summary has-background has-global-padding is-layout-constrained wp-block-group-is-layout-constrained\">\n\t<div class=\"fsgb-block-link-mosaic is-style-summary\"  >\n\t\t\t\t\t\t\t\t\t\t\t\t<a href=\"https:\/\/tourisme-en-champagne.com\/tout-sur-le-champagne\/route-touristique-du-champagne\/circuit-de-la-montagne-de-reims\/\" target=\"_blank\">\n\t\t\t\t\t\t\t\t\t\t\t<div class=\"thumbnail\"><img loading=\"lazy\" decoding=\"async\" width=\"370\" height=\"370\" src=\"https:\/\/tourisme-en-champagne.com\/assets\/uploads\/2025\/07\/phare-verzenaycegoulet-colladt-marne1.png\" class=\"attachment-thumbnail size-thumbnail\" alt=\"Phare Verzenayce\" title=\"\"><\/div>\n\t\t\t\t\t\t\t\t\t\t\t\t\t\t\t<div class=\"text-link-title\">\n\t\t\t\t\t\t\t\t\t\t\t\t\t<h2 class=\"link-title\">Circuit de la montagne de Reims<\/h2>\n\t\t\t\t\t\t\t\t\t\t\t\t\t\t\t\t\t\t\t<div class=\"text\">Ihr Weinausflug beginnt in Reims oder Epernay, 70 Kilometer, um in die Geschichte, das Kulturerbe und die Landschaften der Champagne einzutauchen.<\/div>\n\t\t\t\t\t\t\t\t\t\t\t<\/div>\n\t\t\t\t<\/a>\n\t\t\t\t\t\t\t\t\t\t\t\t\t\t<a href=\"https:\/\/tourisme-en-champagne.com\/tout-sur-le-champagne\/route-touristique-du-champagne\/circuit-de-la-vallee-de-la-marne\/\" target=\"_blank\">\n\t\t\t\t\t\t\t\t\t\t\t<div class=\"thumbnail\"><img loading=\"lazy\" decoding=\"async\" width=\"370\" height=\"370\" src=\"https:\/\/tourisme-en-champagne.com\/assets\/uploads\/2025\/07\/hautvillers-1.jpg\" class=\"attachment-thumbnail size-thumbnail\" alt=\"Hautvillers\" title=\"\"><\/div>\n\t\t\t\t\t\t\t\t\t\t\t\t\t\t\t<div class=\"text-link-title\">\n\t\t\t\t\t\t\t\t\t\t\t\t\t<h2 class=\"link-title\">Circuit de la vall\u00e9e de la Marne<\/h2>\n\t\t\t\t\t\t\t\t\t\t\t\t\t\t\t\t\t\t\t<div class=\"text\">Diese Route, die in Epernay beginnt, \u00fcberragt oft das Tal und bietet herrliche Ausblicke auf die Pinot Meunier-Weinberge.<\/div>\n\t\t\t\t\t\t\t\t\t\t\t<\/div>\n\t\t\t\t<\/a>\n\t\t\t\t\t\t\t\t\t\t\t\t\t\t<a href=\"https:\/\/tourisme-en-champagne.com\/tout-sur-le-champagne\/route-touristique-du-champagne\/circuit-de-la-cote-des-blancs\/\" target=\"_blank\">\n\t\t\t\t\t\t\t\t\t\t\t<div class=\"thumbnail\"><img loading=\"lazy\" decoding=\"async\" width=\"370\" height=\"370\" src=\"https:\/\/tourisme-en-champagne.com\/assets\/uploads\/2025\/07\/chavot-0.jpg\" class=\"attachment-thumbnail size-thumbnail\" alt=\"Eglise de Chavot - Vignoble de Champagne\" title=\"\"><\/div>\n\t\t\t\t\t\t\t\t\t\t\t\t\t\t\t<div class=\"text-link-title\">\n\t\t\t\t\t\t\t\t\t\t\t\t\t<h2 class=\"link-title\">Circuit de la c\u00f4te des blancs<\/h2>\n\t\t\t\t\t\t\t\t\t\t\t\t\t\t\t\t\t\t\t<div class=\"text\">Von Epernay aus wandern Sie zu den D\u00f6rfern mit ber\u00fchmten Namen, die an den H\u00e4ngen der H\u00fcgel in der Wiege des Chardonnay gebaut wurden.<\/div>\n\t\t\t\t\t\t\t\t\t\t\t<\/div>\n\t\t\t\t<\/a>\n\t\t\t\t\t\t\t\t\t\t\t\t\t\t<a href=\"https:\/\/tourisme-en-champagne.com\/tout-sur-le-champagne\/route-touristique-du-champagne\/rtc-coteaux-vitryats\/\" target=\"_blank\">\n\t\t\t\t\t\t\t\t\t\t\t<div class=\"thumbnail\"><img loading=\"lazy\" decoding=\"async\" width=\"370\" height=\"370\" src=\"https:\/\/tourisme-en-champagne.com\/assets\/uploads\/2025\/06\/coteaux-vitryatscapcvv-6.gif\" class=\"attachment-thumbnail size-thumbnail\" alt=\"\" title=\"\"><\/div>\n\t\t\t\t\t\t\t\t\t\t\t\t\t\t\t<div class=\"text-link-title\">\n\t\t\t\t\t\t\t\t\t\t\t\t\t<h2 class=\"link-title\">Circuit des Coteaux Vitryats<\/h2>\n\t\t\t\t\t\t\t\t\t\t\t\t\t\t\t\t\t\t\t<div class=\"text\">Von Vitry-le-Fran\u00e7ois aus k\u00f6nnen Sie auf kleinen Stra\u00dfen \u00fcber H\u00fcgel, Berge und Ebenen den Charakter der Bocage Champenois entdecken.<\/div>\n\t\t\t\t\t\t\t\t\t\t\t<\/div>\n\t\t\t\t<\/a>\n\t\t\t\t\t\t\t\t\t\t\t\t\t\t<a href=\"https:\/\/tourisme-en-champagne.com\/tout-sur-le-champagne\/route-touristique-du-champagne\/circuit-du-massif-de-st-thierry-et-de-la-vallee-de-lardre\/\" target=\"_blank\">\n\t\t\t\t\t\t\t\t\t\t\t<div class=\"thumbnail\"><img loading=\"lazy\" decoding=\"async\" width=\"370\" height=\"370\" src=\"https:\/\/tourisme-en-champagne.com\/assets\/uploads\/2025\/06\/stthierry.jpg\" class=\"attachment-thumbnail size-thumbnail\" alt=\"St Thierry\" title=\"\"><\/div>\n\t\t\t\t\t\t\t\t\t\t\t\t\t\t\t<div class=\"text-link-title\">\n\t\t\t\t\t\t\t\t\t\t\t\t\t<h2 class=\"link-title\">Circuit du massif de St Thierry et de la vall\u00e9e de l&#8217;Ardre<\/h2>\n\t\t\t\t\t\t\t\t\t\t\t\t\t\t\t\t\t\t\t<div class=\"text\">Malerische Routen von Reims aus, wo Weinberge und W\u00e4lder wie ein Schmuckk\u00e4stchen die D\u00f6rfer umgeben, die eng mit der Kr\u00f6nung der K\u00f6nige verbunden sind.<\/div>\n\t\t\t\t\t\t\t\t\t\t\t<\/div>\n\t\t\t\t<\/a>\n\t\t\t\t\t\t\t\t\t\t\t\t\t\t<a href=\"https:\/\/tourisme-en-champagne.com\/tout-sur-le-champagne\/route-touristique-du-champagne\/circuit-des-coteaux-du-sezannais-et-petit-morin\/\" target=\"_blank\">\n\t\t\t\t\t\t\t\t\t\t\t<div class=\"thumbnail\"><img loading=\"lazy\" decoding=\"async\" width=\"400\" height=\"400\" src=\"https:\/\/tourisme-en-champagne.com\/assets\/uploads\/2025\/07\/etoges.jpeg\" class=\"attachment-thumbnail size-thumbnail\" alt=\"\" title=\"\"><\/div>\n\t\t\t\t\t\t\t\t\t\t\t\t\t\t\t<div class=\"text-link-title\">\n\t\t\t\t\t\t\t\t\t\t\t\t\t<h2 class=\"link-title\">Circuit des Coteaux du S\u00e9zannais et Petit Morin<\/h2>\n\t\t\t\t\t\t\t\t\t\t\t\t\t\t\t\t\t\t\t<div class=\"text\">Von Berg\u00e8res-les-Vertus aus, zwischen Bocage, Mooren und Weinbergen, enth\u00fcllt Ihnen diese Route ihre Reliefs und ihre bewegte Geschichte.<\/div>\n\t\t\t\t\t\t\t\t\t\t\t<\/div>\n\t\t\t\t<\/a>\n\t\t\t\t\t\t\t\t\t\t\t\n\t<\/div>\n\n<\/section>\n\n<div class=\"wp-block-group has-global-padding is-layout-constrained wp-block-group-is-layout-constrained\">\n<h2 class=\"wp-block-heading is-style-h2\">La Route du Champagne, les \u00e9tapes, les portes d\u2019entr\u00e9e<\/h2>\n\n\n<p><iframe loading=\"lazy\" frameborder=\"0\" height=\"700\" scrolling=\"yes\" src=\"https:\/\/route-champagne.fr\/map\" title=\"Inline Frame Example\" width=\"940\"><\/iframe><\/p>\n\n\n\n<div class=\"wp-block-buttons is-layout-flex wp-block-buttons-is-layout-flex\">\n<div class=\"wp-block-button\"><a class=\"wp-block-button__link wp-element-button\" href=\"https:\/\/route-champagne.fr\/\" target=\"_blank\" rel=\"noopener\">En savoir plus<\/a><\/div>\n<\/div>\n<\/div>\n\n<section class=\"wp-block-group alignfull pattern-text-50-media-50 has-global-padding is-layout-constrained wp-block-group-is-layout-constrained\">\n<div class=\"wp-block-columns is-layout-flex wp-container-core-columns-is-layout-63fbf5b9 wp-block-columns-is-layout-flex\">\n<div class=\"wp-block-column is-layout-flow wp-block-column-is-layout-flow\">\n<h2 class=\"wp-block-heading\"><strong>MASSIV VON SAINT THIERRY<\/strong><\/h2>\n\n\n\n<hr class=\"wp-block-separator has-text-color has-accent-3-color has-alpha-channel-opacity has-accent-3-background-color has-background\"\/>\n\n\n\n<h3 class=\"wp-block-heading has-accent-3-color has-text-color has-link-color wp-elements-da20f718ae6c53adcccaf18865082b0a\">ARDRE-TAL<\/h3>\n\n\n\n<p class=\"wp-block-paragraph\">Weinberge und W\u00e4lder bilden im Massiv von St-Thierry ein <strong>herrliches gr\u00fcnes Ensemble<\/strong>, das D\u00f6rfer umgibt, die eng mit der Kr\u00f6nung der franz\u00f6sischen K\u00f6nige verbunden sind. Die Route beginnt in Reims, Ausfahrt Tinqueux, und f\u00fchrt \u00fcber <strong>malerische Stra\u00dfen<\/strong>. <\/p>\n\n\n\n<ul class=\"wp-block-list has-grey-color has-text-color has-link-color wp-elements-959d393577e5eb7d663c7ac78d819a39\">\n<li>Le circuit d\u00e9bute par la visite de la\u00a0<strong><a href=\"https:\/\/tourisme-en-champagne.com\/activite\/cathedrale-notre-dame-de-reims\/\" data-type=\"activite\" data-id=\"7847\">cath\u00e9drale de Reims<\/a><\/strong>\u00a0avec \u00e0 proximit\u00e9, le\u00a0<strong><a href=\"https:\/\/tourisme-en-champagne.com\/activite\/palais-du-tau-ferme-pour-travaux\/\" data-type=\"activite\" data-id=\"7821\">Palais du Tau<\/a><\/strong>\u00a0abritant le tr\u00e9sor de la cath\u00e9drale et une partie de la statuaire originale.<\/li>\n\n\n\n<li>Entdecken Sie Saint-Thierry, wo Sie die Kapelle der Gemeinschaft (12. Jh.), ein ehemaliger Kapitelsaal mit sch\u00f6nen geschnitzten Kapitellen, bewundern k\u00f6nnen.<\/li>\n\n\n\n<li>Une fois le parcours termin\u00e9, de retour \u00e0 Reims, ne manquez pas de visiter la magnifique<strong>\u00a0<a href=\"https:\/\/tourisme-en-champagne.com\/activite\/basilique-saint-remi\/\" data-type=\"activite\" data-id=\"7810\">basilique Saint-Remi<\/a>\u00a0<\/strong>et son mus\u00e9e, class\u00e9s au titre du\u00a0<strong>patrimoine mondial de l&#8217;UNESCO.<\/strong><\/li>\n<\/ul>\n\n\n\n<div class=\"wp-block-buttons is-layout-flex wp-block-buttons-is-layout-flex\">\n<div class=\"wp-block-button\"><a class=\"wp-block-button__link has-contrast-color has-accent-3-background-color has-text-color has-background has-link-color wp-element-button\" href=\"https:\/\/www.cirkwi.com\/fr\/circuit\/59609-route-touristique-du-champagne-massif-de-saint-thierry-vallee-de-l-ardre\" target=\"_blank\" rel=\"noreferrer noopener\">Siehe de route<\/a><\/div>\n<\/div>\n<\/div>\n\n\n\n<div class=\"wp-block-column is-layout-flow wp-block-column-is-layout-flow\">\n<figure class=\"wp-block-image size-full\"><img loading=\"lazy\" decoding=\"async\" width=\"485\" height=\"550\" src=\"https:\/\/tourisme-en-champagne.com\/assets\/uploads\/2025\/06\/eglise-saint-gillescm-jolyot-coll-adt-marne2-1.jpg\" alt=\"\" class=\"wp-image-10317\" title=\"\" srcset=\"https:\/\/tourisme-en-champagne.com\/assets\/uploads\/2025\/06\/eglise-saint-gillescm-jolyot-coll-adt-marne2-1.jpg 485w, https:\/\/tourisme-en-champagne.com\/assets\/uploads\/2025\/06\/eglise-saint-gillescm-jolyot-coll-adt-marne2-1-400x454.jpg 400w\" sizes=\"auto, (max-width: 485px) 100vw, 485px\" \/><\/figure>\n<\/div>\n<\/div>\n<\/section>\n\n<section class=\"wp-block-group alignfull pattern-text-50-media-50 has-middleground-background-color has-background has-global-padding is-layout-constrained wp-block-group-is-layout-constrained\">\n<div class=\"wp-block-columns is-layout-flex wp-container-core-columns-is-layout-63fbf5b9 wp-block-columns-is-layout-flex\">\n<div class=\"wp-block-column is-layout-flow wp-block-column-is-layout-flow\">\n<figure class=\"wp-block-image size-full\"><img loading=\"lazy\" decoding=\"async\" width=\"485\" height=\"550\" src=\"https:\/\/tourisme-en-champagne.com\/assets\/uploads\/2025\/06\/verzenay-3.jpeg\" alt=\"\" class=\"wp-image-10372\" title=\"\" srcset=\"https:\/\/tourisme-en-champagne.com\/assets\/uploads\/2025\/06\/verzenay-3.jpeg 485w, https:\/\/tourisme-en-champagne.com\/assets\/uploads\/2025\/06\/verzenay-3-400x454.jpeg 400w\" sizes=\"auto, (max-width: 485px) 100vw, 485px\" \/><\/figure>\n<\/div>\n\n\n\n<div class=\"wp-block-column is-layout-flow wp-block-column-is-layout-flow\">\n<h2 class=\"wp-block-heading\"><strong>REIMSBERG<\/strong><\/h2>\n\n\n\n<hr class=\"wp-block-separator has-text-color has-grey-color has-alpha-channel-opacity has-grey-background-color has-background\"\/>\n\n\n\n<h3 class=\"wp-block-heading\">SEINE HARMONISCHEN H\u00c4NGE SIND EINER DER SCH\u00d6NSTEN WEINREICHT\u00dcMER FRANKREICHS.<\/h3>\n\n\n\n<p class=\"wp-block-paragraph\">Ihr Weinausflug beginnt in Reims oder Epernay, 70 Kilometer lang, wo Sie in die Geschichte, das Kulturerbe und die Landschaft eintauchen k\u00f6nnen.<\/p>\n\n\n\n<ul class=\"wp-block-list has-grey-color has-text-color has-link-color wp-elements-5843881330ea65c86417812709d180c6\">\n<li>A\u00a0<strong><a href=\"https:\/\/tourisme-en-champagne.com\/destinations-aux-mille-visages\/reims-et-ses-alentours\/\" data-type=\"page\" data-id=\"3546\">Reims<\/a><\/strong>, vous d\u00e9couvrirez les galeries souterraines, le mus\u00e9e ou encore l&#8217;H\u00f4tel le Vergeur&#8230;<\/li>\n\n\n\n<li>Wandern Sie durch 300 Jahre alte Weinberge nach <strong>Gueux<\/strong> und entdecken Sie auf einer Anh\u00f6he die <strong>Kapelle Saint-Li\u00e9<\/strong>.<\/li>\n\n\n\n<li>Laissez-vous \u00e9merveiller par le tr\u00e8s ancien bourg de\u00a0<strong>Verzy,<\/strong>\u00a0vous ne manquerez pas de croiser quelques<strong>\u00a0<a href=\"https:\/\/www.tourisme-en-champagne.com\/les-faux-de-verzy\/verzy\/pna0000000001204\">&#8222;<\/a><a href=\"https:\/\/tourisme-en-champagne.com\/activite\/les-faux-de-verzy\/\" data-type=\"activite\" data-id=\"8043\">Faux<\/a><a href=\"https:\/\/www.tourisme-en-champagne.com\/les-faux-de-verzy\/verzy\/pna0000000001204\">&#8222;<\/a>,\u00a0<\/strong>ces arbres curieux<strong>\u00a0<\/strong>dont le Parc Naturel R\u00e9gional de la Montagne de Reims regorge\u00a0<\/li>\n\n\n\n<li>A\u00a0<strong><a href=\"https:\/\/tourisme-en-champagne.com\/destinations-aux-mille-visages\/epernay-le-vignoble-champenois\/\" data-type=\"page\" data-id=\"714\">Epernay<\/a><\/strong>, capitale du Champagne vous serez surpris par la qui\u00e8tude des cent kilom\u00e8tres de caves qui contrastent avec l&#8217;activit\u00e9 &#8222;de surface&#8220; !<\/li>\n<\/ul>\n\n\n\n<div class=\"wp-block-buttons is-layout-flex wp-block-buttons-is-layout-flex\">\n<div class=\"wp-block-button\"><a class=\"wp-block-button__link has-base-color has-grey-background-color has-text-color has-background has-link-color wp-element-button\" href=\"https:\/\/www.cirkwi.com\/fr\/circuit\/59605-route-touristique-du-champagne-montagne-de-reims\" target=\"_blank\" rel=\"noreferrer noopener\">Siehe de route<\/a><\/div>\n<\/div>\n<\/div>\n<\/div>\n<\/section>\n\n<section class=\"wp-block-group alignfull pattern-text-50-media-50 has-middleground-background-color has-background has-global-padding is-layout-constrained wp-block-group-is-layout-constrained\">\n<div class=\"wp-block-columns is-layout-flex wp-container-core-columns-is-layout-63fbf5b9 wp-block-columns-is-layout-flex\">\n<div class=\"wp-block-column is-layout-flow wp-block-column-is-layout-flow\">\n<h2 class=\"wp-block-heading\"><strong>COTEAUX VITRYATS<\/strong><\/h2>\n\n\n\n<hr class=\"wp-block-separator has-text-color has-grey-color has-alpha-channel-opacity has-grey-background-color has-background\"\/>\n\n\n\n<h3 class=\"wp-block-heading\">DIESE ROUTE IST EIN NEUES TOR ZU DEN WEINBERGEN DER CHAMPAGNE F\u00dcR BESUCHER, DIE IN DER GEGEND VON VITRY-LE-FRAN\u00c7OIS UND DEM LAC DU DER \u00dcBERNACHTEN.<\/h3>\n\n\n\n<p class=\"wp-block-paragraph\">Ihr Weinausflug beginnt in Reims oder Epernay, 70 Kilometer lang, wo Sie in die Geschichte, das Kulturerbe und die Landschaft eintauchen k\u00f6nnen.<\/p>\n\n\n\n<ul class=\"wp-block-list has-grey-color has-text-color has-link-color wp-elements-672e0b815594d563f835babb21acf134\">\n<li>Mit einer L\u00e4nge von etwa 60 km f\u00fchrt er auf kleinen Stra\u00dfen durch H\u00fcgel, Berge und Ebenen und bietet die M\u00f6glichkeit, etwa 20 D\u00f6rfer mit der <strong>charakteristischen Architektur der Bocage champenois<\/strong> zu entdecken.<\/li>\n\n\n\n<li>Der Start erfolgt in Vitry-le-Fran\u00e7ois, der <strong>&#8222;rosa&#8220; Stadt<\/strong>, die ihren Namen von Fran\u00e7ois I. erhielt.<\/li>\n<\/ul>\n\n\n\n<div class=\"wp-block-buttons is-layout-flex wp-block-buttons-is-layout-flex\">\n<div class=\"wp-block-button\"><a class=\"wp-block-button__link has-base-color has-grey-background-color has-text-color has-background has-link-color wp-element-button\" href=\"https:\/\/www.cirkwi.com\/fr\/circuit\/24347-route-touristique-du-champagne-des-coteaux-vitryats\" target=\"_blank\" rel=\"noreferrer noopener\">Siehe de route<\/a><\/div>\n<\/div>\n<\/div>\n\n\n\n<div class=\"wp-block-column is-layout-flow wp-block-column-is-layout-flow\">\n<figure class=\"wp-block-image size-full\"><img loading=\"lazy\" decoding=\"async\" width=\"485\" height=\"550\" src=\"https:\/\/tourisme-en-champagne.com\/assets\/uploads\/2025\/06\/changy-1.jpeg\" alt=\"\" class=\"wp-image-10297\" title=\"\" srcset=\"https:\/\/tourisme-en-champagne.com\/assets\/uploads\/2025\/06\/changy-1.jpeg 485w, https:\/\/tourisme-en-champagne.com\/assets\/uploads\/2025\/06\/changy-1-400x454.jpeg 400w\" sizes=\"auto, (max-width: 485px) 100vw, 485px\" \/><\/figure>\n<\/div>\n<\/div>\n<\/section>\n\n<section class=\"wp-block-group alignfull pattern-text-100 has-middleground-background-color has-background has-global-padding is-layout-constrained wp-block-group-is-layout-constrained\">\n<div class=\"wp-block-columns is-layout-flex wp-container-core-columns-is-layout-63fbf5b9 wp-block-columns-is-layout-flex\">\n<div class=\"wp-block-column is-layout-flow wp-block-column-is-layout-flow\">\n<h3 class=\"wp-block-heading\">Auf dem Weg :<\/h3>\n\n\n\n<ul class=\"wp-block-list has-grey-color has-text-color has-link-color wp-elements-101a541f1b57c2663167610a458ea973\">\n<li>A\u00a0<strong>Vitry<\/strong>, cous ne manquerez pas de visiter la\u00a0<strong><a href=\"https:\/\/tourisme-en-champagne.com\/activite\/collegiale-notre-dame-de-lassomption\/\" data-type=\"activite\" data-id=\"7858\">coll\u00e9giale Notre-Dame<\/a><\/strong>, puis vous passerez au niveau de la Porte du Pont (XVIII\u00b0S.) en direction de\u00a0<a href=\"https:\/\/tourisme-en-champagne.com\/destinations-aux-mille-visages\/chalons-en-champagne-ses-alentours\/\" data-type=\"page\" data-id=\"13024\">Ch\u00e2lons-en-Champagne<\/a>. Les premi\u00e8res vignes apparaissent au niveau de\u00a0<strong>Couvrot<\/strong>\u00a0et de la c\u00f4te de Gravelines.<\/li>\n\n\n\n<li>Sie werden u.a. <strong>Vavray-le-Grand <\/strong>mit seiner St\u00fctzmauer mit imposanten B\u00f6gen entdecken,<\/li>\n\n\n\n<li><strong>Bassuet und seine Weinbauern<\/strong> in der Hauptstra\u00dfe des Dorfes.<\/li>\n\n\n\n<li>Der <strong>Mont de Fourche<\/strong> in Vitry en Perthois.<\/li>\n<\/ul>\n<\/div>\n<\/div>\n<\/section>\n\n<section class=\"wp-block-group alignfull pattern-text-50-media-50 has-global-padding is-layout-constrained wp-block-group-is-layout-constrained\">\n<div class=\"wp-block-columns is-layout-flex wp-container-core-columns-is-layout-63fbf5b9 wp-block-columns-is-layout-flex\">\n<div class=\"wp-block-column is-layout-flow wp-block-column-is-layout-flow\">\n<figure class=\"wp-block-image size-full\"><img loading=\"lazy\" decoding=\"async\" width=\"485\" height=\"550\" src=\"https:\/\/tourisme-en-champagne.com\/assets\/uploads\/2025\/06\/binson-orquigny.jpg\" alt=\"\" class=\"wp-image-10292\" title=\"\" srcset=\"https:\/\/tourisme-en-champagne.com\/assets\/uploads\/2025\/06\/binson-orquigny.jpg 485w, https:\/\/tourisme-en-champagne.com\/assets\/uploads\/2025\/06\/binson-orquigny-400x454.jpg 400w\" sizes=\"auto, (max-width: 485px) 100vw, 485px\" \/><\/figure>\n<\/div>\n\n\n\n<div class=\"wp-block-column is-layout-flow wp-block-column-is-layout-flow\">\n<h2 class=\"wp-block-heading\"><strong>MARNE-TAL<\/strong><\/h2>\n\n\n\n<hr class=\"wp-block-separator has-text-color has-grey-color has-alpha-channel-opacity has-grey-background-color has-background\"\/>\n\n\n\n<h3 class=\"wp-block-heading\">DIESE ROUTE BIETET HERRLICHE AUSBLICKE UND \u00d6FFNET IHNEN DIE T\u00dcREN ZU SEINEM REICHEN KULTURERBE.<\/h3>\n\n\n\n<p class=\"wp-block-paragraph\">Die Weinberge des Pinot Meunier erstrecken sich so weit das Auge reicht und D\u00f6rfer, Schl\u00f6sser und Kirchen sind auf den touristischen Routen der Marne zu finden. Wenn Sie <g id=\"gid_0\">Epernay<\/g> in Richtung <g id=\"gid_1\">Reims<\/g> verlassen, fahren Sie nach Champillon mit seiner atemberaubenden Aussicht auf die ersten Erhebungen der C\u00f4te des Blancs. Sie beenden Ihre Entdeckungsreise in Pierry, das eine sch\u00f6ne Ansammlung von Landg\u00fctern und Herrenh\u00e4usern aus dem 18.  <\/p>\n\n\n\n<div class=\"wp-block-buttons is-layout-flex wp-block-buttons-is-layout-flex\">\n<div class=\"wp-block-button\"><a class=\"wp-block-button__link wp-element-button\" href=\"https:\/\/www.cirkwi.com\/fr\/circuit\/59603-route-touristique-du-champagne-vallee-de-la-marne\" target=\"_blank\" rel=\"noreferrer noopener\">Siehe de route<\/a><\/div>\n<\/div>\n<\/div>\n<\/div>\n<\/section>\n\n<section class=\"wp-block-group alignfull pattern-text-100 has-middleground-background-color has-background has-global-padding is-layout-constrained wp-block-group-is-layout-constrained\">\n<div class=\"wp-block-columns is-layout-flex wp-container-core-columns-is-layout-63fbf5b9 wp-block-columns-is-layout-flex\">\n<div class=\"wp-block-column is-layout-flow wp-block-column-is-layout-flow\">\n<h3 class=\"wp-block-heading\">EINIGE DER SCH\u00c4TZE, DIE SIE AUF DIESER REISE ENTDECKEN WERDEN:<\/h3>\n\n\n\n<ul class=\"wp-block-list\">\n<li><a href=\"https:\/\/tourisme-en-champagne.com\/activite\/abbaye-saint-pierre-dhautvillers\/\" data-type=\"activite\" data-id=\"7958\">l&#8217;abbaye b\u00e9n\u00e9dictine<\/a>\u00a0et les enseignes en fer forg\u00e9 d&#8217;Hautvillers.<\/li>\n\n\n\n<li>Aussichtspunkt auf das Schloss Boursault in Venteuil<\/li>\n\n\n\n<li>le ch\u00e2teau Louis XIII et son\u00a0<a href=\"https:\/\/tourisme-en-champagne.com\/activite\/memorial-national-dormans-1914-1918\/\" data-type=\"activite\" data-id=\"7794\">M\u00e9morial des Victoires de la Marne \u00e0 Dormans<\/a><\/li>\n\n\n\n<li>Oeuilly, ein &#8222;zeitloses&#8220; Dorf mit einer besonderen Atmosph\u00e4re<\/li>\n<\/ul>\n<\/div>\n<\/div>\n<\/section>\n\n<section class=\"wp-block-group alignfull pattern-text-50-media-50 has-global-padding is-layout-constrained wp-block-group-is-layout-constrained\">\n<div class=\"wp-block-columns is-layout-flex wp-container-core-columns-is-layout-63fbf5b9 wp-block-columns-is-layout-flex\">\n<div class=\"wp-block-column is-layout-flow wp-block-column-is-layout-flow\">\n<h2 class=\"wp-block-heading\"><strong>DIE K\u00dcSTE DER WEISSEN<\/strong><\/h2>\n\n\n\n<hr class=\"wp-block-separator has-text-color has-grey-color has-alpha-channel-opacity has-grey-background-color has-background\"\/>\n\n\n\n<h3 class=\"wp-block-heading\">Die Route beginnt in Epernay oder Berg\u00e8res-les-Vertus und verspricht Ihnen eine Reihe von prestigetr\u00e4chtigen Entdeckungen.<\/h3>\n\n\n\n<p class=\"wp-block-paragraph\">La C\u00f4te des Blancs, berceau du Chardonnay : ses villages aux noms c\u00e9l\u00e8bres sont b\u00e2tis en amphith\u00e9\u00e2tre sur le flanc des collines. D&#8217;\u00c9pernay \u00e0 Vertus, la C\u00f4te des Blancs, orient\u00e9e nord-sud, s&#8217;appuie aux rebords du plateau de Brie. Votre p\u00e9riple d\u00e9butera \u00e0 \u00c9pernay par la mont\u00e9e de la c\u00e9l\u00e8bre\u00a0<a href=\"https:\/\/tourisme-en-champagne.com\/activite\/avenue-de-champagne\/\" data-type=\"activite\" data-id=\"7855\">Avenue de Champagne<\/a>, o\u00f9 les noms les plus prestigieux se succ\u00e8dent. Contournant le Mont Bernon par Chouilly, vous redescendrez sur Pierry (ch\u00e2teau, cellier et caves du XVIIIe) pour d\u00e9couvrir l&#8217;\u00e9glise de Chavot-Courcourt (XIIe), seul \u00eelot au milieu d&#8217;un oc\u00e9an de vignes.<br\/><\/p>\n\n\n\n<div class=\"wp-block-buttons is-layout-flex wp-block-buttons-is-layout-flex\">\n<div class=\"wp-block-button\"><a class=\"wp-block-button__link has-base-color has-grey-background-color has-text-color has-background has-link-color wp-element-button\" href=\"https:\/\/www.cirkwi.com\/fr\/circuit\/59597-route-touristique-du-champagne-cote-des-blancs\" target=\"_blank\" rel=\"noreferrer noopener\">Siehe de route<\/a><\/div>\n<\/div>\n<\/div>\n\n\n\n<div class=\"wp-block-column is-layout-flow wp-block-column-is-layout-flow\">\n<figure class=\"wp-block-image size-full\"><img loading=\"lazy\" decoding=\"async\" width=\"485\" height=\"550\" src=\"https:\/\/tourisme-en-champagne.com\/assets\/uploads\/2025\/06\/chavot-0-1.jpg\" alt=\"\" class=\"wp-image-10302\" title=\"\" srcset=\"https:\/\/tourisme-en-champagne.com\/assets\/uploads\/2025\/06\/chavot-0-1.jpg 485w, https:\/\/tourisme-en-champagne.com\/assets\/uploads\/2025\/06\/chavot-0-1-400x454.jpg 400w\" sizes=\"auto, (max-width: 485px) 100vw, 485px\" \/><\/figure>\n<\/div>\n<\/div>\n<\/section>\n\n<section class=\"wp-block-group alignfull pattern-text-100 has-base-background-color has-background has-global-padding is-layout-constrained wp-block-group-is-layout-constrained\">\n<div class=\"wp-block-columns is-layout-flex wp-container-core-columns-is-layout-63fbf5b9 wp-block-columns-is-layout-flex\">\n<div class=\"wp-block-column is-layout-flow wp-block-column-is-layout-flow\">\n<h3 class=\"wp-block-heading\">Auf dem Weg :<\/h3>\n\n\n\n<ul class=\"wp-block-list has-grey-color has-text-color has-link-color wp-elements-714222dc4fad555021487849158ce05a\">\n<li>Ihre Reise beginnt in \u00c9pernay mit einem Anstieg auf der ber\u00fchmten <strong>Avenue de Champagne<\/strong>, wo sich die prestigetr\u00e4chtigsten Namen aneinanderreihen.<\/li>\n\n\n\n<li>Sie umrunden den Mont Bernon \u00fcber Chouilly und fahren dann hinunter nach <strong>Pierry <\/strong>(Schloss, Keller und Weinkeller aus dem 18. Jahrhundert), um die Kirche von <strong>Chavot-Courcourt<\/strong> (12. Jahrhundert) zu entdecken, die einzige Insel inmitten eines Ozeans von Weinbergen.<\/li>\n<\/ul>\n<\/div>\n<\/div>\n<\/section>\n\n<section class=\"wp-block-group alignfull pattern-text-50-media-50 has-middleground-background-color has-background has-global-padding is-layout-constrained wp-block-group-is-layout-constrained\">\n<div class=\"wp-block-columns is-layout-flex wp-container-core-columns-is-layout-63fbf5b9 wp-block-columns-is-layout-flex\">\n<div class=\"wp-block-column is-layout-flow wp-block-column-is-layout-flow\">\n<figure class=\"wp-block-image size-full\"><img loading=\"lazy\" decoding=\"async\" width=\"485\" height=\"550\" src=\"https:\/\/tourisme-en-champagne.com\/assets\/uploads\/2025\/06\/etoges-1.jpeg\" alt=\"\" class=\"wp-image-10322\" title=\"\" srcset=\"https:\/\/tourisme-en-champagne.com\/assets\/uploads\/2025\/06\/etoges-1.jpeg 485w, https:\/\/tourisme-en-champagne.com\/assets\/uploads\/2025\/06\/etoges-1-400x454.jpeg 400w\" sizes=\"auto, (max-width: 485px) 100vw, 485px\" \/><\/figure>\n<\/div>\n\n\n\n<div class=\"wp-block-column is-layout-flow wp-block-column-is-layout-flow\">\n<h2 class=\"wp-block-heading\"><strong>COTEAUX DU S\u00c9ZANNAIS UND COTEAUX DU PETIT MORIN<\/strong><\/h2>\n\n\n\n<hr class=\"wp-block-separator has-text-color has-grey-color has-alpha-channel-opacity has-grey-background-color has-background\"\/>\n\n\n\n<h3 class=\"wp-block-heading\">Von Berg\u00e8res-les-Vertus oder Villenauxe-la-Grande aus f\u00fchrt die Route an interessanten historischen Zeugnissen vorbei.<\/h3>\n\n\n\n<p class=\"wp-block-paragraph\">Entre bocage, marais et vignoble la route rev\u00e8le une typologie qui allie parcelles des vignes entrecoup\u00e9es de bosquets et de champs dans un relief mouvement\u00e9. Les amoureux des belles pierres pourront d\u00e9couvrir des Ch\u00e2teaux (Montmort-Lucy, Etoges), des \u00e9glises (Allemant, Barbonne-Fayel, Vert-Toulon\u2026), des abbayes (Abbaye cistercienne Notre-Dame du Reclus \u00e0 Talus-Saint-Prix, Baye, Oyes), mais aussi des menhirs et des dolmens !<br\/><br\/>Ce territoire a \u00e9galement \u00e9t\u00e9 t\u00e9moin d\u2019affrontements pendant la premi\u00e8re guerre mondiale. Pour cette raison, un imposant monument comm\u00e9moratif national, en souvenir des soldats de la premi\u00e8re bataille de la Marne, ainsi qu\u2019un mus\u00e9e, ont \u00e9t\u00e9 \u00e9rig\u00e9s \u00e0\u00a0<a href=\"https:\/\/tourisme-en-champagne.com\/activite\/monument-de-la-1ere-victoire-de-la-marne\/\" data-type=\"activite\" data-id=\"7788\">Mondement<\/a>.<\/p>\n\n\n\n<div class=\"wp-block-buttons is-layout-flex wp-block-buttons-is-layout-flex\">\n<div class=\"wp-block-button\"><a class=\"wp-block-button__link has-base-color has-grey-background-color has-text-color has-background has-link-color wp-element-button\" href=\"https:\/\/www.cirkwi.com\/fr\/circuit\/67874-route-touristique-du-champagne-coteaux-du-sezannais-et-coteaux-du-morin\" target=\"_blank\" rel=\"noreferrer noopener\">Siehe de route<\/a><\/div>\n<\/div>\n<\/div>\n<\/div>\n<\/section>\n\n<section class=\"wp-block-group alignfull pattern-text-100 has-middleground-background-color has-background has-global-padding is-layout-constrained wp-block-group-is-layout-constrained\">\n<div class=\"wp-block-columns is-layout-flex wp-container-core-columns-is-layout-63fbf5b9 wp-block-columns-is-layout-flex\">\n<div class=\"wp-block-column is-layout-flow wp-block-column-is-layout-flow\">\n<ul class=\"wp-block-list has-grey-color has-text-color has-link-color wp-elements-7dbf4d2446cbeb9fd9b950f65c71b0a7\">\n<li>D\u00e9couvrez la charmante cit\u00e9 de\u00a0<a href=\"https:\/\/tourisme-en-champagne.com\/destinations-aux-mille-visages\/sezanne-ses-alentours\/\" data-type=\"page\" data-id=\"2642\">S\u00e9zanne<\/a>, admirez les ch\u00e2teaux de S\u00e9zanne et d&#8217;Etoges<\/li>\n\n\n\n<li>Lassen Sie sich schlie\u00dflich nach <strong>Chantemerle<\/strong> und <strong>Villenauxe-la-Grande<\/strong> treiben, das f\u00fcr seine Keramiken und Fayencen bekannt ist. Die alten H\u00e4user der Altstadt und die Kirche Saint-Pierre und Saint-Paul mit ihrem majest\u00e4tischen Chor bilden einen sch\u00f6nen Abschluss dieser Tour.   <\/li>\n<\/ul>\n<\/div>\n<\/div>\n<\/section>\n\n<section style=\"background-image:url(&apos;https:\/\/tourisme-en-champagne.com\/assets\/uploads\/2025\/06\/raisincp-verin-collcdt-marne-5.jpg&apos;);background-size:cover;\" class=\"wp-block-group alignfull pattern-text-50-left-background has-base-color has-text-color has-link-color wp-elements-3e43df645facb7769086d468679f7ee9 has-global-padding is-layout-constrained wp-block-group-is-layout-constrained has-background\">\n<div class=\"wp-block-columns is-layout-flex wp-container-core-columns-is-layout-fdcf44e1 wp-block-columns-is-layout-flex\">\n<div class=\"wp-block-column is-layout-flow wp-block-column-is-layout-flow\">\n<h2 class=\"wp-block-heading\"><strong>Wussten Sie das?<\/strong><\/h2>\n\n\n\n<hr class=\"wp-block-separator has-text-color has-accent-1-color has-alpha-channel-opacity has-accent-1-background-color has-background\"\/>\n\n\n\n<p class=\"wp-block-paragraph\">Der Schutzpatron der Winzer,<strong> St. Vincent<\/strong>, wird in der gesamten Region jedes Jahr am Sonntag nach dem <strong>22. Januar<\/strong>, dem Tag des Heiligen Vincent, geehrt. Jedes Dorf in der Champagne hat seine eigene Bruderschaft, von der ein Mitglied das Privileg hat, den Stab des Heiligen Vinzenz zu besitzen. <\/p>\n\n\n\n<p class=\"wp-block-paragraph\"><br\/>Dieses beliebte Fest in der Champagne ist der Anlass f\u00fcr eine gro\u00dfe Versammlung in folkloristischen Kost\u00fcmen, eine feierliche Messe, gefolgt von einem Bankett und der Verleihung von Diplomen.<\/p>\n<\/div>\n\n\n\n<div class=\"wp-block-column is-layout-flow wp-block-column-is-layout-flow\"><\/div>\n<\/div>\n<\/section>\n\n<section class=\"wp-block-group alignfull pattern-bubble-links has-middleground-background-color has-background has-global-padding is-layout-constrained wp-block-group-is-layout-constrained\" style=\"padding-top:var(--wp--preset--spacing--xx-large);padding-bottom:var(--wp--preset--spacing--xx-large)\">\n\t<div class=\"fsgb-block-link-mosaic is-style-bubbles alignwide\"  >\n\t\t\t\t\t\t\t\t\t\t\t\t<a href=\"https:\/\/tourisme-en-champagne.com\/caves-sur-la-route-du-champagne\/\" target=\"_blank\">\n\t\t\t\t\t\t\t\t\t\t\t<div class=\"thumbnail\"><img loading=\"lazy\" decoding=\"async\" width=\"49\" height=\"49\" src=\"https:\/\/tourisme-en-champagne.com\/assets\/uploads\/2025\/02\/degustation.svg\" class=\"attachment-thumbnail size-thumbnail\" alt=\"\" title=\"\"><\/div>\n\t\t\t\t\t\t\t\t\t\t\t\t\t\t\t<div class=\"text-link-title\">\n\t\t\t\t\t\t\t\t\t\t\t\t\t<h2 class=\"link-title\">Caves &amp; D\u00e9gustation<\/h2>\n\t\t\t\t\t\t\t\t\t\t\t\t\t\t\t\t\t<\/div>\n\t\t\t\t<\/a>\n\t\t\t\t\t\t\t\t\t\t\t\t\t\t<a href=\"https:\/\/tourisme-en-champagne.com\/activites-sur-la-route-du-champagne\/\" target=\"_blank\">\n\t\t\t\t\t\t\t\t\t\t\t<div class=\"thumbnail\"><img loading=\"lazy\" decoding=\"async\" width=\"49\" height=\"47\" src=\"https:\/\/tourisme-en-champagne.com\/assets\/uploads\/2025\/03\/vigne-1.svg\" class=\"attachment-thumbnail size-thumbnail\" alt=\"Picto Vignes\" title=\"\"><\/div>\n\t\t\t\t\t\t\t\t\t\t\t\t\t\t\t<div class=\"text-link-title\">\n\t\t\t\t\t\t\t\t\t\t\t\t\t<h2 class=\"link-title\">\u00d6notouristische Aktivit\u00e4ten<\/h2>\n\t\t\t\t\t\t\t\t\t\t\t\t\t\t\t\t\t<\/div>\n\t\t\t\t<\/a>\n\t\t\t\t\t\t\t\t\t\t\t\t\t\t<a href=\"https:\/\/tourisme-en-champagne.com\/agenda\/?_tags_agenda=62498d3f-b5fa-4569-afd1-ece9ef30e09d\">\n\t\t\t\t\t\t\t\t\t\t\t<div class=\"thumbnail\"><img loading=\"lazy\" decoding=\"async\" width=\"150\" height=\"150\" src=\"https:\/\/tourisme-en-champagne.com\/assets\/uploads\/2025\/07\/schedule.svg\" class=\"attachment-thumbnail size-thumbnail\" alt=\"\" title=\"\"><\/div>\n\t\t\t\t\t\t\t\t\t\t\t\t\t\t\t<div class=\"text-link-title\">\n\t\t\t\t\t\t\t\t\t\t\t\t\t<h2 class=\"link-title\">Sprudelnder Terminkalender<\/h2>\n\t\t\t\t\t\t\t\t\t\t\t\t\t\t\t\t\t<\/div>\n\t\t\t\t<\/a>\n\t\t\t\t\t\t\t\t\t\t\t\t\t\t<a href=\"https:\/\/tourisme-en-champagne.com\/tout-sur-le-champagne\/vignobles-et-decouvertes\/\" target=\"_blank\">\n\t\t\t\t\t\t\t\t\t\t\t<div class=\"thumbnail\"><img loading=\"lazy\" decoding=\"async\" width=\"149\" height=\"150\" src=\"https:\/\/tourisme-en-champagne.com\/assets\/uploads\/2025\/06\/vdor-1.png\" class=\"attachment-thumbnail size-thumbnail\" alt=\"\" title=\"\"><\/div>\n\t\t\t\t\t\t\t\t\t\t\t\t\t\t\t<div class=\"text-link-title\">\n\t\t\t\t\t\t\t\t\t\t\t\t\t<h2 class=\"link-title\">Label vignobles &amp; D\u00e9couvertes<\/h2>\n\t\t\t\t\t\t\t\t\t\t\t\t\t\t\t\t\t<\/div>\n\t\t\t\t<\/a>\n\t\t\t\t\t\t\t\t\t\t\t\t\t\t<a href=\"https:\/\/tourisme-en-champagne.com\/champagne-unesco\/\" target=\"_blank\">\n\t\t\t\t\t\t\t\t\t\t\t<div class=\"thumbnail\"><img loading=\"lazy\" decoding=\"async\" width=\"150\" height=\"150\" src=\"https:\/\/tourisme-en-champagne.com\/assets\/uploads\/2025\/06\/church.svg\" class=\"attachment-thumbnail size-thumbnail\" alt=\"\" title=\"\"><\/div>\n\t\t\t\t\t\t\t\t\t\t\t\t\t\t\t<div class=\"text-link-title\">\n\t\t\t\t\t\t\t\t\t\t\t\t\t<h2 class=\"link-title\">UNESCO-Registrierung<\/h2>\n\t\t\t\t\t\t\t\t\t\t\t\t\t\t\t\t\t<\/div>\n\t\t\t\t<\/a>\n\t\t\t\t\t\t\t\t\t\t\t\n\t<\/div>\n\n<\/section>\n\n<section class=\"wp-block-group alignfull pattern-playlist-slider has-global-padding is-layout-constrained wp-block-group-is-layout-constrained\">\t\t\t<div class=\"fsgb-block-playlist playlist-slider is-style-slider alignfull\"  >\n\t\t\t\t\n\t\t\t\n\t\t\t\n<section class=\"related-posts has-background\">\n\t<div class=\"container\">\n\t\t\t\t<h2 class=\"title\">Nicht verpassen<\/h2>\n\t\t\n\t\t\t\t<div class=\"swiper swiperRelatedPosts\">\n\t\t\t<div class=\"swiper-wrapper\">\n\t\t\t\t\n\t\t\t\t\t\t\t\t\t\t\t\t\t\t<div class=\"swiper-slide\">\n\t\t\t\t\t\t\t\t\t\t\t\t\t\t\t\t\t\t\n\t\t\t\t\t\t<img loading=\"lazy\" decoding=\"async\" width=\"800\" height=\"525\" src=\"https:\/\/tourisme-en-champagne.com\/assets\/uploads\/2025\/07\/capture-decran-2024-12-02-a-132710.png\" class=\"attachment-post-thumbnail size-post-thumbnail wp-post-image\" alt=\"\" srcset=\"https:\/\/tourisme-en-champagne.com\/assets\/uploads\/2025\/07\/capture-decran-2024-12-02-a-132710.png 800w, https:\/\/tourisme-en-champagne.com\/assets\/uploads\/2025\/07\/capture-decran-2024-12-02-a-132710-640x420.png 640w, https:\/\/tourisme-en-champagne.com\/assets\/uploads\/2025\/07\/capture-decran-2024-12-02-a-132710-400x263.png 400w, https:\/\/tourisme-en-champagne.com\/assets\/uploads\/2025\/07\/capture-decran-2024-12-02-a-132710-768x504.png 768w\" sizes=\"auto, (max-width: 800px) 100vw, 800px\" title=\"\">\t\t\t\t\t\t\n\t\t\t\t\t\t<div class=\"content\">\n\t\t\t\t\t\t\t<h3 class=\"wp-block-heading\">L&#8217;Agenda des caves V&#038;D ouvertes ce week-end<\/h3>\n\t\t\t\t\t\t\t\t\t\t\t\t\t\t\tRetrouvez tous les 1er du mois l&#039;Agenda du week-end des caves labellis\u00e9s Vignobles &amp; D\u00e9couvertes. Celui-ci recense toutes les caves des 6 destinations labellis\u00e9es de la Marne dont la visite est ouverte au moins un week-end du mois. Voil\u00e0 un bel outil pour pr\u00e9parer les sorties du week-end et ne plus trouver porte close\u2026 Pour vous garantir le meilleur accueil possible, n&#039;h\u00e9sitez-pas \u00e0 appeler nos vignerons avant votre visite !\t\t\t\t\t\t\t\t\t\t\t\t\t\t\t\t\t\t\t\t\t\t<div class=\"wp-block-button stretched-link\">\n\t\t\t\t\t\t\t\t\t<a class=\"wp-element-button\" href=\"https:\/\/tourisme-en-champagne.com\/assets\/uploads\/2026\/07\/adt-agenda-week-end-caves-v-d.pdf\" target=\"_blank\" aria-label=\"Entdecken Sie : L&#8217;Agenda des caves V&#038;D ouvertes ce week-end\">Entdecken Sie<\/a>\n\t\t\t\t\t\t\t\t<\/div>\n\t\t\t\t\t\t\t\t\t\t\t\t\t<\/div>\n\t\t\t\t\t\t\n\t\t\t\t\t<\/div>\n\t\t\t\t\t\t\t\t\t\t\t\t\t\t\t\t\t\t\t<div class=\"swiper-slide\">\n\t\t\t\t\t\t\t\t\t\t\t\t\t\t\t\t\t\t\n\t\t\t\t\t\t<img loading=\"lazy\" decoding=\"async\" width=\"370\" height=\"370\" src=\"https:\/\/tourisme-en-champagne.com\/assets\/uploads\/2026\/01\/brochures.jpg\" class=\"attachment-post-thumbnail size-post-thumbnail wp-post-image\" alt=\"\" title=\"\">\t\t\t\t\t\t\n\t\t\t\t\t\t<div class=\"content\">\n\t\t\t\t\t\t\t<h3 class=\"wp-block-heading\">Nos brochures<\/h3>\n\t\t\t\t\t\t\t\t\t\t\t\t\t\t\tId\u00e9ale pour d\u00e9couvrir le vignoble de Champagne et ses secrets&#8230;\nPartez \u00e0 la d\u00e9couverte des itin\u00e9raires de la Route du Champagne, d\u00e9couvrez le label &quot;Vignobles &amp; d\u00e9couvertes&quot; et les \u00e9v\u00e9nements li\u00e9s au Champagne dans une carte compl\u00e8te et d\u00e9taill\u00e9e.\t\t\t\t\t\t\t\t\t\t\t\t\t\t\t\t\t\t\t\t<\/div>\n\t\t\t\t\t\t\n\t\t\t\t\t<\/div>\n\t\t\t\t\t\t\t\t\t\t\t\t\t\t\t\t\t\t\t<div class=\"swiper-slide\">\n\t\t\t\t\t\t\t\t\t\t\t\t\t\t\t\t\t\t\n\t\t\t\t\t\t<img loading=\"lazy\" decoding=\"async\" width=\"800\" height=\"525\" src=\"https:\/\/tourisme-en-champagne.com\/assets\/uploads\/2025\/07\/dpoeno-0.jpg\" class=\"attachment-post-thumbnail size-post-thumbnail wp-post-image\" alt=\"Marne Oenotourisme\" srcset=\"https:\/\/tourisme-en-champagne.com\/assets\/uploads\/2025\/07\/dpoeno-0.jpg 800w, https:\/\/tourisme-en-champagne.com\/assets\/uploads\/2025\/07\/dpoeno-0-640x420.jpg 640w, https:\/\/tourisme-en-champagne.com\/assets\/uploads\/2025\/07\/dpoeno-0-400x263.jpg 400w, https:\/\/tourisme-en-champagne.com\/assets\/uploads\/2025\/07\/dpoeno-0-768x504.jpg 768w\" sizes=\"auto, (max-width: 800px) 100vw, 800px\" title=\"\">\t\t\t\t\t\t\n\t\t\t\t\t\t<div class=\"content\">\n\t\t\t\t\t\t\t<h3 class=\"wp-block-heading\">L&#8217;ab\u00e9c\u00e9daire p\u00e9tillant<\/h3>\n\t\t\t\t\t\t\t\t\t\t\t\t\t\t\tLa Marne, c\u2019est incontestablement la Champagne et le champagne. Un territoire fascinant o\u00f9 l\u2019on c\u00e9l\u00e8bre l\u2019art de vivre \u00e0 la champenoise, riche en \u00e9v\u00e9nements et en activit\u00e9s p\u00e9tillantes, \u00e0 l\u2019image du \u00ab roi des vins \u00bb. Autant de pr\u00e9cieux ingr\u00e9dients pour rendre votre s\u00e9jour inoubliable !\t\t\t\t\t\t\t\t\t\t\t\t\t\t\t\t\t\t\t\t\t\t<div class=\"wp-block-button stretched-link\">\n\t\t\t\t\t\t\t\t\t<a class=\"wp-element-button\" href=\"https:\/\/tourisme-en-champagne.com\/assets\/uploads\/2025\/07\/dp-oeno-20.pdf\" target=\"_blank\" aria-label=\"Entdecken Sie : L&#8217;ab\u00e9c\u00e9daire p\u00e9tillant\">Entdecken Sie<\/a>\n\t\t\t\t\t\t\t\t<\/div>\n\t\t\t\t\t\t\t\t\t\t\t\t\t<\/div>\n\t\t\t\t\t\t\n\t\t\t\t\t<\/div>\n\t\t\t\t\t\t\t\t\t\t\t\t<\/div>\n\t\t\t\n\t\t\t\t\t\t\t<div class=\"swiper-buttons\">\n\t\t\t\t\t<button class=\"swiper-button-prev\" type=\"button\" aria-label=\"Vorheriger Artikel\"><\/button>\n\t\t\t\t\t<button class=\"swiper-button-next\" type=\"button\" aria-label=\"N\u00e4chster Artikel\"><\/button>\n\t\t\t\t<\/div>\n\t\t\t\t\t<\/div> \n\t<\/div>\n<\/section>\n\t\t\t\n\t\t<\/div>\n\t\n<\/section>\n","protected":false},"excerpt":{"rendered":"<p>DIE MARNAIS-ROUTEN, UM DIE CHAMPAGNERREGION UND DEN WEINREICHTUM IN IHREM EIGENEN RHYTHMUS ZU ENTDECKEN! CHAMPAGNER: EIN WORT UND ALLES IST GESAGT. HIER HABEN DIE SCH\u00d6NHEIT DER H\u00c4NGE, DAS REICHE KULTURERBE UND DIE GASTFREUNDSCHAFT DER WINZER EINE GEOGRAPHIE DES GL\u00dcCKS GESCHAFFEN. Um sie zu entdecken, fahren Sie einfach auf der Route Touristique du Champagne. Diese vollst\u00e4ndig [&hellip;]<\/p>\n","protected":false},"author":2,"featured_media":14175,"parent":20907,"menu_order":0,"comment_status":"closed","ping_status":"closed","template":"templates\/accueil-espace.php","meta":{"_acf_changed":false,"footnotes":"","_links_to":"","_links_to_target":""},"class_list":["post-20604","page","type-page","status-publish","has-post-thumbnail","hentry"],"acf":[],"_links":{"self":[{"href":"https:\/\/tourisme-en-champagne.com\/de\/wp-json\/wp\/v2\/pages\/20604","targetHints":{"allow":["GET"]}}],"collection":[{"href":"https:\/\/tourisme-en-champagne.com\/de\/wp-json\/wp\/v2\/pages"}],"about":[{"href":"https:\/\/tourisme-en-champagne.com\/de\/wp-json\/wp\/v2\/types\/page"}],"author":[{"embeddable":true,"href":"https:\/\/tourisme-en-champagne.com\/de\/wp-json\/wp\/v2\/users\/2"}],"replies":[{"embeddable":true,"href":"https:\/\/tourisme-en-champagne.com\/de\/wp-json\/wp\/v2\/comments?post=20604"}],"version-history":[{"count":5,"href":"https:\/\/tourisme-en-champagne.com\/de\/wp-json\/wp\/v2\/pages\/20604\/revisions"}],"predecessor-version":[{"id":28684,"href":"https:\/\/tourisme-en-champagne.com\/de\/wp-json\/wp\/v2\/pages\/20604\/revisions\/28684"}],"up":[{"embeddable":true,"href":"https:\/\/tourisme-en-champagne.com\/de\/wp-json\/wp\/v2\/pages\/20907"}],"wp:featuredmedia":[{"embeddable":true,"href":"https:\/\/tourisme-en-champagne.com\/de\/wp-json\/wp\/v2\/media\/14175"}],"wp:attachment":[{"href":"https:\/\/tourisme-en-champagne.com\/de\/wp-json\/wp\/v2\/media?parent=20604"}],"curies":[{"name":"wp","href":"https:\/\/api.w.org\/{rel}","templated":true}]}}