{"id":20480,"date":"2025-06-30T14:49:27","date_gmt":"2025-06-30T12:49:27","guid":{"rendered":"https:\/\/tourisme-en-champagne.com\/naturwanderungen-mit-kindern\/"},"modified":"2026-08-20T23:38:00","modified_gmt":"2026-08-20T21:38:00","slug":"naturwanderungen-mit-kindern","status":"publish","type":"page","link":"https:\/\/tourisme-en-champagne.com\/de\/naturwanderungen-mit-kindern\/","title":{"rendered":"Naturwanderungen mit Kindern!"},"content":{"rendered":"\n<section class=\"wp-block-group alignfull pattern-documentary-space has-global-padding is-content-justification-center is-layout-constrained wp-block-group-is-layout-constrained\">\n<div class=\"wp-block-columns is-layout-flex wp-container-core-columns-is-layout-fdcf44e1 wp-block-columns-is-layout-flex\">\n<div class=\"wp-block-column is-layout-flow wp-block-column-is-layout-flow\">\n<p class=\"has-text-align-left wp-block-paragraph\">Spa\u00df haben, lernen, tr\u00e4umen&#8230; in der Natur, bei einem Museumsbesuch, was gibt es Besseres f\u00fcr unsere lieben Kleinen? F\u00fcr einen Tag oder ein Wochenende, wie w\u00e4re es, wenn Sie Ihren Spazierg\u00e4ngen einen Hauch von Urlaub verleihen? Zwischen Schatzsuchen, Museumsbesuchen, Zeitreisen, Kursen und kulinarischen Entdeckungen&#8230; ist es am schwierigsten, sich f\u00fcr eine Aktivit\u00e4t zu entscheiden, aber wir helfen Ihnen mit dieser Auswahl an Spazierg\u00e4ngen an der frischen Luft!  <\/p>\n<\/div>\n<\/div>\n<\/section>\n\n<section class=\"wp-block-group alignfull pattern-patchwork-3-texts-3-images has-global-padding is-layout-constrained wp-block-group-is-layout-constrained\">\n<div class=\"wp-block-columns is-layout-flex wp-container-core-columns-is-layout-63fbf5b9 wp-block-columns-is-layout-flex\">\n<div class=\"wp-block-column col-content is-layout-flow wp-block-column-is-layout-flow\" style=\"flex-basis:66.6%\">\n<h2 class=\"wp-block-heading\"><strong>Der Schwarzgipfelpfad<\/strong><\/h2>\n\n\n\n<hr class=\"wp-block-separator has-text-color has-accent-1-color has-alpha-channel-opacity has-accent-1-background-color has-background\"\/>\n\n\n\n<p class=\"wp-block-paragraph\">Der Schwarzspechtpfad wurde vom Regionalen Naturpark Reimsgebirge und dem Office National des For\u00eats eingerichtet und erstreckt sich \u00fcber <strong>2,5 km<\/strong> durch den herrlichen <strong>Wald von Hautvillers, der als &#8222;For\u00eat d&#8217;exception&#8220; klassifiziert<\/strong> ist. Er eignet sich perfekt f\u00fcr einen Familienausflug und ist leicht zug\u00e4nglich: Kinderwagen, Personen mit eingeschr\u00e4nkter Mobilit\u00e4t. <\/p>\n\n\n\n<p class=\"wp-block-paragraph\">Entlang des Weges finden Sie Hinweis- und Spielschilder, die Sie \u00fcber die Flora und Fauna informieren.  <a href=\"https:\/\/www.cirkwi.com\/fr\/circuit\/84454-pr-127-le-sentier-du-pic-noir\" data-type=\"link\" data-id=\"https:\/\/www.cirkwi.com\/fr\/circuit\/84454-pr-127-le-sentier-du-pic-noir\" target=\"_blank\" rel=\"noopener\">Weitere Informationen<\/a><\/p>\n\n\n\n<h2 class=\"wp-block-heading\"><strong>Der Pfad der Kobolde<\/strong><\/h2>\n\n\n\n<hr class=\"wp-block-separator has-text-color has-accent-1-color has-alpha-channel-opacity has-accent-1-background-color has-background\"\/>\n\n\n\n<p class=\"wp-block-paragraph\">Eine ausgeschilderte Wanderung von Germaine aus ist ideal f\u00fcr Familien, insbesondere mit Kindern.<\/p>\n\n\n\n<p class=\"wp-block-paragraph\">Auf dem gesamten Weg haben die Kinder eine Aufgabe: Folgen Sie den kleinen roten Schildern! Sie werden einen Wald entdecken, der von seltsamen Gestalten bewohnt wird! Diese Kobolde haben auf dem Weg kleine Souvenirs hinterlassen.  <\/p>\n\n\n\n<p class=\"wp-block-paragraph\">F\u00fcr die Eltern gibt es viele Informationstafeln, die Sie \u00fcber die Orte informieren, an denen Sie vorbeikommen!  <a href=\"http:\/\/www.facebook.com\/ParcMontagnedeReims\/posts\/2673081229406347\" data-type=\"link\" data-id=\"http:\/\/www.facebook.com\/ParcMontagnedeReims\/posts\/2673081229406347\" target=\"_blank\" rel=\"noopener\">Weitere Informationen<\/a><\/p>\n<\/div>\n\n\n\n<div class=\"wp-block-column is-layout-flow wp-block-column-is-layout-flow\">\n<figure class=\"wp-block-image size-full\"><img loading=\"lazy\" decoding=\"async\" width=\"300\" height=\"600\" src=\"https:\/\/tourisme-en-champagne.com\/assets\/uploads\/2025\/06\/germaine.jpg\" alt=\"\" class=\"wp-image-11920\" title=\"\"><\/figure>\n\n\n\n<h2 class=\"wp-block-heading\"><strong>Les Faux de Verzy<\/strong><\/h2>\n\n\n\n<hr class=\"wp-block-separator has-text-color has-accent-1-color has-alpha-channel-opacity has-accent-1-background-color has-background\"\/>\n\n\n\n<p class=\"wp-block-paragraph\">On les croirait tout droit sortis d\u2019un conte de Broc\u00e9liande ! Avec leurs branches sinueuses, tant\u00f4t \u00e9lanc\u00e9s, tant\u00f4t ramass\u00e9s en d\u00f4me, les Faux de Verzy sont les vedettes de la For\u00eat Domaniale de Verzy.<br\/>Il s\u2019agit d\u2019une vari\u00e9t\u00e9 de h\u00eatres tortillards aux troncs noueux tr\u00e8s reconnaissables, v\u00e9ritable \u00e9nigme pour les scientifiques. Il est possible d\u2019agr\u00e9menter votre d\u00e9couverte gr\u00e2ce \u00e0 une application mobile lanc\u00e9e par l&#8217;Office National des For\u00eats (\u00ab En for\u00eat de Verzy \u00bb). A t\u00e9l\u00e9charger avant d\u2019arriver sur place car le r\u00e9seau ne fonctionne pas dans la for\u00eat !\u00a0<a href=\"https:\/\/tourisme-en-champagne.com\/circuits-pedestres-dans-le-pnr\/\" data-type=\"page\" data-id=\"11420\">En savoir +<\/a><\/p>\n\n\n\n<h2 class=\"wp-block-heading\"><strong>Der feuchte Garten in Chouilly<\/strong><\/h2>\n\n\n\n<hr class=\"wp-block-separator has-text-color has-accent-1-color has-alpha-channel-opacity has-accent-1-background-color has-background\"\/>\n\n\n\n<p class=\"wp-block-paragraph\">Parcourez les 100 m de belv\u00e9d\u00e8re jalonn\u00e9s de panneaux explicatifs, \u00e0 la d\u00e9couverte de la faune et de la flore de ce Jardin Humide. Id\u00e9al pour les enfants et les parents, on peut s&#8217;y promener et prendre son pique-nique.\u00a0<a href=\"https:\/\/tourisme-en-champagne.com\/activite\/le-jardin-humide\/\" data-type=\"activite\" data-id=\"8039\">En savoir +<\/a><\/p>\n\n\n\n<h2 class=\"wp-block-heading\"><strong>Der Vix-Park in Avize<\/strong><\/h2>\n\n\n\n<hr class=\"wp-block-separator has-text-color has-accent-1-color has-alpha-channel-opacity has-accent-1-background-color has-background\"\/>\n\n\n\n<p class=\"wp-block-paragraph\">L&#8217;entr\u00e9e du parc est marqu\u00e9e par une bouteille monumentale et une coupe. Vous d\u00e9ambulez ensuite le long de trois bassins. La promenade se poursuit le long d&#8217;un sentier botanique ponctu\u00e9 de panneaux \u00e0 th\u00e8mes sur Avize et le paysage. Le Parc offre une vue panoramique sur le vignoble de la C\u00f4te des Blancs et nue aire de pique nique permet aux visiteurs de faire une halte pour grignoter.\u00a0<a href=\"https:\/\/tourisme-en-champagne.com\/activite\/parc-vix\/\" data-type=\"activite\" data-id=\"8078\">En savoir +<\/a><\/p>\n<\/div>\n\n\n\n<div class=\"wp-block-column is-layout-flow wp-block-column-is-layout-flow\">\n<figure class=\"wp-block-image size-full\"><img loading=\"lazy\" decoding=\"async\" width=\"300\" height=\"600\" src=\"https:\/\/tourisme-en-champagne.com\/assets\/uploads\/2025\/06\/halte-pique-niquecgraskin-collcdt-marne-0.jpg\" alt=\"\" class=\"wp-image-11925\" title=\"\"><\/figure>\n\n\n\n<div class=\"wp-block-group col-content has-global-padding is-layout-constrained wp-block-group-is-layout-constrained\">\n<h2 class=\"wp-block-heading\"><strong>Fahrradtour durch den S\u00fcden<\/strong><\/h2>\n\n\n\n<hr class=\"wp-block-separator has-text-color has-accent-1-color has-alpha-channel-opacity has-accent-1-background-color has-background\"\/>\n\n\n\n<p class=\"wp-block-paragraph\">Von der Deichkrone aus enth\u00fcllt dieser Weg nacheinander die Landschaft des Lac du Der, den Wald mit seinen hundertj\u00e4hrigen Eichen und die D\u00f6rfer der Bocage. Die Wanderung wird von Rast- und Picknickpl\u00e4tzen, Str\u00e4nden und Beobachtungspunkten unterbrochen, an denen Sie die Fauna von Der bewundern k\u00f6nnen.   <a href=\"https:\/\/www.cirkwi.com\/fr\/circuit\/93706-tour-du-lac-du-der\" target=\"_blank\" rel=\"noreferrer noopener\">Weitere Informationen<\/a><\/p>\n\n\n\n<h2 class=\"wp-block-heading\"><strong>Der Park du sourdon<\/strong><\/h2>\n\n\n\n<hr class=\"wp-block-separator has-text-color has-accent-1-color has-alpha-channel-opacity has-accent-1-background-color has-background\"\/>\n\n\n\n<p class=\"wp-block-paragraph\">C&#8217;est l\u2019un des rares jardins \u00e0 l\u2019anglaise de la Marne. Le parc est travers\u00e9 par \u201cle Sourdon\u201d, le ruisseau qui y prend sa source, avant de se jeter dans le Cubry, plus bas dans le village. De ce jardin romantique \u00e9mergent de nombreuses sources capt\u00e9es dans des grottes artificielles : rochers, cascades\u2026 Des am\u00e9nagements pour le pique-nique et quelques jeux pour enfants sont propos\u00e9s. <a href=\"https:\/\/tourisme-en-champagne.com\/activite\/le-parc-du-sourdon\/\" target=\"_blank\" data-type=\"activite\" data-id=\"8058\" rel=\"noreferrer noopener\">En savoir +<\/a><br\/><\/p>\n\n\n\n<figure class=\"wp-block-image size-full\"><img loading=\"lazy\" decoding=\"async\" width=\"300\" height=\"300\" src=\"https:\/\/tourisme-en-champagne.com\/assets\/uploads\/2025\/06\/lac-du-dercp-bourguignon-coll-adt-marne19-0.jpg\" alt=\"\" class=\"wp-image-11930\" title=\"\"><\/figure>\n<\/div>\n<\/div>\n<\/div>\n<\/section>\n\n<section class=\"wp-block-group alignfull pattern-playlist-grid has-global-padding is-layout-constrained wp-block-group-is-layout-constrained\" style=\"padding-top:0;padding-bottom:var(--wp--preset--spacing--xx-large)\">\n<h2 class=\"wp-block-heading has-text-align-center\"><strong>Die Entdeckung fortsetzen<\/strong><\/h2>\n\n\n\n<hr class=\"wp-block-separator has-text-color has-accent-3-color has-alpha-channel-opacity has-accent-3-background-color has-background\"\/>\n\n\n\n<p class=\"has-text-align-center wp-block-paragraph\">Viele weitere Ideen f\u00fcr Spazierg\u00e4nge und Entdeckungen f\u00fcr die ganze Familie finden Sie in unserer Rubrik <a href=\"https:\/\/www.tourisme-en-champagne.com\/activites-sportives-et-de-loisirs#path=tags\/En+famille\">Freizeit+<\/a>.<br\/><\/p>\n\n\n\t\t\t<div class=\"fsgb-block-playlist playlist-grid is-style-grid\"  style=\"margin-top:var(--wp--preset--spacing--x-large);\">\n\t\t\t\t\n\t\t\t\n\t\t\t<div class=\"swiper swiperPlaylistGrid\">\n\n\t\t\t\t<div class=\"swiper-wrapper posts-count-4\">\n\t\t\t\t\t\t\t\t\t\t\t\t\t\t\t\t\t<div class=\"swiper-slide \">\n\t\t\t\t\t\t\t\n<article class=\"card card--activite stretched-link\" data-id=\"28209\" data-post-id-sync-map=\"28209\" >\n\t\n\t\t\n\t\t\t\t<div class=\"card__thumbnail has-middleground-background-color stack\">\n\t\t\t<img decoding=\"async\" width=\"2048\" src=\"https:\/\/cdt51.media.tourinsoft.eu\/upload\/Ranch-du-Moulin-Saint-Martin---Montmirail--3-.jpg\" class=\"attachment- size-\" alt=\"Ranch du Moulin Saint Martin\" srcset=\"https:\/\/cdt51.media.tourinsoft.eu\/upload\/Ranch-du-Moulin-Saint-Martin---Montmirail--3-.jpg?width=400 400w, https:\/\/cdt51.media.tourinsoft.eu\/upload\/Ranch-du-Moulin-Saint-Martin---Montmirail--3-.jpg?width=640 640w, https:\/\/cdt51.media.tourinsoft.eu\/upload\/Ranch-du-Moulin-Saint-Martin---Montmirail--3-.jpg?width=768 768w, https:\/\/cdt51.media.tourinsoft.eu\/upload\/Ranch-du-Moulin-Saint-Martin---Montmirail--3-.jpg?width=1280 1280w, https:\/\/cdt51.media.tourinsoft.eu\/upload\/Ranch-du-Moulin-Saint-Martin---Montmirail--3-.jpg?width=1536&amp;height=1536 1536w, https:\/\/cdt51.media.tourinsoft.eu\/upload\/Ranch-du-Moulin-Saint-Martin---Montmirail--3-.jpg?width=2048&amp;height=2048 2048w\" sizes=\"(max-width: 2048px) 100vw, 2048px\" title=\"\">\t\t<\/div>\n\t\n\t\t<div class=\"card__content\">\n\t\t\t\n\t\t\t\t\t\t\t\t\t\n\t\t\t\t\t\t\t\t\t\n\t\t\t\t\t\t<h3 class=\"title wp-block-heading is-style-h3\">\n\t\t\t\t<a href=\"https:\/\/tourisme-en-champagne.com\/de\/activite\/ranch-du-moulin-saint-martin\/\" target=\"_blank\">Ranch du Moulin Saint Martin<\/a>\t\t\t\t\t\t\t<\/h3>\n\t\t\t\n\t\t\t\t\t\t\t\t\t\n\t\t\t\t\t\t<div class=\"underlined\"><\/div>\n\t\t\n\t\t\t\t\t\t\t\t\t\t<div class=\"location\">\n\t\t\t\t\tMontmirail\t\t\t\t<\/div>\n\t\t\t\t\t\t\n\t\t\t\t\t\t\t\t\t\n\t\t\t\t\t\t\t\t\t\n\t\t\t\t\t\t\t\t\t\n\t\t\t\t\t\t\t\t\t\t<div class=\"descriptif\">Diese p\u00e4dagogische Farm zielt darauf ab, Tierleben zu entdecken, die Natur und die Landwirte in e&#8230;<\/div>\n\t\t\t\t\n\t\t\t\t\t\t\t\t\t\t\t\t\t\t\t\t\n\t\t\t\t\t\t\t\t\t\t<div class=\"wp-block-button\">\n\t\t\t\t\t<a class=\"wp-element-button rounded\" href=\"https:\/\/tourisme-en-champagne.com\/de\/activite\/ranch-du-moulin-saint-martin\/\" target=\"_blank\" aria-label=\"Mehr erfahren \u00fcber Ranch du Moulin Saint Martin\">Mehr erfahren<\/a>\n\t\t\t\t<\/div>\n\t\t\t \n\t\t<\/div>\n\t\t\n\n\t\t<\/article>\n\n\t\t\t\t\t\t<\/div>\n\t\t\t\t\t\t\t\t\t\t\t\t\t\t\t\t\t<div class=\"swiper-slide \">\n\t\t\t\t\t\t\t\n<article class=\"card card--activite stretched-link\" data-id=\"28090\" data-post-id-sync-map=\"28090\" >\n\t\n\t\t\n\t\t\t\t<div class=\"card__thumbnail has-middleground-background-color stack\">\n\t\t\t<img decoding=\"async\" width=\"2048\" src=\"https:\/\/cdt51.media.tourinsoft.eu\/upload\/La-Ferme-aux-oiseaux-exotiques.jpg\" class=\"attachment- size-\" alt=\"La Ferme aux oiseaux exotiques\" srcset=\"https:\/\/cdt51.media.tourinsoft.eu\/upload\/La-Ferme-aux-oiseaux-exotiques.jpg?width=400 400w, https:\/\/cdt51.media.tourinsoft.eu\/upload\/La-Ferme-aux-oiseaux-exotiques.jpg?width=640 640w, https:\/\/cdt51.media.tourinsoft.eu\/upload\/La-Ferme-aux-oiseaux-exotiques.jpg?width=768 768w, https:\/\/cdt51.media.tourinsoft.eu\/upload\/La-Ferme-aux-oiseaux-exotiques.jpg?width=1280 1280w, https:\/\/cdt51.media.tourinsoft.eu\/upload\/La-Ferme-aux-oiseaux-exotiques.jpg?width=1536&amp;height=1536 1536w, https:\/\/cdt51.media.tourinsoft.eu\/upload\/La-Ferme-aux-oiseaux-exotiques.jpg?width=2048&amp;height=2048 2048w\" sizes=\"(max-width: 2048px) 100vw, 2048px\" title=\"\">\t\t<\/div>\n\t\n\t\t<div class=\"card__content\">\n\t\t\t\n\t\t\t\t\t\t\t\t\t\n\t\t\t\t\t\t\t\t\t\n\t\t\t\t\t\t<h3 class=\"title wp-block-heading is-style-h3\">\n\t\t\t\t<a href=\"https:\/\/tourisme-en-champagne.com\/de\/activite\/la-ferme-aux-oiseaux-exotiques\/\" target=\"_blank\">La Ferme aux oiseaux exotiques<\/a>\t\t\t\t\t\t\t<\/h3>\n\t\t\t\n\t\t\t\t\t\t\t\t\t\n\t\t\t\t\t\t<div class=\"underlined\"><\/div>\n\t\t\n\t\t\t\t\t\t\t\t\t\t<div class=\"location\">\n\t\t\t\t\tAthis\t\t\t\t<\/div>\n\t\t\t\t\t\t\n\t\t\t\t\t\t\t\t\t\n\t\t\t\t\t\t\t\t\t\n\t\t\t\t\t\t\t\t\t\n\t\t\t\t\t\t\t\t\t\t<div class=\"descriptif\">Das ehemalige Gasthaus begr\u00fc\u00dft \u00fcber 400 exotische V\u00f6gel mit hellen Farben und au\u00dfergew\u00f6hnliche Au&#8230;<\/div>\n\t\t\t\t\n\t\t\t\t\t\t\t\t\t\t\t\t\t\t\t\t\n\t\t\t\t\t\t\t\t\t\t<div class=\"wp-block-button\">\n\t\t\t\t\t<a class=\"wp-element-button rounded\" href=\"https:\/\/tourisme-en-champagne.com\/de\/activite\/la-ferme-aux-oiseaux-exotiques\/\" target=\"_blank\" aria-label=\"Mehr erfahren \u00fcber La Ferme aux oiseaux exotiques\">Mehr erfahren<\/a>\n\t\t\t\t<\/div>\n\t\t\t \n\t\t<\/div>\n\t\t\n\n\t\t<\/article>\n\n\t\t\t\t\t\t<\/div>\n\t\t\t\t\t\t\t\t\t\t\t\t\t\t\t\t\t<div class=\"swiper-slide \">\n\t\t\t\t\t\t\t\n<article class=\"card card--activite stretched-link\" data-id=\"28191\" data-post-id-sync-map=\"28191\" >\n\t\n\t\t\n\t\t\t\t<div class=\"card__thumbnail has-middleground-background-color stack\">\n\t\t\t<img decoding=\"async\" width=\"2048\" src=\"https:\/\/cdt51.media.tourinsoft.eu\/upload\/chevre4.jpg\" class=\"attachment- size-\" alt=\"Ch\u00e8vrerie de Nesle la Reposte\" srcset=\"https:\/\/cdt51.media.tourinsoft.eu\/upload\/chevre4.jpg?width=400 400w, https:\/\/cdt51.media.tourinsoft.eu\/upload\/chevre4.jpg?width=640 640w, https:\/\/cdt51.media.tourinsoft.eu\/upload\/chevre4.jpg?width=768 768w, https:\/\/cdt51.media.tourinsoft.eu\/upload\/chevre4.jpg?width=1280 1280w, https:\/\/cdt51.media.tourinsoft.eu\/upload\/chevre4.jpg?width=1536&amp;height=1536 1536w, https:\/\/cdt51.media.tourinsoft.eu\/upload\/chevre4.jpg?width=2048&amp;height=2048 2048w\" sizes=\"(max-width: 2048px) 100vw, 2048px\" title=\"\">\t\t<\/div>\n\t\n\t\t<div class=\"card__content\">\n\t\t\t\n\t\t\t\t\t\t\t\t\t\n\t\t\t\t\t\t\t\t\t\n\t\t\t\t\t\t<h3 class=\"title wp-block-heading is-style-h3\">\n\t\t\t\t<a href=\"https:\/\/tourisme-en-champagne.com\/de\/activite\/chevrerie-de-nesle-la-reposte\/\" target=\"_blank\">Ch\u00e8vrerie de Nesle la Reposte<\/a>\t\t\t\t\t\t\t<\/h3>\n\t\t\t\n\t\t\t\t\t\t\t\t\t\n\t\t\t\t\t\t<div class=\"underlined\"><\/div>\n\t\t\n\t\t\t\t\t\t\t\t\t\t<div class=\"location\">\n\t\t\t\t\tNesle-La-Reposte\t\t\t\t<\/div>\n\t\t\t\t\t\t\n\t\t\t\t\t\t\t\t\t\n\t\t\t\t\t\t\t\t\t\n\t\t\t\t\t\t\t\t\t\n\t\t\t\t\t\t\t\t\t\t<div class=\"descriptif\">Kommen Sie und entdecken mit Familie und Freunden die kleinen Freuden in der Ziege!\r\rHundert Zieg&#8230;<\/div>\n\t\t\t\t\n\t\t\t\t\t\t\t\t\t\t\t\t\t\t\t\t\n\t\t\t\t\t\t\t\t\t\t<div class=\"wp-block-button\">\n\t\t\t\t\t<a class=\"wp-element-button rounded\" href=\"https:\/\/tourisme-en-champagne.com\/de\/activite\/chevrerie-de-nesle-la-reposte\/\" target=\"_blank\" aria-label=\"Mehr erfahren \u00fcber Ch\u00e8vrerie de Nesle la Reposte\">Mehr erfahren<\/a>\n\t\t\t\t<\/div>\n\t\t\t \n\t\t<\/div>\n\t\t\n\n\t\t<\/article>\n\n\t\t\t\t\t\t<\/div>\n\t\t\t\t\t\t\t\t\t\t\t\t\t\t\t\t\t<div class=\"swiper-slide \">\n\t\t\t\t\t\t\t\n<article class=\"card card--activite stretched-link\" data-id=\"28286\" data-post-id-sync-map=\"28286\" >\n\t\n\t\t\n\t\t\t\t<div class=\"card__thumbnail has-middleground-background-color stack\">\n\t\t\t<img decoding=\"async\" width=\"2048\" src=\"https:\/\/cdt51.media.tourinsoft.eu\/upload\/IMG-20220709-113638-Celine-VARINI-OTGR--13-.jpg\" class=\"attachment- size-\" alt=\"La ferme p\u00e9dagogique des Iriselles\" srcset=\"https:\/\/cdt51.media.tourinsoft.eu\/upload\/IMG-20220709-113638-Celine-VARINI-OTGR--13-.jpg?width=400 400w, https:\/\/cdt51.media.tourinsoft.eu\/upload\/IMG-20220709-113638-Celine-VARINI-OTGR--13-.jpg?width=640 640w, https:\/\/cdt51.media.tourinsoft.eu\/upload\/IMG-20220709-113638-Celine-VARINI-OTGR--13-.jpg?width=768 768w, https:\/\/cdt51.media.tourinsoft.eu\/upload\/IMG-20220709-113638-Celine-VARINI-OTGR--13-.jpg?width=1280 1280w, https:\/\/cdt51.media.tourinsoft.eu\/upload\/IMG-20220709-113638-Celine-VARINI-OTGR--13-.jpg?width=1536&amp;height=1536 1536w, https:\/\/cdt51.media.tourinsoft.eu\/upload\/IMG-20220709-113638-Celine-VARINI-OTGR--13-.jpg?width=2048&amp;height=2048 2048w\" sizes=\"(max-width: 2048px) 100vw, 2048px\" title=\"\">\t\t<\/div>\n\t\n\t\t<div class=\"card__content\">\n\t\t\t\n\t\t\t\t\t\t\t\t\t\n\t\t\t\t\t\t\t\t\t\n\t\t\t\t\t\t<h3 class=\"title wp-block-heading is-style-h3\">\n\t\t\t\t<a href=\"https:\/\/tourisme-en-champagne.com\/de\/activite\/la-ferme-pedagogique-des-iriselles\/\" target=\"_blank\">La ferme p\u00e9dagogique des Iriselles<\/a>\t\t\t\t\t\t\t<\/h3>\n\t\t\t\n\t\t\t\t\t\t\t\t\t\n\t\t\t\t\t\t<div class=\"underlined\"><\/div>\n\t\t\n\t\t\t\t\t\t\t\t\t\t<div class=\"location\">\n\t\t\t\t\tJonchery-Sur-Vesle\t\t\t\t<\/div>\n\t\t\t\t\t\t\n\t\t\t\t\t\t\t\t\t\n\t\t\t\t\t\t\t\t\t\n\t\t\t\t\t\t\t\t\t\n\t\t\t\t\t\t\t\n\t\t\t\t\t\t\t\t\t\t\t\t\t\t\t\t\n\t\t\t\t\t\t\t\t\t\t<div class=\"wp-block-button\">\n\t\t\t\t\t<a class=\"wp-element-button rounded\" href=\"https:\/\/tourisme-en-champagne.com\/de\/activite\/la-ferme-pedagogique-des-iriselles\/\" target=\"_blank\" aria-label=\"Mehr erfahren \u00fcber La ferme p\u00e9dagogique des Iriselles\">Mehr erfahren<\/a>\n\t\t\t\t<\/div>\n\t\t\t \n\t\t<\/div>\n\t\t\n\n\t\t<\/article>\n\n\t\t\t\t\t\t<\/div>\n\t\t\t\t\t\t\t\t\t\t\t\t\t\t<\/div>\n\t\t\t\t\n\t\t\t\t<div class=\"swiper-buttons\">\n\t\t\t\t\t<div class=\"swiper-button-prev\"><\/div>\n\t\t\t\t\t<div class=\"swiper-button-next\"><\/div>\n\t\t\t\t<\/div>\n\t\t\t<\/div>\n\t\t<\/div>\n\t\n<\/section>\n","protected":false},"excerpt":{"rendered":"<p>Spa\u00df haben, lernen, tr\u00e4umen&#8230; in der Natur, bei einem Museumsbesuch, was gibt es Besseres f\u00fcr unsere lieben Kleinen? F\u00fcr einen Tag oder ein Wochenende, wie w\u00e4re es, wenn Sie Ihren Spazierg\u00e4ngen einen Hauch von Urlaub verleihen? Zwischen Schatzsuchen, Museumsbesuchen, Zeitreisen, Kursen und kulinarischen Entdeckungen&#8230; ist es am schwierigsten, sich f\u00fcr eine Aktivit\u00e4t zu entscheiden, aber [&hellip;]<\/p>\n","protected":false},"author":2,"featured_media":11918,"parent":0,"menu_order":0,"comment_status":"closed","ping_status":"closed","template":"templates\/experience.php","meta":{"_acf_changed":false,"footnotes":"","_links_to":"","_links_to_target":""},"class_list":["post-20480","page","type-page","status-publish","has-post-thumbnail","hentry"],"acf":[],"_links":{"self":[{"href":"https:\/\/tourisme-en-champagne.com\/de\/wp-json\/wp\/v2\/pages\/20480","targetHints":{"allow":["GET"]}}],"collection":[{"href":"https:\/\/tourisme-en-champagne.com\/de\/wp-json\/wp\/v2\/pages"}],"about":[{"href":"https:\/\/tourisme-en-champagne.com\/de\/wp-json\/wp\/v2\/types\/page"}],"author":[{"embeddable":true,"href":"https:\/\/tourisme-en-champagne.com\/de\/wp-json\/wp\/v2\/users\/2"}],"replies":[{"embeddable":true,"href":"https:\/\/tourisme-en-champagne.com\/de\/wp-json\/wp\/v2\/comments?post=20480"}],"version-history":[{"count":3,"href":"https:\/\/tourisme-en-champagne.com\/de\/wp-json\/wp\/v2\/pages\/20480\/revisions"}],"predecessor-version":[{"id":28689,"href":"https:\/\/tourisme-en-champagne.com\/de\/wp-json\/wp\/v2\/pages\/20480\/revisions\/28689"}],"wp:featuredmedia":[{"embeddable":true,"href":"https:\/\/tourisme-en-champagne.com\/de\/wp-json\/wp\/v2\/media\/11918"}],"wp:attachment":[{"href":"https:\/\/tourisme-en-champagne.com\/de\/wp-json\/wp\/v2\/media?parent=20480"}],"curies":[{"name":"wp","href":"https:\/\/api.w.org\/{rel}","templated":true}]}}