{"id":20338,"date":"2025-06-30T16:35:28","date_gmt":"2025-06-30T14:35:28","guid":{"rendered":"https:\/\/tourisme-en-champagne.com\/fahrradverleiher-und-reparateure\/"},"modified":"2025-11-27T16:03:11","modified_gmt":"2025-11-27T15:03:11","slug":"fahrradverleiher-und-reparateure","status":"publish","type":"page","link":"https:\/\/tourisme-en-champagne.com\/de\/die-champagne-in-feierlaune\/freier-weg\/fahrradverleiher-und-reparateure\/","title":{"rendered":"Fahrradverleiher und -reparateure"},"content":{"rendered":"\n<section class=\"wp-block-group alignfull pattern-text-100 has-base-background-color has-background has-global-padding is-layout-constrained wp-block-group-is-layout-constrained\">\n<div class=\"wp-block-columns is-layout-flex wp-container-core-columns-is-layout-63fbf5b9 wp-block-columns-is-layout-flex\">\n<div class=\"wp-block-column is-layout-flow wp-block-column-is-layout-flow\">\n<h2 class=\"wp-block-heading\"><strong>FAHRRADVERLEIH<\/strong><\/h2>\n\n\n\n<hr class=\"wp-block-separator has-text-color has-accent-1-color has-alpha-channel-opacity has-accent-1-background-color has-background\" \/>\n\n\n\n<p class=\"patterns-underline wp-block-paragraph\">Sind Sie bereit f\u00fcr eine Fahrt &#8222;En Rou(t)e Libre&#8220;? Entdecken Sie jetzt unsere Fahrradverleih-Optionen und bereiten Sie sich auf eine unvergessliche Fahrt vor!   <br \/><strong><em>Denken Sie daran, heute zu buchen, um Ihr Fahrrad f\u00fcr den gew\u00fcnschten Termin zu sichern!<\/em><\/strong><\/p>\n<\/div>\n<\/div>\n<\/section>\n\n<section class=\"wp-block-group alignfull pattern-text-80-media-20 has-base-background-color has-background has-global-padding is-layout-constrained wp-block-group-is-layout-constrained\">\n<div class=\"wp-block-columns is-layout-flex wp-container-core-columns-is-layout-fdcf44e1 wp-block-columns-is-layout-flex\">\n<div class=\"wp-block-column is-layout-flow wp-block-column-is-layout-flow\" style=\"flex-basis:20%\">\n<figure data-wp-context=\"{&quot;imageId&quot;:&quot;6a973325e47bc&quot;}\" data-wp-interactive=\"core\/image\" data-wp-key=\"6a973325e47bc\" class=\"wp-block-image size-full wp-lightbox-container\"><img loading=\"lazy\" decoding=\"async\" width=\"960\" height=\"903\" data-wp-class--hide=\"state.isContentHidden\" data-wp-class--show=\"state.isContentVisible\" data-wp-init=\"callbacks.setButtonStyles\" data-wp-on--click=\"actions.showLightbox\" data-wp-on--load=\"callbacks.setButtonStyles\" data-wp-on--pointerdown=\"actions.preloadImage\" data-wp-on--pointerenter=\"actions.preloadImageWithDelay\" data-wp-on--pointerleave=\"actions.cancelPreload\" data-wp-on-window--resize=\"callbacks.setButtonStyles\" src=\"https:\/\/tourisme-en-champagne.com\/assets\/uploads\/2025\/06\/capture-decran-2024-04-09-a-132336.png\" alt=\"\" class=\"wp-image-12143\" title=\"\" srcset=\"https:\/\/tourisme-en-champagne.com\/assets\/uploads\/2025\/06\/capture-decran-2024-04-09-a-132336.png 960w, https:\/\/tourisme-en-champagne.com\/assets\/uploads\/2025\/06\/capture-decran-2024-04-09-a-132336-640x602.png 640w, https:\/\/tourisme-en-champagne.com\/assets\/uploads\/2025\/06\/capture-decran-2024-04-09-a-132336-400x376.png 400w, https:\/\/tourisme-en-champagne.com\/assets\/uploads\/2025\/06\/capture-decran-2024-04-09-a-132336-768x722.png 768w\" sizes=\"auto, (max-width: 960px) 100vw, 960px\" \/><button\n\t\t\tclass=\"lightbox-trigger\"\n\t\t\ttype=\"button\"\n\t\t\taria-haspopup=\"dialog\"\n\t\t\tdata-wp-bind--aria-label=\"state.thisImage.triggerButtonAriaLabel\"\n\t\t\tdata-wp-init=\"callbacks.initTriggerButton\"\n\t\t\tdata-wp-on--click=\"actions.showLightbox\"\n\t\t\tdata-wp-style--right=\"state.thisImage.buttonRight\"\n\t\t\tdata-wp-style--top=\"state.thisImage.buttonTop\"\n\t\t>\n\t\t\t<svg xmlns=\"http:\/\/www.w3.org\/2000\/svg\" width=\"12\" height=\"12\" fill=\"none\" viewBox=\"0 0 12 12\">\n\t\t\t\t<path fill=\"#fff\" d=\"M2 0a2 2 0 0 0-2 2v2h1.5V2a.5.5 0 0 1 .5-.5h2V0H2Zm2 10.5H2a.5.5 0 0 1-.5-.5V8H0v2a2 2 0 0 0 2 2h2v-1.5ZM8 12v-1.5h2a.5.5 0 0 0 .5-.5V8H12v2a2 2 0 0 1-2 2H8Zm2-12a2 2 0 0 1 2 2v2h-1.5V2a.5.5 0 0 0-.5-.5H8V0h2Z\" \/>\n\t\t\t<\/svg>\n\t\t<\/button><\/figure>\n<\/div>\n\n\n\n<div class=\"wp-block-column is-vertically-aligned-center is-layout-flow wp-block-column-is-layout-flow\" style=\"flex-basis:80%\">\n<h3 class=\"wp-block-heading has-accent-1-color has-text-color has-link-color wp-elements-eb315f03688dcf8338a4aa147da8c937\"><a href=\"https:\/\/pedalnpop.booqableshop.com\/\" target=\"_blank\" rel=\"noreferrer noopener\">Pedal&#8217;n&#8217;Pop<\/a><\/h3>\n\n\n\n<p class=\"wp-block-paragraph\">Verleih von Fahrr\u00e4dern mit elektrischer Unterst\u00fctzung und einer Reichweite von 50 bis 80 km. Jedes Fahrrad wird mit einer fluoreszierenden Weste, Helm, Fahrradschloss und Pannenset vermietet. <br \/><a href=\"https:\/\/pedalnpop.booqableshop.com\/\" target=\"_blank\" rel=\"noreferrer noopener\">Reservierung erforderlich<\/a> &gt; 55 Elektrofahrr\u00e4der, 2 Kinderfahrr\u00e4der 14&#8242; (3-5 Jahre), 2 Kinderfahrr\u00e4der 16&#8242; (5-7 Jahre), 3 Kinderfahrr\u00e4der 20&#8242; (7-9 Jahre), 8 Kindersitze, 3 Kinderanh\u00e4nger.<br \/>Tel. 06 81 17 91 08<\/p>\n<\/div>\n<\/div>\n\n\n\n<div class=\"wp-block-columns is-layout-flex wp-container-core-columns-is-layout-fdcf44e1 wp-block-columns-is-layout-flex\">\n<div class=\"wp-block-column is-layout-flow wp-block-column-is-layout-flow\" style=\"flex-basis:20%\">\n<figure data-wp-context=\"{&quot;imageId&quot;:&quot;6a973325e8afc&quot;}\" data-wp-interactive=\"core\/image\" data-wp-key=\"6a973325e8afc\" class=\"wp-block-image size-full wp-lightbox-container\"><img loading=\"lazy\" decoding=\"async\" width=\"400\" height=\"400\" data-wp-class--hide=\"state.isContentHidden\" data-wp-class--show=\"state.isContentVisible\" data-wp-init=\"callbacks.setButtonStyles\" data-wp-on--click=\"actions.showLightbox\" data-wp-on--load=\"callbacks.setButtonStyles\" data-wp-on--pointerdown=\"actions.preloadImage\" data-wp-on--pointerenter=\"actions.preloadImageWithDelay\" data-wp-on--pointerleave=\"actions.cancelPreload\" data-wp-on-window--resize=\"callbacks.setButtonStyles\" src=\"https:\/\/tourisme-en-champagne.com\/assets\/uploads\/2025\/06\/energy-cycl.jpg\" alt=\"\" class=\"wp-image-12153\" title=\"\"><button\n\t\t\tclass=\"lightbox-trigger\"\n\t\t\ttype=\"button\"\n\t\t\taria-haspopup=\"dialog\"\n\t\t\tdata-wp-bind--aria-label=\"state.thisImage.triggerButtonAriaLabel\"\n\t\t\tdata-wp-init=\"callbacks.initTriggerButton\"\n\t\t\tdata-wp-on--click=\"actions.showLightbox\"\n\t\t\tdata-wp-style--right=\"state.thisImage.buttonRight\"\n\t\t\tdata-wp-style--top=\"state.thisImage.buttonTop\"\n\t\t>\n\t\t\t<svg xmlns=\"http:\/\/www.w3.org\/2000\/svg\" width=\"12\" height=\"12\" fill=\"none\" viewBox=\"0 0 12 12\">\n\t\t\t\t<path fill=\"#fff\" d=\"M2 0a2 2 0 0 0-2 2v2h1.5V2a.5.5 0 0 1 .5-.5h2V0H2Zm2 10.5H2a.5.5 0 0 1-.5-.5V8H0v2a2 2 0 0 0 2 2h2v-1.5ZM8 12v-1.5h2a.5.5 0 0 0 .5-.5V8H12v2a2 2 0 0 1-2 2H8Zm2-12a2 2 0 0 1 2 2v2h-1.5V2a.5.5 0 0 0-.5-.5H8V0h2Z\" \/>\n\t\t\t<\/svg>\n\t\t<\/button><\/figure>\n<\/div>\n\n\n\n<div class=\"wp-block-column is-vertically-aligned-center is-layout-flow wp-block-column-is-layout-flow\" style=\"flex-basis:80%\">\n<h3 class=\"wp-block-heading has-accent-1-color has-text-color has-link-color wp-elements-d0cda40f10e85857e45cc32e50d5a2a8\"><a href=\"https:\/\/tourisme-en-champagne.com\/activite\/energy-cycles\/\" target=\"_blank\" data-type=\"activite\" data-id=\"7655\" rel=\"noreferrer noopener\">Energiezyklen  <\/a><\/h3>\n\n\n\n<p class=\"wp-block-paragraph\">Verleih von Elektrofahrr\u00e4dern, M\u00f6glichkeit zum Abstellen und Abholen auf der Strecke &#8222;En Rou(t)e Libre&#8220;.<br \/><a href=\"https:\/\/bikeattitude.wixsite.com\/bikeshop\" target=\"_blank\" rel=\"noreferrer noopener\">Reservierung erforderlich <\/a>&gt; 7 Elektrofahrr\u00e4der &amp; 5 klassische Fahrr\u00e4der<br \/>Tel. 03 51 40 95 31<\/p>\n<\/div>\n<\/div>\n\n\n\n<div class=\"wp-block-columns is-layout-flex wp-container-core-columns-is-layout-fdcf44e1 wp-block-columns-is-layout-flex\">\n<div class=\"wp-block-column is-layout-flow wp-block-column-is-layout-flow\" style=\"flex-basis:20%\">\n<figure data-wp-context=\"{&quot;imageId&quot;:&quot;6a973325ec0ce&quot;}\" data-wp-interactive=\"core\/image\" data-wp-key=\"6a973325ec0ce\" class=\"wp-block-image size-full wp-lightbox-container\"><img loading=\"lazy\" decoding=\"async\" width=\"400\" height=\"400\" data-wp-class--hide=\"state.isContentHidden\" data-wp-class--show=\"state.isContentVisible\" data-wp-init=\"callbacks.setButtonStyles\" data-wp-on--click=\"actions.showLightbox\" data-wp-on--load=\"callbacks.setButtonStyles\" data-wp-on--pointerdown=\"actions.preloadImage\" data-wp-on--pointerenter=\"actions.preloadImageWithDelay\" data-wp-on--pointerleave=\"actions.cancelPreload\" data-wp-on-window--resize=\"callbacks.setButtonStyles\" src=\"https:\/\/tourisme-en-champagne.com\/assets\/uploads\/2025\/06\/bikeen.jpg\" alt=\"\" class=\"wp-image-12138\" title=\"\"><button\n\t\t\tclass=\"lightbox-trigger\"\n\t\t\ttype=\"button\"\n\t\t\taria-haspopup=\"dialog\"\n\t\t\tdata-wp-bind--aria-label=\"state.thisImage.triggerButtonAriaLabel\"\n\t\t\tdata-wp-init=\"callbacks.initTriggerButton\"\n\t\t\tdata-wp-on--click=\"actions.showLightbox\"\n\t\t\tdata-wp-style--right=\"state.thisImage.buttonRight\"\n\t\t\tdata-wp-style--top=\"state.thisImage.buttonTop\"\n\t\t>\n\t\t\t<svg xmlns=\"http:\/\/www.w3.org\/2000\/svg\" width=\"12\" height=\"12\" fill=\"none\" viewBox=\"0 0 12 12\">\n\t\t\t\t<path fill=\"#fff\" d=\"M2 0a2 2 0 0 0-2 2v2h1.5V2a.5.5 0 0 1 .5-.5h2V0H2Zm2 10.5H2a.5.5 0 0 1-.5-.5V8H0v2a2 2 0 0 0 2 2h2v-1.5ZM8 12v-1.5h2a.5.5 0 0 0 .5-.5V8H12v2a2 2 0 0 1-2 2H8Zm2-12a2 2 0 0 1 2 2v2h-1.5V2a.5.5 0 0 0-.5-.5H8V0h2Z\" \/>\n\t\t\t<\/svg>\n\t\t<\/button><\/figure>\n<\/div>\n\n\n\n<div class=\"wp-block-column is-vertically-aligned-center is-layout-flow wp-block-column-is-layout-flow\" style=\"flex-basis:80%\">\n<h3 class=\"wp-block-heading has-accent-1-color has-text-color has-link-color wp-elements-e25c8d764119a7c294b5e5282b5288c5\"><a href=\"https:\/\/www.bikeenergy.com\/\" target=\"_blank\" data-type=\"link\" data-id=\"https:\/\/www.bikeenergy.com\/\" rel=\"noreferrer noopener\">Bike Energy<\/a><\/h3>\n\n\n\n<p class=\"wp-block-paragraph\">Verleih von elektrischen und klassischen Fahrr\u00e4dern, Lieferung vor Ort m\u00f6glich. <br \/><a href=\"https:\/\/www.bikeenergy.com\/\" target=\"_blank\" rel=\"noreferrer noopener\">Reservierung erforderlich <\/a>&gt; 30 Mountainbikes &#8211; 70 Elektrofahrr\u00e4der<br \/>Tel. 07 66 49 77 71<\/p>\n<\/div>\n<\/div>\n<\/section>\n\n<section class=\"wp-block-group alignfull pattern-text-100 has-base-background-color has-background has-global-padding is-layout-constrained wp-block-group-is-layout-constrained\">\n<div class=\"wp-block-columns is-layout-flex wp-container-core-columns-is-layout-63fbf5b9 wp-block-columns-is-layout-flex\">\n<div class=\"wp-block-column is-layout-flow wp-block-column-is-layout-flow\">\n<h2 class=\"wp-block-heading\"><strong>FAHRRAD-REPARATURWERKST\u00c4TTEN<\/strong><\/h2>\n\n\n\n<hr class=\"wp-block-separator has-text-color has-accent-1-color has-alpha-channel-opacity has-accent-1-background-color has-background\" \/>\n\n\n\n<h3 class=\"wp-block-heading patterns-underline has-accent-1-color has-text-color has-link-color wp-elements-5e042020f63980811c9ccceffc066013\">Haben Sie ein mechanisches Problem auf der Strecke? Keine Sorge, Sie k\u00f6nnen Ihr Fahrrad vor Ort reparieren lassen! <\/h3>\n\n\n\n<ul class=\"wp-block-list has-grey-color has-text-color has-link-color wp-elements-e51e9bfe74a807e44feede53ba63be8f\">\n<li>Ein ambulanter Anh\u00e4nger von &#8222;Energy Cycles&#8220; auf der Strecke,<\/li>\n\n\n\n<li>Pannenhilfewerkstatt &#8222;Pedal&#8217;n&#8217;pop&#8220; auf dem Festplatz von Reuil (kostenlose Reparatur, Ersatzteile kostenpflichtig),<\/li>\n\n\n\n<li>Pannenhilfewerkstatt &#8222;Energy Cycles&#8220; auf dem Festplatz von Villers-sous-Ch\u00e2tillon (kostenlose Reparatur, Teile kostenpflichtig),  <\/li>\n\n\n\n<li>Pannenhilfewerkstatt &#8222;Bike Repare&#8220; auf dem Festplatz von Ch\u00e2tillon-sur-Marne (Reparaturen und Ersatzteile gegen Bezahlung),<\/li>\n\n\n\n<li>Pannenhilfe-Werkstatt &#8222;Energy Cycles&#8220; auf dem Festplatz Le Prieur\u00e9 de Binson (kostenlose Reparatur, Ersatzteile kostenpflichtig).<\/li>\n<\/ul>\n<\/div>\n<\/div>\n<\/section>\n","protected":false},"excerpt":{"rendered":"<p>FAHRRADVERLEIH Sind Sie bereit f\u00fcr eine Fahrt &#8222;En Rou(t)e Libre&#8220;? Entdecken Sie jetzt unsere Fahrradverleih-Optionen und bereiten Sie sich auf eine unvergessliche Fahrt vor! Denken Sie daran, heute zu buchen, um Ihr Fahrrad f\u00fcr den gew\u00fcnschten Termin zu sichern! Pedal&#8217;n&#8217;Pop Verleih von Fahrr\u00e4dern mit elektrischer Unterst\u00fctzung und einer Reichweite von 50 bis 80 km. Jedes [&hellip;]<\/p>\n","protected":false},"author":2,"featured_media":0,"parent":20661,"menu_order":0,"comment_status":"closed","ping_status":"closed","template":"templates\/editorial-content.php","meta":{"_acf_changed":false,"footnotes":"","_links_to":"","_links_to_target":""},"class_list":["post-20338","page","type-page","status-publish","hentry"],"acf":[],"_links":{"self":[{"href":"https:\/\/tourisme-en-champagne.com\/de\/wp-json\/wp\/v2\/pages\/20338","targetHints":{"allow":["GET"]}}],"collection":[{"href":"https:\/\/tourisme-en-champagne.com\/de\/wp-json\/wp\/v2\/pages"}],"about":[{"href":"https:\/\/tourisme-en-champagne.com\/de\/wp-json\/wp\/v2\/types\/page"}],"author":[{"embeddable":true,"href":"https:\/\/tourisme-en-champagne.com\/de\/wp-json\/wp\/v2\/users\/2"}],"replies":[{"embeddable":true,"href":"https:\/\/tourisme-en-champagne.com\/de\/wp-json\/wp\/v2\/comments?post=20338"}],"version-history":[{"count":2,"href":"https:\/\/tourisme-en-champagne.com\/de\/wp-json\/wp\/v2\/pages\/20338\/revisions"}],"predecessor-version":[{"id":20345,"href":"https:\/\/tourisme-en-champagne.com\/de\/wp-json\/wp\/v2\/pages\/20338\/revisions\/20345"}],"up":[{"embeddable":true,"href":"https:\/\/tourisme-en-champagne.com\/de\/wp-json\/wp\/v2\/pages\/20661"}],"wp:attachment":[{"href":"https:\/\/tourisme-en-champagne.com\/de\/wp-json\/wp\/v2\/media?parent=20338"}],"curies":[{"name":"wp","href":"https:\/\/api.w.org\/{rel}","templated":true}]}}