{"id":20290,"date":"2025-06-30T17:43:15","date_gmt":"2025-06-30T15:43:15","guid":{"rendered":"https:\/\/tourisme-en-champagne.com\/prickelnder-ausflug-fuer-die-guinards\/"},"modified":"2026-08-20T23:36:30","modified_gmt":"2026-08-20T21:36:30","slug":"prickelnder-ausflug-fuer-die-guinards","status":"publish","type":"page","link":"https:\/\/tourisme-en-champagne.com\/de\/aktivitaeten-besuche\/kultur-kulturerbe\/worte-eines-botschafters\/prickelnder-ausflug-fuer-die-guinards\/","title":{"rendered":"Prickelnder Ausflug f\u00fcr die Guinards"},"content":{"rendered":"\n<section class=\"wp-block-group alignfull pattern-documentary-space accent-1 has-base-background-color has-background has-global-padding is-content-justification-center is-layout-constrained wp-block-group-is-layout-constrained\" style=\"padding-top:0;padding-bottom:0\">\n<div class=\"wp-block-columns is-layout-flex wp-container-core-columns-is-layout-fdcf44e1 wp-block-columns-is-layout-flex\">\n<div class=\"wp-block-column is-layout-flow wp-block-column-is-layout-flow\">\n<h2 class=\"wp-block-heading\"><strong><strong><strong><strong>FAHRRADTAG ZWISCHEN POUILLON UND DEM MASSIF DE ST. THIERRY MIT DER FAMILIE GUINARD &#8211; #1<\/strong><\/strong><\/strong><\/strong><\/h2>\n\n\n\n<hr class=\"wp-block-separator has-text-color has-accent-1-color has-alpha-channel-opacity has-accent-1-background-color has-background\"\/>\n\n\n\n<p class=\"wp-block-paragraph\">Entdecken Sie gemeinsam mit unseren Botschaftern die Region Marne!<\/p>\n\n\n\n<h3 class=\"wp-block-heading has-accent-1-color has-text-color has-link-color wp-elements-c2c914c358d9496794c3d3500837062e\"><strong>FAMILIENPORTRAIT<\/strong><\/h3>\n\n\n\n<p class=\"wp-block-paragraph\">Heute begleiten wir <strong>Emmanuelle und Laurent <\/strong>Guinard und ihre beiden Kinder, <strong>Jules<\/strong>, 18 Jahre und <strong>Romane<\/strong>, 16 Jahre. Unsere sportliche Familie lebt auf dem Land, wo sie ein einfaches Leben genie\u00dft. Jeder geht mit einem L\u00e4cheln seinen Lieblingsbesch\u00e4ftigungen nach: Basteln, Musik oder Radfahren, Jules&#8216; gro\u00dfe Leidenschaft!  <\/p>\n\n\n\n<h3 class=\"wp-block-heading has-accent-1-color has-text-color has-link-color wp-elements-014e233a61acd2542c1097d5d655a365\"><strong>Programm des Tages<\/strong><\/h3>\n\n\n\n<ul class=\"wp-block-list\">\n<li>9.30 Uhr: Fahrradtour mit Les Escapades d&#8217;Eug\u00e8ne<\/li>\n\n\n\n<li>13.00 Uhr: Picknick im Champagne Cuillier  <\/li>\n\n\n\n<li>15.00 Uhr: Besichtigung des Weinkellers und der Weinberge von Champagne Cuillier<\/li>\n<\/ul>\n<\/div>\n<\/div>\n<\/section>\n\n<section class=\"wp-block-group alignfull pattern-patchwork-3-texts-3-images has-global-padding is-layout-constrained wp-block-group-is-layout-constrained\">\n<div class=\"wp-block-columns is-layout-flex wp-container-core-columns-is-layout-63fbf5b9 wp-block-columns-is-layout-flex\">\n<div class=\"wp-block-column col-content is-layout-flow wp-block-column-is-layout-flow\" style=\"flex-basis:66.6%\">\n<p class=\"wp-block-paragraph\">Am ersten Tag begann die Familie Guinard, erg\u00e4nzt durch Vilma, eine finnische Brieffreundin, ihre Reise mit einer <strong>Fahrradtour <\/strong>von Saint-Brice-Courcelles aus. J\u00e9r\u00f4me, der Gr\u00fcnder von Les Escapades d&#8217;Eug\u00e8ne, erwartete sie mit drei zur Verf\u00fcgung gestellten Elektrofahrr\u00e4dern, w\u00e4hrend Laurent und Jules mit ihren eigenen Fahrr\u00e4dern unterwegs waren. Auf dem Programm standen ca. 40 km auf der Stra\u00dfe, auf gr\u00fcnen Wegen oder durch den Wald!  <\/p>\n\n\n\n<p class=\"wp-block-paragraph\">&#8220; <em>J\u00e9r\u00f4me hat <strong>die Strecke<\/strong> f\u00fcr jeden entsprechend den Anforderungen des Tages <strong>angepasst<\/strong>. Man merkt, dass er daran gew\u00f6hnt ist, er<strong> h\u00f6rt<\/strong> wirklich<strong> zu<\/strong><\/em> &#8222;, betonte Emmanuelle. &#8220; <em>Wir haben die <strong>Abwechslung der Strecke<\/strong> genossen, mit sehr angenehmen Abschnitten entlang des Kanals und anderen durch <strong>kleine, wirklich nette D\u00f6rfer<\/strong>, die wir nicht kannten <\/em>&#8222;. <\/p>\n<\/div>\n\n\n\n<div class=\"wp-block-column is-layout-flow wp-block-column-is-layout-flow\">\n<figure class=\"wp-block-image size-full\"><img loading=\"lazy\" decoding=\"async\" width=\"300\" height=\"600\" src=\"https:\/\/tourisme-en-champagne.com\/assets\/uploads\/2025\/06\/journee-2-ambassadeurs-famille-guinard-cede-adt-marne-29.jpg\" alt=\"\" class=\"wp-image-12348\" title=\"\"><\/figure>\n\n\n\n<p class=\"wp-block-paragraph\">En d\u00e9but d\u2019apr\u00e8s-midi, la famille a poursuivi sa visite sur place, en partant \u00e0 la d\u00e9couverte du\u00a0<a href=\"https:\/\/tourisme-en-champagne.com\/activite\/champagne-cuillier-pere-et-fils\/\" data-type=\"activite\" data-id=\"8490\"><strong>Champagne Cuillier<\/strong><\/a>.<\/p>\n\n\n\n<p class=\"wp-block-paragraph\">\u00ab\u00a0<em><strong>Paulina<\/strong>, notre h\u00f4te, nous a emmen\u00e9s sur une parcelle de Pinot Meunier o\u00f9 ils pratiquent\u00a0<a href=\"https:\/\/tourisme-en-champagne.com\/reserver-en-ligne\/\" data-type=\"page\" data-id=\"2498\"><strong>l\u2019agroforesterie<\/strong><\/a>, une d\u00e9marche environnementale par la plantation d\u2019arbres. On ne connaissait pas du tout, c\u2019\u00e9tait\u00a0<strong>tr\u00e8s int\u00e9ressant<\/strong>. Vilma \u00e9tait enchant\u00e9e de d\u00e9couvrir la Champagne en\u00a0<strong>immersion<\/strong>, d\u2019autant plus que Paulina s\u2019est adapt\u00e9e en traduisant les explications pour elle en anglais<\/em>\u00a0\u00bb.<\/p>\n\n\n\n<p class=\"wp-block-paragraph\">La visite s\u2019est termin\u00e9e par une\u00a0<a href=\"https:\/\/tourisme-en-champagne.com\/reserver-en-ligne\/\" data-type=\"page\" data-id=\"2498\"><strong>d\u00e9gustation<\/strong><\/a>\u00a0des diff\u00e9rentes cuv\u00e9es de la maison. Mention sp\u00e9ciale pour la cuv\u00e9e Grande R\u00e9serve extra-brut, tr\u00e8s appr\u00e9ci\u00e9e avec son faible dosage en sucre\u00a0!<\/p>\n\n\n\n<p class=\"wp-block-paragraph\">Der R\u00fcckweg erfolgte durch den Wald (und im Regen) mit kleinen spielerischen Singles*, die an die F\u00e4higkeiten jedes Einzelnen angepasst waren.<\/p>\n\n\n\n<p class=\"wp-block-paragraph\">&#8220; <em>F\u00fcr uns ist es kein Problem, <strong>bei Regen zu fahren<\/strong>, das <strong>geh\u00f6rt einfach dazu<\/strong><\/em> &#8222;, l\u00e4chelt Emmanuelle.<\/p>\n\n\n\n<p class=\"wp-block-paragraph\"><em>*Mountainbike-Pisten<\/em><\/p>\n<\/div>\n\n\n\n<div class=\"wp-block-column is-layout-flow wp-block-column-is-layout-flow\">\n<figure class=\"wp-block-image size-full is-resized\"><img loading=\"lazy\" decoding=\"async\" width=\"300\" height=\"600\" src=\"https:\/\/tourisme-en-champagne.com\/assets\/uploads\/2025\/06\/journee-2-ambassadeurs-famille-guinard-ctfenat-adt-marne-30.jpg\" alt=\"\" class=\"wp-image-12353\" style=\"width:293px;height:auto\" title=\"\"><\/figure>\n\n\n\n<div class=\"wp-block-group col-content has-global-padding is-layout-constrained wp-block-group-is-layout-constrained\">\n<p class=\"wp-block-paragraph\">Malgr\u00e9 une m\u00e9t\u00e9o printani\u00e8re peu cl\u00e9mente, la famille a rejoint sans difficult\u00e9s le\u00a0<a href=\"https:\/\/tourisme-en-champagne.com\/activite\/champagne-cuillier-pere-et-fils\/\" data-type=\"activite\" data-id=\"8490\"><strong>Champagne Cuillier<\/strong><\/a>, \u00e0 Pouillon, pour une pause d\u00e9jeuner bien m\u00e9rit\u00e9e. Le\u00a0<strong>pique-nique<\/strong>\u00a0fait partie de la rando v\u00e9lo organis\u00e9e par Les Escapades d\u2019Eug\u00e8ne.<\/p>\n\n\n\n<p class=\"wp-block-paragraph\">&#8220; <em>Eine k\u00f6stliche Mahlzeit f\u00fcr die Sportler von Good Truck! Es gab Sandwiches, Salat und ein Dessert mit Haferflocken und Mandeln und ein Glas Champagner. <strong>Wir haben es genossen<\/strong> &#8220; <\/em>.<\/p>\n\n\n\n<figure class=\"wp-block-image size-full\"><img loading=\"lazy\" decoding=\"async\" width=\"300\" height=\"300\" src=\"https:\/\/tourisme-en-champagne.com\/assets\/uploads\/2025\/06\/img-9889-1.jpg\" alt=\"\" class=\"wp-image-12323\" title=\"\"><\/figure>\n<\/div>\n<\/div>\n<\/div>\n<\/section>\n\n<section class=\"wp-block-group alignfull pattern-documentary-space has-base-background-color has-background has-global-padding is-content-justification-center is-layout-constrained wp-block-group-is-layout-constrained\" style=\"margin-top:var(--wp--preset--spacing--xx-large);padding-top:0;padding-bottom:0\">\n<div class=\"wp-block-columns is-layout-flex wp-container-core-columns-is-layout-fdcf44e1 wp-block-columns-is-layout-flex\">\n<div class=\"wp-block-column is-layout-flow wp-block-column-is-layout-flow\">\n<h2 class=\"wp-block-heading\"><strong>Das letzte Wort<\/strong><\/h2>\n\n\n\n<hr class=\"wp-block-separator has-text-color has-accent-3-color has-alpha-channel-opacity has-accent-3-background-color has-background\"\/>\n<\/div>\n<\/div>\n<\/section>\n\n<section class=\"wp-block-group alignfull pattern-citation has-middleground-background-color has-background has-global-padding is-layout-constrained wp-block-group-is-layout-constrained\" style=\"margin-top:var(--wp--preset--spacing--small);padding-top:var(--wp--preset--spacing--xx-large);padding-bottom:var(--wp--preset--spacing--xx-large)\">\n<div class=\"wp-block-columns is-layout-flex wp-container-core-columns-is-layout-fdcf44e1 wp-block-columns-is-layout-flex\">\n<div class=\"wp-block-column is-layout-flow wp-block-column-is-layout-flow\">\n<p class=\"wp-block-paragraph\"><strong><em><em>&#8222;Wir hatten eine tolle Zeit mit der Familie und sind stolz darauf, dass wir Vilma unser Gebiet auf diese Weise vorstellen konnten. Alle waren begeistert&#8230; und m\u00fcde!<\/em><\/em><\/strong><\/p>\n\n\n\n<p class=\"wp-block-paragraph\">Emmanuelle, Laurent, Jules &amp; Romane<\/p>\n<\/div>\n<\/div>\n<\/section>\n\n<section class=\"wp-block-group alignfull pattern-playlist-grid has-global-padding is-layout-constrained wp-block-group-is-layout-constrained\" style=\"padding-top:0;padding-bottom:0\">\n<h2 class=\"wp-block-heading has-text-align-center\"><strong>MEHR ENTDECKUNGEN<\/strong><\/h2>\n\n\n\n<hr class=\"wp-block-separator has-text-color has-accent-3-color has-alpha-channel-opacity has-accent-3-background-color has-background\"\/>\n\n\n\n<p class=\"has-text-align-center wp-block-paragraph\">Machen auch Sie diese Strecke und entdecken Sie die Marne!<\/p>\n\n\n\t\t\t<div class=\"fsgb-block-playlist playlist-grid is-style-grid\"  style=\"margin-top:var(--wp--preset--spacing--x-large);\">\n\t\t\t\t\n\t\t\t\n\t\t\t<div class=\"swiper swiperPlaylistGrid\">\n\n\t\t\t\t<div class=\"swiper-wrapper posts-count-1\">\n\t\t\t\t\t\t\t\t\t\t\t\t\t\t\t\t\t<div class=\"swiper-slide lonely-swiper-slide\">\n\t\t\t\t\t\t\t\n<article class=\"card card--activite stretched-link\" data-id=\"27799\" data-post-id-sync-map=\"27799\" >\n\t\n\t\t\n\t\t\t\t<div class=\"card__thumbnail has-middleground-background-color stack\">\n\t\t\t<img decoding=\"async\" width=\"2048\" src=\"https:\/\/cdt51.media.tourinsoft.eu\/upload\/-DSC1327.jpg\" class=\"attachment- size-\" alt=\"Champagne Cuillier P\u00e8re et Fils\" srcset=\"https:\/\/cdt51.media.tourinsoft.eu\/upload\/-DSC1327.jpg?width=400 400w, https:\/\/cdt51.media.tourinsoft.eu\/upload\/-DSC1327.jpg?width=640 640w, https:\/\/cdt51.media.tourinsoft.eu\/upload\/-DSC1327.jpg?width=768 768w, https:\/\/cdt51.media.tourinsoft.eu\/upload\/-DSC1327.jpg?width=1280 1280w, https:\/\/cdt51.media.tourinsoft.eu\/upload\/-DSC1327.jpg?width=1536&amp;height=1536 1536w, https:\/\/cdt51.media.tourinsoft.eu\/upload\/-DSC1327.jpg?width=2048&amp;height=2048 2048w\" sizes=\"(max-width: 2048px) 100vw, 2048px\" title=\"\">\t\t<\/div>\n\t\n\t\t<div class=\"card__content\">\n\t\t\t\n\t\t\t\t\t\t\t\t\t\n\t\t\t\t\t\t\t\t\t\n\t\t\t\t\t\t<h3 class=\"title wp-block-heading is-style-h3\">\n\t\t\t\t<a href=\"https:\/\/tourisme-en-champagne.com\/de\/activite\/champagne-cuillier-pere-et-fils\/\" target=\"_blank\">Champagne Cuillier P\u00e8re et Fils<\/a>\t\t\t\t\t\t\t<\/h3>\n\t\t\t\n\t\t\t\t\t\t\t\t\t\n\t\t\t\t\t\t<div class=\"underlined\"><\/div>\n\t\t\n\t\t\t\t\t\t\t\t\t\t<div class=\"location\">\n\t\t\t\t\tPouillon\t\t\t\t<\/div>\n\t\t\t\t\t\t\n\t\t\t\t\t\t\t\t\t\n\t\t\t\t\t\t\t\t\t\n\t\t\t\t\t\t\t\t\t\n\t\t\t\t\t\t\t\t\t\t<div class=\"descriptif\">Der Bauernhof der Familie Cuillier P\u00e8re &#038; Fils bietet eine Verkostung seiner Weine in seinem Kell&#8230;<\/div>\n\t\t\t\t\n\t\t\t\t\t\t\t\t\t\t\t\t\t\t\t\t\n\t\t\t\t\t\t\t\t\t\t<div class=\"wp-block-button\">\n\t\t\t\t\t<a class=\"wp-element-button rounded\" href=\"https:\/\/tourisme-en-champagne.com\/de\/activite\/champagne-cuillier-pere-et-fils\/\" target=\"_blank\"\n\t\t\t\t\t\taria-label=\"Mehr erfahren \u00fcber Champagne Cuillier P\u00e8re et Fils\">Mehr erfahren<\/a>\n\t\t\t\t<\/div>\n\t\t\t \n\t\t<\/div>\n\t\t\n\n\t\t<\/article>\n\n\t\t\t\t\t\t<\/div>\n\t\t\t\t\t\t\t\t\t\t\t\t\t\t<\/div>\n\t\t\t\t\n\t\t\t\t<div class=\"swiper-buttons\">\n\t\t\t\t\t<div class=\"swiper-button-prev\"><\/div>\n\t\t\t\t\t<div class=\"swiper-button-next\"><\/div>\n\t\t\t\t<\/div>\n\t\t\t<\/div>\n\t\t<\/div>\n\t\n<\/section>\n","protected":false},"excerpt":{"rendered":"<p>FAHRRADTAG ZWISCHEN POUILLON UND DEM MASSIF DE ST. THIERRY MIT DER FAMILIE GUINARD &#8211; #1 Entdecken Sie gemeinsam mit unseren Botschaftern die Region Marne! FAMILIENPORTRAIT Heute begleiten wir Emmanuelle und Laurent Guinard und ihre beiden Kinder, Jules, 18 Jahre und Romane, 16 Jahre. Unsere sportliche Familie lebt auf dem Land, wo sie ein einfaches Leben [&hellip;]<\/p>\n","protected":false},"author":2,"featured_media":12331,"parent":20964,"menu_order":0,"comment_status":"closed","ping_status":"closed","template":"templates\/experience.php","meta":{"_acf_changed":false,"footnotes":"","_links_to":"","_links_to_target":""},"class_list":["post-20290","page","type-page","status-publish","has-post-thumbnail","hentry"],"acf":[],"_links":{"self":[{"href":"https:\/\/tourisme-en-champagne.com\/de\/wp-json\/wp\/v2\/pages\/20290","targetHints":{"allow":["GET"]}}],"collection":[{"href":"https:\/\/tourisme-en-champagne.com\/de\/wp-json\/wp\/v2\/pages"}],"about":[{"href":"https:\/\/tourisme-en-champagne.com\/de\/wp-json\/wp\/v2\/types\/page"}],"author":[{"embeddable":true,"href":"https:\/\/tourisme-en-champagne.com\/de\/wp-json\/wp\/v2\/users\/2"}],"replies":[{"embeddable":true,"href":"https:\/\/tourisme-en-champagne.com\/de\/wp-json\/wp\/v2\/comments?post=20290"}],"version-history":[{"count":3,"href":"https:\/\/tourisme-en-champagne.com\/de\/wp-json\/wp\/v2\/pages\/20290\/revisions"}],"predecessor-version":[{"id":28679,"href":"https:\/\/tourisme-en-champagne.com\/de\/wp-json\/wp\/v2\/pages\/20290\/revisions\/28679"}],"up":[{"embeddable":true,"href":"https:\/\/tourisme-en-champagne.com\/de\/wp-json\/wp\/v2\/pages\/20964"}],"wp:featuredmedia":[{"embeddable":true,"href":"https:\/\/tourisme-en-champagne.com\/de\/wp-json\/wp\/v2\/media\/12331"}],"wp:attachment":[{"href":"https:\/\/tourisme-en-champagne.com\/de\/wp-json\/wp\/v2\/media?parent=20290"}],"curies":[{"name":"wp","href":"https:\/\/api.w.org\/{rel}","templated":true}]}}