{"id":20249,"date":"2025-07-01T09:22:06","date_gmt":"2025-07-01T07:22:06","guid":{"rendered":"https:\/\/tourisme-en-champagne.com\/charta-fuer-das-engagement-des-erl-freiwilligen\/"},"modified":"2025-11-28T16:27:06","modified_gmt":"2025-11-28T15:27:06","slug":"charta-fuer-das-engagement-des-erl-freiwilligen","status":"publish","type":"page","link":"https:\/\/tourisme-en-champagne.com\/de\/charta-fuer-das-engagement-des-erl-freiwilligen\/","title":{"rendered":"Charta f\u00fcr das Engagement des ERL-Freiwilligen"},"content":{"rendered":"\n<section class=\"wp-block-group alignfull pattern-text-50-media-50 has-global-padding is-layout-constrained wp-block-group-is-layout-constrained\">\n<div class=\"wp-block-columns is-layout-flex wp-container-core-columns-is-layout-63fbf5b9 wp-block-columns-is-layout-flex\">\n<div class=\"wp-block-column is-layout-flow wp-block-column-is-layout-flow\">\n<figure class=\"wp-block-image size-full\"><img loading=\"lazy\" decoding=\"async\" width=\"485\" height=\"485\" src=\"https:\/\/tourisme-en-champagne.com\/assets\/uploads\/2025\/07\/erl-2025-1200-x-1200-px-market-place.jpg\" alt=\"\" class=\"wp-image-12641\" title=\"\" srcset=\"https:\/\/tourisme-en-champagne.com\/assets\/uploads\/2025\/07\/erl-2025-1200-x-1200-px-market-place.jpg 485w, https:\/\/tourisme-en-champagne.com\/assets\/uploads\/2025\/07\/erl-2025-1200-x-1200-px-market-place-400x400.jpg 400w\" sizes=\"auto, (max-width: 485px) 100vw, 485px\" \/><\/figure>\n<\/div>\n\n\n\n<div class=\"wp-block-column is-layout-flow wp-block-column-is-layout-flow\">\n<h2 class=\"wp-block-heading\"><strong>Vielen Dank, dass Sie sich dem Abenteuer<br\/>En Rou(t)e Libre angeschlossen haben<\/strong>!<\/h2>\n\n\n\n<hr class=\"wp-block-separator has-text-color has-accent-1-color has-alpha-channel-opacity has-accent-1-background-color has-background\"\/>\n\n\n\n<p class=\"wp-block-paragraph\">Stellen Sie sich vor: autofreie Stra\u00dfen, auf denen sich Einwohner und Besucher zu Fu\u00df, mit dem Fahrrad, auf Inline-Skates oder sogar mit Seifenkisten frei bewegen k\u00f6nnen.<\/p>\n\n\n\n<p class=\"wp-block-paragraph\">Eine einzigartige Gelegenheit, unsere <strong>Landschaften<\/strong> zu bewundern, die <strong>Reicht\u00fcmer<\/strong> des Territoriums zu entdecken und die zahlreichen Animationen auf den verschiedenen festlichen Pl\u00e4tzen zu genie\u00dfen.<\/p>\n\n\n\n<p class=\"wp-block-paragraph\">Aber nichts davon w\u00e4re ohne Sie m\u00f6glich! <strong>Ihr Engagement ist wichtig und unerl\u00e4sslich<\/strong>, um diese Veranstaltung zu einem Erfolg zu machen.<\/p>\n\n\n\n<p class=\"wp-block-paragraph\"><strong>Sie sind der Grund daf\u00fcr, dass dieser au\u00dfergew\u00f6hnliche Tag stattfinden kann!<\/strong><\/p>\n<\/div>\n<\/div>\n<\/section>\n\n<section style=\"background-image:url(&apos;https:\/\/tourisme-en-champagne.com\/assets\/uploads\/2025\/07\/vallee-de-la-marne-le-fer-a-cheval-entre-damery-et-cumieres-c-les-droners.jpg&apos;);background-position:50% 50%;background-size:cover;background-attachment:scroll;\" class=\"wp-block-group alignfull pattern-text-50-right-background accent-1 has-base-color has-text-color has-link-color wp-elements-00792a577c49b5fe216ed83f20c1d20c has-global-padding is-layout-constrained wp-block-group-is-layout-constrained has-background\">\n<div class=\"wp-block-columns is-layout-flex wp-container-core-columns-is-layout-fdcf44e1 wp-block-columns-is-layout-flex\">\n<div class=\"wp-block-column is-layout-flow wp-block-column-is-layout-flow\"><\/div>\n\n\n\n<div class=\"wp-block-column is-layout-flow wp-block-column-is-layout-flow\">\n<h2 class=\"wp-block-heading\"><strong>Freiwilliger werden, ein gemeinsames Engagement!<\/strong><\/h2>\n\n\n\n<hr class=\"wp-block-separator has-text-color has-accent-1-color has-alpha-channel-opacity has-accent-1-background-color has-background\"\/>\n\n\n\n<h3 class=\"wp-block-heading has-accent-1-color has-text-color has-link-color wp-elements-dd4e46940b0b881051e4cde62d05e277\">Als Organisator verpflichtet sich ADT Marne<br\/>dazu, :<\/h3>\n\n\n\n<ul class=\"wp-block-list\">\n<li>Ihnen alle Informationen zur Verf\u00fcgung zu stellen, die Sie ben\u00f6tigen, um Ihre Aufgabe zu erf\u00fcllen.<\/li>\n\n\n\n<li>Organisieren Sie eine Videokonferenz, um die Aufgaben vorzustellen und Ihre Fragen zu beantworten.<\/li>\n\n\n\n<li>Sie erhalten ein Paket mit den f\u00fcr Ihre Rolle erforderlichen Werkzeugen.<\/li>\n\n\n\n<li>Ihnen ein Lunchpaket f\u00fcr den Tag anbieten<\/li>\n\n\n\n<li>Ihnen nach der Veranstaltung mit einem Geschenkgutschein im Wert von 50 \u20ac danken.<\/li>\n<\/ul>\n<\/div>\n<\/div>\n<\/section>\n\n<section class=\"wp-block-group alignfull pattern-text-80-media-20 accent-1 has-base-background-color has-background has-global-padding is-layout-constrained wp-block-group-is-layout-constrained\">\n<div class=\"wp-block-columns is-layout-flex wp-container-core-columns-is-layout-fdcf44e1 wp-block-columns-is-layout-flex\">\n<div class=\"wp-block-column is-layout-flow wp-block-column-is-layout-flow\" style=\"flex-basis:20%\">\n<figure data-wp-context=\"{&quot;imageId&quot;:&quot;6a9674f9c73cc&quot;}\" data-wp-interactive=\"core\/image\" data-wp-key=\"6a9674f9c73cc\" class=\"wp-block-image size-full wp-lightbox-container\"><img loading=\"lazy\" decoding=\"async\" width=\"170\" height=\"305\" data-wp-class--hide=\"state.isContentHidden\" data-wp-class--show=\"state.isContentVisible\" data-wp-init=\"callbacks.setButtonStyles\" data-wp-on--click=\"actions.showLightbox\" data-wp-on--load=\"callbacks.setButtonStyles\" data-wp-on--pointerdown=\"actions.preloadImage\" data-wp-on--pointerenter=\"actions.preloadImageWithDelay\" data-wp-on--pointerleave=\"actions.cancelPreload\" data-wp-on-window--resize=\"callbacks.setButtonStyles\" src=\"https:\/\/tourisme-en-champagne.com\/assets\/uploads\/2025\/07\/femme-bras-en-lair.png\" alt=\"\" class=\"wp-image-12646\" title=\"\"><button\n\t\t\tclass=\"lightbox-trigger\"\n\t\t\ttype=\"button\"\n\t\t\taria-haspopup=\"dialog\"\n\t\t\tdata-wp-bind--aria-label=\"state.thisImage.triggerButtonAriaLabel\"\n\t\t\tdata-wp-init=\"callbacks.initTriggerButton\"\n\t\t\tdata-wp-on--click=\"actions.showLightbox\"\n\t\t\tdata-wp-style--right=\"state.thisImage.buttonRight\"\n\t\t\tdata-wp-style--top=\"state.thisImage.buttonTop\"\n\t\t>\n\t\t\t<svg xmlns=\"http:\/\/www.w3.org\/2000\/svg\" width=\"12\" height=\"12\" fill=\"none\" viewBox=\"0 0 12 12\">\n\t\t\t\t<path fill=\"#fff\" d=\"M2 0a2 2 0 0 0-2 2v2h1.5V2a.5.5 0 0 1 .5-.5h2V0H2Zm2 10.5H2a.5.5 0 0 1-.5-.5V8H0v2a2 2 0 0 0 2 2h2v-1.5ZM8 12v-1.5h2a.5.5 0 0 0 .5-.5V8H12v2a2 2 0 0 1-2 2H8Zm2-12a2 2 0 0 1 2 2v2h-1.5V2a.5.5 0 0 0-.5-.5H8V0h2Z\" \/>\n\t\t\t<\/svg>\n\t\t<\/button><\/figure>\n<\/div>\n\n\n\n<div class=\"wp-block-column is-layout-flow wp-block-column-is-layout-flow\" style=\"flex-basis:80%\">\n<h3 class=\"wp-block-heading has-accent-1-color has-text-color has-link-color wp-elements-2fec06934606552e748293802807aa37\">Als Freiwilliger, <br\/>verpflichte ich mich zu :<\/h3>\n\n\n\n<ul class=\"wp-block-list\">\n<li>Meine Aufgabe mit Ernsthaftigkeit und Effizienz erf\u00fcllen<\/li>\n\n\n\n<li>Befolgen Sie die Anweisungen f\u00fcr die ordnungsgem\u00e4\u00dfe Verwaltung meines Postens.<\/li>\n\n\n\n<li>zu den angegebenen Zeiten an meinem Arbeitsplatz anwesend zu sein und jede Nichtverf\u00fcgbarkeit so schnell wie m\u00f6glich zu melden<\/li>\n\n\n\n<li>Meinen Arbeitsplatz nicht unbeaufsichtigt lassen und sicherstellen, dass ein Partner da ist, wenn ich weg muss (schnelle Pause).<\/li>\n\n\n\n<li>Die Dauer meiner Abwesenheiten begrenzen<\/li>\n<\/ul>\n\n\n\n<p class=\"wp-block-paragraph\"><strong>Lassen Sie uns gemeinsam diese Veranstaltung zu einem Erfolg machen!<\/strong><\/p>\n<\/div>\n<\/div>\n<\/section>\n\n<section class=\"wp-block-group alignfull pattern-playlist-document has-middleground-background-color has-background has-global-padding is-content-justification-center is-layout-constrained wp-block-group-is-layout-constrained\">\n<div class=\"wp-block-columns is-layout-flex wp-container-core-columns-is-layout-fdcf44e1 wp-block-columns-is-layout-flex\">\n<div class=\"wp-block-column is-layout-flow wp-block-column-is-layout-flow\">\n<h2 class=\"wp-block-heading has-text-align-left\"><strong>M\u00f6chten Sie Ihre Unterst\u00fctzung teilen und zeigen?<\/strong><\/h2>\n\n\n\n<hr class=\"wp-block-separator has-text-color has-accent-1-color has-alpha-channel-opacity has-accent-1-background-color has-background\"\/>\n\n\n\t\t\t<div class=\"fsgb-block-playlist playlist-documentary is-style-documentary\"  >\n\t\t\t\t\t\t\n\t\t\t\t\t\t\t\t\t\t\t\t<article class=\"card card--document\">\n\t\t<div class=\"card__thumbnail has-accent-1-background-color stack\">\n\t\t\t\t\t\t<img loading=\"lazy\" decoding=\"async\" width=\"400\" height=\"181\" src=\"https:\/\/tourisme-en-champagne.com\/assets\/uploads\/2025\/07\/binson-orquigny-randonneecc-beudot-coll-adt-marne-5-1-0-400x181.jpg\" class=\"attachment-thumbnail size-thumbnail\" alt=\"\" srcset=\"https:\/\/tourisme-en-champagne.com\/assets\/uploads\/2025\/07\/binson-orquigny-randonneecc-beudot-coll-adt-marne-5-1-0-400x181.jpg 400w, https:\/\/tourisme-en-champagne.com\/assets\/uploads\/2025\/07\/binson-orquigny-randonneecc-beudot-coll-adt-marne-5-1-0-640x290.jpg 640w, https:\/\/tourisme-en-champagne.com\/assets\/uploads\/2025\/07\/binson-orquigny-randonneecc-beudot-coll-adt-marne-5-1-0-1280x580.jpg 1280w, https:\/\/tourisme-en-champagne.com\/assets\/uploads\/2025\/07\/binson-orquigny-randonneecc-beudot-coll-adt-marne-5-1-0-768x348.jpg 768w, https:\/\/tourisme-en-champagne.com\/assets\/uploads\/2025\/07\/binson-orquigny-randonneecc-beudot-coll-adt-marne-5-1-0-1536x696.jpg 1536w, https:\/\/tourisme-en-champagne.com\/assets\/uploads\/2025\/07\/binson-orquigny-randonneecc-beudot-coll-adt-marne-5-1-0.jpg 1920w\" sizes=\"auto, (max-width: 400px) 100vw, 400px\" title=\"\">\t\t<\/div>\n\n\t\t<div class=\"card__content\">\n\t\t\t\t\t\t\t\t\t\t<h3 class=\"title wp-block-heading is-style-h3\">\n\t\t\t\t\tEn rou(t)e libre &#8211; Communiqu\u00e9 presse\t\t\t\t<\/h3>\n\t\t\t\n\t\t\t<div class=\"has-accent-1-color\">\n\t\t\t\t\t\t\t\t<time datetime=\"2025-07-03\">03\/07\/2025<\/time>\n\n\t\t\t\t\t\t\t\t\t\t\t<\/div>\n\n\t\t\t\t\t\t\t\t\t\t<a href=\"https:\/\/tourisme-en-champagne.com\/assets\/uploads\/2025\/07\/cp-en-route-libre-0.pdf\" target=\"_blank\">\n\t\t\t\t\t<svg class=\"icon icon-download has-accent-3-color\" aria-hidden=\"true\">\n\t\t\t\t\t\t<use href=\"https:\/\/tourisme-en-champagne.com\/assets\/themes\/faire-savoir\/icons\/sprite.svg#download\"><\/use>\n\t\t\t\t\t<\/svg>\n\n\t\t\t\t\tDokument herunterladen\n\t\t\t\t\t<b>(264,4 KB)<\/b>\n\t\t\t\t<\/a>\n\t\t\t\t\t<\/div>\n\t<\/article>\n\t\t\t\t\t\t\t\t\t\t\t\t<article class=\"card card--document\">\n\t\t<div class=\"card__thumbnail has-accent-1-background-color stack\">\n\t\t\t\t\t\t<img loading=\"lazy\" decoding=\"async\" width=\"400\" height=\"181\" src=\"https:\/\/tourisme-en-champagne.com\/assets\/uploads\/2025\/07\/binson-orquigny-randonneecc-beudot-coll-adt-marne-5-1-0-400x181.jpg\" class=\"attachment-thumbnail size-thumbnail\" alt=\"\" srcset=\"https:\/\/tourisme-en-champagne.com\/assets\/uploads\/2025\/07\/binson-orquigny-randonneecc-beudot-coll-adt-marne-5-1-0-400x181.jpg 400w, https:\/\/tourisme-en-champagne.com\/assets\/uploads\/2025\/07\/binson-orquigny-randonneecc-beudot-coll-adt-marne-5-1-0-640x290.jpg 640w, https:\/\/tourisme-en-champagne.com\/assets\/uploads\/2025\/07\/binson-orquigny-randonneecc-beudot-coll-adt-marne-5-1-0-1280x580.jpg 1280w, https:\/\/tourisme-en-champagne.com\/assets\/uploads\/2025\/07\/binson-orquigny-randonneecc-beudot-coll-adt-marne-5-1-0-768x348.jpg 768w, https:\/\/tourisme-en-champagne.com\/assets\/uploads\/2025\/07\/binson-orquigny-randonneecc-beudot-coll-adt-marne-5-1-0-1536x696.jpg 1536w, https:\/\/tourisme-en-champagne.com\/assets\/uploads\/2025\/07\/binson-orquigny-randonneecc-beudot-coll-adt-marne-5-1-0.jpg 1920w\" sizes=\"auto, (max-width: 400px) 100vw, 400px\" title=\"\">\t\t<\/div>\n\n\t\t<div class=\"card__content\">\n\t\t\t\t\t\t\t\t\t\t<h3 class=\"title wp-block-heading is-style-h3\">\n\t\t\t\t\tEn rou(t)e libre &#8211; Communiqu\u00e9 presse\t\t\t\t<\/h3>\n\t\t\t\n\t\t\t<div class=\"has-accent-1-color\">\n\t\t\t\t\t\t\t\t<time datetime=\"2025-07-03\">03\/07\/2025<\/time>\n\n\t\t\t\t\t\t\t\t\t\t\t<\/div>\n\n\t\t\t\t\t\t\t\t\t\t<a href=\"https:\/\/tourisme-en-champagne.com\/assets\/uploads\/2025\/07\/cp-en-route-libre-0.pdf\" target=\"_blank\">\n\t\t\t\t\t<svg class=\"icon icon-download has-accent-3-color\" aria-hidden=\"true\">\n\t\t\t\t\t\t<use href=\"https:\/\/tourisme-en-champagne.com\/assets\/themes\/faire-savoir\/icons\/sprite.svg#download\"><\/use>\n\t\t\t\t\t<\/svg>\n\n\t\t\t\t\tDokument herunterladen\n\t\t\t\t\t<b>(264,4 KB)<\/b>\n\t\t\t\t<\/a>\n\t\t\t\t\t<\/div>\n\t<\/article>\n\t\t\t\t\t\t\t\t\t\n\t\t<\/div>\n\t\n\n\n\n<div class=\"wp-block-buttons is-content-justification-center is-layout-flex wp-container-core-buttons-is-layout-86e575ac wp-block-buttons-is-layout-flex\">\n<div class=\"wp-block-button\"><a class=\"wp-block-button__link wp-element-button\" href=\"https:\/\/tourisme-en-champagne.com\/de\/dokumentationsbereich\/\" target=\"_blank\" rel=\"noreferrer noopener\">Gesamtes Set ansehen<\/a><\/div>\n<\/div>\n<\/div>\n<\/div>\n<\/section>\n","protected":false},"excerpt":{"rendered":"<p>Vielen Dank, dass Sie sich dem AbenteuerEn Rou(t)e Libre angeschlossen haben! Stellen Sie sich vor: autofreie Stra\u00dfen, auf denen sich Einwohner und Besucher zu Fu\u00df, mit dem Fahrrad, auf Inline-Skates oder sogar mit Seifenkisten frei bewegen k\u00f6nnen. Eine einzigartige Gelegenheit, unsere Landschaften zu bewundern, die Reicht\u00fcmer des Territoriums zu entdecken und die zahlreichen Animationen auf [&hellip;]<\/p>\n","protected":false},"author":2,"featured_media":0,"parent":0,"menu_order":0,"comment_status":"closed","ping_status":"closed","template":"templates\/editorial-content.php","meta":{"_acf_changed":false,"footnotes":"","_links_to":"","_links_to_target":""},"class_list":["post-20249","page","type-page","status-publish","hentry"],"acf":[],"_links":{"self":[{"href":"https:\/\/tourisme-en-champagne.com\/de\/wp-json\/wp\/v2\/pages\/20249","targetHints":{"allow":["GET"]}}],"collection":[{"href":"https:\/\/tourisme-en-champagne.com\/de\/wp-json\/wp\/v2\/pages"}],"about":[{"href":"https:\/\/tourisme-en-champagne.com\/de\/wp-json\/wp\/v2\/types\/page"}],"author":[{"embeddable":true,"href":"https:\/\/tourisme-en-champagne.com\/de\/wp-json\/wp\/v2\/users\/2"}],"replies":[{"embeddable":true,"href":"https:\/\/tourisme-en-champagne.com\/de\/wp-json\/wp\/v2\/comments?post=20249"}],"version-history":[{"count":3,"href":"https:\/\/tourisme-en-champagne.com\/de\/wp-json\/wp\/v2\/pages\/20249\/revisions"}],"predecessor-version":[{"id":21447,"href":"https:\/\/tourisme-en-champagne.com\/de\/wp-json\/wp\/v2\/pages\/20249\/revisions\/21447"}],"wp:attachment":[{"href":"https:\/\/tourisme-en-champagne.com\/de\/wp-json\/wp\/v2\/media?parent=20249"}],"curies":[{"name":"wp","href":"https:\/\/api.w.org\/{rel}","templated":true}]}}