{"id":20238,"date":"2025-07-01T10:09:22","date_gmt":"2025-07-01T08:09:22","guid":{"rendered":"https:\/\/tourisme-en-champagne.com\/die-berge-von-reims\/"},"modified":"2025-11-27T16:02:11","modified_gmt":"2025-11-27T15:02:11","slug":"die-berge-von-reims","status":"publish","type":"page","link":"https:\/\/tourisme-en-champagne.com\/de\/alles-ueber-champagner\/vignobles-decouvertes\/die-berge-von-reims\/","title":{"rendered":"Die Berge von Reims"},"content":{"rendered":"\n<section class=\"wp-block-group alignfull pattern-text-50-media-50 has-global-padding is-layout-constrained wp-block-group-is-layout-constrained\">\n<div class=\"wp-block-columns is-layout-flex wp-container-core-columns-is-layout-63fbf5b9 wp-block-columns-is-layout-flex\">\n<div class=\"wp-block-column is-layout-flow wp-block-column-is-layout-flow\">\n<h2 class=\"wp-block-heading\"><strong>CHAMPAGNER, NATUR UND KULTURERBE<\/strong><\/h2>\n\n\n\n<hr class=\"wp-block-separator has-text-color has-accent-1-color has-alpha-channel-opacity has-accent-1-background-color has-background\"\/>\n\n\n\n<h3 class=\"wp-block-heading has-accent-1-color has-text-color has-link-color wp-elements-565fac5f554327e2daeb5c91014fa2e6\">Treffen mit der UNESCO<\/h3>\n\n\n\n<p class=\"wp-block-paragraph\">Hier erstrecken sich die Weinberge der Montagne de Reims zwischen dem Waldmassiv des Parc Naturel R\u00e9gional de la Montagne de Reims und der landwirtschaftlich genutzten Ebene.  <\/p>\n\n\n\n<p class=\"wp-block-paragraph\">Diese Region weist Mikroklimata auf, die es erm\u00f6glichen, die drei in der Champagne zugelassenen Rebsorten anzubauen und eine breite Palette von Weinen mit unterschiedlichen Merkmalen anzubieten, was auf die Arbeit der Erzeuger beim Zusammenstellen und Altern der Weine zur\u00fcckzuf\u00fchren ist.<\/p>\n\n\n\n<p class=\"wp-block-paragraph\">Etwa 30 Kellereien und H\u00e4user, die das Label <strong>&#8222;Vignobles &amp; D\u00e9couvertes&#8220; <\/strong>tragen, \u00f6ffnen ihre T\u00fcren und enth\u00fcllen Ihnen die Geheimnisse ihrer Champagner w\u00e4hrend einer Verkostung und\/oder eines Besuchs ihres Betriebs.<\/p>\n\n\n\n<div class=\"wp-block-buttons is-layout-flex wp-block-buttons-is-layout-flex\">\n<div class=\"wp-block-button\"><a class=\"wp-block-button__link has-base-color has-accent-1-background-color has-text-color has-background has-link-color wp-element-button\">die V&amp;D-Siegel<\/a><\/div>\n<\/div>\n<\/div>\n\n\n\n<div class=\"wp-block-column is-layout-flow wp-block-column-is-layout-flow\">\n<figure class=\"wp-block-image size-full\"><img loading=\"lazy\" decoding=\"async\" width=\"485\" height=\"550\" src=\"https:\/\/tourisme-en-champagne.com\/assets\/uploads\/2025\/07\/jouylesreims.jpeg\" alt=\"\" class=\"wp-image-12737\" title=\"\" srcset=\"https:\/\/tourisme-en-champagne.com\/assets\/uploads\/2025\/07\/jouylesreims.jpeg 485w, https:\/\/tourisme-en-champagne.com\/assets\/uploads\/2025\/07\/jouylesreims-400x454.jpeg 400w\" sizes=\"auto, (max-width: 485px) 100vw, 485px\" \/><\/figure>\n<\/div>\n<\/div>\n<\/section>\n\n<section class=\"wp-block-group alignfull pattern-text-100 has-base-background-color has-background has-global-padding is-layout-constrained wp-block-group-is-layout-constrained\">\n<div class=\"wp-block-columns is-layout-flex wp-container-core-columns-is-layout-63fbf5b9 wp-block-columns-is-layout-flex\">\n<div class=\"wp-block-column is-layout-flow wp-block-column-is-layout-flow\">\n<p class=\"patterns-underline wp-block-paragraph\">Die <strong>Route der touristischen Champagnerroute<\/strong> beginnt in Reims, wo Sie das bemerkenswerte architektonische und kulturelle Erbe bewundern und das pulsierende Leben im Stadtzentrum genie\u00dfen k\u00f6nnen.<\/p>\n\n\n\n<p class=\"wp-block-paragraph\">Auf den Anh\u00f6hen von Reims ist der Besuch einer der Champagnerkeller auf dem H\u00fcgel Saint-Nicaise, der zum UNESCO-Weltkulturerbe geh\u00f6rt, ein Muss.<\/p>\n\n\n\n<p class=\"patterns-underline wp-block-paragraph\">Anschlie\u00dfend fahren Sie durch die andere, geheime und intime Champagne, mit einem ersten Halt in Gueux und den ersten Weinbergen in Vrigny. Ihr Weg f\u00fchrt Sie weiter nach Epernay. <\/p>\n\n\n\n<div class=\"wp-block-buttons is-layout-flex wp-block-buttons-is-layout-flex\">\n<div class=\"wp-block-button\"><a class=\"wp-block-button__link has-base-color has-accent-1-background-color has-text-color has-background has-link-color wp-element-button\" href=\"https:\/\/www.cirkwi.com\/fr\/circuit\/59605-route-touristique-du-champagne-montagne-de-reims\" target=\"_blank\" rel=\"noreferrer noopener\">Siehe de route<\/a><\/div>\n<\/div>\n<\/div>\n<\/div>\n<\/section>\n\n<section class=\"wp-block-group alignfull pattern-text-50-media-50 has-global-padding is-layout-constrained wp-block-group-is-layout-constrained\">\n<div class=\"wp-block-columns is-layout-flex wp-container-core-columns-is-layout-63fbf5b9 wp-block-columns-is-layout-flex\">\n<div class=\"wp-block-column is-layout-flow wp-block-column-is-layout-flow\">\n<h2 class=\"wp-block-heading\"><strong>Auf dem Weg zu sehen  <\/strong><\/h2>\n\n\n\n<hr class=\"wp-block-separator has-text-color has-accent-1-color has-alpha-channel-opacity has-accent-1-background-color has-background\"\/>\n\n\n\n<ol class=\"wp-block-list has-grey-color has-text-color has-link-color wp-elements-72f764847c5852336043b0ef2bb5f918\">\n<li>UNESCO-Welterbest\u00e4tten: Kathedrale von Reims, Museum und Abtei Saint Remi, Palais du Tau,<\/li>\n\n\n\n<li>Die Champagnerh\u00e4user von Reims und ihre kilometerlangen, in Kreide gegrabenen Keller,<\/li>\n\n\n\n<li>Das Haus Fossier und seine unumg\u00e4nglichen &#8222;rosa Kekse&#8220;.<\/li>\n\n\n\n<li>Der Regionale Naturpark Montagne de Reims und die Faux de Verzy<\/li>\n\n\n\n<li>Der Leuchtturm von Verzenay<\/li>\n\n\n\n<li>Fort de la Pompelle<\/li>\n<\/ol>\n<\/div>\n\n\n\n<div class=\"wp-block-column is-layout-flow wp-block-column-is-layout-flow\">\n<figure class=\"wp-block-image size-full\"><img loading=\"lazy\" decoding=\"async\" width=\"485\" height=\"500\" src=\"https:\/\/tourisme-en-champagne.com\/assets\/uploads\/2025\/07\/champagne-vranken-pommery-reimscchampagne-vranken-pommery-0.jpg\" alt=\"\" class=\"wp-image-12732\" title=\"\" srcset=\"https:\/\/tourisme-en-champagne.com\/assets\/uploads\/2025\/07\/champagne-vranken-pommery-reimscchampagne-vranken-pommery-0.jpg 485w, https:\/\/tourisme-en-champagne.com\/assets\/uploads\/2025\/07\/champagne-vranken-pommery-reimscchampagne-vranken-pommery-0-400x412.jpg 400w\" sizes=\"auto, (max-width: 485px) 100vw, 485px\" \/><\/figure>\n<\/div>\n<\/div>\n<\/section>\n\n<section class=\"wp-block-group alignfull pattern-text-50-media-50-full has-middleground-background-color has-background has-global-padding is-content-justification-center is-layout-constrained wp-block-group-is-layout-constrained\">\n<div class=\"wp-block-columns alignfull are-vertically-aligned-center is-layout-flex wp-container-core-columns-is-layout-addd0515 wp-block-columns-is-layout-flex\">\n<div class=\"wp-block-column is-vertically-aligned-center col-media is-layout-flow wp-block-column-is-layout-flow\" style=\"flex-basis:50%\">\n<figure class=\"wp-block-embed is-type-video is-provider-youtube wp-block-embed-youtube wp-embed-aspect-16-9 wp-has-aspect-ratio\"><div class=\"wp-block-embed__wrapper\">\n<iframe loading=\"lazy\" title=\"Vid\u00e9o pour le phare de verzenay\" width=\"500\" height=\"281\" src=\"https:\/\/www.youtube.com\/embed\/AViixDbOPas?feature=oembed\" frameborder=\"0\" allow=\"accelerometer; autoplay; clipboard-write; encrypted-media; gyroscope; picture-in-picture; web-share\" referrerpolicy=\"strict-origin-when-cross-origin\" allowfullscreen><\/iframe>\n<\/div><\/figure>\n<\/div>\n\n\n\n<div class=\"wp-block-column is-vertically-aligned-center col-content is-layout-flow wp-block-column-is-layout-flow\" style=\"flex-basis:50%\">\n<h2 class=\"wp-block-heading\"><strong>Ein Leuchtturm in einem Meer von Weinbergen<\/strong><\/h2>\n\n\n\n<hr class=\"wp-block-separator has-text-color has-accent-1-color has-alpha-channel-opacity has-accent-1-background-color has-background\"\/>\n\n\n\n<p class=\"wp-block-paragraph\">M\u00fchlen sind noch in Ordnung, aber wie kommt man auf die Idee, einen Leuchtturm inmitten der Weinberge von Verzenay zu bauen? Es war das Champagnerhaus J. Goulet, das 1909 dieses &#8222;Werbegadget&#8220; bauen lie\u00df, dessen Leuchtpinsel bis nach Reims reichte. Hier konnte man sich am\u00fcsieren, da es damals eine Guinguette gab&#8230;  <\/p>\n\n\n\n<p class=\"wp-block-paragraph\">Der Leuchtturm von Verzenay ist heute ein Weinbaumuseum und l\u00e4dt Sie ein, die faszinierende Welt des Weinbaus in der Champagne auf einem anderthalbst\u00fcndigen Museumsrundgang zu erkunden. Sie k\u00f6nnen auch einen au\u00dfergew\u00f6hnlichen Blick auf die prestigetr\u00e4chtigen H\u00e4nge der Montagne de Reims genie\u00dfen, entweder abends im Panoramagarten oder bei einem ungew\u00f6hnlichen Aufstieg in 25 Meter H\u00f6he&#8230;. <\/p>\n\n\n\n<p class=\"wp-block-paragraph\">Am Ende des Besuchs k\u00f6nnen Sie, wie es sich f\u00fcr die Champagne geh\u00f6rt, eine Auswahl von Winzerchampagnern in der Verkostungszone entdecken.<\/p>\n<\/div>\n<\/div>\n<\/section>\n\n<section class=\"wp-block-group alignfull pattern-citation has-middleground-background-color has-background has-global-padding is-layout-constrained wp-block-group-is-layout-constrained\" style=\"padding-top:var(--wp--preset--spacing--xx-large);padding-bottom:var(--wp--preset--spacing--xx-large)\">\n<div class=\"wp-block-columns is-layout-flex wp-container-core-columns-is-layout-fdcf44e1 wp-block-columns-is-layout-flex\">\n<div class=\"wp-block-column is-layout-flow wp-block-column-is-layout-flow\">\n<h2 class=\"wp-block-heading\"><strong>ICH TRINKE NUR ZU ZWEI GELEGENHEITEN CHAMPAGNER. WENN ICH VERLIEBT BIN UND WENN ICH NICHT VERLIEBT BIN. <\/strong><\/h2>\n\n\n\n<hr class=\"wp-block-separator has-text-color has-grey-color has-alpha-channel-opacity has-grey-background-color has-background\"\/>\n\n\n\n<blockquote class=\"wp-block-quote is-layout-flow wp-block-quote-is-layout-flow\">\n<p class=\"wp-block-paragraph\"><em>Coco Chanel<\/em><\/p>\n<\/blockquote>\n<\/div>\n<\/div>\n<\/section>\n\n<section style=\"background-image:url(&apos;https:\/\/tourisme-en-champagne.com\/assets\/uploads\/2025\/07\/bouteilles-champagnecegoulet-colladt-marne.jpg&apos;);background-position:50% 50%;background-size:cover;background-attachment:scroll;\" class=\"wp-block-group alignfull pattern-text-50-left-background has-base-color has-text-color has-link-color wp-elements-b25daf5f66eef0027bdb9f0db140c245 has-global-padding is-layout-constrained wp-block-group-is-layout-constrained has-background\">\n<div class=\"wp-block-columns is-layout-flex wp-container-core-columns-is-layout-fdcf44e1 wp-block-columns-is-layout-flex\">\n<div class=\"wp-block-column is-layout-flow wp-block-column-is-layout-flow\">\n<h2 class=\"wp-block-heading\"><strong>QUIZ<\/strong><\/h2>\n\n\n\n<hr class=\"wp-block-separator has-text-color has-base-color has-alpha-channel-opacity has-base-background-color has-background\"\/>\n\n\n\n<h3 class=\"wp-block-heading\">WAS BEDEUTET DEGORGIEREN IN CHAMPAGNER?<\/h3>\n\n\n\n<ol class=\"wp-block-list\">\n<li>Die Fraktionierung des Saftes am Ausgang der Presse<\/li>\n\n\n\n<li>R\u00e4umung der Depots  <\/li>\n\n\n\n<li>Die Zugabe der Dosierungsfl\u00fcssigkeit<\/li>\n<\/ol>\n\n\n\n<h4 class=\"wp-block-heading\">Antwort<\/h4>\n\n\n\n<p class=\"wp-block-paragraph\"><em>Dies ist der Vorgang, bei dem die Flasche ge\u00f6ffnet wird, um den Bodensatz, der aus toten Hefen besteht, herauszudr\u00fccken.  <\/em><\/p>\n\n\n\n<p class=\"wp-block-paragraph\"><em>Es wird durch Gefrieren des Halses erreicht: Die Flaschen stehen nach dem R\u00fctteln auf der Spitze (mit dem Kopf nach unten). Der Flaschenhals wird in eine L\u00f6sung bei -25\u00b0C getaucht, die das Depot gefriert. Dann wird die Flasche umgedreht und die Kapsel entfernt. Durch den Druck (6 bar in der Flasche) wird der Eisw\u00fcrfel herausgedr\u00fcckt.   <\/em><\/p>\n<\/div>\n\n\n\n<div class=\"wp-block-column is-layout-flow wp-block-column-is-layout-flow\"><\/div>\n<\/div>\n<\/section>\n\n<section class=\"wp-block-group alignfull pattern-text-100 has-middleground-background-color has-background has-global-padding is-layout-constrained wp-block-group-is-layout-constrained\">\n<div class=\"wp-block-columns is-layout-flex wp-container-core-columns-is-layout-63fbf5b9 wp-block-columns-is-layout-flex\">\n<div class=\"wp-block-column is-layout-flow wp-block-column-is-layout-flow\">\n<h2 class=\"wp-block-heading\"><strong>IHRE KONTAKTE<\/strong><\/h2>\n\n\n\n<hr class=\"wp-block-separator has-text-color has-grey-color has-alpha-channel-opacity has-grey-background-color has-background\"\/>\n\n\n\n<ul class=\"wp-block-list has-grey-color has-text-color has-link-color wp-elements-bd61346c95fa3317e00f4ef9238ec377\">\n<li>OFFICE DE TOURISME DU GRAND REIMS &#8211; 6 RUE ROCKFELLER &#8211; 51100 REIMS &#8211; 03 26 77 45 00 &#8211; <a href=\"http:\/\/www.reims-tourisme.com\/\" target=\"_blank\" rel=\"noreferrer noopener\">WWW.REIMS-TOURISME.COM<\/a><\/li>\n\n\n\n<li>EMPFANGSB\u00dcRO IN FISMES &#8211; 28 RUE REN\u00c9 LETILLY &#8211; 51170 FISMES &#8211; 03 26 48 81 28<\/li>\n<\/ul>\n<\/div>\n<\/div>\n<\/section>\n\n<section class=\"wp-block-group alignfull pattern-playlist-grid has-global-padding is-layout-constrained wp-block-group-is-layout-constrained\">\n<h2 class=\"wp-block-heading has-text-align-center\"><strong>Auswahl an Ausfl\u00fcgen<\/strong><\/h2>\n\n\n\n<hr class=\"wp-block-separator has-text-color has-accent-3-color has-alpha-channel-opacity has-accent-3-background-color has-background\"\/>\n\n\n\n<p class=\"has-text-align-center wp-block-paragraph\">Hier finden Sie einige unserer Ideen f\u00fcr Spazierg\u00e4nge in der Montagne de Reims im Detail!<\/p>\n\n\n\t\t\t<div class=\"fsgb-block-playlist playlist-grid is-style-grid\"  style=\"margin-top:var(--wp--preset--spacing--x-large);\">\n\t\t\t\t\n\t\t\t\n\t\t\t<div class=\"swiper swiperPlaylistGrid\">\n\n\t\t\t\t<div class=\"swiper-wrapper posts-count-3\">\n\t\t\t\t\t\t\t\t\t\t\t\t\t\t\t\t\t<div class=\"swiper-slide \">\n\t\t\t\t\t\t\t\n<article class=\"card card--activite stretched-link\" data-id=\"28387\" data-post-id-sync-map=\"28387\" >\n\t\n\t\t\n\t\t\t\t<div class=\"card__thumbnail has-middleground-background-color stack\">\n\t\t\t<img decoding=\"async\" width=\"2048\" src=\"https:\/\/cdt51.media.tourinsoft.eu\/upload\/Villa-Demoiselle-Reims.jpg\" class=\"attachment- size-\" alt=\"Villa Demoiselle\" srcset=\"https:\/\/cdt51.media.tourinsoft.eu\/upload\/Villa-Demoiselle-Reims.jpg?width=400 400w, https:\/\/cdt51.media.tourinsoft.eu\/upload\/Villa-Demoiselle-Reims.jpg?width=640 640w, https:\/\/cdt51.media.tourinsoft.eu\/upload\/Villa-Demoiselle-Reims.jpg?width=768 768w, https:\/\/cdt51.media.tourinsoft.eu\/upload\/Villa-Demoiselle-Reims.jpg?width=1280 1280w, https:\/\/cdt51.media.tourinsoft.eu\/upload\/Villa-Demoiselle-Reims.jpg?width=1536&amp;height=1536 1536w, https:\/\/cdt51.media.tourinsoft.eu\/upload\/Villa-Demoiselle-Reims.jpg?width=2048&amp;height=2048 2048w\" sizes=\"(max-width: 2048px) 100vw, 2048px\" title=\"\">\t\t<\/div>\n\t\n\t\t<div class=\"card__content\">\n\t\t\t\n\t\t\t\t\t\t\t\t\t\n\t\t\t\t\t\t\t\t\t\n\t\t\t\t\t\t<h3 class=\"title wp-block-heading is-style-h3\">\n\t\t\t\t<a href=\"https:\/\/tourisme-en-champagne.com\/de\/activite\/villa-demoiselle\/\" target=\"_blank\">Villa Demoiselle<\/a>\t\t\t\t\t\t\t<\/h3>\n\t\t\t\n\t\t\t\t\t\t\t\t\t\n\t\t\t\t\t\t<div class=\"underlined\"><\/div>\n\t\t\n\t\t\t\t\t\t\t\t\t\t<div class=\"location\">\n\t\t\t\t\tReims\t\t\t\t<\/div>\n\t\t\t\t\t\t\n\t\t\t\t\t\t\t\t\t\n\t\t\t\t\t\t\t\t\t\n\t\t\t\t\t\t\t\t\t\n\t\t\t\t\t\t\t\t\t\t<div class=\"descriptif\">Die Villa Demoiselle, architektonisches Wahrzeichen der Stadt von Reims, ist das Flaggschiff der &#8230;<\/div>\n\t\t\t\t\n\t\t\t\t\t\t\t\t\t\t\t\t\t\t\t\t\n\t\t\t\t\t\t\t\t\t\t<div class=\"wp-block-button\">\n\t\t\t\t\t<a class=\"wp-element-button rounded\" href=\"https:\/\/tourisme-en-champagne.com\/de\/activite\/villa-demoiselle\/\" target=\"_blank\" aria-label=\"Mehr erfahren \u00fcber Villa Demoiselle\">Mehr erfahren<\/a>\n\t\t\t\t<\/div>\n\t\t\t \n\t\t<\/div>\n\t\t\n\n\t\t<\/article>\n\n\t\t\t\t\t\t<\/div>\n\t\t\t\t\t\t\t\t\t\t\t\t\t\t\t\t\t<div class=\"swiper-slide \">\n\t\t\t\t\t\t\t\n<article class=\"card card--activite stretched-link\" data-id=\"28323\" data-post-id-sync-map=\"28323\" >\n\t\n\t\t\n\t\t\t\t<div class=\"card__thumbnail has-middleground-background-color stack\">\n\t\t\t<img decoding=\"async\" width=\"2048\" src=\"https:\/\/cdt51.media.tourinsoft.eu\/upload\/Fort-de-La-Pompelle--10----Clement-Richez-OTAR.JPG\" class=\"attachment- size-\" alt=\"Mus\u00e9e du Fort de la Pompelle\" srcset=\"https:\/\/cdt51.media.tourinsoft.eu\/upload\/Fort-de-La-Pompelle--10----Clement-Richez-OTAR.JPG?width=400 400w, https:\/\/cdt51.media.tourinsoft.eu\/upload\/Fort-de-La-Pompelle--10----Clement-Richez-OTAR.JPG?width=640 640w, https:\/\/cdt51.media.tourinsoft.eu\/upload\/Fort-de-La-Pompelle--10----Clement-Richez-OTAR.JPG?width=768 768w, https:\/\/cdt51.media.tourinsoft.eu\/upload\/Fort-de-La-Pompelle--10----Clement-Richez-OTAR.JPG?width=1280 1280w, https:\/\/cdt51.media.tourinsoft.eu\/upload\/Fort-de-La-Pompelle--10----Clement-Richez-OTAR.JPG?width=1536&amp;height=1536 1536w, https:\/\/cdt51.media.tourinsoft.eu\/upload\/Fort-de-La-Pompelle--10----Clement-Richez-OTAR.JPG?width=2048&amp;height=2048 2048w\" sizes=\"(max-width: 2048px) 100vw, 2048px\" title=\"\">\t\t<\/div>\n\t\n\t\t<div class=\"card__content\">\n\t\t\t\n\t\t\t\t\t\t\t\t\t\n\t\t\t\t\t\t\t\t\t\n\t\t\t\t\t\t<h3 class=\"title wp-block-heading is-style-h3\">\n\t\t\t\t<a href=\"https:\/\/tourisme-en-champagne.com\/de\/activite\/musee-du-fort-de-la-pompelle\/\" target=\"_blank\">Mus\u00e9e du Fort de la Pompelle<\/a>\t\t\t\t\t\t\t<\/h3>\n\t\t\t\n\t\t\t\t\t\t\t\t\t\n\t\t\t\t\t\t<div class=\"underlined\"><\/div>\n\t\t\n\t\t\t\t\t\t\t\t\t\t<div class=\"location\">\n\t\t\t\t\tPuisieulx\t\t\t\t<\/div>\n\t\t\t\t\t\t\n\t\t\t\t\t\t\t\t\t\n\t\t\t\t\t\t\t\t\t\n\t\t\t\t\t\t\t\t\t\n\t\t\t\t\t\t\t\n\t\t\t\t\t\t\t\t\t\t\t\t\t\t\t\t\n\t\t\t\t\t\t\t\t\t\t<div class=\"wp-block-button\">\n\t\t\t\t\t<a class=\"wp-element-button rounded\" href=\"https:\/\/tourisme-en-champagne.com\/de\/activite\/musee-du-fort-de-la-pompelle\/\" target=\"_blank\" aria-label=\"Mehr erfahren \u00fcber Mus\u00e9e du Fort de la Pompelle\">Mehr erfahren<\/a>\n\t\t\t\t<\/div>\n\t\t\t \n\t\t<\/div>\n\t\t\n\n\t\t<\/article>\n\n\t\t\t\t\t\t<\/div>\n\t\t\t\t\t\t\t\t\t\t\t\t\t\t\t\t\t<div class=\"swiper-slide \">\n\t\t\t\t\t\t\t\n<article class=\"card card--activite stretched-link\" data-id=\"28549\" data-post-id-sync-map=\"28549\" >\n\t\n\t\t\n\t\t\t\t<div class=\"card__thumbnail has-middleground-background-color stack\">\n\t\t\t<img decoding=\"async\" width=\"2048\" src=\"https:\/\/cdt51.media.tourinsoft.eu\/upload\/Fau-de-Verzy.jpg\" class=\"attachment- size-\" alt=\"Les Faux de Verzy\" srcset=\"https:\/\/cdt51.media.tourinsoft.eu\/upload\/Fau-de-Verzy.jpg?width=400 400w, https:\/\/cdt51.media.tourinsoft.eu\/upload\/Fau-de-Verzy.jpg?width=640 640w, https:\/\/cdt51.media.tourinsoft.eu\/upload\/Fau-de-Verzy.jpg?width=768 768w, https:\/\/cdt51.media.tourinsoft.eu\/upload\/Fau-de-Verzy.jpg?width=1280 1280w, https:\/\/cdt51.media.tourinsoft.eu\/upload\/Fau-de-Verzy.jpg?width=1536&amp;height=1536 1536w, https:\/\/cdt51.media.tourinsoft.eu\/upload\/Fau-de-Verzy.jpg?width=2048&amp;height=2048 2048w\" sizes=\"(max-width: 2048px) 100vw, 2048px\" title=\"\">\t\t<\/div>\n\t\n\t\t<div class=\"card__content\">\n\t\t\t\n\t\t\t\t\t\t\t\t\t\n\t\t\t\t\t\t\t\t\t\n\t\t\t\t\t\t<h3 class=\"title wp-block-heading is-style-h3\">\n\t\t\t\t<a href=\"https:\/\/tourisme-en-champagne.com\/de\/activite\/les-faux-de-verzy\/\" target=\"_blank\">Les Faux de Verzy<\/a>\t\t\t\t\t\t\t<\/h3>\n\t\t\t\n\t\t\t\t\t\t\t\t\t\n\t\t\t\t\t\t<div class=\"underlined\"><\/div>\n\t\t\n\t\t\t\t\t\t\t\t\t\t<div class=\"location\">\n\t\t\t\t\tVerzy\t\t\t\t<\/div>\n\t\t\t\t\t\t\n\t\t\t\t\t\t\t\t\t\n\t\t\t\t\t\t\t\t\t\n\t\t\t\t\t\t\t\t\t\n\t\t\t\t\t\t\t\t\t\t<div class=\"descriptif\">Wir glauben, dass sie gerade aus einer Fee Broceliand!\rMit ihren gewundenen Zweigen, manchmal sch&#8230;<\/div>\n\t\t\t\t\n\t\t\t\t\t\t\t\t\t\t\t\t\t\t\t\t\n\t\t\t\t\t\t\t\t\t\t<div class=\"wp-block-button\">\n\t\t\t\t\t<a class=\"wp-element-button rounded\" href=\"https:\/\/tourisme-en-champagne.com\/de\/activite\/les-faux-de-verzy\/\" target=\"_blank\" aria-label=\"Mehr erfahren \u00fcber Les Faux de Verzy\">Mehr erfahren<\/a>\n\t\t\t\t<\/div>\n\t\t\t \n\t\t<\/div>\n\t\t\n\n\t\t<\/article>\n\n\t\t\t\t\t\t<\/div>\n\t\t\t\t\t\t\t\t\t\t\t\t\t\t<\/div>\n\t\t\t\t\n\t\t\t\t<div class=\"swiper-buttons\">\n\t\t\t\t\t<div class=\"swiper-button-prev\"><\/div>\n\t\t\t\t\t<div class=\"swiper-button-next\"><\/div>\n\t\t\t\t<\/div>\n\t\t\t<\/div>\n\t\t<\/div>\n\t\n<\/section>\n","protected":false},"excerpt":{"rendered":"<p>CHAMPAGNER, NATUR UND KULTURERBE Treffen mit der UNESCO Hier erstrecken sich die Weinberge der Montagne de Reims zwischen dem Waldmassiv des Parc Naturel R\u00e9gional de la Montagne de Reims und der landwirtschaftlich genutzten Ebene. Diese Region weist Mikroklimata auf, die es erm\u00f6glichen, die drei in der Champagne zugelassenen Rebsorten anzubauen und eine breite Palette von [&hellip;]<\/p>\n","protected":false},"author":2,"featured_media":0,"parent":20618,"menu_order":0,"comment_status":"closed","ping_status":"closed","template":"templates\/editorial-content.php","meta":{"_acf_changed":false,"footnotes":"","_links_to":"","_links_to_target":""},"class_list":["post-20238","page","type-page","status-publish","hentry"],"acf":[],"_links":{"self":[{"href":"https:\/\/tourisme-en-champagne.com\/de\/wp-json\/wp\/v2\/pages\/20238","targetHints":{"allow":["GET"]}}],"collection":[{"href":"https:\/\/tourisme-en-champagne.com\/de\/wp-json\/wp\/v2\/pages"}],"about":[{"href":"https:\/\/tourisme-en-champagne.com\/de\/wp-json\/wp\/v2\/types\/page"}],"author":[{"embeddable":true,"href":"https:\/\/tourisme-en-champagne.com\/de\/wp-json\/wp\/v2\/users\/2"}],"replies":[{"embeddable":true,"href":"https:\/\/tourisme-en-champagne.com\/de\/wp-json\/wp\/v2\/comments?post=20238"}],"version-history":[{"count":1,"href":"https:\/\/tourisme-en-champagne.com\/de\/wp-json\/wp\/v2\/pages\/20238\/revisions"}],"predecessor-version":[{"id":20244,"href":"https:\/\/tourisme-en-champagne.com\/de\/wp-json\/wp\/v2\/pages\/20238\/revisions\/20244"}],"up":[{"embeddable":true,"href":"https:\/\/tourisme-en-champagne.com\/de\/wp-json\/wp\/v2\/pages\/20618"}],"wp:attachment":[{"href":"https:\/\/tourisme-en-champagne.com\/de\/wp-json\/wp\/v2\/media?parent=20238"}],"curies":[{"name":"wp","href":"https:\/\/api.w.org\/{rel}","templated":true}]}}