{"id":20054,"date":"2025-07-01T14:31:39","date_gmt":"2025-07-01T12:31:39","guid":{"rendered":"https:\/\/tourisme-en-champagne.com\/chalons-en-champagne-umgebung\/"},"modified":"2025-11-28T16:27:03","modified_gmt":"2025-11-28T15:27:03","slug":"chalons-en-champagne-umgebung","status":"publish","type":"page","link":"https:\/\/tourisme-en-champagne.com\/de\/reiseziele-mit-tausend-gesichtern\/chalons-en-champagne-umgebung\/","title":{"rendered":"Ch\u00e2lons-en-champagne &amp; Umgebung"},"content":{"rendered":"\n<section class=\"wp-block-group alignfull pattern-text-100 has-global-padding is-layout-constrained wp-block-group-is-layout-constrained\">\n<div class=\"wp-block-columns is-layout-flex wp-container-core-columns-is-layout-63fbf5b9 wp-block-columns-is-layout-flex\">\n<div class=\"wp-block-column is-layout-flow wp-block-column-is-layout-flow\">\n<p class=\"patterns-underline wp-block-paragraph\">Ch\u00e2lons-en-Champagne ist weniger bekannt als seine Nachbarst\u00e4dte Reims und Epernay, aber es lohnt sich, die Stadt zu besuchen. Mit ihrem reichen historischen Erbe, ihrer architektonischen Vielfalt, den Bootsfahrten, den G\u00e4rten im Stadtzentrum, dem Champagner und vielen kulturellen Veranstaltungen bietet die Stadt eine friedliche und gleichzeitig dynamische Atmosph\u00e4re. <\/p>\n\n\n\n<h2 class=\"wp-block-heading\"><strong>Zahlreiche Reicht\u00fcmer<\/strong><\/h2>\n\n\n\n<hr class=\"wp-block-separator has-text-color has-accent-1-color has-alpha-channel-opacity has-accent-1-background-color has-background\" \/>\n\n\n\n<p class=\"wp-block-paragraph\">Geschichtsinteressierte und Liebhaber des Kulturerbes kommen in Ch\u00e2lons-en-Champagne voll auf ihre Kosten. W\u00e4hrend die gallo-r\u00f6mische Epoche keine Spuren hinterlassen hat, war das Mittelalter gro\u00dfz\u00fcgiger. Die Stadt besitzt wahre Juwelen der religi\u00f6sen, romanischen und gotischen Architektur, die Sie in den Stra\u00dfen und Gassen entdecken k\u00f6nnen&#8230;  <\/p>\n\n\n\n<p class=\"wp-block-paragraph\"><strong>Nicht verpassen :<\/strong><\/p>\n\n\n\n<ul class=\"wp-block-list\">\n<li><em>Die Kathedrale Saint-Etienne: Sie hat eine beeindruckende gotische Architektur und beherbergt wundersch\u00f6ne Glasfenster und eine Sammlung von liturgischen Gegenst\u00e4nden.<\/em><\/li>\n\n\n\n<li><em>Die Stiftskirche Notre-Dame-en-Vaux, UNESCO-Perle: Eines der beeindruckendsten Geb\u00e4ude der Stadt. Sie besitzt eines der gr\u00f6\u00dften Glockenspiele Europas mit 56 Glocken und bewundernswerte Glasfenster. Entdecken Sie auch den Kreuzgang, die Sonnenuhr und die Kapitelle, die reich an geschnitzten Verzierungen sind.  <\/em><\/li>\n\n\n\n<li><em>Die Architektur von Chalon ist ein wahres Patchwork, das Sie vom Mittelalter \u00fcber die Klassik bis hin zur Moderne f\u00fchrt.<\/em><\/li>\n\n\n\n<li><em>Aber auch: das Rathaus, die Porte Sainte-Croix, die mittelalterlichen Weinkeller, die Kirche Saint-Alpin, die Markthallen, der historische Zirkus&#8230;<\/em><\/li>\n\n\n\n<li><em>Das Museum der Sch\u00f6nen K\u00fcnste und das Klostermuseum von Notre-Dame-en-Vaux<\/em><\/li>\n<\/ul>\n\n\n\n<h2 class=\"wp-block-heading\"><strong>Natur im Herzen der Stadt<\/strong><\/h2>\n\n\n\n<hr class=\"wp-block-separator has-text-color has-accent-1-color has-alpha-channel-opacity has-accent-1-background-color has-background\" \/>\n\n\n\n<p class=\"patterns-underline wp-block-paragraph\">Hier sind Wasser und Gr\u00fcn K\u00f6niginnen! Nicht weniger als 11 Hektar Gr\u00fcnfl\u00e4che verteilen sich auf drei G\u00e4rten, die sich in ihrem Stil deutlich unterscheiden. Der <strong>Petit Jard<\/strong>, der als bemerkenswerter Garten eingestuft wurde, beherbergt ein Arboretum und eines der Wahrzeichen der Stadt, das Marktschloss. Le <strong>Grand Jard<\/strong>, ein franz\u00f6sischer Garten mit Kastanien- und Lindenb\u00e4umen und einem weitl\u00e4ufigen Teich, der seltene Vogelarten beherbergt. Familien k\u00f6nnen hier ein Picknick machen oder eine Pause im Park oder im Skatepark einlegen. Und schlie\u00dflich der <strong>Englische Garten<\/strong>, der \u00fcber eine h\u00fcbsche Fu\u00dfg\u00e4ngerbr\u00fccke erreichbar ist, die einen atemberaubenden Blick auf die Kathedrale Saint Etienne bietet.       <\/p>\n<\/div>\n<\/div>\n<\/section>\n\n<section class=\"wp-block-group alignfull pattern-text-50-media-50 has-global-padding is-layout-constrained wp-block-group-is-layout-constrained\">\n<div class=\"wp-block-columns are-vertically-aligned-center is-layout-flex wp-container-core-columns-is-layout-63fbf5b9 wp-block-columns-is-layout-flex\">\n<div class=\"wp-block-column is-vertically-aligned-center is-layout-flow wp-block-column-is-layout-flow\">\n<figure class=\"wp-block-embed is-type-video is-provider-youtube wp-block-embed-youtube wp-embed-aspect-16-9 wp-has-aspect-ratio\"><div class=\"wp-block-embed__wrapper\">\n<iframe loading=\"lazy\" title=\"Cuv\u00e9e Royale - Ch\u00e2lons-en-Champagne\" width=\"500\" height=\"281\" src=\"https:\/\/www.youtube.com\/embed\/pZjILeqcNa0?feature=oembed\" frameborder=\"0\" allow=\"accelerometer; autoplay; clipboard-write; encrypted-media; gyroscope; picture-in-picture; web-share\" referrerpolicy=\"strict-origin-when-cross-origin\" allowfullscreen><\/iframe>\n<\/div><\/figure>\n<\/div>\n\n\n\n<div class=\"wp-block-column is-vertically-aligned-center is-layout-flow wp-block-column-is-layout-flow\">\n<h3 class=\"wp-block-heading has-accent-3-color has-text-color has-link-color wp-elements-0a66585b66c841b6cad322e2c529c9a0\">Ein &#8222;haarstr\u00e4ubendes&#8220; Video \u00fcber Ch\u00e2lons-en-Champagne<\/h3>\n\n\n\n<p class=\"wp-block-paragraph\">Nach Wake-Up Ch\u00e2lons im Jahr 2020 erneuert das Fremdenverkehrsamt seine farbenfrohe, dynamische und innovative Kommunikation mit einem zweiten atemberaubenden Video!<\/p>\n\n\n\n<p class=\"wp-block-paragraph\">Dieser 6-min\u00fctige Kurzfilm ist ein Actionfilm, der an einen weltber\u00fchmten Spion im Kino erinnert, mit Sportwagen, Motorrad, Jetski, Drohne und sogar Hubschrauber! Im Hintergrund werden die symboltr\u00e4chtigen Orte von Ch\u00e2lons-en-Champagne aus einem schr\u00e4gen Blickwinkel gezeigt. <\/p>\n<\/div>\n<\/div>\n<\/section>\n\n<section class=\"wp-block-group alignfull pattern-text-100 has-global-padding is-layout-constrained wp-block-group-is-layout-constrained\">\n<div class=\"wp-block-columns is-layout-flex wp-container-core-columns-is-layout-63fbf5b9 wp-block-columns-is-layout-flex\">\n<div class=\"wp-block-column is-layout-flow wp-block-column-is-layout-flow\">\n<p class=\"patterns-underline wp-block-paragraph\">Auch in der Umgebung von Ch\u00e2lons-en-Champagne gibt es Gedenkst\u00e4tten des Ersten Weltkriegs, wie das <strong>Centre d&#8217;Interpr\u00e9tation Marne 14-18 <\/strong>in Suippes mit seiner reichen ikonographischen Sammlung oder die <strong>Chapelle Russe<\/strong> in Saint-Hilaire-le-Temple, die die Erinnerung an die Soldaten wach h\u00e4lt, die hier w\u00e4hrend des Konflikts gefallen sind.<\/p>\n<\/div>\n<\/div>\n<\/section>\n\n<section class=\"wp-block-group alignfull pattern-text-50-media-50 has-middleground-background-color has-background has-global-padding is-layout-constrained wp-block-group-is-layout-constrained\">\n<div class=\"wp-block-columns are-vertically-aligned-center is-layout-flex wp-container-core-columns-is-layout-63fbf5b9 wp-block-columns-is-layout-flex\">\n<div class=\"wp-block-column is-vertically-aligned-center is-layout-flow wp-block-column-is-layout-flow\">\n<h2 class=\"wp-block-heading\"><strong>Kultur &amp; Unterhaltung<\/strong><\/h2>\n\n\n\n<hr class=\"wp-block-separator has-text-color has-accent-1-color has-alpha-channel-opacity has-accent-1-background-color has-background\" \/>\n\n\n\n<h3 class=\"wp-block-heading has-accent-1-color has-text-color has-link-color wp-elements-4575ed73503ca371c5cec6c73c9a0bc7\">Die Stadt von Pierre Dac, Ch\u00e2lons-en-Champagne, pflegt die Kunst des Spektakels!<\/h3>\n\n\n\n<p class=\"wp-block-paragraph\">Jedes Jahr im Juni bringt das <strong>Festival Furies <\/strong>, ein Zirkus- und Stra\u00dfenkunstfestival, einen Hauch von Wahnsinn in die Stra\u00dfen der Stadt.<br \/>Danach folgt die Musik mit dem <strong>Festival des Musiques d&#8217;Ici et d&#8217;Ailleurs<\/strong> und f\u00fcnf Wochen k\u00fcnstlerischer Entdeckungen und Vermischungen im Juli und August.<br \/>Anfang September ist die <strong>Foire de Ch\u00e2lons<\/strong>, die zweitgr\u00f6\u00dfte Landwirtschafts- und Handelsmesse in Frankreich, mit ihrem <strong>Festival Foire en Sc\u00e8ne<\/strong> ein unumg\u00e4ngliches Ereignis des Herbstes.<br \/>Im Oktober findet <strong>War on Screen<\/strong> statt, ein einzigartiges internationales Festival, das sich mit dem Thema Krieg und Konflikte auf der Leinwand befasst.<\/p>\n\n\n\n<p class=\"wp-block-paragraph\">Die Zirkusstadt Ch\u00e2lons-en-Champagne hat auch die Ehre, in ihren Mauern das <strong>Centre National des Arts du Cirque <\/strong>zu beherbergen, wo internationale K\u00fcnstler ausgebildet werden, die sp\u00e4ter auf B\u00fchnen in der ganzen Welt auftreten werden.<\/p>\n<\/div>\n\n\n\n<div class=\"wp-block-column is-vertically-aligned-center is-layout-flow wp-block-column-is-layout-flow\">\n<figure class=\"wp-block-image size-full\"><img loading=\"lazy\" decoding=\"async\" width=\"485\" height=\"485\" src=\"https:\/\/tourisme-en-champagne.com\/assets\/uploads\/2025\/07\/cnac-chalons-en-champagnecteddy-picaude.jpg\" alt=\"\" class=\"wp-image-13040\" title=\"\" srcset=\"https:\/\/tourisme-en-champagne.com\/assets\/uploads\/2025\/07\/cnac-chalons-en-champagnecteddy-picaude.jpg 485w, https:\/\/tourisme-en-champagne.com\/assets\/uploads\/2025\/07\/cnac-chalons-en-champagnecteddy-picaude-400x400.jpg 400w\" sizes=\"auto, (max-width: 485px) 100vw, 485px\" \/><\/figure>\n<\/div>\n<\/div>\n<\/section>\n\n<section style=\"background-image:url(&apos;https:\/\/tourisme-en-champagne.com\/assets\/uploads\/2025\/07\/basilique-notre-dame-lepinecc-feix-coll-adt-marne5.jpg&apos;);background-position:50% 50%;background-size:cover;background-attachment:scroll;\" class=\"wp-block-group alignfull pattern-text-50-left-background has-base-color has-text-color has-link-color wp-elements-4f461e024636f1fcf5cde4052b7c4bbd has-global-padding is-layout-constrained wp-block-group-is-layout-constrained has-background\">\n<div class=\"wp-block-columns is-layout-flex wp-container-core-columns-is-layout-fdcf44e1 wp-block-columns-is-layout-flex\">\n<div class=\"wp-block-column is-layout-flow wp-block-column-is-layout-flow\">\n<h2 class=\"wp-block-heading\"><strong>Das Unesco-Erbe<\/strong><\/h2>\n\n\n\n<hr class=\"wp-block-separator has-text-color has-accent-3-color has-alpha-channel-opacity has-accent-3-background-color has-background\" \/>\n\n\n\n<h3 class=\"wp-block-heading has-accent-3-color has-text-color has-link-color wp-elements-b2b8548754281b9656c1941b6343a5a0\">Zwei religi\u00f6se Geb\u00e4ude sind als Teil der Jakobswege in das <strong>Weltkulturerbe der UNESCO<\/strong> aufgenommen worden.<\/h3>\n\n\n\n<p class=\"wp-block-paragraph\">Die <strong>Stiftskirche Notre Dame en Vaux<\/strong> ist ein wahres Juwel, in dem romanische und gotische Kunst harmonisch miteinander verbunden sind. Jahrhundert und das Glockenspiel mit 56 Glocken, eines der gr\u00f6\u00dften in Europa, kann bei organisierten Besichtigungen mit Turmbesteigung besichtigt werden. <\/p>\n\n\n\n<p class=\"wp-block-paragraph\">Nur wenige Kilometer entfernt liegt die <strong>Basilika de l&#8217;Epine, eine <\/strong>wahre Spitze aus Stein, die an der Stelle errichtet wurde, an der im Jahr 1400 die Jungfrau Maria einem Hirten in einem brennenden Busch erschien. Die Basilika wurde von Victor Hugo als &#8222;herrliche Bl\u00fcte der gotischen Architektur&#8220; bezeichnet und besticht durch ihre beiden in den Himmel ragenden T\u00fcrme und den seltenen Lettner. <\/p>\n<\/div>\n\n\n\n<div class=\"wp-block-column is-layout-flow wp-block-column-is-layout-flow\"><\/div>\n<\/div>\n<\/section>\n\n<section class=\"wp-block-group alignfull pattern-text-100 has-global-padding is-layout-constrained wp-block-group-is-layout-constrained\">\n<div class=\"wp-block-columns is-layout-flex wp-container-core-columns-is-layout-63fbf5b9 wp-block-columns-is-layout-flex\">\n<div class=\"wp-block-column is-layout-flow wp-block-column-is-layout-flow\">\n<h3 class=\"wp-block-heading has-accent-1-color has-text-color has-link-color wp-elements-c920a37771b7edf83b0a4aa8dc0496e6\"><strong>Bootsfahrten<\/strong><\/h3>\n\n\n\n<p class=\"patterns-underline wp-block-paragraph\">Willkommen an Bord der Bootsfahrt &#8222;Eau&#8217;dyss\u00e9e&#8220;, ein Muss f\u00fcr jeden Ch\u00e2lons-en-Champagne-Besucher. W\u00e4hrend der 40-min\u00fctigen Fahrt werden Sie von den Steuerm\u00e4nnern in die Geheimnisse des Kulturerbes von Ch\u00e2lonnais eingeweiht. Das Boot bringt Sie an Orte, die Sie zu Fu\u00df nicht erreichen k\u00f6nnen, und sogar unter die Stadt in zwei unterirdische Galerien. Ein Muss!   <\/p>\n<\/div>\n<\/div>\n<\/section>\n\n<section class=\"wp-block-group alignfull pattern-text-50-media-50 has-global-padding is-layout-constrained wp-block-group-is-layout-constrained\">\n<div class=\"wp-block-columns are-vertically-aligned-center is-layout-flex wp-container-core-columns-is-layout-63fbf5b9 wp-block-columns-is-layout-flex\">\n<div class=\"wp-block-column is-vertically-aligned-center is-layout-flow wp-block-column-is-layout-flow\">\n<figure class=\"wp-block-embed is-type-video is-provider-youtube wp-block-embed-youtube wp-embed-aspect-16-9 wp-has-aspect-ratio\"><div class=\"wp-block-embed__wrapper\">\n<iframe loading=\"lazy\" title=\"Balade en Barque M\u00e9tamorph&amp;apos;eau&amp;apos;ses\" width=\"500\" height=\"281\" src=\"https:\/\/www.youtube.com\/embed\/NEAFiJfACXQ?feature=oembed\" frameborder=\"0\" allow=\"accelerometer; autoplay; clipboard-write; encrypted-media; gyroscope; picture-in-picture; web-share\" referrerpolicy=\"strict-origin-when-cross-origin\" allowfullscreen><\/iframe>\n<\/div><\/figure>\n<\/div>\n\n\n\n<div class=\"wp-block-column is-vertically-aligned-center is-layout-flow wp-block-column-is-layout-flow\">\n<h3 class=\"wp-block-heading has-accent-1-color has-text-color has-link-color wp-elements-14b883709c55701f121350b0f468ac1c\">M\u00e9tamorph&#8217;eauses, eine wandernde Lichtshow<\/h3>\n\n\n\n<p class=\"wp-block-paragraph\">Nach dem Erfolg der Bootsfahrten hat das Fremdenverkehrsamt vor einigen Jahren beschlossen, die Nachtroute mit einer in Europa einzigartigen Ton- und Lichtshow zu erweitern! Mit M\u00e9tamorph&#8217;eau&#8217;ses entdecken Sie das Kulturerbe der Stadt auf eine neue Art und Weise, veredelt durch eine phantasmagorische Szenographie, in der Licht und Schatten imagin\u00e4re Realit\u00e4ten offenbaren&#8230;. <\/p>\n<\/div>\n<\/div>\n<\/section>\n\n<section class=\"wp-block-group alignfull pattern-text-50-media-50 has-global-padding is-layout-constrained wp-block-group-is-layout-constrained\">\n<div class=\"wp-block-columns are-vertically-aligned-center is-layout-flex wp-container-core-columns-is-layout-63fbf5b9 wp-block-columns-is-layout-flex\">\n<div class=\"wp-block-column is-vertically-aligned-center is-layout-flow wp-block-column-is-layout-flow\">\n<h2 class=\"wp-block-heading\"><strong>Champagner in Ch\u00e2lons<\/strong><\/h2>\n\n\n\n<hr class=\"wp-block-separator has-text-color has-accent-3-color has-alpha-channel-opacity has-accent-3-background-color has-background\" \/>\n\n\n\n<h3 class=\"wp-block-heading has-accent-3-color has-text-color has-link-color wp-elements-707137ce2c219dcd786dce8fc51593d8\">DAS CHAMPAGNERHAUS JOSEPH PERRIER<\/h3>\n\n\n\n<p class=\"wp-block-paragraph\">Das Champagnerhaus Joseph Perrier ist das einzige Haus, das in Ch\u00e2lons-en-Champagne besichtigt werden kann. Die Keller von Joseph Perrier mit ihren 3 km langen Galerien, die unter 2000 Jahre alten Krayern aus gallo-r\u00f6mischer Zeit liegen, sind historisch. Diese Keller, die zur Verarbeitung, Reifung und Lagerung von Wein dienen, haben die Besonderheit, dass sie ebenerdig sind, was in der Champagne eine Seltenheit ist.  <\/p>\n\n\n\n<p class=\"wp-block-paragraph\">Erleben Sie 1,5 Stunden lang einen einzigartigen Moment in dieser steinernen Kathedrale, entdecken Sie einige der Geheimnisse der Champagnerherstellung und probieren Sie am Ende der F\u00fchrung den kostbaren Nektar.<\/p>\n<\/div>\n\n\n\n<div class=\"wp-block-column is-vertically-aligned-center is-layout-flow wp-block-column-is-layout-flow\">\n<figure class=\"wp-block-image size-full\"><img loading=\"lazy\" decoding=\"async\" width=\"485\" height=\"485\" src=\"https:\/\/tourisme-en-champagne.com\/assets\/uploads\/2025\/07\/joseph-perrier-5.jpg\" alt=\"\" class=\"wp-image-13045\" title=\"\" srcset=\"https:\/\/tourisme-en-champagne.com\/assets\/uploads\/2025\/07\/joseph-perrier-5.jpg 485w, https:\/\/tourisme-en-champagne.com\/assets\/uploads\/2025\/07\/joseph-perrier-5-400x400.jpg 400w\" sizes=\"auto, (max-width: 485px) 100vw, 485px\" \/><\/figure>\n<\/div>\n<\/div>\n<\/section>\n\n<section style=\"background-image:url(&apos;https:\/\/tourisme-en-champagne.com\/assets\/uploads\/2025\/07\/office-de-tourisme-chalonsct-picaude-coll-adt-marne.jpg&apos;);background-position:50% 50%;background-size:cover;background-attachment:scroll;\" class=\"wp-block-group alignfull pattern-text-50-left-background has-base-color has-text-color has-link-color wp-elements-e64c89d09b6fc851b4c8ef3e79268966 has-global-padding is-layout-constrained wp-block-group-is-layout-constrained has-background\">\n<div class=\"wp-block-columns is-layout-flex wp-container-core-columns-is-layout-fdcf44e1 wp-block-columns-is-layout-flex\">\n<div class=\"wp-block-column is-layout-flow wp-block-column-is-layout-flow\">\n<h2 class=\"wp-block-heading\"><strong>STRASSEN DER BER\u00dcHMTHEITEN<\/strong><\/h2>\n\n\n\n<hr class=\"wp-block-separator has-text-color has-base-color has-alpha-channel-opacity has-base-background-color has-background\" \/>\n\n\n\n<h3 class=\"wp-block-heading\">Es gibt viele, die in Ch\u00e2lons-en-Champagne aufgewachsen sind, bevor sie der Nachwelt ihren Namen hinterlassen haben&#8230;.<\/h3>\n\n\n\n<p class=\"wp-block-paragraph\">Suchen Sie in den Stra\u00dfen und Denkm\u00e4lern der Stadt nach ihnen! Am Ende der Rue du Lyc\u00e9e steht eine Skulptur von JEAN TALON, dem ersten Intendanten der heutigen Provinz Qu\u00e9bec, der 1625 geboren wurde; wenn Sie weitergehen, kommen Sie am Lyc\u00e9e Bayen vorbei, benannt nach PIERRE BAYEN, Mitglied des Instituts, der 1725 geboren wurde. <strong>NICOLAS APPERT<\/strong>, der Erfinder der Lebensmittelkonserve, wurde 1749 auf dem Place St Jean Nr. 16 geboren, wuchs aber in der Rue L\u00e9on Bourgeois 2 auf.  <\/p>\n\n\n\n<p class=\"wp-block-paragraph\">Erinnern wir uns auch an <strong>JULES GARINET<\/strong>, einen ber\u00fchmten Sammler, dessen Privathaus in der Rue Pasteur von seiner Witwe der Stadt vermacht wurde. Am Boulevard Vaub\u00e9court Nr. 3 befindet sich das Geburtshaus vonETIENNE OEHMICHEN (1884), dem Erfinder des Hubschraubers. Der gro\u00dfe Humorist PIERRE DAC, mit b\u00fcrgerlichem Namen Andr\u00e9 Isaac, erblickte 1893 in der 70 Rue de Marne das Licht der Welt. Jean Cabut alias CABU wurde in Ch\u00e2lons, seiner Wahlheimatstadt, geboren und wuchs dort auf. Er wurde am 7. Januar 2015 in Paris w\u00e4hrend des dschihadistischen Attentats auf die Redaktion von Charlie Hebdo ermordet und wird heute in der Duduchoth\u00e8que geehrt. Entdecken Sie, wie K-Bu zu Cabu wurde, in diesem Raum f\u00fcr Ausstellungen, Lesungen, Animation, Forschung und Lernen.    <\/p>\n<\/div>\n\n\n\n<div class=\"wp-block-column is-layout-flow wp-block-column-is-layout-flow\"><\/div>\n<\/div>\n<\/section>\n\n<section class=\"wp-block-group alignfull pattern-text-80-media-20 has-middleground-background-color has-background has-global-padding is-layout-constrained wp-block-group-is-layout-constrained\">\n<div class=\"wp-block-columns is-layout-flex wp-container-core-columns-is-layout-fdcf44e1 wp-block-columns-is-layout-flex\">\n<div class=\"wp-block-column is-layout-flow wp-block-column-is-layout-flow\" style=\"flex-basis:20%\">\n<figure data-wp-context=\"{&quot;imageId&quot;:&quot;6a978e1785cfb&quot;}\" data-wp-interactive=\"core\/image\" data-wp-key=\"6a978e1785cfb\" class=\"wp-block-image size-full wp-lightbox-container\"><img loading=\"lazy\" decoding=\"async\" width=\"170\" height=\"170\" data-wp-class--hide=\"state.isContentHidden\" data-wp-class--show=\"state.isContentVisible\" data-wp-init=\"callbacks.setButtonStyles\" data-wp-on--click=\"actions.showLightbox\" data-wp-on--load=\"callbacks.setButtonStyles\" data-wp-on--pointerdown=\"actions.preloadImage\" data-wp-on--pointerenter=\"actions.preloadImageWithDelay\" data-wp-on--pointerleave=\"actions.cancelPreload\" data-wp-on-window--resize=\"callbacks.setButtonStyles\" src=\"https:\/\/tourisme-en-champagne.com\/assets\/uploads\/2025\/07\/chalons.jpeg\" alt=\"\" class=\"wp-image-13030\" title=\"\"><button\n\t\t\tclass=\"lightbox-trigger\"\n\t\t\ttype=\"button\"\n\t\t\taria-haspopup=\"dialog\"\n\t\t\tdata-wp-bind--aria-label=\"state.thisImage.triggerButtonAriaLabel\"\n\t\t\tdata-wp-init=\"callbacks.initTriggerButton\"\n\t\t\tdata-wp-on--click=\"actions.showLightbox\"\n\t\t\tdata-wp-style--right=\"state.thisImage.buttonRight\"\n\t\t\tdata-wp-style--top=\"state.thisImage.buttonTop\"\n\t\t>\n\t\t\t<svg xmlns=\"http:\/\/www.w3.org\/2000\/svg\" width=\"12\" height=\"12\" fill=\"none\" viewBox=\"0 0 12 12\">\n\t\t\t\t<path fill=\"#fff\" d=\"M2 0a2 2 0 0 0-2 2v2h1.5V2a.5.5 0 0 1 .5-.5h2V0H2Zm2 10.5H2a.5.5 0 0 1-.5-.5V8H0v2a2 2 0 0 0 2 2h2v-1.5ZM8 12v-1.5h2a.5.5 0 0 0 .5-.5V8H12v2a2 2 0 0 1-2 2H8Zm2-12a2 2 0 0 1 2 2v2h-1.5V2a.5.5 0 0 0-.5-.5H8V0h2Z\" \/>\n\t\t\t<\/svg>\n\t\t<\/button><\/figure>\n<\/div>\n\n\n\n<div class=\"wp-block-column is-layout-flow wp-block-column-is-layout-flow\" style=\"flex-basis:80%\">\n<h2 class=\"wp-block-heading\"><strong>Ihr Kontakt  <\/strong><\/h2>\n\n\n\n<hr class=\"wp-block-separator has-text-color has-accent-1-color has-alpha-channel-opacity has-accent-1-background-color has-background\" \/>\n\n\n\n<h3 class=\"wp-block-heading has-contrast-color has-text-color has-link-color wp-elements-f710ab0d26fd6a2fade6c846e214d15a\">Ch\u00e2lons-en-Champagne Fremdenverkehrsb\u00fcro<\/h3>\n\n\n\n<p class=\"wp-block-paragraph\">3 quai des Arts &#8211; 51000 CHALONS-EN-CHAMPAGNE &#8211; 03 26 65 17 89 &#8211; <a href=\"http:\/\/www.chalons-tourisme.com\/\" target=\"_blank\" rel=\"noreferrer noopener\">www.chalons-tourisme.com<\/a><\/p>\n<\/div>\n<\/div>\n<\/section>\n\n<section class=\"wp-block-group alignfull pattern-playlist-grid has-global-padding is-layout-constrained wp-block-group-is-layout-constrained\">\n<h2 class=\"wp-block-heading has-text-align-center\"><strong>Auswahl an Ausfl\u00fcgen<\/strong><\/h2>\n\n\n\n<hr class=\"wp-block-separator has-text-color has-accent-3-color has-alpha-channel-opacity has-accent-3-background-color has-background\" \/>\n\n\n\n<p class=\"has-text-align-center wp-block-paragraph\">Einige Vorschl\u00e4ge f\u00fcr Besichtigungen, um Ch\u00e2lons-en-Champagne und seine Umgebung w\u00e4hrend eines Spaziergangs oder eines Aufenthalts zu entdecken!<\/p>\n\n\n\t\t\t<div class=\"fsgb-block-playlist playlist-grid is-style-grid\"  style=\"margin-top:var(--wp--preset--spacing--x-large);\">\n\t\t\t\t\n\t\t\t\n\t\t\t<div class=\"swiper swiperPlaylistGrid\">\n\n\t\t\t\t<div class=\"swiper-wrapper posts-count-4\">\n\t\t\t\t\t\t\t\t\t\t\t\t\t\t\t\t\t<div class=\"swiper-slide \">\n\t\t\t\t\t\t\t\n<article class=\"card card--activite stretched-link\" data-id=\"28317\" data-post-id-sync-map=\"28317\" >\n\t\n\t\t\n\t\t\t\t<div class=\"card__thumbnail has-middleground-background-color stack\">\n\t\t\t<img decoding=\"async\" width=\"2048\" src=\"https:\/\/cdt51.media.tourinsoft.eu\/upload\/Colle-giale-Notre-Dame-en-Vaux-Cha-lons-en-Champagne.jpg\" class=\"attachment- size-\" alt=\"Coll\u00e9giale Notre Dame en Vaux\" srcset=\"https:\/\/cdt51.media.tourinsoft.eu\/upload\/Colle-giale-Notre-Dame-en-Vaux-Cha-lons-en-Champagne.jpg?width=400 400w, https:\/\/cdt51.media.tourinsoft.eu\/upload\/Colle-giale-Notre-Dame-en-Vaux-Cha-lons-en-Champagne.jpg?width=640 640w, https:\/\/cdt51.media.tourinsoft.eu\/upload\/Colle-giale-Notre-Dame-en-Vaux-Cha-lons-en-Champagne.jpg?width=768 768w, https:\/\/cdt51.media.tourinsoft.eu\/upload\/Colle-giale-Notre-Dame-en-Vaux-Cha-lons-en-Champagne.jpg?width=1280 1280w, https:\/\/cdt51.media.tourinsoft.eu\/upload\/Colle-giale-Notre-Dame-en-Vaux-Cha-lons-en-Champagne.jpg?width=1536&amp;height=1536 1536w, https:\/\/cdt51.media.tourinsoft.eu\/upload\/Colle-giale-Notre-Dame-en-Vaux-Cha-lons-en-Champagne.jpg?width=2048&amp;height=2048 2048w\" sizes=\"(max-width: 2048px) 100vw, 2048px\" title=\"\">\t\t<\/div>\n\t\n\t\t<div class=\"card__content\">\n\t\t\t\n\t\t\t\t\t\t\t\t\t\n\t\t\t\t\t\t\t\t\t\n\t\t\t\t\t\t<h3 class=\"title wp-block-heading is-style-h3\">\n\t\t\t\t<a href=\"https:\/\/tourisme-en-champagne.com\/de\/activite\/collegiale-notre-dame-en-vaux\/\" target=\"_blank\">Coll\u00e9giale Notre Dame en Vaux<\/a>\t\t\t\t\t\t\t<\/h3>\n\t\t\t\n\t\t\t\t\t\t\t\t\t\n\t\t\t\t\t\t<div class=\"underlined\"><\/div>\n\t\t\n\t\t\t\t\t\t\t\t\t\t<div class=\"location\">\n\t\t\t\t\tChalons-En-Champagne\t\t\t\t<\/div>\n\t\t\t\t\t\t\n\t\t\t\t\t\t\t\t\t\n\t\t\t\t\t\t\t\t\t\n\t\t\t\t\t\t\t\t\t\n\t\t\t\t\t\t\t\t\t\t<div class=\"descriptif\">Wenn Sie durch das Zentrum von Chalons-en-Champagne auf dem Mittag Schl\u00e4gen sind vorbei, h\u00f6rt gen&#8230;<\/div>\n\t\t\t\t\n\t\t\t\t\t\t\t\t\t\t\t\t\t\t\t\t\n\t\t\t\t\t\t\t\t\t\t<div class=\"wp-block-button\">\n\t\t\t\t\t<a class=\"wp-element-button rounded\" href=\"https:\/\/tourisme-en-champagne.com\/de\/activite\/collegiale-notre-dame-en-vaux\/\" target=\"_blank\" aria-label=\"Mehr erfahren \u00fcber Coll\u00e9giale Notre Dame en Vaux\">Mehr erfahren<\/a>\n\t\t\t\t<\/div>\n\t\t\t \n\t\t<\/div>\n\t\t\n\n\t\t<\/article>\n\n\t\t\t\t\t\t<\/div>\n\t\t\t\t\t\t\t\t\t\t\t\t\t\t\t\t\t<div class=\"swiper-slide \">\n\t\t\t\t\t\t\t\n<article class=\"card card--activite stretched-link\" data-id=\"28536\" data-post-id-sync-map=\"28536\" >\n\t\n\t\t\n\t\t\t\t<div class=\"card__thumbnail has-middleground-background-color stack\">\n\t\t\t<img decoding=\"async\" width=\"2048\" src=\"https:\/\/cdt51.media.tourinsoft.eu\/upload\/duduchotheque-chalons-cabu.jpg\" class=\"attachment- size-\" alt=\"Duduchoth\u00e8que\" srcset=\"https:\/\/cdt51.media.tourinsoft.eu\/upload\/duduchotheque-chalons-cabu.jpg?width=400 400w, https:\/\/cdt51.media.tourinsoft.eu\/upload\/duduchotheque-chalons-cabu.jpg?width=640 640w, https:\/\/cdt51.media.tourinsoft.eu\/upload\/duduchotheque-chalons-cabu.jpg?width=768 768w, https:\/\/cdt51.media.tourinsoft.eu\/upload\/duduchotheque-chalons-cabu.jpg?width=1280 1280w, https:\/\/cdt51.media.tourinsoft.eu\/upload\/duduchotheque-chalons-cabu.jpg?width=1536&amp;height=1536 1536w, https:\/\/cdt51.media.tourinsoft.eu\/upload\/duduchotheque-chalons-cabu.jpg?width=2048&amp;height=2048 2048w\" sizes=\"(max-width: 2048px) 100vw, 2048px\" title=\"\">\t\t<\/div>\n\t\n\t\t<div class=\"card__content\">\n\t\t\t\n\t\t\t\t\t\t\t\t\t\n\t\t\t\t\t\t\t\t\t\n\t\t\t\t\t\t<h3 class=\"title wp-block-heading is-style-h3\">\n\t\t\t\t<a href=\"https:\/\/tourisme-en-champagne.com\/de\/activite\/duduchotheque\/\" target=\"_blank\">Duduchoth\u00e8que<\/a>\t\t\t\t\t\t\t<\/h3>\n\t\t\t\n\t\t\t\t\t\t\t\t\t\n\t\t\t\t\t\t<div class=\"underlined\"><\/div>\n\t\t\n\t\t\t\t\t\t\t\t\t\t<div class=\"location\">\n\t\t\t\t\tChalons-En-Champagne\t\t\t\t<\/div>\n\t\t\t\t\t\t\n\t\t\t\t\t\t\t\t\t\n\t\t\t\t\t\t\t\t\t\n\t\t\t\t\t\t\t\t\t\n\t\t\t\t\t\t\t\t\t\t<div class=\"descriptif\">Die Duduchoth\u00e8que wurde zu Ehren von Jean Cabut ge\u00f6ffnet sagte Cabu, Karikaturist, Cartoonist und&#8230;<\/div>\n\t\t\t\t\n\t\t\t\t\t\t\t\t\t\t\t\t\t\t\t\t\n\t\t\t\t\t\t\t\t\t\t<div class=\"wp-block-button\">\n\t\t\t\t\t<a class=\"wp-element-button rounded\" href=\"https:\/\/tourisme-en-champagne.com\/de\/activite\/duduchotheque\/\" target=\"_blank\" aria-label=\"Mehr erfahren \u00fcber Duduchoth\u00e8que\">Mehr erfahren<\/a>\n\t\t\t\t<\/div>\n\t\t\t \n\t\t<\/div>\n\t\t\n\n\t\t<\/article>\n\n\t\t\t\t\t\t<\/div>\n\t\t\t\t\t\t\t\t\t\t\t\t\t\t\t\t\t<div class=\"swiper-slide \">\n\t\t\t\t\t\t\t\n<article class=\"card card--activite stretched-link\" data-id=\"28224\" data-post-id-sync-map=\"28224\" >\n\t\n\t\t\n\t\t\t\t<div class=\"card__thumbnail has-middleground-background-color stack\">\n\t\t\t<img decoding=\"async\" width=\"2048\" src=\"https:\/\/cdt51.media.tourinsoft.eu\/upload\/Balade-au-Fil-de-l-eau---Chalons-OT-Chalons--1-.jpg\" class=\"attachment- size-\" alt=\"Balades en Barque Pique-Nique\" srcset=\"https:\/\/cdt51.media.tourinsoft.eu\/upload\/Balade-au-Fil-de-l-eau---Chalons-OT-Chalons--1-.jpg?width=400 400w, https:\/\/cdt51.media.tourinsoft.eu\/upload\/Balade-au-Fil-de-l-eau---Chalons-OT-Chalons--1-.jpg?width=640 640w, https:\/\/cdt51.media.tourinsoft.eu\/upload\/Balade-au-Fil-de-l-eau---Chalons-OT-Chalons--1-.jpg?width=768 768w, https:\/\/cdt51.media.tourinsoft.eu\/upload\/Balade-au-Fil-de-l-eau---Chalons-OT-Chalons--1-.jpg?width=1280 1280w, https:\/\/cdt51.media.tourinsoft.eu\/upload\/Balade-au-Fil-de-l-eau---Chalons-OT-Chalons--1-.jpg?width=1536&amp;height=1536 1536w, https:\/\/cdt51.media.tourinsoft.eu\/upload\/Balade-au-Fil-de-l-eau---Chalons-OT-Chalons--1-.jpg?width=2048&amp;height=2048 2048w\" sizes=\"(max-width: 2048px) 100vw, 2048px\" title=\"\">\t\t<\/div>\n\t\n\t\t<div class=\"card__content\">\n\t\t\t\n\t\t\t\t\t\t\t\t\t\n\t\t\t\t\t\t\t\t\t\n\t\t\t\t\t\t<h3 class=\"title wp-block-heading is-style-h3\">\n\t\t\t\t<a href=\"https:\/\/tourisme-en-champagne.com\/de\/activite\/balades-en-barque-pique-nique\/\" target=\"_blank\">Balades en Barque Pique-Nique<\/a>\t\t\t\t\t\t\t<\/h3>\n\t\t\t\n\t\t\t\t\t\t\t\t\t\n\t\t\t\t\t\t<div class=\"underlined\"><\/div>\n\t\t\n\t\t\t\t\t\t\t\t\t\t<div class=\"location\">\n\t\t\t\t\tChalons-En-Champagne\t\t\t\t<\/div>\n\t\t\t\t\t\t\n\t\t\t\t\t\t\t\t\t\n\t\t\t\t\t\t\t\t\t\n\t\t\t\t\t\t\t\t\t\n\t\t\t\t\t\t\t\t\t\t<div class=\"descriptif\">Entdecken Sie das Erbe von Chalons-en-Champagne an Bord ein Motorboot in der Mittagspause.\r\rEntla&#8230;<\/div>\n\t\t\t\t\n\t\t\t\t\t\t\t\t\t\t\t\t\t\t\t\t\n\t\t\t\t\t\t\t\t\t\t<div class=\"wp-block-button\">\n\t\t\t\t\t<a class=\"wp-element-button rounded\" href=\"https:\/\/tourisme-en-champagne.com\/de\/activite\/balades-en-barque-pique-nique\/\" target=\"_blank\" aria-label=\"Mehr erfahren \u00fcber Balades en Barque Pique-Nique\">Mehr erfahren<\/a>\n\t\t\t\t<\/div>\n\t\t\t \n\t\t<\/div>\n\t\t\n\n\t\t<\/article>\n\n\t\t\t\t\t\t<\/div>\n\t\t\t\t\t\t\t\t\t\t\t\t\t\t\t\t\t<div class=\"swiper-slide \">\n\t\t\t\t\t\t\t\n<article class=\"card card--activite stretched-link\" data-id=\"28406\" data-post-id-sync-map=\"28406\" >\n\t\n\t\t\n\t\t\t\t<div class=\"card__thumbnail has-middleground-background-color stack\">\n\t\t\t<img decoding=\"async\" width=\"2048\" src=\"https:\/\/cdt51.media.tourinsoft.eu\/upload\/Cathe-drale-Saint-Etienne.jpg\" class=\"attachment- size-\" alt=\"Cath\u00e9drale Saint Etienne\" srcset=\"https:\/\/cdt51.media.tourinsoft.eu\/upload\/Cathe-drale-Saint-Etienne.jpg?width=400 400w, https:\/\/cdt51.media.tourinsoft.eu\/upload\/Cathe-drale-Saint-Etienne.jpg?width=640 640w, https:\/\/cdt51.media.tourinsoft.eu\/upload\/Cathe-drale-Saint-Etienne.jpg?width=768 768w, https:\/\/cdt51.media.tourinsoft.eu\/upload\/Cathe-drale-Saint-Etienne.jpg?width=1280 1280w, https:\/\/cdt51.media.tourinsoft.eu\/upload\/Cathe-drale-Saint-Etienne.jpg?width=1536&amp;height=1536 1536w, https:\/\/cdt51.media.tourinsoft.eu\/upload\/Cathe-drale-Saint-Etienne.jpg?width=2048&amp;height=2048 2048w\" sizes=\"(max-width: 2048px) 100vw, 2048px\" title=\"\">\t\t<\/div>\n\t\n\t\t<div class=\"card__content\">\n\t\t\t\n\t\t\t\t\t\t\t\t\t\n\t\t\t\t\t\t\t\t\t\n\t\t\t\t\t\t<h3 class=\"title wp-block-heading is-style-h3\">\n\t\t\t\t<a href=\"https:\/\/tourisme-en-champagne.com\/de\/activite\/cathedrale-saint-etienne\/\" target=\"_blank\">Cath\u00e9drale Saint Etienne<\/a>\t\t\t\t\t\t\t<\/h3>\n\t\t\t\n\t\t\t\t\t\t\t\t\t\n\t\t\t\t\t\t<div class=\"underlined\"><\/div>\n\t\t\n\t\t\t\t\t\t\t\t\t\t<div class=\"location\">\n\t\t\t\t\tChalons-En-Champagne\t\t\t\t<\/div>\n\t\t\t\t\t\t\n\t\t\t\t\t\t\t\t\t\n\t\t\t\t\t\t\t\t\t\n\t\t\t\t\t\t\t\t\t\n\t\t\t\t\t\t\t\t\t\t<div class=\"descriptif\">Das heutige Geb\u00e4ude hat eine sehr komplexe Geschichte. Es beh\u00e4lt seine romanischen zw\u00f6lften Jahrh&#8230;<\/div>\n\t\t\t\t\n\t\t\t\t\t\t\t\t\t\t\t\t\t\t\t\t\n\t\t\t\t\t\t\t\t\t\t<div class=\"wp-block-button\">\n\t\t\t\t\t<a class=\"wp-element-button rounded\" href=\"https:\/\/tourisme-en-champagne.com\/de\/activite\/cathedrale-saint-etienne\/\" target=\"_blank\" aria-label=\"Mehr erfahren \u00fcber Cath\u00e9drale Saint Etienne\">Mehr erfahren<\/a>\n\t\t\t\t<\/div>\n\t\t\t \n\t\t<\/div>\n\t\t\n\n\t\t<\/article>\n\n\t\t\t\t\t\t<\/div>\n\t\t\t\t\t\t\t\t\t\t\t\t\t\t<\/div>\n\t\t\t\t\n\t\t\t\t<div class=\"swiper-buttons\">\n\t\t\t\t\t<div class=\"swiper-button-prev\"><\/div>\n\t\t\t\t\t<div class=\"swiper-button-next\"><\/div>\n\t\t\t\t<\/div>\n\t\t\t<\/div>\n\t\t<\/div>\n\t\n<\/section>\n","protected":false},"excerpt":{"rendered":"<p>Ch\u00e2lons-en-Champagne ist weniger bekannt als seine Nachbarst\u00e4dte Reims und Epernay, aber es lohnt sich, die Stadt zu besuchen. Mit ihrem reichen historischen Erbe, ihrer architektonischen Vielfalt, den Bootsfahrten, den G\u00e4rten im Stadtzentrum, dem Champagner und vielen kulturellen Veranstaltungen bietet die Stadt eine friedliche und gleichzeitig dynamische Atmosph\u00e4re. Zahlreiche Reicht\u00fcmer Geschichtsinteressierte und Liebhaber des Kulturerbes kommen [&hellip;]<\/p>\n","protected":false},"author":2,"featured_media":13038,"parent":21437,"menu_order":0,"comment_status":"closed","ping_status":"closed","template":"templates\/destinations.php","meta":{"_acf_changed":false,"footnotes":"","_links_to":"","_links_to_target":""},"class_list":["post-20054","page","type-page","status-publish","has-post-thumbnail","hentry"],"acf":[],"_links":{"self":[{"href":"https:\/\/tourisme-en-champagne.com\/de\/wp-json\/wp\/v2\/pages\/20054","targetHints":{"allow":["GET"]}}],"collection":[{"href":"https:\/\/tourisme-en-champagne.com\/de\/wp-json\/wp\/v2\/pages"}],"about":[{"href":"https:\/\/tourisme-en-champagne.com\/de\/wp-json\/wp\/v2\/types\/page"}],"author":[{"embeddable":true,"href":"https:\/\/tourisme-en-champagne.com\/de\/wp-json\/wp\/v2\/users\/2"}],"replies":[{"embeddable":true,"href":"https:\/\/tourisme-en-champagne.com\/de\/wp-json\/wp\/v2\/comments?post=20054"}],"version-history":[{"count":2,"href":"https:\/\/tourisme-en-champagne.com\/de\/wp-json\/wp\/v2\/pages\/20054\/revisions"}],"predecessor-version":[{"id":20072,"href":"https:\/\/tourisme-en-champagne.com\/de\/wp-json\/wp\/v2\/pages\/20054\/revisions\/20072"}],"up":[{"embeddable":true,"href":"https:\/\/tourisme-en-champagne.com\/de\/wp-json\/wp\/v2\/pages\/21437"}],"wp:featuredmedia":[{"embeddable":true,"href":"https:\/\/tourisme-en-champagne.com\/de\/wp-json\/wp\/v2\/media\/13038"}],"wp:attachment":[{"href":"https:\/\/tourisme-en-champagne.com\/de\/wp-json\/wp\/v2\/media?parent=20054"}],"curies":[{"name":"wp","href":"https:\/\/api.w.org\/{rel}","templated":true}]}}