{"id":20044,"date":"2025-07-01T15:17:33","date_gmt":"2025-07-01T13:17:33","guid":{"rendered":"https:\/\/tourisme-en-champagne.com\/das-massiv-von-saint-thierry-das-tal-der-ardre\/"},"modified":"2025-11-27T16:02:12","modified_gmt":"2025-11-27T15:02:12","slug":"das-massiv-von-saint-thierry-das-tal-der-ardre","status":"publish","type":"page","link":"https:\/\/tourisme-en-champagne.com\/de\/alles-ueber-champagner\/vignobles-decouvertes\/das-massiv-von-saint-thierry-das-tal-der-ardre\/","title":{"rendered":"Das Massiv von Saint Thierry &amp; das Tal der Ardre"},"content":{"rendered":"\n<section class=\"wp-block-group alignfull pattern-text-50-media-50 has-global-padding is-layout-constrained wp-block-group-is-layout-constrained\">\n<div class=\"wp-block-columns are-vertically-aligned-center is-layout-flex wp-container-core-columns-is-layout-63fbf5b9 wp-block-columns-is-layout-flex\">\n<div class=\"wp-block-column is-vertically-aligned-center is-layout-flow wp-block-column-is-layout-flow\">\n<h2 class=\"wp-block-heading\"><strong>CHAMPAGNER, NATUR UND KULTURERBE<\/strong><\/h2>\n\n\n\n<hr class=\"wp-block-separator has-text-color has-grey-color has-alpha-channel-opacity has-grey-background-color has-background\"\/>\n\n\n\n<h3 class=\"wp-block-heading\">EINE GR\u00dcNE OASE<\/h3>\n\n\n\n<p class=\"wp-block-paragraph\">Das \u00f6stlich von Reims gelegene Gebiet Massif de Saint Thierry et de la Vall\u00e9e de l&#8217;Ardre verf\u00fcgt \u00fcber ein reiches Natur- und Baukulturerbe, das man zu Lande, in der Luft und in der Tiefe entdecken kann!<\/p>\n\n\n\n<p class=\"wp-block-paragraph\">Weinberge und W\u00e4lder bilden im Massif de Saint Thierry ein herrliches gr\u00fcnes Ensemble, das wie ein Schmuckk\u00e4stchen D\u00f6rfer umgibt, die eng mit der Kr\u00f6nung der K\u00f6nige von Frankreich verbunden sind.<\/p>\n\n\n\n<p class=\"wp-block-paragraph\">Etwa 15 Kellereien und H\u00e4user, die das Label<strong> &#8222;Vignobles &amp; D\u00e9couvertes&#8220; <\/strong>tragen, \u00f6ffnen ihre T\u00fcren und enth\u00fcllen Ihnen die Geheimnisse ihrer Champagner w\u00e4hrend einer Verkostung und\/oder eines Besuchs ihres Betriebs.  <\/p>\n\n\n\n<div class=\"wp-block-buttons is-layout-flex wp-block-buttons-is-layout-flex\">\n<div class=\"wp-block-button\"><a class=\"wp-block-button__link has-base-color has-grey-background-color has-text-color has-background has-link-color wp-element-button\" href=\"#\">DIE V&amp;D-LABELNEHMER<\/a><\/div>\n<\/div>\n<\/div>\n\n\n\n<div class=\"wp-block-column is-vertically-aligned-center is-layout-flow wp-block-column-is-layout-flow\">\n<figure class=\"wp-block-image size-full\"><img loading=\"lazy\" decoding=\"async\" width=\"485\" height=\"550\" src=\"https:\/\/tourisme-en-champagne.com\/assets\/uploads\/2025\/07\/vignoblereims.jpeg\" alt=\"\" class=\"wp-image-13105\" title=\"\" srcset=\"https:\/\/tourisme-en-champagne.com\/assets\/uploads\/2025\/07\/vignoblereims.jpeg 485w, https:\/\/tourisme-en-champagne.com\/assets\/uploads\/2025\/07\/vignoblereims-400x454.jpeg 400w\" sizes=\"auto, (max-width: 485px) 100vw, 485px\" \/><\/figure>\n<\/div>\n<\/div>\n<\/section>\n\n<section class=\"wp-block-group alignfull pattern-text-50-media-50-full has-brown-background-color has-background has-global-padding is-content-justification-center is-layout-constrained wp-block-group-is-layout-constrained\">\n<div class=\"wp-block-columns alignfull are-vertically-aligned-center is-layout-flex wp-container-core-columns-is-layout-addd0515 wp-block-columns-is-layout-flex\">\n<div class=\"wp-block-column is-vertically-aligned-center col-media is-layout-flow wp-block-column-is-layout-flow\" style=\"flex-basis:50%\">\n<figure class=\"wp-block-image size-full\"><img loading=\"lazy\" decoding=\"async\" width=\"960\" height=\"600\" src=\"https:\/\/tourisme-en-champagne.com\/assets\/uploads\/2025\/07\/feuilledevigne-0.jpeg\" alt=\"\" class=\"wp-image-13090\" title=\"\" srcset=\"https:\/\/tourisme-en-champagne.com\/assets\/uploads\/2025\/07\/feuilledevigne-0.jpeg 960w, https:\/\/tourisme-en-champagne.com\/assets\/uploads\/2025\/07\/feuilledevigne-0-640x400.jpeg 640w, https:\/\/tourisme-en-champagne.com\/assets\/uploads\/2025\/07\/feuilledevigne-0-400x250.jpeg 400w, https:\/\/tourisme-en-champagne.com\/assets\/uploads\/2025\/07\/feuilledevigne-0-768x480.jpeg 768w\" sizes=\"auto, (max-width: 960px) 100vw, 960px\" \/><\/figure>\n<\/div>\n\n\n\n<div class=\"wp-block-column is-vertically-aligned-center col-content is-layout-flow wp-block-column-is-layout-flow\" style=\"flex-basis:50%\">\n<h2 class=\"wp-block-heading\"><strong>Eine au\u00dfergew\u00f6hnliche historische Vergangenheit<\/strong><\/h2>\n\n\n\n<hr class=\"wp-block-separator has-text-color has-grey-color has-alpha-channel-opacity has-grey-background-color has-background\"\/>\n\n\n\n<p class=\"has-base-color has-text-color has-link-color wp-elements-34c16dd18936456e1d7ffaaacd7a0411 wp-block-paragraph\">Chlodwig schenkte das Masssif von Saint-Thierry am Weihnachtsabend 496 Saint-Remi als Belohnung f\u00fcr die empfangene Taufe.  <\/p>\n\n\n\n<p class=\"has-base-color has-text-color has-link-color wp-elements-8ba50cfdc466177eb6f8ef31e486f6a0 wp-block-paragraph\">Im 6. Jahrhundert gr\u00fcndete Thierry, ein Sch\u00fcler von Saint-Remi, ein Kloster an dem Ort, der &#8222;Mont d&#8217;Hor&#8220; genannt wird. Eine Legende besagt, dass ein wei\u00dfer Adler, der \u00fcber den H\u00fcgel flog, ihm den Ort des Oratoriums anzeigte und vier Jahre lang am Weihnachtstag zur\u00fcckkehrte, um \u00fcber dem Ort zu schweben. <\/p>\n\n\n\n<p class=\"has-base-color has-text-color has-link-color wp-elements-c3e519ed0d24a4874531baa1d187f607 wp-block-paragraph\">Dies f\u00fchrte zur Entwicklung der D\u00f6rfer des Massivs von Saint Thierry und ihrer Weinberge.<\/p>\n\n\n\n<p class=\"has-base-color has-text-color has-link-color wp-elements-77af7b36ebc4f981631d9da973dccad4 wp-block-paragraph\">Das Massif de Saint-Thierry war in seiner Vergangenheit ein gro\u00dfer Rotweinproduzent und wird haupts\u00e4chlich mit schwarzen Rebsorten bepflanzt: Pinot Noir und Pinot Meunier.  <\/p>\n<\/div>\n<\/div>\n<\/section>\n\n<section class=\"wp-block-group alignfull pattern-text-100 has-global-padding is-layout-constrained wp-block-group-is-layout-constrained\">\n<div class=\"wp-block-columns is-layout-flex wp-container-core-columns-is-layout-63fbf5b9 wp-block-columns-is-layout-flex\">\n<div class=\"wp-block-column is-layout-flow wp-block-column-is-layout-flow\">\n<p class=\"patterns-underline wp-block-paragraph\">Die Tour der <strong>Champagnerroute<\/strong> beginnt mit einem Besuch der Sch\u00e4tze des Kulturerbes der Stadt Reims, der Kathedrale mit dem ber\u00fchmten l\u00e4chelnden Engel, dem Palais du Tau, in dem die Sch\u00e4tze der Kathedrale und ein Teil der Originalstatuen aufbewahrt werden.<\/p>\n\n\n\n<p class=\"patterns-underline wp-block-paragraph\">Sie fahren dann in Richtung Tinqueux und Champigny. In Merfy beginnen die Weinberge&#8230; <\/p>\n\n\n\n<div class=\"wp-block-buttons is-layout-flex wp-block-buttons-is-layout-flex\">\n<div class=\"wp-block-button\"><a class=\"wp-block-button__link has-base-color has-grey-background-color has-text-color has-background has-link-color wp-element-button\" href=\"https:\/\/www.cirkwi.com\/fr\/circuit\/59609-route-touristique-du-champagne-massif-de-saint-thierry-vallee-de-l-ardre\" target=\"_blank\" rel=\"noreferrer noopener\">Siehe de route<\/a><\/div>\n<\/div>\n<\/div>\n<\/div>\n<\/section>\n\n<section class=\"wp-block-group alignfull pattern-text-50-media-50 has-global-padding is-layout-constrained wp-block-group-is-layout-constrained\">\n<div class=\"wp-block-columns are-vertically-aligned-center is-layout-flex wp-container-core-columns-is-layout-63fbf5b9 wp-block-columns-is-layout-flex\">\n<div class=\"wp-block-column is-vertically-aligned-center is-layout-flow wp-block-column-is-layout-flow\">\n<h2 class=\"wp-block-heading\"><strong>Auf dem Weg zu sehen<\/strong><\/h2>\n\n\n\n<hr class=\"wp-block-separator has-text-color has-grey-color has-alpha-channel-opacity has-grey-background-color has-background\"\/>\n\n\n\n<ol class=\"wp-block-list\">\n<li>Reims und seine UNESCO-Weltkulturerbest\u00e4tten: Kathedrale, Museum und Basilika Saint Remi, Palais du Tau<\/li>\n\n\n\n<li>Die Champagnerh\u00e4user von Reims und ihre kilometerlangen, in die Kreide gegrabenen Galerien<\/li>\n\n\n\n<li>Die Abtei von Saint Thierry, ehemalige Residenz der Bisch\u00f6fe von Champagne,<\/li>\n\n\n\n<li>P\u00e9vy und seine romanische Kirche mit einem Altarbild aus dem 15.<\/li>\n\n\n\n<li>Fismes, Stadt von Uderzo, dem ber\u00fchmten Zeichner der Comics &#8222;Asterix und Obelix&#8220;.<\/li>\n<\/ol>\n<\/div>\n\n\n\n<div class=\"wp-block-column is-vertically-aligned-center is-layout-flow wp-block-column-is-layout-flow\">\n<figure class=\"wp-block-image size-full\"><img loading=\"lazy\" decoding=\"async\" width=\"480\" height=\"376\" src=\"https:\/\/tourisme-en-champagne.com\/assets\/uploads\/2025\/07\/ben-1.jpeg\" alt=\"\" class=\"wp-image-13080\" title=\"\" srcset=\"https:\/\/tourisme-en-champagne.com\/assets\/uploads\/2025\/07\/ben-1.jpeg 480w, https:\/\/tourisme-en-champagne.com\/assets\/uploads\/2025\/07\/ben-1-400x313.jpeg 400w\" sizes=\"auto, (max-width: 480px) 100vw, 480px\" \/><\/figure>\n<\/div>\n<\/div>\n<\/section>\n\n<section class=\"wp-block-group alignfull pattern-text-50-media-50-full has-brown-background-color has-background has-global-padding is-content-justification-center is-layout-constrained wp-block-group-is-layout-constrained\">\n<div class=\"wp-block-columns alignfull are-vertically-aligned-center is-layout-flex wp-container-core-columns-is-layout-addd0515 wp-block-columns-is-layout-flex\">\n<div class=\"wp-block-column is-vertically-aligned-center col-media is-layout-flow wp-block-column-is-layout-flow\" style=\"flex-basis:50%\">\n<figure class=\"wp-block-image size-full\"><img loading=\"lazy\" decoding=\"async\" width=\"960\" height=\"600\" src=\"https:\/\/tourisme-en-champagne.com\/assets\/uploads\/2025\/07\/vendanges-0.jpeg\" alt=\"\" class=\"wp-image-13100\" title=\"\" srcset=\"https:\/\/tourisme-en-champagne.com\/assets\/uploads\/2025\/07\/vendanges-0.jpeg 960w, https:\/\/tourisme-en-champagne.com\/assets\/uploads\/2025\/07\/vendanges-0-640x400.jpeg 640w, https:\/\/tourisme-en-champagne.com\/assets\/uploads\/2025\/07\/vendanges-0-400x250.jpeg 400w, https:\/\/tourisme-en-champagne.com\/assets\/uploads\/2025\/07\/vendanges-0-768x480.jpeg 768w\" sizes=\"auto, (max-width: 960px) 100vw, 960px\" \/><\/figure>\n<\/div>\n\n\n\n<div class=\"wp-block-column is-vertically-aligned-center col-content is-layout-flow wp-block-column-is-layout-flow\" style=\"flex-basis:50%\">\n<h2 class=\"wp-block-heading\"><strong>Das Fest der Weinlese<\/strong><\/h2>\n\n\n\n<hr class=\"wp-block-separator has-text-color has-grey-color has-alpha-channel-opacity has-grey-background-color has-background\"\/>\n\n\n\n<p class=\"has-base-color has-text-color has-link-color wp-elements-418bbe0ef42b558af56d335153afbfdf wp-block-paragraph\">Alle zwei Jahre, in den geraden Jahren, organisiert <strong>die Association viticole du Massif de Saint-Thierry<\/strong> im Oktober ihr &#8222;F\u00eate des Vendanges&#8220; (Erntefest).<\/p>\n\n\n\n<p class=\"has-base-color has-text-color has-link-color wp-elements-ef303e7c8622f8092129c8977c8f9f0d wp-block-paragraph\">Auf dem Programm dieses prickelnden Festes stehen: Weinlese auf traditionelle Weise, Keltern, Mahlen und Verkostung von S\u00fc\u00dfwein, Vorf\u00fchrung von Degorgieren und Zapfen, Herstellung von F\u00e4ssern, handwerkliche Berufe, Stra\u00dfenk\u00fcnstler, ein Gourmetmarkt? Diese \u00f6notouristische Wanderveranstaltung soll das Terroir des Massivs von Saint Thierry widerspiegeln und verbindet die Entdeckung der Weinberge, Gastronomie, Kultur und Tradition in einer freundlichen und festlichen Atmosph\u00e4re. <\/p>\n\n\n\n<div class=\"wp-block-buttons is-layout-flex wp-block-buttons-is-layout-flex\">\n<div class=\"wp-block-button\"><a class=\"wp-block-button__link has-base-color has-grey-background-color has-text-color has-background has-link-color wp-element-button\" href=\"http:\/\/www.massif-saint-thierry.com\/\" target=\"_blank\" rel=\"noreferrer noopener\">Weitere Informationen<\/a><\/div>\n<\/div>\n<\/div>\n<\/div>\n<\/section>\n\n<section class=\"wp-block-group alignfull pattern-citation has-middleground-background-color has-background has-global-padding is-layout-constrained wp-block-group-is-layout-constrained\" style=\"padding-top:var(--wp--preset--spacing--xx-large);padding-bottom:var(--wp--preset--spacing--xx-large)\">\n<div class=\"wp-block-columns is-layout-flex wp-container-core-columns-is-layout-fdcf44e1 wp-block-columns-is-layout-flex\">\n<div class=\"wp-block-column is-layout-flow wp-block-column-is-layout-flow\">\n<h2 class=\"wp-block-heading\"><strong><em>ICH KANN NICHT OHNE CHAMPAGNER LEBEN, IM FALLE EINES SIEGES VERDIENE ICH IHN, IM FALLE EINER NIEDERLAGE BRAUCHE ICH IHN.<\/em><\/strong><\/h2>\n\n\n\n<hr class=\"wp-block-separator has-text-color has-grey-color has-alpha-channel-opacity has-grey-background-color has-background\"\/>\n\n\n\n<blockquote class=\"wp-block-quote is-layout-flow wp-block-quote-is-layout-flow\">\n<h3 class=\"wp-block-heading\"><em>Napoleon Bonaparte<\/em><\/h3>\n<\/blockquote>\n<\/div>\n<\/div>\n<\/section>\n\n<section style=\"background-image:url(&apos;https:\/\/tourisme-en-champagne.com\/assets\/uploads\/2025\/07\/rose.jpg&apos;);background-position:50% 50%;background-size:cover;background-attachment:scroll;\" class=\"wp-block-group alignfull pattern-text-50-left-background has-base-color has-text-color has-link-color wp-elements-9660d10b8f7bcf6b58bd3e77ebfce3b1 has-global-padding is-layout-constrained wp-block-group-is-layout-constrained has-background\">\n<div class=\"wp-block-columns is-layout-flex wp-container-core-columns-is-layout-fdcf44e1 wp-block-columns-is-layout-flex\">\n<div class=\"wp-block-column is-layout-flow wp-block-column-is-layout-flow\">\n<h2 class=\"wp-block-heading\"><strong>QUIZ<\/strong><\/h2>\n\n\n\n<hr class=\"wp-block-separator has-text-color has-base-color has-alpha-channel-opacity has-base-background-color has-background\"\/>\n\n\n\n<h3 class=\"wp-block-heading\">WELCHE METHODE WIRD AM H\u00c4UFIGSTEN F\u00dcR DIE HERSTELLUNG VON ROS\u00c9-CHAMPAGNER VERWENDET?<\/h3>\n\n\n\n<ol class=\"wp-block-list\">\n<li>Die Mischung aus einem hellen Wei\u00dfwein und einem Rotwein aus der Champagne<\/li>\n\n\n\n<li>Die Mazeration der Schalen von schwarzen Trauben in Saft<\/li>\n\n\n\n<li>Die Zugabe eines nat\u00fcrlichen Farbstoffs<\/li>\n<\/ol>\n\n\n\n<h4 class=\"wp-block-heading\">ANTWORT  <\/h4>\n\n\n\n<p class=\"wp-block-paragraph\"><em>Die Champagne ist die einzige franz\u00f6sische Region, in der die Assemblage f\u00fcr die Herstellung von Ros\u00e9 erlaubt ist, und die H\u00e4user verwenden \u00fcberwiegend diese Methode. Die zweite Methode, die sogenannte &#8222;de la saign\u00e9e&#8220;, wird seltener angewandt. <\/em><\/p>\n\n\n\n<p class=\"wp-block-paragraph\"><em>In den ersten rosafarbenen Weinen aus der Champagne wurde dem Wein ein Holunderbeeren-Farbstoff, &#8222;Liqueur de Fismes&#8220; genannt, hinzugef\u00fcgt, um die Farbe zu verbessern.<\/em><\/p>\n<\/div>\n\n\n\n<div class=\"wp-block-column is-layout-flow wp-block-column-is-layout-flow\"><\/div>\n<\/div>\n<\/section>\n\n<section class=\"wp-block-group alignfull pattern-text-100 has-middleground-background-color has-background has-global-padding is-layout-constrained wp-block-group-is-layout-constrained\">\n<div class=\"wp-block-columns is-layout-flex wp-container-core-columns-is-layout-63fbf5b9 wp-block-columns-is-layout-flex\">\n<div class=\"wp-block-column is-layout-flow wp-block-column-is-layout-flow\">\n<h2 class=\"wp-block-heading\"><strong>IHRE KONTAKTE<\/strong><\/h2>\n\n\n\n<hr class=\"wp-block-separator has-text-color has-grey-color has-alpha-channel-opacity has-grey-background-color has-background\"\/>\n\n\n\n<ul class=\"wp-block-list has-grey-color has-text-color has-link-color wp-elements-bd61346c95fa3317e00f4ef9238ec377\">\n<li>OFFICE DE TOURISME DU GRAND REIMS &#8211; 6 RUE ROCKFELLER &#8211; 51100 REIMS &#8211; 03 26 77 45 00 &#8211; <a href=\"http:\/\/www.reims-tourisme.com\/\" target=\"_blank\" rel=\"noreferrer noopener\">WWW.REIMS-TOURISME.COM<\/a><\/li>\n\n\n\n<li>EMPFANGSB\u00dcRO IN FISMES &#8211; 28 RUE REN\u00c9 LETILLY &#8211; 51170 FISMES &#8211; 03 26 48 81 28<\/li>\n<\/ul>\n<\/div>\n<\/div>\n<\/section>\n\n<section class=\"wp-block-group alignfull pattern-playlist-grid has-global-padding is-layout-constrained wp-block-group-is-layout-constrained\">\n<h2 class=\"wp-block-heading has-text-align-center\"><strong>Auswahl an Ausfl\u00fcgen<\/strong><\/h2>\n\n\n\n<hr class=\"wp-block-separator has-text-color has-accent-3-color has-alpha-channel-opacity has-accent-3-background-color has-background\"\/>\n\n\n\n<p class=\"has-text-align-center wp-block-paragraph\">Hier finden Sie einige Ideen f\u00fcr Spazierg\u00e4nge zur Entdeckung des Massivs von Saint-Thierry und des Tals der Ardre!<\/p>\n\n\n\t\t\t<div class=\"fsgb-block-playlist playlist-grid is-style-grid\"  style=\"margin-top:var(--wp--preset--spacing--x-large);\">\n\t\t\t\t\n\t\t\t\n\t\t\t<div class=\"swiper swiperPlaylistGrid\">\n\n\t\t\t\t<div class=\"swiper-wrapper posts-count-2\">\n\t\t\t\t\t\t\t\t\t\t\t\t\t\t\t\t\t<div class=\"swiper-slide \">\n\t\t\t\t\t\t\t\n<article class=\"card card--itineraire stretched-link\" data-id=\"26201\" data-post-id-sync-map=\"26201\" >\n\t\n\t\t\n\t\t\t\t<div class=\"card__thumbnail has-middleground-background-color stack\">\n\t\t\t<img decoding=\"async\" width=\"2048\" src=\"https:\/\/cdt51.media.tourinsoft.eu\/upload\/Randonnee-Fotolia-Coll.CDT-Marne--11-.jpg\" class=\"attachment- size-\" alt=\"PR 20 Circuit du Massif de Saint-Thierry\" srcset=\"https:\/\/cdt51.media.tourinsoft.eu\/upload\/Randonnee-Fotolia-Coll.CDT-Marne--11-.jpg?width=400 400w, https:\/\/cdt51.media.tourinsoft.eu\/upload\/Randonnee-Fotolia-Coll.CDT-Marne--11-.jpg?width=640 640w, https:\/\/cdt51.media.tourinsoft.eu\/upload\/Randonnee-Fotolia-Coll.CDT-Marne--11-.jpg?width=768 768w, https:\/\/cdt51.media.tourinsoft.eu\/upload\/Randonnee-Fotolia-Coll.CDT-Marne--11-.jpg?width=1280 1280w, https:\/\/cdt51.media.tourinsoft.eu\/upload\/Randonnee-Fotolia-Coll.CDT-Marne--11-.jpg?width=1536&amp;height=1536 1536w, https:\/\/cdt51.media.tourinsoft.eu\/upload\/Randonnee-Fotolia-Coll.CDT-Marne--11-.jpg?width=2048&amp;height=2048 2048w\" sizes=\"(max-width: 2048px) 100vw, 2048px\" title=\"\">\t\t<\/div>\n\t\n\t\t<div class=\"card__content\">\n\t\t\t\n\t\t\t\t\t\t\t\t\t\n\t\t\t\t\t\t\t\t\t\n\t\t\t\t\t\t<h3 class=\"title wp-block-heading is-style-h3\">\n\t\t\t\t<a href=\"https:\/\/tourisme-en-champagne.com\/de\/itineraire\/pr-20-circuit-du-massif-de-saint-thierry\/\" target=\"_blank\">PR 20 Circuit du Massif de Saint-Thierry<\/a>\t\t\t\t\t\t\t<\/h3>\n\t\t\t\n\t\t\t\t\t\t\t\t\t\n\t\t\t\t\t\t<div class=\"underlined\"><\/div>\n\t\t\n\t\t\t\t\t\t\t\t\t\t<div class=\"location\">\n\t\t\t\t\tChenay\t\t\t\t<\/div>\n\t\t\t\t\t\t\n\t\t\t\t\t\t\t\t\t\n\t\t\t\t\t\t\t\t\t\n\t\t\t\t\t\t\t\t\t\n\t\t\t\t\t\t\t\t\t\t<div class=\"descriptif\">Dauer der Tour\n2 Std. 30 Min.\n\nAnzahl der km\n7,5 km\n\nName der Ausgangsgemeinde\nChenay\n\nSch\u00f6ner Sp&#8230;<\/div>\n\t\t\t\t\n\t\t\t\t\t\t\t\t\t\t\t\t\t\t\t\t\n\t\t\t\t\t\t\t\t\t\t<div class=\"wp-block-button\">\n\t\t\t\t\t<a class=\"wp-element-button rounded\" href=\"https:\/\/tourisme-en-champagne.com\/de\/itineraire\/pr-20-circuit-du-massif-de-saint-thierry\/\" target=\"_blank\" aria-label=\"Mehr erfahren \u00fcber PR 20 Circuit du Massif de Saint-Thierry\">Mehr erfahren<\/a>\n\t\t\t\t<\/div>\n\t\t\t \n\t\t<\/div>\n\t\t\n\n\t\t<\/article>\n\n\t\t\t\t\t\t<\/div>\n\t\t\t\t\t\t\t\t\t\t\t\t\t\t\t\t\t<div class=\"swiper-slide \">\n\t\t\t\t\t\t\t\n<article class=\"card card--activite stretched-link\" data-id=\"28472\" data-post-id-sync-map=\"28472\" >\n\t\n\t\t\n\t\t\t\t<div class=\"card__thumbnail has-middleground-background-color stack\">\n\t\t\t<img decoding=\"async\" width=\"2048\" src=\"https:\/\/cdt51.media.tourinsoft.eu\/upload\/Cathe-drale-de-Reims_1.jpg\" class=\"attachment- size-\" alt=\"Visite guid\u00e9e de la Cath\u00e9drale Notre Dame de Reims\" srcset=\"https:\/\/cdt51.media.tourinsoft.eu\/upload\/Cathe-drale-de-Reims_1.jpg?width=400 400w, https:\/\/cdt51.media.tourinsoft.eu\/upload\/Cathe-drale-de-Reims_1.jpg?width=640 640w, https:\/\/cdt51.media.tourinsoft.eu\/upload\/Cathe-drale-de-Reims_1.jpg?width=768 768w, https:\/\/cdt51.media.tourinsoft.eu\/upload\/Cathe-drale-de-Reims_1.jpg?width=1280 1280w, https:\/\/cdt51.media.tourinsoft.eu\/upload\/Cathe-drale-de-Reims_1.jpg?width=1536&amp;height=1536 1536w, https:\/\/cdt51.media.tourinsoft.eu\/upload\/Cathe-drale-de-Reims_1.jpg?width=2048&amp;height=2048 2048w\" sizes=\"(max-width: 2048px) 100vw, 2048px\" title=\"\">\t\t<\/div>\n\t\n\t\t<div class=\"card__content\">\n\t\t\t\n\t\t\t\t\t\t\t\t\t\n\t\t\t\t\t\t\t\t\t\n\t\t\t\t\t\t<h3 class=\"title wp-block-heading is-style-h3\">\n\t\t\t\t<a href=\"https:\/\/tourisme-en-champagne.com\/de\/activite\/visite-guidee-de-la-cathedrale-notre-dame-de-reims\/\" target=\"_blank\">Visite guid\u00e9e de la Cath\u00e9drale Notre Dame de Reims<\/a>\t\t\t\t\t\t\t<\/h3>\n\t\t\t\n\t\t\t\t\t\t\t\t\t\n\t\t\t\t\t\t<div class=\"underlined\"><\/div>\n\t\t\n\t\t\t\t\t\t\t\t\t\t<div class=\"location\">\n\t\t\t\t\tReims\t\t\t\t<\/div>\n\t\t\t\t\t\t\n\t\t\t\t\t\t\t\t\t\n\t\t\t\t\t\t\t\t\t\n\t\t\t\t\t\t\t\t\t\n\t\t\t\t\t\t\t\t\t\t<div class=\"descriptif\">Reims Tourismusb\u00fcro bietet Audio-Guides f\u00fcr einen Besuch in Reims, die Kathedrale Notre Dame, Pal&#8230;<\/div>\n\t\t\t\t\n\t\t\t\t\t\t\t\t\t\t\t\t\t\t\t\t\n\t\t\t\t\t\t\t\t\t\t<div class=\"wp-block-button\">\n\t\t\t\t\t<a class=\"wp-element-button rounded\" href=\"https:\/\/tourisme-en-champagne.com\/de\/activite\/visite-guidee-de-la-cathedrale-notre-dame-de-reims\/\" target=\"_blank\" aria-label=\"Mehr erfahren \u00fcber Visite guid\u00e9e de la Cath\u00e9drale Notre Dame de Reims\">Mehr erfahren<\/a>\n\t\t\t\t<\/div>\n\t\t\t \n\t\t<\/div>\n\t\t\n\n\t\t<\/article>\n\n\t\t\t\t\t\t<\/div>\n\t\t\t\t\t\t\t\t\t\t\t\t\t\t<\/div>\n\t\t\t\t\n\t\t\t\t<div class=\"swiper-buttons\">\n\t\t\t\t\t<div class=\"swiper-button-prev\"><\/div>\n\t\t\t\t\t<div class=\"swiper-button-next\"><\/div>\n\t\t\t\t<\/div>\n\t\t\t<\/div>\n\t\t<\/div>\n\t\n<\/section>\n","protected":false},"excerpt":{"rendered":"<p>CHAMPAGNER, NATUR UND KULTURERBE EINE GR\u00dcNE OASE Das \u00f6stlich von Reims gelegene Gebiet Massif de Saint Thierry et de la Vall\u00e9e de l&#8217;Ardre verf\u00fcgt \u00fcber ein reiches Natur- und Baukulturerbe, das man zu Lande, in der Luft und in der Tiefe entdecken kann! Weinberge und W\u00e4lder bilden im Massif de Saint Thierry ein herrliches gr\u00fcnes [&hellip;]<\/p>\n","protected":false},"author":2,"featured_media":0,"parent":20618,"menu_order":0,"comment_status":"closed","ping_status":"closed","template":"templates\/editorial-content.php","meta":{"_acf_changed":false,"footnotes":"","_links_to":"","_links_to_target":""},"class_list":["post-20044","page","type-page","status-publish","hentry"],"acf":[],"_links":{"self":[{"href":"https:\/\/tourisme-en-champagne.com\/de\/wp-json\/wp\/v2\/pages\/20044","targetHints":{"allow":["GET"]}}],"collection":[{"href":"https:\/\/tourisme-en-champagne.com\/de\/wp-json\/wp\/v2\/pages"}],"about":[{"href":"https:\/\/tourisme-en-champagne.com\/de\/wp-json\/wp\/v2\/types\/page"}],"author":[{"embeddable":true,"href":"https:\/\/tourisme-en-champagne.com\/de\/wp-json\/wp\/v2\/users\/2"}],"replies":[{"embeddable":true,"href":"https:\/\/tourisme-en-champagne.com\/de\/wp-json\/wp\/v2\/comments?post=20044"}],"version-history":[{"count":1,"href":"https:\/\/tourisme-en-champagne.com\/de\/wp-json\/wp\/v2\/pages\/20044\/revisions"}],"predecessor-version":[{"id":20050,"href":"https:\/\/tourisme-en-champagne.com\/de\/wp-json\/wp\/v2\/pages\/20044\/revisions\/20050"}],"up":[{"embeddable":true,"href":"https:\/\/tourisme-en-champagne.com\/de\/wp-json\/wp\/v2\/pages\/20618"}],"wp:attachment":[{"href":"https:\/\/tourisme-en-champagne.com\/de\/wp-json\/wp\/v2\/media?parent=20044"}],"curies":[{"name":"wp","href":"https:\/\/api.w.org\/{rel}","templated":true}]}}