{"id":19885,"date":"2025-07-22T10:15:41","date_gmt":"2025-07-22T08:15:41","guid":{"rendered":"https:\/\/tourisme-en-champagne.com\/rundfahrt-durch-die-huegel-von-vitryat\/"},"modified":"2026-08-20T23:37:45","modified_gmt":"2026-08-20T21:37:45","slug":"rundfahrt-durch-die-huegel-von-vitryat","status":"publish","type":"page","link":"https:\/\/tourisme-en-champagne.com\/de\/alles-ueber-champagner\/touristische-route-der-champagne\/rundfahrt-durch-die-huegel-von-vitryat\/","title":{"rendered":"Rundfahrt durch die H\u00fcgel von Vitryat"},"content":{"rendered":"\n<section class=\"wp-block-group alignfull pattern-text-60-parenthese-media-40 has-global-padding is-layout-constrained wp-block-group-is-layout-constrained\">\n<div class=\"wp-block-columns is-layout-flex wp-container-core-columns-is-layout-fdcf44e1 wp-block-columns-is-layout-flex\">\n<div class=\"wp-block-column col-content is-layout-flow wp-block-column-is-layout-flow\" style=\"flex-basis:60%\">\n<h3 class=\"wp-block-heading has-accent-1-color has-text-color has-link-color wp-elements-a1962b76e3a972d2edf66a30b147203f\">TOURISTISCHE ROUTE DER CHAMPAGNE<br\/>RUNDREISE AB VITRY-LE-FRAN\u00c7OIS<\/h3>\n\n\n\n<p class=\"wp-block-paragraph\">Ihre Rundreise beginnt im Herzen von <strong>Vitry-le-Fran\u00e7ois<\/strong>. Die Stadt ist eine wichtige Station auf dem <strong>GR\u00ae654 <\/strong>und <strong>GR\u00ae145 <\/strong>in Richtung Santiago de Compostela oder Rom.   <\/p>\n\n\n\n<p class=\"wp-block-paragraph\">Cr\u00e9\u00e9e par Fran\u00e7ois Ier et son architecte italien Marini, la\u00a0<strong>Cit\u00e9 Rose<\/strong>, comme on la surnomme, a \u00e9t\u00e9 d\u00e9truite pendant la Seconde Guerre mondiale puis reb\u00e2tie \u00e0 l\u2019identique. Le centre ville forme un carr\u00e9 parfait, avec au milieu, la\u00a0<strong>statue de la D\u00e9esse de la Marne<\/strong>\u00a0d\u2019o\u00f9 partent les 4 art\u00e8res principales. Vous emprunterez l\u2019une d\u2019elle pour quitter la ville. En chemin, ne manquez pas d\u2019admirer la majestueuse\u00a0<a href=\"https:\/\/tourisme-en-champagne.com\/activite\/collegiale-notre-dame-de-lassomption\/\" data-type=\"activite\" data-id=\"7858\"><strong>Coll\u00e9giale N<\/strong><\/a><strong><a href=\"https:\/\/tourisme-en-champagne.com\/activite\/vitry-le-francois\/\" data-type=\"activite\" data-id=\"8239\">otre<\/a><\/strong><a href=\"https:\/\/www.tourisme-en-champagne.com\/collegiale-notre-dame\/vitry-le-francois\/pcu0000000001371\"><strong>-Dame<\/strong><\/a>, le plus grand \u00e9difice religieux de style classique du d\u00e9partement, et sa petite curiosit\u00e9\u0301 \u00e0 ne pas louper\u00a0:\u00a0<strong>le cadran solaire<\/strong>\u00a0situ\u00e9 sur la fa\u00e7ade Sud.\u00a0<\/p>\n\n\n\n<div class=\"wp-block-buttons is-layout-flex wp-block-buttons-is-layout-flex\">\n<div class=\"wp-block-button\"><a class=\"wp-block-button__link wp-element-button\" href=\"https:\/\/www.cirkwi.com\/fr\/circuit\/24347-route-touristique-du-champagne-des-coteaux-vitryats\" target=\"_blank\" rel=\"noopener\">Siehe de route<\/a><\/div>\n<\/div>\n<\/div>\n\n\n\n<div class=\"wp-block-column col-media is-layout-flow wp-block-column-is-layout-flow\" style=\"flex-basis:40%\">\n<figure class=\"wp-block-image size-full\"><img loading=\"lazy\" decoding=\"async\" width=\"400\" height=\"400\" src=\"https:\/\/tourisme-en-champagne.com\/assets\/uploads\/2025\/07\/vitry.jpeg\" alt=\"\" class=\"wp-image-14985\" style=\"aspect-ratio:1;object-fit:cover\" title=\"\"><\/figure>\n<\/div>\n<\/div>\n<\/section>\n\n<section class=\"wp-block-group alignfull pattern-text has-middleground-background-color has-background has-global-padding is-content-justification-center is-layout-constrained wp-block-group-is-layout-constrained\">\n<div class=\"wp-block-columns is-layout-flex wp-container-core-columns-is-layout-fdcf44e1 wp-block-columns-is-layout-flex\">\n<div class=\"wp-block-column is-layout-flow wp-block-column-is-layout-flow\">\n<h2 class=\"wp-block-heading\"><strong>Wussten Sie das?<\/strong><\/h2>\n\n\n\n<hr class=\"wp-block-separator has-text-color has-grey-color has-alpha-channel-opacity has-grey-background-color has-background\"\/>\n\n\n\n<p class=\"has-text-align-left wp-block-paragraph\">La\u00a0<a href=\"https:\/\/tourisme-en-champagne.com\/activite\/porte-du-pont-de-vitry-le-francois\/\" data-type=\"activite\" data-id=\"8560\">Porte du Pont<\/a>\u00a0est l\u2019un des derniers\u00a0vestiges des fortifications de la ville de Vitry-le-Fran\u00e7ois. Plusieurs souverains ont eu le privil\u00e8ge de la franchir, notamment Louis XIV \u00e0 deux reprises.\u00a0L\u2019\u00e9difice a \u00e9t\u00e9 d\u00e9mont\u00e9\u0301 pierre par pierre\u00a0\u00e0 l\u2019aube de la Seconde Guerre Mondiale, puis remont\u00e9 bien plus tard, en 1985, sur l\u2019axe o\u00f9 il se trouve aujourd\u2019hui.\u00a0Vous pourrez l\u2019approcher de plus pr\u00e8s lors des\u00a0Journ\u00e9es Europ\u00e9ennes du Patrimoine\u00a0!<br\/><\/p>\n<\/div>\n<\/div>\n<\/section>\n\n<section class=\"wp-block-group alignfull pattern-mosaic accent-3 has-global-padding is-layout-constrained wp-block-group-is-layout-constrained\">\n<div class=\"wp-block-columns is-layout-flex wp-container-core-columns-is-layout-fdcf44e1 wp-block-columns-is-layout-flex\">\n<div class=\"wp-block-column col-content is-layout-flow wp-block-column-is-layout-flow\">\n\t<div class=\"fsgb-block-link-mosaic is-style-grid swiper swiperMosaic\"  >\n\t\t\t\t\t<div class=\"swiper-wrapper\">\n\t\t\t\t\t\t\t\t\t\t\t\t<div class=\"swiper-slide\">\n\t\t\t\t\t\t\t<a href=\"https:\/\/tourisme-en-champagne.com\/activite\/porte-du-pont-de-vitry-le-francois\/\">\n\t\t\t\t\t\t\t\t\t\t\t<div class=\"thumbnail\"><img loading=\"lazy\" decoding=\"async\" width=\"400\" height=\"257\" src=\"https:\/\/tourisme-en-champagne.com\/assets\/uploads\/2025\/07\/vitry-le-francois-corinne-lantenois-8-400x257.jpeg\" class=\"attachment-thumbnail size-thumbnail\" alt=\"\" srcset=\"https:\/\/tourisme-en-champagne.com\/assets\/uploads\/2025\/07\/vitry-le-francois-corinne-lantenois-8-400x257.jpeg 400w, https:\/\/tourisme-en-champagne.com\/assets\/uploads\/2025\/07\/vitry-le-francois-corinne-lantenois-8-640x411.jpeg 640w, https:\/\/tourisme-en-champagne.com\/assets\/uploads\/2025\/07\/vitry-le-francois-corinne-lantenois-8.jpeg 670w\" sizes=\"auto, (max-width: 400px) 100vw, 400px\" title=\"\"><\/div>\n\t\t\t\t\t\t\t\t\t\t\t\t\t\t\t<div class=\"text-link-title\">\n\t\t\t\t\t\t\t\t\t\t\t\t\t\t\t\t\t\t\t<div class=\"text\">Br\u00fcckentor &#8211; Vitry-Le-Fran\u00e7ois<\/div>\n\t\t\t\t\t\t\t\t\t\t\t<\/div>\n\t\t\t\t<\/a>\n\t\t\t\t<\/div>\t\t\t\t\t\t\t\t\t\t<div class=\"swiper-slide\">\n\t\t\t\t\t\t\t<a href=\"https:\/\/tourisme-en-champagne.com\/activite\/arboretum-du-parc-de-lhotel-de-ville\/\">\n\t\t\t\t\t\t\t\t\t\t\t<div class=\"thumbnail\"><img loading=\"lazy\" decoding=\"async\" width=\"400\" height=\"257\" src=\"https:\/\/tourisme-en-champagne.com\/assets\/uploads\/2025\/07\/vitry-le-francois-3-400x257.jpeg\" class=\"attachment-thumbnail size-thumbnail\" alt=\"\" srcset=\"https:\/\/tourisme-en-champagne.com\/assets\/uploads\/2025\/07\/vitry-le-francois-3-400x257.jpeg 400w, https:\/\/tourisme-en-champagne.com\/assets\/uploads\/2025\/07\/vitry-le-francois-3-640x411.jpeg 640w, https:\/\/tourisme-en-champagne.com\/assets\/uploads\/2025\/07\/vitry-le-francois-3.jpeg 670w\" sizes=\"auto, (max-width: 400px) 100vw, 400px\" title=\"\"><\/div>\n\t\t\t\t\t\t\t\t\t\t\t\t\t\t\t<div class=\"text-link-title\">\n\t\t\t\t\t\t\t\t\t\t\t\t\t\t\t\t\t\t\t<div class=\"text\">Arboretum im Parc de l&#8217;H\u00f4tel de Ville (Rathauspark)<\/div>\n\t\t\t\t\t\t\t\t\t\t\t<\/div>\n\t\t\t\t<\/a>\n\t\t\t\t<\/div>\t\t\t\t\t\t\t\t<\/div>\n\t\t\t<div class=\"swiper-buttons\">\n\t\t\t\t<div class=\"swiper-button swiper-button-prev\"><\/div> \n\t\t\t\t<div class=\"swiper-button swiper-button-next\"><\/div>\n\t\t\t<\/div>\n\t\t\t\t\n\t<\/div>\n\n<\/div>\n<\/div>\n<\/section>\n\n<section class=\"wp-block-group alignfull pattern-text has-global-padding is-content-justification-center is-layout-constrained wp-block-group-is-layout-constrained\">\n<div class=\"wp-block-columns is-layout-flex wp-container-core-columns-is-layout-fdcf44e1 wp-block-columns-is-layout-flex\">\n<div class=\"wp-block-column is-layout-flow wp-block-column-is-layout-flow\">\n<p class=\"has-text-align-left wp-block-paragraph\">Prenez ensuite la Route de\u00a0<strong>Vitry-en-Perthois,<\/strong>\u00a0vous entrez bient\u00f4t dans le plus petit terroir de Champagne\u00a0: les Coteaux Vitryats. La route sillonne \u00e0 travers collines, monts et plaines et permet de d\u00e9couvrir des\u00a0<strong>villages \u00e0 l\u2019architecture caract\u00e9ristique du Bocage champenois<\/strong>. Dans ce paysage verdoyant et vallonn\u00e9, environ\u00a0<strong>480 ha de vignoble<\/strong>\u00a0s\u2019\u00e9tirent loin de la monotonie des plaines c\u00e9r\u00e9ali\u00e8res. Autour de vous, les vignes se dessinent. La majorit\u00e9 d\u2019entre elles sont plant\u00e9es en\u00a0<a href=\"https:\/\/tourisme-en-champagne.com\/tout-sur-le-champagne\/secrets-de-la-vigne-du-champagne\/\" data-type=\"page\" data-id=\"12799\"><strong>chardonnay<\/strong><\/a>.<\/p>\n\n\n\n<p class=\"has-text-align-left wp-block-paragraph\">Apr\u00e8s quelques minutes de route, vous arriverez \u00e0\u00a0<strong>Vitry-en-Perthois<\/strong>. Poussez la porte de la\u00a0<strong>Chapelle Sainte-Genevi\u00e8ve<\/strong>, un endroit agr\u00e9able en toute saison avec son all\u00e9e bord\u00e9e d\u2019arbres et sa maginfique vue. Au d\u00e9part du village, une\u00a0<a href=\"https:\/\/tourisme-en-champagne.com\/itineraire\/pr-39-le-mont-de-fourche\/\" data-type=\"itineraire\" data-id=\"8676\"><strong>boucle p\u00e9destre (PR 39)<\/strong><\/a>\u00a0monte vers le\u00a0<strong>Mont de Fourche<\/strong>\u00a0qui surplombe la Saulx et culmine \u00e0 208 m. Quand le ciel est d\u00e9gag\u00e9, le panorama sur la plaine marnaise s\u2019\u00e9tire jusqu\u2019\u00e0 une trentaine de kilom\u00e8tres \u00e0 la ronde\u00a0! En chemin, prenez le temps d\u2019observer les\u00a0<strong>splendides falaises cr\u00e9tac\u00e9es<\/strong>. La\u00a0<strong>craie<\/strong>\u00a0constitue l\u2019essentiel du sous-sol vitryat. Elle abrite des tr\u00e9sors et offre des conditions optimales pour le d\u00e9veloppement de la vigne. Une fois parvenus au sommet de la colline, vous appr\u00e9cierez une pause bien m\u00e9rit\u00e9e \u00e0 l\u2019ombre du\u00a0<a href=\"https:\/\/tourisme-en-champagne.com\/activite\/le-tilleul-de-vitry-en-perthois\/\" data-type=\"activite\" data-id=\"8110\"><strong>magnifique tilleul<\/strong>.<\/a><\/p>\n<\/div>\n<\/div>\n<\/section>\n\n<section class=\"wp-block-group alignfull pattern-text-60-parenthese-media-40 has-global-padding is-layout-constrained wp-block-group-is-layout-constrained\">\n<div class=\"wp-block-columns is-layout-flex wp-container-core-columns-is-layout-fdcf44e1 wp-block-columns-is-layout-flex\">\n<div class=\"wp-block-column col-content is-layout-flow wp-block-column-is-layout-flow\" style=\"flex-basis:60%\">\n<p class=\"wp-block-paragraph\">Ihre Rundreise geht weiter \u00fcber kleine Landstra\u00dfen. Von <strong>Changy <\/strong>aus, wo Sie inmitten der Weinberge in der<strong> <a href=\"https:\/\/www.tourisme-en-champagne.com\/loge-de-vigne-le-lit-de-vignes\/changy\/pcucha051v50gift\">Loge de Vignes &#8222;Le Lit de Vignes&#8220;.<\/a><\/strong> (Champagne Menu-Jacquier), \u00fcber <strong>Bassuet<\/strong> und <strong>Vavray-le-Petit<\/strong> bis <strong>Vavray-le-Grand<\/strong>, die D\u00f6rfer des Perthois laden Sie ein, ihre Geschichte und ihr Kulturerbe zu entdecken. In jedem dieser D\u00f6rfer \u00f6ffnen Ihnen die <strong>Winzer aus Vitryat<\/strong> die T\u00fcren zu ihren Weing\u00fctern.  <\/p>\n\n\n\n<p class=\"wp-block-paragraph\">Der mit Weinreben bedeckte Hang von <a href=\"https:\/\/www.tourisme-en-champagne.com\/balade-val-de-viere\/val-de-viereval-de-viere\/balade-fleurie\"><strong>Val-de-Vi\u00e8re<\/strong><\/a> l\u00e4dt zu Spazierg\u00e4ngen ein. Das Dorf ist bei Spazierg\u00e4ngern bekannt, die hier <strong>am 1. Mai die ber\u00fchmten Ma<\/strong>igl\u00f6ckchen pfl\u00fccken. <\/p>\n<\/div>\n\n\n\n<div class=\"wp-block-column col-media is-layout-flow wp-block-column-is-layout-flow\" style=\"flex-basis:40%\">\n<figure class=\"wp-block-image size-full\"><img loading=\"lazy\" decoding=\"async\" width=\"400\" height=\"400\" src=\"https:\/\/tourisme-en-champagne.com\/assets\/uploads\/2025\/07\/img-0878-yes.jpg\" alt=\"\" class=\"wp-image-14847\" style=\"aspect-ratio:1;object-fit:cover\" title=\"\"><\/figure>\n<\/div>\n<\/div>\n<\/section>\n\n<section style=\"background-image:url(&apos;https:\/\/tourisme-en-champagne.com\/assets\/uploads\/2025\/07\/loge-fenetre.jpg&apos;);background-position:50% 50%;background-size:cover;background-attachment:scroll;\" class=\"wp-block-group alignfull pattern-text-50-left-background has-base-color has-text-color has-link-color wp-elements-d6f19906d69907bbf476e95be82d28b4 has-global-padding is-layout-constrained wp-block-group-is-layout-constrained has-background\">\n<div class=\"wp-block-columns is-layout-flex wp-container-core-columns-is-layout-fdcf44e1 wp-block-columns-is-layout-flex\">\n<div class=\"wp-block-column is-layout-flow wp-block-column-is-layout-flow\">\n<p class=\"wp-block-paragraph\">Folgen Sie der Landstra\u00dfe in Richtung <strong>Vanault-les-Dames<\/strong> und biegen Sie dann links ab nach <strong>Vanault-le-Ch\u00e2tel<\/strong>. Halten Sie an der <strong><a href=\"https:\/\/www.tourisme-en-champagne.com\/loge-de-vignes-fenetre-sur-champagne\/vanault-le-chatel\/pcucha051v50gihw\">Loge de Vigne &#8222;Fen\u00eatre sur Champagne&#8220;.<\/a> <\/strong>(Champagne Trepo Leriguier), die einen kleinen transparenten W\u00fcrfel bildet, der sich um 360\u00b0 \u00f6ffnet und einen unvergleichlichen Blick auf die Coteaux Vitryats mit dem Dorf im Hintergrund bietet. Die <a href=\"https:\/\/www.tourisme-en-champagne.com\/loges-vignes-champagne\"><strong>Circuit des Loges de Vignes (Rundweg durch die Weinberge)<\/strong><\/a> (\u00fcber 300 km in der gesamten Champagne) l\u00e4dt Sie dazu ein, diese au\u00dfergew\u00f6hnlichen zeitgen\u00f6ssischen Kreationen auf einer Fahrt durch die Weinberge zu entdecken.  <\/p>\n\n\n\n<p class=\"wp-block-paragraph\">Die Route f\u00fchrt weiter durch die Getreideebene. Sie kommen nach <strong>Bassu<\/strong> mit seiner atypischen Kirche aus Dachziegeln, dann nach <strong>Lisse-en-Champagne<\/strong> und <strong>Saint-Lumier-en-Champagne<\/strong>. <\/p>\n<\/div>\n\n\n\n<div class=\"wp-block-column is-layout-flow wp-block-column-is-layout-flow\"><\/div>\n<\/div>\n<\/section>\n\n<section class=\"wp-block-group alignfull pattern-mosaic accent-3 has-global-padding is-layout-constrained wp-block-group-is-layout-constrained\">\n<div class=\"wp-block-columns is-layout-flex wp-container-core-columns-is-layout-fdcf44e1 wp-block-columns-is-layout-flex\">\n<div class=\"wp-block-column col-content is-layout-flow wp-block-column-is-layout-flow\">\n\t<div class=\"fsgb-block-link-mosaic is-style-grid swiper swiperMosaic\"  >\n\t\t\t\t\t<div class=\"swiper-wrapper\">\n\t\t\t\t\t\t\t\t\t\t\t\t<div class=\"swiper-slide\">\n\t\t\t\t\t\t\t<a href=\"https:\/\/tourisme-en-champagne.com\/activite\/village-musee-du-der\/\">\n\t\t\t\t\t\t\t\t\t\t\t<div class=\"thumbnail\"><img loading=\"lazy\" decoding=\"async\" width=\"400\" height=\"257\" src=\"https:\/\/tourisme-en-champagne.com\/assets\/uploads\/2025\/07\/musee-village-lac-du-der-v-montane-coll-adt-marne2-1-400x257.jpg\" class=\"attachment-thumbnail size-thumbnail\" alt=\"\" srcset=\"https:\/\/tourisme-en-champagne.com\/assets\/uploads\/2025\/07\/musee-village-lac-du-der-v-montane-coll-adt-marne2-1-400x257.jpg 400w, https:\/\/tourisme-en-champagne.com\/assets\/uploads\/2025\/07\/musee-village-lac-du-der-v-montane-coll-adt-marne2-1-640x411.jpg 640w, https:\/\/tourisme-en-champagne.com\/assets\/uploads\/2025\/07\/musee-village-lac-du-der-v-montane-coll-adt-marne2-1.jpg 670w\" sizes=\"auto, (max-width: 400px) 100vw, 400px\" title=\"\"><\/div>\n\t\t\t\t\t\t\t\t\t\t\t\t\t\t\t<div class=\"text-link-title\">\n\t\t\t\t\t\t\t\t\t\t\t\t\t\t\t\t\t\t\t<div class=\"text\">Village mus\u00e9e du der<\/div>\n\t\t\t\t\t\t\t\t\t\t\t<\/div>\n\t\t\t\t<\/a>\n\t\t\t\t<\/div>\t\t\t\t\t\t\t\t\t\t<div class=\"swiper-slide\">\n\t\t\t\t\t\t\t<a href=\"https:\/\/tourisme-en-champagne.com\/activite\/espace-vitry-champagne-et-der\/\">\n\t\t\t\t\t\t\t\t\t\t\t<div class=\"thumbnail\"><img loading=\"lazy\" decoding=\"async\" width=\"400\" height=\"257\" src=\"https:\/\/tourisme-en-champagne.com\/assets\/uploads\/2025\/07\/office-de-tourisme-vitry-le-francois-6-400x257.jpeg\" class=\"attachment-thumbnail size-thumbnail\" alt=\"\" srcset=\"https:\/\/tourisme-en-champagne.com\/assets\/uploads\/2025\/07\/office-de-tourisme-vitry-le-francois-6-400x257.jpeg 400w, https:\/\/tourisme-en-champagne.com\/assets\/uploads\/2025\/07\/office-de-tourisme-vitry-le-francois-6-640x411.jpeg 640w, https:\/\/tourisme-en-champagne.com\/assets\/uploads\/2025\/07\/office-de-tourisme-vitry-le-francois-6.jpeg 670w\" sizes=\"auto, (max-width: 400px) 100vw, 400px\" title=\"\"><\/div>\n\t\t\t\t\t\t\t\t\t\t\t\t\t\t\t<div class=\"text-link-title\">\n\t\t\t\t\t\t\t\t\t\t\t\t\t\t\t\t\t\t\t<div class=\"text\">Raum Vitry Champagne &amp; Der<\/div>\n\t\t\t\t\t\t\t\t\t\t\t<\/div>\n\t\t\t\t<\/a>\n\t\t\t\t<\/div>\t\t\t\t\t\t\t\t\t\t<div class=\"swiper-slide\">\n\t\t\t\t\t\t\t<a href=\"https:\/\/tourisme-en-champagne.com\/nos-greeters-en-champagne\/?_territoires_greeter=4c783af3-9ce9-4563-8fbe-5175c0a969f8\">\n\t\t\t\t\t\t\t\t\t\t\t<div class=\"thumbnail\"><img loading=\"lazy\" decoding=\"async\" width=\"400\" height=\"257\" src=\"https:\/\/tourisme-en-champagne.com\/assets\/uploads\/2025\/07\/jean-marie-lemoine-greeter-a-changy-2-1-400x257.jpeg\" class=\"attachment-thumbnail size-thumbnail\" alt=\"\" srcset=\"https:\/\/tourisme-en-champagne.com\/assets\/uploads\/2025\/07\/jean-marie-lemoine-greeter-a-changy-2-1-400x257.jpeg 400w, https:\/\/tourisme-en-champagne.com\/assets\/uploads\/2025\/07\/jean-marie-lemoine-greeter-a-changy-2-1-640x411.jpeg 640w, https:\/\/tourisme-en-champagne.com\/assets\/uploads\/2025\/07\/jean-marie-lemoine-greeter-a-changy-2-1.jpeg 670w\" sizes=\"auto, (max-width: 400px) 100vw, 400px\" title=\"\"><\/div>\n\t\t\t\t\t\t\t\t\t\t\t\t\t\t\t<div class=\"text-link-title\">\n\t\t\t\t\t\t\t\t\t\t\t\t\t\t\t\t\t\t\t<div class=\"text\">Spaziergang mit einem Greeter<\/div>\n\t\t\t\t\t\t\t\t\t\t\t<\/div>\n\t\t\t\t<\/a>\n\t\t\t\t<\/div>\t\t\t\t\t\t\t\t\t\t<div class=\"swiper-slide\">\n\t\t\t\t\t\t\t<a href=\"https:\/\/www.youtube.com\/watch?v=EKBd85pt0GA\" target=\"_blank\" rel=\"noopener\">\n\t\t\t\t\t\t\t\t\t\t\t<div class=\"thumbnail\"><img loading=\"lazy\" decoding=\"async\" width=\"400\" height=\"257\" src=\"https:\/\/tourisme-en-champagne.com\/assets\/uploads\/2025\/07\/youtube-ekbd85pt0ga-400x257.jpg\" class=\"attachment-thumbnail size-thumbnail\" alt=\"\" srcset=\"https:\/\/tourisme-en-champagne.com\/assets\/uploads\/2025\/07\/youtube-ekbd85pt0ga-400x257.jpg 400w, https:\/\/tourisme-en-champagne.com\/assets\/uploads\/2025\/07\/youtube-ekbd85pt0ga-640x411.jpg 640w, https:\/\/tourisme-en-champagne.com\/assets\/uploads\/2025\/07\/youtube-ekbd85pt0ga.jpg 670w\" sizes=\"auto, (max-width: 400px) 100vw, 400px\" title=\"\"><\/div>\n\t\t\t\t\t\t\t\t\t\t\t\t\t\t\t<div class=\"text-link-title\">\n\t\t\t\t\t\t\t\t\t\t\t\t\t\t\t\t\t\t\t<div class=\"text\">Entdecken Sie Der<\/div>\n\t\t\t\t\t\t\t\t\t\t\t<\/div>\n\t\t\t\t<\/a>\n\t\t\t\t<\/div>\t\t\t\t\t\t\t\t<\/div>\n\t\t\t<div class=\"swiper-buttons\">\n\t\t\t\t<div class=\"swiper-button swiper-button-prev\"><\/div> \n\t\t\t\t<div class=\"swiper-button swiper-button-next\"><\/div>\n\t\t\t<\/div>\n\t\t\t\t\n\t<\/div>\n\n<\/div>\n<\/div>\n<\/section>\n\n<section class=\"wp-block-group alignfull pattern-text has-global-padding is-content-justification-center is-layout-constrained wp-block-group-is-layout-constrained\">\n<div class=\"wp-block-columns is-layout-flex wp-container-core-columns-is-layout-fdcf44e1 wp-block-columns-is-layout-flex\">\n<div class=\"wp-block-column is-layout-flow wp-block-column-is-layout-flow\">\n<p class=\"has-text-align-left wp-block-paragraph\">\u00c9tape incontournable du circuit, le village de\u00a0<strong><a href=\"https:\/\/tourisme-en-champagne.com\/itineraire\/circuit-pedestre-a-saint-amand-sur-fion\/\" data-type=\"itineraire\" data-id=\"8760\">Saint-Amand-sur-Fion<\/a>,<\/strong>\u00a0qui a fait partie de l&#8217;association \u00ab\u00a0Les Plus Beaux Villages de France\u00a0\u00bb, vous charmera par ses maisons traditionnelles \u00e0 pans de bois. Ses ruelles se parcourent \u00e0 pied depuis longtemps, notamment via la\u00a0<strong>visite du centre-bourg<\/strong>\u00a0<strong>\u00ab\u00a0Au fil des ruelles\u00a0\u00bb,<\/strong>\u00a0\u00e0 partir du parking de l\u2019\u00e9glise, pour partir \u00e0 la d\u00e9couverte de\u00a0<a href=\"https:\/\/tourisme-en-champagne.com\/activite\/eglise-de-saint-amand-sur-fion\/\" data-type=\"activite\" data-id=\"7877\"><strong>l&#8217;\u00e9glise m\u00e9di\u00e9vale et son splendide porche \u00e0 arcades<\/strong><\/a>, des fontaines, de l\u2019architecture \u00e0 colombages, du moulin \u00e0 eau\u2026<\/p>\n\n\n\n<p class=\"has-text-align-left wp-block-paragraph\">Apr\u00e8s cette parenth\u00e8se bucolique, rejoignez Vitry-le-Fran\u00e7ois via\u00a0<a href=\"https:\/\/tourisme-en-champagne.com\/activite\/trottin-couvrot\/\" data-type=\"activite\" data-id=\"7727\"><strong>Couvrot<\/strong><\/a>, nich\u00e9 en bord de Marne, puis\u00a0<strong>Loisy-sur-Marne<\/strong>. Vous longerez ensuite la voie ferr\u00e9e vers\u00a0<strong>Blacy<\/strong>, situ\u00e9 pr\u00e8s de la Guenelle, un cours d\u2019eau qui se jette dans la Marne et prend sa source \u00e0\u00a0<strong>Glannes<\/strong>, le village suivant.<\/p>\n<\/div>\n<\/div>\n<\/section>\n\n<section style=\"background-image:url(&apos;https:\/\/tourisme-en-champagne.com\/assets\/uploads\/2025\/07\/concentration-camp-gdbc9ffde8-1920-1.jpeg&apos;);background-position:50% 50%;background-size:cover;background-attachment:scroll;\" class=\"wp-block-group alignfull pattern-text-50-left-background has-base-color has-text-color has-link-color wp-elements-fd67f38189b8482c878858e2418b39e8 has-global-padding is-layout-constrained wp-block-group-is-layout-constrained has-background\">\n<div class=\"wp-block-columns is-layout-flex wp-container-core-columns-is-layout-fdcf44e1 wp-block-columns-is-layout-flex\">\n<div class=\"wp-block-column is-layout-flow wp-block-column-is-layout-flow\">\n<p class=\"wp-block-paragraph\">Poursuivez votre route dans le bocage champenois en passant par\u00a0<strong>Huiron<\/strong>, pour atteindre\u00a0<strong>Courdemanges\u00a0<\/strong>qui produisait autrefois un vin blanc tr\u00e8s recherch\u00e9. \u00c0 proximit\u00e9, le\u00a0<a href=\"https:\/\/tourisme-en-champagne.com\/activite\/le-mont-moret\/\" data-type=\"activite\" data-id=\"7935\"><strong>Mont Moret<\/strong><\/a>, encore\u00a0<a href=\"https:\/\/ignrando.fr\/fr\/parcours\/320479-la-boucle-du-mont-moret-1914\" target=\"_blank\" rel=\"noreferrer noopener\">appel\u00e9 c\u00f4te 153,<\/a>\u00a0est un lieu incontournable lorsque l&#8217;on \u00e9voque\u00a0la\u00a0<a href=\"https:\/\/tourisme-en-champagne.com\/activites-visites\/culture-patrimoine\/marne14-18\/\" data-type=\"page\" data-id=\"10994\"><strong>Premi\u00e8re Guerre Mondiale<\/strong><\/a>\u00a0et notamment la\u00a0<a href=\"https:\/\/tourisme-en-champagne.com\/brochure\/la-marne-de-la-grande-guerre\/\" data-type=\"brochure\" data-id=\"566\"><strong>Premi\u00e8re Bataille de la Marne<\/strong><\/a>.<\/p>\n\n\n\n<div class=\"wp-block-buttons is-layout-flex wp-block-buttons-is-layout-flex\">\n<div class=\"wp-block-button\"><a class=\"wp-block-button__link has-accent-1-background-color has-background wp-element-button\" href=\"https:\/\/tourisme-en-champagne.com\/activites-visites\/culture-patrimoine\/marne14-18\/\">Weitere Informationen<\/a><\/div>\n<\/div>\n<\/div>\n\n\n\n<div class=\"wp-block-column is-layout-flow wp-block-column-is-layout-flow\"><\/div>\n<\/div>\n<\/section>\n\n<section class=\"wp-block-group alignfull pattern-text has-global-padding is-content-justification-center is-layout-constrained wp-block-group-is-layout-constrained\">\n<div class=\"wp-block-columns is-layout-flex wp-container-core-columns-is-layout-fdcf44e1 wp-block-columns-is-layout-flex\">\n<div class=\"wp-block-column is-layout-flow wp-block-column-is-layout-flow\">\n<p class=\"has-text-align-left wp-block-paragraph\">Ihre Route neigt sich dem Ende zu und f\u00fchrt Sie nach <strong>Frignicourt<\/strong>, das zwischen der Marne und dem Kanal liegt. Die Gemeinde wurde w\u00e4hrend der Schlacht an der Marne schwer getroffen, hat aber ihre Kirche mit Chor und Querschiff aus dem 13. In Bezug auf die Natur ist Frignicourt f\u00fcr seine Pappelw\u00e4lder und Kaulquappen bekannt, die w\u00e4hrend des Baus der Eisenbahnlinie genutzt wurden. Diese Wasserfl\u00e4chen wurden nun von der <strong>Natur<\/strong> auf so bemerkenswerte Weise zur\u00fcckerobert, dass seltene Pflanzen hier Zuflucht gefunden haben. Es lohnt sich, hier einen Spaziergang zu machen, zu angeln oder V\u00f6gel zu beobachten!    <\/p>\n\n\n\n<p class=\"has-text-align-left wp-block-paragraph\">Depuis Frignicourt, vous pouvez parcourir le\u00a0<a href=\"https:\/\/tourisme-en-champagne.com\/itineraire\/pr-113-sentiers-des-canaux-et-des-bords-de-marne\/\" data-type=\"itineraire\" data-id=\"8761\"><strong>Sentier des Canaux et des Bords de Marne<\/strong><\/a>\u00a0pour rejoindre\u00a0<strong>Vitry-le-Fran\u00e7ois<\/strong>\u00a0\u00e0 pied. La promenade est superbe et respire la nature. Si vous pr\u00e9f\u00e9rez boucler la boucle \u00e0 bord de votre v\u00e9hicule, vous emprunterez l\u2019Avenue de Champagne jusqu\u2019au centre ville de\u00a0<strong>Vitry-le-Fran\u00e7ois<\/strong>. Vous voil\u00e0 arriv\u00e9s\u00a0! N\u2019h\u00e9sitez pas \u00e0 terminer ce circuit avec une visite de\u00a0<strong>l\u2019H\u00f4tel de Ville et son jardin<\/strong>, tous deux class\u00e9s Monuments historiques. Une balade tr\u00e8s agr\u00e9able, surtout aux beaux jours\u00a0!<\/p>\n<\/div>\n<\/div>\n<\/section>\n\n<section class=\"wp-block-group alignfull pattern-text-60-parenthese-media-40 has-global-padding is-layout-constrained wp-block-group-is-layout-constrained\">\n<div class=\"wp-block-columns is-layout-flex wp-container-core-columns-is-layout-fdcf44e1 wp-block-columns-is-layout-flex\">\n<div class=\"wp-block-column col-content is-layout-flow wp-block-column-is-layout-flow\" style=\"flex-basis:60%\">\n<p class=\"wp-block-paragraph\">Et si vous souhaitez poursuivre votre escapade champenoise, rendez-vous \u00e0\u00a0<a href=\"https:\/\/tourisme-en-champagne.com\/itineraire\/pr-15-a-la-decouverte-de-giffaumont-champaubert\/\" data-type=\"itineraire\" data-id=\"8667\"><strong>Giffaumont-Champaubert<\/strong><\/a>, la seule station baln\u00e9aire en Champagne. C\u2019est la porte d\u2019entr\u00e9e id\u00e9ale pour d\u00e9couvrir le\u00a0<a href=\"https:\/\/tourisme-en-champagne.com\/destinations-aux-mille-visages\/lac-du-der-chantecoq-et-ses-alentours\/\" data-type=\"page\" data-id=\"16071\"><strong>Lac du Der<\/strong><\/a>, l\u2019un des plus grands lacs artificiels d\u2019Europe et un espace privil\u00e9gi\u00e9 de loisirs. Ce site exceptionnel abrite un\u00a0<strong>patrimoine ornithologique unique<\/strong>\u00a0: plus de 270 esp\u00e8ces d\u2019oiseaux, dont certaines r\u00e9put\u00e9es rares ou menac\u00e9es. C\u2019est le principal site de stationnement en Europe de la\u00a0<strong>grue cendr\u00e9e<\/strong>, l\u2019esp\u00e8ce la plus embl\u00e9matique du lac. Elle peut y \u00eatre observ\u00e9e de\u00a0mi-octobre \u00e0 mi-mars, alors n\u2019oubliez pas vos jumelles\u00a0!<\/p>\n\n\n\n<div class=\"wp-block-buttons is-layout-flex wp-block-buttons-is-layout-flex\">\n<div class=\"wp-block-button\"><a class=\"wp-block-button__link wp-element-button\">Weitere Informationen<\/a><\/div>\n<\/div>\n<\/div>\n\n\n\n<div class=\"wp-block-column col-media is-layout-flow wp-block-column-is-layout-flow\" style=\"flex-basis:40%\">\n<figure class=\"wp-block-image size-full\"><img loading=\"lazy\" decoding=\"async\" width=\"400\" height=\"400\" src=\"https:\/\/tourisme-en-champagne.com\/assets\/uploads\/2025\/07\/gruescpbourguignon-coll.jpg\" alt=\"\" class=\"wp-image-14890\" style=\"aspect-ratio:1;object-fit:cover\" title=\"\"><\/figure>\n<\/div>\n<\/div>\n<\/section>\n\n<section class=\"wp-block-group alignfull pattern-bubble-links has-middleground-background-color has-background has-global-padding is-layout-constrained wp-block-group-is-layout-constrained\" style=\"padding-top:var(--wp--preset--spacing--xx-large);padding-bottom:var(--wp--preset--spacing--xx-large)\">\n\t<div class=\"fsgb-block-link-mosaic is-style-bubbles alignwide\"  >\n\t\t\t\t\t\t\t\t\t\t\t\t<a href=\"https:\/\/tourisme-en-champagne.com\/caves-des-coteaux-vitryats\/\">\n\t\t\t\t\t\t\t\t\t\t\t<div class=\"thumbnail\"><img loading=\"lazy\" decoding=\"async\" width=\"49\" height=\"47\" src=\"https:\/\/tourisme-en-champagne.com\/assets\/uploads\/2025\/03\/vigne-1.svg\" class=\"attachment-thumbnail size-thumbnail\" alt=\"Picto Vignes\" title=\"\"><\/div>\n\t\t\t\t\t\t\t\t\t\t\t\t\t\t\t<div class=\"text-link-title\">\n\t\t\t\t\t\t\t\t\t\t\t\t\t<h2 class=\"link-title\">Caves de Champagne<\/h2>\n\t\t\t\t\t\t\t\t\t\t\t\t\t\t\t\t\t<\/div>\n\t\t\t\t<\/a>\n\t\t\t\t\t\t\t\t\t\t\t\t\t\t<a href=\"https:\/\/tourisme-en-champagne.com\/gites-meubles-coteaux-vitryats\/\">\n\t\t\t\t\t\t\t\t\t\t\t<div class=\"thumbnail\"><img loading=\"lazy\" decoding=\"async\" width=\"150\" height=\"150\" src=\"https:\/\/tourisme-en-champagne.com\/assets\/uploads\/2025\/06\/hebergement.png\" class=\"attachment-thumbnail size-thumbnail\" alt=\"H\u00e9bergement\" title=\"\"><\/div>\n\t\t\t\t\t\t\t\t\t\t\t\t\t\t\t<div class=\"text-link-title\">\n\t\t\t\t\t\t\t\t\t\t\t\t\t<h2 class=\"link-title\">G\u00eetes &amp; meubl\u00e9s<\/h2>\n\t\t\t\t\t\t\t\t\t\t\t\t\t\t\t\t\t<\/div>\n\t\t\t\t<\/a>\n\t\t\t\t\t\t\t\t\t\t\t\t\t\t<a href=\"https:\/\/tourisme-en-champagne.com\/restauration-coteaux-vitryats\/\">\n\t\t\t\t\t\t\t\t\t\t\t<div class=\"thumbnail\"><img loading=\"lazy\" decoding=\"async\" width=\"150\" height=\"150\" src=\"https:\/\/tourisme-en-champagne.com\/assets\/uploads\/2025\/06\/restaurant.png\" class=\"attachment-thumbnail size-thumbnail\" alt=\"Restaurant\" title=\"\"><\/div>\n\t\t\t\t\t\t\t\t\t\t\t\t\t\t\t<div class=\"text-link-title\">\n\t\t\t\t\t\t\t\t\t\t\t\t\t<h2 class=\"link-title\">Restaurants<\/h2>\n\t\t\t\t\t\t\t\t\t\t\t\t\t\t\t\t\t<\/div>\n\t\t\t\t<\/a>\n\t\t\t\t\t\t\t\t\t\t\t\t\t\t<a href=\"https:\/\/tourisme-en-champagne.com\/activites-des-coteaux-vitryats\/\">\n\t\t\t\t\t\t\t\t\t\t\t<div class=\"thumbnail\"><img loading=\"lazy\" decoding=\"async\" width=\"150\" height=\"150\" src=\"https:\/\/tourisme-en-champagne.com\/assets\/uploads\/2026\/01\/festival.svg\" class=\"attachment-thumbnail size-thumbnail\" alt=\"Picto F\u00eates et manifestations\" title=\"\"><\/div>\n\t\t\t\t\t\t\t\t\t\t\t\t\t\t\t<div class=\"text-link-title\">\n\t\t\t\t\t\t\t\t\t\t\t\t\t<h2 class=\"link-title\">Activit\u00e9s<\/h2>\n\t\t\t\t\t\t\t\t\t\t\t\t\t\t\t\t\t<\/div>\n\t\t\t\t<\/a>\n\t\t\t\t\t\t\t\t\t\t\t\n\t<\/div>\n\n<\/section>\n\n<section class=\"wp-block-group alignfull pattern-playlist-grid has-global-padding is-layout-constrained wp-block-group-is-layout-constrained\">\n<h2 class=\"wp-block-heading has-text-align-center\"><strong>Noch mehr Entdeckungen<\/strong><\/h2>\n\n\n\n<hr class=\"wp-block-separator has-text-color has-accent-3-color has-alpha-channel-opacity has-accent-3-background-color has-background\"\/>\n\n\n\t\t\t<div class=\"fsgb-block-playlist playlist-grid is-style-grid\"  style=\"margin-top:var(--wp--preset--spacing--x-large);\">\n\t\t\t\t\n\t\t\t\n\t\t\t<div class=\"swiper swiperPlaylistGrid\">\n\n\t\t\t\t<div class=\"swiper-wrapper posts-count-2\">\n\t\t\t\t\t\t\t\t\t\t\t\t\t\t\t\t\t<div class=\"swiper-slide \">\n\t\t\t\t\t\t\t\n<article class=\"card card--itineraire stretched-link\" data-id=\"26194\" data-post-id-sync-map=\"26194\" >\n\t\n\t\t\n\t\t\t\t<div class=\"card__thumbnail has-middleground-background-color stack\">\n\t\t\t<img decoding=\"async\" width=\"2048\" src=\"https:\/\/cdt51.media.tourinsoft.eu\/upload\/Panneau-Chemin-de-Randonnee-G.Dumoulin-Fotolia.com-Coll.CDT-Marne.jpg\" class=\"attachment- size-\" alt=\"PR 39 Le Mont de Fourche\" srcset=\"https:\/\/cdt51.media.tourinsoft.eu\/upload\/Panneau-Chemin-de-Randonnee-G.Dumoulin-Fotolia.com-Coll.CDT-Marne.jpg?width=400 400w, https:\/\/cdt51.media.tourinsoft.eu\/upload\/Panneau-Chemin-de-Randonnee-G.Dumoulin-Fotolia.com-Coll.CDT-Marne.jpg?width=640 640w, https:\/\/cdt51.media.tourinsoft.eu\/upload\/Panneau-Chemin-de-Randonnee-G.Dumoulin-Fotolia.com-Coll.CDT-Marne.jpg?width=768 768w, https:\/\/cdt51.media.tourinsoft.eu\/upload\/Panneau-Chemin-de-Randonnee-G.Dumoulin-Fotolia.com-Coll.CDT-Marne.jpg?width=1280 1280w, https:\/\/cdt51.media.tourinsoft.eu\/upload\/Panneau-Chemin-de-Randonnee-G.Dumoulin-Fotolia.com-Coll.CDT-Marne.jpg?width=1536&amp;height=1536 1536w, https:\/\/cdt51.media.tourinsoft.eu\/upload\/Panneau-Chemin-de-Randonnee-G.Dumoulin-Fotolia.com-Coll.CDT-Marne.jpg?width=2048&amp;height=2048 2048w\" sizes=\"(max-width: 2048px) 100vw, 2048px\" title=\"\">\t\t<\/div>\n\t\n\t\t<div class=\"card__content\">\n\t\t\t\n\t\t\t\t\t\t\t\t\t\n\t\t\t\t\t\t\t\t\t\n\t\t\t\t\t\t<h3 class=\"title wp-block-heading is-style-h3\">\n\t\t\t\t<a href=\"https:\/\/tourisme-en-champagne.com\/de\/itineraire\/pr-39-le-mont-de-fourche\/\" target=\"_blank\">PR 39 Le Mont de Fourche<\/a>\t\t\t\t\t\t\t<\/h3>\n\t\t\t\n\t\t\t\t\t\t\t\t\t\n\t\t\t\t\t\t<div class=\"underlined\"><\/div>\n\t\t\n\t\t\t\t\t\t\t\t\t\t<div class=\"location\">\n\t\t\t\t\tVitry-En-Perthois\t\t\t\t<\/div>\n\t\t\t\t\t\t\n\t\t\t\t\t\t\t\t\t\n\t\t\t\t\t\t\t\t\t\n\t\t\t\t\t\t\t\t\t\n\t\t\t\t\t\t\t\t\t\t<div class=\"descriptif\">Dauer der Tour\n3 Std.\n\nAnzahl der km\n12 km\n\nName der Ausgangsgemeinde\nVitry-en-Perthois\n\nDie \u201eAuf&#8230;<\/div>\n\t\t\t\t\n\t\t\t\t\t\t\t\t\t\t\t\t\t\t\t\t\n\t\t\t\t\t\t\t\t\t\t<div class=\"wp-block-button\">\n\t\t\t\t\t<a class=\"wp-element-button rounded\" href=\"https:\/\/tourisme-en-champagne.com\/de\/itineraire\/pr-39-le-mont-de-fourche\/\" target=\"_blank\" aria-label=\"Mehr erfahren \u00fcber PR 39 Le Mont de Fourche\">Mehr erfahren<\/a>\n\t\t\t\t<\/div>\n\t\t\t \n\t\t<\/div>\n\t\t\n\n\t\t<\/article>\n\n\t\t\t\t\t\t<\/div>\n\t\t\t\t\t\t\t\t\t\t\t\t\t\t\t\t\t<div class=\"swiper-slide \">\n\t\t\t\t\t\t\t\n<article class=\"card card--itineraire stretched-link\" data-id=\"26279\" data-post-id-sync-map=\"26279\" >\n\t\n\t\t\n\t\t\t\t<div class=\"card__thumbnail has-middleground-background-color stack\">\n\t\t\t<img decoding=\"async\" width=\"2048\" src=\"https:\/\/cdt51.media.tourinsoft.eu\/upload\/Vitry-le-Francois-3.jpg\" class=\"attachment- size-\" alt=\"PR 113 Sentiers des Canaux et des Bords de Marne\" srcset=\"https:\/\/cdt51.media.tourinsoft.eu\/upload\/Vitry-le-Francois-3.jpg?width=400 400w, https:\/\/cdt51.media.tourinsoft.eu\/upload\/Vitry-le-Francois-3.jpg?width=640 640w, https:\/\/cdt51.media.tourinsoft.eu\/upload\/Vitry-le-Francois-3.jpg?width=768 768w, https:\/\/cdt51.media.tourinsoft.eu\/upload\/Vitry-le-Francois-3.jpg?width=1280 1280w, https:\/\/cdt51.media.tourinsoft.eu\/upload\/Vitry-le-Francois-3.jpg?width=1536&amp;height=1536 1536w, https:\/\/cdt51.media.tourinsoft.eu\/upload\/Vitry-le-Francois-3.jpg?width=2048&amp;height=2048 2048w\" sizes=\"(max-width: 2048px) 100vw, 2048px\" title=\"\">\t\t<\/div>\n\t\n\t\t<div class=\"card__content\">\n\t\t\t\n\t\t\t\t\t\t\t\t\t\n\t\t\t\t\t\t\t\t\t\n\t\t\t\t\t\t<h3 class=\"title wp-block-heading is-style-h3\">\n\t\t\t\t<a href=\"https:\/\/tourisme-en-champagne.com\/de\/itineraire\/pr-113-sentiers-des-canaux-et-des-bords-de-marne\/\" target=\"_blank\">PR 113 Sentiers des Canaux et des Bords de Marne<\/a>\t\t\t\t\t\t\t<\/h3>\n\t\t\t\n\t\t\t\t\t\t\t\t\t\n\t\t\t\t\t\t<div class=\"underlined\"><\/div>\n\t\t\n\t\t\t\t\t\t\t\t\t\t<div class=\"location\">\n\t\t\t\t\tVitry-Le-Francois\t\t\t\t<\/div>\n\t\t\t\t\t\t\n\t\t\t\t\t\t\t\t\t\n\t\t\t\t\t\t\t\t\t\n\t\t\t\t\t\t\t\t\t\n\t\t\t\t\t\t\t\t\t\t<div class=\"descriptif\">Vitry-le-Fran\u00e7ois war in der Vergangenheit ein Zentrum des Skippers. In noch einer gleichnamigen &#8230;<\/div>\n\t\t\t\t\n\t\t\t\t\t\t\t\t\t\t\t\t\t\t\t\t\n\t\t\t\t\t\t\t\t\t\t<div class=\"wp-block-button\">\n\t\t\t\t\t<a class=\"wp-element-button rounded\" href=\"https:\/\/tourisme-en-champagne.com\/de\/itineraire\/pr-113-sentiers-des-canaux-et-des-bords-de-marne\/\" target=\"_blank\" aria-label=\"Mehr erfahren \u00fcber PR 113 Sentiers des Canaux et des Bords de Marne\">Mehr erfahren<\/a>\n\t\t\t\t<\/div>\n\t\t\t \n\t\t<\/div>\n\t\t\n\n\t\t<\/article>\n\n\t\t\t\t\t\t<\/div>\n\t\t\t\t\t\t\t\t\t\t\t\t\t\t<\/div>\n\t\t\t\t\n\t\t\t\t<div class=\"swiper-buttons\">\n\t\t\t\t\t<div class=\"swiper-button-prev\"><\/div>\n\t\t\t\t\t<div class=\"swiper-button-next\"><\/div>\n\t\t\t\t<\/div>\n\t\t\t<\/div>\n\t\t<\/div>\n\t\n<\/section>\n","protected":false},"excerpt":{"rendered":"<p>TOURISTISCHE ROUTE DER CHAMPAGNERUNDREISE AB VITRY-LE-FRAN\u00c7OIS Ihre Rundreise beginnt im Herzen von Vitry-le-Fran\u00e7ois. Die Stadt ist eine wichtige Station auf dem GR\u00ae654 und GR\u00ae145 in Richtung Santiago de Compostela oder Rom. Cr\u00e9\u00e9e par Fran\u00e7ois Ier et son architecte italien Marini, la\u00a0Cit\u00e9 Rose, comme on la surnomme, a \u00e9t\u00e9 d\u00e9truite pendant la Seconde Guerre mondiale puis [&hellip;]<\/p>\n","protected":false},"author":2,"featured_media":14833,"parent":20604,"menu_order":0,"comment_status":"closed","ping_status":"closed","template":"templates\/thematique.php","meta":{"_acf_changed":false,"footnotes":"","_links_to":"","_links_to_target":""},"class_list":["post-19885","page","type-page","status-publish","has-post-thumbnail","hentry"],"acf":[],"_links":{"self":[{"href":"https:\/\/tourisme-en-champagne.com\/de\/wp-json\/wp\/v2\/pages\/19885","targetHints":{"allow":["GET"]}}],"collection":[{"href":"https:\/\/tourisme-en-champagne.com\/de\/wp-json\/wp\/v2\/pages"}],"about":[{"href":"https:\/\/tourisme-en-champagne.com\/de\/wp-json\/wp\/v2\/types\/page"}],"author":[{"embeddable":true,"href":"https:\/\/tourisme-en-champagne.com\/de\/wp-json\/wp\/v2\/users\/2"}],"replies":[{"embeddable":true,"href":"https:\/\/tourisme-en-champagne.com\/de\/wp-json\/wp\/v2\/comments?post=19885"}],"version-history":[{"count":4,"href":"https:\/\/tourisme-en-champagne.com\/de\/wp-json\/wp\/v2\/pages\/19885\/revisions"}],"predecessor-version":[{"id":26294,"href":"https:\/\/tourisme-en-champagne.com\/de\/wp-json\/wp\/v2\/pages\/19885\/revisions\/26294"}],"up":[{"embeddable":true,"href":"https:\/\/tourisme-en-champagne.com\/de\/wp-json\/wp\/v2\/pages\/20604"}],"wp:featuredmedia":[{"embeddable":true,"href":"https:\/\/tourisme-en-champagne.com\/de\/wp-json\/wp\/v2\/media\/14833"}],"wp:attachment":[{"href":"https:\/\/tourisme-en-champagne.com\/de\/wp-json\/wp\/v2\/media?parent=19885"}],"curies":[{"name":"wp","href":"https:\/\/api.w.org\/{rel}","templated":true}]}}