{"id":19881,"date":"2025-07-07T09:05:30","date_gmt":"2025-07-07T07:05:30","guid":{"rendered":"https:\/\/tourisme-en-champagne.com\/rundfahrt-durch-die-montagne-de-reims\/"},"modified":"2026-08-20T23:37:55","modified_gmt":"2026-08-20T21:37:55","slug":"rundfahrt-durch-die-montagne-de-reims","status":"publish","type":"page","link":"https:\/\/tourisme-en-champagne.com\/de\/alles-ueber-champagner\/touristische-route-der-champagne\/rundfahrt-durch-die-montagne-de-reims\/","title":{"rendered":"Rundfahrt durch die Montagne de Reims"},"content":{"rendered":"\n<section class=\"wp-block-group alignfull pattern-text has-middleground-background-color has-background has-global-padding is-content-justification-center is-layout-constrained wp-block-group-is-layout-constrained\">\n<div class=\"wp-block-columns is-layout-flex wp-container-core-columns-is-layout-fdcf44e1 wp-block-columns-is-layout-flex\">\n<div class=\"wp-block-column is-layout-flow wp-block-column-is-layout-flow\">\n<h2 class=\"wp-block-heading\"><strong>LE SAVIEZ-VOUS ?<\/strong><\/h2>\n\n\n\n<hr class=\"wp-block-separator has-text-color has-accent-3-color has-alpha-channel-opacity has-accent-3-background-color has-background\"\/>\n\n\n\n<p class=\"has-text-align-left wp-block-paragraph\">In der Villa Demoiselle ist der Kronleuchter, der mit dem Treppenaufgang verschmilzt, 9,4 Meter hoch. Und das ist noch nicht alles! 20.000 Blatt 22 Karat Gold wurden vom Vergolder verwendet. 24 Leuchten bilden den Baccarat Zenith Kronleuchter, der von Philippe Starck entworfen wurde. Nicht zu vergessen der Parkettboden im gro\u00dfen Salon Demoiselle, der in einem 30.000 Liter fassenden Blitzfass gegraben wurde!    <\/p>\n<\/div>\n<\/div>\n<\/section>\n\n<section class=\"wp-block-group alignfull pattern-text-60-parenthese-media-40 has-global-padding is-layout-constrained wp-block-group-is-layout-constrained\">\n<div class=\"wp-block-columns is-layout-flex wp-container-core-columns-is-layout-fdcf44e1 wp-block-columns-is-layout-flex\">\n<div class=\"wp-block-column col-content is-layout-flow wp-block-column-is-layout-flow\" style=\"flex-basis:60%\">\n<h2 class=\"wp-block-heading\"><strong>TOURISTISCHE ROUTE DES CHAMPAGNERS<\/strong><\/h2>\n\n\n\n<h3 class=\"wp-block-heading has-accent-1-color has-text-color has-link-color wp-elements-23f791788acaf1952a4c8dceaa7216c9\">RUNDREISE AB REIMS<\/h3>\n\n\n\n<p class=\"wp-block-paragraph\">Bevor Sie sich auf den Weg machen, sollten Sie sich die Zeit nehmen, die Reicht\u00fcmer von <strong>Reims<\/strong> zu entdecken. Umgeben von 300 Jahre alten Weinbergen, beherbergt die Heilige Stadt au\u00dfergew\u00f6hnliche Sch\u00e4tze wie die <a href=\"https:\/\/www.tourisme-en-champagne.com\/visite-guidee-de-la-cathedrale-notre-dame-de-reims\/reims\/pcucha051v501dpl\"><strong>Kathedrale von Reims<\/strong><\/a><strong>Das Hotel Le Vergeur<\/strong> oder die <strong>Villa Demoiselle<\/strong>, ein architektonisches Meisterwerk, <strong>das<\/strong> <strong>Jugendstil<\/strong> und <strong>Art D\u00e9co<\/strong> verbindet. <\/p>\n\n\n\n<div class=\"wp-block-buttons is-layout-flex wp-block-buttons-is-layout-flex\">\n<div class=\"wp-block-button\"><a class=\"wp-block-button__link wp-element-button\" href=\"https:\/\/www.cirkwi.com\/fr\/circuit\/59605-route-touristique-du-champagne-montagne-de-reims\" target=\"_blank\" rel=\"noreferrer noopener\">Siehe de route<\/a><\/div>\n\n\n\n<div class=\"wp-block-button\"><a class=\"wp-block-button__link wp-element-button\" href=\"https:\/\/cdt51.media.tourinsoft.eu\/upload\/2325-route-du-champagne-autour-la-montagne-de-reims.mp3\" target=\"_blank\" rel=\"noreferrer noopener\">Audio-Tour<\/a><\/div>\n<\/div>\n<\/div>\n\n\n\n<div class=\"wp-block-column col-media is-layout-flow wp-block-column-is-layout-flow\" style=\"flex-basis:40%\">\n<figure class=\"wp-block-image size-full\"><img loading=\"lazy\" decoding=\"async\" width=\"400\" height=\"400\" src=\"https:\/\/tourisme-en-champagne.com\/assets\/uploads\/2025\/07\/vue-cathedrale-3cnaiim-de-la-lisiere.jpg\" alt=\"\" class=\"wp-image-13912\" style=\"aspect-ratio:1;object-fit:cover\" title=\"\"><\/figure>\n<\/div>\n<\/div>\n<\/section>\n\n<section class=\"wp-block-group alignfull pattern-text-80-media-20 has-global-padding is-layout-constrained wp-block-group-is-layout-constrained\">\n<div class=\"wp-block-columns is-layout-flex wp-container-core-columns-is-layout-fdcf44e1 wp-block-columns-is-layout-flex\">\n<div class=\"wp-block-column is-layout-flow wp-block-column-is-layout-flow\" style=\"flex-basis:40%\">\n<figure data-wp-context=\"{&quot;imageId&quot;:&quot;6a97924d16fe3&quot;}\" data-wp-interactive=\"core\/image\" data-wp-key=\"6a97924d16fe3\" class=\"wp-block-image size-full wp-lightbox-container\"><img loading=\"lazy\" decoding=\"async\" width=\"480\" height=\"319\" data-wp-class--hide=\"state.isContentHidden\" data-wp-class--show=\"state.isContentVisible\" data-wp-init=\"callbacks.setButtonStyles\" data-wp-on--click=\"actions.showLightbox\" data-wp-on--load=\"callbacks.setButtonStyles\" data-wp-on--pointerdown=\"actions.preloadImage\" data-wp-on--pointerenter=\"actions.preloadImageWithDelay\" data-wp-on--pointerleave=\"actions.cancelPreload\" data-wp-on-window--resize=\"callbacks.setButtonStyles\" src=\"https:\/\/tourisme-en-champagne.com\/assets\/uploads\/2025\/07\/arndgueuxreims11.jpeg\" alt=\"\" class=\"wp-image-13917\" title=\"\" srcset=\"https:\/\/tourisme-en-champagne.com\/assets\/uploads\/2025\/07\/arndgueuxreims11.jpeg 480w, https:\/\/tourisme-en-champagne.com\/assets\/uploads\/2025\/07\/arndgueuxreims11-400x266.jpeg 400w\" sizes=\"auto, (max-width: 480px) 100vw, 480px\" \/><button\n\t\t\tclass=\"lightbox-trigger\"\n\t\t\ttype=\"button\"\n\t\t\taria-haspopup=\"dialog\"\n\t\t\tdata-wp-bind--aria-label=\"state.thisImage.triggerButtonAriaLabel\"\n\t\t\tdata-wp-init=\"callbacks.initTriggerButton\"\n\t\t\tdata-wp-on--click=\"actions.showLightbox\"\n\t\t\tdata-wp-style--right=\"state.thisImage.buttonRight\"\n\t\t\tdata-wp-style--top=\"state.thisImage.buttonTop\"\n\t\t>\n\t\t\t<svg xmlns=\"http:\/\/www.w3.org\/2000\/svg\" width=\"12\" height=\"12\" fill=\"none\" viewBox=\"0 0 12 12\">\n\t\t\t\t<path fill=\"#fff\" d=\"M2 0a2 2 0 0 0-2 2v2h1.5V2a.5.5 0 0 1 .5-.5h2V0H2Zm2 10.5H2a.5.5 0 0 1-.5-.5V8H0v2a2 2 0 0 0 2 2h2v-1.5ZM8 12v-1.5h2a.5.5 0 0 0 .5-.5V8H12v2a2 2 0 0 1-2 2H8Zm2-12a2 2 0 0 1 2 2v2h-1.5V2a.5.5 0 0 0-.5-.5H8V0h2Z\" \/>\n\t\t\t<\/svg>\n\t\t<\/button><\/figure>\n<\/div>\n\n\n\n<div class=\"wp-block-column is-layout-flow wp-block-column-is-layout-flow\" style=\"flex-basis:60%\">\n<p class=\"wp-block-paragraph\">La premi\u00e8re \u00e9tape de votre itin\u00e9raire vous m\u00e8nera \u00e0\u00a0<strong>Gueux<\/strong>. Sur la D27, vous emprunterez une partie du l\u00e9gendaire\u00a0<a href=\"https:\/\/tourisme-en-champagne.com\/activite\/circuit-automobile-de-reims-gueux\/\" data-type=\"activite\" data-id=\"7984\"><strong>circuit automobile de Reims-Gueux<\/strong><\/a>\u00a0qui a accueilli 14 Grands Prix de France de Formule 1.<\/p>\n\n\n\n<h3 class=\"wp-block-heading has-accent-1-color has-text-color has-link-color wp-elements-4445bd78d41465be61ea621e6ebc391a\"><strong><em>Anedoctes<\/em><\/strong><\/h3>\n\n\n\n<p class=\"wp-block-paragraph\"><em>Auf dieser ber\u00fchmten Rennstrecke fuhr der Argentinier Juan Manuel Fangio 1958 seinen letzten Grand Prix. Auch andere Rennfahrer haben in Gueux ihr Gl\u00fcck versucht: Trintignant, Beltoise, Pescarolo,&#8230; <\/em><\/p>\n<\/div>\n<\/div>\n<\/section>\n\n<section class=\"wp-block-group alignfull pattern-text has-global-padding is-content-justification-center is-layout-constrained wp-block-group-is-layout-constrained\">\n<div class=\"wp-block-columns is-layout-flex wp-container-core-columns-is-layout-fdcf44e1 wp-block-columns-is-layout-flex\">\n<div class=\"wp-block-column is-layout-flow wp-block-column-is-layout-flow\">\n<p class=\"wp-block-paragraph\">Das Dorf <strong>Vrigny<\/strong>, die n\u00e4chste Station auf Ihrer Route, markiert den Beginn Ihrer Reise durch die <strong>nord\u00f6stlichen H\u00e4nge der Montagne de Reims<\/strong>, die sich \u00fcber <strong>Sermiers<\/strong> und <strong>Verzy<\/strong> bis nach <strong>Tr\u00e9pail<\/strong> winden.<\/p>\n\n\n\n<p class=\"wp-block-paragraph\">Le relief s\u2019accentue, pour mieux mettre en valeur les longues pentes couronn\u00e9es par la for\u00eat qui plongent dans la plaine agricole. \u00c0 perte de vue, les vignes habillent le versant et ses escarpements, ponctu\u00e9s de panoramas exceptionnels tout au long de la\u00a0<strong><a href=\"https:\/\/tourisme-en-champagne.com\/tout-sur-le-champagne\/route-touristique-du-champagne\/\" data-type=\"page\" data-id=\"10286\">Route touristique du Champagne<\/a><\/strong>.<\/p>\n\n\n\n<p class=\"wp-block-paragraph\">Vous venez aussi d\u2019entrer dans le\u00a0<a href=\"https:\/\/tourisme-en-champagne.com\/activite\/parc-naturel-regional-de-la-montagne-de-reims\/\" data-type=\"activite\" data-id=\"8035\"><strong>Parc naturel r\u00e9gional de la Montagne de Reims<\/strong><\/a>, un territoire unique qui s\u2019\u00e9tend sur 533 km\u00b2.\u00a0 Vous aurez tout le loisir de l\u2019appr\u00e9cier \u00e0 sa juste valeur en traversant plusieurs des 65 communes qu\u2019il recouvre, \u00e0 commencer par\u00a0<strong>Coulommes-la-Montagne<\/strong>\u00a0et\u00a0<strong>Pargny-l\u00e8s-Reims<\/strong>, dans leur habillage forestier.\u00a0<\/p>\n<\/div>\n<\/div>\n<\/section>\n\n<section class=\"wp-block-group alignfull pattern-mosaic accent-3 has-global-padding is-layout-constrained wp-block-group-is-layout-constrained\">\n<div class=\"wp-block-columns is-layout-flex wp-container-core-columns-is-layout-fdcf44e1 wp-block-columns-is-layout-flex\">\n<div class=\"wp-block-column col-content is-layout-flow wp-block-column-is-layout-flow\">\n<h2 class=\"wp-block-heading has-text-align-center\"><strong><strong>Auswahl an Ausfl\u00fcgen<\/strong><\/strong><\/h2>\n\n\n\n<hr class=\"wp-block-separator has-text-color has-accent-1-color has-alpha-channel-opacity has-accent-1-background-color has-background\"\/>\n\n\n\n\t<div class=\"fsgb-block-link-mosaic is-style-grid swiper swiperMosaic\"  >\n\t\t\t\t\t<div class=\"swiper-wrapper\">\n\t\t\t\t\t\t\t\t\t\t\t\t<div class=\"swiper-slide\">\n\t\t\t\t\t\t\t<a href=\"#\" target=\"_blank\">\n\t\t\t\t\t\t\t\t\t\t\t<div class=\"thumbnail\"><img loading=\"lazy\" decoding=\"async\" width=\"400\" height=\"257\" src=\"https:\/\/tourisme-en-champagne.com\/assets\/uploads\/2025\/07\/sentier-de-decouverte-des-loges-de-vignes-3-400x257.jpeg\" class=\"attachment-thumbnail size-thumbnail\" alt=\"\" srcset=\"https:\/\/tourisme-en-champagne.com\/assets\/uploads\/2025\/07\/sentier-de-decouverte-des-loges-de-vignes-3-400x257.jpeg 400w, https:\/\/tourisme-en-champagne.com\/assets\/uploads\/2025\/07\/sentier-de-decouverte-des-loges-de-vignes-3-640x411.jpeg 640w, https:\/\/tourisme-en-champagne.com\/assets\/uploads\/2025\/07\/sentier-de-decouverte-des-loges-de-vignes-3.jpeg 670w\" sizes=\"auto, (max-width: 400px) 100vw, 400px\" title=\"\"><\/div>\n\t\t\t\t\t\t\t\t\t\t\t\t\t\t\t<div class=\"text-link-title\">\n\t\t\t\t\t\t\t\t\t\t\t\t\t<h2 class=\"link-title\">Sentier des loges de vignes<\/h2>\n\t\t\t\t\t\t\t\t\t\t\t\t\t\t\t\t\t<\/div>\n\t\t\t\t<\/a>\n\t\t\t\t<\/div>\t\t\t\t\t\t\t\t\t\t<div class=\"swiper-slide\">\n\t\t\t\t\t\t\t<a href=\"#\" target=\"_blank\">\n\t\t\t\t\t\t\t\t\t\t\t<div class=\"thumbnail\"><img loading=\"lazy\" decoding=\"async\" width=\"400\" height=\"257\" src=\"https:\/\/tourisme-en-champagne.com\/assets\/uploads\/2025\/07\/echo-400x257.jpeg\" class=\"attachment-thumbnail size-thumbnail\" alt=\"\" srcset=\"https:\/\/tourisme-en-champagne.com\/assets\/uploads\/2025\/07\/echo-400x257.jpeg 400w, https:\/\/tourisme-en-champagne.com\/assets\/uploads\/2025\/07\/echo-640x411.jpeg 640w, https:\/\/tourisme-en-champagne.com\/assets\/uploads\/2025\/07\/echo.jpeg 670w\" sizes=\"auto, (max-width: 400px) 100vw, 400px\" title=\"\"><\/div>\n\t\t\t\t\t\t\t\t\t\t\t\t\t\t\t<div class=\"text-link-title\">\n\t\t\t\t\t\t\t\t\t\t\t\t\t<h2 class=\"link-title\">Loge de vigne &#8222;l&#8217;echo&#8220;<\/h2>\n\t\t\t\t\t\t\t\t\t\t\t\t\t\t\t\t\t<\/div>\n\t\t\t\t<\/a>\n\t\t\t\t<\/div>\t\t\t\t\t\t\t\t\t\t<div class=\"swiper-slide\">\n\t\t\t\t\t\t\t<a href=\"#\" target=\"_blank\">\n\t\t\t\t\t\t\t\t\t\t\t<div class=\"thumbnail\"><img loading=\"lazy\" decoding=\"async\" width=\"400\" height=\"257\" src=\"https:\/\/tourisme-en-champagne.com\/assets\/uploads\/2025\/07\/trepail-etbt-goulet-2-400x257.jpeg\" class=\"attachment-thumbnail size-thumbnail\" alt=\"\" srcset=\"https:\/\/tourisme-en-champagne.com\/assets\/uploads\/2025\/07\/trepail-etbt-goulet-2-400x257.jpeg 400w, https:\/\/tourisme-en-champagne.com\/assets\/uploads\/2025\/07\/trepail-etbt-goulet-2-640x411.jpeg 640w, https:\/\/tourisme-en-champagne.com\/assets\/uploads\/2025\/07\/trepail-etbt-goulet-2.jpeg 670w\" sizes=\"auto, (max-width: 400px) 100vw, 400px\" title=\"\"><\/div>\n\t\t\t\t\t\t\t\t\t\t\t\t\t\t\t<div class=\"text-link-title\">\n\t\t\t\t\t\t\t\t\t\t\t\t\t<h2 class=\"link-title\">Escapade du parc &#8222;Si tr\u00e9pail m&#8217;\u00e9tait cont\u00e9&#8220;<\/h2>\n\t\t\t\t\t\t\t\t\t\t\t\t\t\t\t\t\t<\/div>\n\t\t\t\t<\/a>\n\t\t\t\t<\/div>\t\t\t\t\t\t\t\t<\/div>\n\t\t\t<div class=\"swiper-buttons\">\n\t\t\t\t<div class=\"swiper-button swiper-button-prev\"><\/div> \n\t\t\t\t<div class=\"swiper-button swiper-button-next\"><\/div>\n\t\t\t<\/div>\n\t\t\t\t\n\t<\/div>\n\n<\/div>\n<\/div>\n<\/section>\n\n<section class=\"wp-block-group alignfull pattern-text has-global-padding is-content-justification-center is-layout-constrained wp-block-group-is-layout-constrained\">\n<div class=\"wp-block-columns is-layout-flex wp-container-core-columns-is-layout-fdcf44e1 wp-block-columns-is-layout-flex\">\n<div class=\"wp-block-column is-layout-flow wp-block-column-is-layout-flow\">\n<p class=\"wp-block-paragraph\">Le circuit forme ensuite une petite boucle vers le\u00a0<strong>Tardenois<\/strong>\u00a0et les villages de\u00a0<strong>Bouilly<\/strong>\u00a0et\u00a0<strong>Courmas<\/strong>, avant de redescendre vers\u00a0<a href=\"https:\/\/tourisme-en-champagne.com\/activite\/chapelle-saint-lie\/\" data-type=\"activite\" data-id=\"7995\"><strong>Villedommange<\/strong><\/a>. Vous pourrez y cheminer jusqu\u2019au sommet d&#8217;une butte o\u00f9 se niche la\u00a0chapelle Saint-Li\u00e9<strong>.\u00a0<\/strong>Depuis le sentier, on embrasse du regard toute la r\u00e9gion de la plaine de Reims\u00a0!<\/p>\n\n\n\n<p class=\"wp-block-paragraph\">Ein Weindorf nach dem anderen reiht sich an den H\u00e4ngen aneinander. Sie befinden sich im Herzen der <g id=\"gid_0\">&#8222;Petite Montagne&#8220;<\/g>, die Sie mit dem Reichtum ihrer Kirchen verf\u00fchren wird: die Kirche von <g id=\"gid_1\"><g id=\"gid_2\">Sacy<\/g><\/g>mit ihrer langen, eleganten Spitze; die von de <g id=\"gid_3\"><g id=\"gid_4\">Chamery<\/g><\/g> mit seinem 57 Meter hohen Glockenturm; dann die Kirche von <g id=\"gid_5\"><g id=\"gid_6\">Sermiers<\/g><\/g> mit seinem Zwiebelturm&#8230; Z\u00f6gern Sie nicht, die T\u00fcr eines der vielen <strong>Winzer<\/strong> zu \u00f6ffnen, die das Terroir der Montagne de Reims veredeln, um ihre Leidenschaft zu teilen oder ihre authentischen Cuv\u00e9es zu verkosten.  <\/p>\n\n\n\n<p class=\"wp-block-paragraph\">Unterwegs treffen Sie vielleicht auf Radfahrer, die <strong>auf der Radroute des Departements Parc de la Montagne de Reims V5101<\/strong> unterwegs sind. Diese anspruchsvolle Strecke verbindet Reims mit Epernay \u00fcber 38,5 km und f\u00fchrt u.a. durch Villedommange, Sacy, Ecueil, Chamery und Sermiers. <\/p>\n\n\n\n<p class=\"wp-block-paragraph\">Machen Sie eine Pause und schlendern Sie durch die engen Stra\u00dfen von Rilly. <a href=\"https:\/\/www.tourisme-en-champagne.com\/balade-rilly-la-montagne\/rilly-la-montagnerilly-la-montagne\/balade-fleurie\"><strong>Rilly-la-Montagne<\/strong><\/a>oder durch die von Champagne. <a href=\"https:\/\/www.tourisme-en-champagne.com\/chigny-les-roses\/villecha051000bo\"><strong>Chigny-les-Roses<\/strong><\/a>Hier wird die Erinnerung an Madame Pommery, die Rosenliebhaberin, wach. Anfang des letzten Jahrhunderts benannte der damalige Pr\u00e4sident der Republik, Emile Loubet, die Gemeinde zu Ehren des wundersch\u00f6nen Rosengartens um, der das Landhaus von <strong>Louise Pommery<\/strong>, die Wiege der Familie, umgab.   <\/p>\n<\/div>\n<\/div>\n<\/section>\n\n<section class=\"wp-block-group alignfull pattern-text-80-media-20 has-global-padding is-layout-constrained wp-block-group-is-layout-constrained\">\n<div class=\"wp-block-columns is-layout-flex wp-container-core-columns-is-layout-fdcf44e1 wp-block-columns-is-layout-flex\">\n<div class=\"wp-block-column is-layout-flow wp-block-column-is-layout-flow\" style=\"flex-basis:40%\">\n<figure data-wp-context=\"{&quot;imageId&quot;:&quot;6a97924d23f7d&quot;}\" data-wp-interactive=\"core\/image\" data-wp-key=\"6a97924d23f7d\" class=\"wp-block-image size-full wp-lightbox-container\"><img loading=\"lazy\" decoding=\"async\" width=\"600\" height=\"600\" data-wp-class--hide=\"state.isContentHidden\" data-wp-class--show=\"state.isContentVisible\" data-wp-init=\"callbacks.setButtonStyles\" data-wp-on--click=\"actions.showLightbox\" data-wp-on--load=\"callbacks.setButtonStyles\" data-wp-on--pointerdown=\"actions.preloadImage\" data-wp-on--pointerenter=\"actions.preloadImageWithDelay\" data-wp-on--pointerleave=\"actions.cancelPreload\" data-wp-on-window--resize=\"callbacks.setButtonStyles\" src=\"https:\/\/tourisme-en-champagne.com\/assets\/uploads\/2025\/07\/verzenay-3.jpeg\" alt=\"\" class=\"wp-image-13939\" title=\"\" srcset=\"https:\/\/tourisme-en-champagne.com\/assets\/uploads\/2025\/07\/verzenay-3.jpeg 600w, https:\/\/tourisme-en-champagne.com\/assets\/uploads\/2025\/07\/verzenay-3-400x400.jpeg 400w\" sizes=\"auto, (max-width: 600px) 100vw, 600px\" \/><button\n\t\t\tclass=\"lightbox-trigger\"\n\t\t\ttype=\"button\"\n\t\t\taria-haspopup=\"dialog\"\n\t\t\tdata-wp-bind--aria-label=\"state.thisImage.triggerButtonAriaLabel\"\n\t\t\tdata-wp-init=\"callbacks.initTriggerButton\"\n\t\t\tdata-wp-on--click=\"actions.showLightbox\"\n\t\t\tdata-wp-style--right=\"state.thisImage.buttonRight\"\n\t\t\tdata-wp-style--top=\"state.thisImage.buttonTop\"\n\t\t>\n\t\t\t<svg xmlns=\"http:\/\/www.w3.org\/2000\/svg\" width=\"12\" height=\"12\" fill=\"none\" viewBox=\"0 0 12 12\">\n\t\t\t\t<path fill=\"#fff\" d=\"M2 0a2 2 0 0 0-2 2v2h1.5V2a.5.5 0 0 1 .5-.5h2V0H2Zm2 10.5H2a.5.5 0 0 1-.5-.5V8H0v2a2 2 0 0 0 2 2h2v-1.5ZM8 12v-1.5h2a.5.5 0 0 0 .5-.5V8H12v2a2 2 0 0 1-2 2H8Zm2-12a2 2 0 0 1 2 2v2h-1.5V2a.5.5 0 0 0-.5-.5H8V0h2Z\" \/>\n\t\t\t<\/svg>\n\t\t<\/button><\/figure>\n<\/div>\n\n\n\n<div class=\"wp-block-column is-layout-flow wp-block-column-is-layout-flow\" style=\"flex-basis:60%\">\n<p class=\"wp-block-paragraph\">Von jedem Dorf aus sind mehrere Spazierg\u00e4nge m\u00f6glich, wie z.B. <a href=\"https:\/\/www.tourisme-en-champagne.com\/escapade-du-parc-si-rilly-la-montagne-metait-conte\/rilly-la-montagnerilly-la-montagne\/pedestre\"><strong>die Escapade du Parc &#8222;Si Rilly-la-Montagne m&#8217;\u00e9tait cont\u00e9&#8220; (Wenn Rilly-la-Montagne mir erz\u00e4hlt w\u00fcrde).<\/strong><\/a> oder der <a href=\"https:\/\/www.tourisme-en-champagne.com\/sentier-de-decouverte-de-mailly-champagne\/mailly-champagnemailly-champagne\/pedestre\"><strong>Entdeckungspfad von Mailly-Champagne<\/strong><\/a>Dieser Weg f\u00fchrt zwischen Weinbergen und W\u00e4ldern hindurch und enth\u00fcllt die Geheimnisse der Montagne de Reims.<\/p>\n\n\n\n<p class=\"wp-block-paragraph\">Sie kommen dann nach <strong>Verzenay<\/strong>, wo Sie einen Zwischenstopp einlegen sollten. <a href=\"https:\/\/www.tourisme-en-champagne.com\/moulin-de-verzenay\/verzenay\/pcucha051v502dnt\"><strong>Moulin de Verzenay<\/strong><\/a>. Dieses Wahrzeichen der Champagne kann nicht besichtigt werden, aber es bietet eine der sch\u00f6nsten Aussichten auf die Weinberge der Champagne. Ganz in der N\u00e4he erwartet Sie eine andere landschaftliche Sehensw\u00fcrdigkeit: der <strong><a href=\"https:\/\/www.tourisme-en-champagne.com\/phare-de-verzenay\/verzenay\/pcu0000000000614\">Der Leuchtturm von Verzenay.<\/a> <\/strong>! Dieses Vorzeigeobjekt der Region, das einst als XXL-Werbung f\u00fcr seinen vision\u00e4ren Sch\u00f6pfer diente, beherbergt heute ein spannendes \u00d6komuseum, das dem Weinbau gewidmet ist.  <\/p>\n<\/div>\n<\/div>\n<\/section>\n\n<section class=\"wp-block-group alignfull pattern-text has-global-padding is-content-justification-center is-layout-constrained wp-block-group-is-layout-constrained\">\n<div class=\"wp-block-columns is-layout-flex wp-container-core-columns-is-layout-fdcf44e1 wp-block-columns-is-layout-flex\">\n<div class=\"wp-block-column is-layout-flow wp-block-column-is-layout-flow\">\n<p class=\"wp-block-paragraph\">Einige Kilometer weiter k\u00f6nnen Sie den sehr alten Marktflecken <strong>Verzy<\/strong> bewundern. Fahren Sie in Richtung des Berges <a href=\"https:\/\/www.tourisme-en-champagne.com\/observatoire-militaire-du-mont-sinai\/verzy\/pcucha051v509g7b\" target=\"_blank\" rel=\"noreferrer noopener\"><strong>Mont Sinai<\/strong><\/a>Der Berg ist ein historisches Monument, ebenso wie seine <strong>Blockh\u00e4user<\/strong>. Durch seine Lage im regionalen Naturpark Montagne de Reims bietet dieser <g id=\"gid_4\">286 m hohe<\/g> Berg immer noch einen <g id=\"gid_5\">Aussichtspunkt \u00fcber die Ebene von Reims mit einem 180\u00b0-Panorama, das sich nach Norden richtet<\/g>. Der <strong>Orientierungstisch<\/strong>, der hier errichtet wurde, ist eine der Attraktionen des Waldes von Verzy.   <\/p>\n\n\n\n<p class=\"wp-block-paragraph\">Gleich daneben liegt der Zugang zum Wald. <a href=\"https:\/\/www.tourisme-en-champagne.com\/randonnee-des-faux-de-verzy-label-th\/verzyverzy\/pedestre\" target=\"_blank\" rel=\"noreferrer noopener\"><strong>Der Staatswald von Verzy<\/strong><\/a>. Es ist das meistbesuchte Naturschutzgebiet in der Champagne-Ardenne, wegen der ber\u00fchmten Buchen von Verzy, auch <strong>Faux<\/strong> genannt. Mit mehr als 800 Faux auf einer Fl\u00e4che von 60 Hektar <g id=\"gid_3\">ist der Wald von Verzy einzigartig in der Welt<\/g>. Diese Naturrarit\u00e4t wird seit 1932 durch ein Naturschutzgebiet und seit 1981 durch ein biologisches Reservat gesch\u00fctzt.   <\/p>\n<\/div>\n<\/div>\n<\/section>\n\n<section style=\"background-image:url(&apos;https:\/\/tourisme-en-champagne.com\/assets\/uploads\/2025\/06\/faux-de-verzycegoulet-colladt-marne1-0.jpg&apos;);background-position:50% 50%;background-size:cover;background-attachment:scroll;\" class=\"wp-block-group alignfull pattern-text-50-left-background has-base-color has-text-color has-link-color wp-elements-3a79d26d0fcfbd8903eb70695f19794e has-global-padding is-layout-constrained wp-block-group-is-layout-constrained has-background\">\n<div class=\"wp-block-columns is-layout-flex wp-container-core-columns-is-layout-fdcf44e1 wp-block-columns-is-layout-flex\">\n<div class=\"wp-block-column is-layout-flow wp-block-column-is-layout-flow\">\n<h2 class=\"wp-block-heading\"><strong>Wussten Sie das?<\/strong><\/h2>\n\n\n\n<hr class=\"wp-block-separator has-text-color has-base-color has-alpha-channel-opacity has-base-background-color has-background\"\/>\n\n\n\n<p class=\"wp-block-paragraph\"><em>Der Standort der Faux soll der der ehemaligen G\u00e4rten der Abtei von Saint-Basle sein. Es wird angenommen, aber nicht bewiesen, dass der Erhalt dieser B\u00e4ume bis zur Revolution den Benediktinerm\u00f6nchen zu verdanken ist. Die Population von Faux, die unter dem Bl\u00e4tterdach des Waldes keinen Zugang zum Licht hat, h\u00e4tte sich ohne das Wirken des Menschen nicht erhalten k\u00f6nnen. Heute wird der Wald von Verzy vom ONF (Office National des For\u00eats) bewirtschaftet, das die Erhaltung der Faux de Verzy mit der Holzproduktion und dem Empfang von Wanderern in Einklang bringt.   <\/em><\/p>\n<\/div>\n\n\n\n<div class=\"wp-block-column is-layout-flow wp-block-column-is-layout-flow\"><\/div>\n<\/div>\n<\/section>\n\n<section class=\"wp-block-group alignfull pattern-text has-global-padding is-content-justification-center is-layout-constrained wp-block-group-is-layout-constrained\">\n<div class=\"wp-block-columns is-layout-flex wp-container-core-columns-is-layout-fdcf44e1 wp-block-columns-is-layout-flex\">\n<div class=\"wp-block-column is-layout-flow wp-block-column-is-layout-flow\">\n<p class=\"wp-block-paragraph\">Das <strong>biologische Reservat Faux de Verzy<\/strong> wird von einem Wanderweg durchquert, der seit 2010 mit dem Label Tourisme &amp; Handicap f\u00fcr die vier Arten von Behinderungen (auditiv, visuell, motorisch, mental) ausgezeichnet ist. Dieser Spaziergang ist f\u00fcr alle zug\u00e4nglich und erm\u00f6glicht die Beobachtung von etwa 100 Faux. <\/p>\n\n\n\n<p class=\"wp-block-paragraph\">Mehrere spielerische Werkzeuge stehen Ihnen zur Verf\u00fcgung, um den regionalen Naturpark Montagne de Reims zu erkunden. Mit der <a href=\"https:\/\/www.onf.fr\/foret-exception\/montagne-de-reims-foret-dexception\/+\/918::montagne-de-reims-foret-dexception-les-actions-pour-concilier-les-usages-de-lespace-forestier-et-laccueil-du-public.html\" target=\"_blank\" rel=\"noreferrer noopener\"><strong>der Anwendung &#8222;En for\u00eat de Verzy&#8220; (Im Wald von Verzy).<\/strong><\/a>, ein innovatives p\u00e4dagogisches Werkzeug des ONF, k\u00f6nnen Sie die Faux de Verzy aus einem anderen Blickwinkel betrachten. Die einzige Bedingung ist, dass Sie die App vor Ihrem Besuch auf Ihr Smartphone herunterladen! Der Wald von Verzy ist nicht mit dem Netz abgedeckt, das erforderlich ist, um das Multimedia-Tool vor Ort zu erhalten&#8230;   <\/p>\n\n\n\n<p class=\"wp-block-paragraph\">Eine weitere M\u00f6glichkeit, die ausgetretenen Pfade in den Montagne de Reims zu verlassen: <a href=\"https:\/\/www.onf.fr\/foret-exception\/montagne-de-reims-foret-dexception\/+\/918::montagne-de-reims-foret-dexception-les-actions-pour-concilier-les-usages-de-lespace-forestier-et-laccueil-du-public.html\" target=\"_blank\" rel=\"noreferrer noopener\"><strong>die Abenteuer-App. <\/strong><\/a><strong>&#8222;<a href=\"https:\/\/www.onf.fr\/foret-exception\/montagne-de-reims-foret-dexception\/+\/918::montagne-de-reims-foret-dexception-les-actions-pour-concilier-les-usages-de-lespace-forestier-et-laccueil-du-public.html\" target=\"_blank\" rel=\"noreferrer noopener\">Le secret du Ch\u00eane \u00e0 la Vierge&#8220;.<\/a><\/strong> Der Parcours &#8222;Le Ch\u00eane \u00e0 la Vierge&#8220; ist eine Mischung aus Escape Game, Orientierungslauf und Geocaching. Er besteht aus 10 Stationen auf 3,6 km und dauert zwischen 1,5 und 2 Stunden. Was ist Ihre Aufgabe? Finden Sie einen Schatz mit Hilfe der QR-Code-Markierungen, die sich entlang der Strecke befinden. Dieses Spiel wird vom ONF kostenlos angeboten und ist ideal, wenn Sie mit der Familie unterwegs sind. Vergessen Sie auch hier nicht, die App herunterzuladen, bevor Sie ankommen!    <\/p>\n<\/div>\n<\/div>\n<\/section>\n\n<section class=\"wp-block-group alignfull pattern-text-80-media-20 has-global-padding is-layout-constrained wp-block-group-is-layout-constrained\">\n<div class=\"wp-block-columns is-layout-flex wp-container-core-columns-is-layout-fdcf44e1 wp-block-columns-is-layout-flex\">\n<div class=\"wp-block-column is-layout-flow wp-block-column-is-layout-flow\" style=\"flex-basis:40%\">\n<figure class=\"wp-block-embed is-type-video is-provider-youtube wp-block-embed-youtube wp-embed-aspect-16-9 wp-has-aspect-ratio\"><div class=\"wp-block-embed__wrapper\">\n<iframe loading=\"lazy\" title=\"Les Faux de Verzy, des arbres d&#039;exception \u00e0 observer en For\u00eat d&#039;Exception\u00ae de la montagne de Reims\" width=\"500\" height=\"281\" src=\"https:\/\/www.youtube.com\/embed\/m3GlWYhYxas?feature=oembed\" frameborder=\"0\" allow=\"accelerometer; autoplay; clipboard-write; encrypted-media; gyroscope; picture-in-picture; web-share\" referrerpolicy=\"strict-origin-when-cross-origin\" allowfullscreen><\/iframe>\n<\/div><\/figure>\n<\/div>\n\n\n\n<div class=\"wp-block-column is-layout-flow wp-block-column-is-layout-flow\" style=\"flex-basis:60%\">\n<p class=\"wp-block-paragraph\">Die Staatsw\u00e4lder von Verzy, Hautvillers und Ch\u00eane \u00e0 la Vierge wurden mit dem Label <a href=\"https:\/\/tourisme-en-champagne.com\/de\/champagner-blumen\/aussergewoehnliche-waelder\/\">For\u00eat d&#8217;Exception\u00ae<\/a>ausgezeichnet. Dieses Label belohnt eine nachhaltige und abgestimmte Forstwirtschaft durch ein Programm von Aktionen zur Entwicklung und Aufwertung der Staatsw\u00e4lder. <\/p>\n<\/div>\n<\/div>\n<\/section>\n\n<section class=\"wp-block-group alignfull pattern-text has-global-padding is-content-justification-center is-layout-constrained wp-block-group-is-layout-constrained\">\n<div class=\"wp-block-columns is-layout-flex wp-container-core-columns-is-layout-fdcf44e1 wp-block-columns-is-layout-flex\">\n<div class=\"wp-block-column is-layout-flow wp-block-column-is-layout-flow\">\n<p class=\"wp-block-paragraph\">Nach dieser bezaubernden Pause kehren Sie auf Ihre Route nach <strong>Tr\u00e9pail<\/strong> zur\u00fcck, wo Sie die H\u00fcgel der Montagne de Reims verlassen und \u00fcber <strong>Ambonnay<\/strong> mit seinen h\u00fcbschen schmiedeeisernen Stra\u00dfennamen, <strong>Cond\u00e9-sur-Marne<\/strong>, einem angenehmen Wassersportort, <strong>Tours-sur-Marne<\/strong> und <strong>Bouzy<\/strong>, wo der ber\u00fchmte <strong>rote Bouzy<\/strong> produziert wird, ein ruhiger Wein, der bereits in Reims zur Zeit der Kr\u00f6nung der franz\u00f6sischen K\u00f6nige serviert wurde, nach Epernay fahren. Das Dorf ist auch f\u00fcr eine Blume ber\u00fchmt, <a href=\"https:\/\/tourisme-en-champagne.com\/de\/champagner-blumen\/regionale-pflanzen\/\"><strong>die Iris &#8222;Bouzy-Bouzy&#8220;.<\/strong><\/a> ((Monique Anfosso, R. 1984)), mit einem intensiven Rubinrot mit braunen und violetten Reflexen und einem goldenen Bart. <\/p>\n\n\n\n<p class=\"wp-block-paragraph\">In <strong>Louvois<\/strong>, in dem vom Fluss Livre gebildeten Tal, treffen die Getreideebene, der Wald und die Weinberge der Montagne de Reims aufeinander. In dieser geschichtstr\u00e4chtigen Umgebung sind das <strong>Ch\u00e2teau de Louvois<\/strong> und seine 35 Hektar gro\u00dfen G\u00e4rten einen Blick wert&#8230; nur hinter den Toren, denn das Anwesen geh\u00f6rt dem <strong>Champagnerhaus Laurent-Perrier <\/strong>! <\/p>\n<\/div>\n<\/div>\n<\/section>\n\n<section class=\"wp-block-group alignfull pattern-mosaic accent-3 has-global-padding is-layout-constrained wp-block-group-is-layout-constrained\">\n<div class=\"wp-block-columns is-layout-flex wp-container-core-columns-is-layout-fdcf44e1 wp-block-columns-is-layout-flex\">\n<div class=\"wp-block-column col-content is-layout-flow wp-block-column-is-layout-flow\">\n<h2 class=\"wp-block-heading has-text-align-center\"><strong><strong>Auf dem Weg<\/strong><\/strong><\/h2>\n\n\n\n<hr class=\"wp-block-separator has-text-color has-accent-3-color has-alpha-channel-opacity has-accent-3-background-color has-background\"\/>\n\n\n\n\t<div class=\"fsgb-block-link-mosaic is-style-grid swiper swiperMosaic\"  >\n\t\t\t\t\t<div class=\"swiper-wrapper\">\n\t\t\t\t\t\t\t\t\t\t\t\t<div class=\"swiper-slide\">\n\t\t\t\t\t\t\t<a href=\"#\" target=\"_blank\">\n\t\t\t\t\t\t\t\t\t\t\t<div class=\"thumbnail\"><img loading=\"lazy\" decoding=\"async\" width=\"400\" height=\"125\" src=\"https:\/\/tourisme-en-champagne.com\/assets\/uploads\/2025\/06\/faux-de-verzycegoulet-colladt-marne1-0-400x125.jpg\" class=\"attachment-thumbnail size-thumbnail\" alt=\"\" srcset=\"https:\/\/tourisme-en-champagne.com\/assets\/uploads\/2025\/06\/faux-de-verzycegoulet-colladt-marne1-0-400x125.jpg 400w, https:\/\/tourisme-en-champagne.com\/assets\/uploads\/2025\/06\/faux-de-verzycegoulet-colladt-marne1-0-640x200.jpg 640w, https:\/\/tourisme-en-champagne.com\/assets\/uploads\/2025\/06\/faux-de-verzycegoulet-colladt-marne1-0-1280x400.jpg 1280w, https:\/\/tourisme-en-champagne.com\/assets\/uploads\/2025\/06\/faux-de-verzycegoulet-colladt-marne1-0-768x240.jpg 768w, https:\/\/tourisme-en-champagne.com\/assets\/uploads\/2025\/06\/faux-de-verzycegoulet-colladt-marne1-0-1536x480.jpg 1536w, https:\/\/tourisme-en-champagne.com\/assets\/uploads\/2025\/06\/faux-de-verzycegoulet-colladt-marne1-0.jpg 1920w\" sizes=\"auto, (max-width: 400px) 100vw, 400px\" title=\"\"><\/div>\n\t\t\t\t\t\t\t\t\t\t\t\t\t\t\t<div class=\"text-link-title\">\n\t\t\t\t\t\t\t\t\t\t\t\t\t<h2 class=\"link-title\">Les Faux de Verzy<\/h2>\n\t\t\t\t\t\t\t\t\t\t\t\t\t\t\t\t\t<\/div>\n\t\t\t\t<\/a>\n\t\t\t\t<\/div>\t\t\t\t\t\t\t\t\t\t<div class=\"swiper-slide\">\n\t\t\t\t\t\t\t<a href=\"#\" target=\"_blank\">\n\t\t\t\t\t\t\t\t\t\t\t<div class=\"thumbnail\"><img loading=\"lazy\" decoding=\"async\" width=\"400\" height=\"257\" src=\"https:\/\/tourisme-en-champagne.com\/assets\/uploads\/2025\/07\/tonin-400x257.jpeg\" class=\"attachment-thumbnail size-thumbnail\" alt=\"\" srcset=\"https:\/\/tourisme-en-champagne.com\/assets\/uploads\/2025\/07\/tonin-400x257.jpeg 400w, https:\/\/tourisme-en-champagne.com\/assets\/uploads\/2025\/07\/tonin-640x411.jpeg 640w, https:\/\/tourisme-en-champagne.com\/assets\/uploads\/2025\/07\/tonin.jpeg 670w\" sizes=\"auto, (max-width: 400px) 100vw, 400px\" title=\"\"><\/div>\n\t\t\t\t\t\t\t\t\t\t\t\t\t\t\t<div class=\"text-link-title\">\n\t\t\t\t\t\t\t\t\t\t\t\t\t<h2 class=\"link-title\">L&#8217;observatoire du Mont Sina\u00ef<\/h2>\n\t\t\t\t\t\t\t\t\t\t\t\t\t\t\t\t\t<\/div>\n\t\t\t\t<\/a>\n\t\t\t\t<\/div>\t\t\t\t\t\t\t\t\t\t<div class=\"swiper-slide\">\n\t\t\t\t\t\t\t<a href=\"#\" target=\"_blank\">\n\t\t\t\t\t\t\t\t\t\t\t<div class=\"thumbnail\"><img loading=\"lazy\" decoding=\"async\" width=\"400\" height=\"257\" src=\"https:\/\/tourisme-en-champagne.com\/assets\/uploads\/2025\/07\/escapade-du-parc-rilly-1-400x257.jpeg\" class=\"attachment-thumbnail size-thumbnail\" alt=\"\" srcset=\"https:\/\/tourisme-en-champagne.com\/assets\/uploads\/2025\/07\/escapade-du-parc-rilly-1-400x257.jpeg 400w, https:\/\/tourisme-en-champagne.com\/assets\/uploads\/2025\/07\/escapade-du-parc-rilly-1-640x411.jpeg 640w, https:\/\/tourisme-en-champagne.com\/assets\/uploads\/2025\/07\/escapade-du-parc-rilly-1.jpeg 670w\" sizes=\"auto, (max-width: 400px) 100vw, 400px\" title=\"\"><\/div>\n\t\t\t\t\t\t\t\t\t\t\t\t\t\t\t<div class=\"text-link-title\">\n\t\t\t\t\t\t\t\t\t\t\t\t\t<h2 class=\"link-title\">Escapade du parc &#8222;Si Rilly m&#8217;\u00e9tait cont\u00e9&#8220;<\/h2>\n\t\t\t\t\t\t\t\t\t\t\t\t\t\t\t\t\t<\/div>\n\t\t\t\t<\/a>\n\t\t\t\t<\/div>\t\t\t\t\t\t\t\t\t\t<div class=\"swiper-slide\">\n\t\t\t\t\t\t\t<a href=\"https:\/\/www.youtube.com\/embed\/AViixDbOPas?width=1280&#038;height=720&#038;iframe=true&#038;autoplay=1&#038;allow=autoplay\" target=\"_blank\" rel=\"noopener\">\n\t\t\t\t\t\t\t\t\t\t\t<div class=\"thumbnail\"><img loading=\"lazy\" decoding=\"async\" width=\"400\" height=\"257\" src=\"https:\/\/tourisme-en-champagne.com\/assets\/uploads\/2025\/07\/youtube-aviixdbopas-400x257.jpg\" class=\"attachment-thumbnail size-thumbnail\" alt=\"\" srcset=\"https:\/\/tourisme-en-champagne.com\/assets\/uploads\/2025\/07\/youtube-aviixdbopas-400x257.jpg 400w, https:\/\/tourisme-en-champagne.com\/assets\/uploads\/2025\/07\/youtube-aviixdbopas-640x411.jpg 640w, https:\/\/tourisme-en-champagne.com\/assets\/uploads\/2025\/07\/youtube-aviixdbopas.jpg 670w\" sizes=\"auto, (max-width: 400px) 100vw, 400px\" title=\"\"><\/div>\n\t\t\t\t\t\t\t\t\t\t\t\t\t\t\t<div class=\"text-link-title\">\n\t\t\t\t\t\t\t\t\t\t\t\t\t<h2 class=\"link-title\">Phare de Verzenay<\/h2>\n\t\t\t\t\t\t\t\t\t\t\t\t\t\t\t\t\t<\/div>\n\t\t\t\t<\/a>\n\t\t\t\t<\/div>\t\t\t\t\t\t\t\t<\/div>\n\t\t\t<div class=\"swiper-buttons\">\n\t\t\t\t<div class=\"swiper-button swiper-button-prev\"><\/div> \n\t\t\t\t<div class=\"swiper-button swiper-button-next\"><\/div>\n\t\t\t<\/div>\n\t\t\t\t\n\t<\/div>\n\n<\/div>\n<\/div>\n<\/section>\n\n<section class=\"wp-block-group alignfull pattern-text has-global-padding is-content-justification-center is-layout-constrained wp-block-group-is-layout-constrained\">\n<div class=\"wp-block-columns is-layout-flex wp-container-core-columns-is-layout-fdcf44e1 wp-block-columns-is-layout-flex\">\n<div class=\"wp-block-column is-layout-flow wp-block-column-is-layout-flow\">\n<p class=\"wp-block-paragraph\">Ihre Fahrt geht weiter nach <a href=\"https:\/\/www.tourisme-en-champagne.com\/fontaine-sur-ay\/villecha051000bw\"><strong>Fontaine-sur-A\u00ff<\/strong><\/a> Das Dorf tr\u00e4gt seinen Namen zu Recht, denn zwei Fl\u00fcsse, die Germaine und die Livre, flie\u00dfen durch das Dorf, bevor sie sich vereinen. Hier herrscht ein unbestreitbarer bukolischer Charme. Auch Wanderer (einschlie\u00dflich derer, die den <g id=\"gid_2\">Wanderweg GR 14<\/g> benutzen) machen sich nichts vor und flanieren durch das alte Dorf. Z\u00f6gern Sie nicht, sich ein Beispiel an ihnen zu nehmen, hier oder im n\u00e4chsten Dorf, wo Sie die gleiche gr\u00fcne Atmosph\u00e4re genie\u00dfen k\u00f6nnen.   <\/p>\n\n\n\n<p class=\"wp-block-paragraph\">Gerade in <strong>Avenay-Val-d&#8217;Or<\/strong> haben Sie die Wahl zwischen zwei Routen. Sie k\u00f6nnen sich f\u00fcr eine Variante der Route touristique entscheiden, um <strong>Mutigny <\/strong>, das h\u00f6chstgelegene Winzerdorf der Champagne (240 m \u00fcber dem Meeresspiegel), zu besuchen. Dank seiner au\u00dfergew\u00f6hnlichen geographischen Lage bietet es <strong>wundersch\u00f6ne und unvergleichliche Ausblicke auf das Marne-Tal und seine Weinberge<\/strong>. Es ist auch der Ausgangspunkt f\u00fcr den <a href=\"https:\/\/www.tourisme-en-champagne.com\/le-sentier-du-vigneron\/mutigny\/pcucha051v503irw\"><strong>Sentier du vigneron (Winzerpfad)<\/strong><\/a>einem 2,2 km langen gef\u00fchrten Rundweg durch die Weinberge. Dieser gef\u00fchrte Weg ist mit spielerischen und p\u00e4dagogischen Stationen versehen, die den Besucher \u00fcber die Arbeit der Reben im Laufe der Jahreszeiten, die Geschichte des Weinbaus und den Schutz der Umwelt aufkl\u00e4ren.    <\/p>\n\n\n\n<p class=\"wp-block-paragraph\">Alternativ k\u00f6nnen Sie Ihre Route nach <strong>Epernay<\/strong> \u00fcber <strong>Bisseuil<\/strong> und dann <strong>Mareuil-sur-A\u00ff <\/strong>fortsetzen. Mit seiner eingerichteten Wassersportstation bietet dieses Dorf einen angenehmen Rahmen f\u00fcr eine Fahrt entlang des <strong>Marne-Seitenkanals<\/strong> auf der Route &#8220; <strong>Canal lat\u00e9ral \u00e0 la Marne<\/strong> &#8222;. <a href=\"https:\/\/tourisme-en-champagne.com\/de\/freizeit-und-sportaktivitaeten\/die-champagne-mit-dem-fahrrad-2\/die-fahrradroute-durch-das-marne-tal\/\"><strong>V\u00e9loroute de la Vall\u00e9e de Marne auf der nationalen Route Nr. 52.<\/strong><\/a> von Paris nach Stra\u00dfburg. Sie f\u00fchrt 45 km durch das Weinbaugebiet der Champagne (von Dormans bis Cond\u00e9-sur-Marne), das zum UNESCO-Weltkulturerbe geh\u00f6rt, um die Reicht\u00fcmer des Marne-Tals und den regionalen Naturpark Montagne de Reims zu entdecken.   <\/p>\n<\/div>\n<\/div>\n<\/section>\n\n<section class=\"wp-block-group alignfull pattern-text-60-parenthese-media-40 has-global-padding is-layout-constrained wp-block-group-is-layout-constrained\">\n<div class=\"wp-block-columns is-layout-flex wp-container-core-columns-is-layout-fdcf44e1 wp-block-columns-is-layout-flex\">\n<div class=\"wp-block-column col-content is-layout-flow wp-block-column-is-layout-flow\" style=\"flex-basis:60%\">\n<p class=\"wp-block-paragraph\">Die V52 entlang des Marne-Seitenkanals bietet eine Landschaft, die durch die Hand des Menschen, der die Parzellen und H\u00e4nge geformt hat, geformt wurde. Eine Radtour durch diese einzigartige Welt ist die beste L\u00f6sung, um dem Kulturerbe, der Natur und den Menschen zu begegnen. <\/p>\n\n\n\n<p class=\"wp-block-paragraph\"><em>Sie durchquert das Departement von Dormans bis Vitry-le-Fran\u00e7ois entlang des Seitenkanals der Marne.<\/em><\/p>\n\n\n\n<div class=\"wp-block-buttons is-layout-flex wp-block-buttons-is-layout-flex\">\n<div class=\"wp-block-button\"><a class=\"wp-block-button__link wp-element-button\" href=\"https:\/\/tourisme-en-champagne.com\/activites-de-loisirs-et-nature\/la-champagne-a-velo\/v52\/\">Weitere Informationen<\/a><\/div>\n<\/div>\n<\/div>\n\n\n\n<div class=\"wp-block-column col-media is-layout-flow wp-block-column-is-layout-flow\" style=\"flex-basis:40%\">\n<figure data-wp-context=\"{&quot;imageId&quot;:&quot;6a97924d31eb7&quot;}\" data-wp-interactive=\"core\/image\" data-wp-key=\"6a97924d31eb7\" class=\"wp-block-image size-full wp-lightbox-container\"><img loading=\"lazy\" decoding=\"async\" width=\"400\" height=\"400\" data-wp-class--hide=\"state.isContentHidden\" data-wp-class--show=\"state.isContentVisible\" data-wp-init=\"callbacks.setButtonStyles\" data-wp-on--click=\"actions.showLightbox\" data-wp-on--load=\"callbacks.setButtonStyles\" data-wp-on--pointerdown=\"actions.preloadImage\" data-wp-on--pointerenter=\"actions.preloadImageWithDelay\" data-wp-on--pointerleave=\"actions.cancelPreload\" data-wp-on-window--resize=\"callbacks.setButtonStyles\" src=\"https:\/\/tourisme-en-champagne.com\/assets\/uploads\/2025\/07\/veloroute-dormans-vincellescc-manquillet-coll-adt-marne1.jpg\" alt=\"\" class=\"wp-image-13966\" title=\"\"><button\n\t\t\tclass=\"lightbox-trigger\"\n\t\t\ttype=\"button\"\n\t\t\taria-haspopup=\"dialog\"\n\t\t\tdata-wp-bind--aria-label=\"state.thisImage.triggerButtonAriaLabel\"\n\t\t\tdata-wp-init=\"callbacks.initTriggerButton\"\n\t\t\tdata-wp-on--click=\"actions.showLightbox\"\n\t\t\tdata-wp-style--right=\"state.thisImage.buttonRight\"\n\t\t\tdata-wp-style--top=\"state.thisImage.buttonTop\"\n\t\t>\n\t\t\t<svg xmlns=\"http:\/\/www.w3.org\/2000\/svg\" width=\"12\" height=\"12\" fill=\"none\" viewBox=\"0 0 12 12\">\n\t\t\t\t<path fill=\"#fff\" d=\"M2 0a2 2 0 0 0-2 2v2h1.5V2a.5.5 0 0 1 .5-.5h2V0H2Zm2 10.5H2a.5.5 0 0 1-.5-.5V8H0v2a2 2 0 0 0 2 2h2v-1.5ZM8 12v-1.5h2a.5.5 0 0 0 .5-.5V8H12v2a2 2 0 0 1-2 2H8Zm2-12a2 2 0 0 1 2 2v2h-1.5V2a.5.5 0 0 0-.5-.5H8V0h2Z\" \/>\n\t\t\t<\/svg>\n\t\t<\/button><\/figure>\n<\/div>\n<\/div>\n<\/section>\n\n<section class=\"wp-block-group alignfull pattern-text has-global-padding is-content-justification-center is-layout-constrained wp-block-group-is-layout-constrained\">\n<div class=\"wp-block-columns is-layout-flex wp-container-core-columns-is-layout-fdcf44e1 wp-block-columns-is-layout-flex\">\n<div class=\"wp-block-column is-layout-flow wp-block-column-is-layout-flow\">\n<p class=\"wp-block-paragraph\">Die n\u00e4chste Etappe f\u00fchrt Sie nach <strong>A\u00ff-Champagne<\/strong>. Weinberge, Weinkeller und sch\u00f6ne Weinh\u00e4user, hier gibt es alles! Im Herzen dieses emblematischen Marktfleckens gehen Sie auf den <a href=\"https:\/\/www.tourisme-en-champagne.com\/parcours-lalique\/ay-champagne\/pcucha051v50b1yn\"><strong>Parcours Ren\u00e9 Lalique<\/strong><\/a>Dieser Weg ist eine Hommage an das k\u00fcnstlerische Genie des Erfinders des modernen Schmucks und des weltber\u00fchmten Glasbl\u00e4sermeisters. <strong>Ren\u00e9 Lalique<\/strong> wurde 1860 in A\u00ff- Champagne geboren und verbrachte hier die Ferien seiner Kindheit, wobei er eine besondere Zuneigung zu dieser angenehmen und inspirierenden Umgebung bewahrte. Der Interpretationsparcours, der aus 12 Stationen mit Stadtm\u00f6beln besteht, erz\u00e4hlt von dem Mann, seiner Zeit, seiner Inspiration und seinen Werken. Gut zu wissen: Eine <strong>digitale Anwendung mit erweiterter Realit\u00e4t &#8222;Esprit Lalique&#8220;<\/strong> verleiht dem Besuch eine spielerische Note!     <\/p>\n\n\n\n<p class=\"wp-block-paragraph\">Am Fu\u00dfe der historischen H\u00fcgel beherbergt das Dorf<strong>A\u00ff-Champagne <\/strong>eine weitere Sehensw\u00fcrdigkeit, die Sie nicht verpassen sollten: <a href=\"https:\/\/www.tourisme-en-champagne.com\/pressoria-voyage-sensoriel-au-coeur-de-la-champagne\/ay-champagne\/pcucha051v50hrkt\"><strong>Pressoria<\/strong><\/a>. Das <strong>Centre d&#8217;interpr\u00e9tation sensorielle des vins de Champagne<\/strong> l\u00e4dt Sie ein, Ihre Sinne auf eine Reise rund um den Champagner zu schicken. Dieser neue kulturelle Ort in der Champagne erweckt eine ehemalige Kelterei des Hauses Pommery zu neuem Leben. Was steht auf dem Programm? Ein immersiver und interaktiver Rundgang, gefolgt von einer Verkostung von zwei Champagnern oder Traubensaft. Erkunden Sie Raum f\u00fcr Raum alle Facetten der Arbeit im Weinberg und im Weinberg mit Hilfe innovativer, interaktiver und spielerischer technologischer Ger\u00e4te. Entdecken Sie die Geheimnisse des Weins der K\u00f6nige, mit der Familie oder mit Freunden!      <\/p>\n<\/div>\n<\/div>\n<\/section>\n\n<section class=\"wp-block-group alignfull pattern-mosaic accent-3 has-global-padding is-layout-constrained wp-block-group-is-layout-constrained\">\n<div class=\"wp-block-columns is-layout-flex wp-container-core-columns-is-layout-fdcf44e1 wp-block-columns-is-layout-flex\">\n<div class=\"wp-block-column col-content is-layout-flow wp-block-column-is-layout-flow\">\n\t<div class=\"fsgb-block-link-mosaic is-style-grid swiper swiperMosaic\"  >\n\t\t\t\t\t<div class=\"swiper-wrapper\">\n\t\t\t\t\t\t\t\t\t\t\t\t<div class=\"swiper-slide\">\n\t\t\t\t\t\t\t<a href=\"#\" target=\"_blank\">\n\t\t\t\t\t\t\t\t\t\t\t<div class=\"thumbnail\"><img loading=\"lazy\" decoding=\"async\" width=\"400\" height=\"257\" src=\"https:\/\/tourisme-en-champagne.com\/assets\/uploads\/2025\/07\/parcours-rene-lalique-ay-champagne-1-1-400x257.jpeg\" class=\"attachment-thumbnail size-thumbnail\" alt=\"\" srcset=\"https:\/\/tourisme-en-champagne.com\/assets\/uploads\/2025\/07\/parcours-rene-lalique-ay-champagne-1-1-400x257.jpeg 400w, https:\/\/tourisme-en-champagne.com\/assets\/uploads\/2025\/07\/parcours-rene-lalique-ay-champagne-1-1-640x411.jpeg 640w, https:\/\/tourisme-en-champagne.com\/assets\/uploads\/2025\/07\/parcours-rene-lalique-ay-champagne-1-1.jpeg 670w\" sizes=\"auto, (max-width: 400px) 100vw, 400px\" title=\"\"><\/div>\n\t\t\t\t\t\t\t\t\t\t\t\t\t\t\t<div class=\"text-link-title\">\n\t\t\t\t\t\t\t\t\t\t\t\t\t<h2 class=\"link-title\">Parcours Lalique<\/h2>\n\t\t\t\t\t\t\t\t\t\t\t\t\t\t\t\t\t<\/div>\n\t\t\t\t<\/a>\n\t\t\t\t<\/div>\t\t\t\t\t\t\t\t\t\t<div class=\"swiper-slide\">\n\t\t\t\t\t\t\t<a href=\"#\" target=\"_blank\">\n\t\t\t\t\t\t\t\t\t\t\t<div class=\"thumbnail\"><img loading=\"lazy\" decoding=\"async\" width=\"400\" height=\"257\" src=\"https:\/\/tourisme-en-champagne.com\/assets\/uploads\/2025\/07\/credit-photo-benoist-laroche-2-400x257.jpeg\" class=\"attachment-thumbnail size-thumbnail\" alt=\"\" srcset=\"https:\/\/tourisme-en-champagne.com\/assets\/uploads\/2025\/07\/credit-photo-benoist-laroche-2-400x257.jpeg 400w, https:\/\/tourisme-en-champagne.com\/assets\/uploads\/2025\/07\/credit-photo-benoist-laroche-2-640x411.jpeg 640w, https:\/\/tourisme-en-champagne.com\/assets\/uploads\/2025\/07\/credit-photo-benoist-laroche-2.jpeg 670w\" sizes=\"auto, (max-width: 400px) 100vw, 400px\" title=\"\"><\/div>\n\t\t\t\t\t\t\t\t\t\t\t\t\t\t\t<div class=\"text-link-title\">\n\t\t\t\t\t\t\t\t\t\t\t\t\t<h2 class=\"link-title\">Pressoria<\/h2>\n\t\t\t\t\t\t\t\t\t\t\t\t\t\t\t\t\t<\/div>\n\t\t\t\t<\/a>\n\t\t\t\t<\/div>\t\t\t\t\t\t\t\t\t\t<div class=\"swiper-slide\">\n\t\t\t\t\t\t\t<a href=\"#\" target=\"_blank\">\n\t\t\t\t\t\t\t\t\t\t\t<div class=\"thumbnail\"><img loading=\"lazy\" decoding=\"async\" width=\"400\" height=\"257\" src=\"https:\/\/tourisme-en-champagne.com\/assets\/uploads\/2025\/07\/youtube-cll6mqrg1kc-400x257.jpg\" class=\"attachment-thumbnail size-thumbnail\" alt=\"\" srcset=\"https:\/\/tourisme-en-champagne.com\/assets\/uploads\/2025\/07\/youtube-cll6mqrg1kc-400x257.jpg 400w, https:\/\/tourisme-en-champagne.com\/assets\/uploads\/2025\/07\/youtube-cll6mqrg1kc-640x411.jpg 640w, https:\/\/tourisme-en-champagne.com\/assets\/uploads\/2025\/07\/youtube-cll6mqrg1kc.jpg 670w\" sizes=\"auto, (max-width: 400px) 100vw, 400px\" title=\"\"><\/div>\n\t\t\t\t\t\t\t\t\t\t\t\t\t\t\t<div class=\"text-link-title\">\n\t\t\t\t\t\t\t\t\t\t\t\t\t<h2 class=\"link-title\">V\u00e9loroute de la vall\u00e9e de la Marne<\/h2>\n\t\t\t\t\t\t\t\t\t\t\t\t\t\t\t\t\t<\/div>\n\t\t\t\t<\/a>\n\t\t\t\t<\/div>\t\t\t\t\t\t\t\t\t\t<div class=\"swiper-slide\">\n\t\t\t\t\t\t\t<a href=\"#\" target=\"_blank\">\n\t\t\t\t\t\t\t\t\t\t\t<div class=\"thumbnail\"><img loading=\"lazy\" decoding=\"async\" width=\"400\" height=\"257\" src=\"https:\/\/tourisme-en-champagne.com\/assets\/uploads\/2025\/07\/archeo-1-400x257.jpeg\" class=\"attachment-thumbnail size-thumbnail\" alt=\"\" srcset=\"https:\/\/tourisme-en-champagne.com\/assets\/uploads\/2025\/07\/archeo-1-400x257.jpeg 400w, https:\/\/tourisme-en-champagne.com\/assets\/uploads\/2025\/07\/archeo-1-640x411.jpeg 640w, https:\/\/tourisme-en-champagne.com\/assets\/uploads\/2025\/07\/archeo-1.jpeg 670w\" sizes=\"auto, (max-width: 400px) 100vw, 400px\" title=\"\"><\/div>\n\t\t\t\t\t\t\t\t\t\t\t\t\t\t\t<div class=\"text-link-title\">\n\t\t\t\t\t\t\t\t\t\t\t\t\t<h2 class=\"link-title\">Mus\u00e9e du vin de champagne &amp; d&#8217;arch\u00e9ologie &#8211; Epernay<\/h2>\n\t\t\t\t\t\t\t\t\t\t\t\t\t\t\t\t\t<\/div>\n\t\t\t\t<\/a>\n\t\t\t\t<\/div>\t\t\t\t\t\t\t\t<\/div>\n\t\t\t<div class=\"swiper-buttons\">\n\t\t\t\t<div class=\"swiper-button swiper-button-prev\"><\/div> \n\t\t\t\t<div class=\"swiper-button swiper-button-next\"><\/div>\n\t\t\t<\/div>\n\t\t\t\t\n\t<\/div>\n\n<\/div>\n<\/div>\n<\/section>\n\n<section class=\"wp-block-group alignfull pattern-text has-global-padding is-content-justification-center is-layout-constrained wp-block-group-is-layout-constrained\">\n<div class=\"wp-block-columns is-layout-flex wp-container-core-columns-is-layout-fdcf44e1 wp-block-columns-is-layout-flex\">\n<div class=\"wp-block-column is-layout-flow wp-block-column-is-layout-flow\">\n<p class=\"wp-block-paragraph\">Sie sind bereits in <strong>Epernay<\/strong>. Ihre Route endet vor dem Fremdenverkehrsamt in Epernay. <a href=\"https:\/\/www.tourisme-en-champagne.com\/office-de-tourisme-depernay-en-champagne\"><strong>dem Office de Tourisme (Fremdenverkehrsamt).<\/strong><\/a>Dies ist der ideale Ausgangspunkt f\u00fcr Ihre Entdeckungsreise durch die Hauptstadt des Champagners! Vor Ihnen liegt die mythische Epernay Avenue. <a href=\"https:\/\/www.tourisme-en-champagne.com\/avenue-de-champagne\/epernay\/pcu0000000001327\"><strong>Avenue de Champagne<\/strong><\/a>Die <strong>Avenue <\/strong>de <strong>Champagne<\/strong> ist eine Ansammlung von Sch\u00e4tzen aus dem Erbe der <strong>Champagne <\/strong>, zwischen den Herrenh\u00e4usern der Champagnerh\u00e4user, dem <strong>Museum f\u00fcr Champagnerwein und regionale Arch\u00e4ologie <\/strong>und nat\u00fcrlich den kilometerlangen Kellern, in denen Millionen von Flaschen liegen&#8230;  <\/p>\n\n\n\n<p class=\"wp-block-paragraph\">Le <a href=\"https:\/\/www.tourisme-en-champagne.com\/musee-du-vin-de-champagne-et-darcheologie-regionale\/epernay\/pcucha051v50feix\"><strong>Mus\u00e9e du vin de Champagne et d&#8217;Arch\u00e9ologie r\u00e9gionale (Weinmuseum der Champagne und regionale Arch\u00e4ologie).<\/strong><\/a> befindet sich im <strong>Ch\u00e2teau Perrier<\/strong>, einem Geb\u00e4ude aus dem 19. Jahrhundert, das seit 2013 als historisches Monument eingestuft ist. Mit mehr als 2.000 Exponaten erz\u00e4hlt es die Geschichte der Champagne, von der Entstehung des Bodens vor Millionen von Jahren bis zur heutigen Champagnerindustrie. Der Rundgang durch die Sammlungen erstreckt sich \u00fcber drei Ebenen und ist in vier Besucherbereiche gegliedert. Das Museum wurde als kulturelle Einrichtung des 21. Jahrhunderts konzipiert und bietet eine moderne und interaktive Szenographie. Jahrhunderts. Diese Einrichtungen regen das Publikum zum Anfassen und Experimentieren an, um die Vergangenheit und die Materialit\u00e4t der Objekte besser zu verstehen. Sie geben einen neuen Einblick in die Sammlungen und bieten gleichzeitig eine spielerische Dimension.     <\/p>\n<\/div>\n<\/div>\n<\/section>\n\n<section class=\"wp-block-group alignfull pattern-bubble-links has-middleground-background-color has-background has-global-padding is-layout-constrained wp-block-group-is-layout-constrained\" style=\"margin-top:var(--wp--preset--spacing--xx-large);padding-top:var(--wp--preset--spacing--xx-large);padding-bottom:var(--wp--preset--spacing--xx-large)\">\n\t<div class=\"fsgb-block-link-mosaic is-style-bubbles alignwide\"  >\n\t\t\t\t\t\t\t\t\t\t\t\t<a href=\"https:\/\/tourisme-en-champagne.com\/caves-de-la-montagne-de-reims\/\">\n\t\t\t\t\t\t\t\t\t\t\t<div class=\"thumbnail\"><img loading=\"lazy\" decoding=\"async\" width=\"150\" height=\"150\" src=\"https:\/\/tourisme-en-champagne.com\/assets\/uploads\/2025\/07\/picto-new-raisin.png\" class=\"attachment-thumbnail size-thumbnail\" alt=\"\" title=\"\"><\/div>\n\t\t\t\t\t\t\t\t\t\t\t\t\t\t\t<div class=\"text-link-title\">\n\t\t\t\t\t\t\t\t\t\t\t\t\t<h2 class=\"link-title\">Caves de champagne<\/h2>\n\t\t\t\t\t\t\t\t\t\t\t\t\t\t\t\t\t<\/div>\n\t\t\t\t<\/a>\n\t\t\t\t\t\t\t\t\t\t\t\t\t\t<a href=\"https:\/\/tourisme-en-champagne.com\/restaurants-montagne-de-reims\/\">\n\t\t\t\t\t\t\t\t\t\t\t<div class=\"thumbnail\"><img loading=\"lazy\" decoding=\"async\" width=\"512\" height=\"512\" src=\"https:\/\/tourisme-en-champagne.com\/assets\/uploads\/2026\/07\/restaurant.svg\" class=\"attachment-thumbnail size-thumbnail\" alt=\"\" title=\"\"><\/div>\n\t\t\t\t\t\t\t\t\t\t\t\t\t\t\t<div class=\"text-link-title\">\n\t\t\t\t\t\t\t\t\t\t\t\t\t<h2 class=\"link-title\">restaurants<\/h2>\n\t\t\t\t\t\t\t\t\t\t\t\t\t\t\t\t\t<\/div>\n\t\t\t\t<\/a>\n\t\t\t\t\t\t\t\t\t\t\t\t\t\t<a href=\"https:\/\/tourisme-en-champagne.com\/agenda\/?_territoires=6c1e57fa0f4c2ab5d4f97d916d6f448d\">\n\t\t\t\t\t\t\t\t\t\t\t<div class=\"thumbnail\"><img loading=\"lazy\" decoding=\"async\" width=\"150\" height=\"150\" src=\"https:\/\/tourisme-en-champagne.com\/assets\/uploads\/2025\/07\/schedule.svg\" class=\"attachment-thumbnail size-thumbnail\" alt=\"\" title=\"\"><\/div>\n\t\t\t\t\t\t\t\t\t\t\t\t\t\t\t<div class=\"text-link-title\">\n\t\t\t\t\t\t\t\t\t\t\t\t\t<h2 class=\"link-title\">Agenda<\/h2>\n\t\t\t\t\t\t\t\t\t\t\t\t\t\t\t\t\t<\/div>\n\t\t\t\t<\/a>\n\t\t\t\t\t\t\t\t\t\t\t\t\t\t<a href=\"https:\/\/tourisme-en-champagne.com\/gites-et-meubles-montagne-de-reims\/\">\n\t\t\t\t\t\t\t\t\t\t\t<div class=\"thumbnail\"><img loading=\"lazy\" decoding=\"async\" width=\"150\" height=\"150\" src=\"https:\/\/tourisme-en-champagne.com\/assets\/uploads\/2025\/07\/picto-new-hebergement.png\" class=\"attachment-thumbnail size-thumbnail\" alt=\"\" title=\"\"><\/div>\n\t\t\t\t\t\t\t\t\t\t\t\t\t\t\t<div class=\"text-link-title\">\n\t\t\t\t\t\t\t\t\t\t\t\t\t<h2 class=\"link-title\">G\u00eetes &#038; meubl\u00e9s<\/h2>\n\t\t\t\t\t\t\t\t\t\t\t\t\t\t\t\t\t<\/div>\n\t\t\t\t<\/a>\n\t\t\t\t\t\t\t\t\t\t\t\t\t\t<a href=\"https:\/\/tourisme-en-champagne.com\/activites-montagne-de-reims\/\">\n\t\t\t\t\t\t\t\t\t\t\t<div class=\"thumbnail\"><img loading=\"lazy\" decoding=\"async\" width=\"150\" height=\"150\" src=\"https:\/\/tourisme-en-champagne.com\/assets\/uploads\/2025\/07\/picto-new-loisirs.png\" class=\"attachment-thumbnail size-thumbnail\" alt=\"\" title=\"\"><\/div>\n\t\t\t\t\t\t\t\t\t\t\t\t\t\t\t<div class=\"text-link-title\">\n\t\t\t\t\t\t\t\t\t\t\t\t\t<h2 class=\"link-title\">Activit\u00e9s<\/h2>\n\t\t\t\t\t\t\t\t\t\t\t\t\t\t\t\t\t<\/div>\n\t\t\t\t<\/a>\n\t\t\t\t\t\t\t\t\t\t\t\n\t<\/div>\n\n<\/section>\n\n<section class=\"wp-block-group alignfull pattern-playlist-grid has-global-padding is-layout-constrained wp-block-group-is-layout-constrained\">\n<h2 class=\"wp-block-heading has-text-align-center\"><strong>Noch mehr Entdeckungen<\/strong><\/h2>\n\n\n\n<hr class=\"wp-block-separator has-text-color has-accent-3-color has-alpha-channel-opacity has-accent-3-background-color has-background\"\/>\n\n\n\t\t\t<div class=\"fsgb-block-playlist playlist-grid is-style-grid\"  style=\"margin-top:var(--wp--preset--spacing--x-large);\">\n\t\t\t\t\n\t\t\t\n\t\t\t<div class=\"swiper swiperPlaylistGrid\">\n\n\t\t\t\t<div class=\"swiper-wrapper posts-count-3\">\n\t\t\t\t\t\t\t\t\t\t\t\t\t\t\t\t\t<div class=\"swiper-slide \">\n\t\t\t\t\t\t\t\n<article class=\"card card--activite stretched-link\" data-id=\"28387\" data-post-id-sync-map=\"28387\" >\n\t\n\t\t\n\t\t\t\t<div class=\"card__thumbnail has-middleground-background-color stack\">\n\t\t\t<img decoding=\"async\" width=\"2048\" src=\"https:\/\/cdt51.media.tourinsoft.eu\/upload\/Villa-Demoiselle-Reims.jpg\" class=\"attachment- size-\" alt=\"Villa Demoiselle\" srcset=\"https:\/\/cdt51.media.tourinsoft.eu\/upload\/Villa-Demoiselle-Reims.jpg?width=400 400w, https:\/\/cdt51.media.tourinsoft.eu\/upload\/Villa-Demoiselle-Reims.jpg?width=640 640w, https:\/\/cdt51.media.tourinsoft.eu\/upload\/Villa-Demoiselle-Reims.jpg?width=768 768w, https:\/\/cdt51.media.tourinsoft.eu\/upload\/Villa-Demoiselle-Reims.jpg?width=1280 1280w, https:\/\/cdt51.media.tourinsoft.eu\/upload\/Villa-Demoiselle-Reims.jpg?width=1536&amp;height=1536 1536w, https:\/\/cdt51.media.tourinsoft.eu\/upload\/Villa-Demoiselle-Reims.jpg?width=2048&amp;height=2048 2048w\" sizes=\"(max-width: 2048px) 100vw, 2048px\" title=\"\">\t\t<\/div>\n\t\n\t\t<div class=\"card__content\">\n\t\t\t\n\t\t\t\t\t\t\t\t\t\n\t\t\t\t\t\t\t\t\t\n\t\t\t\t\t\t<h3 class=\"title wp-block-heading is-style-h3\">\n\t\t\t\t<a href=\"https:\/\/tourisme-en-champagne.com\/de\/activite\/villa-demoiselle\/\" target=\"_blank\">Villa Demoiselle<\/a>\t\t\t\t\t\t\t<\/h3>\n\t\t\t\n\t\t\t\t\t\t\t\t\t\n\t\t\t\t\t\t<div class=\"underlined\"><\/div>\n\t\t\n\t\t\t\t\t\t\t\t\t\t<div class=\"location\">\n\t\t\t\t\tReims\t\t\t\t<\/div>\n\t\t\t\t\t\t\n\t\t\t\t\t\t\t\t\t\n\t\t\t\t\t\t\t\t\t\n\t\t\t\t\t\t\t\t\t\n\t\t\t\t\t\t\t\t\t\t<div class=\"descriptif\">Die Villa Demoiselle, architektonisches Wahrzeichen der Stadt von Reims, ist das Flaggschiff der &#8230;<\/div>\n\t\t\t\t\n\t\t\t\t\t\t\t\t\t\t\t\t\t\t\t\t\n\t\t\t\t\t\t\t\t\t\t<div class=\"wp-block-button\">\n\t\t\t\t\t<a class=\"wp-element-button rounded\" href=\"https:\/\/tourisme-en-champagne.com\/de\/activite\/villa-demoiselle\/\" target=\"_blank\" aria-label=\"Mehr erfahren \u00fcber Villa Demoiselle\">Mehr erfahren<\/a>\n\t\t\t\t<\/div>\n\t\t\t \n\t\t<\/div>\n\t\t\n\n\t\t<\/article>\n\n\t\t\t\t\t\t<\/div>\n\t\t\t\t\t\t\t\t\t\t\t\t\t\t\t\t\t<div class=\"swiper-slide \">\n\t\t\t\t\t\t\t\n<article class=\"card card--activite stretched-link\" data-id=\"28377\" data-post-id-sync-map=\"28377\" >\n\t\n\t\t\n\t\t\t\t<div class=\"card__thumbnail has-middleground-background-color stack\">\n\t\t\t<img decoding=\"async\" width=\"2048\" src=\"https:\/\/cdt51.media.tourinsoft.eu\/upload\/Jeanne-d-Arc-Cathe-drale-de-Reims.jpg\" class=\"attachment- size-\" alt=\"Cath\u00e9drale Notre-Dame de Reims\" srcset=\"https:\/\/cdt51.media.tourinsoft.eu\/upload\/Jeanne-d-Arc-Cathe-drale-de-Reims.jpg?width=400 400w, https:\/\/cdt51.media.tourinsoft.eu\/upload\/Jeanne-d-Arc-Cathe-drale-de-Reims.jpg?width=640 640w, https:\/\/cdt51.media.tourinsoft.eu\/upload\/Jeanne-d-Arc-Cathe-drale-de-Reims.jpg?width=768 768w, https:\/\/cdt51.media.tourinsoft.eu\/upload\/Jeanne-d-Arc-Cathe-drale-de-Reims.jpg?width=1280 1280w, https:\/\/cdt51.media.tourinsoft.eu\/upload\/Jeanne-d-Arc-Cathe-drale-de-Reims.jpg?width=1536&amp;height=1536 1536w, https:\/\/cdt51.media.tourinsoft.eu\/upload\/Jeanne-d-Arc-Cathe-drale-de-Reims.jpg?width=2048&amp;height=2048 2048w\" sizes=\"(max-width: 2048px) 100vw, 2048px\" title=\"\">\t\t<\/div>\n\t\n\t\t<div class=\"card__content\">\n\t\t\t\n\t\t\t\t\t\t\t\t\t\n\t\t\t\t\t\t\t\t\t\n\t\t\t\t\t\t<h3 class=\"title wp-block-heading is-style-h3\">\n\t\t\t\t<a href=\"https:\/\/tourisme-en-champagne.com\/de\/activite\/cathedrale-notre-dame-de-reims\/\" target=\"_blank\">Cath\u00e9drale Notre-Dame de Reims<\/a>\t\t\t\t\t\t\t<\/h3>\n\t\t\t\n\t\t\t\t\t\t\t\t\t\n\t\t\t\t\t\t<div class=\"underlined\"><\/div>\n\t\t\n\t\t\t\t\t\t\t\t\t\t<div class=\"location\">\n\t\t\t\t\tReims\t\t\t\t<\/div>\n\t\t\t\t\t\t\n\t\t\t\t\t\t\t\t\t\n\t\t\t\t\t\t\t\t\t\n\t\t\t\t\t\t\t\t\t\n\t\t\t\t\t\t\t\t\t\t<div class=\"descriptif\">Wer nicht wei\u00df, Notre-Dame de Reims? Kann nicht dieses architektonische Meisterwerk, bekannt auch&#8230;<\/div>\n\t\t\t\t\n\t\t\t\t\t\t\t\t\t\t\t\t\t\t\t\t\n\t\t\t\t\t\t\t\t\t\t<div class=\"wp-block-button\">\n\t\t\t\t\t<a class=\"wp-element-button rounded\" href=\"https:\/\/tourisme-en-champagne.com\/de\/activite\/cathedrale-notre-dame-de-reims\/\" target=\"_blank\" aria-label=\"Mehr erfahren \u00fcber Cath\u00e9drale Notre-Dame de Reims\">Mehr erfahren<\/a>\n\t\t\t\t<\/div>\n\t\t\t \n\t\t<\/div>\n\t\t\n\n\t\t<\/article>\n\n\t\t\t\t\t\t<\/div>\n\t\t\t\t\t\t\t\t\t\t\t\t\t\t\t\t\t<div class=\"swiper-slide \">\n\t\t\t\t\t\t\t\n<article class=\"card card--activite stretched-link\" data-id=\"28385\" data-post-id-sync-map=\"28385\" >\n\t\n\t\t\n\t\t\t\t<div class=\"card__thumbnail has-middleground-background-color stack\">\n\t\t\t<img decoding=\"async\" width=\"2048\" src=\"https:\/\/cdt51.media.tourinsoft.eu\/upload\/Avenue-de-Champagne_2.jpg\" class=\"attachment- size-\" alt=\"Avenue de Champagne\" srcset=\"https:\/\/cdt51.media.tourinsoft.eu\/upload\/Avenue-de-Champagne_2.jpg?width=400 400w, https:\/\/cdt51.media.tourinsoft.eu\/upload\/Avenue-de-Champagne_2.jpg?width=640 640w, https:\/\/cdt51.media.tourinsoft.eu\/upload\/Avenue-de-Champagne_2.jpg?width=768 768w, https:\/\/cdt51.media.tourinsoft.eu\/upload\/Avenue-de-Champagne_2.jpg?width=1280 1280w, https:\/\/cdt51.media.tourinsoft.eu\/upload\/Avenue-de-Champagne_2.jpg?width=1536&amp;height=1536 1536w, https:\/\/cdt51.media.tourinsoft.eu\/upload\/Avenue-de-Champagne_2.jpg?width=2048&amp;height=2048 2048w\" sizes=\"(max-width: 2048px) 100vw, 2048px\" title=\"\">\t\t<\/div>\n\t\n\t\t<div class=\"card__content\">\n\t\t\t\n\t\t\t\t\t\t\t\t\t\n\t\t\t\t\t\t\t\t\t\n\t\t\t\t\t\t<h3 class=\"title wp-block-heading is-style-h3\">\n\t\t\t\t<a href=\"https:\/\/tourisme-en-champagne.com\/de\/activite\/avenue-de-champagne\/\" target=\"_blank\">Avenue de Champagne<\/a>\t\t\t\t\t\t\t<\/h3>\n\t\t\t\n\t\t\t\t\t\t\t\t\t\n\t\t\t\t\t\t<div class=\"underlined\"><\/div>\n\t\t\n\t\t\t\t\t\t\t\t\t\t<div class=\"location\">\n\t\t\t\t\tEpernay\t\t\t\t<\/div>\n\t\t\t\t\t\t\n\t\t\t\t\t\t\t\t\t\n\t\t\t\t\t\t\t\t\t\n\t\t\t\t\t\t\t\t\t\n\t\t\t\t\t\t\t\t\t\t<div class=\"descriptif\">Wandern auf dem ber\u00fchmten Avenue de Champagne, es ist wie auf dem Champs-Elys\u00e9es in Paris.\r\rLange&#8230;<\/div>\n\t\t\t\t\n\t\t\t\t\t\t\t\t\t\t\t\t\t\t\t\t\n\t\t\t\t\t\t\t\t\t\t<div class=\"wp-block-button\">\n\t\t\t\t\t<a class=\"wp-element-button rounded\" href=\"https:\/\/tourisme-en-champagne.com\/de\/activite\/avenue-de-champagne\/\" target=\"_blank\" aria-label=\"Mehr erfahren \u00fcber Avenue de Champagne\">Mehr erfahren<\/a>\n\t\t\t\t<\/div>\n\t\t\t \n\t\t<\/div>\n\t\t\n\n\t\t<\/article>\n\n\t\t\t\t\t\t<\/div>\n\t\t\t\t\t\t\t\t\t\t\t\t\t\t<\/div>\n\t\t\t\t\n\t\t\t\t<div class=\"swiper-buttons\">\n\t\t\t\t\t<div class=\"swiper-button-prev\"><\/div>\n\t\t\t\t\t<div class=\"swiper-button-next\"><\/div>\n\t\t\t\t<\/div>\n\t\t\t<\/div>\n\t\t<\/div>\n\t\n<\/section>\n","protected":false},"excerpt":{"rendered":"<p>LE SAVIEZ-VOUS ? In der Villa Demoiselle ist der Kronleuchter, der mit dem Treppenaufgang verschmilzt, 9,4 Meter hoch. Und das ist noch nicht alles! 20.000 Blatt 22 Karat Gold wurden vom Vergolder verwendet. 24 Leuchten bilden den Baccarat Zenith Kronleuchter, der von Philippe Starck entworfen wurde. Nicht zu vergessen der Parkettboden im gro\u00dfen Salon Demoiselle, [&hellip;]<\/p>\n","protected":false},"author":2,"featured_media":15541,"parent":20604,"menu_order":0,"comment_status":"closed","ping_status":"closed","template":"templates\/thematique.php","meta":{"_acf_changed":false,"footnotes":"","_links_to":"","_links_to_target":""},"class_list":["post-19881","page","type-page","status-publish","has-post-thumbnail","hentry"],"acf":[],"_links":{"self":[{"href":"https:\/\/tourisme-en-champagne.com\/de\/wp-json\/wp\/v2\/pages\/19881","targetHints":{"allow":["GET"]}}],"collection":[{"href":"https:\/\/tourisme-en-champagne.com\/de\/wp-json\/wp\/v2\/pages"}],"about":[{"href":"https:\/\/tourisme-en-champagne.com\/de\/wp-json\/wp\/v2\/types\/page"}],"author":[{"embeddable":true,"href":"https:\/\/tourisme-en-champagne.com\/de\/wp-json\/wp\/v2\/users\/2"}],"replies":[{"embeddable":true,"href":"https:\/\/tourisme-en-champagne.com\/de\/wp-json\/wp\/v2\/comments?post=19881"}],"version-history":[{"count":3,"href":"https:\/\/tourisme-en-champagne.com\/de\/wp-json\/wp\/v2\/pages\/19881\/revisions"}],"predecessor-version":[{"id":28688,"href":"https:\/\/tourisme-en-champagne.com\/de\/wp-json\/wp\/v2\/pages\/19881\/revisions\/28688"}],"up":[{"embeddable":true,"href":"https:\/\/tourisme-en-champagne.com\/de\/wp-json\/wp\/v2\/pages\/20604"}],"wp:featuredmedia":[{"embeddable":true,"href":"https:\/\/tourisme-en-champagne.com\/de\/wp-json\/wp\/v2\/media\/15541"}],"wp:attachment":[{"href":"https:\/\/tourisme-en-champagne.com\/de\/wp-json\/wp\/v2\/media?parent=19881"}],"curies":[{"name":"wp","href":"https:\/\/api.w.org\/{rel}","templated":true}]}}