{"id":19870,"date":"2025-07-04T16:41:45","date_gmt":"2025-07-04T14:41:45","guid":{"rendered":"https:\/\/tourisme-en-champagne.com\/planen-sie-ihren-besuch\/"},"modified":"2025-11-27T16:03:11","modified_gmt":"2025-11-27T15:03:11","slug":"planen-sie-ihren-besuch","status":"publish","type":"page","link":"https:\/\/tourisme-en-champagne.com\/de\/die-champagne-in-feierlaune\/freier-weg\/planen-sie-ihren-besuch\/","title":{"rendered":"Planen Sie Ihren Besuch"},"content":{"rendered":"\n<section class=\"wp-block-group alignfull pattern-text has-global-padding is-content-justification-center is-layout-constrained wp-block-group-is-layout-constrained\">\n<div class=\"wp-block-columns is-layout-flex wp-container-core-columns-is-layout-fdcf44e1 wp-block-columns-is-layout-flex\">\n<div class=\"wp-block-column is-layout-flow wp-block-column-is-layout-flow\">\n<h2 class=\"wp-block-heading\"><strong>WIE K\u00d6NNEN SIE KOMMEN?<\/strong><\/h2>\n\n\n\n<hr class=\"wp-block-separator has-text-color has-accent-1-color has-alpha-channel-opacity has-accent-1-background-color has-background\"\/>\n\n\n\n<figure data-wp-context=\"{&quot;imageId&quot;:&quot;6a96a4b5a08b3&quot;}\" data-wp-interactive=\"core\/image\" data-wp-key=\"6a96a4b5a08b3\" class=\"wp-block-image size-full wp-lightbox-container\"><img loading=\"lazy\" decoding=\"async\" width=\"900\" height=\"274\" data-wp-class--hide=\"state.isContentHidden\" data-wp-class--show=\"state.isContentVisible\" data-wp-init=\"callbacks.setButtonStyles\" data-wp-on--click=\"actions.showLightbox\" data-wp-on--load=\"callbacks.setButtonStyles\" data-wp-on--pointerdown=\"actions.preloadImage\" data-wp-on--pointerenter=\"actions.preloadImageWithDelay\" data-wp-on--pointerleave=\"actions.cancelPreload\" data-wp-on-window--resize=\"callbacks.setButtonStyles\" src=\"https:\/\/tourisme-en-champagne.com\/assets\/uploads\/2025\/07\/panneau.png\" alt=\"\" class=\"wp-image-13861\" title=\"\" srcset=\"https:\/\/tourisme-en-champagne.com\/assets\/uploads\/2025\/07\/panneau.png 900w, https:\/\/tourisme-en-champagne.com\/assets\/uploads\/2025\/07\/panneau-640x195.png 640w, https:\/\/tourisme-en-champagne.com\/assets\/uploads\/2025\/07\/panneau-400x122.png 400w, https:\/\/tourisme-en-champagne.com\/assets\/uploads\/2025\/07\/panneau-768x234.png 768w\" sizes=\"auto, (max-width: 900px) 100vw, 900px\" \/><button\n\t\t\tclass=\"lightbox-trigger\"\n\t\t\ttype=\"button\"\n\t\t\taria-haspopup=\"dialog\"\n\t\t\tdata-wp-bind--aria-label=\"state.thisImage.triggerButtonAriaLabel\"\n\t\t\tdata-wp-init=\"callbacks.initTriggerButton\"\n\t\t\tdata-wp-on--click=\"actions.showLightbox\"\n\t\t\tdata-wp-style--right=\"state.thisImage.buttonRight\"\n\t\t\tdata-wp-style--top=\"state.thisImage.buttonTop\"\n\t\t>\n\t\t\t<svg xmlns=\"http:\/\/www.w3.org\/2000\/svg\" width=\"12\" height=\"12\" fill=\"none\" viewBox=\"0 0 12 12\">\n\t\t\t\t<path fill=\"#fff\" d=\"M2 0a2 2 0 0 0-2 2v2h1.5V2a.5.5 0 0 1 .5-.5h2V0H2Zm2 10.5H2a.5.5 0 0 1-.5-.5V8H0v2a2 2 0 0 0 2 2h2v-1.5ZM8 12v-1.5h2a.5.5 0 0 0 .5-.5V8H12v2a2 2 0 0 1-2 2H8Zm2-12a2 2 0 0 1 2 2v2h-1.5V2a.5.5 0 0 0-.5-.5H8V0h2Z\" \/>\n\t\t\t<\/svg>\n\t\t<\/button><\/figure>\n<\/div>\n<\/div>\n<\/section>\n\n<section class=\"wp-block-group alignfull pattern-text has-global-padding is-content-justification-center is-layout-constrained wp-block-group-is-layout-constrained\">\n<div class=\"wp-block-columns is-layout-flex wp-container-core-columns-is-layout-fdcf44e1 wp-block-columns-is-layout-flex\">\n<div class=\"wp-block-column is-layout-flow wp-block-column-is-layout-flow\">\n<h2 class=\"wp-block-heading\"><strong>Mit dem Zug<\/strong><\/h2>\n\n\n\n<hr class=\"wp-block-separator has-text-color has-accent-1-color has-alpha-channel-opacity has-accent-1-background-color has-background\"\/>\n\n\n\n<p class=\"wp-block-paragraph\">Die n\u00e4chstgelegenen Bahnh\u00f6fe f\u00fcr die Anreise zur Veranstaltung &#8222;En Rou(t)e Libre&#8220; sind der <strong>Bahnhof von Epernay und der Bahnhof von Dormans.<\/strong><\/p>\n\n\n\n<ul class=\"wp-block-list\">\n<li><strong>Bahnhof Epernay:<\/strong> <br\/>Place de la Gare &#8211; 51200 EPERNAY<br\/>Weitere Informationen: https: <a href=\"https:\/\/www.garesetconnexions.sncf\/fr\/gares-services\/epernay\" target=\"_blank\" rel=\"noreferrer noopener\">\/\/www.garesetconnexions.sncf\/fr\/gares-services\/epernay<\/a><\/li>\n<\/ul>\n\n\n\n<p class=\"wp-block-paragraph\">Vom Bahnhof Epernay aus nehmen Sie die Fahrradroute V52 in Richtung Reuil (14 km, ca. 45 Minuten Fahrzeit mit dem Fahrrad).<\/p>\n\n\n\n<p class=\"wp-block-paragraph\">ACHTUNG:<br\/>Derzeit werden im Bahnhof von Epernay <strong>Arbeiten zur Verbesserung der Zug\u00e4nglichkeit<\/strong> durchgef\u00fchrt. Der Zugang zu den Bahnsteigen und der Bahnhofshalle erfordert daher, dass Sie mit Ihrem Fahrrad eine enge Treppe hinaufgehen m\u00fcssen (es gibt derzeit keine Rampe f\u00fcr Fahrr\u00e4der). <\/p>\n\n\n\n<ul class=\"wp-block-list\">\n<li><strong>Bahnhof Dormans: <\/strong> <br\/>Rue de la Gare &#8211; 51700 DORMANS <br\/>Weitere Informationen: https: <a href=\"https:\/\/www.garesetconnexions.sncf\/fr\/gares-services\/dormans\" target=\"_blank\" rel=\"noreferrer noopener\">\/\/www.garesetconnexions.sncf\/fr\/gares-services\/dormans<\/a><\/li>\n<\/ul>\n\n\n\n<p class=\"wp-block-paragraph\">Vom Bahnhof Dormans nehmen Sie die Fahrradroute V52 Richtung Reuil (14 km, ca. 45 Minuten Fahrzeit mit dem Fahrrad).<\/p>\n\n\n\n<p class=\"wp-block-paragraph\">ACHTUNG:<br\/>Wenn Sie aus Paris* kommen, m\u00fcssen Sie f\u00fcr die \u00dcberquerung der Gleise eine Fu\u00dfg\u00e4ngerbr\u00fccke benutzen und Ihr Fahrrad tragen (es gibt derzeit keine Rampen f\u00fcr Fahrr\u00e4der).<\/p>\n\n\n\n<p class=\"wp-block-paragraph\">*Bitte beachten Sie, dass die Mitnahme von Fahrr\u00e4dern in den TER fluo mit Verbindung nach Paris reservierungspflichtig ist.<\/p>\n\n\n\n<h4 class=\"wp-block-heading\"><strong>BEDINGUNGEN F\u00dcR DIE MITNAHME VON FAHRR\u00c4DERN  <\/strong><\/h4>\n\n\n\n<p class=\"wp-block-paragraph\">Die Pl\u00e4tze f\u00fcr Fahrr\u00e4der in den Z\u00fcgen sind <strong>begrenzt<\/strong>: Jeder TER hat 12 Fahrradhaken und darf insgesamt nicht mehr als 30 Fahrr\u00e4der pro Zug mitnehmen. Bei gro\u00dfem Andrang an Bord werden die Fahrg\u00e4ste bevorzugt. <br\/><em><a href=\"https:\/\/www.sncf-connect.com\/aide\/transport-de-votre-velo#:~:text=L&#039;emport%20d&#039;un%20v%C3%A9lo,sont%20pas%20accept%C3%A9s%20%C3%A0%20bord.\" target=\"_blank\" rel=\"noreferrer noopener\">Weitere Informationen<\/a><\/em><\/p>\n\n\n\n<h4 class=\"wp-block-heading\"><strong>FLUO KARTE GRAND EST<\/strong><\/h4>\n\n\n\n<p class=\"wp-block-paragraph\">Diese Erm\u00e4\u00dfigungskarte ist 1 Jahr g\u00fcltig und bietet 50% Erm\u00e4\u00dfigung auf alle Fahrten mit TER FLUO in der Region Grand Est. Die mit diesem Tarif verkauften Fahrkarten sind am angegebenen Tag zu benutzen. <br\/><em><a href=\"https:\/\/www.sncf-connect.com\/app\/catalogue\/description\/grand-est-carte-fluo\" target=\"_blank\" rel=\"noreferrer noopener\">Weitere Informationen<\/a><\/em><\/p>\n\n\n\n<h3 class=\"wp-block-heading has-accent-1-color has-text-color has-link-color wp-elements-6fdb2009d6054c5b103e510aa0e06f88\">Haben Sie Fragen?<\/h3>\n\n\n\n<p class=\"wp-block-paragraph\">Kostenloser Service und Anruf (SNCF TER Grand Est): 0 805 415 415 <br\/><a href=\"http:\/\/www.ter.sncf.com\/grand-est\" target=\"_blank\" rel=\"noreferrer noopener\">www.ter.sncf.com\/grand-est<\/a><\/p>\n<\/div>\n<\/div>\n<\/section>\n\n<section class=\"wp-block-group alignfull pattern-text has-global-padding is-content-justification-center is-layout-constrained wp-block-group-is-layout-constrained\">\n<div class=\"wp-block-columns is-layout-flex wp-container-core-columns-is-layout-fdcf44e1 wp-block-columns-is-layout-flex\">\n<div class=\"wp-block-column is-layout-flow wp-block-column-is-layout-flow\">\n<iframe loading=\"lazy\" height=\"500\" src=\"https:\/\/www.openrunner.com\/embed\/5642716c4d49776735777032524a5579315571464e354d6f31306766566270494366306136374a455835343d3a3abc4b7a3c36140eefd75eeb488da6904f?unit=metric\" style=\"border: none;\" width=\"100%\"><\/iframe>\n<\/div>\n<\/div>\n<\/section>\n\n<section class=\"wp-block-group alignfull pattern-text-100 has-middleground-background-color has-background has-global-padding is-layout-constrained wp-block-group-is-layout-constrained\">\n<div class=\"wp-block-columns is-layout-flex wp-container-core-columns-is-layout-63fbf5b9 wp-block-columns-is-layout-flex\">\n<div class=\"wp-block-column is-layout-flow wp-block-column-is-layout-flow\">\n<h3 class=\"wp-block-heading has-accent-1-color has-text-color has-link-color wp-elements-ba576835d03c1141f777ae2a82ccd284\"><strong>Auto<\/strong><\/h3>\n\n\n\n<ul class=\"wp-block-list\">\n<li><strong>Von Reims\/Charleville-M\u00e9zi\u00e8res:<\/strong> A34 Ausfahrten Vall\u00e9es de la Suippe, Witry-l\u00e8s Reims, Reims<\/li>\n\n\n\n<li><strong>Von Calais\/Troyes: <\/strong>A26 Ausfahrten Reims, Ch\u00e2lons en Champagne, Sommesous<\/li>\n\n\n\n<li><strong>Von Paris\/Stra\u00dfburg: <\/strong>A4 <strong>Ausfahrten <\/strong>Dormans, Reims, Ch\u00e2lons en Champagne, Sainte-M\u00e9n\u00e9hould<\/li>\n<\/ul>\n\n\n\n<h3 class=\"wp-block-heading has-accent-1-color has-text-color has-link-color wp-elements-e5f82713af562cb54d9a275dbddd565a\">Parkpl\u00e4tze f\u00fcr Autos<\/h3>\n\n\n\n<p class=\"wp-block-paragraph\"><strong>Reuil  <\/strong><\/p>\n\n\n\n<ul class=\"wp-block-list\">\n<li>D 601, Oeuilly &#8211; 49.07963 \/ 3.79722 (sch\u00e4tzungsweise 310 Pl\u00e4tze)<\/li>\n<\/ul>\n\n\n\n<p class=\"wp-block-paragraph\"><strong>Ch\u00e2tillon-sur-Marne  <\/strong><\/p>\n\n\n\n<ul class=\"wp-block-list\">\n<li><strong>Rue<\/strong>des Bruy\u00e8res &#8211; 49.09216 \/ 3.7589 (sch\u00e4tzungsweise 780 Pl\u00e4tze)  <\/li>\n\n\n\n<li>D23e5 Ch\u00e2tillon-sur-Marne 49,10914 \/ 3.75718 (sch\u00e4tzungsweise 360 Pl\u00e4tze)<\/li>\n\n\n\n<li>Rue de la Fontaine Corbillon 49.10297 \/ 3.75890 (sch\u00e4tzungsweise 15 Pl\u00e4tze)<\/li>\n<\/ul>\n<\/div>\n<\/div>\n<\/section>\n\n<section class=\"wp-block-group alignfull pattern-mosaic has-base-background-color has-background has-global-padding is-layout-constrained wp-block-group-is-layout-constrained\">\n<div class=\"wp-block-columns is-layout-flex wp-container-core-columns-is-layout-fdcf44e1 wp-block-columns-is-layout-flex\">\n<div class=\"wp-block-column col-content is-layout-flow wp-block-column-is-layout-flow\">\n<h2 class=\"wp-block-heading has-text-align-center\"><strong><strong>TOURISTISCHE INFORMATIONEN &amp; UNTERK\u00dcNFTE<\/strong><\/strong><\/h2>\n\n\n\n<hr class=\"wp-block-separator has-text-color has-accent-1-color has-alpha-channel-opacity has-accent-1-background-color has-background\"\/>\n\n\n\n<p class=\"has-text-align-center wp-block-paragraph\">Nutzen Sie die Veranstaltung &#8222;En Rou(t)e Libre&#8220;, um Ihren Aufenthalt zu verl\u00e4ngern!<br\/>Lassen Sie sich bei der Planung Ihres n\u00e4chsten Ausflugs in die Champagne leiten!<\/p>\n\n\n\n\t<div class=\"fsgb-block-link-mosaic is-style-grid swiper swiperMosaic\"  >\n\t\t\t\t\t<div class=\"swiper-wrapper\">\n\t\t\t\t\t\t\t\t\t\t\t\t<div class=\"swiper-slide\">\n\t\t\t\t\t\t\t<a href=\"#\" target=\"_blank\">\n\t\t\t\t\t\t\t\t\t\t\t<div class=\"thumbnail\"><img loading=\"lazy\" decoding=\"async\" width=\"400\" height=\"257\" src=\"https:\/\/tourisme-en-champagne.com\/assets\/uploads\/2025\/07\/paysages-de-la-champagne-400x257.jpg\" class=\"attachment-thumbnail size-thumbnail\" alt=\"\" srcset=\"https:\/\/tourisme-en-champagne.com\/assets\/uploads\/2025\/07\/paysages-de-la-champagne-400x257.jpg 400w, https:\/\/tourisme-en-champagne.com\/assets\/uploads\/2025\/07\/paysages-de-la-champagne-640x411.jpg 640w, https:\/\/tourisme-en-champagne.com\/assets\/uploads\/2025\/07\/paysages-de-la-champagne.jpg 670w\" sizes=\"auto, (max-width: 400px) 100vw, 400px\" title=\"\"><\/div>\n\t\t\t\t\t\t\t\t\t\t\t\t\t\t\t<div class=\"text-link-title\">\n\t\t\t\t\t\t\t\t\t\t\t\t\t<h2 class=\"link-title\">Office de Tourisme des Paysages de la Champagne<\/h2>\n\t\t\t\t\t\t\t\t\t\t\t\t\t\t\t\t\t<\/div>\n\t\t\t\t<\/a>\n\t\t\t\t<\/div>\t\t\t\t\t\t\t\t\t\t<div class=\"swiper-slide\">\n\t\t\t\t\t\t\t<a href=\"#\" target=\"_blank\">\n\t\t\t\t\t\t\t\t\t\t\t<div class=\"thumbnail\"><img loading=\"lazy\" decoding=\"async\" width=\"400\" height=\"257\" src=\"https:\/\/tourisme-en-champagne.com\/assets\/uploads\/2025\/07\/bed-890579-1920-400x257.jpg\" class=\"attachment-thumbnail size-thumbnail\" alt=\"\" srcset=\"https:\/\/tourisme-en-champagne.com\/assets\/uploads\/2025\/07\/bed-890579-1920-400x257.jpg 400w, https:\/\/tourisme-en-champagne.com\/assets\/uploads\/2025\/07\/bed-890579-1920-640x411.jpg 640w, https:\/\/tourisme-en-champagne.com\/assets\/uploads\/2025\/07\/bed-890579-1920.jpg 670w\" sizes=\"auto, (max-width: 400px) 100vw, 400px\" title=\"\"><\/div>\n\t\t\t\t\t\t\t\t\t\t\t\t\t\t\t<div class=\"text-link-title\">\n\t\t\t\t\t\t\t\t\t\t\t\t\t<h2 class=\"link-title\">H\u00e9bergements<\/h2>\n\t\t\t\t\t\t\t\t\t\t\t\t\t\t\t\t\t<\/div>\n\t\t\t\t<\/a>\n\t\t\t\t<\/div>\t\t\t\t\t\t\t\t\t\t<div class=\"swiper-slide\">\n\t\t\t\t\t\t\t<a href=\"#\" target=\"_blank\">\n\t\t\t\t\t\t\t\t\t\t\t<div class=\"thumbnail\"><img loading=\"lazy\" decoding=\"async\" width=\"400\" height=\"181\" src=\"https:\/\/tourisme-en-champagne.com\/assets\/uploads\/2025\/06\/memorial-dormanscr-kiezer-coll-adt-marne-1-400x181.jpg\" class=\"attachment-thumbnail size-thumbnail\" alt=\"\" srcset=\"https:\/\/tourisme-en-champagne.com\/assets\/uploads\/2025\/06\/memorial-dormanscr-kiezer-coll-adt-marne-1-400x181.jpg 400w, https:\/\/tourisme-en-champagne.com\/assets\/uploads\/2025\/06\/memorial-dormanscr-kiezer-coll-adt-marne-1-640x290.jpg 640w, https:\/\/tourisme-en-champagne.com\/assets\/uploads\/2025\/06\/memorial-dormanscr-kiezer-coll-adt-marne-1-1280x580.jpg 1280w, https:\/\/tourisme-en-champagne.com\/assets\/uploads\/2025\/06\/memorial-dormanscr-kiezer-coll-adt-marne-1-768x348.jpg 768w, https:\/\/tourisme-en-champagne.com\/assets\/uploads\/2025\/06\/memorial-dormanscr-kiezer-coll-adt-marne-1-1536x696.jpg 1536w, https:\/\/tourisme-en-champagne.com\/assets\/uploads\/2025\/06\/memorial-dormanscr-kiezer-coll-adt-marne-1.jpg 1920w\" sizes=\"auto, (max-width: 400px) 100vw, 400px\" title=\"\"><\/div>\n\t\t\t\t\t\t\t\t\t\t\t\t\t\t\t<div class=\"text-link-title\">\n\t\t\t\t\t\t\t\t\t\t\t\t\t<h2 class=\"link-title\">Sites &amp; monuments<\/h2>\n\t\t\t\t\t\t\t\t\t\t\t\t\t\t\t\t\t<\/div>\n\t\t\t\t<\/a>\n\t\t\t\t<\/div>\t\t\t\t\t\t\t\t\t\t<div class=\"swiper-slide\">\n\t\t\t\t\t\t\t<a href=\"#\" target=\"_blank\">\n\t\t\t\t\t\t\t\t\t\t\t<div class=\"thumbnail\"><img loading=\"lazy\" decoding=\"async\" width=\"400\" height=\"257\" src=\"https:\/\/tourisme-en-champagne.com\/assets\/uploads\/2025\/07\/gastronomie-400x257.jpg\" class=\"attachment-thumbnail size-thumbnail\" alt=\"\" srcset=\"https:\/\/tourisme-en-champagne.com\/assets\/uploads\/2025\/07\/gastronomie-400x257.jpg 400w, https:\/\/tourisme-en-champagne.com\/assets\/uploads\/2025\/07\/gastronomie-640x411.jpg 640w, https:\/\/tourisme-en-champagne.com\/assets\/uploads\/2025\/07\/gastronomie.jpg 670w\" sizes=\"auto, (max-width: 400px) 100vw, 400px\" title=\"\"><\/div>\n\t\t\t\t\t\t\t\t\t\t\t\t\t\t\t<div class=\"text-link-title\">\n\t\t\t\t\t\t\t\t\t\t\t\t\t<h2 class=\"link-title\">Restaurants &amp; gastronomie<\/h2>\n\t\t\t\t\t\t\t\t\t\t\t\t\t\t\t\t\t<\/div>\n\t\t\t\t<\/a>\n\t\t\t\t<\/div>\t\t\t\t\t\t\t\t<\/div>\n\t\t\t<div class=\"swiper-buttons\">\n\t\t\t\t<div class=\"swiper-button swiper-button-prev\"><\/div> \n\t\t\t\t<div class=\"swiper-button swiper-button-next\"><\/div>\n\t\t\t<\/div>\n\t\t\t\t\n\t<\/div>\n\n<\/div>\n<\/div>\n<\/section>\n\n<section class=\"wp-block-group alignfull pattern-text-100 has-middleground-background-color has-background has-global-padding is-layout-constrained wp-block-group-is-layout-constrained\">\n<div class=\"wp-block-columns is-layout-flex wp-container-core-columns-is-layout-63fbf5b9 wp-block-columns-is-layout-flex\">\n<div class=\"wp-block-column is-layout-flow wp-block-column-is-layout-flow\">\n<h2 class=\"wp-block-heading\"><strong>FAHRRADPARKPL\u00c4TZE<\/strong><\/h2>\n\n\n\n<hr class=\"wp-block-separator has-text-color has-accent-1-color has-alpha-channel-opacity has-accent-1-background-color has-background\"\/>\n\n\n\n<p class=\"wp-block-paragraph\"><strong>Fahrradparkpl\u00e4tze<\/strong> stehen in der N\u00e4he jeder Feststation zur Verf\u00fcgung, so dass Sie Ihre <strong>Fahrr\u00e4der<\/strong> in aller Freiheit genie\u00dfen k\u00f6nnen ( <strong>Fahrradschl\u00f6sser<\/strong> mitbringen).<\/p>\n\n\n\n<ul class=\"wp-block-list\">\n<li>Reuil: 49.08331 \/ 3.79598<\/li>\n\n\n\n<li>Villers-sous-Ch\u00e2tillon : 49.09647 \/ 3.80065<\/li>\n\n\n\n<li>Binson Orquigny: 49.09464 \/ 3. 788894<\/li>\n\n\n\n<li>Moulin Carr\u00e9: 49.09769 \/ 3.77433<\/li>\n\n\n\n<li>Ch\u00e2tillon-sur-Marne: 49.09916 \/ 3.75747<\/li>\n\n\n\n<li>Priorat von Binson : 49.09104 \/ 3.76629<\/li>\n<\/ul>\n<\/div>\n<\/div>\n<\/section>\n\n<section class=\"wp-block-group alignfull pattern-text-100 has-global-padding is-layout-constrained wp-block-group-is-layout-constrained\">\n<div class=\"wp-block-columns is-layout-flex wp-container-core-columns-is-layout-63fbf5b9 wp-block-columns-is-layout-flex\">\n<div class=\"wp-block-column is-layout-flow wp-block-column-is-layout-flow\">\n<h2 class=\"wp-block-heading\"><strong>verkehrsberuhigte Zonen auf der Strecke<\/strong><\/h2>\n\n\n\n<hr class=\"wp-block-separator has-text-color has-accent-1-color has-alpha-channel-opacity has-accent-1-background-color has-background\"\/>\n\n\n\n<p class=\"wp-block-paragraph\">Praktische Informationen f\u00fcr die Einwohner<\/p>\n\n\n\n<ul class=\"wp-block-list\">\n<li><a href=\"http:\/\/www.tourisme-en-champagne.com\/files\/atoms\/files\/livret_reuil.pdf\" target=\"_blank\" rel=\"noreferrer noopener\">Reuil<\/a><\/li>\n\n\n\n<li><a href=\"http:\/\/www.tourisme-en-champagne.com\/files\/atoms\/files\/livret_tincourt.pdf\" target=\"_blank\" rel=\"noreferrer noopener\">Tincourt<\/a><\/li>\n\n\n\n<li><a href=\"http:\/\/www.tourisme-en-champagne.com\/files\/atoms\/files\/livret_villers-sous-chatillon.pdf\" target=\"_blank\" rel=\"noreferrer noopener\">Villers-sous-Ch\u00e2tillon<\/a><\/li>\n\n\n\n<li><a href=\"http:\/\/www.tourisme-en-champagne.com\/files\/atoms\/files\/livret_binson_et_orquigny.pdf\" target=\"_blank\" rel=\"noreferrer noopener\">Binson-et-Orquigny<\/a><\/li>\n\n\n\n<li><a href=\"http:\/\/www.tourisme-en-champagne.com\/files\/atoms\/files\/livret_chatillon-sur-marne.pdf\" target=\"_blank\" rel=\"noreferrer noopener\">Ch\u00e2tillon-sur-Marne<\/a><\/li>\n<\/ul>\n<\/div>\n<\/div>\n<\/section>\n","protected":false},"excerpt":{"rendered":"<p>WIE K\u00d6NNEN SIE KOMMEN? Mit dem Zug Die n\u00e4chstgelegenen Bahnh\u00f6fe f\u00fcr die Anreise zur Veranstaltung &#8222;En Rou(t)e Libre&#8220; sind der Bahnhof von Epernay und der Bahnhof von Dormans. Vom Bahnhof Epernay aus nehmen Sie die Fahrradroute V52 in Richtung Reuil (14 km, ca. 45 Minuten Fahrzeit mit dem Fahrrad). ACHTUNG:Derzeit werden im Bahnhof von Epernay [&hellip;]<\/p>\n","protected":false},"author":2,"featured_media":2862,"parent":20661,"menu_order":0,"comment_status":"closed","ping_status":"closed","template":"templates\/thematique.php","meta":{"_acf_changed":false,"footnotes":"","_links_to":"","_links_to_target":""},"class_list":["post-19870","page","type-page","status-publish","has-post-thumbnail","hentry"],"acf":[],"_links":{"self":[{"href":"https:\/\/tourisme-en-champagne.com\/de\/wp-json\/wp\/v2\/pages\/19870","targetHints":{"allow":["GET"]}}],"collection":[{"href":"https:\/\/tourisme-en-champagne.com\/de\/wp-json\/wp\/v2\/pages"}],"about":[{"href":"https:\/\/tourisme-en-champagne.com\/de\/wp-json\/wp\/v2\/types\/page"}],"author":[{"embeddable":true,"href":"https:\/\/tourisme-en-champagne.com\/de\/wp-json\/wp\/v2\/users\/2"}],"replies":[{"embeddable":true,"href":"https:\/\/tourisme-en-champagne.com\/de\/wp-json\/wp\/v2\/comments?post=19870"}],"version-history":[{"count":1,"href":"https:\/\/tourisme-en-champagne.com\/de\/wp-json\/wp\/v2\/pages\/19870\/revisions"}],"predecessor-version":[{"id":19876,"href":"https:\/\/tourisme-en-champagne.com\/de\/wp-json\/wp\/v2\/pages\/19870\/revisions\/19876"}],"up":[{"embeddable":true,"href":"https:\/\/tourisme-en-champagne.com\/de\/wp-json\/wp\/v2\/pages\/20661"}],"wp:featuredmedia":[{"embeddable":true,"href":"https:\/\/tourisme-en-champagne.com\/de\/wp-json\/wp\/v2\/media\/2862"}],"wp:attachment":[{"href":"https:\/\/tourisme-en-champagne.com\/de\/wp-json\/wp\/v2\/media?parent=19870"}],"curies":[{"name":"wp","href":"https:\/\/api.w.org\/{rel}","templated":true}]}}