{"id":19821,"date":"2025-07-18T10:03:28","date_gmt":"2025-07-18T08:03:28","guid":{"rendered":"https:\/\/tourisme-en-champagne.com\/handi-tourismus-grenzenlos-erkunden\/"},"modified":"2026-08-20T20:51:21","modified_gmt":"2026-08-20T18:51:21","slug":"handi-tourismus-grenzenlos-erkunden","status":"publish","type":"page","link":"https:\/\/tourisme-en-champagne.com\/de\/handi-tourismus-grenzenlos-erkunden\/","title":{"rendered":"Handi-Tourismus, grenzenlos erkunden"},"content":{"rendered":"\n<section class=\"wp-block-group alignfull pattern-text has-global-padding is-content-justification-center is-layout-constrained wp-block-group-is-layout-constrained\">\n<div class=\"wp-block-columns is-layout-flex wp-container-core-columns-is-layout-fdcf44e1 wp-block-columns-is-layout-flex\">\n<div class=\"wp-block-column is-layout-flow wp-block-column-is-layout-flow\">\n<h3 class=\"wp-block-heading has-accent-3-color has-text-color has-link-color wp-elements-75654558b00016319784a66725beb1ad\"><strong>F\u00dcR EINE BARRIEREFREIE ENTDECKUNG DER MARNE<\/strong><\/h3>\n\n\n\n<p class=\"has-text-align-left wp-block-paragraph\">Sind Sie auf der Suche nach einer Unterkunft, einem Museum, einem Restaurant, einem Spaziergang, einem Veranstaltungsort, Freizeitaktivit\u00e4ten, Weintourismus und Erholung, die <strong>f\u00fcr Menschen mit Behinderung zug\u00e4nglich sind? <\/strong>Die Tourismusfachleute im Departement Marne k\u00fcmmern sich um Sie und Ihre Begleiter, unabh\u00e4ngig von Ihrer Behinderung.<\/p>\n\n\n\n<p class=\"wp-block-paragraph\">Je nach Art Ihrer Behinderung bitten wir Sie, sich vor Ihrem Besuch direkt mit dem Anbieter in Verbindung zu setzen, um Ihnen ein besseres Erlebnis zu garantieren.<\/p>\n\n\n\n<p class=\"has-text-align-left wp-block-paragraph\">Seit 2006 hat sich<strong> die Agence de D\u00e9veloppement Touristique de la Marne f\u00fcr<\/strong> die Sensibilisierung und Mobilisierung von Tourismusfachleuten f\u00fcr die Integration von Menschen mit Behinderungen engagiert.<\/p>\n<\/div>\n<\/div>\n<\/section>\n\n<section class=\"wp-block-group alignfull pattern-mosaic has-middleground-background-color has-background has-global-padding is-layout-constrained wp-block-group-is-layout-constrained\">\n<div class=\"wp-block-columns is-layout-flex wp-container-core-columns-is-layout-fdcf44e1 wp-block-columns-is-layout-flex\">\n<div class=\"wp-block-column col-content is-layout-flow wp-block-column-is-layout-flow\">\n<h2 class=\"wp-block-heading has-text-align-center\"><strong><strong>Besichtigung &amp; Kulturerbe<\/strong><\/strong><\/h2>\n\n\n\n<hr class=\"wp-block-separator has-text-color has-accent-1-color has-alpha-channel-opacity has-accent-1-background-color has-background\"\/>\n\n\n\n<p class=\"has-text-align-center wp-block-paragraph\">Entdecken Sie unsere Vorschl\u00e4ge f\u00fcr Besichtigungen und Aktivit\u00e4ten, die f\u00fcr Personen mit eingeschr\u00e4nkter Mobilit\u00e4t zug\u00e4nglich sind, einschlie\u00dflich kultureller Besichtigungen, angepasster Freizeitaktivit\u00e4ten<br\/>, um eine bereichernde und integrative Erfahrung zu gew\u00e4hrleisten.<\/p>\n\n\n\n\t<div class=\"fsgb-block-link-mosaic is-style-grid swiper swiperMosaic\"  >\n\t\t\t\t\t<div class=\"swiper-wrapper\">\n\t\t\t\t\t\t\t\t\t\t\t\t<div class=\"swiper-slide\">\n\t\t\t\t\t\t\t<a href=\"https:\/\/www.youtube.com\/watch?v=3TK7D0frXWI\" target=\"_blank\" rel=\"noopener\">\n\t\t\t\t\t\t\t\t\t\t\t<div class=\"thumbnail\"><img loading=\"lazy\" decoding=\"async\" width=\"400\" height=\"125\" src=\"https:\/\/tourisme-en-champagne.com\/assets\/uploads\/2025\/06\/pressoria-ay-champagne-musee-5-sens-boegly-grazia-400x125.jpg\" class=\"attachment-thumbnail size-thumbnail\" alt=\"\" srcset=\"https:\/\/tourisme-en-champagne.com\/assets\/uploads\/2025\/06\/pressoria-ay-champagne-musee-5-sens-boegly-grazia-400x125.jpg 400w, https:\/\/tourisme-en-champagne.com\/assets\/uploads\/2025\/06\/pressoria-ay-champagne-musee-5-sens-boegly-grazia-640x200.jpg 640w, https:\/\/tourisme-en-champagne.com\/assets\/uploads\/2025\/06\/pressoria-ay-champagne-musee-5-sens-boegly-grazia-1280x400.jpg 1280w, https:\/\/tourisme-en-champagne.com\/assets\/uploads\/2025\/06\/pressoria-ay-champagne-musee-5-sens-boegly-grazia-768x240.jpg 768w, https:\/\/tourisme-en-champagne.com\/assets\/uploads\/2025\/06\/pressoria-ay-champagne-musee-5-sens-boegly-grazia-1536x480.jpg 1536w, https:\/\/tourisme-en-champagne.com\/assets\/uploads\/2025\/06\/pressoria-ay-champagne-musee-5-sens-boegly-grazia.jpg 1920w\" sizes=\"auto, (max-width: 400px) 100vw, 400px\" title=\"\"><\/div>\n\t\t\t\t\t\t\t\t\t\t\t\t\t\t\t<div class=\"text-link-title\">\n\t\t\t\t\t\t\t\t\t\t\t\t\t<h2 class=\"link-title\">Pressoria &#8211; Voyage sensoriel au coeur de la nature<\/h2>\n\t\t\t\t\t\t\t\t\t\t\t\t\t\t\t\t\t\t\t<div class=\"text\">A\u00ff-Champagne<\/div>\n\t\t\t\t\t\t\t\t\t\t\t<\/div>\n\t\t\t\t<\/a>\n\t\t\t\t<\/div>\t\t\t\t\t\t\t\t\t\t<div class=\"swiper-slide\">\n\t\t\t\t\t\t\t<a href=\"https:\/\/tourisme-en-champagne.com\/activite\/musee-du-vin-de-champagne-et-darcheologie-regionale\/\">\n\t\t\t\t\t\t\t\t\t\t\t<div class=\"thumbnail\"><img loading=\"lazy\" decoding=\"async\" width=\"400\" height=\"257\" src=\"https:\/\/tourisme-en-champagne.com\/assets\/uploads\/2025\/07\/campagne-marne-musee-du-vin-visuel-paysage-cmjn-2-400x257.jpg\" class=\"attachment-thumbnail size-thumbnail\" alt=\"Mus\u00e9e du vin de Champagne\" srcset=\"https:\/\/tourisme-en-champagne.com\/assets\/uploads\/2025\/07\/campagne-marne-musee-du-vin-visuel-paysage-cmjn-2-400x257.jpg 400w, https:\/\/tourisme-en-champagne.com\/assets\/uploads\/2025\/07\/campagne-marne-musee-du-vin-visuel-paysage-cmjn-2-640x411.jpg 640w, https:\/\/tourisme-en-champagne.com\/assets\/uploads\/2025\/07\/campagne-marne-musee-du-vin-visuel-paysage-cmjn-2.jpg 670w\" sizes=\"auto, (max-width: 400px) 100vw, 400px\" title=\"\"><\/div>\n\t\t\t\t\t\t\t\t\t\t\t\t\t\t\t<div class=\"text-link-title\">\n\t\t\t\t\t\t\t\t\t\t\t\t\t<h2 class=\"link-title\">Mus\u00e9e du Vin de Champagne et d&#8217;Arch\u00e9ologie<\/h2>\n\t\t\t\t\t\t\t\t\t\t\t\t\t\t\t\t\t\t\t<div class=\"text\">Epernay<\/div>\n\t\t\t\t\t\t\t\t\t\t\t<\/div>\n\t\t\t\t<\/a>\n\t\t\t\t<\/div>\t\t\t\t\t\t\t\t\t\t<div class=\"swiper-slide\">\n\t\t\t\t\t\t\t<a href=\"https:\/\/tourisme-en-champagne.com\/activite\/cathedrale-notre-dame-de-reims\/\">\n\t\t\t\t\t\t\t\t\t\t\t<div class=\"thumbnail\"><img loading=\"lazy\" decoding=\"async\" width=\"400\" height=\"257\" src=\"https:\/\/tourisme-en-champagne.com\/assets\/uploads\/2025\/07\/cathedrale-reimsccmanquillet-colladt-marne11-preview-400x257.jpeg\" class=\"attachment-thumbnail size-thumbnail\" alt=\"Cath\u00e9drale de Reims\" srcset=\"https:\/\/tourisme-en-champagne.com\/assets\/uploads\/2025\/07\/cathedrale-reimsccmanquillet-colladt-marne11-preview-400x257.jpeg 400w, https:\/\/tourisme-en-champagne.com\/assets\/uploads\/2025\/07\/cathedrale-reimsccmanquillet-colladt-marne11-preview-640x411.jpeg 640w, https:\/\/tourisme-en-champagne.com\/assets\/uploads\/2025\/07\/cathedrale-reimsccmanquillet-colladt-marne11-preview.jpeg 670w\" sizes=\"auto, (max-width: 400px) 100vw, 400px\" title=\"\"><\/div>\n\t\t\t\t\t\t\t\t\t\t\t\t\t\t\t<div class=\"text-link-title\">\n\t\t\t\t\t\t\t\t\t\t\t\t\t<h2 class=\"link-title\">Cath\u00e9drale Notre-Dame<\/h2>\n\t\t\t\t\t\t\t\t\t\t\t\t\t\t\t\t\t\t\t<div class=\"text\">Reims<\/div>\n\t\t\t\t\t\t\t\t\t\t\t<\/div>\n\t\t\t\t<\/a>\n\t\t\t\t<\/div>\t\t\t\t\t\t\t\t\t\t<div class=\"swiper-slide\">\n\t\t\t\t\t\t\t<a href=\"https:\/\/tourisme-en-champagne.com\/activite\/centre-historique-valmy-1792\/\">\n\t\t\t\t\t\t\t\t\t\t\t<div class=\"thumbnail\"><img loading=\"lazy\" decoding=\"async\" width=\"400\" height=\"257\" src=\"https:\/\/tourisme-en-champagne.com\/assets\/uploads\/2025\/07\/centre-historique-valmy-1792-s-millot-coll-adt-marne2-400x257.jpg\" class=\"attachment-thumbnail size-thumbnail\" alt=\"Centre historique Valmy\" srcset=\"https:\/\/tourisme-en-champagne.com\/assets\/uploads\/2025\/07\/centre-historique-valmy-1792-s-millot-coll-adt-marne2-400x257.jpg 400w, https:\/\/tourisme-en-champagne.com\/assets\/uploads\/2025\/07\/centre-historique-valmy-1792-s-millot-coll-adt-marne2-640x411.jpg 640w, https:\/\/tourisme-en-champagne.com\/assets\/uploads\/2025\/07\/centre-historique-valmy-1792-s-millot-coll-adt-marne2.jpg 670w\" sizes=\"auto, (max-width: 400px) 100vw, 400px\" title=\"\"><\/div>\n\t\t\t\t\t\t\t\t\t\t\t\t\t\t\t<div class=\"text-link-title\">\n\t\t\t\t\t\t\t\t\t\t\t\t\t<h2 class=\"link-title\">Centre historique Valmy<\/h2>\n\t\t\t\t\t\t\t\t\t\t\t\t\t\t\t\t\t\t\t<div class=\"text\">Valmy<\/div>\n\t\t\t\t\t\t\t\t\t\t\t<\/div>\n\t\t\t\t<\/a>\n\t\t\t\t<\/div>\t\t\t\t\t\t\t\t<\/div>\n\t\t\t<div class=\"swiper-buttons\">\n\t\t\t\t<div class=\"swiper-button swiper-button-prev\"><\/div> \n\t\t\t\t<div class=\"swiper-button swiper-button-next\"><\/div>\n\t\t\t<\/div>\n\t\t\t\t\n\t<\/div>\n\n\n\n\n<div class=\"wp-block-buttons is-content-justification-center is-layout-flex wp-container-core-buttons-is-layout-86e575ac wp-block-buttons-is-layout-flex\">\n<div class=\"wp-block-button\"><a class=\"wp-block-button__link has-text-align-left wp-element-button\" href=\"https:\/\/tourisme-en-champagne.com\/activites-visites\/culture-patrimoine\/sites-et-monuments\/?_tags_activites=7f540b59-c6e3-41e1-b2a0-a130e9ae0db2\">Weitere Besuche<\/a><\/div>\n<\/div>\n<\/div>\n<\/div>\n<\/section>\n\n<section class=\"wp-block-group alignfull pattern-text-40-parenthese-media-60 has-global-padding is-layout-constrained wp-block-group-is-layout-constrained\">\n<div class=\"wp-block-columns is-layout-flex wp-container-core-columns-is-layout-63fbf5b9 wp-block-columns-is-layout-flex\">\n<div class=\"wp-block-column is-vertically-aligned-center col-media is-layout-flow wp-block-column-is-layout-flow\" style=\"flex-basis:60%\">\n<figure class=\"wp-block-embed is-type-video is-provider-youtube wp-block-embed-youtube wp-embed-aspect-16-9 wp-has-aspect-ratio\"><div class=\"wp-block-embed__wrapper\">\n<iframe loading=\"lazy\" title=\"Les Faux de Verzy, des arbres d&#039;exception \u00e0 observer en For\u00eat d&#039;Exception\u00ae de la montagne de Reims\" width=\"500\" height=\"281\" src=\"https:\/\/www.youtube.com\/embed\/m3GlWYhYxas?feature=oembed\" frameborder=\"0\" allow=\"accelerometer; autoplay; clipboard-write; encrypted-media; gyroscope; picture-in-picture; web-share\" referrerpolicy=\"strict-origin-when-cross-origin\" allowfullscreen><\/iframe>\n<\/div><\/figure>\n<\/div>\n\n\n\n<div class=\"wp-block-column col-content is-layout-flow wp-block-column-is-layout-flow\" style=\"flex-basis:40%\">\n<h2 class=\"wp-block-heading\"><strong>Ruf der Natur<\/strong><\/h2>\n\n\n\n<p class=\"wp-block-paragraph\">Entdecken Sie bei einem Waldspaziergang die <strong>Faux de Verzy<\/strong> mit ihren au\u00dfergew\u00f6hnlichen B\u00e4umen, die die Neugier von Gro\u00df und Klein wecken.<\/p>\n\n\n\n<p class=\"wp-block-paragraph\">Ein 3 km langer behindertengerechter Pfad mit einem Ariadnefaden, einer Tafel in Braille-Schrift und zwei Messingplatten, die den Weg und die Silhouette der Faux im Relief darstellen, erm\u00f6glicht es allen Wanderern, diese weltweit einzigartigen Buchen mit Tortillards zu bewundern.<\/p>\n\n\n\n<p class=\"wp-block-paragraph\">Der Zugang wird durch einen f\u00fcr Rollstuhlfahrer geeigneten Weg aus Schotter erleichtert.<\/p>\n\n\n\n<div class=\"wp-block-buttons is-layout-flex wp-block-buttons-is-layout-flex\">\n<div class=\"wp-block-button\"><a class=\"wp-block-button__link wp-element-button\" href=\"https:\/\/tourisme-en-champagne.com\/itineraire\/randonnee-des-faux-de-verzy-label-th\/\">Weitere Informationen<\/a><\/div>\n<\/div>\n<\/div>\n<\/div>\n<\/section>\n\n<section class=\"wp-block-group alignfull pattern-mosaic has-middleground-background-color has-background has-global-padding is-layout-constrained wp-block-group-is-layout-constrained\">\n<div class=\"wp-block-columns is-layout-flex wp-container-core-columns-is-layout-fdcf44e1 wp-block-columns-is-layout-flex\">\n<div class=\"wp-block-column col-content is-layout-flow wp-block-column-is-layout-flow\">\n\t<div class=\"fsgb-block-link-mosaic is-style-grid swiper swiperMosaic\"  >\n\t\t\t\t\t<div class=\"swiper-wrapper\">\n\t\t\t\t\t\t\t\t\t\t\t\t<div class=\"swiper-slide\">\n\t\t\t\t\t\t\t<a href=\"https:\/\/tourisme-en-champagne.com\/activite\/etangs-de-belval-en-argonne\/\">\n\t\t\t\t\t\t\t\t\t\t\t<div class=\"thumbnail\"><img loading=\"lazy\" decoding=\"async\" width=\"400\" height=\"257\" src=\"https:\/\/tourisme-en-champagne.com\/assets\/uploads\/2025\/07\/etangs-de-belval-en-argonne-2-cenca-400x257.jpeg\" class=\"attachment-thumbnail size-thumbnail\" alt=\"Les \u00e9tangs de Belval\" srcset=\"https:\/\/tourisme-en-champagne.com\/assets\/uploads\/2025\/07\/etangs-de-belval-en-argonne-2-cenca-400x257.jpeg 400w, https:\/\/tourisme-en-champagne.com\/assets\/uploads\/2025\/07\/etangs-de-belval-en-argonne-2-cenca-640x411.jpeg 640w, https:\/\/tourisme-en-champagne.com\/assets\/uploads\/2025\/07\/etangs-de-belval-en-argonne-2-cenca.jpeg 670w\" sizes=\"auto, (max-width: 400px) 100vw, 400px\" title=\"\"><\/div>\n\t\t\t\t\t\t\t\t\t\t\t\t\t\t\t<div class=\"text-link-title\">\n\t\t\t\t\t\t\t\t\t\t\t\t\t<h2 class=\"link-title\">Les \u00e9tangs de Belval<\/h2>\n\t\t\t\t\t\t\t\t\t\t\t\t\t\t\t\t\t\t\t<div class=\"text\">Belval-en-Argonne<\/div>\n\t\t\t\t\t\t\t\t\t\t\t<\/div>\n\t\t\t\t<\/a>\n\t\t\t\t<\/div>\t\t\t\t\t\t\t\t\t\t<div class=\"swiper-slide\">\n\t\t\t\t\t\t\t<a href=\"https:\/\/tourisme-en-champagne.com\/activite\/musee-du-vin-de-champagne-et-darcheologie-regionale\/\">\n\t\t\t\t\t\t\t\t\t\t\t<div class=\"thumbnail\"><img loading=\"lazy\" decoding=\"async\" width=\"400\" height=\"257\" src=\"https:\/\/tourisme-en-champagne.com\/assets\/uploads\/2025\/07\/jardin-sensoriel-400x257.jpg\" class=\"attachment-thumbnail size-thumbnail\" alt=\"\" srcset=\"https:\/\/tourisme-en-champagne.com\/assets\/uploads\/2025\/07\/jardin-sensoriel-400x257.jpg 400w, https:\/\/tourisme-en-champagne.com\/assets\/uploads\/2025\/07\/jardin-sensoriel-640x411.jpg 640w, https:\/\/tourisme-en-champagne.com\/assets\/uploads\/2025\/07\/jardin-sensoriel.jpg 670w\" sizes=\"auto, (max-width: 400px) 100vw, 400px\" title=\"\"><\/div>\n\t\t\t\t\t\t\t\t\t\t\t\t\t\t\t<div class=\"text-link-title\">\n\t\t\t\t\t\t\t\t\t\t\t\t\t<h2 class=\"link-title\">Le jardin sensoriel<\/h2>\n\t\t\t\t\t\t\t\t\t\t\t\t\t\t\t\t\t\t\t<div class=\"text\">Haussimont<\/div>\n\t\t\t\t\t\t\t\t\t\t\t<\/div>\n\t\t\t\t<\/a>\n\t\t\t\t<\/div>\t\t\t\t\t\t\t\t<\/div>\n\t\t\t<div class=\"swiper-buttons\">\n\t\t\t\t<div class=\"swiper-button swiper-button-prev\"><\/div> \n\t\t\t\t<div class=\"swiper-button swiper-button-next\"><\/div>\n\t\t\t<\/div>\n\t\t\t\t\n\t<\/div>\n\n\n\n\n<div class=\"wp-block-buttons is-content-justification-center is-layout-flex wp-container-core-buttons-is-layout-86e575ac wp-block-buttons-is-layout-flex\">\n<div class=\"wp-block-button\"><a class=\"wp-block-button__link has-text-align-left wp-element-button\" href=\"https:\/\/tourisme-en-champagne.com\/patrimoine-naturel\/?_tags_activites=7f540b59-c6e3-41e1-b2a0-a130e9ae0db2\">Mehr Natur<\/a><\/div>\n<\/div>\n<\/div>\n<\/div>\n<\/section>\n\n<section class=\"wp-block-group alignfull pattern-text-40-parenthese-media-60 accent-3 has-global-padding is-layout-constrained wp-block-group-is-layout-constrained\">\n<div class=\"wp-block-columns is-layout-flex wp-container-core-columns-is-layout-63fbf5b9 wp-block-columns-is-layout-flex\">\n<div class=\"wp-block-column col-media is-layout-flow wp-block-column-is-layout-flow\" style=\"flex-basis:60%\">\n<figure class=\"wp-block-image alignright size-full\"><img loading=\"lazy\" decoding=\"async\" width=\"600\" height=\"600\" src=\"https:\/\/tourisme-en-champagne.com\/assets\/uploads\/2025\/07\/heaven.jpg\" alt=\"Heaven Bike - Behindertengerechte Fahrr&#xE4;der\" class=\"wp-image-14474\" style=\"aspect-ratio:1;object-fit:cover\" title=\"\" srcset=\"https:\/\/tourisme-en-champagne.com\/assets\/uploads\/2025\/07\/heaven.jpg 600w, https:\/\/tourisme-en-champagne.com\/assets\/uploads\/2025\/07\/heaven-400x400.jpg 400w\" sizes=\"auto, (max-width: 600px) 100vw, 600px\" \/><\/figure>\n<\/div>\n\n\n\n<div class=\"wp-block-column is-vertically-aligned-top col-content is-layout-flow wp-block-column-is-layout-flow\" style=\"flex-basis:40%\">\n<h2 class=\"wp-block-heading\"><strong>Idee f\u00fcr eine Aktivit\u00e4t<\/strong><\/h2>\n\n\n\n<h3 class=\"wp-block-heading has-accent-3-color has-text-color has-link-color wp-elements-844d2dfb844ac6629c4a41ed209749ac\">Zugang zur Rundfahrt um den Lac du Der unabh\u00e4ngig von einer Behinderung!<\/h3>\n\n\n\n<p class=\"wp-block-paragraph\"><strong>Heaven Bike<\/strong> ist ein innovatives Konzept f\u00fcr die Vermietung von elektrisch angetriebenen therapeutischen Dreir\u00e4dern, die f\u00fcr Personen mit eingeschr\u00e4nkter Mobilit\u00e4t geeignet sind.<\/p>\n\n\n\n<ul class=\"wp-block-list\">\n<li>Solo-Dreirad, f\u00fcr Personen mit zerebraler Autonomie.<\/li>\n\n\n\n<li>Ein Tandem-Dreirad mit p\u00e4dagogischem und\/oder rehabilitativem Charakter, mit optionaler Beteiligung am Treten.<\/li>\n\n\n\n<li>Begleitende Tandem-Dreir\u00e4der, mit integriertem Rollstuhl oder Rollstuhlplattform&#8230;<\/li>\n<\/ul>\n\n\n\n<div class=\"wp-block-buttons is-layout-flex wp-block-buttons-is-layout-flex\">\n<div class=\"wp-block-button\"><a class=\"wp-block-button__link has-accent-3-background-color has-background wp-element-button\" href=\"https:\/\/tourisme-en-champagne.com\/activites-de-loisirs-et-sportives\/toutes-les-activites\/?_tags_activites=7f540b59-c6e3-41e1-b2a0-a130e9ae0db2\">Weitere Aktivit\u00e4ten<\/a><\/div>\n<\/div>\n<\/div>\n<\/div>\n<\/section>\n\n<section class=\"wp-block-group alignfull pattern-mosaic has-middleground-background-color has-background has-global-padding is-layout-constrained wp-block-group-is-layout-constrained\">\n<div class=\"wp-block-columns is-layout-flex wp-container-core-columns-is-layout-fdcf44e1 wp-block-columns-is-layout-flex\">\n<div class=\"wp-block-column col-content is-layout-flow wp-block-column-is-layout-flow\">\n<h2 class=\"wp-block-heading has-text-align-center\"><strong><strong>Gourmet-Tische<\/strong><\/strong><\/h2>\n\n\n\n<hr class=\"wp-block-separator has-text-color has-accent-1-color has-alpha-channel-opacity has-accent-1-background-color has-background\"\/>\n\n\n\n<p class=\"has-text-align-center wp-block-paragraph\">M\u00f6chten Sie einen Geschmack entdecken, der Ihre Geschmacksnerven zum Gl\u00fchen bringt? Ob Sie nun auf der Suche nach einem Sterne-Tisch oder einer guten Adresse f\u00fcr einen geselligen Abend sind, es gibt viele Lokale, die Sie willkommen hei\u00dfen k\u00f6nnen. <\/p>\n\n\n\n\t<div class=\"fsgb-block-link-mosaic is-style-grid swiper swiperMosaic\"  >\n\t\t\t\t\t<div class=\"swiper-wrapper\">\n\t\t\t\t\t\t\t\t\t\t\t\t<div class=\"swiper-slide\">\n\t\t\t\t\t\t\t<a href=\"https:\/\/tourisme-en-champagne.com\/restaurant\/le-parc-les-crayeres\/\">\n\t\t\t\t\t\t\t\t\t\t\t<div class=\"thumbnail\"><img loading=\"lazy\" decoding=\"async\" width=\"400\" height=\"257\" src=\"https:\/\/tourisme-en-champagne.com\/assets\/uploads\/2025\/07\/les-crayeres-reimscles-crayeres3-400x257.jpg\" class=\"attachment-thumbnail size-thumbnail\" alt=\"\" srcset=\"https:\/\/tourisme-en-champagne.com\/assets\/uploads\/2025\/07\/les-crayeres-reimscles-crayeres3-400x257.jpg 400w, https:\/\/tourisme-en-champagne.com\/assets\/uploads\/2025\/07\/les-crayeres-reimscles-crayeres3-640x411.jpg 640w, https:\/\/tourisme-en-champagne.com\/assets\/uploads\/2025\/07\/les-crayeres-reimscles-crayeres3.jpg 670w\" sizes=\"auto, (max-width: 400px) 100vw, 400px\" title=\"\"><\/div>\n\t\t\t\t\t\t\t\t\t\t\t\t\t\t\t<div class=\"text-link-title\">\n\t\t\t\t\t\t\t\t\t\t\t\t\t<h2 class=\"link-title\">Les Cray\u00e8res et Le jardin des Cray\u00e8res<\/h2>\n\t\t\t\t\t\t\t\t\t\t\t\t\t\t\t\t\t\t\t<div class=\"text\">Reims<\/div>\n\t\t\t\t\t\t\t\t\t\t\t<\/div>\n\t\t\t\t<\/a>\n\t\t\t\t<\/div>\t\t\t\t\t\t\t\t\t\t<div class=\"swiper-slide\">\n\t\t\t\t\t\t\t<a href=\"https:\/\/tourisme-en-champagne.com\/restaurant\/lassiette-champenoise\/\">\n\t\t\t\t\t\t\t\t\t\t\t<div class=\"thumbnail\"><img loading=\"lazy\" decoding=\"async\" width=\"400\" height=\"257\" src=\"https:\/\/tourisme-en-champagne.com\/assets\/uploads\/2025\/07\/4eme-cession-interieur-cmatthieu-cellard-colllassiette-champenoise4-0-400x257.jpg\" class=\"attachment-thumbnail size-thumbnail\" alt=\"\" srcset=\"https:\/\/tourisme-en-champagne.com\/assets\/uploads\/2025\/07\/4eme-cession-interieur-cmatthieu-cellard-colllassiette-champenoise4-0-400x257.jpg 400w, https:\/\/tourisme-en-champagne.com\/assets\/uploads\/2025\/07\/4eme-cession-interieur-cmatthieu-cellard-colllassiette-champenoise4-0-640x411.jpg 640w, https:\/\/tourisme-en-champagne.com\/assets\/uploads\/2025\/07\/4eme-cession-interieur-cmatthieu-cellard-colllassiette-champenoise4-0.jpg 670w\" sizes=\"auto, (max-width: 400px) 100vw, 400px\" title=\"\"><\/div>\n\t\t\t\t\t\t\t\t\t\t\t\t\t\t\t<div class=\"text-link-title\">\n\t\t\t\t\t\t\t\t\t\t\t\t\t<h2 class=\"link-title\">L&#8217;assiette Champenoise<\/h2>\n\t\t\t\t\t\t\t\t\t\t\t\t\t\t\t\t\t\t\t<div class=\"text\">Tinqueux<\/div>\n\t\t\t\t\t\t\t\t\t\t\t<\/div>\n\t\t\t\t<\/a>\n\t\t\t\t<\/div>\t\t\t\t\t\t\t\t\t\t<div class=\"swiper-slide\">\n\t\t\t\t\t\t\t<a href=\"https:\/\/tourisme-en-champagne.com\/restaurant\/chateau-de-sacy\/\">\n\t\t\t\t\t\t\t\t\t\t\t<div class=\"thumbnail\"><img loading=\"lazy\" decoding=\"async\" width=\"400\" height=\"257\" src=\"https:\/\/tourisme-en-champagne.com\/assets\/uploads\/2025\/07\/chateau-de-sacycmichael-boudot-coll-chateau-de-sacy10-400x257.jpg\" class=\"attachment-thumbnail size-thumbnail\" alt=\"Ch\u00e2teau de Sacy\" srcset=\"https:\/\/tourisme-en-champagne.com\/assets\/uploads\/2025\/07\/chateau-de-sacycmichael-boudot-coll-chateau-de-sacy10-400x257.jpg 400w, https:\/\/tourisme-en-champagne.com\/assets\/uploads\/2025\/07\/chateau-de-sacycmichael-boudot-coll-chateau-de-sacy10-640x411.jpg 640w, https:\/\/tourisme-en-champagne.com\/assets\/uploads\/2025\/07\/chateau-de-sacycmichael-boudot-coll-chateau-de-sacy10.jpg 670w\" sizes=\"auto, (max-width: 400px) 100vw, 400px\" title=\"\"><\/div>\n\t\t\t\t\t\t\t\t\t\t\t\t\t\t\t<div class=\"text-link-title\">\n\t\t\t\t\t\t\t\t\t\t\t\t\t<h2 class=\"link-title\">Ch\u00e2teau de Sacy<\/h2>\n\t\t\t\t\t\t\t\t\t\t\t\t\t\t\t\t\t\t\t<div class=\"text\">Sacy<\/div>\n\t\t\t\t\t\t\t\t\t\t\t<\/div>\n\t\t\t\t<\/a>\n\t\t\t\t<\/div>\t\t\t\t\t\t\t\t\t\t<div class=\"swiper-slide\">\n\t\t\t\t\t\t\t<a href=\"https:\/\/tourisme-en-champagne.com\/activite\/centre-historique-valmy-1792\/\">\n\t\t\t\t\t\t\t\t\t\t\t<div class=\"thumbnail\"><img loading=\"lazy\" decoding=\"async\" width=\"400\" height=\"257\" src=\"https:\/\/tourisme-en-champagne.com\/assets\/uploads\/2025\/07\/cuvee-31-aux-armes-de-champagne-epine-chalons-1-400x257.jpg\" class=\"attachment-thumbnail size-thumbnail\" alt=\"\" srcset=\"https:\/\/tourisme-en-champagne.com\/assets\/uploads\/2025\/07\/cuvee-31-aux-armes-de-champagne-epine-chalons-1-400x257.jpg 400w, https:\/\/tourisme-en-champagne.com\/assets\/uploads\/2025\/07\/cuvee-31-aux-armes-de-champagne-epine-chalons-1-640x411.jpg 640w, https:\/\/tourisme-en-champagne.com\/assets\/uploads\/2025\/07\/cuvee-31-aux-armes-de-champagne-epine-chalons-1.jpg 670w\" sizes=\"auto, (max-width: 400px) 100vw, 400px\" title=\"\"><\/div>\n\t\t\t\t\t\t\t\t\t\t\t\t\t\t\t<div class=\"text-link-title\">\n\t\t\t\t\t\t\t\t\t\t\t\t\t<h2 class=\"link-title\">Centre historique Valmy<\/h2>\n\t\t\t\t\t\t\t\t\t\t\t\t\t\t\t\t\t\t\t<div class=\"text\">L&#8217;Epine<\/div>\n\t\t\t\t\t\t\t\t\t\t\t<\/div>\n\t\t\t\t<\/a>\n\t\t\t\t<\/div>\t\t\t\t\t\t\t\t<\/div>\n\t\t\t<div class=\"swiper-buttons\">\n\t\t\t\t<div class=\"swiper-button swiper-button-prev\"><\/div> \n\t\t\t\t<div class=\"swiper-button swiper-button-next\"><\/div>\n\t\t\t<\/div>\n\t\t\t\t\n\t<\/div>\n\n\n\n\n<div class=\"wp-block-buttons is-content-justification-center is-layout-flex wp-container-core-buttons-is-layout-86e575ac wp-block-buttons-is-layout-flex\">\n<div class=\"wp-block-button\"><a class=\"wp-block-button__link has-text-align-left wp-element-button\" href=\"https:\/\/tourisme-en-champagne.com\/activites-visites\/artisanat-gastronomie\/restaurants\/?_tags_restaurant=7f540b59-c6e3-41e1-b2a0-a130e9ae0db2\">Weitere Restaurants<\/a><\/div>\n<\/div>\n<\/div>\n<\/div>\n<\/section>\n\n<section class=\"wp-block-group alignfull pattern-text-40-parenthese-media-60 accent-3 has-global-padding is-layout-constrained wp-block-group-is-layout-constrained\">\n<div class=\"wp-block-columns is-layout-flex wp-container-core-columns-is-layout-63fbf5b9 wp-block-columns-is-layout-flex\">\n<div class=\"wp-block-column col-media is-layout-flow wp-block-column-is-layout-flow\" style=\"flex-basis:60%\">\n<figure class=\"wp-block-image alignright size-full\"><img loading=\"lazy\" decoding=\"async\" width=\"600\" height=\"600\" src=\"https:\/\/tourisme-en-champagne.com\/assets\/uploads\/2025\/07\/champagne-ruinart-reims-c-evidal-coll-adt-marne-1522.jpg\" alt=\"Ruinart Champagner Reims\" class=\"wp-image-14501\" style=\"aspect-ratio:1;object-fit:cover\" title=\"\" srcset=\"https:\/\/tourisme-en-champagne.com\/assets\/uploads\/2025\/07\/champagne-ruinart-reims-c-evidal-coll-adt-marne-1522.jpg 600w, https:\/\/tourisme-en-champagne.com\/assets\/uploads\/2025\/07\/champagne-ruinart-reims-c-evidal-coll-adt-marne-1522-400x400.jpg 400w\" sizes=\"auto, (max-width: 600px) 100vw, 600px\" \/><\/figure>\n<\/div>\n\n\n\n<div class=\"wp-block-column col-content is-layout-flow wp-block-column-is-layout-flow\" style=\"flex-basis:40%\">\n<h2 class=\"wp-block-heading\"><strong>Weinkeller &amp; Verkostung<\/strong><\/h2>\n\n\n\n<p class=\"wp-block-paragraph\">Ob Sie die T\u00fcren der Grandes maisons de champagne in Reims aufsto\u00dfen, in die prestigetr\u00e4chtigen Keller von Epernay hinabsteigen, die sorgf\u00e4ltig in die Kreide gegraben wurden, oder die&#8230;<\/p>\n\n\n\n<p class=\"wp-block-paragraph\">Winzer, Genossenschaften und Champagnerh\u00e4user hei\u00dfen Sie herzlich willkommen und f\u00fchren Sie auf eine Entdeckungsreise durch althergebrachte Fertigkeiten und die verborgenen Geheimnisse des Champagners! Sch\u00e4rfen Sie auch Ihren Gaumen mit unserer Auswahl an regionalen Produkten. <\/p>\n\n\n\n<div class=\"wp-block-buttons is-layout-flex wp-block-buttons-is-layout-flex\">\n<div class=\"wp-block-button\"><a class=\"wp-block-button__link has-accent-3-background-color has-background wp-element-button\" href=\"https:\/\/tourisme-en-champagne.com\/tout-sur-le-champagne\/caves-de-champagne\/?_tags_activites=7f540b59-c6e3-41e1-b2a0-a130e9ae0db2\">Weitere Verkostungen<\/a><\/div>\n<\/div>\n<\/div>\n<\/div>\n<\/section>\n\n<section class=\"wp-block-group alignfull pattern-text-33-media-66 has-base-background-color has-background has-global-padding is-layout-constrained wp-block-group-is-layout-constrained\">\n<div class=\"wp-block-columns is-layout-flex wp-container-core-columns-is-layout-63fbf5b9 wp-block-columns-is-layout-flex\">\n<div class=\"wp-block-column is-vertically-aligned-center col-content is-layout-flow wp-block-column-is-layout-flow\" style=\"flex-basis:50%\">\n<h2 class=\"wp-block-heading\"><strong>Tourismus &amp; Zug\u00e4nglichkeit<\/strong><\/h2>\n\n\n\n<p class=\"wp-block-paragraph\">Finden Sie in unserem E-Katalog die Tourismusfachleute im Departement Marne, die sich f\u00fcr Sie und Ihre Begleiter einsetzen, unabh\u00e4ngig von Ihrer Behinderung.<\/p>\n\n\n\n<p class=\"wp-block-paragraph\"><em>&gt;  Deklarative Informationen, die von unseren Partnern gesammelt werden.<\/em><br\/><\/p>\n\n\n\n<div class=\"wp-block-buttons is-layout-flex wp-block-buttons-is-layout-flex\">\n<div class=\"wp-block-button\"><a class=\"wp-block-button__link wp-element-button\" href=\"https:\/\/www.calameo.com\/read\/000085222ac69a6725017\" target=\"_blank\" rel=\"noreferrer noopener\">Entdecken Sie<\/a><\/div>\n<\/div>\n<\/div>\n\n\n\n<div class=\"wp-block-column col-media is-layout-flow wp-block-column-is-layout-flow\" style=\"flex-basis:66.66%\">\n<figure class=\"wp-block-image size-full\"><img loading=\"lazy\" decoding=\"async\" width=\"800\" height=\"525\" src=\"https:\/\/tourisme-en-champagne.com\/assets\/uploads\/2025\/07\/capture-decran-2024-08-27-a-154255.png\" alt=\"\" class=\"wp-image-14506\" title=\"\" srcset=\"https:\/\/tourisme-en-champagne.com\/assets\/uploads\/2025\/07\/capture-decran-2024-08-27-a-154255.png 800w, https:\/\/tourisme-en-champagne.com\/assets\/uploads\/2025\/07\/capture-decran-2024-08-27-a-154255-640x420.png 640w, https:\/\/tourisme-en-champagne.com\/assets\/uploads\/2025\/07\/capture-decran-2024-08-27-a-154255-400x263.png 400w, https:\/\/tourisme-en-champagne.com\/assets\/uploads\/2025\/07\/capture-decran-2024-08-27-a-154255-768x504.png 768w\" sizes=\"auto, (max-width: 800px) 100vw, 800px\" \/><\/figure>\n<\/div>\n<\/div>\n<\/section>\n\n<section class=\"wp-block-group alignfull pattern-bubble-links has-middleground-background-color has-background has-global-padding is-layout-constrained wp-block-group-is-layout-constrained\" style=\"padding-top:var(--wp--preset--spacing--xx-large);padding-bottom:var(--wp--preset--spacing--xx-large)\">\n\t<div class=\"fsgb-block-link-mosaic is-style-bubbles alignwide\"  >\n\t\t\t\t\t\t\t\t\t\t\t\t<a href=\"https:\/\/tourisme-en-champagne.com\/tout-sur-le-champagne\/caves-de-champagne\/?_tags_activites=7f540b59-c6e3-41e1-b2a0-a130e9ae0db2\">\n\t\t\t\t\t\t\t\t\t\t\t<div class=\"thumbnail\"><img loading=\"lazy\" decoding=\"async\" width=\"80\" height=\"80\" src=\"https:\/\/tourisme-en-champagne.com\/assets\/uploads\/2026\/01\/vignes.svg\" class=\"attachment-thumbnail size-thumbnail\" alt=\"Picto Vignes\" title=\"\"><\/div>\n\t\t\t\t\t\t\t\t\t\t\t\t\t\t\t<div class=\"text-link-title\">\n\t\t\t\t\t\t\t\t\t\t\t\t\t<h2 class=\"link-title\">Visites de caves<\/h2>\n\t\t\t\t\t\t\t\t\t\t\t\t\t\t\t\t\t<\/div>\n\t\t\t\t<\/a>\n\t\t\t\t\t\t\t\t\t\t\t\t\t\t<a href=\"https:\/\/tourisme-en-champagne.com\/hebergements\/\">\n\t\t\t\t\t\t\t\t\t\t\t<div class=\"thumbnail\"><img loading=\"lazy\" decoding=\"async\" width=\"80\" height=\"80\" src=\"https:\/\/tourisme-en-champagne.com\/assets\/uploads\/2026\/01\/hebergement.svg\" class=\"attachment-thumbnail size-thumbnail\" alt=\"Picto H\u00e9bergements\" title=\"\"><\/div>\n\t\t\t\t\t\t\t\t\t\t\t\t\t\t\t<div class=\"text-link-title\">\n\t\t\t\t\t\t\t\t\t\t\t\t\t<h2 class=\"link-title\">H\u00e9bergements<\/h2>\n\t\t\t\t\t\t\t\t\t\t\t\t\t\t\t\t\t<\/div>\n\t\t\t\t<\/a>\n\t\t\t\t\t\t\t\t\t\t\t\t\t\t<a href=\"https:\/\/tourisme-en-champagne.com\/activites-visites\/artisanat-gastronomie\/restaurants\/?_tags_restaurant=7f540b59-c6e3-41e1-b2a0-a130e9ae0db2\">\n\t\t\t\t\t\t\t\t\t\t\t<div class=\"thumbnail\"><img loading=\"lazy\" decoding=\"async\" width=\"80\" height=\"80\" src=\"https:\/\/tourisme-en-champagne.com\/assets\/uploads\/2026\/01\/restaurant.svg\" class=\"attachment-thumbnail size-thumbnail\" alt=\"Picto Artisanat et gastronomie\" title=\"\"><\/div>\n\t\t\t\t\t\t\t\t\t\t\t\t\t\t\t<div class=\"text-link-title\">\n\t\t\t\t\t\t\t\t\t\t\t\t\t<h2 class=\"link-title\">Restaurants<\/h2>\n\t\t\t\t\t\t\t\t\t\t\t\t\t\t\t\t\t<\/div>\n\t\t\t\t<\/a>\n\t\t\t\t\t\t\t\t\t\t\t\t\t\t<a href=\"https:\/\/tourisme-en-champagne.com\/activites-visites\/culture-patrimoine\/sites-et-monuments\/?_tags_activites=7f540b59-c6e3-41e1-b2a0-a130e9ae0db2\">\n\t\t\t\t\t\t\t\t\t\t\t<div class=\"thumbnail\"><img loading=\"lazy\" decoding=\"async\" width=\"58\" height=\"80\" src=\"https:\/\/tourisme-en-champagne.com\/assets\/uploads\/2026\/01\/musee.svg\" class=\"attachment-thumbnail size-thumbnail\" alt=\"Picto Monument\" title=\"\"><\/div>\n\t\t\t\t\t\t\t\t\t\t\t\t\t\t\t<div class=\"text-link-title\">\n\t\t\t\t\t\t\t\t\t\t\t\t\t<h2 class=\"link-title\">Patrimoine<\/h2>\n\t\t\t\t\t\t\t\t\t\t\t\t\t\t\t\t\t<\/div>\n\t\t\t\t<\/a>\n\t\t\t\t\t\t\t\t\t\t\t\t\t\t<a href=\"https:\/\/tourisme-en-champagne.com\/activites-de-loisirs-et-sportives\/toutes-les-activites\/?_tags_activites=7f540b59-c6e3-41e1-b2a0-a130e9ae0db2\">\n\t\t\t\t\t\t\t\t\t\t\t<div class=\"thumbnail\"><img loading=\"lazy\" decoding=\"async\" width=\"150\" height=\"150\" src=\"https:\/\/tourisme-en-champagne.com\/assets\/uploads\/2026\/01\/festival.svg\" class=\"attachment-thumbnail size-thumbnail\" alt=\"Picto F\u00eates et manifestations\" title=\"\"><\/div>\n\t\t\t\t\t\t\t\t\t\t\t\t\t\t\t<div class=\"text-link-title\">\n\t\t\t\t\t\t\t\t\t\t\t\t\t<h2 class=\"link-title\">Loisirs<\/h2>\n\t\t\t\t\t\t\t\t\t\t\t\t\t\t\t\t\t<\/div>\n\t\t\t\t<\/a>\n\t\t\t\t\t\t\t\t\t\t\t\n\t<\/div>\n\n<\/section>\n\n<section class=\"wp-block-group alignfull pattern-playlist-grid has-global-padding is-layout-constrained wp-block-group-is-layout-constrained\">\n<h2 class=\"wp-block-heading has-text-align-center\"><strong>Unterk\u00fcnfte<\/strong><\/h2>\n\n\n\n<hr class=\"wp-block-separator has-text-color has-accent-3-color has-alpha-channel-opacity has-accent-3-background-color has-background\"\/>\n\n\n\n<h3 class=\"wp-block-heading has-text-align-center has-accent-3-color has-text-color has-link-color wp-elements-5a0dfba705a59800e021e8842ea96307\"><strong>Hier finden Sie unsere Unterk\u00fcnfte mit dem Label &#8222;Tourisme &amp; Handicap&#8220;.<\/strong><\/h3>\n\n\n\n<p class=\"has-text-align-center wp-block-paragraph\">Das Label Tourisme et Handicap wurde im Rahmen der Politik des Zugangs zum Urlaub f\u00fcr alle und der Integration von Menschen mit Behinderungen entwickelt und erm\u00f6glicht die Identifizierung von touristischen Einrichtungen und Orten, die f\u00fcr Menschen mit Behinderungen zug\u00e4nglich sind.<br\/>Es ist der Beweis f\u00fcr ein konkretes Engagement und garantiert einen effizienten Empfang, der den besonderen Bed\u00fcrfnissen von Besuchern mit Behinderungen angepasst ist.<\/p>\n\n\n\n<div class=\"wp-block-buttons is-content-justification-center is-layout-flex wp-container-core-buttons-is-layout-86e575ac wp-block-buttons-is-layout-flex\">\n<div class=\"wp-block-button\"><a class=\"wp-block-button__link has-accent-3-background-color has-background wp-element-button\" href=\"https:\/\/tourisme-en-champagne.com\/tourisme-handicap\/\">Weitere Informationen \u00fcber das + Label  <\/a><\/div>\n<\/div>\n\n\n\t\t\t<div class=\"fsgb-block-playlist playlist-grid is-style-grid\"  style=\"margin-top:var(--wp--preset--spacing--x-large);\">\n\t\t\t\t\n\t\t\t\n\t\t\t<div class=\"swiper swiperPlaylistGrid\">\n\n\t\t\t\t<div class=\"swiper-wrapper posts-count-4\">\n\t\t\t\t\t\t\t\t\t\t\t\t\t\t\t\t\t<div class=\"swiper-slide \">\n\t\t\t\t\t\t\t\n<article class=\"card card--hebergement stretched-link\" data-id=\"18228\" data-post-id-sync-map=\"18228\" >\n\t\n\t\t\n\t\t\t\t<div class=\"card__thumbnail has-middleground-background-color stack\">\n\t\t\t<img decoding=\"async\" width=\"2048\" src=\"https:\/\/cdt51.media.tourinsoft.eu\/upload\/G378-13-2.jpg\" class=\"attachment- size-\" alt=\"Le Jardin de Valentine\" srcset=\"https:\/\/cdt51.media.tourinsoft.eu\/upload\/G378-13-2.jpg?width=400 400w, https:\/\/cdt51.media.tourinsoft.eu\/upload\/G378-13-2.jpg?width=640 640w, https:\/\/cdt51.media.tourinsoft.eu\/upload\/G378-13-2.jpg?width=768 768w, https:\/\/cdt51.media.tourinsoft.eu\/upload\/G378-13-2.jpg?width=1280 1280w, https:\/\/cdt51.media.tourinsoft.eu\/upload\/G378-13-2.jpg?width=1536&amp;height=1536 1536w, https:\/\/cdt51.media.tourinsoft.eu\/upload\/G378-13-2.jpg?width=2048&amp;height=2048 2048w\" sizes=\"(max-width: 2048px) 100vw, 2048px\" title=\"\">\t\t<\/div>\n\t\n\t\t<div class=\"card__content\">\n\t\t\t\n\t\t\t\t\t\t\t\t\t\n\t\t\t\t\t\t\t\t\t\n\t\t\t\t\t\t<h3 class=\"title wp-block-heading is-style-h3\">\n\t\t\t\t<a href=\"https:\/\/tourisme-en-champagne.com\/de\/hebergement\/le-jardin-de-valentine\/\" target=\"_blank\">Le Jardin de Valentine<\/a>\t\t\t\t\t\t\t<\/h3>\n\t\t\t\n\t\t\t\t\t\t\t\t\t\t<div class=\"categories\">M\u00f6blierte Unterk\u00fcnfte und Ferienwohnungen<\/div>\n\t\t\t\t\t\t\n\t\t\t\t\t\t<div class=\"underlined\"><\/div>\n\t\t\n\t\t\t\t\t\t\t\t\t\t<div class=\"location\">\n\t\t\t\t\tFerebrianges\t\t\t\t<\/div>\n\t\t\t\t\t\t\n\t\t\t\t\t\t\t\t\t\n\t\t\t\t\t\t\t\t\t\n\t\t\t\t\t\t\t\t\t\n\t\t\t\t\t\t\t\t\t\t<div class=\"descriptif\">A 25 km von Epernay, 50 km von Reims, 1 h Eurodisney, Sylvie und Pascal empfangen Sie in ihrem ko&#8230;<\/div>\n\t\t\t\t\n\t\t\t\t\t\t\t\t\t\t\t\t\t\t\t\t\n\t\t\t\t\t\t\t\t\t\t<div class=\"wp-block-button\">\n\t\t\t\t\t<a class=\"wp-element-button rounded\" href=\"https:\/\/tourisme-en-champagne.com\/de\/hebergement\/le-jardin-de-valentine\/\" target=\"_blank\" aria-label=\"Mehr erfahren \u00fcber Le Jardin de Valentine\">Mehr erfahren<\/a>\n\t\t\t\t<\/div>\n\t\t\t \n\t\t<\/div>\n\t\t\n\n\t\t<\/article>\n\n\t\t\t\t\t\t<\/div>\n\t\t\t\t\t\t\t\t\t\t\t\t\t\t\t\t\t<div class=\"swiper-slide \">\n\t\t\t\t\t\t\t\n<article class=\"card card--hebergement stretched-link\" data-id=\"18334\" data-post-id-sync-map=\"18334\" >\n\t\n\t\t\n\t\t\t\t<div class=\"card__thumbnail has-middleground-background-color stack\">\n\t\t\t<img decoding=\"async\" width=\"2048\" src=\"https:\/\/cdt51.media.tourinsoft.eu\/upload\/Gite-bleu.jpg\" class=\"attachment- size-\" alt=\"La Grand Cour\" srcset=\"https:\/\/cdt51.media.tourinsoft.eu\/upload\/Gite-bleu.jpg?width=400 400w, https:\/\/cdt51.media.tourinsoft.eu\/upload\/Gite-bleu.jpg?width=640 640w, https:\/\/cdt51.media.tourinsoft.eu\/upload\/Gite-bleu.jpg?width=768 768w, https:\/\/cdt51.media.tourinsoft.eu\/upload\/Gite-bleu.jpg?width=1280 1280w, https:\/\/cdt51.media.tourinsoft.eu\/upload\/Gite-bleu.jpg?width=1536&amp;height=1536 1536w, https:\/\/cdt51.media.tourinsoft.eu\/upload\/Gite-bleu.jpg?width=2048&amp;height=2048 2048w\" sizes=\"(max-width: 2048px) 100vw, 2048px\" title=\"\">\t\t<\/div>\n\t\n\t\t<div class=\"card__content\">\n\t\t\t\n\t\t\t\t\t\t\t\t\t\n\t\t\t\t\t\t\t\t\t\n\t\t\t\t\t\t<h3 class=\"title wp-block-heading is-style-h3\">\n\t\t\t\t<a href=\"https:\/\/tourisme-en-champagne.com\/de\/hebergement\/la-grand-cour\/\" target=\"_blank\">La Grand Cour<\/a>\t\t\t\t\t\t\t<\/h3>\n\t\t\t\n\t\t\t\t\t\t\t\t\t\t<div class=\"categories\">M\u00f6blierte Unterk\u00fcnfte und Ferienwohnungen<\/div>\n\t\t\t\t\t\t\n\t\t\t\t\t\t<div class=\"underlined\"><\/div>\n\t\t\n\t\t\t\t\t\t\t\t\t\t<div class=\"location\">\n\t\t\t\t\tVerneuil\t\t\t\t<\/div>\n\t\t\t\t\t\t\n\t\t\t\t\t\t\t\t\t\n\t\t\t\t\t\t\t\t\t\n\t\t\t\t\t\t\t\t\t\n\t\t\t\t\t\t\t\t\t\t<div class=\"descriptif\">Annie und David empfangen Sie in einer alten Scheune komplett renoviert 25 km von Epernay, 6 km v&#8230;<\/div>\n\t\t\t\t\n\t\t\t\t\t\t\t\t\t\t\t\t\t\t\t\t\n\t\t\t\t\t\t\t\t\t\t<div class=\"wp-block-button\">\n\t\t\t\t\t<a class=\"wp-element-button rounded\" href=\"https:\/\/tourisme-en-champagne.com\/de\/hebergement\/la-grand-cour\/\" target=\"_blank\" aria-label=\"Mehr erfahren \u00fcber La Grand Cour\">Mehr erfahren<\/a>\n\t\t\t\t<\/div>\n\t\t\t \n\t\t<\/div>\n\t\t\n\n\t\t<\/article>\n\n\t\t\t\t\t\t<\/div>\n\t\t\t\t\t\t\t\t\t\t\t\t\t\t\t\t\t<div class=\"swiper-slide \">\n\t\t\t\t\t\t\t\n<article class=\"card card--hebergement stretched-link\" data-id=\"18176\" data-post-id-sync-map=\"18176\" >\n\t\n\t\t\n\t\t\t\t<div class=\"card__thumbnail has-middleground-background-color stack\">\n\t\t\t<img decoding=\"async\" width=\"2048\" src=\"https:\/\/cdt51.media.tourinsoft.eu\/upload\/chambres-hotes-bussy-le-chateau-aux-portes-des-tumuli-2.jpg\" class=\"attachment- size-\" alt=\"Aux Portes des Tumuli\" srcset=\"https:\/\/cdt51.media.tourinsoft.eu\/upload\/chambres-hotes-bussy-le-chateau-aux-portes-des-tumuli-2.jpg?width=400 400w, https:\/\/cdt51.media.tourinsoft.eu\/upload\/chambres-hotes-bussy-le-chateau-aux-portes-des-tumuli-2.jpg?width=640 640w, https:\/\/cdt51.media.tourinsoft.eu\/upload\/chambres-hotes-bussy-le-chateau-aux-portes-des-tumuli-2.jpg?width=768 768w, https:\/\/cdt51.media.tourinsoft.eu\/upload\/chambres-hotes-bussy-le-chateau-aux-portes-des-tumuli-2.jpg?width=1280 1280w, https:\/\/cdt51.media.tourinsoft.eu\/upload\/chambres-hotes-bussy-le-chateau-aux-portes-des-tumuli-2.jpg?width=1536&amp;height=1536 1536w, https:\/\/cdt51.media.tourinsoft.eu\/upload\/chambres-hotes-bussy-le-chateau-aux-portes-des-tumuli-2.jpg?width=2048&amp;height=2048 2048w\" sizes=\"(max-width: 2048px) 100vw, 2048px\" title=\"\">\t\t<\/div>\n\t\n\t\t<div class=\"card__content\">\n\t\t\t\n\t\t\t\t\t\t\t\t\t\n\t\t\t\t\t\t\t\t\t\n\t\t\t\t\t\t<h3 class=\"title wp-block-heading is-style-h3\">\n\t\t\t\t<a href=\"https:\/\/tourisme-en-champagne.com\/de\/hebergement\/aux-portes-des-tumuli\/\" target=\"_blank\">Aux Portes des Tumuli<\/a>\t\t\t\t\t\t\t<\/h3>\n\t\t\t\n\t\t\t\t\t\t\t\t\t\t<div class=\"categories\">G\u00e4stezimmer<\/div>\n\t\t\t\t\t\t\n\t\t\t\t\t\t<div class=\"underlined\"><\/div>\n\t\t\n\t\t\t\t\t\t\t\t\t\t<div class=\"location\">\n\t\t\t\t\tBussy-Le-Chateau\t\t\t\t<\/div>\n\t\t\t\t\t\t\n\t\t\t\t\t\t\t\t\t\n\t\t\t\t\t\t\t\t\t\n\t\t\t\t\t\t\t\t\t\n\t\t\t\t\t\t\t\t\t\t<div class=\"descriptif\">A 20 km von Chalons en Champagne, Marie-Claude und R\u00e9gis empfangen Sie in ihrem unabh\u00e4ngigen und &#8230;<\/div>\n\t\t\t\t\n\t\t\t\t\t\t\t\t\t\t\t\t\t\t\t\t\n\t\t\t\t\t\t\t\t\t\t<div class=\"wp-block-button\">\n\t\t\t\t\t<a class=\"wp-element-button rounded\" href=\"https:\/\/tourisme-en-champagne.com\/de\/hebergement\/aux-portes-des-tumuli\/\" target=\"_blank\" aria-label=\"Mehr erfahren \u00fcber Aux Portes des Tumuli\">Mehr erfahren<\/a>\n\t\t\t\t<\/div>\n\t\t\t \n\t\t<\/div>\n\t\t\n\n\t\t<\/article>\n\n\t\t\t\t\t\t<\/div>\n\t\t\t\t\t\t\t\t\t\t\t\t\t\t\t\t\t<div class=\"swiper-slide \">\n\t\t\t\t\t\t\t\n<article class=\"card card--hebergement stretched-link\" data-id=\"18227\" data-post-id-sync-map=\"18227\" >\n\t\n\t\t\n\t\t\t\t<div class=\"card__thumbnail has-middleground-background-color stack\">\n\t\t\t<img decoding=\"async\" width=\"2048\" src=\"https:\/\/cdt51.media.tourinsoft.eu\/upload\/Chalet-Champenois-Bethon1-3.jpeg\" class=\"attachment- size-\" alt=\"Le Chalet Champenois\" srcset=\"https:\/\/cdt51.media.tourinsoft.eu\/upload\/Chalet-Champenois-Bethon1-3.jpeg?width=400 400w, https:\/\/cdt51.media.tourinsoft.eu\/upload\/Chalet-Champenois-Bethon1-3.jpeg?width=640 640w, https:\/\/cdt51.media.tourinsoft.eu\/upload\/Chalet-Champenois-Bethon1-3.jpeg?width=768 768w, https:\/\/cdt51.media.tourinsoft.eu\/upload\/Chalet-Champenois-Bethon1-3.jpeg?width=1280 1280w, https:\/\/cdt51.media.tourinsoft.eu\/upload\/Chalet-Champenois-Bethon1-3.jpeg?width=1536&amp;height=1536 1536w, https:\/\/cdt51.media.tourinsoft.eu\/upload\/Chalet-Champenois-Bethon1-3.jpeg?width=2048&amp;height=2048 2048w\" sizes=\"(max-width: 2048px) 100vw, 2048px\" title=\"\">\t\t<\/div>\n\t\n\t\t<div class=\"card__content\">\n\t\t\t\n\t\t\t\t\t\t\t\t\t\n\t\t\t\t\t\t\t\t\t\n\t\t\t\t\t\t<h3 class=\"title wp-block-heading is-style-h3\">\n\t\t\t\t<a href=\"https:\/\/tourisme-en-champagne.com\/de\/hebergement\/le-chalet-champenois\/\" target=\"_blank\">Le Chalet Champenois<\/a>\t\t\t\t\t\t\t<\/h3>\n\t\t\t\n\t\t\t\t\t\t\t\t\t\t<div class=\"categories\">G\u00e4stezimmer<\/div>\n\t\t\t\t\t\t\n\t\t\t\t\t\t<div class=\"underlined\"><\/div>\n\t\t\n\t\t\t\t\t\t\t\t\t\t<div class=\"location\">\n\t\t\t\t\tBethon\t\t\t\t<\/div>\n\t\t\t\t\t\t\n\t\t\t\t\t\t\t\t\t\n\t\t\t\t\t\t\t\t\t\n\t\t\t\t\t\t\t\t\t\n\t\t\t\t\t\t\t\t\t\t<div class=\"descriptif\">Auf der touristische Route der Champagne \u201eC\u00f4te des Blancs\u201c und auf dem Weg zur Freiheit, empf\u00e4ngt&#8230;<\/div>\n\t\t\t\t\n\t\t\t\t\t\t\t\t\t\t\t\t\t\t\t\t\n\t\t\t\t\t\t\t\t\t\t<div class=\"wp-block-button\">\n\t\t\t\t\t<a class=\"wp-element-button rounded\" href=\"https:\/\/tourisme-en-champagne.com\/de\/hebergement\/le-chalet-champenois\/\" target=\"_blank\" aria-label=\"Mehr erfahren \u00fcber Le Chalet Champenois\">Mehr erfahren<\/a>\n\t\t\t\t<\/div>\n\t\t\t \n\t\t<\/div>\n\t\t\n\n\t\t<\/article>\n\n\t\t\t\t\t\t<\/div>\n\t\t\t\t\t\t\t\t\t\t\t\t\t\t<\/div>\n\t\t\t\t\n\t\t\t\t<div class=\"swiper-buttons\">\n\t\t\t\t\t<div class=\"swiper-button-prev\"><\/div>\n\t\t\t\t\t<div class=\"swiper-button-next\"><\/div>\n\t\t\t\t<\/div>\n\t\t\t<\/div>\n\t\t<\/div>\n\t\n<\/section>\n","protected":false},"excerpt":{"rendered":"<p>F\u00dcR EINE BARRIEREFREIE ENTDECKUNG DER MARNE Sind Sie auf der Suche nach einer Unterkunft, einem Museum, einem Restaurant, einem Spaziergang, einem Veranstaltungsort, Freizeitaktivit\u00e4ten, Weintourismus und Erholung, die f\u00fcr Menschen mit Behinderung zug\u00e4nglich sind? Die Tourismusfachleute im Departement Marne k\u00fcmmern sich um Sie und Ihre Begleiter, unabh\u00e4ngig von Ihrer Behinderung. Je nach Art Ihrer Behinderung bitten [&hellip;]<\/p>\n","protected":false},"author":2,"featured_media":14441,"parent":0,"menu_order":0,"comment_status":"closed","ping_status":"closed","template":"templates\/thematique.php","meta":{"_acf_changed":false,"footnotes":"","_links_to":"","_links_to_target":""},"class_list":["post-19821","page","type-page","status-publish","has-post-thumbnail","hentry"],"acf":[],"_links":{"self":[{"href":"https:\/\/tourisme-en-champagne.com\/de\/wp-json\/wp\/v2\/pages\/19821","targetHints":{"allow":["GET"]}}],"collection":[{"href":"https:\/\/tourisme-en-champagne.com\/de\/wp-json\/wp\/v2\/pages"}],"about":[{"href":"https:\/\/tourisme-en-champagne.com\/de\/wp-json\/wp\/v2\/types\/page"}],"author":[{"embeddable":true,"href":"https:\/\/tourisme-en-champagne.com\/de\/wp-json\/wp\/v2\/users\/2"}],"replies":[{"embeddable":true,"href":"https:\/\/tourisme-en-champagne.com\/de\/wp-json\/wp\/v2\/comments?post=19821"}],"version-history":[{"count":4,"href":"https:\/\/tourisme-en-champagne.com\/de\/wp-json\/wp\/v2\/pages\/19821\/revisions"}],"predecessor-version":[{"id":26299,"href":"https:\/\/tourisme-en-champagne.com\/de\/wp-json\/wp\/v2\/pages\/19821\/revisions\/26299"}],"wp:featuredmedia":[{"embeddable":true,"href":"https:\/\/tourisme-en-champagne.com\/de\/wp-json\/wp\/v2\/media\/14441"}],"wp:attachment":[{"href":"https:\/\/tourisme-en-champagne.com\/de\/wp-json\/wp\/v2\/media?parent=19821"}],"curies":[{"name":"wp","href":"https:\/\/api.w.org\/{rel}","templated":true}]}}