{"id":19798,"date":"2025-07-22T16:53:52","date_gmt":"2025-07-22T14:53:52","guid":{"rendered":"https:\/\/tourisme-en-champagne.com\/wanderwege-rund-um-reims\/"},"modified":"2025-11-28T16:00:58","modified_gmt":"2025-11-28T15:00:58","slug":"wanderwege-rund-um-reims","status":"publish","type":"page","link":"https:\/\/tourisme-en-champagne.com\/de\/freizeit-und-sportaktivitaeten\/wanderungen-in-der-champagne\/wanderwege-rund-um-reims\/","title":{"rendered":"Wanderwege rund um Reims"},"content":{"rendered":"\n<section class=\"wp-block-group alignfull pattern-text has-global-padding is-content-justification-center is-layout-constrained wp-block-group-is-layout-constrained\">\n<div class=\"wp-block-columns is-layout-flex wp-container-core-columns-is-layout-fdcf44e1 wp-block-columns-is-layout-flex\">\n<div class=\"wp-block-column is-layout-flow wp-block-column-is-layout-flow\">\n<h2 class=\"wp-block-heading\"><strong>Wanderrouten, Spazierg\u00e4nge und Wanderungen rund um Reims<\/strong><\/h2>\n\n\n\n<hr class=\"wp-block-separator has-text-color has-grey-color has-alpha-channel-opacity has-grey-background-color has-background\"\/>\n\n\n\n<p class=\"has-text-align-left wp-block-paragraph\"><a href=\"https:\/\/tourisme-en-champagne.com\/reims-ses-alentours\/\" target=\"_blank\" data-type=\"page\" data-id=\"3546\" rel=\"noreferrer noopener\"><strong>Reims<\/strong><\/a> Stadt mit vielen Facetten: Champagner, Kathedrale Notre-Dame, Art D\u00e9co&#8230; kann man auch auf Spazierg\u00e4ngen entdecken. <a href=\"https:\/\/tourisme-en-champagne.com\/de\/natur-gaerten\/\" target=\"_blank\" data-type=\"page\" data-id=\"8601\" rel=\"noreferrer noopener\"><strong>sch\u00f6ne Spazierg\u00e4nge in der Natur.<\/strong><\/a>. Auf Ihren Spazierg\u00e4ngen in Reims werden Sie die vielen Sch\u00e4tze der Kr\u00f6nungsstadt und ihre prestigetr\u00e4chtige Geschichte entdecken oder wiederentdecken. <\/p>\n\n\n\n<p class=\"wp-block-paragraph\">In der N\u00e4he von Reims schl\u00e4gt das Herz der Region. <strong><a href=\"https:\/\/tourisme-en-champagne.com\/de\/alles-ueber-champagner\/touristische-route-der-champagne\/\" target=\"_blank\" data-type=\"page\" data-id=\"10286\" rel=\"noreferrer noopener\">das Herz der Weinberge der Champagne.<\/a><\/strong> Die Wege f\u00fchren Sie auf eine bukolische Reise zwischen T\u00e4lern und H\u00fcgeln.<\/p>\n\n\n\n<p class=\"has-text-align-left wp-block-paragraph\">Eine Wanderung rund um Reims bedeutet auch, ein tausendj\u00e4hriges Kulturerbe zu genie\u00dfen und zu den <a href=\"https:\/\/www.tourisme-en-champagne.com\/maisons-de-champagne\" target=\"_blank\" rel=\"noreferrer noopener\">gro\u00dfen Namen des Champagners<\/a> aufzubrechen!<\/p>\n<\/div>\n<\/div>\n<\/section>\n\n<div class=\"wp-block-group has-global-padding is-layout-constrained wp-block-group-is-layout-constrained\"><p><script type=\"text\/javascript\" src=\"https:\/\/www.modulesbox.com\/js\/module-loader.js\" id=\"mb-module-loader\"><\/script><br \/>\n<script type=\"text\/javascript\">\n    mbLoadModule({ id: 86919, locale: \"fr\" });\n<\/script><\/p>\n<div id=\"mb-module-86919\"><\/div>\n<\/div>\n\n<section style=\"background-image:url(&apos;https:\/\/tourisme-en-champagne.com\/assets\/uploads\/2025\/07\/064-randonnee-c-christophe-manquillet120918.jpg&apos;);background-position:50% 50%;background-size:cover;background-attachment:scroll;\" class=\"wp-block-group alignfull pattern-text-50-left-background has-base-color has-text-color has-link-color wp-elements-d7fda623046acbba04ebe1d7274acd24 has-global-padding is-layout-constrained wp-block-group-is-layout-constrained has-background\">\n<div class=\"wp-block-columns is-layout-flex wp-container-core-columns-is-layout-fdcf44e1 wp-block-columns-is-layout-flex\">\n<div class=\"wp-block-column is-layout-flow wp-block-column-is-layout-flow\">\n<h2 class=\"wp-block-heading\"><strong>Tipps f\u00fcr eine gute Wanderung<\/strong><\/h2>\n\n\n\n<hr class=\"wp-block-separator has-text-color has-base-color has-alpha-channel-opacity has-base-background-color has-background\"\/>\n\n\n\n<p class=\"wp-block-paragraph\">Denken Sie an einen kleinen Snack und Wasser f\u00fcr die Snackpause.<\/p>\n\n\n\n<p class=\"wp-block-paragraph\">Das Wetter kann sich sehr schnell \u00e4ndern, nehmen Sie eine wasserdichte Windjacke oder warme Kleidung mit.  <\/p>\n\n\n\n<p class=\"wp-block-paragraph\">Denken Sie im Sommer an eine Sonnenbrille, Sonnencreme und eine M\u00fctze.<\/p>\n<\/div>\n\n\n\n<div class=\"wp-block-column is-layout-flow wp-block-column-is-layout-flow\"><\/div>\n<\/div>\n<\/section>\n\n<section class=\"wp-block-group alignfull pattern-playlist-grid has-global-padding is-layout-constrained wp-block-group-is-layout-constrained\">\t\t\t<div class=\"fsgb-block-playlist playlist-grid is-style-grid\"  style=\"margin-top:var(--wp--preset--spacing--x-large);\">\n\t\t\t\t\n\t\t\t\n\t\t\t<div class=\"swiper swiperPlaylistGrid\">\n\n\t\t\t\t<div class=\"swiper-wrapper posts-count-4\">\n\t\t\t\t\t\t\t\t\t\t\t\t\t\t\t\t\t<div class=\"swiper-slide \">\n\t\t\t\t\t\t\t\n<article class=\"card card--itineraire stretched-link\" data-id=\"26201\" data-post-id-sync-map=\"26201\" >\n\t\n\t\t\n\t\t\t\t<div class=\"card__thumbnail has-middleground-background-color stack\">\n\t\t\t<img decoding=\"async\" width=\"2048\" src=\"https:\/\/cdt51.media.tourinsoft.eu\/upload\/Randonnee-Fotolia-Coll.CDT-Marne--11-.jpg\" class=\"attachment- size-\" alt=\"PR 20 Circuit du Massif de Saint-Thierry\" srcset=\"https:\/\/cdt51.media.tourinsoft.eu\/upload\/Randonnee-Fotolia-Coll.CDT-Marne--11-.jpg?width=400 400w, https:\/\/cdt51.media.tourinsoft.eu\/upload\/Randonnee-Fotolia-Coll.CDT-Marne--11-.jpg?width=640 640w, https:\/\/cdt51.media.tourinsoft.eu\/upload\/Randonnee-Fotolia-Coll.CDT-Marne--11-.jpg?width=768 768w, https:\/\/cdt51.media.tourinsoft.eu\/upload\/Randonnee-Fotolia-Coll.CDT-Marne--11-.jpg?width=1280 1280w, https:\/\/cdt51.media.tourinsoft.eu\/upload\/Randonnee-Fotolia-Coll.CDT-Marne--11-.jpg?width=1536&amp;height=1536 1536w, https:\/\/cdt51.media.tourinsoft.eu\/upload\/Randonnee-Fotolia-Coll.CDT-Marne--11-.jpg?width=2048&amp;height=2048 2048w\" sizes=\"(max-width: 2048px) 100vw, 2048px\" title=\"\">\t\t<\/div>\n\t\n\t\t<div class=\"card__content\">\n\t\t\t\n\t\t\t\t\t\t\t\t\t\n\t\t\t\t\t\t\t\t\t\n\t\t\t\t\t\t<h3 class=\"title wp-block-heading is-style-h3\">\n\t\t\t\t<a href=\"https:\/\/tourisme-en-champagne.com\/de\/itineraire\/pr-20-circuit-du-massif-de-saint-thierry\/\" target=\"_blank\">PR 20 Circuit du Massif de Saint-Thierry<\/a>\t\t\t\t\t\t\t<\/h3>\n\t\t\t\n\t\t\t\t\t\t\t\t\t\n\t\t\t\t\t\t<div class=\"underlined\"><\/div>\n\t\t\n\t\t\t\t\t\t\t\t\t\t<div class=\"location\">\n\t\t\t\t\tChenay\t\t\t\t<\/div>\n\t\t\t\t\t\t\n\t\t\t\t\t\t\t\t\t\n\t\t\t\t\t\t\t\t\t\n\t\t\t\t\t\t\t\t\t\n\t\t\t\t\t\t\t\t\t\t<div class=\"descriptif\">Dauer der Tour\n2 Std. 30 Min.\n\nAnzahl der km\n7,5 km\n\nName der Ausgangsgemeinde\nChenay\n\nSch\u00f6ner Sp&#8230;<\/div>\n\t\t\t\t\n\t\t\t\t\t\t\t\t\t\t\t\t\t\t\t\t\n\t\t\t\t\t\t\t\t\t\t<div class=\"wp-block-button\">\n\t\t\t\t\t<a class=\"wp-element-button rounded\" href=\"https:\/\/tourisme-en-champagne.com\/de\/itineraire\/pr-20-circuit-du-massif-de-saint-thierry\/\" target=\"_blank\"\n\t\t\t\t\t\taria-label=\"Mehr erfahren \u00fcber PR 20 Circuit du Massif de Saint-Thierry\">Mehr erfahren<\/a>\n\t\t\t\t<\/div>\n\t\t\t \n\t\t<\/div>\n\t\t\n\n\t\t<\/article>\n\n\t\t\t\t\t\t<\/div>\n\t\t\t\t\t\t\t\t\t\t\t\t\t\t\t\t\t<div class=\"swiper-slide \">\n\t\t\t\t\t\t\t\n<article class=\"card card--itineraire stretched-link\" data-id=\"26196\" data-post-id-sync-map=\"26196\" >\n\t\n\t\t\n\t\t\t\t<div class=\"card__thumbnail has-middleground-background-color stack\">\n\t\t\t<img decoding=\"async\" width=\"2048\" src=\"https:\/\/cdt51.media.tourinsoft.eu\/upload\/Boussole-P.Klimenko-Fotolia-Coll.CDT-Marne.jpg\" class=\"attachment- size-\" alt=\"Circuit de la boucle de l&#8217;Ardre\" srcset=\"https:\/\/cdt51.media.tourinsoft.eu\/upload\/Boussole-P.Klimenko-Fotolia-Coll.CDT-Marne.jpg?width=400 400w, https:\/\/cdt51.media.tourinsoft.eu\/upload\/Boussole-P.Klimenko-Fotolia-Coll.CDT-Marne.jpg?width=640 640w, https:\/\/cdt51.media.tourinsoft.eu\/upload\/Boussole-P.Klimenko-Fotolia-Coll.CDT-Marne.jpg?width=768 768w, https:\/\/cdt51.media.tourinsoft.eu\/upload\/Boussole-P.Klimenko-Fotolia-Coll.CDT-Marne.jpg?width=1280 1280w, https:\/\/cdt51.media.tourinsoft.eu\/upload\/Boussole-P.Klimenko-Fotolia-Coll.CDT-Marne.jpg?width=1536&amp;height=1536 1536w, https:\/\/cdt51.media.tourinsoft.eu\/upload\/Boussole-P.Klimenko-Fotolia-Coll.CDT-Marne.jpg?width=2048&amp;height=2048 2048w\" sizes=\"(max-width: 2048px) 100vw, 2048px\" title=\"\">\t\t<\/div>\n\t\n\t\t<div class=\"card__content\">\n\t\t\t\n\t\t\t\t\t\t\t\t\t\n\t\t\t\t\t\t\t\t\t\n\t\t\t\t\t\t<h3 class=\"title wp-block-heading is-style-h3\">\n\t\t\t\t<a href=\"https:\/\/tourisme-en-champagne.com\/de\/itineraire\/circuit-de-la-boucle-de-lardre\/\" target=\"_blank\">Circuit de la boucle de l&#8217;Ardre<\/a>\t\t\t\t\t\t\t<\/h3>\n\t\t\t\n\t\t\t\t\t\t\t\t\t\n\t\t\t\t\t\t<div class=\"underlined\"><\/div>\n\t\t\n\t\t\t\t\t\t\t\t\t\t<div class=\"location\">\n\t\t\t\t\tCrugny\t\t\t\t<\/div>\n\t\t\t\t\t\t\n\t\t\t\t\t\t\t\t\t\n\t\t\t\t\t\t\t\t\t\n\t\t\t\t\t\t\t\t\t\n\t\t\t\t\t\t\t\t\t\t<div class=\"descriptif\">Dauer der Tour\n3 Std. 15 Min.\n\nAnzahl der km\n13 km\n\nName der Ausgangsgemeinde\nCrugny\n\n\u201eUm gl\u00fcckli&#8230;<\/div>\n\t\t\t\t\n\t\t\t\t\t\t\t\t\t\t\t\t\t\t\t\t\n\t\t\t\t\t\t\t\t\t\t<div class=\"wp-block-button\">\n\t\t\t\t\t<a class=\"wp-element-button rounded\" href=\"https:\/\/tourisme-en-champagne.com\/de\/itineraire\/circuit-de-la-boucle-de-lardre\/\" target=\"_blank\"\n\t\t\t\t\t\taria-label=\"Mehr erfahren \u00fcber Circuit de la boucle de l&#8217;Ardre\">Mehr erfahren<\/a>\n\t\t\t\t<\/div>\n\t\t\t \n\t\t<\/div>\n\t\t\n\n\t\t<\/article>\n\n\t\t\t\t\t\t<\/div>\n\t\t\t\t\t\t\t\t\t\t\t\t\t\t\t\t\t<div class=\"swiper-slide \">\n\t\t\t\t\t\t\t\n<article class=\"card card--itineraire stretched-link\" data-id=\"26197\" data-post-id-sync-map=\"26197\" >\n\t\n\t\t\n\t\t\t\t<div class=\"card__thumbnail has-middleground-background-color stack\">\n\t\t\t<img decoding=\"async\" width=\"2048\" src=\"https:\/\/cdt51.media.tourinsoft.eu\/upload\/Eglise---Hermonville-C.Manquillet-Coll.CDT-Marne--2-.jpg\" class=\"attachment- size-\" alt=\"PR 24 Circuit de Saint-Aubeu\" srcset=\"https:\/\/cdt51.media.tourinsoft.eu\/upload\/Eglise---Hermonville-C.Manquillet-Coll.CDT-Marne--2-.jpg?width=400 400w, https:\/\/cdt51.media.tourinsoft.eu\/upload\/Eglise---Hermonville-C.Manquillet-Coll.CDT-Marne--2-.jpg?width=640 640w, https:\/\/cdt51.media.tourinsoft.eu\/upload\/Eglise---Hermonville-C.Manquillet-Coll.CDT-Marne--2-.jpg?width=768 768w, https:\/\/cdt51.media.tourinsoft.eu\/upload\/Eglise---Hermonville-C.Manquillet-Coll.CDT-Marne--2-.jpg?width=1280 1280w, https:\/\/cdt51.media.tourinsoft.eu\/upload\/Eglise---Hermonville-C.Manquillet-Coll.CDT-Marne--2-.jpg?width=1536&amp;height=1536 1536w, https:\/\/cdt51.media.tourinsoft.eu\/upload\/Eglise---Hermonville-C.Manquillet-Coll.CDT-Marne--2-.jpg?width=2048&amp;height=2048 2048w\" sizes=\"(max-width: 2048px) 100vw, 2048px\" title=\"\">\t\t<\/div>\n\t\n\t\t<div class=\"card__content\">\n\t\t\t\n\t\t\t\t\t\t\t\t\t\n\t\t\t\t\t\t\t\t\t\n\t\t\t\t\t\t<h3 class=\"title wp-block-heading is-style-h3\">\n\t\t\t\t<a href=\"https:\/\/tourisme-en-champagne.com\/de\/itineraire\/pr-24-circuit-de-saint-aubeu\/\" target=\"_blank\">PR 24 Circuit de Saint-Aubeu<\/a>\t\t\t\t\t\t\t<\/h3>\n\t\t\t\n\t\t\t\t\t\t\t\t\t\n\t\t\t\t\t\t<div class=\"underlined\"><\/div>\n\t\t\n\t\t\t\t\t\t\t\t\t\t<div class=\"location\">\n\t\t\t\t\tHermonville\t\t\t\t<\/div>\n\t\t\t\t\t\t\n\t\t\t\t\t\t\t\t\t\n\t\t\t\t\t\t\t\t\t\n\t\t\t\t\t\t\t\t\t\n\t\t\t\t\t\t\t\t\t\t<div class=\"descriptif\">Dauer der Tour\n4 Std. 30 Min. \n\nAnzahl der km\n18 km\n\nName der Ausgangsgemeinde\nHermonville\n\nF\u00fcnfz&#8230;<\/div>\n\t\t\t\t\n\t\t\t\t\t\t\t\t\t\t\t\t\t\t\t\t\n\t\t\t\t\t\t\t\t\t\t<div class=\"wp-block-button\">\n\t\t\t\t\t<a class=\"wp-element-button rounded\" href=\"https:\/\/tourisme-en-champagne.com\/de\/itineraire\/pr-24-circuit-de-saint-aubeu\/\" target=\"_blank\"\n\t\t\t\t\t\taria-label=\"Mehr erfahren \u00fcber PR 24 Circuit de Saint-Aubeu\">Mehr erfahren<\/a>\n\t\t\t\t<\/div>\n\t\t\t \n\t\t<\/div>\n\t\t\n\n\t\t<\/article>\n\n\t\t\t\t\t\t<\/div>\n\t\t\t\t\t\t\t\t\t\t\t\t\t\t\t\t\t<div class=\"swiper-slide \">\n\t\t\t\t\t\t\t\n<article class=\"card card--itineraire stretched-link\" data-id=\"26202\" data-post-id-sync-map=\"26202\" >\n\t\n\t\t\n\t\t\t\t<div class=\"card__thumbnail has-middleground-background-color stack\">\n\t\t\t<img decoding=\"async\" width=\"2048\" src=\"https:\/\/cdt51.media.tourinsoft.eu\/upload\/EgliseRomaneduTardenoisG.Pate.jpg\" class=\"attachment- size-\" alt=\"PR 27 Circuit de Trigny\" srcset=\"https:\/\/cdt51.media.tourinsoft.eu\/upload\/EgliseRomaneduTardenoisG.Pate.jpg?width=400 400w, https:\/\/cdt51.media.tourinsoft.eu\/upload\/EgliseRomaneduTardenoisG.Pate.jpg?width=640 640w, https:\/\/cdt51.media.tourinsoft.eu\/upload\/EgliseRomaneduTardenoisG.Pate.jpg?width=768 768w, https:\/\/cdt51.media.tourinsoft.eu\/upload\/EgliseRomaneduTardenoisG.Pate.jpg?width=1280 1280w, https:\/\/cdt51.media.tourinsoft.eu\/upload\/EgliseRomaneduTardenoisG.Pate.jpg?width=1536&amp;height=1536 1536w, https:\/\/cdt51.media.tourinsoft.eu\/upload\/EgliseRomaneduTardenoisG.Pate.jpg?width=2048&amp;height=2048 2048w\" sizes=\"(max-width: 2048px) 100vw, 2048px\" title=\"\">\t\t<\/div>\n\t\n\t\t<div class=\"card__content\">\n\t\t\t\n\t\t\t\t\t\t\t\t\t\n\t\t\t\t\t\t\t\t\t\n\t\t\t\t\t\t<h3 class=\"title wp-block-heading is-style-h3\">\n\t\t\t\t<a href=\"https:\/\/tourisme-en-champagne.com\/de\/itineraire\/pr-27-circuit-de-trigny\/\" target=\"_blank\">PR 27 Circuit de Trigny<\/a>\t\t\t\t\t\t\t<\/h3>\n\t\t\t\n\t\t\t\t\t\t\t\t\t\n\t\t\t\t\t\t<div class=\"underlined\"><\/div>\n\t\t\n\t\t\t\t\t\t\t\t\t\t<div class=\"location\">\n\t\t\t\t\tTrigny\t\t\t\t<\/div>\n\t\t\t\t\t\t\n\t\t\t\t\t\t\t\t\t\n\t\t\t\t\t\t\t\t\t\n\t\t\t\t\t\t\t\t\t\n\t\t\t\t\t\t\t\t\t\t<div class=\"descriptif\">Dauer der Tour\n2 Std. 40 Min.\n\nAnzahl der km\n8 km\n\nName der Ausgangsgemeinde\nTrigny\n\nG\u00e9n\u00e9ral S\u00e9r\u00e9&#8230;<\/div>\n\t\t\t\t\n\t\t\t\t\t\t\t\t\t\t\t\t\t\t\t\t\n\t\t\t\t\t\t\t\t\t\t<div class=\"wp-block-button\">\n\t\t\t\t\t<a class=\"wp-element-button rounded\" href=\"https:\/\/tourisme-en-champagne.com\/de\/itineraire\/pr-27-circuit-de-trigny\/\" target=\"_blank\"\n\t\t\t\t\t\taria-label=\"Mehr erfahren \u00fcber PR 27 Circuit de Trigny\">Mehr erfahren<\/a>\n\t\t\t\t<\/div>\n\t\t\t \n\t\t<\/div>\n\t\t\n\n\t\t<\/article>\n\n\t\t\t\t\t\t<\/div>\n\t\t\t\t\t\t\t\t\t\t\t\t\t\t<\/div>\n\t\t\t\t\n\t\t\t\t<div class=\"swiper-buttons\">\n\t\t\t\t\t<div class=\"swiper-button-prev\"><\/div>\n\t\t\t\t\t<div class=\"swiper-button-next\"><\/div>\n\t\t\t\t<\/div>\n\t\t\t<\/div>\n\t\t<\/div>\n\t\n<\/section>\n","protected":false},"excerpt":{"rendered":"<p>Wanderrouten, Spazierg\u00e4nge und Wanderungen rund um Reims Reims Stadt mit vielen Facetten: Champagner, Kathedrale Notre-Dame, Art D\u00e9co&#8230; kann man auch auf Spazierg\u00e4ngen entdecken. sch\u00f6ne Spazierg\u00e4nge in der Natur.. Auf Ihren Spazierg\u00e4ngen in Reims werden Sie die vielen Sch\u00e4tze der Kr\u00f6nungsstadt und ihre prestigetr\u00e4chtige Geschichte entdecken oder wiederentdecken. In der N\u00e4he von Reims schl\u00e4gt das Herz [&hellip;]<\/p>\n","protected":false},"author":2,"featured_media":15092,"parent":20616,"menu_order":0,"comment_status":"closed","ping_status":"closed","template":"templates\/editorial-content.php","meta":{"_acf_changed":false,"footnotes":"","_links_to":"","_links_to_target":""},"class_list":["post-19798","page","type-page","status-publish","has-post-thumbnail","hentry"],"acf":[],"_links":{"self":[{"href":"https:\/\/tourisme-en-champagne.com\/de\/wp-json\/wp\/v2\/pages\/19798","targetHints":{"allow":["GET"]}}],"collection":[{"href":"https:\/\/tourisme-en-champagne.com\/de\/wp-json\/wp\/v2\/pages"}],"about":[{"href":"https:\/\/tourisme-en-champagne.com\/de\/wp-json\/wp\/v2\/types\/page"}],"author":[{"embeddable":true,"href":"https:\/\/tourisme-en-champagne.com\/de\/wp-json\/wp\/v2\/users\/2"}],"replies":[{"embeddable":true,"href":"https:\/\/tourisme-en-champagne.com\/de\/wp-json\/wp\/v2\/comments?post=19798"}],"version-history":[{"count":3,"href":"https:\/\/tourisme-en-champagne.com\/de\/wp-json\/wp\/v2\/pages\/19798\/revisions"}],"predecessor-version":[{"id":21062,"href":"https:\/\/tourisme-en-champagne.com\/de\/wp-json\/wp\/v2\/pages\/19798\/revisions\/21062"}],"up":[{"embeddable":true,"href":"https:\/\/tourisme-en-champagne.com\/de\/wp-json\/wp\/v2\/pages\/20616"}],"wp:featuredmedia":[{"embeddable":true,"href":"https:\/\/tourisme-en-champagne.com\/de\/wp-json\/wp\/v2\/media\/15092"}],"wp:attachment":[{"href":"https:\/\/tourisme-en-champagne.com\/de\/wp-json\/wp\/v2\/media?parent=19798"}],"curies":[{"name":"wp","href":"https:\/\/api.w.org\/{rel}","templated":true}]}}